{"id":915,"date":"2020-12-01T13:35:34","date_gmt":"2020-12-01T16:35:34","guid":{"rendered":"https:\/\/wp.ufpel.edu.br\/museudodoce\/?page_id=915"},"modified":"2020-12-10T18:42:06","modified_gmt":"2020-12-10T21:42:06","slug":"acervos-e-colecoes","status":"publish","type":"page","link":"https:\/\/wp.ufpel.edu.br\/museudodoce\/acervos-e-colecoes\/","title":{"rendered":"ACERVO E COLE\u00c7\u00d5ES"},"content":{"rendered":"<div id=\"pl-915\"  class=\"panel-layout\" ><div id=\"pg-915-0\"  class=\"panel-grid panel-no-style\" ><div id=\"pgc-915-0-0\"  class=\"panel-grid-cell\" ><div id=\"panel-915-0-0-0\" class=\"so-panel widget widget_sow-headline panel-first-child panel-last-child\" data-index=\"0\" ><div\n\t\t\t\n\t\t\tclass=\"so-widget-sow-headline so-widget-sow-headline-default-6649cea9e56b-915\"\n\t\t\t\n\t\t><div class=\"sow-headline-container \">\n\t\t\t\t\t\t\t<h3 class=\"sow-headline\">\n\t\t\t\t\t\tACERVOS E COLE\u00c7\u00d5ES\t\t\t\t\t\t<\/h3>\n\t\t\t\t\t\t<\/div>\n<\/div><\/div><\/div><\/div><div id=\"pg-915-1\"  class=\"panel-grid panel-no-style\" ><div id=\"pgc-915-1-0\"  class=\"panel-grid-cell\" ><div id=\"panel-915-1-0-0\" class=\"so-panel widget widget_sow-editor panel-first-child panel-last-child\" data-index=\"1\" ><div\n\t\t\t\n\t\t\tclass=\"so-widget-sow-editor so-widget-sow-editor-base\"\n\t\t\t\n\t\t>\n<div class=\"siteorigin-widget-tinymce textwidget\">\n\t<p style=\"text-align: justify\">O Museu do Doce preserva uma s\u00e9rie de objetos que tem origem nas tradi\u00e7\u00f5es doceiras de Pelotas e regi\u00e3o, como tamb\u00e9m de pe\u00e7as que se relacionam direta ou indiretamente com essas tradi\u00e7\u00f5es. O doce local como fen\u00f4meno cultural que se reconhece por meio desses diversos suportes e registros, ganha narrativas e representa\u00e7\u00f5es a partir das diferentes articula\u00e7\u00f5es poss\u00edveis entre esses conjuntos. \u00c9 parte da rotina do museu, do aperfei\u00e7oamento de sua estrutura de acondicionamento e protocolos de documenta\u00e7\u00e3o\/cataloga\u00e7\u00e3o e de guarda, que s\u00e3o tamb\u00e9m desenvolvidos processos investigativos em torno das pe\u00e7as de modo a potencializar as qualidades comunicacionais do acervo.<\/p>\n<p style=\"text-align: justify\">Todas as cole\u00e7\u00f5es preservadas no Museu do Doce surgiram a partir de doa\u00e7\u00f5es realizadas pela comunidade. Algumas dessas cole\u00e7\u00f5es devem sua conforma\u00e7\u00e3o a partir de expressivos conjuntos com origem em um \u00fanico doador. Frequentemente o museu recebe doa\u00e7\u00f5es individuais de pe\u00e7as que dialogam com as cole\u00e7\u00f5es j\u00e1 existentes. Interessados em realizar doa\u00e7\u00f5es de pe\u00e7as para o acervo do museu devem contatar a institui\u00e7\u00e3o por meio do e-mail: <a href=\"mailto:museudodocedaufpel@gmail.com\">museudodocedaufpel@gmail.com<\/a><\/p>\n<p style=\"text-align: justify\">Atualmente s\u00e3o seis as cole\u00e7\u00f5es preservadas, al\u00e9m de duas subcole\u00e7\u00f5es. Essas divis\u00f5es materializam uma organiza\u00e7\u00e3o contextual para as pe\u00e7as, bem como oferecem uma marca distintiva por grupo de objetos (sigla) para a documenta\u00e7\u00e3o gerada sobre o acervo. Em 2019 iniciou-se ainda uma cole\u00e7\u00e3o referente a doces industrializados com origem em tradi\u00e7\u00f5es e modelos de produ\u00e7\u00e3o diversos e com origem em outras regi\u00f5es, tendo surgida a partir de doa\u00e7\u00f5es recebidas para a realiza\u00e7\u00e3o da exposi\u00e7\u00e3o tempor\u00e1ria intitulada \u201cDe Madeleines e Pirulitos: o doce na inf\u00e2ncia\u201d.<\/p>\n<\/div>\n<\/div><\/div><\/div><\/div><div id=\"pg-915-2\"  class=\"panel-grid panel-no-style\" ><div id=\"pgc-915-2-0\"  class=\"panel-grid-cell\" ><\/div><\/div><\/div>","protected":false},"excerpt":{"rendered":"<p>O Museu do Doce preserva uma s\u00e9rie de objetos que tem origem nas tradi\u00e7\u00f5es doceiras de Pelotas e regi\u00e3o, como tamb\u00e9m de pe\u00e7as que se relacionam direta ou indiretamente com essas tradi\u00e7\u00f5es. O doce local como fen\u00f4meno cultural que se reconhece por meio desses diversos suportes e registros, ganha narrativas e representa\u00e7\u00f5es a partir das [&hellip;]<\/p>\n","protected":false},"author":1000,"featured_media":0,"parent":0,"menu_order":0,"comment_status":"closed","ping_status":"closed","template":"","meta":{"footnotes":""},"class_list":["post-915","page","type-page","status-publish","hentry","post"],"jetpack_sharing_enabled":true,"jetpack_likes_enabled":true,"_links":{"self":[{"href":"https:\/\/wp.ufpel.edu.br\/museudodoce\/wp-json\/wp\/v2\/pages\/915","targetHints":{"allow":["GET"]}}],"collection":[{"href":"https:\/\/wp.ufpel.edu.br\/museudodoce\/wp-json\/wp\/v2\/pages"}],"about":[{"href":"https:\/\/wp.ufpel.edu.br\/museudodoce\/wp-json\/wp\/v2\/types\/page"}],"author":[{"embeddable":true,"href":"https:\/\/wp.ufpel.edu.br\/museudodoce\/wp-json\/wp\/v2\/users\/1000"}],"replies":[{"embeddable":true,"href":"https:\/\/wp.ufpel.edu.br\/museudodoce\/wp-json\/wp\/v2\/comments?post=915"}],"version-history":[{"count":12,"href":"https:\/\/wp.ufpel.edu.br\/museudodoce\/wp-json\/wp\/v2\/pages\/915\/revisions"}],"predecessor-version":[{"id":1101,"href":"https:\/\/wp.ufpel.edu.br\/museudodoce\/wp-json\/wp\/v2\/pages\/915\/revisions\/1101"}],"wp:attachment":[{"href":"https:\/\/wp.ufpel.edu.br\/museudodoce\/wp-json\/wp\/v2\/media?parent=915"}],"curies":[{"name":"wp","href":"https:\/\/api.w.org\/{rel}","templated":true}]}}