{"id":806,"date":"2020-11-24T17:20:29","date_gmt":"2020-11-24T20:20:29","guid":{"rendered":"https:\/\/wp.ufpel.edu.br\/museudodoce\/?page_id=806"},"modified":"2020-11-25T13:34:50","modified_gmt":"2020-11-25T16:34:50","slug":"acessibilidade","status":"publish","type":"page","link":"https:\/\/wp.ufpel.edu.br\/museudodoce\/acessibilidade\/","title":{"rendered":"ACESSIBILIDADE"},"content":{"rendered":"<div id=\"pl-806\"  class=\"panel-layout\" ><div id=\"pg-806-0\"  class=\"panel-grid panel-no-style\" ><div id=\"pgc-806-0-0\"  class=\"panel-grid-cell\" ><div id=\"panel-806-0-0-0\" class=\"so-panel widget widget_sow-headline panel-first-child\" data-index=\"0\" ><div\n\t\t\t\n\t\t\tclass=\"so-widget-sow-headline so-widget-sow-headline-default-6649cea9e56b-806\"\n\t\t\t\n\t\t><div class=\"sow-headline-container \">\n\t\t\t\t\t\t\t<h3 class=\"sow-headline\">\n\t\t\t\t\t\tINICIATIVAS\t\t\t\t\t\t<\/h3>\n\t\t\t\t\t\t<\/div>\n<\/div><\/div><div id=\"panel-806-0-0-1\" class=\"so-panel widget widget_sow-headline panel-last-child\" data-index=\"1\" ><div class=\"panel-widget-style panel-widget-style-for-806-0-0-1\" ><div\n\t\t\t\n\t\t\tclass=\"so-widget-sow-headline so-widget-sow-headline-default-3088c3b9d20f-806\"\n\t\t\t\n\t\t><div class=\"sow-headline-container \">\n\t\t\t\t\t\t\t<h2 class=\"sow-headline\">\n\t\t\t\t\t\tACESSIBILIDADE\t\t\t\t\t\t<\/h2>\n\t\t\t\t\t\t<\/div>\n<\/div><\/div><\/div><\/div><\/div><div id=\"pg-806-1\"  class=\"panel-grid panel-no-style\" ><div id=\"pgc-806-1-0\"  class=\"panel-grid-cell\" ><div id=\"panel-806-1-0-0\" class=\"so-panel widget widget_sow-image panel-first-child\" data-index=\"2\" ><div\n\t\t\t\n\t\t\tclass=\"so-widget-sow-image so-widget-sow-image-default-c67d20f9f743-806\"\n\t\t\t\n\t\t>\n<div class=\"sow-image-container\">\n\t\t<img \n\tsrc=\"https:\/\/wp.ufpel.edu.br\/museudodoce\/files\/2020\/07\/museu-conhecimento-para-todos-e1606322011279-720x380.png\" width=\"720\" height=\"380\" sizes=\"(max-width: 720px) 100vw, 720px\" title=\"museu-conhecimento-para-todos\" alt=\"\" \t\tclass=\"so-widget-image\"\/>\n\t<\/div>\n\n<\/div><\/div><div id=\"panel-806-1-0-1\" class=\"so-panel widget widget_sow-editor panel-last-child\" data-index=\"3\" ><div\n\t\t\t\n\t\t\tclass=\"so-widget-sow-editor so-widget-sow-editor-base\"\n\t\t\t\n\t\t>\n<div class=\"siteorigin-widget-tinymce textwidget\">\n\t<p style=\"text-align: justify\"><span style=\"font-weight: 400\">Esse \u00e9 um Programa de extens\u00e3o vinculado ao Departamento de Museologia, Conserva\u00e7\u00e3o e Restauro do Instituto de Ci\u00eancias Humanas da Universidade Federal de Pelotas. Teve in\u00edcio em 2012. Em 2014, implantou a exposi\u00e7\u00e3o acess\u00edvel do Memorial do Anglo, no Campus Anglo da UFPel. Objetiva formar recursos humanos e desenvolver produtos e procedimentos para a inclus\u00e3o de pessoas com defici\u00eancia em museus universit\u00e1rios. O programa <\/span><i><span style=\"font-weight: 400\">O Museu do Conhecimento para Todos<\/span><\/i><span style=\"font-weight: 400\"> foi contemplado no edital MEC\/PROEXT 2011, efetivado nos anos de 2012 e 2013 e novamente contemplado no Edital Proext 2015 em desenvolvimento at\u00e9 2017.<\/span><\/p>\n<h4 style=\"text-align: justify\"><b>Equipe 2016<\/b><\/h4>\n<h4 style=\"text-align: justify\"><b>Professores:<\/b><\/h4>\n<p style=\"text-align: justify\"><span style=\"font-weight: 400\">Francisca Ferreira Michelon - ICH - Coordenadora<\/span><\/p>\n<p style=\"text-align: justify\"><span style=\"font-weight: 400\">Adriane Borda da Silva - FAURB - Faculdade de Arquitetura e Urbanismo<\/span><\/p>\n<p style=\"text-align: justify\"><span style=\"font-weight: 400\">Carla Rodrigues Gastau - ICH - Museologia<\/span><\/p>\n<p style=\"text-align: justify\"><span style=\"font-weight: 400\">Elcio Alteris dos Santos - FM - Terapia ocupacional<\/span><\/p>\n<p style=\"text-align: justify\"><span style=\"font-weight: 400\">Jo\u00e3o Fernando Igansi Nunes - CA - Design Gr\u00e1fico<\/span><\/p>\n<p style=\"text-align: justify\"><span style=\"font-weight: 400\">N\u00f3ris Mara Pacheco Martins Leal - ICH - Museologia<\/span><\/p>\n<p style=\"text-align: justify\"><span style=\"font-weight: 400\">Tatiana Aires Tavares - CDTec - Ci\u00eancia da Computa\u00e7\u00e3o<\/span><\/p>\n<p style=\"text-align: justify\"><b>Programa de P\u00f3s-Gradua\u00e7\u00e3o em Mem\u00f3ria Social e Patrim\u00f4nio Cultural<\/b><\/p>\n<p style=\"text-align: justify\"><span style=\"font-weight: 400\">Jossana Peil Coelho - Mestranda<\/span><\/p>\n<p style=\"text-align: justify\"><b>Curso de Especializa\u00e7\u00e3o em Gr\u00e1fica Digital<\/b><\/p>\n<p style=\"text-align: justify\"><span style=\"font-weight: 400\">M\u00f4nica Mendes Veiga<\/span><\/p>\n<h4 style=\"text-align: justify\"><b>Acad\u00eamicos:<\/b><\/h4>\n<p style=\"text-align: justify\"><b>Curso de Arquitetura e Urbanismo<\/b><\/p>\n<p style=\"text-align: justify\"><span style=\"font-weight: 400\">Amanda Furlan Cardoso<\/span><\/p>\n<p style=\"text-align: justify\"><span style=\"font-weight: 400\">Arthur Romariz Davesac<\/span><\/p>\n<p style=\"text-align: justify\"><span style=\"font-weight: 400\">Carolina Dias Leit\u00e3o<\/span><\/p>\n<p style=\"text-align: justify\"><span style=\"font-weight: 400\">Cl\u00e1udia Andriele da Costa Freitas<\/span><\/p>\n<p style=\"text-align: justify\"><span style=\"font-weight: 400\">Cleiton Alcantara de Souza<\/span><\/p>\n<p style=\"text-align: justify\"><span style=\"font-weight: 400\">Francielle Martins Silveira<\/span><\/p>\n<p style=\"text-align: justify\"><span style=\"font-weight: 400\">Gabriel Alvariz Lopes<\/span><\/p>\n<p style=\"text-align: justify\"><span style=\"font-weight: 400\">Gabriel Martins da Silva<\/span><\/p>\n<p style=\"text-align: justify\"><span style=\"font-weight: 400\">Gabriela Gonzalez Peronti<\/span><\/p>\n<p style=\"text-align: justify\"><span style=\"font-weight: 400\">Juliana Rosinha Conzatti<\/span><\/p>\n<p style=\"text-align: justify\"><span style=\"font-weight: 400\">Karina dos Santos Moura<\/span><\/p>\n<p style=\"text-align: justify\"><span style=\"font-weight: 400\">Karine Chalmes Braga<\/span><\/p>\n<p style=\"text-align: justify\"><span style=\"font-weight: 400\">Let\u00edcia de Farias Borges<\/span><\/p>\n<p style=\"text-align: justify\"><span style=\"font-weight: 400\">L\u00edvia \u00c1vila Cava<\/span><\/p>\n<p style=\"text-align: justify\"><span style=\"font-weight: 400\">Morgana Pelizzaro Magarinos<\/span><\/p>\n<p style=\"text-align: justify\"><span style=\"font-weight: 400\">Pedro da Costa Rizzolo<\/span><\/p>\n<p style=\"text-align: justify\"><span style=\"font-weight: 400\">Valentina Toaldo Brum<\/span><\/p>\n<p style=\"text-align: justify\"><span style=\"font-weight: 400\">Yuri da Silva Bastos<\/span><\/p>\n<p style=\"text-align: justify\"><b>Curso de Ci\u00eancia da Computa\u00e7\u00e3o<\/b><\/p>\n<p style=\"text-align: justify\"><span style=\"font-weight: 400\">Edemar Dias Xavier Junior<\/span><\/p>\n<p style=\"text-align: justify\"><span style=\"font-weight: 400\">Wagner de Oliveira Jr.<\/span><\/p>\n<p style=\"text-align: justify\"><b>Curso de Cinema e Audivisual<\/b><\/p>\n<p style=\"text-align: justify\"><span style=\"font-weight: 400\">Mar\u00edlia Sheila dos Santos<\/span><\/p>\n<p style=\"text-align: justify\"><b>Curso de Design Digital<\/b><\/p>\n<p style=\"text-align: justify\"><span style=\"font-weight: 400\">Mariana Coreixas Valente<\/span><\/p>\n<p style=\"text-align: justify\"><span style=\"font-weight: 400\">Mariana Lemos Brasil<\/span><\/p>\n<p style=\"text-align: justify\"><b>Curso de Engenharia da Automa\u00e7\u00e3o<\/b><\/p>\n<p style=\"text-align: justify\"><span style=\"font-weight: 400\">Gilmar Pereira da Cruz J\u00fanior<\/span><\/p>\n<p style=\"text-align: justify\"><b>Museologia<\/b><\/p>\n<p style=\"text-align: justify\"><span style=\"font-weight: 400\">Carolina da Motta Tavares<\/span><\/p>\n<p style=\"text-align: justify\"><span style=\"font-weight: 400\">Carolina Gomes Nogueira<\/span><\/p>\n<p style=\"text-align: justify\"><span style=\"font-weight: 400\">Leandro Freitas Pereira<\/span><\/p>\n<p style=\"text-align: justify\"><span style=\"font-weight: 400\">Rafael Teixeira Chaves<\/span><\/p>\n<p style=\"text-align: justify\"><b>Curso de M\u00fasica<\/b><\/p>\n<p style=\"text-align: justify\"><span style=\"font-weight: 400\">Fernando de Paula Zamboni<\/span><\/p>\n<p style=\"text-align: justify\"><b>Curso de Terapia Ocupacional<\/b><\/p>\n<p style=\"text-align: justify\"><span style=\"font-weight: 400\">Andr\u00e9a T\u00f4rres Wenzke<\/span><\/p>\n<p style=\"text-align: justify\"><span style=\"font-weight: 400\">Desir\u00e9e Nobre Salasar<\/span><\/p>\n<\/div>\n<\/div><\/div><\/div><\/div><\/div>","protected":false},"excerpt":{"rendered":"<p>Esse \u00e9 um Programa de extens\u00e3o vinculado ao Departamento de Museologia, Conserva\u00e7\u00e3o e Restauro do Instituto de Ci\u00eancias Humanas da Universidade Federal de Pelotas. Teve in\u00edcio em 2012. Em 2014, implantou a exposi\u00e7\u00e3o acess\u00edvel do Memorial do Anglo, no Campus Anglo da UFPel. Objetiva formar recursos humanos e desenvolver produtos e procedimentos para a inclus\u00e3o [&hellip;]<\/p>\n","protected":false},"author":1000,"featured_media":0,"parent":0,"menu_order":0,"comment_status":"closed","ping_status":"closed","template":"","meta":{"footnotes":""},"class_list":["post-806","page","type-page","status-publish","hentry","post"],"jetpack_sharing_enabled":true,"jetpack_likes_enabled":true,"_links":{"self":[{"href":"https:\/\/wp.ufpel.edu.br\/museudodoce\/wp-json\/wp\/v2\/pages\/806","targetHints":{"allow":["GET"]}}],"collection":[{"href":"https:\/\/wp.ufpel.edu.br\/museudodoce\/wp-json\/wp\/v2\/pages"}],"about":[{"href":"https:\/\/wp.ufpel.edu.br\/museudodoce\/wp-json\/wp\/v2\/types\/page"}],"author":[{"embeddable":true,"href":"https:\/\/wp.ufpel.edu.br\/museudodoce\/wp-json\/wp\/v2\/users\/1000"}],"replies":[{"embeddable":true,"href":"https:\/\/wp.ufpel.edu.br\/museudodoce\/wp-json\/wp\/v2\/comments?post=806"}],"version-history":[{"count":2,"href":"https:\/\/wp.ufpel.edu.br\/museudodoce\/wp-json\/wp\/v2\/pages\/806\/revisions"}],"predecessor-version":[{"id":876,"href":"https:\/\/wp.ufpel.edu.br\/museudodoce\/wp-json\/wp\/v2\/pages\/806\/revisions\/876"}],"wp:attachment":[{"href":"https:\/\/wp.ufpel.edu.br\/museudodoce\/wp-json\/wp\/v2\/media?parent=806"}],"curies":[{"name":"wp","href":"https:\/\/api.w.org\/{rel}","templated":true}]}}