{"id":1692,"date":"2021-12-01T14:29:53","date_gmt":"2021-12-01T17:29:53","guid":{"rendered":"https:\/\/wp.ufpel.edu.br\/museudodoce\/?page_id=1692"},"modified":"2021-12-07T19:15:47","modified_gmt":"2021-12-07T22:15:47","slug":"projeto-modela-pelotas-vi","status":"publish","type":"page","link":"https:\/\/wp.ufpel.edu.br\/museudodoce\/projeto-modela-pelotas-vi\/","title":{"rendered":"Projeto MODELA Pelotas VI"},"content":{"rendered":"<div id=\"pl-1692\"  class=\"panel-layout\" ><div id=\"pg-1692-0\"  class=\"panel-grid panel-no-style\" ><div id=\"pgc-1692-0-0\"  class=\"panel-grid-cell\" ><div id=\"panel-1692-0-0-0\" class=\"so-panel widget widget_sow-headline panel-first-child panel-last-child\" data-index=\"0\" ><div\n\t\t\t\n\t\t\tclass=\"so-widget-sow-headline so-widget-sow-headline-default-f2a6ee8814e6-1692\"\n\t\t\t\n\t\t><div class=\"sow-headline-container \">\n\t\t\t\t\t\t\t<p class=\"sow-headline\">\n\t\t\t\t\t\tPROJETO MODELA PELOTAS VI: ESTUDOS DE REPRESENTA\u00c7\u00c3O TRIDIMENSIONAL DIGITAL E INTERATIVA\t\t\t\t\t\t<\/p>\n\t\t\t\t\t\t<\/div>\n<\/div><\/div><\/div><\/div><div id=\"pg-1692-1\"  class=\"panel-grid panel-has-style\" ><div class=\"siteorigin-panels-stretch panel-row-style panel-row-style-for-1692-1\" data-stretch-type=\"full-stretched-padded\" ><div id=\"pgc-1692-1-0\"  class=\"panel-grid-cell panel-grid-cell-empty\" ><\/div><\/div><\/div><div id=\"pg-1692-2\"  class=\"panel-grid panel-no-style\" ><div id=\"pgc-1692-2-0\"  class=\"panel-grid-cell\" ><div id=\"panel-1692-2-0-0\" class=\"so-panel widget widget_sow-headline panel-first-child\" data-index=\"1\" ><div\n\t\t\t\n\t\t\tclass=\"so-widget-sow-headline so-widget-sow-headline-default-a29379daa532-1692\"\n\t\t\t\n\t\t><div class=\"sow-headline-container \">\n\t<\/div>\n<\/div><\/div><div id=\"panel-1692-2-0-1\" class=\"so-panel widget widget_sow-editor panel-last-child\" data-index=\"2\" ><div\n\t\t\t\n\t\t\tclass=\"so-widget-sow-editor so-widget-sow-editor-base\"\n\t\t\t\n\t\t>\n<div class=\"siteorigin-widget-tinymce textwidget\">\n\t<p style=\"text-align: justify\"><span style=\"font-family: georgia, palatino, serif;font-size: 12pt\">O Museu do Doce est\u00e1 situado na cidade de Pelotas no casar\u00e3o de n\u00famero 8 do entorno da Pra\u00e7a Coronel Pedro Os\u00f3rio. Uma das particularidades da arquitetura dessa edifica\u00e7\u00e3o est\u00e1 na provoca\u00e7\u00e3o multissensorial advinda das ornamenta\u00e7\u00f5es de fachadas e tetos em estuque e em especial no elemento \"Claraboia\" (primeira imagem), central ao corpo principal do casar\u00e3o, que pode se revelar como a representa\u00e7\u00e3o de um olho.\u00a0 <\/span><\/p>\n<p style=\"text-align: justify\"><span style=\"font-family: georgia, palatino, serif;font-size: 12pt\">A a\u00e7\u00e3o no \u00e2mbito do Projeto MODELA Pelotas VI, resulta de estudos de representa\u00e7\u00e3o, tridimensional digital e interativa, de elementos construtivos e\/ou decorativos da arquitetura de interesse cultural e hist\u00f3rico de Pelotas. O desenvolvimento deste tipo de representa\u00e7\u00e3o permite documentar esta arquitetura de maneira precisa e subsidia a constru\u00e7\u00e3o de conhecimento sobre o patrim\u00f4nio abordado, a partir de a\u00e7\u00f5es de car\u00e1ter l\u00fadico. As representa\u00e7\u00f5es que apresentamos aqui foram realizadas por meio de t\u00e9cnicas de fotogrametria associadas ao escaneamento a laser.\u00a0<\/span><\/p>\n<p style=\"text-align: justify\"><span style=\"font-family: georgia, palatino, serif;font-size: 12pt\">Os modelos interativos dispon\u00edveis abaixo constituem-se como jogos digitais abertos, cujas narrativas podem advir do di\u00e1logo com as diferentes \u00e1reas do conhecimento. As ferramentas digitais envolvidas s\u00e3o: \u00a0<em>Agisoft Metashape, Meshroom, Cloud Compare, Instant Meshes, Blender, Adobe Premiere, Recap.\u00a0<\/em><\/span><\/p>\n<p style=\"text-align: justify\"><span style=\"font-family: georgia, palatino, serif;font-size: 12pt\">Segundo os autores do projeto, o estudo tem como resultados: a sistematiza\u00e7\u00e3o de m\u00e9todos de representa\u00e7\u00e3o para serem compartilhados junto ao processo formativo de arquitetura; a disponibiliza\u00e7\u00e3o dos modelos para apoiar a\u00e7\u00f5es culturais relativas ao patrim\u00f4nio representado; jogos digitais abertos (pass\u00edveis de serem ampliados a partir da intera\u00e7\u00e3o dial\u00f3gica com os jogadores) e acess\u00edveis no site do Museu do Doce.<\/span><\/p>\n<\/div>\n<\/div><\/div><\/div><\/div><div id=\"pg-1692-3\"  class=\"panel-grid panel-no-style\" ><div id=\"pgc-1692-3-0\"  class=\"panel-grid-cell\" ><div id=\"panel-1692-3-0-0\" class=\"so-panel widget widget_sow-headline panel-first-child panel-last-child\" data-index=\"3\" ><div\n\t\t\t\n\t\t\tclass=\"so-widget-sow-headline so-widget-sow-headline-default-d2220c03510e-1692\"\n\t\t\t\n\t\t><div class=\"sow-headline-container \">\n\t\t\t\t\t\t\t<p class=\"sow-headline\">\n\t\t\t\t\t\tESCOLHA UMA IMAGEM:\t\t\t\t\t\t<\/p>\n\t\t\t\t\t\t\t\t\t\t\t<div class=\"decoration\">\n\t\t\t\t\t\t<div class=\"decoration-inside\"><\/div>\n\t\t\t\t\t<\/div>\n\t\t\t\t\t<\/div>\n<\/div><\/div><\/div><\/div><div id=\"pg-1692-4\"  class=\"panel-grid panel-no-style\" ><div id=\"pgc-1692-4-0\"  class=\"panel-grid-cell\" ><div id=\"panel-1692-4-0-0\" class=\"so-panel widget widget_media_image panel-first-child panel-last-child\" data-index=\"4\" ><a href=\"https:\/\/sketchfab.com\/3d-models\/figura-do-centro-do-teto-da-sala-de-musica-ea9c96843ac14d238b74b9ef89c22d4e\"><img loading=\"lazy\" decoding=\"async\" width=\"318\" height=\"318\" src=\"https:\/\/wp.ufpel.edu.br\/museudodoce\/files\/2021\/12\/3-318x318.png\" class=\"image wp-image-1757  attachment-medium size-medium\" alt=\"\" style=\"max-width: 100%; height: auto;\" srcset=\"https:\/\/wp.ufpel.edu.br\/museudodoce\/files\/2021\/12\/3-318x318.png 318w, https:\/\/wp.ufpel.edu.br\/museudodoce\/files\/2021\/12\/3-159x159.png 159w, https:\/\/wp.ufpel.edu.br\/museudodoce\/files\/2021\/12\/3.png 500w\" sizes=\"auto, (max-width: 318px) 100vw, 318px\" \/><\/a><\/div><\/div><div id=\"pgc-1692-4-1\"  class=\"panel-grid-cell panel-grid-cell-empty\" ><\/div><div id=\"pgc-1692-4-2\"  class=\"panel-grid-cell\" ><div id=\"panel-1692-4-2-0\" class=\"so-panel widget widget_media_image panel-first-child panel-last-child\" data-index=\"5\" ><a href=\"https:\/\/sketchfab.com\/3d-models\/meshcasaraonurbs-f5aaf37dedb44fa2a695d50617f83277\"><img loading=\"lazy\" decoding=\"async\" width=\"318\" height=\"318\" src=\"https:\/\/wp.ufpel.edu.br\/museudodoce\/files\/2021\/12\/33-318x318.png\" class=\"image wp-image-1758  attachment-medium size-medium\" alt=\"\" style=\"max-width: 100%; height: auto;\" srcset=\"https:\/\/wp.ufpel.edu.br\/museudodoce\/files\/2021\/12\/33-318x318.png 318w, https:\/\/wp.ufpel.edu.br\/museudodoce\/files\/2021\/12\/33-159x159.png 159w, https:\/\/wp.ufpel.edu.br\/museudodoce\/files\/2021\/12\/33.png 500w\" sizes=\"auto, (max-width: 318px) 100vw, 318px\" \/><\/a><\/div><\/div><div id=\"pgc-1692-4-3\"  class=\"panel-grid-cell panel-grid-cell-empty\" ><\/div><div id=\"pgc-1692-4-4\"  class=\"panel-grid-cell\" ><div id=\"panel-1692-4-4-0\" class=\"so-panel widget widget_media_image panel-first-child panel-last-child\" data-index=\"6\" ><a href=\"https:\/\/sketchfab.com\/3d-models\/detalhe-do-teto-da-sala-de-musica-cfdad6c64b3040fe8c0406569c04995d\"><img loading=\"lazy\" decoding=\"async\" width=\"318\" height=\"318\" src=\"https:\/\/wp.ufpel.edu.br\/museudodoce\/files\/2021\/12\/2-318x318.png\" class=\"image wp-image-1756  attachment-medium size-medium\" alt=\"\" style=\"max-width: 100%; height: auto;\" srcset=\"https:\/\/wp.ufpel.edu.br\/museudodoce\/files\/2021\/12\/2-318x318.png 318w, https:\/\/wp.ufpel.edu.br\/museudodoce\/files\/2021\/12\/2-159x159.png 159w, https:\/\/wp.ufpel.edu.br\/museudodoce\/files\/2021\/12\/2.png 500w\" sizes=\"auto, (max-width: 318px) 100vw, 318px\" \/><\/a><\/div><\/div><\/div><div id=\"pg-1692-5\"  class=\"panel-grid panel-no-style\" ><div id=\"pgc-1692-5-0\"  class=\"panel-grid-cell\" ><div id=\"panel-1692-5-0-0\" class=\"so-panel widget widget_sow-button panel-first-child panel-last-child\" data-index=\"7\" ><div\n\t\t\t\n\t\t\tclass=\"so-widget-sow-button so-widget-sow-button-atom-c038669b6ba3-1692\"\n\t\t\t\n\t\t><div class=\"ow-button-base ow-button-align-justify\"\n style=\"display: block;\">\n\t\t\t<a\n\t\t\t\t\thref=\"https:\/\/sketchfab.com\/3d-models\/figura-do-centro-do-teto-da-sala-de-musica-ea9c96843ac14d238b74b9ef89c22d4e\"\n\t\t\t\t\tclass=\"sowb-button ow-icon-placement-left ow-button-hover\" \t>\n\t\t<span>\n\t\t\t\n\t\t\tEstuque\t\t<\/span>\n\t\t\t<\/a>\n\t<\/div>\n<\/div><\/div><\/div><div id=\"pgc-1692-5-1\"  class=\"panel-grid-cell panel-grid-cell-empty\" ><\/div><div id=\"pgc-1692-5-2\"  class=\"panel-grid-cell\" ><div id=\"panel-1692-5-2-0\" class=\"so-panel widget widget_sow-button panel-first-child panel-last-child\" data-index=\"8\" ><div\n\t\t\t\n\t\t\tclass=\"so-widget-sow-button so-widget-sow-button-atom-5a9f54cdafa8-1692\"\n\t\t\t\n\t\t><div class=\"ow-button-base ow-button-align-justify\"\n style=\"display: block;\">\n\t\t\t<a\n\t\t\t\t\thref=\"https:\/\/sketchfab.com\/3d-models\/meshcasaraonurbs-f5aaf37dedb44fa2a695d50617f83277\"\n\t\t\t\t\tclass=\"sowb-button ow-icon-placement-left ow-button-hover\" \t>\n\t\t<span>\n\t\t\t\n\t\t\tClarab\u00f3ia\t\t<\/span>\n\t\t\t<\/a>\n\t<\/div>\n<\/div><\/div><\/div><div id=\"pgc-1692-5-3\"  class=\"panel-grid-cell panel-grid-cell-empty\" ><\/div><div id=\"pgc-1692-5-4\"  class=\"panel-grid-cell\" ><div id=\"panel-1692-5-4-0\" class=\"so-panel widget widget_sow-button panel-first-child panel-last-child\" data-index=\"9\" ><div\n\t\t\t\n\t\t\tclass=\"so-widget-sow-button so-widget-sow-button-atom-c038669b6ba3-1692\"\n\t\t\t\n\t\t><div class=\"ow-button-base ow-button-align-justify\"\n style=\"display: block;\">\n\t\t\t<a\n\t\t\t\t\thref=\"https:\/\/sketchfab.com\/3d-models\/detalhe-do-teto-da-sala-de-musica-cfdad6c64b3040fe8c0406569c04995d\"\n\t\t\t\t\tclass=\"sowb-button ow-icon-placement-left ow-button-hover\" \t>\n\t\t<span>\n\t\t\t\n\t\t\tEstuque\t\t<\/span>\n\t\t\t<\/a>\n\t<\/div>\n<\/div><\/div><\/div><\/div><div id=\"pg-1692-6\"  class=\"panel-grid panel-no-style\" ><div id=\"pgc-1692-6-0\"  class=\"panel-grid-cell\" ><div id=\"panel-1692-6-0-0\" class=\"so-panel widget widget_sow-headline panel-first-child\" data-index=\"10\" ><div\n\t\t\t\n\t\t\tclass=\"so-widget-sow-headline so-widget-sow-headline-default-a29379daa532-1692\"\n\t\t\t\n\t\t><div class=\"sow-headline-container \">\n\t<\/div>\n<\/div><\/div><div id=\"panel-1692-6-0-1\" class=\"so-panel widget widget_sow-headline\" data-index=\"11\" ><div\n\t\t\t\n\t\t\tclass=\"so-widget-sow-headline so-widget-sow-headline-default-a29379daa532-1692\"\n\t\t\t\n\t\t><div class=\"sow-headline-container \">\n\t<\/div>\n<\/div><\/div><div id=\"panel-1692-6-0-2\" class=\"so-panel widget widget_sow-headline\" data-index=\"12\" ><div\n\t\t\t\n\t\t\tclass=\"so-widget-sow-headline so-widget-sow-headline-default-287856a10f4a-1692\"\n\t\t\t\n\t\t><div class=\"sow-headline-container \">\n\t\t\t\t\t\t\t<p class=\"sow-headline\">\n\t\t\t\t\t\tOrientadora:\t\t\t\t\t\t<\/p>\n\t\t\t\t\t\t\t\t\t\t\t<div class=\"decoration\">\n\t\t\t\t\t\t<div class=\"decoration-inside\"><\/div>\n\t\t\t\t\t<\/div>\n\t\t\t\t\t\t\t\t\t\t\t<p class=\"sow-sub-headline\">\n\t\t\t\t\t\tAdriane Borda Almeida da Silva GEGRADI\/PROGRAU\/FAURB\/UFPel.\t\t\t\t\t\t<\/p>\n\t\t\t\t\t\t<\/div>\n<\/div><\/div><div id=\"panel-1692-6-0-3\" class=\"so-panel widget widget_sow-headline panel-last-child\" data-index=\"13\" ><div\n\t\t\t\n\t\t\tclass=\"so-widget-sow-headline so-widget-sow-headline-default-287856a10f4a-1692\"\n\t\t\t\n\t\t><div class=\"sow-headline-container \">\n\t\t\t\t\t\t\t<p class=\"sow-headline\">\n\t\t\t\t\t\tAluno Mestrado PROGRAU\/FAURB\/UFPel: \t\t\t\t\t\t<\/p>\n\t\t\t\t\t\t\t\t\t\t\t<div class=\"decoration\">\n\t\t\t\t\t\t<div class=\"decoration-inside\"><\/div>\n\t\t\t\t\t<\/div>\n\t\t\t\t\t\t\t\t\t\t\t<p class=\"sow-sub-headline\">\n\t\t\t\t\t\tEdemar Dias Xavier Junior, vinculado ao GEGRADI (Grupo de Estudos para o Ensino\/aprendizagem de Gr\u00e1fica Digital). Linha de pesquisa: Gr\u00e1fica Digital aplicada \u00e0 Arquitetura e Urbanismo.\t\t\t\t\t\t<\/p>\n\t\t\t\t\t\t<\/div>\n<\/div><\/div><\/div><\/div><div id=\"pg-1692-7\"  class=\"panel-grid panel-no-style\" ><div id=\"pgc-1692-7-0\"  class=\"panel-grid-cell\" ><div id=\"panel-1692-7-0-0\" class=\"so-panel widget widget_sow-headline panel-first-child\" data-index=\"14\" ><div\n\t\t\t\n\t\t\tclass=\"so-widget-sow-headline so-widget-sow-headline-default-a29379daa532-1692\"\n\t\t\t\n\t\t><div class=\"sow-headline-container \">\n\t<\/div>\n<\/div><\/div><div id=\"panel-1692-7-0-1\" class=\"so-panel widget widget_sow-headline\" data-index=\"15\" ><div\n\t\t\t\n\t\t\tclass=\"so-widget-sow-headline so-widget-sow-headline-default-a29379daa532-1692\"\n\t\t\t\n\t\t><div class=\"sow-headline-container \">\n\t<\/div>\n<\/div><\/div><div id=\"panel-1692-7-0-2\" class=\"so-panel widget widget_sow-headline panel-last-child\" data-index=\"16\" ><div\n\t\t\t\n\t\t\tclass=\"so-widget-sow-headline so-widget-sow-headline-default-f2a6ee8814e6-1692\"\n\t\t\t\n\t\t><div class=\"sow-headline-container \">\n\t\t\t\t\t\t\t<p class=\"sow-headline\">\n\t\t\t\t\t\tPROJETO MODELA PELOTAS VI: EXPOSI\u00c7\u00c3O VIRTUAL 360\u00ba\/ GEOMETRIAS IMPL\u00cdCITAS \t\t\t\t\t\t<\/p>\n\t\t\t\t\t\t<\/div>\n<\/div><\/div><\/div><\/div><div id=\"pg-1692-8\"  class=\"panel-grid panel-has-style\" ><div class=\"siteorigin-panels-stretch panel-row-style panel-row-style-for-1692-8\" data-stretch-type=\"full-stretched-padded\" ><div id=\"pgc-1692-8-0\"  class=\"panel-grid-cell panel-grid-cell-empty\" ><\/div><\/div><\/div><div id=\"pg-1692-9\"  class=\"panel-grid panel-no-style\" ><div id=\"pgc-1692-9-0\"  class=\"panel-grid-cell\" ><div id=\"panel-1692-9-0-0\" class=\"so-panel widget widget_sow-headline panel-first-child\" data-index=\"17\" ><div\n\t\t\t\n\t\t\tclass=\"so-widget-sow-headline so-widget-sow-headline-default-a29379daa532-1692\"\n\t\t\t\n\t\t><div class=\"sow-headline-container \">\n\t<\/div>\n<\/div><\/div><div id=\"panel-1692-9-0-1\" class=\"so-panel widget widget_sow-editor\" data-index=\"18\" ><div\n\t\t\t\n\t\t\tclass=\"so-widget-sow-editor so-widget-sow-editor-base\"\n\t\t\t\n\t\t>\n<div class=\"siteorigin-widget-tinymce textwidget\">\n\t<p style=\"text-align: justify\"><span style=\"font-size: 12pt;font-family: georgia, palatino, serif\"><span style=\"font-weight: 400\">A Exposi\u00e7\u00e3o virtual em 360\u00b0 foi desenvolvida pelo GEGRADI para fim de estruturar narrativas geom\u00e9tricas sobre os estudos e as hip\u00f3teses gr\u00e1ficas que apresentam l\u00f3gicas de organiza\u00e7\u00e3o formal empregadas junto ao projeto e constru\u00e7\u00e3o do <strong>Casar\u00e3o 8. <\/strong>Segundo os pesquisadores, o <\/span><span style=\"font-weight: 400\">desenvolvimento da interface partiu do uso de ferramentas de representa\u00e7\u00e3o usuais no entorno acad\u00eamico de arquitetura (modelagem, edi\u00e7\u00e3o de imagens e renderiza\u00e7\u00e3o de ambientes) e tamb\u00e9m de uso exclusivo no Projeto (sites online para o desenvolvimento de passeios virtuais 360\u00b0).<\/span><\/span><\/p>\n<\/div>\n<\/div><\/div><div id=\"panel-1692-9-0-2\" class=\"so-panel widget widget_sow-headline\" data-index=\"19\" ><div\n\t\t\t\n\t\t\tclass=\"so-widget-sow-headline so-widget-sow-headline-default-a29379daa532-1692\"\n\t\t\t\n\t\t><div class=\"sow-headline-container \">\n\t<\/div>\n<\/div><\/div><div id=\"panel-1692-9-0-3\" class=\"so-panel widget widget_sow-video\" data-index=\"20\" ><div\n\t\t\t\n\t\t\tclass=\"so-widget-sow-video so-widget-sow-video-default-c08170c47cfb-1692\"\n\t\t\t\n\t\t>\n<div class=\"sow-video-wrapper\n\">\n\t\t\t<iframe loading=\"lazy\" title=\"Casar\u00e3o 8: Trimorfismo e Propor\u00e7\u00e3o \u00c1urea\" width=\"720\" height=\"405\" src=\"https:\/\/www.youtube.com\/embed\/5tVXBaJWuGY?feature=oembed&autoplay=1&mute=1&enablejsapi=1\" frameborder=\"0\" allow=\"accelerometer; autoplay; clipboard-write; encrypted-media; gyroscope; picture-in-picture; web-share\" referrerpolicy=\"strict-origin-when-cross-origin\" allowfullscreen allowfullscreen mozallowfullscreen webkitallowfullscreen sandbox=\"allow-scripts allow-same-origin allow-presentation\"><\/iframe>\t<\/div>\n<\/div><\/div><div id=\"panel-1692-9-0-4\" class=\"so-panel widget widget_sow-headline\" data-index=\"21\" ><div\n\t\t\t\n\t\t\tclass=\"so-widget-sow-headline so-widget-sow-headline-default-a29379daa532-1692\"\n\t\t\t\n\t\t><div class=\"sow-headline-container \">\n\t<\/div>\n<\/div><\/div><div id=\"panel-1692-9-0-5\" class=\"so-panel widget widget_sow-editor\" data-index=\"22\" ><div\n\t\t\t\n\t\t\tclass=\"so-widget-sow-editor so-widget-sow-editor-base\"\n\t\t\t\n\t\t>\n<div class=\"siteorigin-widget-tinymce textwidget\">\n\t<p style=\"text-align: justify\"><span style=\"font-weight: 400;font-family: georgia, palatino, serif;font-size: 12pt\">Como resultados parciais das etapas de revis\u00e3o bibliogr\u00e1fica, foram realizados experimentos de gera\u00e7\u00e3o dos espa\u00e7os expositivos, assim como apropria\u00e7\u00e3o das tecnologias, entendendo a pertin\u00eancia da exposi\u00e7\u00e3o deste tipo de acervo, a partir de um ambiente virtual interativo em 360\u00ba.<\/span><\/p>\n<\/div>\n<\/div><\/div><div id=\"panel-1692-9-0-6\" class=\"so-panel widget widget_sow-headline\" data-index=\"23\" ><div\n\t\t\t\n\t\t\tclass=\"so-widget-sow-headline so-widget-sow-headline-default-d2220c03510e-1692\"\n\t\t\t\n\t\t><div class=\"sow-headline-container \">\n\t\t\t\t\t\t\t<p class=\"sow-headline\">\n\t\t\t\t\t\tVISITE A EXPOSI\u00c7\u00c3O: \t\t\t\t\t\t<\/p>\n\t\t\t\t\t\t\t\t\t\t\t<div class=\"decoration\">\n\t\t\t\t\t\t<div class=\"decoration-inside\"><\/div>\n\t\t\t\t\t<\/div>\n\t\t\t\t\t<\/div>\n<\/div><\/div><div id=\"panel-1692-9-0-7\" class=\"so-panel widget widget_sow-button\" data-index=\"24\" ><div\n\t\t\t\n\t\t\tclass=\"so-widget-sow-button so-widget-sow-button-atom-f6444e0798d5-1692\"\n\t\t\t\n\t\t><div class=\"ow-button-base ow-button-align-center\"\n>\n\t\t\t<a\n\t\t\t\t\thref=\"https:\/\/tour360.meupasseiovirtual.com\/037499\/145077\/tourvirtual\/index.html\"\n\t\t\t\t\tclass=\"sowb-button ow-icon-placement-left ow-button-hover\" \t>\n\t\t<span>\n\t\t\t\n\t\t\tTour 360\u00ba\t\t<\/span>\n\t\t\t<\/a>\n\t<\/div>\n<\/div><\/div><div id=\"panel-1692-9-0-8\" class=\"so-panel widget widget_sow-headline\" data-index=\"25\" ><div\n\t\t\t\n\t\t\tclass=\"so-widget-sow-headline so-widget-sow-headline-default-a29379daa532-1692\"\n\t\t\t\n\t\t><div class=\"sow-headline-container \">\n\t<\/div>\n<\/div><\/div><div id=\"panel-1692-9-0-9\" class=\"so-panel widget widget_sow-headline\" data-index=\"26\" ><div\n\t\t\t\n\t\t\tclass=\"so-widget-sow-headline so-widget-sow-headline-default-287856a10f4a-1692\"\n\t\t\t\n\t\t><div class=\"sow-headline-container \">\n\t\t\t\t\t\t\t<p class=\"sow-headline\">\n\t\t\t\t\t\tOrientadora:\t\t\t\t\t\t<\/p>\n\t\t\t\t\t\t\t\t\t\t\t<div class=\"decoration\">\n\t\t\t\t\t\t<div class=\"decoration-inside\"><\/div>\n\t\t\t\t\t<\/div>\n\t\t\t\t\t\t\t\t\t\t\t<p class=\"sow-sub-headline\">\n\t\t\t\t\t\tAdriane Borda Almeida da Silva GEGRADI\/PROGRAU\/FAURB\/UFPel.\t\t\t\t\t\t<\/p>\n\t\t\t\t\t\t<\/div>\n<\/div><\/div><div id=\"panel-1692-9-0-10\" class=\"so-panel widget widget_sow-headline panel-last-child\" data-index=\"27\" ><div\n\t\t\t\n\t\t\tclass=\"so-widget-sow-headline so-widget-sow-headline-default-287856a10f4a-1692\"\n\t\t\t\n\t\t><div class=\"sow-headline-container \">\n\t\t\t\t\t\t\t<p class=\"sow-headline\">\n\t\t\t\t\t\tAutores\t\t\t\t\t\t<\/p>\n\t\t\t\t\t\t\t\t\t\t\t<div class=\"decoration\">\n\t\t\t\t\t\t<div class=\"decoration-inside\"><\/div>\n\t\t\t\t\t<\/div>\n\t\t\t\t\t\t\t\t\t\t\t<p class=\"sow-sub-headline\">\n\t\t\t\t\t\tSamanta Quevedo da Silva, graduanda FAURB\/UFPel; Claudia Andriele da Costa Freitas, aluna especial PROGRAU\/FAURB\/UFPel ; Edemar Dias Xavier J\u00fanior, mestrando PROGRAU\/FAURB\/UFPel\t\t\t\t\t\t<\/p>\n\t\t\t\t\t\t<\/div>\n<\/div><\/div><\/div><\/div><div id=\"pg-1692-10\"  class=\"panel-grid panel-has-style\" ><div class=\"siteorigin-panels-stretch panel-row-style panel-row-style-for-1692-10\" data-stretch-type=\"full-stretched-padded\" ><div id=\"pgc-1692-10-0\"  class=\"panel-grid-cell panel-grid-cell-empty\" ><\/div><\/div><\/div><div id=\"pg-1692-11\"  class=\"panel-grid panel-no-style\" ><div id=\"pgc-1692-11-0\"  class=\"panel-grid-cell\" ><div id=\"panel-1692-11-0-0\" class=\"so-panel widget widget_sow-headline panel-first-child\" data-index=\"28\" ><div\n\t\t\t\n\t\t\tclass=\"so-widget-sow-headline so-widget-sow-headline-default-a29379daa532-1692\"\n\t\t\t\n\t\t><div class=\"sow-headline-container \">\n\t<\/div>\n<\/div><\/div><div id=\"panel-1692-11-0-1\" class=\"so-panel widget widget_sow-headline\" data-index=\"29\" ><div\n\t\t\t\n\t\t\tclass=\"so-widget-sow-headline so-widget-sow-headline-default-a29379daa532-1692\"\n\t\t\t\n\t\t><div class=\"sow-headline-container \">\n\t<\/div>\n<\/div><\/div><div id=\"panel-1692-11-0-2\" class=\"so-panel widget widget_sow-headline\" data-index=\"30\" ><div\n\t\t\t\n\t\t\tclass=\"so-widget-sow-headline so-widget-sow-headline-default-f2a6ee8814e6-1692\"\n\t\t\t\n\t\t><div class=\"sow-headline-container \">\n\t\t\t\t\t\t\t<p class=\"sow-headline\">\n\t\t\t\t\t\tREPRESENTA\u00c7\u00d5ES T\u00c1TEIS \t\t\t\t\t\t<\/p>\n\t\t\t\t\t\t<\/div>\n<\/div><\/div><div id=\"panel-1692-11-0-3\" class=\"so-panel widget widget_sow-editor panel-last-child\" data-index=\"31\" ><div\n\t\t\t\n\t\t\tclass=\"so-widget-sow-editor so-widget-sow-editor-base\"\n\t\t\t\n\t\t>\n<div class=\"siteorigin-widget-tinymce textwidget\">\n\t<p style=\"text-align: justify\"><span style=\"font-weight: 400;font-family: georgia, palatino, serif;font-size: 12pt\">A imagem acima nos mostra o processo de produ\u00e7\u00e3o de outra a\u00e7\u00e3o que faz parte do mesmo projeto: a fabrica\u00e7\u00e3o digital de representa\u00e7\u00f5es t\u00e1teis. O objetivo \u00e9 produzir informa\u00e7\u00f5es sobre o patrim\u00f4nio arquitet\u00f4nico relativo ao Casar\u00e3o 8, de forma inclusiva e de car\u00e1ter universal. Al\u00e9m disso, a a\u00e7\u00e3o contempla os interesses formativos de abordagem social, cultural e tecnol\u00f3gica, no campo da arquitetura. O\u00a0 estudo envolve o levantamento m\u00e9trico da edifica\u00e7\u00e3o, por m\u00e9todos de fotogrametria digital associados a uma nuvem de pontos obtida por escaneamento 3D; representa\u00e7\u00e3o e fabrica\u00e7\u00e3o digital por impress\u00e3o 3D e corte a laser. Os novos modelos desenvolvidos pelo grupo GEGRADI (Grupo de Estudos para o Ensino\/aprendizagem de Gr\u00e1fica Digital) amplia e requalifica os modelos existentes para adequar \u00e0s condi\u00e7\u00f5es higi\u00eanicas atualmente exigidas, fazendo uso de materiais alternativos que n\u00e3o degradem com a higieniza\u00e7\u00e3o. As imagens abaixo mostram exemplos em material acr\u00edlico:<\/span><\/p>\n<\/div>\n<\/div><\/div><\/div><\/div><div id=\"pg-1692-12\"  class=\"panel-grid panel-no-style\" ><div id=\"pgc-1692-12-0\"  class=\"panel-grid-cell\" ><div id=\"panel-1692-12-0-0\" class=\"so-panel widget widget_media_image panel-first-child panel-last-child\" data-index=\"32\" ><img loading=\"lazy\" decoding=\"async\" width=\"179\" height=\"318\" src=\"https:\/\/wp.ufpel.edu.br\/museudodoce\/files\/2021\/12\/WhatsApp-Image-2021-12-03-at-21.00.49-1-179x318.jpeg\" class=\"image wp-image-1821  attachment-medium size-medium\" alt=\"\" style=\"max-width: 100%; height: auto;\" srcset=\"https:\/\/wp.ufpel.edu.br\/museudodoce\/files\/2021\/12\/WhatsApp-Image-2021-12-03-at-21.00.49-1-179x318.jpeg 179w, https:\/\/wp.ufpel.edu.br\/museudodoce\/files\/2021\/12\/WhatsApp-Image-2021-12-03-at-21.00.49-1-89x159.jpeg 89w, https:\/\/wp.ufpel.edu.br\/museudodoce\/files\/2021\/12\/WhatsApp-Image-2021-12-03-at-21.00.49-1.jpeg 750w\" sizes=\"auto, (max-width: 179px) 100vw, 179px\" \/><\/div><\/div><div id=\"pgc-1692-12-1\"  class=\"panel-grid-cell\" ><div id=\"panel-1692-12-1-0\" class=\"so-panel widget widget_media_image panel-first-child panel-last-child\" data-index=\"33\" ><img loading=\"lazy\" decoding=\"async\" width=\"179\" height=\"318\" src=\"https:\/\/wp.ufpel.edu.br\/museudodoce\/files\/2021\/12\/WhatsApp-Image-2021-12-03-at-21.00.54-1-179x318.jpeg\" class=\"image wp-image-1816  attachment-medium size-medium\" alt=\"\" style=\"max-width: 100%; height: auto;\" srcset=\"https:\/\/wp.ufpel.edu.br\/museudodoce\/files\/2021\/12\/WhatsApp-Image-2021-12-03-at-21.00.54-1-179x318.jpeg 179w, https:\/\/wp.ufpel.edu.br\/museudodoce\/files\/2021\/12\/WhatsApp-Image-2021-12-03-at-21.00.54-1-89x159.jpeg 89w, https:\/\/wp.ufpel.edu.br\/museudodoce\/files\/2021\/12\/WhatsApp-Image-2021-12-03-at-21.00.54-1.jpeg 750w\" sizes=\"auto, (max-width: 179px) 100vw, 179px\" \/><\/div><\/div><\/div><div id=\"pg-1692-13\"  class=\"panel-grid panel-no-style\" ><div id=\"pgc-1692-13-0\"  class=\"panel-grid-cell\" ><div id=\"panel-1692-13-0-0\" class=\"so-panel widget widget_sow-headline panel-first-child\" data-index=\"34\" ><div\n\t\t\t\n\t\t\tclass=\"so-widget-sow-headline so-widget-sow-headline-default-a29379daa532-1692\"\n\t\t\t\n\t\t><div class=\"sow-headline-container \">\n\t<\/div>\n<\/div><\/div><div id=\"panel-1692-13-0-1\" class=\"so-panel widget widget_sow-editor\" data-index=\"35\" ><div\n\t\t\t\n\t\t\tclass=\"so-widget-sow-editor so-widget-sow-editor-base\"\n\t\t\t\n\t\t>\n<div class=\"siteorigin-widget-tinymce textwidget\">\n\t<\/div>\n<\/div><\/div><div id=\"panel-1692-13-0-2\" class=\"so-panel widget widget_sow-headline\" data-index=\"36\" ><div\n\t\t\t\n\t\t\tclass=\"so-widget-sow-headline so-widget-sow-headline-default-a29379daa532-1692\"\n\t\t\t\n\t\t><div class=\"sow-headline-container \">\n\t<\/div>\n<\/div><\/div><div id=\"panel-1692-13-0-3\" class=\"so-panel widget widget_sow-video\" data-index=\"37\" ><div\n\t\t\t\n\t\t\tclass=\"so-widget-sow-video so-widget-sow-video-default-c08170c47cfb-1692\"\n\t\t\t\n\t\t>\n<div class=\"sow-video-wrapper\n\">\n\t\t\t\t<\/div>\n<\/div><\/div><div id=\"panel-1692-13-0-4\" class=\"so-panel widget widget_sow-headline\" data-index=\"38\" ><div\n\t\t\t\n\t\t\tclass=\"so-widget-sow-headline so-widget-sow-headline-default-a29379daa532-1692\"\n\t\t\t\n\t\t><div class=\"sow-headline-container \">\n\t<\/div>\n<\/div><\/div><div id=\"panel-1692-13-0-5\" class=\"so-panel widget widget_sow-headline\" data-index=\"39\" ><div\n\t\t\t\n\t\t\tclass=\"so-widget-sow-headline so-widget-sow-headline-default-a29379daa532-1692\"\n\t\t\t\n\t\t><div class=\"sow-headline-container \">\n\t<\/div>\n<\/div><\/div><div id=\"panel-1692-13-0-6\" class=\"so-panel widget widget_sow-headline\" data-index=\"40\" ><div\n\t\t\t\n\t\t\tclass=\"so-widget-sow-headline so-widget-sow-headline-default-287856a10f4a-1692\"\n\t\t\t\n\t\t><div class=\"sow-headline-container \">\n\t\t\t\t\t\t\t<p class=\"sow-headline\">\n\t\t\t\t\t\tOrientadora:\t\t\t\t\t\t<\/p>\n\t\t\t\t\t\t\t\t\t\t\t<div class=\"decoration\">\n\t\t\t\t\t\t<div class=\"decoration-inside\"><\/div>\n\t\t\t\t\t<\/div>\n\t\t\t\t\t\t\t\t\t\t\t<p class=\"sow-sub-headline\">\n\t\t\t\t\t\tAdriane Borda Almeida da Silva GEGRADI\/PROGRAU\/FAURB\/UFPel.\t\t\t\t\t\t<\/p>\n\t\t\t\t\t\t<\/div>\n<\/div><\/div><div id=\"panel-1692-13-0-7\" class=\"so-panel widget widget_sow-headline panel-last-child\" data-index=\"41\" ><div\n\t\t\t\n\t\t\tclass=\"so-widget-sow-headline so-widget-sow-headline-default-287856a10f4a-1692\"\n\t\t\t\n\t\t><div class=\"sow-headline-container \">\n\t\t\t\t\t\t\t<p class=\"sow-headline\">\n\t\t\t\t\t\tAutores\t\t\t\t\t\t<\/p>\n\t\t\t\t\t\t\t\t\t\t\t<div class=\"decoration\">\n\t\t\t\t\t\t<div class=\"decoration-inside\"><\/div>\n\t\t\t\t\t<\/div>\n\t\t\t\t\t\t\t\t\t\t\t<p class=\"sow-sub-headline\">\n\t\t\t\t\t\tSamanta Quevedo da Silva, graduanda FAURB\/UFPel; Claudia Andriele da Costa Freitas, aluna especial PROGRAU\/FAURB\/UFPel ; Edemar Dias Xavier J\u00fanior, mestrando PROGRAU\/FAURB\/UFPel\t\t\t\t\t\t<\/p>\n\t\t\t\t\t\t<\/div>\n<\/div><\/div><\/div><\/div><div id=\"pg-1692-14\"  class=\"panel-grid panel-no-style\" ><div id=\"pgc-1692-14-0\"  class=\"panel-grid-cell\" ><div id=\"panel-1692-14-0-0\" class=\"so-panel widget widget_sow-headline panel-first-child\" data-index=\"42\" ><div\n\t\t\t\n\t\t\tclass=\"so-widget-sow-headline so-widget-sow-headline-default-a29379daa532-1692\"\n\t\t\t\n\t\t><div class=\"sow-headline-container \">\n\t<\/div>\n<\/div><\/div><div id=\"panel-1692-14-0-1\" class=\"so-panel widget widget_sow-editor panel-last-child\" data-index=\"43\" ><div\n\t\t\t\n\t\t\tclass=\"so-widget-sow-editor so-widget-sow-editor-base\"\n\t\t\t\n\t\t>\n<div class=\"siteorigin-widget-tinymce textwidget\">\n\t<\/div>\n<\/div><\/div><\/div><\/div><\/div>","protected":false},"excerpt":{"rendered":"<p>PROJETO MODELA PELOTAS VI: ESTUDOS DE REPRESENTA\u00c7\u00c3O TRIDIMENSIONAL DIGITAL E INTERATIVA O Museu do Doce est\u00e1 situado na cidade de Pelotas no casar\u00e3o de n\u00famero 8 do entorno da Pra\u00e7a Coronel Pedro Os\u00f3rio. Uma das particularidades da arquitetura dessa edifica\u00e7\u00e3o est\u00e1 na provoca\u00e7\u00e3o multissensorial advinda das ornamenta\u00e7\u00f5es de fachadas e tetos em estuque e em [&hellip;]<\/p>\n","protected":false},"author":1000,"featured_media":0,"parent":0,"menu_order":0,"comment_status":"closed","ping_status":"closed","template":"","meta":{"footnotes":""},"class_list":["post-1692","page","type-page","status-publish","hentry","post"],"jetpack_sharing_enabled":true,"jetpack_likes_enabled":true,"_links":{"self":[{"href":"https:\/\/wp.ufpel.edu.br\/museudodoce\/wp-json\/wp\/v2\/pages\/1692","targetHints":{"allow":["GET"]}}],"collection":[{"href":"https:\/\/wp.ufpel.edu.br\/museudodoce\/wp-json\/wp\/v2\/pages"}],"about":[{"href":"https:\/\/wp.ufpel.edu.br\/museudodoce\/wp-json\/wp\/v2\/types\/page"}],"author":[{"embeddable":true,"href":"https:\/\/wp.ufpel.edu.br\/museudodoce\/wp-json\/wp\/v2\/users\/1000"}],"replies":[{"embeddable":true,"href":"https:\/\/wp.ufpel.edu.br\/museudodoce\/wp-json\/wp\/v2\/comments?post=1692"}],"version-history":[{"count":62,"href":"https:\/\/wp.ufpel.edu.br\/museudodoce\/wp-json\/wp\/v2\/pages\/1692\/revisions"}],"predecessor-version":[{"id":1822,"href":"https:\/\/wp.ufpel.edu.br\/museudodoce\/wp-json\/wp\/v2\/pages\/1692\/revisions\/1822"}],"wp:attachment":[{"href":"https:\/\/wp.ufpel.edu.br\/museudodoce\/wp-json\/wp\/v2\/media?parent=1692"}],"curies":[{"name":"wp","href":"https:\/\/api.w.org\/{rel}","templated":true}]}}