{"id":987,"date":"2016-09-15T01:15:53","date_gmt":"2016-09-15T04:15:53","guid":{"rendered":"https:\/\/museologiaufpel.wordpress.com\/?page_id=987"},"modified":"2023-03-21T17:00:54","modified_gmt":"2023-03-21T20:00:54","slug":"tccs","status":"publish","type":"page","link":"https:\/\/wp.ufpel.edu.br\/museologia\/tccs\/","title":{"rendered":"TCC"},"content":{"rendered":"\r\n<h1 class=\"has-text-align-left wp-block-heading\"><strong>2010<\/strong><\/h1>\r\n\r\n\r\n\r\n<p><a title=\"G\u00eanero no Espa\u00e7o do Museu: uma leitura social da exposi\u00e7\u00e3o &quot;Entre rendas, chap\u00e9us e boas maneiras&quot;, Museu Municipal Parque da Baronesa, Pelotas\/RS, 2009\" href=\"https:\/\/wp.ufpel.edu.br\/museologia\/files\/2017\/08\/andrc3a9ia-da-fonseca-rodriguez_tcc.pdf\">G\u00eanero no Espa\u00e7o do Museu: uma leitura social da exposi\u00e7\u00e3o &#8220;Entre rendas, chap\u00e9us e boas maneiras&#8221;, Museu Municipal Parque da Baronesa, Pelotas\/RS, 2009<\/a><\/p>\r\n\r\n\r\n\r\n<p><a title=\"Museu Hist\u00f3rico Farroupilha: revendo as pr\u00e1ticas da revitaliza\u00e7\u00e3o de 2002 e seus resultados at\u00e9 2008\" href=\"https:\/\/wp.ufpel.edu.br\/museologia\/files\/2017\/08\/augusto-duarte-garcia_tcc.pdf\">Museu Hist\u00f3rico Farroupilha: revendo as pr\u00e1ticas da revitaliza\u00e7\u00e3o de 2002 e seus resultados at\u00e9 2008<\/a><\/p>\r\n\r\n\r\n\r\n<p><a title=\"Tilintar de Metais: Museu da Irmandade da Santa Casa de Miseric\u00f3rdia de Pelotas\/RS\" href=\"https:\/\/wp.ufpel.edu.br\/museologia\/files\/2017\/09\/darlene-bederode-de-c3a1vila_tcc.pdf\">Tilintar de Metais: Museu da Irmandade da Santa Casa de Miseric\u00f3rdia de Pelotas\/RS<\/a><\/p>\r\n\r\n\r\n\r\n<p><a title=\"Par\u00e2metros Cient\u00edficos de Avalia\u00e7\u00e3o do Estado de Conserva\u00e7\u00e3o de Esp\u00e9cimes de Taxidermia Art\u00edstica para Museus e Cole\u00e7\u00f5es: aplica\u00e7\u00e3o do m\u00e9todo no acervo do Museu de Ci\u00eancias Naturais Carlos Ritter\" href=\"https:\/\/wp.ufpel.edu.br\/museologia\/files\/2017\/08\/c3a9der-ribeiro-oliveira_tcc.pdf\">Par\u00e2metros Cient\u00edficos de Avalia\u00e7\u00e3o do Estado de Conserva\u00e7\u00e3o de Esp\u00e9cimes de Taxidermia Art\u00edstica para Museus e Cole\u00e7\u00f5es: aplica\u00e7\u00e3o do m\u00e9todo no acervo do Museu de Ci\u00eancias Naturais Carlos Ritter<\/a><\/p>\r\n\r\n\r\n\r\n<p><a title=\"Entre Fichas, Livros e Registros: os caminhos percorridos pela Documenta\u00e7\u00e3o Museol\u00f3gica no Museu Municipal Parque da Baronesa (1982 a 2010)\" href=\"https:\/\/wp.ufpel.edu.br\/museologia\/files\/2017\/08\/giovana-garcia-marcon_tcc.pdf\">Entre Fichas, Livros e Registros: os caminhos percorridos pela Documenta\u00e7\u00e3o Museol\u00f3gica no Museu Municipal Parque da Baronesa (1982 a 2010)<\/a><\/p>\r\n\r\n\r\n\r\n<p><a title=\"\u201cO Conservar de uma Significa\u00e7\u00e3o\u201d Investigando e Diagnosticando os Par\u00e2metros Ambientais da Reserva T\u00e9cnica do Museu Municipal Parque da Baronesa, Pelotas\/RS\" href=\"https:\/\/wp.ufpel.edu.br\/museologia\/files\/2017\/08\/luciana-silveira-cardoso_tcc.pdf\">\u201cO Conservar de uma Significa\u00e7\u00e3o\u201d: investigando e diagnosticando os par\u00e2metros ambientais da Reserva T\u00e9cnica do Museu Municipal Parque da Baronesa, Pelotas\/RS<\/a><\/p>\r\n\r\n\r\n\r\n<p><a title=\"Publicidade e Propaganda nos Museus Pelotenses: qual \u00e9 a imagem \u201dvendida\u201d por essas institui\u00e7\u00f5es?\" href=\"https:\/\/wp.ufpel.edu.br\/museologia\/files\/2017\/08\/matheus-cruz_tcc.pdf\">Publicidade e Propaganda nos Museus Pelotenses: qual \u00e9 a imagem &#8220;vendida&#8221; por essas institui\u00e7\u00f5es?<\/a><\/p>\r\n\r\n\r\n\r\n<p><a title=\"\u201cEntendendo, Aplicando e Conhecendo:\u201d a educa\u00e7\u00e3o no Museu Municipal Parque da Baronesa, Pelotas\/RS, 2005-2009\" href=\"https:\/\/wp.ufpel.edu.br\/museologia\/files\/2017\/08\/nathalia-santos-da-costa_tcc.pdf\">\u201cEntendendo, Aplicando e Conhecendo:\u201d a educa\u00e7\u00e3o no Museu Municipal Parque da Baronesa, Pelotas\/RS, 2005-2009<\/a><\/p>\r\n\r\n\r\n\r\n<p><a title=\"Tr\u00eas D\u00e9cadas de Hist\u00f3ria: as mudan\u00e7as nas pr\u00e1ticas de conserva\u00e7\u00e3o preventiva no Museu Municipal Parque da Baronesa, Pelotas-RS (1982-2010)\" href=\"https:\/\/wp.ufpel.edu.br\/museologia\/files\/2017\/08\/rafael-macedo-zitzke_tcc.pdf\">Tr\u00eas D\u00e9cadas de Hist\u00f3ria: as mudan\u00e7as nas pr\u00e1ticas de conserva\u00e7\u00e3o preventiva no Museu Municipal Parque da Baronesa, Pelotas-RS (1982-2010)<\/a><\/p>\r\n\r\n\r\n\r\n<p><a title=\"Um Dilema Conceitual: a (im)precis\u00e3o das defini\u00e7\u00f5es de &quot;ecomuseu&quot;\" href=\"https:\/\/wp.ufpel.edu.br\/museologia\/files\/2017\/08\/sandra-halfen-silveira_tcc.pdf\">Um Dilema Conceitual: a (im)precis\u00e3o das defini\u00e7\u00f5es de &#8220;ecomuseu&#8221;<\/a><\/p>\r\n\r\n\r\n\r\n<p><a title=\"Cole\u00e7\u00f5es, Mem\u00f3ria e Poder: an\u00e1lise de dois Museus pelotenses (Museu Municipal Parque da Baronesa e Museu Farmac\u00eautico Moura)\" href=\"https:\/\/wp.ufpel.edu.br\/museologia\/files\/2017\/08\/taciana-casanova_tcc.pdf\">Cole\u00e7\u00f5es, Mem\u00f3ria e Poder: an\u00e1lise de dois Museus pelotenses (Museu Municipal Parque da Baronesa e Museu Farmac\u00eautico Moura)<\/a><\/p>\r\n\r\n\r\n\r\n<p><a title=\"A Lente da Mem\u00f3ria: releitura do acervo fotogr\u00e1fico da Fototeca Municipal Ricardo Giovannini nas d\u00e9cadas de 1930 at\u00e9 1950\" href=\"https:\/\/wp.ufpel.edu.br\/museologia\/files\/2017\/08\/vanessa-barrozo-teixeira_tcc.pdf\">A Lente da Mem\u00f3ria: releitura do acervo fotogr\u00e1fico da Fototeca Municipal Ricardo Giovannini nas d\u00e9cadas de 1930 at\u00e9 1950<\/a><\/p>\r\n\r\n\r\n\r\n<h1 class=\"wp-block-heading\"><strong>2011<\/strong><\/h1>\r\n\r\n\r\n\r\n<p><a title=\"A\u00e7\u00e3o Educativa: uma an\u00e1lise das pr\u00e1ticas do Museu Oceanogr\u00e1fico Professor Eli\u00e9zer de Carvalho Rios e Centros Associados, Rio Grande-RS\" href=\"https:\/\/wp.ufpel.edu.br\/museologia\/files\/2017\/07\/aline-tavares-da-silva_tcc.pdf\">A\u00e7\u00e3o Educativa: uma an\u00e1lise das pr\u00e1ticas do Museu Oceanogr\u00e1fico Professor Eli\u00e9zer de Carvalho Rios e Centros Associados, Rio Grande-RS<\/a><\/p>\r\n\r\n\r\n\r\n<p><a title=\"Musealiza\u00e7\u00e3o da Arqueologia: Documenta\u00e7\u00e3o e Gerenciamento no Museu de Arqueologia e Etnologia da Universidade Federal do Paran\u00e1 Ana\" href=\"https:\/\/wp.ufpel.edu.br\/museologia\/files\/2017\/08\/ana-paula-leal_tcc.pdf\">Musealiza\u00e7\u00e3o da Arqueologia: Documenta\u00e7\u00e3o e Gerenciamento no Museu de Arqueologia e Etnologia da Universidade Federal do Paran\u00e1<\/a><\/p>\r\n\r\n\r\n\r\n<p><a title=\"A Mem\u00f3ria Visual no Meio Digital: an\u00e1lise da aplicabilidade dos bancos de dados de fotografias na Fototeca Sioma Breitman e no Arquivo Fotogr\u00e1fico Mem\u00f3ria da Universidade Federal de Pelotas\" href=\"https:\/\/wp.ufpel.edu.br\/museologia\/files\/2017\/08\/daniela-schmitt_tcc.pdf\">A Mem\u00f3ria Visual no Meio Digital: an\u00e1lise da aplicabilidade dos bancos de dados de fotografias na Fototeca Sioma Breitman e no Arquivo Fotogr\u00e1fico Mem\u00f3ria da Universidade Federal de Pelotas<\/a><\/p>\r\n\r\n\r\n\r\n<p><a title=\"Gest\u00e3o de Acervos e Pol\u00edticas Institucionais no Museu Municipal Parque da Baronesa\" href=\"https:\/\/wp.ufpel.edu.br\/museologia\/files\/2017\/08\/helen-kaufmann-lambrecht_tcc.pdf\">Gest\u00e3o de Acervos e Pol\u00edticas Institucionais no Museu Municipal Parque da Baronesa<\/a><\/p>\r\n\r\n\r\n\r\n<p><a title=\"O Culto da Saudade no Sul do Brasil: a influ\u00eancia do pensamento de  Gustavo Barroso nos Museus Hist\u00f3rico Farroupilha e da Biblioteca P\u00fablica Pelotense\" href=\"https:\/\/wp.ufpel.edu.br\/museologia\/files\/2017\/08\/joana-soster-lizott_tcc.pdf\">O Culto da Saudade no Sul do Brasil: a influ\u00eancia do pensamento de Gustavo Barroso nos Museus Hist\u00f3rico Farroupilha e da Biblioteca P\u00fablica Pelotense<\/a><\/p>\r\n\r\n\r\n\r\n<p><a title=\"\u201cPor que eles n\u00e3o entram?\u201d: estudo de p\u00fablico no Parque do Museu Municipal da Baronesa\" href=\"https:\/\/wp.ufpel.edu.br\/museologia\/files\/2017\/08\/larissa-lysakowski-venzke_tcc.pdf\">\u201cPor que eles n\u00e3o entram?\u201d: estudo de p\u00fablico no Parque do Museu Municipal da Baronesa<\/a><\/p>\r\n\r\n\r\n\r\n<p><a title=\"Al\u00e9m das Colunas do Templo: um estudo do Museu Ma\u00e7\u00f4nico Rocco Felippe\" href=\"https:\/\/wp.ufpel.edu.br\/museologia\/files\/2017\/08\/mc3a1rcio-dillmann-de-carvalho_tcc.pdf\">Al\u00e9m das Colunas do Templo: um estudo do Museu Ma\u00e7\u00f4nico Rocco Felippe<\/a><\/p>\r\n\r\n\r\n\r\n<p><a title=\"Interatividade como facilitadora da educa\u00e7\u00e3o informal:  um caminho para Museus de Ci\u00eancias?\" href=\"https:\/\/wp.ufpel.edu.br\/museologia\/files\/2017\/08\/marina-duarte-gutierre_tcc.pdf\">Interatividade como facilitadora da educa\u00e7\u00e3o informal: um caminho para Museus de Ci\u00eancias?<\/a><\/p>\r\n\r\n\r\n\r\n<p><a title=\"A Documenta\u00e7\u00e3o Museol\u00f3gica no Museu Municipal de Cachoeira do Sul: da empiria ao m\u00e9todo museol\u00f3gico (1978-2011)\" href=\"https:\/\/wp.ufpel.edu.br\/museologia\/files\/2017\/08\/morgana-da-silva-camargo_tcc.pdf\">A Documenta\u00e7\u00e3o Museol\u00f3gica no Museu Municipal de Cachoeira do Sul: da empiria ao m\u00e9todo museol\u00f3gico (1978-2011)<\/a><\/p>\r\n\r\n\r\n\r\n<p><a title=\"Musealiza\u00e7\u00e3o da Mem\u00f3ria Ind\u00edgena Atrav\u00e9s de Acervos Arqueol\u00f3gicos: an\u00e1lise das a\u00e7\u00f5es realizadas em Pelotas-RS, e apontamentos para novas possibilidades\" href=\"https:\/\/wp.ufpel.edu.br\/museologia\/files\/2017\/08\/paulo-david-porto-fabres-teixeira_tcc.pdf\">Musealiza\u00e7\u00e3o da Mem\u00f3ria Ind\u00edgena Atrav\u00e9s de Acervos Arqueol\u00f3gicos: an\u00e1lise das a\u00e7\u00f5es realizadas em Pelotas-RS, e apontamentos para novas possibilidades<\/a><\/p>\r\n\r\n\r\n\r\n<p><a title=\"Acervo Fotogr\u00e1fico em Arquivo e Museu:  um estudo de caso no Arquivo Fotogr\u00e1fico da C\u00e2mara Municipal de \u00c9vora e no Arquivo Fotogr\u00e1fico Mem\u00f3ria da Universidade Federal de Pelotas\" href=\"https:\/\/wp.ufpel.edu.br\/museologia\/files\/2017\/08\/renata-cardozo-padilha_tcc.pdf\">Acervo Fotogr\u00e1fico em Arquivo e Museu: um estudo de caso no Arquivo Fotogr\u00e1fico da C\u00e2mara Municipal de \u00c9vora e no Arquivo Fotogr\u00e1fico Mem\u00f3ria da Universidade Federal de Pelotas<\/a><\/p>\r\n\r\n\r\n\r\n<p><a title=\"O Transformar de um Acervo:  dilemas e percal\u00e7os na constitui\u00e7\u00e3o de um Museu  sobre o \u201cEsporte Clube Pelotas\u201d\" href=\"https:\/\/wp.ufpel.edu.br\/museologia\/files\/2017\/08\/tiago-graule-machado_tcc.pdf\">O Transformar de um Acervo: dilemas e percal\u00e7os na constitui\u00e7\u00e3o de um Museu sobre o \u201cEsporte Clube Pelotas\u201d<\/a><\/p>\r\n\r\n\r\n\r\n<h1 class=\"wp-block-heading\"><strong>2012<\/strong><\/h1>\r\n\r\n\r\n\r\n<p><a title=\"Desafios da Gest\u00e3o dos Museus n\u00e3o Institucionalizados:  o caso do Museu Gruppelli\" href=\"https:\/\/wp.ufpel.edu.br\/museologia\/files\/2017\/08\/adriana-silveira-cardoso_tcc.pdf\">Desafios da Gest\u00e3o dos Museus n\u00e3o Institucionalizados: o caso do Museu Gruppelli<\/a><\/p>\r\n\r\n\r\n\r\n<p><a title=\"Pesquisa e Documenta\u00e7\u00e3o s\u00e3o o Caminho:  o dilema das armas de Chico Diabo\" href=\"https:\/\/wp.ufpel.edu.br\/museologia\/files\/2017\/08\/gustavo-steiernagel_tcc.pdf\">Pesquisa e Documenta\u00e7\u00e3o s\u00e3o o Caminho: o dilema das armas de Chico Diabo<\/a><\/p>\r\n\r\n\r\n\r\n<p><a title=\"Acessibilidade em Museus no Rio Grande do Sul: an\u00e1lise do caso do Museu de Porto Alegre Joaquim Jos\u00e9 Felizardo\" href=\"https:\/\/wp.ufpel.edu.br\/museologia\/files\/2017\/08\/taimara-scheer-knuth_tcc.pdf\">Acessibilidade em Museus no Rio Grande do Sul: an\u00e1lise do caso do Museu de Porto Alegre Joaquim Jos\u00e9 Felizardo<\/a><\/p>\r\n\r\n\r\n\r\n<h1 class=\"wp-block-heading\"><strong>2013<\/strong><\/h1>\r\n\r\n\r\n\r\n<p><a title=\"An\u00e1lise Museol\u00f3gica Referente \u00e0 Lou\u00e7a Fina do Museu Municipal Parque da Baronesa\" href=\"https:\/\/wp.ufpel.edu.br\/museologia\/files\/2017\/08\/angc3a9lica-soares-bosenbecker_tcc.pdf\">An\u00e1lise Museol\u00f3gica Referente \u00e0 Lou\u00e7a Fina do Museu Municipal Parque da Baronesa<\/a><\/p>\r\n\r\n\r\n\r\n<p><a title=\"Interpreta\u00e7\u00e3o Iconol\u00f3gica do Retrato Equestre de Bento Gon\u00e7alves e sua An\u00e1lise como Fato Museal\" href=\"https:\/\/wp.ufpel.edu.br\/museologia\/files\/2017\/08\/aparecida-rostand-dutra_tcc.pdf\">Interpreta\u00e7\u00e3o Iconol\u00f3gica do Retrato Equestre de Bento Gon\u00e7alves e sua An\u00e1lise como Fato Museal<\/a><\/p>\r\n\r\n\r\n\r\n<p><a title=\"Para uma Musealiza\u00e7\u00e3o da Arqueologia da Escravid\u00e3o: apontamentos acerca da prepara\u00e7\u00e3o do S\u00edtio Hist\u00f3rico Charqueada Santa B\u00e1rbara (Pelotas, RS) para visita\u00e7\u00e3o e estrat\u00e9gias de preserva\u00e7\u00e3o patrimonial\" href=\"https:\/\/wp.ufpel.edu.br\/museologia\/files\/2017\/08\/francielen-barbosa-soares-gonc3a7alves_tcc.pdf\">Para uma Musealiza\u00e7\u00e3o da Arqueologia da Escravid\u00e3o: apontamentos acerca da prepara\u00e7\u00e3o do S\u00edtio Hist\u00f3rico Charqueada Santa B\u00e1rbara (Pelotas, RS) para visita\u00e7\u00e3o e estrat\u00e9gias de preserva\u00e7\u00e3o patrimonial<\/a><\/p>\r\n\r\n\r\n\r\n<p><a title=\"Diagn\u00f3stico Museol\u00f3gico: um olhar sobre a documenta\u00e7\u00e3o do Museu de Arte Leopoldo Gotuzzo\" href=\"https:\/\/wp.ufpel.edu.br\/museologia\/files\/2017\/08\/gilmar-guterres-ortiz_tcc.pdf\">Diagn\u00f3stico Museol\u00f3gico: um olhar sobre a documenta\u00e7\u00e3o do Museu de Arte Leopoldo Gotuzzo<\/a><\/p>\r\n\r\n\r\n\r\n<p><a title=\"Rela\u00e7\u00f5es entre os Objetos Indicadores de Mem\u00f3ria e a Comunidade das Minas do Camaqu\u00e3: um ensaio sobre a Museologia como fen\u00f4meno\" href=\"https:\/\/wp.ufpel.edu.br\/museologia\/files\/2017\/08\/stefanie-kohn-winter-mendes_tcc.pdf\">Rela\u00e7\u00f5es entre os Objetos Indicadores de Mem\u00f3ria e a Comunidade das Minas do Camaqu\u00e3: um ensaio sobre a Museologia como fen\u00f4meno<\/a><\/p>\r\n\r\n\r\n\r\n<p><a title=\"Estudo de P\u00fablico do Museu da Col\u00f4nia Francesa: os que visitam e os que n\u00e3o visitam e suas raz\u00f5es\" href=\"https:\/\/wp.ufpel.edu.br\/museologia\/files\/2017\/08\/tatiana-caetano-rocha_tcc.pdf\">Estudo de P\u00fablico do Museu da Col\u00f4nia Francesa: os que visitam e os que n\u00e3o visitam e suas raz\u00f5es<\/a><\/p>\r\n\r\n\r\n\r\n<p><a title=\"As A\u00e7\u00f5es Educativas Desenvolvidas no Museu Municipal Parque da Baronesa, entre os anos de 2001 a 2009: um invent\u00e1rio de descontinuidades\" href=\"https:\/\/wp.ufpel.edu.br\/museologia\/files\/2017\/08\/verlaine-fc3a1tima-wazenkeski_tcc.pdf\">As A\u00e7\u00f5es Educativas Desenvolvidas no Museu Municipal Parque da Baronesa, entre os anos de 2001 a 2009: um invent\u00e1rio de descontinuidades<\/a><\/p>\r\n\r\n\r\n\r\n<h1 class=\"wp-block-heading\"><strong>2014<\/strong><\/h1>\r\n\r\n\r\n\r\n<p><a title=\"Quais Objetos Podem ser Musealizados em um Herb\u00e1rio - Estudo de Caso do Herb\u00e1rio  Pel\" href=\"https:\/\/wp.ufpel.edu.br\/museologia\/files\/2017\/08\/gabriel-acosta-insaurriaga_tcc.pdf\">Quais Objetos Podem ser Musealizados em um Herb\u00e1rio &#8211; Estudo de Caso do Herb\u00e1rio Pel<\/a><\/p>\r\n\r\n\r\n\r\n<p><a title=\"Os Objetos dos Museus da Universidade Federal de Pelotas: diagn\u00f3stico de uma matriz conceitual para uma pol\u00edtica de acervo\" href=\"https:\/\/wp.ufpel.edu.br\/museologia\/files\/2017\/08\/isabela-da-silva-mazzini_tcc.pdf\">Os Objetos dos Museus da Universidade Federal de Pelotas: diagn\u00f3stico de uma matriz conceitual para uma pol\u00edtica de acervo<\/a><\/p>\r\n\r\n\r\n\r\n<p><a title=\"Comunica\u00e7\u00e3o em Museus:  pesquisa de p\u00fablico do Museu de Ci\u00eancias Naturais Carlos Ritter, Pelotas\/RS\" href=\"https:\/\/wp.ufpel.edu.br\/museologia\/files\/2017\/08\/josc3a9-paulo-siefert-brahm-_tcc.pdf\">Comunica\u00e7\u00e3o em Museus: pesquisa de p\u00fablico do Museu de Ci\u00eancias Naturais Carlos Ritter, Pelotas\/RS<\/a><\/p>\r\n\r\n\r\n\r\n<h1 class=\"wp-block-heading\"><strong>2015<\/strong><\/h1>\r\n\r\n\r\n\r\n<p><a title=\"\u201cPra n\u00e3o dizer que n\u00e3o falei sobre a dor\u201d: uma abordagem sobre as mem\u00f3rias traum\u00e1ticas da ditadura civil-militar brasileira em museus\" href=\"https:\/\/wp.ufpel.edu.br\/museologia\/files\/2017\/08\/bettina-afonso-garcia-_tcc.pdf\">\u201cPra n\u00e3o dizer que n\u00e3o falei sobre a dor\u201d: uma abordagem sobre as mem\u00f3rias traum\u00e1ticas da ditadura civil-militar brasileira em museus<\/a><\/p>\r\n\r\n\r\n\r\n<p><a title=\"Esta\u00e7\u00e3o F\u00e9rrea de Pelotas\/RS:  trajet\u00f3ria de constitui\u00e7\u00e3o do Memorial\" href=\"https:\/\/wp.ufpel.edu.br\/museologia\/files\/2017\/08\/daiane-insaurriaga-botelho-de-souza_tcc.pdf\">Esta\u00e7\u00e3o F\u00e9rrea de Pelotas\/RS: trajet\u00f3ria de constitui\u00e7\u00e3o do Memorial<\/a><\/p>\r\n\r\n\r\n\r\n<p><a title=\"Inclus\u00e3o e Exclus\u00e3o Comunit\u00e1ria no Museu da Col\u00f4nia Francesa: um estudo de caso\" href=\"https:\/\/wp.ufpel.edu.br\/museologia\/files\/2017\/08\/eliana-menezes-de-souza_tcc.pdf\">Inclus\u00e3o e Exclus\u00e3o Comunit\u00e1ria no Museu da Col\u00f4nia Francesa: um estudo de caso<\/a><\/p>\r\n\r\n\r\n\r\n<p><a title=\"O Olhar de Tr\u00eas Pesquisadores sobre a Musealiza\u00e7\u00e3o da Arqueologia em Dois Museus Brasileiros: O Museu Nacional do Rio de Janeiro e o Museu Arqueol\u00f3gico de Sambaqui de Joinville\" href=\"https:\/\/wp.ufpel.edu.br\/museologia\/files\/2017\/08\/juliana-sabrine-braga-ulguim_tcc.pdf\">O Olhar de Tr\u00eas Pesquisadores Sobre a Musealiza\u00e7\u00e3o da Arqueologia em Dois Museus Brasileiros: o Museu Nacional do Rio de Janeiro e o Museu Arqueol\u00f3gico de Sambaqui de Joinville<\/a><\/p>\r\n\r\n\r\n\r\n<p><a title=\"A Rela\u00e7\u00e3o Simb\u00f3lica do Homem com o Objeto: a imagina\u00e7\u00e3o museal no Museu Gruppelli\" href=\"https:\/\/wp.ufpel.edu.br\/museologia\/files\/2017\/08\/letc3adcia-couto-casanova_tcc.pdf\">A Rela\u00e7\u00e3o Simb\u00f3lica do Homem com o Objeto: a imagina\u00e7\u00e3o museal no Museu Gruppelli<\/a><\/p>\r\n\r\n\r\n\r\n<p><a title=\"Pol\u00edticas P\u00fablicas de Incentivo \u00e0 Cultura e os Museus Comunit\u00e1rios: o caso do Programa Pontos de Mem\u00f3ria\" href=\"https:\/\/wp.ufpel.edu.br\/museologia\/files\/2017\/08\/mariana-boujadi-mariano-da-silva_tcc.pdf\">Pol\u00edticas P\u00fablicas de Incentivo \u00e0 Cultura e os Museus Comunit\u00e1rios: o caso do Programa Pontos de Mem\u00f3ria<\/a><\/p>\r\n\r\n\r\n\r\n<p><a title=\"Patrim\u00f4nio, Gastronomia e Sociedade:  uma reflex\u00e3o a partir do Bolinho Caipira de Jacare\u00ed\/SP\" href=\"https:\/\/wp.ufpel.edu.br\/museologia\/files\/2017\/08\/patrc3adcia-cristina-da-cruz_tcc.pdf\">Patrim\u00f4nio, Gastronomia e Sociedade: uma reflex\u00e3o a partir do Bolinho Caipira de Jacare\u00ed\/SP<\/a><\/p>\r\n\r\n\r\n\r\n<p><a title=\"A Representa\u00e7\u00e3o do Negro nos Museus de Pelotas (RS):   entre os integrantes do Clube Cultural Fica Ah\u00ed Pra Ir Dizendo\" href=\"https:\/\/wp.ufpel.edu.br\/museologia\/files\/2017\/08\/patrc3adcia-fernandes-mathias-morales_tcc.pdf\">A Representa\u00e7\u00e3o do Negro nos Museus de Pelotas (RS): entre os integrantes do Clube Cultural Fica Ah\u00ed Pra Ir Dizendo<\/a><\/p>\r\n\r\n\r\n\r\n<h1 class=\"wp-block-heading\"><strong>2016<\/strong><\/h1>\r\n\r\n\r\n\r\n<p><a title=\"Pesquisa de P\u00fablico do Museu de Arte Leopoldo Gotuzzo, Pelotas\/RS\" href=\"https:\/\/wp.ufpel.edu.br\/museologia\/files\/2017\/08\/mc3a1rcia-cristiane-rodrigues_tcc.pdf\">Pesquisa de P\u00fablico do Museu de Arte Leopoldo Gotuzzo, Pelotas\/RS<\/a><\/p>\r\n\r\n\r\n\r\n<h1 class=\"wp-block-heading\"><strong>2017<\/strong><\/h1>\r\n\r\n\r\n\r\n<p><a title=\"A Mem\u00f3ria Social do Campo de Futebol de V\u00e1rzea do Bairro da Vila Progresso:  estudo de caso do Clube Sete de Setembro\" href=\"https:\/\/wp.ufpel.edu.br\/museologia\/files\/2017\/08\/joc3a3o-pedro-rodrigues-da-conceic3a7c3a3o_tcc.pdf\">A Mem\u00f3ria Social do Campo de Futebol de V\u00e1rzea do Bairro da Vila Progresso: estudo de caso do Clube Sete de Setembro<\/a><\/p>\r\n\r\n\r\n\r\n<p><a title=\"Caminhos para uma Acessibilidade Sens\u00edvel: um relato sobre o Parque Hist\u00f3rico General Bento Gon\u00e7alves\" href=\"https:\/\/wp.ufpel.edu.br\/museologia\/files\/2017\/08\/samira-sousa-lopes_tcc.pdf\">Caminhos para uma Acessibilidade Sens\u00edvel: um relato sobre o Parque Hist\u00f3rico General Bento Gon\u00e7alves<\/a><\/p>\r\n<p><a href=\"https:\/\/wp.ufpel.edu.br\/museologia\/files\/2021\/09\/TCCRAFAELCHAVES-versaofinal.pdf\">Virtualidade no Campo Museol\u00f3gico: Instagram como ferramenta de Comunica\u00e7\u00e3o Museol\u00f3gica<\/a><\/p>\r\n<p><a href=\"https:\/\/wp.ufpel.edu.br\/museologia\/files\/2021\/09\/VERSAO-FINAL-TCC-Carolina-da-Motta-Tavares-16-de-Agosto-de-2017.pdf\">Audiodescri\u00e7\u00e3o da Cole\u00e7\u00e3o Coordena\u00e7\u00e3o de Comunica\u00e7\u00e3o Social \u2013 CCS, acervo da Fototeca Mem\u00f3ria da Universidade Federal de Pelotas-UFPel<\/a><\/p>\r\n<h1>2018<\/h1>\r\n<p><a href=\"https:\/\/wp.ufpel.edu.br\/museologia\/files\/2023\/03\/TCC-2018-Andrea-Cunha-Messias-Um-museu-efemero-1.pdf\">Mem\u00f3rias Potencializando Di\u00e1logos Entre o Ef\u00eamero e o Hist\u00f3rico: o caso do \u201cCaf\u00e9 Com Mem\u00f3rias&#8221; no Museu Hist\u00f3rico de Morro Redondo<\/a><\/p>\r\n<h1><strong>2019<\/strong><\/h1>\r\n<p><a href=\"https:\/\/wp.ufpel.edu.br\/museologia\/files\/2021\/09\/Trabalho_de_Conclusao_do_Curso___Adrieli.pdf\">A (In)visibilidade da Popula\u00e7\u00e3o Negra nos Museus da Cidade de Pelotas: uma an\u00e1lise do passado e presente, para projetar o futuro<\/a><\/p>\r\n<p><a href=\"https:\/\/wp.ufpel.edu.br\/museologia\/files\/2021\/09\/Trabalho_de_Conclusao_do_Curso__Cristina_Medeiros_Schmalfuss.pdf\">A Representa\u00e7\u00e3o Feminina nos Museus Brasileiros: a Museologia sob o crivo feminista<\/a><\/p>\r\n<p><a href=\"https:\/\/wp.ufpel.edu.br\/museologia\/files\/2022\/05\/A-Patrimonializacao-da-Tragedia-de-Santa-Maria:-analise-da-imprensa-local-Santa-Maria-\u2013RS.pdf\">A Patrimonializa\u00e7\u00e3o da Trag\u00e9dia de Santa Maria_ an\u00e1lise da imprensa local (Santa Maria \u2013RS)<\/a><\/p>\r\n<p><a href=\"https:\/\/wp.ufpel.edu.br\/museologia\/files\/2021\/09\/Trabalho_de_Conclusao_do_Curso_CAROLINA.pdf\">Museus de Mem\u00f3ria e Turismo: um estudo de caso sobre o Memorial da Resist\u00eancia de S\u00e3o Paulo<\/a><\/p>\r\n<p><a href=\"https:\/\/wp.ufpel.edu.br\/museologia\/files\/2021\/09\/Trabalho_de_Conclusao_do_Curso_MARLENE_DOS_SANTOS_DE_OLIVEIRA.pdf\">Invent\u00e1rio de Acervos Universit\u00e1rios da Rede de Museus: o caso da FAEM<\/a><\/p>\r\n<p><a href=\"https:\/\/wp.ufpel.edu.br\/museologia\/files\/2021\/09\/Trabalho_de_Conclusao_do_Curso_Susan_Garcia.pdf\">Rede de Museus da UFPel e os Museus do Centro Hist\u00f3rico da cidade de Pelotas: Museu do Doce, Museu de Arte Leopoldo Gotuzzo (MALG) e o Museu de Ci\u00eancias Naturais Carlos Ritter (MCNCR)<\/a><\/p>\r\n<h1><strong>2020<\/strong><\/h1>\r\n<p><a href=\"https:\/\/wp.ufpel.edu.br\/museologia\/files\/2021\/09\/Aline__com_ficha_catalografica_.pdf\">A Rela\u00e7\u00e3o Entre Museus e Turismo a Partir do Olhar de Gestores e Muse\u00f3logos dos Museus Pelotenses (Pelotas-RS)<\/a><\/p>\r\n<p><a href=\"https:\/\/wp.ufpel.edu.br\/museologia\/files\/2021\/09\/Camila__com_ficha_catalografica_.pdf\">A Resist\u00eancia Imposta \u00e0s Mulheres na Ci\u00eancia e sua Representa\u00e7\u00e3o nas Institui\u00e7\u00f5es Museol\u00f3gicas<\/a><\/p>\r\n<p><a href=\"https:\/\/wp.ufpel.edu.br\/museologia\/files\/2021\/09\/Ellen__com_ficha_catalografica_.pdf\">O Recurso da Audiodescri\u00e7\u00e3o Usado Durante o Passeio do CityTour Acess\u00edvel no Museu Municipal Parque da Baronesa, Pelotas\/RS<\/a><\/p>\r\n<p><a href=\"https:\/\/wp.ufpel.edu.br\/museologia\/files\/2021\/09\/Lisiane__com_ficha_catalografica_.pdf\">A Atua\u00e7\u00e3o em Rede para a Gest\u00e3o do Patrim\u00f4nio Universit\u00e1rio: um estudo sobre a Rede de Museus da Universidade Federal de Pelotas<\/a><\/p>\r\n<p><a href=\"https:\/\/wp.ufpel.edu.br\/museologia\/files\/2021\/09\/Mariana__com_ficha_catalografica_.pdf\">Repatria\u00e7\u00e3o de Acervos Etnogr\u00e1ficos: apontamentos sobre a prote\u00e7\u00e3o dos bens culturais das popula\u00e7\u00f5es ind\u00edgenas do Brasil<\/a><\/p>\r\n<p><a href=\"https:\/\/wp.ufpel.edu.br\/museologia\/files\/2021\/09\/Mauricio__com_ficha_catalografica_.pdf\">Patrim\u00f4nio Rural: um estudo de caso no Museu Gruppelli, Pelotas\/RS<\/a><\/p>\r\n<p><a href=\"https:\/\/wp.ufpel.edu.br\/museologia\/files\/2021\/09\/Waleska__com_ficha_catalografica_.pdf\">Pol\u00edtica, Mem\u00f3ria e Representa\u00e7\u00e3o LGBT em Espa\u00e7os Expositivos: estudo da exposi\u00e7\u00e3o 50 Anos de A\u00e7\u00e3o &#8211; de Stonewall ao Nuances &amp; Tamb\u00e9m <\/a><\/p>\r\n<p>&nbsp;<\/p>\r\n<p>&nbsp;<\/p>\r\n","protected":false},"excerpt":{"rendered":"<p>2010 G\u00eanero no Espa\u00e7o do Museu: uma leitura social da exposi\u00e7\u00e3o &#8220;Entre rendas, chap\u00e9us e boas maneiras&#8221;, Museu Municipal Parque da Baronesa, Pelotas\/RS, 2009 Museu Hist\u00f3rico Farroupilha: revendo as pr\u00e1ticas da revitaliza\u00e7\u00e3o de 2002 e seus resultados at\u00e9 2008 Tilintar de Metais: Museu da Irmandade da Santa Casa de Miseric\u00f3rdia de Pelotas\/RS Par\u00e2metros Cient\u00edficos de [&hellip;]<\/p>\n","protected":false},"author":1056,"featured_media":0,"parent":0,"menu_order":3,"comment_status":"closed","ping_status":"closed","template":"","meta":{"footnotes":""},"class_list":["post-987","page","type-page","status-publish","hentry"],"_links":{"self":[{"href":"https:\/\/wp.ufpel.edu.br\/museologia\/wp-json\/wp\/v2\/pages\/987","targetHints":{"allow":["GET"]}}],"collection":[{"href":"https:\/\/wp.ufpel.edu.br\/museologia\/wp-json\/wp\/v2\/pages"}],"about":[{"href":"https:\/\/wp.ufpel.edu.br\/museologia\/wp-json\/wp\/v2\/types\/page"}],"author":[{"embeddable":true,"href":"https:\/\/wp.ufpel.edu.br\/museologia\/wp-json\/wp\/v2\/users\/1056"}],"replies":[{"embeddable":true,"href":"https:\/\/wp.ufpel.edu.br\/museologia\/wp-json\/wp\/v2\/comments?post=987"}],"version-history":[{"count":27,"href":"https:\/\/wp.ufpel.edu.br\/museologia\/wp-json\/wp\/v2\/pages\/987\/revisions"}],"predecessor-version":[{"id":2030,"href":"https:\/\/wp.ufpel.edu.br\/museologia\/wp-json\/wp\/v2\/pages\/987\/revisions\/2030"}],"wp:attachment":[{"href":"https:\/\/wp.ufpel.edu.br\/museologia\/wp-json\/wp\/v2\/media?parent=987"}],"curies":[{"name":"wp","href":"https:\/\/api.w.org\/{rel}","templated":true}]}}