{"id":114,"date":"2025-03-12T15:15:42","date_gmt":"2025-03-12T18:15:42","guid":{"rendered":"https:\/\/wp.ufpel.edu.br\/mostrappgc\/?page_id=114"},"modified":"2025-05-27T19:41:51","modified_gmt":"2025-05-27T22:41:51","slug":"poster","status":"publish","type":"page","link":"https:\/\/wp.ufpel.edu.br\/mostrappgc\/poster\/","title":{"rendered":"P\u00f4ster"},"content":{"rendered":"<div id=\"pl-114\"  class=\"panel-layout\" ><div id=\"pg-114-0\"  class=\"panel-grid panel-no-style\" ><div id=\"pgc-114-0-0\"  class=\"panel-grid-cell\" ><div id=\"panel-114-0-0-0\" class=\"so-panel widget widget_sow-editor panel-first-child panel-last-child\" data-index=\"0\" ><div\n\t\t\t\n\t\t\tclass=\"so-widget-sow-editor so-widget-sow-editor-base\"\n\t\t\t\n\t\t>\n<div class=\"siteorigin-widget-tinymce textwidget\">\n\t<div><\/div>\n<h2 style=\"text-align: left;\"><span style=\"font-family: 'andale mono', monospace; color: #000000; font-size: 24pt;\"><strong>Exibi\u00e7\u00e3o de P\u00f4steres dos acad\u00eamicos do PPGC<\/strong><\/span><\/h2>\n<p style=\"text-align: justify;\"><img loading=\"lazy\" decoding=\"async\" class=\"wp-image-318 size-full alignnone\" src=\"https:\/\/wp.ufpel.edu.br\/mostrappgc\/files\/2025\/04\/PAg-04-Posteres.png\" alt=\"\" width=\"780\" height=\"370\" srcset=\"https:\/\/wp.ufpel.edu.br\/mostrappgc\/files\/2025\/04\/PAg-04-Posteres.png 780w, https:\/\/wp.ufpel.edu.br\/mostrappgc\/files\/2025\/04\/PAg-04-Posteres-400x190.png 400w, https:\/\/wp.ufpel.edu.br\/mostrappgc\/files\/2025\/04\/PAg-04-Posteres-768x364.png 768w\" sizes=\"auto, (max-width: 780px) 100vw, 780px\" \/><\/p>\n<p style=\"text-align: left;\"><span style=\"font-family: 'andale mono', monospace; color: #000000; font-size: 14pt;\"><strong>Data:<\/strong> Exibi\u00e7\u00e3o: 12\/05 \u00e0 16\/05 | Apresenta\u00e7\u00e3o: 14\/05 -&gt; 15:00 - 15h:30<\/span><\/p>\n<p style=\"text-align: left;\"><span style=\"font-family: 'andale mono', monospace; color: #000000; font-size: 14pt;\"><strong>Sobre:<\/strong> \u00c9 uma atividade que tem o objetivo apresentar as pesquisas desenvolvidas pelos mestrandos e doutorandos do Programa de P\u00f3s-Gradua\u00e7\u00e3o em Computa\u00e7\u00e3o. Durante a exibi\u00e7\u00e3o, os visitantes podem circular pelos p\u00f4steres, entender mais sobre os trabalhos e trocar ideias diretamente com os pesquisadores. \u00c9 uma oportunidade para se atualizar sobre as inova\u00e7\u00f5es e desafios que est\u00e3o sendo investigados, al\u00e9m de promover um ambiente de aprendizado e colabora\u00e7\u00e3o entre os membros da comunidade acad\u00eamica.<\/span><\/p>\n<p data-start=\"715\" data-end=\"811\"><span style=\"font-family: 'andale mono', monospace;\">\u00a0<\/span><\/p>\n<p style=\"text-align: left;\"><span style=\"color: #c53dd1; font-size: 14pt;\"><strong><span style=\"font-family: 'andale mono', monospace;\">P\u00d4STERES CONFIRMADOS NO EVENTO:<br \/>\n<\/span><\/strong><\/span><\/p>\n<h3 class=\"\" data-start=\"135\" data-end=\"151\"><span style=\"font-family: 'andale mono', monospace; color: #000000;\"><strong data-start=\"139\" data-end=\"149\">ALFABA<\/strong><\/span><\/h3>\n<p class=\"\" data-start=\"152\" data-end=\"190\"><span style=\"font-family: 'andale mono', monospace; color: #000000;\"><strong data-start=\"152\" data-end=\"164\">Autores:<\/strong> Laura Jurgina, Lui Aquini<\/span><\/p>\n<hr class=\"\" data-start=\"192\" data-end=\"195\" \/>\n<h3 class=\"\" data-start=\"135\" data-end=\"151\"><strong><span style=\"font-family: 'andale mono', monospace; color: #000000;\">Approximate Storage Evaluation at Intra-Frame Prediction in VVC Encoders<\/span><\/strong><\/h3>\n<p class=\"\" data-start=\"152\" data-end=\"190\"><span style=\"font-family: 'andale mono', monospace; color: #000000;\"><strong data-start=\"152\" data-end=\"164\">Autores:<\/strong> Yasmin Souza Camargo, Matheus Isquierdo, Renira Soares, Daniel Palomino, Bruno Zatt, Felipe Sampaio<\/span><\/p>\n<hr class=\"\" data-start=\"192\" data-end=\"195\" \/>\n<h3 class=\"\" data-start=\"135\" data-end=\"151\"><strong><span style=\"font-family: 'andale mono', monospace; color: #000000;\">Avalia\u00e7\u00e3o de Ferramentas do Codificador AV1 para Interpola\u00e7\u00e3o de Pixel na Predi\u00e7\u00e3o Inter-Quadros Fracion\u00e1ria<\/span><\/strong><\/h3>\n<p class=\"\" data-start=\"152\" data-end=\"190\"><span style=\"font-family: 'andale mono', monospace; color: #000000;\"><strong data-start=\"152\" data-end=\"164\">Autores:<\/strong> Patrick Rosa, Daiane Freitas, Leonardo M\u00fcller, Guilherme Corr\u00eaa,\u00a0Daniel\u00a0Palomino<\/span><\/p>\n<hr class=\"\" data-start=\"192\" data-end=\"195\" \/>\n<h3 class=\"\" data-start=\"197\" data-end=\"255\"><span style=\"font-family: 'andale mono', monospace; color: #000000;\"><strong data-start=\"201\" data-end=\"253\">Cross-Platform Neural Video Coding: A Case Study<\/strong><\/span><\/h3>\n<p class=\"\" data-start=\"256\" data-end=\"333\"><span style=\"font-family: 'andale mono', monospace; color: #000000;\"><strong data-start=\"256\" data-end=\"268\">Autores:<\/strong> Ruhan Concei\u00e7\u00e3o, Marcelo Porto, Wen-Hsiao Peng, Luciano Agostini<\/span><\/p>\n<hr class=\"\" data-start=\"335\" data-end=\"338\" \/>\n<h3 class=\"\" data-start=\"197\" data-end=\"255\"><span style=\"color: #000000;\"><strong><span style=\"font-family: 'andale mono', monospace;\">Escolha dos Filtros de Interpola\u00e7\u00e3o da Estima\u00e7\u00e3o de Movimento Fracion\u00e1ria do AV1 Usando Aprendizado de M\u00e1quina<\/span><\/strong><\/span><\/h3>\n<p class=\"\" data-start=\"256\" data-end=\"333\"><span style=\"font-family: 'andale mono', monospace; color: #000000;\"><strong data-start=\"256\" data-end=\"268\">Autores:<\/strong> Leonardo Lu\u00eds M\u00fcller, Daiane Freitas, Patrick Rosa, Guilherme Corr\u00eaa<\/span><\/p>\n<hr class=\"\" data-start=\"335\" data-end=\"338\" \/>\n<h3 class=\"\" data-start=\"340\" data-end=\"447\"><span style=\"font-family: 'andale mono', monospace; color: #000000;\"><strong data-start=\"344\" data-end=\"445\">Hybrid-FLBCC: Virtual Machine Consolidation in Cloud Infrastructures Exploring Flexible Computing<\/strong><\/span><\/h3>\n<p class=\"\" data-start=\"448\" data-end=\"550\"><span style=\"font-family: 'andale mono', monospace; color: #000000;\"><strong data-start=\"448\" data-end=\"460\">Autores:<\/strong> Rafael Bastos, Bruno Moura, Giancarlo Lucca, Helida Santos, Adenauer Yamin, Renata Reiser<\/span><\/p>\n<p><span style=\"color: #c53dd1; font-family: 'andale mono', monospace;\"><a style=\"color: #c53dd1;\" href=\"https:\/\/wp.ufpel.edu.br\/mostrappgc\/files\/2025\/05\/Hybrid-FLBCC-Virtual-Machine-Consolidation-in-Cloud-Infrastructures-Exploring-Flexible-Computing.pdf\" target=\"_blank\" rel=\"noopener\">Acesse o P\u00f4ster<\/a><\/span><\/p>\n<hr class=\"\" data-start=\"552\" data-end=\"555\" \/>\n<h3 class=\"\" data-start=\"557\" data-end=\"608\"><span style=\"font-family: 'andale mono', monospace; color: #000000;\"><strong data-start=\"561\" data-end=\"606\">IA Nery Assistente de Cuidados Informais<\/strong><\/span><\/h3>\n<p class=\"\" data-start=\"609\" data-end=\"708\"><span style=\"font-family: 'andale mono', monospace; color: #000000;\"><strong data-start=\"609\" data-end=\"621\">Autores:<\/strong> Arliene do Socorro Batista dos Santos, Stefanie Griebeler Oliveira, Patr\u00edcia A. Jaques<\/span><\/p>\n<p><span style=\"color: #c53dd1; font-family: 'andale mono', monospace;\"><a style=\"color: #c53dd1;\" href=\"https:\/\/wp.ufpel.edu.br\/mostrappgc\/files\/2025\/05\/IA-Nery-Assistente-de-Cuidados-Informais.pdf\" target=\"_blank\" rel=\"noopener\">Acesse o P\u00f4ster<\/a><\/span><\/p>\n<hr class=\"\" data-start=\"710\" data-end=\"713\" \/>\n<h3 class=\"\" data-start=\"715\" data-end=\"811\"><span style=\"font-family: 'andale mono', monospace; color: #000000;\">Para que serve? E Historietas: Promo\u00e7\u00e3o de educa\u00e7\u00e3o inclusiva por meio de jogos digitais voltados a crian\u00e7as autistas<\/span><\/h3>\n<p class=\"\" data-start=\"812\" data-end=\"853\"><span style=\"font-family: 'andale mono', monospace; color: #000000;\"><strong data-start=\"812\" data-end=\"824\">Autores:<\/strong> Rodrigo Bichet, Bruna Bichet<br \/>\n<\/span><\/p>\n<p data-start=\"812\" data-end=\"853\"><span style=\"color: #c53dd1; font-family: 'andale mono', monospace;\"><a style=\"color: #c53dd1;\" href=\"https:\/\/wp.ufpel.edu.br\/mostrappgc\/files\/2025\/05\/Para-que-serve-e-Historietas-Promocao-de-educacao-inclusiva-por-meio-de-jogos-digitais-voltados-a-criancas-autistas.pdf\" target=\"_blank\" rel=\"noopener\">Acesse o P\u00f4ster<\/a><\/span><\/p>\n<hr class=\"\" data-start=\"855\" data-end=\"858\" \/>\n<h3 class=\"\" data-start=\"860\" data-end=\"948\"><span style=\"font-family: 'andale mono', monospace; color: #000000;\"><strong data-start=\"864\" data-end=\"946\">Teoria dos Aut\u00f4matos na Educa\u00e7\u00e3o B\u00e1sica: Uma Abordagem com Metodologias Ativas<\/strong><\/span><\/h3>\n<p class=\"\" data-start=\"949\" data-end=\"1021\"><span style=\"font-family: 'andale mono', monospace; color: #000000;\"><strong data-start=\"949\" data-end=\"961\">Autores:<\/strong> J\u00falia Veiga, Simone Andr\u00e9 da Costa Cavalheiro, Luciana Foss<\/span><\/p>\n<hr class=\"\" data-start=\"1023\" data-end=\"1026\" \/>\n<h3 class=\"\" data-start=\"1028\" data-end=\"1120\"><span style=\"font-family: 'andale mono', monospace; color: #000000;\"><strong data-start=\"1032\" data-end=\"1118\">Toward a Quantum Fuzzy Approach for Emotion Modeling in Parent-Child Interactivity<\/strong><\/span><\/h3>\n<p class=\"\" data-start=\"1121\" data-end=\"1232\"><span style=\"font-family: 'andale mono', monospace; color: #000000;\"><strong data-start=\"1121\" data-end=\"1133\">Autores:<\/strong> Cec\u00edlia Botelho, Larissa Schonhofen, Helida Santos, Giancarlo Lucca, Adenauer Yamin, Renata Reiser<\/span><\/p>\n<hr class=\"\" data-start=\"1234\" data-end=\"1237\" \/>\n<h3 class=\"\" data-start=\"1239\" data-end=\"1353\"><span style=\"font-family: 'andale mono', monospace; color: #000000;\"><strong data-start=\"1243\" data-end=\"1351\">Uma Abordagem para Consolida\u00e7\u00e3o de Servidores em Infraestruturas de Computa\u00e7\u00e3o em Nuvem Baseada em ANFIS<\/strong><\/span><\/h3>\n<p class=\"\" data-start=\"1354\" data-end=\"1424\"><span style=\"font-family: 'andale mono', monospace; color: #000000;\"><strong data-start=\"1354\" data-end=\"1366\">Autores:<\/strong> Juliano Buss, Bruna Novack, Adenauer Yamin, Renata Reiser<\/span><\/p>\n<p><span style=\"font-family: 'andale mono', monospace; color: #c53dd1;\"><a style=\"color: #c53dd1;\" href=\"https:\/\/wp.ufpel.edu.br\/mostrappgc\/files\/2025\/05\/Uma-Abordagem-para-Consolidacao-de-Servidores-em-Infraestruturas-de-Computacao-em-Nuvem-Baseada-em-ANFIS.pdf\" target=\"_blank\" rel=\"noopener\">Acesse o P\u00f4ster<\/a><\/span><\/p>\n<hr class=\"\" data-start=\"1426\" data-end=\"1429\" \/>\n<h3 class=\"\" data-start=\"1431\" data-end=\"1511\"><span style=\"font-family: 'andale mono', monospace; color: #000000;\"><strong data-start=\"1435\" data-end=\"1509\">Uma Biblioteca de Esqueletos Algor\u00edtmicos em GPU para Linguagem Elixir<\/strong><\/span><\/h3>\n<p class=\"\" data-start=\"1512\" data-end=\"1572\"><span style=\"font-family: 'andale mono', monospace; color: #000000;\"><strong data-start=\"1512\" data-end=\"1524\">Autores:<\/strong> Frederico Peixoto Antunes, Andr\u00e9 Rauber Du Bois<\/span><\/p>\n<p data-start=\"1512\" data-end=\"1572\">\n<\/div>\n<\/div><\/div><\/div><\/div><\/div>","protected":false},"excerpt":{"rendered":"<p>Exibi\u00e7\u00e3o de P\u00f4steres dos acad\u00eamicos do PPGC Data: Exibi\u00e7\u00e3o: 12\/05 \u00e0 16\/05 | Apresenta\u00e7\u00e3o: 14\/05 -&gt; 15:00 &#8211; 15h:30 Sobre: \u00c9 uma atividade que tem o objetivo apresentar as pesquisas desenvolvidas pelos mestrandos e doutorandos do Programa de P\u00f3s-Gradua\u00e7\u00e3o em Computa\u00e7\u00e3o. Durante a exibi\u00e7\u00e3o, os visitantes podem circular pelos p\u00f4steres, entender mais sobre os trabalhos [&hellip;]<\/p>\n","protected":false},"author":1415,"featured_media":0,"parent":0,"menu_order":0,"comment_status":"closed","ping_status":"closed","template":"","meta":{"footnotes":""},"class_list":["post-114","page","type-page","status-publish","hentry","post"],"_links":{"self":[{"href":"https:\/\/wp.ufpel.edu.br\/mostrappgc\/wp-json\/wp\/v2\/pages\/114","targetHints":{"allow":["GET"]}}],"collection":[{"href":"https:\/\/wp.ufpel.edu.br\/mostrappgc\/wp-json\/wp\/v2\/pages"}],"about":[{"href":"https:\/\/wp.ufpel.edu.br\/mostrappgc\/wp-json\/wp\/v2\/types\/page"}],"author":[{"embeddable":true,"href":"https:\/\/wp.ufpel.edu.br\/mostrappgc\/wp-json\/wp\/v2\/users\/1415"}],"replies":[{"embeddable":true,"href":"https:\/\/wp.ufpel.edu.br\/mostrappgc\/wp-json\/wp\/v2\/comments?post=114"}],"version-history":[{"count":40,"href":"https:\/\/wp.ufpel.edu.br\/mostrappgc\/wp-json\/wp\/v2\/pages\/114\/revisions"}],"predecessor-version":[{"id":538,"href":"https:\/\/wp.ufpel.edu.br\/mostrappgc\/wp-json\/wp\/v2\/pages\/114\/revisions\/538"}],"wp:attachment":[{"href":"https:\/\/wp.ufpel.edu.br\/mostrappgc\/wp-json\/wp\/v2\/media?parent=114"}],"curies":[{"name":"wp","href":"https:\/\/api.w.org\/{rel}","templated":true}]}}