{"id":70,"date":"2019-04-26T12:15:36","date_gmt":"2019-04-26T15:15:36","guid":{"rendered":"https:\/\/wp.ufpel.edu.br\/microbiologia\/?page_id=70"},"modified":"2019-04-26T23:57:44","modified_gmt":"2019-04-27T02:57:44","slug":"em-andamento","status":"publish","type":"page","link":"https:\/\/wp.ufpel.edu.br\/microbiologia\/orientacoes\/em-andamento\/","title":{"rendered":"Em andamento"},"content":{"rendered":"<h1>Em andamento<\/h1>\n<h2>Programa de P\u00f3s-Gradua\u00e7\u00e3o em Biotecnologia (PPGB)<\/h2>\n<p>Mestrandos<\/p>\n<ul>\n<li><span style=\"font-family: Liberation Serif, serif\"><span style=\"font-size: medium\"><span style=\"color: #000000\">Me. Gustavo Waltzer Fehrenbach <\/span><\/span><\/span>\n<ul>\n<li><span style=\"font-family: Liberation Serif, serif\"><span style=\"font-size: medium\"><span style=\"color: #000000\">T\u00edtulo: REMO\u00c7\u00c3O BIOL\u00d3GICA DE NUTRIENTES DO EFLUENTE DO PROCESSO DE PARBOILIZA\u00c7\u00c3O E OBTEN\u00c7\u00c3O DE COPRODUTOS<\/span><\/span><\/span><\/li>\n<li><span style=\"font-family: Liberation Serif, serif\"><span style=\"font-size: medium\"><span style=\"color: #000000\">Ag\u00eancia financiadora: <\/span><\/span><\/span><span style=\"font-family: Liberation Serif, serif\"><span style=\"font-size: medium\"><span style=\"color: #000000\">Coordena\u00e7\u00e3o de Aperfei\u00e7oamento de Pessoal de N\u00edvel Superior, CAPES <\/span><\/span><\/span><\/li>\n<li><span style=\"font-family: Liberation Serif, serif\"><span style=\"font-size: medium\"><span style=\"color: #000000\">Per\u00edodo: 2017<\/span><\/span><\/span><\/li>\n<li><span style=\"color: #000000\"><span style=\"font-family: Liberation Serif, serif\"><span style=\"font-size: medium\">Lattes: \u00a0http:\/\/lattes.cnpq.br\/2076100909312406 <\/span><\/span><\/span><\/li>\n<\/ul>\n<\/li>\n<li><span style=\"font-family: Liberation Serif, serif\"><span style=\"font-size: medium\"><span style=\"color: #000000\">Pedro Machado Medeiros de Albuquerque <\/span><\/span><\/span>\n<ul>\n<li><span style=\"color: #000000\"><span style=\"font-family: Liberation Serif, serif\"><span style=\"font-size: medium\">T\u00edtulo: Express\u00e3o de um ant\u00edgeno recombinante de Haemonchus contortus em Escherichia coli<\/span><\/span><\/span><\/li>\n<li><span style=\"font-family: Liberation Serif, serif\"><span style=\"font-size: medium\"><span style=\"color: #000000\">Ag\u00eancia<\/span><span style=\"color: #000000\"> financiadora: <\/span><\/span><\/span><\/li>\n<li><span style=\"font-family: Liberation Serif, serif\"><span style=\"font-size: medium\"><span style=\"color: #000000\">Per\u00edodo<\/span><span style=\"color: #000000\">: 2017<\/span><\/span><\/span><\/li>\n<li><span style=\"font-family: Liberation Serif, serif\"><span style=\"font-size: medium\"><span style=\"color: #000000\">Lattes:<\/span><\/span><\/span><\/li>\n<\/ul>\n<\/li>\n<\/ul>\n<p>&nbsp;<\/p>\n<p>Doutorandos<\/p>\n<ul>\n<li><span style=\"font-family: Liberation Serif, serif\"><span style=\"font-size: medium\"><span style=\"color: #000000\">Me. Vit\u00f3ria Sequeira Gon\u00e7alves<\/span><\/span><\/span>\n<ul>\n<li><span style=\"font-family: Liberation Serif, serif\"><span style=\"font-size: medium\"><span style=\"color: #000000\">T\u00edtulo: Avalia\u00e7\u00e3o da atividade biol\u00f3gica da prote\u00edna recombinante IL-17A de Bos taurus.<\/span><\/span><\/span><\/li>\n<li><span style=\"font-family: Liberation Serif, serif\"><span style=\"font-size: medium\"><span style=\"color: #000000\">Ag\u00eancia financiadora: <\/span><\/span><\/span><span style=\"font-family: Liberation Serif, serif\"><span style=\"font-size: medium\"><span style=\"color: #000000\">Coordena\u00e7\u00e3o de Aperfei\u00e7oamento de Pessoal de N\u00edvel Superior, CAPES <\/span><\/span><\/span><\/li>\n<li><span style=\"font-family: Liberation Serif, serif\"><span style=\"font-size: medium\"><span style=\"color: #000000\">Per\u00edodo: 2018 <\/span><\/span><\/span><\/li>\n<li><span style=\"color: #000000\"><span style=\"font-family: Liberation Serif, serif\"><span style=\"font-size: medium\">Lattes: http:\/\/lattes.cnpq.br\/1295994648212075 <\/span><\/span><\/span><\/li>\n<\/ul>\n<\/li>\n<li><span style=\"color: #000000\"><span style=\"font-family: Liberation Serif, serif\"><span style=\"font-size: medium\">Me. Alice Correa Santos<\/span><\/span><\/span>\n<ul>\n<li><span style=\"font-family: Liberation Serif, serif\"><span style=\"font-size: medium\"><span style=\"color: #000000\">T\u00edtulo: <\/span><span style=\"color: #000000\"> DIN\u00c2MICA DA RESPOSTA IMUNOL\u00d3GICA NA PIROPLASMOSE EQUINA<\/span><\/span><\/span><\/li>\n<li><span style=\"font-family: Liberation Serif, serif\"><span style=\"font-size: medium\"><span style=\"color: #000000\">Ag\u00eancia financiadora: <\/span><\/span><\/span><\/li>\n<li><span style=\"font-family: Liberation Serif, serif\"><span style=\"font-size: medium\"><span style=\"color: #000000\">Per\u00edodo: 2017 <\/span><\/span><\/span><\/li>\n<li><span style=\"font-family: Liberation Serif, serif\"><span style=\"font-size: medium\"><span style=\"color: #000000\">Lattes: <\/span><span style=\"color: #000000\">http:\/\/lattes.cnpq.br\/9472312843618707 <\/span><\/span><\/span><\/li>\n<\/ul>\n<\/li>\n<li><span style=\"font-family: Liberation Serif, serif\"><span style=\"font-size: medium\"><span style=\"color: #000000\">Me. <\/span><span style=\"color: #000000\">Renan Eug\u00eanio Araujo Piraine<\/span><\/span><\/span>\n<ul>\n<li><span style=\"font-family: Liberation Serif, serif\"><span style=\"font-size: medium\"><span style=\"color: #000000\">T\u00edtulo: <\/span><span style=\"color: #000000\">Characterization of wild yeasts with potential for brewery industry <\/span><\/span><\/span><\/li>\n<li><span style=\"font-family: Liberation Serif, serif\"><span style=\"font-size: medium\"><span style=\"color: #000000\">Ag\u00eancia financiadora: <\/span><span style=\"color: #000000\">Conselho Nacional de Desenvolvimento Cient\u00edfico e Tecnol\u00f3gico, CNPq <\/span><\/span><\/span><\/li>\n<li><span style=\"font-family: Liberation Serif, serif\"><span style=\"font-size: medium\"><span style=\"color: #000000\">Per\u00edodo: 2017<\/span><\/span><\/span><\/li>\n<li><span style=\"font-family: Liberation Serif, serif\"><span style=\"font-size: medium\"><span style=\"color: #000000\">Lattes: <\/span><span style=\"color: #000000\">\u00a0http:\/\/lattes.cnpq.br\/6525260139772353 <\/span><\/span><\/span><\/li>\n<\/ul>\n<\/li>\n<li><span style=\"font-family: Liberation Serif, serif\"><span style=\"font-size: medium\"><span style=\"color: #000000\">Me. <\/span><span style=\"color: #000000\">Francisco Denis Souza Santos <\/span><\/span><\/span>\n<ul>\n<li><span style=\"font-family: Liberation Serif, serif\"><span style=\"font-size: medium\"><span style=\"color: #000000\">T\u00edtulo: <\/span><span style=\"color: #000000\">Efeitos de probi\u00f3ticos na resposta imune de ovinos<\/span><\/span><\/span><\/li>\n<li><span style=\"font-family: Liberation Serif, serif\"><span style=\"font-size: medium\"><span style=\"color: #000000\">Ag\u00eancia<\/span><span style=\"color: #000000\"> financiadora: <\/span><\/span><\/span><\/li>\n<li><span style=\"font-family: Liberation Serif, serif\"><span style=\"font-size: medium\"><span style=\"color: #000000\">Per\u00edodo: 2016 <\/span><\/span><\/span><\/li>\n<li><span style=\"font-family: Liberation Serif, serif\"><span style=\"font-size: medium\"><span style=\"color: #000000\">Lattes:<\/span><\/span><\/span><\/li>\n<\/ul>\n<\/li>\n<li><span style=\"font-family: Liberation Serif, serif\"><span style=\"font-size: medium\"><span style=\"color: #000000\">Me. <\/span><span style=\"color: #000000\">Ana Mu\u00f1oz Vianna<\/span><\/span><\/span>\n<ul>\n<li><span style=\"font-family: Liberation Serif, serif\"><span style=\"font-size: medium\"><span style=\"color: #000000\">T\u00edtulo<\/span><span style=\"color: #000000\">: Emuls\u00f5es de polissacar\u00eddeo bacteriano como adjuvantes em vacinas recombinantes<\/span><\/span><\/span><\/li>\n<li><span style=\"font-family: Liberation Serif, serif\"><span style=\"font-size: medium\"><span style=\"color: #000000\">Ag\u00eancia<\/span><span style=\"color: #000000\"> financiadora: Coordena\u00e7\u00e3o de Aperfei\u00e7oamento de Pessoal de N\u00edvel Superior, CAPES Per\u00edodo: 2014<\/span><\/span><\/span><\/li>\n<li><span style=\"font-family: Liberation Serif, serif\"><span style=\"font-size: medium\"><span style=\"color: #000000\">Lattes: <\/span><span style=\"color: #000000\">http:\/\/lattes.cnpq.br\/3542582545820715 <\/span><\/span><\/span><\/li>\n<\/ul>\n<\/li>\n<\/ul>\n<p>&nbsp;<\/p>\n<p>P\u00f3s-Doutorado<\/p>\n<ul>\n<li>Dr. Neida Lucia Conrad\n<ul>\n<li>T\u00edtulo:<\/li>\n<li>Agencia Financiadora: Programa Nacional de P\u00f3s-Doutorado, PNPD\/CAPES<\/li>\n<li>Per\u00edodo:<\/li>\n<li>Lattes: <a href=\"http:\/\/buscatextual.cnpq.br\/buscatextual\/visualizacv.do?id=K4219954U9\">http:\/\/buscatextual.cnpq.br\/buscatextual\/visualizacv.do?id=K4219954U9<\/a><\/li>\n<\/ul>\n<\/li>\n<\/ul>\n<ul>\n<li>Dr. Rodrigo Casquero Cunha.\n<ul>\n<li>T\u00edtulo: Vacinas recombinantes contra o carrapato-do-boi <em>Rhipicephalus<\/em> (<em>Boophilus<\/em>) <em>microplus.<\/em><\/li>\n<li>Ag\u00eancia Financiadora: Conselho Nacional de Desenvolvimento Cient\u00edfico e Tecnol\u00f3gico (CNPq).<\/li>\n<li>Per\u00edodo: 03\/2019 a 02\/2020<\/li>\n<li>Lattes: <a href=\"http:\/\/lattes.cnpq.br\/4249320103312387\">http:\/\/lattes.cnpq.br\/4249320103312387\u00a0<\/a><\/li>\n<\/ul>\n<\/li>\n<\/ul>\n<p>&nbsp;<\/p>\n<h2>Programa de P\u00f3s-Gradua\u00e7\u00e3o em Veterin\u00e1ria (PPGV)<\/h2>\n<p>Mestrandos<\/p>\n<ul>\n<li><span style=\"font-family: Liberation Serif, serif\"><span style=\"font-size: medium\"><span style=\"color: #000000\">Me. <\/span><span style=\"color: #000000\">Helen Cabaldi Franz<\/span><\/span><\/span>\n<ul>\n<li><span style=\"font-family: Liberation Serif, serif\"><span style=\"font-size: medium\"><span style=\"color: #000000\">T\u00edtulo: <\/span><span style=\"color: #000000\">Avalia\u00e7\u00e3o do efeito imunomodulador de Bacillus toyonensis, Saccharomyces boulardii e Lactobacillus sp. em c\u00e3es<\/span><\/span><\/span><\/li>\n<li><span style=\"font-family: Liberation Serif, serif\"><span style=\"font-size: medium\"><span style=\"color: #000000\">Ag\u00eancia financiadora: <\/span><span style=\"color: #000000\">Conselho Nacional de Desenvolvimento Cient\u00edfico e Tecnol\u00f3gico, CNPq <\/span><\/span><\/span><\/li>\n<li><span style=\"font-family: Liberation Serif, serif\"><span style=\"font-size: medium\"><span style=\"color: #000000\">Per\u00edodo: 2017<\/span><\/span><\/span><\/li>\n<li><span style=\"font-family: Liberation Serif, serif\"><span style=\"font-size: medium\"><span style=\"color: #000000\">Lattes: <\/span><span style=\"color: #000000\">http:\/\/lattes.cnpq.br\/3159746927488540 <\/span><\/span><\/span><\/li>\n<\/ul>\n<\/li>\n<\/ul>\n<p>&nbsp;<\/p>\n<p>Doutorandos<\/p>\n<p>&nbsp;<\/p>\n<h2>Programa de P\u00f3s-Gradua\u00e7\u00e3o em Parasitologia (PPGP)<\/h2>\n<p>Mestrandos<\/p>\n<ul>\n<li><span style=\"font-family: Liberation Serif, serif\"><span style=\"font-size: medium\"><span style=\"color: #000000\">Nat\u00e1lia Nachtigall Al-Alam<\/span><\/span><\/span>\n<ul>\n<li><span style=\"font-family: Liberation Serif, serif\"><span style=\"font-size: medium\"><span style=\"color: #000000\">T\u00edtulo: A\u00e7\u00e3o nematicida da toxina Cry4Aa de Bacillus thuringiensis var. israelensis em larvas de Haemonchus contortus<\/span><\/span><\/span><\/li>\n<li><span style=\"font-family: Liberation Serif, serif\"><span style=\"font-size: medium\"><span style=\"color: #000000\">Ag\u00eancia<\/span><span style=\"color: #000000\"> financiadora: <\/span><\/span><\/span><span style=\"font-family: Liberation Serif, serif\"><span style=\"font-size: medium\"><span style=\"color: #000000\">Conselho Nacional de Desenvolvimento Cient\u00edfico e Tecnol\u00f3gico, CNPq <\/span><\/span><\/span><\/li>\n<li><span style=\"font-family: Liberation Serif, serif\"><span style=\"font-size: medium\"><span style=\"color: #000000\">Per\u00edodo: 2017<\/span><\/span><\/span><\/li>\n<li><span style=\"font-family: Liberation Serif, serif\"><span style=\"font-size: medium\"><span style=\"color: #000000\">Lattes: <\/span><\/span><\/span><span style=\"font-family: Liberation Serif, serif\"><span style=\"font-size: medium\"><span style=\"color: #000000\">http:\/\/lattes.cnpq.br\/4883009346709786 <\/span><\/span><\/span><\/li>\n<\/ul>\n<\/li>\n<\/ul>\n<p>&nbsp;<\/p>\n<p>Doutorandos<\/p>\n<ul>\n<li><span style=\"font-family: Liberation Serif, serif\"><span style=\"font-size: medium\"><span style=\"color: #000000\">Me. J\u00e9ssica Lopes Borchardt<\/span><\/span><\/span>\n<ul>\n<li><span style=\"font-family: Liberation Serif, serif\"><span style=\"font-size: medium\"><span style=\"color: #000000\">T\u00edtulo: Avalia\u00e7\u00e3o de vacinas recombinantes contra Neospora caninum<\/span><\/span><\/span><\/li>\n<li><span style=\"font-family: Liberation Serif, serif\"><span style=\"font-size: medium\"><span style=\"color: #000000\">Ag\u00eancia: financiadora <\/span><\/span><\/span><span style=\"font-family: Liberation Serif, serif\"><span style=\"font-size: medium\"><span style=\"color: #000000\">Coordena\u00e7\u00e3o de Aperfei\u00e7oamento de Pessoal de N\u00edvel Superior, CAPES <\/span><\/span><\/span><\/li>\n<li><span style=\"font-family: Liberation Serif, serif\"><span style=\"font-size: medium\"><span style=\"color: #000000\">Per\u00edodo: 2016<\/span><\/span><\/span><\/li>\n<li><span style=\"font-family: Liberation Serif, serif\"><span style=\"font-size: medium\"><span style=\"color: #000000\">Lattes: <\/span><\/span><\/span><span style=\"font-family: Liberation Serif, serif\"><span style=\"font-size: medium\"><span style=\"color: #000000\">http:\/\/lattes.cnpq.br\/2769953804816776 <\/span><\/span><\/span><\/li>\n<\/ul>\n<\/li>\n<li><span style=\"font-family: Liberation Serif, serif\"><span style=\"font-size: medium\"><span style=\"color: #000000\">Me. Nat\u00e1lia Berne Pinto<\/span><\/span><\/span>\n<ul>\n<li><span style=\"font-family: Liberation Serif, serif\"><span style=\"font-size: medium\"><span style=\"color: #000000\">T\u00edtulo: Desenvolvimento de insumos imunobiol\u00f3gicos para o controle do Haemonchus contortus em ovinos<\/span><\/span><\/span><\/li>\n<li><span style=\"font-family: Liberation Serif, serif\"><span style=\"font-size: medium\"><span style=\"color: #000000\">Ag\u00eancia financiadora: <\/span><\/span><\/span><span style=\"font-family: Liberation Serif, serif\"><span style=\"font-size: medium\"><span style=\"color: #000000\">Conselho Nacional de Desenvolvimento Cient\u00edfico e Tecnol\u00f3gico, CNPq <\/span><\/span><\/span><\/li>\n<li><span style=\"font-family: Liberation Serif, serif\"><span style=\"font-size: medium\"><span style=\"color: #000000\">Per\u00edodo: 2017<\/span><\/span><\/span><\/li>\n<li><span style=\"font-family: Liberation Serif, serif\"><span style=\"font-size: medium\"><span style=\"color: #000000\">Lattes: <\/span><\/span><\/span><span style=\"font-family: Liberation Serif, serif\"><span style=\"font-size: medium\"><span style=\"color: #000000\">http:\/\/lattes.cnpq.br\/8802389441638000 <\/span><\/span><\/span><\/li>\n<\/ul>\n<\/li>\n<li><span style=\"font-family: Liberation Serif, serif\"><span style=\"font-size: medium\"><span style=\"color: #000000\">Me. Guilherme Borges Weege<\/span><\/span><\/span>\n<ul>\n<li><span style=\"font-family: Liberation Serif, serif\"><span style=\"font-size: medium\"><span style=\"color: #000000\">T\u00edtulo: Avalia\u00e7\u00e3o da antigenicidade e imunogenicidade da prote\u00edna recombinate EMA-3 de Theileria equi<\/span><\/span><\/span><\/li>\n<li><span style=\"font-family: Liberation Serif, serif\"><span style=\"font-size: medium\"><span style=\"color: #000000\">Ag\u00eancia financiadora: <\/span><\/span><\/span><span style=\"font-family: Liberation Serif, serif\"><span style=\"font-size: medium\"><span style=\"color: #000000\">Coordena\u00e7\u00e3o de Aperfei\u00e7oamento de Pessoal de N\u00edvel Superior, CAPES <\/span><\/span><\/span><\/li>\n<li><span style=\"font-family: Liberation Serif, serif\"><span style=\"font-size: medium\"><span style=\"color: #000000\">Per\u00edodo: 2018<\/span><\/span><\/span><\/li>\n<li><span style=\"font-family: Liberation Serif, serif\"><span style=\"font-size: medium\"><span style=\"color: #000000\">Lattes: <\/span><\/span><\/span><span style=\"font-family: Liberation Serif, serif\"><span style=\"font-size: medium\"><span style=\"color: #000000\">http:\/\/lattes.cnpq.br\/6193433877163140 <\/span><\/span><\/span><\/li>\n<\/ul>\n<\/li>\n<\/ul>\n","protected":false},"excerpt":{"rendered":"<p>Em andamento Programa de P\u00f3s-Gradua\u00e7\u00e3o em Biotecnologia (PPGB) Mestrandos Me. Gustavo Waltzer Fehrenbach T\u00edtulo: REMO\u00c7\u00c3O BIOL\u00d3GICA DE NUTRIENTES DO EFLUENTE DO PROCESSO DE PARBOILIZA\u00c7\u00c3O E OBTEN\u00c7\u00c3O DE COPRODUTOS Ag\u00eancia financiadora: Coordena\u00e7\u00e3o de Aperfei\u00e7oamento de Pessoal de N\u00edvel Superior, CAPES Per\u00edodo: 2017 Lattes: \u00a0http:\/\/lattes.cnpq.br\/2076100909312406 Pedro Machado Medeiros de Albuquerque T\u00edtulo: Express\u00e3o de um ant\u00edgeno recombinante de [&hellip;]<\/p>\n","protected":false},"author":921,"featured_media":0,"parent":24,"menu_order":0,"comment_status":"closed","ping_status":"closed","template":"","meta":{"footnotes":""},"class_list":["post-70","page","type-page","status-publish","hentry"],"_links":{"self":[{"href":"https:\/\/wp.ufpel.edu.br\/microbiologia\/wp-json\/wp\/v2\/pages\/70","targetHints":{"allow":["GET"]}}],"collection":[{"href":"https:\/\/wp.ufpel.edu.br\/microbiologia\/wp-json\/wp\/v2\/pages"}],"about":[{"href":"https:\/\/wp.ufpel.edu.br\/microbiologia\/wp-json\/wp\/v2\/types\/page"}],"author":[{"embeddable":true,"href":"https:\/\/wp.ufpel.edu.br\/microbiologia\/wp-json\/wp\/v2\/users\/921"}],"replies":[{"embeddable":true,"href":"https:\/\/wp.ufpel.edu.br\/microbiologia\/wp-json\/wp\/v2\/comments?post=70"}],"version-history":[{"count":4,"href":"https:\/\/wp.ufpel.edu.br\/microbiologia\/wp-json\/wp\/v2\/pages\/70\/revisions"}],"predecessor-version":[{"id":109,"href":"https:\/\/wp.ufpel.edu.br\/microbiologia\/wp-json\/wp\/v2\/pages\/70\/revisions\/109"}],"up":[{"embeddable":true,"href":"https:\/\/wp.ufpel.edu.br\/microbiologia\/wp-json\/wp\/v2\/pages\/24"}],"wp:attachment":[{"href":"https:\/\/wp.ufpel.edu.br\/microbiologia\/wp-json\/wp\/v2\/media?parent=70"}],"curies":[{"name":"wp","href":"https:\/\/api.w.org\/{rel}","templated":true}]}}