{"id":847,"date":"2012-06-13T18:21:50","date_gmt":"2012-06-13T21:21:50","guid":{"rendered":"https:\/\/wp.ufpel.edu.br\/mercosul\/?page_id=847"},"modified":"2012-06-21T08:31:28","modified_gmt":"2012-06-21T11:31:28","slug":"divulgaciones-de-cim","status":"publish","type":"page","link":"https:\/\/wp.ufpel.edu.br\/mercosul\/divulgaciones-de-cim\/","title":{"rendered":"Divulgaciones de CIM"},"content":{"rendered":"<h4 style=\"text-align: center\"><strong>Programa\u00a0<em>Grito Pampeano<\/em>\u00a0&#8211; Radio Federal FM 107.9<\/strong><\/h4>\n<p style=\"text-align: center\"><img src=\"http:\/\/www.ufpel.edu.br\/mercosul\/images\/grito_pampeano_logom.jpg\" alt=\"\" width=\"300\" height=\"289\" \/><\/p>\n<p>A partir de la necesidad de rescate de nuestras manifestaciones art\u00edstico-culturales de car\u00e1cter folcl\u00f3rico y la promoci\u00f3n de expresiones de proyecci\u00f3n folcl\u00f3rica, y a sabiendas de que los usos, costumbres, vocablos, bailes, ritmos, instrumentos musicales, etc. tenidos como t\u00edpicos de Rio Grande do Sul no son, en su mayor\u00eda, exclusivos del\u00a0 territorio que hoy pertenece a nuestro Estado, sino compartido por gran \u00e1rea geogr\u00e1fica del centro sur de Am\u00e9rica del Sur, es que naci\u00f3 el programa\u00a0<em>Grito Pampeano<\/em>. Su objetivo es presentar distinguida selecci\u00f3n musical, que abarca toda esta regi\u00f3n de similitudes culturales destacables.<\/p>\n<p>La idea del programa surgi\u00f3 a principios del a\u00f1o 2005, con los estudiantes de Medicina Veterinaria\u00a0 de la Universidade Federal de Pelotas, Bruno Donato y Eric Barreto, que\u00a0 decidieron tomar iniciativa para concretar la idea. A trav\u00e9s del estudiante de Biolog\u00eda Luciano Almeida, presentaron la propuesta a la emisora de la Universidad, la Radio Federal FM, la que recibi\u00f3 el proyecto. Despu\u00e9s de unas negociaciones, la radio abraz\u00f3 la causa del\u00a0<em>Grito Pampeano<\/em>, que comenz\u00f3 a transmitirse a finales de ese mismo a\u00f1o. En poco m\u00e1s de un a\u00f1o en el aire, el programa\u00a0<em>Grito Pampeano<\/em>\u00a0logr\u00f3 complacer a los o\u00eddos de los que ya conoc\u00edan la m\u00fasica gaucha de Argentina y Uruguay y echaban en falta un programa que las transmitiera. Asimismo logr\u00f3 hacer que los amantes de la m\u00fasica tradicionalista hecha en Rio Grande do Sul comenzaran a conocer y admirar las obras equivalentes del m\u00e1s all\u00e1 de las fronteras e incluso atrajo a una parte significativa de los oyentes que no conoc\u00edan la m\u00fasica del hombre de botas y bombachas.<\/p>\n<p>El programa<em>\u00a0Grito Pampeano<\/em>\u00a0acaba por congregar a la importante colonia de personas de pa\u00edses vecinos que se encuentran en Pelotas y regi\u00f3n. Sirve como un instrumento de fortalecimiento del Cono Sur para ser el arte, y especialmente m\u00fasica, un elemento de integraci\u00f3n de los pueblos. Otra marca del programa es la difusi\u00f3n de m\u00fasicas de festivales tradicionalistas de Rio Grande do Sul y Santa Catarina, que ocurre a menudo de primera mano, lo que es importante ya que en estos festivales surgen talentos del tradicionalismo.<\/p>\n<p><img class=\"aligncenter\" src=\"http:\/\/www.ufpel.edu.br\/mercosul\/images\/grito_pampeano_foto-ricardobrandon.jpg\" alt=\"\" width=\"254\" height=\"169\" \/><\/p>\n<p>Se adopt\u00f3 como s\u00edmbolo del programa el chaj\u00e1 o yaj\u00e1 (<em>Chauna torquata<\/em>), ave de sonido peculiar y llamativo, t\u00edpica de las llanuras y ba\u00f1ados de nuestra regi\u00f3n. Es la segunda ave voladora m\u00e1s grande del mundo.<\/p>\n<p>Con dos horas de duraci\u00f3n, el programa se emite todos los domingos a las 18 horas y repite los mi\u00e9rcoles a las 20 horas, en la Radio Federal FM 107.9 MHz<\/p>\n<p align=\"left\"><a href=\"http:\/\/federalfm.ufpel.edu.br\/\" target=\"_blank\"><img src=\"http:\/\/www.ufpel.edu.br\/mercosul\/images\/noar_off.jpg\" alt=\"\" width=\"96\" height=\"46\" border=\"0\" \/><\/a><\/p>\n<p><a href=\"http:\/\/federalfm.ufpel.edu.br\/\" target=\"_blank\">Escucha en vivo<br \/>\nFederal FM!<\/a><\/p>\n<p style=\"text-align: left\"><span style=\"font-size: small\"><span style=\"line-height: normal\"><br \/>\n<\/span><\/span><\/p>\n","protected":false},"excerpt":{"rendered":"<p>Programa\u00a0Grito Pampeano\u00a0&#8211; Radio Federal FM 107.9 A partir de la necesidad de rescate de nuestras manifestaciones art\u00edstico-culturales de car\u00e1cter folcl\u00f3rico y la promoci\u00f3n de expresiones de proyecci\u00f3n folcl\u00f3rica, y a sabiendas de que los usos, costumbres, vocablos, bailes, ritmos, instrumentos musicales, etc. tenidos como t\u00edpicos de Rio Grande do Sul no son, en su mayor\u00eda, [&hellip;]<\/p>\n","protected":false},"author":185,"featured_media":0,"parent":0,"menu_order":0,"comment_status":"closed","ping_status":"closed","template":"","meta":{"footnotes":"","_links_to":"","_links_to_target":""},"class_list":["post-847","page","type-page","status-publish","hentry"],"jetpack_sharing_enabled":true,"_links":{"self":[{"href":"https:\/\/wp.ufpel.edu.br\/mercosul\/wp-json\/wp\/v2\/pages\/847","targetHints":{"allow":["GET"]}}],"collection":[{"href":"https:\/\/wp.ufpel.edu.br\/mercosul\/wp-json\/wp\/v2\/pages"}],"about":[{"href":"https:\/\/wp.ufpel.edu.br\/mercosul\/wp-json\/wp\/v2\/types\/page"}],"author":[{"embeddable":true,"href":"https:\/\/wp.ufpel.edu.br\/mercosul\/wp-json\/wp\/v2\/users\/185"}],"replies":[{"embeddable":true,"href":"https:\/\/wp.ufpel.edu.br\/mercosul\/wp-json\/wp\/v2\/comments?post=847"}],"version-history":[{"count":3,"href":"https:\/\/wp.ufpel.edu.br\/mercosul\/wp-json\/wp\/v2\/pages\/847\/revisions"}],"predecessor-version":[{"id":848,"href":"https:\/\/wp.ufpel.edu.br\/mercosul\/wp-json\/wp\/v2\/pages\/847\/revisions\/848"}],"wp:attachment":[{"href":"https:\/\/wp.ufpel.edu.br\/mercosul\/wp-json\/wp\/v2\/media?parent=847"}],"curies":[{"name":"wp","href":"https:\/\/api.w.org\/{rel}","templated":true}]}}