{"id":126,"date":"2012-04-19T10:31:10","date_gmt":"2012-04-19T13:31:10","guid":{"rendered":"https:\/\/wp.ufpel.edu.br\/mercosul\/?page_id=126"},"modified":"2012-06-20T22:05:22","modified_gmt":"2012-06-21T01:05:22","slug":"126-2","status":"publish","type":"page","link":"https:\/\/wp.ufpel.edu.br\/mercosul\/126-2\/","title":{"rendered":"Presentaci\u00f3n"},"content":{"rendered":"<p>La integraci\u00f3n es un proceso continuo, en movimiento. Fomenta la participaci\u00f3n y el intercambio de experiencias en los m\u00e1s diversos segmentos. En este contexto la Universidad Nacional de la ciudad de Pelotas desarrolla sus actividades formando aparcer\u00edas con instituciones p\u00fablicas y privadas con vistas al desarrollo regional. La UFPEL tiene amplia visi\u00f3n del desarrollo y tiene compromiso con el futuro de nuestra ciudad.<\/p>\n<p><a href=\"https:\/\/wp.ufpel.edu.br\/mercosul\/files\/2012\/04\/predio_antigo.jpg\"><img class=\"alignleft\" src=\"https:\/\/wp.ufpel.edu.br\/mercosul\/files\/2012\/04\/predio_antigo.jpg\" alt=\"\" width=\"192\" height=\"145\" \/><\/a>En la ciudad de Pelotas, por iniciativa de la Universidad Nacional, se ha fundado el Centro de Integraci\u00f3n del MERCOSUR, en el d\u00eda 29 de noviembre de 1995, por el Prof. Antonio C\u00e9sar Gon\u00e7alves Borges desarrollando acciones con vistas a la integraci\u00f3n y, por cuestiones geogr\u00e1ficas, priorizando el MERCOSUR.<\/p>\n<p>La Universidad Nacional de la ciudad de Pelotas est\u00e1 situada en la regi\u00f3n del extremo meridional del Brasil, participando intensamente de los efectos de la integraci\u00f3n regional a partir de\u00a0acuerdos del MERCOSUR. La fundaci\u00f3n de este Centro como \u00f3rgano suplementar de la UFPEL tiene como ideal potenciar y actuar para vigorizar los v\u00ednculos que ligan la Universidad Nacional de Pelotas al MERCOSUR y a los bloques econ\u00f3micos en nivel local, regional, nacional e internacional.<\/p>\n<p>El Centro de Integraci\u00f3n del MERCOSUR (CIM) prioriza su actuaci\u00f3n en la mitad sur del R\u00edo Grande del Sur, a partir de las actividades que valoren el potencial de la sociedad local y de la propia Universidad a trav\u00e9s de actividades que contribuyan en la formaci\u00f3n de una conciencia favorable a la integraci\u00f3n.<br \/>\nObjetiva, tambi\u00e9n, ser un punto de referencia que apoya y busca informaciones que sean de utilidad en todos los segmentos de la Universidad y en la comunidad en general.<\/p>\n<p><a href=\"https:\/\/wp.ufpel.edu.br\/mercosul\/files\/2012\/04\/predio_dia_2.jpg\"><img class=\"alignleft\" src=\"https:\/\/wp.ufpel.edu.br\/mercosul\/files\/2012\/04\/predio_dia_2.jpg\" alt=\"\" width=\"193\" height=\"145\" \/><\/a>La integraci\u00f3n regional del CIM surge en el momento en el que se firman diversos convenios en los m\u00e1s variados campos, tales como: social, econ\u00f3mico, cultural, cient\u00edfico, tecnol\u00f3gico y de formaci\u00f3n intelectual con universidades de los diversos pa\u00edses del MERCOSUR y pa\u00edses asociados. Esos convenios muestran el diferencial de la UFPEL en la cuesti\u00f3n de la integraci\u00f3n, pues a partir de ah\u00ed todos los segmentos de la comunidad acad\u00e9mica tienen la oportunidad de desarrollo intelectual en otras universidades que poseen convenios con la Universidad Nacional de la ciudad de Pelotas, habiendo as\u00ed un intercambio mutuo de experiencias.<\/p>\n<p align=\"left\">Dentro del Centro de Integraci\u00f3n del MERCOSUR est\u00e1n presentes otros segmentos de apoyo a la UFPEL, como la Fundaci\u00f3n Sim\u00f3n Bol\u00edvar y el Departamento de Intercambio y Programas Internacionales (DIPI). Que act\u00faan juntamente con el CIM en el proceso de integraci\u00f3n Latinoamericana. De esta forma la Universidad Nacional de la ciudad de Pelotas rompe los obst\u00e1culos culturales, econ\u00f3micos y sociales en la busca por una mayor integraci\u00f3n entre los pa\u00edses.<\/p>\n<h4><strong>Objetivos<\/strong><\/h4>\n<p align=\"left\">Algunos retos y objetivos del Centro de Integraci\u00f3n del MERCOSUR.<\/p>\n<p>&#8211;\u00a0Estudiar la integraci\u00f3n entre los pa\u00edses del MERCOSUR;<\/p>\n<p>&#8211;\u00a0Promover debates, charlas y seminarios sobre el MERCOSUR y otros asuntos que sean relevantes para la comunidad acad\u00e9mica y comunidad en general;<\/p>\n<p>&#8211;\u00a0Ser un punto de informaciones entre empresas, sobre productos, servicios y oportunidades de negocios entre los pa\u00edses del MERCOSUR;<\/p>\n<p>&#8211;\u00a0Asesor\u00eda a instituciones p\u00fablicas y privadas a partir de programas relacionados a la integraci\u00f3n y desarrollo regional;<\/p>\n<p>&#8211;\u00a0Est\u00edmulo a la relaci\u00f3n cultural entre Brasil y pa\u00edses del MERCOSUR;<\/p>\n<p>&#8211;\u00a0Proporcionar a la comunidad en general acceso a las informaciones sobre el MERCOSUR.<\/p>\n<h4 align=\"left\"><strong>El logotipo<\/strong><\/h4>\n<p align=\"left\">El logotipo del Centro de Integraci\u00f3n del MERCOSUR tiene como prop\u00f3sito la representaci\u00f3n gr\u00e1fica de valores y conceptos que caracterizan y constituyen el CIM resaltando todav\u00eda la localizaci\u00f3n geogr\u00e1fica de nuestro Centro.<\/p>\n<p align=\"left\"><a href=\"https:\/\/wp.ufpel.edu.br\/mercosul\/files\/2012\/04\/marcacim.gif\"><img class=\"alignleft\" src=\"https:\/\/wp.ufpel.edu.br\/mercosul\/files\/2012\/04\/marcacim.gif\" alt=\"\" width=\"170\" height=\"73\" \/><\/a>Las saetas parten del punto donde se localiza el CIM &#8211; Mitad sur del R\u00edo Grande del Sur &#8211; ultrapasando los l\u00edmites del continente, dando forma al proceso de integraci\u00f3n, objetivo central del CIM, con los pa\u00edses latinoamericanos y los dem\u00e1s pa\u00edses del mundo. El color elegido para el logotipo, el anaranjado, trae la idea de expansi\u00f3n y afirmaci\u00f3n, adjetivos que caracterizan el trabajo de CIM. El anaranjado es, todav\u00eda, un color constructivo, que refleja elementos de comunicaci\u00f3n, movimiento, iniciativa, espontaneidad y actitud positiva. Tales adjetivos se encuentran con la propuesta del Centro de Integraci\u00f3n del MERCOSUR y su grupo de trabajo.<\/p>\n<h4 align=\"left\"><strong>Estructura F\u00edsica<\/strong><\/h4>\n<p align=\"left\">El Centro de Integraci\u00f3n del MECOSUR dispone actualmente de dos auditorios: El Auditorio Sim\u00f3n Bol\u00edvar, situado en la planta baja, con capacidad para 90 personas y el Miniauditorio situado en la planta superior, con capacidad para 36 personas, adem\u00e1s de un espacio que se utiliza para exposiciones, difusiones, presentaciones, equipos de acceso a la Internet y una peque\u00f1a biblioteca para consultas locales.<\/p>\n<table border=\"0\">\n<tbody>\n<tr>\n<td>\n<p><div id=\"attachment_56\" style=\"width: 210px\" class=\"wp-caption alignnone\"><a href=\"https:\/\/wp.ufpel.edu.br\/mercosul\/files\/2012\/04\/auditorio.jpg\"><img aria-describedby=\"caption-attachment-56\" class=\"size-full wp-image-56\" src=\"https:\/\/wp.ufpel.edu.br\/mercosul\/files\/2012\/04\/auditorio.jpg\" alt=\"Audit\u00f3rio Simon Bol\u00edvar\" width=\"200\" height=\"151\" \/><\/a><p id=\"caption-attachment-56\" class=\"wp-caption-text\">Auditorio Sim\u00f3n Bol\u00edvar<\/p><\/div><\/td>\n<td>\n<p><div id=\"attachment_57\" style=\"width: 210px\" class=\"wp-caption alignnone\"><a href=\"https:\/\/wp.ufpel.edu.br\/mercosul\/files\/2012\/04\/biblioteca_nova.jpg\"><img aria-describedby=\"caption-attachment-57\" class=\"size-full wp-image-57\" src=\"https:\/\/wp.ufpel.edu.br\/mercosul\/files\/2012\/04\/biblioteca_nova.jpg\" alt=\"Biblioteca\" width=\"200\" height=\"150\" \/><\/a><p id=\"caption-attachment-57\" class=\"wp-caption-text\">Biblioteca<\/p><\/div><\/td>\n<\/tr>\n<tr>\n<td>\n<p><div id=\"attachment_58\" style=\"width: 210px\" class=\"wp-caption alignnone\"><a href=\"https:\/\/wp.ufpel.edu.br\/mercosul\/files\/2012\/04\/saguao.jpg\"><img aria-describedby=\"caption-attachment-58\" class=\"size-full wp-image-58\" src=\"https:\/\/wp.ufpel.edu.br\/mercosul\/files\/2012\/04\/saguao.jpg\" alt=\"Sagu\u00e3o de Exposi\u00e7\u00f5es\" width=\"200\" height=\"150\" \/><\/a><p id=\"caption-attachment-58\" class=\"wp-caption-text\">Zagu\u00e1n de exposiciones<\/p><\/div><\/td>\n<td>\n<p><div id=\"attachment_59\" style=\"width: 210px\" class=\"wp-caption alignnone\"><a href=\"https:\/\/wp.ufpel.edu.br\/mercosul\/files\/2012\/04\/mesa.jpg\"><img aria-describedby=\"caption-attachment-59\" class=\"size-full wp-image-59\" src=\"https:\/\/wp.ufpel.edu.br\/mercosul\/files\/2012\/04\/mesa.jpg\" alt=\"Mesas para consultas\" width=\"200\" height=\"150\" \/><\/a><p id=\"caption-attachment-59\" class=\"wp-caption-text\">Mesas de estudios<\/p><\/div><\/td>\n<\/tr>\n<\/tbody>\n<\/table>\n","protected":false},"excerpt":{"rendered":"<p>La integraci\u00f3n es un proceso continuo, en movimiento. Fomenta la participaci\u00f3n y el intercambio de experiencias en los m\u00e1s diversos segmentos. En este contexto la Universidad Nacional de la ciudad de Pelotas desarrolla sus actividades formando aparcer\u00edas con instituciones p\u00fablicas y privadas con vistas al desarrollo regional. La UFPEL tiene amplia visi\u00f3n del desarrollo y [&hellip;]<\/p>\n","protected":false},"author":145,"featured_media":0,"parent":0,"menu_order":0,"comment_status":"closed","ping_status":"closed","template":"","meta":{"footnotes":"","_links_to":"","_links_to_target":""},"class_list":["post-126","page","type-page","status-publish","hentry"],"jetpack_sharing_enabled":true,"_links":{"self":[{"href":"https:\/\/wp.ufpel.edu.br\/mercosul\/wp-json\/wp\/v2\/pages\/126","targetHints":{"allow":["GET"]}}],"collection":[{"href":"https:\/\/wp.ufpel.edu.br\/mercosul\/wp-json\/wp\/v2\/pages"}],"about":[{"href":"https:\/\/wp.ufpel.edu.br\/mercosul\/wp-json\/wp\/v2\/types\/page"}],"author":[{"embeddable":true,"href":"https:\/\/wp.ufpel.edu.br\/mercosul\/wp-json\/wp\/v2\/users\/145"}],"replies":[{"embeddable":true,"href":"https:\/\/wp.ufpel.edu.br\/mercosul\/wp-json\/wp\/v2\/comments?post=126"}],"version-history":[{"count":5,"href":"https:\/\/wp.ufpel.edu.br\/mercosul\/wp-json\/wp\/v2\/pages\/126\/revisions"}],"predecessor-version":[{"id":128,"href":"https:\/\/wp.ufpel.edu.br\/mercosul\/wp-json\/wp\/v2\/pages\/126\/revisions\/128"}],"wp:attachment":[{"href":"https:\/\/wp.ufpel.edu.br\/mercosul\/wp-json\/wp\/v2\/media?parent=126"}],"curies":[{"name":"wp","href":"https:\/\/api.w.org\/{rel}","templated":true}]}}