{"id":57,"date":"2018-01-10T12:59:03","date_gmt":"2018-01-10T14:59:03","guid":{"rendered":"https:\/\/wp.ufpel.edu.br\/matriculaspave\/?page_id=57"},"modified":"2026-07-10T12:18:49","modified_gmt":"2026-07-10T15:18:49","slug":"l14","status":"publish","type":"page","link":"https:\/\/wp.ufpel.edu.br\/matriculaspave\/documentos\/l14\/","title":{"rendered":"LI_Q"},"content":{"rendered":"\n<p class=\"has-20-font-size wp-block-paragraph\">LI_Q &#8211; Candidatos autodeclarados quilombolas, independentemente da renda, tenham cursado integralmente o ensino m\u00e9dio em escolas p\u00fablicas ou em escolas comunit\u00e1rias que atuam no \u00e2mbito da educa\u00e7\u00e3o do campo conveniadas com o poder p\u00fablico (Lei n\u00ba 12.711\/2012).<\/p>\n\n\n\n<hr class=\"wp-block-separator has-css-opacity is-style-wide\"\/>\n\n\n\n<div class=\"wp-block-group\"><div class=\"wp-block-group__inner-container is-layout-flow wp-block-group-is-layout-flow\">\n<h2 class=\"wp-block-heading has-18-font-size\">Documentos de cadastro:<\/h2>\n\n\n\n<ul class=\"wp-block-list\">\n<li><a href=\"https:\/\/cobalto.ufpel.edu.br\/academico\/processoSeletivo\/fichaOnline\"><span style=\"text-decoration: underline;\">Ficha de cadastro preenchida<\/span><\/a> (dispon\u00edvel somente no per\u00edodo estabelecido em edital);<\/li>\n\n\n\n<li>C\u00e9dula de Identidade&nbsp;(RG)&nbsp;atualizada, de modo que seja poss\u00edvel o reconhecimento por foto e assinatura;<\/li>\n\n\n\n<li>CPF;<\/li>\n\n\n\n<li>Certid\u00e3o de nascimento&nbsp;ou&nbsp;casamento;<\/li>\n\n\n\n<li><a href=\"https:\/\/www.tse.jus.br\/eleitor\/certidoes\/certidao-de-quitacao-eleitoral\">D<span style=\"text-decoration: underline;\">ocumento que comprove estar em dia com a justi\u00e7a eleitoral<\/span><\/a>;<\/li>\n\n\n\n<li>Documento que comprove estar em dia com as obriga\u00e7\u00f5es militares;<\/li>\n\n\n\n<li>Hist\u00f3rico Escolar do Ensino M\u00e9dio;<\/li>\n\n\n\n<li>Certificado de Conclus\u00e3o do Ensino M\u00e9dio ou do Diploma do Ensino M\u00e9dio.<\/li>\n<\/ul>\n<\/div><\/div>\n\n\n\n<p class=\"has-18-font-size wp-block-paragraph\"><strong>Observa\u00e7\u00f5es:<\/strong><\/p>\n\n\n\n<ol class=\"wp-block-list\">\n<li><strong>Menores de 18 anos <\/strong>ficam dispensados de apresentar documento que&nbsp;comprove estar em dia com a justi\u00e7a eleitoral.<\/li>\n\n\n\n<li><strong>Menores de 17 anos e maiores de 45 anos<\/strong> ficam dispensados de apresentar&nbsp;documento que comprove estar em dia com as obriga\u00e7\u00f5es militares.<\/li>\n\n\n\n<li>Todos os ingressantes nas vagas reservadas devem&nbsp;<strong>comprovar que cursaram integralmente o ensino m\u00e9dio em escolas p\u00fablicas<\/strong>. \u00c9 necess\u00e1rio enviar: hist\u00f3rico escolar completo e\/ou atestado de conclus\u00e3o do ensino m\u00e9dio com o nome e designa\u00e7\u00e3o (municipal, estadual, federal, militar) da escola em que cursou o Ensino M\u00e9dio.<\/li>\n\n\n\n<li>Candidatos que cursaram o ensino m\u00e9dio em&nbsp;<strong>escola comunit\u00e1ria<\/strong>&nbsp;devem enviar declara\u00e7\u00e3o da escola comprovando que atua no \u00e2mbito da educa\u00e7\u00e3o do campo e \u00e9 conveniada com o poder p\u00fablico.<\/li>\n\n\n\n<li><strong>Para candidatos estrangeiros:<\/strong>\n<ul class=\"wp-block-list\">\n<li>Registro Nacional de Estrangeiro (RNE) ou Carteira de Registro Nacional Migrat\u00f3rio\u00a0(CRNM).<\/li>\n\n\n\n<li>Os documentos estrangeiros dever\u00e3o ser autenticados pela Autoridade Consular Brasileira, no pa\u00eds de origem, e acompanhados da respectiva tradu\u00e7\u00e3o oficial, caso necess\u00e1rio (L\u00edngua diferente do Portugu\u00eas ou Espanhol).<\/li>\n<\/ul>\n<\/li>\n<\/ol>\n\n\n\n<hr class=\"wp-block-separator has-css-opacity is-style-wide\"\/>\n\n\n\n<h2 class=\"wp-block-heading has-18-font-size\">Comprova\u00e7\u00e3o da autodeclara\u00e7\u00e3o:<\/h2>\n\n\n\n<ul class=\"wp-block-list\">\n<li><a href=\"https:\/\/wp.ufpel.edu.br\/naaf\/files\/2022\/04\/DECLARACAO-DE-PERTENCIMENTO-ETNICO-E-DE-RESIDENCIA-Quilombolas.pdf\">Declara\u00e7\u00e3o de pertencimento \u00e9tnico e de resid\u00eancia<\/a>&nbsp;assinada por tr\u00eas lideran\u00e7as quilombolas legitimadas no territ\u00f3rio e telefone de contato das lideran\u00e7as;<\/li>\n\n\n\n<li>C\u00f3pia de RG das lideran\u00e7as;<\/li>\n\n\n\n<li>Declara\u00e7\u00e3o da Funda\u00e7\u00e3o Palmares referente ao reconhecimento do territ\u00f3rio.<\/li>\n<\/ul>\n\n\n\n<p class=\"wp-block-paragraph\"><strong>Considera-se&nbsp;quilombola<\/strong>: remanescente das comunidades de quilombos pertencentes aos grupos \u00e9tnico-raciais, segundo crit\u00e9rios de auto atribui\u00e7\u00e3o, com trajet\u00f3ria hist\u00f3rica pr\u00f3pria, dotados de rela\u00e7\u00f5es territoriais espec\u00edficas, com presun\u00e7\u00e3o de ancestralidade negra relacionada com a resist\u00eancia \u00e0 opress\u00e3o hist\u00f3rica sofrida, nos termos do caput do art. 2\u00ba do Decreto n\u00ba 4.887, de 20 de novembro de 2003.<\/p>\n","protected":false},"excerpt":{"rendered":"<p>LI_Q &#8211; Candidatos autodeclarados quilombolas, independentemente da renda, tenham cursado integralmente o ensino m\u00e9dio em escolas p\u00fablicas ou em escolas comunit\u00e1rias que atuam no \u00e2mbito da educa\u00e7\u00e3o do campo conveniadas com o poder p\u00fablico (Lei n\u00ba 12.711\/2012). Comprova\u00e7\u00e3o da autodeclara\u00e7\u00e3o: Considera-se&nbsp;quilombola: remanescente das comunidades de quilombos pertencentes aos grupos \u00e9tnico-raciais, segundo crit\u00e9rios de auto atribui\u00e7\u00e3o, [&hellip;]<\/p>\n","protected":false},"author":341,"featured_media":0,"parent":29,"menu_order":0,"comment_status":"closed","ping_status":"closed","template":"","meta":{"footnotes":""},"class_list":["post-57","page","type-page","status-publish","hentry"],"jetpack_sharing_enabled":true,"jetpack_shortlink":"https:\/\/wp.me\/P9xFOr-V","_links":{"self":[{"href":"https:\/\/wp.ufpel.edu.br\/matriculaspave\/wp-json\/wp\/v2\/pages\/57","targetHints":{"allow":["GET"]}}],"collection":[{"href":"https:\/\/wp.ufpel.edu.br\/matriculaspave\/wp-json\/wp\/v2\/pages"}],"about":[{"href":"https:\/\/wp.ufpel.edu.br\/matriculaspave\/wp-json\/wp\/v2\/types\/page"}],"author":[{"embeddable":true,"href":"https:\/\/wp.ufpel.edu.br\/matriculaspave\/wp-json\/wp\/v2\/users\/341"}],"replies":[{"embeddable":true,"href":"https:\/\/wp.ufpel.edu.br\/matriculaspave\/wp-json\/wp\/v2\/comments?post=57"}],"version-history":[{"count":3,"href":"https:\/\/wp.ufpel.edu.br\/matriculaspave\/wp-json\/wp\/v2\/pages\/57\/revisions"}],"predecessor-version":[{"id":3937,"href":"https:\/\/wp.ufpel.edu.br\/matriculaspave\/wp-json\/wp\/v2\/pages\/57\/revisions\/3937"}],"up":[{"embeddable":true,"href":"https:\/\/wp.ufpel.edu.br\/matriculaspave\/wp-json\/wp\/v2\/pages\/29"}],"wp:attachment":[{"href":"https:\/\/wp.ufpel.edu.br\/matriculaspave\/wp-json\/wp\/v2\/media?parent=57"}],"curies":[{"name":"wp","href":"https:\/\/api.w.org\/{rel}","templated":true}]}}