{"id":38,"date":"2014-11-19T18:52:13","date_gmt":"2014-11-19T20:52:13","guid":{"rendered":"https:\/\/wp.ufpel.edu.br\/matematicanoturno\/?page_id=38"},"modified":"2026-02-04T14:19:03","modified_gmt":"2026-02-04T17:19:03","slug":"formularios-e-documentos","status":"publish","type":"page","link":"https:\/\/wp.ufpel.edu.br\/matematicanoturno\/formularios-e-documentos\/","title":{"rendered":"Formul\u00e1rios e Documentos"},"content":{"rendered":"<p><a style=\"color: #0000ff;\" href=\"https:\/\/wp.ufpel.edu.br\/cra\/informacoes-academicas\/matricula-de-ingressantes\/\" target=\"_blank\" rel=\"noopener\">Matr\u00edcula de ingressantes<\/a><\/p>\n<p><a style=\"color: #0000ff;\" href=\"https:\/\/wp.ufpel.edu.br\/cra\/informacoes-academicas\/rematricula\/\" target=\"_blank\" rel=\"noopener\">Rematr\u00edcula<\/a><\/p>\n<p><a style=\"color: #0000ff;\" href=\"https:\/\/wp.ufpel.edu.br\/cra\/informacoes-academicas\/matricula-especial\/\" target=\"_blank\" rel=\"noopener\">Matr\u00edcula especial<\/a><\/p>\n<p><span style=\"text-decoration: underline;\"><span style=\"color: #0000ff; text-decoration: underline;\"><a style=\"color: #0000ff; text-decoration: underline;\" href=\"https:\/\/wp.ufpel.edu.br\/cra\/informacoes-academicas\/correcao-de-matricula\/\">Corre\u00e7\u00e3o de Matr\u00edcula<\/a><\/span><\/span><\/p>\n<p><a href=\"https:\/\/wp.ufpel.edu.br\/cra\/informacoes-academicas\/aproveitamento-de-disciplina\/\"><span style=\"text-decoration: underline;\"><span style=\"color: #0000ff; text-decoration: underline;\">Aproveitamento de Estudos<\/span><\/span><\/a><\/p>\n<p><span style=\"color: #0000ff;\"><a style=\"color: #0000ff;\" href=\"https:\/\/wp.ufpel.edu.br\/cra\/informacoes-academicas\/aproveitamento-por-extraordinario-conhecimento-prova-de-proficiencia\/\">Aproveitamento por extraordin\u00e1rio conhecimento (prova de profici\u00eancia)<\/a><\/span><\/p>\n<p><span style=\"color: #333399;\"><a style=\"color: #0000ff;\" href=\"https:\/\/wp.ufpel.edu.br\/cra\/informacoes-academicas\/exercicios-domiciliares\/\" target=\"_blank\" rel=\"noopener\">Exerc\u00edcios Domiciliares<\/a><\/span><\/p>\n<p><span style=\"color: #0000ff;\"><a style=\"color: #0000ff;\" href=\"https:\/\/wp.ufpel.edu.br\/cra\/informacoes-academicas\/abono-de-faltas\/\" target=\"_blank\" rel=\"noopener noreferrer\">Abono de faltas<\/a><\/span><\/p>\n<p><span style=\"color: #0000ff;\"><a style=\"color: #0000ff;\" href=\"https:\/\/wp.ufpel.edu.br\/cra\/informacoes-academicas\/quebra-de-pre-requisito\/\" target=\"_blank\" rel=\"noopener noreferrer\">Quebra de Pr\u00e9-requisito<\/a><\/span><\/p>\n<p><span style=\"text-decoration: underline;\"><span style=\"color: #0000ff; text-decoration: underline;\"><a style=\"color: #0000ff; text-decoration: underline;\" href=\"https:\/\/wp.ufpel.edu.br\/cra\/informacoes-academicas\/avaliacao-segunda-chamada\/\">Avalia\u00e7\u00e3o &#8211; Segunda Chamada<\/a><\/span><\/span><\/p>\n<p><a href=\"https:\/\/wp.ufpel.edu.br\/cra\/informacoes-academicas\/trancamentos\/\" target=\"_blank\" rel=\"noopener noreferrer\"><span style=\"text-decoration: underline;\"><span style=\"color: #0000ff; text-decoration: underline;\">Trancamento de Disciplina<\/span><\/span><\/a><\/p>\n<p><a href=\"https:\/\/wp.ufpel.edu.br\/cra\/informacoes-academicas\/trancamentos\/\" target=\"_blank\" rel=\"noopener noreferrer\"><span style=\"text-decoration: underline;\"><span style=\"color: #0000ff; text-decoration: underline;\">Trancamento Geral de Matr\u00edcula<\/span><\/span><\/a><\/p>\n<p><span style=\"color: #0000ff;\"><a style=\"color: #0000ff;\" href=\"https:\/\/wp.ufpel.edu.br\/matematicanoturno\/files\/2026\/02\/EstudosIntegradores.pdf\" target=\"_blank\" rel=\"noopener\">Estudos Integradores (atividades complementares)<\/a><\/span><\/p>\n<p><span style=\"color: #0000ff;\"><a style=\"color: #0000ff;\" href=\"https:\/\/wp.ufpel.edu.br\/matematicanoturno\/files\/2026\/02\/Orientacoes_Estagio.pdf\" target=\"_blank\" rel=\"noopener\">Orienta\u00e7\u00f5es de Est\u00e1gio<\/a><\/span><\/p>\n<p><span style=\"color: #0000ff;\"><a style=\"color: #0000ff;\" href=\"https:\/\/wp.ufpel.edu.br\/matematicanoturno\/files\/2026\/02\/TermoCompromissoEstagio.pdf\" target=\"_blank\" rel=\"noopener\">Termo de Compromisso de Est\u00e1gio<\/a><\/span><\/p>\n<p><span style=\"color: #0000ff;\"><a style=\"color: #0000ff;\" href=\"https:\/\/docs.google.com\/document\/d\/11QKsdqZsty3Zt4P1VBDbA2_UZl_dTYL6\/edit?usp=sharing&amp;ouid=115561627000323129349&amp;rtpof=true&amp;sd=true\" target=\"_blank\" rel=\"noopener\">Horas Complementares &#8211; Relat\u00f3rio para o Estudante\u00a0\u00a0<\/a><\/span><\/p>\n<p><span style=\"color: #0000ff;\"><a style=\"color: #0000ff;\" href=\"https:\/\/wp.ufpel.edu.br\/sisbi\/files\/2019\/10\/Manual-normas-vers%C3%A3o-site.pdf\" target=\"_blank\" rel=\"noopener noreferrer\">Manual de Normas UFPel para Trabalhos Acad\u00eamicos<\/a><\/span><\/p>\n<p><span style=\"color: #0000ff;\"><a style=\"color: #0000ff;\" href=\"https:\/\/wp.ufpel.edu.br\/sisbi\/files\/2017\/05\/Termo-tcc-e-especializacao.pdf\" target=\"_blank\" rel=\"noopener noreferrer\">Termo de Autoriza\u00e7\u00e3o para inserir TCC na Base de Dados da UFPel<\/a><\/span><\/p>\n","protected":false},"excerpt":{"rendered":"<p>Matr\u00edcula de ingressantes Rematr\u00edcula Matr\u00edcula especial Corre\u00e7\u00e3o de Matr\u00edcula Aproveitamento de Estudos Aproveitamento por extraordin\u00e1rio conhecimento (prova de profici\u00eancia) Exerc\u00edcios Domiciliares Abono de faltas Quebra de Pr\u00e9-requisito Avalia\u00e7\u00e3o &#8211; Segunda Chamada Trancamento de Disciplina Trancamento Geral de Matr\u00edcula Estudos Integradores (atividades complementares) Orienta\u00e7\u00f5es de Est\u00e1gio Termo de Compromisso de Est\u00e1gio Horas Complementares &#8211; Relat\u00f3rio para [&hellip;]<\/p>\n","protected":false},"author":466,"featured_media":0,"parent":0,"menu_order":0,"comment_status":"closed","ping_status":"closed","template":"","meta":{"jetpack_post_was_ever_published":false,"footnotes":""},"class_list":["post-38","page","type-page","status-publish","hentry"],"jetpack_sharing_enabled":true,"jetpack_shortlink":"https:\/\/wp.me\/P7sk8J-C","_links":{"self":[{"href":"https:\/\/wp.ufpel.edu.br\/matematicanoturno\/wp-json\/wp\/v2\/pages\/38","targetHints":{"allow":["GET"]}}],"collection":[{"href":"https:\/\/wp.ufpel.edu.br\/matematicanoturno\/wp-json\/wp\/v2\/pages"}],"about":[{"href":"https:\/\/wp.ufpel.edu.br\/matematicanoturno\/wp-json\/wp\/v2\/types\/page"}],"author":[{"embeddable":true,"href":"https:\/\/wp.ufpel.edu.br\/matematicanoturno\/wp-json\/wp\/v2\/users\/466"}],"replies":[{"embeddable":true,"href":"https:\/\/wp.ufpel.edu.br\/matematicanoturno\/wp-json\/wp\/v2\/comments?post=38"}],"version-history":[{"count":3,"href":"https:\/\/wp.ufpel.edu.br\/matematicanoturno\/wp-json\/wp\/v2\/pages\/38\/revisions"}],"predecessor-version":[{"id":3354,"href":"https:\/\/wp.ufpel.edu.br\/matematicanoturno\/wp-json\/wp\/v2\/pages\/38\/revisions\/3354"}],"wp:attachment":[{"href":"https:\/\/wp.ufpel.edu.br\/matematicanoturno\/wp-json\/wp\/v2\/media?parent=38"}],"curies":[{"name":"wp","href":"https:\/\/api.w.org\/{rel}","templated":true}]}}