{"id":2795,"date":"2023-03-22T21:10:28","date_gmt":"2023-03-23T00:10:28","guid":{"rendered":"https:\/\/wp.ufpel.edu.br\/matematicanoturno\/?page_id=2795"},"modified":"2025-02-13T18:12:08","modified_gmt":"2025-02-13T21:12:08","slug":"divulgacao-de-pesquisas-2","status":"publish","type":"page","link":"https:\/\/wp.ufpel.edu.br\/matematicanoturno\/divulgacao-de-pesquisas-2\/","title":{"rendered":"Divulga\u00e7\u00e3o de Pesquisas"},"content":{"rendered":"<style>.kadence-column2795_920b3a-f0 > .kt-inside-inner-col,.kadence-column2795_920b3a-f0 > .kt-inside-inner-col:before{border-top-left-radius:0px;border-top-right-radius:0px;border-bottom-right-radius:0px;border-bottom-left-radius:0px;}.kadence-column2795_920b3a-f0 > .kt-inside-inner-col{column-gap:var(--global-kb-gap-sm, 1rem);}.kadence-column2795_920b3a-f0 > .kt-inside-inner-col{flex-direction:column;}.kadence-column2795_920b3a-f0 > .kt-inside-inner-col > .aligncenter{width:100%;}.kadence-column2795_920b3a-f0 > .kt-inside-inner-col:before{opacity:0.3;}.kadence-column2795_920b3a-f0{position:relative;}@media all and (max-width: 1024px){.kadence-column2795_920b3a-f0 > .kt-inside-inner-col{flex-direction:column;justify-content:center;}}@media all and (max-width: 767px){.kadence-column2795_920b3a-f0 > .kt-inside-inner-col{flex-direction:column;justify-content:center;}}<\/style>\n<div class=\"wp-block-kadence-column kadence-column2795_920b3a-f0\"><div class=\"kt-inside-inner-col\"><style>.kt-accordion-id2795_d27065-ef .kt-accordion-inner-wrap{column-gap:var(--global-kb-gap-md, 2rem);row-gap:8px;}.kt-accordion-id2795_d27065-ef .kt-accordion-panel-inner{padding-top:var(--global-kb-spacing-sm, 1.5rem);padding-right:var(--global-kb-spacing-sm, 1.5rem);padding-bottom:var(--global-kb-spacing-sm, 1.5rem);padding-left:var(--global-kb-spacing-sm, 1.5rem);}.kt-accordion-id2795_d27065-ef > .kt-accordion-inner-wrap > .wp-block-kadence-pane > .kt-accordion-header-wrap > .kt-blocks-accordion-header{padding-top:var(--global-kb-spacing-xxs, 0.5rem);padding-right:var(--global-kb-spacing-xs, 1rem);padding-bottom:var(--global-kb-spacing-xxs, 0.5rem);padding-left:var(--global-kb-spacing-xs, 1rem);}@media all and (max-width: 767px){.kt-accordion-id2795_d27065-ef .kt-accordion-inner-wrap{display:block;}.kt-accordion-id2795_d27065-ef .kt-accordion-inner-wrap .kt-accordion-pane:not(:first-child){margin-top:8px;}}<\/style>\n<div class=\"wp-block-kadence-accordion alignnone\"><div class=\"kt-accordion-wrap kt-accordion-id2795_d27065-ef kt-accordion-has-7-panes kt-active-pane-6 kt-accordion-block kt-pane-header-alignment-left kt-accodion-icon-style-basic kt-accodion-icon-side-right\" style=\"max-width:none\"><div class=\"kt-accordion-inner-wrap\" data-allow-multiple-open=\"false\" data-start-open=\"6\">\n<div class=\"wp-block-kadence-pane kt-accordion-pane kt-accordion-pane-7 kt-pane2795_63c357-1f\"><div class=\"kt-accordion-header-wrap\"><button class=\"kt-blocks-accordion-header kt-acccordion-button-label-show\" type=\"button\"><span class=\"kt-blocks-accordion-title-wrap\"><span class=\"kt-blocks-accordion-title\">Pesquisa da UFRGS (12\/02\/2025)<\/span><\/span><span class=\"kt-blocks-accordion-icon-trigger\"><\/span><\/button><\/div><div class=\"kt-accordion-panel kt-accordion-panel-hidden\"><div class=\"kt-accordion-panel-inner\">\n<div class=\"wp-block-columns is-layout-flex wp-container-core-columns-is-layout-9d6595d7 wp-block-columns-is-layout-flex\">\n<div class=\"wp-block-column is-layout-flow wp-block-column-is-layout-flow\">\n<p>O N\u00facleo de Estudos sobre fam\u00edlia e institui\u00e7\u00f5es educacionais e sociais NEFIES, da UFRGS, convida estudantes universit\u00e1rios de 18 a 29 anos a responderem um question\u00e1rio sobre autoles\u00e3o n\u00e3o suicida, com dura\u00e7\u00e3o de cerca de 20 minutos. Tem-se como objetivo validar um instrumento sobre autoles\u00e3o para o uso no Brasil para melhor atender aos que apresentam essa conduta.<\/p>\n\n\n<div class=\"wp-block-image\">\n<figure class=\"aligncenter size-large is-resized\"><a href=\"https:\/\/wp.ufpel.edu.br\/matematicanoturno\/files\/2025\/02\/Divulgacao-pesquisa.jpeg\"><img width=\"1024\" height=\"1024\" data-attachment-id=\"3231\" data-permalink=\"https:\/\/wp.ufpel.edu.br\/matematicanoturno\/divulgacao-de-pesquisas-2\/divulgacao-pesquisa\/\" data-orig-file=\"https:\/\/wp.ufpel.edu.br\/matematicanoturno\/files\/2025\/02\/Divulgacao-pesquisa.jpeg\" data-orig-size=\"1080,1080\" data-comments-opened=\"0\" data-image-meta=\"{&quot;aperture&quot;:&quot;0&quot;,&quot;credit&quot;:&quot;&quot;,&quot;camera&quot;:&quot;&quot;,&quot;caption&quot;:&quot;&quot;,&quot;created_timestamp&quot;:&quot;0&quot;,&quot;copyright&quot;:&quot;&quot;,&quot;focal_length&quot;:&quot;0&quot;,&quot;iso&quot;:&quot;0&quot;,&quot;shutter_speed&quot;:&quot;0&quot;,&quot;title&quot;:&quot;&quot;,&quot;orientation&quot;:&quot;0&quot;}\" data-image-title=\"Divulgacao pesquisa\" data-image-description=\"\" data-image-caption=\"\" data-medium-file=\"https:\/\/wp.ufpel.edu.br\/matematicanoturno\/files\/2025\/02\/Divulgacao-pesquisa-400x400.jpeg\" data-large-file=\"https:\/\/wp.ufpel.edu.br\/matematicanoturno\/files\/2025\/02\/Divulgacao-pesquisa-1024x1024.jpeg\" src=\"https:\/\/wp.ufpel.edu.br\/matematicanoturno\/files\/2025\/02\/Divulgacao-pesquisa-1024x1024.jpeg\" alt=\"\" class=\"wp-image-3231\" style=\"width:449px;height:auto\" srcset=\"https:\/\/wp.ufpel.edu.br\/matematicanoturno\/files\/2025\/02\/Divulgacao-pesquisa-1024x1024.jpeg 1024w, https:\/\/wp.ufpel.edu.br\/matematicanoturno\/files\/2025\/02\/Divulgacao-pesquisa-400x400.jpeg 400w, https:\/\/wp.ufpel.edu.br\/matematicanoturno\/files\/2025\/02\/Divulgacao-pesquisa-200x200.jpeg 200w, https:\/\/wp.ufpel.edu.br\/matematicanoturno\/files\/2025\/02\/Divulgacao-pesquisa-768x768.jpeg 768w, https:\/\/wp.ufpel.edu.br\/matematicanoturno\/files\/2025\/02\/Divulgacao-pesquisa.jpeg 1080w\" sizes=\"(max-width: 1024px) 100vw, 1024px\" \/><\/a><\/figure>\n<\/div>\n\n\n<p>Por favor, acesse o link e colabore:\u00a0<a href=\"https:\/\/pt.surveymonkey.com\/r\/62BZDKN\u00a0\"><mark style=\"background-color:rgba(0, 0, 0, 0);color:#2925e9\" class=\"has-inline-color\">https:\/\/pt.surveymonkey.com\/r\/62BZDKN\u00a0<\/mark><\/a><\/p>\n<\/div>\n<\/div>\n<\/div><\/div><\/div>\n\n\n\n<div class=\"wp-block-kadence-pane kt-accordion-pane kt-accordion-pane-1 kt-pane2795_5d4c95-b3\"><div class=\"kt-accordion-header-wrap\"><button class=\"kt-blocks-accordion-header kt-acccordion-button-label-show\" type=\"button\"><span class=\"kt-blocks-accordion-title-wrap\"><span class=\"kt-blocks-accordion-title\">Pesquisa da UFRGS (08\/10\/2024)<\/span><\/span><span class=\"kt-blocks-accordion-icon-trigger\"><\/span><\/button><\/div><div class=\"kt-accordion-panel kt-accordion-panel-hidden\"><div class=\"kt-accordion-panel-inner\">\n<div class=\"wp-block-columns is-layout-flex wp-container-core-columns-is-layout-9d6595d7 wp-block-columns-is-layout-flex\">\n<div class=\"wp-block-column is-layout-flow wp-block-column-is-layout-flow\">\n<p>A p\u00f3s-doutoranda Tu\u00edla Maciel Felinto, no PPG de Psicologia da UFRGS,  est\u00e1 solicitando a colabora\u00e7\u00e3o em sua pesquisa.<\/p>\n\n\n\n<p>Seu tema de pesquisa s\u00e3o as <strong>emo\u00e7\u00f5es e mem\u00f3ria<\/strong>. Os resultados dessa pesquisa podem contribuir para a compreens\u00e3o de aspectos que influenciam a forma como as pessoas se lembram de situa\u00e7\u00f5es emocionais que elas viveram e como essas lembran\u00e7as afetam suas vidas..<\/p>\n\n\n\n<p>O \u00fanico crit\u00e9rio de participa\u00e7\u00e3o \u00e9 ser maior de 18 anos. Sua contribui\u00e7\u00e3o \u00e9 de extrema import\u00e2ncia para o avan\u00e7o da ci\u00eancia nessa \u00e1rea.&nbsp;<strong>Garantimos total anonimato e sigilo dos dados.<\/strong> <\/p>\n\n\n\n<p>O link para participar \u00e9 esse:&nbsp;<a href=\"https:\/\/www.ufrgs.br\/biosig\/ir\/emomem-1a\/\"><mark style=\"background-color:rgba(0, 0, 0, 0);color:#0928d9\" class=\"has-inline-color\">https:\/\/www.ufrgs.br\/biosig\/ir\/emomem-1a\/<\/mark><\/a><\/p>\n<\/div>\n<\/div>\n\n\n<div class=\"wp-block-image\">\n<figure class=\"aligncenter size-large is-resized\"><a href=\"https:\/\/wp.ufpel.edu.br\/matematicanoturno\/files\/2024\/10\/divulgacao-1A.jpg\"><img width=\"576\" height=\"1024\" data-attachment-id=\"3178\" data-permalink=\"https:\/\/wp.ufpel.edu.br\/matematicanoturno\/divulgacao-de-pesquisas-2\/divulgacao-1a\/\" data-orig-file=\"https:\/\/wp.ufpel.edu.br\/matematicanoturno\/files\/2024\/10\/divulgacao-1A.jpg\" data-orig-size=\"1080,1920\" data-comments-opened=\"0\" data-image-meta=\"{&quot;aperture&quot;:&quot;0&quot;,&quot;credit&quot;:&quot;&quot;,&quot;camera&quot;:&quot;&quot;,&quot;caption&quot;:&quot;&quot;,&quot;created_timestamp&quot;:&quot;0&quot;,&quot;copyright&quot;:&quot;&quot;,&quot;focal_length&quot;:&quot;0&quot;,&quot;iso&quot;:&quot;0&quot;,&quot;shutter_speed&quot;:&quot;0&quot;,&quot;title&quot;:&quot;&quot;,&quot;orientation&quot;:&quot;0&quot;}\" data-image-title=\"divulga\u00e7\u00e3o 1A\" data-image-description=\"\" data-image-caption=\"\" data-medium-file=\"https:\/\/wp.ufpel.edu.br\/matematicanoturno\/files\/2024\/10\/divulgacao-1A-225x400.jpg\" data-large-file=\"https:\/\/wp.ufpel.edu.br\/matematicanoturno\/files\/2024\/10\/divulgacao-1A-576x1024.jpg\" src=\"https:\/\/wp.ufpel.edu.br\/matematicanoturno\/files\/2024\/10\/divulgacao-1A-576x1024.jpg\" alt=\"\" class=\"wp-image-3178\" style=\"width:291px;height:auto\" srcset=\"https:\/\/wp.ufpel.edu.br\/matematicanoturno\/files\/2024\/10\/divulgacao-1A-576x1024.jpg 576w, https:\/\/wp.ufpel.edu.br\/matematicanoturno\/files\/2024\/10\/divulgacao-1A-225x400.jpg 225w, https:\/\/wp.ufpel.edu.br\/matematicanoturno\/files\/2024\/10\/divulgacao-1A-768x1365.jpg 768w, https:\/\/wp.ufpel.edu.br\/matematicanoturno\/files\/2024\/10\/divulgacao-1A-864x1536.jpg 864w, https:\/\/wp.ufpel.edu.br\/matematicanoturno\/files\/2024\/10\/divulgacao-1A.jpg 1080w\" sizes=\"(max-width: 576px) 100vw, 576px\" \/><\/a><\/figure>\n<\/div><\/div><\/div><\/div>\n\n\n\n<div class=\"wp-block-kadence-pane kt-accordion-pane kt-accordion-pane-6 kt-pane2795_b89996-a0\"><div class=\"kt-accordion-header-wrap\"><button class=\"kt-blocks-accordion-header kt-acccordion-button-label-show\" type=\"button\"><span class=\"kt-blocks-accordion-title-wrap\"><span class=\"kt-blocks-accordion-title\">Pesquisa da UFRGS (06\/09\/2023)<\/span><\/span><span class=\"kt-blocks-accordion-icon-trigger\"><\/span><\/button><\/div><div class=\"kt-accordion-panel kt-accordion-panel-hidden\"><div class=\"kt-accordion-panel-inner\">\n<div class=\"wp-block-columns is-layout-flex wp-container-core-columns-is-layout-9d6595d7 wp-block-columns-is-layout-flex\">\n<div class=\"wp-block-column is-layout-flow wp-block-column-is-layout-flow\">\n<p>Pesquisa sobre <strong>Autoles\u00e3o N\u00e3o Suicida e Esquemas Iniciais Desadaptativos<\/strong>, este \u00e9 um t\u00f3pico importante na atualidade, especialmente entre os universit\u00e1rios que, por sofrerem com a sobrecarga curricular e n\u00e3o desenvolverem equil\u00edbrio emocional, recorrem a esses m\u00e9todos.<\/p>\n\n\n\n<p>A coleta de dados ser\u00e1 realizada de maneira an\u00f4nima por meio do Google Forms (sem reten\u00e7\u00e3o de e-mail) O link para participar \u00e9 esse:&nbsp;<a rel=\"noreferrer noopener\" href=\"https:\/\/forms.gle\/1vxSvjXcxRafb6136\" target=\"_blank\"><mark style=\"background-color:rgba(0, 0, 0, 0);color:#111ce4\" class=\"has-inline-color\">https:\/\/forms.gle\/1vxSvjXcxRafb6136<\/mark><\/a><\/p>\n\n\n\n<p>Sua participa\u00e7\u00e3o  \u00e9 importante para a amplia\u00e7\u00e3o do conhecimento sobre o tema e desenvolvimento de projetos de preven\u00e7\u00e3o.<\/p>\n<\/div>\n<\/div>\n\n\n<div class=\"wp-block-image\">\n<figure class=\"aligncenter size-medium\"><a href=\"https:\/\/wp.ufpel.edu.br\/matematicanoturno\/files\/2023\/09\/Divulgacao-da-pesquisa.png\"><img width=\"283\" height=\"400\" data-attachment-id=\"3052\" data-permalink=\"https:\/\/wp.ufpel.edu.br\/matematicanoturno\/divulgacao-de-pesquisas-2\/divulgacao-da-pesquisa\/\" data-orig-file=\"https:\/\/wp.ufpel.edu.br\/matematicanoturno\/files\/2023\/09\/Divulgacao-da-pesquisa.png\" data-orig-size=\"1414,2000\" data-comments-opened=\"0\" data-image-meta=\"{&quot;aperture&quot;:&quot;0&quot;,&quot;credit&quot;:&quot;&quot;,&quot;camera&quot;:&quot;&quot;,&quot;caption&quot;:&quot;&quot;,&quot;created_timestamp&quot;:&quot;0&quot;,&quot;copyright&quot;:&quot;&quot;,&quot;focal_length&quot;:&quot;0&quot;,&quot;iso&quot;:&quot;0&quot;,&quot;shutter_speed&quot;:&quot;0&quot;,&quot;title&quot;:&quot;&quot;,&quot;orientation&quot;:&quot;0&quot;}\" data-image-title=\"Divulgacao-da-pesquisa\" data-image-description=\"\" data-image-caption=\"\" data-medium-file=\"https:\/\/wp.ufpel.edu.br\/matematicanoturno\/files\/2023\/09\/Divulgacao-da-pesquisa-283x400.png\" data-large-file=\"https:\/\/wp.ufpel.edu.br\/matematicanoturno\/files\/2023\/09\/Divulgacao-da-pesquisa-724x1024.png\" src=\"https:\/\/wp.ufpel.edu.br\/matematicanoturno\/files\/2023\/09\/Divulgacao-da-pesquisa-283x400.png\" alt=\"\" class=\"wp-image-3052\" srcset=\"https:\/\/wp.ufpel.edu.br\/matematicanoturno\/files\/2023\/09\/Divulgacao-da-pesquisa-283x400.png 283w, https:\/\/wp.ufpel.edu.br\/matematicanoturno\/files\/2023\/09\/Divulgacao-da-pesquisa-724x1024.png 724w, https:\/\/wp.ufpel.edu.br\/matematicanoturno\/files\/2023\/09\/Divulgacao-da-pesquisa-768x1086.png 768w, https:\/\/wp.ufpel.edu.br\/matematicanoturno\/files\/2023\/09\/Divulgacao-da-pesquisa-1086x1536.png 1086w, https:\/\/wp.ufpel.edu.br\/matematicanoturno\/files\/2023\/09\/Divulgacao-da-pesquisa.png 1414w\" sizes=\"(max-width: 283px) 100vw, 283px\" \/><\/a><\/figure>\n<\/div><\/div><\/div><\/div>\n\n\n\n<div class=\"wp-block-kadence-pane kt-accordion-pane kt-accordion-pane-5 kt-pane2795_88ab1b-a6\"><div class=\"kt-accordion-header-wrap\"><button class=\"kt-blocks-accordion-header kt-acccordion-button-label-show\" type=\"button\"><span class=\"kt-blocks-accordion-title-wrap\"><span class=\"kt-blocks-accordion-title\">TCC em Psicologia (21\/03\/2023)<\/span><\/span><span class=\"kt-blocks-accordion-icon-trigger\"><\/span><\/button><\/div><div class=\"kt-accordion-panel kt-accordion-panel-hidden\"><div class=\"kt-accordion-panel-inner\">\n<div class=\"wp-block-columns is-layout-flex wp-container-core-columns-is-layout-9d6595d7 wp-block-columns-is-layout-flex\">\n<div class=\"wp-block-column is-layout-flow wp-block-column-is-layout-flow\">\n<p>A acad\u00eamica Larissa Braga, do 9\u00b0 semestre de Psicologia da UCPel est\u00e1 solicitando a colabora\u00e7\u00e3o em sua pesquisa.<\/p>\n\n\n\n<p>T\u00edtulo do estudo: \u201cMobilidade estudantil: Qual a rela\u00e7\u00e3o de sintomas ansiosos e depressivos clinicamente significativos com apoio social, desempenho acad\u00eamico e condi\u00e7\u00f5es financeiras?\u201d<\/p>\n\n\n\n<p>Esta pesquisa \u00e9 voltada para estudantes maiores de 18 anos, de todos os cursos da UFPel e UCPel que precisaram deixar suas cidades para cursar a gradua\u00e7\u00e3o em Pelotas.<\/p>\n\n\n\n<p>O question\u00e1rio \u00e9 autorrespondido e leva em m\u00e9dia 10 minutos! As participa\u00e7\u00f5es s\u00e3o an\u00f4nimas.<\/p>\n\n\n\n<p>Caso haja considera\u00e7\u00e3o ou d\u00favida sobre a pesquisa, podem entrar em contato com os pesquisadores respons\u00e1veis pelo contato dispon\u00edvel no formul\u00e1rio.<\/p>\n\n\n\n<p>Link do formul\u00e1rio: <a href=\"https:\/\/forms.gle\/2UQCz6hKkMPoZPS57\" target=\"_blank\" rel=\"noreferrer noopener\">https:\/\/forms.gle\/2UQCz6hKkMPoZPS57<\/a><\/p>\n<\/div>\n<\/div>\n<\/div><\/div><\/div>\n\n\n\n<div class=\"wp-block-kadence-pane kt-accordion-pane kt-accordion-pane-2 kt-pane2795_11af3a-48\"><div class=\"kt-accordion-header-wrap\"><button class=\"kt-blocks-accordion-header kt-acccordion-button-label-show\" type=\"button\"><span class=\"kt-blocks-accordion-title-wrap\"><span class=\"kt-blocks-accordion-title\">Disserta\u00e7\u00e3o em Psicologia 2 (22\/02\/2023)<\/span><\/span><span class=\"kt-blocks-accordion-icon-trigger\"><\/span><\/button><\/div><div class=\"kt-accordion-panel kt-accordion-panel-hidden\"><div class=\"kt-accordion-panel-inner\">\n<div class=\"wp-block-columns is-layout-flex wp-container-core-columns-is-layout-9d6595d7 wp-block-columns-is-layout-flex\">\n<div class=\"wp-block-column is-layout-flow wp-block-column-is-layout-flow\" style=\"flex-basis:66.66%\">\n<p>A acad\u00eamica Alyne Zgievski Barreto, psic\u00f3loga e mestranda do Programa de P\u00f3s Gradua\u00e7\u00e3o em Psicologia da UFRGS (PPGPSICO), sob orienta\u00e7\u00e3o da Professora Dra. Let\u00edcia Czepielewski o convida a participar de sua pesquisa sobre Consequ\u00eancias psicol\u00f3gicas da COVID-19.<\/p>\n\n\n\n<p>Para participar e responder o question\u00e1rio, acessar: <a href=\"http:\/\/encurtador.com.br\/aeJMX\" target=\"_blank\" rel=\"noreferrer noopener\">http:\/\/encurtador.com.br\/aeJMX<\/a><\/p>\n<\/div>\n\n\n\n<div class=\"wp-block-column is-layout-flow wp-block-column-is-layout-flow\" style=\"flex-basis:33.33%\">\n<figure class=\"wp-block-image size-large\"><a href=\"https:\/\/wp.ufpel.edu.br\/matematicanoturno\/files\/2023\/03\/Consequencias-psicologicas-da-COVID-19.png\"><img width=\"1024\" height=\"1024\" data-attachment-id=\"2800\" data-permalink=\"https:\/\/wp.ufpel.edu.br\/matematicanoturno\/divulgacao-de-pesquisas-2\/consequencias-psicologicas-da-covid-19\/\" data-orig-file=\"https:\/\/wp.ufpel.edu.br\/matematicanoturno\/files\/2023\/03\/Consequencias-psicologicas-da-COVID-19.png\" data-orig-size=\"1080,1080\" data-comments-opened=\"0\" data-image-meta=\"{&quot;aperture&quot;:&quot;0&quot;,&quot;credit&quot;:&quot;&quot;,&quot;camera&quot;:&quot;&quot;,&quot;caption&quot;:&quot;&quot;,&quot;created_timestamp&quot;:&quot;0&quot;,&quot;copyright&quot;:&quot;&quot;,&quot;focal_length&quot;:&quot;0&quot;,&quot;iso&quot;:&quot;0&quot;,&quot;shutter_speed&quot;:&quot;0&quot;,&quot;title&quot;:&quot;&quot;,&quot;orientation&quot;:&quot;0&quot;}\" data-image-title=\"Consequencias-psicologicas-da-COVID-19\" data-image-description=\"\" data-image-caption=\"\" data-medium-file=\"https:\/\/wp.ufpel.edu.br\/matematicanoturno\/files\/2023\/03\/Consequencias-psicologicas-da-COVID-19-400x400.png\" data-large-file=\"https:\/\/wp.ufpel.edu.br\/matematicanoturno\/files\/2023\/03\/Consequencias-psicologicas-da-COVID-19-1024x1024.png\" src=\"https:\/\/wp.ufpel.edu.br\/matematicanoturno\/files\/2023\/03\/Consequencias-psicologicas-da-COVID-19-1024x1024.png\" alt=\"\" class=\"wp-image-2800\" srcset=\"https:\/\/wp.ufpel.edu.br\/matematicanoturno\/files\/2023\/03\/Consequencias-psicologicas-da-COVID-19-1024x1024.png 1024w, https:\/\/wp.ufpel.edu.br\/matematicanoturno\/files\/2023\/03\/Consequencias-psicologicas-da-COVID-19-400x400.png 400w, https:\/\/wp.ufpel.edu.br\/matematicanoturno\/files\/2023\/03\/Consequencias-psicologicas-da-COVID-19-200x200.png 200w, https:\/\/wp.ufpel.edu.br\/matematicanoturno\/files\/2023\/03\/Consequencias-psicologicas-da-COVID-19-768x768.png 768w, https:\/\/wp.ufpel.edu.br\/matematicanoturno\/files\/2023\/03\/Consequencias-psicologicas-da-COVID-19.png 1080w\" sizes=\"(max-width: 1024px) 100vw, 1024px\" \/><\/a><\/figure>\n<\/div>\n<\/div>\n<\/div><\/div><\/div>\n\n\n\n<div class=\"wp-block-kadence-pane kt-accordion-pane kt-accordion-pane-3 kt-pane2795_82a67b-02\"><div class=\"kt-accordion-header-wrap\"><button class=\"kt-blocks-accordion-header kt-acccordion-button-label-show\" type=\"button\"><span class=\"kt-blocks-accordion-title-wrap\"><span class=\"kt-blocks-accordion-title\">Disserta\u00e7\u00e3o em Psicologia 1 (22\/02\/2023)<\/span><\/span><span class=\"kt-blocks-accordion-icon-trigger\"><\/span><\/button><\/div><div class=\"kt-accordion-panel kt-accordion-panel-hidden\"><div class=\"kt-accordion-panel-inner\">\n<div class=\"wp-block-columns is-layout-flex wp-container-core-columns-is-layout-9d6595d7 wp-block-columns-is-layout-flex\">\n<div class=\"wp-block-column is-layout-flow wp-block-column-is-layout-flow\" style=\"flex-basis:66.66%\">\n<p>O acad\u00eamico Lucas Berticelli, mestrando em Psicologia pela Universidade Federal do Rio Grande do Sul (UFRGS), orientado pela Profa. Dra. Clarissa Marceli Trentini solicita a colabora\u00e7\u00e3o para participa\u00e7\u00e3o e divulga\u00e7\u00e3o em sua pesquisa.<\/p>\n\n\n\n<p>A pesquisa \u00e9 totalmente on-line e sigilosa.<\/p>\n\n\n\n<p>A pesquisa que tem por finalidade investigar os perfis de uso do Instagram e poss\u00edveis associa\u00e7\u00f5es com vari\u00e1veis psicossociais, como a personalidade e a autoestima, por exemplo.<\/p>\n\n\n\n<p>O link para acess\u00e1-la \u00e9 <a href=\"https:\/\/pt.surveymonkey.com\/r\/PesquisaInstagram\" target=\"_blank\" rel=\"noreferrer noopener\">https:\/\/pt.surveymonkey.com\/r\/PesquisaInstagram<\/a><\/p>\n\n\n\n<p>Se poss\u00edvel, compartilhe o link da pesquisa com familiares, colegas, amigos e pessoas pr\u00f3ximas, para que seja alcan\u00e7ada uma amostra heterog\u00eanea e que represente diferentes perfis socioecon\u00f4micos e demogr\u00e1ficos.<\/p>\n<\/div>\n\n\n\n<div class=\"wp-block-column is-layout-flow wp-block-column-is-layout-flow\" style=\"flex-basis:33.33%\">\n<figure class=\"wp-block-image size-large\"><a href=\"https:\/\/wp.ufpel.edu.br\/matematicanoturno\/files\/2023\/03\/Cartaz-Pesquisa-Instagram.jpg\"><img width=\"1024\" height=\"1024\" data-attachment-id=\"2802\" data-permalink=\"https:\/\/wp.ufpel.edu.br\/matematicanoturno\/divulgacao-de-pesquisas-2\/cartaz-pesquisa-instagram\/\" data-orig-file=\"https:\/\/wp.ufpel.edu.br\/matematicanoturno\/files\/2023\/03\/Cartaz-Pesquisa-Instagram.jpg\" data-orig-size=\"1654,1654\" data-comments-opened=\"0\" data-image-meta=\"{&quot;aperture&quot;:&quot;0&quot;,&quot;credit&quot;:&quot;&quot;,&quot;camera&quot;:&quot;&quot;,&quot;caption&quot;:&quot;&quot;,&quot;created_timestamp&quot;:&quot;0&quot;,&quot;copyright&quot;:&quot;&quot;,&quot;focal_length&quot;:&quot;0&quot;,&quot;iso&quot;:&quot;0&quot;,&quot;shutter_speed&quot;:&quot;0&quot;,&quot;title&quot;:&quot;&quot;,&quot;orientation&quot;:&quot;1&quot;}\" data-image-title=\"Cartaz-Pesquisa-Instagram\" data-image-description=\"\" data-image-caption=\"\" data-medium-file=\"https:\/\/wp.ufpel.edu.br\/matematicanoturno\/files\/2023\/03\/Cartaz-Pesquisa-Instagram-400x400.jpg\" data-large-file=\"https:\/\/wp.ufpel.edu.br\/matematicanoturno\/files\/2023\/03\/Cartaz-Pesquisa-Instagram-1024x1024.jpg\" src=\"https:\/\/wp.ufpel.edu.br\/matematicanoturno\/files\/2023\/03\/Cartaz-Pesquisa-Instagram-1024x1024.jpg\" alt=\"\" class=\"wp-image-2802\" srcset=\"https:\/\/wp.ufpel.edu.br\/matematicanoturno\/files\/2023\/03\/Cartaz-Pesquisa-Instagram-1024x1024.jpg 1024w, https:\/\/wp.ufpel.edu.br\/matematicanoturno\/files\/2023\/03\/Cartaz-Pesquisa-Instagram-400x400.jpg 400w, https:\/\/wp.ufpel.edu.br\/matematicanoturno\/files\/2023\/03\/Cartaz-Pesquisa-Instagram-200x200.jpg 200w, https:\/\/wp.ufpel.edu.br\/matematicanoturno\/files\/2023\/03\/Cartaz-Pesquisa-Instagram-768x768.jpg 768w, https:\/\/wp.ufpel.edu.br\/matematicanoturno\/files\/2023\/03\/Cartaz-Pesquisa-Instagram-1536x1536.jpg 1536w, https:\/\/wp.ufpel.edu.br\/matematicanoturno\/files\/2023\/03\/Cartaz-Pesquisa-Instagram.jpg 1654w\" sizes=\"(max-width: 1024px) 100vw, 1024px\" \/><\/a><\/figure>\n<\/div>\n<\/div>\n<\/div><\/div><\/div>\n\n\n\n<div class=\"wp-block-kadence-pane kt-accordion-pane kt-accordion-pane-4 kt-pane2795_5ae2c2-18\"><div class=\"kt-accordion-header-wrap\"><button class=\"kt-blocks-accordion-header kt-acccordion-button-label-show\" type=\"button\"><span class=\"kt-blocks-accordion-title-wrap\"><span class=\"kt-blocks-accordion-title\">Tese em Administra\u00e7\u00e3o (20\/02\/2023)<\/span><\/span><span class=\"kt-blocks-accordion-icon-trigger\"><\/span><\/button><\/div><div class=\"kt-accordion-panel kt-accordion-panel-hidden\"><div class=\"kt-accordion-panel-inner\">\n<div class=\"wp-block-columns is-layout-flex wp-container-core-columns-is-layout-9d6595d7 wp-block-columns-is-layout-flex\">\n<div class=\"wp-block-column is-layout-flow wp-block-column-is-layout-flow\">\n<p>O acad\u00eamico \u00c1lvaro Freitas Faustino Dias, doutorando em Administra\u00e7\u00e3o, do PPGAD, na Universidade Federal de Mato Grosso do Sul solicita a participa\u00e7\u00e3o em sua pesquisa.<\/p>\n\n\n\n<p>Seu estudo visa obter de dados para identificar os n\u00edveis de inten\u00e7\u00e3o de consumo do turista brasileiro se tratando do ecoturismo.<\/p>\n\n\n\n<p>O link para o question\u00e1rio da pesquisa \u00e9: <a href=\"https:\/\/pt.surveymonkey.com\/r\/JGMWXTS\" target=\"_blank\" rel=\"noreferrer noopener\">https:\/\/pt.surveymonkey.com\/r\/JGMWXTS<\/a><\/p>\n\n\n\n<p>Ele ressalta que o question\u00e1rio n\u00e3o solicita dados que possam identificar o participante, tais como: e-mail, telefone, nome, RG, CPF, dentre outros.<\/p>\n<\/div>\n<\/div>\n<\/div><\/div><\/div>\n<\/div><\/div><\/div>\n<\/div><\/div>\n","protected":false},"excerpt":{"rendered":"","protected":false},"author":466,"featured_media":0,"parent":0,"menu_order":0,"comment_status":"closed","ping_status":"closed","template":"","meta":{"jetpack_post_was_ever_published":false,"footnotes":""},"class_list":["post-2795","page","type-page","status-publish","hentry"],"jetpack_sharing_enabled":true,"jetpack_shortlink":"https:\/\/wp.me\/P7sk8J-J5","_links":{"self":[{"href":"https:\/\/wp.ufpel.edu.br\/matematicanoturno\/wp-json\/wp\/v2\/pages\/2795","targetHints":{"allow":["GET"]}}],"collection":[{"href":"https:\/\/wp.ufpel.edu.br\/matematicanoturno\/wp-json\/wp\/v2\/pages"}],"about":[{"href":"https:\/\/wp.ufpel.edu.br\/matematicanoturno\/wp-json\/wp\/v2\/types\/page"}],"author":[{"embeddable":true,"href":"https:\/\/wp.ufpel.edu.br\/matematicanoturno\/wp-json\/wp\/v2\/users\/466"}],"replies":[{"embeddable":true,"href":"https:\/\/wp.ufpel.edu.br\/matematicanoturno\/wp-json\/wp\/v2\/comments?post=2795"}],"version-history":[{"count":12,"href":"https:\/\/wp.ufpel.edu.br\/matematicanoturno\/wp-json\/wp\/v2\/pages\/2795\/revisions"}],"predecessor-version":[{"id":3233,"href":"https:\/\/wp.ufpel.edu.br\/matematicanoturno\/wp-json\/wp\/v2\/pages\/2795\/revisions\/3233"}],"wp:attachment":[{"href":"https:\/\/wp.ufpel.edu.br\/matematicanoturno\/wp-json\/wp\/v2\/media?parent=2795"}],"curies":[{"name":"wp","href":"https:\/\/api.w.org\/{rel}","templated":true}]}}