{"id":1514,"date":"2019-08-19T18:51:31","date_gmt":"2019-08-19T21:51:31","guid":{"rendered":"https:\/\/wp.ufpel.edu.br\/matematicanoturno\/?page_id=1514"},"modified":"2019-08-19T18:51:31","modified_gmt":"2019-08-19T21:51:31","slug":"colacao-de-grau-interna-3","status":"publish","type":"page","link":"https:\/\/wp.ufpel.edu.br\/matematicanoturno\/colacao-de-grau-interna-3\/","title":{"rendered":"Cola\u00e7\u00e3o de Grau Interna"},"content":{"rendered":"<p>Na sexta-feira, dia 09\/08, foi realizada a CERIM\u00d4NIA DE COLA\u00c7\u00c3O DE GRAU INTERNA da estudante <strong>Patricia Guterres Borges<\/strong> que concluiu os Curso de Licenciatura em Matem\u00e1tica Noturno, da Universidade Federal de Pelotas, no primeiro per\u00edodo letivo de 2019.<\/p>\n<p><img class=\" aligncenter\" src=\"https:\/\/public.boxcloud.com\/api\/2.0\/internal_files\/510239477880\/versions\/540271831080\/representations\/jpg_paged_2048x2048\/content\/1.jpg?access_token=1!0El_F05e68fgXP6B2Y-jxM9RBpbxJpA7InUhQav5usWpBxADAoUdil5ygccwSlixyEbpgzGmlxlGn3x9WZMLlDBpuz8utDHLWmGYUXbGnyQCcF7T2Eo1pl4S9qIK75K0NFISfqBRhg5RaxkQhsK3EFAzFELRP_sN2dM2ekw1CL36L5GpKnF_P7yWczzLWkJsSmeb6qUFV1QuZIc1jnVoLGe7l8s4oNwCKFX3BB5RkvXxX4P-7AwBSOf2H3ukCNeee2Ig7IjW-WpUIl7dL4tPI3LtwR4Of-UeCRxKqZvZuMnI4wgWwoIekTro1tkrilrbd43xUq8Hd4TqePLutnyWTnuSvrKTSAqJbxMD3feG7_F_C07cCRev98hCtDdl7zheXnahhPuznqi_JKj11fhPlXDaQn0gdy2F6dLlTIhqxk-Vy94vDj2Wiz6pJW4uhWHmfLz8G4-JGRv3WqRjBQszxM-x6jQFm2fXojMrdsA1_WvC2SH_9VuG3jqDmHd53Ou20-ExJk-pHspt853lJuQGUMC4MOd0rcRO5LGGzeK2Jis6iePMgC0iyeOLJ5GaLa-yeQ..&amp;box_client_name=box-content-preview&amp;box_client_version=2.16.0\" width=\"451\" height=\"338\" \/><\/p>\n<p>&nbsp;<\/p>\n<p><img class=\" aligncenter\" src=\"https:\/\/public.boxcloud.com\/api\/2.0\/internal_files\/510228761694\/versions\/540259092894\/representations\/jpg_paged_2048x2048\/content\/1.jpg?access_token=1!19OKbWoFhwmrfb-MgxK7tzZXN-klv6tG90rz1U2zpWroIl8L3OARiQ8guL5oBqfLSdggW_wT2Fgp5CHWgRvjpQoXLAPH3DjSmKpAAUHJUknC1PpB_KTRpGGalYp3L_EbdUk_avmOfrJicgKi_vF0Gff2oj5t_USNp72jyHBgUayTYyvUa5cl14_PTJzhuQEcSoSDOMTe2YRQ1LE38EubOIaO0KAScSdWdjGKnFCJhGitLIWrOegDkfpAO6AAZsQSZWTpRwUrVQUNukNDfXoOukkSl4IXiz55wjPUCEtFquRO35R-7menb0xo8Vmdv-xU2mEJtR5I7XQEmotg6r9OYQ_q3RumM-ByIQH4mGoMXyYxPa0CZyqCuFvJD0E_nSFCmxm4o11xDQeo1nC28XuaY3-wGOZAMPbMF3CjDOWuxtjV3edazv8KTgSKH309RKai8HCg-zytKjgopySNQ6wK28xysw2Ce_cKB7ImUfHRtxlCg7hFUmBLHMuuFVwpupNusg_jXfzDpYizNfJr-GRCikw-0ai6aUK1M43VeUMqp88b4yNJ_gAqEnIEta0B7L28sg..&amp;box_client_name=box-content-preview&amp;box_client_version=2.16.0\" width=\"450\" height=\"383\" \/><\/p>\n<p>&nbsp;<\/p>\n<p>A Coordena\u00e7\u00e3o do Colegiado do Curso de Licenciatura em Matem\u00e1tica Noturno parabeniza a formanda de 2019\/1 e seus familiares e, deseja muito sucesso e felicidade em sua jornada.<\/p>\n<p>&nbsp;<\/p>\n<p><img class=\" aligncenter\" src=\"https:\/\/public.boxcloud.com\/api\/2.0\/internal_files\/510228107407\/versions\/540258301807\/representations\/jpg_paged_2048x2048\/content\/1.jpg?access_token=1!Jmgm2gcmb3zycL8LqdBUPWbt7pamITW7KgY5f3Lj3A5llGJiZ8Kqrmd7Jd1Zr0gOdrd9KUQYKhjK9pnbSxOp2zuQ9z1wX_bzGQ8XAIpPRXMaflA9tn4QqcbEvRja8nEcziPxQs2P9CN9VdFJmaxA2dEJD4GvLCRlzz2hjCyAT7eWTinm9KYxgQVDb-OfP8jvYkh1tET699Yhrs8CF0Jzio9tMwWCLRWJDuEBC9AqDvakpx27Vf8CP_NGsKxl3NmnhWToAG5uWHrKbLTNrG_zYICwegAbwFKoemb6sGPSfS6QV1WUKd5pqZ_QjuHGXlM6eAWUsGPm499tTsjLv2ioN8R2UqAvkXqCWtoMtXaSBzwu4onWRV48jNFFLN9iC_wSkgg7MJcYgnykoqEL_ospTwRBN6oAzB2gqgVj-OHdZ27zFM4aszTEki1Pk2Sws4sUBdPBdN2tcyNwSGZcVIAFm-LHhLm41TO40kuI-XKXON8zOfhcCVbl9XAVPFNsqB_0WxqpHfDHhvwf7T9-5ls-dbNCZv1pkMbHZv-MXo3jNxDeTTzALVNmSNFSz55e5OJlGg..&amp;box_client_name=box-content-preview&amp;box_client_version=2.16.0\" width=\"416\" height=\"312\" \/><\/p>\n<p>&nbsp;<\/p>\n<p><img class=\"aligncenter\" src=\"https:\/\/public.boxcloud.com\/api\/2.0\/internal_files\/510239668528\/versions\/540272102128\/representations\/jpg_paged_2048x2048\/content\/1.jpg?access_token=1!oQRdRAkzmi-cHqcEjJGRsRVoL0wTMrO9Yk_2hCfravvs8ZpPh1kZnUx2wmDCk7h_AJrTCnacmd15K5sVgprLvNlX0nbNi_LSjNSDgPLNP7cGB_MiHVmHO1Qc4ecqyxztwRvkVzQPnC2pBDcEgppm9_Tyk5HNioOqO6A8-4f4NJVEhR9oelqfxcmn5Moy1qKHQ4Ckke4hf-HjzlQzeY15VJgYoOQXgjWN9J8lP8hr5ygYVG8namn-tZjW2w1ci0dEfagUIgWaYFaSTsfJ-6ppoICW7mWMYZChh9762xwZHNha_d41QMwga9h5-eneRZn17Gs1VbCkmDPVDwWoLOcbW2BxcHcLwLZwdryPT4yD98D1tzPmbS7bdNoYyN39a-vIzyoiP7d0pLHpAkt7TC4AeepkRte9WuRQ-VIqstXHP3GSNyyHaczV569JPbl1sPgh6PT4Jywja0e-ExTC_i7J2429-x8kjngA8zfRqeUENY0XtymAM83ZOYcf-AuEhGIhRKmu9IB064p_3M4mUUB6RUETGo3sP3YKz4Qb-sIDlcGMEVYAMt6rGNrZEEp2b65cfA..&amp;box_client_name=box-content-preview&amp;box_client_version=2.16.0\" width=\"419\" height=\"315\" \/><\/p>\n<p>&nbsp;<\/p>\n<p><img class=\"aligncenter size-medium\" src=\"https:\/\/public.boxcloud.com\/api\/2.0\/internal_files\/510245096910\/versions\/540278172510\/representations\/jpg_paged_2048x2048\/content\/1.jpg?access_token=1!fVrrxBt9Ct3D0Y1IFMW8XI2UCHhKCl4r0R9wUy2Xb3UIT9EcaNRH87HYZ44iBoHdS8zPbP5LBBPh6eP_rPPYFJViXjyyrjBUG0Y735OGzQQRINhEUekJgN8vcwNLlgAARyHG8-BXpGqcgn8S10Y3CMUOI5nOVxSzTLhRsm-2L_0BvxEftl34d1KOpemVdzKBjXEJrPmRlReAUUNv_q825ZYABwlkR7P07uOyWs5Nflg--ktsc1lz-WA68ZJIOtTtquqjJ4xqUUW8uWHAFuwrQMOb7lDFhiUOHW36z4GjWAP8G1YEj4i8bgOei94iDZUqAIGbydj-YfK3XIux_uIEDz-CHTcyH8AJ89bBIF4jvbjgDypKbY_Sokx89emTyNFVGDTzlmCC4jb7AQqpmhX1wwUz2Kn--wP-QZaIy4iAaEWrQIAsOUKEq-8bK-CzhzxjUgZRzNyF3D2g_BDJ8DEYCWP9bW90qnaqRBUqJHqHbMwjW-1c_PPVDOu8ca94nHP5JvtQDIsRGzNRleboysxT8D3V8HDoODBhOJrjUYOXYhgri0EyNL_yoCOr9zvPW1rxyw..&amp;box_client_name=box-content-preview&amp;box_client_version=2.16.0\" width=\"2048\" height=\"1961\" \/><\/p>\n","protected":false},"excerpt":{"rendered":"<p>Na sexta-feira, dia 09\/08, foi realizada a CERIM\u00d4NIA DE COLA\u00c7\u00c3O DE GRAU INTERNA da estudante Patricia Guterres Borges que concluiu os Curso de Licenciatura em Matem\u00e1tica Noturno, da Universidade Federal de Pelotas, no primeiro per\u00edodo letivo de 2019. &nbsp; &nbsp; A Coordena\u00e7\u00e3o do Colegiado do Curso de Licenciatura em Matem\u00e1tica Noturno parabeniza a formanda de [&hellip;]<\/p>\n","protected":false},"author":466,"featured_media":0,"parent":0,"menu_order":0,"comment_status":"closed","ping_status":"closed","template":"","meta":{"jetpack_post_was_ever_published":false,"footnotes":""},"class_list":["post-1514","page","type-page","status-publish","hentry"],"jetpack_sharing_enabled":true,"jetpack_shortlink":"https:\/\/wp.me\/P7sk8J-oq","_links":{"self":[{"href":"https:\/\/wp.ufpel.edu.br\/matematicanoturno\/wp-json\/wp\/v2\/pages\/1514","targetHints":{"allow":["GET"]}}],"collection":[{"href":"https:\/\/wp.ufpel.edu.br\/matematicanoturno\/wp-json\/wp\/v2\/pages"}],"about":[{"href":"https:\/\/wp.ufpel.edu.br\/matematicanoturno\/wp-json\/wp\/v2\/types\/page"}],"author":[{"embeddable":true,"href":"https:\/\/wp.ufpel.edu.br\/matematicanoturno\/wp-json\/wp\/v2\/users\/466"}],"replies":[{"embeddable":true,"href":"https:\/\/wp.ufpel.edu.br\/matematicanoturno\/wp-json\/wp\/v2\/comments?post=1514"}],"version-history":[{"count":2,"href":"https:\/\/wp.ufpel.edu.br\/matematicanoturno\/wp-json\/wp\/v2\/pages\/1514\/revisions"}],"predecessor-version":[{"id":2664,"href":"https:\/\/wp.ufpel.edu.br\/matematicanoturno\/wp-json\/wp\/v2\/pages\/1514\/revisions\/2664"}],"wp:attachment":[{"href":"https:\/\/wp.ufpel.edu.br\/matematicanoturno\/wp-json\/wp\/v2\/media?parent=1514"}],"curies":[{"name":"wp","href":"https:\/\/api.w.org\/{rel}","templated":true}]}}