{"id":341,"date":"2016-04-11T15:23:12","date_gmt":"2016-04-11T18:23:12","guid":{"rendered":"https:\/\/wp.ufpel.edu.br\/matematicadiurno\/?page_id=341"},"modified":"2016-04-12T10:27:22","modified_gmt":"2016-04-12T13:27:22","slug":"matricula-rematricula-e-correcao-de-matricula","status":"publish","type":"page","link":"https:\/\/wp.ufpel.edu.br\/matematicadiurno\/matricula-rematricula-e-correcao-de-matricula\/","title":{"rendered":"Matr\u00edcula, Rematr\u00edcula e Corre\u00e7\u00e3o de Matr\u00edcula"},"content":{"rendered":"<p style=\"text-align: justify\"><span style=\"color: #000000\">A <strong>MATR\u00cdCULA<\/strong> \u00e9 obrigat\u00f3ria em cada per\u00edodo letivo previsto para o funcionamento do curso, de acordo com o calend\u00e1rio acad\u00eamico.<\/span><\/p>\n<ul>\n<li><span style=\"color: #000000\">N\u00e3o ser\u00e1 permitida a frequ\u00eancia de alunos em disciplinas nas quais n\u00e3o estejam regularmente matriculados.<\/span><\/li>\n<\/ul>\n<p style=\"text-align: justify\"><span style=\"color: #000000\">Constatada aus\u00eancia de matr\u00edcula sem solicita\u00e7\u00e3o de trancamento geral em um determinado per\u00edodo letivo, o aluno ser\u00e1 notificado via Sistema Acad\u00eamico sobre a situa\u00e7\u00e3o irregular, que dever\u00e1, em um prazo de 20 dias \u00fateis, ser regularizada no Colegiado do Curso de Licenciatura em Matem\u00e1tica, sob pena de ser declarado em situa\u00e7\u00e3o de abandono em comunicado \u00e0 Coordena\u00e7\u00e3o de Registros Acad\u00eamicos \u2013 CRA.<\/span><\/p>\n<p style=\"text-align: justify\"><span style=\"color: #000000\">\u00a0O discente poder\u00e1 realizar qualquer atividade curricular em seu curso de origem, ressalvados os pr\u00e9-requisitos constantes no Projeto Pedag\u00f3gico do Curso de Licenciatura em Matem\u00e1tica (P\u00e1g 24), desde que haja disponibilidade de vaga.<\/span><\/p>\n<p style=\"text-align: justify\"><span style=\"color: #000000\">N\u00e3o ser\u00e1 permitida a matr\u00edcula em atividades curriculares em que houver colis\u00e3o total ou parcial de hor\u00e1rios.<\/span><\/p>\n<p style=\"text-align: justify\"><span style=\"color: #000000\">A <strong>REMATR\u00cdCULA<\/strong> se d\u00e1 da seguinte forma:<\/span><\/p>\n<p style=\"text-align: justify\"><span style=\"color: #000000\">1- O aluno faz uma solicita\u00e7\u00e3o de matr\u00edcula on-line pelo sistema <span style=\"color: #0000ff\"><a style=\"color: #0000ff\" href=\"https:\/\/cobalto.ufpel.edu.br\/\">COBALTO<\/a><\/span><\/span><\/p>\n<p style=\"text-align: justify\"><span style=\"color: #000000\">2- O sistema ordena os acad\u00eamicos conforme o Regulamento de Ensino da Gradua\u00e7\u00e3o, art 18;<\/span><\/p>\n<p style=\"text-align: justify\"><span style=\"color: #000000\">3- A matr\u00edcula \u00e9 processada;<\/span><\/p>\n<p style=\"text-align: justify\"><span style=\"color: #000000\">4- O acad\u00eamico consulta sua solicita\u00e7\u00e3o, em data estabelecida pelo Calend\u00e1rio Acad\u00eamico, para confirmar se conseguiu vaga nas disciplinas solicitadas;<\/span><\/p>\n<p style=\"text-align: justify\"><span style=\"color: #000000\">5- Se a solicita\u00e7\u00e3o foi contemplada plenamente \u00e9 s\u00f3 aguardar o in\u00edcio das aulas;<\/span><\/p>\n<p style=\"text-align: justify\"><span style=\"color: #000000\">6- Se a sua solicita\u00e7\u00e3o n\u00e3o foi contemplada ou se voc\u00ea desejar incluir ou excluir disciplinas da sua matr\u00edcula dever\u00e1 procurar o Colegiado do curso no per\u00edodo estipulado pelo calend\u00e1rio acad\u00eamico para <strong>CORRE\u00c7\u00c3O DE MATR\u00cdCULA<\/strong>.<\/span><\/p>\n<ul style=\"text-align: justify\">\n<li><span style=\"color: #000000\">A Rematr\u00edcula N\u00c3O \u00e9 destinada a alunos ingressantes na Universidade.<\/span><\/li>\n<\/ul>\n<p style=\"text-align: justify\"><span style=\"color: #000000\"><em>Fonte<\/em><em>: <\/em><span style=\"color: #0000ff\"><a style=\"color: #0000ff\" href=\"https:\/\/wp.ufpel.edu.br\/scs\/files\/2010\/12\/2010_14.pdf\"><em>Regulamento do Ensino de Gradua\u00e7\u00e3o<\/em><\/a><\/span><em> e <\/em><span style=\"color: #0000ff\"><a style=\"color: #0000ff\" href=\"https:\/\/wp.ufpel.edu.br\/scs\/files\/2010\/08\/2002_07.pdf\"><em>Resolu\u00e7\u00e3o 07\/2002<\/em><\/a><\/span><strong><em>.<\/em><\/strong><\/span><\/p>\n","protected":false},"excerpt":{"rendered":"<p>A MATR\u00cdCULA \u00e9 obrigat\u00f3ria em cada per\u00edodo letivo previsto para o funcionamento do curso, de acordo com o calend\u00e1rio acad\u00eamico. N\u00e3o ser\u00e1 permitida a frequ\u00eancia de alunos em disciplinas nas quais n\u00e3o estejam regularmente matriculados. Constatada aus\u00eancia de matr\u00edcula sem solicita\u00e7\u00e3o de trancamento geral em um determinado per\u00edodo letivo, o aluno ser\u00e1 notificado via Sistema [&hellip;]<\/p>\n","protected":false},"author":481,"featured_media":0,"parent":0,"menu_order":0,"comment_status":"closed","ping_status":"closed","template":"","meta":{"jetpack_post_was_ever_published":false,"footnotes":""},"class_list":["post-341","page","type-page","status-publish","hentry"],"jetpack_sharing_enabled":true,"jetpack_shortlink":"https:\/\/wp.me\/P7jT0y-5v","_links":{"self":[{"href":"https:\/\/wp.ufpel.edu.br\/matematicadiurno\/wp-json\/wp\/v2\/pages\/341","targetHints":{"allow":["GET"]}}],"collection":[{"href":"https:\/\/wp.ufpel.edu.br\/matematicadiurno\/wp-json\/wp\/v2\/pages"}],"about":[{"href":"https:\/\/wp.ufpel.edu.br\/matematicadiurno\/wp-json\/wp\/v2\/types\/page"}],"author":[{"embeddable":true,"href":"https:\/\/wp.ufpel.edu.br\/matematicadiurno\/wp-json\/wp\/v2\/users\/481"}],"replies":[{"embeddable":true,"href":"https:\/\/wp.ufpel.edu.br\/matematicadiurno\/wp-json\/wp\/v2\/comments?post=341"}],"version-history":[{"count":3,"href":"https:\/\/wp.ufpel.edu.br\/matematicadiurno\/wp-json\/wp\/v2\/pages\/341\/revisions"}],"predecessor-version":[{"id":409,"href":"https:\/\/wp.ufpel.edu.br\/matematicadiurno\/wp-json\/wp\/v2\/pages\/341\/revisions\/409"}],"wp:attachment":[{"href":"https:\/\/wp.ufpel.edu.br\/matematicadiurno\/wp-json\/wp\/v2\/media?parent=341"}],"curies":[{"name":"wp","href":"https:\/\/api.w.org\/{rel}","templated":true}]}}