{"id":47,"date":"2019-03-11T11:47:49","date_gmt":"2019-03-11T14:47:49","guid":{"rendered":"https:\/\/wp.ufpel.edu.br\/marteagencia\/?page_id=47"},"modified":"2019-09-02T11:02:42","modified_gmt":"2019-09-02T14:02:42","slug":"faca-parte","status":"publish","type":"page","link":"https:\/\/wp.ufpel.edu.br\/marteagencia\/faca-parte\/","title":{"rendered":"Fa\u00e7a parte"},"content":{"rendered":"<div id=\"pl-47\"  class=\"panel-layout\" ><div id=\"pg-47-0\"  class=\"panel-grid panel-no-style\" ><div id=\"pgc-47-0-0\"  class=\"panel-grid-cell\" ><div id=\"panel-47-0-0-0\" class=\"so-panel widget widget_sow-editor panel-first-child panel-last-child\" data-index=\"0\" ><div\n\t\t\t\n\t\t\tclass=\"so-widget-sow-editor so-widget-sow-editor-base\"\n\t\t\t\n\t\t>\n<div class=\"siteorigin-widget-tinymce textwidget\">\n\t<p style=\"text-align: left\"><span style=\"font-size: 14pt\"><strong><span style=\"font-family: helvetica, arial, sans-serif\">Fa\u00e7a parte da equipe<\/span><\/strong><\/span><\/p>\n<p style=\"text-align: left\"><span style=\"font-family: helvetica, arial, sans-serif;font-size: 12pt\">O terceiro edital retificado do processo seletivo para novos colaboradores j\u00e1 est\u00e1 dispon\u00edvel e pode ser acessado abaixo.<\/span><\/p>\n<p style=\"text-align: left\"><span style=\"font-family: helvetica, arial, sans-serif\"><a href=\"https:\/\/wp.ufpel.edu.br\/marteagencia\/files\/2019\/09\/3-Edital-Retificado-Processo-Seletivo-Marte-2019.2.pdf\">3 Edital Retificado Processo Seletivo Marte 2019.2<\/a><\/span><\/p>\n<p style=\"text-align: left\"><span style=\"font-size: 12pt;font-family: helvetica, arial, sans-serif\">Confira as principais datas do processo seletivo no infogr\u00e1fico a seguir.<\/span><\/p>\n<p><img loading=\"lazy\" decoding=\"async\" class=\"alignleft size-full wp-image-273\" src=\"https:\/\/wp.ufpel.edu.br\/marteagencia\/files\/2019\/08\/infogr\u00e1fico-calend\u00e1rio-processo-seletivo.png\" alt=\"Infogr\u00e1fico das datas do processo seletivo\" width=\"800\" height=\"2000\" srcset=\"https:\/\/wp.ufpel.edu.br\/marteagencia\/files\/2019\/08\/infogr\u00e1fico-calend\u00e1rio-processo-seletivo.png 800w, https:\/\/wp.ufpel.edu.br\/marteagencia\/files\/2019\/08\/infogr\u00e1fico-calend\u00e1rio-processo-seletivo-160x400.png 160w, https:\/\/wp.ufpel.edu.br\/marteagencia\/files\/2019\/08\/infogr\u00e1fico-calend\u00e1rio-processo-seletivo-768x1920.png 768w, https:\/\/wp.ufpel.edu.br\/marteagencia\/files\/2019\/08\/infogr\u00e1fico-calend\u00e1rio-processo-seletivo-410x1024.png 410w\" sizes=\"auto, (max-width: 800px) 100vw, 800px\" \/><\/p>\n<\/div>\n<\/div><\/div><\/div><div id=\"pgc-47-0-1\"  class=\"panel-grid-cell\" ><div id=\"panel-47-0-1-0\" class=\"so-panel widget widget_radio-widget federalfm panel-first-child panel-last-child\" data-index=\"1\" ><h3 class=\"widget-title\">R\u00e1dio Federal FM<\/h3>\t\t<div class=\"federalfm-conteudo\">\n\t\t\t<div class=\"federalfm-popup\"><a href=\"#\" onClick=\"window.open('https:\/\/wp.ufpel.edu.br\/marteagencia\/wp-content\/plugins\/widgets-ufpel\/radio\/player.php','','toolbar=no,location=no,directories=no,status=no,menubar=no,scrollbars=no,resizable=no,width=500,height=180'); return false;\">Abrir em uma nova janela <span class=\"dashicons dashicons-external\"><\/span><\/a><\/div>\n\t\t\t<div id=\"jquery_jplayer_1\" class=\"jp-jplayer\"><\/div>\n\t\t\t<div id=\"jp_container_1\" class=\"jp-audio\" role=\"application\" aria-label=\"media player\">\n\t\t\t\t<div class=\"jp-type-single\">\n\t\t\t\t\t<div class=\"jp-gui jp-interface\">\n\t\t\t\t\t\t<div class=\"jp-controls\">\n\t\t\t\t\t\t\t<button class=\"jp-play dashicons dashicons-controls-play\" role=\"button\" tabindex=\"0\"><\/button>\n\t\t\t\t\t\t<\/div>\n\t\t\t\t\t\t<div class=\"jp-volume-controls\" style=\"left: 110px;\">\n\t\t\t\t\t\t\t<button class=\"jp-mute dashicons dashicons-controls-volumeoff\" role=\"button\" tabindex=\"0\"><\/button>\n\t\t\t\t\t\t\t<div class=\"jp-volume-bar\">\n\t\t\t\t\t\t\t\t<div class=\"jp-volume-bar-value\"><\/div>\n\t\t\t\t\t\t\t<\/div>\n\t\t\t\t\t\t\t<button class=\"jp-volume-max dashicons dashicons-controls-volumeon\" role=\"button\" tabindex=\"0\"><\/button>\n\t\t\t\t\t\t<\/div>\n\t\t\t\t\t<\/div>\n\t\t\t\t\t<div class=\"jp-no-solution\">\n\t\t\t\t\t\tNavegador n\u00e3o possui suporte para este fluxo de \u00e1udio.\t\t\t\t\t<\/div>\n\t\t\t\t<\/div>\n\t\t\t<\/div>\n\t\t\t<div id=\"metadata\" class=\"federalfm-metadata\">\n\t\t\t<\/div>\n\n\t\t\t<div class=\"federalfm-info\">\n\t\t\t\t<a href=\"https:\/\/federalfm.ufpel.edu.br\" target=\"_blank\">Acesse o site da R\u00e1dio<\/a>\n\t\t\t<\/div>\n\t\t<\/div>\n\n<\/div><\/div><\/div><\/div>","protected":false},"excerpt":{"rendered":"<p>Fa\u00e7a parte da equipe O terceiro edital retificado do processo seletivo para novos colaboradores j\u00e1 est\u00e1 dispon\u00edvel e pode ser acessado abaixo. 3 Edital Retificado Processo Seletivo Marte 2019.2 Confira as principais datas do processo seletivo no infogr\u00e1fico a seguir.<\/p>\n","protected":false},"author":906,"featured_media":0,"parent":0,"menu_order":0,"comment_status":"closed","ping_status":"closed","template":"","meta":{"footnotes":""},"class_list":["post-47","page","type-page","status-publish","hentry","post"],"_links":{"self":[{"href":"https:\/\/wp.ufpel.edu.br\/marteagencia\/wp-json\/wp\/v2\/pages\/47","targetHints":{"allow":["GET"]}}],"collection":[{"href":"https:\/\/wp.ufpel.edu.br\/marteagencia\/wp-json\/wp\/v2\/pages"}],"about":[{"href":"https:\/\/wp.ufpel.edu.br\/marteagencia\/wp-json\/wp\/v2\/types\/page"}],"author":[{"embeddable":true,"href":"https:\/\/wp.ufpel.edu.br\/marteagencia\/wp-json\/wp\/v2\/users\/906"}],"replies":[{"embeddable":true,"href":"https:\/\/wp.ufpel.edu.br\/marteagencia\/wp-json\/wp\/v2\/comments?post=47"}],"version-history":[{"count":15,"href":"https:\/\/wp.ufpel.edu.br\/marteagencia\/wp-json\/wp\/v2\/pages\/47\/revisions"}],"predecessor-version":[{"id":295,"href":"https:\/\/wp.ufpel.edu.br\/marteagencia\/wp-json\/wp\/v2\/pages\/47\/revisions\/295"}],"wp:attachment":[{"href":"https:\/\/wp.ufpel.edu.br\/marteagencia\/wp-json\/wp\/v2\/media?parent=47"}],"curies":[{"name":"wp","href":"https:\/\/api.w.org\/{rel}","templated":true}]}}