{"id":90,"date":"2014-06-18T13:53:37","date_gmt":"2014-06-18T16:53:37","guid":{"rendered":"https:\/\/wp.ufpel.edu.br\/malg\/?page_id=90"},"modified":"2019-05-15T14:39:38","modified_gmt":"2019-05-15T17:39:38","slug":"biblioteca-pesquisa-e-documentacao-n-z","status":"publish","type":"page","link":"https:\/\/wp.ufpel.edu.br\/malg\/biblioteca-pesquisa-e-documentacao-n-z\/","title":{"rendered":"Biblioteca | N &#8211; Z"},"content":{"rendered":"<table style=\"height: 10413px\" width=\"719\">\n<tbody>\n<tr>\n<td style=\"text-align: center;width: 313px\" width=\"432\"><span style=\"font-family: helvetica, arial, sans-serif;font-size: 12pt\"><strong><span style=\"color: #5c5757\">T\u00edtulo<\/span><\/strong><\/span><\/td>\n<td style=\"text-align: center;width: 266px\" width=\"369\"><span style=\"font-family: helvetica, arial, sans-serif;font-size: 12pt\"><strong><span style=\"color: #5c5757\">Autor \/ Organizador<\/span><\/strong><\/span><\/td>\n<td style=\"text-align: center;width: 130px\" width=\"114\"><span style=\"font-family: helvetica, arial, sans-serif;font-size: 10pt\"><strong><span style=\"color: #5c5757\">N\u00ba do Registro<\/span><\/strong><\/span><\/td>\n<\/tr>\n<tr>\n<td style=\"width: 709px\" colspan=\"3\" width=\"432\">\n<blockquote><p><strong><span style=\"color: #5c5757;font-family: helvetica, arial, sans-serif;font-size: 10pt\">M<\/span><\/strong><\/p><\/blockquote>\n<\/td>\n<\/tr>\n<tr>\n<td style=\"width: 313px\" width=\"432\"><span style=\"font-family: helvetica, arial, sans-serif;font-size: 10pt\">Madame Tussaud\u2019s<\/span><\/td>\n<td style=\"width: 266px\" width=\"369\"><span style=\"font-family: helvetica, arial, sans-serif;font-size: 10pt\">Strong, Roy<\/span><\/td>\n<td style=\"width: 130px;text-align: center\" width=\"114\"><span style=\"font-family: helvetica, arial, sans-serif;font-size: 10pt\">395<\/span><\/td>\n<\/tr>\n<tr>\n<td style=\"width: 313px\" width=\"432\"><span style=\"font-family: helvetica, arial, sans-serif;font-size: 10pt\">Manual de Pintura Mural<\/span><\/td>\n<td style=\"width: 266px\" width=\"369\"><span style=\"font-family: helvetica, arial, sans-serif;font-size: 10pt\">Motta Jr., Edson<\/span><\/td>\n<td style=\"width: 130px;text-align: center\" width=\"114\"><span style=\"font-family: helvetica, arial, sans-serif;font-size: 10pt\">411<\/span><\/td>\n<\/tr>\n<tr>\n<td style=\"width: 313px\" width=\"432\"><span style=\"font-family: helvetica, arial, sans-serif;font-size: 10pt\">Manuseio e Embalagem de Obras de Arte<\/span><\/td>\n<td style=\"width: 266px\" width=\"369\"><span style=\"font-family: helvetica, arial, sans-serif;font-size: 10pt\">Ouriques, Evandro Vieira<\/span><\/td>\n<td style=\"width: 130px;text-align: center\" width=\"114\"><span style=\"font-family: helvetica, arial, sans-serif;font-size: 10pt\">154<\/span><\/td>\n<\/tr>\n<tr>\n<td style=\"width: 313px\" width=\"432\"><span style=\"font-family: helvetica, arial, sans-serif;font-size: 10pt\">MARCELO MOSCHETA<\/span><\/td>\n<td style=\"width: 266px\" width=\"369\"><span style=\"font-family: helvetica, arial, sans-serif;font-size: 10pt\">BE\u00cd<\/span><\/td>\n<td style=\"width: 130px;text-align: center\" width=\"114\"><span style=\"font-family: helvetica, arial, sans-serif;font-size: 10pt\">449<\/span><\/td>\n<\/tr>\n<tr>\n<td style=\"width: 313px\" width=\"432\"><span style=\"font-family: helvetica, arial, sans-serif;font-size: 10pt\">Marcel Leite, Sal da Terra<\/span><\/td>\n<td style=\"width: 266px\" width=\"369\"><span style=\"font-family: helvetica, arial, sans-serif;font-size: 10pt\">Museu de Arte do Paran\u00e1<\/span><\/td>\n<td style=\"width: 130px;text-align: center\" width=\"114\"><span style=\"font-family: helvetica, arial, sans-serif;font-size: 10pt\">335<\/span><\/td>\n<\/tr>\n<tr>\n<td style=\"width: 313px\" width=\"432\"><span style=\"font-family: helvetica, arial, sans-serif;font-size: 10pt\">Maria In\u00eas Rodrigues<\/span><\/td>\n<td style=\"width: 266px\" width=\"369\"><span style=\"font-family: helvetica, arial, sans-serif;font-size: 10pt\">FUNPROARTE<\/span><\/td>\n<td style=\"width: 130px;text-align: center\" width=\"114\"><span style=\"font-family: helvetica, arial, sans-serif;font-size: 10pt\">277<\/span><\/td>\n<\/tr>\n<tr>\n<td style=\"width: 313px\" width=\"432\"><span style=\"font-family: helvetica, arial, sans-serif;font-size: 10pt\">M\u00e1rio Pedrosa- Arte, Revolu\u00e7\u00e3o, Reflex\u00e3o<\/span><\/td>\n<td style=\"width: 266px\" width=\"369\"><span style=\"font-family: helvetica, arial, sans-serif;font-size: 10pt\">Centro Cultural Banco do Brasil<\/span><\/td>\n<td style=\"width: 130px;text-align: center\" width=\"114\"><span style=\"font-family: helvetica, arial, sans-serif;font-size: 10pt\">306<\/span><\/td>\n<\/tr>\n<tr>\n<td style=\"width: 313px\" width=\"432\"><span style=\"font-family: helvetica, arial, sans-serif;font-size: 10pt\">MATA- A Cidade de Pedra que j\u00e1 foi Madeira<\/span><\/td>\n<td style=\"width: 266px\" width=\"369\"><span style=\"font-family: helvetica, arial, sans-serif;font-size: 10pt\">Universidade Federal de Santa Maria<\/span><\/td>\n<td style=\"width: 130px;text-align: center\" width=\"114\"><span style=\"font-family: helvetica, arial, sans-serif;font-size: 10pt\">425<\/span><\/td>\n<\/tr>\n<tr>\n<td style=\"width: 313px\" width=\"432\"><span style=\"font-family: helvetica, arial, sans-serif;font-size: 10pt\">Materiais de Arte no Brasil &#8211; an\u00e1lise das tintas a \u00f3leo<\/span><\/td>\n<td style=\"width: 266px\" width=\"369\"><span style=\"font-family: helvetica, arial, sans-serif;font-size: 10pt\">FUNARTE<\/span><\/td>\n<td style=\"width: 130px;text-align: center\" width=\"114\"><span style=\"font-family: helvetica, arial, sans-serif;font-size: 10pt\">380<\/span><\/td>\n<\/tr>\n<tr>\n<td style=\"width: 313px\" width=\"432\"><span style=\"font-family: helvetica, arial, sans-serif;font-size: 10pt\">Mauro Fuke<\/span><\/td>\n<td style=\"width: 266px\" width=\"369\"><span style=\"font-family: helvetica, arial, sans-serif;font-size: 10pt\">Museu de Arte do Rio Grande do Sul \u2013 A. Malagoli<\/span><\/td>\n<td style=\"width: 130px;text-align: center\" width=\"114\"><span style=\"font-family: helvetica, arial, sans-serif;font-size: 10pt\">175<\/span><\/td>\n<\/tr>\n<tr>\n<td style=\"width: 313px\" width=\"432\"><span style=\"font-family: helvetica, arial, sans-serif;font-size: 10pt\">MEM\u00d3RIAS \u2013 Di\u00e1rio de um processo de cria\u00e7\u00e3o<\/span><\/td>\n<td style=\"width: 266px\" width=\"369\"><span style=\"font-family: helvetica, arial, sans-serif;font-size: 10pt\">Maur\u00edcio, Fl\u00e1via<\/span><\/td>\n<td style=\"width: 130px;text-align: center\" width=\"114\"><span style=\"font-family: helvetica, arial, sans-serif;font-size: 10pt\">368<\/span><\/td>\n<\/tr>\n<tr>\n<td style=\"width: 313px\" width=\"432\"><span style=\"font-family: helvetica, arial, sans-serif;font-size: 10pt\">Mem\u00f3ria do Atelier Coletivo \u2013 Recife 1952 &#8211; 1957<\/span><\/td>\n<td style=\"width: 266px\" width=\"369\"><span style=\"font-family: helvetica, arial, sans-serif;font-size: 10pt\">Jos\u00e9, Claudio<\/span><\/td>\n<td style=\"width: 130px;text-align: center\" width=\"114\"><span style=\"font-family: helvetica, arial, sans-serif;font-size: 10pt\">103<\/span><\/td>\n<\/tr>\n<tr>\n<td style=\"width: 313px\" width=\"432\"><span style=\"font-family: helvetica, arial, sans-serif;font-size: 10pt\">Mestre da Pintura- Tiepolo<\/span><\/td>\n<td style=\"width: 266px\" width=\"369\"><span style=\"font-family: helvetica, arial, sans-serif;font-size: 10pt\">Civita, Victor<\/span><\/td>\n<td style=\"width: 130px;text-align: center\" width=\"114\"><span style=\"font-family: helvetica, arial, sans-serif;font-size: 10pt\">19<\/span><\/td>\n<\/tr>\n<tr>\n<td style=\"width: 313px\" width=\"432\"><span style=\"font-family: helvetica, arial, sans-serif;font-size: 10pt\">Meu neg\u00f3cio \u00e9 TURISMO<\/span><\/td>\n<td style=\"width: 266px\" width=\"369\"><span style=\"font-family: helvetica, arial, sans-serif;font-size: 10pt\">Funda\u00e7\u00e3o Roberto Marinho<\/span><\/td>\n<td style=\"width: 130px;text-align: center\" width=\"114\"><span style=\"font-family: helvetica, arial, sans-serif;font-size: 10pt\">321<\/span><\/td>\n<\/tr>\n<tr>\n<td style=\"width: 313px\" width=\"432\"><span style=\"font-family: helvetica, arial, sans-serif;font-size: 10pt\">Mir\u00f3 (1924 \u2013 1940)<\/span><\/td>\n<td style=\"width: 266px\" width=\"369\"><span style=\"font-family: helvetica, arial, sans-serif;font-size: 10pt\">Cirlot, Juan \u00a0Eduardo<\/span><\/td>\n<td style=\"width: 130px;text-align: center\" width=\"114\"><span style=\"font-family: helvetica, arial, sans-serif;font-size: 10pt\">55<\/span><\/td>\n<\/tr>\n<tr>\n<td style=\"width: 313px\" width=\"432\"><span style=\"font-family: helvetica, arial, sans-serif;font-size: 10pt\">Misiones \u2013 Jesu\u00edticas &#8211; Brasile\u00f1as<\/span><\/td>\n<td style=\"width: 266px\" width=\"369\"><span style=\"font-family: helvetica, arial, sans-serif;font-size: 10pt\">Museu de Arte\/RS Ado Malagoli<\/span><\/td>\n<td style=\"width: 130px;text-align: center\" width=\"114\"><span style=\"font-family: helvetica, arial, sans-serif;font-size: 10pt\">118<\/span><\/td>\n<\/tr>\n<tr>\n<td style=\"width: 313px\" width=\"432\"><span style=\"font-family: helvetica, arial, sans-serif;font-size: 10pt\">MO\u00c7A LUA e Outras Lendas<\/span><\/td>\n<td style=\"width: 266px\" width=\"369\"><span style=\"font-family: helvetica, arial, sans-serif;font-size: 10pt\">Ayala, Walmir<\/span><\/td>\n<td style=\"width: 130px;text-align: center\" width=\"114\"><span style=\"font-family: helvetica, arial, sans-serif;font-size: 10pt\">351<\/span><\/td>\n<\/tr>\n<tr>\n<td style=\"width: 313px\" width=\"432\"><span style=\"font-family: helvetica, arial, sans-serif;font-size: 10pt\">Monografias &#8211; Revis\u00e3o da P\u00f3s-Gradua\u00e7\u00e3o de Artes<\/span><\/td>\n<td style=\"width: 266px\" width=\"369\"><span style=\"font-family: helvetica, arial, sans-serif;font-size: 10pt\">Instituto de Letras e Artes \u2013 UFPel<\/span><\/td>\n<td style=\"width: 130px;text-align: center\" width=\"114\"><span style=\"font-family: helvetica, arial, sans-serif;font-size: 10pt\">158<\/span><\/td>\n<\/tr>\n<tr>\n<td style=\"width: 313px\" width=\"432\"><span style=\"font-family: helvetica, arial, sans-serif;font-size: 10pt\">Monumentos de Porto Alegre<\/span><\/td>\n<td style=\"width: 266px\" width=\"369\"><span style=\"font-family: helvetica, arial, sans-serif;font-size: 10pt\">Till,Rodrigues<\/span><\/td>\n<td style=\"width: 130px;text-align: center\" width=\"114\"><span style=\"font-family: helvetica, arial, sans-serif;font-size: 10pt\">358<\/span><\/td>\n<\/tr>\n<tr>\n<td style=\"width: 313px\" width=\"432\"><span style=\"font-family: helvetica, arial, sans-serif;font-size: 10pt\">Mostra do Redescobrimento<\/span><\/td>\n<td style=\"width: 266px\" width=\"369\"><span style=\"font-family: helvetica, arial, sans-serif;font-size: 10pt\">Aguilar, Nelson<\/span><\/td>\n<td style=\"width: 130px;text-align: center\" width=\"114\"><span style=\"font-family: helvetica, arial, sans-serif;font-size: 10pt\">152<\/span><\/td>\n<\/tr>\n<tr>\n<td style=\"width: 313px\" width=\"432\"><span style=\"font-family: helvetica, arial, sans-serif;font-size: 10pt\">Mostra do Redescobrimento Brasil 500 \u2013 Porto Alegre<\/span><\/td>\n<td style=\"width: 266px\" width=\"369\"><span style=\"font-family: helvetica, arial, sans-serif;font-size: 10pt\">Coutinho, F\u00e1bio Luiz Boratti<\/span><\/td>\n<td style=\"width: 130px;text-align: center\" width=\"114\"><span style=\"font-family: helvetica, arial, sans-serif;font-size: 10pt\">99<\/span><\/td>\n<\/tr>\n<tr>\n<td style=\"width: 313px\" width=\"432\"><span style=\"font-family: helvetica, arial, sans-serif;font-size: 10pt\">Monet<\/span><\/td>\n<td style=\"width: 266px\" width=\"369\"><span style=\"font-family: helvetica, arial, sans-serif;font-size: 10pt\">Salinger, Margaretta<\/span><\/td>\n<td style=\"width: 130px;text-align: center\" width=\"114\"><span style=\"font-family: helvetica, arial, sans-serif;font-size: 10pt\">256<\/span><\/td>\n<\/tr>\n<tr>\n<td style=\"width: 313px\" width=\"432\"><span style=\"font-family: helvetica, arial, sans-serif;font-size: 10pt\">Museologia<\/span><\/td>\n<td style=\"width: 266px\" width=\"369\"><span style=\"font-family: helvetica, arial, sans-serif;font-size: 10pt\">Universidade de S\u00e3o Paulo<\/span><\/td>\n<td style=\"width: 130px;text-align: center\" width=\"114\"><span style=\"font-family: helvetica, arial, sans-serif;font-size: 10pt\">233<\/span><\/td>\n<\/tr>\n<tr>\n<td style=\"width: 313px\" width=\"432\"><span style=\"font-family: helvetica, arial, sans-serif;font-size: 10pt\">Museologia \/ Roteiros Pr\u00e1ticos<\/span><\/td>\n<td style=\"width: 266px\" width=\"369\"><span style=\"font-family: helvetica, arial, sans-serif;font-size: 10pt\">Universidade de S\u00e3o Paulo<\/span><\/td>\n<td style=\"width: 130px;text-align: center\" width=\"114\"><span style=\"font-family: helvetica, arial, sans-serif;font-size: 10pt\">240<\/span><\/td>\n<\/tr>\n<tr>\n<td style=\"width: 313px\" width=\"432\"><span style=\"font-family: helvetica, arial, sans-serif;font-size: 10pt\">Museologia \u2013 Roteiros Pr\u00e1ticos<\/span><\/td>\n<td style=\"width: 266px\" width=\"369\"><span style=\"font-family: helvetica, arial, sans-serif;font-size: 10pt\">Departamento T\u00e9cnico da Biblioteca\/ USP<\/span><\/td>\n<td style=\"width: 130px;text-align: center\" width=\"114\"><span style=\"font-family: helvetica, arial, sans-serif;font-size: 10pt\">209<\/span><\/td>\n<\/tr>\n<tr>\n<td style=\"width: 313px\" width=\"432\"><span style=\"font-family: helvetica, arial, sans-serif;font-size: 10pt\">Museologia \u2013 Relat\u00f3rios T\u00e9cnicos ( 6 )<\/span><\/td>\n<td style=\"width: 266px\" width=\"369\"><span style=\"font-family: helvetica, arial, sans-serif;font-size: 10pt\">Weinberg, Regina<\/span><\/td>\n<td style=\"width: 130px;text-align: center\" width=\"114\"><span style=\"font-family: helvetica, arial, sans-serif;font-size: 10pt\">224<\/span><\/td>\n<\/tr>\n<tr>\n<td style=\"width: 313px\" width=\"432\"><span style=\"font-family: helvetica, arial, sans-serif;font-size: 10pt\">Museologia &#8211; Palestras e Debates ( 7 )<\/span><\/td>\n<td style=\"width: 266px\" width=\"369\"><span style=\"font-family: helvetica, arial, sans-serif;font-size: 10pt\">Mason, Timothi<\/span><\/td>\n<td style=\"width: 130px;text-align: center\" width=\"114\"><span style=\"font-family: helvetica, arial, sans-serif;font-size: 10pt\">225<\/span><\/td>\n<\/tr>\n<tr>\n<td style=\"width: 313px\" width=\"432\"><span style=\"font-family: helvetica, arial, sans-serif;font-size: 10pt\">Museu Antropol\u00f3gico Diretor Pestana- 40 Anos de Hist\u00f3ria<\/span><\/td>\n<td style=\"width: 266px\" width=\"369\"><span style=\"font-family: helvetica, arial, sans-serif;font-size: 10pt\">FIDENE<\/span><\/td>\n<td style=\"width: 130px;text-align: center\" width=\"114\"><span style=\"font-family: helvetica, arial, sans-serif;font-size: 10pt\">363<\/span><\/td>\n<\/tr>\n<tr>\n<td style=\"width: 313px\" width=\"432\"><span style=\"font-family: helvetica, arial, sans-serif;font-size: 10pt\">Museu de Belas Artes de Budapeste<\/span><\/td>\n<td style=\"width: 266px\" width=\"369\"><span style=\"font-family: helvetica, arial, sans-serif;font-size: 10pt\">Gibele, Nicol\u00e1s J.<\/span><\/td>\n<td style=\"width: 130px;text-align: center\" width=\"114\"><span style=\"font-family: helvetica, arial, sans-serif;font-size: 10pt\">177<\/span><\/td>\n<\/tr>\n<tr>\n<td style=\"width: 313px\" width=\"432\"><span style=\"font-family: helvetica, arial, sans-serif;font-size: 10pt\">Museu da Casa Brasileira<\/span><\/td>\n<td style=\"width: 266px\" width=\"369\"><span style=\"font-family: helvetica, arial, sans-serif;font-size: 10pt\">Borges, Ad\u00e9lia<\/span><\/td>\n<td style=\"width: 130px;text-align: center\" width=\"114\"><span style=\"font-family: helvetica, arial, sans-serif;font-size: 10pt\">53<\/span><\/td>\n<\/tr>\n<tr>\n<td style=\"width: 313px\" width=\"432\"><span style=\"font-family: helvetica, arial, sans-serif;font-size: 10pt\">Museu da Baronesa \u2013 Banco de Dados<\/span><\/td>\n<td style=\"width: 266px\" width=\"369\"><span style=\"font-family: helvetica, arial, sans-serif;font-size: 10pt\">AMBAR<\/span><\/td>\n<td style=\"width: 130px;text-align: center\" width=\"114\"><span style=\"font-family: helvetica, arial, sans-serif;font-size: 10pt\">414<\/span><\/td>\n<\/tr>\n<tr>\n<td style=\"width: 313px\" width=\"432\"><span style=\"font-family: helvetica, arial, sans-serif;font-size: 10pt\">Museu de Arte Carlos Ayres<\/span><\/td>\n<td style=\"width: 266px\" width=\"369\"><span style=\"font-family: helvetica, arial, sans-serif;font-size: 10pt\">Centro Cultural Brasil<\/span><\/td>\n<td style=\"width: 130px;text-align: center\" width=\"114\"><span style=\"font-family: helvetica, arial, sans-serif;font-size: 10pt\">268<\/span><\/td>\n<\/tr>\n<tr>\n<td style=\"width: 313px\" width=\"432\"><span style=\"font-family: helvetica, arial, sans-serif;font-size: 10pt\">Museu de Arte Contempor\u00e2nea do Paran\u00e1<\/span><\/td>\n<td style=\"width: 266px\" width=\"369\"><span style=\"font-family: helvetica, arial, sans-serif;font-size: 10pt\">Amaral, Jo\u00e3o Henrique<\/span><\/td>\n<td style=\"width: 130px;text-align: center\" width=\"114\"><span style=\"font-family: helvetica, arial, sans-serif;font-size: 10pt\">97<\/span><\/td>\n<\/tr>\n<tr>\n<td style=\"width: 313px\" width=\"432\"><span style=\"font-family: helvetica, arial, sans-serif;font-size: 10pt\">Museu de Arte da Catalunha<\/span><\/td>\n<td style=\"width: 266px\" width=\"369\"><span style=\"font-family: helvetica, arial, sans-serif;font-size: 10pt\">O Mundo dos Museus<\/span><\/td>\n<td style=\"width: 130px;text-align: center\" width=\"114\"><span style=\"font-family: helvetica, arial, sans-serif;font-size: 10pt\">324<\/span><\/td>\n<\/tr>\n<tr>\n<td style=\"width: 313px\" width=\"432\"><span style=\"font-family: helvetica, arial, sans-serif;font-size: 10pt\">Museu de Arte de Basil\u00e9ia<\/span><\/td>\n<td style=\"width: 266px\" width=\"369\"><span style=\"font-family: helvetica, arial, sans-serif;font-size: 10pt\">O Mundo dos Museus<\/span><\/td>\n<td style=\"width: 130px;text-align: center\" width=\"114\"><span style=\"font-family: helvetica, arial, sans-serif;font-size: 10pt\">328<\/span><\/td>\n<\/tr>\n<tr>\n<td style=\"width: 313px\" width=\"432\"><span style=\"font-family: helvetica, arial, sans-serif;font-size: 10pt\">Museu de Arte de S\u00e3o Paulo<\/span><\/td>\n<td style=\"width: 266px\" width=\"369\"><span style=\"font-family: helvetica, arial, sans-serif;font-size: 10pt\">Gibele, Nicol\u00e1s J.<\/span><\/td>\n<td style=\"width: 130px;text-align: center\" width=\"114\"><span style=\"font-family: helvetica, arial, sans-serif;font-size: 10pt\">180<\/span><\/td>\n<\/tr>\n<tr>\n<td style=\"width: 313px\" width=\"432\"><span style=\"font-family: helvetica, arial, sans-serif;font-size: 10pt\">Museu de Arte do Rio Grande do Sul &#8211; Ado Malagolli<\/span><\/td>\n<td style=\"width: 266px\" width=\"369\"><span style=\"font-family: helvetica, arial, sans-serif;font-size: 10pt\">Vasconcellos, Naira; Grecco, Regina<\/span><\/td>\n<td style=\"width: 130px;text-align: center\" width=\"114\"><span style=\"font-family: helvetica, arial, sans-serif;font-size: 10pt\">106<\/span><\/td>\n<\/tr>\n<tr>\n<td style=\"width: 313px\" width=\"432\"><span style=\"font-family: helvetica, arial, sans-serif;font-size: 10pt\">Museu de Arte Sacra da Boa Morte<\/span><\/td>\n<td style=\"width: 266px\" width=\"369\"><span style=\"font-family: helvetica, arial, sans-serif;font-size: 10pt\">Universidade Cat\u00f3lica de Goi\u00e1s<\/span><\/td>\n<td style=\"width: 130px;text-align: center\" width=\"114\"><span style=\"font-family: helvetica, arial, sans-serif;font-size: 10pt\">108<\/span><\/td>\n<\/tr>\n<tr>\n<td style=\"width: 313px\" width=\"432\"><span style=\"font-family: helvetica, arial, sans-serif;font-size: 10pt\">Museu do Estado \u2013 Amsterd\u00e3<\/span><\/td>\n<td style=\"width: 266px\" width=\"369\"><span style=\"font-family: helvetica, arial, sans-serif;font-size: 10pt\">Gibele, Nicol\u00e1s J.<\/span><\/td>\n<td style=\"width: 130px;text-align: center\" width=\"114\"><span style=\"font-family: helvetica, arial, sans-serif;font-size: 10pt\">178<\/span><\/td>\n<\/tr>\n<tr>\n<td style=\"width: 313px\" width=\"432\"><span style=\"font-family: helvetica, arial, sans-serif;font-size: 10pt\">Museu do Estado \u2013 Amsterd\u00e3<\/span><\/td>\n<td style=\"width: 266px\" width=\"369\"><span style=\"font-family: helvetica, arial, sans-serif;font-size: 10pt\">O Mundo dos Museus<\/span><\/td>\n<td style=\"width: 130px;text-align: center\" width=\"114\"><span style=\"font-family: helvetica, arial, sans-serif;font-size: 10pt\">330<\/span><\/td>\n<\/tr>\n<tr>\n<td style=\"width: 313px\" width=\"432\"><span style=\"font-family: helvetica, arial, sans-serif;font-size: 10pt\">Museu Dom Diogo de Souza \u2013 Bag\u00e9\/RS- 1988<\/span><\/td>\n<td style=\"width: 266px\" width=\"369\"><span style=\"font-family: helvetica, arial, sans-serif;font-size: 10pt\">Taborda, Tarcisio Antonio Costa<\/span><\/td>\n<td style=\"width: 130px;text-align: center\" width=\"114\"><span style=\"font-family: helvetica, arial, sans-serif;font-size: 10pt\">388<\/span><\/td>\n<\/tr>\n<tr>\n<td style=\"width: 313px\" width=\"432\"><span style=\"font-family: helvetica, arial, sans-serif;font-size: 10pt\">Museu, Identidades e Patrim\u00f4nio Cultural<\/span><\/td>\n<td style=\"width: 266px\" width=\"369\"><span style=\"font-family: helvetica, arial, sans-serif;font-size: 10pt\">Museu de Arqueologia.e Etnologia-USP<\/span><\/td>\n<td style=\"width: 130px;text-align: center\" width=\"114\"><span style=\"font-family: helvetica, arial, sans-serif;font-size: 10pt\">289<\/span><\/td>\n<\/tr>\n<tr>\n<td style=\"width: 313px\" width=\"432\"><span style=\"font-family: helvetica, arial, sans-serif;font-size: 10pt\">Museu Lasar Segall<\/span><\/td>\n<td style=\"width: 266px\" width=\"369\"><span style=\"font-family: helvetica, arial, sans-serif;font-size: 10pt\">Minist\u00e9rio das Rel.Exteriores<\/span><\/td>\n<td style=\"width: 130px;text-align: center\" width=\"114\"><span style=\"font-family: helvetica, arial, sans-serif;font-size: 10pt\">381<\/span><\/td>\n<\/tr>\n<tr>\n<td style=\"width: 313px\" width=\"432\"><span style=\"font-family: helvetica, arial, sans-serif;font-size: 10pt\">Museu Nacional de Belas Artes<\/span><\/td>\n<td style=\"width: 266px\" width=\"369\"><span style=\"font-family: helvetica, arial, sans-serif;font-size: 10pt\">Instituto Cultural Banco Santos<\/span><\/td>\n<td style=\"width: 130px;text-align: center\" width=\"114\"><span style=\"font-family: helvetica, arial, sans-serif;font-size: 10pt\">285<\/span><\/td>\n<\/tr>\n<tr>\n<td style=\"width: 313px\" width=\"432\"><span style=\"font-family: helvetica, arial, sans-serif;font-size: 10pt\">Museu Paraense Em\u00edlio Goeldi \u2013 120 Anos<\/span><\/td>\n<td style=\"width: 266px\" width=\"369\"><span style=\"font-family: helvetica, arial, sans-serif;font-size: 10pt\">Minist\u00e9rio da Ci\u00eancia e Tecnologia<\/span><\/td>\n<td style=\"width: 130px;text-align: center\" width=\"114\"><span style=\"font-family: helvetica, arial, sans-serif;font-size: 10pt\">362<\/span><\/td>\n<\/tr>\n<tr>\n<td style=\"width: 313px\" width=\"432\"><span style=\"font-family: helvetica, arial, sans-serif;font-size: 10pt\">Museus do Brasil<\/span><\/td>\n<td style=\"width: 266px\" width=\"369\"><span style=\"font-family: helvetica, arial, sans-serif;font-size: 10pt\">Empresa das Artes<\/span><\/td>\n<td style=\"width: 130px;text-align: center\" width=\"114\"><span style=\"font-family: helvetica, arial, sans-serif;font-size: 10pt\">481<\/span><\/td>\n<\/tr>\n<tr>\n<td style=\"width: 313px\" width=\"432\"><span style=\"font-family: helvetica, arial, sans-serif;font-size: 10pt\">Museus do Rio Grande do Sul<\/span><\/td>\n<td style=\"width: 266px\" width=\"369\"><span style=\"font-family: helvetica, arial, sans-serif;font-size: 10pt\">Medina, Aroldo; Bueno, Gilnei<\/span><\/td>\n<td style=\"width: 130px;text-align: center\" width=\"114\"><span style=\"font-family: helvetica, arial, sans-serif;font-size: 10pt\">22<\/span><\/td>\n<\/tr>\n<tr>\n<td style=\"width: 313px\" width=\"432\"><span style=\"font-family: helvetica, arial, sans-serif;font-size: 10pt\">Museus em N\u00fameros<\/span><\/td>\n<td style=\"width: 266px\" width=\"369\"><span style=\"font-family: helvetica, arial, sans-serif;font-size: 10pt\">Minist\u00e9rio da Cultura<\/span><\/td>\n<td style=\"width: 130px;text-align: center\" width=\"114\"><span style=\"font-family: helvetica, arial, sans-serif;font-size: 10pt\">465<\/span><\/td>\n<\/tr>\n<tr>\n<td style=\"width: 709px\" colspan=\"3\" width=\"432\">\n<blockquote><p><strong><span style=\"color: #5c5757;font-family: helvetica, arial, sans-serif;font-size: 10pt\">N<\/span><\/strong><\/p><\/blockquote>\n<\/td>\n<\/tr>\n<tr>\n<td style=\"width: 313px\" width=\"432\"><span style=\"font-family: helvetica, arial, sans-serif;font-size: 10pt\">Nascimento da Arte Crist\u00e3, do In\u00edcio do Ano Mil<\/span><\/td>\n<td style=\"width: 266px\" width=\"369\"><span style=\"font-family: helvetica, arial, sans-serif;font-size: 10pt\">Leroy, Alfred<\/span><\/td>\n<td style=\"width: 130px;text-align: center\" width=\"114\"><span style=\"font-family: helvetica, arial, sans-serif;font-size: 10pt\">15<\/span><\/td>\n<\/tr>\n<tr>\n<td style=\"width: 313px\" width=\"432\"><span style=\"font-family: helvetica, arial, sans-serif;font-size: 10pt\">N\u00e1ssara, Desenhista<\/span><\/td>\n<td style=\"width: 266px\" width=\"369\"><span style=\"font-family: helvetica, arial, sans-serif;font-size: 10pt\">Loredano, C\u00e1ssio<\/span><\/td>\n<td style=\"width: 130px;text-align: center\" width=\"114\"><span style=\"font-family: helvetica, arial, sans-serif;font-size: 10pt\">261<\/span><\/td>\n<\/tr>\n<tr>\n<td style=\"width: 313px\" width=\"432\"><span style=\"font-family: helvetica, arial, sans-serif;font-size: 10pt\">Navegadores de Imagens<\/span><\/td>\n<td style=\"width: 266px\" width=\"369\"><span style=\"font-family: helvetica, arial, sans-serif;font-size: 10pt\">Bettiol, Zoravia<\/span><\/td>\n<td style=\"width: 130px;text-align: center\" width=\"114\"><span style=\"font-family: helvetica, arial, sans-serif;font-size: 10pt\">291<\/span><\/td>\n<\/tr>\n<tr>\n<td style=\"width: 313px\" width=\"432\"><span style=\"font-family: helvetica, arial, sans-serif;font-size: 10pt\">Nelson Jungbluth<\/span><\/td>\n<td style=\"width: 266px\" width=\"369\"><span style=\"font-family: helvetica, arial, sans-serif;font-size: 10pt\">Galeria de Arte Mosaico<\/span><\/td>\n<td style=\"width: 130px;text-align: center\" width=\"114\"><span style=\"font-family: helvetica, arial, sans-serif;font-size: 10pt\">433<\/span><\/td>\n<\/tr>\n<tr>\n<td style=\"width: 313px\" width=\"432\"><span style=\"font-family: helvetica, arial, sans-serif;font-size: 10pt\">Nerdisk Malarkonst<\/span><\/td>\n<td style=\"width: 266px\" width=\"369\"><span style=\"font-family: helvetica, arial, sans-serif;font-size: 10pt\">Em Alem\u00e3o S\/Tradu\u00e7\u00e3o<\/span><\/td>\n<td style=\"width: 130px;text-align: center\" width=\"114\"><span style=\"font-family: helvetica, arial, sans-serif;font-size: 10pt\">332<\/span><\/td>\n<\/tr>\n<tr>\n<td style=\"width: 313px\" width=\"432\"><span style=\"font-family: helvetica, arial, sans-serif;font-size: 10pt\">Nossa Cidade Era Assim \u2013 Vol. 3<\/span><\/td>\n<td style=\"width: 266px\" width=\"369\"><span style=\"font-family: helvetica, arial, sans-serif;font-size: 10pt\">Nascimento,Heloisa Assun\u00e7\u00e3o<\/span><\/td>\n<td style=\"width: 130px;text-align: center\" width=\"114\"><span style=\"font-family: helvetica, arial, sans-serif;font-size: 10pt\">51<\/span><\/td>\n<\/tr>\n<tr>\n<td style=\"width: 313px\" width=\"432\"><span style=\"font-family: helvetica, arial, sans-serif;font-size: 10pt\">Novo Dicion\u00e1rio da L\u00edngua Portuguesa<\/span><\/td>\n<td style=\"width: 266px\" width=\"369\"><span style=\"font-family: helvetica, arial, sans-serif;font-size: 10pt\">Holanda, Aur\u00e9lio Buarque de<\/span><\/td>\n<td style=\"width: 130px;text-align: center\" width=\"114\"><span style=\"font-family: helvetica, arial, sans-serif;font-size: 10pt\">215<\/span><\/td>\n<\/tr>\n<tr>\n<td style=\"width: 709px\" colspan=\"3\" width=\"432\">\n<blockquote><p><strong><span style=\"color: #5c5757;font-family: helvetica, arial, sans-serif;font-size: 10pt\">O<\/span><\/strong><\/p><\/blockquote>\n<\/td>\n<\/tr>\n<tr>\n<td style=\"width: 313px\" width=\"432\"><span style=\"font-family: helvetica, arial, sans-serif;font-size: 10pt\">O Barro na Arte Popular Brasileira<\/span><\/td>\n<td style=\"width: 266px\" width=\"369\"><span style=\"font-family: helvetica, arial, sans-serif;font-size: 10pt\">Machado, Clotilde de Carralo<\/span><\/td>\n<td style=\"width: 130px;text-align: center\" width=\"114\"><span style=\"font-family: helvetica, arial, sans-serif;font-size: 10pt\">28<\/span><\/td>\n<\/tr>\n<tr>\n<td style=\"width: 313px\" width=\"432\"><span style=\"font-family: helvetica, arial, sans-serif;font-size: 10pt\">O Barroco no Brasil<\/span><\/td>\n<td style=\"width: 266px\" width=\"369\"><span style=\"font-family: helvetica, arial, sans-serif;font-size: 10pt\">Etzel, Eduardo<\/span><\/td>\n<td style=\"width: 130px;text-align: center\" width=\"114\"><span style=\"font-family: helvetica, arial, sans-serif;font-size: 10pt\">23<\/span><\/td>\n<\/tr>\n<tr>\n<td style=\"width: 313px\" width=\"432\"><span style=\"font-family: helvetica, arial, sans-serif;font-size: 10pt\">Obra Completa<\/span><\/td>\n<td style=\"width: 266px\" width=\"369\"><span style=\"font-family: helvetica, arial, sans-serif;font-size: 10pt\">Lopes Neto, Jo\u00e3o Sim\u00f5es<\/span><\/td>\n<td style=\"width: 130px;text-align: center\" width=\"114\"><span style=\"font-family: helvetica, arial, sans-serif;font-size: 10pt\">199<\/span><\/td>\n<\/tr>\n<tr>\n<td style=\"width: 313px\" width=\"432\"><span style=\"font-family: helvetica, arial, sans-serif;font-size: 10pt\">Obra Gr\u00e1fica<\/span><\/td>\n<td style=\"width: 266px\" width=\"369\"><span style=\"font-family: helvetica, arial, sans-serif;font-size: 10pt\">Fingermann, Sergio<\/span><\/td>\n<td style=\"width: 130px;text-align: center\" width=\"114\"><span style=\"font-family: helvetica, arial, sans-serif;font-size: 10pt\">386<\/span><\/td>\n<\/tr>\n<tr>\n<td style=\"width: 313px\" width=\"432\"><span style=\"font-family: helvetica, arial, sans-serif;font-size: 10pt\">O Brasil de John Graz<\/span><\/td>\n<td style=\"width: 266px\" width=\"369\"><span style=\"font-family: helvetica, arial, sans-serif;font-size: 10pt\">Caixa Econ\u00f4mica Federal Cultural<\/span><\/td>\n<td style=\"width: 130px;text-align: center\" width=\"114\"><span style=\"font-family: helvetica, arial, sans-serif;font-size: 10pt\">496<\/span><\/td>\n<\/tr>\n<tr>\n<td style=\"width: 313px\" width=\"432\"><span style=\"font-family: helvetica, arial, sans-serif;font-size: 10pt\">O Brasil de John Graz<\/span><\/td>\n<td style=\"width: 266px\" width=\"369\"><span style=\"font-family: helvetica, arial, sans-serif;font-size: 10pt\">Caixa Cultural<\/span><\/td>\n<td style=\"width: 130px;text-align: center\" width=\"114\"><span style=\"font-family: helvetica, arial, sans-serif;font-size: 10pt\">502<\/span><\/td>\n<\/tr>\n<tr>\n<td style=\"width: 313px\" width=\"432\"><span style=\"font-family: helvetica, arial, sans-serif;font-size: 10pt\">Obras Para Museu<\/span><\/td>\n<td style=\"width: 266px\" width=\"369\"><span style=\"font-family: helvetica, arial, sans-serif;font-size: 10pt\">Forbes, Maria Anna e Raul Souza<\/span><\/td>\n<td style=\"width: 130px;text-align: center\" width=\"114\"><span style=\"font-family: helvetica, arial, sans-serif;font-size: 10pt\">104<\/span><\/td>\n<\/tr>\n<tr>\n<td style=\"width: 313px\" width=\"432\"><span style=\"font-family: helvetica, arial, sans-serif;font-size: 10pt\">O Expressionismo e a Arte Brasileira<\/span><\/td>\n<td style=\"width: 266px\" width=\"369\"><span style=\"font-family: helvetica, arial, sans-serif;font-size: 10pt\">Institutos Goethe no Brasil<\/span><\/td>\n<td style=\"width: 130px;text-align: center\" width=\"114\"><span style=\"font-family: helvetica, arial, sans-serif;font-size: 10pt\">416<\/span><\/td>\n<\/tr>\n<tr>\n<td style=\"width: 313px\" width=\"432\"><span style=\"font-family: helvetica, arial, sans-serif;font-size: 10pt\">O Imp\u00e9rio em Bras\u00edlia<\/span><\/td>\n<td style=\"width: 266px\" width=\"369\"><span style=\"font-family: helvetica, arial, sans-serif;font-size: 10pt\">Congresso Nacional \/ Instituto Brasileiro de Museus<\/span><\/td>\n<td style=\"width: 130px;text-align: center\" width=\"114\"><span style=\"font-family: helvetica, arial, sans-serif;font-size: 10pt\">478<\/span><\/td>\n<\/tr>\n<tr>\n<td style=\"width: 313px\" width=\"432\"><span style=\"font-family: helvetica, arial, sans-serif;font-size: 10pt\">O Impressionismo<\/span><\/td>\n<td style=\"width: 266px\" width=\"369\"><span style=\"font-family: helvetica, arial, sans-serif;font-size: 10pt\">Serullaz, M.<\/span><\/td>\n<td style=\"width: 130px;text-align: center\" width=\"114\"><span style=\"font-family: helvetica, arial, sans-serif;font-size: 10pt\">47<\/span><\/td>\n<\/tr>\n<tr>\n<td style=\"width: 313px\" width=\"432\"><span style=\"font-family: helvetica, arial, sans-serif;font-size: 10pt\">\u201cO Louvre e seus Visitantes\u201d<\/span><\/td>\n<td style=\"width: 266px\" width=\"369\"><span style=\"font-family: helvetica, arial, sans-serif;font-size: 10pt\">Museu de Arte do Esp\u00edrito Santo<\/span><\/td>\n<td style=\"width: 130px;text-align: center\" width=\"114\"><span style=\"font-family: helvetica, arial, sans-serif;font-size: 10pt\">451<\/span><\/td>\n<\/tr>\n<tr>\n<td style=\"width: 313px\" width=\"432\"><span style=\"font-family: helvetica, arial, sans-serif;font-size: 10pt\">O Mago Das Cores \u201cAldo Locateli\u201d<\/span><\/td>\n<td style=\"width: 266px\" width=\"369\"><span style=\"font-family: helvetica, arial, sans-serif;font-size: 10pt\">Companhia Estadual de Energia<\/span><\/td>\n<td style=\"width: 130px;text-align: center\" width=\"114\"><span style=\"font-family: helvetica, arial, sans-serif;font-size: 10pt\">132<\/span><\/td>\n<\/tr>\n<tr>\n<td style=\"width: 313px\" width=\"432\"><span style=\"font-family: helvetica, arial, sans-serif;font-size: 10pt\">O Modernismo na Pintura Brasileira<\/span><\/td>\n<td style=\"width: 266px\" width=\"369\"><span style=\"font-family: helvetica, arial, sans-serif;font-size: 10pt\">Museu de Arte\/RS Ado Malagoli<\/span><\/td>\n<td style=\"width: 130px;text-align: center\" width=\"114\"><span style=\"font-family: helvetica, arial, sans-serif;font-size: 10pt\">111<\/span><\/td>\n<\/tr>\n<tr>\n<td style=\"width: 313px\" width=\"432\"><span style=\"font-family: helvetica, arial, sans-serif;font-size: 10pt\">O Mundo dos Museus, Paris, Londres, Munique<\/span><\/td>\n<td style=\"width: 266px\" width=\"369\"><span style=\"font-family: helvetica, arial, sans-serif;font-size: 10pt\">Gibele; Nicol\u00e1s J.<\/span><\/td>\n<td style=\"width: 130px;text-align: center\" width=\"114\"><span style=\"font-family: helvetica, arial, sans-serif;font-size: 10pt\">176<\/span><\/td>\n<\/tr>\n<tr>\n<td style=\"width: 313px\" width=\"432\"><span style=\"font-family: helvetica, arial, sans-serif;font-size: 10pt\">O Mundo Imagin\u00e1rio de Denise Roman<\/span><\/td>\n<td style=\"width: 266px\" width=\"369\"><span style=\"font-family: helvetica, arial, sans-serif;font-size: 10pt\">HSBC<\/span><\/td>\n<td style=\"width: 130px;text-align: center\" width=\"114\"><span style=\"font-family: helvetica, arial, sans-serif;font-size: 10pt\">447<\/span><\/td>\n<\/tr>\n<tr>\n<td style=\"width: 313px\" width=\"432\"><span style=\"font-family: helvetica, arial, sans-serif;font-size: 10pt\">O Museu de Arte do Rio Grande do Sul<\/span><\/td>\n<td style=\"width: 266px\" width=\"369\"><span style=\"font-family: helvetica, arial, sans-serif;font-size: 10pt\">Borgarri, F\u00e1bio Luiz Coutinho<\/span><\/td>\n<td style=\"width: 130px;text-align: center\" width=\"114\"><span style=\"font-family: helvetica, arial, sans-serif;font-size: 10pt\">105<\/span><\/td>\n<\/tr>\n<tr>\n<td style=\"width: 313px\" width=\"432\"><span style=\"font-family: helvetica, arial, sans-serif;font-size: 10pt\">O Museu do Louvre I<\/span><\/td>\n<td style=\"width: 266px\" width=\"369\"><span style=\"font-family: helvetica, arial, sans-serif;font-size: 10pt\">O Mundo dos Museus<\/span><\/td>\n<td style=\"width: 130px;text-align: center\" width=\"114\"><span style=\"font-family: helvetica, arial, sans-serif;font-size: 10pt\">325<\/span><\/td>\n<\/tr>\n<tr>\n<td style=\"width: 313px\" width=\"432\"><span style=\"font-family: helvetica, arial, sans-serif;font-size: 10pt\">O Museu do Louvre II<\/span><\/td>\n<td style=\"width: 266px\" width=\"369\"><span style=\"font-family: helvetica, arial, sans-serif;font-size: 10pt\">O Mundo dos Museus<\/span><\/td>\n<td style=\"width: 130px;text-align: center\" width=\"114\"><span style=\"font-family: helvetica, arial, sans-serif;font-size: 10pt\">326<\/span><\/td>\n<\/tr>\n<tr>\n<td style=\"width: 313px\" width=\"432\"><span style=\"font-family: helvetica, arial, sans-serif;font-size: 10pt\">O Museu do Prado<\/span><\/td>\n<td style=\"width: 266px\" width=\"369\"><span style=\"font-family: helvetica, arial, sans-serif;font-size: 10pt\">O Mundo dos Museus<\/span><\/td>\n<td style=\"width: 130px;text-align: center\" width=\"114\"><span style=\"font-family: helvetica, arial, sans-serif;font-size: 10pt\">322<\/span><\/td>\n<\/tr>\n<tr>\n<td style=\"width: 313px\" width=\"432\"><span style=\"font-family: helvetica, arial, sans-serif;font-size: 10pt\">O Museu do Saber e do Fazer<\/span><\/td>\n<td style=\"width: 266px\" width=\"369\"><span style=\"font-family: helvetica, arial, sans-serif;font-size: 10pt\">Francisca Michelon, Douver Michelon, Chana\u00edsa Melo<\/span><\/td>\n<td style=\"width: 130px;text-align: center\" width=\"114\"><span style=\"font-family: helvetica, arial, sans-serif;font-size: 10pt\">505<\/span><\/td>\n<\/tr>\n<tr>\n<td style=\"width: 313px\" width=\"432\"><span style=\"font-family: helvetica, arial, sans-serif;font-size: 10pt\">O Museu e a Vida<\/span><\/td>\n<td style=\"width: 266px\" width=\"369\"><span style=\"font-family: helvetica, arial, sans-serif;font-size: 10pt\">Geraudy, Daniele \u2013 Bovilhet, Henri<\/span><\/td>\n<td style=\"width: 130px;text-align: center\" width=\"114\"><span style=\"font-family: helvetica, arial, sans-serif;font-size: 10pt\">157<\/span><\/td>\n<\/tr>\n<tr>\n<td style=\"width: 313px\" width=\"432\"><span style=\"font-family: helvetica, arial, sans-serif;font-size: 10pt\">Opul\u00eancia e Cultura na Prov\u00edncia de S\u00e3o Pedro do Rio Grande do Sul<\/span><\/td>\n<td style=\"width: 266px\" width=\"369\"><span style=\"font-family: helvetica, arial, sans-serif;font-size: 10pt\">Magalh\u00e3es,M\u00e1rio Os\u00f3rio<\/span><\/td>\n<td style=\"width: 130px;text-align: center\" width=\"114\"><span style=\"font-family: helvetica, arial, sans-serif;font-size: 10pt\">50<\/span><\/td>\n<\/tr>\n<tr>\n<td style=\"width: 313px\" width=\"432\"><span style=\"font-family: helvetica, arial, sans-serif;font-size: 10pt\">O RETRATO BRASILEIRO<\/span><\/td>\n<td style=\"width: 266px\" width=\"369\"><span style=\"font-family: helvetica, arial, sans-serif;font-size: 10pt\">FUNARTE<\/span><\/td>\n<td style=\"width: 130px;text-align: center\" width=\"114\"><span style=\"font-family: helvetica, arial, sans-serif;font-size: 10pt\">446<\/span><\/td>\n<\/tr>\n<tr>\n<td style=\"width: 313px\" width=\"432\"><span style=\"font-family: helvetica, arial, sans-serif;font-size: 10pt\">Os Impressionistas \u201cREDON\u201d<\/span><\/td>\n<td style=\"width: 266px\" width=\"369\"><span style=\"font-family: helvetica, arial, sans-serif;font-size: 10pt\">Bardi, Pietro Maria<\/span><\/td>\n<td style=\"width: 130px;text-align: center\" width=\"114\"><span style=\"font-family: helvetica, arial, sans-serif;font-size: 10pt\">27<\/span><\/td>\n<\/tr>\n<tr>\n<td style=\"width: 313px\" width=\"432\"><span style=\"font-family: helvetica, arial, sans-serif;font-size: 10pt\">Os Procedimentos da Arte<\/span><\/td>\n<td style=\"width: 266px\" width=\"369\"><span style=\"font-family: helvetica, arial, sans-serif;font-size: 10pt\">Schamaltz, Y\u00eada<\/span><\/td>\n<td style=\"width: 130px;text-align: center\" width=\"114\"><span style=\"font-family: helvetica, arial, sans-serif;font-size: 10pt\">144<\/span><\/td>\n<\/tr>\n<tr>\n<td style=\"width: 313px\" width=\"432\"><span style=\"font-family: helvetica, arial, sans-serif;font-size: 10pt\">Os Quatro Mestres do Renascimento<\/span><\/td>\n<td style=\"width: 266px\" width=\"369\"><span style=\"font-family: helvetica, arial, sans-serif;font-size: 10pt\">Universidade Federal de Pelotas<\/span><\/td>\n<td style=\"width: 130px;text-align: center\" width=\"114\"><span style=\"font-family: helvetica, arial, sans-serif;font-size: 10pt\">431<\/span><\/td>\n<\/tr>\n<tr>\n<td style=\"width: 313px\" width=\"432\"><span style=\"font-family: helvetica, arial, sans-serif;font-size: 10pt\">O Triunfo do Contempor\u00e2neo<\/span><\/td>\n<td style=\"width: 266px\" width=\"369\"><span style=\"font-family: helvetica, arial, sans-serif;font-size: 10pt\">Santander Cultural POA<\/span><\/td>\n<td style=\"width: 130px;text-align: center\" width=\"114\"><span style=\"font-family: helvetica, arial, sans-serif;font-size: 10pt\">470<\/span><\/td>\n<\/tr>\n<tr>\n<td style=\"width: 313px\" width=\"432\"><span style=\"font-family: helvetica, arial, sans-serif;font-size: 10pt\">O Universo Gr\u00e1fico de Glauco Rodrigues<\/span><\/td>\n<td style=\"width: 266px\" width=\"369\"><span style=\"font-family: helvetica, arial, sans-serif;font-size: 10pt\">Antonio Cava<\/span><\/td>\n<td style=\"width: 130px;text-align: center\" width=\"114\"><span style=\"font-family: helvetica, arial, sans-serif;font-size: 10pt\">482<\/span><\/td>\n<\/tr>\n<tr>\n<td style=\"width: 709px\" colspan=\"3\" width=\"432\">\n<blockquote><p><strong><span style=\"color: #5c5757;font-family: helvetica, arial, sans-serif;font-size: 10pt\">P<\/span><\/strong><\/p><\/blockquote>\n<\/td>\n<\/tr>\n<tr>\n<td style=\"width: 313px\" width=\"432\"><span style=\"font-family: helvetica, arial, sans-serif;font-size: 10pt\">PANORAMA de Arte Atual Brasileira<\/span><\/td>\n<td style=\"width: 266px\" width=\"369\"><span style=\"font-family: helvetica, arial, sans-serif;font-size: 10pt\">Museu de Arte Moderna de S\u00e3o Paulo<\/span><\/td>\n<td style=\"width: 130px;text-align: center\" width=\"114\"><span style=\"font-family: helvetica, arial, sans-serif;font-size: 10pt\">298<\/span><\/td>\n<\/tr>\n<tr>\n<td style=\"width: 313px\" width=\"432\"><span style=\"font-family: helvetica, arial, sans-serif;font-size: 10pt\">Paris 1900<\/span><\/td>\n<td style=\"width: 266px\" width=\"369\"><span style=\"font-family: helvetica, arial, sans-serif;font-size: 10pt\">Museu de Arte\/RS Ado Malagoli<\/span><\/td>\n<td style=\"width: 130px;text-align: center\" width=\"114\"><span style=\"font-family: helvetica, arial, sans-serif;font-size: 10pt\">122<\/span><\/td>\n<\/tr>\n<tr>\n<td style=\"width: 313px\" width=\"432\"><span style=\"font-family: helvetica, arial, sans-serif;font-size: 10pt\">Patrim\u00f4nio Cultural e Museus<\/span><\/td>\n<td style=\"width: 266px\" width=\"369\"><span style=\"font-family: helvetica, arial, sans-serif;font-size: 10pt\">I Sal\u00e3o Cient\u00edfico Cultural MARS Santander Cultural<\/span><\/td>\n<td style=\"width: 130px;text-align: center\" width=\"114\"><span style=\"font-family: helvetica, arial, sans-serif;font-size: 10pt\">499<\/span><\/td>\n<\/tr>\n<tr>\n<td style=\"width: 313px\" width=\"432\"><span style=\"font-family: helvetica, arial, sans-serif;font-size: 10pt\">Patrim\u00f4nio Cultural \u2013 02<\/span><\/td>\n<td style=\"width: 266px\" width=\"369\"><span style=\"font-family: helvetica, arial, sans-serif;font-size: 10pt\">Governo do Estado de Minas Gerais<\/span><\/td>\n<td style=\"width: 130px;text-align: center\" width=\"114\"><span style=\"font-family: helvetica, arial, sans-serif;font-size: 10pt\">424<\/span><\/td>\n<\/tr>\n<tr>\n<td style=\"width: 313px\" width=\"432\"><span style=\"font-family: helvetica, arial, sans-serif;font-size: 10pt\">Paulo Paes I Pneum\u00e1tico<\/span><\/td>\n<td style=\"width: 266px\" width=\"369\"><span style=\"font-family: helvetica, arial, sans-serif;font-size: 10pt\">Caixa Cultural<\/span><\/td>\n<td style=\"width: 130px;text-align: center\" width=\"114\"><span style=\"font-family: helvetica, arial, sans-serif;font-size: 10pt\">462<\/span><\/td>\n<\/tr>\n<tr>\n<td style=\"width: 313px\" width=\"432\"><span style=\"font-family: helvetica, arial, sans-serif;font-size: 10pt\">PEDRO GERALDO ESCOSTEGUYI: po\u00e9ticas visuais<\/span><\/td>\n<td style=\"width: 266px\" width=\"369\"><span style=\"font-family: helvetica, arial, sans-serif;font-size: 10pt\">Gastal ,Susana<\/span><\/td>\n<td style=\"width: 130px;text-align: center\" width=\"114\"><span style=\"font-family: helvetica, arial, sans-serif;font-size: 10pt\">344<\/span><\/td>\n<\/tr>\n<tr>\n<td style=\"width: 313px\" width=\"432\"><span style=\"font-family: helvetica, arial, sans-serif;font-size: 10pt\">Pedro Os\u00f3rio, Sim Senhor<\/span><\/td>\n<td style=\"width: 266px\" width=\"369\"><span style=\"font-family: helvetica, arial, sans-serif;font-size: 10pt\">Caldas, Pedro<\/span><\/td>\n<td style=\"width: 130px;text-align: center\" width=\"114\"><span style=\"font-family: helvetica, arial, sans-serif;font-size: 10pt\">64<\/span><\/td>\n<\/tr>\n<tr>\n<td style=\"width: 313px\" width=\"432\"><span style=\"font-family: helvetica, arial, sans-serif;font-size: 10pt\">Pel\u00edculas de la Rep\u00fablica\u00a0 Federal\u00a0 Del Alemanha<\/span><\/td>\n<td style=\"width: 266px\" width=\"369\"><span style=\"font-family: helvetica, arial, sans-serif;font-size: 10pt\">Internationes<\/span><\/td>\n<td style=\"width: 130px;text-align: center\" width=\"114\"><span style=\"font-family: helvetica, arial, sans-serif;font-size: 10pt\">262<\/span><\/td>\n<\/tr>\n<tr>\n<td style=\"width: 313px\" width=\"432\"><span style=\"font-family: helvetica, arial, sans-serif;font-size: 10pt\">Pequena Hist\u00f3ria da Arte<\/span><\/td>\n<td style=\"width: 266px\" width=\"369\"><span style=\"font-family: helvetica, arial, sans-serif;font-size: 10pt\">Bardi, P.M<\/span><\/td>\n<td style=\"width: 130px;text-align: center\" width=\"114\"><span style=\"font-family: helvetica, arial, sans-serif;font-size: 10pt\">08<\/span><\/td>\n<\/tr>\n<tr>\n<td style=\"width: 313px\" width=\"432\"><span style=\"font-family: helvetica, arial, sans-serif;font-size: 10pt\">Picasso, Cubismo e Am\u00e9rica Latina<\/span><\/td>\n<td style=\"width: 266px\" width=\"369\"><span style=\"font-family: helvetica, arial, sans-serif;font-size: 10pt\">Funda\u00e7\u00e3o Bienal de Artes do Mercosul<\/span><\/td>\n<td style=\"width: 130px;text-align: center\" width=\"114\"><span style=\"font-family: helvetica, arial, sans-serif;font-size: 10pt\">231<\/span><\/td>\n<\/tr>\n<tr>\n<td style=\"width: 313px\" width=\"432\"><span style=\"font-family: helvetica, arial, sans-serif;font-size: 10pt\">Pintura Chilena<\/span><\/td>\n<td style=\"width: 266px\" width=\"369\"><span style=\"font-family: helvetica, arial, sans-serif;font-size: 10pt\">Museu Nacional de Belas Artes<\/span><\/td>\n<td style=\"width: 130px;text-align: center\" width=\"114\"><span style=\"font-family: helvetica, arial, sans-serif;font-size: 10pt\">292<\/span><\/td>\n<\/tr>\n<tr>\n<td style=\"width: 313px\" width=\"432\"><span style=\"font-family: helvetica, arial, sans-serif;font-size: 10pt\">Pintura Contempor\u00e2nea de S\u00e3o Paulo<\/span><\/td>\n<td style=\"width: 266px\" width=\"369\"><span style=\"font-family: helvetica, arial, sans-serif;font-size: 10pt\">Funda\u00e7\u00e3o Armando Alvares Penteado<\/span><\/td>\n<td style=\"width: 130px;text-align: center\" width=\"114\"><span style=\"font-family: helvetica, arial, sans-serif;font-size: 10pt\">427<\/span><\/td>\n<\/tr>\n<tr>\n<td style=\"width: 313px\" width=\"432\"><span style=\"font-family: helvetica, arial, sans-serif;font-size: 10pt\">Pintura e Poesia<\/span><\/td>\n<td style=\"width: 266px\" width=\"369\"><span style=\"font-family: helvetica, arial, sans-serif;font-size: 10pt\">Espa\u00e7o BNDES<\/span><\/td>\n<td style=\"width: 130px;text-align: center\" width=\"114\"><span style=\"font-family: helvetica, arial, sans-serif;font-size: 10pt\">294<\/span><\/td>\n<\/tr>\n<tr>\n<td style=\"width: 313px\" width=\"432\"><span style=\"font-family: helvetica, arial, sans-serif;font-size: 10pt\">Plano de A\u00e7\u00e3o UFPEL 2001<\/span><\/td>\n<td style=\"width: 266px\" width=\"369\"><span style=\"font-family: helvetica, arial, sans-serif;font-size: 10pt\">Universidade Federal de Pelotas<\/span><\/td>\n<td style=\"width: 130px;text-align: center\" width=\"114\"><span style=\"font-family: helvetica, arial, sans-serif;font-size: 10pt\">390<\/span><\/td>\n<\/tr>\n<tr>\n<td style=\"width: 313px\" width=\"432\"><span style=\"font-family: helvetica, arial, sans-serif;font-size: 10pt\">Plano de A\u00e7\u00e3o UFPel 2000 &#8211; Avalia\u00e7\u00e3o<\/span><\/td>\n<td style=\"width: 266px\" width=\"369\"><span style=\"font-family: helvetica, arial, sans-serif;font-size: 10pt\">Universidade Federal de Pelotas<\/span><\/td>\n<td style=\"width: 130px;text-align: center\" width=\"114\"><span style=\"font-family: helvetica, arial, sans-serif;font-size: 10pt\">401<\/span><\/td>\n<\/tr>\n<tr>\n<td style=\"width: 313px\" width=\"432\"><span style=\"font-family: helvetica, arial, sans-serif;font-size: 10pt\">Plano de Desenvolvimento da UFPEL\/1998-2001<\/span><\/td>\n<td style=\"width: 266px\" width=\"369\"><span style=\"font-family: helvetica, arial, sans-serif;font-size: 10pt\">Universidade Federal de Pelotas<\/span><\/td>\n<td style=\"width: 130px;text-align: center\" width=\"114\"><span style=\"font-family: helvetica, arial, sans-serif;font-size: 10pt\">391<\/span><\/td>\n<\/tr>\n<tr>\n<td style=\"width: 313px\" width=\"432\"><span style=\"font-family: helvetica, arial, sans-serif;font-size: 10pt\">Plano Diretor F\u00edsico\/ 1998- 2002<\/span><\/td>\n<td style=\"width: 266px\" width=\"369\"><span style=\"font-family: helvetica, arial, sans-serif;font-size: 10pt\">Universidade Federal de Pelotas<\/span><\/td>\n<td style=\"width: 130px;text-align: center\" width=\"114\"><span style=\"font-family: helvetica, arial, sans-serif;font-size: 10pt\">392<\/span><\/td>\n<\/tr>\n<tr>\n<td style=\"width: 313px\" width=\"432\"><span style=\"font-family: helvetica, arial, sans-serif;font-size: 10pt\">Plano Nacional de Cultura \u2013 Diretrizes Gerais<\/span><\/td>\n<td style=\"width: 266px\" width=\"369\"><span style=\"font-family: helvetica, arial, sans-serif;font-size: 10pt\">Minist\u00e9rio da Cultura<\/span><\/td>\n<td style=\"width: 130px;text-align: center\" width=\"114\"><span style=\"font-family: helvetica, arial, sans-serif;font-size: 10pt\">402<\/span><\/td>\n<\/tr>\n<tr>\n<td style=\"width: 313px\" width=\"432\"><span style=\"font-family: helvetica, arial, sans-serif;font-size: 10pt\">Plano Nacional Setorial de Museus<\/span><\/td>\n<td style=\"width: 266px\" width=\"369\"><span style=\"font-family: helvetica, arial, sans-serif;font-size: 10pt\">Instituto Brasileiro de Museus<\/span><\/td>\n<td style=\"width: 130px;text-align: center\" width=\"114\"><span style=\"font-family: helvetica, arial, sans-serif;font-size: 10pt\">463<\/span><\/td>\n<\/tr>\n<tr>\n<td style=\"width: 313px\" width=\"432\"><span style=\"font-family: helvetica, arial, sans-serif;font-size: 10pt\">PL\u00c1STICA<\/span><\/td>\n<td style=\"width: 266px\" width=\"369\"><span style=\"font-family: helvetica, arial, sans-serif;font-size: 10pt\">FEEVALE<\/span><\/td>\n<td style=\"width: 130px;text-align: center\" width=\"114\"><span style=\"font-family: helvetica, arial, sans-serif;font-size: 10pt\">420<\/span><\/td>\n<\/tr>\n<tr>\n<td style=\"width: 313px\" width=\"432\"><span style=\"font-family: helvetica, arial, sans-serif;font-size: 10pt\">Po\u00e9tica<\/span><\/td>\n<td style=\"width: 266px\" width=\"369\"><span style=\"font-family: helvetica, arial, sans-serif;font-size: 10pt\">Julio Plaza<\/span><\/td>\n<td style=\"width: 130px;text-align: center\" width=\"114\"><span style=\"font-family: helvetica, arial, sans-serif;font-size: 10pt\">488<\/span><\/td>\n<\/tr>\n<tr>\n<td style=\"width: 313px\" width=\"432\"><span style=\"font-family: helvetica, arial, sans-serif;font-size: 10pt\">Pol\u00edtica Nacional de Museus \u2013 Relat\u00f3rio 2003\/2004<\/span><\/td>\n<td style=\"width: 266px\" width=\"369\"><span style=\"font-family: helvetica, arial, sans-serif;font-size: 10pt\">Minist\u00e9rio da Cultura<\/span><\/td>\n<td style=\"width: 130px;text-align: center\" width=\"114\"><span style=\"font-family: helvetica, arial, sans-serif;font-size: 10pt\">265<\/span><\/td>\n<\/tr>\n<tr>\n<td style=\"width: 313px\" width=\"432\"><span style=\"font-family: helvetica, arial, sans-serif;font-size: 10pt\">Pomares \u2013 Revista da FVCB<\/span><\/td>\n<td style=\"width: 266px\" width=\"369\"><span style=\"font-family: helvetica, arial, sans-serif;font-size: 10pt\">Funda\u00e7\u00e3o Vera Chaves Barcellos<\/span><\/td>\n<td style=\"width: 130px;text-align: center\" width=\"114\"><span style=\"font-family: helvetica, arial, sans-serif;font-size: 10pt\">457<\/span><\/td>\n<\/tr>\n<tr>\n<td style=\"width: 313px\" width=\"432\"><span style=\"font-family: helvetica, arial, sans-serif;font-size: 10pt\">PONTO CEGO<\/span><\/td>\n<td style=\"width: 266px\" width=\"369\"><span style=\"font-family: helvetica, arial, sans-serif;font-size: 10pt\">Branco, Miguel Rio<\/span><\/td>\n<td style=\"width: 130px;text-align: center\" width=\"114\"><span style=\"font-family: helvetica, arial, sans-serif;font-size: 10pt\">459<\/span><\/td>\n<\/tr>\n<tr>\n<td style=\"width: 313px\" width=\"432\"><span style=\"font-family: helvetica, arial, sans-serif;font-size: 10pt\">Portas de Bronze \u2013 F\u00e9 \u2013 Arte &#8211; Hist\u00f3ria<\/span><\/td>\n<td style=\"width: 266px\" width=\"369\"><span style=\"font-family: helvetica, arial, sans-serif;font-size: 10pt\">Brugalli, Alvino Melquides<\/span><\/td>\n<td style=\"width: 130px;text-align: center\" width=\"114\"><span style=\"font-family: helvetica, arial, sans-serif;font-size: 10pt\">453<\/span><\/td>\n<\/tr>\n<tr>\n<td style=\"width: 313px\" width=\"432\"><span style=\"font-family: helvetica, arial, sans-serif;font-size: 10pt\">Portugal Na Abertura Do Mundo<\/span><\/td>\n<td style=\"width: 266px\" width=\"369\"><span style=\"font-family: helvetica, arial, sans-serif;font-size: 10pt\">Com.Nac.\/Com.Desc.Portugueses<\/span><\/td>\n<td style=\"width: 130px;text-align: center\" width=\"114\"><span style=\"font-family: helvetica, arial, sans-serif;font-size: 10pt\">316<\/span><\/td>\n<\/tr>\n<tr>\n<td style=\"width: 313px\" width=\"432\"><span style=\"font-family: helvetica, arial, sans-serif;font-size: 10pt\">Portugueses Em El\u00a0 R\u00edo De La Plata<\/span><\/td>\n<td style=\"width: 266px\" width=\"369\"><span style=\"font-family: helvetica, arial, sans-serif;font-size: 10pt\">Assun\u00e7\u00e3o, Fernando O.<\/span><\/td>\n<td style=\"width: 130px;text-align: center\" width=\"114\"><span style=\"font-family: helvetica, arial, sans-serif;font-size: 10pt\">349<\/span><\/td>\n<\/tr>\n<tr>\n<td style=\"width: 313px\" width=\"432\"><span style=\"font-family: helvetica, arial, sans-serif;font-size: 10pt\">Preserva\u00e7\u00e3o do Patrim\u00f4nio Cultural<\/span><\/td>\n<td style=\"width: 266px\" width=\"369\"><span style=\"font-family: helvetica, arial, sans-serif;font-size: 10pt\">Claudia Aristimunha; Ligia Fagundes e Lorete Malta<\/span><\/td>\n<td style=\"width: 130px;text-align: center\" width=\"114\"><span style=\"font-family: helvetica, arial, sans-serif;font-size: 10pt\">491<\/span><\/td>\n<\/tr>\n<tr>\n<td style=\"width: 313px\" width=\"432\"><span style=\"font-family: helvetica, arial, sans-serif;font-size: 10pt\">Programa de Forma\u00e7\u00e3o e Capacita\u00e7\u00e3o em Museologia<\/span><\/td>\n<td style=\"width: 266px\" width=\"369\"><span style=\"font-family: helvetica, arial, sans-serif;font-size: 10pt\">Santos, Maria C\u00e9lia T. Moura<\/span><\/td>\n<td style=\"width: 130px;text-align: center\" width=\"114\"><span style=\"font-family: helvetica, arial, sans-serif;font-size: 10pt\">341<\/span><\/td>\n<\/tr>\n<tr>\n<td style=\"width: 313px\" width=\"432\"><span style=\"font-family: helvetica, arial, sans-serif;font-size: 10pt\">Projeto Atelier<\/span><\/td>\n<td style=\"width: 266px\" width=\"369\"><span style=\"font-family: helvetica, arial, sans-serif;font-size: 10pt\">N\u00facleo de Gravura do Museu de Arte do Rio Grande do Sul<\/span><\/td>\n<td style=\"width: 130px;text-align: center\" width=\"114\"><span style=\"font-family: helvetica, arial, sans-serif;font-size: 10pt\">396<\/span><\/td>\n<\/tr>\n<tr>\n<td style=\"width: 313px\" width=\"432\"><span style=\"font-family: helvetica, arial, sans-serif;font-size: 10pt\">Projeto \u201cCaixa Resgatando a Mem\u00f3ria\u201d<\/span><\/td>\n<td style=\"width: 266px\" width=\"369\"><span style=\"font-family: helvetica, arial, sans-serif;font-size: 10pt\">Caixa Econ\u00f4mica Federal<\/span><\/td>\n<td style=\"width: 130px;text-align: center\" width=\"114\"><span style=\"font-family: helvetica, arial, sans-serif;font-size: 10pt\">129<\/span><\/td>\n<\/tr>\n<tr>\n<td style=\"width: 313px\" width=\"432\"><span style=\"font-family: helvetica, arial, sans-serif;font-size: 10pt\">Projeto Rio Grande da Arte<\/span><\/td>\n<td style=\"width: 266px\" width=\"369\"><span style=\"font-family: helvetica, arial, sans-serif;font-size: 10pt\">IEAVI- Instituto Estadual de Artes Visuais<\/span><\/td>\n<td style=\"width: 130px;text-align: center\" width=\"114\"><span style=\"font-family: helvetica, arial, sans-serif;font-size: 10pt\">278<\/span><\/td>\n<\/tr>\n<tr>\n<td style=\"width: 709px\" colspan=\"3\" width=\"432\">\n<blockquote><p><strong><span style=\"color: #5c5757;font-family: helvetica, arial, sans-serif;font-size: 10pt\">Q<\/span><\/strong><\/p><\/blockquote>\n<\/td>\n<\/tr>\n<tr>\n<td style=\"width: 313px\" width=\"432\"><span style=\"font-family: helvetica, arial, sans-serif;font-size: 10pt\">Quarenta Mil Anos de Arte Moderna<\/span><\/td>\n<td style=\"width: 266px\" width=\"369\"><span style=\"font-family: helvetica, arial, sans-serif;font-size: 10pt\">Mauduit, J.A.<\/span><\/td>\n<td style=\"width: 130px;text-align: center\" width=\"114\"><span style=\"font-family: helvetica, arial, sans-serif;font-size: 10pt\">09<\/span><\/td>\n<\/tr>\n<tr>\n<td style=\"width: 313px\" width=\"432\"><span style=\"font-family: helvetica, arial, sans-serif;font-size: 10pt\">Qu\u00e9 es el Clasicismo?<\/span><\/td>\n<td style=\"width: 266px\" width=\"369\"><span style=\"font-family: helvetica, arial, sans-serif;font-size: 10pt\">Peyre, Henri<\/span><\/td>\n<td style=\"width: 130px;text-align: center\" width=\"114\"><span style=\"font-family: helvetica, arial, sans-serif;font-size: 10pt\">39<\/span><\/td>\n<\/tr>\n<tr>\n<td style=\"width: 709px\" colspan=\"3\" width=\"432\">\n<blockquote><p><strong><span style=\"color: #5c5757;font-family: helvetica, arial, sans-serif;font-size: 10pt\">R<\/span><\/strong><\/p><\/blockquote>\n<\/td>\n<\/tr>\n<tr>\n<td style=\"width: 313px\" width=\"432\"><span style=\"font-family: helvetica, arial, sans-serif;font-size: 10pt\">Ra\u00edzes de Gramado \u2013 40 Anos<\/span><\/td>\n<td style=\"width: 266px\" width=\"369\"><span style=\"font-family: helvetica, arial, sans-serif;font-size: 10pt\">Daros Mar\u00edlia e Barroso, Vera L.<\/span><\/td>\n<td style=\"width: 130px;text-align: center\" width=\"114\"><span style=\"font-family: helvetica, arial, sans-serif;font-size: 10pt\">62<\/span><\/td>\n<\/tr>\n<tr>\n<td style=\"width: 313px\" width=\"432\"><span style=\"font-family: helvetica, arial, sans-serif;font-size: 10pt\">Recortes<\/span><\/td>\n<td style=\"width: 266px\" width=\"369\"><span style=\"font-family: helvetica, arial, sans-serif;font-size: 10pt\">Simon, Ronald<\/span><\/td>\n<td style=\"width: 130px;text-align: center\" width=\"114\"><span style=\"font-family: helvetica, arial, sans-serif;font-size: 10pt\">287<\/span><\/td>\n<\/tr>\n<tr>\n<td style=\"width: 313px\" width=\"432\"><span style=\"font-family: helvetica, arial, sans-serif;font-size: 10pt\">Reflex\u00f5es Sobre a Arte Antiga<\/span><\/td>\n<td style=\"width: 266px\" width=\"369\"><span style=\"font-family: helvetica, arial, sans-serif;font-size: 10pt\">Winckelmann, J.J.<\/span><\/td>\n<td style=\"width: 130px;text-align: center\" width=\"114\"><span style=\"font-family: helvetica, arial, sans-serif;font-size: 10pt\">300<\/span><\/td>\n<\/tr>\n<tr>\n<td style=\"width: 313px\" width=\"432\"><span style=\"font-family: helvetica, arial, sans-serif;font-size: 10pt\">Relat\u00f3rio da UFPel 1997 (2)<\/span><\/td>\n<td style=\"width: 266px\" width=\"369\"><span style=\"font-family: helvetica, arial, sans-serif;font-size: 10pt\">Universidade Federal de Pelotas<\/span><\/td>\n<td style=\"width: 130px;text-align: center\" width=\"114\"><span style=\"font-family: helvetica, arial, sans-serif;font-size: 10pt\">399<\/span><\/td>\n<\/tr>\n<tr>\n<td style=\"width: 313px\" width=\"432\"><span style=\"font-family: helvetica, arial, sans-serif;font-size: 10pt\">Relat\u00f3rio do Museu J\u00falio de Castilhos &#8211; Gest\u00e3o 1995\/1998<\/span><\/td>\n<td style=\"width: 266px\" width=\"369\"><span style=\"font-family: helvetica, arial, sans-serif;font-size: 10pt\">Avruch, Miriam Aloisio<\/span><\/td>\n<td style=\"width: 130px;text-align: center\" width=\"114\"><span style=\"font-family: helvetica, arial, sans-serif;font-size: 10pt\">95<\/span><\/td>\n<\/tr>\n<tr>\n<td style=\"width: 313px\" width=\"432\"><span style=\"font-family: helvetica, arial, sans-serif;font-size: 10pt\">Relat\u00f3rio do 4\u00ba F\u00f3rum Nacional de Museu<\/span><\/td>\n<td style=\"width: 266px\" width=\"369\"><span style=\"font-family: helvetica, arial, sans-serif;font-size: 10pt\">Minist\u00e9rio da Cultura<\/span><\/td>\n<td style=\"width: 130px;text-align: center\" width=\"114\"><span style=\"font-family: helvetica, arial, sans-serif;font-size: 10pt\">495<\/span><\/td>\n<\/tr>\n<tr>\n<td style=\"width: 313px\" width=\"432\"><span style=\"font-family: helvetica, arial, sans-serif;font-size: 10pt\">Relat\u00f3rio 2000 \u2013 \u00c1rea de Letras e Artes<\/span><\/td>\n<td style=\"width: 266px\" width=\"369\"><span style=\"font-family: helvetica, arial, sans-serif;font-size: 10pt\">Universidade Federal de Pelotas<\/span><\/td>\n<td style=\"width: 130px;text-align: center\" width=\"114\"><span style=\"font-family: helvetica, arial, sans-serif;font-size: 10pt\">403<\/span><\/td>\n<\/tr>\n<tr>\n<td style=\"width: 313px\" width=\"432\"><span style=\"font-family: helvetica, arial, sans-serif;font-size: 10pt\">Relevos 1958\/2002<\/span><\/td>\n<td style=\"width: 266px\" width=\"369\"><span style=\"font-family: helvetica, arial, sans-serif;font-size: 10pt\">Piza, Arthur Luiz<\/span><\/td>\n<td style=\"width: 130px;text-align: center\" width=\"114\"><span style=\"font-family: helvetica, arial, sans-serif;font-size: 10pt\">156<\/span><\/td>\n<\/tr>\n<tr>\n<td style=\"width: 313px\" width=\"432\"><span style=\"font-family: helvetica, arial, sans-serif;font-size: 10pt\">Rembrandt (1606 \u2013 1669)<\/span><\/td>\n<td style=\"width: 266px\" width=\"369\"><span style=\"font-family: helvetica, arial, sans-serif;font-size: 10pt\">Koehler,Wilhelm<\/span><\/td>\n<td style=\"width: 130px;text-align: center\" width=\"114\"><span style=\"font-family: helvetica, arial, sans-serif;font-size: 10pt\">60<\/span><\/td>\n<\/tr>\n<tr>\n<td style=\"width: 313px\" width=\"432\"><span style=\"font-family: helvetica, arial, sans-serif;font-size: 10pt\">Resumo Gr\u00e1fico de la Hist\u00f3ria Del Arte<\/span><\/td>\n<td style=\"width: 266px\" width=\"369\"><span style=\"font-family: helvetica, arial, sans-serif;font-size: 10pt\">M, D, D,<\/span><\/td>\n<td style=\"width: 130px;text-align: center\" width=\"114\"><span style=\"font-family: helvetica, arial, sans-serif;font-size: 10pt\">45<\/span><\/td>\n<\/tr>\n<tr>\n<td style=\"width: 313px\" width=\"432\"><span style=\"font-family: helvetica, arial, sans-serif;font-size: 10pt\">Revolu\u00e7\u00e3o de 32<\/span><\/td>\n<td style=\"width: 266px\" width=\"369\"><span style=\"font-family: helvetica, arial, sans-serif;font-size: 10pt\">Funarte<\/span><\/td>\n<td style=\"width: 130px;text-align: center\" width=\"114\"><span style=\"font-family: helvetica, arial, sans-serif;font-size: 10pt\">290<\/span><\/td>\n<\/tr>\n<tr>\n<td style=\"width: 313px\" width=\"432\"><span style=\"font-family: helvetica, arial, sans-serif;font-size: 10pt\">Rosa-dos-Ventos- Hist\u00f3ria da Arte do Espa\u00e7o<\/span><\/td>\n<td style=\"width: 266px\" width=\"369\"><span style=\"font-family: helvetica, arial, sans-serif;font-size: 10pt\">V Bienal Del Mercosul<\/span><\/td>\n<td style=\"width: 130px;text-align: center\" width=\"114\"><span style=\"font-family: helvetica, arial, sans-serif;font-size: 10pt\">237<\/span><\/td>\n<\/tr>\n<tr>\n<td style=\"width: 313px\" width=\"432\"><span style=\"font-family: helvetica, arial, sans-serif;font-size: 10pt\">Rousseau (1844 \u2013 1926)<\/span><\/td>\n<td style=\"width: 266px\" width=\"369\"><span style=\"font-family: helvetica, arial, sans-serif;font-size: 10pt\">Werner, Alfred<\/span><\/td>\n<td style=\"width: 130px;text-align: center\" width=\"114\"><span style=\"font-family: helvetica, arial, sans-serif;font-size: 10pt\">57<\/span><\/td>\n<\/tr>\n<tr>\n<td style=\"width: 313px\" width=\"432\"><span style=\"font-family: helvetica, arial, sans-serif;font-size: 10pt\">Rubens<\/span><\/td>\n<td style=\"width: 266px\" width=\"369\"><span style=\"font-family: helvetica, arial, sans-serif;font-size: 10pt\">Librairie, Hachette<\/span><\/td>\n<td style=\"width: 130px;text-align: center\" width=\"114\"><span style=\"font-family: helvetica, arial, sans-serif;font-size: 10pt\">169<\/span><\/td>\n<\/tr>\n<tr>\n<td style=\"width: 313px\" width=\"432\"><span style=\"font-family: helvetica, arial, sans-serif;font-size: 10pt\">Rubens<\/span><\/td>\n<td style=\"width: 266px\" width=\"369\"><span style=\"font-family: helvetica, arial, sans-serif;font-size: 10pt\">Held, Julius S.<\/span><\/td>\n<td style=\"width: 130px;text-align: center\" width=\"114\"><span style=\"font-family: helvetica, arial, sans-serif;font-size: 10pt\">255<\/span><\/td>\n<\/tr>\n<tr>\n<td style=\"width: 709px\" colspan=\"3\" width=\"432\">\n<blockquote><p><strong><span style=\"color: #5c5757;font-family: helvetica, arial, sans-serif;font-size: 10pt\">S<\/span><\/strong><\/p><\/blockquote>\n<\/td>\n<\/tr>\n<tr>\n<td style=\"width: 313px\" width=\"432\"><span style=\"font-family: helvetica, arial, sans-serif;font-size: 10pt\">Sal\u00e3o Preto e Branco<\/span><\/td>\n<td style=\"width: 266px\" width=\"369\"><span style=\"font-family: helvetica, arial, sans-serif;font-size: 10pt\">FUNARTE<\/span><\/td>\n<td style=\"width: 130px;text-align: center\" width=\"114\"><span style=\"font-family: helvetica, arial, sans-serif;font-size: 10pt\">359<\/span><\/td>\n<\/tr>\n<tr>\n<td style=\"width: 313px\" width=\"432\"><span style=\"font-family: helvetica, arial, sans-serif;font-size: 10pt\">Salvador Dali \u2013 Esculturas<\/span><\/td>\n<td style=\"width: 266px\" width=\"369\"><span style=\"font-family: helvetica, arial, sans-serif;font-size: 10pt\">Caixa Cultural<\/span><\/td>\n<td style=\"width: 130px;text-align: center\" width=\"114\"><span style=\"font-family: helvetica, arial, sans-serif;font-size: 10pt\">503<\/span><\/td>\n<\/tr>\n<tr>\n<td style=\"width: 313px\" width=\"432\"><span style=\"font-family: helvetica, arial, sans-serif;font-size: 10pt\">Santa Casa- 200 Anos- Caridade e Ci\u00eancia<\/span><\/td>\n<td style=\"width: 266px\" width=\"369\"><span style=\"font-family: helvetica, arial, sans-serif;font-size: 10pt\">Franco, S\u00e9rgio da Costa<\/span><\/td>\n<td style=\"width: 130px;text-align: center\" width=\"114\"><span style=\"font-family: helvetica, arial, sans-serif;font-size: 10pt\">206<\/span><\/td>\n<\/tr>\n<tr>\n<td style=\"width: 313px\" width=\"432\"><span style=\"font-family: helvetica, arial, sans-serif;font-size: 10pt\">Schwanke: Rastros<\/span><\/td>\n<td style=\"width: 266px\" width=\"369\"><span style=\"font-family: helvetica, arial, sans-serif;font-size: 10pt\">Walter de Queiroz Guerreiro<\/span><\/td>\n<td style=\"width: 130px;text-align: center\" width=\"114\"><span style=\"font-family: helvetica, arial, sans-serif;font-size: 10pt\">467<\/span><\/td>\n<\/tr>\n<tr>\n<td style=\"width: 313px\" width=\"432\"><span style=\"font-family: helvetica, arial, sans-serif;font-size: 10pt\">Seguran\u00e7a de Museus<\/span><\/td>\n<td style=\"width: 266px\" width=\"369\"><span style=\"font-family: helvetica, arial, sans-serif;font-size: 10pt\">Universidade de S\u00e3o Paulo<\/span><\/td>\n<td style=\"width: 130px;text-align: center\" width=\"114\"><span style=\"font-family: helvetica, arial, sans-serif;font-size: 10pt\">239<\/span><\/td>\n<\/tr>\n<tr>\n<td style=\"width: 313px\" width=\"432\"><span style=\"font-family: helvetica, arial, sans-serif;font-size: 10pt\">Se o clima for favor\u00e1vel<\/span><\/td>\n<td style=\"width: 266px\" width=\"369\"><span style=\"font-family: helvetica, arial, sans-serif;font-size: 10pt\">Funda\u00e7\u00e3o Bienal do Mercosul<\/span><\/td>\n<td style=\"width: 130px;text-align: center\" width=\"114\"><span style=\"font-family: helvetica, arial, sans-serif;font-size: 10pt\">466<\/span><\/td>\n<\/tr>\n<tr>\n<td style=\"width: 313px\" width=\"432\"><span style=\"font-family: helvetica, arial, sans-serif;font-size: 10pt\">SEP\u00c9 TIARAJU &#8211; Hist\u00f3ria das Ru\u00ednas de S\u00e3o Miguel<\/span><\/td>\n<td style=\"width: 266px\" width=\"369\"><span style=\"font-family: helvetica, arial, sans-serif;font-size: 10pt\">Cheuiche, Alcy<\/span><\/td>\n<td style=\"width: 130px;text-align: center\" width=\"114\"><span style=\"font-family: helvetica, arial, sans-serif;font-size: 10pt\">346<\/span><\/td>\n<\/tr>\n<tr>\n<td style=\"width: 313px\" width=\"432\"><span style=\"font-family: helvetica, arial, sans-serif;font-size: 10pt\">S\u00e9rgio de Camargo<\/span><\/td>\n<td style=\"width: 266px\" width=\"369\"><span style=\"font-family: helvetica, arial, sans-serif;font-size: 10pt\">Museu de Arte Moderna de s\u00e3o Paulo<\/span><\/td>\n<td style=\"width: 130px;text-align: center\" width=\"114\"><span style=\"font-family: helvetica, arial, sans-serif;font-size: 10pt\">247<\/span><\/td>\n<\/tr>\n<tr>\n<td style=\"width: 313px\" width=\"432\"><span style=\"font-family: helvetica, arial, sans-serif;font-size: 10pt\">SIL\u00caNCIOS &amp; SUSSURROS<\/span><\/td>\n<td style=\"width: 266px\" width=\"369\"><span style=\"font-family: helvetica, arial, sans-serif;font-size: 10pt\">Funda\u00e7\u00e3o Vera Chaves Barcellos<\/span><\/td>\n<td style=\"width: 130px;text-align: center\" width=\"114\"><span style=\"font-family: helvetica, arial, sans-serif;font-size: 10pt\">456<\/span><\/td>\n<\/tr>\n<tr>\n<td style=\"width: 313px\" width=\"432\"><span style=\"font-family: helvetica, arial, sans-serif;font-size: 10pt\">Siron Franco<\/span><\/td>\n<td style=\"width: 266px\" width=\"369\"><span style=\"font-family: helvetica, arial, sans-serif;font-size: 10pt\">Museu de Arte\/RS Ado Malagoli<\/span><\/td>\n<td style=\"width: 130px;text-align: center\" width=\"114\"><span style=\"font-family: helvetica, arial, sans-serif;font-size: 10pt\">123<\/span><\/td>\n<\/tr>\n<tr>\n<td style=\"width: 313px\" width=\"432\"><span style=\"font-family: helvetica, arial, sans-serif;font-size: 10pt\">Siron, Franco<\/span><\/td>\n<td style=\"width: 266px\" width=\"369\"><span style=\"font-family: helvetica, arial, sans-serif;font-size: 10pt\">Museu de Arte Moderna\u00a0 de S\u00e3o Paulo<\/span><\/td>\n<td style=\"width: 130px;text-align: center\" width=\"114\"><span style=\"font-family: helvetica, arial, sans-serif;font-size: 10pt\">246<\/span><\/td>\n<\/tr>\n<tr>\n<td style=\"width: 313px\" width=\"432\"><span style=\"font-family: helvetica, arial, sans-serif;font-size: 10pt\">SKANSKT ADERTONHUNDRATAL I BILD<\/span><\/td>\n<td style=\"width: 266px\" width=\"369\"><span style=\"font-family: helvetica, arial, sans-serif;font-size: 10pt\">Kroon,J.- Kjellberg, S. T.<\/span><\/td>\n<td style=\"width: 130px;text-align: center\" width=\"114\"><span style=\"font-family: helvetica, arial, sans-serif;font-size: 10pt\">343<\/span><\/td>\n<\/tr>\n<tr>\n<td style=\"width: 313px\" width=\"432\"><span style=\"font-family: helvetica, arial, sans-serif;font-size: 10pt\">Sommets Des Beaux \u2013 Arts<\/span><\/td>\n<td style=\"width: 266px\" width=\"369\"><span style=\"font-family: helvetica, arial, sans-serif;font-size: 10pt\">Horteel, R<\/span><\/td>\n<td style=\"width: 130px;text-align: center\" width=\"114\"><span style=\"font-family: helvetica, arial, sans-serif;font-size: 10pt\">07<\/span><\/td>\n<\/tr>\n<tr>\n<td style=\"width: 313px\" width=\"432\"><span style=\"font-family: helvetica, arial, sans-serif;font-size: 10pt\">SP: Polo de Arte Contempor\u00e2neo<\/span><\/td>\n<td style=\"width: 266px\" width=\"369\"><span style=\"font-family: helvetica, arial, sans-serif;font-size: 10pt\">Funda\u00e7\u00e3o Bienal de S\u00e3o Paulo<\/span><\/td>\n<td style=\"width: 130px;text-align: center\" width=\"114\"><span style=\"font-family: helvetica, arial, sans-serif;font-size: 10pt\">469<\/span><\/td>\n<\/tr>\n<tr>\n<td style=\"width: 313px\" width=\"432\"><span style=\"font-family: helvetica, arial, sans-serif;font-size: 10pt\">Sviluppi in Germania<\/span><\/td>\n<td style=\"width: 266px\" width=\"369\"><span style=\"font-family: helvetica, arial, sans-serif;font-size: 10pt\">Busch, Bernd, Leuschel,K.S, Oelke H<\/span><\/td>\n<td style=\"width: 130px;text-align: center\" width=\"114\"><span style=\"font-family: helvetica, arial, sans-serif;font-size: 10pt\">201<\/span><\/td>\n<\/tr>\n<tr>\n<td style=\"width: 709px\" colspan=\"3\" width=\"432\">\n<blockquote><p><strong><span style=\"color: #5c5757;font-family: helvetica, arial, sans-serif;font-size: 10pt\">T<\/span><\/strong><\/p><\/blockquote>\n<\/td>\n<\/tr>\n<tr>\n<td style=\"width: 313px\" width=\"432\"><span style=\"font-family: helvetica, arial, sans-serif;font-size: 10pt\">TARANTINO<\/span><\/td>\n<td style=\"width: 266px\" width=\"369\"><span style=\"font-family: helvetica, arial, sans-serif;font-size: 10pt\">Ciclo Bienal \u2013 DAN GALERIA<\/span><\/td>\n<td style=\"width: 130px;text-align: center\" width=\"114\"><span style=\"font-family: helvetica, arial, sans-serif;font-size: 10pt\">418<\/span><\/td>\n<\/tr>\n<tr>\n<td style=\"width: 313px\" width=\"432\"><span style=\"font-family: helvetica, arial, sans-serif;font-size: 10pt\">Tarsila do Amaral na BM&amp;F<\/span><\/td>\n<td style=\"width: 266px\" width=\"369\"><span style=\"font-family: helvetica, arial, sans-serif;font-size: 10pt\">BM&amp;F Brasil &#8211; Espa\u00e7o Cultural<\/span><\/td>\n<td style=\"width: 130px;text-align: center\" width=\"114\"><span style=\"font-family: helvetica, arial, sans-serif;font-size: 10pt\">273<\/span><\/td>\n<\/tr>\n<tr>\n<td style=\"width: 313px\" width=\"432\"><span style=\"font-family: helvetica, arial, sans-serif;font-size: 10pt\">The Impressioniste<\/span><\/td>\n<td style=\"width: 266px\" width=\"369\"><span style=\"font-family: helvetica, arial, sans-serif;font-size: 10pt\">Laver, James<\/span><\/td>\n<td style=\"width: 130px;text-align: center\" width=\"114\"><span style=\"font-family: helvetica, arial, sans-serif;font-size: 10pt\">17<\/span><\/td>\n<\/tr>\n<tr>\n<td style=\"width: 313px\" width=\"432\"><span style=\"font-family: helvetica, arial, sans-serif;font-size: 10pt\">TORSTEN ANDERSSON<\/span><\/td>\n<td style=\"width: 266px\" width=\"369\"><span style=\"font-family: helvetica, arial, sans-serif;font-size: 10pt\">XVII\u00a0 Bienal de S\u00e3o Paulo 1983<\/span><\/td>\n<td style=\"width: 130px;text-align: center\" width=\"114\"><span style=\"font-family: helvetica, arial, sans-serif;font-size: 10pt\">419<\/span><\/td>\n<\/tr>\n<tr>\n<td style=\"width: 313px\" width=\"432\"><span style=\"font-family: helvetica, arial, sans-serif;font-size: 10pt\">Toulouse Lautrec<\/span><\/td>\n<td style=\"width: 266px\" width=\"369\"><span style=\"font-family: helvetica, arial, sans-serif;font-size: 10pt\">Florissone, Michel<\/span><\/td>\n<td style=\"width: 130px;text-align: center\" width=\"114\"><span style=\"font-family: helvetica, arial, sans-serif;font-size: 10pt\">88<\/span><\/td>\n<\/tr>\n<tr>\n<td style=\"width: 313px\" width=\"432\"><span style=\"font-family: helvetica, arial, sans-serif;font-size: 10pt\">Tra\u00e7ando Jap\u00e3o<\/span><\/td>\n<td style=\"width: 266px\" width=\"369\"><span style=\"font-family: helvetica, arial, sans-serif;font-size: 10pt\">Ver\u00edssimo, Luis Fernando<\/span><\/td>\n<td style=\"width: 130px;text-align: center\" width=\"114\"><span style=\"font-family: helvetica, arial, sans-serif;font-size: 10pt\">67<\/span><\/td>\n<\/tr>\n<tr>\n<td style=\"width: 313px\" width=\"432\"><span style=\"font-family: helvetica, arial, sans-serif;font-size: 10pt\">Tra\u00e7ando Porto Alegre<\/span><\/td>\n<td style=\"width: 266px\" width=\"369\"><span style=\"font-family: helvetica, arial, sans-serif;font-size: 10pt\">Ver\u00edssimo,Luis F,Fonseca Joaquim<\/span><\/td>\n<td style=\"width: 130px;text-align: center\" width=\"114\"><span style=\"font-family: helvetica, arial, sans-serif;font-size: 10pt\">141<\/span><\/td>\n<\/tr>\n<tr>\n<td style=\"width: 313px\" width=\"432\"><span style=\"font-family: helvetica, arial, sans-serif;font-size: 10pt\">Trajet\u00f3ria de Uma Artista<\/span><\/td>\n<td style=\"width: 266px\" width=\"369\"><span style=\"font-family: helvetica, arial, sans-serif;font-size: 10pt\">Lakselzirik, Paolina<\/span><\/td>\n<td style=\"width: 130px;text-align: center\" width=\"114\"><span style=\"font-family: helvetica, arial, sans-serif;font-size: 10pt\">68<\/span><\/td>\n<\/tr>\n<tr>\n<td style=\"width: 313px\" width=\"432\"><span style=\"font-family: helvetica, arial, sans-serif;font-size: 10pt\">Transforma\u00e7\u00f5es do Espa\u00e7o P\u00fablico<\/span><\/td>\n<td style=\"width: 266px\" width=\"369\"><span style=\"font-family: helvetica, arial, sans-serif;font-size: 10pt\">V Bienal do Mercosul<\/span><\/td>\n<td style=\"width: 130px;text-align: center\" width=\"114\"><span style=\"font-family: helvetica, arial, sans-serif;font-size: 10pt\">276<\/span><\/td>\n<\/tr>\n<tr>\n<td style=\"width: 313px\" width=\"432\"><span style=\"font-family: helvetica, arial, sans-serif;font-size: 10pt\">Trilhas da Modernidade<\/span><\/td>\n<td style=\"width: 266px\" width=\"369\"><span style=\"font-family: helvetica, arial, sans-serif;font-size: 10pt\">Biblioteca do Banco Central do Brasil<\/span><\/td>\n<td style=\"width: 130px;text-align: center\" width=\"114\"><span style=\"font-family: helvetica, arial, sans-serif;font-size: 10pt\">477<\/span><\/td>\n<\/tr>\n<tr>\n<td style=\"width: 709px\" colspan=\"3\" width=\"432\">\n<blockquote><p><strong><span style=\"color: #5c5757;font-family: helvetica, arial, sans-serif;font-size: 10pt\">U<\/span><\/strong><\/p><\/blockquote>\n<\/td>\n<\/tr>\n<tr>\n<td style=\"width: 313px\" width=\"432\"><span style=\"font-family: helvetica, arial, sans-serif;font-size: 10pt\">Unidades Fundadoras da UFPel<\/span><\/td>\n<td style=\"width: 266px\" width=\"369\"><span style=\"font-family: helvetica, arial, sans-serif;font-size: 10pt\">MALG\/IAD\/UFPel<\/span><\/td>\n<td style=\"width: 130px;text-align: center\" width=\"114\"><span style=\"font-family: helvetica, arial, sans-serif;font-size: 10pt\">405<\/span><\/td>\n<\/tr>\n<tr>\n<td style=\"width: 709px\" colspan=\"3\" width=\"432\">\n<blockquote><p><strong><span style=\"color: #5c5757;font-family: helvetica, arial, sans-serif;font-size: 10pt\">V<\/span><\/strong><\/p><\/blockquote>\n<\/td>\n<\/tr>\n<tr>\n<td style=\"width: 313px\" width=\"432\"><span style=\"font-family: helvetica, arial, sans-serif;font-size: 10pt\">Van Gogh, Vincent (1853 \u2013 1890)<\/span><\/td>\n<td style=\"width: 266px\" width=\"369\"><span style=\"font-family: helvetica, arial, sans-serif;font-size: 10pt\">Leymarie, Jean<\/span><\/td>\n<td style=\"width: 130px;text-align: center\" width=\"114\"><span style=\"font-family: helvetica, arial, sans-serif;font-size: 10pt\">58<\/span><\/td>\n<\/tr>\n<tr>\n<td style=\"width: 313px\" width=\"432\"><span style=\"font-family: helvetica, arial, sans-serif;font-size: 10pt\">Vasco Prado<\/span><\/td>\n<td style=\"width: 266px\" width=\"369\"><span style=\"font-family: helvetica, arial, sans-serif;font-size: 10pt\">Amorim, Joaquim P. de Almeida<\/span><\/td>\n<td style=\"width: 130px;text-align: center\" width=\"114\"><span style=\"font-family: helvetica, arial, sans-serif;font-size: 10pt\">73<\/span><\/td>\n<\/tr>\n<tr>\n<td style=\"width: 313px\" width=\"432\"><span style=\"font-family: helvetica, arial, sans-serif;font-size: 10pt\">Vasco Prado<\/span><\/td>\n<td style=\"width: 266px\" width=\"369\"><span style=\"font-family: helvetica, arial, sans-serif;font-size: 10pt\">Coutinho, Fabio<\/span><\/td>\n<td style=\"width: 130px;text-align: center\" width=\"114\"><span style=\"font-family: helvetica, arial, sans-serif;font-size: 10pt\">112<\/span><\/td>\n<\/tr>\n<tr>\n<td style=\"width: 313px\" width=\"432\"><span style=\"font-family: helvetica, arial, sans-serif;font-size: 10pt\">Vasco Prado \u2013 Escultura<\/span><\/td>\n<td style=\"width: 266px\" width=\"369\"><span style=\"font-family: helvetica, arial, sans-serif;font-size: 10pt\">Museu de Arte\/RS Ado Malagoli<\/span><\/td>\n<td style=\"width: 130px;text-align: center\" width=\"114\"><span style=\"font-family: helvetica, arial, sans-serif;font-size: 10pt\">114<\/span><\/td>\n<\/tr>\n<tr>\n<td style=\"width: 313px\" width=\"432\"><span style=\"font-family: helvetica, arial, sans-serif;font-size: 10pt\">Vera Chaves Barcelos<\/span><\/td>\n<td style=\"width: 266px\" width=\"369\"><span style=\"font-family: helvetica, arial, sans-serif;font-size: 10pt\">Vigiano, Cris<\/span><\/td>\n<td style=\"width: 130px;text-align: center\" width=\"114\"><span style=\"font-family: helvetica, arial, sans-serif;font-size: 10pt\">200<\/span><\/td>\n<\/tr>\n<tr>\n<td style=\"width: 313px\" width=\"432\"><span style=\"font-family: helvetica, arial, sans-serif;font-size: 10pt\">Vel\u00e1squez<\/span><\/td>\n<td style=\"width: 266px\" width=\"369\"><span style=\"font-family: helvetica, arial, sans-serif;font-size: 10pt\">Salinger, Margaretta<\/span><\/td>\n<td style=\"width: 130px;text-align: center\" width=\"114\"><span style=\"font-family: helvetica, arial, sans-serif;font-size: 10pt\">257<\/span><\/td>\n<\/tr>\n<tr>\n<td style=\"width: 313px\" width=\"432\"><span style=\"font-family: helvetica, arial, sans-serif;font-size: 10pt\">VERNISSAGE Um Conto Um Livro<\/span><\/td>\n<td style=\"width: 266px\" width=\"369\"><span style=\"font-family: helvetica, arial, sans-serif;font-size: 10pt\">Borda, Celina<\/span><\/td>\n<td style=\"width: 130px;text-align: center\" width=\"114\"><span style=\"font-family: helvetica, arial, sans-serif;font-size: 10pt\">355<\/span><\/td>\n<\/tr>\n<tr>\n<td style=\"width: 313px\" width=\"432\"><span style=\"font-family: helvetica, arial, sans-serif;font-size: 10pt\">Vinte Anos de Pintura de Aldir Mendes de Souza<\/span><\/td>\n<td style=\"width: 266px\" width=\"369\"><span style=\"font-family: helvetica, arial, sans-serif;font-size: 10pt\">Beutenm\u00fcller, Alberto<\/span><\/td>\n<td style=\"width: 130px;text-align: center\" width=\"114\"><span style=\"font-family: helvetica, arial, sans-serif;font-size: 10pt\">77<\/span><\/td>\n<\/tr>\n<tr>\n<td style=\"width: 709px\" colspan=\"3\" width=\"432\">\n<blockquote><p><strong><span style=\"color: #5c5757;font-family: helvetica, arial, sans-serif;font-size: 10pt\">W<\/span><\/strong><\/p><\/blockquote>\n<\/td>\n<\/tr>\n<tr>\n<td style=\"width: 313px\" width=\"432\"><span style=\"font-family: helvetica, arial, sans-serif;font-size: 10pt\">Waldemar Cordeiro<\/span><\/td>\n<td style=\"width: 266px\" width=\"369\"><span style=\"font-family: helvetica, arial, sans-serif;font-size: 10pt\">Centro Cultural S\u00e3o Paulo<\/span><\/td>\n<td style=\"width: 130px;text-align: center\" width=\"114\"><span style=\"font-family: helvetica, arial, sans-serif;font-size: 10pt\">412<\/span><\/td>\n<\/tr>\n<tr>\n<td style=\"width: 709px\" colspan=\"3\" width=\"432\">\n<blockquote><p><strong><span style=\"color: #5c5757;font-family: helvetica, arial, sans-serif;font-size: 10pt\">X<\/span><\/strong><\/p><\/blockquote>\n<\/td>\n<\/tr>\n<tr>\n<td style=\"width: 313px\" width=\"432\"><span style=\"font-family: helvetica, arial, sans-serif;font-size: 10pt\">Xilogravura<\/span><\/td>\n<td style=\"width: 266px\" width=\"369\"><span style=\"font-family: helvetica, arial, sans-serif;font-size: 10pt\">Abramo, L\u00edvio<\/span><\/td>\n<td style=\"width: 130px;text-align: center\" width=\"114\"><span style=\"font-family: helvetica, arial, sans-serif;font-size: 10pt\">69<\/span><\/td>\n<\/tr>\n<tr>\n<td style=\"width: 313px\" width=\"432\"><span style=\"font-family: helvetica, arial, sans-serif;font-size: 10pt\">Xilogravura, Arte e T\u00e9cnica<\/span><\/td>\n<td style=\"width: 266px\" width=\"369\"><span style=\"font-family: helvetica, arial, sans-serif;font-size: 10pt\">Herskovits, Anico<\/span><\/td>\n<td style=\"width: 130px;text-align: center\" width=\"114\"><span style=\"font-family: helvetica, arial, sans-serif;font-size: 10pt\">66<\/span><\/td>\n<\/tr>\n<tr>\n<td style=\"width: 313px\" width=\"432\"><span style=\"font-family: helvetica, arial, sans-serif;font-size: 10pt\">Xingu Dia Noite Terra<\/span><\/td>\n<td style=\"width: 266px\" width=\"369\"><span style=\"font-family: helvetica, arial, sans-serif;font-size: 10pt\">XIII Bienal de S\u00e3o Paulo<\/span><\/td>\n<td style=\"width: 130px;text-align: center\" width=\"114\"><span style=\"font-family: helvetica, arial, sans-serif;font-size: 10pt\">310<\/span><\/td>\n<\/tr>\n<tr>\n<td style=\"width: 709px\" colspan=\"3\" width=\"432\">\n<blockquote><p><strong><span style=\"color: #5c5757;font-family: helvetica, arial, sans-serif;font-size: 10pt\">Y<\/span><\/strong><\/p><\/blockquote>\n<\/td>\n<\/tr>\n<tr>\n<td style=\"width: 313px\" width=\"432\"><span style=\"font-family: helvetica, arial, sans-serif;font-size: 10pt\">Y sigue siendo el Rey<\/span><\/td>\n<td style=\"width: 266px\" width=\"369\"><span style=\"font-family: helvetica, arial, sans-serif;font-size: 10pt\">Fundaci\u00f3n Cultural Artenci\u00f3n,A.C.<\/span><\/td>\n<td style=\"width: 130px;text-align: center\" width=\"114\"><span style=\"font-family: helvetica, arial, sans-serif;font-size: 10pt\">207<\/span><\/td>\n<\/tr>\n<tr>\n<td style=\"width: 709px\" colspan=\"3\" width=\"432\">\n<blockquote><p><strong><span style=\"color: #5c5757;font-family: helvetica, arial, sans-serif;font-size: 10pt\">Z<\/span><\/strong><\/p><\/blockquote>\n<\/td>\n<\/tr>\n<tr>\n<td style=\"width: 313px\" width=\"432\"><span style=\"font-family: helvetica, arial, sans-serif;font-size: 10pt\">Z\u00e9lia Salgado Retrospectiva -1935- 1988<\/span><\/td>\n<td style=\"width: 266px\" width=\"369\"><span style=\"font-family: helvetica, arial, sans-serif;font-size: 10pt\">Museu de Arte Brasileira<\/span><\/td>\n<td style=\"width: 130px;text-align: center\" width=\"114\"><span style=\"font-family: helvetica, arial, sans-serif;font-size: 10pt\">426<\/span><\/td>\n<\/tr>\n<tr>\n<td style=\"width: 709px\" colspan=\"3\" width=\"435\">\n<blockquote><p><strong><span style=\"color: #5c5757;font-family: helvetica, arial, sans-serif;font-size: 10pt\">NUMERAL<\/span><\/strong><\/p><\/blockquote>\n<\/td>\n<\/tr>\n<tr>\n<td style=\"width: 313px\" width=\"432\"><span style=\"font-family: helvetica, arial, sans-serif;font-size: 10pt\">ll Bienal de Artes Visuais do Mercosul &#8211; Arte e Tecnologia<\/span><\/td>\n<td style=\"width: 266px\" width=\"369\"><span style=\"font-family: helvetica, arial, sans-serif;font-size: 10pt\">Funda\u00e7\u00e3o Bienal de Artes do Mercosul<\/span><\/td>\n<td style=\"width: 130px;text-align: center\" width=\"114\"><span style=\"font-family: helvetica, arial, sans-serif;font-size: 10pt\">229<\/span><\/td>\n<\/tr>\n<tr>\n<td style=\"width: 313px\" width=\"432\"><span style=\"font-family: helvetica, arial, sans-serif;font-size: 10pt\">II Bienal MERCOSUL<\/span><\/td>\n<td style=\"width: 266px\" width=\"369\"><span style=\"font-family: helvetica, arial, sans-serif;font-size: 10pt\">Funda\u00e7\u00e3o Bienal de Artes Visuais<\/span><\/td>\n<td style=\"width: 130px;text-align: center\" width=\"114\"><span style=\"font-family: helvetica, arial, sans-serif;font-size: 10pt\">91<\/span><\/td>\n<\/tr>\n<tr>\n<td style=\"width: 313px\" width=\"432\"><span style=\"font-family: helvetica, arial, sans-serif;font-size: 10pt\">\u00a0II Bienal Mercosul \u2013 Cat\u00e1logo Geral<\/span><\/td>\n<td style=\"width: 266px\" width=\"369\"><span style=\"font-family: helvetica, arial, sans-serif;font-size: 10pt\">Funda\u00e7\u00e3o Bienal de Artes do Mercosul<\/span><\/td>\n<td style=\"width: 130px;text-align: center\" width=\"114\"><span style=\"font-family: helvetica, arial, sans-serif;font-size: 10pt\">232<\/span><\/td>\n<\/tr>\n<tr>\n<td style=\"width: 313px\" width=\"432\"><span style=\"font-family: helvetica, arial, sans-serif;font-size: 10pt\">II Bienal Mercosul \u2013 Picasso, Cubismo e Am\u00e9rica Latina<\/span><\/td>\n<td style=\"width: 266px\" width=\"369\"><span style=\"font-family: helvetica, arial, sans-serif;font-size: 10pt\">Nesralla, Ivo<\/span><\/td>\n<td style=\"width: 130px;text-align: center\" width=\"114\"><span style=\"font-family: helvetica, arial, sans-serif;font-size: 10pt\">102<\/span><\/td>\n<\/tr>\n<tr>\n<td style=\"width: 313px\" width=\"432\"><span style=\"font-family: helvetica, arial, sans-serif;font-size: 10pt\">III Bienal Mercosul \u2013 Porto Alegre<\/span><\/td>\n<td style=\"width: 266px\" width=\"369\"><span style=\"font-family: helvetica, arial, sans-serif;font-size: 10pt\">Funda\u00e7\u00e3o Bienal de Artes Visuais do Mercosul<\/span><\/td>\n<td style=\"width: 130px;text-align: center\" width=\"114\"><span style=\"font-family: helvetica, arial, sans-serif;font-size: 10pt\">235<\/span><\/td>\n<\/tr>\n<tr>\n<td style=\"width: 313px\" width=\"432\"><span style=\"font-family: helvetica, arial, sans-serif;font-size: 10pt\">IV Encontro Brasileiro para o Estudo de Quir\u00f3pteros<\/span><\/td>\n<td style=\"width: 266px\" width=\"369\"><span style=\"font-family: helvetica, arial, sans-serif;font-size: 10pt\">Museu de Ci\u00eancias e Tecnologia PUC<\/span><\/td>\n<td style=\"width: 130px;text-align: center\" width=\"114\"><span style=\"font-family: helvetica, arial, sans-serif;font-size: 10pt\">375<\/span><\/td>\n<\/tr>\n<tr>\n<td style=\"width: 313px\" width=\"432\"><span style=\"font-family: helvetica, arial, sans-serif;font-size: 10pt\">V Mostra Anual de Gravura<\/span><\/td>\n<td style=\"width: 266px\" width=\"369\"><span style=\"font-family: helvetica, arial, sans-serif;font-size: 10pt\">Funda\u00e7\u00e3o Cultural de Curitiba<\/span><\/td>\n<td style=\"width: 130px;text-align: center\" width=\"114\"><span style=\"font-family: helvetica, arial, sans-serif;font-size: 10pt\">334<\/span><\/td>\n<\/tr>\n<tr>\n<td style=\"width: 313px\" width=\"432\"><span style=\"font-family: helvetica, arial, sans-serif;font-size: 10pt\">V Mostra Anual de Gravura \u2013 Cidade de Curitiba<\/span><\/td>\n<td style=\"width: 266px\" width=\"369\"><span style=\"font-family: helvetica, arial, sans-serif;font-size: 10pt\">Funda\u00e7\u00e3o Cultural de Curitiba<\/span><\/td>\n<td style=\"width: 130px;text-align: center\" width=\"114\"><span style=\"font-family: helvetica, arial, sans-serif;font-size: 10pt\">258<\/span><\/td>\n<\/tr>\n<tr>\n<td style=\"width: 313px\" width=\"432\"><span style=\"font-family: helvetica, arial, sans-serif;font-size: 10pt\">X Bienal &#8211; Setembro\/Dezembro \u2013 1969<\/span><\/td>\n<td style=\"width: 266px\" width=\"369\"><span style=\"font-family: helvetica, arial, sans-serif;font-size: 10pt\">Instituto Paname\u00f1o de Arte<\/span><\/td>\n<td style=\"width: 130px;text-align: center\" width=\"114\"><span style=\"font-family: helvetica, arial, sans-serif;font-size: 10pt\">243<\/span><\/td>\n<\/tr>\n<tr>\n<td style=\"width: 313px\" width=\"432\"><span style=\"font-family: helvetica, arial, sans-serif;font-size: 10pt\">XXIV Bienal de S\u00e3o Paulo<\/span><\/td>\n<td style=\"width: 266px\" width=\"369\"><span style=\"font-family: helvetica, arial, sans-serif;font-size: 10pt\">Minist\u00e9rio da Cultura<\/span><\/td>\n<td style=\"width: 130px;text-align: center\" width=\"114\"><span style=\"font-family: helvetica, arial, sans-serif;font-size: 10pt\">86<\/span><\/td>\n<\/tr>\n<tr>\n<td style=\"width: 709px\" colspan=\"3\" width=\"432\">\n<blockquote><p><strong><span style=\"color: #5c5757;font-family: helvetica, arial, sans-serif;font-size: 10pt\">0<\/span><\/strong><\/p><\/blockquote>\n<\/td>\n<\/tr>\n<tr>\n<td style=\"width: 313px\" width=\"432\"><span style=\"font-family: helvetica, arial, sans-serif;font-size: 10pt\">0 Ponto Zero da Fotografia<\/span><\/td>\n<td style=\"width: 266px\" width=\"369\"><span style=\"font-family: helvetica, arial, sans-serif;font-size: 10pt\">Bavcar, Evgen<\/span><\/td>\n<td style=\"width: 130px;text-align: center\" width=\"114\"><span style=\"font-family: helvetica, arial, sans-serif;font-size: 10pt\">312<\/span><\/td>\n<\/tr>\n<tr>\n<td style=\"width: 709px\" colspan=\"3\" width=\"432\">\n<blockquote><p><strong><span style=\"color: #5c5757;font-family: helvetica, arial, sans-serif;font-size: 10pt\">1<\/span><\/strong><\/p><\/blockquote>\n<\/td>\n<\/tr>\n<tr>\n<td style=\"width: 313px\" width=\"432\"><span style=\"font-family: helvetica, arial, sans-serif;font-size: 10pt\">100 anos de Artes Pl\u00e1sticas<\/span><\/td>\n<td style=\"width: 266px\" width=\"369\"><span style=\"font-family: helvetica, arial, sans-serif;font-size: 10pt\">Instituto de Artes da UFRGS<\/span><\/td>\n<td style=\"width: 130px;text-align: center\" width=\"114\"><span style=\"font-family: helvetica, arial, sans-serif;font-size: 10pt\">484<\/span><\/td>\n<\/tr>\n<tr>\n<td style=\"width: 313px\" width=\"432\"><span style=\"font-family: helvetica, arial, sans-serif;font-size: 10pt\">110 Anos de Cria\u00e7\u00e3o\/Comiss\u00e3o Geograf. e Geol\u00f3gica-SP<\/span><\/td>\n<td style=\"width: 266px\" width=\"369\"><span style=\"font-family: helvetica, arial, sans-serif;font-size: 10pt\">Governo de S\u00e3o Paulo<\/span><\/td>\n<td style=\"width: 130px;text-align: center\" width=\"114\"><span style=\"font-family: helvetica, arial, sans-serif;font-size: 10pt\">94<\/span><\/td>\n<\/tr>\n<tr>\n<td style=\"width: 313px\" width=\"432\"><span style=\"font-family: helvetica, arial, sans-serif;font-size: 10pt\">12000 Anos de Hist\u00f3ria \u2013 Arqueologia e Pr\u00e9-hist\u00f3ria<\/span><\/td>\n<td style=\"width: 266px\" width=\"369\"><span style=\"font-family: helvetica, arial, sans-serif;font-size: 10pt\">Museu da UFRGS<\/span><\/td>\n<td style=\"width: 130px;text-align: center\" width=\"114\"><span style=\"font-family: helvetica, arial, sans-serif;font-size: 10pt\">490<\/span><\/td>\n<\/tr>\n<tr>\n<td style=\"width: 313px\" width=\"432\"><span style=\"font-family: helvetica, arial, sans-serif;font-size: 10pt\">1\u00aa FOTOSUL<\/span><\/td>\n<td style=\"width: 266px\" width=\"369\"><span style=\"font-family: helvetica, arial, sans-serif;font-size: 10pt\">FUNARTE<\/span><\/td>\n<td style=\"width: 130px;text-align: center\" width=\"114\"><span style=\"font-family: helvetica, arial, sans-serif;font-size: 10pt\">280<\/span><\/td>\n<\/tr>\n<tr>\n<td style=\"width: 313px\" width=\"432\"><span style=\"font-family: helvetica, arial, sans-serif;font-size: 10pt\">1\u00ba Semin\u00e1rio de Metodologia da Pesquisa em Artes<\/span><\/td>\n<td style=\"width: 266px\" width=\"369\"><span style=\"font-family: helvetica, arial, sans-serif;font-size: 10pt\">Universidade Federal de Pelotas<\/span><\/td>\n<td style=\"width: 130px;text-align: center\" width=\"114\"><span style=\"font-family: helvetica, arial, sans-serif;font-size: 10pt\">385<\/span><\/td>\n<\/tr>\n<tr>\n<td style=\"width: 313px\" width=\"432\"><span style=\"font-family: helvetica, arial, sans-serif;font-size: 10pt\">10\u00ba Sal\u00e3o Nacional de Artes Pl\u00e1sticas<\/span><\/td>\n<td style=\"width: 266px\" width=\"369\"><span style=\"font-family: helvetica, arial, sans-serif;font-size: 10pt\">FUNARTE<\/span><\/td>\n<td style=\"width: 130px;text-align: center\" width=\"114\"><span style=\"font-family: helvetica, arial, sans-serif;font-size: 10pt\">394<\/span><\/td>\n<\/tr>\n<tr>\n<td style=\"width: 709px\" colspan=\"3\" width=\"432\">\n<blockquote><p><strong><span style=\"color: #5c5757;font-family: helvetica, arial, sans-serif;font-size: 10pt\">2<\/span><\/strong><\/p><\/blockquote>\n<\/td>\n<\/tr>\n<tr>\n<td style=\"width: 313px\" width=\"432\"><span style=\"font-family: helvetica, arial, sans-serif;font-size: 10pt\">2\u00ba F\u00f3rum Nacional de Museus<\/span><\/td>\n<td style=\"width: 266px\" width=\"369\"><span style=\"font-family: helvetica, arial, sans-serif;font-size: 10pt\">Minist\u00e9rio da Cultura<\/span><\/td>\n<td style=\"width: 130px;text-align: center\" width=\"114\"><span style=\"font-family: helvetica, arial, sans-serif;font-size: 10pt\">313<\/span><\/td>\n<\/tr>\n<tr>\n<td style=\"width: 313px\" width=\"432\"><span style=\"font-family: helvetica, arial, sans-serif;font-size: 10pt\">2\u00ba Semin\u00e1rio da Pesquisa em Artes \u2013 II<\/span><\/td>\n<td style=\"width: 266px\" width=\"369\"><span style=\"font-family: helvetica, arial, sans-serif;font-size: 10pt\">Universidade Federal de Pelotas<\/span><\/td>\n<td style=\"width: 130px;text-align: center\" width=\"114\"><span style=\"font-family: helvetica, arial, sans-serif;font-size: 10pt\">318<\/span><\/td>\n<\/tr>\n<tr>\n<td style=\"width: 709px\" colspan=\"3\" width=\"432\">\n<blockquote><p><strong><span style=\"color: #5c5757;font-family: helvetica, arial, sans-serif;font-size: 10pt\">3<\/span><\/strong><\/p><\/blockquote>\n<\/td>\n<\/tr>\n<tr>\n<td style=\"width: 313px\" width=\"432\"><span style=\"font-family: helvetica, arial, sans-serif;font-size: 10pt\">30 Segundos de Televis\u00e3o<\/span><\/td>\n<td style=\"width: 266px\" width=\"369\"><span style=\"font-family: helvetica, arial, sans-serif;font-size: 10pt\">Klintowitz, Jacob<\/span><\/td>\n<td style=\"width: 130px;text-align: center\" width=\"114\"><span style=\"font-family: helvetica, arial, sans-serif;font-size: 10pt\">378<\/span><\/td>\n<\/tr>\n<tr>\n<td style=\"width: 313px\" width=\"432\"><span style=\"font-family: helvetica, arial, sans-serif;font-size: 10pt\">38 Projetos Culturais<\/span><\/td>\n<td style=\"width: 266px\" width=\"369\"><span style=\"font-family: helvetica, arial, sans-serif;font-size: 10pt\">Secretaria de Estado da Cultura do Paran\u00e1<\/span><\/td>\n<td style=\"width: 130px;text-align: center\" width=\"114\"><span style=\"font-family: helvetica, arial, sans-serif;font-size: 10pt\">372<\/span><\/td>\n<\/tr>\n<tr>\n<td style=\"width: 313px\" width=\"432\"><span style=\"font-family: helvetica, arial, sans-serif;font-size: 10pt\">3\u00aa Mostra do Desenho Brasileiro<\/span><\/td>\n<td style=\"width: 266px\" width=\"369\"><span style=\"font-family: helvetica, arial, sans-serif;font-size: 10pt\">Secretaria da Cultura e do Esporte do Paran\u00e1<\/span><\/td>\n<td style=\"width: 130px;text-align: center\" width=\"114\"><span style=\"font-family: helvetica, arial, sans-serif;font-size: 10pt\">303<\/span><\/td>\n<\/tr>\n<tr>\n<td style=\"width: 709px\" colspan=\"3\" width=\"432\">\n<blockquote><p><strong><span style=\"color: #5c5757;font-family: helvetica, arial, sans-serif;font-size: 10pt\">4<\/span><\/strong><\/p><\/blockquote>\n<\/td>\n<\/tr>\n<tr>\n<td style=\"width: 313px\" width=\"432\"><span style=\"font-family: helvetica, arial, sans-serif;font-size: 10pt\">4\u00aa Bienal do Mercosul<\/span><\/td>\n<td style=\"width: 266px\" width=\"369\"><span style=\"font-family: helvetica, arial, sans-serif;font-size: 10pt\">Malcon, Renato<\/span><\/td>\n<td style=\"width: 130px;text-align: center\" width=\"114\"><span style=\"font-family: helvetica, arial, sans-serif;font-size: 10pt\">228<\/span><\/td>\n<\/tr>\n<tr>\n<td style=\"width: 313px\" width=\"432\"><span style=\"font-family: helvetica, arial, sans-serif;font-size: 10pt\">4\u00aa Bienal de Artes Pl\u00e1sticas do Mercosul<\/span><\/td>\n<td style=\"width: 266px\" width=\"369\"><span style=\"font-family: helvetica, arial, sans-serif;font-size: 10pt\">Malcon, Renato<\/span><\/td>\n<td style=\"width: 130px;text-align: center\" width=\"114\"><span style=\"font-family: helvetica, arial, sans-serif;font-size: 10pt\">226<\/span><\/td>\n<\/tr>\n<tr>\n<td style=\"width: 313px\" width=\"432\"><span style=\"font-family: helvetica, arial, sans-serif;font-size: 10pt\">4\u00aa Exposi\u00e7\u00e3o de Belas Artes Brasil -Jap\u00e3o<\/span><\/td>\n<td style=\"width: 266px\" width=\"369\"><span style=\"font-family: helvetica, arial, sans-serif;font-size: 10pt\">Funda\u00e7\u00e3o Brasil &#8211; Jap\u00e3o de Artes Pl\u00e1sticas<\/span><\/td>\n<td style=\"width: 130px;text-align: center\" width=\"114\"><span style=\"font-family: helvetica, arial, sans-serif;font-size: 10pt\">320<\/span><\/td>\n<\/tr>\n<tr>\n<td style=\"width: 709px\" colspan=\"3\" width=\"432\">\n<blockquote><p><strong><span style=\"color: #5c5757;font-family: helvetica, arial, sans-serif;font-size: 10pt\">5<\/span><\/strong><\/p><\/blockquote>\n<\/td>\n<\/tr>\n<tr>\n<td style=\"width: 313px\" width=\"432\"><span style=\"font-family: helvetica, arial, sans-serif;font-size: 10pt\">54 Sal\u00e3o Paranaense<\/span><\/td>\n<td style=\"width: 266px\" width=\"369\"><span style=\"font-family: helvetica, arial, sans-serif;font-size: 10pt\">Secretaria de Estado da Cultura do Paran\u00e1<\/span><\/td>\n<td style=\"width: 130px;text-align: center\" width=\"114\"><span style=\"font-family: helvetica, arial, sans-serif;font-size: 10pt\">393<\/span><\/td>\n<\/tr>\n<tr>\n<td style=\"width: 709px\" colspan=\"3\" width=\"432\">\n<blockquote><p><strong><span style=\"color: #5c5757;font-family: helvetica, arial, sans-serif;font-size: 10pt\">6<\/span><\/strong><\/p><\/blockquote>\n<\/td>\n<\/tr>\n<tr>\n<td style=\"width: 313px\" width=\"432\"><span style=\"font-family: helvetica, arial, sans-serif;font-size: 10pt\">60 Anos de Arte Brasileira<\/span><\/td>\n<td style=\"width: 266px\" width=\"369\"><span style=\"font-family: helvetica, arial, sans-serif;font-size: 10pt\">Caixa Econ\u00f4mica Federal<\/span><\/td>\n<td style=\"width: 130px;text-align: center\" width=\"114\"><span style=\"font-family: helvetica, arial, sans-serif;font-size: 10pt\">130<\/span><\/td>\n<\/tr>\n<tr>\n<td style=\"width: 709px\" colspan=\"3\" width=\"432\">\n<blockquote><p><strong><span style=\"color: #5c5757;font-family: helvetica, arial, sans-serif;font-size: 10pt\">8<\/span><\/strong><\/p><\/blockquote>\n<\/td>\n<\/tr>\n<tr>\n<td style=\"width: 313px\" width=\"432\"><span style=\"font-family: helvetica, arial, sans-serif;font-size: 10pt\">8\u00aa Bienal do Mercosul<\/span><\/td>\n<td style=\"width: 266px\" width=\"369\"><span style=\"font-family: helvetica, arial, sans-serif;font-size: 10pt\">Minist\u00e9rio da Cultura<\/span><\/td>\n<td style=\"width: 130px;text-align: center\" width=\"114\"><span style=\"font-family: helvetica, arial, sans-serif;font-size: 10pt\">487<\/span><\/td>\n<\/tr>\n<\/tbody>\n<\/table>\n<p><span style=\"font-family: helvetica, arial, sans-serif;font-size: 10pt\"><a title=\"Cole\u00e7\u00e3o\" href=\"https:\/\/wp.ufpel.edu.br\/malg\/?p=8\" target=\"_blank\" rel=\"noopener noreferrer\">Mais informa\u00e7\u00f5es<\/a><\/span><\/p>\n","protected":false},"excerpt":{"rendered":"<p>T\u00edtulo Autor \/ Organizador N\u00ba do Registro M Madame Tussaud\u2019s Strong, Roy 395 Manual de Pintura Mural Motta [&hellip;]<\/p>\n","protected":false},"author":401,"featured_media":793,"parent":0,"menu_order":0,"comment_status":"closed","ping_status":"closed","template":"","meta":{"jetpack_post_was_ever_published":false,"footnotes":""},"class_list":["post-90","page","type-page","status-publish","has-post-thumbnail","hentry","post","post-with-thumbnail","post-with-thumbnail-large"],"yoast_head":"<!-- This site is optimized with the Yoast SEO plugin v26.7 - https:\/\/yoast.com\/wordpress\/plugins\/seo\/ -->\n<title>Biblioteca | N - Z &#8212; Museu de Arte Leopoldo Gotuzzo<\/title>\n<meta name=\"robots\" content=\"index, follow, max-snippet:-1, max-image-preview:large, max-video-preview:-1\" \/>\n<link rel=\"canonical\" href=\"https:\/\/wp.ufpel.edu.br\/malg\/biblioteca-pesquisa-e-documentacao-n-z\/\" \/>\n<meta property=\"og:locale\" content=\"pt_BR\" \/>\n<meta property=\"og:type\" content=\"article\" \/>\n<meta property=\"og:title\" content=\"Biblioteca | N - Z &#8212; Museu de Arte Leopoldo Gotuzzo\" \/>\n<meta property=\"og:description\" content=\"T\u00edtulo Autor \/ Organizador N\u00ba do Registro M Madame Tussaud\u2019s Strong, Roy 395 Manual de Pintura Mural Motta [&hellip;]\" \/>\n<meta property=\"og:url\" content=\"https:\/\/wp.ufpel.edu.br\/malg\/biblioteca-pesquisa-e-documentacao-n-z\/\" \/>\n<meta property=\"og:site_name\" content=\"Museu de Arte Leopoldo Gotuzzo\" \/>\n<meta property=\"article:publisher\" content=\"https:\/\/www.facebook.com\/museuleopoldogotuzzo\/\" \/>\n<meta property=\"article:modified_time\" content=\"2019-05-15T17:39:38+00:00\" \/>\n<meta property=\"og:image\" content=\"https:\/\/wp.ufpel.edu.br\/malg\/files\/2019\/04\/MALG-fragemtos-de-memoria-984x220.jpg\" \/>\n\t<meta property=\"og:image:width\" content=\"984\" \/>\n\t<meta property=\"og:image:height\" content=\"220\" \/>\n\t<meta property=\"og:image:type\" content=\"image\/jpeg\" \/>\n<meta name=\"twitter:card\" content=\"summary_large_image\" \/>\n<meta name=\"twitter:label1\" content=\"Est. tempo de leitura\" \/>\n\t<meta name=\"twitter:data1\" content=\"9 minutos\" \/>\n<script type=\"application\/ld+json\" class=\"yoast-schema-graph\">{\"@context\":\"https:\/\/schema.org\",\"@graph\":[{\"@type\":\"WebPage\",\"@id\":\"https:\/\/wp.ufpel.edu.br\/malg\/biblioteca-pesquisa-e-documentacao-n-z\/\",\"url\":\"https:\/\/wp.ufpel.edu.br\/malg\/biblioteca-pesquisa-e-documentacao-n-z\/\",\"name\":\"Biblioteca | N - Z &#8212; Museu de Arte Leopoldo Gotuzzo\",\"isPartOf\":{\"@id\":\"https:\/\/wp.ufpel.edu.br\/malg\/#website\"},\"primaryImageOfPage\":{\"@id\":\"https:\/\/wp.ufpel.edu.br\/malg\/biblioteca-pesquisa-e-documentacao-n-z\/#primaryimage\"},\"image\":{\"@id\":\"https:\/\/wp.ufpel.edu.br\/malg\/biblioteca-pesquisa-e-documentacao-n-z\/#primaryimage\"},\"thumbnailUrl\":\"https:\/\/wp.ufpel.edu.br\/malg\/files\/2019\/04\/MALG-fragemtos-de-memoria.jpg\",\"datePublished\":\"2014-06-18T16:53:37+00:00\",\"dateModified\":\"2019-05-15T17:39:38+00:00\",\"breadcrumb\":{\"@id\":\"https:\/\/wp.ufpel.edu.br\/malg\/biblioteca-pesquisa-e-documentacao-n-z\/#breadcrumb\"},\"inLanguage\":\"pt-BR\",\"potentialAction\":[{\"@type\":\"ReadAction\",\"target\":[\"https:\/\/wp.ufpel.edu.br\/malg\/biblioteca-pesquisa-e-documentacao-n-z\/\"]}]},{\"@type\":\"ImageObject\",\"inLanguage\":\"pt-BR\",\"@id\":\"https:\/\/wp.ufpel.edu.br\/malg\/biblioteca-pesquisa-e-documentacao-n-z\/#primaryimage\",\"url\":\"https:\/\/wp.ufpel.edu.br\/malg\/files\/2019\/04\/MALG-fragemtos-de-memoria.jpg\",\"contentUrl\":\"https:\/\/wp.ufpel.edu.br\/malg\/files\/2019\/04\/MALG-fragemtos-de-memoria.jpg\",\"width\":5828,\"height\":3885},{\"@type\":\"BreadcrumbList\",\"@id\":\"https:\/\/wp.ufpel.edu.br\/malg\/biblioteca-pesquisa-e-documentacao-n-z\/#breadcrumb\",\"itemListElement\":[{\"@type\":\"ListItem\",\"position\":1,\"name\":\"In\u00edcio\",\"item\":\"https:\/\/wp.ufpel.edu.br\/malg\/\"},{\"@type\":\"ListItem\",\"position\":2,\"name\":\"Biblioteca | N &#8211; Z\"}]},{\"@type\":\"WebSite\",\"@id\":\"https:\/\/wp.ufpel.edu.br\/malg\/#website\",\"url\":\"https:\/\/wp.ufpel.edu.br\/malg\/\",\"name\":\"Museu de Arte Leopoldo Gotuzzo\",\"description\":\"\",\"publisher\":{\"@id\":\"https:\/\/wp.ufpel.edu.br\/malg\/#organization\"},\"potentialAction\":[{\"@type\":\"SearchAction\",\"target\":{\"@type\":\"EntryPoint\",\"urlTemplate\":\"https:\/\/wp.ufpel.edu.br\/malg\/?s={search_term_string}\"},\"query-input\":{\"@type\":\"PropertyValueSpecification\",\"valueRequired\":true,\"valueName\":\"search_term_string\"}}],\"inLanguage\":\"pt-BR\"},{\"@type\":\"Organization\",\"@id\":\"https:\/\/wp.ufpel.edu.br\/malg\/#organization\",\"name\":\"MALG _ Museu de Arte Leopoldo Gotuzzo\",\"url\":\"https:\/\/wp.ufpel.edu.br\/malg\/\",\"logo\":{\"@type\":\"ImageObject\",\"inLanguage\":\"pt-BR\",\"@id\":\"https:\/\/wp.ufpel.edu.br\/malg\/#\/schema\/logo\/image\/\",\"url\":\"https:\/\/i0.wp.com\/wp.ufpel.edu.br\/malg\/files\/2020\/03\/01.png?fit=1240%2C476&ssl=1\",\"contentUrl\":\"https:\/\/i0.wp.com\/wp.ufpel.edu.br\/malg\/files\/2020\/03\/01.png?fit=1240%2C476&ssl=1\",\"width\":1240,\"height\":476,\"caption\":\"MALG _ Museu de Arte Leopoldo Gotuzzo\"},\"image\":{\"@id\":\"https:\/\/wp.ufpel.edu.br\/malg\/#\/schema\/logo\/image\/\"},\"sameAs\":[\"https:\/\/www.facebook.com\/museuleopoldogotuzzo\/\",\"https:\/\/www.instagram.com\/malg.ufpel\/\",\"https:\/\/www.youtube.com\/@MALG_UFPel\"]}]}<\/script>\n<!-- \/ Yoast SEO plugin. -->","yoast_head_json":{"title":"Biblioteca | N - Z &#8212; Museu de Arte Leopoldo Gotuzzo","robots":{"index":"index","follow":"follow","max-snippet":"max-snippet:-1","max-image-preview":"max-image-preview:large","max-video-preview":"max-video-preview:-1"},"canonical":"https:\/\/wp.ufpel.edu.br\/malg\/biblioteca-pesquisa-e-documentacao-n-z\/","og_locale":"pt_BR","og_type":"article","og_title":"Biblioteca | N - Z &#8212; Museu de Arte Leopoldo Gotuzzo","og_description":"T\u00edtulo Autor \/ Organizador N\u00ba do Registro M Madame Tussaud\u2019s Strong, Roy 395 Manual de Pintura Mural Motta [&hellip;]","og_url":"https:\/\/wp.ufpel.edu.br\/malg\/biblioteca-pesquisa-e-documentacao-n-z\/","og_site_name":"Museu de Arte Leopoldo Gotuzzo","article_publisher":"https:\/\/www.facebook.com\/museuleopoldogotuzzo\/","article_modified_time":"2019-05-15T17:39:38+00:00","og_image":[{"width":984,"height":220,"url":"https:\/\/wp.ufpel.edu.br\/malg\/files\/2019\/04\/MALG-fragemtos-de-memoria-984x220.jpg","type":"image\/jpeg"}],"twitter_card":"summary_large_image","twitter_misc":{"Est. tempo de leitura":"9 minutos"},"schema":{"@context":"https:\/\/schema.org","@graph":[{"@type":"WebPage","@id":"https:\/\/wp.ufpel.edu.br\/malg\/biblioteca-pesquisa-e-documentacao-n-z\/","url":"https:\/\/wp.ufpel.edu.br\/malg\/biblioteca-pesquisa-e-documentacao-n-z\/","name":"Biblioteca | N - Z &#8212; Museu de Arte Leopoldo Gotuzzo","isPartOf":{"@id":"https:\/\/wp.ufpel.edu.br\/malg\/#website"},"primaryImageOfPage":{"@id":"https:\/\/wp.ufpel.edu.br\/malg\/biblioteca-pesquisa-e-documentacao-n-z\/#primaryimage"},"image":{"@id":"https:\/\/wp.ufpel.edu.br\/malg\/biblioteca-pesquisa-e-documentacao-n-z\/#primaryimage"},"thumbnailUrl":"https:\/\/wp.ufpel.edu.br\/malg\/files\/2019\/04\/MALG-fragemtos-de-memoria.jpg","datePublished":"2014-06-18T16:53:37+00:00","dateModified":"2019-05-15T17:39:38+00:00","breadcrumb":{"@id":"https:\/\/wp.ufpel.edu.br\/malg\/biblioteca-pesquisa-e-documentacao-n-z\/#breadcrumb"},"inLanguage":"pt-BR","potentialAction":[{"@type":"ReadAction","target":["https:\/\/wp.ufpel.edu.br\/malg\/biblioteca-pesquisa-e-documentacao-n-z\/"]}]},{"@type":"ImageObject","inLanguage":"pt-BR","@id":"https:\/\/wp.ufpel.edu.br\/malg\/biblioteca-pesquisa-e-documentacao-n-z\/#primaryimage","url":"https:\/\/wp.ufpel.edu.br\/malg\/files\/2019\/04\/MALG-fragemtos-de-memoria.jpg","contentUrl":"https:\/\/wp.ufpel.edu.br\/malg\/files\/2019\/04\/MALG-fragemtos-de-memoria.jpg","width":5828,"height":3885},{"@type":"BreadcrumbList","@id":"https:\/\/wp.ufpel.edu.br\/malg\/biblioteca-pesquisa-e-documentacao-n-z\/#breadcrumb","itemListElement":[{"@type":"ListItem","position":1,"name":"In\u00edcio","item":"https:\/\/wp.ufpel.edu.br\/malg\/"},{"@type":"ListItem","position":2,"name":"Biblioteca | N &#8211; Z"}]},{"@type":"WebSite","@id":"https:\/\/wp.ufpel.edu.br\/malg\/#website","url":"https:\/\/wp.ufpel.edu.br\/malg\/","name":"Museu de Arte Leopoldo Gotuzzo","description":"","publisher":{"@id":"https:\/\/wp.ufpel.edu.br\/malg\/#organization"},"potentialAction":[{"@type":"SearchAction","target":{"@type":"EntryPoint","urlTemplate":"https:\/\/wp.ufpel.edu.br\/malg\/?s={search_term_string}"},"query-input":{"@type":"PropertyValueSpecification","valueRequired":true,"valueName":"search_term_string"}}],"inLanguage":"pt-BR"},{"@type":"Organization","@id":"https:\/\/wp.ufpel.edu.br\/malg\/#organization","name":"MALG _ Museu de Arte Leopoldo Gotuzzo","url":"https:\/\/wp.ufpel.edu.br\/malg\/","logo":{"@type":"ImageObject","inLanguage":"pt-BR","@id":"https:\/\/wp.ufpel.edu.br\/malg\/#\/schema\/logo\/image\/","url":"https:\/\/i0.wp.com\/wp.ufpel.edu.br\/malg\/files\/2020\/03\/01.png?fit=1240%2C476&ssl=1","contentUrl":"https:\/\/i0.wp.com\/wp.ufpel.edu.br\/malg\/files\/2020\/03\/01.png?fit=1240%2C476&ssl=1","width":1240,"height":476,"caption":"MALG _ Museu de Arte Leopoldo Gotuzzo"},"image":{"@id":"https:\/\/wp.ufpel.edu.br\/malg\/#\/schema\/logo\/image\/"},"sameAs":["https:\/\/www.facebook.com\/museuleopoldogotuzzo\/","https:\/\/www.instagram.com\/malg.ufpel\/","https:\/\/www.youtube.com\/@MALG_UFPel"]}]}},"jetpack_sharing_enabled":true,"jetpack_shortlink":"https:\/\/wp.me\/P89KnE-1s","_links":{"self":[{"href":"https:\/\/wp.ufpel.edu.br\/malg\/wp-json\/wp\/v2\/pages\/90","targetHints":{"allow":["GET"]}}],"collection":[{"href":"https:\/\/wp.ufpel.edu.br\/malg\/wp-json\/wp\/v2\/pages"}],"about":[{"href":"https:\/\/wp.ufpel.edu.br\/malg\/wp-json\/wp\/v2\/types\/page"}],"author":[{"embeddable":true,"href":"https:\/\/wp.ufpel.edu.br\/malg\/wp-json\/wp\/v2\/users\/401"}],"replies":[{"embeddable":true,"href":"https:\/\/wp.ufpel.edu.br\/malg\/wp-json\/wp\/v2\/comments?post=90"}],"version-history":[{"count":17,"href":"https:\/\/wp.ufpel.edu.br\/malg\/wp-json\/wp\/v2\/pages\/90\/revisions"}],"predecessor-version":[{"id":1014,"href":"https:\/\/wp.ufpel.edu.br\/malg\/wp-json\/wp\/v2\/pages\/90\/revisions\/1014"}],"wp:featuredmedia":[{"embeddable":true,"href":"https:\/\/wp.ufpel.edu.br\/malg\/wp-json\/wp\/v2\/media\/793"}],"wp:attachment":[{"href":"https:\/\/wp.ufpel.edu.br\/malg\/wp-json\/wp\/v2\/media?parent=90"}],"curies":[{"name":"wp","href":"https:\/\/api.w.org\/{rel}","templated":true}]}}