{"id":414,"date":"2016-10-20T16:27:44","date_gmt":"2016-10-20T18:27:44","guid":{"rendered":"https:\/\/wp.ufpel.edu.br\/malg\/?page_id=414"},"modified":"2019-12-18T11:17:03","modified_gmt":"2019-12-18T14:17:03","slug":"acervo","status":"publish","type":"page","link":"https:\/\/wp.ufpel.edu.br\/malg\/acervo\/","title":{"rendered":"Acervo"},"content":{"rendered":"<p style=\"text-align: justify\"><span style=\"font-family: helvetica, arial, sans-serif;font-size: 12pt\">O MALG, por ocasi\u00e3o de seus 30 anos de funda\u00e7\u00e3o, tem a satisfa\u00e7\u00e3o de disponibilizar ao p\u00fablico pinturas, desenhos e gravuras da Cole\u00e7\u00e3o Leopoldo Gotuzzo pertencentes ao acervo do Museu. Ao longo de sua vida Leopoldo Gotuzzo fez importantes doa\u00e7\u00f5es: a primeira, em 1949, de uma obra \u2013 <em>A espanhola<\/em>. Posteriormente, em 1955, o artista doou para a Escola de Belas Artes um conjunto de 16 obras escolhidas por ele pr\u00f3prio. A terceira e \u00faltima doa\u00e7\u00e3o consiste de uma cl\u00e1usula testamental em que, ap\u00f3s sua morte em 1983, o artista deixa para o Instituto de Letras e Artes da UFPEL um n\u00famero expressivo de itens que comp\u00f5em a cole\u00e7\u00e3o em sua totalidade e inclui, al\u00e9m de pinturas, desenhos e gravuras, documentos, fotografias, cartas, instrumentos de trabalho, objetos que serviram de modelo, pr\u00eamios e distin\u00e7\u00f5es.<\/span><\/p>\n<p>&nbsp;<\/p>\n<p style=\"text-align: center\"><strong><span style=\"font-family: helvetica, arial, sans-serif;font-size: 12pt\"><span style=\"font-family: helvetica, arial, sans-serif\">Cole\u00e7\u00e3o Leopoldo Gotuzzo<\/span><\/span><\/strong><\/p>\n<div class=\"tiled-gallery type-rectangular tiled-gallery-unresized\" data-original-width=\"720\" data-carousel-extra='{&quot;blog_id&quot;:400,&quot;permalink&quot;:&quot;https:\\\/\\\/wp.ufpel.edu.br\\\/malg\\\/acervo\\\/&quot;,&quot;likes_blog_id&quot;:120533930}' itemscope itemtype=\"http:\/\/schema.org\/ImageGallery\" > <div class=\"gallery-row\" style=\"width: 720px; height: 253px;\" data-original-width=\"720\" data-original-height=\"253\" > <div class=\"gallery-group images-1\" style=\"width: 180px; height: 253px;\" data-original-width=\"180\" data-original-height=\"253\" > <div class=\"tiled-gallery-item tiled-gallery-item-small\" itemprop=\"associatedMedia\" itemscope itemtype=\"http:\/\/schema.org\/ImageObject\"> <a href=\"https:\/\/wp.ufpel.edu.br\/malg\/acervo\/1697-01\/#main\" border=\"0\" itemprop=\"url\"> <meta itemprop=\"width\" content=\"176\"> <meta itemprop=\"height\" content=\"249\"> <img decoding=\"async\" class=\"\" data-attachment-id=\"621\" data-orig-file=\"https:\/\/wp.ufpel.edu.br\/malg\/files\/2016\/10\/1697-01.jpg\" data-orig-size=\"992,1403\" data-comments-opened=\"\" data-image-meta=\"{&quot;aperture&quot;:&quot;0&quot;,&quot;credit&quot;:&quot;&quot;,&quot;camera&quot;:&quot;&quot;,&quot;caption&quot;:&quot;&quot;,&quot;created_timestamp&quot;:&quot;0&quot;,&quot;copyright&quot;:&quot;&quot;,&quot;focal_length&quot;:&quot;0&quot;,&quot;iso&quot;:&quot;0&quot;,&quot;shutter_speed&quot;:&quot;0&quot;,&quot;title&quot;:&quot;&quot;,&quot;orientation&quot;:&quot;0&quot;}\" data-image-title=\"Sem t\u00edtulo, sem data, carv\u00e3o sobre papel, 8&amp;#215;7,5cm\" data-image-description=\"\" data-medium-file=\"https:\/\/wp.ufpel.edu.br\/malg\/files\/2016\/10\/1697-01-225x318.jpg\" data-large-file=\"https:\/\/wp.ufpel.edu.br\/malg\/files\/2016\/10\/1697-01-984x220.jpg\" src=\"https:\/\/i0.wp.com\/wp.ufpel.edu.br\/malg\/files\/2016\/10\/1697-01.jpg?w=176&#038;h=249&#038;ssl=1\" srcset=\"https:\/\/wp.ufpel.edu.br\/malg\/files\/2016\/10\/1697-01.jpg 992w, https:\/\/wp.ufpel.edu.br\/malg\/files\/2016\/10\/1697-01-112x159.jpg 112w, https:\/\/wp.ufpel.edu.br\/malg\/files\/2016\/10\/1697-01-225x318.jpg 225w, https:\/\/wp.ufpel.edu.br\/malg\/files\/2016\/10\/1697-01-768x1086.jpg 768w\" width=\"176\" height=\"249\" loading=\"lazy\" data-original-width=\"176\" data-original-height=\"249\" itemprop=\"http:\/\/schema.org\/image\" title=\"Sem t\u00edtulo, sem data, carv\u00e3o sobre papel, 8x7,5cm\" alt=\"Sem t\u00edtulo, sem data, carv\u00e3o sobre papel, 8x7,5cm\" style=\"width: 176px; height: 249px;\" \/> <\/a> <\/div> <\/div> <!-- close group --> <div class=\"gallery-group images-1\" style=\"width: 180px; height: 253px;\" data-original-width=\"180\" data-original-height=\"253\" > <div class=\"tiled-gallery-item tiled-gallery-item-small\" itemprop=\"associatedMedia\" itemscope itemtype=\"http:\/\/schema.org\/ImageObject\"> <a href=\"https:\/\/wp.ufpel.edu.br\/malg\/acervo\/1696-01\/#main\" border=\"0\" itemprop=\"url\"> <meta itemprop=\"width\" content=\"176\"> <meta itemprop=\"height\" content=\"249\"> <img decoding=\"async\" class=\"\" data-attachment-id=\"620\" data-orig-file=\"https:\/\/wp.ufpel.edu.br\/malg\/files\/2016\/10\/1696-01.jpg\" data-orig-size=\"992,1403\" data-comments-opened=\"\" data-image-meta=\"{&quot;aperture&quot;:&quot;0&quot;,&quot;credit&quot;:&quot;&quot;,&quot;camera&quot;:&quot;&quot;,&quot;caption&quot;:&quot;&quot;,&quot;created_timestamp&quot;:&quot;0&quot;,&quot;copyright&quot;:&quot;&quot;,&quot;focal_length&quot;:&quot;0&quot;,&quot;iso&quot;:&quot;0&quot;,&quot;shutter_speed&quot;:&quot;0&quot;,&quot;title&quot;:&quot;&quot;,&quot;orientation&quot;:&quot;0&quot;}\" data-image-title=\"1696-01\" data-image-description=\"\" data-medium-file=\"https:\/\/wp.ufpel.edu.br\/malg\/files\/2016\/10\/1696-01-225x318.jpg\" data-large-file=\"https:\/\/wp.ufpel.edu.br\/malg\/files\/2016\/10\/1696-01-984x220.jpg\" src=\"https:\/\/i0.wp.com\/wp.ufpel.edu.br\/malg\/files\/2016\/10\/1696-01.jpg?w=176&#038;h=249&#038;ssl=1\" srcset=\"https:\/\/wp.ufpel.edu.br\/malg\/files\/2016\/10\/1696-01.jpg 992w, https:\/\/wp.ufpel.edu.br\/malg\/files\/2016\/10\/1696-01-112x159.jpg 112w, https:\/\/wp.ufpel.edu.br\/malg\/files\/2016\/10\/1696-01-225x318.jpg 225w, https:\/\/wp.ufpel.edu.br\/malg\/files\/2016\/10\/1696-01-768x1086.jpg 768w\" width=\"176\" height=\"249\" loading=\"lazy\" data-original-width=\"176\" data-original-height=\"249\" itemprop=\"http:\/\/schema.org\/image\" title=\"1696-01\" alt=\"1696-01\" style=\"width: 176px; height: 249px;\" \/> <\/a> <\/div> <\/div> <!-- close group --> <div class=\"gallery-group images-1\" style=\"width: 180px; height: 253px;\" data-original-width=\"180\" data-original-height=\"253\" > <div class=\"tiled-gallery-item tiled-gallery-item-small\" itemprop=\"associatedMedia\" itemscope itemtype=\"http:\/\/schema.org\/ImageObject\"> <a href=\"https:\/\/wp.ufpel.edu.br\/malg\/acervo\/1607-sem-titulo-01\/#main\" border=\"0\" itemprop=\"url\"> <meta itemprop=\"width\" content=\"176\"> <meta itemprop=\"height\" content=\"249\"> <img decoding=\"async\" class=\"\" data-attachment-id=\"619\" data-orig-file=\"https:\/\/wp.ufpel.edu.br\/malg\/files\/2016\/10\/1607-Sem-t\u00edtulo-01.jpg\" data-orig-size=\"992,1403\" data-comments-opened=\"\" data-image-meta=\"{&quot;aperture&quot;:&quot;0&quot;,&quot;credit&quot;:&quot;&quot;,&quot;camera&quot;:&quot;&quot;,&quot;caption&quot;:&quot;&quot;,&quot;created_timestamp&quot;:&quot;0&quot;,&quot;copyright&quot;:&quot;&quot;,&quot;focal_length&quot;:&quot;0&quot;,&quot;iso&quot;:&quot;0&quot;,&quot;shutter_speed&quot;:&quot;0&quot;,&quot;title&quot;:&quot;&quot;,&quot;orientation&quot;:&quot;0&quot;}\" data-image-title=\"1607-sem-titulo-01\" data-image-description=\"\" data-medium-file=\"https:\/\/wp.ufpel.edu.br\/malg\/files\/2016\/10\/1607-Sem-t\u00edtulo-01-225x318.jpg\" data-large-file=\"https:\/\/wp.ufpel.edu.br\/malg\/files\/2016\/10\/1607-Sem-t\u00edtulo-01-984x220.jpg\" src=\"https:\/\/i0.wp.com\/wp.ufpel.edu.br\/malg\/files\/2016\/10\/1607-Sem-t%C3%ADtulo-01.jpg?w=176&#038;h=249&#038;ssl=1\" width=\"176\" height=\"249\" loading=\"lazy\" data-original-width=\"176\" data-original-height=\"249\" itemprop=\"http:\/\/schema.org\/image\" title=\"1607-sem-titulo-01\" alt=\"1607-sem-titulo-01\" style=\"width: 176px; height: 249px;\" \/> <\/a> <\/div> <\/div> <!-- close group --> <div class=\"gallery-group images-1\" style=\"width: 180px; height: 253px;\" data-original-width=\"180\" data-original-height=\"253\" > <div class=\"tiled-gallery-item tiled-gallery-item-small\" itemprop=\"associatedMedia\" itemscope itemtype=\"http:\/\/schema.org\/ImageObject\"> <a href=\"https:\/\/wp.ufpel.edu.br\/malg\/acervo\/1606-retrato-de-marina-moraes-pires-01\/#main\" border=\"0\" itemprop=\"url\"> <meta itemprop=\"width\" content=\"176\"> <meta itemprop=\"height\" content=\"249\"> <img decoding=\"async\" class=\"\" data-attachment-id=\"618\" data-orig-file=\"https:\/\/wp.ufpel.edu.br\/malg\/files\/2016\/10\/1606-Retrato-de-Marina-Moraes-Pires-01.jpg\" data-orig-size=\"992,1403\" data-comments-opened=\"\" data-image-meta=\"{&quot;aperture&quot;:&quot;0&quot;,&quot;credit&quot;:&quot;&quot;,&quot;camera&quot;:&quot;&quot;,&quot;caption&quot;:&quot;&quot;,&quot;created_timestamp&quot;:&quot;0&quot;,&quot;copyright&quot;:&quot;&quot;,&quot;focal_length&quot;:&quot;0&quot;,&quot;iso&quot;:&quot;0&quot;,&quot;shutter_speed&quot;:&quot;0&quot;,&quot;title&quot;:&quot;&quot;,&quot;orientation&quot;:&quot;0&quot;}\" data-image-title=\"1606-retrato-de-marina-moraes-pires-01\" data-image-description=\"\" data-medium-file=\"https:\/\/wp.ufpel.edu.br\/malg\/files\/2016\/10\/1606-Retrato-de-Marina-Moraes-Pires-01-225x318.jpg\" data-large-file=\"https:\/\/wp.ufpel.edu.br\/malg\/files\/2016\/10\/1606-Retrato-de-Marina-Moraes-Pires-01-984x220.jpg\" src=\"https:\/\/i0.wp.com\/wp.ufpel.edu.br\/malg\/files\/2016\/10\/1606-Retrato-de-Marina-Moraes-Pires-01.jpg?w=176&#038;h=249&#038;ssl=1\" srcset=\"https:\/\/wp.ufpel.edu.br\/malg\/files\/2016\/10\/1606-Retrato-de-Marina-Moraes-Pires-01.jpg 992w, https:\/\/wp.ufpel.edu.br\/malg\/files\/2016\/10\/1606-Retrato-de-Marina-Moraes-Pires-01-112x159.jpg 112w, https:\/\/wp.ufpel.edu.br\/malg\/files\/2016\/10\/1606-Retrato-de-Marina-Moraes-Pires-01-225x318.jpg 225w, https:\/\/wp.ufpel.edu.br\/malg\/files\/2016\/10\/1606-Retrato-de-Marina-Moraes-Pires-01-768x1086.jpg 768w\" width=\"176\" height=\"249\" loading=\"lazy\" data-original-width=\"176\" data-original-height=\"249\" itemprop=\"http:\/\/schema.org\/image\" title=\"1606-retrato-de-marina-moraes-pires-01\" alt=\"1606-retrato-de-marina-moraes-pires-01\" style=\"width: 176px; height: 249px;\" \/> <\/a> <\/div> <\/div> <!-- close group --> <\/div> <!-- close row --> <div class=\"gallery-row\" style=\"width: 720px; height: 338px;\" data-original-width=\"720\" data-original-height=\"338\" > <div class=\"gallery-group images-1\" style=\"width: 240px; height: 338px;\" data-original-width=\"240\" data-original-height=\"338\" > <div class=\"tiled-gallery-item tiled-gallery-item-small\" itemprop=\"associatedMedia\" itemscope itemtype=\"http:\/\/schema.org\/ImageObject\"> <a href=\"https:\/\/wp.ufpel.edu.br\/malg\/acervo\/849-aspecto-de-ouro-preto-01\/#main\" border=\"0\" itemprop=\"url\"> <meta itemprop=\"width\" content=\"236\"> <meta itemprop=\"height\" content=\"334\"> <img decoding=\"async\" class=\"\" data-attachment-id=\"617\" data-orig-file=\"https:\/\/wp.ufpel.edu.br\/malg\/files\/2016\/10\/849-Aspecto-de-Ouro-Preto-01.jpg\" data-orig-size=\"992,1403\" data-comments-opened=\"\" data-image-meta=\"{&quot;aperture&quot;:&quot;0&quot;,&quot;credit&quot;:&quot;&quot;,&quot;camera&quot;:&quot;&quot;,&quot;caption&quot;:&quot;&quot;,&quot;created_timestamp&quot;:&quot;0&quot;,&quot;copyright&quot;:&quot;&quot;,&quot;focal_length&quot;:&quot;0&quot;,&quot;iso&quot;:&quot;0&quot;,&quot;shutter_speed&quot;:&quot;0&quot;,&quot;title&quot;:&quot;&quot;,&quot;orientation&quot;:&quot;0&quot;}\" data-image-title=\"849-aspecto-de-ouro-preto-01\" data-image-description=\"\" data-medium-file=\"https:\/\/wp.ufpel.edu.br\/malg\/files\/2016\/10\/849-Aspecto-de-Ouro-Preto-01-225x318.jpg\" data-large-file=\"https:\/\/wp.ufpel.edu.br\/malg\/files\/2016\/10\/849-Aspecto-de-Ouro-Preto-01-984x220.jpg\" src=\"https:\/\/i0.wp.com\/wp.ufpel.edu.br\/malg\/files\/2016\/10\/849-Aspecto-de-Ouro-Preto-01.jpg?w=236&#038;h=334&#038;ssl=1\" srcset=\"https:\/\/wp.ufpel.edu.br\/malg\/files\/2016\/10\/849-Aspecto-de-Ouro-Preto-01.jpg 992w, https:\/\/wp.ufpel.edu.br\/malg\/files\/2016\/10\/849-Aspecto-de-Ouro-Preto-01-112x159.jpg 112w, https:\/\/wp.ufpel.edu.br\/malg\/files\/2016\/10\/849-Aspecto-de-Ouro-Preto-01-225x318.jpg 225w, https:\/\/wp.ufpel.edu.br\/malg\/files\/2016\/10\/849-Aspecto-de-Ouro-Preto-01-768x1086.jpg 768w\" width=\"236\" height=\"334\" loading=\"lazy\" data-original-width=\"236\" data-original-height=\"334\" itemprop=\"http:\/\/schema.org\/image\" title=\"849-aspecto-de-ouro-preto-01\" alt=\"849-aspecto-de-ouro-preto-01\" style=\"width: 236px; height: 334px;\" \/> <\/a> <\/div> <\/div> <!-- close group --> <div class=\"gallery-group images-1\" style=\"width: 240px; height: 338px;\" data-original-width=\"240\" data-original-height=\"338\" > <div class=\"tiled-gallery-item tiled-gallery-item-small\" itemprop=\"associatedMedia\" itemscope itemtype=\"http:\/\/schema.org\/ImageObject\"> <a href=\"https:\/\/wp.ufpel.edu.br\/malg\/acervo\/677b-sem-titulo-01\/#main\" border=\"0\" itemprop=\"url\"> <meta itemprop=\"width\" content=\"236\"> <meta itemprop=\"height\" content=\"334\"> <img decoding=\"async\" class=\"\" data-attachment-id=\"616\" data-orig-file=\"https:\/\/wp.ufpel.edu.br\/malg\/files\/2016\/10\/677B-Sem-t\u00edtulo-01.jpg\" data-orig-size=\"992,1403\" data-comments-opened=\"\" data-image-meta=\"{&quot;aperture&quot;:&quot;0&quot;,&quot;credit&quot;:&quot;&quot;,&quot;camera&quot;:&quot;&quot;,&quot;caption&quot;:&quot;&quot;,&quot;created_timestamp&quot;:&quot;0&quot;,&quot;copyright&quot;:&quot;&quot;,&quot;focal_length&quot;:&quot;0&quot;,&quot;iso&quot;:&quot;0&quot;,&quot;shutter_speed&quot;:&quot;0&quot;,&quot;title&quot;:&quot;&quot;,&quot;orientation&quot;:&quot;0&quot;}\" data-image-title=\"677b-sem-titulo-01\" data-image-description=\"\" data-medium-file=\"https:\/\/wp.ufpel.edu.br\/malg\/files\/2016\/10\/677B-Sem-t\u00edtulo-01-225x318.jpg\" data-large-file=\"https:\/\/wp.ufpel.edu.br\/malg\/files\/2016\/10\/677B-Sem-t\u00edtulo-01-984x220.jpg\" src=\"https:\/\/i0.wp.com\/wp.ufpel.edu.br\/malg\/files\/2016\/10\/677B-Sem-t%C3%ADtulo-01.jpg?w=236&#038;h=334&#038;ssl=1\" width=\"236\" height=\"334\" loading=\"lazy\" data-original-width=\"236\" data-original-height=\"334\" itemprop=\"http:\/\/schema.org\/image\" title=\"677b-sem-titulo-01\" alt=\"677b-sem-titulo-01\" style=\"width: 236px; height: 334px;\" \/> <\/a> <\/div> <\/div> <!-- close group --> <div class=\"gallery-group images-1\" style=\"width: 240px; height: 338px;\" data-original-width=\"240\" data-original-height=\"338\" > <div class=\"tiled-gallery-item tiled-gallery-item-small\" itemprop=\"associatedMedia\" itemscope itemtype=\"http:\/\/schema.org\/ImageObject\"> <a href=\"https:\/\/wp.ufpel.edu.br\/malg\/acervo\/677a-sem-titulo-01\/#main\" border=\"0\" itemprop=\"url\"> <meta itemprop=\"width\" content=\"236\"> <meta itemprop=\"height\" content=\"334\"> <img decoding=\"async\" class=\"\" data-attachment-id=\"615\" data-orig-file=\"https:\/\/wp.ufpel.edu.br\/malg\/files\/2016\/10\/677A-Sem-t\u00edtulo-01.jpg\" data-orig-size=\"992,1403\" data-comments-opened=\"\" data-image-meta=\"{&quot;aperture&quot;:&quot;0&quot;,&quot;credit&quot;:&quot;&quot;,&quot;camera&quot;:&quot;&quot;,&quot;caption&quot;:&quot;&quot;,&quot;created_timestamp&quot;:&quot;0&quot;,&quot;copyright&quot;:&quot;&quot;,&quot;focal_length&quot;:&quot;0&quot;,&quot;iso&quot;:&quot;0&quot;,&quot;shutter_speed&quot;:&quot;0&quot;,&quot;title&quot;:&quot;&quot;,&quot;orientation&quot;:&quot;0&quot;}\" data-image-title=\"677a-sem-titulo-01\" data-image-description=\"\" data-medium-file=\"https:\/\/wp.ufpel.edu.br\/malg\/files\/2016\/10\/677A-Sem-t\u00edtulo-01-225x318.jpg\" data-large-file=\"https:\/\/wp.ufpel.edu.br\/malg\/files\/2016\/10\/677A-Sem-t\u00edtulo-01-984x220.jpg\" src=\"https:\/\/i0.wp.com\/wp.ufpel.edu.br\/malg\/files\/2016\/10\/677A-Sem-t%C3%ADtulo-01.jpg?w=236&#038;h=334&#038;ssl=1\" width=\"236\" height=\"334\" loading=\"lazy\" data-original-width=\"236\" data-original-height=\"334\" itemprop=\"http:\/\/schema.org\/image\" title=\"677a-sem-titulo-01\" alt=\"677a-sem-titulo-01\" style=\"width: 236px; height: 334px;\" \/> <\/a> <\/div> <\/div> <!-- close group --> <\/div> <!-- close row --> <div class=\"gallery-row\" style=\"width: 720px; height: 253px;\" data-original-width=\"720\" data-original-height=\"253\" > <div class=\"gallery-group images-1\" style=\"width: 180px; height: 253px;\" data-original-width=\"180\" data-original-height=\"253\" > <div class=\"tiled-gallery-item tiled-gallery-item-small\" itemprop=\"associatedMedia\" itemscope itemtype=\"http:\/\/schema.org\/ImageObject\"> <a href=\"https:\/\/wp.ufpel.edu.br\/malg\/acervo\/676-retrato-de-moca-e-menina-01-2\/#main\" border=\"0\" itemprop=\"url\"> <meta itemprop=\"width\" content=\"176\"> <meta itemprop=\"height\" content=\"249\"> <img decoding=\"async\" class=\"\" data-attachment-id=\"614\" data-orig-file=\"https:\/\/wp.ufpel.edu.br\/malg\/files\/2016\/10\/676-Retrato-de-Mo\u00e7a-e-Menina-01-1.jpg\" data-orig-size=\"992,1403\" data-comments-opened=\"\" data-image-meta=\"{&quot;aperture&quot;:&quot;0&quot;,&quot;credit&quot;:&quot;&quot;,&quot;camera&quot;:&quot;&quot;,&quot;caption&quot;:&quot;&quot;,&quot;created_timestamp&quot;:&quot;0&quot;,&quot;copyright&quot;:&quot;&quot;,&quot;focal_length&quot;:&quot;0&quot;,&quot;iso&quot;:&quot;0&quot;,&quot;shutter_speed&quot;:&quot;0&quot;,&quot;title&quot;:&quot;&quot;,&quot;orientation&quot;:&quot;0&quot;}\" data-image-title=\"676-retrato-de-moca-e-menina-01\" data-image-description=\"\" data-medium-file=\"https:\/\/wp.ufpel.edu.br\/malg\/files\/2016\/10\/676-Retrato-de-Mo\u00e7a-e-Menina-01-1-225x318.jpg\" data-large-file=\"https:\/\/wp.ufpel.edu.br\/malg\/files\/2016\/10\/676-Retrato-de-Mo\u00e7a-e-Menina-01-1-984x220.jpg\" src=\"https:\/\/i0.wp.com\/wp.ufpel.edu.br\/malg\/files\/2016\/10\/676-Retrato-de-Mo%C3%A7a-e-Menina-01-1.jpg?w=176&#038;h=249&#038;ssl=1\" width=\"176\" height=\"249\" loading=\"lazy\" data-original-width=\"176\" data-original-height=\"249\" itemprop=\"http:\/\/schema.org\/image\" title=\"676-retrato-de-moca-e-menina-01\" alt=\"676-retrato-de-moca-e-menina-01\" style=\"width: 176px; height: 249px;\" \/> <\/a> <\/div> <\/div> <!-- close group --> <div class=\"gallery-group images-1\" style=\"width: 180px; height: 253px;\" data-original-width=\"180\" data-original-height=\"253\" > <div class=\"tiled-gallery-item tiled-gallery-item-small\" itemprop=\"associatedMedia\" itemscope itemtype=\"http:\/\/schema.org\/ImageObject\"> <a href=\"https:\/\/wp.ufpel.edu.br\/malg\/acervo\/673-desenho-de-cabeca-01-2\/#main\" border=\"0\" itemprop=\"url\"> <meta itemprop=\"width\" content=\"176\"> <meta itemprop=\"height\" content=\"249\"> <img decoding=\"async\" class=\"\" data-attachment-id=\"613\" data-orig-file=\"https:\/\/wp.ufpel.edu.br\/malg\/files\/2016\/10\/673-Desenho-de-cabe\u00e7a-01-1.jpg\" data-orig-size=\"992,1403\" data-comments-opened=\"\" data-image-meta=\"{&quot;aperture&quot;:&quot;0&quot;,&quot;credit&quot;:&quot;&quot;,&quot;camera&quot;:&quot;&quot;,&quot;caption&quot;:&quot;&quot;,&quot;created_timestamp&quot;:&quot;0&quot;,&quot;copyright&quot;:&quot;&quot;,&quot;focal_length&quot;:&quot;0&quot;,&quot;iso&quot;:&quot;0&quot;,&quot;shutter_speed&quot;:&quot;0&quot;,&quot;title&quot;:&quot;&quot;,&quot;orientation&quot;:&quot;0&quot;}\" data-image-title=\"673-desenho-de-cabeca-01\" data-image-description=\"\" data-medium-file=\"https:\/\/wp.ufpel.edu.br\/malg\/files\/2016\/10\/673-Desenho-de-cabe\u00e7a-01-1-225x318.jpg\" data-large-file=\"https:\/\/wp.ufpel.edu.br\/malg\/files\/2016\/10\/673-Desenho-de-cabe\u00e7a-01-1-984x220.jpg\" src=\"https:\/\/i0.wp.com\/wp.ufpel.edu.br\/malg\/files\/2016\/10\/673-Desenho-de-cabe%C3%A7a-01-1.jpg?w=176&#038;h=249&#038;ssl=1\" width=\"176\" height=\"249\" loading=\"lazy\" data-original-width=\"176\" data-original-height=\"249\" itemprop=\"http:\/\/schema.org\/image\" title=\"673-desenho-de-cabeca-01\" alt=\"673-desenho-de-cabeca-01\" style=\"width: 176px; height: 249px;\" \/> <\/a> <\/div> <\/div> <!-- close group --> <div class=\"gallery-group images-1\" style=\"width: 180px; height: 253px;\" data-original-width=\"180\" data-original-height=\"253\" > <div class=\"tiled-gallery-item tiled-gallery-item-small\" itemprop=\"associatedMedia\" itemscope itemtype=\"http:\/\/schema.org\/ImageObject\"> <a href=\"https:\/\/wp.ufpel.edu.br\/malg\/acervo\/672-cena-ao-ar-livre-com-quatro-figuras-01-2\/#main\" border=\"0\" itemprop=\"url\"> <meta itemprop=\"width\" content=\"176\"> <meta itemprop=\"height\" content=\"249\"> <img decoding=\"async\" class=\"\" data-attachment-id=\"612\" data-orig-file=\"https:\/\/wp.ufpel.edu.br\/malg\/files\/2016\/10\/672-Cena-ao-ar-livre-com-quatro-figuras-01-1.jpg\" data-orig-size=\"992,1403\" data-comments-opened=\"\" data-image-meta=\"{&quot;aperture&quot;:&quot;0&quot;,&quot;credit&quot;:&quot;&quot;,&quot;camera&quot;:&quot;&quot;,&quot;caption&quot;:&quot;&quot;,&quot;created_timestamp&quot;:&quot;0&quot;,&quot;copyright&quot;:&quot;&quot;,&quot;focal_length&quot;:&quot;0&quot;,&quot;iso&quot;:&quot;0&quot;,&quot;shutter_speed&quot;:&quot;0&quot;,&quot;title&quot;:&quot;&quot;,&quot;orientation&quot;:&quot;0&quot;}\" data-image-title=\"672-cena-ao-ar-livre-com-quatro-figuras-01\" data-image-description=\"\" data-medium-file=\"https:\/\/wp.ufpel.edu.br\/malg\/files\/2016\/10\/672-Cena-ao-ar-livre-com-quatro-figuras-01-1-225x318.jpg\" data-large-file=\"https:\/\/wp.ufpel.edu.br\/malg\/files\/2016\/10\/672-Cena-ao-ar-livre-com-quatro-figuras-01-1-984x220.jpg\" src=\"https:\/\/i0.wp.com\/wp.ufpel.edu.br\/malg\/files\/2016\/10\/672-Cena-ao-ar-livre-com-quatro-figuras-01-1.jpg?w=176&#038;h=249&#038;ssl=1\" srcset=\"https:\/\/wp.ufpel.edu.br\/malg\/files\/2016\/10\/672-Cena-ao-ar-livre-com-quatro-figuras-01-1.jpg 992w, https:\/\/wp.ufpel.edu.br\/malg\/files\/2016\/10\/672-Cena-ao-ar-livre-com-quatro-figuras-01-1-112x159.jpg 112w, https:\/\/wp.ufpel.edu.br\/malg\/files\/2016\/10\/672-Cena-ao-ar-livre-com-quatro-figuras-01-1-225x318.jpg 225w, https:\/\/wp.ufpel.edu.br\/malg\/files\/2016\/10\/672-Cena-ao-ar-livre-com-quatro-figuras-01-1-768x1086.jpg 768w\" width=\"176\" height=\"249\" loading=\"lazy\" data-original-width=\"176\" data-original-height=\"249\" itemprop=\"http:\/\/schema.org\/image\" title=\"672-cena-ao-ar-livre-com-quatro-figuras-01\" alt=\"672-cena-ao-ar-livre-com-quatro-figuras-01\" style=\"width: 176px; height: 249px;\" \/> <\/a> <\/div> <\/div> <!-- close group --> <div class=\"gallery-group images-1\" style=\"width: 180px; height: 253px;\" data-original-width=\"180\" data-original-height=\"253\" > <div class=\"tiled-gallery-item tiled-gallery-item-small\" itemprop=\"associatedMedia\" itemscope itemtype=\"http:\/\/schema.org\/ImageObject\"> <a href=\"https:\/\/wp.ufpel.edu.br\/malg\/acervo\/671-arvores-01-2\/#main\" border=\"0\" itemprop=\"url\"> <meta itemprop=\"width\" content=\"176\"> <meta itemprop=\"height\" content=\"249\"> <img decoding=\"async\" class=\"\" data-attachment-id=\"611\" data-orig-file=\"https:\/\/wp.ufpel.edu.br\/malg\/files\/2016\/10\/671-\u00c1rvores-01-1.jpg\" data-orig-size=\"992,1403\" data-comments-opened=\"\" data-image-meta=\"{&quot;aperture&quot;:&quot;0&quot;,&quot;credit&quot;:&quot;&quot;,&quot;camera&quot;:&quot;&quot;,&quot;caption&quot;:&quot;&quot;,&quot;created_timestamp&quot;:&quot;0&quot;,&quot;copyright&quot;:&quot;&quot;,&quot;focal_length&quot;:&quot;0&quot;,&quot;iso&quot;:&quot;0&quot;,&quot;shutter_speed&quot;:&quot;0&quot;,&quot;title&quot;:&quot;&quot;,&quot;orientation&quot;:&quot;0&quot;}\" data-image-title=\"671-arvores-01\" data-image-description=\"\" data-medium-file=\"https:\/\/wp.ufpel.edu.br\/malg\/files\/2016\/10\/671-\u00c1rvores-01-1-225x318.jpg\" data-large-file=\"https:\/\/wp.ufpel.edu.br\/malg\/files\/2016\/10\/671-\u00c1rvores-01-1-984x220.jpg\" src=\"https:\/\/i0.wp.com\/wp.ufpel.edu.br\/malg\/files\/2016\/10\/671-%C3%81rvores-01-1.jpg?w=176&#038;h=249&#038;ssl=1\" width=\"176\" height=\"249\" loading=\"lazy\" data-original-width=\"176\" data-original-height=\"249\" itemprop=\"http:\/\/schema.org\/image\" title=\"671-arvores-01\" alt=\"671-arvores-01\" style=\"width: 176px; height: 249px;\" \/> <\/a> <\/div> <\/div> <!-- close group --> <\/div> <!-- close row --> <div class=\"gallery-row\" style=\"width: 720px; height: 507px;\" data-original-width=\"720\" data-original-height=\"507\" > <div class=\"gallery-group images-1\" style=\"width: 360px; height: 507px;\" data-original-width=\"360\" data-original-height=\"507\" > <div class=\"tiled-gallery-item tiled-gallery-item-large\" itemprop=\"associatedMedia\" itemscope itemtype=\"http:\/\/schema.org\/ImageObject\"> <a href=\"https:\/\/wp.ufpel.edu.br\/malg\/acervo\/670-autorretrato-do-pintor-jovem-01-2\/#main\" border=\"0\" itemprop=\"url\"> <meta itemprop=\"width\" content=\"356\"> <meta itemprop=\"height\" content=\"503\"> <img decoding=\"async\" class=\"\" data-attachment-id=\"610\" data-orig-file=\"https:\/\/wp.ufpel.edu.br\/malg\/files\/2016\/10\/670-Autorretrato-do-pintor-jovem-01-1.jpg\" data-orig-size=\"992,1403\" data-comments-opened=\"\" data-image-meta=\"{&quot;aperture&quot;:&quot;0&quot;,&quot;credit&quot;:&quot;&quot;,&quot;camera&quot;:&quot;&quot;,&quot;caption&quot;:&quot;&quot;,&quot;created_timestamp&quot;:&quot;0&quot;,&quot;copyright&quot;:&quot;&quot;,&quot;focal_length&quot;:&quot;0&quot;,&quot;iso&quot;:&quot;0&quot;,&quot;shutter_speed&quot;:&quot;0&quot;,&quot;title&quot;:&quot;&quot;,&quot;orientation&quot;:&quot;0&quot;}\" data-image-title=\"670-autorretrato-do-pintor-jovem-01\" data-image-description=\"\" data-medium-file=\"https:\/\/wp.ufpel.edu.br\/malg\/files\/2016\/10\/670-Autorretrato-do-pintor-jovem-01-1-225x318.jpg\" data-large-file=\"https:\/\/wp.ufpel.edu.br\/malg\/files\/2016\/10\/670-Autorretrato-do-pintor-jovem-01-1-984x220.jpg\" src=\"https:\/\/i0.wp.com\/wp.ufpel.edu.br\/malg\/files\/2016\/10\/670-Autorretrato-do-pintor-jovem-01-1.jpg?w=356&#038;h=503&#038;ssl=1\" srcset=\"https:\/\/wp.ufpel.edu.br\/malg\/files\/2016\/10\/670-Autorretrato-do-pintor-jovem-01-1.jpg 992w, https:\/\/wp.ufpel.edu.br\/malg\/files\/2016\/10\/670-Autorretrato-do-pintor-jovem-01-1-112x159.jpg 112w, https:\/\/wp.ufpel.edu.br\/malg\/files\/2016\/10\/670-Autorretrato-do-pintor-jovem-01-1-225x318.jpg 225w, https:\/\/wp.ufpel.edu.br\/malg\/files\/2016\/10\/670-Autorretrato-do-pintor-jovem-01-1-768x1086.jpg 768w\" width=\"356\" height=\"503\" loading=\"lazy\" data-original-width=\"356\" data-original-height=\"503\" itemprop=\"http:\/\/schema.org\/image\" title=\"670-autorretrato-do-pintor-jovem-01\" alt=\"670-autorretrato-do-pintor-jovem-01\" style=\"width: 356px; height: 503px;\" \/> <\/a> <\/div> <\/div> <!-- close group --> <div class=\"gallery-group images-1\" style=\"width: 360px; height: 507px;\" data-original-width=\"360\" data-original-height=\"507\" > <div class=\"tiled-gallery-item tiled-gallery-item-large\" itemprop=\"associatedMedia\" itemscope itemtype=\"http:\/\/schema.org\/ImageObject\"> <a href=\"https:\/\/wp.ufpel.edu.br\/malg\/acervo\/669-castelo-01-2\/#main\" border=\"0\" itemprop=\"url\"> <meta itemprop=\"width\" content=\"356\"> <meta itemprop=\"height\" content=\"503\"> <img decoding=\"async\" class=\"\" data-attachment-id=\"609\" data-orig-file=\"https:\/\/wp.ufpel.edu.br\/malg\/files\/2016\/10\/669-Castelo-01-1.jpg\" data-orig-size=\"992,1403\" data-comments-opened=\"\" data-image-meta=\"{&quot;aperture&quot;:&quot;0&quot;,&quot;credit&quot;:&quot;&quot;,&quot;camera&quot;:&quot;&quot;,&quot;caption&quot;:&quot;&quot;,&quot;created_timestamp&quot;:&quot;0&quot;,&quot;copyright&quot;:&quot;&quot;,&quot;focal_length&quot;:&quot;0&quot;,&quot;iso&quot;:&quot;0&quot;,&quot;shutter_speed&quot;:&quot;0&quot;,&quot;title&quot;:&quot;&quot;,&quot;orientation&quot;:&quot;0&quot;}\" data-image-title=\"669-castelo-01\" data-image-description=\"\" data-medium-file=\"https:\/\/wp.ufpel.edu.br\/malg\/files\/2016\/10\/669-Castelo-01-1-225x318.jpg\" data-large-file=\"https:\/\/wp.ufpel.edu.br\/malg\/files\/2016\/10\/669-Castelo-01-1-984x220.jpg\" src=\"https:\/\/i0.wp.com\/wp.ufpel.edu.br\/malg\/files\/2016\/10\/669-Castelo-01-1.jpg?w=356&#038;h=503&#038;ssl=1\" srcset=\"https:\/\/wp.ufpel.edu.br\/malg\/files\/2016\/10\/669-Castelo-01-1.jpg 992w, https:\/\/wp.ufpel.edu.br\/malg\/files\/2016\/10\/669-Castelo-01-1-112x159.jpg 112w, https:\/\/wp.ufpel.edu.br\/malg\/files\/2016\/10\/669-Castelo-01-1-225x318.jpg 225w, https:\/\/wp.ufpel.edu.br\/malg\/files\/2016\/10\/669-Castelo-01-1-768x1086.jpg 768w\" width=\"356\" height=\"503\" loading=\"lazy\" data-original-width=\"356\" data-original-height=\"503\" itemprop=\"http:\/\/schema.org\/image\" title=\"669-castelo-01\" alt=\"669-castelo-01\" style=\"width: 356px; height: 503px;\" \/> <\/a> <\/div> <\/div> <!-- close group --> <\/div> <!-- close row --> <div class=\"gallery-row\" style=\"width: 720px; height: 253px;\" data-original-width=\"720\" data-original-height=\"253\" > <div class=\"gallery-group images-1\" style=\"width: 180px; height: 253px;\" data-original-width=\"180\" data-original-height=\"253\" > <div class=\"tiled-gallery-item tiled-gallery-item-small\" itemprop=\"associatedMedia\" itemscope itemtype=\"http:\/\/schema.org\/ImageObject\"> <a href=\"https:\/\/wp.ufpel.edu.br\/malg\/acervo\/668-cabeca-feminina-01-2\/#main\" border=\"0\" itemprop=\"url\"> <meta itemprop=\"width\" content=\"176\"> <meta itemprop=\"height\" content=\"249\"> <img decoding=\"async\" class=\"\" data-attachment-id=\"608\" data-orig-file=\"https:\/\/wp.ufpel.edu.br\/malg\/files\/2016\/10\/668-Cabe\u00e7a-feminina-01-1.jpg\" data-orig-size=\"992,1403\" data-comments-opened=\"\" data-image-meta=\"{&quot;aperture&quot;:&quot;0&quot;,&quot;credit&quot;:&quot;&quot;,&quot;camera&quot;:&quot;&quot;,&quot;caption&quot;:&quot;&quot;,&quot;created_timestamp&quot;:&quot;0&quot;,&quot;copyright&quot;:&quot;&quot;,&quot;focal_length&quot;:&quot;0&quot;,&quot;iso&quot;:&quot;0&quot;,&quot;shutter_speed&quot;:&quot;0&quot;,&quot;title&quot;:&quot;&quot;,&quot;orientation&quot;:&quot;0&quot;}\" data-image-title=\"668-cabeca-feminina-01\" data-image-description=\"\" data-medium-file=\"https:\/\/wp.ufpel.edu.br\/malg\/files\/2016\/10\/668-Cabe\u00e7a-feminina-01-1-225x318.jpg\" data-large-file=\"https:\/\/wp.ufpel.edu.br\/malg\/files\/2016\/10\/668-Cabe\u00e7a-feminina-01-1-984x220.jpg\" src=\"https:\/\/i0.wp.com\/wp.ufpel.edu.br\/malg\/files\/2016\/10\/668-Cabe%C3%A7a-feminina-01-1.jpg?w=176&#038;h=249&#038;ssl=1\" width=\"176\" height=\"249\" loading=\"lazy\" data-original-width=\"176\" data-original-height=\"249\" itemprop=\"http:\/\/schema.org\/image\" title=\"668-cabeca-feminina-01\" alt=\"668-cabeca-feminina-01\" style=\"width: 176px; height: 249px;\" \/> <\/a> <\/div> <\/div> <!-- close group --> <div class=\"gallery-group images-1\" style=\"width: 180px; height: 253px;\" data-original-width=\"180\" data-original-height=\"253\" > <div class=\"tiled-gallery-item tiled-gallery-item-small\" itemprop=\"associatedMedia\" itemscope itemtype=\"http:\/\/schema.org\/ImageObject\"> <a href=\"https:\/\/wp.ufpel.edu.br\/malg\/acervo\/667-sem-titulo-01-2\/#main\" border=\"0\" itemprop=\"url\"> <meta itemprop=\"width\" content=\"176\"> <meta itemprop=\"height\" content=\"249\"> <img decoding=\"async\" class=\"\" data-attachment-id=\"607\" data-orig-file=\"https:\/\/wp.ufpel.edu.br\/malg\/files\/2016\/10\/667-Sem-t\u00edtulo-01-1.jpg\" data-orig-size=\"992,1403\" data-comments-opened=\"\" data-image-meta=\"{&quot;aperture&quot;:&quot;0&quot;,&quot;credit&quot;:&quot;&quot;,&quot;camera&quot;:&quot;&quot;,&quot;caption&quot;:&quot;&quot;,&quot;created_timestamp&quot;:&quot;0&quot;,&quot;copyright&quot;:&quot;&quot;,&quot;focal_length&quot;:&quot;0&quot;,&quot;iso&quot;:&quot;0&quot;,&quot;shutter_speed&quot;:&quot;0&quot;,&quot;title&quot;:&quot;&quot;,&quot;orientation&quot;:&quot;0&quot;}\" data-image-title=\"667-sem-titulo-01\" data-image-description=\"\" data-medium-file=\"https:\/\/wp.ufpel.edu.br\/malg\/files\/2016\/10\/667-Sem-t\u00edtulo-01-1-225x318.jpg\" data-large-file=\"https:\/\/wp.ufpel.edu.br\/malg\/files\/2016\/10\/667-Sem-t\u00edtulo-01-1-984x220.jpg\" src=\"https:\/\/i0.wp.com\/wp.ufpel.edu.br\/malg\/files\/2016\/10\/667-Sem-t%C3%ADtulo-01-1.jpg?w=176&#038;h=249&#038;ssl=1\" width=\"176\" height=\"249\" loading=\"lazy\" data-original-width=\"176\" data-original-height=\"249\" itemprop=\"http:\/\/schema.org\/image\" title=\"667-sem-titulo-01\" alt=\"667-sem-titulo-01\" style=\"width: 176px; height: 249px;\" \/> <\/a> <\/div> <\/div> <!-- close group --> <div class=\"gallery-group images-1\" style=\"width: 180px; height: 253px;\" data-original-width=\"180\" data-original-height=\"253\" > <div class=\"tiled-gallery-item tiled-gallery-item-small\" itemprop=\"associatedMedia\" itemscope itemtype=\"http:\/\/schema.org\/ImageObject\"> <a href=\"https:\/\/wp.ufpel.edu.br\/malg\/acervo\/666-cabeca-de-homem-01-2\/#main\" border=\"0\" itemprop=\"url\"> <meta itemprop=\"width\" content=\"176\"> <meta itemprop=\"height\" content=\"249\"> <img decoding=\"async\" class=\"\" data-attachment-id=\"606\" data-orig-file=\"https:\/\/wp.ufpel.edu.br\/malg\/files\/2016\/10\/666-Cabe\u00e7a-de-homem-01-1.jpg\" data-orig-size=\"992,1403\" data-comments-opened=\"\" data-image-meta=\"{&quot;aperture&quot;:&quot;0&quot;,&quot;credit&quot;:&quot;&quot;,&quot;camera&quot;:&quot;&quot;,&quot;caption&quot;:&quot;&quot;,&quot;created_timestamp&quot;:&quot;0&quot;,&quot;copyright&quot;:&quot;&quot;,&quot;focal_length&quot;:&quot;0&quot;,&quot;iso&quot;:&quot;0&quot;,&quot;shutter_speed&quot;:&quot;0&quot;,&quot;title&quot;:&quot;&quot;,&quot;orientation&quot;:&quot;0&quot;}\" data-image-title=\"666-cabeca-de-homem-01\" data-image-description=\"\" data-medium-file=\"https:\/\/wp.ufpel.edu.br\/malg\/files\/2016\/10\/666-Cabe\u00e7a-de-homem-01-1-225x318.jpg\" data-large-file=\"https:\/\/wp.ufpel.edu.br\/malg\/files\/2016\/10\/666-Cabe\u00e7a-de-homem-01-1-984x220.jpg\" src=\"https:\/\/i0.wp.com\/wp.ufpel.edu.br\/malg\/files\/2016\/10\/666-Cabe%C3%A7a-de-homem-01-1.jpg?w=176&#038;h=249&#038;ssl=1\" width=\"176\" height=\"249\" loading=\"lazy\" data-original-width=\"176\" data-original-height=\"249\" itemprop=\"http:\/\/schema.org\/image\" title=\"666-cabeca-de-homem-01\" alt=\"666-cabeca-de-homem-01\" style=\"width: 176px; height: 249px;\" \/> <\/a> <\/div> <\/div> <!-- close group --> <div class=\"gallery-group images-1\" style=\"width: 180px; height: 253px;\" data-original-width=\"180\" data-original-height=\"253\" > <div class=\"tiled-gallery-item tiled-gallery-item-small\" itemprop=\"associatedMedia\" itemscope itemtype=\"http:\/\/schema.org\/ImageObject\"> <a href=\"https:\/\/wp.ufpel.edu.br\/malg\/acervo\/665-autorretrato-01-2\/#main\" border=\"0\" itemprop=\"url\"> <meta itemprop=\"width\" content=\"176\"> <meta itemprop=\"height\" content=\"249\"> <img decoding=\"async\" class=\"\" data-attachment-id=\"605\" data-orig-file=\"https:\/\/wp.ufpel.edu.br\/malg\/files\/2016\/10\/665-Autorretrato-01-1.jpg\" data-orig-size=\"992,1403\" data-comments-opened=\"\" data-image-meta=\"{&quot;aperture&quot;:&quot;0&quot;,&quot;credit&quot;:&quot;&quot;,&quot;camera&quot;:&quot;&quot;,&quot;caption&quot;:&quot;&quot;,&quot;created_timestamp&quot;:&quot;0&quot;,&quot;copyright&quot;:&quot;&quot;,&quot;focal_length&quot;:&quot;0&quot;,&quot;iso&quot;:&quot;0&quot;,&quot;shutter_speed&quot;:&quot;0&quot;,&quot;title&quot;:&quot;&quot;,&quot;orientation&quot;:&quot;0&quot;}\" data-image-title=\"665-autorretrato-01\" data-image-description=\"\" data-medium-file=\"https:\/\/wp.ufpel.edu.br\/malg\/files\/2016\/10\/665-Autorretrato-01-1-225x318.jpg\" data-large-file=\"https:\/\/wp.ufpel.edu.br\/malg\/files\/2016\/10\/665-Autorretrato-01-1-984x220.jpg\" src=\"https:\/\/i0.wp.com\/wp.ufpel.edu.br\/malg\/files\/2016\/10\/665-Autorretrato-01-1.jpg?w=176&#038;h=249&#038;ssl=1\" srcset=\"https:\/\/wp.ufpel.edu.br\/malg\/files\/2016\/10\/665-Autorretrato-01-1.jpg 992w, https:\/\/wp.ufpel.edu.br\/malg\/files\/2016\/10\/665-Autorretrato-01-1-112x159.jpg 112w, https:\/\/wp.ufpel.edu.br\/malg\/files\/2016\/10\/665-Autorretrato-01-1-225x318.jpg 225w, https:\/\/wp.ufpel.edu.br\/malg\/files\/2016\/10\/665-Autorretrato-01-1-768x1086.jpg 768w\" width=\"176\" height=\"249\" loading=\"lazy\" data-original-width=\"176\" data-original-height=\"249\" itemprop=\"http:\/\/schema.org\/image\" title=\"665-autorretrato-01\" alt=\"665-autorretrato-01\" style=\"width: 176px; height: 249px;\" \/> <\/a> <\/div> <\/div> <!-- close group --> <\/div> <!-- close row --> <div class=\"gallery-row\" style=\"width: 720px; height: 338px;\" data-original-width=\"720\" data-original-height=\"338\" > <div class=\"gallery-group images-1\" style=\"width: 240px; height: 338px;\" data-original-width=\"240\" data-original-height=\"338\" > <div class=\"tiled-gallery-item tiled-gallery-item-small\" itemprop=\"associatedMedia\" itemscope itemtype=\"http:\/\/schema.org\/ImageObject\"> <a href=\"https:\/\/wp.ufpel.edu.br\/malg\/acervo\/664-autorretrato-do-pintor-01-2\/#main\" border=\"0\" itemprop=\"url\"> <meta itemprop=\"width\" content=\"236\"> <meta itemprop=\"height\" content=\"334\"> <img decoding=\"async\" class=\"\" data-attachment-id=\"604\" data-orig-file=\"https:\/\/wp.ufpel.edu.br\/malg\/files\/2016\/10\/664-Autorretrato-do-pintor-01-1.jpg\" data-orig-size=\"992,1403\" data-comments-opened=\"\" data-image-meta=\"{&quot;aperture&quot;:&quot;0&quot;,&quot;credit&quot;:&quot;&quot;,&quot;camera&quot;:&quot;&quot;,&quot;caption&quot;:&quot;&quot;,&quot;created_timestamp&quot;:&quot;0&quot;,&quot;copyright&quot;:&quot;&quot;,&quot;focal_length&quot;:&quot;0&quot;,&quot;iso&quot;:&quot;0&quot;,&quot;shutter_speed&quot;:&quot;0&quot;,&quot;title&quot;:&quot;&quot;,&quot;orientation&quot;:&quot;0&quot;}\" data-image-title=\"664-autorretrato-do-pintor-01\" data-image-description=\"\" data-medium-file=\"https:\/\/wp.ufpel.edu.br\/malg\/files\/2016\/10\/664-Autorretrato-do-pintor-01-1-225x318.jpg\" data-large-file=\"https:\/\/wp.ufpel.edu.br\/malg\/files\/2016\/10\/664-Autorretrato-do-pintor-01-1-984x220.jpg\" src=\"https:\/\/i0.wp.com\/wp.ufpel.edu.br\/malg\/files\/2016\/10\/664-Autorretrato-do-pintor-01-1.jpg?w=236&#038;h=334&#038;ssl=1\" srcset=\"https:\/\/wp.ufpel.edu.br\/malg\/files\/2016\/10\/664-Autorretrato-do-pintor-01-1.jpg 992w, https:\/\/wp.ufpel.edu.br\/malg\/files\/2016\/10\/664-Autorretrato-do-pintor-01-1-112x159.jpg 112w, https:\/\/wp.ufpel.edu.br\/malg\/files\/2016\/10\/664-Autorretrato-do-pintor-01-1-225x318.jpg 225w, https:\/\/wp.ufpel.edu.br\/malg\/files\/2016\/10\/664-Autorretrato-do-pintor-01-1-768x1086.jpg 768w\" width=\"236\" height=\"334\" loading=\"lazy\" data-original-width=\"236\" data-original-height=\"334\" itemprop=\"http:\/\/schema.org\/image\" title=\"664-autorretrato-do-pintor-01\" alt=\"664-autorretrato-do-pintor-01\" style=\"width: 236px; height: 334px;\" \/> <\/a> <\/div> <\/div> <!-- close group --> <div class=\"gallery-group images-1\" style=\"width: 240px; height: 338px;\" data-original-width=\"240\" data-original-height=\"338\" > <div class=\"tiled-gallery-item tiled-gallery-item-small\" itemprop=\"associatedMedia\" itemscope itemtype=\"http:\/\/schema.org\/ImageObject\"> <a href=\"https:\/\/wp.ufpel.edu.br\/malg\/acervo\/651-sem-titulo-01-2\/#main\" border=\"0\" itemprop=\"url\"> <meta itemprop=\"width\" content=\"236\"> <meta itemprop=\"height\" content=\"334\"> <img decoding=\"async\" class=\"\" data-attachment-id=\"603\" data-orig-file=\"https:\/\/wp.ufpel.edu.br\/malg\/files\/2016\/10\/651-Sem-t\u00edtulo-01-1.jpg\" data-orig-size=\"992,1403\" data-comments-opened=\"\" data-image-meta=\"{&quot;aperture&quot;:&quot;0&quot;,&quot;credit&quot;:&quot;&quot;,&quot;camera&quot;:&quot;&quot;,&quot;caption&quot;:&quot;&quot;,&quot;created_timestamp&quot;:&quot;0&quot;,&quot;copyright&quot;:&quot;&quot;,&quot;focal_length&quot;:&quot;0&quot;,&quot;iso&quot;:&quot;0&quot;,&quot;shutter_speed&quot;:&quot;0&quot;,&quot;title&quot;:&quot;&quot;,&quot;orientation&quot;:&quot;0&quot;}\" data-image-title=\"651-sem-titulo-01\" data-image-description=\"\" data-medium-file=\"https:\/\/wp.ufpel.edu.br\/malg\/files\/2016\/10\/651-Sem-t\u00edtulo-01-1-225x318.jpg\" data-large-file=\"https:\/\/wp.ufpel.edu.br\/malg\/files\/2016\/10\/651-Sem-t\u00edtulo-01-1-984x220.jpg\" src=\"https:\/\/i0.wp.com\/wp.ufpel.edu.br\/malg\/files\/2016\/10\/651-Sem-t%C3%ADtulo-01-1.jpg?w=236&#038;h=334&#038;ssl=1\" width=\"236\" height=\"334\" loading=\"lazy\" data-original-width=\"236\" data-original-height=\"334\" itemprop=\"http:\/\/schema.org\/image\" title=\"651-sem-titulo-01\" alt=\"651-sem-titulo-01\" style=\"width: 236px; height: 334px;\" \/> <\/a> <\/div> <\/div> <!-- close group --> <div class=\"gallery-group images-1\" style=\"width: 240px; height: 338px;\" data-original-width=\"240\" data-original-height=\"338\" > <div class=\"tiled-gallery-item tiled-gallery-item-small\" itemprop=\"associatedMedia\" itemscope itemtype=\"http:\/\/schema.org\/ImageObject\"> <a href=\"https:\/\/wp.ufpel.edu.br\/malg\/acervo\/647b-castelo-01-2\/#main\" border=\"0\" itemprop=\"url\"> <meta itemprop=\"width\" content=\"236\"> <meta itemprop=\"height\" content=\"334\"> <img decoding=\"async\" class=\"\" data-attachment-id=\"602\" data-orig-file=\"https:\/\/wp.ufpel.edu.br\/malg\/files\/2016\/10\/647B-Castelo-01-1.jpg\" data-orig-size=\"992,1403\" data-comments-opened=\"\" data-image-meta=\"{&quot;aperture&quot;:&quot;0&quot;,&quot;credit&quot;:&quot;&quot;,&quot;camera&quot;:&quot;&quot;,&quot;caption&quot;:&quot;&quot;,&quot;created_timestamp&quot;:&quot;0&quot;,&quot;copyright&quot;:&quot;&quot;,&quot;focal_length&quot;:&quot;0&quot;,&quot;iso&quot;:&quot;0&quot;,&quot;shutter_speed&quot;:&quot;0&quot;,&quot;title&quot;:&quot;&quot;,&quot;orientation&quot;:&quot;0&quot;}\" data-image-title=\"647b-castelo-01\" data-image-description=\"\" data-medium-file=\"https:\/\/wp.ufpel.edu.br\/malg\/files\/2016\/10\/647B-Castelo-01-1-225x318.jpg\" data-large-file=\"https:\/\/wp.ufpel.edu.br\/malg\/files\/2016\/10\/647B-Castelo-01-1-984x220.jpg\" src=\"https:\/\/i0.wp.com\/wp.ufpel.edu.br\/malg\/files\/2016\/10\/647B-Castelo-01-1.jpg?w=236&#038;h=334&#038;ssl=1\" srcset=\"https:\/\/wp.ufpel.edu.br\/malg\/files\/2016\/10\/647B-Castelo-01-1.jpg 992w, https:\/\/wp.ufpel.edu.br\/malg\/files\/2016\/10\/647B-Castelo-01-1-112x159.jpg 112w, https:\/\/wp.ufpel.edu.br\/malg\/files\/2016\/10\/647B-Castelo-01-1-225x318.jpg 225w, https:\/\/wp.ufpel.edu.br\/malg\/files\/2016\/10\/647B-Castelo-01-1-768x1086.jpg 768w\" width=\"236\" height=\"334\" loading=\"lazy\" data-original-width=\"236\" data-original-height=\"334\" itemprop=\"http:\/\/schema.org\/image\" title=\"647b-castelo-01\" alt=\"647b-castelo-01\" style=\"width: 236px; height: 334px;\" \/> <\/a> <\/div> <\/div> <!-- close group --> <\/div> <!-- close row --> <div class=\"gallery-row\" style=\"width: 720px; height: 253px;\" data-original-width=\"720\" data-original-height=\"253\" > <div class=\"gallery-group images-1\" style=\"width: 180px; height: 253px;\" data-original-width=\"180\" data-original-height=\"253\" > <div class=\"tiled-gallery-item tiled-gallery-item-small\" itemprop=\"associatedMedia\" itemscope itemtype=\"http:\/\/schema.org\/ImageObject\"> <a href=\"https:\/\/wp.ufpel.edu.br\/malg\/acervo\/647a-campo-santo-aticoli-01-2\/#main\" border=\"0\" itemprop=\"url\"> <meta itemprop=\"width\" content=\"176\"> <meta itemprop=\"height\" content=\"249\"> <img decoding=\"async\" class=\"\" data-attachment-id=\"601\" data-orig-file=\"https:\/\/wp.ufpel.edu.br\/malg\/files\/2016\/10\/647A-Campo-Santo-Aticoli-01-1.jpg\" data-orig-size=\"992,1403\" data-comments-opened=\"\" data-image-meta=\"{&quot;aperture&quot;:&quot;0&quot;,&quot;credit&quot;:&quot;&quot;,&quot;camera&quot;:&quot;&quot;,&quot;caption&quot;:&quot;&quot;,&quot;created_timestamp&quot;:&quot;0&quot;,&quot;copyright&quot;:&quot;&quot;,&quot;focal_length&quot;:&quot;0&quot;,&quot;iso&quot;:&quot;0&quot;,&quot;shutter_speed&quot;:&quot;0&quot;,&quot;title&quot;:&quot;&quot;,&quot;orientation&quot;:&quot;0&quot;}\" data-image-title=\"647a-campo-santo-aticoli-01\" data-image-description=\"\" data-medium-file=\"https:\/\/wp.ufpel.edu.br\/malg\/files\/2016\/10\/647A-Campo-Santo-Aticoli-01-1-225x318.jpg\" data-large-file=\"https:\/\/wp.ufpel.edu.br\/malg\/files\/2016\/10\/647A-Campo-Santo-Aticoli-01-1-984x220.jpg\" src=\"https:\/\/i0.wp.com\/wp.ufpel.edu.br\/malg\/files\/2016\/10\/647A-Campo-Santo-Aticoli-01-1.jpg?w=176&#038;h=249&#038;ssl=1\" srcset=\"https:\/\/wp.ufpel.edu.br\/malg\/files\/2016\/10\/647A-Campo-Santo-Aticoli-01-1.jpg 992w, https:\/\/wp.ufpel.edu.br\/malg\/files\/2016\/10\/647A-Campo-Santo-Aticoli-01-1-112x159.jpg 112w, https:\/\/wp.ufpel.edu.br\/malg\/files\/2016\/10\/647A-Campo-Santo-Aticoli-01-1-225x318.jpg 225w, https:\/\/wp.ufpel.edu.br\/malg\/files\/2016\/10\/647A-Campo-Santo-Aticoli-01-1-768x1086.jpg 768w\" width=\"176\" height=\"249\" loading=\"lazy\" data-original-width=\"176\" data-original-height=\"249\" itemprop=\"http:\/\/schema.org\/image\" title=\"647a-campo-santo-aticoli-01\" alt=\"647a-campo-santo-aticoli-01\" style=\"width: 176px; height: 249px;\" \/> <\/a> <\/div> <\/div> <!-- close group --> <div class=\"gallery-group images-1\" style=\"width: 180px; height: 253px;\" data-original-width=\"180\" data-original-height=\"253\" > <div class=\"tiled-gallery-item tiled-gallery-item-small\" itemprop=\"associatedMedia\" itemscope itemtype=\"http:\/\/schema.org\/ImageObject\"> <a href=\"https:\/\/wp.ufpel.edu.br\/malg\/acervo\/238-01\/#main\" border=\"0\" itemprop=\"url\"> <meta itemprop=\"width\" content=\"176\"> <meta itemprop=\"height\" content=\"249\"> <img decoding=\"async\" class=\"\" data-attachment-id=\"600\" data-orig-file=\"https:\/\/wp.ufpel.edu.br\/malg\/files\/2016\/10\/238-01.jpg\" data-orig-size=\"992,1403\" data-comments-opened=\"\" data-image-meta=\"{&quot;aperture&quot;:&quot;0&quot;,&quot;credit&quot;:&quot;&quot;,&quot;camera&quot;:&quot;&quot;,&quot;caption&quot;:&quot;&quot;,&quot;created_timestamp&quot;:&quot;0&quot;,&quot;copyright&quot;:&quot;&quot;,&quot;focal_length&quot;:&quot;0&quot;,&quot;iso&quot;:&quot;0&quot;,&quot;shutter_speed&quot;:&quot;0&quot;,&quot;title&quot;:&quot;&quot;,&quot;orientation&quot;:&quot;0&quot;}\" data-image-title=\"238-01\" data-image-description=\"\" data-medium-file=\"https:\/\/wp.ufpel.edu.br\/malg\/files\/2016\/10\/238-01-225x318.jpg\" data-large-file=\"https:\/\/wp.ufpel.edu.br\/malg\/files\/2016\/10\/238-01-984x220.jpg\" src=\"https:\/\/i0.wp.com\/wp.ufpel.edu.br\/malg\/files\/2016\/10\/238-01.jpg?w=176&#038;h=249&#038;ssl=1\" srcset=\"https:\/\/wp.ufpel.edu.br\/malg\/files\/2016\/10\/238-01.jpg 992w, https:\/\/wp.ufpel.edu.br\/malg\/files\/2016\/10\/238-01-112x159.jpg 112w, https:\/\/wp.ufpel.edu.br\/malg\/files\/2016\/10\/238-01-225x318.jpg 225w, https:\/\/wp.ufpel.edu.br\/malg\/files\/2016\/10\/238-01-768x1086.jpg 768w\" width=\"176\" height=\"249\" loading=\"lazy\" data-original-width=\"176\" data-original-height=\"249\" itemprop=\"http:\/\/schema.org\/image\" title=\"238-01\" alt=\"238-01\" style=\"width: 176px; height: 249px;\" \/> <\/a> <\/div> <\/div> <!-- close group --> <div class=\"gallery-group images-1\" style=\"width: 180px; height: 253px;\" data-original-width=\"180\" data-original-height=\"253\" > <div class=\"tiled-gallery-item tiled-gallery-item-small\" itemprop=\"associatedMedia\" itemscope itemtype=\"http:\/\/schema.org\/ImageObject\"> <a href=\"https:\/\/wp.ufpel.edu.br\/malg\/acervo\/303-repouso-01\/#main\" border=\"0\" itemprop=\"url\"> <meta itemprop=\"width\" content=\"176\"> <meta itemprop=\"height\" content=\"249\"> <img decoding=\"async\" class=\"\" data-attachment-id=\"599\" data-orig-file=\"https:\/\/wp.ufpel.edu.br\/malg\/files\/2016\/10\/303-Repouso-01.jpg\" data-orig-size=\"992,1403\" data-comments-opened=\"\" data-image-meta=\"{&quot;aperture&quot;:&quot;0&quot;,&quot;credit&quot;:&quot;&quot;,&quot;camera&quot;:&quot;&quot;,&quot;caption&quot;:&quot;&quot;,&quot;created_timestamp&quot;:&quot;0&quot;,&quot;copyright&quot;:&quot;&quot;,&quot;focal_length&quot;:&quot;0&quot;,&quot;iso&quot;:&quot;0&quot;,&quot;shutter_speed&quot;:&quot;0&quot;,&quot;title&quot;:&quot;&quot;,&quot;orientation&quot;:&quot;0&quot;}\" data-image-title=\"303-repouso-01\" data-image-description=\"\" data-medium-file=\"https:\/\/wp.ufpel.edu.br\/malg\/files\/2016\/10\/303-Repouso-01-225x318.jpg\" data-large-file=\"https:\/\/wp.ufpel.edu.br\/malg\/files\/2016\/10\/303-Repouso-01-984x220.jpg\" src=\"https:\/\/i0.wp.com\/wp.ufpel.edu.br\/malg\/files\/2016\/10\/303-Repouso-01.jpg?w=176&#038;h=249&#038;ssl=1\" srcset=\"https:\/\/wp.ufpel.edu.br\/malg\/files\/2016\/10\/303-Repouso-01.jpg 992w, https:\/\/wp.ufpel.edu.br\/malg\/files\/2016\/10\/303-Repouso-01-112x159.jpg 112w, https:\/\/wp.ufpel.edu.br\/malg\/files\/2016\/10\/303-Repouso-01-225x318.jpg 225w, https:\/\/wp.ufpel.edu.br\/malg\/files\/2016\/10\/303-Repouso-01-768x1086.jpg 768w\" width=\"176\" height=\"249\" loading=\"lazy\" data-original-width=\"176\" data-original-height=\"249\" itemprop=\"http:\/\/schema.org\/image\" title=\"303-repouso-01\" alt=\"303-repouso-01\" style=\"width: 176px; height: 249px;\" \/> <\/a> <\/div> <\/div> <!-- close group --> <div class=\"gallery-group images-1\" style=\"width: 180px; height: 253px;\" data-original-width=\"180\" data-original-height=\"253\" > <div class=\"tiled-gallery-item tiled-gallery-item-small\" itemprop=\"associatedMedia\" itemscope itemtype=\"http:\/\/schema.org\/ImageObject\"> <a href=\"https:\/\/wp.ufpel.edu.br\/malg\/acervo\/304-as-perolas-01\/#main\" border=\"0\" itemprop=\"url\"> <meta itemprop=\"width\" content=\"176\"> <meta itemprop=\"height\" content=\"249\"> <img decoding=\"async\" class=\"\" data-attachment-id=\"598\" data-orig-file=\"https:\/\/wp.ufpel.edu.br\/malg\/files\/2016\/10\/304-As-p\u00e9rolas-01.jpg\" data-orig-size=\"992,1403\" data-comments-opened=\"\" data-image-meta=\"{&quot;aperture&quot;:&quot;0&quot;,&quot;credit&quot;:&quot;&quot;,&quot;camera&quot;:&quot;&quot;,&quot;caption&quot;:&quot;&quot;,&quot;created_timestamp&quot;:&quot;0&quot;,&quot;copyright&quot;:&quot;&quot;,&quot;focal_length&quot;:&quot;0&quot;,&quot;iso&quot;:&quot;0&quot;,&quot;shutter_speed&quot;:&quot;0&quot;,&quot;title&quot;:&quot;&quot;,&quot;orientation&quot;:&quot;0&quot;}\" data-image-title=\"304-as-perolas-01\" data-image-description=\"\" data-medium-file=\"https:\/\/wp.ufpel.edu.br\/malg\/files\/2016\/10\/304-As-p\u00e9rolas-01-225x318.jpg\" data-large-file=\"https:\/\/wp.ufpel.edu.br\/malg\/files\/2016\/10\/304-As-p\u00e9rolas-01-984x220.jpg\" src=\"https:\/\/i0.wp.com\/wp.ufpel.edu.br\/malg\/files\/2016\/10\/304-As-p%C3%A9rolas-01.jpg?w=176&#038;h=249&#038;ssl=1\" width=\"176\" height=\"249\" loading=\"lazy\" data-original-width=\"176\" data-original-height=\"249\" itemprop=\"http:\/\/schema.org\/image\" title=\"304-as-perolas-01\" alt=\"304-as-perolas-01\" style=\"width: 176px; height: 249px;\" \/> <\/a> <\/div> <\/div> <!-- close group --> <\/div> <!-- close row --> <div class=\"gallery-row\" style=\"width: 720px; height: 507px;\" data-original-width=\"720\" data-original-height=\"507\" > <div class=\"gallery-group images-1\" style=\"width: 360px; height: 507px;\" data-original-width=\"360\" data-original-height=\"507\" > <div class=\"tiled-gallery-item tiled-gallery-item-large\" itemprop=\"associatedMedia\" itemscope itemtype=\"http:\/\/schema.org\/ImageObject\"> <a href=\"https:\/\/wp.ufpel.edu.br\/malg\/acervo\/305-flores-01\/#main\" border=\"0\" itemprop=\"url\"> <meta itemprop=\"width\" content=\"356\"> <meta itemprop=\"height\" content=\"503\"> <img decoding=\"async\" class=\"\" data-attachment-id=\"597\" data-orig-file=\"https:\/\/wp.ufpel.edu.br\/malg\/files\/2016\/10\/305-Flores-01.jpg\" data-orig-size=\"992,1403\" data-comments-opened=\"\" data-image-meta=\"{&quot;aperture&quot;:&quot;0&quot;,&quot;credit&quot;:&quot;&quot;,&quot;camera&quot;:&quot;&quot;,&quot;caption&quot;:&quot;&quot;,&quot;created_timestamp&quot;:&quot;0&quot;,&quot;copyright&quot;:&quot;&quot;,&quot;focal_length&quot;:&quot;0&quot;,&quot;iso&quot;:&quot;0&quot;,&quot;shutter_speed&quot;:&quot;0&quot;,&quot;title&quot;:&quot;&quot;,&quot;orientation&quot;:&quot;0&quot;}\" data-image-title=\"305-flores-01\" data-image-description=\"\" data-medium-file=\"https:\/\/wp.ufpel.edu.br\/malg\/files\/2016\/10\/305-Flores-01-225x318.jpg\" data-large-file=\"https:\/\/wp.ufpel.edu.br\/malg\/files\/2016\/10\/305-Flores-01-984x220.jpg\" src=\"https:\/\/i0.wp.com\/wp.ufpel.edu.br\/malg\/files\/2016\/10\/305-Flores-01.jpg?w=356&#038;h=503&#038;ssl=1\" srcset=\"https:\/\/wp.ufpel.edu.br\/malg\/files\/2016\/10\/305-Flores-01.jpg 992w, https:\/\/wp.ufpel.edu.br\/malg\/files\/2016\/10\/305-Flores-01-112x159.jpg 112w, https:\/\/wp.ufpel.edu.br\/malg\/files\/2016\/10\/305-Flores-01-225x318.jpg 225w, https:\/\/wp.ufpel.edu.br\/malg\/files\/2016\/10\/305-Flores-01-768x1086.jpg 768w\" width=\"356\" height=\"503\" loading=\"lazy\" data-original-width=\"356\" data-original-height=\"503\" itemprop=\"http:\/\/schema.org\/image\" title=\"305-flores-01\" alt=\"305-flores-01\" style=\"width: 356px; height: 503px;\" \/> <\/a> <\/div> <\/div> <!-- close group --> <div class=\"gallery-group images-1\" style=\"width: 360px; height: 507px;\" data-original-width=\"360\" data-original-height=\"507\" > <div class=\"tiled-gallery-item tiled-gallery-item-large\" itemprop=\"associatedMedia\" itemscope itemtype=\"http:\/\/schema.org\/ImageObject\"> <a href=\"https:\/\/wp.ufpel.edu.br\/malg\/acervo\/306-boneca-01\/#main\" border=\"0\" itemprop=\"url\"> <meta itemprop=\"width\" content=\"356\"> <meta itemprop=\"height\" content=\"503\"> <img decoding=\"async\" class=\"\" data-attachment-id=\"596\" data-orig-file=\"https:\/\/wp.ufpel.edu.br\/malg\/files\/2016\/10\/306-Boneca-01.jpg\" data-orig-size=\"992,1403\" data-comments-opened=\"\" data-image-meta=\"{&quot;aperture&quot;:&quot;0&quot;,&quot;credit&quot;:&quot;&quot;,&quot;camera&quot;:&quot;&quot;,&quot;caption&quot;:&quot;&quot;,&quot;created_timestamp&quot;:&quot;0&quot;,&quot;copyright&quot;:&quot;&quot;,&quot;focal_length&quot;:&quot;0&quot;,&quot;iso&quot;:&quot;0&quot;,&quot;shutter_speed&quot;:&quot;0&quot;,&quot;title&quot;:&quot;&quot;,&quot;orientation&quot;:&quot;0&quot;}\" data-image-title=\"306-boneca-01\" data-image-description=\"\" data-medium-file=\"https:\/\/wp.ufpel.edu.br\/malg\/files\/2016\/10\/306-Boneca-01-225x318.jpg\" data-large-file=\"https:\/\/wp.ufpel.edu.br\/malg\/files\/2016\/10\/306-Boneca-01-984x220.jpg\" src=\"https:\/\/i0.wp.com\/wp.ufpel.edu.br\/malg\/files\/2016\/10\/306-Boneca-01.jpg?w=356&#038;h=503&#038;ssl=1\" srcset=\"https:\/\/wp.ufpel.edu.br\/malg\/files\/2016\/10\/306-Boneca-01.jpg 992w, https:\/\/wp.ufpel.edu.br\/malg\/files\/2016\/10\/306-Boneca-01-112x159.jpg 112w, https:\/\/wp.ufpel.edu.br\/malg\/files\/2016\/10\/306-Boneca-01-225x318.jpg 225w, https:\/\/wp.ufpel.edu.br\/malg\/files\/2016\/10\/306-Boneca-01-768x1086.jpg 768w\" width=\"356\" height=\"503\" loading=\"lazy\" data-original-width=\"356\" data-original-height=\"503\" itemprop=\"http:\/\/schema.org\/image\" title=\"306-boneca-01\" alt=\"306-boneca-01\" style=\"width: 356px; height: 503px;\" \/> <\/a> <\/div> <\/div> <!-- close group --> <\/div> <!-- close row --> <div class=\"gallery-row\" style=\"width: 720px; height: 253px;\" data-original-width=\"720\" data-original-height=\"253\" > <div class=\"gallery-group images-1\" style=\"width: 180px; height: 253px;\" data-original-width=\"180\" data-original-height=\"253\" > <div class=\"tiled-gallery-item tiled-gallery-item-small\" itemprop=\"associatedMedia\" itemscope itemtype=\"http:\/\/schema.org\/ImageObject\"> <a href=\"https:\/\/wp.ufpel.edu.br\/malg\/acervo\/307-reflexos-ou-caramujo-01\/#main\" border=\"0\" itemprop=\"url\"> <meta itemprop=\"width\" content=\"176\"> <meta itemprop=\"height\" content=\"249\"> <img decoding=\"async\" class=\"\" data-attachment-id=\"595\" data-orig-file=\"https:\/\/wp.ufpel.edu.br\/malg\/files\/2016\/10\/307-Reflexos-ou-caramujo-01.jpg\" data-orig-size=\"992,1403\" data-comments-opened=\"\" data-image-meta=\"{&quot;aperture&quot;:&quot;0&quot;,&quot;credit&quot;:&quot;&quot;,&quot;camera&quot;:&quot;&quot;,&quot;caption&quot;:&quot;&quot;,&quot;created_timestamp&quot;:&quot;0&quot;,&quot;copyright&quot;:&quot;&quot;,&quot;focal_length&quot;:&quot;0&quot;,&quot;iso&quot;:&quot;0&quot;,&quot;shutter_speed&quot;:&quot;0&quot;,&quot;title&quot;:&quot;&quot;,&quot;orientation&quot;:&quot;0&quot;}\" data-image-title=\"307-reflexos-ou-caramujo-01\" data-image-description=\"\" data-medium-file=\"https:\/\/wp.ufpel.edu.br\/malg\/files\/2016\/10\/307-Reflexos-ou-caramujo-01-225x318.jpg\" data-large-file=\"https:\/\/wp.ufpel.edu.br\/malg\/files\/2016\/10\/307-Reflexos-ou-caramujo-01-984x220.jpg\" src=\"https:\/\/i0.wp.com\/wp.ufpel.edu.br\/malg\/files\/2016\/10\/307-Reflexos-ou-caramujo-01.jpg?w=176&#038;h=249&#038;ssl=1\" srcset=\"https:\/\/wp.ufpel.edu.br\/malg\/files\/2016\/10\/307-Reflexos-ou-caramujo-01.jpg 992w, https:\/\/wp.ufpel.edu.br\/malg\/files\/2016\/10\/307-Reflexos-ou-caramujo-01-112x159.jpg 112w, https:\/\/wp.ufpel.edu.br\/malg\/files\/2016\/10\/307-Reflexos-ou-caramujo-01-225x318.jpg 225w, https:\/\/wp.ufpel.edu.br\/malg\/files\/2016\/10\/307-Reflexos-ou-caramujo-01-768x1086.jpg 768w\" width=\"176\" height=\"249\" loading=\"lazy\" data-original-width=\"176\" data-original-height=\"249\" itemprop=\"http:\/\/schema.org\/image\" title=\"307-reflexos-ou-caramujo-01\" alt=\"307-reflexos-ou-caramujo-01\" style=\"width: 176px; height: 249px;\" \/> <\/a> <\/div> <\/div> <!-- close group --> <div class=\"gallery-group images-1\" style=\"width: 180px; height: 253px;\" data-original-width=\"180\" data-original-height=\"253\" > <div class=\"tiled-gallery-item tiled-gallery-item-small\" itemprop=\"associatedMedia\" itemscope itemtype=\"http:\/\/schema.org\/ImageObject\"> <a href=\"https:\/\/wp.ufpel.edu.br\/malg\/acervo\/308-laranjas-e-bananas-01\/#main\" border=\"0\" itemprop=\"url\"> <meta itemprop=\"width\" content=\"176\"> <meta itemprop=\"height\" content=\"249\"> <img decoding=\"async\" class=\"\" data-attachment-id=\"594\" data-orig-file=\"https:\/\/wp.ufpel.edu.br\/malg\/files\/2016\/10\/308-Laranjas-e-bananas-01.jpg\" data-orig-size=\"992,1403\" data-comments-opened=\"\" data-image-meta=\"{&quot;aperture&quot;:&quot;0&quot;,&quot;credit&quot;:&quot;&quot;,&quot;camera&quot;:&quot;&quot;,&quot;caption&quot;:&quot;&quot;,&quot;created_timestamp&quot;:&quot;0&quot;,&quot;copyright&quot;:&quot;&quot;,&quot;focal_length&quot;:&quot;0&quot;,&quot;iso&quot;:&quot;0&quot;,&quot;shutter_speed&quot;:&quot;0&quot;,&quot;title&quot;:&quot;&quot;,&quot;orientation&quot;:&quot;0&quot;}\" data-image-title=\"308-laranjas-e-bananas-01\" data-image-description=\"\" data-medium-file=\"https:\/\/wp.ufpel.edu.br\/malg\/files\/2016\/10\/308-Laranjas-e-bananas-01-225x318.jpg\" data-large-file=\"https:\/\/wp.ufpel.edu.br\/malg\/files\/2016\/10\/308-Laranjas-e-bananas-01-984x220.jpg\" src=\"https:\/\/i0.wp.com\/wp.ufpel.edu.br\/malg\/files\/2016\/10\/308-Laranjas-e-bananas-01.jpg?w=176&#038;h=249&#038;ssl=1\" srcset=\"https:\/\/wp.ufpel.edu.br\/malg\/files\/2016\/10\/308-Laranjas-e-bananas-01.jpg 992w, https:\/\/wp.ufpel.edu.br\/malg\/files\/2016\/10\/308-Laranjas-e-bananas-01-112x159.jpg 112w, https:\/\/wp.ufpel.edu.br\/malg\/files\/2016\/10\/308-Laranjas-e-bananas-01-225x318.jpg 225w, https:\/\/wp.ufpel.edu.br\/malg\/files\/2016\/10\/308-Laranjas-e-bananas-01-768x1086.jpg 768w\" width=\"176\" height=\"249\" loading=\"lazy\" data-original-width=\"176\" data-original-height=\"249\" itemprop=\"http:\/\/schema.org\/image\" title=\"308-laranjas-e-bananas-01\" alt=\"308-laranjas-e-bananas-01\" style=\"width: 176px; height: 249px;\" \/> <\/a> <\/div> <\/div> <!-- close group --> <div class=\"gallery-group images-1\" style=\"width: 180px; height: 253px;\" data-original-width=\"180\" data-original-height=\"253\" > <div class=\"tiled-gallery-item tiled-gallery-item-small\" itemprop=\"associatedMedia\" itemscope itemtype=\"http:\/\/schema.org\/ImageObject\"> <a href=\"https:\/\/wp.ufpel.edu.br\/malg\/acervo\/309-cabeca-de-mulher-01\/#main\" border=\"0\" itemprop=\"url\"> <meta itemprop=\"width\" content=\"176\"> <meta itemprop=\"height\" content=\"249\"> <img decoding=\"async\" class=\"\" data-attachment-id=\"593\" data-orig-file=\"https:\/\/wp.ufpel.edu.br\/malg\/files\/2016\/10\/309-Cabe\u00e7a-de-mulher-01.jpg\" data-orig-size=\"992,1403\" data-comments-opened=\"\" data-image-meta=\"{&quot;aperture&quot;:&quot;0&quot;,&quot;credit&quot;:&quot;&quot;,&quot;camera&quot;:&quot;&quot;,&quot;caption&quot;:&quot;&quot;,&quot;created_timestamp&quot;:&quot;0&quot;,&quot;copyright&quot;:&quot;&quot;,&quot;focal_length&quot;:&quot;0&quot;,&quot;iso&quot;:&quot;0&quot;,&quot;shutter_speed&quot;:&quot;0&quot;,&quot;title&quot;:&quot;&quot;,&quot;orientation&quot;:&quot;0&quot;}\" data-image-title=\"309-cabeca-de-mulher-01\" data-image-description=\"\" data-medium-file=\"https:\/\/wp.ufpel.edu.br\/malg\/files\/2016\/10\/309-Cabe\u00e7a-de-mulher-01-225x318.jpg\" data-large-file=\"https:\/\/wp.ufpel.edu.br\/malg\/files\/2016\/10\/309-Cabe\u00e7a-de-mulher-01-984x220.jpg\" src=\"https:\/\/i0.wp.com\/wp.ufpel.edu.br\/malg\/files\/2016\/10\/309-Cabe%C3%A7a-de-mulher-01.jpg?w=176&#038;h=249&#038;ssl=1\" width=\"176\" height=\"249\" loading=\"lazy\" data-original-width=\"176\" data-original-height=\"249\" itemprop=\"http:\/\/schema.org\/image\" title=\"309-cabeca-de-mulher-01\" alt=\"309-cabeca-de-mulher-01\" style=\"width: 176px; height: 249px;\" \/> <\/a> <\/div> <\/div> <!-- close group --> <div class=\"gallery-group images-1\" style=\"width: 180px; height: 253px;\" data-original-width=\"180\" data-original-height=\"253\" > <div class=\"tiled-gallery-item tiled-gallery-item-small\" itemprop=\"associatedMedia\" itemscope itemtype=\"http:\/\/schema.org\/ImageObject\"> <a href=\"https:\/\/wp.ufpel.edu.br\/malg\/acervo\/311-sem-titulo-01\/#main\" border=\"0\" itemprop=\"url\"> <meta itemprop=\"width\" content=\"176\"> <meta itemprop=\"height\" content=\"249\"> <img decoding=\"async\" class=\"\" data-attachment-id=\"592\" data-orig-file=\"https:\/\/wp.ufpel.edu.br\/malg\/files\/2016\/10\/311-Sem-t\u00edtulo-01.jpg\" data-orig-size=\"992,1403\" data-comments-opened=\"\" data-image-meta=\"{&quot;aperture&quot;:&quot;0&quot;,&quot;credit&quot;:&quot;&quot;,&quot;camera&quot;:&quot;&quot;,&quot;caption&quot;:&quot;&quot;,&quot;created_timestamp&quot;:&quot;0&quot;,&quot;copyright&quot;:&quot;&quot;,&quot;focal_length&quot;:&quot;0&quot;,&quot;iso&quot;:&quot;0&quot;,&quot;shutter_speed&quot;:&quot;0&quot;,&quot;title&quot;:&quot;&quot;,&quot;orientation&quot;:&quot;0&quot;}\" data-image-title=\"311-sem-titulo-01\" data-image-description=\"\" data-medium-file=\"https:\/\/wp.ufpel.edu.br\/malg\/files\/2016\/10\/311-Sem-t\u00edtulo-01-225x318.jpg\" data-large-file=\"https:\/\/wp.ufpel.edu.br\/malg\/files\/2016\/10\/311-Sem-t\u00edtulo-01-984x220.jpg\" src=\"https:\/\/i0.wp.com\/wp.ufpel.edu.br\/malg\/files\/2016\/10\/311-Sem-t%C3%ADtulo-01.jpg?w=176&#038;h=249&#038;ssl=1\" width=\"176\" height=\"249\" loading=\"lazy\" data-original-width=\"176\" data-original-height=\"249\" itemprop=\"http:\/\/schema.org\/image\" title=\"311-sem-titulo-01\" alt=\"311-sem-titulo-01\" style=\"width: 176px; height: 249px;\" \/> <\/a> <\/div> <\/div> <!-- close group --> <\/div> <!-- close row --> <div class=\"gallery-row\" style=\"width: 720px; height: 338px;\" data-original-width=\"720\" data-original-height=\"338\" > <div class=\"gallery-group images-1\" style=\"width: 240px; height: 338px;\" data-original-width=\"240\" data-original-height=\"338\" > <div class=\"tiled-gallery-item tiled-gallery-item-small\" itemprop=\"associatedMedia\" itemscope itemtype=\"http:\/\/schema.org\/ImageObject\"> <a href=\"https:\/\/wp.ufpel.edu.br\/malg\/acervo\/312-restia-de-cebola-01\/#main\" border=\"0\" itemprop=\"url\"> <meta itemprop=\"width\" content=\"236\"> <meta itemprop=\"height\" content=\"334\"> <img decoding=\"async\" class=\"\" data-attachment-id=\"591\" data-orig-file=\"https:\/\/wp.ufpel.edu.br\/malg\/files\/2016\/10\/312-R\u00e9stia-de-cebola-01.jpg\" data-orig-size=\"992,1403\" data-comments-opened=\"\" data-image-meta=\"{&quot;aperture&quot;:&quot;0&quot;,&quot;credit&quot;:&quot;&quot;,&quot;camera&quot;:&quot;&quot;,&quot;caption&quot;:&quot;&quot;,&quot;created_timestamp&quot;:&quot;0&quot;,&quot;copyright&quot;:&quot;&quot;,&quot;focal_length&quot;:&quot;0&quot;,&quot;iso&quot;:&quot;0&quot;,&quot;shutter_speed&quot;:&quot;0&quot;,&quot;title&quot;:&quot;&quot;,&quot;orientation&quot;:&quot;0&quot;}\" data-image-title=\"312-restia-de-cebola-01\" data-image-description=\"\" data-medium-file=\"https:\/\/wp.ufpel.edu.br\/malg\/files\/2016\/10\/312-R\u00e9stia-de-cebola-01-225x318.jpg\" data-large-file=\"https:\/\/wp.ufpel.edu.br\/malg\/files\/2016\/10\/312-R\u00e9stia-de-cebola-01-984x220.jpg\" src=\"https:\/\/i0.wp.com\/wp.ufpel.edu.br\/malg\/files\/2016\/10\/312-R%C3%A9stia-de-cebola-01.jpg?w=236&#038;h=334&#038;ssl=1\" width=\"236\" height=\"334\" loading=\"lazy\" data-original-width=\"236\" data-original-height=\"334\" itemprop=\"http:\/\/schema.org\/image\" title=\"312-restia-de-cebola-01\" alt=\"312-restia-de-cebola-01\" style=\"width: 236px; height: 334px;\" \/> <\/a> <\/div> <\/div> <!-- close group --> <div class=\"gallery-group images-1\" style=\"width: 240px; height: 338px;\" data-original-width=\"240\" data-original-height=\"338\" > <div class=\"tiled-gallery-item tiled-gallery-item-small\" itemprop=\"associatedMedia\" itemscope itemtype=\"http:\/\/schema.org\/ImageObject\"> <a href=\"https:\/\/wp.ufpel.edu.br\/malg\/acervo\/313-hibiscos-01\/#main\" border=\"0\" itemprop=\"url\"> <meta itemprop=\"width\" content=\"236\"> <meta itemprop=\"height\" content=\"334\"> <img decoding=\"async\" class=\"\" data-attachment-id=\"590\" data-orig-file=\"https:\/\/wp.ufpel.edu.br\/malg\/files\/2016\/10\/313-Hibiscos-01.jpg\" data-orig-size=\"992,1403\" data-comments-opened=\"\" data-image-meta=\"{&quot;aperture&quot;:&quot;0&quot;,&quot;credit&quot;:&quot;&quot;,&quot;camera&quot;:&quot;&quot;,&quot;caption&quot;:&quot;&quot;,&quot;created_timestamp&quot;:&quot;0&quot;,&quot;copyright&quot;:&quot;&quot;,&quot;focal_length&quot;:&quot;0&quot;,&quot;iso&quot;:&quot;0&quot;,&quot;shutter_speed&quot;:&quot;0&quot;,&quot;title&quot;:&quot;&quot;,&quot;orientation&quot;:&quot;0&quot;}\" data-image-title=\"313-hibiscos-01\" data-image-description=\"\" data-medium-file=\"https:\/\/wp.ufpel.edu.br\/malg\/files\/2016\/10\/313-Hibiscos-01-225x318.jpg\" data-large-file=\"https:\/\/wp.ufpel.edu.br\/malg\/files\/2016\/10\/313-Hibiscos-01-984x220.jpg\" src=\"https:\/\/i0.wp.com\/wp.ufpel.edu.br\/malg\/files\/2016\/10\/313-Hibiscos-01.jpg?w=236&#038;h=334&#038;ssl=1\" srcset=\"https:\/\/wp.ufpel.edu.br\/malg\/files\/2016\/10\/313-Hibiscos-01.jpg 992w, https:\/\/wp.ufpel.edu.br\/malg\/files\/2016\/10\/313-Hibiscos-01-112x159.jpg 112w, https:\/\/wp.ufpel.edu.br\/malg\/files\/2016\/10\/313-Hibiscos-01-225x318.jpg 225w, https:\/\/wp.ufpel.edu.br\/malg\/files\/2016\/10\/313-Hibiscos-01-768x1086.jpg 768w\" width=\"236\" height=\"334\" loading=\"lazy\" data-original-width=\"236\" data-original-height=\"334\" itemprop=\"http:\/\/schema.org\/image\" title=\"313-hibiscos-01\" alt=\"313-hibiscos-01\" style=\"width: 236px; height: 334px;\" \/> <\/a> <\/div> <\/div> <!-- close group --> <div class=\"gallery-group images-1\" style=\"width: 240px; height: 338px;\" data-original-width=\"240\" data-original-height=\"338\" > <div class=\"tiled-gallery-item tiled-gallery-item-small\" itemprop=\"associatedMedia\" itemscope itemtype=\"http:\/\/schema.org\/ImageObject\"> <a href=\"https:\/\/wp.ufpel.edu.br\/malg\/acervo\/314-mandarim-01\/#main\" border=\"0\" itemprop=\"url\"> <meta itemprop=\"width\" content=\"236\"> <meta itemprop=\"height\" content=\"334\"> <img decoding=\"async\" class=\"\" data-attachment-id=\"589\" data-orig-file=\"https:\/\/wp.ufpel.edu.br\/malg\/files\/2016\/10\/314-Mandarim-01.jpg\" data-orig-size=\"992,1403\" data-comments-opened=\"\" data-image-meta=\"{&quot;aperture&quot;:&quot;0&quot;,&quot;credit&quot;:&quot;&quot;,&quot;camera&quot;:&quot;&quot;,&quot;caption&quot;:&quot;&quot;,&quot;created_timestamp&quot;:&quot;0&quot;,&quot;copyright&quot;:&quot;&quot;,&quot;focal_length&quot;:&quot;0&quot;,&quot;iso&quot;:&quot;0&quot;,&quot;shutter_speed&quot;:&quot;0&quot;,&quot;title&quot;:&quot;&quot;,&quot;orientation&quot;:&quot;0&quot;}\" data-image-title=\"314-mandarim-01\" data-image-description=\"\" data-medium-file=\"https:\/\/wp.ufpel.edu.br\/malg\/files\/2016\/10\/314-Mandarim-01-225x318.jpg\" data-large-file=\"https:\/\/wp.ufpel.edu.br\/malg\/files\/2016\/10\/314-Mandarim-01-984x220.jpg\" src=\"https:\/\/i0.wp.com\/wp.ufpel.edu.br\/malg\/files\/2016\/10\/314-Mandarim-01.jpg?w=236&#038;h=334&#038;ssl=1\" srcset=\"https:\/\/wp.ufpel.edu.br\/malg\/files\/2016\/10\/314-Mandarim-01.jpg 992w, https:\/\/wp.ufpel.edu.br\/malg\/files\/2016\/10\/314-Mandarim-01-112x159.jpg 112w, https:\/\/wp.ufpel.edu.br\/malg\/files\/2016\/10\/314-Mandarim-01-225x318.jpg 225w, https:\/\/wp.ufpel.edu.br\/malg\/files\/2016\/10\/314-Mandarim-01-768x1086.jpg 768w\" width=\"236\" height=\"334\" loading=\"lazy\" data-original-width=\"236\" data-original-height=\"334\" itemprop=\"http:\/\/schema.org\/image\" title=\"314-mandarim-01\" alt=\"314-mandarim-01\" style=\"width: 236px; height: 334px;\" \/> <\/a> <\/div> <\/div> <!-- close group --> <\/div> <!-- close row --> <div class=\"gallery-row\" style=\"width: 720px; height: 253px;\" data-original-width=\"720\" data-original-height=\"253\" > <div class=\"gallery-group images-1\" style=\"width: 180px; height: 253px;\" data-original-width=\"180\" data-original-height=\"253\" > <div class=\"tiled-gallery-item tiled-gallery-item-small\" itemprop=\"associatedMedia\" itemscope itemtype=\"http:\/\/schema.org\/ImageObject\"> <a href=\"https:\/\/wp.ufpel.edu.br\/malg\/acervo\/315-mandarim-01\/#main\" border=\"0\" itemprop=\"url\"> <meta itemprop=\"width\" content=\"176\"> <meta itemprop=\"height\" content=\"249\"> <img decoding=\"async\" class=\"\" data-attachment-id=\"588\" data-orig-file=\"https:\/\/wp.ufpel.edu.br\/malg\/files\/2016\/10\/315-Mandarim-01.jpg\" data-orig-size=\"992,1403\" data-comments-opened=\"\" data-image-meta=\"{&quot;aperture&quot;:&quot;0&quot;,&quot;credit&quot;:&quot;&quot;,&quot;camera&quot;:&quot;&quot;,&quot;caption&quot;:&quot;&quot;,&quot;created_timestamp&quot;:&quot;0&quot;,&quot;copyright&quot;:&quot;&quot;,&quot;focal_length&quot;:&quot;0&quot;,&quot;iso&quot;:&quot;0&quot;,&quot;shutter_speed&quot;:&quot;0&quot;,&quot;title&quot;:&quot;&quot;,&quot;orientation&quot;:&quot;0&quot;}\" data-image-title=\"315-mandarim-01\" data-image-description=\"\" data-medium-file=\"https:\/\/wp.ufpel.edu.br\/malg\/files\/2016\/10\/315-Mandarim-01-225x318.jpg\" data-large-file=\"https:\/\/wp.ufpel.edu.br\/malg\/files\/2016\/10\/315-Mandarim-01-984x220.jpg\" src=\"https:\/\/i0.wp.com\/wp.ufpel.edu.br\/malg\/files\/2016\/10\/315-Mandarim-01.jpg?w=176&#038;h=249&#038;ssl=1\" srcset=\"https:\/\/wp.ufpel.edu.br\/malg\/files\/2016\/10\/315-Mandarim-01.jpg 992w, https:\/\/wp.ufpel.edu.br\/malg\/files\/2016\/10\/315-Mandarim-01-112x159.jpg 112w, https:\/\/wp.ufpel.edu.br\/malg\/files\/2016\/10\/315-Mandarim-01-225x318.jpg 225w, https:\/\/wp.ufpel.edu.br\/malg\/files\/2016\/10\/315-Mandarim-01-768x1086.jpg 768w\" width=\"176\" height=\"249\" loading=\"lazy\" data-original-width=\"176\" data-original-height=\"249\" itemprop=\"http:\/\/schema.org\/image\" title=\"315-mandarim-01\" alt=\"315-mandarim-01\" style=\"width: 176px; height: 249px;\" \/> <\/a> <\/div> <\/div> <!-- close group --> <div class=\"gallery-group images-1\" style=\"width: 180px; height: 253px;\" data-original-width=\"180\" data-original-height=\"253\" > <div class=\"tiled-gallery-item tiled-gallery-item-small\" itemprop=\"associatedMedia\" itemscope itemtype=\"http:\/\/schema.org\/ImageObject\"> <a href=\"https:\/\/wp.ufpel.edu.br\/malg\/acervo\/316-moinho-do-rio-este-01\/#main\" border=\"0\" itemprop=\"url\"> <meta itemprop=\"width\" content=\"176\"> <meta itemprop=\"height\" content=\"249\"> <img decoding=\"async\" class=\"\" data-attachment-id=\"587\" data-orig-file=\"https:\/\/wp.ufpel.edu.br\/malg\/files\/2016\/10\/316-Moinho-do-Rio-Este-01.jpg\" data-orig-size=\"992,1403\" data-comments-opened=\"\" data-image-meta=\"{&quot;aperture&quot;:&quot;0&quot;,&quot;credit&quot;:&quot;&quot;,&quot;camera&quot;:&quot;&quot;,&quot;caption&quot;:&quot;&quot;,&quot;created_timestamp&quot;:&quot;0&quot;,&quot;copyright&quot;:&quot;&quot;,&quot;focal_length&quot;:&quot;0&quot;,&quot;iso&quot;:&quot;0&quot;,&quot;shutter_speed&quot;:&quot;0&quot;,&quot;title&quot;:&quot;&quot;,&quot;orientation&quot;:&quot;0&quot;}\" data-image-title=\"316-moinho-do-rio-este-01\" data-image-description=\"\" data-medium-file=\"https:\/\/wp.ufpel.edu.br\/malg\/files\/2016\/10\/316-Moinho-do-Rio-Este-01-225x318.jpg\" data-large-file=\"https:\/\/wp.ufpel.edu.br\/malg\/files\/2016\/10\/316-Moinho-do-Rio-Este-01-984x220.jpg\" src=\"https:\/\/i0.wp.com\/wp.ufpel.edu.br\/malg\/files\/2016\/10\/316-Moinho-do-Rio-Este-01.jpg?w=176&#038;h=249&#038;ssl=1\" srcset=\"https:\/\/wp.ufpel.edu.br\/malg\/files\/2016\/10\/316-Moinho-do-Rio-Este-01.jpg 992w, https:\/\/wp.ufpel.edu.br\/malg\/files\/2016\/10\/316-Moinho-do-Rio-Este-01-112x159.jpg 112w, https:\/\/wp.ufpel.edu.br\/malg\/files\/2016\/10\/316-Moinho-do-Rio-Este-01-225x318.jpg 225w, https:\/\/wp.ufpel.edu.br\/malg\/files\/2016\/10\/316-Moinho-do-Rio-Este-01-768x1086.jpg 768w\" width=\"176\" height=\"249\" loading=\"lazy\" data-original-width=\"176\" data-original-height=\"249\" itemprop=\"http:\/\/schema.org\/image\" title=\"316-moinho-do-rio-este-01\" alt=\"316-moinho-do-rio-este-01\" style=\"width: 176px; height: 249px;\" \/> <\/a> <\/div> <\/div> <!-- close group --> <div class=\"gallery-group images-1\" style=\"width: 180px; height: 253px;\" data-original-width=\"180\" data-original-height=\"253\" > <div class=\"tiled-gallery-item tiled-gallery-item-small\" itemprop=\"associatedMedia\" itemscope itemtype=\"http:\/\/schema.org\/ImageObject\"> <a href=\"https:\/\/wp.ufpel.edu.br\/malg\/acervo\/317-as-pyramides-01\/#main\" border=\"0\" itemprop=\"url\"> <meta itemprop=\"width\" content=\"176\"> <meta itemprop=\"height\" content=\"249\"> <img decoding=\"async\" class=\"\" data-attachment-id=\"586\" data-orig-file=\"https:\/\/wp.ufpel.edu.br\/malg\/files\/2016\/10\/317-As-Pyramides-01.jpg\" data-orig-size=\"992,1403\" data-comments-opened=\"\" data-image-meta=\"{&quot;aperture&quot;:&quot;0&quot;,&quot;credit&quot;:&quot;&quot;,&quot;camera&quot;:&quot;&quot;,&quot;caption&quot;:&quot;&quot;,&quot;created_timestamp&quot;:&quot;0&quot;,&quot;copyright&quot;:&quot;&quot;,&quot;focal_length&quot;:&quot;0&quot;,&quot;iso&quot;:&quot;0&quot;,&quot;shutter_speed&quot;:&quot;0&quot;,&quot;title&quot;:&quot;&quot;,&quot;orientation&quot;:&quot;0&quot;}\" data-image-title=\"317-as-pyramides-01\" data-image-description=\"\" data-medium-file=\"https:\/\/wp.ufpel.edu.br\/malg\/files\/2016\/10\/317-As-Pyramides-01-225x318.jpg\" data-large-file=\"https:\/\/wp.ufpel.edu.br\/malg\/files\/2016\/10\/317-As-Pyramides-01-984x220.jpg\" src=\"https:\/\/i0.wp.com\/wp.ufpel.edu.br\/malg\/files\/2016\/10\/317-As-Pyramides-01.jpg?w=176&#038;h=249&#038;ssl=1\" srcset=\"https:\/\/wp.ufpel.edu.br\/malg\/files\/2016\/10\/317-As-Pyramides-01.jpg 992w, https:\/\/wp.ufpel.edu.br\/malg\/files\/2016\/10\/317-As-Pyramides-01-112x159.jpg 112w, https:\/\/wp.ufpel.edu.br\/malg\/files\/2016\/10\/317-As-Pyramides-01-225x318.jpg 225w, https:\/\/wp.ufpel.edu.br\/malg\/files\/2016\/10\/317-As-Pyramides-01-768x1086.jpg 768w\" width=\"176\" height=\"249\" loading=\"lazy\" data-original-width=\"176\" data-original-height=\"249\" itemprop=\"http:\/\/schema.org\/image\" title=\"317-as-pyramides-01\" alt=\"317-as-pyramides-01\" style=\"width: 176px; height: 249px;\" \/> <\/a> <\/div> <\/div> <!-- close group --> <div class=\"gallery-group images-1\" style=\"width: 180px; height: 253px;\" data-original-width=\"180\" data-original-height=\"253\" > <div class=\"tiled-gallery-item tiled-gallery-item-small\" itemprop=\"associatedMedia\" itemscope itemtype=\"http:\/\/schema.org\/ImageObject\"> <a href=\"https:\/\/wp.ufpel.edu.br\/malg\/acervo\/318-mandarim-01\/#main\" border=\"0\" itemprop=\"url\"> <meta itemprop=\"width\" content=\"176\"> <meta itemprop=\"height\" content=\"249\"> <img decoding=\"async\" class=\"\" data-attachment-id=\"585\" data-orig-file=\"https:\/\/wp.ufpel.edu.br\/malg\/files\/2016\/10\/318-Mandarim-01.jpg\" data-orig-size=\"992,1403\" data-comments-opened=\"\" data-image-meta=\"{&quot;aperture&quot;:&quot;0&quot;,&quot;credit&quot;:&quot;&quot;,&quot;camera&quot;:&quot;&quot;,&quot;caption&quot;:&quot;&quot;,&quot;created_timestamp&quot;:&quot;0&quot;,&quot;copyright&quot;:&quot;&quot;,&quot;focal_length&quot;:&quot;0&quot;,&quot;iso&quot;:&quot;0&quot;,&quot;shutter_speed&quot;:&quot;0&quot;,&quot;title&quot;:&quot;&quot;,&quot;orientation&quot;:&quot;0&quot;}\" data-image-title=\"318-mandarim-01\" data-image-description=\"\" data-medium-file=\"https:\/\/wp.ufpel.edu.br\/malg\/files\/2016\/10\/318-Mandarim-01-225x318.jpg\" data-large-file=\"https:\/\/wp.ufpel.edu.br\/malg\/files\/2016\/10\/318-Mandarim-01-984x220.jpg\" src=\"https:\/\/i0.wp.com\/wp.ufpel.edu.br\/malg\/files\/2016\/10\/318-Mandarim-01.jpg?w=176&#038;h=249&#038;ssl=1\" srcset=\"https:\/\/wp.ufpel.edu.br\/malg\/files\/2016\/10\/318-Mandarim-01.jpg 992w, https:\/\/wp.ufpel.edu.br\/malg\/files\/2016\/10\/318-Mandarim-01-112x159.jpg 112w, https:\/\/wp.ufpel.edu.br\/malg\/files\/2016\/10\/318-Mandarim-01-225x318.jpg 225w, https:\/\/wp.ufpel.edu.br\/malg\/files\/2016\/10\/318-Mandarim-01-768x1086.jpg 768w\" width=\"176\" height=\"249\" loading=\"lazy\" data-original-width=\"176\" data-original-height=\"249\" itemprop=\"http:\/\/schema.org\/image\" title=\"318-mandarim-01\" alt=\"318-mandarim-01\" style=\"width: 176px; height: 249px;\" \/> <\/a> <\/div> <\/div> <!-- close group --> <\/div> <!-- close row --> <div class=\"gallery-row\" style=\"width: 720px; height: 507px;\" data-original-width=\"720\" data-original-height=\"507\" > <div class=\"gallery-group images-1\" style=\"width: 360px; height: 507px;\" data-original-width=\"360\" data-original-height=\"507\" > <div class=\"tiled-gallery-item tiled-gallery-item-large\" itemprop=\"associatedMedia\" itemscope itemtype=\"http:\/\/schema.org\/ImageObject\"> <a href=\"https:\/\/wp.ufpel.edu.br\/malg\/acervo\/319-beredina-rocha-de-miranda-01\/#main\" border=\"0\" itemprop=\"url\"> <meta itemprop=\"width\" content=\"356\"> <meta itemprop=\"height\" content=\"503\"> <img decoding=\"async\" class=\"\" data-attachment-id=\"584\" data-orig-file=\"https:\/\/wp.ufpel.edu.br\/malg\/files\/2016\/10\/319-Beredina-Rocha-de-Miranda-01.jpg\" data-orig-size=\"992,1403\" data-comments-opened=\"\" data-image-meta=\"{&quot;aperture&quot;:&quot;0&quot;,&quot;credit&quot;:&quot;&quot;,&quot;camera&quot;:&quot;&quot;,&quot;caption&quot;:&quot;&quot;,&quot;created_timestamp&quot;:&quot;0&quot;,&quot;copyright&quot;:&quot;&quot;,&quot;focal_length&quot;:&quot;0&quot;,&quot;iso&quot;:&quot;0&quot;,&quot;shutter_speed&quot;:&quot;0&quot;,&quot;title&quot;:&quot;&quot;,&quot;orientation&quot;:&quot;0&quot;}\" data-image-title=\"319-beredina-rocha-de-miranda-01\" data-image-description=\"\" data-medium-file=\"https:\/\/wp.ufpel.edu.br\/malg\/files\/2016\/10\/319-Beredina-Rocha-de-Miranda-01-225x318.jpg\" data-large-file=\"https:\/\/wp.ufpel.edu.br\/malg\/files\/2016\/10\/319-Beredina-Rocha-de-Miranda-01-984x220.jpg\" src=\"https:\/\/i0.wp.com\/wp.ufpel.edu.br\/malg\/files\/2016\/10\/319-Beredina-Rocha-de-Miranda-01.jpg?w=356&#038;h=503&#038;ssl=1\" srcset=\"https:\/\/wp.ufpel.edu.br\/malg\/files\/2016\/10\/319-Beredina-Rocha-de-Miranda-01.jpg 992w, https:\/\/wp.ufpel.edu.br\/malg\/files\/2016\/10\/319-Beredina-Rocha-de-Miranda-01-112x159.jpg 112w, https:\/\/wp.ufpel.edu.br\/malg\/files\/2016\/10\/319-Beredina-Rocha-de-Miranda-01-225x318.jpg 225w, https:\/\/wp.ufpel.edu.br\/malg\/files\/2016\/10\/319-Beredina-Rocha-de-Miranda-01-768x1086.jpg 768w\" width=\"356\" height=\"503\" loading=\"lazy\" data-original-width=\"356\" data-original-height=\"503\" itemprop=\"http:\/\/schema.org\/image\" title=\"319-beredina-rocha-de-miranda-01\" alt=\"319-beredina-rocha-de-miranda-01\" style=\"width: 356px; height: 503px;\" \/> <\/a> <\/div> <\/div> <!-- close group --> <div class=\"gallery-group images-1\" style=\"width: 360px; height: 507px;\" data-original-width=\"360\" data-original-height=\"507\" > <div class=\"tiled-gallery-item tiled-gallery-item-large\" itemprop=\"associatedMedia\" itemscope itemtype=\"http:\/\/schema.org\/ImageObject\"> <a href=\"https:\/\/wp.ufpel.edu.br\/malg\/acervo\/320-luta-pela-vida-01\/#main\" border=\"0\" itemprop=\"url\"> <meta itemprop=\"width\" content=\"356\"> <meta itemprop=\"height\" content=\"503\"> <img decoding=\"async\" class=\"\" data-attachment-id=\"583\" data-orig-file=\"https:\/\/wp.ufpel.edu.br\/malg\/files\/2016\/10\/320-Luta-pela-Vida-01.jpg\" data-orig-size=\"992,1403\" data-comments-opened=\"\" data-image-meta=\"{&quot;aperture&quot;:&quot;0&quot;,&quot;credit&quot;:&quot;&quot;,&quot;camera&quot;:&quot;&quot;,&quot;caption&quot;:&quot;&quot;,&quot;created_timestamp&quot;:&quot;0&quot;,&quot;copyright&quot;:&quot;&quot;,&quot;focal_length&quot;:&quot;0&quot;,&quot;iso&quot;:&quot;0&quot;,&quot;shutter_speed&quot;:&quot;0&quot;,&quot;title&quot;:&quot;&quot;,&quot;orientation&quot;:&quot;0&quot;}\" data-image-title=\"320-luta-pela-vida-01\" data-image-description=\"\" data-medium-file=\"https:\/\/wp.ufpel.edu.br\/malg\/files\/2016\/10\/320-Luta-pela-Vida-01-225x318.jpg\" data-large-file=\"https:\/\/wp.ufpel.edu.br\/malg\/files\/2016\/10\/320-Luta-pela-Vida-01-984x220.jpg\" src=\"https:\/\/i0.wp.com\/wp.ufpel.edu.br\/malg\/files\/2016\/10\/320-Luta-pela-Vida-01.jpg?w=356&#038;h=503&#038;ssl=1\" srcset=\"https:\/\/wp.ufpel.edu.br\/malg\/files\/2016\/10\/320-Luta-pela-Vida-01.jpg 992w, https:\/\/wp.ufpel.edu.br\/malg\/files\/2016\/10\/320-Luta-pela-Vida-01-112x159.jpg 112w, https:\/\/wp.ufpel.edu.br\/malg\/files\/2016\/10\/320-Luta-pela-Vida-01-225x318.jpg 225w, https:\/\/wp.ufpel.edu.br\/malg\/files\/2016\/10\/320-Luta-pela-Vida-01-768x1086.jpg 768w\" width=\"356\" height=\"503\" loading=\"lazy\" data-original-width=\"356\" data-original-height=\"503\" itemprop=\"http:\/\/schema.org\/image\" title=\"320-luta-pela-vida-01\" alt=\"320-luta-pela-vida-01\" style=\"width: 356px; height: 503px;\" \/> <\/a> <\/div> <\/div> <!-- close group --> <\/div> <!-- close row --> <div class=\"gallery-row\" style=\"width: 720px; height: 253px;\" data-original-width=\"720\" data-original-height=\"253\" > <div class=\"gallery-group images-1\" style=\"width: 180px; height: 253px;\" data-original-width=\"180\" data-original-height=\"253\" > <div class=\"tiled-gallery-item tiled-gallery-item-small\" itemprop=\"associatedMedia\" itemscope itemtype=\"http:\/\/schema.org\/ImageObject\"> <a href=\"https:\/\/wp.ufpel.edu.br\/malg\/acervo\/321-pequeno-estudo-de-nu-01\/#main\" border=\"0\" itemprop=\"url\"> <meta itemprop=\"width\" content=\"176\"> <meta itemprop=\"height\" content=\"249\"> <img decoding=\"async\" class=\"\" data-attachment-id=\"582\" data-orig-file=\"https:\/\/wp.ufpel.edu.br\/malg\/files\/2016\/10\/321-Pequeno-estudo-de-nu-01.jpg\" data-orig-size=\"992,1403\" data-comments-opened=\"\" data-image-meta=\"{&quot;aperture&quot;:&quot;0&quot;,&quot;credit&quot;:&quot;&quot;,&quot;camera&quot;:&quot;&quot;,&quot;caption&quot;:&quot;&quot;,&quot;created_timestamp&quot;:&quot;0&quot;,&quot;copyright&quot;:&quot;&quot;,&quot;focal_length&quot;:&quot;0&quot;,&quot;iso&quot;:&quot;0&quot;,&quot;shutter_speed&quot;:&quot;0&quot;,&quot;title&quot;:&quot;&quot;,&quot;orientation&quot;:&quot;0&quot;}\" data-image-title=\"321-pequeno-estudo-de-nu-01\" data-image-description=\"\" data-medium-file=\"https:\/\/wp.ufpel.edu.br\/malg\/files\/2016\/10\/321-Pequeno-estudo-de-nu-01-225x318.jpg\" data-large-file=\"https:\/\/wp.ufpel.edu.br\/malg\/files\/2016\/10\/321-Pequeno-estudo-de-nu-01-984x220.jpg\" src=\"https:\/\/i0.wp.com\/wp.ufpel.edu.br\/malg\/files\/2016\/10\/321-Pequeno-estudo-de-nu-01.jpg?w=176&#038;h=249&#038;ssl=1\" srcset=\"https:\/\/wp.ufpel.edu.br\/malg\/files\/2016\/10\/321-Pequeno-estudo-de-nu-01.jpg 992w, https:\/\/wp.ufpel.edu.br\/malg\/files\/2016\/10\/321-Pequeno-estudo-de-nu-01-112x159.jpg 112w, https:\/\/wp.ufpel.edu.br\/malg\/files\/2016\/10\/321-Pequeno-estudo-de-nu-01-225x318.jpg 225w, https:\/\/wp.ufpel.edu.br\/malg\/files\/2016\/10\/321-Pequeno-estudo-de-nu-01-768x1086.jpg 768w\" width=\"176\" height=\"249\" loading=\"lazy\" data-original-width=\"176\" data-original-height=\"249\" itemprop=\"http:\/\/schema.org\/image\" title=\"321-pequeno-estudo-de-nu-01\" alt=\"321-pequeno-estudo-de-nu-01\" style=\"width: 176px; height: 249px;\" \/> <\/a> <\/div> <\/div> <!-- close group --> <div class=\"gallery-group images-1\" style=\"width: 180px; height: 253px;\" data-original-width=\"180\" data-original-height=\"253\" > <div class=\"tiled-gallery-item tiled-gallery-item-small\" itemprop=\"associatedMedia\" itemscope itemtype=\"http:\/\/schema.org\/ImageObject\"> <a href=\"https:\/\/wp.ufpel.edu.br\/malg\/acervo\/322-pessegos-01\/#main\" border=\"0\" itemprop=\"url\"> <meta itemprop=\"width\" content=\"176\"> <meta itemprop=\"height\" content=\"249\"> <img decoding=\"async\" class=\"\" data-attachment-id=\"581\" data-orig-file=\"https:\/\/wp.ufpel.edu.br\/malg\/files\/2016\/10\/322-P\u00eassegos-01.jpg\" data-orig-size=\"992,1403\" data-comments-opened=\"\" data-image-meta=\"{&quot;aperture&quot;:&quot;0&quot;,&quot;credit&quot;:&quot;&quot;,&quot;camera&quot;:&quot;&quot;,&quot;caption&quot;:&quot;&quot;,&quot;created_timestamp&quot;:&quot;0&quot;,&quot;copyright&quot;:&quot;&quot;,&quot;focal_length&quot;:&quot;0&quot;,&quot;iso&quot;:&quot;0&quot;,&quot;shutter_speed&quot;:&quot;0&quot;,&quot;title&quot;:&quot;&quot;,&quot;orientation&quot;:&quot;0&quot;}\" data-image-title=\"322-pessegos-01\" data-image-description=\"\" data-medium-file=\"https:\/\/wp.ufpel.edu.br\/malg\/files\/2016\/10\/322-P\u00eassegos-01-225x318.jpg\" data-large-file=\"https:\/\/wp.ufpel.edu.br\/malg\/files\/2016\/10\/322-P\u00eassegos-01-984x220.jpg\" src=\"https:\/\/i0.wp.com\/wp.ufpel.edu.br\/malg\/files\/2016\/10\/322-P%C3%AAssegos-01.jpg?w=176&#038;h=249&#038;ssl=1\" width=\"176\" height=\"249\" loading=\"lazy\" data-original-width=\"176\" data-original-height=\"249\" itemprop=\"http:\/\/schema.org\/image\" title=\"322-pessegos-01\" alt=\"322-pessegos-01\" style=\"width: 176px; height: 249px;\" \/> <\/a> <\/div> <\/div> <!-- close group --> <div class=\"gallery-group images-1\" style=\"width: 180px; height: 253px;\" data-original-width=\"180\" data-original-height=\"253\" > <div class=\"tiled-gallery-item tiled-gallery-item-small\" itemprop=\"associatedMedia\" itemscope itemtype=\"http:\/\/schema.org\/ImageObject\"> <a href=\"https:\/\/wp.ufpel.edu.br\/malg\/acervo\/323-rosas-brancas-01\/#main\" border=\"0\" itemprop=\"url\"> <meta itemprop=\"width\" content=\"176\"> <meta itemprop=\"height\" content=\"249\"> <img decoding=\"async\" class=\"\" data-attachment-id=\"580\" data-orig-file=\"https:\/\/wp.ufpel.edu.br\/malg\/files\/2016\/10\/323-Rosas-brancas-01.jpg\" data-orig-size=\"992,1403\" data-comments-opened=\"\" data-image-meta=\"{&quot;aperture&quot;:&quot;0&quot;,&quot;credit&quot;:&quot;&quot;,&quot;camera&quot;:&quot;&quot;,&quot;caption&quot;:&quot;&quot;,&quot;created_timestamp&quot;:&quot;0&quot;,&quot;copyright&quot;:&quot;&quot;,&quot;focal_length&quot;:&quot;0&quot;,&quot;iso&quot;:&quot;0&quot;,&quot;shutter_speed&quot;:&quot;0&quot;,&quot;title&quot;:&quot;&quot;,&quot;orientation&quot;:&quot;0&quot;}\" data-image-title=\"323-rosas-brancas-01\" data-image-description=\"\" data-medium-file=\"https:\/\/wp.ufpel.edu.br\/malg\/files\/2016\/10\/323-Rosas-brancas-01-225x318.jpg\" data-large-file=\"https:\/\/wp.ufpel.edu.br\/malg\/files\/2016\/10\/323-Rosas-brancas-01-984x220.jpg\" src=\"https:\/\/i0.wp.com\/wp.ufpel.edu.br\/malg\/files\/2016\/10\/323-Rosas-brancas-01.jpg?w=176&#038;h=249&#038;ssl=1\" srcset=\"https:\/\/wp.ufpel.edu.br\/malg\/files\/2016\/10\/323-Rosas-brancas-01.jpg 992w, https:\/\/wp.ufpel.edu.br\/malg\/files\/2016\/10\/323-Rosas-brancas-01-112x159.jpg 112w, https:\/\/wp.ufpel.edu.br\/malg\/files\/2016\/10\/323-Rosas-brancas-01-225x318.jpg 225w, https:\/\/wp.ufpel.edu.br\/malg\/files\/2016\/10\/323-Rosas-brancas-01-768x1086.jpg 768w\" width=\"176\" height=\"249\" loading=\"lazy\" data-original-width=\"176\" data-original-height=\"249\" itemprop=\"http:\/\/schema.org\/image\" title=\"323-rosas-brancas-01\" alt=\"323-rosas-brancas-01\" style=\"width: 176px; height: 249px;\" \/> <\/a> <\/div> <\/div> <!-- close group --> <div class=\"gallery-group images-1\" style=\"width: 180px; height: 253px;\" data-original-width=\"180\" data-original-height=\"253\" > <div class=\"tiled-gallery-item tiled-gallery-item-small\" itemprop=\"associatedMedia\" itemscope itemtype=\"http:\/\/schema.org\/ImageObject\"> <a href=\"https:\/\/wp.ufpel.edu.br\/malg\/acervo\/324-interior-da-igreja-01\/#main\" border=\"0\" itemprop=\"url\"> <meta itemprop=\"width\" content=\"176\"> <meta itemprop=\"height\" content=\"249\"> <img decoding=\"async\" class=\"\" data-attachment-id=\"579\" data-orig-file=\"https:\/\/wp.ufpel.edu.br\/malg\/files\/2016\/10\/324-Interior-da-Igreja-01.jpg\" data-orig-size=\"992,1403\" data-comments-opened=\"\" data-image-meta=\"{&quot;aperture&quot;:&quot;0&quot;,&quot;credit&quot;:&quot;&quot;,&quot;camera&quot;:&quot;&quot;,&quot;caption&quot;:&quot;&quot;,&quot;created_timestamp&quot;:&quot;0&quot;,&quot;copyright&quot;:&quot;&quot;,&quot;focal_length&quot;:&quot;0&quot;,&quot;iso&quot;:&quot;0&quot;,&quot;shutter_speed&quot;:&quot;0&quot;,&quot;title&quot;:&quot;&quot;,&quot;orientation&quot;:&quot;0&quot;}\" data-image-title=\"324-interior-da-igreja-01\" data-image-description=\"\" data-medium-file=\"https:\/\/wp.ufpel.edu.br\/malg\/files\/2016\/10\/324-Interior-da-Igreja-01-225x318.jpg\" data-large-file=\"https:\/\/wp.ufpel.edu.br\/malg\/files\/2016\/10\/324-Interior-da-Igreja-01-984x220.jpg\" src=\"https:\/\/i0.wp.com\/wp.ufpel.edu.br\/malg\/files\/2016\/10\/324-Interior-da-Igreja-01.jpg?w=176&#038;h=249&#038;ssl=1\" srcset=\"https:\/\/wp.ufpel.edu.br\/malg\/files\/2016\/10\/324-Interior-da-Igreja-01.jpg 992w, https:\/\/wp.ufpel.edu.br\/malg\/files\/2016\/10\/324-Interior-da-Igreja-01-112x159.jpg 112w, https:\/\/wp.ufpel.edu.br\/malg\/files\/2016\/10\/324-Interior-da-Igreja-01-225x318.jpg 225w, https:\/\/wp.ufpel.edu.br\/malg\/files\/2016\/10\/324-Interior-da-Igreja-01-768x1086.jpg 768w\" width=\"176\" height=\"249\" loading=\"lazy\" data-original-width=\"176\" data-original-height=\"249\" itemprop=\"http:\/\/schema.org\/image\" title=\"324-interior-da-igreja-01\" alt=\"324-interior-da-igreja-01\" style=\"width: 176px; height: 249px;\" \/> <\/a> <\/div> <\/div> <!-- close group --> <\/div> <!-- close row --> <div class=\"gallery-row\" style=\"width: 720px; height: 338px;\" data-original-width=\"720\" data-original-height=\"338\" > <div class=\"gallery-group images-1\" style=\"width: 240px; height: 338px;\" data-original-width=\"240\" data-original-height=\"338\" > <div class=\"tiled-gallery-item tiled-gallery-item-small\" itemprop=\"associatedMedia\" itemscope itemtype=\"http:\/\/schema.org\/ImageObject\"> <a href=\"https:\/\/wp.ufpel.edu.br\/malg\/acervo\/325-ponte-de-marilia-01\/#main\" border=\"0\" itemprop=\"url\"> <meta itemprop=\"width\" content=\"236\"> <meta itemprop=\"height\" content=\"334\"> <img decoding=\"async\" class=\"\" data-attachment-id=\"578\" data-orig-file=\"https:\/\/wp.ufpel.edu.br\/malg\/files\/2016\/10\/325-Ponte-de-Mar\u00edlia-01.jpg\" data-orig-size=\"992,1403\" data-comments-opened=\"\" data-image-meta=\"{&quot;aperture&quot;:&quot;0&quot;,&quot;credit&quot;:&quot;&quot;,&quot;camera&quot;:&quot;&quot;,&quot;caption&quot;:&quot;&quot;,&quot;created_timestamp&quot;:&quot;0&quot;,&quot;copyright&quot;:&quot;&quot;,&quot;focal_length&quot;:&quot;0&quot;,&quot;iso&quot;:&quot;0&quot;,&quot;shutter_speed&quot;:&quot;0&quot;,&quot;title&quot;:&quot;&quot;,&quot;orientation&quot;:&quot;0&quot;}\" data-image-title=\"325-ponte-de-marilia-01\" data-image-description=\"\" data-medium-file=\"https:\/\/wp.ufpel.edu.br\/malg\/files\/2016\/10\/325-Ponte-de-Mar\u00edlia-01-225x318.jpg\" data-large-file=\"https:\/\/wp.ufpel.edu.br\/malg\/files\/2016\/10\/325-Ponte-de-Mar\u00edlia-01-984x220.jpg\" src=\"https:\/\/i0.wp.com\/wp.ufpel.edu.br\/malg\/files\/2016\/10\/325-Ponte-de-Mar%C3%ADlia-01.jpg?w=236&#038;h=334&#038;ssl=1\" width=\"236\" height=\"334\" loading=\"lazy\" data-original-width=\"236\" data-original-height=\"334\" itemprop=\"http:\/\/schema.org\/image\" title=\"325-ponte-de-marilia-01\" alt=\"325-ponte-de-marilia-01\" style=\"width: 236px; height: 334px;\" \/> <\/a> <\/div> <\/div> <!-- close group --> <div class=\"gallery-group images-1\" style=\"width: 240px; height: 338px;\" data-original-width=\"240\" data-original-height=\"338\" > <div class=\"tiled-gallery-item tiled-gallery-item-small\" itemprop=\"associatedMedia\" itemscope itemtype=\"http:\/\/schema.org\/ImageObject\"> <a href=\"https:\/\/wp.ufpel.edu.br\/malg\/acervo\/326-ruminando-01\/#main\" border=\"0\" itemprop=\"url\"> <meta itemprop=\"width\" content=\"236\"> <meta itemprop=\"height\" content=\"334\"> <img decoding=\"async\" class=\"\" data-attachment-id=\"577\" data-orig-file=\"https:\/\/wp.ufpel.edu.br\/malg\/files\/2016\/10\/326-Ruminando-01.jpg\" data-orig-size=\"992,1403\" data-comments-opened=\"\" data-image-meta=\"{&quot;aperture&quot;:&quot;0&quot;,&quot;credit&quot;:&quot;&quot;,&quot;camera&quot;:&quot;&quot;,&quot;caption&quot;:&quot;&quot;,&quot;created_timestamp&quot;:&quot;0&quot;,&quot;copyright&quot;:&quot;&quot;,&quot;focal_length&quot;:&quot;0&quot;,&quot;iso&quot;:&quot;0&quot;,&quot;shutter_speed&quot;:&quot;0&quot;,&quot;title&quot;:&quot;&quot;,&quot;orientation&quot;:&quot;0&quot;}\" data-image-title=\"326-ruminando-01\" data-image-description=\"\" data-medium-file=\"https:\/\/wp.ufpel.edu.br\/malg\/files\/2016\/10\/326-Ruminando-01-225x318.jpg\" data-large-file=\"https:\/\/wp.ufpel.edu.br\/malg\/files\/2016\/10\/326-Ruminando-01-984x220.jpg\" src=\"https:\/\/i0.wp.com\/wp.ufpel.edu.br\/malg\/files\/2016\/10\/326-Ruminando-01.jpg?w=236&#038;h=334&#038;ssl=1\" srcset=\"https:\/\/wp.ufpel.edu.br\/malg\/files\/2016\/10\/326-Ruminando-01.jpg 992w, https:\/\/wp.ufpel.edu.br\/malg\/files\/2016\/10\/326-Ruminando-01-112x159.jpg 112w, https:\/\/wp.ufpel.edu.br\/malg\/files\/2016\/10\/326-Ruminando-01-225x318.jpg 225w, https:\/\/wp.ufpel.edu.br\/malg\/files\/2016\/10\/326-Ruminando-01-768x1086.jpg 768w\" width=\"236\" height=\"334\" loading=\"lazy\" data-original-width=\"236\" data-original-height=\"334\" itemprop=\"http:\/\/schema.org\/image\" title=\"326-ruminando-01\" alt=\"326-ruminando-01\" style=\"width: 236px; height: 334px;\" \/> <\/a> <\/div> <\/div> <!-- close group --> <div class=\"gallery-group images-1\" style=\"width: 240px; height: 338px;\" data-original-width=\"240\" data-original-height=\"338\" > <div class=\"tiled-gallery-item tiled-gallery-item-small\" itemprop=\"associatedMedia\" itemscope itemtype=\"http:\/\/schema.org\/ImageObject\"> <a href=\"https:\/\/wp.ufpel.edu.br\/malg\/acervo\/327-detalhe-de-ponte-01\/#main\" border=\"0\" itemprop=\"url\"> <meta itemprop=\"width\" content=\"236\"> <meta itemprop=\"height\" content=\"334\"> <img decoding=\"async\" class=\"\" data-attachment-id=\"576\" data-orig-file=\"https:\/\/wp.ufpel.edu.br\/malg\/files\/2016\/10\/327-Detalhe-de-ponte-01.jpg\" data-orig-size=\"992,1403\" data-comments-opened=\"\" data-image-meta=\"{&quot;aperture&quot;:&quot;0&quot;,&quot;credit&quot;:&quot;&quot;,&quot;camera&quot;:&quot;&quot;,&quot;caption&quot;:&quot;&quot;,&quot;created_timestamp&quot;:&quot;0&quot;,&quot;copyright&quot;:&quot;&quot;,&quot;focal_length&quot;:&quot;0&quot;,&quot;iso&quot;:&quot;0&quot;,&quot;shutter_speed&quot;:&quot;0&quot;,&quot;title&quot;:&quot;&quot;,&quot;orientation&quot;:&quot;0&quot;}\" data-image-title=\"327-detalhe-de-ponte-01\" data-image-description=\"\" data-medium-file=\"https:\/\/wp.ufpel.edu.br\/malg\/files\/2016\/10\/327-Detalhe-de-ponte-01-225x318.jpg\" data-large-file=\"https:\/\/wp.ufpel.edu.br\/malg\/files\/2016\/10\/327-Detalhe-de-ponte-01-984x220.jpg\" src=\"https:\/\/i0.wp.com\/wp.ufpel.edu.br\/malg\/files\/2016\/10\/327-Detalhe-de-ponte-01.jpg?w=236&#038;h=334&#038;ssl=1\" srcset=\"https:\/\/wp.ufpel.edu.br\/malg\/files\/2016\/10\/327-Detalhe-de-ponte-01.jpg 992w, https:\/\/wp.ufpel.edu.br\/malg\/files\/2016\/10\/327-Detalhe-de-ponte-01-112x159.jpg 112w, https:\/\/wp.ufpel.edu.br\/malg\/files\/2016\/10\/327-Detalhe-de-ponte-01-225x318.jpg 225w, https:\/\/wp.ufpel.edu.br\/malg\/files\/2016\/10\/327-Detalhe-de-ponte-01-768x1086.jpg 768w\" width=\"236\" height=\"334\" loading=\"lazy\" data-original-width=\"236\" data-original-height=\"334\" itemprop=\"http:\/\/schema.org\/image\" title=\"327-detalhe-de-ponte-01\" alt=\"327-detalhe-de-ponte-01\" style=\"width: 236px; height: 334px;\" \/> <\/a> <\/div> <\/div> <!-- close group --> <\/div> <!-- close row --> <div class=\"gallery-row\" style=\"width: 720px; height: 253px;\" data-original-width=\"720\" data-original-height=\"253\" > <div class=\"gallery-group images-1\" style=\"width: 180px; height: 253px;\" data-original-width=\"180\" data-original-height=\"253\" > <div class=\"tiled-gallery-item tiled-gallery-item-small\" itemprop=\"associatedMedia\" itemscope itemtype=\"http:\/\/schema.org\/ImageObject\"> <a href=\"https:\/\/wp.ufpel.edu.br\/malg\/acervo\/328-a-espanhola-01\/#main\" border=\"0\" itemprop=\"url\"> <meta itemprop=\"width\" content=\"176\"> <meta itemprop=\"height\" content=\"249\"> <img decoding=\"async\" class=\"\" data-attachment-id=\"575\" data-orig-file=\"https:\/\/wp.ufpel.edu.br\/malg\/files\/2016\/10\/328-A-espanhola-01.jpg\" data-orig-size=\"992,1403\" data-comments-opened=\"\" data-image-meta=\"{&quot;aperture&quot;:&quot;0&quot;,&quot;credit&quot;:&quot;&quot;,&quot;camera&quot;:&quot;&quot;,&quot;caption&quot;:&quot;&quot;,&quot;created_timestamp&quot;:&quot;0&quot;,&quot;copyright&quot;:&quot;&quot;,&quot;focal_length&quot;:&quot;0&quot;,&quot;iso&quot;:&quot;0&quot;,&quot;shutter_speed&quot;:&quot;0&quot;,&quot;title&quot;:&quot;&quot;,&quot;orientation&quot;:&quot;0&quot;}\" data-image-title=\"328-a-espanhola-01\" data-image-description=\"\" data-medium-file=\"https:\/\/wp.ufpel.edu.br\/malg\/files\/2016\/10\/328-A-espanhola-01-225x318.jpg\" data-large-file=\"https:\/\/wp.ufpel.edu.br\/malg\/files\/2016\/10\/328-A-espanhola-01-984x220.jpg\" src=\"https:\/\/i0.wp.com\/wp.ufpel.edu.br\/malg\/files\/2016\/10\/328-A-espanhola-01.jpg?w=176&#038;h=249&#038;ssl=1\" srcset=\"https:\/\/wp.ufpel.edu.br\/malg\/files\/2016\/10\/328-A-espanhola-01.jpg 992w, https:\/\/wp.ufpel.edu.br\/malg\/files\/2016\/10\/328-A-espanhola-01-112x159.jpg 112w, https:\/\/wp.ufpel.edu.br\/malg\/files\/2016\/10\/328-A-espanhola-01-225x318.jpg 225w, https:\/\/wp.ufpel.edu.br\/malg\/files\/2016\/10\/328-A-espanhola-01-768x1086.jpg 768w\" width=\"176\" height=\"249\" loading=\"lazy\" data-original-width=\"176\" data-original-height=\"249\" itemprop=\"http:\/\/schema.org\/image\" title=\"328-a-espanhola-01\" alt=\"328-a-espanhola-01\" style=\"width: 176px; height: 249px;\" \/> <\/a> <\/div> <\/div> <!-- close group --> <div class=\"gallery-group images-1\" style=\"width: 180px; height: 253px;\" data-original-width=\"180\" data-original-height=\"253\" > <div class=\"tiled-gallery-item tiled-gallery-item-small\" itemprop=\"associatedMedia\" itemscope itemtype=\"http:\/\/schema.org\/ImageObject\"> <a href=\"https:\/\/wp.ufpel.edu.br\/malg\/acervo\/329-flores-e-plumas-01\/#main\" border=\"0\" itemprop=\"url\"> <meta itemprop=\"width\" content=\"176\"> <meta itemprop=\"height\" content=\"249\"> <img decoding=\"async\" class=\"\" data-attachment-id=\"574\" data-orig-file=\"https:\/\/wp.ufpel.edu.br\/malg\/files\/2016\/10\/329-Flores-e-plumas-01.jpg\" data-orig-size=\"992,1403\" data-comments-opened=\"\" data-image-meta=\"{&quot;aperture&quot;:&quot;0&quot;,&quot;credit&quot;:&quot;&quot;,&quot;camera&quot;:&quot;&quot;,&quot;caption&quot;:&quot;&quot;,&quot;created_timestamp&quot;:&quot;0&quot;,&quot;copyright&quot;:&quot;&quot;,&quot;focal_length&quot;:&quot;0&quot;,&quot;iso&quot;:&quot;0&quot;,&quot;shutter_speed&quot;:&quot;0&quot;,&quot;title&quot;:&quot;&quot;,&quot;orientation&quot;:&quot;0&quot;}\" data-image-title=\"329-flores-e-plumas-01\" data-image-description=\"\" data-medium-file=\"https:\/\/wp.ufpel.edu.br\/malg\/files\/2016\/10\/329-Flores-e-plumas-01-225x318.jpg\" data-large-file=\"https:\/\/wp.ufpel.edu.br\/malg\/files\/2016\/10\/329-Flores-e-plumas-01-984x220.jpg\" src=\"https:\/\/i0.wp.com\/wp.ufpel.edu.br\/malg\/files\/2016\/10\/329-Flores-e-plumas-01.jpg?w=176&#038;h=249&#038;ssl=1\" srcset=\"https:\/\/wp.ufpel.edu.br\/malg\/files\/2016\/10\/329-Flores-e-plumas-01.jpg 992w, https:\/\/wp.ufpel.edu.br\/malg\/files\/2016\/10\/329-Flores-e-plumas-01-112x159.jpg 112w, https:\/\/wp.ufpel.edu.br\/malg\/files\/2016\/10\/329-Flores-e-plumas-01-225x318.jpg 225w, https:\/\/wp.ufpel.edu.br\/malg\/files\/2016\/10\/329-Flores-e-plumas-01-768x1086.jpg 768w\" width=\"176\" height=\"249\" loading=\"lazy\" data-original-width=\"176\" data-original-height=\"249\" itemprop=\"http:\/\/schema.org\/image\" title=\"329-flores-e-plumas-01\" alt=\"329-flores-e-plumas-01\" style=\"width: 176px; height: 249px;\" \/> <\/a> <\/div> <\/div> <!-- close group --> <div class=\"gallery-group images-1\" style=\"width: 180px; height: 253px;\" data-original-width=\"180\" data-original-height=\"253\" > <div class=\"tiled-gallery-item tiled-gallery-item-small\" itemprop=\"associatedMedia\" itemscope itemtype=\"http:\/\/schema.org\/ImageObject\"> <a href=\"https:\/\/wp.ufpel.edu.br\/malg\/acervo\/330-o-velho-do-cachimbo-01\/#main\" border=\"0\" itemprop=\"url\"> <meta itemprop=\"width\" content=\"176\"> <meta itemprop=\"height\" content=\"249\"> <img decoding=\"async\" class=\"\" data-attachment-id=\"573\" data-orig-file=\"https:\/\/wp.ufpel.edu.br\/malg\/files\/2016\/10\/330-O-velho-do-cachimbo-01.jpg\" data-orig-size=\"992,1403\" data-comments-opened=\"\" data-image-meta=\"{&quot;aperture&quot;:&quot;0&quot;,&quot;credit&quot;:&quot;&quot;,&quot;camera&quot;:&quot;&quot;,&quot;caption&quot;:&quot;&quot;,&quot;created_timestamp&quot;:&quot;0&quot;,&quot;copyright&quot;:&quot;&quot;,&quot;focal_length&quot;:&quot;0&quot;,&quot;iso&quot;:&quot;0&quot;,&quot;shutter_speed&quot;:&quot;0&quot;,&quot;title&quot;:&quot;&quot;,&quot;orientation&quot;:&quot;0&quot;}\" data-image-title=\"330-o-velho-do-cachimbo-01\" data-image-description=\"\" data-medium-file=\"https:\/\/wp.ufpel.edu.br\/malg\/files\/2016\/10\/330-O-velho-do-cachimbo-01-225x318.jpg\" data-large-file=\"https:\/\/wp.ufpel.edu.br\/malg\/files\/2016\/10\/330-O-velho-do-cachimbo-01-984x220.jpg\" src=\"https:\/\/i0.wp.com\/wp.ufpel.edu.br\/malg\/files\/2016\/10\/330-O-velho-do-cachimbo-01.jpg?w=176&#038;h=249&#038;ssl=1\" srcset=\"https:\/\/wp.ufpel.edu.br\/malg\/files\/2016\/10\/330-O-velho-do-cachimbo-01.jpg 992w, https:\/\/wp.ufpel.edu.br\/malg\/files\/2016\/10\/330-O-velho-do-cachimbo-01-112x159.jpg 112w, https:\/\/wp.ufpel.edu.br\/malg\/files\/2016\/10\/330-O-velho-do-cachimbo-01-225x318.jpg 225w, https:\/\/wp.ufpel.edu.br\/malg\/files\/2016\/10\/330-O-velho-do-cachimbo-01-768x1086.jpg 768w\" width=\"176\" height=\"249\" loading=\"lazy\" data-original-width=\"176\" data-original-height=\"249\" itemprop=\"http:\/\/schema.org\/image\" title=\"330-o-velho-do-cachimbo-01\" alt=\"330-o-velho-do-cachimbo-01\" style=\"width: 176px; height: 249px;\" \/> <\/a> <\/div> <\/div> <!-- close group --> <div class=\"gallery-group images-1\" style=\"width: 180px; height: 253px;\" data-original-width=\"180\" data-original-height=\"253\" > <div class=\"tiled-gallery-item tiled-gallery-item-small\" itemprop=\"associatedMedia\" itemscope itemtype=\"http:\/\/schema.org\/ImageObject\"> <a href=\"https:\/\/wp.ufpel.edu.br\/malg\/acervo\/331-estudo-de-nu-01\/#main\" border=\"0\" itemprop=\"url\"> <meta itemprop=\"width\" content=\"176\"> <meta itemprop=\"height\" content=\"249\"> <img decoding=\"async\" class=\"\" data-attachment-id=\"572\" data-orig-file=\"https:\/\/wp.ufpel.edu.br\/malg\/files\/2016\/10\/331-Estudo-de-nu-01.jpg\" data-orig-size=\"992,1403\" data-comments-opened=\"\" data-image-meta=\"{&quot;aperture&quot;:&quot;0&quot;,&quot;credit&quot;:&quot;&quot;,&quot;camera&quot;:&quot;&quot;,&quot;caption&quot;:&quot;&quot;,&quot;created_timestamp&quot;:&quot;0&quot;,&quot;copyright&quot;:&quot;&quot;,&quot;focal_length&quot;:&quot;0&quot;,&quot;iso&quot;:&quot;0&quot;,&quot;shutter_speed&quot;:&quot;0&quot;,&quot;title&quot;:&quot;&quot;,&quot;orientation&quot;:&quot;0&quot;}\" data-image-title=\"331-estudo-de-nu-01\" data-image-description=\"\" data-medium-file=\"https:\/\/wp.ufpel.edu.br\/malg\/files\/2016\/10\/331-Estudo-de-nu-01-225x318.jpg\" data-large-file=\"https:\/\/wp.ufpel.edu.br\/malg\/files\/2016\/10\/331-Estudo-de-nu-01-984x220.jpg\" src=\"https:\/\/i0.wp.com\/wp.ufpel.edu.br\/malg\/files\/2016\/10\/331-Estudo-de-nu-01.jpg?w=176&#038;h=249&#038;ssl=1\" srcset=\"https:\/\/wp.ufpel.edu.br\/malg\/files\/2016\/10\/331-Estudo-de-nu-01.jpg 992w, https:\/\/wp.ufpel.edu.br\/malg\/files\/2016\/10\/331-Estudo-de-nu-01-112x159.jpg 112w, https:\/\/wp.ufpel.edu.br\/malg\/files\/2016\/10\/331-Estudo-de-nu-01-225x318.jpg 225w, https:\/\/wp.ufpel.edu.br\/malg\/files\/2016\/10\/331-Estudo-de-nu-01-768x1086.jpg 768w\" width=\"176\" height=\"249\" loading=\"lazy\" data-original-width=\"176\" data-original-height=\"249\" itemprop=\"http:\/\/schema.org\/image\" title=\"331-estudo-de-nu-01\" alt=\"331-estudo-de-nu-01\" style=\"width: 176px; height: 249px;\" \/> <\/a> <\/div> <\/div> <!-- close group --> <\/div> <!-- close row --> <div class=\"gallery-row\" style=\"width: 720px; height: 507px;\" data-original-width=\"720\" data-original-height=\"507\" > <div class=\"gallery-group images-1\" style=\"width: 360px; height: 507px;\" data-original-width=\"360\" data-original-height=\"507\" > <div class=\"tiled-gallery-item tiled-gallery-item-large\" itemprop=\"associatedMedia\" itemscope itemtype=\"http:\/\/schema.org\/ImageObject\"> <a href=\"https:\/\/wp.ufpel.edu.br\/malg\/acervo\/332-dalias-rabos-de-galo-01\/#main\" border=\"0\" itemprop=\"url\"> <meta itemprop=\"width\" content=\"356\"> <meta itemprop=\"height\" content=\"503\"> <img decoding=\"async\" class=\"\" data-attachment-id=\"571\" data-orig-file=\"https:\/\/wp.ufpel.edu.br\/malg\/files\/2016\/10\/332-D\u00e1lias-rabos-de-galo-01.jpg\" data-orig-size=\"992,1403\" data-comments-opened=\"\" data-image-meta=\"{&quot;aperture&quot;:&quot;0&quot;,&quot;credit&quot;:&quot;&quot;,&quot;camera&quot;:&quot;&quot;,&quot;caption&quot;:&quot;&quot;,&quot;created_timestamp&quot;:&quot;0&quot;,&quot;copyright&quot;:&quot;&quot;,&quot;focal_length&quot;:&quot;0&quot;,&quot;iso&quot;:&quot;0&quot;,&quot;shutter_speed&quot;:&quot;0&quot;,&quot;title&quot;:&quot;&quot;,&quot;orientation&quot;:&quot;0&quot;}\" data-image-title=\"332-dalias-rabos-de-galo-01\" data-image-description=\"\" data-medium-file=\"https:\/\/wp.ufpel.edu.br\/malg\/files\/2016\/10\/332-D\u00e1lias-rabos-de-galo-01-225x318.jpg\" data-large-file=\"https:\/\/wp.ufpel.edu.br\/malg\/files\/2016\/10\/332-D\u00e1lias-rabos-de-galo-01-984x220.jpg\" src=\"https:\/\/i0.wp.com\/wp.ufpel.edu.br\/malg\/files\/2016\/10\/332-D%C3%A1lias-rabos-de-galo-01.jpg?w=356&#038;h=503&#038;ssl=1\" width=\"356\" height=\"503\" loading=\"lazy\" data-original-width=\"356\" data-original-height=\"503\" itemprop=\"http:\/\/schema.org\/image\" title=\"332-dalias-rabos-de-galo-01\" alt=\"332-dalias-rabos-de-galo-01\" style=\"width: 356px; height: 503px;\" \/> <\/a> <\/div> <\/div> <!-- close group --> <div class=\"gallery-group images-1\" style=\"width: 360px; height: 507px;\" data-original-width=\"360\" data-original-height=\"507\" > <div class=\"tiled-gallery-item tiled-gallery-item-large\" itemprop=\"associatedMedia\" itemscope itemtype=\"http:\/\/schema.org\/ImageObject\"> <a href=\"https:\/\/wp.ufpel.edu.br\/malg\/acervo\/333-dora-com-leque-de-plumas-01\/#main\" border=\"0\" itemprop=\"url\"> <meta itemprop=\"width\" content=\"356\"> <meta itemprop=\"height\" content=\"503\"> <img decoding=\"async\" class=\"\" data-attachment-id=\"570\" data-orig-file=\"https:\/\/wp.ufpel.edu.br\/malg\/files\/2016\/10\/333-Dora-com-leque-de-plumas-01.jpg\" data-orig-size=\"992,1403\" data-comments-opened=\"\" data-image-meta=\"{&quot;aperture&quot;:&quot;0&quot;,&quot;credit&quot;:&quot;&quot;,&quot;camera&quot;:&quot;&quot;,&quot;caption&quot;:&quot;&quot;,&quot;created_timestamp&quot;:&quot;0&quot;,&quot;copyright&quot;:&quot;&quot;,&quot;focal_length&quot;:&quot;0&quot;,&quot;iso&quot;:&quot;0&quot;,&quot;shutter_speed&quot;:&quot;0&quot;,&quot;title&quot;:&quot;&quot;,&quot;orientation&quot;:&quot;0&quot;}\" data-image-title=\"333-dora-com-leque-de-plumas-01\" data-image-description=\"\" data-medium-file=\"https:\/\/wp.ufpel.edu.br\/malg\/files\/2016\/10\/333-Dora-com-leque-de-plumas-01-225x318.jpg\" data-large-file=\"https:\/\/wp.ufpel.edu.br\/malg\/files\/2016\/10\/333-Dora-com-leque-de-plumas-01-984x220.jpg\" src=\"https:\/\/i0.wp.com\/wp.ufpel.edu.br\/malg\/files\/2016\/10\/333-Dora-com-leque-de-plumas-01.jpg?w=356&#038;h=503&#038;ssl=1\" srcset=\"https:\/\/wp.ufpel.edu.br\/malg\/files\/2016\/10\/333-Dora-com-leque-de-plumas-01.jpg 992w, https:\/\/wp.ufpel.edu.br\/malg\/files\/2016\/10\/333-Dora-com-leque-de-plumas-01-112x159.jpg 112w, https:\/\/wp.ufpel.edu.br\/malg\/files\/2016\/10\/333-Dora-com-leque-de-plumas-01-225x318.jpg 225w, https:\/\/wp.ufpel.edu.br\/malg\/files\/2016\/10\/333-Dora-com-leque-de-plumas-01-768x1086.jpg 768w\" width=\"356\" height=\"503\" loading=\"lazy\" data-original-width=\"356\" data-original-height=\"503\" itemprop=\"http:\/\/schema.org\/image\" title=\"333-dora-com-leque-de-plumas-01\" alt=\"333-dora-com-leque-de-plumas-01\" style=\"width: 356px; height: 503px;\" \/> <\/a> <\/div> <\/div> <!-- close group --> <\/div> <!-- close row --> <div class=\"gallery-row\" style=\"width: 720px; height: 253px;\" data-original-width=\"720\" data-original-height=\"253\" > <div class=\"gallery-group images-1\" style=\"width: 180px; height: 253px;\" data-original-width=\"180\" data-original-height=\"253\" > <div class=\"tiled-gallery-item tiled-gallery-item-small\" itemprop=\"associatedMedia\" itemscope itemtype=\"http:\/\/schema.org\/ImageObject\"> <a href=\"https:\/\/wp.ufpel.edu.br\/malg\/acervo\/334-baiana-01\/#main\" border=\"0\" itemprop=\"url\"> <meta itemprop=\"width\" content=\"176\"> <meta itemprop=\"height\" content=\"249\"> <img decoding=\"async\" class=\"\" data-attachment-id=\"569\" data-orig-file=\"https:\/\/wp.ufpel.edu.br\/malg\/files\/2016\/10\/334-Baiana-01.jpg\" data-orig-size=\"992,1403\" data-comments-opened=\"\" data-image-meta=\"{&quot;aperture&quot;:&quot;0&quot;,&quot;credit&quot;:&quot;&quot;,&quot;camera&quot;:&quot;&quot;,&quot;caption&quot;:&quot;&quot;,&quot;created_timestamp&quot;:&quot;0&quot;,&quot;copyright&quot;:&quot;&quot;,&quot;focal_length&quot;:&quot;0&quot;,&quot;iso&quot;:&quot;0&quot;,&quot;shutter_speed&quot;:&quot;0&quot;,&quot;title&quot;:&quot;&quot;,&quot;orientation&quot;:&quot;0&quot;}\" data-image-title=\"334-baiana-01\" data-image-description=\"\" data-medium-file=\"https:\/\/wp.ufpel.edu.br\/malg\/files\/2016\/10\/334-Baiana-01-225x318.jpg\" data-large-file=\"https:\/\/wp.ufpel.edu.br\/malg\/files\/2016\/10\/334-Baiana-01-984x220.jpg\" src=\"https:\/\/i0.wp.com\/wp.ufpel.edu.br\/malg\/files\/2016\/10\/334-Baiana-01.jpg?w=176&#038;h=249&#038;ssl=1\" srcset=\"https:\/\/wp.ufpel.edu.br\/malg\/files\/2016\/10\/334-Baiana-01.jpg 992w, https:\/\/wp.ufpel.edu.br\/malg\/files\/2016\/10\/334-Baiana-01-112x159.jpg 112w, https:\/\/wp.ufpel.edu.br\/malg\/files\/2016\/10\/334-Baiana-01-225x318.jpg 225w, https:\/\/wp.ufpel.edu.br\/malg\/files\/2016\/10\/334-Baiana-01-768x1086.jpg 768w\" width=\"176\" height=\"249\" loading=\"lazy\" data-original-width=\"176\" data-original-height=\"249\" itemprop=\"http:\/\/schema.org\/image\" title=\"334-baiana-01\" alt=\"334-baiana-01\" style=\"width: 176px; height: 249px;\" \/> <\/a> <\/div> <\/div> <!-- close group --> <div class=\"gallery-group images-1\" style=\"width: 180px; height: 253px;\" data-original-width=\"180\" data-original-height=\"253\" > <div class=\"tiled-gallery-item tiled-gallery-item-small\" itemprop=\"associatedMedia\" itemscope itemtype=\"http:\/\/schema.org\/ImageObject\"> <a href=\"https:\/\/wp.ufpel.edu.br\/malg\/acervo\/335-nossa-chacara-01\/#main\" border=\"0\" itemprop=\"url\"> <meta itemprop=\"width\" content=\"176\"> <meta itemprop=\"height\" content=\"249\"> <img decoding=\"async\" class=\"\" data-attachment-id=\"568\" data-orig-file=\"https:\/\/wp.ufpel.edu.br\/malg\/files\/2016\/10\/335-Nossa-Ch\u00e1cara-01.jpg\" data-orig-size=\"992,1403\" data-comments-opened=\"\" data-image-meta=\"{&quot;aperture&quot;:&quot;0&quot;,&quot;credit&quot;:&quot;&quot;,&quot;camera&quot;:&quot;&quot;,&quot;caption&quot;:&quot;&quot;,&quot;created_timestamp&quot;:&quot;0&quot;,&quot;copyright&quot;:&quot;&quot;,&quot;focal_length&quot;:&quot;0&quot;,&quot;iso&quot;:&quot;0&quot;,&quot;shutter_speed&quot;:&quot;0&quot;,&quot;title&quot;:&quot;&quot;,&quot;orientation&quot;:&quot;0&quot;}\" data-image-title=\"335-nossa-chacara-01\" data-image-description=\"\" data-medium-file=\"https:\/\/wp.ufpel.edu.br\/malg\/files\/2016\/10\/335-Nossa-Ch\u00e1cara-01-225x318.jpg\" data-large-file=\"https:\/\/wp.ufpel.edu.br\/malg\/files\/2016\/10\/335-Nossa-Ch\u00e1cara-01-984x220.jpg\" src=\"https:\/\/i0.wp.com\/wp.ufpel.edu.br\/malg\/files\/2016\/10\/335-Nossa-Ch%C3%A1cara-01.jpg?w=176&#038;h=249&#038;ssl=1\" width=\"176\" height=\"249\" loading=\"lazy\" data-original-width=\"176\" data-original-height=\"249\" itemprop=\"http:\/\/schema.org\/image\" title=\"335-nossa-chacara-01\" alt=\"335-nossa-chacara-01\" style=\"width: 176px; height: 249px;\" \/> <\/a> <\/div> <\/div> <!-- close group --> <div class=\"gallery-group images-1\" style=\"width: 180px; height: 253px;\" data-original-width=\"180\" data-original-height=\"253\" > <div class=\"tiled-gallery-item tiled-gallery-item-small\" itemprop=\"associatedMedia\" itemscope itemtype=\"http:\/\/schema.org\/ImageObject\"> <a href=\"https:\/\/wp.ufpel.edu.br\/malg\/acervo\/336-autorretrato-com-oculos-01\/#main\" border=\"0\" itemprop=\"url\"> <meta itemprop=\"width\" content=\"176\"> <meta itemprop=\"height\" content=\"249\"> <img decoding=\"async\" class=\"\" data-attachment-id=\"567\" data-orig-file=\"https:\/\/wp.ufpel.edu.br\/malg\/files\/2016\/10\/336-Autorretrato-com-\u00f3culos-01.jpg\" data-orig-size=\"992,1403\" data-comments-opened=\"\" data-image-meta=\"{&quot;aperture&quot;:&quot;0&quot;,&quot;credit&quot;:&quot;&quot;,&quot;camera&quot;:&quot;&quot;,&quot;caption&quot;:&quot;&quot;,&quot;created_timestamp&quot;:&quot;0&quot;,&quot;copyright&quot;:&quot;&quot;,&quot;focal_length&quot;:&quot;0&quot;,&quot;iso&quot;:&quot;0&quot;,&quot;shutter_speed&quot;:&quot;0&quot;,&quot;title&quot;:&quot;&quot;,&quot;orientation&quot;:&quot;0&quot;}\" data-image-title=\"336-autorretrato-com-oculos-01\" data-image-description=\"\" data-medium-file=\"https:\/\/wp.ufpel.edu.br\/malg\/files\/2016\/10\/336-Autorretrato-com-\u00f3culos-01-225x318.jpg\" data-large-file=\"https:\/\/wp.ufpel.edu.br\/malg\/files\/2016\/10\/336-Autorretrato-com-\u00f3culos-01-984x220.jpg\" src=\"https:\/\/i0.wp.com\/wp.ufpel.edu.br\/malg\/files\/2016\/10\/336-Autorretrato-com-%C3%B3culos-01.jpg?w=176&#038;h=249&#038;ssl=1\" width=\"176\" height=\"249\" loading=\"lazy\" data-original-width=\"176\" data-original-height=\"249\" itemprop=\"http:\/\/schema.org\/image\" title=\"336-autorretrato-com-oculos-01\" alt=\"336-autorretrato-com-oculos-01\" style=\"width: 176px; height: 249px;\" \/> <\/a> <\/div> <\/div> <!-- close group --> <div class=\"gallery-group images-1\" style=\"width: 180px; height: 253px;\" data-original-width=\"180\" data-original-height=\"253\" > <div class=\"tiled-gallery-item tiled-gallery-item-small\" itemprop=\"associatedMedia\" itemscope itemtype=\"http:\/\/schema.org\/ImageObject\"> <a href=\"https:\/\/wp.ufpel.edu.br\/malg\/acervo\/337-as-uvas-dos-meus-80-anos-01\/#main\" border=\"0\" itemprop=\"url\"> <meta itemprop=\"width\" content=\"176\"> <meta itemprop=\"height\" content=\"249\"> <img decoding=\"async\" class=\"\" data-attachment-id=\"566\" data-orig-file=\"https:\/\/wp.ufpel.edu.br\/malg\/files\/2016\/10\/337-As-uvas-dos-meus-80-anos-01.jpg\" data-orig-size=\"992,1403\" data-comments-opened=\"\" data-image-meta=\"{&quot;aperture&quot;:&quot;0&quot;,&quot;credit&quot;:&quot;&quot;,&quot;camera&quot;:&quot;&quot;,&quot;caption&quot;:&quot;&quot;,&quot;created_timestamp&quot;:&quot;0&quot;,&quot;copyright&quot;:&quot;&quot;,&quot;focal_length&quot;:&quot;0&quot;,&quot;iso&quot;:&quot;0&quot;,&quot;shutter_speed&quot;:&quot;0&quot;,&quot;title&quot;:&quot;&quot;,&quot;orientation&quot;:&quot;0&quot;}\" data-image-title=\"337-as-uvas-dos-meus-80-anos-01\" data-image-description=\"\" data-medium-file=\"https:\/\/wp.ufpel.edu.br\/malg\/files\/2016\/10\/337-As-uvas-dos-meus-80-anos-01-225x318.jpg\" data-large-file=\"https:\/\/wp.ufpel.edu.br\/malg\/files\/2016\/10\/337-As-uvas-dos-meus-80-anos-01-984x220.jpg\" src=\"https:\/\/i0.wp.com\/wp.ufpel.edu.br\/malg\/files\/2016\/10\/337-As-uvas-dos-meus-80-anos-01.jpg?w=176&#038;h=249&#038;ssl=1\" srcset=\"https:\/\/wp.ufpel.edu.br\/malg\/files\/2016\/10\/337-As-uvas-dos-meus-80-anos-01.jpg 992w, https:\/\/wp.ufpel.edu.br\/malg\/files\/2016\/10\/337-As-uvas-dos-meus-80-anos-01-112x159.jpg 112w, https:\/\/wp.ufpel.edu.br\/malg\/files\/2016\/10\/337-As-uvas-dos-meus-80-anos-01-225x318.jpg 225w, https:\/\/wp.ufpel.edu.br\/malg\/files\/2016\/10\/337-As-uvas-dos-meus-80-anos-01-768x1086.jpg 768w\" width=\"176\" height=\"249\" loading=\"lazy\" data-original-width=\"176\" data-original-height=\"249\" itemprop=\"http:\/\/schema.org\/image\" title=\"337-as-uvas-dos-meus-80-anos-01\" alt=\"337-as-uvas-dos-meus-80-anos-01\" style=\"width: 176px; height: 249px;\" \/> <\/a> <\/div> <\/div> <!-- close group --> <\/div> <!-- close row --> <div class=\"gallery-row\" style=\"width: 720px; height: 338px;\" data-original-width=\"720\" data-original-height=\"338\" > <div class=\"gallery-group images-1\" style=\"width: 240px; height: 338px;\" data-original-width=\"240\" data-original-height=\"338\" > <div class=\"tiled-gallery-item tiled-gallery-item-small\" itemprop=\"associatedMedia\" itemscope itemtype=\"http:\/\/schema.org\/ImageObject\"> <a href=\"https:\/\/wp.ufpel.edu.br\/malg\/acervo\/338-flores-vermelhas-em-vaso-dourado-01\/#main\" border=\"0\" itemprop=\"url\"> <meta itemprop=\"width\" content=\"236\"> <meta itemprop=\"height\" content=\"334\"> <img decoding=\"async\" class=\"\" data-attachment-id=\"565\" data-orig-file=\"https:\/\/wp.ufpel.edu.br\/malg\/files\/2016\/10\/338-Flores-vermelhas-em-vaso-dourado-01.jpg\" data-orig-size=\"992,1403\" data-comments-opened=\"\" data-image-meta=\"{&quot;aperture&quot;:&quot;0&quot;,&quot;credit&quot;:&quot;&quot;,&quot;camera&quot;:&quot;&quot;,&quot;caption&quot;:&quot;&quot;,&quot;created_timestamp&quot;:&quot;0&quot;,&quot;copyright&quot;:&quot;&quot;,&quot;focal_length&quot;:&quot;0&quot;,&quot;iso&quot;:&quot;0&quot;,&quot;shutter_speed&quot;:&quot;0&quot;,&quot;title&quot;:&quot;&quot;,&quot;orientation&quot;:&quot;0&quot;}\" data-image-title=\"338-flores-vermelhas-em-vaso-dourado-01\" data-image-description=\"\" data-medium-file=\"https:\/\/wp.ufpel.edu.br\/malg\/files\/2016\/10\/338-Flores-vermelhas-em-vaso-dourado-01-225x318.jpg\" data-large-file=\"https:\/\/wp.ufpel.edu.br\/malg\/files\/2016\/10\/338-Flores-vermelhas-em-vaso-dourado-01-984x220.jpg\" src=\"https:\/\/i0.wp.com\/wp.ufpel.edu.br\/malg\/files\/2016\/10\/338-Flores-vermelhas-em-vaso-dourado-01.jpg?w=236&#038;h=334&#038;ssl=1\" srcset=\"https:\/\/wp.ufpel.edu.br\/malg\/files\/2016\/10\/338-Flores-vermelhas-em-vaso-dourado-01.jpg 992w, https:\/\/wp.ufpel.edu.br\/malg\/files\/2016\/10\/338-Flores-vermelhas-em-vaso-dourado-01-112x159.jpg 112w, https:\/\/wp.ufpel.edu.br\/malg\/files\/2016\/10\/338-Flores-vermelhas-em-vaso-dourado-01-225x318.jpg 225w, https:\/\/wp.ufpel.edu.br\/malg\/files\/2016\/10\/338-Flores-vermelhas-em-vaso-dourado-01-768x1086.jpg 768w\" width=\"236\" height=\"334\" loading=\"lazy\" data-original-width=\"236\" data-original-height=\"334\" itemprop=\"http:\/\/schema.org\/image\" title=\"338-flores-vermelhas-em-vaso-dourado-01\" alt=\"338-flores-vermelhas-em-vaso-dourado-01\" style=\"width: 236px; height: 334px;\" \/> <\/a> <\/div> <\/div> <!-- close group --> <div class=\"gallery-group images-1\" style=\"width: 240px; height: 338px;\" data-original-width=\"240\" data-original-height=\"338\" > <div class=\"tiled-gallery-item tiled-gallery-item-small\" itemprop=\"associatedMedia\" itemscope itemtype=\"http:\/\/schema.org\/ImageObject\"> <a href=\"https:\/\/wp.ufpel.edu.br\/malg\/acervo\/339-moinho-01\/#main\" border=\"0\" itemprop=\"url\"> <meta itemprop=\"width\" content=\"236\"> <meta itemprop=\"height\" content=\"334\"> <img decoding=\"async\" class=\"\" data-attachment-id=\"564\" data-orig-file=\"https:\/\/wp.ufpel.edu.br\/malg\/files\/2016\/10\/339-Moinho-01.jpg\" data-orig-size=\"992,1403\" data-comments-opened=\"\" data-image-meta=\"{&quot;aperture&quot;:&quot;0&quot;,&quot;credit&quot;:&quot;&quot;,&quot;camera&quot;:&quot;&quot;,&quot;caption&quot;:&quot;&quot;,&quot;created_timestamp&quot;:&quot;0&quot;,&quot;copyright&quot;:&quot;&quot;,&quot;focal_length&quot;:&quot;0&quot;,&quot;iso&quot;:&quot;0&quot;,&quot;shutter_speed&quot;:&quot;0&quot;,&quot;title&quot;:&quot;&quot;,&quot;orientation&quot;:&quot;0&quot;}\" data-image-title=\"339-moinho-01\" data-image-description=\"\" data-medium-file=\"https:\/\/wp.ufpel.edu.br\/malg\/files\/2016\/10\/339-Moinho-01-225x318.jpg\" data-large-file=\"https:\/\/wp.ufpel.edu.br\/malg\/files\/2016\/10\/339-Moinho-01-984x220.jpg\" src=\"https:\/\/i0.wp.com\/wp.ufpel.edu.br\/malg\/files\/2016\/10\/339-Moinho-01.jpg?w=236&#038;h=334&#038;ssl=1\" srcset=\"https:\/\/wp.ufpel.edu.br\/malg\/files\/2016\/10\/339-Moinho-01.jpg 992w, https:\/\/wp.ufpel.edu.br\/malg\/files\/2016\/10\/339-Moinho-01-112x159.jpg 112w, https:\/\/wp.ufpel.edu.br\/malg\/files\/2016\/10\/339-Moinho-01-225x318.jpg 225w, https:\/\/wp.ufpel.edu.br\/malg\/files\/2016\/10\/339-Moinho-01-768x1086.jpg 768w\" width=\"236\" height=\"334\" loading=\"lazy\" data-original-width=\"236\" data-original-height=\"334\" itemprop=\"http:\/\/schema.org\/image\" title=\"339-moinho-01\" alt=\"339-moinho-01\" style=\"width: 236px; height: 334px;\" \/> <\/a> <\/div> <\/div> <!-- close group --> <div class=\"gallery-group images-1\" style=\"width: 240px; height: 338px;\" data-original-width=\"240\" data-original-height=\"338\" > <div class=\"tiled-gallery-item tiled-gallery-item-small\" itemprop=\"associatedMedia\" itemscope itemtype=\"http:\/\/schema.org\/ImageObject\"> <a href=\"https:\/\/wp.ufpel.edu.br\/malg\/acervo\/340-a-moca-da-blusa-branca-01\/#main\" border=\"0\" itemprop=\"url\"> <meta itemprop=\"width\" content=\"236\"> <meta itemprop=\"height\" content=\"334\"> <img decoding=\"async\" class=\"\" data-attachment-id=\"563\" data-orig-file=\"https:\/\/wp.ufpel.edu.br\/malg\/files\/2016\/10\/340-A-mo\u00e7a-da-blusa-branca-01.jpg\" data-orig-size=\"992,1403\" data-comments-opened=\"\" data-image-meta=\"{&quot;aperture&quot;:&quot;0&quot;,&quot;credit&quot;:&quot;&quot;,&quot;camera&quot;:&quot;&quot;,&quot;caption&quot;:&quot;&quot;,&quot;created_timestamp&quot;:&quot;0&quot;,&quot;copyright&quot;:&quot;&quot;,&quot;focal_length&quot;:&quot;0&quot;,&quot;iso&quot;:&quot;0&quot;,&quot;shutter_speed&quot;:&quot;0&quot;,&quot;title&quot;:&quot;&quot;,&quot;orientation&quot;:&quot;0&quot;}\" data-image-title=\"340-a-moca-da-blusa-branca-01\" data-image-description=\"\" data-medium-file=\"https:\/\/wp.ufpel.edu.br\/malg\/files\/2016\/10\/340-A-mo\u00e7a-da-blusa-branca-01-225x318.jpg\" data-large-file=\"https:\/\/wp.ufpel.edu.br\/malg\/files\/2016\/10\/340-A-mo\u00e7a-da-blusa-branca-01-984x220.jpg\" src=\"https:\/\/i0.wp.com\/wp.ufpel.edu.br\/malg\/files\/2016\/10\/340-A-mo%C3%A7a-da-blusa-branca-01.jpg?w=236&#038;h=334&#038;ssl=1\" width=\"236\" height=\"334\" loading=\"lazy\" data-original-width=\"236\" data-original-height=\"334\" itemprop=\"http:\/\/schema.org\/image\" title=\"340-a-moca-da-blusa-branca-01\" alt=\"340-a-moca-da-blusa-branca-01\" style=\"width: 236px; height: 334px;\" \/> <\/a> <\/div> <\/div> <!-- close group --> <\/div> <!-- close row --> <div class=\"gallery-row\" style=\"width: 720px; height: 253px;\" data-original-width=\"720\" data-original-height=\"253\" > <div class=\"gallery-group images-1\" style=\"width: 180px; height: 253px;\" data-original-width=\"180\" data-original-height=\"253\" > <div class=\"tiled-gallery-item tiled-gallery-item-small\" itemprop=\"associatedMedia\" itemscope itemtype=\"http:\/\/schema.org\/ImageObject\"> <a href=\"https:\/\/wp.ufpel.edu.br\/malg\/acervo\/341-o-velho-gale-01\/#main\" border=\"0\" itemprop=\"url\"> <meta itemprop=\"width\" content=\"176\"> <meta itemprop=\"height\" content=\"249\"> <img decoding=\"async\" class=\"\" data-attachment-id=\"562\" data-orig-file=\"https:\/\/wp.ufpel.edu.br\/malg\/files\/2016\/10\/341-O-velho-gal\u00e9-01.jpg\" data-orig-size=\"992,1403\" data-comments-opened=\"\" data-image-meta=\"{&quot;aperture&quot;:&quot;0&quot;,&quot;credit&quot;:&quot;&quot;,&quot;camera&quot;:&quot;&quot;,&quot;caption&quot;:&quot;&quot;,&quot;created_timestamp&quot;:&quot;0&quot;,&quot;copyright&quot;:&quot;&quot;,&quot;focal_length&quot;:&quot;0&quot;,&quot;iso&quot;:&quot;0&quot;,&quot;shutter_speed&quot;:&quot;0&quot;,&quot;title&quot;:&quot;&quot;,&quot;orientation&quot;:&quot;0&quot;}\" data-image-title=\"341-o-velho-gale-01\" data-image-description=\"\" data-medium-file=\"https:\/\/wp.ufpel.edu.br\/malg\/files\/2016\/10\/341-O-velho-gal\u00e9-01-225x318.jpg\" data-large-file=\"https:\/\/wp.ufpel.edu.br\/malg\/files\/2016\/10\/341-O-velho-gal\u00e9-01-984x220.jpg\" src=\"https:\/\/i0.wp.com\/wp.ufpel.edu.br\/malg\/files\/2016\/10\/341-O-velho-gal%C3%A9-01.jpg?w=176&#038;h=249&#038;ssl=1\" width=\"176\" height=\"249\" loading=\"lazy\" data-original-width=\"176\" data-original-height=\"249\" itemprop=\"http:\/\/schema.org\/image\" title=\"341-o-velho-gale-01\" alt=\"341-o-velho-gale-01\" style=\"width: 176px; height: 249px;\" \/> <\/a> <\/div> <\/div> <!-- close group --> <div class=\"gallery-group images-1\" style=\"width: 180px; height: 253px;\" data-original-width=\"180\" data-original-height=\"253\" > <div class=\"tiled-gallery-item tiled-gallery-item-small\" itemprop=\"associatedMedia\" itemscope itemtype=\"http:\/\/schema.org\/ImageObject\"> <a href=\"https:\/\/wp.ufpel.edu.br\/malg\/acervo\/342-rancho-da-tia-domingas-01\/#main\" border=\"0\" itemprop=\"url\"> <meta itemprop=\"width\" content=\"176\"> <meta itemprop=\"height\" content=\"249\"> <img decoding=\"async\" class=\"\" data-attachment-id=\"561\" data-orig-file=\"https:\/\/wp.ufpel.edu.br\/malg\/files\/2016\/10\/342-Rancho-da-tia-Domingas-01.jpg\" data-orig-size=\"992,1403\" data-comments-opened=\"\" data-image-meta=\"{&quot;aperture&quot;:&quot;0&quot;,&quot;credit&quot;:&quot;&quot;,&quot;camera&quot;:&quot;&quot;,&quot;caption&quot;:&quot;&quot;,&quot;created_timestamp&quot;:&quot;0&quot;,&quot;copyright&quot;:&quot;&quot;,&quot;focal_length&quot;:&quot;0&quot;,&quot;iso&quot;:&quot;0&quot;,&quot;shutter_speed&quot;:&quot;0&quot;,&quot;title&quot;:&quot;&quot;,&quot;orientation&quot;:&quot;0&quot;}\" data-image-title=\"342-rancho-da-tia-domingas-01\" data-image-description=\"\" data-medium-file=\"https:\/\/wp.ufpel.edu.br\/malg\/files\/2016\/10\/342-Rancho-da-tia-Domingas-01-225x318.jpg\" data-large-file=\"https:\/\/wp.ufpel.edu.br\/malg\/files\/2016\/10\/342-Rancho-da-tia-Domingas-01-984x220.jpg\" src=\"https:\/\/i0.wp.com\/wp.ufpel.edu.br\/malg\/files\/2016\/10\/342-Rancho-da-tia-Domingas-01.jpg?w=176&#038;h=249&#038;ssl=1\" srcset=\"https:\/\/wp.ufpel.edu.br\/malg\/files\/2016\/10\/342-Rancho-da-tia-Domingas-01.jpg 992w, https:\/\/wp.ufpel.edu.br\/malg\/files\/2016\/10\/342-Rancho-da-tia-Domingas-01-112x159.jpg 112w, https:\/\/wp.ufpel.edu.br\/malg\/files\/2016\/10\/342-Rancho-da-tia-Domingas-01-225x318.jpg 225w, https:\/\/wp.ufpel.edu.br\/malg\/files\/2016\/10\/342-Rancho-da-tia-Domingas-01-768x1086.jpg 768w\" width=\"176\" height=\"249\" loading=\"lazy\" data-original-width=\"176\" data-original-height=\"249\" itemprop=\"http:\/\/schema.org\/image\" title=\"342-rancho-da-tia-domingas-01\" alt=\"342-rancho-da-tia-domingas-01\" style=\"width: 176px; height: 249px;\" \/> <\/a> <\/div> <\/div> <!-- close group --> <div class=\"gallery-group images-1\" style=\"width: 180px; height: 253px;\" data-original-width=\"180\" data-original-height=\"253\" > <div class=\"tiled-gallery-item tiled-gallery-item-small\" itemprop=\"associatedMedia\" itemscope itemtype=\"http:\/\/schema.org\/ImageObject\"> <a href=\"https:\/\/wp.ufpel.edu.br\/malg\/acervo\/343-le-vieux-pont-01\/#main\" border=\"0\" itemprop=\"url\"> <meta itemprop=\"width\" content=\"176\"> <meta itemprop=\"height\" content=\"249\"> <img decoding=\"async\" class=\"\" data-attachment-id=\"560\" data-orig-file=\"https:\/\/wp.ufpel.edu.br\/malg\/files\/2016\/10\/343-L\u00ea-vieux-pont-01.jpg\" data-orig-size=\"992,1403\" data-comments-opened=\"\" data-image-meta=\"{&quot;aperture&quot;:&quot;0&quot;,&quot;credit&quot;:&quot;&quot;,&quot;camera&quot;:&quot;&quot;,&quot;caption&quot;:&quot;&quot;,&quot;created_timestamp&quot;:&quot;0&quot;,&quot;copyright&quot;:&quot;&quot;,&quot;focal_length&quot;:&quot;0&quot;,&quot;iso&quot;:&quot;0&quot;,&quot;shutter_speed&quot;:&quot;0&quot;,&quot;title&quot;:&quot;&quot;,&quot;orientation&quot;:&quot;0&quot;}\" data-image-title=\"343-le-vieux-pont-01\" data-image-description=\"\" data-medium-file=\"https:\/\/wp.ufpel.edu.br\/malg\/files\/2016\/10\/343-L\u00ea-vieux-pont-01-225x318.jpg\" data-large-file=\"https:\/\/wp.ufpel.edu.br\/malg\/files\/2016\/10\/343-L\u00ea-vieux-pont-01-984x220.jpg\" src=\"https:\/\/i0.wp.com\/wp.ufpel.edu.br\/malg\/files\/2016\/10\/343-L%C3%AA-vieux-pont-01.jpg?w=176&#038;h=249&#038;ssl=1\" width=\"176\" height=\"249\" loading=\"lazy\" data-original-width=\"176\" data-original-height=\"249\" itemprop=\"http:\/\/schema.org\/image\" title=\"343-le-vieux-pont-01\" alt=\"343-le-vieux-pont-01\" style=\"width: 176px; height: 249px;\" \/> <\/a> <\/div> <\/div> <!-- close group --> <div class=\"gallery-group images-1\" style=\"width: 180px; height: 253px;\" data-original-width=\"180\" data-original-height=\"253\" > <div class=\"tiled-gallery-item tiled-gallery-item-small\" itemprop=\"associatedMedia\" itemscope itemtype=\"http:\/\/schema.org\/ImageObject\"> <a href=\"https:\/\/wp.ufpel.edu.br\/malg\/acervo\/344-crisantemos-01\/#main\" border=\"0\" itemprop=\"url\"> <meta itemprop=\"width\" content=\"176\"> <meta itemprop=\"height\" content=\"249\"> <img decoding=\"async\" class=\"\" data-attachment-id=\"559\" data-orig-file=\"https:\/\/wp.ufpel.edu.br\/malg\/files\/2016\/10\/344-Cris\u00e2ntemos-01.jpg\" data-orig-size=\"992,1403\" data-comments-opened=\"\" data-image-meta=\"{&quot;aperture&quot;:&quot;0&quot;,&quot;credit&quot;:&quot;&quot;,&quot;camera&quot;:&quot;&quot;,&quot;caption&quot;:&quot;&quot;,&quot;created_timestamp&quot;:&quot;0&quot;,&quot;copyright&quot;:&quot;&quot;,&quot;focal_length&quot;:&quot;0&quot;,&quot;iso&quot;:&quot;0&quot;,&quot;shutter_speed&quot;:&quot;0&quot;,&quot;title&quot;:&quot;&quot;,&quot;orientation&quot;:&quot;0&quot;}\" data-image-title=\"344-crisantemos-01\" data-image-description=\"\" data-medium-file=\"https:\/\/wp.ufpel.edu.br\/malg\/files\/2016\/10\/344-Cris\u00e2ntemos-01-225x318.jpg\" data-large-file=\"https:\/\/wp.ufpel.edu.br\/malg\/files\/2016\/10\/344-Cris\u00e2ntemos-01-984x220.jpg\" src=\"https:\/\/i0.wp.com\/wp.ufpel.edu.br\/malg\/files\/2016\/10\/344-Cris%C3%A2ntemos-01.jpg?w=176&#038;h=249&#038;ssl=1\" width=\"176\" height=\"249\" loading=\"lazy\" data-original-width=\"176\" data-original-height=\"249\" itemprop=\"http:\/\/schema.org\/image\" title=\"344-crisantemos-01\" alt=\"344-crisantemos-01\" style=\"width: 176px; height: 249px;\" \/> <\/a> <\/div> <\/div> <!-- close group --> <\/div> <!-- close row --> <div class=\"gallery-row\" style=\"width: 720px; height: 507px;\" data-original-width=\"720\" data-original-height=\"507\" > <div class=\"gallery-group images-1\" style=\"width: 360px; height: 507px;\" data-original-width=\"360\" data-original-height=\"507\" > <div class=\"tiled-gallery-item tiled-gallery-item-large\" itemprop=\"associatedMedia\" itemscope itemtype=\"http:\/\/schema.org\/ImageObject\"> <a href=\"https:\/\/wp.ufpel.edu.br\/malg\/acervo\/345-aspecto-de-amilie-les-01\/#main\" border=\"0\" itemprop=\"url\"> <meta itemprop=\"width\" content=\"356\"> <meta itemprop=\"height\" content=\"503\"> <img decoding=\"async\" class=\"\" data-attachment-id=\"558\" data-orig-file=\"https:\/\/wp.ufpel.edu.br\/malg\/files\/2016\/10\/345-Aspecto-de-Amilie-l\u00eas-01.jpg\" data-orig-size=\"992,1403\" data-comments-opened=\"\" data-image-meta=\"{&quot;aperture&quot;:&quot;0&quot;,&quot;credit&quot;:&quot;&quot;,&quot;camera&quot;:&quot;&quot;,&quot;caption&quot;:&quot;&quot;,&quot;created_timestamp&quot;:&quot;0&quot;,&quot;copyright&quot;:&quot;&quot;,&quot;focal_length&quot;:&quot;0&quot;,&quot;iso&quot;:&quot;0&quot;,&quot;shutter_speed&quot;:&quot;0&quot;,&quot;title&quot;:&quot;&quot;,&quot;orientation&quot;:&quot;0&quot;}\" data-image-title=\"345-aspecto-de-amilie-les-01\" data-image-description=\"\" data-medium-file=\"https:\/\/wp.ufpel.edu.br\/malg\/files\/2016\/10\/345-Aspecto-de-Amilie-l\u00eas-01-225x318.jpg\" data-large-file=\"https:\/\/wp.ufpel.edu.br\/malg\/files\/2016\/10\/345-Aspecto-de-Amilie-l\u00eas-01-984x220.jpg\" src=\"https:\/\/i0.wp.com\/wp.ufpel.edu.br\/malg\/files\/2016\/10\/345-Aspecto-de-Amilie-l%C3%AAs-01.jpg?w=356&#038;h=503&#038;ssl=1\" width=\"356\" height=\"503\" loading=\"lazy\" data-original-width=\"356\" data-original-height=\"503\" itemprop=\"http:\/\/schema.org\/image\" title=\"345-aspecto-de-amilie-les-01\" alt=\"345-aspecto-de-amilie-les-01\" style=\"width: 356px; height: 503px;\" \/> <\/a> <\/div> <\/div> <!-- close group --> <div class=\"gallery-group images-1\" style=\"width: 360px; height: 507px;\" data-original-width=\"360\" data-original-height=\"507\" > <div class=\"tiled-gallery-item tiled-gallery-item-large\" itemprop=\"associatedMedia\" itemscope itemtype=\"http:\/\/schema.org\/ImageObject\"> <a href=\"https:\/\/wp.ufpel.edu.br\/malg\/acervo\/346-jardim-japones-01\/#main\" border=\"0\" itemprop=\"url\"> <meta itemprop=\"width\" content=\"356\"> <meta itemprop=\"height\" content=\"503\"> <img decoding=\"async\" class=\"\" data-attachment-id=\"557\" data-orig-file=\"https:\/\/wp.ufpel.edu.br\/malg\/files\/2016\/10\/346-Jardim-japon\u00eas-01.jpg\" data-orig-size=\"992,1403\" data-comments-opened=\"\" data-image-meta=\"{&quot;aperture&quot;:&quot;0&quot;,&quot;credit&quot;:&quot;&quot;,&quot;camera&quot;:&quot;&quot;,&quot;caption&quot;:&quot;&quot;,&quot;created_timestamp&quot;:&quot;0&quot;,&quot;copyright&quot;:&quot;&quot;,&quot;focal_length&quot;:&quot;0&quot;,&quot;iso&quot;:&quot;0&quot;,&quot;shutter_speed&quot;:&quot;0&quot;,&quot;title&quot;:&quot;&quot;,&quot;orientation&quot;:&quot;0&quot;}\" data-image-title=\"346-jardim-japones-01\" data-image-description=\"\" data-medium-file=\"https:\/\/wp.ufpel.edu.br\/malg\/files\/2016\/10\/346-Jardim-japon\u00eas-01-225x318.jpg\" data-large-file=\"https:\/\/wp.ufpel.edu.br\/malg\/files\/2016\/10\/346-Jardim-japon\u00eas-01-984x220.jpg\" src=\"https:\/\/i0.wp.com\/wp.ufpel.edu.br\/malg\/files\/2016\/10\/346-Jardim-japon%C3%AAs-01.jpg?w=356&#038;h=503&#038;ssl=1\" width=\"356\" height=\"503\" loading=\"lazy\" data-original-width=\"356\" data-original-height=\"503\" itemprop=\"http:\/\/schema.org\/image\" title=\"346-jardim-japones-01\" alt=\"346-jardim-japones-01\" style=\"width: 356px; height: 503px;\" \/> <\/a> <\/div> <\/div> <!-- close group --> <\/div> <!-- close row --> <div class=\"gallery-row\" style=\"width: 720px; height: 253px;\" data-original-width=\"720\" data-original-height=\"253\" > <div class=\"gallery-group images-1\" style=\"width: 180px; height: 253px;\" data-original-width=\"180\" data-original-height=\"253\" > <div class=\"tiled-gallery-item tiled-gallery-item-small\" itemprop=\"associatedMedia\" itemscope itemtype=\"http:\/\/schema.org\/ImageObject\"> <a href=\"https:\/\/wp.ufpel.edu.br\/malg\/acervo\/347-therezopolis-01\/#main\" border=\"0\" itemprop=\"url\"> <meta itemprop=\"width\" content=\"176\"> <meta itemprop=\"height\" content=\"249\"> <img decoding=\"async\" class=\"\" data-attachment-id=\"556\" data-orig-file=\"https:\/\/wp.ufpel.edu.br\/malg\/files\/2016\/10\/347-Therez\u00f3polis-01.jpg\" data-orig-size=\"992,1403\" data-comments-opened=\"\" data-image-meta=\"{&quot;aperture&quot;:&quot;0&quot;,&quot;credit&quot;:&quot;&quot;,&quot;camera&quot;:&quot;&quot;,&quot;caption&quot;:&quot;&quot;,&quot;created_timestamp&quot;:&quot;0&quot;,&quot;copyright&quot;:&quot;&quot;,&quot;focal_length&quot;:&quot;0&quot;,&quot;iso&quot;:&quot;0&quot;,&quot;shutter_speed&quot;:&quot;0&quot;,&quot;title&quot;:&quot;&quot;,&quot;orientation&quot;:&quot;0&quot;}\" data-image-title=\"347-therezopolis-01\" data-image-description=\"\" data-medium-file=\"https:\/\/wp.ufpel.edu.br\/malg\/files\/2016\/10\/347-Therez\u00f3polis-01-225x318.jpg\" data-large-file=\"https:\/\/wp.ufpel.edu.br\/malg\/files\/2016\/10\/347-Therez\u00f3polis-01-984x220.jpg\" src=\"https:\/\/i0.wp.com\/wp.ufpel.edu.br\/malg\/files\/2016\/10\/347-Therez%C3%B3polis-01.jpg?w=176&#038;h=249&#038;ssl=1\" width=\"176\" height=\"249\" loading=\"lazy\" data-original-width=\"176\" data-original-height=\"249\" itemprop=\"http:\/\/schema.org\/image\" title=\"347-therezopolis-01\" alt=\"347-therezopolis-01\" style=\"width: 176px; height: 249px;\" \/> <\/a> <\/div> <\/div> <!-- close group --> <div class=\"gallery-group images-1\" style=\"width: 180px; height: 253px;\" data-original-width=\"180\" data-original-height=\"253\" > <div class=\"tiled-gallery-item tiled-gallery-item-small\" itemprop=\"associatedMedia\" itemscope itemtype=\"http:\/\/schema.org\/ImageObject\"> <a href=\"https:\/\/wp.ufpel.edu.br\/malg\/acervo\/348-natureza-morta-01\/#main\" border=\"0\" itemprop=\"url\"> <meta itemprop=\"width\" content=\"176\"> <meta itemprop=\"height\" content=\"249\"> <img decoding=\"async\" class=\"\" data-attachment-id=\"555\" data-orig-file=\"https:\/\/wp.ufpel.edu.br\/malg\/files\/2016\/10\/348-Natureza-morta-01.jpg\" data-orig-size=\"992,1403\" data-comments-opened=\"\" data-image-meta=\"{&quot;aperture&quot;:&quot;0&quot;,&quot;credit&quot;:&quot;&quot;,&quot;camera&quot;:&quot;&quot;,&quot;caption&quot;:&quot;&quot;,&quot;created_timestamp&quot;:&quot;0&quot;,&quot;copyright&quot;:&quot;&quot;,&quot;focal_length&quot;:&quot;0&quot;,&quot;iso&quot;:&quot;0&quot;,&quot;shutter_speed&quot;:&quot;0&quot;,&quot;title&quot;:&quot;&quot;,&quot;orientation&quot;:&quot;0&quot;}\" data-image-title=\"348-natureza-morta-01\" data-image-description=\"\" data-medium-file=\"https:\/\/wp.ufpel.edu.br\/malg\/files\/2016\/10\/348-Natureza-morta-01-225x318.jpg\" data-large-file=\"https:\/\/wp.ufpel.edu.br\/malg\/files\/2016\/10\/348-Natureza-morta-01-984x220.jpg\" src=\"https:\/\/i0.wp.com\/wp.ufpel.edu.br\/malg\/files\/2016\/10\/348-Natureza-morta-01.jpg?w=176&#038;h=249&#038;ssl=1\" srcset=\"https:\/\/wp.ufpel.edu.br\/malg\/files\/2016\/10\/348-Natureza-morta-01.jpg 992w, https:\/\/wp.ufpel.edu.br\/malg\/files\/2016\/10\/348-Natureza-morta-01-112x159.jpg 112w, https:\/\/wp.ufpel.edu.br\/malg\/files\/2016\/10\/348-Natureza-morta-01-225x318.jpg 225w, https:\/\/wp.ufpel.edu.br\/malg\/files\/2016\/10\/348-Natureza-morta-01-768x1086.jpg 768w\" width=\"176\" height=\"249\" loading=\"lazy\" data-original-width=\"176\" data-original-height=\"249\" itemprop=\"http:\/\/schema.org\/image\" title=\"348-natureza-morta-01\" alt=\"348-natureza-morta-01\" style=\"width: 176px; height: 249px;\" \/> <\/a> <\/div> <\/div> <!-- close group --> <div class=\"gallery-group images-1\" style=\"width: 180px; height: 253px;\" data-original-width=\"180\" data-original-height=\"253\" > <div class=\"tiled-gallery-item tiled-gallery-item-small\" itemprop=\"associatedMedia\" itemscope itemtype=\"http:\/\/schema.org\/ImageObject\"> <a href=\"https:\/\/wp.ufpel.edu.br\/malg\/acervo\/349-villa-piratiny-01\/#main\" border=\"0\" itemprop=\"url\"> <meta itemprop=\"width\" content=\"176\"> <meta itemprop=\"height\" content=\"249\"> <img decoding=\"async\" class=\"\" data-attachment-id=\"554\" data-orig-file=\"https:\/\/wp.ufpel.edu.br\/malg\/files\/2016\/10\/349-Villa-Piratiny-01.jpg\" data-orig-size=\"992,1403\" data-comments-opened=\"\" data-image-meta=\"{&quot;aperture&quot;:&quot;0&quot;,&quot;credit&quot;:&quot;&quot;,&quot;camera&quot;:&quot;&quot;,&quot;caption&quot;:&quot;&quot;,&quot;created_timestamp&quot;:&quot;0&quot;,&quot;copyright&quot;:&quot;&quot;,&quot;focal_length&quot;:&quot;0&quot;,&quot;iso&quot;:&quot;0&quot;,&quot;shutter_speed&quot;:&quot;0&quot;,&quot;title&quot;:&quot;&quot;,&quot;orientation&quot;:&quot;0&quot;}\" data-image-title=\"349-villa-piratiny-01\" data-image-description=\"\" data-medium-file=\"https:\/\/wp.ufpel.edu.br\/malg\/files\/2016\/10\/349-Villa-Piratiny-01-225x318.jpg\" data-large-file=\"https:\/\/wp.ufpel.edu.br\/malg\/files\/2016\/10\/349-Villa-Piratiny-01-984x220.jpg\" src=\"https:\/\/i0.wp.com\/wp.ufpel.edu.br\/malg\/files\/2016\/10\/349-Villa-Piratiny-01.jpg?w=176&#038;h=249&#038;ssl=1\" srcset=\"https:\/\/wp.ufpel.edu.br\/malg\/files\/2016\/10\/349-Villa-Piratiny-01.jpg 992w, https:\/\/wp.ufpel.edu.br\/malg\/files\/2016\/10\/349-Villa-Piratiny-01-112x159.jpg 112w, https:\/\/wp.ufpel.edu.br\/malg\/files\/2016\/10\/349-Villa-Piratiny-01-225x318.jpg 225w, https:\/\/wp.ufpel.edu.br\/malg\/files\/2016\/10\/349-Villa-Piratiny-01-768x1086.jpg 768w\" width=\"176\" height=\"249\" loading=\"lazy\" data-original-width=\"176\" data-original-height=\"249\" itemprop=\"http:\/\/schema.org\/image\" title=\"349-villa-piratiny-01\" alt=\"349-villa-piratiny-01\" style=\"width: 176px; height: 249px;\" \/> <\/a> <\/div> <\/div> <!-- close group --> <div class=\"gallery-group images-1\" style=\"width: 180px; height: 253px;\" data-original-width=\"180\" data-original-height=\"253\" > <div class=\"tiled-gallery-item tiled-gallery-item-small\" itemprop=\"associatedMedia\" itemscope itemtype=\"http:\/\/schema.org\/ImageObject\"> <a href=\"https:\/\/wp.ufpel.edu.br\/malg\/acervo\/350-rosas-e-botoes-01\/#main\" border=\"0\" itemprop=\"url\"> <meta itemprop=\"width\" content=\"176\"> <meta itemprop=\"height\" content=\"249\"> <img decoding=\"async\" class=\"\" data-attachment-id=\"553\" data-orig-file=\"https:\/\/wp.ufpel.edu.br\/malg\/files\/2016\/10\/350-Rosas-e-bot\u00f5es-01.jpg\" data-orig-size=\"992,1403\" data-comments-opened=\"\" data-image-meta=\"{&quot;aperture&quot;:&quot;0&quot;,&quot;credit&quot;:&quot;&quot;,&quot;camera&quot;:&quot;&quot;,&quot;caption&quot;:&quot;&quot;,&quot;created_timestamp&quot;:&quot;0&quot;,&quot;copyright&quot;:&quot;&quot;,&quot;focal_length&quot;:&quot;0&quot;,&quot;iso&quot;:&quot;0&quot;,&quot;shutter_speed&quot;:&quot;0&quot;,&quot;title&quot;:&quot;&quot;,&quot;orientation&quot;:&quot;0&quot;}\" data-image-title=\"350-rosas-e-botoes-01\" data-image-description=\"\" data-medium-file=\"https:\/\/wp.ufpel.edu.br\/malg\/files\/2016\/10\/350-Rosas-e-bot\u00f5es-01-225x318.jpg\" data-large-file=\"https:\/\/wp.ufpel.edu.br\/malg\/files\/2016\/10\/350-Rosas-e-bot\u00f5es-01-984x220.jpg\" src=\"https:\/\/i0.wp.com\/wp.ufpel.edu.br\/malg\/files\/2016\/10\/350-Rosas-e-bot%C3%B5es-01.jpg?w=176&#038;h=249&#038;ssl=1\" width=\"176\" height=\"249\" loading=\"lazy\" data-original-width=\"176\" data-original-height=\"249\" itemprop=\"http:\/\/schema.org\/image\" title=\"350-rosas-e-botoes-01\" alt=\"350-rosas-e-botoes-01\" style=\"width: 176px; height: 249px;\" \/> <\/a> <\/div> <\/div> <!-- close group --> <\/div> <!-- close row --> <div class=\"gallery-row\" style=\"width: 720px; height: 338px;\" data-original-width=\"720\" data-original-height=\"338\" > <div class=\"gallery-group images-1\" style=\"width: 240px; height: 338px;\" data-original-width=\"240\" data-original-height=\"338\" > <div class=\"tiled-gallery-item tiled-gallery-item-small\" itemprop=\"associatedMedia\" itemscope itemtype=\"http:\/\/schema.org\/ImageObject\"> <a href=\"https:\/\/wp.ufpel.edu.br\/malg\/acervo\/351-flores-01\/#main\" border=\"0\" itemprop=\"url\"> <meta itemprop=\"width\" content=\"236\"> <meta itemprop=\"height\" content=\"334\"> <img decoding=\"async\" class=\"\" data-attachment-id=\"552\" data-orig-file=\"https:\/\/wp.ufpel.edu.br\/malg\/files\/2016\/10\/351-Flores-01.jpg\" data-orig-size=\"992,1403\" data-comments-opened=\"\" data-image-meta=\"{&quot;aperture&quot;:&quot;0&quot;,&quot;credit&quot;:&quot;&quot;,&quot;camera&quot;:&quot;&quot;,&quot;caption&quot;:&quot;&quot;,&quot;created_timestamp&quot;:&quot;0&quot;,&quot;copyright&quot;:&quot;&quot;,&quot;focal_length&quot;:&quot;0&quot;,&quot;iso&quot;:&quot;0&quot;,&quot;shutter_speed&quot;:&quot;0&quot;,&quot;title&quot;:&quot;&quot;,&quot;orientation&quot;:&quot;0&quot;}\" data-image-title=\"351-flores-01\" data-image-description=\"\" data-medium-file=\"https:\/\/wp.ufpel.edu.br\/malg\/files\/2016\/10\/351-Flores-01-225x318.jpg\" data-large-file=\"https:\/\/wp.ufpel.edu.br\/malg\/files\/2016\/10\/351-Flores-01-984x220.jpg\" src=\"https:\/\/i0.wp.com\/wp.ufpel.edu.br\/malg\/files\/2016\/10\/351-Flores-01.jpg?w=236&#038;h=334&#038;ssl=1\" srcset=\"https:\/\/wp.ufpel.edu.br\/malg\/files\/2016\/10\/351-Flores-01.jpg 992w, https:\/\/wp.ufpel.edu.br\/malg\/files\/2016\/10\/351-Flores-01-112x159.jpg 112w, https:\/\/wp.ufpel.edu.br\/malg\/files\/2016\/10\/351-Flores-01-225x318.jpg 225w, https:\/\/wp.ufpel.edu.br\/malg\/files\/2016\/10\/351-Flores-01-768x1086.jpg 768w\" width=\"236\" height=\"334\" loading=\"lazy\" data-original-width=\"236\" data-original-height=\"334\" itemprop=\"http:\/\/schema.org\/image\" title=\"351-flores-01\" alt=\"351-flores-01\" style=\"width: 236px; height: 334px;\" \/> <\/a> <\/div> <\/div> <!-- close group --> <div class=\"gallery-group images-1\" style=\"width: 240px; height: 338px;\" data-original-width=\"240\" data-original-height=\"338\" > <div class=\"tiled-gallery-item tiled-gallery-item-small\" itemprop=\"associatedMedia\" itemscope itemtype=\"http:\/\/schema.org\/ImageObject\"> <a href=\"https:\/\/wp.ufpel.edu.br\/malg\/acervo\/352-pao-de-acucar-01\/#main\" border=\"0\" itemprop=\"url\"> <meta itemprop=\"width\" content=\"236\"> <meta itemprop=\"height\" content=\"334\"> <img decoding=\"async\" class=\"\" data-attachment-id=\"551\" data-orig-file=\"https:\/\/wp.ufpel.edu.br\/malg\/files\/2016\/10\/352-P\u00e3o-de-a\u00e7ucar-01.jpg\" data-orig-size=\"992,1403\" data-comments-opened=\"\" data-image-meta=\"{&quot;aperture&quot;:&quot;0&quot;,&quot;credit&quot;:&quot;&quot;,&quot;camera&quot;:&quot;&quot;,&quot;caption&quot;:&quot;&quot;,&quot;created_timestamp&quot;:&quot;0&quot;,&quot;copyright&quot;:&quot;&quot;,&quot;focal_length&quot;:&quot;0&quot;,&quot;iso&quot;:&quot;0&quot;,&quot;shutter_speed&quot;:&quot;0&quot;,&quot;title&quot;:&quot;&quot;,&quot;orientation&quot;:&quot;0&quot;}\" data-image-title=\"352-pao-de-acucar-01\" data-image-description=\"\" data-medium-file=\"https:\/\/wp.ufpel.edu.br\/malg\/files\/2016\/10\/352-P\u00e3o-de-a\u00e7ucar-01-225x318.jpg\" data-large-file=\"https:\/\/wp.ufpel.edu.br\/malg\/files\/2016\/10\/352-P\u00e3o-de-a\u00e7ucar-01-984x220.jpg\" src=\"https:\/\/i0.wp.com\/wp.ufpel.edu.br\/malg\/files\/2016\/10\/352-P%C3%A3o-de-a%C3%A7ucar-01.jpg?w=236&#038;h=334&#038;ssl=1\" width=\"236\" height=\"334\" loading=\"lazy\" data-original-width=\"236\" data-original-height=\"334\" itemprop=\"http:\/\/schema.org\/image\" title=\"352-pao-de-acucar-01\" alt=\"352-pao-de-acucar-01\" style=\"width: 236px; height: 334px;\" \/> <\/a> <\/div> <\/div> <!-- close group --> <div class=\"gallery-group images-1\" style=\"width: 240px; height: 338px;\" data-original-width=\"240\" data-original-height=\"338\" > <div class=\"tiled-gallery-item tiled-gallery-item-small\" itemprop=\"associatedMedia\" itemscope itemtype=\"http:\/\/schema.org\/ImageObject\"> <a href=\"https:\/\/wp.ufpel.edu.br\/malg\/acervo\/353-crisantemos-01\/#main\" border=\"0\" itemprop=\"url\"> <meta itemprop=\"width\" content=\"236\"> <meta itemprop=\"height\" content=\"334\"> <img decoding=\"async\" class=\"\" data-attachment-id=\"550\" data-orig-file=\"https:\/\/wp.ufpel.edu.br\/malg\/files\/2016\/10\/353-Cris\u00e2ntemos-01.jpg\" data-orig-size=\"992,1403\" data-comments-opened=\"\" data-image-meta=\"{&quot;aperture&quot;:&quot;0&quot;,&quot;credit&quot;:&quot;&quot;,&quot;camera&quot;:&quot;&quot;,&quot;caption&quot;:&quot;&quot;,&quot;created_timestamp&quot;:&quot;0&quot;,&quot;copyright&quot;:&quot;&quot;,&quot;focal_length&quot;:&quot;0&quot;,&quot;iso&quot;:&quot;0&quot;,&quot;shutter_speed&quot;:&quot;0&quot;,&quot;title&quot;:&quot;&quot;,&quot;orientation&quot;:&quot;0&quot;}\" data-image-title=\"353-crisantemos-01\" data-image-description=\"\" data-medium-file=\"https:\/\/wp.ufpel.edu.br\/malg\/files\/2016\/10\/353-Cris\u00e2ntemos-01-225x318.jpg\" data-large-file=\"https:\/\/wp.ufpel.edu.br\/malg\/files\/2016\/10\/353-Cris\u00e2ntemos-01-984x220.jpg\" src=\"https:\/\/i0.wp.com\/wp.ufpel.edu.br\/malg\/files\/2016\/10\/353-Cris%C3%A2ntemos-01.jpg?w=236&#038;h=334&#038;ssl=1\" width=\"236\" height=\"334\" loading=\"lazy\" data-original-width=\"236\" data-original-height=\"334\" itemprop=\"http:\/\/schema.org\/image\" title=\"353-crisantemos-01\" alt=\"353-crisantemos-01\" style=\"width: 236px; height: 334px;\" \/> <\/a> <\/div> <\/div> <!-- close group --> <\/div> <!-- close row --> <div class=\"gallery-row\" style=\"width: 720px; height: 253px;\" data-original-width=\"720\" data-original-height=\"253\" > <div class=\"gallery-group images-1\" style=\"width: 180px; height: 253px;\" data-original-width=\"180\" data-original-height=\"253\" > <div class=\"tiled-gallery-item tiled-gallery-item-small\" itemprop=\"associatedMedia\" itemscope itemtype=\"http:\/\/schema.org\/ImageObject\"> <a href=\"https:\/\/wp.ufpel.edu.br\/malg\/acervo\/354-sem-titulo-01\/#main\" border=\"0\" itemprop=\"url\"> <meta itemprop=\"width\" content=\"176\"> <meta itemprop=\"height\" content=\"249\"> <img decoding=\"async\" class=\"\" data-attachment-id=\"549\" data-orig-file=\"https:\/\/wp.ufpel.edu.br\/malg\/files\/2016\/10\/354-Sem-t\u00edtulo-01.jpg\" data-orig-size=\"992,1403\" data-comments-opened=\"\" data-image-meta=\"{&quot;aperture&quot;:&quot;0&quot;,&quot;credit&quot;:&quot;&quot;,&quot;camera&quot;:&quot;&quot;,&quot;caption&quot;:&quot;&quot;,&quot;created_timestamp&quot;:&quot;0&quot;,&quot;copyright&quot;:&quot;&quot;,&quot;focal_length&quot;:&quot;0&quot;,&quot;iso&quot;:&quot;0&quot;,&quot;shutter_speed&quot;:&quot;0&quot;,&quot;title&quot;:&quot;&quot;,&quot;orientation&quot;:&quot;0&quot;}\" data-image-title=\"354-sem-titulo-01\" data-image-description=\"\" data-medium-file=\"https:\/\/wp.ufpel.edu.br\/malg\/files\/2016\/10\/354-Sem-t\u00edtulo-01-225x318.jpg\" data-large-file=\"https:\/\/wp.ufpel.edu.br\/malg\/files\/2016\/10\/354-Sem-t\u00edtulo-01-984x220.jpg\" src=\"https:\/\/i0.wp.com\/wp.ufpel.edu.br\/malg\/files\/2016\/10\/354-Sem-t%C3%ADtulo-01.jpg?w=176&#038;h=249&#038;ssl=1\" width=\"176\" height=\"249\" loading=\"lazy\" data-original-width=\"176\" data-original-height=\"249\" itemprop=\"http:\/\/schema.org\/image\" title=\"354-sem-titulo-01\" alt=\"354-sem-titulo-01\" style=\"width: 176px; height: 249px;\" \/> <\/a> <\/div> <\/div> <!-- close group --> <div class=\"gallery-group images-1\" style=\"width: 180px; height: 253px;\" data-original-width=\"180\" data-original-height=\"253\" > <div class=\"tiled-gallery-item tiled-gallery-item-small\" itemprop=\"associatedMedia\" itemscope itemtype=\"http:\/\/schema.org\/ImageObject\"> <a href=\"https:\/\/wp.ufpel.edu.br\/malg\/acervo\/355-velho-da-capa-01\/#main\" border=\"0\" itemprop=\"url\"> <meta itemprop=\"width\" content=\"176\"> <meta itemprop=\"height\" content=\"249\"> <img decoding=\"async\" class=\"\" data-attachment-id=\"548\" data-orig-file=\"https:\/\/wp.ufpel.edu.br\/malg\/files\/2016\/10\/355-Velho-da-capa-01.jpg\" data-orig-size=\"992,1403\" data-comments-opened=\"\" data-image-meta=\"{&quot;aperture&quot;:&quot;0&quot;,&quot;credit&quot;:&quot;&quot;,&quot;camera&quot;:&quot;&quot;,&quot;caption&quot;:&quot;&quot;,&quot;created_timestamp&quot;:&quot;0&quot;,&quot;copyright&quot;:&quot;&quot;,&quot;focal_length&quot;:&quot;0&quot;,&quot;iso&quot;:&quot;0&quot;,&quot;shutter_speed&quot;:&quot;0&quot;,&quot;title&quot;:&quot;&quot;,&quot;orientation&quot;:&quot;0&quot;}\" data-image-title=\"355-velho-da-capa-01\" data-image-description=\"\" data-medium-file=\"https:\/\/wp.ufpel.edu.br\/malg\/files\/2016\/10\/355-Velho-da-capa-01-225x318.jpg\" data-large-file=\"https:\/\/wp.ufpel.edu.br\/malg\/files\/2016\/10\/355-Velho-da-capa-01-984x220.jpg\" src=\"https:\/\/i0.wp.com\/wp.ufpel.edu.br\/malg\/files\/2016\/10\/355-Velho-da-capa-01.jpg?w=176&#038;h=249&#038;ssl=1\" srcset=\"https:\/\/wp.ufpel.edu.br\/malg\/files\/2016\/10\/355-Velho-da-capa-01.jpg 992w, https:\/\/wp.ufpel.edu.br\/malg\/files\/2016\/10\/355-Velho-da-capa-01-112x159.jpg 112w, https:\/\/wp.ufpel.edu.br\/malg\/files\/2016\/10\/355-Velho-da-capa-01-225x318.jpg 225w, https:\/\/wp.ufpel.edu.br\/malg\/files\/2016\/10\/355-Velho-da-capa-01-768x1086.jpg 768w\" width=\"176\" height=\"249\" loading=\"lazy\" data-original-width=\"176\" data-original-height=\"249\" itemprop=\"http:\/\/schema.org\/image\" title=\"355-velho-da-capa-01\" alt=\"355-velho-da-capa-01\" style=\"width: 176px; height: 249px;\" \/> <\/a> <\/div> <\/div> <!-- close group --> <div class=\"gallery-group images-1\" style=\"width: 180px; height: 253px;\" data-original-width=\"180\" data-original-height=\"253\" > <div class=\"tiled-gallery-item tiled-gallery-item-small\" itemprop=\"associatedMedia\" itemscope itemtype=\"http:\/\/schema.org\/ImageObject\"> <a href=\"https:\/\/wp.ufpel.edu.br\/malg\/acervo\/356-retrato-de-emilia-rocha-miranda-schnor-01\/#main\" border=\"0\" itemprop=\"url\"> <meta itemprop=\"width\" content=\"176\"> <meta itemprop=\"height\" content=\"249\"> <img decoding=\"async\" class=\"\" data-attachment-id=\"547\" data-orig-file=\"https:\/\/wp.ufpel.edu.br\/malg\/files\/2016\/10\/356-Retrato-de-Em\u00edlia-Rocha-Miranda-Schnor-01.jpg\" data-orig-size=\"992,1403\" data-comments-opened=\"\" data-image-meta=\"{&quot;aperture&quot;:&quot;0&quot;,&quot;credit&quot;:&quot;&quot;,&quot;camera&quot;:&quot;&quot;,&quot;caption&quot;:&quot;&quot;,&quot;created_timestamp&quot;:&quot;0&quot;,&quot;copyright&quot;:&quot;&quot;,&quot;focal_length&quot;:&quot;0&quot;,&quot;iso&quot;:&quot;0&quot;,&quot;shutter_speed&quot;:&quot;0&quot;,&quot;title&quot;:&quot;&quot;,&quot;orientation&quot;:&quot;0&quot;}\" data-image-title=\"356-retrato-de-emilia-rocha-miranda-schnor-01\" data-image-description=\"\" data-medium-file=\"https:\/\/wp.ufpel.edu.br\/malg\/files\/2016\/10\/356-Retrato-de-Em\u00edlia-Rocha-Miranda-Schnor-01-225x318.jpg\" data-large-file=\"https:\/\/wp.ufpel.edu.br\/malg\/files\/2016\/10\/356-Retrato-de-Em\u00edlia-Rocha-Miranda-Schnor-01-984x220.jpg\" src=\"https:\/\/i0.wp.com\/wp.ufpel.edu.br\/malg\/files\/2016\/10\/356-Retrato-de-Em%C3%ADlia-Rocha-Miranda-Schnor-01.jpg?w=176&#038;h=249&#038;ssl=1\" width=\"176\" height=\"249\" loading=\"lazy\" data-original-width=\"176\" data-original-height=\"249\" itemprop=\"http:\/\/schema.org\/image\" title=\"356-retrato-de-emilia-rocha-miranda-schnor-01\" alt=\"356-retrato-de-emilia-rocha-miranda-schnor-01\" style=\"width: 176px; height: 249px;\" \/> <\/a> <\/div> <\/div> <!-- close group --> <div class=\"gallery-group images-1\" style=\"width: 180px; height: 253px;\" data-original-width=\"180\" data-original-height=\"253\" > <div class=\"tiled-gallery-item tiled-gallery-item-small\" itemprop=\"associatedMedia\" itemscope itemtype=\"http:\/\/schema.org\/ImageObject\"> <a href=\"https:\/\/wp.ufpel.edu.br\/malg\/acervo\/357-casa-rosada-01\/#main\" border=\"0\" itemprop=\"url\"> <meta itemprop=\"width\" content=\"176\"> <meta itemprop=\"height\" content=\"249\"> <img decoding=\"async\" class=\"\" data-attachment-id=\"546\" data-orig-file=\"https:\/\/wp.ufpel.edu.br\/malg\/files\/2016\/10\/357-Casa-rosada-01.jpg\" data-orig-size=\"992,1403\" data-comments-opened=\"\" data-image-meta=\"{&quot;aperture&quot;:&quot;0&quot;,&quot;credit&quot;:&quot;&quot;,&quot;camera&quot;:&quot;&quot;,&quot;caption&quot;:&quot;&quot;,&quot;created_timestamp&quot;:&quot;0&quot;,&quot;copyright&quot;:&quot;&quot;,&quot;focal_length&quot;:&quot;0&quot;,&quot;iso&quot;:&quot;0&quot;,&quot;shutter_speed&quot;:&quot;0&quot;,&quot;title&quot;:&quot;&quot;,&quot;orientation&quot;:&quot;0&quot;}\" data-image-title=\"357-casa-rosada-01\" data-image-description=\"\" data-medium-file=\"https:\/\/wp.ufpel.edu.br\/malg\/files\/2016\/10\/357-Casa-rosada-01-225x318.jpg\" data-large-file=\"https:\/\/wp.ufpel.edu.br\/malg\/files\/2016\/10\/357-Casa-rosada-01-984x220.jpg\" src=\"https:\/\/i0.wp.com\/wp.ufpel.edu.br\/malg\/files\/2016\/10\/357-Casa-rosada-01.jpg?w=176&#038;h=249&#038;ssl=1\" srcset=\"https:\/\/wp.ufpel.edu.br\/malg\/files\/2016\/10\/357-Casa-rosada-01.jpg 992w, https:\/\/wp.ufpel.edu.br\/malg\/files\/2016\/10\/357-Casa-rosada-01-112x159.jpg 112w, https:\/\/wp.ufpel.edu.br\/malg\/files\/2016\/10\/357-Casa-rosada-01-225x318.jpg 225w, https:\/\/wp.ufpel.edu.br\/malg\/files\/2016\/10\/357-Casa-rosada-01-768x1086.jpg 768w\" width=\"176\" height=\"249\" loading=\"lazy\" data-original-width=\"176\" data-original-height=\"249\" itemprop=\"http:\/\/schema.org\/image\" title=\"357-casa-rosada-01\" alt=\"357-casa-rosada-01\" style=\"width: 176px; height: 249px;\" \/> <\/a> <\/div> <\/div> <!-- close group --> <\/div> <!-- close row --> <div class=\"gallery-row\" style=\"width: 720px; height: 507px;\" data-original-width=\"720\" data-original-height=\"507\" > <div class=\"gallery-group images-1\" style=\"width: 360px; height: 507px;\" data-original-width=\"360\" data-original-height=\"507\" > <div class=\"tiled-gallery-item tiled-gallery-item-large\" itemprop=\"associatedMedia\" itemscope itemtype=\"http:\/\/schema.org\/ImageObject\"> <a href=\"https:\/\/wp.ufpel.edu.br\/malg\/acervo\/484-estudo-de-nu-01\/#main\" border=\"0\" itemprop=\"url\"> <meta itemprop=\"width\" content=\"356\"> <meta itemprop=\"height\" content=\"503\"> <img decoding=\"async\" class=\"\" data-attachment-id=\"545\" data-orig-file=\"https:\/\/wp.ufpel.edu.br\/malg\/files\/2016\/10\/484-Estudo-de-nu-01.jpg\" data-orig-size=\"992,1403\" data-comments-opened=\"\" data-image-meta=\"{&quot;aperture&quot;:&quot;0&quot;,&quot;credit&quot;:&quot;&quot;,&quot;camera&quot;:&quot;&quot;,&quot;caption&quot;:&quot;&quot;,&quot;created_timestamp&quot;:&quot;0&quot;,&quot;copyright&quot;:&quot;&quot;,&quot;focal_length&quot;:&quot;0&quot;,&quot;iso&quot;:&quot;0&quot;,&quot;shutter_speed&quot;:&quot;0&quot;,&quot;title&quot;:&quot;&quot;,&quot;orientation&quot;:&quot;0&quot;}\" data-image-title=\"484-estudo-de-nu-01\" data-image-description=\"\" data-medium-file=\"https:\/\/wp.ufpel.edu.br\/malg\/files\/2016\/10\/484-Estudo-de-nu-01-225x318.jpg\" data-large-file=\"https:\/\/wp.ufpel.edu.br\/malg\/files\/2016\/10\/484-Estudo-de-nu-01-984x220.jpg\" src=\"https:\/\/i0.wp.com\/wp.ufpel.edu.br\/malg\/files\/2016\/10\/484-Estudo-de-nu-01.jpg?w=356&#038;h=503&#038;ssl=1\" srcset=\"https:\/\/wp.ufpel.edu.br\/malg\/files\/2016\/10\/484-Estudo-de-nu-01.jpg 992w, https:\/\/wp.ufpel.edu.br\/malg\/files\/2016\/10\/484-Estudo-de-nu-01-112x159.jpg 112w, https:\/\/wp.ufpel.edu.br\/malg\/files\/2016\/10\/484-Estudo-de-nu-01-225x318.jpg 225w, https:\/\/wp.ufpel.edu.br\/malg\/files\/2016\/10\/484-Estudo-de-nu-01-768x1086.jpg 768w\" width=\"356\" height=\"503\" loading=\"lazy\" data-original-width=\"356\" data-original-height=\"503\" itemprop=\"http:\/\/schema.org\/image\" title=\"484-estudo-de-nu-01\" alt=\"484-estudo-de-nu-01\" style=\"width: 356px; height: 503px;\" \/> <\/a> <\/div> <\/div> <!-- close group --> <div class=\"gallery-group images-1\" style=\"width: 360px; height: 507px;\" data-original-width=\"360\" data-original-height=\"507\" > <div class=\"tiled-gallery-item tiled-gallery-item-large\" itemprop=\"associatedMedia\" itemscope itemtype=\"http:\/\/schema.org\/ImageObject\"> <a href=\"https:\/\/wp.ufpel.edu.br\/malg\/acervo\/489-autorretrato-01\/#main\" border=\"0\" itemprop=\"url\"> <meta itemprop=\"width\" content=\"356\"> <meta itemprop=\"height\" content=\"503\"> <img decoding=\"async\" class=\"\" data-attachment-id=\"544\" data-orig-file=\"https:\/\/wp.ufpel.edu.br\/malg\/files\/2016\/10\/489-Autorretrato-01.jpg\" data-orig-size=\"992,1403\" data-comments-opened=\"\" data-image-meta=\"{&quot;aperture&quot;:&quot;0&quot;,&quot;credit&quot;:&quot;&quot;,&quot;camera&quot;:&quot;&quot;,&quot;caption&quot;:&quot;&quot;,&quot;created_timestamp&quot;:&quot;0&quot;,&quot;copyright&quot;:&quot;&quot;,&quot;focal_length&quot;:&quot;0&quot;,&quot;iso&quot;:&quot;0&quot;,&quot;shutter_speed&quot;:&quot;0&quot;,&quot;title&quot;:&quot;&quot;,&quot;orientation&quot;:&quot;0&quot;}\" data-image-title=\"489-autorretrato-01\" data-image-description=\"\" data-medium-file=\"https:\/\/wp.ufpel.edu.br\/malg\/files\/2016\/10\/489-Autorretrato-01-225x318.jpg\" data-large-file=\"https:\/\/wp.ufpel.edu.br\/malg\/files\/2016\/10\/489-Autorretrato-01-984x220.jpg\" src=\"https:\/\/i0.wp.com\/wp.ufpel.edu.br\/malg\/files\/2016\/10\/489-Autorretrato-01.jpg?w=356&#038;h=503&#038;ssl=1\" srcset=\"https:\/\/wp.ufpel.edu.br\/malg\/files\/2016\/10\/489-Autorretrato-01.jpg 992w, https:\/\/wp.ufpel.edu.br\/malg\/files\/2016\/10\/489-Autorretrato-01-112x159.jpg 112w, https:\/\/wp.ufpel.edu.br\/malg\/files\/2016\/10\/489-Autorretrato-01-225x318.jpg 225w, https:\/\/wp.ufpel.edu.br\/malg\/files\/2016\/10\/489-Autorretrato-01-768x1086.jpg 768w\" width=\"356\" height=\"503\" loading=\"lazy\" data-original-width=\"356\" data-original-height=\"503\" itemprop=\"http:\/\/schema.org\/image\" title=\"489-autorretrato-01\" alt=\"489-autorretrato-01\" style=\"width: 356px; height: 503px;\" \/> <\/a> <\/div> <\/div> <!-- close group --> <\/div> <!-- close row --> <div class=\"gallery-row\" style=\"width: 720px; height: 354px;\" data-original-width=\"720\" data-original-height=\"354\" > <div class=\"gallery-group images-1\" style=\"width: 251px; height: 354px;\" data-original-width=\"251\" data-original-height=\"354\" > <div class=\"tiled-gallery-item tiled-gallery-item-small\" itemprop=\"associatedMedia\" itemscope itemtype=\"http:\/\/schema.org\/ImageObject\"> <a href=\"https:\/\/wp.ufpel.edu.br\/malg\/acervo\/490-estudo-de-figura-sentada-01\/#main\" border=\"0\" itemprop=\"url\"> <meta itemprop=\"width\" content=\"247\"> <meta itemprop=\"height\" content=\"350\"> <img decoding=\"async\" class=\"\" data-attachment-id=\"543\" data-orig-file=\"https:\/\/wp.ufpel.edu.br\/malg\/files\/2016\/10\/490-Estudo-de-figura-sentada-01.jpg\" data-orig-size=\"992,1403\" data-comments-opened=\"\" data-image-meta=\"{&quot;aperture&quot;:&quot;0&quot;,&quot;credit&quot;:&quot;&quot;,&quot;camera&quot;:&quot;&quot;,&quot;caption&quot;:&quot;&quot;,&quot;created_timestamp&quot;:&quot;0&quot;,&quot;copyright&quot;:&quot;&quot;,&quot;focal_length&quot;:&quot;0&quot;,&quot;iso&quot;:&quot;0&quot;,&quot;shutter_speed&quot;:&quot;0&quot;,&quot;title&quot;:&quot;&quot;,&quot;orientation&quot;:&quot;0&quot;}\" data-image-title=\"490-estudo-de-figura-sentada-01\" data-image-description=\"\" data-medium-file=\"https:\/\/wp.ufpel.edu.br\/malg\/files\/2016\/10\/490-Estudo-de-figura-sentada-01-225x318.jpg\" data-large-file=\"https:\/\/wp.ufpel.edu.br\/malg\/files\/2016\/10\/490-Estudo-de-figura-sentada-01-984x220.jpg\" src=\"https:\/\/i0.wp.com\/wp.ufpel.edu.br\/malg\/files\/2016\/10\/490-Estudo-de-figura-sentada-01.jpg?w=247&#038;h=350&#038;ssl=1\" srcset=\"https:\/\/wp.ufpel.edu.br\/malg\/files\/2016\/10\/490-Estudo-de-figura-sentada-01.jpg 992w, https:\/\/wp.ufpel.edu.br\/malg\/files\/2016\/10\/490-Estudo-de-figura-sentada-01-112x159.jpg 112w, https:\/\/wp.ufpel.edu.br\/malg\/files\/2016\/10\/490-Estudo-de-figura-sentada-01-225x318.jpg 225w, https:\/\/wp.ufpel.edu.br\/malg\/files\/2016\/10\/490-Estudo-de-figura-sentada-01-768x1086.jpg 768w\" width=\"247\" height=\"350\" loading=\"lazy\" data-original-width=\"247\" data-original-height=\"350\" itemprop=\"http:\/\/schema.org\/image\" title=\"490-estudo-de-figura-sentada-01\" alt=\"490-estudo-de-figura-sentada-01\" style=\"width: 247px; height: 350px;\" \/> <\/a> <\/div> <\/div> <!-- close group --> <div class=\"gallery-group images-1\" style=\"width: 469px; height: 354px;\" data-original-width=\"469\" data-original-height=\"354\" > <div class=\"tiled-gallery-item tiled-gallery-item-large\" itemprop=\"associatedMedia\" itemscope itemtype=\"http:\/\/schema.org\/ImageObject\"> <a href=\"https:\/\/wp.ufpel.edu.br\/malg\/acervo\/attachment\/246\/#main\" border=\"0\" itemprop=\"url\"> <meta itemprop=\"width\" content=\"465\"> <meta itemprop=\"height\" content=\"350\"> <img decoding=\"async\" class=\"\" data-attachment-id=\"542\" data-orig-file=\"https:\/\/wp.ufpel.edu.br\/malg\/files\/2016\/10\/246.jpg\" data-orig-size=\"992,747\" data-comments-opened=\"\" data-image-meta=\"{&quot;aperture&quot;:&quot;0&quot;,&quot;credit&quot;:&quot;&quot;,&quot;camera&quot;:&quot;&quot;,&quot;caption&quot;:&quot;&quot;,&quot;created_timestamp&quot;:&quot;0&quot;,&quot;copyright&quot;:&quot;&quot;,&quot;focal_length&quot;:&quot;0&quot;,&quot;iso&quot;:&quot;0&quot;,&quot;shutter_speed&quot;:&quot;0&quot;,&quot;title&quot;:&quot;&quot;,&quot;orientation&quot;:&quot;0&quot;}\" data-image-title=\"246\" data-image-description=\"\" data-medium-file=\"https:\/\/wp.ufpel.edu.br\/malg\/files\/2016\/10\/246-422x318.jpg\" data-large-file=\"https:\/\/wp.ufpel.edu.br\/malg\/files\/2016\/10\/246-984x220.jpg\" src=\"https:\/\/i0.wp.com\/wp.ufpel.edu.br\/malg\/files\/2016\/10\/246.jpg?w=465&#038;h=350&#038;ssl=1\" srcset=\"https:\/\/wp.ufpel.edu.br\/malg\/files\/2016\/10\/246.jpg 992w, https:\/\/wp.ufpel.edu.br\/malg\/files\/2016\/10\/246-212x159.jpg 212w, https:\/\/wp.ufpel.edu.br\/malg\/files\/2016\/10\/246-422x318.jpg 422w, https:\/\/wp.ufpel.edu.br\/malg\/files\/2016\/10\/246-768x578.jpg 768w\" width=\"465\" height=\"350\" loading=\"lazy\" data-original-width=\"465\" data-original-height=\"350\" itemprop=\"http:\/\/schema.org\/image\" title=\"246\" alt=\"246\" style=\"width: 465px; height: 350px;\" \/> <\/a> <\/div> <\/div> <!-- close group --> <\/div> <!-- close row --> <div class=\"gallery-row\" style=\"width: 720px; height: 214px;\" data-original-width=\"720\" data-original-height=\"214\" > <div class=\"gallery-group images-1\" style=\"width: 177px; height: 214px;\" data-original-width=\"177\" data-original-height=\"214\" > <div class=\"tiled-gallery-item tiled-gallery-item-small\" itemprop=\"associatedMedia\" itemscope itemtype=\"http:\/\/schema.org\/ImageObject\"> <a href=\"https:\/\/wp.ufpel.edu.br\/malg\/acervo\/attachment\/260\/#main\" border=\"0\" itemprop=\"url\"> <meta itemprop=\"width\" content=\"173\"> <meta itemprop=\"height\" content=\"210\"> <img decoding=\"async\" class=\"\" data-attachment-id=\"541\" data-orig-file=\"https:\/\/wp.ufpel.edu.br\/malg\/files\/2016\/10\/260.jpg\" data-orig-size=\"855,1035\" data-comments-opened=\"\" data-image-meta=\"{&quot;aperture&quot;:&quot;0&quot;,&quot;credit&quot;:&quot;&quot;,&quot;camera&quot;:&quot;&quot;,&quot;caption&quot;:&quot;&quot;,&quot;created_timestamp&quot;:&quot;0&quot;,&quot;copyright&quot;:&quot;&quot;,&quot;focal_length&quot;:&quot;0&quot;,&quot;iso&quot;:&quot;0&quot;,&quot;shutter_speed&quot;:&quot;0&quot;,&quot;title&quot;:&quot;&quot;,&quot;orientation&quot;:&quot;0&quot;}\" data-image-title=\"260\" data-image-description=\"\" data-medium-file=\"https:\/\/wp.ufpel.edu.br\/malg\/files\/2016\/10\/260-263x318.jpg\" data-large-file=\"https:\/\/wp.ufpel.edu.br\/malg\/files\/2016\/10\/260-855x220.jpg\" src=\"https:\/\/i0.wp.com\/wp.ufpel.edu.br\/malg\/files\/2016\/10\/260.jpg?w=173&#038;h=210&#038;ssl=1\" srcset=\"https:\/\/wp.ufpel.edu.br\/malg\/files\/2016\/10\/260.jpg 855w, https:\/\/wp.ufpel.edu.br\/malg\/files\/2016\/10\/260-131x159.jpg 131w, https:\/\/wp.ufpel.edu.br\/malg\/files\/2016\/10\/260-263x318.jpg 263w, https:\/\/wp.ufpel.edu.br\/malg\/files\/2016\/10\/260-768x930.jpg 768w\" width=\"173\" height=\"210\" loading=\"lazy\" data-original-width=\"173\" data-original-height=\"210\" itemprop=\"http:\/\/schema.org\/image\" title=\"260\" alt=\"260\" style=\"width: 173px; height: 210px;\" \/> <\/a> <\/div> <\/div> <!-- close group --> <div class=\"gallery-group images-1\" style=\"width: 173px; height: 214px;\" data-original-width=\"173\" data-original-height=\"214\" > <div class=\"tiled-gallery-item tiled-gallery-item-small\" itemprop=\"associatedMedia\" itemscope itemtype=\"http:\/\/schema.org\/ImageObject\"> <a href=\"https:\/\/wp.ufpel.edu.br\/malg\/acervo\/attachment\/262\/#main\" border=\"0\" itemprop=\"url\"> <meta itemprop=\"width\" content=\"169\"> <meta itemprop=\"height\" content=\"210\"> <img decoding=\"async\" class=\"\" data-attachment-id=\"540\" data-orig-file=\"https:\/\/wp.ufpel.edu.br\/malg\/files\/2016\/10\/262.jpg\" data-orig-size=\"855,1059\" data-comments-opened=\"\" data-image-meta=\"{&quot;aperture&quot;:&quot;0&quot;,&quot;credit&quot;:&quot;&quot;,&quot;camera&quot;:&quot;&quot;,&quot;caption&quot;:&quot;&quot;,&quot;created_timestamp&quot;:&quot;0&quot;,&quot;copyright&quot;:&quot;&quot;,&quot;focal_length&quot;:&quot;0&quot;,&quot;iso&quot;:&quot;0&quot;,&quot;shutter_speed&quot;:&quot;0&quot;,&quot;title&quot;:&quot;&quot;,&quot;orientation&quot;:&quot;0&quot;}\" data-image-title=\"262\" data-image-description=\"\" data-medium-file=\"https:\/\/wp.ufpel.edu.br\/malg\/files\/2016\/10\/262-257x318.jpg\" data-large-file=\"https:\/\/wp.ufpel.edu.br\/malg\/files\/2016\/10\/262-855x220.jpg\" src=\"https:\/\/i0.wp.com\/wp.ufpel.edu.br\/malg\/files\/2016\/10\/262.jpg?w=169&#038;h=210&#038;ssl=1\" srcset=\"https:\/\/wp.ufpel.edu.br\/malg\/files\/2016\/10\/262.jpg 855w, https:\/\/wp.ufpel.edu.br\/malg\/files\/2016\/10\/262-128x159.jpg 128w, https:\/\/wp.ufpel.edu.br\/malg\/files\/2016\/10\/262-257x318.jpg 257w, https:\/\/wp.ufpel.edu.br\/malg\/files\/2016\/10\/262-768x951.jpg 768w\" width=\"169\" height=\"210\" loading=\"lazy\" data-original-width=\"169\" data-original-height=\"210\" itemprop=\"http:\/\/schema.org\/image\" title=\"262\" alt=\"262\" style=\"width: 169px; height: 210px;\" \/> <\/a> <\/div> <\/div> <!-- close group --> <div class=\"gallery-group images-1\" style=\"width: 185px; height: 214px;\" data-original-width=\"185\" data-original-height=\"214\" > <div class=\"tiled-gallery-item tiled-gallery-item-small\" itemprop=\"associatedMedia\" itemscope itemtype=\"http:\/\/schema.org\/ImageObject\"> <a href=\"https:\/\/wp.ufpel.edu.br\/malg\/acervo\/attachment\/263\/#main\" border=\"0\" itemprop=\"url\"> <meta itemprop=\"width\" content=\"181\"> <meta itemprop=\"height\" content=\"210\"> <img decoding=\"async\" class=\"\" data-attachment-id=\"539\" data-orig-file=\"https:\/\/wp.ufpel.edu.br\/malg\/files\/2016\/10\/263.jpg\" data-orig-size=\"855,992\" data-comments-opened=\"\" data-image-meta=\"{&quot;aperture&quot;:&quot;0&quot;,&quot;credit&quot;:&quot;&quot;,&quot;camera&quot;:&quot;&quot;,&quot;caption&quot;:&quot;&quot;,&quot;created_timestamp&quot;:&quot;0&quot;,&quot;copyright&quot;:&quot;&quot;,&quot;focal_length&quot;:&quot;0&quot;,&quot;iso&quot;:&quot;0&quot;,&quot;shutter_speed&quot;:&quot;0&quot;,&quot;title&quot;:&quot;&quot;,&quot;orientation&quot;:&quot;0&quot;}\" data-image-title=\"263\" data-image-description=\"\" data-medium-file=\"https:\/\/wp.ufpel.edu.br\/malg\/files\/2016\/10\/263-274x318.jpg\" data-large-file=\"https:\/\/wp.ufpel.edu.br\/malg\/files\/2016\/10\/263-855x220.jpg\" src=\"https:\/\/i0.wp.com\/wp.ufpel.edu.br\/malg\/files\/2016\/10\/263.jpg?w=181&#038;h=210&#038;ssl=1\" srcset=\"https:\/\/wp.ufpel.edu.br\/malg\/files\/2016\/10\/263.jpg 855w, https:\/\/wp.ufpel.edu.br\/malg\/files\/2016\/10\/263-137x159.jpg 137w, https:\/\/wp.ufpel.edu.br\/malg\/files\/2016\/10\/263-274x318.jpg 274w, https:\/\/wp.ufpel.edu.br\/malg\/files\/2016\/10\/263-768x891.jpg 768w\" width=\"181\" height=\"210\" loading=\"lazy\" data-original-width=\"181\" data-original-height=\"210\" itemprop=\"http:\/\/schema.org\/image\" title=\"263\" alt=\"263\" style=\"width: 181px; height: 210px;\" \/> <\/a> <\/div> <\/div> <!-- close group --> <div class=\"gallery-group images-1\" style=\"width: 185px; height: 214px;\" data-original-width=\"185\" data-original-height=\"214\" > <div class=\"tiled-gallery-item tiled-gallery-item-small\" itemprop=\"associatedMedia\" itemscope itemtype=\"http:\/\/schema.org\/ImageObject\"> <a href=\"https:\/\/wp.ufpel.edu.br\/malg\/acervo\/attachment\/264\/#main\" border=\"0\" itemprop=\"url\"> <meta itemprop=\"width\" content=\"181\"> <meta itemprop=\"height\" content=\"210\"> <img decoding=\"async\" class=\"\" data-attachment-id=\"538\" data-orig-file=\"https:\/\/wp.ufpel.edu.br\/malg\/files\/2016\/10\/264.jpg\" data-orig-size=\"855,992\" data-comments-opened=\"\" data-image-meta=\"{&quot;aperture&quot;:&quot;0&quot;,&quot;credit&quot;:&quot;&quot;,&quot;camera&quot;:&quot;&quot;,&quot;caption&quot;:&quot;&quot;,&quot;created_timestamp&quot;:&quot;0&quot;,&quot;copyright&quot;:&quot;&quot;,&quot;focal_length&quot;:&quot;0&quot;,&quot;iso&quot;:&quot;0&quot;,&quot;shutter_speed&quot;:&quot;0&quot;,&quot;title&quot;:&quot;&quot;,&quot;orientation&quot;:&quot;0&quot;}\" data-image-title=\"264\" data-image-description=\"\" data-medium-file=\"https:\/\/wp.ufpel.edu.br\/malg\/files\/2016\/10\/264-274x318.jpg\" data-large-file=\"https:\/\/wp.ufpel.edu.br\/malg\/files\/2016\/10\/264-855x220.jpg\" src=\"https:\/\/i0.wp.com\/wp.ufpel.edu.br\/malg\/files\/2016\/10\/264.jpg?w=181&#038;h=210&#038;ssl=1\" srcset=\"https:\/\/wp.ufpel.edu.br\/malg\/files\/2016\/10\/264.jpg 855w, https:\/\/wp.ufpel.edu.br\/malg\/files\/2016\/10\/264-137x159.jpg 137w, https:\/\/wp.ufpel.edu.br\/malg\/files\/2016\/10\/264-274x318.jpg 274w, https:\/\/wp.ufpel.edu.br\/malg\/files\/2016\/10\/264-768x891.jpg 768w\" width=\"181\" height=\"210\" loading=\"lazy\" data-original-width=\"181\" data-original-height=\"210\" itemprop=\"http:\/\/schema.org\/image\" title=\"264\" alt=\"264\" style=\"width: 181px; height: 210px;\" \/> <\/a> <\/div> <\/div> <!-- close group --> <\/div> <!-- close row --> <div class=\"gallery-row\" style=\"width: 720px; height: 290px;\" data-original-width=\"720\" data-original-height=\"290\" > <div class=\"gallery-group images-1\" style=\"width: 235px; height: 290px;\" data-original-width=\"235\" data-original-height=\"290\" > <div class=\"tiled-gallery-item tiled-gallery-item-small\" itemprop=\"associatedMedia\" itemscope itemtype=\"http:\/\/schema.org\/ImageObject\"> <a href=\"https:\/\/wp.ufpel.edu.br\/malg\/acervo\/attachment\/265\/#main\" border=\"0\" itemprop=\"url\"> <meta itemprop=\"width\" content=\"231\"> <meta itemprop=\"height\" content=\"286\"> <img decoding=\"async\" class=\"\" data-attachment-id=\"537\" data-orig-file=\"https:\/\/wp.ufpel.edu.br\/malg\/files\/2016\/10\/265.jpg\" data-orig-size=\"855,1058\" data-comments-opened=\"\" data-image-meta=\"{&quot;aperture&quot;:&quot;0&quot;,&quot;credit&quot;:&quot;&quot;,&quot;camera&quot;:&quot;&quot;,&quot;caption&quot;:&quot;&quot;,&quot;created_timestamp&quot;:&quot;0&quot;,&quot;copyright&quot;:&quot;&quot;,&quot;focal_length&quot;:&quot;0&quot;,&quot;iso&quot;:&quot;0&quot;,&quot;shutter_speed&quot;:&quot;0&quot;,&quot;title&quot;:&quot;&quot;,&quot;orientation&quot;:&quot;0&quot;}\" data-image-title=\"265\" data-image-description=\"\" data-medium-file=\"https:\/\/wp.ufpel.edu.br\/malg\/files\/2016\/10\/265-257x318.jpg\" data-large-file=\"https:\/\/wp.ufpel.edu.br\/malg\/files\/2016\/10\/265-855x220.jpg\" src=\"https:\/\/i0.wp.com\/wp.ufpel.edu.br\/malg\/files\/2016\/10\/265.jpg?w=231&#038;h=286&#038;ssl=1\" srcset=\"https:\/\/wp.ufpel.edu.br\/malg\/files\/2016\/10\/265.jpg 855w, https:\/\/wp.ufpel.edu.br\/malg\/files\/2016\/10\/265-128x159.jpg 128w, https:\/\/wp.ufpel.edu.br\/malg\/files\/2016\/10\/265-257x318.jpg 257w, https:\/\/wp.ufpel.edu.br\/malg\/files\/2016\/10\/265-768x950.jpg 768w\" width=\"231\" height=\"286\" loading=\"lazy\" data-original-width=\"231\" data-original-height=\"286\" itemprop=\"http:\/\/schema.org\/image\" title=\"265\" alt=\"265\" style=\"width: 231px; height: 286px;\" \/> <\/a> <\/div> <\/div> <!-- close group --> <div class=\"gallery-group images-1\" style=\"width: 249px; height: 290px;\" data-original-width=\"249\" data-original-height=\"290\" > <div class=\"tiled-gallery-item tiled-gallery-item-small\" itemprop=\"associatedMedia\" itemscope itemtype=\"http:\/\/schema.org\/ImageObject\"> <a href=\"https:\/\/wp.ufpel.edu.br\/malg\/acervo\/attachment\/266\/#main\" border=\"0\" itemprop=\"url\"> <meta itemprop=\"width\" content=\"245\"> <meta itemprop=\"height\" content=\"286\"> <img decoding=\"async\" class=\"\" data-attachment-id=\"536\" data-orig-file=\"https:\/\/wp.ufpel.edu.br\/malg\/files\/2016\/10\/266.jpg\" data-orig-size=\"855,997\" data-comments-opened=\"\" data-image-meta=\"{&quot;aperture&quot;:&quot;0&quot;,&quot;credit&quot;:&quot;&quot;,&quot;camera&quot;:&quot;&quot;,&quot;caption&quot;:&quot;&quot;,&quot;created_timestamp&quot;:&quot;0&quot;,&quot;copyright&quot;:&quot;&quot;,&quot;focal_length&quot;:&quot;0&quot;,&quot;iso&quot;:&quot;0&quot;,&quot;shutter_speed&quot;:&quot;0&quot;,&quot;title&quot;:&quot;&quot;,&quot;orientation&quot;:&quot;0&quot;}\" data-image-title=\"266\" data-image-description=\"\" data-medium-file=\"https:\/\/wp.ufpel.edu.br\/malg\/files\/2016\/10\/266-273x318.jpg\" data-large-file=\"https:\/\/wp.ufpel.edu.br\/malg\/files\/2016\/10\/266-855x220.jpg\" src=\"https:\/\/i0.wp.com\/wp.ufpel.edu.br\/malg\/files\/2016\/10\/266.jpg?w=245&#038;h=286&#038;ssl=1\" srcset=\"https:\/\/wp.ufpel.edu.br\/malg\/files\/2016\/10\/266.jpg 855w, https:\/\/wp.ufpel.edu.br\/malg\/files\/2016\/10\/266-136x159.jpg 136w, https:\/\/wp.ufpel.edu.br\/malg\/files\/2016\/10\/266-273x318.jpg 273w, https:\/\/wp.ufpel.edu.br\/malg\/files\/2016\/10\/266-768x896.jpg 768w\" width=\"245\" height=\"286\" loading=\"lazy\" data-original-width=\"245\" data-original-height=\"286\" itemprop=\"http:\/\/schema.org\/image\" title=\"266\" alt=\"266\" style=\"width: 245px; height: 286px;\" \/> <\/a> <\/div> <\/div> <!-- close group --> <div class=\"gallery-group images-1\" style=\"width: 236px; height: 290px;\" data-original-width=\"236\" data-original-height=\"290\" > <div class=\"tiled-gallery-item tiled-gallery-item-small\" itemprop=\"associatedMedia\" itemscope itemtype=\"http:\/\/schema.org\/ImageObject\"> <a href=\"https:\/\/wp.ufpel.edu.br\/malg\/acervo\/attachment\/267\/#main\" border=\"0\" itemprop=\"url\"> <meta itemprop=\"width\" content=\"232\"> <meta itemprop=\"height\" content=\"286\"> <img decoding=\"async\" class=\"\" data-attachment-id=\"535\" data-orig-file=\"https:\/\/wp.ufpel.edu.br\/malg\/files\/2016\/10\/267.jpg\" data-orig-size=\"855,1055\" data-comments-opened=\"\" data-image-meta=\"{&quot;aperture&quot;:&quot;0&quot;,&quot;credit&quot;:&quot;&quot;,&quot;camera&quot;:&quot;&quot;,&quot;caption&quot;:&quot;&quot;,&quot;created_timestamp&quot;:&quot;0&quot;,&quot;copyright&quot;:&quot;&quot;,&quot;focal_length&quot;:&quot;0&quot;,&quot;iso&quot;:&quot;0&quot;,&quot;shutter_speed&quot;:&quot;0&quot;,&quot;title&quot;:&quot;&quot;,&quot;orientation&quot;:&quot;0&quot;}\" data-image-title=\"267\" data-image-description=\"\" data-medium-file=\"https:\/\/wp.ufpel.edu.br\/malg\/files\/2016\/10\/267-258x318.jpg\" data-large-file=\"https:\/\/wp.ufpel.edu.br\/malg\/files\/2016\/10\/267-855x220.jpg\" src=\"https:\/\/i0.wp.com\/wp.ufpel.edu.br\/malg\/files\/2016\/10\/267.jpg?w=232&#038;h=286&#038;ssl=1\" srcset=\"https:\/\/wp.ufpel.edu.br\/malg\/files\/2016\/10\/267.jpg 855w, https:\/\/wp.ufpel.edu.br\/malg\/files\/2016\/10\/267-129x159.jpg 129w, https:\/\/wp.ufpel.edu.br\/malg\/files\/2016\/10\/267-258x318.jpg 258w, https:\/\/wp.ufpel.edu.br\/malg\/files\/2016\/10\/267-768x948.jpg 768w\" width=\"232\" height=\"286\" loading=\"lazy\" data-original-width=\"232\" data-original-height=\"286\" itemprop=\"http:\/\/schema.org\/image\" title=\"267\" alt=\"267\" style=\"width: 232px; height: 286px;\" \/> <\/a> <\/div> <\/div> <!-- close group --> <\/div> <!-- close row --> <div class=\"gallery-row\" style=\"width: 720px; height: 236px;\" data-original-width=\"720\" data-original-height=\"236\" > <div class=\"gallery-group images-1\" style=\"width: 194px; height: 236px;\" data-original-width=\"194\" data-original-height=\"236\" > <div class=\"tiled-gallery-item tiled-gallery-item-small\" itemprop=\"associatedMedia\" itemscope itemtype=\"http:\/\/schema.org\/ImageObject\"> <a href=\"https:\/\/wp.ufpel.edu.br\/malg\/acervo\/268-dora-de-frente\/#main\" border=\"0\" itemprop=\"url\"> <meta itemprop=\"width\" content=\"190\"> <meta itemprop=\"height\" content=\"232\"> <img decoding=\"async\" class=\"\" data-attachment-id=\"534\" data-orig-file=\"https:\/\/wp.ufpel.edu.br\/malg\/files\/2016\/10\/268-Dora-de-frente.jpg\" data-orig-size=\"855,1047\" data-comments-opened=\"\" data-image-meta=\"{&quot;aperture&quot;:&quot;0&quot;,&quot;credit&quot;:&quot;&quot;,&quot;camera&quot;:&quot;&quot;,&quot;caption&quot;:&quot;&quot;,&quot;created_timestamp&quot;:&quot;0&quot;,&quot;copyright&quot;:&quot;&quot;,&quot;focal_length&quot;:&quot;0&quot;,&quot;iso&quot;:&quot;0&quot;,&quot;shutter_speed&quot;:&quot;0&quot;,&quot;title&quot;:&quot;&quot;,&quot;orientation&quot;:&quot;0&quot;}\" data-image-title=\"268-dora-de-frente\" data-image-description=\"\" data-medium-file=\"https:\/\/wp.ufpel.edu.br\/malg\/files\/2016\/10\/268-Dora-de-frente-260x318.jpg\" data-large-file=\"https:\/\/wp.ufpel.edu.br\/malg\/files\/2016\/10\/268-Dora-de-frente-855x220.jpg\" src=\"https:\/\/i0.wp.com\/wp.ufpel.edu.br\/malg\/files\/2016\/10\/268-Dora-de-frente.jpg?w=190&#038;h=232&#038;ssl=1\" srcset=\"https:\/\/wp.ufpel.edu.br\/malg\/files\/2016\/10\/268-Dora-de-frente.jpg 855w, https:\/\/wp.ufpel.edu.br\/malg\/files\/2016\/10\/268-Dora-de-frente-130x159.jpg 130w, https:\/\/wp.ufpel.edu.br\/malg\/files\/2016\/10\/268-Dora-de-frente-260x318.jpg 260w, https:\/\/wp.ufpel.edu.br\/malg\/files\/2016\/10\/268-Dora-de-frente-768x940.jpg 768w\" width=\"190\" height=\"232\" loading=\"lazy\" data-original-width=\"190\" data-original-height=\"232\" itemprop=\"http:\/\/schema.org\/image\" title=\"268-dora-de-frente\" alt=\"268-dora-de-frente\" style=\"width: 190px; height: 232px;\" \/> <\/a> <\/div> <\/div> <!-- close group --> <div class=\"gallery-group images-1\" style=\"width: 181px; height: 236px;\" data-original-width=\"181\" data-original-height=\"236\" > <div class=\"tiled-gallery-item tiled-gallery-item-small\" itemprop=\"associatedMedia\" itemscope itemtype=\"http:\/\/schema.org\/ImageObject\"> <a href=\"https:\/\/wp.ufpel.edu.br\/malg\/acervo\/269-zaira\/#main\" border=\"0\" itemprop=\"url\"> <meta itemprop=\"width\" content=\"177\"> <meta itemprop=\"height\" content=\"232\"> <img decoding=\"async\" class=\"\" data-attachment-id=\"533\" data-orig-file=\"https:\/\/wp.ufpel.edu.br\/malg\/files\/2016\/10\/269-Zaira.jpg\" data-orig-size=\"855,1120\" data-comments-opened=\"\" data-image-meta=\"{&quot;aperture&quot;:&quot;0&quot;,&quot;credit&quot;:&quot;&quot;,&quot;camera&quot;:&quot;&quot;,&quot;caption&quot;:&quot;&quot;,&quot;created_timestamp&quot;:&quot;0&quot;,&quot;copyright&quot;:&quot;&quot;,&quot;focal_length&quot;:&quot;0&quot;,&quot;iso&quot;:&quot;0&quot;,&quot;shutter_speed&quot;:&quot;0&quot;,&quot;title&quot;:&quot;&quot;,&quot;orientation&quot;:&quot;0&quot;}\" data-image-title=\"269-zaira\" data-image-description=\"\" data-medium-file=\"https:\/\/wp.ufpel.edu.br\/malg\/files\/2016\/10\/269-Zaira-243x318.jpg\" data-large-file=\"https:\/\/wp.ufpel.edu.br\/malg\/files\/2016\/10\/269-Zaira-855x220.jpg\" src=\"https:\/\/i0.wp.com\/wp.ufpel.edu.br\/malg\/files\/2016\/10\/269-Zaira.jpg?w=177&#038;h=232&#038;ssl=1\" srcset=\"https:\/\/wp.ufpel.edu.br\/malg\/files\/2016\/10\/269-Zaira.jpg 855w, https:\/\/wp.ufpel.edu.br\/malg\/files\/2016\/10\/269-Zaira-121x159.jpg 121w, https:\/\/wp.ufpel.edu.br\/malg\/files\/2016\/10\/269-Zaira-243x318.jpg 243w, https:\/\/wp.ufpel.edu.br\/malg\/files\/2016\/10\/269-Zaira-768x1006.jpg 768w\" width=\"177\" height=\"232\" loading=\"lazy\" data-original-width=\"177\" data-original-height=\"232\" itemprop=\"http:\/\/schema.org\/image\" title=\"269-zaira\" alt=\"269-zaira\" style=\"width: 177px; height: 232px;\" \/> <\/a> <\/div> <\/div> <!-- close group --> <div class=\"gallery-group images-1\" style=\"width: 174px; height: 236px;\" data-original-width=\"174\" data-original-height=\"236\" > <div class=\"tiled-gallery-item tiled-gallery-item-small\" itemprop=\"associatedMedia\" itemscope itemtype=\"http:\/\/schema.org\/ImageObject\"> <a href=\"https:\/\/wp.ufpel.edu.br\/malg\/acervo\/270-beredina-da-rocha-miranda-de-carvalho\/#main\" border=\"0\" itemprop=\"url\"> <meta itemprop=\"width\" content=\"170\"> <meta itemprop=\"height\" content=\"232\"> <img decoding=\"async\" class=\"\" data-attachment-id=\"532\" data-orig-file=\"https:\/\/wp.ufpel.edu.br\/malg\/files\/2016\/10\/270-Beredina-da-Rocha-Miranda-de-Carvalho.jpg\" data-orig-size=\"855,1164\" data-comments-opened=\"\" data-image-meta=\"{&quot;aperture&quot;:&quot;0&quot;,&quot;credit&quot;:&quot;&quot;,&quot;camera&quot;:&quot;&quot;,&quot;caption&quot;:&quot;&quot;,&quot;created_timestamp&quot;:&quot;0&quot;,&quot;copyright&quot;:&quot;&quot;,&quot;focal_length&quot;:&quot;0&quot;,&quot;iso&quot;:&quot;0&quot;,&quot;shutter_speed&quot;:&quot;0&quot;,&quot;title&quot;:&quot;&quot;,&quot;orientation&quot;:&quot;0&quot;}\" data-image-title=\"270-beredina-da-rocha-miranda-de-carvalho\" data-image-description=\"\" data-medium-file=\"https:\/\/wp.ufpel.edu.br\/malg\/files\/2016\/10\/270-Beredina-da-Rocha-Miranda-de-Carvalho-234x318.jpg\" data-large-file=\"https:\/\/wp.ufpel.edu.br\/malg\/files\/2016\/10\/270-Beredina-da-Rocha-Miranda-de-Carvalho-855x220.jpg\" src=\"https:\/\/i0.wp.com\/wp.ufpel.edu.br\/malg\/files\/2016\/10\/270-Beredina-da-Rocha-Miranda-de-Carvalho.jpg?w=170&#038;h=232&#038;ssl=1\" srcset=\"https:\/\/wp.ufpel.edu.br\/malg\/files\/2016\/10\/270-Beredina-da-Rocha-Miranda-de-Carvalho.jpg 855w, https:\/\/wp.ufpel.edu.br\/malg\/files\/2016\/10\/270-Beredina-da-Rocha-Miranda-de-Carvalho-117x159.jpg 117w, https:\/\/wp.ufpel.edu.br\/malg\/files\/2016\/10\/270-Beredina-da-Rocha-Miranda-de-Carvalho-234x318.jpg 234w, https:\/\/wp.ufpel.edu.br\/malg\/files\/2016\/10\/270-Beredina-da-Rocha-Miranda-de-Carvalho-768x1046.jpg 768w\" width=\"170\" height=\"232\" loading=\"lazy\" data-original-width=\"170\" data-original-height=\"232\" itemprop=\"http:\/\/schema.org\/image\" title=\"270-beredina-da-rocha-miranda-de-carvalho\" alt=\"270-beredina-da-rocha-miranda-de-carvalho\" style=\"width: 170px; height: 232px;\" \/> <\/a> <\/div> <\/div> <!-- close group --> <div class=\"gallery-group images-1\" style=\"width: 171px; height: 236px;\" data-original-width=\"171\" data-original-height=\"236\" > <div class=\"tiled-gallery-item tiled-gallery-item-small\" itemprop=\"associatedMedia\" itemscope itemtype=\"http:\/\/schema.org\/ImageObject\"> <a href=\"https:\/\/wp.ufpel.edu.br\/malg\/acervo\/271-modelo-em-pe\/#main\" border=\"0\" itemprop=\"url\"> <meta itemprop=\"width\" content=\"167\"> <meta itemprop=\"height\" content=\"232\"> <img decoding=\"async\" class=\"\" data-attachment-id=\"531\" data-orig-file=\"https:\/\/wp.ufpel.edu.br\/malg\/files\/2016\/10\/271-Modelo-em-p\u00e9.jpg\" data-orig-size=\"855,1190\" data-comments-opened=\"\" data-image-meta=\"{&quot;aperture&quot;:&quot;0&quot;,&quot;credit&quot;:&quot;&quot;,&quot;camera&quot;:&quot;&quot;,&quot;caption&quot;:&quot;&quot;,&quot;created_timestamp&quot;:&quot;0&quot;,&quot;copyright&quot;:&quot;&quot;,&quot;focal_length&quot;:&quot;0&quot;,&quot;iso&quot;:&quot;0&quot;,&quot;shutter_speed&quot;:&quot;0&quot;,&quot;title&quot;:&quot;&quot;,&quot;orientation&quot;:&quot;0&quot;}\" data-image-title=\"271-modelo-em-pe\" data-image-description=\"\" data-medium-file=\"https:\/\/wp.ufpel.edu.br\/malg\/files\/2016\/10\/271-Modelo-em-p\u00e9-228x318.jpg\" data-large-file=\"https:\/\/wp.ufpel.edu.br\/malg\/files\/2016\/10\/271-Modelo-em-p\u00e9-855x220.jpg\" src=\"https:\/\/i0.wp.com\/wp.ufpel.edu.br\/malg\/files\/2016\/10\/271-Modelo-em-p%C3%A9.jpg?w=167&#038;h=232&#038;ssl=1\" width=\"167\" height=\"232\" loading=\"lazy\" data-original-width=\"167\" data-original-height=\"232\" itemprop=\"http:\/\/schema.org\/image\" title=\"271-modelo-em-pe\" alt=\"271-modelo-em-pe\" style=\"width: 167px; height: 232px;\" \/> <\/a> <\/div> <\/div> <!-- close group --> <\/div> <!-- close row --> <div class=\"gallery-row\" style=\"width: 720px; height: 474px;\" data-original-width=\"720\" data-original-height=\"474\" > <div class=\"gallery-group images-1\" style=\"width: 360px; height: 474px;\" data-original-width=\"360\" data-original-height=\"474\" > <div class=\"tiled-gallery-item tiled-gallery-item-large\" itemprop=\"associatedMedia\" itemscope itemtype=\"http:\/\/schema.org\/ImageObject\"> <a href=\"https:\/\/wp.ufpel.edu.br\/malg\/acervo\/272-estudo-a-azul-ou-figura\/#main\" border=\"0\" itemprop=\"url\"> <meta itemprop=\"width\" content=\"356\"> <meta itemprop=\"height\" content=\"470\"> <img decoding=\"async\" class=\"\" data-attachment-id=\"530\" data-orig-file=\"https:\/\/wp.ufpel.edu.br\/malg\/files\/2016\/10\/272-Estudo-a-Azul-ou-figura.jpg\" data-orig-size=\"855,1129\" data-comments-opened=\"\" data-image-meta=\"{&quot;aperture&quot;:&quot;0&quot;,&quot;credit&quot;:&quot;&quot;,&quot;camera&quot;:&quot;&quot;,&quot;caption&quot;:&quot;&quot;,&quot;created_timestamp&quot;:&quot;0&quot;,&quot;copyright&quot;:&quot;&quot;,&quot;focal_length&quot;:&quot;0&quot;,&quot;iso&quot;:&quot;0&quot;,&quot;shutter_speed&quot;:&quot;0&quot;,&quot;title&quot;:&quot;&quot;,&quot;orientation&quot;:&quot;0&quot;}\" data-image-title=\"272-estudo-a-azul-ou-figura\" data-image-description=\"\" data-medium-file=\"https:\/\/wp.ufpel.edu.br\/malg\/files\/2016\/10\/272-Estudo-a-Azul-ou-figura-241x318.jpg\" data-large-file=\"https:\/\/wp.ufpel.edu.br\/malg\/files\/2016\/10\/272-Estudo-a-Azul-ou-figura-855x220.jpg\" src=\"https:\/\/i0.wp.com\/wp.ufpel.edu.br\/malg\/files\/2016\/10\/272-Estudo-a-Azul-ou-figura.jpg?w=356&#038;h=470&#038;ssl=1\" srcset=\"https:\/\/wp.ufpel.edu.br\/malg\/files\/2016\/10\/272-Estudo-a-Azul-ou-figura.jpg 855w, https:\/\/wp.ufpel.edu.br\/malg\/files\/2016\/10\/272-Estudo-a-Azul-ou-figura-120x159.jpg 120w, https:\/\/wp.ufpel.edu.br\/malg\/files\/2016\/10\/272-Estudo-a-Azul-ou-figura-241x318.jpg 241w, https:\/\/wp.ufpel.edu.br\/malg\/files\/2016\/10\/272-Estudo-a-Azul-ou-figura-768x1014.jpg 768w\" width=\"356\" height=\"470\" loading=\"lazy\" data-original-width=\"356\" data-original-height=\"470\" itemprop=\"http:\/\/schema.org\/image\" title=\"272-estudo-a-azul-ou-figura\" alt=\"272-estudo-a-azul-ou-figura\" style=\"width: 356px; height: 470px;\" \/> <\/a> <\/div> <\/div> <!-- close group --> <div class=\"gallery-group images-1\" style=\"width: 360px; height: 474px;\" data-original-width=\"360\" data-original-height=\"474\" > <div class=\"tiled-gallery-item tiled-gallery-item-large\" itemprop=\"associatedMedia\" itemscope itemtype=\"http:\/\/schema.org\/ImageObject\"> <a href=\"https:\/\/wp.ufpel.edu.br\/malg\/acervo\/273-repouso\/#main\" border=\"0\" itemprop=\"url\"> <meta itemprop=\"width\" content=\"356\"> <meta itemprop=\"height\" content=\"470\"> <img decoding=\"async\" class=\"\" data-attachment-id=\"529\" data-orig-file=\"https:\/\/wp.ufpel.edu.br\/malg\/files\/2016\/10\/273-Repouso.jpg\" data-orig-size=\"855,1129\" data-comments-opened=\"\" data-image-meta=\"{&quot;aperture&quot;:&quot;0&quot;,&quot;credit&quot;:&quot;&quot;,&quot;camera&quot;:&quot;&quot;,&quot;caption&quot;:&quot;&quot;,&quot;created_timestamp&quot;:&quot;0&quot;,&quot;copyright&quot;:&quot;&quot;,&quot;focal_length&quot;:&quot;0&quot;,&quot;iso&quot;:&quot;0&quot;,&quot;shutter_speed&quot;:&quot;0&quot;,&quot;title&quot;:&quot;&quot;,&quot;orientation&quot;:&quot;0&quot;}\" data-image-title=\"273-repouso\" data-image-description=\"\" data-medium-file=\"https:\/\/wp.ufpel.edu.br\/malg\/files\/2016\/10\/273-Repouso-241x318.jpg\" data-large-file=\"https:\/\/wp.ufpel.edu.br\/malg\/files\/2016\/10\/273-Repouso-855x220.jpg\" src=\"https:\/\/i0.wp.com\/wp.ufpel.edu.br\/malg\/files\/2016\/10\/273-Repouso.jpg?w=356&#038;h=470&#038;ssl=1\" srcset=\"https:\/\/wp.ufpel.edu.br\/malg\/files\/2016\/10\/273-Repouso.jpg 855w, https:\/\/wp.ufpel.edu.br\/malg\/files\/2016\/10\/273-Repouso-120x159.jpg 120w, https:\/\/wp.ufpel.edu.br\/malg\/files\/2016\/10\/273-Repouso-241x318.jpg 241w, https:\/\/wp.ufpel.edu.br\/malg\/files\/2016\/10\/273-Repouso-768x1014.jpg 768w\" width=\"356\" height=\"470\" loading=\"lazy\" data-original-width=\"356\" data-original-height=\"470\" itemprop=\"http:\/\/schema.org\/image\" title=\"273-repouso\" alt=\"273-repouso\" style=\"width: 356px; height: 470px;\" \/> <\/a> <\/div> <\/div> <!-- close group --> <\/div> <!-- close row --> <div class=\"gallery-row\" style=\"width: 720px; height: 224px;\" data-original-width=\"720\" data-original-height=\"224\" > <div class=\"gallery-group images-1\" style=\"width: 167px; height: 224px;\" data-original-width=\"167\" data-original-height=\"224\" > <div class=\"tiled-gallery-item tiled-gallery-item-small\" itemprop=\"associatedMedia\" itemscope itemtype=\"http:\/\/schema.org\/ImageObject\"> <a href=\"https:\/\/wp.ufpel.edu.br\/malg\/acervo\/274-professor-noel\/#main\" border=\"0\" itemprop=\"url\"> <meta itemprop=\"width\" content=\"163\"> <meta itemprop=\"height\" content=\"220\"> <img decoding=\"async\" class=\"\" data-attachment-id=\"528\" data-orig-file=\"https:\/\/wp.ufpel.edu.br\/malg\/files\/2016\/10\/274-Professor-No\u00ebl.jpg\" data-orig-size=\"855,1155\" data-comments-opened=\"\" data-image-meta=\"{&quot;aperture&quot;:&quot;0&quot;,&quot;credit&quot;:&quot;&quot;,&quot;camera&quot;:&quot;&quot;,&quot;caption&quot;:&quot;&quot;,&quot;created_timestamp&quot;:&quot;0&quot;,&quot;copyright&quot;:&quot;&quot;,&quot;focal_length&quot;:&quot;0&quot;,&quot;iso&quot;:&quot;0&quot;,&quot;shutter_speed&quot;:&quot;0&quot;,&quot;title&quot;:&quot;&quot;,&quot;orientation&quot;:&quot;0&quot;}\" data-image-title=\"274-professor-noel\" data-image-description=\"\" data-medium-file=\"https:\/\/wp.ufpel.edu.br\/malg\/files\/2016\/10\/274-Professor-No\u00ebl-235x318.jpg\" data-large-file=\"https:\/\/wp.ufpel.edu.br\/malg\/files\/2016\/10\/274-Professor-No\u00ebl-855x220.jpg\" src=\"https:\/\/i0.wp.com\/wp.ufpel.edu.br\/malg\/files\/2016\/10\/274-Professor-No%C3%ABl.jpg?w=163&#038;h=220&#038;ssl=1\" width=\"163\" height=\"220\" loading=\"lazy\" data-original-width=\"163\" data-original-height=\"220\" itemprop=\"http:\/\/schema.org\/image\" title=\"274-professor-noel\" alt=\"274-professor-noel\" style=\"width: 163px; height: 220px;\" \/> <\/a> <\/div> <\/div> <!-- close group --> <div class=\"gallery-group images-1\" style=\"width: 163px; height: 224px;\" data-original-width=\"163\" data-original-height=\"224\" > <div class=\"tiled-gallery-item tiled-gallery-item-small\" itemprop=\"associatedMedia\" itemscope itemtype=\"http:\/\/schema.org\/ImageObject\"> <a href=\"https:\/\/wp.ufpel.edu.br\/malg\/acervo\/275-homem\/#main\" border=\"0\" itemprop=\"url\"> <meta itemprop=\"width\" content=\"159\"> <meta itemprop=\"height\" content=\"220\"> <img decoding=\"async\" class=\"\" data-attachment-id=\"527\" data-orig-file=\"https:\/\/wp.ufpel.edu.br\/malg\/files\/2016\/10\/275-Homem.jpg\" data-orig-size=\"855,1181\" data-comments-opened=\"\" data-image-meta=\"{&quot;aperture&quot;:&quot;0&quot;,&quot;credit&quot;:&quot;&quot;,&quot;camera&quot;:&quot;&quot;,&quot;caption&quot;:&quot;&quot;,&quot;created_timestamp&quot;:&quot;0&quot;,&quot;copyright&quot;:&quot;&quot;,&quot;focal_length&quot;:&quot;0&quot;,&quot;iso&quot;:&quot;0&quot;,&quot;shutter_speed&quot;:&quot;0&quot;,&quot;title&quot;:&quot;&quot;,&quot;orientation&quot;:&quot;0&quot;}\" data-image-title=\"275-homem\" data-image-description=\"\" data-medium-file=\"https:\/\/wp.ufpel.edu.br\/malg\/files\/2016\/10\/275-Homem-230x318.jpg\" data-large-file=\"https:\/\/wp.ufpel.edu.br\/malg\/files\/2016\/10\/275-Homem-855x220.jpg\" src=\"https:\/\/i0.wp.com\/wp.ufpel.edu.br\/malg\/files\/2016\/10\/275-Homem.jpg?w=159&#038;h=220&#038;ssl=1\" srcset=\"https:\/\/wp.ufpel.edu.br\/malg\/files\/2016\/10\/275-Homem.jpg 855w, https:\/\/wp.ufpel.edu.br\/malg\/files\/2016\/10\/275-Homem-115x159.jpg 115w, https:\/\/wp.ufpel.edu.br\/malg\/files\/2016\/10\/275-Homem-230x318.jpg 230w, https:\/\/wp.ufpel.edu.br\/malg\/files\/2016\/10\/275-Homem-768x1061.jpg 768w\" width=\"159\" height=\"220\" loading=\"lazy\" data-original-width=\"159\" data-original-height=\"220\" itemprop=\"http:\/\/schema.org\/image\" title=\"275-homem\" alt=\"275-homem\" style=\"width: 159px; height: 220px;\" \/> <\/a> <\/div> <\/div> <!-- close group --> <div class=\"gallery-group images-1\" style=\"width: 155px; height: 224px;\" data-original-width=\"155\" data-original-height=\"224\" > <div class=\"tiled-gallery-item tiled-gallery-item-small\" itemprop=\"associatedMedia\" itemscope itemtype=\"http:\/\/schema.org\/ImageObject\"> <a href=\"https:\/\/wp.ufpel.edu.br\/malg\/acervo\/276-rosas\/#main\" border=\"0\" itemprop=\"url\"> <meta itemprop=\"width\" content=\"151\"> <meta itemprop=\"height\" content=\"220\"> <img decoding=\"async\" class=\"\" data-attachment-id=\"526\" data-orig-file=\"https:\/\/wp.ufpel.edu.br\/malg\/files\/2016\/10\/276-Rosas.jpg\" data-orig-size=\"855,1242\" data-comments-opened=\"\" data-image-meta=\"{&quot;aperture&quot;:&quot;0&quot;,&quot;credit&quot;:&quot;&quot;,&quot;camera&quot;:&quot;&quot;,&quot;caption&quot;:&quot;&quot;,&quot;created_timestamp&quot;:&quot;0&quot;,&quot;copyright&quot;:&quot;&quot;,&quot;focal_length&quot;:&quot;0&quot;,&quot;iso&quot;:&quot;0&quot;,&quot;shutter_speed&quot;:&quot;0&quot;,&quot;title&quot;:&quot;&quot;,&quot;orientation&quot;:&quot;0&quot;}\" data-image-title=\"276-rosas\" data-image-description=\"\" data-medium-file=\"https:\/\/wp.ufpel.edu.br\/malg\/files\/2016\/10\/276-Rosas-219x318.jpg\" data-large-file=\"https:\/\/wp.ufpel.edu.br\/malg\/files\/2016\/10\/276-Rosas-855x220.jpg\" src=\"https:\/\/i0.wp.com\/wp.ufpel.edu.br\/malg\/files\/2016\/10\/276-Rosas.jpg?w=151&#038;h=220&#038;ssl=1\" srcset=\"https:\/\/wp.ufpel.edu.br\/malg\/files\/2016\/10\/276-Rosas.jpg 855w, https:\/\/wp.ufpel.edu.br\/malg\/files\/2016\/10\/276-Rosas-109x159.jpg 109w, https:\/\/wp.ufpel.edu.br\/malg\/files\/2016\/10\/276-Rosas-219x318.jpg 219w, https:\/\/wp.ufpel.edu.br\/malg\/files\/2016\/10\/276-Rosas-768x1116.jpg 768w\" width=\"151\" height=\"220\" loading=\"lazy\" data-original-width=\"151\" data-original-height=\"220\" itemprop=\"http:\/\/schema.org\/image\" title=\"276-rosas\" alt=\"276-rosas\" style=\"width: 151px; height: 220px;\" \/> <\/a> <\/div> <\/div> <!-- close group --> <div class=\"gallery-group images-1\" style=\"width: 235px; height: 224px;\" data-original-width=\"235\" data-original-height=\"224\" > <div class=\"tiled-gallery-item tiled-gallery-item-small\" itemprop=\"associatedMedia\" itemscope itemtype=\"http:\/\/schema.org\/ImageObject\"> <a href=\"https:\/\/wp.ufpel.edu.br\/malg\/acervo\/attachment\/277\/#main\" border=\"0\" itemprop=\"url\"> <meta itemprop=\"width\" content=\"231\"> <meta itemprop=\"height\" content=\"220\"> <img decoding=\"async\" class=\"\" data-attachment-id=\"525\" data-orig-file=\"https:\/\/wp.ufpel.edu.br\/malg\/files\/2016\/10\/277.jpg\" data-orig-size=\"992,941\" data-comments-opened=\"\" data-image-meta=\"{&quot;aperture&quot;:&quot;0&quot;,&quot;credit&quot;:&quot;&quot;,&quot;camera&quot;:&quot;&quot;,&quot;caption&quot;:&quot;&quot;,&quot;created_timestamp&quot;:&quot;0&quot;,&quot;copyright&quot;:&quot;&quot;,&quot;focal_length&quot;:&quot;0&quot;,&quot;iso&quot;:&quot;0&quot;,&quot;shutter_speed&quot;:&quot;0&quot;,&quot;title&quot;:&quot;&quot;,&quot;orientation&quot;:&quot;0&quot;}\" data-image-title=\"277\" data-image-description=\"\" data-medium-file=\"https:\/\/wp.ufpel.edu.br\/malg\/files\/2016\/10\/277-335x318.jpg\" data-large-file=\"https:\/\/wp.ufpel.edu.br\/malg\/files\/2016\/10\/277-984x220.jpg\" src=\"https:\/\/i0.wp.com\/wp.ufpel.edu.br\/malg\/files\/2016\/10\/277.jpg?w=231&#038;h=220&#038;ssl=1\" srcset=\"https:\/\/wp.ufpel.edu.br\/malg\/files\/2016\/10\/277.jpg 992w, https:\/\/wp.ufpel.edu.br\/malg\/files\/2016\/10\/277-168x159.jpg 168w, https:\/\/wp.ufpel.edu.br\/malg\/files\/2016\/10\/277-335x318.jpg 335w, https:\/\/wp.ufpel.edu.br\/malg\/files\/2016\/10\/277-768x729.jpg 768w\" width=\"231\" height=\"220\" loading=\"lazy\" data-original-width=\"231\" data-original-height=\"220\" itemprop=\"http:\/\/schema.org\/image\" title=\"277\" alt=\"277\" style=\"width: 231px; height: 220px;\" \/> <\/a> <\/div> <\/div> <!-- close group --> <\/div> <!-- close row --> <div class=\"gallery-row\" style=\"width: 720px; height: 349px;\" data-original-width=\"720\" data-original-height=\"349\" > <div class=\"gallery-group images-1\" style=\"width: 240px; height: 349px;\" data-original-width=\"240\" data-original-height=\"349\" > <div class=\"tiled-gallery-item tiled-gallery-item-small\" itemprop=\"associatedMedia\" itemscope itemtype=\"http:\/\/schema.org\/ImageObject\"> <a href=\"https:\/\/wp.ufpel.edu.br\/malg\/acervo\/284-perfil-de-dora\/#main\" border=\"0\" itemprop=\"url\"> <meta itemprop=\"width\" content=\"236\"> <meta itemprop=\"height\" content=\"345\"> <img decoding=\"async\" class=\"\" data-attachment-id=\"524\" data-orig-file=\"https:\/\/wp.ufpel.edu.br\/malg\/files\/2016\/10\/284-Perfil-de-Dora.jpg\" data-orig-size=\"855,1250\" data-comments-opened=\"\" data-image-meta=\"{&quot;aperture&quot;:&quot;0&quot;,&quot;credit&quot;:&quot;&quot;,&quot;camera&quot;:&quot;&quot;,&quot;caption&quot;:&quot;&quot;,&quot;created_timestamp&quot;:&quot;0&quot;,&quot;copyright&quot;:&quot;&quot;,&quot;focal_length&quot;:&quot;0&quot;,&quot;iso&quot;:&quot;0&quot;,&quot;shutter_speed&quot;:&quot;0&quot;,&quot;title&quot;:&quot;&quot;,&quot;orientation&quot;:&quot;0&quot;}\" data-image-title=\"284-perfil-de-dora\" data-image-description=\"\" data-medium-file=\"https:\/\/wp.ufpel.edu.br\/malg\/files\/2016\/10\/284-Perfil-de-Dora-218x318.jpg\" data-large-file=\"https:\/\/wp.ufpel.edu.br\/malg\/files\/2016\/10\/284-Perfil-de-Dora-855x220.jpg\" src=\"https:\/\/i0.wp.com\/wp.ufpel.edu.br\/malg\/files\/2016\/10\/284-Perfil-de-Dora.jpg?w=236&#038;h=345&#038;ssl=1\" srcset=\"https:\/\/wp.ufpel.edu.br\/malg\/files\/2016\/10\/284-Perfil-de-Dora.jpg 855w, https:\/\/wp.ufpel.edu.br\/malg\/files\/2016\/10\/284-Perfil-de-Dora-109x159.jpg 109w, https:\/\/wp.ufpel.edu.br\/malg\/files\/2016\/10\/284-Perfil-de-Dora-218x318.jpg 218w, https:\/\/wp.ufpel.edu.br\/malg\/files\/2016\/10\/284-Perfil-de-Dora-768x1123.jpg 768w\" width=\"236\" height=\"345\" loading=\"lazy\" data-original-width=\"236\" data-original-height=\"345\" itemprop=\"http:\/\/schema.org\/image\" title=\"284-perfil-de-dora\" alt=\"284-perfil-de-dora\" style=\"width: 236px; height: 345px;\" \/> <\/a> <\/div> <\/div> <!-- close group --> <div class=\"gallery-group images-1\" style=\"width: 242px; height: 349px;\" data-original-width=\"242\" data-original-height=\"349\" > <div class=\"tiled-gallery-item tiled-gallery-item-small\" itemprop=\"associatedMedia\" itemscope itemtype=\"http:\/\/schema.org\/ImageObject\"> <a href=\"https:\/\/wp.ufpel.edu.br\/malg\/acervo\/285-estudo-cabeca-de-mulher\/#main\" border=\"0\" itemprop=\"url\"> <meta itemprop=\"width\" content=\"238\"> <meta itemprop=\"height\" content=\"345\"> <img decoding=\"async\" class=\"\" data-attachment-id=\"523\" data-orig-file=\"https:\/\/wp.ufpel.edu.br\/malg\/files\/2016\/10\/285-Estudo-cabe\u00e7a-de-mulher.jpg\" data-orig-size=\"855,1237\" data-comments-opened=\"\" data-image-meta=\"{&quot;aperture&quot;:&quot;0&quot;,&quot;credit&quot;:&quot;&quot;,&quot;camera&quot;:&quot;&quot;,&quot;caption&quot;:&quot;&quot;,&quot;created_timestamp&quot;:&quot;0&quot;,&quot;copyright&quot;:&quot;&quot;,&quot;focal_length&quot;:&quot;0&quot;,&quot;iso&quot;:&quot;0&quot;,&quot;shutter_speed&quot;:&quot;0&quot;,&quot;title&quot;:&quot;&quot;,&quot;orientation&quot;:&quot;0&quot;}\" data-image-title=\"285-estudo-cabeca-de-mulher\" data-image-description=\"\" data-medium-file=\"https:\/\/wp.ufpel.edu.br\/malg\/files\/2016\/10\/285-Estudo-cabe\u00e7a-de-mulher-220x318.jpg\" data-large-file=\"https:\/\/wp.ufpel.edu.br\/malg\/files\/2016\/10\/285-Estudo-cabe\u00e7a-de-mulher-855x220.jpg\" src=\"https:\/\/i0.wp.com\/wp.ufpel.edu.br\/malg\/files\/2016\/10\/285-Estudo-cabe%C3%A7a-de-mulher.jpg?w=238&#038;h=345&#038;ssl=1\" width=\"238\" height=\"345\" loading=\"lazy\" data-original-width=\"238\" data-original-height=\"345\" itemprop=\"http:\/\/schema.org\/image\" title=\"285-estudo-cabeca-de-mulher\" alt=\"285-estudo-cabeca-de-mulher\" style=\"width: 238px; height: 345px;\" \/> <\/a> <\/div> <\/div> <!-- close group --> <div class=\"gallery-group images-1\" style=\"width: 238px; height: 349px;\" data-original-width=\"238\" data-original-height=\"349\" > <div class=\"tiled-gallery-item tiled-gallery-item-small\" itemprop=\"associatedMedia\" itemscope itemtype=\"http:\/\/schema.org\/ImageObject\"> <a href=\"https:\/\/wp.ufpel.edu.br\/malg\/acervo\/286-autorretrato-sorrindo\/#main\" border=\"0\" itemprop=\"url\"> <meta itemprop=\"width\" content=\"234\"> <meta itemprop=\"height\" content=\"345\"> <img decoding=\"async\" class=\"\" data-attachment-id=\"522\" data-orig-file=\"https:\/\/wp.ufpel.edu.br\/malg\/files\/2016\/10\/286-Autorretrato-sorrindo.jpg\" data-orig-size=\"855,1259\" data-comments-opened=\"\" data-image-meta=\"{&quot;aperture&quot;:&quot;0&quot;,&quot;credit&quot;:&quot;&quot;,&quot;camera&quot;:&quot;&quot;,&quot;caption&quot;:&quot;&quot;,&quot;created_timestamp&quot;:&quot;0&quot;,&quot;copyright&quot;:&quot;&quot;,&quot;focal_length&quot;:&quot;0&quot;,&quot;iso&quot;:&quot;0&quot;,&quot;shutter_speed&quot;:&quot;0&quot;,&quot;title&quot;:&quot;&quot;,&quot;orientation&quot;:&quot;0&quot;}\" data-image-title=\"286-autorretrato-sorrindo\" data-image-description=\"\" data-medium-file=\"https:\/\/wp.ufpel.edu.br\/malg\/files\/2016\/10\/286-Autorretrato-sorrindo-216x318.jpg\" data-large-file=\"https:\/\/wp.ufpel.edu.br\/malg\/files\/2016\/10\/286-Autorretrato-sorrindo-855x220.jpg\" src=\"https:\/\/i0.wp.com\/wp.ufpel.edu.br\/malg\/files\/2016\/10\/286-Autorretrato-sorrindo.jpg?w=234&#038;h=345&#038;ssl=1\" srcset=\"https:\/\/wp.ufpel.edu.br\/malg\/files\/2016\/10\/286-Autorretrato-sorrindo.jpg 855w, https:\/\/wp.ufpel.edu.br\/malg\/files\/2016\/10\/286-Autorretrato-sorrindo-108x159.jpg 108w, https:\/\/wp.ufpel.edu.br\/malg\/files\/2016\/10\/286-Autorretrato-sorrindo-216x318.jpg 216w, https:\/\/wp.ufpel.edu.br\/malg\/files\/2016\/10\/286-Autorretrato-sorrindo-768x1131.jpg 768w\" width=\"234\" height=\"345\" loading=\"lazy\" data-original-width=\"234\" data-original-height=\"345\" itemprop=\"http:\/\/schema.org\/image\" title=\"286-autorretrato-sorrindo\" alt=\"286-autorretrato-sorrindo\" style=\"width: 234px; height: 345px;\" \/> <\/a> <\/div> <\/div> <!-- close group --> <\/div> <!-- close row --> <div class=\"gallery-row\" style=\"width: 720px; height: 229px;\" data-original-width=\"720\" data-original-height=\"229\" > <div class=\"gallery-group images-1\" style=\"width: 217px; height: 229px;\" data-original-width=\"217\" data-original-height=\"229\" > <div class=\"tiled-gallery-item tiled-gallery-item-small\" itemprop=\"associatedMedia\" itemscope itemtype=\"http:\/\/schema.org\/ImageObject\"> <a href=\"https:\/\/wp.ufpel.edu.br\/malg\/acervo\/288-gatos-3-estudos\/#main\" border=\"0\" itemprop=\"url\"> <meta itemprop=\"width\" content=\"213\"> <meta itemprop=\"height\" content=\"225\"> <img decoding=\"async\" class=\"\" data-attachment-id=\"521\" data-orig-file=\"https:\/\/wp.ufpel.edu.br\/malg\/files\/2016\/10\/288-Gatos-3-estudos.jpg\" data-orig-size=\"992,1045\" data-comments-opened=\"\" data-image-meta=\"{&quot;aperture&quot;:&quot;0&quot;,&quot;credit&quot;:&quot;&quot;,&quot;camera&quot;:&quot;&quot;,&quot;caption&quot;:&quot;&quot;,&quot;created_timestamp&quot;:&quot;0&quot;,&quot;copyright&quot;:&quot;&quot;,&quot;focal_length&quot;:&quot;0&quot;,&quot;iso&quot;:&quot;0&quot;,&quot;shutter_speed&quot;:&quot;0&quot;,&quot;title&quot;:&quot;&quot;,&quot;orientation&quot;:&quot;0&quot;}\" data-image-title=\"288-gatos-3-estudos\" data-image-description=\"\" data-medium-file=\"https:\/\/wp.ufpel.edu.br\/malg\/files\/2016\/10\/288-Gatos-3-estudos-302x318.jpg\" data-large-file=\"https:\/\/wp.ufpel.edu.br\/malg\/files\/2016\/10\/288-Gatos-3-estudos-984x220.jpg\" src=\"https:\/\/i0.wp.com\/wp.ufpel.edu.br\/malg\/files\/2016\/10\/288-Gatos-3-estudos.jpg?w=213&#038;h=225&#038;ssl=1\" srcset=\"https:\/\/wp.ufpel.edu.br\/malg\/files\/2016\/10\/288-Gatos-3-estudos.jpg 992w, https:\/\/wp.ufpel.edu.br\/malg\/files\/2016\/10\/288-Gatos-3-estudos-151x159.jpg 151w, https:\/\/wp.ufpel.edu.br\/malg\/files\/2016\/10\/288-Gatos-3-estudos-302x318.jpg 302w, https:\/\/wp.ufpel.edu.br\/malg\/files\/2016\/10\/288-Gatos-3-estudos-768x809.jpg 768w\" width=\"213\" height=\"225\" loading=\"lazy\" data-original-width=\"213\" data-original-height=\"225\" itemprop=\"http:\/\/schema.org\/image\" title=\"288-gatos-3-estudos\" alt=\"288-gatos-3-estudos\" style=\"width: 213px; height: 225px;\" \/> <\/a> <\/div> <\/div> <!-- close group --> <div class=\"gallery-group images-1\" style=\"width: 212px; height: 229px;\" data-original-width=\"212\" data-original-height=\"229\" > <div class=\"tiled-gallery-item tiled-gallery-item-small\" itemprop=\"associatedMedia\" itemscope itemtype=\"http:\/\/schema.org\/ImageObject\"> <a href=\"https:\/\/wp.ufpel.edu.br\/malg\/acervo\/290-gatos\/#main\" border=\"0\" itemprop=\"url\"> <meta itemprop=\"width\" content=\"208\"> <meta itemprop=\"height\" content=\"225\"> <img decoding=\"async\" class=\"\" data-attachment-id=\"520\" data-orig-file=\"https:\/\/wp.ufpel.edu.br\/malg\/files\/2016\/10\/290-Gatos.jpg\" data-orig-size=\"992,1071\" data-comments-opened=\"\" data-image-meta=\"{&quot;aperture&quot;:&quot;0&quot;,&quot;credit&quot;:&quot;&quot;,&quot;camera&quot;:&quot;&quot;,&quot;caption&quot;:&quot;&quot;,&quot;created_timestamp&quot;:&quot;0&quot;,&quot;copyright&quot;:&quot;&quot;,&quot;focal_length&quot;:&quot;0&quot;,&quot;iso&quot;:&quot;0&quot;,&quot;shutter_speed&quot;:&quot;0&quot;,&quot;title&quot;:&quot;&quot;,&quot;orientation&quot;:&quot;0&quot;}\" data-image-title=\"290-gatos\" data-image-description=\"\" data-medium-file=\"https:\/\/wp.ufpel.edu.br\/malg\/files\/2016\/10\/290-Gatos-295x318.jpg\" data-large-file=\"https:\/\/wp.ufpel.edu.br\/malg\/files\/2016\/10\/290-Gatos-984x220.jpg\" src=\"https:\/\/i0.wp.com\/wp.ufpel.edu.br\/malg\/files\/2016\/10\/290-Gatos.jpg?w=208&#038;h=225&#038;ssl=1\" srcset=\"https:\/\/wp.ufpel.edu.br\/malg\/files\/2016\/10\/290-Gatos.jpg 992w, https:\/\/wp.ufpel.edu.br\/malg\/files\/2016\/10\/290-Gatos-147x159.jpg 147w, https:\/\/wp.ufpel.edu.br\/malg\/files\/2016\/10\/290-Gatos-295x318.jpg 295w, https:\/\/wp.ufpel.edu.br\/malg\/files\/2016\/10\/290-Gatos-768x829.jpg 768w\" width=\"208\" height=\"225\" loading=\"lazy\" data-original-width=\"208\" data-original-height=\"225\" itemprop=\"http:\/\/schema.org\/image\" title=\"290-gatos\" alt=\"290-gatos\" style=\"width: 208px; height: 225px;\" \/> <\/a> <\/div> <\/div> <!-- close group --> <div class=\"gallery-group images-1\" style=\"width: 143px; height: 229px;\" data-original-width=\"143\" data-original-height=\"229\" > <div class=\"tiled-gallery-item tiled-gallery-item-small\" itemprop=\"associatedMedia\" itemscope itemtype=\"http:\/\/schema.org\/ImageObject\"> <a href=\"https:\/\/wp.ufpel.edu.br\/malg\/acervo\/293-pai-do-pintor\/#main\" border=\"0\" itemprop=\"url\"> <meta itemprop=\"width\" content=\"139\"> <meta itemprop=\"height\" content=\"225\"> <img decoding=\"async\" class=\"\" data-attachment-id=\"519\" data-orig-file=\"https:\/\/wp.ufpel.edu.br\/malg\/files\/2016\/10\/293-Pai-do-pintor.jpg\" data-orig-size=\"855,1378\" data-comments-opened=\"\" data-image-meta=\"{&quot;aperture&quot;:&quot;0&quot;,&quot;credit&quot;:&quot;&quot;,&quot;camera&quot;:&quot;&quot;,&quot;caption&quot;:&quot;&quot;,&quot;created_timestamp&quot;:&quot;0&quot;,&quot;copyright&quot;:&quot;&quot;,&quot;focal_length&quot;:&quot;0&quot;,&quot;iso&quot;:&quot;0&quot;,&quot;shutter_speed&quot;:&quot;0&quot;,&quot;title&quot;:&quot;&quot;,&quot;orientation&quot;:&quot;0&quot;}\" data-image-title=\"293-pai-do-pintor\" data-image-description=\"\" data-medium-file=\"https:\/\/wp.ufpel.edu.br\/malg\/files\/2016\/10\/293-Pai-do-pintor-197x318.jpg\" data-large-file=\"https:\/\/wp.ufpel.edu.br\/malg\/files\/2016\/10\/293-Pai-do-pintor-855x220.jpg\" src=\"https:\/\/i0.wp.com\/wp.ufpel.edu.br\/malg\/files\/2016\/10\/293-Pai-do-pintor.jpg?w=139&#038;h=225&#038;ssl=1\" srcset=\"https:\/\/wp.ufpel.edu.br\/malg\/files\/2016\/10\/293-Pai-do-pintor.jpg 855w, https:\/\/wp.ufpel.edu.br\/malg\/files\/2016\/10\/293-Pai-do-pintor-99x159.jpg 99w, https:\/\/wp.ufpel.edu.br\/malg\/files\/2016\/10\/293-Pai-do-pintor-197x318.jpg 197w, https:\/\/wp.ufpel.edu.br\/malg\/files\/2016\/10\/293-Pai-do-pintor-768x1238.jpg 768w\" width=\"139\" height=\"225\" loading=\"lazy\" data-original-width=\"139\" data-original-height=\"225\" itemprop=\"http:\/\/schema.org\/image\" title=\"293-pai-do-pintor\" alt=\"293-pai-do-pintor\" style=\"width: 139px; height: 225px;\" \/> <\/a> <\/div> <\/div> <!-- close group --> <div class=\"gallery-group images-1\" style=\"width: 148px; height: 229px;\" data-original-width=\"148\" data-original-height=\"229\" > <div class=\"tiled-gallery-item tiled-gallery-item-small\" itemprop=\"associatedMedia\" itemscope itemtype=\"http:\/\/schema.org\/ImageObject\"> <a href=\"https:\/\/wp.ufpel.edu.br\/malg\/acervo\/294-estudo-de-cabeca\/#main\" border=\"0\" itemprop=\"url\"> <meta itemprop=\"width\" content=\"144\"> <meta itemprop=\"height\" content=\"225\"> <img decoding=\"async\" class=\"\" data-attachment-id=\"518\" data-orig-file=\"https:\/\/wp.ufpel.edu.br\/malg\/files\/2016\/10\/294-Estudo-de-cabe\u00e7a.jpg\" data-orig-size=\"855,1337\" data-comments-opened=\"\" data-image-meta=\"{&quot;aperture&quot;:&quot;0&quot;,&quot;credit&quot;:&quot;&quot;,&quot;camera&quot;:&quot;&quot;,&quot;caption&quot;:&quot;&quot;,&quot;created_timestamp&quot;:&quot;0&quot;,&quot;copyright&quot;:&quot;&quot;,&quot;focal_length&quot;:&quot;0&quot;,&quot;iso&quot;:&quot;0&quot;,&quot;shutter_speed&quot;:&quot;0&quot;,&quot;title&quot;:&quot;&quot;,&quot;orientation&quot;:&quot;0&quot;}\" data-image-title=\"294-estudo-de-cabeca\" data-image-description=\"\" data-medium-file=\"https:\/\/wp.ufpel.edu.br\/malg\/files\/2016\/10\/294-Estudo-de-cabe\u00e7a-203x318.jpg\" data-large-file=\"https:\/\/wp.ufpel.edu.br\/malg\/files\/2016\/10\/294-Estudo-de-cabe\u00e7a-855x220.jpg\" src=\"https:\/\/i0.wp.com\/wp.ufpel.edu.br\/malg\/files\/2016\/10\/294-Estudo-de-cabe%C3%A7a.jpg?w=144&#038;h=225&#038;ssl=1\" width=\"144\" height=\"225\" loading=\"lazy\" data-original-width=\"144\" data-original-height=\"225\" itemprop=\"http:\/\/schema.org\/image\" title=\"294-estudo-de-cabeca\" alt=\"294-estudo-de-cabeca\" style=\"width: 144px; height: 225px;\" \/> <\/a> <\/div> <\/div> <!-- close group --> <\/div> <!-- close row --> <div class=\"gallery-row\" style=\"width: 720px; height: 582px;\" data-original-width=\"720\" data-original-height=\"582\" > <div class=\"gallery-group images-1\" style=\"width: 360px; height: 582px;\" data-original-width=\"360\" data-original-height=\"582\" > <div class=\"tiled-gallery-item tiled-gallery-item-large\" itemprop=\"associatedMedia\" itemscope itemtype=\"http:\/\/schema.org\/ImageObject\"> <a href=\"https:\/\/wp.ufpel.edu.br\/malg\/acervo\/295-mulher-nua\/#main\" border=\"0\" itemprop=\"url\"> <meta itemprop=\"width\" content=\"356\"> <meta itemprop=\"height\" content=\"578\"> <img decoding=\"async\" class=\"\" data-attachment-id=\"517\" data-orig-file=\"https:\/\/wp.ufpel.edu.br\/malg\/files\/2016\/10\/295-Mulher-nua.jpg\" data-orig-size=\"855,1386\" data-comments-opened=\"\" data-image-meta=\"{&quot;aperture&quot;:&quot;0&quot;,&quot;credit&quot;:&quot;&quot;,&quot;camera&quot;:&quot;&quot;,&quot;caption&quot;:&quot;&quot;,&quot;created_timestamp&quot;:&quot;0&quot;,&quot;copyright&quot;:&quot;&quot;,&quot;focal_length&quot;:&quot;0&quot;,&quot;iso&quot;:&quot;0&quot;,&quot;shutter_speed&quot;:&quot;0&quot;,&quot;title&quot;:&quot;&quot;,&quot;orientation&quot;:&quot;0&quot;}\" data-image-title=\"295-mulher-nua\" data-image-description=\"\" data-medium-file=\"https:\/\/wp.ufpel.edu.br\/malg\/files\/2016\/10\/295-Mulher-nua-196x318.jpg\" data-large-file=\"https:\/\/wp.ufpel.edu.br\/malg\/files\/2016\/10\/295-Mulher-nua-855x220.jpg\" src=\"https:\/\/i0.wp.com\/wp.ufpel.edu.br\/malg\/files\/2016\/10\/295-Mulher-nua.jpg?w=356&#038;h=578&#038;ssl=1\" srcset=\"https:\/\/wp.ufpel.edu.br\/malg\/files\/2016\/10\/295-Mulher-nua.jpg 855w, https:\/\/wp.ufpel.edu.br\/malg\/files\/2016\/10\/295-Mulher-nua-98x159.jpg 98w, https:\/\/wp.ufpel.edu.br\/malg\/files\/2016\/10\/295-Mulher-nua-196x318.jpg 196w, https:\/\/wp.ufpel.edu.br\/malg\/files\/2016\/10\/295-Mulher-nua-768x1245.jpg 768w\" width=\"356\" height=\"578\" loading=\"lazy\" data-original-width=\"356\" data-original-height=\"578\" itemprop=\"http:\/\/schema.org\/image\" title=\"295-mulher-nua\" alt=\"295-mulher-nua\" style=\"width: 356px; height: 578px;\" \/> <\/a> <\/div> <\/div> <!-- close group --> <div class=\"gallery-group images-1\" style=\"width: 360px; height: 582px;\" data-original-width=\"360\" data-original-height=\"582\" > <div class=\"tiled-gallery-item tiled-gallery-item-large\" itemprop=\"associatedMedia\" itemscope itemtype=\"http:\/\/schema.org\/ImageObject\"> <a href=\"https:\/\/wp.ufpel.edu.br\/malg\/acervo\/296-mulher\/#main\" border=\"0\" itemprop=\"url\"> <meta itemprop=\"width\" content=\"356\"> <meta itemprop=\"height\" content=\"578\"> <img decoding=\"async\" class=\"\" data-attachment-id=\"516\" data-orig-file=\"https:\/\/wp.ufpel.edu.br\/malg\/files\/2016\/10\/296-Mulher.jpg\" data-orig-size=\"869,1412\" data-comments-opened=\"\" data-image-meta=\"{&quot;aperture&quot;:&quot;0&quot;,&quot;credit&quot;:&quot;&quot;,&quot;camera&quot;:&quot;&quot;,&quot;caption&quot;:&quot;&quot;,&quot;created_timestamp&quot;:&quot;0&quot;,&quot;copyright&quot;:&quot;&quot;,&quot;focal_length&quot;:&quot;0&quot;,&quot;iso&quot;:&quot;0&quot;,&quot;shutter_speed&quot;:&quot;0&quot;,&quot;title&quot;:&quot;&quot;,&quot;orientation&quot;:&quot;0&quot;}\" data-image-title=\"296-mulher\" data-image-description=\"\" data-medium-file=\"https:\/\/wp.ufpel.edu.br\/malg\/files\/2016\/10\/296-Mulher-196x318.jpg\" data-large-file=\"https:\/\/wp.ufpel.edu.br\/malg\/files\/2016\/10\/296-Mulher-869x220.jpg\" src=\"https:\/\/i0.wp.com\/wp.ufpel.edu.br\/malg\/files\/2016\/10\/296-Mulher.jpg?w=356&#038;h=578&#038;ssl=1\" srcset=\"https:\/\/wp.ufpel.edu.br\/malg\/files\/2016\/10\/296-Mulher.jpg 869w, https:\/\/wp.ufpel.edu.br\/malg\/files\/2016\/10\/296-Mulher-98x159.jpg 98w, https:\/\/wp.ufpel.edu.br\/malg\/files\/2016\/10\/296-Mulher-196x318.jpg 196w, https:\/\/wp.ufpel.edu.br\/malg\/files\/2016\/10\/296-Mulher-768x1248.jpg 768w\" width=\"356\" height=\"578\" loading=\"lazy\" data-original-width=\"356\" data-original-height=\"578\" itemprop=\"http:\/\/schema.org\/image\" title=\"296-mulher\" alt=\"296-mulher\" style=\"width: 356px; height: 578px;\" \/> <\/a> <\/div> <\/div> <!-- close group --> <\/div> <!-- close row --> <div class=\"gallery-row\" style=\"width: 720px; height: 269px;\" data-original-width=\"720\" data-original-height=\"269\" > <div class=\"gallery-group images-1\" style=\"width: 237px; height: 269px;\" data-original-width=\"237\" data-original-height=\"269\" > <div class=\"tiled-gallery-item tiled-gallery-item-small\" itemprop=\"associatedMedia\" itemscope itemtype=\"http:\/\/schema.org\/ImageObject\"> <a href=\"https:\/\/wp.ufpel.edu.br\/malg\/acervo\/299-estudo-de-cabeca\/#main\" border=\"0\" itemprop=\"url\"> <meta itemprop=\"width\" content=\"233\"> <meta itemprop=\"height\" content=\"265\"> <img decoding=\"async\" class=\"\" data-attachment-id=\"515\" data-orig-file=\"https:\/\/wp.ufpel.edu.br\/malg\/files\/2016\/10\/299-Estudo-de-cabe\u00e7a.jpg\" data-orig-size=\"992,1131\" data-comments-opened=\"\" data-image-meta=\"{&quot;aperture&quot;:&quot;0&quot;,&quot;credit&quot;:&quot;&quot;,&quot;camera&quot;:&quot;&quot;,&quot;caption&quot;:&quot;&quot;,&quot;created_timestamp&quot;:&quot;0&quot;,&quot;copyright&quot;:&quot;&quot;,&quot;focal_length&quot;:&quot;0&quot;,&quot;iso&quot;:&quot;0&quot;,&quot;shutter_speed&quot;:&quot;0&quot;,&quot;title&quot;:&quot;&quot;,&quot;orientation&quot;:&quot;0&quot;}\" data-image-title=\"299-estudo-de-cabeca\" data-image-description=\"\" data-medium-file=\"https:\/\/wp.ufpel.edu.br\/malg\/files\/2016\/10\/299-Estudo-de-cabe\u00e7a-279x318.jpg\" data-large-file=\"https:\/\/wp.ufpel.edu.br\/malg\/files\/2016\/10\/299-Estudo-de-cabe\u00e7a-984x220.jpg\" src=\"https:\/\/i0.wp.com\/wp.ufpel.edu.br\/malg\/files\/2016\/10\/299-Estudo-de-cabe%C3%A7a.jpg?w=233&#038;h=265&#038;ssl=1\" width=\"233\" height=\"265\" loading=\"lazy\" data-original-width=\"233\" data-original-height=\"265\" itemprop=\"http:\/\/schema.org\/image\" title=\"299-estudo-de-cabeca\" alt=\"299-estudo-de-cabeca\" style=\"width: 233px; height: 265px;\" \/> <\/a> <\/div> <\/div> <!-- close group --> <div class=\"gallery-group images-1\" style=\"width: 165px; height: 269px;\" data-original-width=\"165\" data-original-height=\"269\" > <div class=\"tiled-gallery-item tiled-gallery-item-small\" itemprop=\"associatedMedia\" itemscope itemtype=\"http:\/\/schema.org\/ImageObject\"> <a href=\"https:\/\/wp.ufpel.edu.br\/malg\/acervo\/300-estudo-de-cabeca\/#main\" border=\"0\" itemprop=\"url\"> <meta itemprop=\"width\" content=\"161\"> <meta itemprop=\"height\" content=\"265\"> <img decoding=\"async\" class=\"\" data-attachment-id=\"514\" data-orig-file=\"https:\/\/wp.ufpel.edu.br\/malg\/files\/2016\/10\/300-Estudo-de-cabe\u00e7a.jpg\" data-orig-size=\"855,1410\" data-comments-opened=\"\" data-image-meta=\"{&quot;aperture&quot;:&quot;0&quot;,&quot;credit&quot;:&quot;&quot;,&quot;camera&quot;:&quot;&quot;,&quot;caption&quot;:&quot;&quot;,&quot;created_timestamp&quot;:&quot;0&quot;,&quot;copyright&quot;:&quot;&quot;,&quot;focal_length&quot;:&quot;0&quot;,&quot;iso&quot;:&quot;0&quot;,&quot;shutter_speed&quot;:&quot;0&quot;,&quot;title&quot;:&quot;&quot;,&quot;orientation&quot;:&quot;0&quot;}\" data-image-title=\"300-estudo-de-cabeca\" data-image-description=\"\" data-medium-file=\"https:\/\/wp.ufpel.edu.br\/malg\/files\/2016\/10\/300-Estudo-de-cabe\u00e7a-193x318.jpg\" data-large-file=\"https:\/\/wp.ufpel.edu.br\/malg\/files\/2016\/10\/300-Estudo-de-cabe\u00e7a-855x220.jpg\" src=\"https:\/\/i0.wp.com\/wp.ufpel.edu.br\/malg\/files\/2016\/10\/300-Estudo-de-cabe%C3%A7a.jpg?w=161&#038;h=265&#038;ssl=1\" width=\"161\" height=\"265\" loading=\"lazy\" data-original-width=\"161\" data-original-height=\"265\" itemprop=\"http:\/\/schema.org\/image\" title=\"300-estudo-de-cabeca\" alt=\"300-estudo-de-cabeca\" style=\"width: 161px; height: 265px;\" \/> <\/a> <\/div> <\/div> <!-- close group --> <div class=\"gallery-group images-1\" style=\"width: 162px; height: 269px;\" data-original-width=\"162\" data-original-height=\"269\" > <div class=\"tiled-gallery-item tiled-gallery-item-small\" itemprop=\"associatedMedia\" itemscope itemtype=\"http:\/\/schema.org\/ImageObject\"> <a href=\"https:\/\/wp.ufpel.edu.br\/malg\/acervo\/301-modelo-sentado\/#main\" border=\"0\" itemprop=\"url\"> <meta itemprop=\"width\" content=\"158\"> <meta itemprop=\"height\" content=\"265\"> <img decoding=\"async\" class=\"\" data-attachment-id=\"513\" data-orig-file=\"https:\/\/wp.ufpel.edu.br\/malg\/files\/2016\/10\/301-Modelo-sentado.jpg\" data-orig-size=\"855,1438\" data-comments-opened=\"\" data-image-meta=\"{&quot;aperture&quot;:&quot;0&quot;,&quot;credit&quot;:&quot;&quot;,&quot;camera&quot;:&quot;&quot;,&quot;caption&quot;:&quot;&quot;,&quot;created_timestamp&quot;:&quot;0&quot;,&quot;copyright&quot;:&quot;&quot;,&quot;focal_length&quot;:&quot;0&quot;,&quot;iso&quot;:&quot;0&quot;,&quot;shutter_speed&quot;:&quot;0&quot;,&quot;title&quot;:&quot;&quot;,&quot;orientation&quot;:&quot;0&quot;}\" data-image-title=\"301-modelo-sentado\" data-image-description=\"\" data-medium-file=\"https:\/\/wp.ufpel.edu.br\/malg\/files\/2016\/10\/301-Modelo-sentado-189x318.jpg\" data-large-file=\"https:\/\/wp.ufpel.edu.br\/malg\/files\/2016\/10\/301-Modelo-sentado-855x220.jpg\" src=\"https:\/\/i0.wp.com\/wp.ufpel.edu.br\/malg\/files\/2016\/10\/301-Modelo-sentado.jpg?w=158&#038;h=265&#038;ssl=1\" srcset=\"https:\/\/wp.ufpel.edu.br\/malg\/files\/2016\/10\/301-Modelo-sentado.jpg 855w, https:\/\/wp.ufpel.edu.br\/malg\/files\/2016\/10\/301-Modelo-sentado-95x159.jpg 95w, https:\/\/wp.ufpel.edu.br\/malg\/files\/2016\/10\/301-Modelo-sentado-189x318.jpg 189w, https:\/\/wp.ufpel.edu.br\/malg\/files\/2016\/10\/301-Modelo-sentado-768x1292.jpg 768w\" width=\"158\" height=\"265\" loading=\"lazy\" data-original-width=\"158\" data-original-height=\"265\" itemprop=\"http:\/\/schema.org\/image\" title=\"301-modelo-sentado\" alt=\"301-modelo-sentado\" style=\"width: 158px; height: 265px;\" \/> <\/a> <\/div> <\/div> <!-- close group --> <div class=\"gallery-group images-1\" style=\"width: 156px; height: 269px;\" data-original-width=\"156\" data-original-height=\"269\" > <div class=\"tiled-gallery-item tiled-gallery-item-small\" itemprop=\"associatedMedia\" itemscope itemtype=\"http:\/\/schema.org\/ImageObject\"> <a href=\"https:\/\/wp.ufpel.edu.br\/malg\/acervo\/302-modelo-sentado\/#main\" border=\"0\" itemprop=\"url\"> <meta itemprop=\"width\" content=\"152\"> <meta itemprop=\"height\" content=\"265\"> <img decoding=\"async\" class=\"\" data-attachment-id=\"512\" data-orig-file=\"https:\/\/wp.ufpel.edu.br\/malg\/files\/2016\/10\/302-Modelo-sentado.jpg\" data-orig-size=\"855,1490\" data-comments-opened=\"\" data-image-meta=\"{&quot;aperture&quot;:&quot;0&quot;,&quot;credit&quot;:&quot;&quot;,&quot;camera&quot;:&quot;&quot;,&quot;caption&quot;:&quot;&quot;,&quot;created_timestamp&quot;:&quot;0&quot;,&quot;copyright&quot;:&quot;&quot;,&quot;focal_length&quot;:&quot;0&quot;,&quot;iso&quot;:&quot;0&quot;,&quot;shutter_speed&quot;:&quot;0&quot;,&quot;title&quot;:&quot;&quot;,&quot;orientation&quot;:&quot;0&quot;}\" data-image-title=\"302-modelo-sentado\" data-image-description=\"\" data-medium-file=\"https:\/\/wp.ufpel.edu.br\/malg\/files\/2016\/10\/302-Modelo-sentado-182x318.jpg\" data-large-file=\"https:\/\/wp.ufpel.edu.br\/malg\/files\/2016\/10\/302-Modelo-sentado-855x220.jpg\" src=\"https:\/\/i0.wp.com\/wp.ufpel.edu.br\/malg\/files\/2016\/10\/302-Modelo-sentado.jpg?w=152&#038;h=265&#038;ssl=1\" srcset=\"https:\/\/wp.ufpel.edu.br\/malg\/files\/2016\/10\/302-Modelo-sentado.jpg 855w, https:\/\/wp.ufpel.edu.br\/malg\/files\/2016\/10\/302-Modelo-sentado-91x159.jpg 91w, https:\/\/wp.ufpel.edu.br\/malg\/files\/2016\/10\/302-Modelo-sentado-182x318.jpg 182w, https:\/\/wp.ufpel.edu.br\/malg\/files\/2016\/10\/302-Modelo-sentado-768x1338.jpg 768w\" width=\"152\" height=\"265\" loading=\"lazy\" data-original-width=\"152\" data-original-height=\"265\" itemprop=\"http:\/\/schema.org\/image\" title=\"302-modelo-sentado\" alt=\"302-modelo-sentado\" style=\"width: 152px; height: 265px;\" \/> <\/a> <\/div> <\/div> <!-- close group --> <\/div> <!-- close row --> <div class=\"gallery-row\" style=\"width: 720px; height: 323px;\" data-original-width=\"720\" data-original-height=\"323\" > <div class=\"gallery-group images-1\" style=\"width: 260px; height: 323px;\" data-original-width=\"260\" data-original-height=\"323\" > <div class=\"tiled-gallery-item tiled-gallery-item-large\" itemprop=\"associatedMedia\" itemscope itemtype=\"http:\/\/schema.org\/ImageObject\"> <a href=\"https:\/\/wp.ufpel.edu.br\/malg\/acervo\/303-repouso\/#main\" border=\"0\" itemprop=\"url\"> <meta itemprop=\"width\" content=\"256\"> <meta itemprop=\"height\" content=\"319\"> <img decoding=\"async\" class=\"\" data-attachment-id=\"511\" data-orig-file=\"https:\/\/wp.ufpel.edu.br\/malg\/files\/2016\/10\/303-Repouso.jpg\" data-orig-size=\"992,1237\" data-comments-opened=\"\" data-image-meta=\"{&quot;aperture&quot;:&quot;0&quot;,&quot;credit&quot;:&quot;&quot;,&quot;camera&quot;:&quot;&quot;,&quot;caption&quot;:&quot;&quot;,&quot;created_timestamp&quot;:&quot;0&quot;,&quot;copyright&quot;:&quot;&quot;,&quot;focal_length&quot;:&quot;0&quot;,&quot;iso&quot;:&quot;0&quot;,&quot;shutter_speed&quot;:&quot;0&quot;,&quot;title&quot;:&quot;&quot;,&quot;orientation&quot;:&quot;0&quot;}\" data-image-title=\"303-repouso\" data-image-description=\"\" data-medium-file=\"https:\/\/wp.ufpel.edu.br\/malg\/files\/2016\/10\/303-Repouso-255x318.jpg\" data-large-file=\"https:\/\/wp.ufpel.edu.br\/malg\/files\/2016\/10\/303-Repouso-984x220.jpg\" src=\"https:\/\/i0.wp.com\/wp.ufpel.edu.br\/malg\/files\/2016\/10\/303-Repouso.jpg?w=256&#038;h=319&#038;ssl=1\" srcset=\"https:\/\/wp.ufpel.edu.br\/malg\/files\/2016\/10\/303-Repouso.jpg 992w, https:\/\/wp.ufpel.edu.br\/malg\/files\/2016\/10\/303-Repouso-128x159.jpg 128w, https:\/\/wp.ufpel.edu.br\/malg\/files\/2016\/10\/303-Repouso-255x318.jpg 255w, https:\/\/wp.ufpel.edu.br\/malg\/files\/2016\/10\/303-Repouso-768x958.jpg 768w\" width=\"256\" height=\"319\" loading=\"lazy\" data-original-width=\"256\" data-original-height=\"319\" itemprop=\"http:\/\/schema.org\/image\" title=\"303-repouso\" alt=\"303-repouso\" style=\"width: 256px; height: 319px;\" \/> <\/a> <\/div> <\/div> <!-- close group --> <div class=\"gallery-group images-1\" style=\"width: 230px; height: 323px;\" data-original-width=\"230\" data-original-height=\"323\" > <div class=\"tiled-gallery-item tiled-gallery-item-small\" itemprop=\"associatedMedia\" itemscope itemtype=\"http:\/\/schema.org\/ImageObject\"> <a href=\"https:\/\/wp.ufpel.edu.br\/malg\/acervo\/246-01\/#main\" border=\"0\" itemprop=\"url\"> <meta itemprop=\"width\" content=\"226\"> <meta itemprop=\"height\" content=\"319\"> <img decoding=\"async\" class=\"\" data-attachment-id=\"510\" data-orig-file=\"https:\/\/wp.ufpel.edu.br\/malg\/files\/2016\/10\/246-01.jpg\" data-orig-size=\"992,1403\" data-comments-opened=\"\" data-image-meta=\"{&quot;aperture&quot;:&quot;0&quot;,&quot;credit&quot;:&quot;&quot;,&quot;camera&quot;:&quot;&quot;,&quot;caption&quot;:&quot;&quot;,&quot;created_timestamp&quot;:&quot;0&quot;,&quot;copyright&quot;:&quot;&quot;,&quot;focal_length&quot;:&quot;0&quot;,&quot;iso&quot;:&quot;0&quot;,&quot;shutter_speed&quot;:&quot;0&quot;,&quot;title&quot;:&quot;&quot;,&quot;orientation&quot;:&quot;0&quot;}\" data-image-title=\"246-01\" data-image-description=\"\" data-medium-file=\"https:\/\/wp.ufpel.edu.br\/malg\/files\/2016\/10\/246-01-225x318.jpg\" data-large-file=\"https:\/\/wp.ufpel.edu.br\/malg\/files\/2016\/10\/246-01-984x220.jpg\" src=\"https:\/\/i0.wp.com\/wp.ufpel.edu.br\/malg\/files\/2016\/10\/246-01.jpg?w=226&#038;h=319&#038;ssl=1\" srcset=\"https:\/\/wp.ufpel.edu.br\/malg\/files\/2016\/10\/246-01.jpg 992w, https:\/\/wp.ufpel.edu.br\/malg\/files\/2016\/10\/246-01-112x159.jpg 112w, https:\/\/wp.ufpel.edu.br\/malg\/files\/2016\/10\/246-01-225x318.jpg 225w, https:\/\/wp.ufpel.edu.br\/malg\/files\/2016\/10\/246-01-768x1086.jpg 768w\" width=\"226\" height=\"319\" loading=\"lazy\" data-original-width=\"226\" data-original-height=\"319\" itemprop=\"http:\/\/schema.org\/image\" title=\"246-01\" alt=\"246-01\" style=\"width: 226px; height: 319px;\" \/> <\/a> <\/div> <\/div> <!-- close group --> <div class=\"gallery-group images-1\" style=\"width: 230px; height: 323px;\" data-original-width=\"230\" data-original-height=\"323\" > <div class=\"tiled-gallery-item tiled-gallery-item-small\" itemprop=\"associatedMedia\" itemscope itemtype=\"http:\/\/schema.org\/ImageObject\"> <a href=\"https:\/\/wp.ufpel.edu.br\/malg\/acervo\/260-01\/#main\" border=\"0\" itemprop=\"url\"> <meta itemprop=\"width\" content=\"226\"> <meta itemprop=\"height\" content=\"319\"> <img decoding=\"async\" class=\"\" data-attachment-id=\"509\" data-orig-file=\"https:\/\/wp.ufpel.edu.br\/malg\/files\/2016\/10\/260-01.jpg\" data-orig-size=\"992,1403\" data-comments-opened=\"\" data-image-meta=\"{&quot;aperture&quot;:&quot;0&quot;,&quot;credit&quot;:&quot;&quot;,&quot;camera&quot;:&quot;&quot;,&quot;caption&quot;:&quot;&quot;,&quot;created_timestamp&quot;:&quot;0&quot;,&quot;copyright&quot;:&quot;&quot;,&quot;focal_length&quot;:&quot;0&quot;,&quot;iso&quot;:&quot;0&quot;,&quot;shutter_speed&quot;:&quot;0&quot;,&quot;title&quot;:&quot;&quot;,&quot;orientation&quot;:&quot;0&quot;}\" data-image-title=\"260-01\" data-image-description=\"\" data-medium-file=\"https:\/\/wp.ufpel.edu.br\/malg\/files\/2016\/10\/260-01-225x318.jpg\" data-large-file=\"https:\/\/wp.ufpel.edu.br\/malg\/files\/2016\/10\/260-01-984x220.jpg\" src=\"https:\/\/i0.wp.com\/wp.ufpel.edu.br\/malg\/files\/2016\/10\/260-01.jpg?w=226&#038;h=319&#038;ssl=1\" srcset=\"https:\/\/wp.ufpel.edu.br\/malg\/files\/2016\/10\/260-01.jpg 992w, https:\/\/wp.ufpel.edu.br\/malg\/files\/2016\/10\/260-01-112x159.jpg 112w, https:\/\/wp.ufpel.edu.br\/malg\/files\/2016\/10\/260-01-225x318.jpg 225w, https:\/\/wp.ufpel.edu.br\/malg\/files\/2016\/10\/260-01-768x1086.jpg 768w\" width=\"226\" height=\"319\" loading=\"lazy\" data-original-width=\"226\" data-original-height=\"319\" itemprop=\"http:\/\/schema.org\/image\" title=\"260-01\" alt=\"260-01\" style=\"width: 226px; height: 319px;\" \/> <\/a> <\/div> <\/div> <!-- close group --> <\/div> <!-- close row --> <div class=\"gallery-row\" style=\"width: 720px; height: 253px;\" data-original-width=\"720\" data-original-height=\"253\" > <div class=\"gallery-group images-1\" style=\"width: 180px; height: 253px;\" data-original-width=\"180\" data-original-height=\"253\" > <div class=\"tiled-gallery-item tiled-gallery-item-small\" itemprop=\"associatedMedia\" itemscope itemtype=\"http:\/\/schema.org\/ImageObject\"> <a href=\"https:\/\/wp.ufpel.edu.br\/malg\/acervo\/262-01\/#main\" border=\"0\" itemprop=\"url\"> <meta itemprop=\"width\" content=\"176\"> <meta itemprop=\"height\" content=\"249\"> <img decoding=\"async\" class=\"\" data-attachment-id=\"508\" data-orig-file=\"https:\/\/wp.ufpel.edu.br\/malg\/files\/2016\/10\/262-01.jpg\" data-orig-size=\"992,1403\" data-comments-opened=\"\" data-image-meta=\"{&quot;aperture&quot;:&quot;0&quot;,&quot;credit&quot;:&quot;&quot;,&quot;camera&quot;:&quot;&quot;,&quot;caption&quot;:&quot;&quot;,&quot;created_timestamp&quot;:&quot;0&quot;,&quot;copyright&quot;:&quot;&quot;,&quot;focal_length&quot;:&quot;0&quot;,&quot;iso&quot;:&quot;0&quot;,&quot;shutter_speed&quot;:&quot;0&quot;,&quot;title&quot;:&quot;&quot;,&quot;orientation&quot;:&quot;0&quot;}\" data-image-title=\"262-01\" data-image-description=\"\" data-medium-file=\"https:\/\/wp.ufpel.edu.br\/malg\/files\/2016\/10\/262-01-225x318.jpg\" data-large-file=\"https:\/\/wp.ufpel.edu.br\/malg\/files\/2016\/10\/262-01-984x220.jpg\" src=\"https:\/\/i0.wp.com\/wp.ufpel.edu.br\/malg\/files\/2016\/10\/262-01.jpg?w=176&#038;h=249&#038;ssl=1\" srcset=\"https:\/\/wp.ufpel.edu.br\/malg\/files\/2016\/10\/262-01.jpg 992w, https:\/\/wp.ufpel.edu.br\/malg\/files\/2016\/10\/262-01-112x159.jpg 112w, https:\/\/wp.ufpel.edu.br\/malg\/files\/2016\/10\/262-01-225x318.jpg 225w, https:\/\/wp.ufpel.edu.br\/malg\/files\/2016\/10\/262-01-768x1086.jpg 768w\" width=\"176\" height=\"249\" loading=\"lazy\" data-original-width=\"176\" data-original-height=\"249\" itemprop=\"http:\/\/schema.org\/image\" title=\"262-01\" alt=\"262-01\" style=\"width: 176px; height: 249px;\" \/> <\/a> <\/div> <\/div> <!-- close group --> <div class=\"gallery-group images-1\" style=\"width: 180px; height: 253px;\" data-original-width=\"180\" data-original-height=\"253\" > <div class=\"tiled-gallery-item tiled-gallery-item-small\" itemprop=\"associatedMedia\" itemscope itemtype=\"http:\/\/schema.org\/ImageObject\"> <a href=\"https:\/\/wp.ufpel.edu.br\/malg\/acervo\/263-01\/#main\" border=\"0\" itemprop=\"url\"> <meta itemprop=\"width\" content=\"176\"> <meta itemprop=\"height\" content=\"249\"> <img decoding=\"async\" class=\"\" data-attachment-id=\"507\" data-orig-file=\"https:\/\/wp.ufpel.edu.br\/malg\/files\/2016\/10\/263-01.jpg\" data-orig-size=\"992,1403\" data-comments-opened=\"\" data-image-meta=\"{&quot;aperture&quot;:&quot;0&quot;,&quot;credit&quot;:&quot;&quot;,&quot;camera&quot;:&quot;&quot;,&quot;caption&quot;:&quot;&quot;,&quot;created_timestamp&quot;:&quot;0&quot;,&quot;copyright&quot;:&quot;&quot;,&quot;focal_length&quot;:&quot;0&quot;,&quot;iso&quot;:&quot;0&quot;,&quot;shutter_speed&quot;:&quot;0&quot;,&quot;title&quot;:&quot;&quot;,&quot;orientation&quot;:&quot;0&quot;}\" data-image-title=\"263-01\" data-image-description=\"\" data-medium-file=\"https:\/\/wp.ufpel.edu.br\/malg\/files\/2016\/10\/263-01-225x318.jpg\" data-large-file=\"https:\/\/wp.ufpel.edu.br\/malg\/files\/2016\/10\/263-01-984x220.jpg\" src=\"https:\/\/i0.wp.com\/wp.ufpel.edu.br\/malg\/files\/2016\/10\/263-01.jpg?w=176&#038;h=249&#038;ssl=1\" srcset=\"https:\/\/wp.ufpel.edu.br\/malg\/files\/2016\/10\/263-01.jpg 992w, https:\/\/wp.ufpel.edu.br\/malg\/files\/2016\/10\/263-01-112x159.jpg 112w, https:\/\/wp.ufpel.edu.br\/malg\/files\/2016\/10\/263-01-225x318.jpg 225w, https:\/\/wp.ufpel.edu.br\/malg\/files\/2016\/10\/263-01-768x1086.jpg 768w\" width=\"176\" height=\"249\" loading=\"lazy\" data-original-width=\"176\" data-original-height=\"249\" itemprop=\"http:\/\/schema.org\/image\" title=\"263-01\" alt=\"263-01\" style=\"width: 176px; height: 249px;\" \/> <\/a> <\/div> <\/div> <!-- close group --> <div class=\"gallery-group images-1\" style=\"width: 180px; height: 253px;\" data-original-width=\"180\" data-original-height=\"253\" > <div class=\"tiled-gallery-item tiled-gallery-item-small\" itemprop=\"associatedMedia\" itemscope itemtype=\"http:\/\/schema.org\/ImageObject\"> <a href=\"https:\/\/wp.ufpel.edu.br\/malg\/acervo\/264-01\/#main\" border=\"0\" itemprop=\"url\"> <meta itemprop=\"width\" content=\"176\"> <meta itemprop=\"height\" content=\"249\"> <img decoding=\"async\" class=\"\" data-attachment-id=\"506\" data-orig-file=\"https:\/\/wp.ufpel.edu.br\/malg\/files\/2016\/10\/264-01.jpg\" data-orig-size=\"992,1403\" data-comments-opened=\"\" data-image-meta=\"{&quot;aperture&quot;:&quot;0&quot;,&quot;credit&quot;:&quot;&quot;,&quot;camera&quot;:&quot;&quot;,&quot;caption&quot;:&quot;&quot;,&quot;created_timestamp&quot;:&quot;0&quot;,&quot;copyright&quot;:&quot;&quot;,&quot;focal_length&quot;:&quot;0&quot;,&quot;iso&quot;:&quot;0&quot;,&quot;shutter_speed&quot;:&quot;0&quot;,&quot;title&quot;:&quot;&quot;,&quot;orientation&quot;:&quot;0&quot;}\" data-image-title=\"264-01\" data-image-description=\"\" data-medium-file=\"https:\/\/wp.ufpel.edu.br\/malg\/files\/2016\/10\/264-01-225x318.jpg\" data-large-file=\"https:\/\/wp.ufpel.edu.br\/malg\/files\/2016\/10\/264-01-984x220.jpg\" src=\"https:\/\/i0.wp.com\/wp.ufpel.edu.br\/malg\/files\/2016\/10\/264-01.jpg?w=176&#038;h=249&#038;ssl=1\" srcset=\"https:\/\/wp.ufpel.edu.br\/malg\/files\/2016\/10\/264-01.jpg 992w, https:\/\/wp.ufpel.edu.br\/malg\/files\/2016\/10\/264-01-112x159.jpg 112w, https:\/\/wp.ufpel.edu.br\/malg\/files\/2016\/10\/264-01-225x318.jpg 225w, https:\/\/wp.ufpel.edu.br\/malg\/files\/2016\/10\/264-01-768x1086.jpg 768w\" width=\"176\" height=\"249\" loading=\"lazy\" data-original-width=\"176\" data-original-height=\"249\" itemprop=\"http:\/\/schema.org\/image\" title=\"264-01\" alt=\"264-01\" style=\"width: 176px; height: 249px;\" \/> <\/a> <\/div> <\/div> <!-- close group --> <div class=\"gallery-group images-1\" style=\"width: 180px; height: 253px;\" data-original-width=\"180\" data-original-height=\"253\" > <div class=\"tiled-gallery-item tiled-gallery-item-small\" itemprop=\"associatedMedia\" itemscope itemtype=\"http:\/\/schema.org\/ImageObject\"> <a href=\"https:\/\/wp.ufpel.edu.br\/malg\/acervo\/265-01\/#main\" border=\"0\" itemprop=\"url\"> <meta itemprop=\"width\" content=\"176\"> <meta itemprop=\"height\" content=\"249\"> <img decoding=\"async\" class=\"\" data-attachment-id=\"505\" data-orig-file=\"https:\/\/wp.ufpel.edu.br\/malg\/files\/2016\/10\/265-01.jpg\" data-orig-size=\"992,1403\" data-comments-opened=\"\" data-image-meta=\"{&quot;aperture&quot;:&quot;0&quot;,&quot;credit&quot;:&quot;&quot;,&quot;camera&quot;:&quot;&quot;,&quot;caption&quot;:&quot;&quot;,&quot;created_timestamp&quot;:&quot;0&quot;,&quot;copyright&quot;:&quot;&quot;,&quot;focal_length&quot;:&quot;0&quot;,&quot;iso&quot;:&quot;0&quot;,&quot;shutter_speed&quot;:&quot;0&quot;,&quot;title&quot;:&quot;&quot;,&quot;orientation&quot;:&quot;0&quot;}\" data-image-title=\"265-01\" data-image-description=\"\" data-medium-file=\"https:\/\/wp.ufpel.edu.br\/malg\/files\/2016\/10\/265-01-225x318.jpg\" data-large-file=\"https:\/\/wp.ufpel.edu.br\/malg\/files\/2016\/10\/265-01-984x220.jpg\" src=\"https:\/\/i0.wp.com\/wp.ufpel.edu.br\/malg\/files\/2016\/10\/265-01.jpg?w=176&#038;h=249&#038;ssl=1\" srcset=\"https:\/\/wp.ufpel.edu.br\/malg\/files\/2016\/10\/265-01.jpg 992w, https:\/\/wp.ufpel.edu.br\/malg\/files\/2016\/10\/265-01-112x159.jpg 112w, https:\/\/wp.ufpel.edu.br\/malg\/files\/2016\/10\/265-01-225x318.jpg 225w, https:\/\/wp.ufpel.edu.br\/malg\/files\/2016\/10\/265-01-768x1086.jpg 768w\" width=\"176\" height=\"249\" loading=\"lazy\" data-original-width=\"176\" data-original-height=\"249\" itemprop=\"http:\/\/schema.org\/image\" title=\"265-01\" alt=\"265-01\" style=\"width: 176px; height: 249px;\" \/> <\/a> <\/div> <\/div> <!-- close group --> <\/div> <!-- close row --> <div class=\"gallery-row\" style=\"width: 720px; height: 507px;\" data-original-width=\"720\" data-original-height=\"507\" > <div class=\"gallery-group images-1\" style=\"width: 360px; height: 507px;\" data-original-width=\"360\" data-original-height=\"507\" > <div class=\"tiled-gallery-item tiled-gallery-item-large\" itemprop=\"associatedMedia\" itemscope itemtype=\"http:\/\/schema.org\/ImageObject\"> <a href=\"https:\/\/wp.ufpel.edu.br\/malg\/acervo\/266-01\/#main\" border=\"0\" itemprop=\"url\"> <meta itemprop=\"width\" content=\"356\"> <meta itemprop=\"height\" content=\"503\"> <img decoding=\"async\" class=\"\" data-attachment-id=\"504\" data-orig-file=\"https:\/\/wp.ufpel.edu.br\/malg\/files\/2016\/10\/266-01.jpg\" data-orig-size=\"992,1403\" data-comments-opened=\"\" data-image-meta=\"{&quot;aperture&quot;:&quot;0&quot;,&quot;credit&quot;:&quot;&quot;,&quot;camera&quot;:&quot;&quot;,&quot;caption&quot;:&quot;&quot;,&quot;created_timestamp&quot;:&quot;0&quot;,&quot;copyright&quot;:&quot;&quot;,&quot;focal_length&quot;:&quot;0&quot;,&quot;iso&quot;:&quot;0&quot;,&quot;shutter_speed&quot;:&quot;0&quot;,&quot;title&quot;:&quot;&quot;,&quot;orientation&quot;:&quot;0&quot;}\" data-image-title=\"266-01\" data-image-description=\"\" data-medium-file=\"https:\/\/wp.ufpel.edu.br\/malg\/files\/2016\/10\/266-01-225x318.jpg\" data-large-file=\"https:\/\/wp.ufpel.edu.br\/malg\/files\/2016\/10\/266-01-984x220.jpg\" src=\"https:\/\/i0.wp.com\/wp.ufpel.edu.br\/malg\/files\/2016\/10\/266-01.jpg?w=356&#038;h=503&#038;ssl=1\" srcset=\"https:\/\/wp.ufpel.edu.br\/malg\/files\/2016\/10\/266-01.jpg 992w, https:\/\/wp.ufpel.edu.br\/malg\/files\/2016\/10\/266-01-112x159.jpg 112w, https:\/\/wp.ufpel.edu.br\/malg\/files\/2016\/10\/266-01-225x318.jpg 225w, https:\/\/wp.ufpel.edu.br\/malg\/files\/2016\/10\/266-01-768x1086.jpg 768w\" width=\"356\" height=\"503\" loading=\"lazy\" data-original-width=\"356\" data-original-height=\"503\" itemprop=\"http:\/\/schema.org\/image\" title=\"266-01\" alt=\"266-01\" style=\"width: 356px; height: 503px;\" \/> <\/a> <\/div> <\/div> <!-- close group --> <div class=\"gallery-group images-1\" style=\"width: 360px; height: 507px;\" data-original-width=\"360\" data-original-height=\"507\" > <div class=\"tiled-gallery-item tiled-gallery-item-large\" itemprop=\"associatedMedia\" itemscope itemtype=\"http:\/\/schema.org\/ImageObject\"> <a href=\"https:\/\/wp.ufpel.edu.br\/malg\/acervo\/267-01\/#main\" border=\"0\" itemprop=\"url\"> <meta itemprop=\"width\" content=\"356\"> <meta itemprop=\"height\" content=\"503\"> <img decoding=\"async\" class=\"\" data-attachment-id=\"503\" data-orig-file=\"https:\/\/wp.ufpel.edu.br\/malg\/files\/2016\/10\/267-01.jpg\" data-orig-size=\"992,1403\" data-comments-opened=\"\" data-image-meta=\"{&quot;aperture&quot;:&quot;0&quot;,&quot;credit&quot;:&quot;&quot;,&quot;camera&quot;:&quot;&quot;,&quot;caption&quot;:&quot;&quot;,&quot;created_timestamp&quot;:&quot;0&quot;,&quot;copyright&quot;:&quot;&quot;,&quot;focal_length&quot;:&quot;0&quot;,&quot;iso&quot;:&quot;0&quot;,&quot;shutter_speed&quot;:&quot;0&quot;,&quot;title&quot;:&quot;&quot;,&quot;orientation&quot;:&quot;0&quot;}\" data-image-title=\"267-01\" data-image-description=\"\" data-medium-file=\"https:\/\/wp.ufpel.edu.br\/malg\/files\/2016\/10\/267-01-225x318.jpg\" data-large-file=\"https:\/\/wp.ufpel.edu.br\/malg\/files\/2016\/10\/267-01-984x220.jpg\" src=\"https:\/\/i0.wp.com\/wp.ufpel.edu.br\/malg\/files\/2016\/10\/267-01.jpg?w=356&#038;h=503&#038;ssl=1\" srcset=\"https:\/\/wp.ufpel.edu.br\/malg\/files\/2016\/10\/267-01.jpg 992w, https:\/\/wp.ufpel.edu.br\/malg\/files\/2016\/10\/267-01-112x159.jpg 112w, https:\/\/wp.ufpel.edu.br\/malg\/files\/2016\/10\/267-01-225x318.jpg 225w, https:\/\/wp.ufpel.edu.br\/malg\/files\/2016\/10\/267-01-768x1086.jpg 768w\" width=\"356\" height=\"503\" loading=\"lazy\" data-original-width=\"356\" data-original-height=\"503\" itemprop=\"http:\/\/schema.org\/image\" title=\"267-01\" alt=\"267-01\" style=\"width: 356px; height: 503px;\" \/> <\/a> <\/div> <\/div> <!-- close group --> <\/div> <!-- close row --> <div class=\"gallery-row\" style=\"width: 720px; height: 253px;\" data-original-width=\"720\" data-original-height=\"253\" > <div class=\"gallery-group images-1\" style=\"width: 180px; height: 253px;\" data-original-width=\"180\" data-original-height=\"253\" > <div class=\"tiled-gallery-item tiled-gallery-item-small\" itemprop=\"associatedMedia\" itemscope itemtype=\"http:\/\/schema.org\/ImageObject\"> <a href=\"https:\/\/wp.ufpel.edu.br\/malg\/acervo\/268-dora-de-frente-01\/#main\" border=\"0\" itemprop=\"url\"> <meta itemprop=\"width\" content=\"176\"> <meta itemprop=\"height\" content=\"249\"> <img decoding=\"async\" class=\"\" data-attachment-id=\"502\" data-orig-file=\"https:\/\/wp.ufpel.edu.br\/malg\/files\/2016\/10\/268-Dora-de-frente-01.jpg\" data-orig-size=\"992,1403\" data-comments-opened=\"\" data-image-meta=\"{&quot;aperture&quot;:&quot;0&quot;,&quot;credit&quot;:&quot;&quot;,&quot;camera&quot;:&quot;&quot;,&quot;caption&quot;:&quot;&quot;,&quot;created_timestamp&quot;:&quot;0&quot;,&quot;copyright&quot;:&quot;&quot;,&quot;focal_length&quot;:&quot;0&quot;,&quot;iso&quot;:&quot;0&quot;,&quot;shutter_speed&quot;:&quot;0&quot;,&quot;title&quot;:&quot;&quot;,&quot;orientation&quot;:&quot;0&quot;}\" data-image-title=\"268-dora-de-frente-01\" data-image-description=\"\" data-medium-file=\"https:\/\/wp.ufpel.edu.br\/malg\/files\/2016\/10\/268-Dora-de-frente-01-225x318.jpg\" data-large-file=\"https:\/\/wp.ufpel.edu.br\/malg\/files\/2016\/10\/268-Dora-de-frente-01-984x220.jpg\" src=\"https:\/\/i0.wp.com\/wp.ufpel.edu.br\/malg\/files\/2016\/10\/268-Dora-de-frente-01.jpg?w=176&#038;h=249&#038;ssl=1\" srcset=\"https:\/\/wp.ufpel.edu.br\/malg\/files\/2016\/10\/268-Dora-de-frente-01.jpg 992w, https:\/\/wp.ufpel.edu.br\/malg\/files\/2016\/10\/268-Dora-de-frente-01-112x159.jpg 112w, https:\/\/wp.ufpel.edu.br\/malg\/files\/2016\/10\/268-Dora-de-frente-01-225x318.jpg 225w, https:\/\/wp.ufpel.edu.br\/malg\/files\/2016\/10\/268-Dora-de-frente-01-768x1086.jpg 768w\" width=\"176\" height=\"249\" loading=\"lazy\" data-original-width=\"176\" data-original-height=\"249\" itemprop=\"http:\/\/schema.org\/image\" title=\"268-dora-de-frente-01\" alt=\"268-dora-de-frente-01\" style=\"width: 176px; height: 249px;\" \/> <\/a> <\/div> <\/div> <!-- close group --> <div class=\"gallery-group images-1\" style=\"width: 180px; height: 253px;\" data-original-width=\"180\" data-original-height=\"253\" > <div class=\"tiled-gallery-item tiled-gallery-item-small\" itemprop=\"associatedMedia\" itemscope itemtype=\"http:\/\/schema.org\/ImageObject\"> <a href=\"https:\/\/wp.ufpel.edu.br\/malg\/acervo\/269-zaira-01\/#main\" border=\"0\" itemprop=\"url\"> <meta itemprop=\"width\" content=\"176\"> <meta itemprop=\"height\" content=\"249\"> <img decoding=\"async\" class=\"\" data-attachment-id=\"501\" data-orig-file=\"https:\/\/wp.ufpel.edu.br\/malg\/files\/2016\/10\/269-Zaira-01.jpg\" data-orig-size=\"992,1403\" data-comments-opened=\"\" data-image-meta=\"{&quot;aperture&quot;:&quot;0&quot;,&quot;credit&quot;:&quot;&quot;,&quot;camera&quot;:&quot;&quot;,&quot;caption&quot;:&quot;&quot;,&quot;created_timestamp&quot;:&quot;0&quot;,&quot;copyright&quot;:&quot;&quot;,&quot;focal_length&quot;:&quot;0&quot;,&quot;iso&quot;:&quot;0&quot;,&quot;shutter_speed&quot;:&quot;0&quot;,&quot;title&quot;:&quot;&quot;,&quot;orientation&quot;:&quot;0&quot;}\" data-image-title=\"269-zaira-01\" data-image-description=\"\" data-medium-file=\"https:\/\/wp.ufpel.edu.br\/malg\/files\/2016\/10\/269-Zaira-01-225x318.jpg\" data-large-file=\"https:\/\/wp.ufpel.edu.br\/malg\/files\/2016\/10\/269-Zaira-01-984x220.jpg\" src=\"https:\/\/i0.wp.com\/wp.ufpel.edu.br\/malg\/files\/2016\/10\/269-Zaira-01.jpg?w=176&#038;h=249&#038;ssl=1\" srcset=\"https:\/\/wp.ufpel.edu.br\/malg\/files\/2016\/10\/269-Zaira-01.jpg 992w, https:\/\/wp.ufpel.edu.br\/malg\/files\/2016\/10\/269-Zaira-01-112x159.jpg 112w, https:\/\/wp.ufpel.edu.br\/malg\/files\/2016\/10\/269-Zaira-01-225x318.jpg 225w, https:\/\/wp.ufpel.edu.br\/malg\/files\/2016\/10\/269-Zaira-01-768x1086.jpg 768w\" width=\"176\" height=\"249\" loading=\"lazy\" data-original-width=\"176\" data-original-height=\"249\" itemprop=\"http:\/\/schema.org\/image\" title=\"269-zaira-01\" alt=\"269-zaira-01\" style=\"width: 176px; height: 249px;\" \/> <\/a> <\/div> <\/div> <!-- close group --> <div class=\"gallery-group images-1\" style=\"width: 180px; height: 253px;\" data-original-width=\"180\" data-original-height=\"253\" > <div class=\"tiled-gallery-item tiled-gallery-item-small\" itemprop=\"associatedMedia\" itemscope itemtype=\"http:\/\/schema.org\/ImageObject\"> <a href=\"https:\/\/wp.ufpel.edu.br\/malg\/acervo\/270-beredina-da-rocha-miranda-de-carvalho-01\/#main\" border=\"0\" itemprop=\"url\"> <meta itemprop=\"width\" content=\"176\"> <meta itemprop=\"height\" content=\"249\"> <img decoding=\"async\" class=\"\" data-attachment-id=\"500\" data-orig-file=\"https:\/\/wp.ufpel.edu.br\/malg\/files\/2016\/10\/270-Beredina-da-Rocha-Miranda-de-Carvalho-01.jpg\" data-orig-size=\"992,1403\" data-comments-opened=\"\" data-image-meta=\"{&quot;aperture&quot;:&quot;0&quot;,&quot;credit&quot;:&quot;&quot;,&quot;camera&quot;:&quot;&quot;,&quot;caption&quot;:&quot;&quot;,&quot;created_timestamp&quot;:&quot;0&quot;,&quot;copyright&quot;:&quot;&quot;,&quot;focal_length&quot;:&quot;0&quot;,&quot;iso&quot;:&quot;0&quot;,&quot;shutter_speed&quot;:&quot;0&quot;,&quot;title&quot;:&quot;&quot;,&quot;orientation&quot;:&quot;0&quot;}\" data-image-title=\"270-beredina-da-rocha-miranda-de-carvalho-01\" data-image-description=\"\" data-medium-file=\"https:\/\/wp.ufpel.edu.br\/malg\/files\/2016\/10\/270-Beredina-da-Rocha-Miranda-de-Carvalho-01-225x318.jpg\" data-large-file=\"https:\/\/wp.ufpel.edu.br\/malg\/files\/2016\/10\/270-Beredina-da-Rocha-Miranda-de-Carvalho-01-984x220.jpg\" src=\"https:\/\/i0.wp.com\/wp.ufpel.edu.br\/malg\/files\/2016\/10\/270-Beredina-da-Rocha-Miranda-de-Carvalho-01.jpg?w=176&#038;h=249&#038;ssl=1\" srcset=\"https:\/\/wp.ufpel.edu.br\/malg\/files\/2016\/10\/270-Beredina-da-Rocha-Miranda-de-Carvalho-01.jpg 992w, https:\/\/wp.ufpel.edu.br\/malg\/files\/2016\/10\/270-Beredina-da-Rocha-Miranda-de-Carvalho-01-112x159.jpg 112w, https:\/\/wp.ufpel.edu.br\/malg\/files\/2016\/10\/270-Beredina-da-Rocha-Miranda-de-Carvalho-01-225x318.jpg 225w, https:\/\/wp.ufpel.edu.br\/malg\/files\/2016\/10\/270-Beredina-da-Rocha-Miranda-de-Carvalho-01-768x1086.jpg 768w\" width=\"176\" height=\"249\" loading=\"lazy\" data-original-width=\"176\" data-original-height=\"249\" itemprop=\"http:\/\/schema.org\/image\" title=\"270-beredina-da-rocha-miranda-de-carvalho-01\" alt=\"270-beredina-da-rocha-miranda-de-carvalho-01\" style=\"width: 176px; height: 249px;\" \/> <\/a> <\/div> <\/div> <!-- close group --> <div class=\"gallery-group images-1\" style=\"width: 180px; height: 253px;\" data-original-width=\"180\" data-original-height=\"253\" > <div class=\"tiled-gallery-item tiled-gallery-item-small\" itemprop=\"associatedMedia\" itemscope itemtype=\"http:\/\/schema.org\/ImageObject\"> <a href=\"https:\/\/wp.ufpel.edu.br\/malg\/acervo\/271-modelo-em-pe-01\/#main\" border=\"0\" itemprop=\"url\"> <meta itemprop=\"width\" content=\"176\"> <meta itemprop=\"height\" content=\"249\"> <img decoding=\"async\" class=\"\" data-attachment-id=\"499\" data-orig-file=\"https:\/\/wp.ufpel.edu.br\/malg\/files\/2016\/10\/271-Modelo-em-p\u00e9-01.jpg\" data-orig-size=\"992,1403\" data-comments-opened=\"\" data-image-meta=\"{&quot;aperture&quot;:&quot;0&quot;,&quot;credit&quot;:&quot;&quot;,&quot;camera&quot;:&quot;&quot;,&quot;caption&quot;:&quot;&quot;,&quot;created_timestamp&quot;:&quot;0&quot;,&quot;copyright&quot;:&quot;&quot;,&quot;focal_length&quot;:&quot;0&quot;,&quot;iso&quot;:&quot;0&quot;,&quot;shutter_speed&quot;:&quot;0&quot;,&quot;title&quot;:&quot;&quot;,&quot;orientation&quot;:&quot;0&quot;}\" data-image-title=\"271-modelo-em-pe-01\" data-image-description=\"\" data-medium-file=\"https:\/\/wp.ufpel.edu.br\/malg\/files\/2016\/10\/271-Modelo-em-p\u00e9-01-225x318.jpg\" data-large-file=\"https:\/\/wp.ufpel.edu.br\/malg\/files\/2016\/10\/271-Modelo-em-p\u00e9-01-984x220.jpg\" src=\"https:\/\/i0.wp.com\/wp.ufpel.edu.br\/malg\/files\/2016\/10\/271-Modelo-em-p%C3%A9-01.jpg?w=176&#038;h=249&#038;ssl=1\" width=\"176\" height=\"249\" loading=\"lazy\" data-original-width=\"176\" data-original-height=\"249\" itemprop=\"http:\/\/schema.org\/image\" title=\"271-modelo-em-pe-01\" alt=\"271-modelo-em-pe-01\" style=\"width: 176px; height: 249px;\" \/> <\/a> <\/div> <\/div> <!-- close group --> <\/div> <!-- close row --> <div class=\"gallery-row\" style=\"width: 720px; height: 338px;\" data-original-width=\"720\" data-original-height=\"338\" > <div class=\"gallery-group images-1\" style=\"width: 240px; height: 338px;\" data-original-width=\"240\" data-original-height=\"338\" > <div class=\"tiled-gallery-item tiled-gallery-item-small\" itemprop=\"associatedMedia\" itemscope itemtype=\"http:\/\/schema.org\/ImageObject\"> <a href=\"https:\/\/wp.ufpel.edu.br\/malg\/acervo\/272-estudo-a-azul-ou-figura-01\/#main\" border=\"0\" itemprop=\"url\"> <meta itemprop=\"width\" content=\"236\"> <meta itemprop=\"height\" content=\"334\"> <img decoding=\"async\" class=\"\" data-attachment-id=\"498\" data-orig-file=\"https:\/\/wp.ufpel.edu.br\/malg\/files\/2016\/10\/272-Estudo-a-Azul-ou-figura-01.jpg\" data-orig-size=\"992,1403\" data-comments-opened=\"\" data-image-meta=\"{&quot;aperture&quot;:&quot;0&quot;,&quot;credit&quot;:&quot;&quot;,&quot;camera&quot;:&quot;&quot;,&quot;caption&quot;:&quot;&quot;,&quot;created_timestamp&quot;:&quot;0&quot;,&quot;copyright&quot;:&quot;&quot;,&quot;focal_length&quot;:&quot;0&quot;,&quot;iso&quot;:&quot;0&quot;,&quot;shutter_speed&quot;:&quot;0&quot;,&quot;title&quot;:&quot;&quot;,&quot;orientation&quot;:&quot;0&quot;}\" data-image-title=\"272-estudo-a-azul-ou-figura-01\" data-image-description=\"\" data-medium-file=\"https:\/\/wp.ufpel.edu.br\/malg\/files\/2016\/10\/272-Estudo-a-Azul-ou-figura-01-225x318.jpg\" data-large-file=\"https:\/\/wp.ufpel.edu.br\/malg\/files\/2016\/10\/272-Estudo-a-Azul-ou-figura-01-984x220.jpg\" src=\"https:\/\/i0.wp.com\/wp.ufpel.edu.br\/malg\/files\/2016\/10\/272-Estudo-a-Azul-ou-figura-01.jpg?w=236&#038;h=334&#038;ssl=1\" srcset=\"https:\/\/wp.ufpel.edu.br\/malg\/files\/2016\/10\/272-Estudo-a-Azul-ou-figura-01.jpg 992w, https:\/\/wp.ufpel.edu.br\/malg\/files\/2016\/10\/272-Estudo-a-Azul-ou-figura-01-112x159.jpg 112w, https:\/\/wp.ufpel.edu.br\/malg\/files\/2016\/10\/272-Estudo-a-Azul-ou-figura-01-225x318.jpg 225w, https:\/\/wp.ufpel.edu.br\/malg\/files\/2016\/10\/272-Estudo-a-Azul-ou-figura-01-768x1086.jpg 768w\" width=\"236\" height=\"334\" loading=\"lazy\" data-original-width=\"236\" data-original-height=\"334\" itemprop=\"http:\/\/schema.org\/image\" title=\"272-estudo-a-azul-ou-figura-01\" alt=\"272-estudo-a-azul-ou-figura-01\" style=\"width: 236px; height: 334px;\" \/> <\/a> <\/div> <\/div> <!-- close group --> <div class=\"gallery-group images-1\" style=\"width: 240px; height: 338px;\" data-original-width=\"240\" data-original-height=\"338\" > <div class=\"tiled-gallery-item tiled-gallery-item-small\" itemprop=\"associatedMedia\" itemscope itemtype=\"http:\/\/schema.org\/ImageObject\"> <a href=\"https:\/\/wp.ufpel.edu.br\/malg\/acervo\/273-repouso-01\/#main\" border=\"0\" itemprop=\"url\"> <meta itemprop=\"width\" content=\"236\"> <meta itemprop=\"height\" content=\"334\"> <img decoding=\"async\" class=\"\" data-attachment-id=\"497\" data-orig-file=\"https:\/\/wp.ufpel.edu.br\/malg\/files\/2016\/10\/273-Repouso-01.jpg\" data-orig-size=\"992,1403\" data-comments-opened=\"\" data-image-meta=\"{&quot;aperture&quot;:&quot;0&quot;,&quot;credit&quot;:&quot;&quot;,&quot;camera&quot;:&quot;&quot;,&quot;caption&quot;:&quot;&quot;,&quot;created_timestamp&quot;:&quot;0&quot;,&quot;copyright&quot;:&quot;&quot;,&quot;focal_length&quot;:&quot;0&quot;,&quot;iso&quot;:&quot;0&quot;,&quot;shutter_speed&quot;:&quot;0&quot;,&quot;title&quot;:&quot;&quot;,&quot;orientation&quot;:&quot;0&quot;}\" data-image-title=\"273-repouso-01\" data-image-description=\"\" data-medium-file=\"https:\/\/wp.ufpel.edu.br\/malg\/files\/2016\/10\/273-Repouso-01-225x318.jpg\" data-large-file=\"https:\/\/wp.ufpel.edu.br\/malg\/files\/2016\/10\/273-Repouso-01-984x220.jpg\" src=\"https:\/\/i0.wp.com\/wp.ufpel.edu.br\/malg\/files\/2016\/10\/273-Repouso-01.jpg?w=236&#038;h=334&#038;ssl=1\" srcset=\"https:\/\/wp.ufpel.edu.br\/malg\/files\/2016\/10\/273-Repouso-01.jpg 992w, https:\/\/wp.ufpel.edu.br\/malg\/files\/2016\/10\/273-Repouso-01-112x159.jpg 112w, https:\/\/wp.ufpel.edu.br\/malg\/files\/2016\/10\/273-Repouso-01-225x318.jpg 225w, https:\/\/wp.ufpel.edu.br\/malg\/files\/2016\/10\/273-Repouso-01-768x1086.jpg 768w\" width=\"236\" height=\"334\" loading=\"lazy\" data-original-width=\"236\" data-original-height=\"334\" itemprop=\"http:\/\/schema.org\/image\" title=\"273-repouso-01\" alt=\"273-repouso-01\" style=\"width: 236px; height: 334px;\" \/> <\/a> <\/div> <\/div> <!-- close group --> <div class=\"gallery-group images-1\" style=\"width: 240px; height: 338px;\" data-original-width=\"240\" data-original-height=\"338\" > <div class=\"tiled-gallery-item tiled-gallery-item-small\" itemprop=\"associatedMedia\" itemscope itemtype=\"http:\/\/schema.org\/ImageObject\"> <a href=\"https:\/\/wp.ufpel.edu.br\/malg\/acervo\/274-professor-noel-01\/#main\" border=\"0\" itemprop=\"url\"> <meta itemprop=\"width\" content=\"236\"> <meta itemprop=\"height\" content=\"334\"> <img decoding=\"async\" class=\"\" data-attachment-id=\"496\" data-orig-file=\"https:\/\/wp.ufpel.edu.br\/malg\/files\/2016\/10\/274-Professor-No\u00ebl-01.jpg\" data-orig-size=\"992,1403\" data-comments-opened=\"\" data-image-meta=\"{&quot;aperture&quot;:&quot;0&quot;,&quot;credit&quot;:&quot;&quot;,&quot;camera&quot;:&quot;&quot;,&quot;caption&quot;:&quot;&quot;,&quot;created_timestamp&quot;:&quot;0&quot;,&quot;copyright&quot;:&quot;&quot;,&quot;focal_length&quot;:&quot;0&quot;,&quot;iso&quot;:&quot;0&quot;,&quot;shutter_speed&quot;:&quot;0&quot;,&quot;title&quot;:&quot;&quot;,&quot;orientation&quot;:&quot;0&quot;}\" data-image-title=\"274-professor-noel-01\" data-image-description=\"\" data-medium-file=\"https:\/\/wp.ufpel.edu.br\/malg\/files\/2016\/10\/274-Professor-No\u00ebl-01-225x318.jpg\" data-large-file=\"https:\/\/wp.ufpel.edu.br\/malg\/files\/2016\/10\/274-Professor-No\u00ebl-01-984x220.jpg\" src=\"https:\/\/i0.wp.com\/wp.ufpel.edu.br\/malg\/files\/2016\/10\/274-Professor-No%C3%ABl-01.jpg?w=236&#038;h=334&#038;ssl=1\" width=\"236\" height=\"334\" loading=\"lazy\" data-original-width=\"236\" data-original-height=\"334\" itemprop=\"http:\/\/schema.org\/image\" title=\"274-professor-noel-01\" alt=\"274-professor-noel-01\" style=\"width: 236px; height: 334px;\" \/> <\/a> <\/div> <\/div> <!-- close group --> <\/div> <!-- close row --> <div class=\"gallery-row\" style=\"width: 720px; height: 253px;\" data-original-width=\"720\" data-original-height=\"253\" > <div class=\"gallery-group images-1\" style=\"width: 180px; height: 253px;\" data-original-width=\"180\" data-original-height=\"253\" > <div class=\"tiled-gallery-item tiled-gallery-item-small\" itemprop=\"associatedMedia\" itemscope itemtype=\"http:\/\/schema.org\/ImageObject\"> <a href=\"https:\/\/wp.ufpel.edu.br\/malg\/acervo\/275-homem-01\/#main\" border=\"0\" itemprop=\"url\"> <meta itemprop=\"width\" content=\"176\"> <meta itemprop=\"height\" content=\"249\"> <img decoding=\"async\" class=\"\" data-attachment-id=\"495\" data-orig-file=\"https:\/\/wp.ufpel.edu.br\/malg\/files\/2016\/10\/275-Homem-01.jpg\" data-orig-size=\"992,1403\" data-comments-opened=\"\" data-image-meta=\"{&quot;aperture&quot;:&quot;0&quot;,&quot;credit&quot;:&quot;&quot;,&quot;camera&quot;:&quot;&quot;,&quot;caption&quot;:&quot;&quot;,&quot;created_timestamp&quot;:&quot;0&quot;,&quot;copyright&quot;:&quot;&quot;,&quot;focal_length&quot;:&quot;0&quot;,&quot;iso&quot;:&quot;0&quot;,&quot;shutter_speed&quot;:&quot;0&quot;,&quot;title&quot;:&quot;&quot;,&quot;orientation&quot;:&quot;0&quot;}\" data-image-title=\"275-homem-01\" data-image-description=\"\" data-medium-file=\"https:\/\/wp.ufpel.edu.br\/malg\/files\/2016\/10\/275-Homem-01-225x318.jpg\" data-large-file=\"https:\/\/wp.ufpel.edu.br\/malg\/files\/2016\/10\/275-Homem-01-984x220.jpg\" src=\"https:\/\/i0.wp.com\/wp.ufpel.edu.br\/malg\/files\/2016\/10\/275-Homem-01.jpg?w=176&#038;h=249&#038;ssl=1\" srcset=\"https:\/\/wp.ufpel.edu.br\/malg\/files\/2016\/10\/275-Homem-01.jpg 992w, https:\/\/wp.ufpel.edu.br\/malg\/files\/2016\/10\/275-Homem-01-112x159.jpg 112w, https:\/\/wp.ufpel.edu.br\/malg\/files\/2016\/10\/275-Homem-01-225x318.jpg 225w, https:\/\/wp.ufpel.edu.br\/malg\/files\/2016\/10\/275-Homem-01-768x1086.jpg 768w\" width=\"176\" height=\"249\" loading=\"lazy\" data-original-width=\"176\" data-original-height=\"249\" itemprop=\"http:\/\/schema.org\/image\" title=\"275-homem-01\" alt=\"275-homem-01\" style=\"width: 176px; height: 249px;\" \/> <\/a> <\/div> <\/div> <!-- close group --> <div class=\"gallery-group images-1\" style=\"width: 180px; height: 253px;\" data-original-width=\"180\" data-original-height=\"253\" > <div class=\"tiled-gallery-item tiled-gallery-item-small\" itemprop=\"associatedMedia\" itemscope itemtype=\"http:\/\/schema.org\/ImageObject\"> <a href=\"https:\/\/wp.ufpel.edu.br\/malg\/acervo\/276-rosas-01\/#main\" border=\"0\" itemprop=\"url\"> <meta itemprop=\"width\" content=\"176\"> <meta itemprop=\"height\" content=\"249\"> <img decoding=\"async\" class=\"\" data-attachment-id=\"494\" data-orig-file=\"https:\/\/wp.ufpel.edu.br\/malg\/files\/2016\/10\/276-Rosas-01.jpg\" data-orig-size=\"992,1403\" data-comments-opened=\"\" data-image-meta=\"{&quot;aperture&quot;:&quot;0&quot;,&quot;credit&quot;:&quot;&quot;,&quot;camera&quot;:&quot;&quot;,&quot;caption&quot;:&quot;&quot;,&quot;created_timestamp&quot;:&quot;0&quot;,&quot;copyright&quot;:&quot;&quot;,&quot;focal_length&quot;:&quot;0&quot;,&quot;iso&quot;:&quot;0&quot;,&quot;shutter_speed&quot;:&quot;0&quot;,&quot;title&quot;:&quot;&quot;,&quot;orientation&quot;:&quot;0&quot;}\" data-image-title=\"276-rosas-01\" data-image-description=\"\" data-medium-file=\"https:\/\/wp.ufpel.edu.br\/malg\/files\/2016\/10\/276-Rosas-01-225x318.jpg\" data-large-file=\"https:\/\/wp.ufpel.edu.br\/malg\/files\/2016\/10\/276-Rosas-01-984x220.jpg\" src=\"https:\/\/i0.wp.com\/wp.ufpel.edu.br\/malg\/files\/2016\/10\/276-Rosas-01.jpg?w=176&#038;h=249&#038;ssl=1\" srcset=\"https:\/\/wp.ufpel.edu.br\/malg\/files\/2016\/10\/276-Rosas-01.jpg 992w, https:\/\/wp.ufpel.edu.br\/malg\/files\/2016\/10\/276-Rosas-01-112x159.jpg 112w, https:\/\/wp.ufpel.edu.br\/malg\/files\/2016\/10\/276-Rosas-01-225x318.jpg 225w, https:\/\/wp.ufpel.edu.br\/malg\/files\/2016\/10\/276-Rosas-01-768x1086.jpg 768w\" width=\"176\" height=\"249\" loading=\"lazy\" data-original-width=\"176\" data-original-height=\"249\" itemprop=\"http:\/\/schema.org\/image\" title=\"276-rosas-01\" alt=\"276-rosas-01\" style=\"width: 176px; height: 249px;\" \/> <\/a> <\/div> <\/div> <!-- close group --> <div class=\"gallery-group images-1\" style=\"width: 180px; height: 253px;\" data-original-width=\"180\" data-original-height=\"253\" > <div class=\"tiled-gallery-item tiled-gallery-item-small\" itemprop=\"associatedMedia\" itemscope itemtype=\"http:\/\/schema.org\/ImageObject\"> <a href=\"https:\/\/wp.ufpel.edu.br\/malg\/acervo\/277-01\/#main\" border=\"0\" itemprop=\"url\"> <meta itemprop=\"width\" content=\"176\"> <meta itemprop=\"height\" content=\"249\"> <img decoding=\"async\" class=\"\" data-attachment-id=\"493\" data-orig-file=\"https:\/\/wp.ufpel.edu.br\/malg\/files\/2016\/10\/277-01.jpg\" data-orig-size=\"992,1403\" data-comments-opened=\"\" data-image-meta=\"{&quot;aperture&quot;:&quot;0&quot;,&quot;credit&quot;:&quot;&quot;,&quot;camera&quot;:&quot;&quot;,&quot;caption&quot;:&quot;&quot;,&quot;created_timestamp&quot;:&quot;0&quot;,&quot;copyright&quot;:&quot;&quot;,&quot;focal_length&quot;:&quot;0&quot;,&quot;iso&quot;:&quot;0&quot;,&quot;shutter_speed&quot;:&quot;0&quot;,&quot;title&quot;:&quot;&quot;,&quot;orientation&quot;:&quot;0&quot;}\" data-image-title=\"277-01\" data-image-description=\"\" data-medium-file=\"https:\/\/wp.ufpel.edu.br\/malg\/files\/2016\/10\/277-01-225x318.jpg\" data-large-file=\"https:\/\/wp.ufpel.edu.br\/malg\/files\/2016\/10\/277-01-984x220.jpg\" src=\"https:\/\/i0.wp.com\/wp.ufpel.edu.br\/malg\/files\/2016\/10\/277-01.jpg?w=176&#038;h=249&#038;ssl=1\" srcset=\"https:\/\/wp.ufpel.edu.br\/malg\/files\/2016\/10\/277-01.jpg 992w, https:\/\/wp.ufpel.edu.br\/malg\/files\/2016\/10\/277-01-112x159.jpg 112w, https:\/\/wp.ufpel.edu.br\/malg\/files\/2016\/10\/277-01-225x318.jpg 225w, https:\/\/wp.ufpel.edu.br\/malg\/files\/2016\/10\/277-01-768x1086.jpg 768w\" width=\"176\" height=\"249\" loading=\"lazy\" data-original-width=\"176\" data-original-height=\"249\" itemprop=\"http:\/\/schema.org\/image\" title=\"277-01\" alt=\"277-01\" style=\"width: 176px; height: 249px;\" \/> <\/a> <\/div> <\/div> <!-- close group --> <div class=\"gallery-group images-1\" style=\"width: 180px; height: 253px;\" data-original-width=\"180\" data-original-height=\"253\" > <div class=\"tiled-gallery-item tiled-gallery-item-small\" itemprop=\"associatedMedia\" itemscope itemtype=\"http:\/\/schema.org\/ImageObject\"> <a href=\"https:\/\/wp.ufpel.edu.br\/malg\/acervo\/285-estudo-cabeca-de-mulher-01\/#main\" border=\"0\" itemprop=\"url\"> <meta itemprop=\"width\" content=\"176\"> <meta itemprop=\"height\" content=\"249\"> <img decoding=\"async\" class=\"\" data-attachment-id=\"491\" data-orig-file=\"https:\/\/wp.ufpel.edu.br\/malg\/files\/2016\/10\/285-Estudo-cabe\u00e7a-de-mulher-01.jpg\" data-orig-size=\"992,1403\" data-comments-opened=\"\" data-image-meta=\"{&quot;aperture&quot;:&quot;0&quot;,&quot;credit&quot;:&quot;&quot;,&quot;camera&quot;:&quot;&quot;,&quot;caption&quot;:&quot;&quot;,&quot;created_timestamp&quot;:&quot;0&quot;,&quot;copyright&quot;:&quot;&quot;,&quot;focal_length&quot;:&quot;0&quot;,&quot;iso&quot;:&quot;0&quot;,&quot;shutter_speed&quot;:&quot;0&quot;,&quot;title&quot;:&quot;&quot;,&quot;orientation&quot;:&quot;0&quot;}\" data-image-title=\"285-estudo-cabeca-de-mulher-01\" data-image-description=\"\" data-medium-file=\"https:\/\/wp.ufpel.edu.br\/malg\/files\/2016\/10\/285-Estudo-cabe\u00e7a-de-mulher-01-225x318.jpg\" data-large-file=\"https:\/\/wp.ufpel.edu.br\/malg\/files\/2016\/10\/285-Estudo-cabe\u00e7a-de-mulher-01-984x220.jpg\" src=\"https:\/\/i0.wp.com\/wp.ufpel.edu.br\/malg\/files\/2016\/10\/285-Estudo-cabe%C3%A7a-de-mulher-01.jpg?w=176&#038;h=249&#038;ssl=1\" width=\"176\" height=\"249\" loading=\"lazy\" data-original-width=\"176\" data-original-height=\"249\" itemprop=\"http:\/\/schema.org\/image\" title=\"285-estudo-cabeca-de-mulher-01\" alt=\"285-estudo-cabeca-de-mulher-01\" style=\"width: 176px; height: 249px;\" \/> <\/a> <\/div> <\/div> <!-- close group --> <\/div> <!-- close row --> <div class=\"gallery-row\" style=\"width: 720px; height: 507px;\" data-original-width=\"720\" data-original-height=\"507\" > <div class=\"gallery-group images-1\" style=\"width: 360px; height: 507px;\" data-original-width=\"360\" data-original-height=\"507\" > <div class=\"tiled-gallery-item tiled-gallery-item-large\" itemprop=\"associatedMedia\" itemscope itemtype=\"http:\/\/schema.org\/ImageObject\"> <a href=\"https:\/\/wp.ufpel.edu.br\/malg\/acervo\/284-perfil-de-dora-01\/#main\" border=\"0\" itemprop=\"url\"> <meta itemprop=\"width\" content=\"356\"> <meta itemprop=\"height\" content=\"503\"> <img decoding=\"async\" class=\"\" data-attachment-id=\"492\" data-orig-file=\"https:\/\/wp.ufpel.edu.br\/malg\/files\/2016\/10\/284-Perfil-de-Dora-01.jpg\" data-orig-size=\"992,1403\" data-comments-opened=\"\" data-image-meta=\"{&quot;aperture&quot;:&quot;0&quot;,&quot;credit&quot;:&quot;&quot;,&quot;camera&quot;:&quot;&quot;,&quot;caption&quot;:&quot;&quot;,&quot;created_timestamp&quot;:&quot;0&quot;,&quot;copyright&quot;:&quot;&quot;,&quot;focal_length&quot;:&quot;0&quot;,&quot;iso&quot;:&quot;0&quot;,&quot;shutter_speed&quot;:&quot;0&quot;,&quot;title&quot;:&quot;&quot;,&quot;orientation&quot;:&quot;0&quot;}\" data-image-title=\"284-perfil-de-dora-01\" data-image-description=\"\" data-medium-file=\"https:\/\/wp.ufpel.edu.br\/malg\/files\/2016\/10\/284-Perfil-de-Dora-01-225x318.jpg\" data-large-file=\"https:\/\/wp.ufpel.edu.br\/malg\/files\/2016\/10\/284-Perfil-de-Dora-01-984x220.jpg\" src=\"https:\/\/i0.wp.com\/wp.ufpel.edu.br\/malg\/files\/2016\/10\/284-Perfil-de-Dora-01.jpg?w=356&#038;h=503&#038;ssl=1\" srcset=\"https:\/\/wp.ufpel.edu.br\/malg\/files\/2016\/10\/284-Perfil-de-Dora-01.jpg 992w, https:\/\/wp.ufpel.edu.br\/malg\/files\/2016\/10\/284-Perfil-de-Dora-01-112x159.jpg 112w, https:\/\/wp.ufpel.edu.br\/malg\/files\/2016\/10\/284-Perfil-de-Dora-01-225x318.jpg 225w, https:\/\/wp.ufpel.edu.br\/malg\/files\/2016\/10\/284-Perfil-de-Dora-01-768x1086.jpg 768w\" width=\"356\" height=\"503\" loading=\"lazy\" data-original-width=\"356\" data-original-height=\"503\" itemprop=\"http:\/\/schema.org\/image\" title=\"284-perfil-de-dora-01\" alt=\"284-perfil-de-dora-01\" style=\"width: 356px; height: 503px;\" \/> <\/a> <\/div> <\/div> <!-- close group --> <div class=\"gallery-group images-1\" style=\"width: 360px; height: 507px;\" data-original-width=\"360\" data-original-height=\"507\" > <div class=\"tiled-gallery-item tiled-gallery-item-large\" itemprop=\"associatedMedia\" itemscope itemtype=\"http:\/\/schema.org\/ImageObject\"> <a href=\"https:\/\/wp.ufpel.edu.br\/malg\/acervo\/286-autorretrato-sorrindo-01\/#main\" border=\"0\" itemprop=\"url\"> <meta itemprop=\"width\" content=\"356\"> <meta itemprop=\"height\" content=\"503\"> <img decoding=\"async\" class=\"\" data-attachment-id=\"490\" data-orig-file=\"https:\/\/wp.ufpel.edu.br\/malg\/files\/2016\/10\/286-Autorretrato-sorrindo-01.jpg\" data-orig-size=\"992,1403\" data-comments-opened=\"\" data-image-meta=\"{&quot;aperture&quot;:&quot;0&quot;,&quot;credit&quot;:&quot;&quot;,&quot;camera&quot;:&quot;&quot;,&quot;caption&quot;:&quot;&quot;,&quot;created_timestamp&quot;:&quot;0&quot;,&quot;copyright&quot;:&quot;&quot;,&quot;focal_length&quot;:&quot;0&quot;,&quot;iso&quot;:&quot;0&quot;,&quot;shutter_speed&quot;:&quot;0&quot;,&quot;title&quot;:&quot;&quot;,&quot;orientation&quot;:&quot;0&quot;}\" data-image-title=\"286-autorretrato-sorrindo-01\" data-image-description=\"\" data-medium-file=\"https:\/\/wp.ufpel.edu.br\/malg\/files\/2016\/10\/286-Autorretrato-sorrindo-01-225x318.jpg\" data-large-file=\"https:\/\/wp.ufpel.edu.br\/malg\/files\/2016\/10\/286-Autorretrato-sorrindo-01-984x220.jpg\" src=\"https:\/\/i0.wp.com\/wp.ufpel.edu.br\/malg\/files\/2016\/10\/286-Autorretrato-sorrindo-01.jpg?w=356&#038;h=503&#038;ssl=1\" srcset=\"https:\/\/wp.ufpel.edu.br\/malg\/files\/2016\/10\/286-Autorretrato-sorrindo-01.jpg 992w, https:\/\/wp.ufpel.edu.br\/malg\/files\/2016\/10\/286-Autorretrato-sorrindo-01-112x159.jpg 112w, https:\/\/wp.ufpel.edu.br\/malg\/files\/2016\/10\/286-Autorretrato-sorrindo-01-225x318.jpg 225w, https:\/\/wp.ufpel.edu.br\/malg\/files\/2016\/10\/286-Autorretrato-sorrindo-01-768x1086.jpg 768w\" width=\"356\" height=\"503\" loading=\"lazy\" data-original-width=\"356\" data-original-height=\"503\" itemprop=\"http:\/\/schema.org\/image\" title=\"286-autorretrato-sorrindo-01\" alt=\"286-autorretrato-sorrindo-01\" style=\"width: 356px; height: 503px;\" \/> <\/a> <\/div> <\/div> <!-- close group --> <\/div> <!-- close row --> <div class=\"gallery-row\" style=\"width: 720px; height: 253px;\" data-original-width=\"720\" data-original-height=\"253\" > <div class=\"gallery-group images-1\" style=\"width: 180px; height: 253px;\" data-original-width=\"180\" data-original-height=\"253\" > <div class=\"tiled-gallery-item tiled-gallery-item-small\" itemprop=\"associatedMedia\" itemscope itemtype=\"http:\/\/schema.org\/ImageObject\"> <a href=\"https:\/\/wp.ufpel.edu.br\/malg\/acervo\/288-gatos-3-estudos-01\/#main\" border=\"0\" itemprop=\"url\"> <meta itemprop=\"width\" content=\"176\"> <meta itemprop=\"height\" content=\"249\"> <img decoding=\"async\" class=\"\" data-attachment-id=\"489\" data-orig-file=\"https:\/\/wp.ufpel.edu.br\/malg\/files\/2016\/10\/288-Gatos-3-estudos-01.jpg\" data-orig-size=\"992,1403\" data-comments-opened=\"\" data-image-meta=\"{&quot;aperture&quot;:&quot;0&quot;,&quot;credit&quot;:&quot;&quot;,&quot;camera&quot;:&quot;&quot;,&quot;caption&quot;:&quot;&quot;,&quot;created_timestamp&quot;:&quot;0&quot;,&quot;copyright&quot;:&quot;&quot;,&quot;focal_length&quot;:&quot;0&quot;,&quot;iso&quot;:&quot;0&quot;,&quot;shutter_speed&quot;:&quot;0&quot;,&quot;title&quot;:&quot;&quot;,&quot;orientation&quot;:&quot;0&quot;}\" data-image-title=\"288-gatos-3-estudos-01\" data-image-description=\"\" data-medium-file=\"https:\/\/wp.ufpel.edu.br\/malg\/files\/2016\/10\/288-Gatos-3-estudos-01-225x318.jpg\" data-large-file=\"https:\/\/wp.ufpel.edu.br\/malg\/files\/2016\/10\/288-Gatos-3-estudos-01-984x220.jpg\" src=\"https:\/\/i0.wp.com\/wp.ufpel.edu.br\/malg\/files\/2016\/10\/288-Gatos-3-estudos-01.jpg?w=176&#038;h=249&#038;ssl=1\" srcset=\"https:\/\/wp.ufpel.edu.br\/malg\/files\/2016\/10\/288-Gatos-3-estudos-01.jpg 992w, https:\/\/wp.ufpel.edu.br\/malg\/files\/2016\/10\/288-Gatos-3-estudos-01-112x159.jpg 112w, https:\/\/wp.ufpel.edu.br\/malg\/files\/2016\/10\/288-Gatos-3-estudos-01-225x318.jpg 225w, https:\/\/wp.ufpel.edu.br\/malg\/files\/2016\/10\/288-Gatos-3-estudos-01-768x1086.jpg 768w\" width=\"176\" height=\"249\" loading=\"lazy\" data-original-width=\"176\" data-original-height=\"249\" itemprop=\"http:\/\/schema.org\/image\" title=\"288-gatos-3-estudos-01\" alt=\"288-gatos-3-estudos-01\" style=\"width: 176px; height: 249px;\" \/> <\/a> <\/div> <\/div> <!-- close group --> <div class=\"gallery-group images-1\" style=\"width: 180px; height: 253px;\" data-original-width=\"180\" data-original-height=\"253\" > <div class=\"tiled-gallery-item tiled-gallery-item-small\" itemprop=\"associatedMedia\" itemscope itemtype=\"http:\/\/schema.org\/ImageObject\"> <a href=\"https:\/\/wp.ufpel.edu.br\/malg\/acervo\/290-gatos-01\/#main\" border=\"0\" itemprop=\"url\"> <meta itemprop=\"width\" content=\"176\"> <meta itemprop=\"height\" content=\"249\"> <img decoding=\"async\" class=\"\" data-attachment-id=\"488\" data-orig-file=\"https:\/\/wp.ufpel.edu.br\/malg\/files\/2016\/10\/290-Gatos-01.jpg\" data-orig-size=\"992,1403\" data-comments-opened=\"\" data-image-meta=\"{&quot;aperture&quot;:&quot;0&quot;,&quot;credit&quot;:&quot;&quot;,&quot;camera&quot;:&quot;&quot;,&quot;caption&quot;:&quot;&quot;,&quot;created_timestamp&quot;:&quot;0&quot;,&quot;copyright&quot;:&quot;&quot;,&quot;focal_length&quot;:&quot;0&quot;,&quot;iso&quot;:&quot;0&quot;,&quot;shutter_speed&quot;:&quot;0&quot;,&quot;title&quot;:&quot;&quot;,&quot;orientation&quot;:&quot;0&quot;}\" data-image-title=\"290-gatos-01\" data-image-description=\"\" data-medium-file=\"https:\/\/wp.ufpel.edu.br\/malg\/files\/2016\/10\/290-Gatos-01-225x318.jpg\" data-large-file=\"https:\/\/wp.ufpel.edu.br\/malg\/files\/2016\/10\/290-Gatos-01-984x220.jpg\" src=\"https:\/\/i0.wp.com\/wp.ufpel.edu.br\/malg\/files\/2016\/10\/290-Gatos-01.jpg?w=176&#038;h=249&#038;ssl=1\" srcset=\"https:\/\/wp.ufpel.edu.br\/malg\/files\/2016\/10\/290-Gatos-01.jpg 992w, https:\/\/wp.ufpel.edu.br\/malg\/files\/2016\/10\/290-Gatos-01-112x159.jpg 112w, https:\/\/wp.ufpel.edu.br\/malg\/files\/2016\/10\/290-Gatos-01-225x318.jpg 225w, https:\/\/wp.ufpel.edu.br\/malg\/files\/2016\/10\/290-Gatos-01-768x1086.jpg 768w\" width=\"176\" height=\"249\" loading=\"lazy\" data-original-width=\"176\" data-original-height=\"249\" itemprop=\"http:\/\/schema.org\/image\" title=\"290-gatos-01\" alt=\"290-gatos-01\" style=\"width: 176px; height: 249px;\" \/> <\/a> <\/div> <\/div> <!-- close group --> <div class=\"gallery-group images-1\" style=\"width: 180px; height: 253px;\" data-original-width=\"180\" data-original-height=\"253\" > <div class=\"tiled-gallery-item tiled-gallery-item-small\" itemprop=\"associatedMedia\" itemscope itemtype=\"http:\/\/schema.org\/ImageObject\"> <a href=\"https:\/\/wp.ufpel.edu.br\/malg\/acervo\/293-pai-do-pintor-01\/#main\" border=\"0\" itemprop=\"url\"> <meta itemprop=\"width\" content=\"176\"> <meta itemprop=\"height\" content=\"249\"> <img decoding=\"async\" class=\"\" data-attachment-id=\"487\" data-orig-file=\"https:\/\/wp.ufpel.edu.br\/malg\/files\/2016\/10\/293-Pai-do-pintor-01.jpg\" data-orig-size=\"992,1403\" data-comments-opened=\"\" data-image-meta=\"{&quot;aperture&quot;:&quot;0&quot;,&quot;credit&quot;:&quot;&quot;,&quot;camera&quot;:&quot;&quot;,&quot;caption&quot;:&quot;&quot;,&quot;created_timestamp&quot;:&quot;0&quot;,&quot;copyright&quot;:&quot;&quot;,&quot;focal_length&quot;:&quot;0&quot;,&quot;iso&quot;:&quot;0&quot;,&quot;shutter_speed&quot;:&quot;0&quot;,&quot;title&quot;:&quot;&quot;,&quot;orientation&quot;:&quot;0&quot;}\" data-image-title=\"293-pai-do-pintor-01\" data-image-description=\"\" data-medium-file=\"https:\/\/wp.ufpel.edu.br\/malg\/files\/2016\/10\/293-Pai-do-pintor-01-225x318.jpg\" data-large-file=\"https:\/\/wp.ufpel.edu.br\/malg\/files\/2016\/10\/293-Pai-do-pintor-01-984x220.jpg\" src=\"https:\/\/i0.wp.com\/wp.ufpel.edu.br\/malg\/files\/2016\/10\/293-Pai-do-pintor-01.jpg?w=176&#038;h=249&#038;ssl=1\" srcset=\"https:\/\/wp.ufpel.edu.br\/malg\/files\/2016\/10\/293-Pai-do-pintor-01.jpg 992w, https:\/\/wp.ufpel.edu.br\/malg\/files\/2016\/10\/293-Pai-do-pintor-01-112x159.jpg 112w, https:\/\/wp.ufpel.edu.br\/malg\/files\/2016\/10\/293-Pai-do-pintor-01-225x318.jpg 225w, https:\/\/wp.ufpel.edu.br\/malg\/files\/2016\/10\/293-Pai-do-pintor-01-768x1086.jpg 768w\" width=\"176\" height=\"249\" loading=\"lazy\" data-original-width=\"176\" data-original-height=\"249\" itemprop=\"http:\/\/schema.org\/image\" title=\"293-pai-do-pintor-01\" alt=\"293-pai-do-pintor-01\" style=\"width: 176px; height: 249px;\" \/> <\/a> <\/div> <\/div> <!-- close group --> <div class=\"gallery-group images-1\" style=\"width: 180px; height: 253px;\" data-original-width=\"180\" data-original-height=\"253\" > <div class=\"tiled-gallery-item tiled-gallery-item-small\" itemprop=\"associatedMedia\" itemscope itemtype=\"http:\/\/schema.org\/ImageObject\"> <a href=\"https:\/\/wp.ufpel.edu.br\/malg\/acervo\/294-estudo-de-cabeca-01\/#main\" border=\"0\" itemprop=\"url\"> <meta itemprop=\"width\" content=\"176\"> <meta itemprop=\"height\" content=\"249\"> <img decoding=\"async\" class=\"\" data-attachment-id=\"486\" data-orig-file=\"https:\/\/wp.ufpel.edu.br\/malg\/files\/2016\/10\/294-Estudo-de-cabe\u00e7a-01.jpg\" data-orig-size=\"992,1403\" data-comments-opened=\"\" data-image-meta=\"{&quot;aperture&quot;:&quot;0&quot;,&quot;credit&quot;:&quot;&quot;,&quot;camera&quot;:&quot;&quot;,&quot;caption&quot;:&quot;&quot;,&quot;created_timestamp&quot;:&quot;0&quot;,&quot;copyright&quot;:&quot;&quot;,&quot;focal_length&quot;:&quot;0&quot;,&quot;iso&quot;:&quot;0&quot;,&quot;shutter_speed&quot;:&quot;0&quot;,&quot;title&quot;:&quot;&quot;,&quot;orientation&quot;:&quot;0&quot;}\" data-image-title=\"294-estudo-de-cabeca-01\" data-image-description=\"\" data-medium-file=\"https:\/\/wp.ufpel.edu.br\/malg\/files\/2016\/10\/294-Estudo-de-cabe\u00e7a-01-225x318.jpg\" data-large-file=\"https:\/\/wp.ufpel.edu.br\/malg\/files\/2016\/10\/294-Estudo-de-cabe\u00e7a-01-984x220.jpg\" src=\"https:\/\/i0.wp.com\/wp.ufpel.edu.br\/malg\/files\/2016\/10\/294-Estudo-de-cabe%C3%A7a-01.jpg?w=176&#038;h=249&#038;ssl=1\" width=\"176\" height=\"249\" loading=\"lazy\" data-original-width=\"176\" data-original-height=\"249\" itemprop=\"http:\/\/schema.org\/image\" title=\"294-estudo-de-cabeca-01\" alt=\"294-estudo-de-cabeca-01\" style=\"width: 176px; height: 249px;\" \/> <\/a> <\/div> <\/div> <!-- close group --> <\/div> <!-- close row --> <div class=\"gallery-row\" style=\"width: 720px; height: 338px;\" data-original-width=\"720\" data-original-height=\"338\" > <div class=\"gallery-group images-1\" style=\"width: 240px; height: 338px;\" data-original-width=\"240\" data-original-height=\"338\" > <div class=\"tiled-gallery-item tiled-gallery-item-small\" itemprop=\"associatedMedia\" itemscope itemtype=\"http:\/\/schema.org\/ImageObject\"> <a href=\"https:\/\/wp.ufpel.edu.br\/malg\/acervo\/295-mulher-nua-01\/#main\" border=\"0\" itemprop=\"url\"> <meta itemprop=\"width\" content=\"236\"> <meta itemprop=\"height\" content=\"334\"> <img decoding=\"async\" class=\"\" data-attachment-id=\"485\" data-orig-file=\"https:\/\/wp.ufpel.edu.br\/malg\/files\/2016\/10\/295-Mulher-nua-01.jpg\" data-orig-size=\"992,1403\" data-comments-opened=\"\" data-image-meta=\"{&quot;aperture&quot;:&quot;0&quot;,&quot;credit&quot;:&quot;&quot;,&quot;camera&quot;:&quot;&quot;,&quot;caption&quot;:&quot;&quot;,&quot;created_timestamp&quot;:&quot;0&quot;,&quot;copyright&quot;:&quot;&quot;,&quot;focal_length&quot;:&quot;0&quot;,&quot;iso&quot;:&quot;0&quot;,&quot;shutter_speed&quot;:&quot;0&quot;,&quot;title&quot;:&quot;&quot;,&quot;orientation&quot;:&quot;0&quot;}\" data-image-title=\"295-mulher-nua-01\" data-image-description=\"\" data-medium-file=\"https:\/\/wp.ufpel.edu.br\/malg\/files\/2016\/10\/295-Mulher-nua-01-225x318.jpg\" data-large-file=\"https:\/\/wp.ufpel.edu.br\/malg\/files\/2016\/10\/295-Mulher-nua-01-984x220.jpg\" src=\"https:\/\/i0.wp.com\/wp.ufpel.edu.br\/malg\/files\/2016\/10\/295-Mulher-nua-01.jpg?w=236&#038;h=334&#038;ssl=1\" srcset=\"https:\/\/wp.ufpel.edu.br\/malg\/files\/2016\/10\/295-Mulher-nua-01.jpg 992w, https:\/\/wp.ufpel.edu.br\/malg\/files\/2016\/10\/295-Mulher-nua-01-112x159.jpg 112w, https:\/\/wp.ufpel.edu.br\/malg\/files\/2016\/10\/295-Mulher-nua-01-225x318.jpg 225w, https:\/\/wp.ufpel.edu.br\/malg\/files\/2016\/10\/295-Mulher-nua-01-768x1086.jpg 768w\" width=\"236\" height=\"334\" loading=\"lazy\" data-original-width=\"236\" data-original-height=\"334\" itemprop=\"http:\/\/schema.org\/image\" title=\"295-mulher-nua-01\" alt=\"295-mulher-nua-01\" style=\"width: 236px; height: 334px;\" \/> <\/a> <\/div> <\/div> <!-- close group --> <div class=\"gallery-group images-1\" style=\"width: 240px; height: 338px;\" data-original-width=\"240\" data-original-height=\"338\" > <div class=\"tiled-gallery-item tiled-gallery-item-small\" itemprop=\"associatedMedia\" itemscope itemtype=\"http:\/\/schema.org\/ImageObject\"> <a href=\"https:\/\/wp.ufpel.edu.br\/malg\/acervo\/296-mulher-01\/#main\" border=\"0\" itemprop=\"url\"> <meta itemprop=\"width\" content=\"236\"> <meta itemprop=\"height\" content=\"334\"> <img decoding=\"async\" class=\"\" data-attachment-id=\"484\" data-orig-file=\"https:\/\/wp.ufpel.edu.br\/malg\/files\/2016\/10\/296-Mulher-01.jpg\" data-orig-size=\"992,1403\" data-comments-opened=\"\" data-image-meta=\"{&quot;aperture&quot;:&quot;0&quot;,&quot;credit&quot;:&quot;&quot;,&quot;camera&quot;:&quot;&quot;,&quot;caption&quot;:&quot;&quot;,&quot;created_timestamp&quot;:&quot;0&quot;,&quot;copyright&quot;:&quot;&quot;,&quot;focal_length&quot;:&quot;0&quot;,&quot;iso&quot;:&quot;0&quot;,&quot;shutter_speed&quot;:&quot;0&quot;,&quot;title&quot;:&quot;&quot;,&quot;orientation&quot;:&quot;0&quot;}\" data-image-title=\"296-mulher-01\" data-image-description=\"\" data-medium-file=\"https:\/\/wp.ufpel.edu.br\/malg\/files\/2016\/10\/296-Mulher-01-225x318.jpg\" data-large-file=\"https:\/\/wp.ufpel.edu.br\/malg\/files\/2016\/10\/296-Mulher-01-984x220.jpg\" src=\"https:\/\/i0.wp.com\/wp.ufpel.edu.br\/malg\/files\/2016\/10\/296-Mulher-01.jpg?w=236&#038;h=334&#038;ssl=1\" srcset=\"https:\/\/wp.ufpel.edu.br\/malg\/files\/2016\/10\/296-Mulher-01.jpg 992w, https:\/\/wp.ufpel.edu.br\/malg\/files\/2016\/10\/296-Mulher-01-112x159.jpg 112w, https:\/\/wp.ufpel.edu.br\/malg\/files\/2016\/10\/296-Mulher-01-225x318.jpg 225w, https:\/\/wp.ufpel.edu.br\/malg\/files\/2016\/10\/296-Mulher-01-768x1086.jpg 768w\" width=\"236\" height=\"334\" loading=\"lazy\" data-original-width=\"236\" data-original-height=\"334\" itemprop=\"http:\/\/schema.org\/image\" title=\"296-mulher-01\" alt=\"296-mulher-01\" style=\"width: 236px; height: 334px;\" \/> <\/a> <\/div> <\/div> <!-- close group --> <div class=\"gallery-group images-1\" style=\"width: 240px; height: 338px;\" data-original-width=\"240\" data-original-height=\"338\" > <div class=\"tiled-gallery-item tiled-gallery-item-small\" itemprop=\"associatedMedia\" itemscope itemtype=\"http:\/\/schema.org\/ImageObject\"> <a href=\"https:\/\/wp.ufpel.edu.br\/malg\/acervo\/299-estudo-de-cabeca-01\/#main\" border=\"0\" itemprop=\"url\"> <meta itemprop=\"width\" content=\"236\"> <meta itemprop=\"height\" content=\"334\"> <img decoding=\"async\" class=\"\" data-attachment-id=\"483\" data-orig-file=\"https:\/\/wp.ufpel.edu.br\/malg\/files\/2016\/10\/299-Estudo-de-cabe\u00e7a-01.jpg\" data-orig-size=\"992,1403\" data-comments-opened=\"\" data-image-meta=\"{&quot;aperture&quot;:&quot;0&quot;,&quot;credit&quot;:&quot;&quot;,&quot;camera&quot;:&quot;&quot;,&quot;caption&quot;:&quot;&quot;,&quot;created_timestamp&quot;:&quot;0&quot;,&quot;copyright&quot;:&quot;&quot;,&quot;focal_length&quot;:&quot;0&quot;,&quot;iso&quot;:&quot;0&quot;,&quot;shutter_speed&quot;:&quot;0&quot;,&quot;title&quot;:&quot;&quot;,&quot;orientation&quot;:&quot;0&quot;}\" data-image-title=\"299-estudo-de-cabeca-01\" data-image-description=\"\" data-medium-file=\"https:\/\/wp.ufpel.edu.br\/malg\/files\/2016\/10\/299-Estudo-de-cabe\u00e7a-01-225x318.jpg\" data-large-file=\"https:\/\/wp.ufpel.edu.br\/malg\/files\/2016\/10\/299-Estudo-de-cabe\u00e7a-01-984x220.jpg\" src=\"https:\/\/i0.wp.com\/wp.ufpel.edu.br\/malg\/files\/2016\/10\/299-Estudo-de-cabe%C3%A7a-01.jpg?w=236&#038;h=334&#038;ssl=1\" width=\"236\" height=\"334\" loading=\"lazy\" data-original-width=\"236\" data-original-height=\"334\" itemprop=\"http:\/\/schema.org\/image\" title=\"299-estudo-de-cabeca-01\" alt=\"299-estudo-de-cabeca-01\" style=\"width: 236px; height: 334px;\" \/> <\/a> <\/div> <\/div> <!-- close group --> <\/div> <!-- close row --> <div class=\"gallery-row\" style=\"width: 720px; height: 242px;\" data-original-width=\"720\" data-original-height=\"242\" > <div class=\"gallery-group images-1\" style=\"width: 173px; height: 242px;\" data-original-width=\"173\" data-original-height=\"242\" > <div class=\"tiled-gallery-item tiled-gallery-item-small\" itemprop=\"associatedMedia\" itemscope itemtype=\"http:\/\/schema.org\/ImageObject\"> <a href=\"https:\/\/wp.ufpel.edu.br\/malg\/acervo\/300-estudo-de-cabeca-01\/#main\" border=\"0\" itemprop=\"url\"> <meta itemprop=\"width\" content=\"169\"> <meta itemprop=\"height\" content=\"238\"> <img decoding=\"async\" class=\"\" data-attachment-id=\"482\" data-orig-file=\"https:\/\/wp.ufpel.edu.br\/malg\/files\/2016\/10\/300-Estudo-de-cabe\u00e7a-01.jpg\" data-orig-size=\"992,1403\" data-comments-opened=\"\" data-image-meta=\"{&quot;aperture&quot;:&quot;0&quot;,&quot;credit&quot;:&quot;&quot;,&quot;camera&quot;:&quot;&quot;,&quot;caption&quot;:&quot;&quot;,&quot;created_timestamp&quot;:&quot;0&quot;,&quot;copyright&quot;:&quot;&quot;,&quot;focal_length&quot;:&quot;0&quot;,&quot;iso&quot;:&quot;0&quot;,&quot;shutter_speed&quot;:&quot;0&quot;,&quot;title&quot;:&quot;&quot;,&quot;orientation&quot;:&quot;0&quot;}\" data-image-title=\"300-estudo-de-cabeca-01\" data-image-description=\"\" data-medium-file=\"https:\/\/wp.ufpel.edu.br\/malg\/files\/2016\/10\/300-Estudo-de-cabe\u00e7a-01-225x318.jpg\" data-large-file=\"https:\/\/wp.ufpel.edu.br\/malg\/files\/2016\/10\/300-Estudo-de-cabe\u00e7a-01-984x220.jpg\" src=\"https:\/\/i0.wp.com\/wp.ufpel.edu.br\/malg\/files\/2016\/10\/300-Estudo-de-cabe%C3%A7a-01.jpg?w=169&#038;h=238&#038;ssl=1\" width=\"169\" height=\"238\" loading=\"lazy\" data-original-width=\"169\" data-original-height=\"238\" itemprop=\"http:\/\/schema.org\/image\" title=\"300-estudo-de-cabeca-01\" alt=\"300-estudo-de-cabeca-01\" style=\"width: 169px; height: 238px;\" \/> <\/a> <\/div> <\/div> <!-- close group --> <div class=\"gallery-group images-1\" style=\"width: 172px; height: 242px;\" data-original-width=\"172\" data-original-height=\"242\" > <div class=\"tiled-gallery-item tiled-gallery-item-small\" itemprop=\"associatedMedia\" itemscope itemtype=\"http:\/\/schema.org\/ImageObject\"> <a href=\"https:\/\/wp.ufpel.edu.br\/malg\/acervo\/301-modelo-sentado-01\/#main\" border=\"0\" itemprop=\"url\"> <meta itemprop=\"width\" content=\"168\"> <meta itemprop=\"height\" content=\"238\"> <img decoding=\"async\" class=\"\" data-attachment-id=\"481\" data-orig-file=\"https:\/\/wp.ufpel.edu.br\/malg\/files\/2016\/10\/301-Modelo-sentado-01.jpg\" data-orig-size=\"992,1403\" data-comments-opened=\"\" data-image-meta=\"{&quot;aperture&quot;:&quot;0&quot;,&quot;credit&quot;:&quot;&quot;,&quot;camera&quot;:&quot;&quot;,&quot;caption&quot;:&quot;&quot;,&quot;created_timestamp&quot;:&quot;0&quot;,&quot;copyright&quot;:&quot;&quot;,&quot;focal_length&quot;:&quot;0&quot;,&quot;iso&quot;:&quot;0&quot;,&quot;shutter_speed&quot;:&quot;0&quot;,&quot;title&quot;:&quot;&quot;,&quot;orientation&quot;:&quot;0&quot;}\" data-image-title=\"301-modelo-sentado-01\" data-image-description=\"\" data-medium-file=\"https:\/\/wp.ufpel.edu.br\/malg\/files\/2016\/10\/301-Modelo-sentado-01-225x318.jpg\" data-large-file=\"https:\/\/wp.ufpel.edu.br\/malg\/files\/2016\/10\/301-Modelo-sentado-01-984x220.jpg\" src=\"https:\/\/i0.wp.com\/wp.ufpel.edu.br\/malg\/files\/2016\/10\/301-Modelo-sentado-01.jpg?w=168&#038;h=238&#038;ssl=1\" srcset=\"https:\/\/wp.ufpel.edu.br\/malg\/files\/2016\/10\/301-Modelo-sentado-01.jpg 992w, https:\/\/wp.ufpel.edu.br\/malg\/files\/2016\/10\/301-Modelo-sentado-01-112x159.jpg 112w, https:\/\/wp.ufpel.edu.br\/malg\/files\/2016\/10\/301-Modelo-sentado-01-225x318.jpg 225w, https:\/\/wp.ufpel.edu.br\/malg\/files\/2016\/10\/301-Modelo-sentado-01-768x1086.jpg 768w\" width=\"168\" height=\"238\" loading=\"lazy\" data-original-width=\"168\" data-original-height=\"238\" itemprop=\"http:\/\/schema.org\/image\" title=\"301-modelo-sentado-01\" alt=\"301-modelo-sentado-01\" style=\"width: 168px; height: 238px;\" \/> <\/a> <\/div> <\/div> <!-- close group --> <div class=\"gallery-group images-1\" style=\"width: 172px; height: 242px;\" data-original-width=\"172\" data-original-height=\"242\" > <div class=\"tiled-gallery-item tiled-gallery-item-small\" itemprop=\"associatedMedia\" itemscope itemtype=\"http:\/\/schema.org\/ImageObject\"> <a href=\"https:\/\/wp.ufpel.edu.br\/malg\/acervo\/302-modelo-sentado-01\/#main\" border=\"0\" itemprop=\"url\"> <meta itemprop=\"width\" content=\"168\"> <meta itemprop=\"height\" content=\"238\"> <img decoding=\"async\" class=\"\" data-attachment-id=\"480\" data-orig-file=\"https:\/\/wp.ufpel.edu.br\/malg\/files\/2016\/10\/302-Modelo-sentado-01.jpg\" data-orig-size=\"992,1403\" data-comments-opened=\"\" data-image-meta=\"{&quot;aperture&quot;:&quot;0&quot;,&quot;credit&quot;:&quot;&quot;,&quot;camera&quot;:&quot;&quot;,&quot;caption&quot;:&quot;&quot;,&quot;created_timestamp&quot;:&quot;0&quot;,&quot;copyright&quot;:&quot;&quot;,&quot;focal_length&quot;:&quot;0&quot;,&quot;iso&quot;:&quot;0&quot;,&quot;shutter_speed&quot;:&quot;0&quot;,&quot;title&quot;:&quot;&quot;,&quot;orientation&quot;:&quot;0&quot;}\" data-image-title=\"302-modelo-sentado-01\" data-image-description=\"\" data-medium-file=\"https:\/\/wp.ufpel.edu.br\/malg\/files\/2016\/10\/302-Modelo-sentado-01-225x318.jpg\" data-large-file=\"https:\/\/wp.ufpel.edu.br\/malg\/files\/2016\/10\/302-Modelo-sentado-01-984x220.jpg\" src=\"https:\/\/i0.wp.com\/wp.ufpel.edu.br\/malg\/files\/2016\/10\/302-Modelo-sentado-01.jpg?w=168&#038;h=238&#038;ssl=1\" srcset=\"https:\/\/wp.ufpel.edu.br\/malg\/files\/2016\/10\/302-Modelo-sentado-01.jpg 992w, https:\/\/wp.ufpel.edu.br\/malg\/files\/2016\/10\/302-Modelo-sentado-01-112x159.jpg 112w, https:\/\/wp.ufpel.edu.br\/malg\/files\/2016\/10\/302-Modelo-sentado-01-225x318.jpg 225w, https:\/\/wp.ufpel.edu.br\/malg\/files\/2016\/10\/302-Modelo-sentado-01-768x1086.jpg 768w\" width=\"168\" height=\"238\" loading=\"lazy\" data-original-width=\"168\" data-original-height=\"238\" itemprop=\"http:\/\/schema.org\/image\" title=\"302-modelo-sentado-01\" alt=\"302-modelo-sentado-01\" style=\"width: 168px; height: 238px;\" \/> <\/a> <\/div> <\/div> <!-- close group --> <div class=\"gallery-group images-1\" style=\"width: 203px; height: 242px;\" data-original-width=\"203\" data-original-height=\"242\" > <div class=\"tiled-gallery-item tiled-gallery-item-small\" itemprop=\"associatedMedia\" itemscope itemtype=\"http:\/\/schema.org\/ImageObject\"> <a href=\"https:\/\/wp.ufpel.edu.br\/malg\/acervo\/310-mulher-com-chapeu\/#main\" border=\"0\" itemprop=\"url\"> <meta itemprop=\"width\" content=\"199\"> <meta itemprop=\"height\" content=\"238\"> <img decoding=\"async\" class=\"\" data-attachment-id=\"479\" data-orig-file=\"https:\/\/wp.ufpel.edu.br\/malg\/files\/2016\/10\/310-Mulher-com-chap\u00e9u.jpg\" data-orig-size=\"895,1072\" data-comments-opened=\"\" data-image-meta=\"{&quot;aperture&quot;:&quot;0&quot;,&quot;credit&quot;:&quot;&quot;,&quot;camera&quot;:&quot;&quot;,&quot;caption&quot;:&quot;&quot;,&quot;created_timestamp&quot;:&quot;0&quot;,&quot;copyright&quot;:&quot;&quot;,&quot;focal_length&quot;:&quot;0&quot;,&quot;iso&quot;:&quot;0&quot;,&quot;shutter_speed&quot;:&quot;0&quot;,&quot;title&quot;:&quot;&quot;,&quot;orientation&quot;:&quot;0&quot;}\" data-image-title=\"310-mulher-com-chapeu\" data-image-description=\"\" data-medium-file=\"https:\/\/wp.ufpel.edu.br\/malg\/files\/2016\/10\/310-Mulher-com-chap\u00e9u-265x318.jpg\" data-large-file=\"https:\/\/wp.ufpel.edu.br\/malg\/files\/2016\/10\/310-Mulher-com-chap\u00e9u-895x220.jpg\" src=\"https:\/\/i0.wp.com\/wp.ufpel.edu.br\/malg\/files\/2016\/10\/310-Mulher-com-chap%C3%A9u.jpg?w=199&#038;h=238&#038;ssl=1\" width=\"199\" height=\"238\" loading=\"lazy\" data-original-width=\"199\" data-original-height=\"238\" itemprop=\"http:\/\/schema.org\/image\" title=\"310-mulher-com-chapeu\" alt=\"310-mulher-com-chapeu\" style=\"width: 199px; height: 238px;\" \/> <\/a> <\/div> <\/div> <!-- close group --> <\/div> <!-- close row --> <div class=\"gallery-row\" style=\"width: 720px; height: 507px;\" data-original-width=\"720\" data-original-height=\"507\" > <div class=\"gallery-group images-1\" style=\"width: 360px; height: 507px;\" data-original-width=\"360\" data-original-height=\"507\" > <div class=\"tiled-gallery-item tiled-gallery-item-large\" itemprop=\"associatedMedia\" itemscope itemtype=\"http:\/\/schema.org\/ImageObject\"> <a href=\"https:\/\/wp.ufpel.edu.br\/malg\/acervo\/491-estudo-de-pernas-e-bracos-01\/#main\" border=\"0\" itemprop=\"url\"> <meta itemprop=\"width\" content=\"356\"> <meta itemprop=\"height\" content=\"503\"> <img decoding=\"async\" class=\"\" data-attachment-id=\"478\" data-orig-file=\"https:\/\/wp.ufpel.edu.br\/malg\/files\/2016\/10\/491-Estudo-de-pernas-e-bra\u00e7os-01.jpg\" data-orig-size=\"992,1403\" data-comments-opened=\"\" data-image-meta=\"{&quot;aperture&quot;:&quot;0&quot;,&quot;credit&quot;:&quot;&quot;,&quot;camera&quot;:&quot;&quot;,&quot;caption&quot;:&quot;&quot;,&quot;created_timestamp&quot;:&quot;0&quot;,&quot;copyright&quot;:&quot;&quot;,&quot;focal_length&quot;:&quot;0&quot;,&quot;iso&quot;:&quot;0&quot;,&quot;shutter_speed&quot;:&quot;0&quot;,&quot;title&quot;:&quot;&quot;,&quot;orientation&quot;:&quot;0&quot;}\" data-image-title=\"491-estudo-de-pernas-e-bracos-01\" data-image-description=\"\" data-medium-file=\"https:\/\/wp.ufpel.edu.br\/malg\/files\/2016\/10\/491-Estudo-de-pernas-e-bra\u00e7os-01-225x318.jpg\" data-large-file=\"https:\/\/wp.ufpel.edu.br\/malg\/files\/2016\/10\/491-Estudo-de-pernas-e-bra\u00e7os-01-984x220.jpg\" src=\"https:\/\/i0.wp.com\/wp.ufpel.edu.br\/malg\/files\/2016\/10\/491-Estudo-de-pernas-e-bra%C3%A7os-01.jpg?w=356&#038;h=503&#038;ssl=1\" width=\"356\" height=\"503\" loading=\"lazy\" data-original-width=\"356\" data-original-height=\"503\" itemprop=\"http:\/\/schema.org\/image\" title=\"491-estudo-de-pernas-e-bracos-01\" alt=\"491-estudo-de-pernas-e-bracos-01\" style=\"width: 356px; height: 503px;\" \/> <\/a> <\/div> <\/div> <!-- close group --> <div class=\"gallery-group images-1\" style=\"width: 360px; height: 507px;\" data-original-width=\"360\" data-original-height=\"507\" > <div class=\"tiled-gallery-item tiled-gallery-item-large\" itemprop=\"associatedMedia\" itemscope itemtype=\"http:\/\/schema.org\/ImageObject\"> <a href=\"https:\/\/wp.ufpel.edu.br\/malg\/acervo\/492-estudo-de-nu-ajoelhado-01\/#main\" border=\"0\" itemprop=\"url\"> <meta itemprop=\"width\" content=\"356\"> <meta itemprop=\"height\" content=\"503\"> <img decoding=\"async\" class=\"\" data-attachment-id=\"477\" data-orig-file=\"https:\/\/wp.ufpel.edu.br\/malg\/files\/2016\/10\/492-Estudo-de-nu-ajoelhado-01.jpg\" data-orig-size=\"992,1403\" data-comments-opened=\"\" data-image-meta=\"{&quot;aperture&quot;:&quot;0&quot;,&quot;credit&quot;:&quot;&quot;,&quot;camera&quot;:&quot;&quot;,&quot;caption&quot;:&quot;&quot;,&quot;created_timestamp&quot;:&quot;0&quot;,&quot;copyright&quot;:&quot;&quot;,&quot;focal_length&quot;:&quot;0&quot;,&quot;iso&quot;:&quot;0&quot;,&quot;shutter_speed&quot;:&quot;0&quot;,&quot;title&quot;:&quot;&quot;,&quot;orientation&quot;:&quot;0&quot;}\" data-image-title=\"492-estudo-de-nu-ajoelhado-01\" data-image-description=\"\" data-medium-file=\"https:\/\/wp.ufpel.edu.br\/malg\/files\/2016\/10\/492-Estudo-de-nu-ajoelhado-01-225x318.jpg\" data-large-file=\"https:\/\/wp.ufpel.edu.br\/malg\/files\/2016\/10\/492-Estudo-de-nu-ajoelhado-01-984x220.jpg\" src=\"https:\/\/i0.wp.com\/wp.ufpel.edu.br\/malg\/files\/2016\/10\/492-Estudo-de-nu-ajoelhado-01.jpg?w=356&#038;h=503&#038;ssl=1\" srcset=\"https:\/\/wp.ufpel.edu.br\/malg\/files\/2016\/10\/492-Estudo-de-nu-ajoelhado-01.jpg 992w, https:\/\/wp.ufpel.edu.br\/malg\/files\/2016\/10\/492-Estudo-de-nu-ajoelhado-01-112x159.jpg 112w, https:\/\/wp.ufpel.edu.br\/malg\/files\/2016\/10\/492-Estudo-de-nu-ajoelhado-01-225x318.jpg 225w, https:\/\/wp.ufpel.edu.br\/malg\/files\/2016\/10\/492-Estudo-de-nu-ajoelhado-01-768x1086.jpg 768w\" width=\"356\" height=\"503\" loading=\"lazy\" data-original-width=\"356\" data-original-height=\"503\" itemprop=\"http:\/\/schema.org\/image\" title=\"492-estudo-de-nu-ajoelhado-01\" alt=\"492-estudo-de-nu-ajoelhado-01\" style=\"width: 356px; height: 503px;\" \/> <\/a> <\/div> <\/div> <!-- close group --> <\/div> <!-- close row --> <div class=\"gallery-row\" style=\"width: 720px; height: 253px;\" data-original-width=\"720\" data-original-height=\"253\" > <div class=\"gallery-group images-1\" style=\"width: 180px; height: 253px;\" data-original-width=\"180\" data-original-height=\"253\" > <div class=\"tiled-gallery-item tiled-gallery-item-small\" itemprop=\"associatedMedia\" itemscope itemtype=\"http:\/\/schema.org\/ImageObject\"> <a href=\"https:\/\/wp.ufpel.edu.br\/malg\/acervo\/493-tres-estudos-de-nus-masculinos-01\/#main\" border=\"0\" itemprop=\"url\"> <meta itemprop=\"width\" content=\"176\"> <meta itemprop=\"height\" content=\"249\"> <img decoding=\"async\" class=\"\" data-attachment-id=\"476\" data-orig-file=\"https:\/\/wp.ufpel.edu.br\/malg\/files\/2016\/10\/493-Tr\u00eas-estudos-de-nus-masculinos-01.jpg\" data-orig-size=\"992,1403\" data-comments-opened=\"\" data-image-meta=\"{&quot;aperture&quot;:&quot;0&quot;,&quot;credit&quot;:&quot;&quot;,&quot;camera&quot;:&quot;&quot;,&quot;caption&quot;:&quot;&quot;,&quot;created_timestamp&quot;:&quot;0&quot;,&quot;copyright&quot;:&quot;&quot;,&quot;focal_length&quot;:&quot;0&quot;,&quot;iso&quot;:&quot;0&quot;,&quot;shutter_speed&quot;:&quot;0&quot;,&quot;title&quot;:&quot;&quot;,&quot;orientation&quot;:&quot;0&quot;}\" data-image-title=\"493-tres-estudos-de-nus-masculinos-01\" data-image-description=\"\" data-medium-file=\"https:\/\/wp.ufpel.edu.br\/malg\/files\/2016\/10\/493-Tr\u00eas-estudos-de-nus-masculinos-01-225x318.jpg\" data-large-file=\"https:\/\/wp.ufpel.edu.br\/malg\/files\/2016\/10\/493-Tr\u00eas-estudos-de-nus-masculinos-01-984x220.jpg\" src=\"https:\/\/i0.wp.com\/wp.ufpel.edu.br\/malg\/files\/2016\/10\/493-Tr%C3%AAs-estudos-de-nus-masculinos-01.jpg?w=176&#038;h=249&#038;ssl=1\" width=\"176\" height=\"249\" loading=\"lazy\" data-original-width=\"176\" data-original-height=\"249\" itemprop=\"http:\/\/schema.org\/image\" title=\"493-tres-estudos-de-nus-masculinos-01\" alt=\"493-tres-estudos-de-nus-masculinos-01\" style=\"width: 176px; height: 249px;\" \/> <\/a> <\/div> <\/div> <!-- close group --> <div class=\"gallery-group images-1\" style=\"width: 180px; height: 253px;\" data-original-width=\"180\" data-original-height=\"253\" > <div class=\"tiled-gallery-item tiled-gallery-item-small\" itemprop=\"associatedMedia\" itemscope itemtype=\"http:\/\/schema.org\/ImageObject\"> <a href=\"https:\/\/wp.ufpel.edu.br\/malg\/acervo\/494a-estudo-de-nu-feminino-01\/#main\" border=\"0\" itemprop=\"url\"> <meta itemprop=\"width\" content=\"176\"> <meta itemprop=\"height\" content=\"249\"> <img decoding=\"async\" class=\"\" data-attachment-id=\"475\" data-orig-file=\"https:\/\/wp.ufpel.edu.br\/malg\/files\/2016\/10\/494A-Estudo-de-nu-feminino-01.jpg\" data-orig-size=\"992,1403\" data-comments-opened=\"\" data-image-meta=\"{&quot;aperture&quot;:&quot;0&quot;,&quot;credit&quot;:&quot;&quot;,&quot;camera&quot;:&quot;&quot;,&quot;caption&quot;:&quot;&quot;,&quot;created_timestamp&quot;:&quot;0&quot;,&quot;copyright&quot;:&quot;&quot;,&quot;focal_length&quot;:&quot;0&quot;,&quot;iso&quot;:&quot;0&quot;,&quot;shutter_speed&quot;:&quot;0&quot;,&quot;title&quot;:&quot;&quot;,&quot;orientation&quot;:&quot;0&quot;}\" data-image-title=\"494a-estudo-de-nu-feminino-01\" data-image-description=\"\" data-medium-file=\"https:\/\/wp.ufpel.edu.br\/malg\/files\/2016\/10\/494A-Estudo-de-nu-feminino-01-225x318.jpg\" data-large-file=\"https:\/\/wp.ufpel.edu.br\/malg\/files\/2016\/10\/494A-Estudo-de-nu-feminino-01-984x220.jpg\" src=\"https:\/\/i0.wp.com\/wp.ufpel.edu.br\/malg\/files\/2016\/10\/494A-Estudo-de-nu-feminino-01.jpg?w=176&#038;h=249&#038;ssl=1\" srcset=\"https:\/\/wp.ufpel.edu.br\/malg\/files\/2016\/10\/494A-Estudo-de-nu-feminino-01.jpg 992w, https:\/\/wp.ufpel.edu.br\/malg\/files\/2016\/10\/494A-Estudo-de-nu-feminino-01-112x159.jpg 112w, https:\/\/wp.ufpel.edu.br\/malg\/files\/2016\/10\/494A-Estudo-de-nu-feminino-01-225x318.jpg 225w, https:\/\/wp.ufpel.edu.br\/malg\/files\/2016\/10\/494A-Estudo-de-nu-feminino-01-768x1086.jpg 768w\" width=\"176\" height=\"249\" loading=\"lazy\" data-original-width=\"176\" data-original-height=\"249\" itemprop=\"http:\/\/schema.org\/image\" title=\"494a-estudo-de-nu-feminino-01\" alt=\"494a-estudo-de-nu-feminino-01\" style=\"width: 176px; height: 249px;\" \/> <\/a> <\/div> <\/div> <!-- close group --> <div class=\"gallery-group images-1\" style=\"width: 180px; height: 253px;\" data-original-width=\"180\" data-original-height=\"253\" > <div class=\"tiled-gallery-item tiled-gallery-item-small\" itemprop=\"associatedMedia\" itemscope itemtype=\"http:\/\/schema.org\/ImageObject\"> <a href=\"https:\/\/wp.ufpel.edu.br\/malg\/acervo\/494b-estudo-de-nu-feminino-01\/#main\" border=\"0\" itemprop=\"url\"> <meta itemprop=\"width\" content=\"176\"> <meta itemprop=\"height\" content=\"249\"> <img decoding=\"async\" class=\"\" data-attachment-id=\"474\" data-orig-file=\"https:\/\/wp.ufpel.edu.br\/malg\/files\/2016\/10\/494B-Estudo-de-nu-feminino-01.jpg\" data-orig-size=\"992,1403\" data-comments-opened=\"\" data-image-meta=\"{&quot;aperture&quot;:&quot;0&quot;,&quot;credit&quot;:&quot;&quot;,&quot;camera&quot;:&quot;&quot;,&quot;caption&quot;:&quot;&quot;,&quot;created_timestamp&quot;:&quot;0&quot;,&quot;copyright&quot;:&quot;&quot;,&quot;focal_length&quot;:&quot;0&quot;,&quot;iso&quot;:&quot;0&quot;,&quot;shutter_speed&quot;:&quot;0&quot;,&quot;title&quot;:&quot;&quot;,&quot;orientation&quot;:&quot;0&quot;}\" data-image-title=\"494b-estudo-de-nu-feminino-01\" data-image-description=\"\" data-medium-file=\"https:\/\/wp.ufpel.edu.br\/malg\/files\/2016\/10\/494B-Estudo-de-nu-feminino-01-225x318.jpg\" data-large-file=\"https:\/\/wp.ufpel.edu.br\/malg\/files\/2016\/10\/494B-Estudo-de-nu-feminino-01-984x220.jpg\" src=\"https:\/\/i0.wp.com\/wp.ufpel.edu.br\/malg\/files\/2016\/10\/494B-Estudo-de-nu-feminino-01.jpg?w=176&#038;h=249&#038;ssl=1\" srcset=\"https:\/\/wp.ufpel.edu.br\/malg\/files\/2016\/10\/494B-Estudo-de-nu-feminino-01.jpg 992w, https:\/\/wp.ufpel.edu.br\/malg\/files\/2016\/10\/494B-Estudo-de-nu-feminino-01-112x159.jpg 112w, https:\/\/wp.ufpel.edu.br\/malg\/files\/2016\/10\/494B-Estudo-de-nu-feminino-01-225x318.jpg 225w, https:\/\/wp.ufpel.edu.br\/malg\/files\/2016\/10\/494B-Estudo-de-nu-feminino-01-768x1086.jpg 768w\" width=\"176\" height=\"249\" loading=\"lazy\" data-original-width=\"176\" data-original-height=\"249\" itemprop=\"http:\/\/schema.org\/image\" title=\"494b-estudo-de-nu-feminino-01\" alt=\"494b-estudo-de-nu-feminino-01\" style=\"width: 176px; height: 249px;\" \/> <\/a> <\/div> <\/div> <!-- close group --> <div class=\"gallery-group images-1\" style=\"width: 180px; height: 253px;\" data-original-width=\"180\" data-original-height=\"253\" > <div class=\"tiled-gallery-item tiled-gallery-item-small\" itemprop=\"associatedMedia\" itemscope itemtype=\"http:\/\/schema.org\/ImageObject\"> <a href=\"https:\/\/wp.ufpel.edu.br\/malg\/acervo\/495-estudo-de-nu-feminino-de-perfil-01\/#main\" border=\"0\" itemprop=\"url\"> <meta itemprop=\"width\" content=\"176\"> <meta itemprop=\"height\" content=\"249\"> <img decoding=\"async\" class=\"\" data-attachment-id=\"473\" data-orig-file=\"https:\/\/wp.ufpel.edu.br\/malg\/files\/2016\/10\/495-Estudo-de-nu-feminino-de-perfil-01.jpg\" data-orig-size=\"992,1403\" data-comments-opened=\"\" data-image-meta=\"{&quot;aperture&quot;:&quot;0&quot;,&quot;credit&quot;:&quot;&quot;,&quot;camera&quot;:&quot;&quot;,&quot;caption&quot;:&quot;&quot;,&quot;created_timestamp&quot;:&quot;0&quot;,&quot;copyright&quot;:&quot;&quot;,&quot;focal_length&quot;:&quot;0&quot;,&quot;iso&quot;:&quot;0&quot;,&quot;shutter_speed&quot;:&quot;0&quot;,&quot;title&quot;:&quot;&quot;,&quot;orientation&quot;:&quot;0&quot;}\" data-image-title=\"495-estudo-de-nu-feminino-de-perfil-01\" data-image-description=\"\" data-medium-file=\"https:\/\/wp.ufpel.edu.br\/malg\/files\/2016\/10\/495-Estudo-de-nu-feminino-de-perfil-01-225x318.jpg\" data-large-file=\"https:\/\/wp.ufpel.edu.br\/malg\/files\/2016\/10\/495-Estudo-de-nu-feminino-de-perfil-01-984x220.jpg\" src=\"https:\/\/i0.wp.com\/wp.ufpel.edu.br\/malg\/files\/2016\/10\/495-Estudo-de-nu-feminino-de-perfil-01.jpg?w=176&#038;h=249&#038;ssl=1\" srcset=\"https:\/\/wp.ufpel.edu.br\/malg\/files\/2016\/10\/495-Estudo-de-nu-feminino-de-perfil-01.jpg 992w, https:\/\/wp.ufpel.edu.br\/malg\/files\/2016\/10\/495-Estudo-de-nu-feminino-de-perfil-01-112x159.jpg 112w, https:\/\/wp.ufpel.edu.br\/malg\/files\/2016\/10\/495-Estudo-de-nu-feminino-de-perfil-01-225x318.jpg 225w, https:\/\/wp.ufpel.edu.br\/malg\/files\/2016\/10\/495-Estudo-de-nu-feminino-de-perfil-01-768x1086.jpg 768w\" width=\"176\" height=\"249\" loading=\"lazy\" data-original-width=\"176\" data-original-height=\"249\" itemprop=\"http:\/\/schema.org\/image\" title=\"495-estudo-de-nu-feminino-de-perfil-01\" alt=\"495-estudo-de-nu-feminino-de-perfil-01\" style=\"width: 176px; height: 249px;\" \/> <\/a> <\/div> <\/div> <!-- close group --> <\/div> <!-- close row --> <div class=\"gallery-row\" style=\"width: 720px; height: 338px;\" data-original-width=\"720\" data-original-height=\"338\" > <div class=\"gallery-group images-1\" style=\"width: 240px; height: 338px;\" data-original-width=\"240\" data-original-height=\"338\" > <div class=\"tiled-gallery-item tiled-gallery-item-small\" itemprop=\"associatedMedia\" itemscope itemtype=\"http:\/\/schema.org\/ImageObject\"> <a href=\"https:\/\/wp.ufpel.edu.br\/malg\/acervo\/496a-estudo-de-figura-humana-01\/#main\" border=\"0\" itemprop=\"url\"> <meta itemprop=\"width\" content=\"236\"> <meta itemprop=\"height\" content=\"334\"> <img decoding=\"async\" class=\"\" data-attachment-id=\"472\" data-orig-file=\"https:\/\/wp.ufpel.edu.br\/malg\/files\/2016\/10\/496A-Estudo-de-figura-humana-01.jpg\" data-orig-size=\"992,1403\" data-comments-opened=\"\" data-image-meta=\"{&quot;aperture&quot;:&quot;0&quot;,&quot;credit&quot;:&quot;&quot;,&quot;camera&quot;:&quot;&quot;,&quot;caption&quot;:&quot;&quot;,&quot;created_timestamp&quot;:&quot;0&quot;,&quot;copyright&quot;:&quot;&quot;,&quot;focal_length&quot;:&quot;0&quot;,&quot;iso&quot;:&quot;0&quot;,&quot;shutter_speed&quot;:&quot;0&quot;,&quot;title&quot;:&quot;&quot;,&quot;orientation&quot;:&quot;0&quot;}\" data-image-title=\"496a-estudo-de-figura-humana-01\" data-image-description=\"\" data-medium-file=\"https:\/\/wp.ufpel.edu.br\/malg\/files\/2016\/10\/496A-Estudo-de-figura-humana-01-225x318.jpg\" data-large-file=\"https:\/\/wp.ufpel.edu.br\/malg\/files\/2016\/10\/496A-Estudo-de-figura-humana-01-984x220.jpg\" src=\"https:\/\/i0.wp.com\/wp.ufpel.edu.br\/malg\/files\/2016\/10\/496A-Estudo-de-figura-humana-01.jpg?w=236&#038;h=334&#038;ssl=1\" srcset=\"https:\/\/wp.ufpel.edu.br\/malg\/files\/2016\/10\/496A-Estudo-de-figura-humana-01.jpg 992w, https:\/\/wp.ufpel.edu.br\/malg\/files\/2016\/10\/496A-Estudo-de-figura-humana-01-112x159.jpg 112w, https:\/\/wp.ufpel.edu.br\/malg\/files\/2016\/10\/496A-Estudo-de-figura-humana-01-225x318.jpg 225w, https:\/\/wp.ufpel.edu.br\/malg\/files\/2016\/10\/496A-Estudo-de-figura-humana-01-768x1086.jpg 768w\" width=\"236\" height=\"334\" loading=\"lazy\" data-original-width=\"236\" data-original-height=\"334\" itemprop=\"http:\/\/schema.org\/image\" title=\"496a-estudo-de-figura-humana-01\" alt=\"496a-estudo-de-figura-humana-01\" style=\"width: 236px; height: 334px;\" \/> <\/a> <\/div> <\/div> <!-- close group --> <div class=\"gallery-group images-1\" style=\"width: 240px; height: 338px;\" data-original-width=\"240\" data-original-height=\"338\" > <div class=\"tiled-gallery-item tiled-gallery-item-small\" itemprop=\"associatedMedia\" itemscope itemtype=\"http:\/\/schema.org\/ImageObject\"> <a href=\"https:\/\/wp.ufpel.edu.br\/malg\/acervo\/496b-estudo-de-figura-humana-01\/#main\" border=\"0\" itemprop=\"url\"> <meta itemprop=\"width\" content=\"236\"> <meta itemprop=\"height\" content=\"334\"> <img decoding=\"async\" class=\"\" data-attachment-id=\"471\" data-orig-file=\"https:\/\/wp.ufpel.edu.br\/malg\/files\/2016\/10\/496B-Estudo-de-figura-humana-01.jpg\" data-orig-size=\"992,1403\" data-comments-opened=\"\" data-image-meta=\"{&quot;aperture&quot;:&quot;0&quot;,&quot;credit&quot;:&quot;&quot;,&quot;camera&quot;:&quot;&quot;,&quot;caption&quot;:&quot;&quot;,&quot;created_timestamp&quot;:&quot;0&quot;,&quot;copyright&quot;:&quot;&quot;,&quot;focal_length&quot;:&quot;0&quot;,&quot;iso&quot;:&quot;0&quot;,&quot;shutter_speed&quot;:&quot;0&quot;,&quot;title&quot;:&quot;&quot;,&quot;orientation&quot;:&quot;0&quot;}\" data-image-title=\"496b-estudo-de-figura-humana-01\" data-image-description=\"\" data-medium-file=\"https:\/\/wp.ufpel.edu.br\/malg\/files\/2016\/10\/496B-Estudo-de-figura-humana-01-225x318.jpg\" data-large-file=\"https:\/\/wp.ufpel.edu.br\/malg\/files\/2016\/10\/496B-Estudo-de-figura-humana-01-984x220.jpg\" src=\"https:\/\/i0.wp.com\/wp.ufpel.edu.br\/malg\/files\/2016\/10\/496B-Estudo-de-figura-humana-01.jpg?w=236&#038;h=334&#038;ssl=1\" srcset=\"https:\/\/wp.ufpel.edu.br\/malg\/files\/2016\/10\/496B-Estudo-de-figura-humana-01.jpg 992w, https:\/\/wp.ufpel.edu.br\/malg\/files\/2016\/10\/496B-Estudo-de-figura-humana-01-112x159.jpg 112w, https:\/\/wp.ufpel.edu.br\/malg\/files\/2016\/10\/496B-Estudo-de-figura-humana-01-225x318.jpg 225w, https:\/\/wp.ufpel.edu.br\/malg\/files\/2016\/10\/496B-Estudo-de-figura-humana-01-768x1086.jpg 768w\" width=\"236\" height=\"334\" loading=\"lazy\" data-original-width=\"236\" data-original-height=\"334\" itemprop=\"http:\/\/schema.org\/image\" title=\"496b-estudo-de-figura-humana-01\" alt=\"496b-estudo-de-figura-humana-01\" style=\"width: 236px; height: 334px;\" \/> <\/a> <\/div> <\/div> <!-- close group --> <div class=\"gallery-group images-1\" style=\"width: 240px; height: 338px;\" data-original-width=\"240\" data-original-height=\"338\" > <div class=\"tiled-gallery-item tiled-gallery-item-small\" itemprop=\"associatedMedia\" itemscope itemtype=\"http:\/\/schema.org\/ImageObject\"> <a href=\"https:\/\/wp.ufpel.edu.br\/malg\/acervo\/498-estudo-de-nu-reclinado-01\/#main\" border=\"0\" itemprop=\"url\"> <meta itemprop=\"width\" content=\"236\"> <meta itemprop=\"height\" content=\"334\"> <img decoding=\"async\" class=\"\" data-attachment-id=\"470\" data-orig-file=\"https:\/\/wp.ufpel.edu.br\/malg\/files\/2016\/10\/498-Estudo-de-nu-reclinado-01.jpg\" data-orig-size=\"992,1403\" data-comments-opened=\"\" data-image-meta=\"{&quot;aperture&quot;:&quot;0&quot;,&quot;credit&quot;:&quot;&quot;,&quot;camera&quot;:&quot;&quot;,&quot;caption&quot;:&quot;&quot;,&quot;created_timestamp&quot;:&quot;0&quot;,&quot;copyright&quot;:&quot;&quot;,&quot;focal_length&quot;:&quot;0&quot;,&quot;iso&quot;:&quot;0&quot;,&quot;shutter_speed&quot;:&quot;0&quot;,&quot;title&quot;:&quot;&quot;,&quot;orientation&quot;:&quot;0&quot;}\" data-image-title=\"498-estudo-de-nu-reclinado-01\" data-image-description=\"\" data-medium-file=\"https:\/\/wp.ufpel.edu.br\/malg\/files\/2016\/10\/498-Estudo-de-nu-reclinado-01-225x318.jpg\" data-large-file=\"https:\/\/wp.ufpel.edu.br\/malg\/files\/2016\/10\/498-Estudo-de-nu-reclinado-01-984x220.jpg\" src=\"https:\/\/i0.wp.com\/wp.ufpel.edu.br\/malg\/files\/2016\/10\/498-Estudo-de-nu-reclinado-01.jpg?w=236&#038;h=334&#038;ssl=1\" srcset=\"https:\/\/wp.ufpel.edu.br\/malg\/files\/2016\/10\/498-Estudo-de-nu-reclinado-01.jpg 992w, https:\/\/wp.ufpel.edu.br\/malg\/files\/2016\/10\/498-Estudo-de-nu-reclinado-01-112x159.jpg 112w, https:\/\/wp.ufpel.edu.br\/malg\/files\/2016\/10\/498-Estudo-de-nu-reclinado-01-225x318.jpg 225w, https:\/\/wp.ufpel.edu.br\/malg\/files\/2016\/10\/498-Estudo-de-nu-reclinado-01-768x1086.jpg 768w\" width=\"236\" height=\"334\" loading=\"lazy\" data-original-width=\"236\" data-original-height=\"334\" itemprop=\"http:\/\/schema.org\/image\" title=\"498-estudo-de-nu-reclinado-01\" alt=\"498-estudo-de-nu-reclinado-01\" style=\"width: 236px; height: 334px;\" \/> <\/a> <\/div> <\/div> <!-- close group --> <\/div> <!-- close row --> <div class=\"gallery-row\" style=\"width: 720px; height: 253px;\" data-original-width=\"720\" data-original-height=\"253\" > <div class=\"gallery-group images-1\" style=\"width: 180px; height: 253px;\" data-original-width=\"180\" data-original-height=\"253\" > <div class=\"tiled-gallery-item tiled-gallery-item-small\" itemprop=\"associatedMedia\" itemscope itemtype=\"http:\/\/schema.org\/ImageObject\"> <a href=\"https:\/\/wp.ufpel.edu.br\/malg\/acervo\/500-estudo-de-nu-sentado-01\/#main\" border=\"0\" itemprop=\"url\"> <meta itemprop=\"width\" content=\"176\"> <meta itemprop=\"height\" content=\"249\"> <img decoding=\"async\" class=\"\" data-attachment-id=\"469\" data-orig-file=\"https:\/\/wp.ufpel.edu.br\/malg\/files\/2016\/10\/500-Estudo-de-nu-sentado-01.jpg\" data-orig-size=\"992,1403\" data-comments-opened=\"\" data-image-meta=\"{&quot;aperture&quot;:&quot;0&quot;,&quot;credit&quot;:&quot;&quot;,&quot;camera&quot;:&quot;&quot;,&quot;caption&quot;:&quot;&quot;,&quot;created_timestamp&quot;:&quot;0&quot;,&quot;copyright&quot;:&quot;&quot;,&quot;focal_length&quot;:&quot;0&quot;,&quot;iso&quot;:&quot;0&quot;,&quot;shutter_speed&quot;:&quot;0&quot;,&quot;title&quot;:&quot;&quot;,&quot;orientation&quot;:&quot;0&quot;}\" data-image-title=\"500-estudo-de-nu-sentado-01\" data-image-description=\"\" data-medium-file=\"https:\/\/wp.ufpel.edu.br\/malg\/files\/2016\/10\/500-Estudo-de-nu-sentado-01-225x318.jpg\" data-large-file=\"https:\/\/wp.ufpel.edu.br\/malg\/files\/2016\/10\/500-Estudo-de-nu-sentado-01-984x220.jpg\" src=\"https:\/\/i0.wp.com\/wp.ufpel.edu.br\/malg\/files\/2016\/10\/500-Estudo-de-nu-sentado-01.jpg?w=176&#038;h=249&#038;ssl=1\" srcset=\"https:\/\/wp.ufpel.edu.br\/malg\/files\/2016\/10\/500-Estudo-de-nu-sentado-01.jpg 992w, https:\/\/wp.ufpel.edu.br\/malg\/files\/2016\/10\/500-Estudo-de-nu-sentado-01-112x159.jpg 112w, https:\/\/wp.ufpel.edu.br\/malg\/files\/2016\/10\/500-Estudo-de-nu-sentado-01-225x318.jpg 225w, https:\/\/wp.ufpel.edu.br\/malg\/files\/2016\/10\/500-Estudo-de-nu-sentado-01-768x1086.jpg 768w\" width=\"176\" height=\"249\" loading=\"lazy\" data-original-width=\"176\" data-original-height=\"249\" itemprop=\"http:\/\/schema.org\/image\" title=\"500-estudo-de-nu-sentado-01\" alt=\"500-estudo-de-nu-sentado-01\" style=\"width: 176px; height: 249px;\" \/> <\/a> <\/div> <\/div> <!-- close group --> <div class=\"gallery-group images-1\" style=\"width: 180px; height: 253px;\" data-original-width=\"180\" data-original-height=\"253\" > <div class=\"tiled-gallery-item tiled-gallery-item-small\" itemprop=\"associatedMedia\" itemscope itemtype=\"http:\/\/schema.org\/ImageObject\"> <a href=\"https:\/\/wp.ufpel.edu.br\/malg\/acervo\/501a-estudo-de-nu-3-4-01\/#main\" border=\"0\" itemprop=\"url\"> <meta itemprop=\"width\" content=\"176\"> <meta itemprop=\"height\" content=\"249\"> <img decoding=\"async\" class=\"\" data-attachment-id=\"468\" data-orig-file=\"https:\/\/wp.ufpel.edu.br\/malg\/files\/2016\/10\/501A-Estudo-de-nu-3-4-01.jpg\" data-orig-size=\"992,1403\" data-comments-opened=\"\" data-image-meta=\"{&quot;aperture&quot;:&quot;0&quot;,&quot;credit&quot;:&quot;&quot;,&quot;camera&quot;:&quot;&quot;,&quot;caption&quot;:&quot;&quot;,&quot;created_timestamp&quot;:&quot;0&quot;,&quot;copyright&quot;:&quot;&quot;,&quot;focal_length&quot;:&quot;0&quot;,&quot;iso&quot;:&quot;0&quot;,&quot;shutter_speed&quot;:&quot;0&quot;,&quot;title&quot;:&quot;&quot;,&quot;orientation&quot;:&quot;0&quot;}\" data-image-title=\"501a-estudo-de-nu-3-4-01\" data-image-description=\"\" data-medium-file=\"https:\/\/wp.ufpel.edu.br\/malg\/files\/2016\/10\/501A-Estudo-de-nu-3-4-01-225x318.jpg\" data-large-file=\"https:\/\/wp.ufpel.edu.br\/malg\/files\/2016\/10\/501A-Estudo-de-nu-3-4-01-984x220.jpg\" src=\"https:\/\/i0.wp.com\/wp.ufpel.edu.br\/malg\/files\/2016\/10\/501A-Estudo-de-nu-3-4-01.jpg?w=176&#038;h=249&#038;ssl=1\" srcset=\"https:\/\/wp.ufpel.edu.br\/malg\/files\/2016\/10\/501A-Estudo-de-nu-3-4-01.jpg 992w, https:\/\/wp.ufpel.edu.br\/malg\/files\/2016\/10\/501A-Estudo-de-nu-3-4-01-112x159.jpg 112w, https:\/\/wp.ufpel.edu.br\/malg\/files\/2016\/10\/501A-Estudo-de-nu-3-4-01-225x318.jpg 225w, https:\/\/wp.ufpel.edu.br\/malg\/files\/2016\/10\/501A-Estudo-de-nu-3-4-01-768x1086.jpg 768w\" width=\"176\" height=\"249\" loading=\"lazy\" data-original-width=\"176\" data-original-height=\"249\" itemprop=\"http:\/\/schema.org\/image\" title=\"501a-estudo-de-nu-3-4-01\" alt=\"501a-estudo-de-nu-3-4-01\" style=\"width: 176px; height: 249px;\" \/> <\/a> <\/div> <\/div> <!-- close group --> <div class=\"gallery-group images-1\" style=\"width: 180px; height: 253px;\" data-original-width=\"180\" data-original-height=\"253\" > <div class=\"tiled-gallery-item tiled-gallery-item-small\" itemprop=\"associatedMedia\" itemscope itemtype=\"http:\/\/schema.org\/ImageObject\"> <a href=\"https:\/\/wp.ufpel.edu.br\/malg\/acervo\/501a-estudo-de-nu-01\/#main\" border=\"0\" itemprop=\"url\"> <meta itemprop=\"width\" content=\"176\"> <meta itemprop=\"height\" content=\"249\"> <img decoding=\"async\" class=\"\" data-attachment-id=\"467\" data-orig-file=\"https:\/\/wp.ufpel.edu.br\/malg\/files\/2016\/10\/501A-Estudo-de-nu-01.jpg\" data-orig-size=\"992,1403\" data-comments-opened=\"\" data-image-meta=\"{&quot;aperture&quot;:&quot;0&quot;,&quot;credit&quot;:&quot;&quot;,&quot;camera&quot;:&quot;&quot;,&quot;caption&quot;:&quot;&quot;,&quot;created_timestamp&quot;:&quot;0&quot;,&quot;copyright&quot;:&quot;&quot;,&quot;focal_length&quot;:&quot;0&quot;,&quot;iso&quot;:&quot;0&quot;,&quot;shutter_speed&quot;:&quot;0&quot;,&quot;title&quot;:&quot;&quot;,&quot;orientation&quot;:&quot;0&quot;}\" data-image-title=\"501a-estudo-de-nu-01\" data-image-description=\"\" data-medium-file=\"https:\/\/wp.ufpel.edu.br\/malg\/files\/2016\/10\/501A-Estudo-de-nu-01-225x318.jpg\" data-large-file=\"https:\/\/wp.ufpel.edu.br\/malg\/files\/2016\/10\/501A-Estudo-de-nu-01-984x220.jpg\" src=\"https:\/\/i0.wp.com\/wp.ufpel.edu.br\/malg\/files\/2016\/10\/501A-Estudo-de-nu-01.jpg?w=176&#038;h=249&#038;ssl=1\" srcset=\"https:\/\/wp.ufpel.edu.br\/malg\/files\/2016\/10\/501A-Estudo-de-nu-01.jpg 992w, https:\/\/wp.ufpel.edu.br\/malg\/files\/2016\/10\/501A-Estudo-de-nu-01-112x159.jpg 112w, https:\/\/wp.ufpel.edu.br\/malg\/files\/2016\/10\/501A-Estudo-de-nu-01-225x318.jpg 225w, https:\/\/wp.ufpel.edu.br\/malg\/files\/2016\/10\/501A-Estudo-de-nu-01-768x1086.jpg 768w\" width=\"176\" height=\"249\" loading=\"lazy\" data-original-width=\"176\" data-original-height=\"249\" itemprop=\"http:\/\/schema.org\/image\" title=\"501a-estudo-de-nu-01\" alt=\"501a-estudo-de-nu-01\" style=\"width: 176px; height: 249px;\" \/> <\/a> <\/div> <\/div> <!-- close group --> <div class=\"gallery-group images-1\" style=\"width: 180px; height: 253px;\" data-original-width=\"180\" data-original-height=\"253\" > <div class=\"tiled-gallery-item tiled-gallery-item-small\" itemprop=\"associatedMedia\" itemscope itemtype=\"http:\/\/schema.org\/ImageObject\"> <a href=\"https:\/\/wp.ufpel.edu.br\/malg\/acervo\/502-estudo-de-nu-de-joelhos-01\/#main\" border=\"0\" itemprop=\"url\"> <meta itemprop=\"width\" content=\"176\"> <meta itemprop=\"height\" content=\"249\"> <img decoding=\"async\" class=\"\" data-attachment-id=\"466\" data-orig-file=\"https:\/\/wp.ufpel.edu.br\/malg\/files\/2016\/10\/502-Estudo-de-nu-de-joelhos-01.jpg\" data-orig-size=\"992,1403\" data-comments-opened=\"\" data-image-meta=\"{&quot;aperture&quot;:&quot;0&quot;,&quot;credit&quot;:&quot;&quot;,&quot;camera&quot;:&quot;&quot;,&quot;caption&quot;:&quot;&quot;,&quot;created_timestamp&quot;:&quot;0&quot;,&quot;copyright&quot;:&quot;&quot;,&quot;focal_length&quot;:&quot;0&quot;,&quot;iso&quot;:&quot;0&quot;,&quot;shutter_speed&quot;:&quot;0&quot;,&quot;title&quot;:&quot;&quot;,&quot;orientation&quot;:&quot;0&quot;}\" data-image-title=\"502-estudo-de-nu-de-joelhos-01\" data-image-description=\"\" data-medium-file=\"https:\/\/wp.ufpel.edu.br\/malg\/files\/2016\/10\/502-Estudo-de-nu-de-joelhos-01-225x318.jpg\" data-large-file=\"https:\/\/wp.ufpel.edu.br\/malg\/files\/2016\/10\/502-Estudo-de-nu-de-joelhos-01-984x220.jpg\" src=\"https:\/\/i0.wp.com\/wp.ufpel.edu.br\/malg\/files\/2016\/10\/502-Estudo-de-nu-de-joelhos-01.jpg?w=176&#038;h=249&#038;ssl=1\" srcset=\"https:\/\/wp.ufpel.edu.br\/malg\/files\/2016\/10\/502-Estudo-de-nu-de-joelhos-01.jpg 992w, https:\/\/wp.ufpel.edu.br\/malg\/files\/2016\/10\/502-Estudo-de-nu-de-joelhos-01-112x159.jpg 112w, https:\/\/wp.ufpel.edu.br\/malg\/files\/2016\/10\/502-Estudo-de-nu-de-joelhos-01-225x318.jpg 225w, https:\/\/wp.ufpel.edu.br\/malg\/files\/2016\/10\/502-Estudo-de-nu-de-joelhos-01-768x1086.jpg 768w\" width=\"176\" height=\"249\" loading=\"lazy\" data-original-width=\"176\" data-original-height=\"249\" itemprop=\"http:\/\/schema.org\/image\" title=\"502-estudo-de-nu-de-joelhos-01\" alt=\"502-estudo-de-nu-de-joelhos-01\" style=\"width: 176px; height: 249px;\" \/> <\/a> <\/div> <\/div> <!-- close group --> <\/div> <!-- close row --> <div class=\"gallery-row\" style=\"width: 720px; height: 507px;\" data-original-width=\"720\" data-original-height=\"507\" > <div class=\"gallery-group images-1\" style=\"width: 360px; height: 507px;\" data-original-width=\"360\" data-original-height=\"507\" > <div class=\"tiled-gallery-item tiled-gallery-item-large\" itemprop=\"associatedMedia\" itemscope itemtype=\"http:\/\/schema.org\/ImageObject\"> <a href=\"https:\/\/wp.ufpel.edu.br\/malg\/acervo\/503-estudo-de-nu-frontal-01\/#main\" border=\"0\" itemprop=\"url\"> <meta itemprop=\"width\" content=\"356\"> <meta itemprop=\"height\" content=\"503\"> <img decoding=\"async\" class=\"\" data-attachment-id=\"465\" data-orig-file=\"https:\/\/wp.ufpel.edu.br\/malg\/files\/2016\/10\/503-Estudo-de-nu-frontal-01.jpg\" data-orig-size=\"992,1403\" data-comments-opened=\"\" data-image-meta=\"{&quot;aperture&quot;:&quot;0&quot;,&quot;credit&quot;:&quot;&quot;,&quot;camera&quot;:&quot;&quot;,&quot;caption&quot;:&quot;&quot;,&quot;created_timestamp&quot;:&quot;0&quot;,&quot;copyright&quot;:&quot;&quot;,&quot;focal_length&quot;:&quot;0&quot;,&quot;iso&quot;:&quot;0&quot;,&quot;shutter_speed&quot;:&quot;0&quot;,&quot;title&quot;:&quot;&quot;,&quot;orientation&quot;:&quot;0&quot;}\" data-image-title=\"503-estudo-de-nu-frontal-01\" data-image-description=\"\" data-medium-file=\"https:\/\/wp.ufpel.edu.br\/malg\/files\/2016\/10\/503-Estudo-de-nu-frontal-01-225x318.jpg\" data-large-file=\"https:\/\/wp.ufpel.edu.br\/malg\/files\/2016\/10\/503-Estudo-de-nu-frontal-01-984x220.jpg\" src=\"https:\/\/i0.wp.com\/wp.ufpel.edu.br\/malg\/files\/2016\/10\/503-Estudo-de-nu-frontal-01.jpg?w=356&#038;h=503&#038;ssl=1\" srcset=\"https:\/\/wp.ufpel.edu.br\/malg\/files\/2016\/10\/503-Estudo-de-nu-frontal-01.jpg 992w, https:\/\/wp.ufpel.edu.br\/malg\/files\/2016\/10\/503-Estudo-de-nu-frontal-01-112x159.jpg 112w, https:\/\/wp.ufpel.edu.br\/malg\/files\/2016\/10\/503-Estudo-de-nu-frontal-01-225x318.jpg 225w, https:\/\/wp.ufpel.edu.br\/malg\/files\/2016\/10\/503-Estudo-de-nu-frontal-01-768x1086.jpg 768w\" width=\"356\" height=\"503\" loading=\"lazy\" data-original-width=\"356\" data-original-height=\"503\" itemprop=\"http:\/\/schema.org\/image\" title=\"503-estudo-de-nu-frontal-01\" alt=\"503-estudo-de-nu-frontal-01\" style=\"width: 356px; height: 503px;\" \/> <\/a> <\/div> <\/div> <!-- close group --> <div class=\"gallery-group images-1\" style=\"width: 360px; height: 507px;\" data-original-width=\"360\" data-original-height=\"507\" > <div class=\"tiled-gallery-item tiled-gallery-item-large\" itemprop=\"associatedMedia\" itemscope itemtype=\"http:\/\/schema.org\/ImageObject\"> <a href=\"https:\/\/wp.ufpel.edu.br\/malg\/acervo\/504-estudo-de-nu-feminino-01\/#main\" border=\"0\" itemprop=\"url\"> <meta itemprop=\"width\" content=\"356\"> <meta itemprop=\"height\" content=\"503\"> <img decoding=\"async\" class=\"\" data-attachment-id=\"464\" data-orig-file=\"https:\/\/wp.ufpel.edu.br\/malg\/files\/2016\/10\/504-Estudo-de-nu-feminino-01.jpg\" data-orig-size=\"992,1403\" data-comments-opened=\"\" data-image-meta=\"{&quot;aperture&quot;:&quot;0&quot;,&quot;credit&quot;:&quot;&quot;,&quot;camera&quot;:&quot;&quot;,&quot;caption&quot;:&quot;&quot;,&quot;created_timestamp&quot;:&quot;0&quot;,&quot;copyright&quot;:&quot;&quot;,&quot;focal_length&quot;:&quot;0&quot;,&quot;iso&quot;:&quot;0&quot;,&quot;shutter_speed&quot;:&quot;0&quot;,&quot;title&quot;:&quot;&quot;,&quot;orientation&quot;:&quot;0&quot;}\" data-image-title=\"504-estudo-de-nu-feminino-01\" data-image-description=\"\" data-medium-file=\"https:\/\/wp.ufpel.edu.br\/malg\/files\/2016\/10\/504-Estudo-de-nu-feminino-01-225x318.jpg\" data-large-file=\"https:\/\/wp.ufpel.edu.br\/malg\/files\/2016\/10\/504-Estudo-de-nu-feminino-01-984x220.jpg\" src=\"https:\/\/i0.wp.com\/wp.ufpel.edu.br\/malg\/files\/2016\/10\/504-Estudo-de-nu-feminino-01.jpg?w=356&#038;h=503&#038;ssl=1\" srcset=\"https:\/\/wp.ufpel.edu.br\/malg\/files\/2016\/10\/504-Estudo-de-nu-feminino-01.jpg 992w, https:\/\/wp.ufpel.edu.br\/malg\/files\/2016\/10\/504-Estudo-de-nu-feminino-01-112x159.jpg 112w, https:\/\/wp.ufpel.edu.br\/malg\/files\/2016\/10\/504-Estudo-de-nu-feminino-01-225x318.jpg 225w, https:\/\/wp.ufpel.edu.br\/malg\/files\/2016\/10\/504-Estudo-de-nu-feminino-01-768x1086.jpg 768w\" width=\"356\" height=\"503\" loading=\"lazy\" data-original-width=\"356\" data-original-height=\"503\" itemprop=\"http:\/\/schema.org\/image\" title=\"504-estudo-de-nu-feminino-01\" alt=\"504-estudo-de-nu-feminino-01\" style=\"width: 356px; height: 503px;\" \/> <\/a> <\/div> <\/div> <!-- close group --> <\/div> <!-- close row --> <div class=\"gallery-row\" style=\"width: 720px; height: 253px;\" data-original-width=\"720\" data-original-height=\"253\" > <div class=\"gallery-group images-1\" style=\"width: 180px; height: 253px;\" data-original-width=\"180\" data-original-height=\"253\" > <div class=\"tiled-gallery-item tiled-gallery-item-small\" itemprop=\"associatedMedia\" itemscope itemtype=\"http:\/\/schema.org\/ImageObject\"> <a href=\"https:\/\/wp.ufpel.edu.br\/malg\/acervo\/505-estudo-de-nu-feminino-sentado-01\/#main\" border=\"0\" itemprop=\"url\"> <meta itemprop=\"width\" content=\"176\"> <meta itemprop=\"height\" content=\"249\"> <img decoding=\"async\" class=\"\" data-attachment-id=\"463\" data-orig-file=\"https:\/\/wp.ufpel.edu.br\/malg\/files\/2016\/10\/505-Estudo-de-nu-feminino-sentado-01.jpg\" data-orig-size=\"992,1403\" data-comments-opened=\"\" data-image-meta=\"{&quot;aperture&quot;:&quot;0&quot;,&quot;credit&quot;:&quot;&quot;,&quot;camera&quot;:&quot;&quot;,&quot;caption&quot;:&quot;&quot;,&quot;created_timestamp&quot;:&quot;0&quot;,&quot;copyright&quot;:&quot;&quot;,&quot;focal_length&quot;:&quot;0&quot;,&quot;iso&quot;:&quot;0&quot;,&quot;shutter_speed&quot;:&quot;0&quot;,&quot;title&quot;:&quot;&quot;,&quot;orientation&quot;:&quot;0&quot;}\" data-image-title=\"505-estudo-de-nu-feminino-sentado-01\" data-image-description=\"\" data-medium-file=\"https:\/\/wp.ufpel.edu.br\/malg\/files\/2016\/10\/505-Estudo-de-nu-feminino-sentado-01-225x318.jpg\" data-large-file=\"https:\/\/wp.ufpel.edu.br\/malg\/files\/2016\/10\/505-Estudo-de-nu-feminino-sentado-01-984x220.jpg\" src=\"https:\/\/i0.wp.com\/wp.ufpel.edu.br\/malg\/files\/2016\/10\/505-Estudo-de-nu-feminino-sentado-01.jpg?w=176&#038;h=249&#038;ssl=1\" srcset=\"https:\/\/wp.ufpel.edu.br\/malg\/files\/2016\/10\/505-Estudo-de-nu-feminino-sentado-01.jpg 992w, https:\/\/wp.ufpel.edu.br\/malg\/files\/2016\/10\/505-Estudo-de-nu-feminino-sentado-01-112x159.jpg 112w, https:\/\/wp.ufpel.edu.br\/malg\/files\/2016\/10\/505-Estudo-de-nu-feminino-sentado-01-225x318.jpg 225w, https:\/\/wp.ufpel.edu.br\/malg\/files\/2016\/10\/505-Estudo-de-nu-feminino-sentado-01-768x1086.jpg 768w\" width=\"176\" height=\"249\" loading=\"lazy\" data-original-width=\"176\" data-original-height=\"249\" itemprop=\"http:\/\/schema.org\/image\" title=\"505-estudo-de-nu-feminino-sentado-01\" alt=\"505-estudo-de-nu-feminino-sentado-01\" style=\"width: 176px; height: 249px;\" \/> <\/a> <\/div> <\/div> <!-- close group --> <div class=\"gallery-group images-1\" style=\"width: 180px; height: 253px;\" data-original-width=\"180\" data-original-height=\"253\" > <div class=\"tiled-gallery-item tiled-gallery-item-small\" itemprop=\"associatedMedia\" itemscope itemtype=\"http:\/\/schema.org\/ImageObject\"> <a href=\"https:\/\/wp.ufpel.edu.br\/malg\/acervo\/506-croqui-nu-feminino-01\/#main\" border=\"0\" itemprop=\"url\"> <meta itemprop=\"width\" content=\"176\"> <meta itemprop=\"height\" content=\"249\"> <img decoding=\"async\" class=\"\" data-attachment-id=\"462\" data-orig-file=\"https:\/\/wp.ufpel.edu.br\/malg\/files\/2016\/10\/506-Croqui-nu-feminino-01.jpg\" data-orig-size=\"992,1403\" data-comments-opened=\"\" data-image-meta=\"{&quot;aperture&quot;:&quot;0&quot;,&quot;credit&quot;:&quot;&quot;,&quot;camera&quot;:&quot;&quot;,&quot;caption&quot;:&quot;&quot;,&quot;created_timestamp&quot;:&quot;0&quot;,&quot;copyright&quot;:&quot;&quot;,&quot;focal_length&quot;:&quot;0&quot;,&quot;iso&quot;:&quot;0&quot;,&quot;shutter_speed&quot;:&quot;0&quot;,&quot;title&quot;:&quot;&quot;,&quot;orientation&quot;:&quot;0&quot;}\" data-image-title=\"506-croqui-nu-feminino-01\" data-image-description=\"\" data-medium-file=\"https:\/\/wp.ufpel.edu.br\/malg\/files\/2016\/10\/506-Croqui-nu-feminino-01-225x318.jpg\" data-large-file=\"https:\/\/wp.ufpel.edu.br\/malg\/files\/2016\/10\/506-Croqui-nu-feminino-01-984x220.jpg\" src=\"https:\/\/i0.wp.com\/wp.ufpel.edu.br\/malg\/files\/2016\/10\/506-Croqui-nu-feminino-01.jpg?w=176&#038;h=249&#038;ssl=1\" srcset=\"https:\/\/wp.ufpel.edu.br\/malg\/files\/2016\/10\/506-Croqui-nu-feminino-01.jpg 992w, https:\/\/wp.ufpel.edu.br\/malg\/files\/2016\/10\/506-Croqui-nu-feminino-01-112x159.jpg 112w, https:\/\/wp.ufpel.edu.br\/malg\/files\/2016\/10\/506-Croqui-nu-feminino-01-225x318.jpg 225w, https:\/\/wp.ufpel.edu.br\/malg\/files\/2016\/10\/506-Croqui-nu-feminino-01-768x1086.jpg 768w\" width=\"176\" height=\"249\" loading=\"lazy\" data-original-width=\"176\" data-original-height=\"249\" itemprop=\"http:\/\/schema.org\/image\" title=\"506-croqui-nu-feminino-01\" alt=\"506-croqui-nu-feminino-01\" style=\"width: 176px; height: 249px;\" \/> <\/a> <\/div> <\/div> <!-- close group --> <div class=\"gallery-group images-1\" style=\"width: 180px; height: 253px;\" data-original-width=\"180\" data-original-height=\"253\" > <div class=\"tiled-gallery-item tiled-gallery-item-small\" itemprop=\"associatedMedia\" itemscope itemtype=\"http:\/\/schema.org\/ImageObject\"> <a href=\"https:\/\/wp.ufpel.edu.br\/malg\/acervo\/507-croqui-nu-sentado-01\/#main\" border=\"0\" itemprop=\"url\"> <meta itemprop=\"width\" content=\"176\"> <meta itemprop=\"height\" content=\"249\"> <img decoding=\"async\" class=\"\" data-attachment-id=\"461\" data-orig-file=\"https:\/\/wp.ufpel.edu.br\/malg\/files\/2016\/10\/507-Croqui-nu-sentado-01.jpg\" data-orig-size=\"992,1403\" data-comments-opened=\"\" data-image-meta=\"{&quot;aperture&quot;:&quot;0&quot;,&quot;credit&quot;:&quot;&quot;,&quot;camera&quot;:&quot;&quot;,&quot;caption&quot;:&quot;&quot;,&quot;created_timestamp&quot;:&quot;0&quot;,&quot;copyright&quot;:&quot;&quot;,&quot;focal_length&quot;:&quot;0&quot;,&quot;iso&quot;:&quot;0&quot;,&quot;shutter_speed&quot;:&quot;0&quot;,&quot;title&quot;:&quot;&quot;,&quot;orientation&quot;:&quot;0&quot;}\" data-image-title=\"507-croqui-nu-sentado-01\" data-image-description=\"\" data-medium-file=\"https:\/\/wp.ufpel.edu.br\/malg\/files\/2016\/10\/507-Croqui-nu-sentado-01-225x318.jpg\" data-large-file=\"https:\/\/wp.ufpel.edu.br\/malg\/files\/2016\/10\/507-Croqui-nu-sentado-01-984x220.jpg\" src=\"https:\/\/i0.wp.com\/wp.ufpel.edu.br\/malg\/files\/2016\/10\/507-Croqui-nu-sentado-01.jpg?w=176&#038;h=249&#038;ssl=1\" srcset=\"https:\/\/wp.ufpel.edu.br\/malg\/files\/2016\/10\/507-Croqui-nu-sentado-01.jpg 992w, https:\/\/wp.ufpel.edu.br\/malg\/files\/2016\/10\/507-Croqui-nu-sentado-01-112x159.jpg 112w, https:\/\/wp.ufpel.edu.br\/malg\/files\/2016\/10\/507-Croqui-nu-sentado-01-225x318.jpg 225w, https:\/\/wp.ufpel.edu.br\/malg\/files\/2016\/10\/507-Croqui-nu-sentado-01-768x1086.jpg 768w\" width=\"176\" height=\"249\" loading=\"lazy\" data-original-width=\"176\" data-original-height=\"249\" itemprop=\"http:\/\/schema.org\/image\" title=\"507-croqui-nu-sentado-01\" alt=\"507-croqui-nu-sentado-01\" style=\"width: 176px; height: 249px;\" \/> <\/a> <\/div> <\/div> <!-- close group --> <div class=\"gallery-group images-1\" style=\"width: 180px; height: 253px;\" data-original-width=\"180\" data-original-height=\"253\" > <div class=\"tiled-gallery-item tiled-gallery-item-small\" itemprop=\"associatedMedia\" itemscope itemtype=\"http:\/\/schema.org\/ImageObject\"> <a href=\"https:\/\/wp.ufpel.edu.br\/malg\/acervo\/508-estudo-de-modelo-feminino-e-de-braco-01\/#main\" border=\"0\" itemprop=\"url\"> <meta itemprop=\"width\" content=\"176\"> <meta itemprop=\"height\" content=\"249\"> <img decoding=\"async\" class=\"\" data-attachment-id=\"460\" data-orig-file=\"https:\/\/wp.ufpel.edu.br\/malg\/files\/2016\/10\/508-Estudo-de-modelo-feminino-e-de-bra\u00e7o-01.jpg\" data-orig-size=\"992,1403\" data-comments-opened=\"\" data-image-meta=\"{&quot;aperture&quot;:&quot;0&quot;,&quot;credit&quot;:&quot;&quot;,&quot;camera&quot;:&quot;&quot;,&quot;caption&quot;:&quot;&quot;,&quot;created_timestamp&quot;:&quot;0&quot;,&quot;copyright&quot;:&quot;&quot;,&quot;focal_length&quot;:&quot;0&quot;,&quot;iso&quot;:&quot;0&quot;,&quot;shutter_speed&quot;:&quot;0&quot;,&quot;title&quot;:&quot;&quot;,&quot;orientation&quot;:&quot;0&quot;}\" data-image-title=\"508-estudo-de-modelo-feminino-e-de-braco-01\" data-image-description=\"\" data-medium-file=\"https:\/\/wp.ufpel.edu.br\/malg\/files\/2016\/10\/508-Estudo-de-modelo-feminino-e-de-bra\u00e7o-01-225x318.jpg\" data-large-file=\"https:\/\/wp.ufpel.edu.br\/malg\/files\/2016\/10\/508-Estudo-de-modelo-feminino-e-de-bra\u00e7o-01-984x220.jpg\" src=\"https:\/\/i0.wp.com\/wp.ufpel.edu.br\/malg\/files\/2016\/10\/508-Estudo-de-modelo-feminino-e-de-bra%C3%A7o-01.jpg?w=176&#038;h=249&#038;ssl=1\" width=\"176\" height=\"249\" loading=\"lazy\" data-original-width=\"176\" data-original-height=\"249\" itemprop=\"http:\/\/schema.org\/image\" title=\"508-estudo-de-modelo-feminino-e-de-braco-01\" alt=\"508-estudo-de-modelo-feminino-e-de-braco-01\" style=\"width: 176px; height: 249px;\" \/> <\/a> <\/div> <\/div> <!-- close group --> <\/div> <!-- close row --> <div class=\"gallery-row\" style=\"width: 720px; height: 338px;\" data-original-width=\"720\" data-original-height=\"338\" > <div class=\"gallery-group images-1\" style=\"width: 240px; height: 338px;\" data-original-width=\"240\" data-original-height=\"338\" > <div class=\"tiled-gallery-item tiled-gallery-item-small\" itemprop=\"associatedMedia\" itemscope itemtype=\"http:\/\/schema.org\/ImageObject\"> <a href=\"https:\/\/wp.ufpel.edu.br\/malg\/acervo\/509-croqui-de-modelo-feminino-01\/#main\" border=\"0\" itemprop=\"url\"> <meta itemprop=\"width\" content=\"236\"> <meta itemprop=\"height\" content=\"334\"> <img decoding=\"async\" class=\"\" data-attachment-id=\"459\" data-orig-file=\"https:\/\/wp.ufpel.edu.br\/malg\/files\/2016\/10\/509-Croqui-de-modelo-feminino-01.jpg\" data-orig-size=\"992,1403\" data-comments-opened=\"\" data-image-meta=\"{&quot;aperture&quot;:&quot;0&quot;,&quot;credit&quot;:&quot;&quot;,&quot;camera&quot;:&quot;&quot;,&quot;caption&quot;:&quot;&quot;,&quot;created_timestamp&quot;:&quot;0&quot;,&quot;copyright&quot;:&quot;&quot;,&quot;focal_length&quot;:&quot;0&quot;,&quot;iso&quot;:&quot;0&quot;,&quot;shutter_speed&quot;:&quot;0&quot;,&quot;title&quot;:&quot;&quot;,&quot;orientation&quot;:&quot;0&quot;}\" data-image-title=\"509-croqui-de-modelo-feminino-01\" data-image-description=\"\" data-medium-file=\"https:\/\/wp.ufpel.edu.br\/malg\/files\/2016\/10\/509-Croqui-de-modelo-feminino-01-225x318.jpg\" data-large-file=\"https:\/\/wp.ufpel.edu.br\/malg\/files\/2016\/10\/509-Croqui-de-modelo-feminino-01-984x220.jpg\" src=\"https:\/\/i0.wp.com\/wp.ufpel.edu.br\/malg\/files\/2016\/10\/509-Croqui-de-modelo-feminino-01.jpg?w=236&#038;h=334&#038;ssl=1\" srcset=\"https:\/\/wp.ufpel.edu.br\/malg\/files\/2016\/10\/509-Croqui-de-modelo-feminino-01.jpg 992w, https:\/\/wp.ufpel.edu.br\/malg\/files\/2016\/10\/509-Croqui-de-modelo-feminino-01-112x159.jpg 112w, https:\/\/wp.ufpel.edu.br\/malg\/files\/2016\/10\/509-Croqui-de-modelo-feminino-01-225x318.jpg 225w, https:\/\/wp.ufpel.edu.br\/malg\/files\/2016\/10\/509-Croqui-de-modelo-feminino-01-768x1086.jpg 768w\" width=\"236\" height=\"334\" loading=\"lazy\" data-original-width=\"236\" data-original-height=\"334\" itemprop=\"http:\/\/schema.org\/image\" title=\"509-croqui-de-modelo-feminino-01\" alt=\"509-croqui-de-modelo-feminino-01\" style=\"width: 236px; height: 334px;\" \/> <\/a> <\/div> <\/div> <!-- close group --> <div class=\"gallery-group images-1\" style=\"width: 240px; height: 338px;\" data-original-width=\"240\" data-original-height=\"338\" > <div class=\"tiled-gallery-item tiled-gallery-item-small\" itemprop=\"associatedMedia\" itemscope itemtype=\"http:\/\/schema.org\/ImageObject\"> <a href=\"https:\/\/wp.ufpel.edu.br\/malg\/acervo\/537-elixir-de-turubi-composto-01\/#main\" border=\"0\" itemprop=\"url\"> <meta itemprop=\"width\" content=\"236\"> <meta itemprop=\"height\" content=\"334\"> <img decoding=\"async\" class=\"\" data-attachment-id=\"458\" data-orig-file=\"https:\/\/wp.ufpel.edu.br\/malg\/files\/2016\/10\/537-Elixir-de-Turubi-Composto-01.jpg\" data-orig-size=\"992,1403\" data-comments-opened=\"\" data-image-meta=\"{&quot;aperture&quot;:&quot;0&quot;,&quot;credit&quot;:&quot;&quot;,&quot;camera&quot;:&quot;&quot;,&quot;caption&quot;:&quot;&quot;,&quot;created_timestamp&quot;:&quot;0&quot;,&quot;copyright&quot;:&quot;&quot;,&quot;focal_length&quot;:&quot;0&quot;,&quot;iso&quot;:&quot;0&quot;,&quot;shutter_speed&quot;:&quot;0&quot;,&quot;title&quot;:&quot;&quot;,&quot;orientation&quot;:&quot;0&quot;}\" data-image-title=\"537-elixir-de-turubi-composto-01\" data-image-description=\"\" data-medium-file=\"https:\/\/wp.ufpel.edu.br\/malg\/files\/2016\/10\/537-Elixir-de-Turubi-Composto-01-225x318.jpg\" data-large-file=\"https:\/\/wp.ufpel.edu.br\/malg\/files\/2016\/10\/537-Elixir-de-Turubi-Composto-01-984x220.jpg\" src=\"https:\/\/i0.wp.com\/wp.ufpel.edu.br\/malg\/files\/2016\/10\/537-Elixir-de-Turubi-Composto-01.jpg?w=236&#038;h=334&#038;ssl=1\" srcset=\"https:\/\/wp.ufpel.edu.br\/malg\/files\/2016\/10\/537-Elixir-de-Turubi-Composto-01.jpg 992w, https:\/\/wp.ufpel.edu.br\/malg\/files\/2016\/10\/537-Elixir-de-Turubi-Composto-01-112x159.jpg 112w, https:\/\/wp.ufpel.edu.br\/malg\/files\/2016\/10\/537-Elixir-de-Turubi-Composto-01-225x318.jpg 225w, https:\/\/wp.ufpel.edu.br\/malg\/files\/2016\/10\/537-Elixir-de-Turubi-Composto-01-768x1086.jpg 768w\" width=\"236\" height=\"334\" loading=\"lazy\" data-original-width=\"236\" data-original-height=\"334\" itemprop=\"http:\/\/schema.org\/image\" title=\"537-elixir-de-turubi-composto-01\" alt=\"537-elixir-de-turubi-composto-01\" style=\"width: 236px; height: 334px;\" \/> <\/a> <\/div> <\/div> <!-- close group --> <div class=\"gallery-group images-1\" style=\"width: 240px; height: 338px;\" data-original-width=\"240\" data-original-height=\"338\" > <div class=\"tiled-gallery-item tiled-gallery-item-small\" itemprop=\"associatedMedia\" itemscope itemtype=\"http:\/\/schema.org\/ImageObject\"> <a href=\"https:\/\/wp.ufpel.edu.br\/malg\/acervo\/647a-campo-santo-aticoli-01\/#main\" border=\"0\" itemprop=\"url\"> <meta itemprop=\"width\" content=\"236\"> <meta itemprop=\"height\" content=\"334\"> <img decoding=\"async\" class=\"\" data-attachment-id=\"457\" data-orig-file=\"https:\/\/wp.ufpel.edu.br\/malg\/files\/2016\/10\/647A-Campo-Santo-Aticoli-01.jpg\" data-orig-size=\"992,1403\" data-comments-opened=\"\" data-image-meta=\"{&quot;aperture&quot;:&quot;0&quot;,&quot;credit&quot;:&quot;&quot;,&quot;camera&quot;:&quot;&quot;,&quot;caption&quot;:&quot;&quot;,&quot;created_timestamp&quot;:&quot;0&quot;,&quot;copyright&quot;:&quot;&quot;,&quot;focal_length&quot;:&quot;0&quot;,&quot;iso&quot;:&quot;0&quot;,&quot;shutter_speed&quot;:&quot;0&quot;,&quot;title&quot;:&quot;&quot;,&quot;orientation&quot;:&quot;0&quot;}\" data-image-title=\"647a-campo-santo-aticoli-01\" data-image-description=\"\" data-medium-file=\"https:\/\/wp.ufpel.edu.br\/malg\/files\/2016\/10\/647A-Campo-Santo-Aticoli-01-225x318.jpg\" data-large-file=\"https:\/\/wp.ufpel.edu.br\/malg\/files\/2016\/10\/647A-Campo-Santo-Aticoli-01-984x220.jpg\" src=\"https:\/\/i0.wp.com\/wp.ufpel.edu.br\/malg\/files\/2016\/10\/647A-Campo-Santo-Aticoli-01.jpg?w=236&#038;h=334&#038;ssl=1\" srcset=\"https:\/\/wp.ufpel.edu.br\/malg\/files\/2016\/10\/647A-Campo-Santo-Aticoli-01.jpg 992w, https:\/\/wp.ufpel.edu.br\/malg\/files\/2016\/10\/647A-Campo-Santo-Aticoli-01-112x159.jpg 112w, https:\/\/wp.ufpel.edu.br\/malg\/files\/2016\/10\/647A-Campo-Santo-Aticoli-01-225x318.jpg 225w, https:\/\/wp.ufpel.edu.br\/malg\/files\/2016\/10\/647A-Campo-Santo-Aticoli-01-768x1086.jpg 768w\" width=\"236\" height=\"334\" loading=\"lazy\" data-original-width=\"236\" data-original-height=\"334\" itemprop=\"http:\/\/schema.org\/image\" title=\"647a-campo-santo-aticoli-01\" alt=\"647a-campo-santo-aticoli-01\" style=\"width: 236px; height: 334px;\" \/> <\/a> <\/div> <\/div> <!-- close group --> <\/div> <!-- close row --> <div class=\"gallery-row\" style=\"width: 720px; height: 253px;\" data-original-width=\"720\" data-original-height=\"253\" > <div class=\"gallery-group images-1\" style=\"width: 180px; height: 253px;\" data-original-width=\"180\" data-original-height=\"253\" > <div class=\"tiled-gallery-item tiled-gallery-item-small\" itemprop=\"associatedMedia\" itemscope itemtype=\"http:\/\/schema.org\/ImageObject\"> <a href=\"https:\/\/wp.ufpel.edu.br\/malg\/acervo\/647b-castelo-01\/#main\" border=\"0\" itemprop=\"url\"> <meta itemprop=\"width\" content=\"176\"> <meta itemprop=\"height\" content=\"249\"> <img decoding=\"async\" class=\"\" data-attachment-id=\"456\" data-orig-file=\"https:\/\/wp.ufpel.edu.br\/malg\/files\/2016\/10\/647B-Castelo-01.jpg\" data-orig-size=\"992,1403\" data-comments-opened=\"\" data-image-meta=\"{&quot;aperture&quot;:&quot;0&quot;,&quot;credit&quot;:&quot;&quot;,&quot;camera&quot;:&quot;&quot;,&quot;caption&quot;:&quot;&quot;,&quot;created_timestamp&quot;:&quot;0&quot;,&quot;copyright&quot;:&quot;&quot;,&quot;focal_length&quot;:&quot;0&quot;,&quot;iso&quot;:&quot;0&quot;,&quot;shutter_speed&quot;:&quot;0&quot;,&quot;title&quot;:&quot;&quot;,&quot;orientation&quot;:&quot;0&quot;}\" data-image-title=\"647b-castelo-01\" data-image-description=\"\" data-medium-file=\"https:\/\/wp.ufpel.edu.br\/malg\/files\/2016\/10\/647B-Castelo-01-225x318.jpg\" data-large-file=\"https:\/\/wp.ufpel.edu.br\/malg\/files\/2016\/10\/647B-Castelo-01-984x220.jpg\" src=\"https:\/\/i0.wp.com\/wp.ufpel.edu.br\/malg\/files\/2016\/10\/647B-Castelo-01.jpg?w=176&#038;h=249&#038;ssl=1\" srcset=\"https:\/\/wp.ufpel.edu.br\/malg\/files\/2016\/10\/647B-Castelo-01.jpg 992w, https:\/\/wp.ufpel.edu.br\/malg\/files\/2016\/10\/647B-Castelo-01-112x159.jpg 112w, https:\/\/wp.ufpel.edu.br\/malg\/files\/2016\/10\/647B-Castelo-01-225x318.jpg 225w, https:\/\/wp.ufpel.edu.br\/malg\/files\/2016\/10\/647B-Castelo-01-768x1086.jpg 768w\" width=\"176\" height=\"249\" loading=\"lazy\" data-original-width=\"176\" data-original-height=\"249\" itemprop=\"http:\/\/schema.org\/image\" title=\"647b-castelo-01\" alt=\"647b-castelo-01\" style=\"width: 176px; height: 249px;\" \/> <\/a> <\/div> <\/div> <!-- close group --> <div class=\"gallery-group images-1\" style=\"width: 180px; height: 253px;\" data-original-width=\"180\" data-original-height=\"253\" > <div class=\"tiled-gallery-item tiled-gallery-item-small\" itemprop=\"associatedMedia\" itemscope itemtype=\"http:\/\/schema.org\/ImageObject\"> <a href=\"https:\/\/wp.ufpel.edu.br\/malg\/acervo\/651-sem-titulo-01\/#main\" border=\"0\" itemprop=\"url\"> <meta itemprop=\"width\" content=\"176\"> <meta itemprop=\"height\" content=\"249\"> <img decoding=\"async\" class=\"\" data-attachment-id=\"455\" data-orig-file=\"https:\/\/wp.ufpel.edu.br\/malg\/files\/2016\/10\/651-Sem-t\u00edtulo-01.jpg\" data-orig-size=\"992,1403\" data-comments-opened=\"\" data-image-meta=\"{&quot;aperture&quot;:&quot;0&quot;,&quot;credit&quot;:&quot;&quot;,&quot;camera&quot;:&quot;&quot;,&quot;caption&quot;:&quot;&quot;,&quot;created_timestamp&quot;:&quot;0&quot;,&quot;copyright&quot;:&quot;&quot;,&quot;focal_length&quot;:&quot;0&quot;,&quot;iso&quot;:&quot;0&quot;,&quot;shutter_speed&quot;:&quot;0&quot;,&quot;title&quot;:&quot;&quot;,&quot;orientation&quot;:&quot;0&quot;}\" data-image-title=\"651-sem-titulo-01\" data-image-description=\"\" data-medium-file=\"https:\/\/wp.ufpel.edu.br\/malg\/files\/2016\/10\/651-Sem-t\u00edtulo-01-225x318.jpg\" data-large-file=\"https:\/\/wp.ufpel.edu.br\/malg\/files\/2016\/10\/651-Sem-t\u00edtulo-01-984x220.jpg\" src=\"https:\/\/i0.wp.com\/wp.ufpel.edu.br\/malg\/files\/2016\/10\/651-Sem-t%C3%ADtulo-01.jpg?w=176&#038;h=249&#038;ssl=1\" width=\"176\" height=\"249\" loading=\"lazy\" data-original-width=\"176\" data-original-height=\"249\" itemprop=\"http:\/\/schema.org\/image\" title=\"651-sem-titulo-01\" alt=\"651-sem-titulo-01\" style=\"width: 176px; height: 249px;\" \/> <\/a> <\/div> <\/div> <!-- close group --> <div class=\"gallery-group images-1\" style=\"width: 180px; height: 253px;\" data-original-width=\"180\" data-original-height=\"253\" > <div class=\"tiled-gallery-item tiled-gallery-item-small\" itemprop=\"associatedMedia\" itemscope itemtype=\"http:\/\/schema.org\/ImageObject\"> <a href=\"https:\/\/wp.ufpel.edu.br\/malg\/acervo\/664-autorretrato-do-pintor-01\/#main\" border=\"0\" itemprop=\"url\"> <meta itemprop=\"width\" content=\"176\"> <meta itemprop=\"height\" content=\"249\"> <img decoding=\"async\" class=\"\" data-attachment-id=\"454\" data-orig-file=\"https:\/\/wp.ufpel.edu.br\/malg\/files\/2016\/10\/664-Autorretrato-do-pintor-01.jpg\" data-orig-size=\"992,1403\" data-comments-opened=\"\" data-image-meta=\"{&quot;aperture&quot;:&quot;0&quot;,&quot;credit&quot;:&quot;&quot;,&quot;camera&quot;:&quot;&quot;,&quot;caption&quot;:&quot;&quot;,&quot;created_timestamp&quot;:&quot;0&quot;,&quot;copyright&quot;:&quot;&quot;,&quot;focal_length&quot;:&quot;0&quot;,&quot;iso&quot;:&quot;0&quot;,&quot;shutter_speed&quot;:&quot;0&quot;,&quot;title&quot;:&quot;&quot;,&quot;orientation&quot;:&quot;0&quot;}\" data-image-title=\"664-autorretrato-do-pintor-01\" data-image-description=\"\" data-medium-file=\"https:\/\/wp.ufpel.edu.br\/malg\/files\/2016\/10\/664-Autorretrato-do-pintor-01-225x318.jpg\" data-large-file=\"https:\/\/wp.ufpel.edu.br\/malg\/files\/2016\/10\/664-Autorretrato-do-pintor-01-984x220.jpg\" src=\"https:\/\/i0.wp.com\/wp.ufpel.edu.br\/malg\/files\/2016\/10\/664-Autorretrato-do-pintor-01.jpg?w=176&#038;h=249&#038;ssl=1\" srcset=\"https:\/\/wp.ufpel.edu.br\/malg\/files\/2016\/10\/664-Autorretrato-do-pintor-01.jpg 992w, https:\/\/wp.ufpel.edu.br\/malg\/files\/2016\/10\/664-Autorretrato-do-pintor-01-112x159.jpg 112w, https:\/\/wp.ufpel.edu.br\/malg\/files\/2016\/10\/664-Autorretrato-do-pintor-01-225x318.jpg 225w, https:\/\/wp.ufpel.edu.br\/malg\/files\/2016\/10\/664-Autorretrato-do-pintor-01-768x1086.jpg 768w\" width=\"176\" height=\"249\" loading=\"lazy\" data-original-width=\"176\" data-original-height=\"249\" itemprop=\"http:\/\/schema.org\/image\" title=\"664-autorretrato-do-pintor-01\" alt=\"664-autorretrato-do-pintor-01\" style=\"width: 176px; height: 249px;\" \/> <\/a> <\/div> <\/div> <!-- close group --> <div class=\"gallery-group images-1\" style=\"width: 180px; height: 253px;\" data-original-width=\"180\" data-original-height=\"253\" > <div class=\"tiled-gallery-item tiled-gallery-item-small\" itemprop=\"associatedMedia\" itemscope itemtype=\"http:\/\/schema.org\/ImageObject\"> <a href=\"https:\/\/wp.ufpel.edu.br\/malg\/acervo\/665-autorretrato-01\/#main\" border=\"0\" itemprop=\"url\"> <meta itemprop=\"width\" content=\"176\"> <meta itemprop=\"height\" content=\"249\"> <img decoding=\"async\" class=\"\" data-attachment-id=\"453\" data-orig-file=\"https:\/\/wp.ufpel.edu.br\/malg\/files\/2016\/10\/665-Autorretrato-01.jpg\" data-orig-size=\"992,1403\" data-comments-opened=\"\" data-image-meta=\"{&quot;aperture&quot;:&quot;0&quot;,&quot;credit&quot;:&quot;&quot;,&quot;camera&quot;:&quot;&quot;,&quot;caption&quot;:&quot;&quot;,&quot;created_timestamp&quot;:&quot;0&quot;,&quot;copyright&quot;:&quot;&quot;,&quot;focal_length&quot;:&quot;0&quot;,&quot;iso&quot;:&quot;0&quot;,&quot;shutter_speed&quot;:&quot;0&quot;,&quot;title&quot;:&quot;&quot;,&quot;orientation&quot;:&quot;0&quot;}\" data-image-title=\"665-autorretrato-01\" data-image-description=\"\" data-medium-file=\"https:\/\/wp.ufpel.edu.br\/malg\/files\/2016\/10\/665-Autorretrato-01-225x318.jpg\" data-large-file=\"https:\/\/wp.ufpel.edu.br\/malg\/files\/2016\/10\/665-Autorretrato-01-984x220.jpg\" src=\"https:\/\/i0.wp.com\/wp.ufpel.edu.br\/malg\/files\/2016\/10\/665-Autorretrato-01.jpg?w=176&#038;h=249&#038;ssl=1\" srcset=\"https:\/\/wp.ufpel.edu.br\/malg\/files\/2016\/10\/665-Autorretrato-01.jpg 992w, https:\/\/wp.ufpel.edu.br\/malg\/files\/2016\/10\/665-Autorretrato-01-112x159.jpg 112w, https:\/\/wp.ufpel.edu.br\/malg\/files\/2016\/10\/665-Autorretrato-01-225x318.jpg 225w, https:\/\/wp.ufpel.edu.br\/malg\/files\/2016\/10\/665-Autorretrato-01-768x1086.jpg 768w\" width=\"176\" height=\"249\" loading=\"lazy\" data-original-width=\"176\" data-original-height=\"249\" itemprop=\"http:\/\/schema.org\/image\" title=\"665-autorretrato-01\" alt=\"665-autorretrato-01\" style=\"width: 176px; height: 249px;\" \/> <\/a> <\/div> <\/div> <!-- close group --> <\/div> <!-- close row --> <div class=\"gallery-row\" style=\"width: 720px; height: 507px;\" data-original-width=\"720\" data-original-height=\"507\" > <div class=\"gallery-group images-1\" style=\"width: 360px; height: 507px;\" data-original-width=\"360\" data-original-height=\"507\" > <div class=\"tiled-gallery-item tiled-gallery-item-large\" itemprop=\"associatedMedia\" itemscope itemtype=\"http:\/\/schema.org\/ImageObject\"> <a href=\"https:\/\/wp.ufpel.edu.br\/malg\/acervo\/666-cabeca-de-homem-01\/#main\" border=\"0\" itemprop=\"url\"> <meta itemprop=\"width\" content=\"356\"> <meta itemprop=\"height\" content=\"503\"> <img decoding=\"async\" class=\"\" data-attachment-id=\"452\" data-orig-file=\"https:\/\/wp.ufpel.edu.br\/malg\/files\/2016\/10\/666-Cabe\u00e7a-de-homem-01.jpg\" data-orig-size=\"992,1403\" data-comments-opened=\"\" data-image-meta=\"{&quot;aperture&quot;:&quot;0&quot;,&quot;credit&quot;:&quot;&quot;,&quot;camera&quot;:&quot;&quot;,&quot;caption&quot;:&quot;&quot;,&quot;created_timestamp&quot;:&quot;0&quot;,&quot;copyright&quot;:&quot;&quot;,&quot;focal_length&quot;:&quot;0&quot;,&quot;iso&quot;:&quot;0&quot;,&quot;shutter_speed&quot;:&quot;0&quot;,&quot;title&quot;:&quot;&quot;,&quot;orientation&quot;:&quot;0&quot;}\" data-image-title=\"666-cabeca-de-homem-01\" data-image-description=\"\" data-medium-file=\"https:\/\/wp.ufpel.edu.br\/malg\/files\/2016\/10\/666-Cabe\u00e7a-de-homem-01-225x318.jpg\" data-large-file=\"https:\/\/wp.ufpel.edu.br\/malg\/files\/2016\/10\/666-Cabe\u00e7a-de-homem-01-984x220.jpg\" src=\"https:\/\/i0.wp.com\/wp.ufpel.edu.br\/malg\/files\/2016\/10\/666-Cabe%C3%A7a-de-homem-01.jpg?w=356&#038;h=503&#038;ssl=1\" width=\"356\" height=\"503\" loading=\"lazy\" data-original-width=\"356\" data-original-height=\"503\" itemprop=\"http:\/\/schema.org\/image\" title=\"666-cabeca-de-homem-01\" alt=\"666-cabeca-de-homem-01\" style=\"width: 356px; height: 503px;\" \/> <\/a> <\/div> <\/div> <!-- close group --> <div class=\"gallery-group images-1\" style=\"width: 360px; height: 507px;\" data-original-width=\"360\" data-original-height=\"507\" > <div class=\"tiled-gallery-item tiled-gallery-item-large\" itemprop=\"associatedMedia\" itemscope itemtype=\"http:\/\/schema.org\/ImageObject\"> <a href=\"https:\/\/wp.ufpel.edu.br\/malg\/acervo\/667-sem-titulo-01\/#main\" border=\"0\" itemprop=\"url\"> <meta itemprop=\"width\" content=\"356\"> <meta itemprop=\"height\" content=\"503\"> <img decoding=\"async\" class=\"\" data-attachment-id=\"451\" data-orig-file=\"https:\/\/wp.ufpel.edu.br\/malg\/files\/2016\/10\/667-Sem-t\u00edtulo-01.jpg\" data-orig-size=\"992,1403\" data-comments-opened=\"\" data-image-meta=\"{&quot;aperture&quot;:&quot;0&quot;,&quot;credit&quot;:&quot;&quot;,&quot;camera&quot;:&quot;&quot;,&quot;caption&quot;:&quot;&quot;,&quot;created_timestamp&quot;:&quot;0&quot;,&quot;copyright&quot;:&quot;&quot;,&quot;focal_length&quot;:&quot;0&quot;,&quot;iso&quot;:&quot;0&quot;,&quot;shutter_speed&quot;:&quot;0&quot;,&quot;title&quot;:&quot;&quot;,&quot;orientation&quot;:&quot;0&quot;}\" data-image-title=\"667-sem-titulo-01\" data-image-description=\"\" data-medium-file=\"https:\/\/wp.ufpel.edu.br\/malg\/files\/2016\/10\/667-Sem-t\u00edtulo-01-225x318.jpg\" data-large-file=\"https:\/\/wp.ufpel.edu.br\/malg\/files\/2016\/10\/667-Sem-t\u00edtulo-01-984x220.jpg\" src=\"https:\/\/i0.wp.com\/wp.ufpel.edu.br\/malg\/files\/2016\/10\/667-Sem-t%C3%ADtulo-01.jpg?w=356&#038;h=503&#038;ssl=1\" width=\"356\" height=\"503\" loading=\"lazy\" data-original-width=\"356\" data-original-height=\"503\" itemprop=\"http:\/\/schema.org\/image\" title=\"667-sem-titulo-01\" alt=\"667-sem-titulo-01\" style=\"width: 356px; height: 503px;\" \/> <\/a> <\/div> <\/div> <!-- close group --> <\/div> <!-- close row --> <div class=\"gallery-row\" style=\"width: 720px; height: 253px;\" data-original-width=\"720\" data-original-height=\"253\" > <div class=\"gallery-group images-1\" style=\"width: 180px; height: 253px;\" data-original-width=\"180\" data-original-height=\"253\" > <div class=\"tiled-gallery-item tiled-gallery-item-small\" itemprop=\"associatedMedia\" itemscope itemtype=\"http:\/\/schema.org\/ImageObject\"> <a href=\"https:\/\/wp.ufpel.edu.br\/malg\/acervo\/668-cabeca-feminina-01\/#main\" border=\"0\" itemprop=\"url\"> <meta itemprop=\"width\" content=\"176\"> <meta itemprop=\"height\" content=\"249\"> <img decoding=\"async\" class=\"\" data-attachment-id=\"450\" data-orig-file=\"https:\/\/wp.ufpel.edu.br\/malg\/files\/2016\/10\/668-Cabe\u00e7a-feminina-01.jpg\" data-orig-size=\"992,1403\" data-comments-opened=\"\" data-image-meta=\"{&quot;aperture&quot;:&quot;0&quot;,&quot;credit&quot;:&quot;&quot;,&quot;camera&quot;:&quot;&quot;,&quot;caption&quot;:&quot;&quot;,&quot;created_timestamp&quot;:&quot;0&quot;,&quot;copyright&quot;:&quot;&quot;,&quot;focal_length&quot;:&quot;0&quot;,&quot;iso&quot;:&quot;0&quot;,&quot;shutter_speed&quot;:&quot;0&quot;,&quot;title&quot;:&quot;&quot;,&quot;orientation&quot;:&quot;0&quot;}\" data-image-title=\"668-cabeca-feminina-01\" data-image-description=\"\" data-medium-file=\"https:\/\/wp.ufpel.edu.br\/malg\/files\/2016\/10\/668-Cabe\u00e7a-feminina-01-225x318.jpg\" data-large-file=\"https:\/\/wp.ufpel.edu.br\/malg\/files\/2016\/10\/668-Cabe\u00e7a-feminina-01-984x220.jpg\" src=\"https:\/\/i0.wp.com\/wp.ufpel.edu.br\/malg\/files\/2016\/10\/668-Cabe%C3%A7a-feminina-01.jpg?w=176&#038;h=249&#038;ssl=1\" width=\"176\" height=\"249\" loading=\"lazy\" data-original-width=\"176\" data-original-height=\"249\" itemprop=\"http:\/\/schema.org\/image\" title=\"668-cabeca-feminina-01\" alt=\"668-cabeca-feminina-01\" style=\"width: 176px; height: 249px;\" \/> <\/a> <\/div> <\/div> <!-- close group --> <div class=\"gallery-group images-1\" style=\"width: 180px; height: 253px;\" data-original-width=\"180\" data-original-height=\"253\" > <div class=\"tiled-gallery-item tiled-gallery-item-small\" itemprop=\"associatedMedia\" itemscope itemtype=\"http:\/\/schema.org\/ImageObject\"> <a href=\"https:\/\/wp.ufpel.edu.br\/malg\/acervo\/669-castelo-01\/#main\" border=\"0\" itemprop=\"url\"> <meta itemprop=\"width\" content=\"176\"> <meta itemprop=\"height\" content=\"249\"> <img decoding=\"async\" class=\"\" data-attachment-id=\"449\" data-orig-file=\"https:\/\/wp.ufpel.edu.br\/malg\/files\/2016\/10\/669-Castelo-01.jpg\" data-orig-size=\"992,1403\" data-comments-opened=\"\" data-image-meta=\"{&quot;aperture&quot;:&quot;0&quot;,&quot;credit&quot;:&quot;&quot;,&quot;camera&quot;:&quot;&quot;,&quot;caption&quot;:&quot;&quot;,&quot;created_timestamp&quot;:&quot;0&quot;,&quot;copyright&quot;:&quot;&quot;,&quot;focal_length&quot;:&quot;0&quot;,&quot;iso&quot;:&quot;0&quot;,&quot;shutter_speed&quot;:&quot;0&quot;,&quot;title&quot;:&quot;&quot;,&quot;orientation&quot;:&quot;0&quot;}\" data-image-title=\"669-castelo-01\" data-image-description=\"\" data-medium-file=\"https:\/\/wp.ufpel.edu.br\/malg\/files\/2016\/10\/669-Castelo-01-225x318.jpg\" data-large-file=\"https:\/\/wp.ufpel.edu.br\/malg\/files\/2016\/10\/669-Castelo-01-984x220.jpg\" src=\"https:\/\/i0.wp.com\/wp.ufpel.edu.br\/malg\/files\/2016\/10\/669-Castelo-01.jpg?w=176&#038;h=249&#038;ssl=1\" srcset=\"https:\/\/wp.ufpel.edu.br\/malg\/files\/2016\/10\/669-Castelo-01.jpg 992w, https:\/\/wp.ufpel.edu.br\/malg\/files\/2016\/10\/669-Castelo-01-112x159.jpg 112w, https:\/\/wp.ufpel.edu.br\/malg\/files\/2016\/10\/669-Castelo-01-225x318.jpg 225w, https:\/\/wp.ufpel.edu.br\/malg\/files\/2016\/10\/669-Castelo-01-768x1086.jpg 768w\" width=\"176\" height=\"249\" loading=\"lazy\" data-original-width=\"176\" data-original-height=\"249\" itemprop=\"http:\/\/schema.org\/image\" title=\"669-castelo-01\" alt=\"669-castelo-01\" style=\"width: 176px; height: 249px;\" \/> <\/a> <\/div> <\/div> <!-- close group --> <div class=\"gallery-group images-1\" style=\"width: 180px; height: 253px;\" data-original-width=\"180\" data-original-height=\"253\" > <div class=\"tiled-gallery-item tiled-gallery-item-small\" itemprop=\"associatedMedia\" itemscope itemtype=\"http:\/\/schema.org\/ImageObject\"> <a href=\"https:\/\/wp.ufpel.edu.br\/malg\/acervo\/670-autorretrato-do-pintor-jovem-01\/#main\" border=\"0\" itemprop=\"url\"> <meta itemprop=\"width\" content=\"176\"> <meta itemprop=\"height\" content=\"249\"> <img decoding=\"async\" class=\"\" data-attachment-id=\"448\" data-orig-file=\"https:\/\/wp.ufpel.edu.br\/malg\/files\/2016\/10\/670-Autorretrato-do-pintor-jovem-01.jpg\" data-orig-size=\"992,1403\" data-comments-opened=\"\" data-image-meta=\"{&quot;aperture&quot;:&quot;0&quot;,&quot;credit&quot;:&quot;&quot;,&quot;camera&quot;:&quot;&quot;,&quot;caption&quot;:&quot;&quot;,&quot;created_timestamp&quot;:&quot;0&quot;,&quot;copyright&quot;:&quot;&quot;,&quot;focal_length&quot;:&quot;0&quot;,&quot;iso&quot;:&quot;0&quot;,&quot;shutter_speed&quot;:&quot;0&quot;,&quot;title&quot;:&quot;&quot;,&quot;orientation&quot;:&quot;0&quot;}\" data-image-title=\"670-autorretrato-do-pintor-jovem-01\" data-image-description=\"\" data-medium-file=\"https:\/\/wp.ufpel.edu.br\/malg\/files\/2016\/10\/670-Autorretrato-do-pintor-jovem-01-225x318.jpg\" data-large-file=\"https:\/\/wp.ufpel.edu.br\/malg\/files\/2016\/10\/670-Autorretrato-do-pintor-jovem-01-984x220.jpg\" src=\"https:\/\/i0.wp.com\/wp.ufpel.edu.br\/malg\/files\/2016\/10\/670-Autorretrato-do-pintor-jovem-01.jpg?w=176&#038;h=249&#038;ssl=1\" srcset=\"https:\/\/wp.ufpel.edu.br\/malg\/files\/2016\/10\/670-Autorretrato-do-pintor-jovem-01.jpg 992w, https:\/\/wp.ufpel.edu.br\/malg\/files\/2016\/10\/670-Autorretrato-do-pintor-jovem-01-112x159.jpg 112w, https:\/\/wp.ufpel.edu.br\/malg\/files\/2016\/10\/670-Autorretrato-do-pintor-jovem-01-225x318.jpg 225w, https:\/\/wp.ufpel.edu.br\/malg\/files\/2016\/10\/670-Autorretrato-do-pintor-jovem-01-768x1086.jpg 768w\" width=\"176\" height=\"249\" loading=\"lazy\" data-original-width=\"176\" data-original-height=\"249\" itemprop=\"http:\/\/schema.org\/image\" title=\"670-autorretrato-do-pintor-jovem-01\" alt=\"670-autorretrato-do-pintor-jovem-01\" style=\"width: 176px; height: 249px;\" \/> <\/a> <\/div> <\/div> <!-- close group --> <div class=\"gallery-group images-1\" style=\"width: 180px; height: 253px;\" data-original-width=\"180\" data-original-height=\"253\" > <div class=\"tiled-gallery-item tiled-gallery-item-small\" itemprop=\"associatedMedia\" itemscope itemtype=\"http:\/\/schema.org\/ImageObject\"> <a href=\"https:\/\/wp.ufpel.edu.br\/malg\/acervo\/671-arvores-01\/#main\" border=\"0\" itemprop=\"url\"> <meta itemprop=\"width\" content=\"176\"> <meta itemprop=\"height\" content=\"249\"> <img decoding=\"async\" class=\"\" data-attachment-id=\"447\" data-orig-file=\"https:\/\/wp.ufpel.edu.br\/malg\/files\/2016\/10\/671-\u00c1rvores-01.jpg\" data-orig-size=\"992,1403\" data-comments-opened=\"\" data-image-meta=\"{&quot;aperture&quot;:&quot;0&quot;,&quot;credit&quot;:&quot;&quot;,&quot;camera&quot;:&quot;&quot;,&quot;caption&quot;:&quot;&quot;,&quot;created_timestamp&quot;:&quot;0&quot;,&quot;copyright&quot;:&quot;&quot;,&quot;focal_length&quot;:&quot;0&quot;,&quot;iso&quot;:&quot;0&quot;,&quot;shutter_speed&quot;:&quot;0&quot;,&quot;title&quot;:&quot;&quot;,&quot;orientation&quot;:&quot;0&quot;}\" data-image-title=\"671-arvores-01\" data-image-description=\"\" data-medium-file=\"https:\/\/wp.ufpel.edu.br\/malg\/files\/2016\/10\/671-\u00c1rvores-01-225x318.jpg\" data-large-file=\"https:\/\/wp.ufpel.edu.br\/malg\/files\/2016\/10\/671-\u00c1rvores-01-984x220.jpg\" src=\"https:\/\/i0.wp.com\/wp.ufpel.edu.br\/malg\/files\/2016\/10\/671-%C3%81rvores-01.jpg?w=176&#038;h=249&#038;ssl=1\" width=\"176\" height=\"249\" loading=\"lazy\" data-original-width=\"176\" data-original-height=\"249\" itemprop=\"http:\/\/schema.org\/image\" title=\"671-arvores-01\" alt=\"671-arvores-01\" style=\"width: 176px; height: 249px;\" \/> <\/a> <\/div> <\/div> <!-- close group --> <\/div> <!-- close row --> <div class=\"gallery-row\" style=\"width: 720px; height: 507px;\" data-original-width=\"720\" data-original-height=\"507\" > <div class=\"gallery-group images-1\" style=\"width: 360px; height: 507px;\" data-original-width=\"360\" data-original-height=\"507\" > <div class=\"tiled-gallery-item tiled-gallery-item-large\" itemprop=\"associatedMedia\" itemscope itemtype=\"http:\/\/schema.org\/ImageObject\"> <a href=\"https:\/\/wp.ufpel.edu.br\/malg\/acervo\/672-cena-ao-ar-livre-com-quatro-figuras-01\/#main\" border=\"0\" itemprop=\"url\"> <meta itemprop=\"width\" content=\"356\"> <meta itemprop=\"height\" content=\"503\"> <img decoding=\"async\" class=\"\" data-attachment-id=\"446\" data-orig-file=\"https:\/\/wp.ufpel.edu.br\/malg\/files\/2016\/10\/672-Cena-ao-ar-livre-com-quatro-figuras-01.jpg\" data-orig-size=\"992,1403\" data-comments-opened=\"\" data-image-meta=\"{&quot;aperture&quot;:&quot;0&quot;,&quot;credit&quot;:&quot;&quot;,&quot;camera&quot;:&quot;&quot;,&quot;caption&quot;:&quot;&quot;,&quot;created_timestamp&quot;:&quot;0&quot;,&quot;copyright&quot;:&quot;&quot;,&quot;focal_length&quot;:&quot;0&quot;,&quot;iso&quot;:&quot;0&quot;,&quot;shutter_speed&quot;:&quot;0&quot;,&quot;title&quot;:&quot;&quot;,&quot;orientation&quot;:&quot;0&quot;}\" data-image-title=\"672-cena-ao-ar-livre-com-quatro-figuras-01\" data-image-description=\"\" data-medium-file=\"https:\/\/wp.ufpel.edu.br\/malg\/files\/2016\/10\/672-Cena-ao-ar-livre-com-quatro-figuras-01-225x318.jpg\" data-large-file=\"https:\/\/wp.ufpel.edu.br\/malg\/files\/2016\/10\/672-Cena-ao-ar-livre-com-quatro-figuras-01-984x220.jpg\" src=\"https:\/\/i0.wp.com\/wp.ufpel.edu.br\/malg\/files\/2016\/10\/672-Cena-ao-ar-livre-com-quatro-figuras-01.jpg?w=356&#038;h=503&#038;ssl=1\" srcset=\"https:\/\/wp.ufpel.edu.br\/malg\/files\/2016\/10\/672-Cena-ao-ar-livre-com-quatro-figuras-01.jpg 992w, https:\/\/wp.ufpel.edu.br\/malg\/files\/2016\/10\/672-Cena-ao-ar-livre-com-quatro-figuras-01-112x159.jpg 112w, https:\/\/wp.ufpel.edu.br\/malg\/files\/2016\/10\/672-Cena-ao-ar-livre-com-quatro-figuras-01-225x318.jpg 225w, https:\/\/wp.ufpel.edu.br\/malg\/files\/2016\/10\/672-Cena-ao-ar-livre-com-quatro-figuras-01-768x1086.jpg 768w\" width=\"356\" height=\"503\" loading=\"lazy\" data-original-width=\"356\" data-original-height=\"503\" itemprop=\"http:\/\/schema.org\/image\" title=\"672-cena-ao-ar-livre-com-quatro-figuras-01\" alt=\"672-cena-ao-ar-livre-com-quatro-figuras-01\" style=\"width: 356px; height: 503px;\" \/> <\/a> <\/div> <\/div> <!-- close group --> <div class=\"gallery-group images-1\" style=\"width: 360px; height: 507px;\" data-original-width=\"360\" data-original-height=\"507\" > <div class=\"tiled-gallery-item tiled-gallery-item-large\" itemprop=\"associatedMedia\" itemscope itemtype=\"http:\/\/schema.org\/ImageObject\"> <a href=\"https:\/\/wp.ufpel.edu.br\/malg\/acervo\/673-desenho-de-cabeca-01\/#main\" border=\"0\" itemprop=\"url\"> <meta itemprop=\"width\" content=\"356\"> <meta itemprop=\"height\" content=\"503\"> <img decoding=\"async\" class=\"\" data-attachment-id=\"445\" data-orig-file=\"https:\/\/wp.ufpel.edu.br\/malg\/files\/2016\/10\/673-Desenho-de-cabe\u00e7a-01.jpg\" data-orig-size=\"992,1403\" data-comments-opened=\"\" data-image-meta=\"{&quot;aperture&quot;:&quot;0&quot;,&quot;credit&quot;:&quot;&quot;,&quot;camera&quot;:&quot;&quot;,&quot;caption&quot;:&quot;&quot;,&quot;created_timestamp&quot;:&quot;0&quot;,&quot;copyright&quot;:&quot;&quot;,&quot;focal_length&quot;:&quot;0&quot;,&quot;iso&quot;:&quot;0&quot;,&quot;shutter_speed&quot;:&quot;0&quot;,&quot;title&quot;:&quot;&quot;,&quot;orientation&quot;:&quot;0&quot;}\" data-image-title=\"673-desenho-de-cabeca-01\" data-image-description=\"\" data-medium-file=\"https:\/\/wp.ufpel.edu.br\/malg\/files\/2016\/10\/673-Desenho-de-cabe\u00e7a-01-225x318.jpg\" data-large-file=\"https:\/\/wp.ufpel.edu.br\/malg\/files\/2016\/10\/673-Desenho-de-cabe\u00e7a-01-984x220.jpg\" src=\"https:\/\/i0.wp.com\/wp.ufpel.edu.br\/malg\/files\/2016\/10\/673-Desenho-de-cabe%C3%A7a-01.jpg?w=356&#038;h=503&#038;ssl=1\" width=\"356\" height=\"503\" loading=\"lazy\" data-original-width=\"356\" data-original-height=\"503\" itemprop=\"http:\/\/schema.org\/image\" title=\"673-desenho-de-cabeca-01\" alt=\"673-desenho-de-cabeca-01\" style=\"width: 356px; height: 503px;\" \/> <\/a> <\/div> <\/div> <!-- close group --> <\/div> <!-- close row --> <\/div>\n<pre style=\"text-align: right\"><span style=\"font-family: helvetica, arial, sans-serif\"><span style=\"font-size: 10pt\">Cole\u00e7\u00e3o Leopoldo Gotuzzo | acervo do MALG. <\/span><span style=\"font-size: 10pt\">Fotos: Daniel Moura<\/span><\/span><\/pre>\n","protected":false},"excerpt":{"rendered":"<p>O MALG, por ocasi\u00e3o de seus 30 anos de funda\u00e7\u00e3o, tem a satisfa\u00e7\u00e3o de disponibilizar ao p\u00fablico pinturas, [&hellip;]<\/p>\n","protected":false},"author":401,"featured_media":443,"parent":0,"menu_order":0,"comment_status":"closed","ping_status":"closed","template":"","meta":{"jetpack_post_was_ever_published":false,"footnotes":""},"class_list":["post-414","page","type-page","status-publish","has-post-thumbnail","hentry","post","post-with-thumbnail","post-with-thumbnail-large"],"yoast_head":"<!-- This site is optimized with the Yoast SEO plugin v26.7 - https:\/\/yoast.com\/wordpress\/plugins\/seo\/ -->\n<title>Acervo &#8212; Museu de Arte Leopoldo Gotuzzo<\/title>\n<meta name=\"robots\" content=\"index, follow, max-snippet:-1, max-image-preview:large, max-video-preview:-1\" \/>\n<link rel=\"canonical\" href=\"https:\/\/wp.ufpel.edu.br\/malg\/acervo\/\" \/>\n<meta property=\"og:locale\" content=\"pt_BR\" \/>\n<meta property=\"og:type\" content=\"article\" \/>\n<meta property=\"og:title\" content=\"Acervo &#8212; Museu de Arte Leopoldo Gotuzzo\" \/>\n<meta property=\"og:description\" content=\"O MALG, por ocasi\u00e3o de seus 30 anos de funda\u00e7\u00e3o, tem a satisfa\u00e7\u00e3o de disponibilizar ao p\u00fablico pinturas, [&hellip;]\" \/>\n<meta property=\"og:url\" content=\"https:\/\/wp.ufpel.edu.br\/malg\/acervo\/\" \/>\n<meta property=\"og:site_name\" content=\"Museu de Arte Leopoldo Gotuzzo\" \/>\n<meta property=\"article:publisher\" content=\"https:\/\/www.facebook.com\/museuleopoldogotuzzo\/\" \/>\n<meta property=\"article:modified_time\" content=\"2019-12-18T14:17:03+00:00\" \/>\n<meta property=\"og:image\" content=\"https:\/\/wp.ufpel.edu.br\/malg\/files\/2016\/10\/676-984x220.jpg\" \/>\n\t<meta property=\"og:image:width\" content=\"984\" \/>\n\t<meta property=\"og:image:height\" content=\"220\" \/>\n\t<meta property=\"og:image:type\" content=\"image\/jpeg\" \/>\n<meta name=\"twitter:card\" content=\"summary_large_image\" \/>\n<meta name=\"twitter:label1\" content=\"Est. tempo de leitura\" \/>\n\t<meta name=\"twitter:data1\" content=\"1 minuto\" \/>\n<script type=\"application\/ld+json\" class=\"yoast-schema-graph\">{\"@context\":\"https:\/\/schema.org\",\"@graph\":[{\"@type\":\"WebPage\",\"@id\":\"https:\/\/wp.ufpel.edu.br\/malg\/acervo\/\",\"url\":\"https:\/\/wp.ufpel.edu.br\/malg\/acervo\/\",\"name\":\"Acervo &#8212; Museu de Arte Leopoldo Gotuzzo\",\"isPartOf\":{\"@id\":\"https:\/\/wp.ufpel.edu.br\/malg\/#website\"},\"primaryImageOfPage\":{\"@id\":\"https:\/\/wp.ufpel.edu.br\/malg\/acervo\/#primaryimage\"},\"image\":{\"@id\":\"https:\/\/wp.ufpel.edu.br\/malg\/acervo\/#primaryimage\"},\"thumbnailUrl\":\"https:\/\/wp.ufpel.edu.br\/malg\/files\/2016\/10\/676.jpg\",\"datePublished\":\"2016-10-20T18:27:44+00:00\",\"dateModified\":\"2019-12-18T14:17:03+00:00\",\"breadcrumb\":{\"@id\":\"https:\/\/wp.ufpel.edu.br\/malg\/acervo\/#breadcrumb\"},\"inLanguage\":\"pt-BR\",\"potentialAction\":[{\"@type\":\"ReadAction\",\"target\":[\"https:\/\/wp.ufpel.edu.br\/malg\/acervo\/\"]}]},{\"@type\":\"ImageObject\",\"inLanguage\":\"pt-BR\",\"@id\":\"https:\/\/wp.ufpel.edu.br\/malg\/acervo\/#primaryimage\",\"url\":\"https:\/\/wp.ufpel.edu.br\/malg\/files\/2016\/10\/676.jpg\",\"contentUrl\":\"https:\/\/wp.ufpel.edu.br\/malg\/files\/2016\/10\/676.jpg\",\"width\":2236,\"height\":2560},{\"@type\":\"BreadcrumbList\",\"@id\":\"https:\/\/wp.ufpel.edu.br\/malg\/acervo\/#breadcrumb\",\"itemListElement\":[{\"@type\":\"ListItem\",\"position\":1,\"name\":\"In\u00edcio\",\"item\":\"https:\/\/wp.ufpel.edu.br\/malg\/\"},{\"@type\":\"ListItem\",\"position\":2,\"name\":\"Acervo\"}]},{\"@type\":\"WebSite\",\"@id\":\"https:\/\/wp.ufpel.edu.br\/malg\/#website\",\"url\":\"https:\/\/wp.ufpel.edu.br\/malg\/\",\"name\":\"Museu de Arte Leopoldo Gotuzzo\",\"description\":\"\",\"publisher\":{\"@id\":\"https:\/\/wp.ufpel.edu.br\/malg\/#organization\"},\"potentialAction\":[{\"@type\":\"SearchAction\",\"target\":{\"@type\":\"EntryPoint\",\"urlTemplate\":\"https:\/\/wp.ufpel.edu.br\/malg\/?s={search_term_string}\"},\"query-input\":{\"@type\":\"PropertyValueSpecification\",\"valueRequired\":true,\"valueName\":\"search_term_string\"}}],\"inLanguage\":\"pt-BR\"},{\"@type\":\"Organization\",\"@id\":\"https:\/\/wp.ufpel.edu.br\/malg\/#organization\",\"name\":\"MALG _ Museu de Arte Leopoldo Gotuzzo\",\"url\":\"https:\/\/wp.ufpel.edu.br\/malg\/\",\"logo\":{\"@type\":\"ImageObject\",\"inLanguage\":\"pt-BR\",\"@id\":\"https:\/\/wp.ufpel.edu.br\/malg\/#\/schema\/logo\/image\/\",\"url\":\"https:\/\/i0.wp.com\/wp.ufpel.edu.br\/malg\/files\/2020\/03\/01.png?fit=1240%2C476&ssl=1\",\"contentUrl\":\"https:\/\/i0.wp.com\/wp.ufpel.edu.br\/malg\/files\/2020\/03\/01.png?fit=1240%2C476&ssl=1\",\"width\":1240,\"height\":476,\"caption\":\"MALG _ Museu de Arte Leopoldo Gotuzzo\"},\"image\":{\"@id\":\"https:\/\/wp.ufpel.edu.br\/malg\/#\/schema\/logo\/image\/\"},\"sameAs\":[\"https:\/\/www.facebook.com\/museuleopoldogotuzzo\/\",\"https:\/\/www.instagram.com\/malg.ufpel\/\",\"https:\/\/www.youtube.com\/@MALG_UFPel\"]}]}<\/script>\n<!-- \/ Yoast SEO plugin. -->","yoast_head_json":{"title":"Acervo &#8212; Museu de Arte Leopoldo Gotuzzo","robots":{"index":"index","follow":"follow","max-snippet":"max-snippet:-1","max-image-preview":"max-image-preview:large","max-video-preview":"max-video-preview:-1"},"canonical":"https:\/\/wp.ufpel.edu.br\/malg\/acervo\/","og_locale":"pt_BR","og_type":"article","og_title":"Acervo &#8212; Museu de Arte Leopoldo Gotuzzo","og_description":"O MALG, por ocasi\u00e3o de seus 30 anos de funda\u00e7\u00e3o, tem a satisfa\u00e7\u00e3o de disponibilizar ao p\u00fablico pinturas, [&hellip;]","og_url":"https:\/\/wp.ufpel.edu.br\/malg\/acervo\/","og_site_name":"Museu de Arte Leopoldo Gotuzzo","article_publisher":"https:\/\/www.facebook.com\/museuleopoldogotuzzo\/","article_modified_time":"2019-12-18T14:17:03+00:00","og_image":[{"width":984,"height":220,"url":"https:\/\/wp.ufpel.edu.br\/malg\/files\/2016\/10\/676-984x220.jpg","type":"image\/jpeg"}],"twitter_card":"summary_large_image","twitter_misc":{"Est. tempo de leitura":"1 minuto"},"schema":{"@context":"https:\/\/schema.org","@graph":[{"@type":"WebPage","@id":"https:\/\/wp.ufpel.edu.br\/malg\/acervo\/","url":"https:\/\/wp.ufpel.edu.br\/malg\/acervo\/","name":"Acervo &#8212; Museu de Arte Leopoldo Gotuzzo","isPartOf":{"@id":"https:\/\/wp.ufpel.edu.br\/malg\/#website"},"primaryImageOfPage":{"@id":"https:\/\/wp.ufpel.edu.br\/malg\/acervo\/#primaryimage"},"image":{"@id":"https:\/\/wp.ufpel.edu.br\/malg\/acervo\/#primaryimage"},"thumbnailUrl":"https:\/\/wp.ufpel.edu.br\/malg\/files\/2016\/10\/676.jpg","datePublished":"2016-10-20T18:27:44+00:00","dateModified":"2019-12-18T14:17:03+00:00","breadcrumb":{"@id":"https:\/\/wp.ufpel.edu.br\/malg\/acervo\/#breadcrumb"},"inLanguage":"pt-BR","potentialAction":[{"@type":"ReadAction","target":["https:\/\/wp.ufpel.edu.br\/malg\/acervo\/"]}]},{"@type":"ImageObject","inLanguage":"pt-BR","@id":"https:\/\/wp.ufpel.edu.br\/malg\/acervo\/#primaryimage","url":"https:\/\/wp.ufpel.edu.br\/malg\/files\/2016\/10\/676.jpg","contentUrl":"https:\/\/wp.ufpel.edu.br\/malg\/files\/2016\/10\/676.jpg","width":2236,"height":2560},{"@type":"BreadcrumbList","@id":"https:\/\/wp.ufpel.edu.br\/malg\/acervo\/#breadcrumb","itemListElement":[{"@type":"ListItem","position":1,"name":"In\u00edcio","item":"https:\/\/wp.ufpel.edu.br\/malg\/"},{"@type":"ListItem","position":2,"name":"Acervo"}]},{"@type":"WebSite","@id":"https:\/\/wp.ufpel.edu.br\/malg\/#website","url":"https:\/\/wp.ufpel.edu.br\/malg\/","name":"Museu de Arte Leopoldo Gotuzzo","description":"","publisher":{"@id":"https:\/\/wp.ufpel.edu.br\/malg\/#organization"},"potentialAction":[{"@type":"SearchAction","target":{"@type":"EntryPoint","urlTemplate":"https:\/\/wp.ufpel.edu.br\/malg\/?s={search_term_string}"},"query-input":{"@type":"PropertyValueSpecification","valueRequired":true,"valueName":"search_term_string"}}],"inLanguage":"pt-BR"},{"@type":"Organization","@id":"https:\/\/wp.ufpel.edu.br\/malg\/#organization","name":"MALG _ Museu de Arte Leopoldo Gotuzzo","url":"https:\/\/wp.ufpel.edu.br\/malg\/","logo":{"@type":"ImageObject","inLanguage":"pt-BR","@id":"https:\/\/wp.ufpel.edu.br\/malg\/#\/schema\/logo\/image\/","url":"https:\/\/i0.wp.com\/wp.ufpel.edu.br\/malg\/files\/2020\/03\/01.png?fit=1240%2C476&ssl=1","contentUrl":"https:\/\/i0.wp.com\/wp.ufpel.edu.br\/malg\/files\/2020\/03\/01.png?fit=1240%2C476&ssl=1","width":1240,"height":476,"caption":"MALG _ Museu de Arte Leopoldo Gotuzzo"},"image":{"@id":"https:\/\/wp.ufpel.edu.br\/malg\/#\/schema\/logo\/image\/"},"sameAs":["https:\/\/www.facebook.com\/museuleopoldogotuzzo\/","https:\/\/www.instagram.com\/malg.ufpel\/","https:\/\/www.youtube.com\/@MALG_UFPel"]}]}},"jetpack_sharing_enabled":true,"jetpack_shortlink":"https:\/\/wp.me\/P89KnE-6G","_links":{"self":[{"href":"https:\/\/wp.ufpel.edu.br\/malg\/wp-json\/wp\/v2\/pages\/414","targetHints":{"allow":["GET"]}}],"collection":[{"href":"https:\/\/wp.ufpel.edu.br\/malg\/wp-json\/wp\/v2\/pages"}],"about":[{"href":"https:\/\/wp.ufpel.edu.br\/malg\/wp-json\/wp\/v2\/types\/page"}],"author":[{"embeddable":true,"href":"https:\/\/wp.ufpel.edu.br\/malg\/wp-json\/wp\/v2\/users\/401"}],"replies":[{"embeddable":true,"href":"https:\/\/wp.ufpel.edu.br\/malg\/wp-json\/wp\/v2\/comments?post=414"}],"version-history":[{"count":37,"href":"https:\/\/wp.ufpel.edu.br\/malg\/wp-json\/wp\/v2\/pages\/414\/revisions"}],"predecessor-version":[{"id":1173,"href":"https:\/\/wp.ufpel.edu.br\/malg\/wp-json\/wp\/v2\/pages\/414\/revisions\/1173"}],"wp:featuredmedia":[{"embeddable":true,"href":"https:\/\/wp.ufpel.edu.br\/malg\/wp-json\/wp\/v2\/media\/443"}],"wp:attachment":[{"href":"https:\/\/wp.ufpel.edu.br\/malg\/wp-json\/wp\/v2\/media?parent=414"}],"curies":[{"name":"wp","href":"https:\/\/api.w.org\/{rel}","templated":true}]}}