{"id":98,"date":"2021-01-18T15:49:15","date_gmt":"2021-01-18T18:49:15","guid":{"rendered":"https:\/\/wp.ufpel.edu.br\/linguisticaliteraturaearte\/?page_id=98"},"modified":"2023-03-31T09:04:24","modified_gmt":"2023-03-31T12:04:24","slug":"pagina-inicial","status":"publish","type":"page","link":"https:\/\/wp.ufpel.edu.br\/linguisticaliteraturaearte\/","title":{"rendered":"P\u00e1gina Inicial"},"content":{"rendered":"<div id=\"pl-98\"  class=\"panel-layout\" ><div id=\"pg-98-0\"  class=\"panel-grid panel-no-style\" ><div id=\"pgc-98-0-0\"  class=\"panel-grid-cell\" ><div id=\"panel-98-0-0-0\" class=\"so-panel widget widget_circleicon-widget panel-first-child panel-last-child\" data-index=\"0\" >\t\t<div class=\"circle-icon-box circle-icon-position-top circle-icon-hide-box circle-icon-size-small \">\n\t\t\t\t\t\t\t<div class=\"circle-icon-wrapper\">\n\t\t\t\t\t\t\t\t\t\t<a href=\"https:\/\/wp.ufpel.edu.br\/linguisticaliteraturaearte\/category\/eventos\/\" class=\"link-icon\" >\t\t\t\t\t<div class=\"circle-icon icon-style-set\" style=\"background-color: #8224e3\">\n\t\t\t\t\t\t\t\t\t\t\t\t\t<div\n\t\t\t\t\t\t\t\tclass=\"fa fa-calendar  icon-style-set\"\n\t\t\t\t\t\t\t\t\t\t\t\t\t\t\t><\/div>\n\t\t\t\t\t\t\t\t\t\t\t<\/div>\n\t\t\t\t\t<\/a>\t\t\t\t<\/div>\n\t\t\t\n\t\t\t\t\t\t\t<a\n\t\t\t\t\thref=\"https:\/\/wp.ufpel.edu.br\/linguisticaliteraturaearte\/category\/eventos\/\"\n\t\t\t\t\tclass=\"link-title\" \t\t\t\t>\n\t\t\t\t\t\t\t\t\t\t<h4 >\n\t\t\t\t\tEventos\t\t\t\t<\/h4>\n\t\t\t\t\t\t\t\t\t\t<\/a>\n\t\t\t\n\t\t\t\t\t\t\t<p class=\"text\" >\n\t\t\t\tFique por dentro\t\t\t<\/p>\n\t\t\t\t\t\t\t\t\t\t<a\n\t\t\t\t\thref=\"https:\/\/wp.ufpel.edu.br\/linguisticaliteraturaearte\/category\/eventos\/\"\n\t\t\t\t\tclass=\"more-button\"\n\t\t\t\t\t\t\t\t\t>\n\t\t\t\t\tSaiba mais\t\t\t\t\t<i><\/i>\n\t\t\t\t<\/a>\n\t\t\t\t\t<\/div>\n\t\t<\/div><\/div><div id=\"pgc-98-0-1\"  class=\"panel-grid-cell\" ><div id=\"panel-98-0-1-0\" class=\"so-panel widget widget_circleicon-widget panel-first-child panel-last-child\" data-index=\"1\" >\t\t<div class=\"circle-icon-box circle-icon-position-top circle-icon-hide-box circle-icon-size-small \">\n\t\t\t\t\t\t\t<div class=\"circle-icon-wrapper\">\n\t\t\t\t\t\t\t\t\t\t<a href=\"https:\/\/wp.ufpel.edu.br\/linguisticaliteraturaearte\/podcast\" class=\"link-icon\" target=\"_blank\">\t\t\t\t\t<div class=\"circle-icon icon-style-set\" style=\"background-color: #b5179e\">\n\t\t\t\t\t\t\t\t\t\t\t\t\t<div\n\t\t\t\t\t\t\t\tclass=\"fa fa-headphones  icon-style-set\"\n\t\t\t\t\t\t\t\t\t\t\t\t\t\t\t><\/div>\n\t\t\t\t\t\t\t\t\t\t\t<\/div>\n\t\t\t\t\t<\/a>\t\t\t\t<\/div>\n\t\t\t\n\t\t\t\t\t\t\t<a\n\t\t\t\t\thref=\"https:\/\/wp.ufpel.edu.br\/linguisticaliteraturaearte\/podcast\"\n\t\t\t\t\tclass=\"link-title\" target=&quot;_blank&quot;\t\t\t\t>\n\t\t\t\t\t\t\t\t\t\t<h4 >\n\t\t\t\t\tPodcast\t\t\t\t<\/h4>\n\t\t\t\t\t\t\t\t\t\t<\/a>\n\t\t\t\n\t\t\t\t\t\t\t<p class=\"text\" >\n\t\t\t\tOu\u00e7a agora\t\t\t<\/p>\n\t\t\t\t\t\t\t\t\t\t<a\n\t\t\t\t\thref=\"https:\/\/wp.ufpel.edu.br\/linguisticaliteraturaearte\/podcast\"\n\t\t\t\t\tclass=\"more-button\"\n\t\t\t\t\ttarget=&quot;_blank&quot;\t\t\t\t>\n\t\t\t\t\tSaiba mais\t\t\t\t\t<i><\/i>\n\t\t\t\t<\/a>\n\t\t\t\t\t<\/div>\n\t\t<\/div><\/div><div id=\"pgc-98-0-2\"  class=\"panel-grid-cell\" ><div id=\"panel-98-0-2-0\" class=\"so-panel widget widget_circleicon-widget panel-first-child panel-last-child\" data-index=\"2\" >\t\t<div class=\"circle-icon-box circle-icon-position-top circle-icon-hide-box circle-icon-size-small \">\n\t\t\t\t\t\t\t<div class=\"circle-icon-wrapper\">\n\t\t\t\t\t\t\t\t\t\t<a href=\"https:\/\/wp.ufpel.edu.br\/linguisticaliteraturaearte\/indicacoes\/\" class=\"link-icon\" target=\"_blank\">\t\t\t\t\t<div class=\"circle-icon icon-style-set\" style=\"background-color: #fca311\">\n\t\t\t\t\t\t\t\t\t\t\t\t\t<div\n\t\t\t\t\t\t\t\tclass=\"fa fa-info  icon-style-set\"\n\t\t\t\t\t\t\t\t\t\t\t\t\t\t\t><\/div>\n\t\t\t\t\t\t\t\t\t\t\t<\/div>\n\t\t\t\t\t<\/a>\t\t\t\t<\/div>\n\t\t\t\n\t\t\t\t\t\t\t<a\n\t\t\t\t\thref=\"https:\/\/wp.ufpel.edu.br\/linguisticaliteraturaearte\/indicacoes\/\"\n\t\t\t\t\tclass=\"link-title\" target=&quot;_blank&quot;\t\t\t\t>\n\t\t\t\t\t\t\t\t\t\t<h4 >\n\t\t\t\t\tIndica\u00e7\u00f5es\t\t\t\t<\/h4>\n\t\t\t\t\t\t\t\t\t\t<\/a>\n\t\t\t\n\t\t\t\t\t\t\t<p class=\"text\" >\n\t\t\t\tLeituras, podcasts, canais...\t\t\t<\/p>\n\t\t\t\t\t\t\t\t\t\t<a\n\t\t\t\t\thref=\"https:\/\/wp.ufpel.edu.br\/linguisticaliteraturaearte\/indicacoes\/\"\n\t\t\t\t\tclass=\"more-button\"\n\t\t\t\t\ttarget=&quot;_blank&quot;\t\t\t\t>\n\t\t\t\t\tSaiba mais\t\t\t\t\t<i><\/i>\n\t\t\t\t<\/a>\n\t\t\t\t\t<\/div>\n\t\t<\/div><\/div><\/div><div id=\"pg-98-1\"  class=\"panel-grid panel-has-style\" ><div class=\"wide-grey panel-row-style panel-row-style-for-98-1\" ><div id=\"pgc-98-1-0\"  class=\"panel-grid-cell\" ><div id=\"panel-98-1-0-0\" class=\"so-panel widget widget_headline-widget panel-first-child panel-last-child\" data-index=\"3\" >\t\t<h1>LingLit&amp;Art est\u00e1 no ar!<\/h1>\n\t\t<div class=\"decoration\"><div class=\"decoration-inside\"><\/div><\/div>\n\t\t<h3>Ou\u00e7a nosso primeiro epis\u00f3dio - mais detalhes em \"Podcast\"<\/h3>\n\t\t<\/div><\/div><\/div><\/div><div id=\"pg-98-2\"  class=\"panel-grid panel-no-style\" ><div id=\"pgc-98-2-0\"  class=\"panel-grid-cell\" ><div id=\"panel-98-2-0-0\" class=\"so-panel widget widget_siteorigin-panels-postloop panel-first-child panel-last-child\" data-index=\"4\" ><h3 class=\"widget-title\"><span class=\"vantage-carousel-title\"><span class=\"vantage-carousel-title-text\">\u00daltimos posts<\/span><a href=\"#\" class=\"next\" title=\"Pr\u00f3ximo\"><span class=\"vantage-icon-arrow-right\"><\/span><\/a><a href=\"#\" class=\"previous\" title=\"Anterior\"><span class=\"vantage-icon-arrow-left\"><\/span><\/a><\/span><\/h3><div class=\"vantage-carousel-wrapper\">\n\t\n\t<ul\n\t\tclass=\"vantage-carousel\"\n\t\tdata-query=\"{&quot;post_status&quot;:&quot;publish&quot;,&quot;posts_per_page&quot;:4,&quot;post_type&quot;:&quot;post&quot;,&quot;tax_query_relation&quot;:&quot;OR&quot;,&quot;date_type&quot;:&quot;specific&quot;,&quot;date_query&quot;:{&quot;after&quot;:&quot;&quot;,&quot;before&quot;:&quot;&quot;,&quot;inclusive&quot;:true},&quot;date_query_relative&quot;:&quot;{\\&quot;from\\&quot;:{\\&quot;value\\&quot;:0,\\&quot;unit\\&quot;:\\&quot;days\\&quot;},\\&quot;to\\&quot;:{\\&quot;value\\&quot;:0,\\&quot;unit\\&quot;:\\&quot;days\\&quot;}}&quot;,&quot;orderby&quot;:&quot;date&quot;,&quot;order&quot;:&quot;DESC&quot;,&quot;post__not_in&quot;:[98,98],&quot;paged&quot;:1,&quot;fields&quot;:&quot;all&quot;,&quot;lazy_load_term_meta&quot;:true}\"\n\t\tdata-ajax-url=\"https:\/\/wp.ufpel.edu.br\/linguisticaliteraturaearte\/wp-admin\/admin-ajax.php?vantage_carousel_nonce=9da1f870bb\"\n\t>\n\t\t\t\t\t<li class=\"carousel-entry\">\n\t\t\t\t<div class=\"thumbnail\">\n\t\t\t\t\t\t\t\t\t\t\t<a href=\"https:\/\/wp.ufpel.edu.br\/linguisticaliteraturaearte\/2026\/04\/24\/programacao-completa-iii-encontro-linglitart\/\" class=\"default-thumbnail\"><span class=\"vantage-overlay\"><\/span><\/a>\n\t\t\t\t\t\t\t\t\t<\/div>\n\t\t\t\t\t\t\t\t<h3><a href=\"https:\/\/wp.ufpel.edu.br\/linguisticaliteraturaearte\/2026\/04\/24\/programacao-completa-iii-encontro-linglitart\/\">Programa\u00e7\u00e3o completa &#8211; III Encontro LingLit&#038;Art<\/a><\/h3>\n\t\t\t<\/li>\n\t\t\t\t\t<li class=\"carousel-entry\">\n\t\t\t\t<div class=\"thumbnail\">\n\t\t\t\t\t\t\t\t\t\t\t<a href=\"https:\/\/wp.ufpel.edu.br\/linguisticaliteraturaearte\/2026\/04\/20\/incricoes-abertas-iii-encontro-linglitart\/\" class=\"default-thumbnail\"><span class=\"vantage-overlay\"><\/span><\/a>\n\t\t\t\t\t\t\t\t\t<\/div>\n\t\t\t\t\t\t\t\t<h3><a href=\"https:\/\/wp.ufpel.edu.br\/linguisticaliteraturaearte\/2026\/04\/20\/incricoes-abertas-iii-encontro-linglitart\/\">Inscri\u00e7\u00f5es abertas &#8211; III Encontro LingLit&#038;Art<\/a><\/h3>\n\t\t\t<\/li>\n\t\t\t\t\t<li class=\"carousel-entry\">\n\t\t\t\t<div class=\"thumbnail\">\n\t\t\t\t\t\t\t\t\t\t\t<a href=\"https:\/\/wp.ufpel.edu.br\/linguisticaliteraturaearte\/2023\/04\/10\/convite-defesa-de-tcc-2\/\" class=\"default-thumbnail\"><span class=\"vantage-overlay\"><\/span><\/a>\n\t\t\t\t\t\t\t\t\t<\/div>\n\t\t\t\t\t\t\t\t<h3><a href=\"https:\/\/wp.ufpel.edu.br\/linguisticaliteraturaearte\/2023\/04\/10\/convite-defesa-de-tcc-2\/\">Convite &#8211; Defesa de TCC<\/a><\/h3>\n\t\t\t<\/li>\n\t\t\t\t\t<li class=\"carousel-entry\">\n\t\t\t\t<div class=\"thumbnail\">\n\t\t\t\t\t\t\t\t\t\t\t<a href=\"https:\/\/wp.ufpel.edu.br\/linguisticaliteraturaearte\/2023\/04\/09\/convite-defesa-de-tcc\/\" class=\"default-thumbnail\"><span class=\"vantage-overlay\"><\/span><\/a>\n\t\t\t\t\t\t\t\t\t<\/div>\n\t\t\t\t\t\t\t\t<h3><a href=\"https:\/\/wp.ufpel.edu.br\/linguisticaliteraturaearte\/2023\/04\/09\/convite-defesa-de-tcc\/\">Convite &#8211; Defesa de TCC<\/a><\/h3>\n\t\t\t<\/li>\n\t\t\t<\/ul>\n<\/div>\n<\/div><\/div><div id=\"pgc-98-2-1\"  class=\"panel-grid-cell\" ><div id=\"panel-98-2-1-0\" class=\"so-panel widget widget_tag_cloud panel-first-child\" data-index=\"5\" ><h3 class=\"widget-title\">Tags<\/h3><div class=\"tagcloud\"><a href=\"https:\/\/wp.ufpel.edu.br\/linguisticaliteraturaearte\/tag\/criacao-literaria\/\" class=\"tag-cloud-link tag-link-16 tag-link-position-1\" style=\"font-size: 8pt;\" aria-label=\"cria\u00e7\u00e3o liter\u00e1ria (1 item)\">cria\u00e7\u00e3o liter\u00e1ria<\/a>\n<a href=\"https:\/\/wp.ufpel.edu.br\/linguisticaliteraturaearte\/tag\/dicas\/\" class=\"tag-cloud-link tag-link-21 tag-link-position-2\" style=\"font-size: 8pt;\" aria-label=\"dicas (1 item)\">dicas<\/a>\n<a href=\"https:\/\/wp.ufpel.edu.br\/linguisticaliteraturaearte\/tag\/escrita\/\" class=\"tag-cloud-link tag-link-18 tag-link-position-3\" style=\"font-size: 8pt;\" aria-label=\"escrita (1 item)\">escrita<\/a>\n<a href=\"https:\/\/wp.ufpel.edu.br\/linguisticaliteraturaearte\/tag\/escrita-criativa\/\" class=\"tag-cloud-link tag-link-23 tag-link-position-4\" style=\"font-size: 8pt;\" aria-label=\"escrita criativa (1 item)\">escrita criativa<\/a>\n<a href=\"https:\/\/wp.ufpel.edu.br\/linguisticaliteraturaearte\/tag\/evento\/\" class=\"tag-cloud-link tag-link-4 tag-link-position-5\" style=\"font-size: 16.4pt;\" aria-label=\"evento (2 itens)\">evento<\/a>\n<a href=\"https:\/\/wp.ufpel.edu.br\/linguisticaliteraturaearte\/tag\/eventos\/\" class=\"tag-cloud-link tag-link-22 tag-link-position-6\" style=\"font-size: 8pt;\" aria-label=\"Eventos (1 item)\">Eventos<\/a>\n<a href=\"https:\/\/wp.ufpel.edu.br\/linguisticaliteraturaearte\/tag\/extensao\/\" class=\"tag-cloud-link tag-link-7 tag-link-position-7\" style=\"font-size: 8pt;\" aria-label=\"extens\u00e3o (1 item)\">extens\u00e3o<\/a>\n<a href=\"https:\/\/wp.ufpel.edu.br\/linguisticaliteraturaearte\/tag\/grupo-de-estudos\/\" class=\"tag-cloud-link tag-link-17 tag-link-position-8\" style=\"font-size: 8pt;\" aria-label=\"grupo de estudos (1 item)\">grupo de estudos<\/a>\n<a href=\"https:\/\/wp.ufpel.edu.br\/linguisticaliteraturaearte\/tag\/leitura-compartilhada\/\" class=\"tag-cloud-link tag-link-8 tag-link-position-9\" style=\"font-size: 8pt;\" aria-label=\"leitura compartilhada (1 item)\">leitura compartilhada<\/a>\n<a href=\"https:\/\/wp.ufpel.edu.br\/linguisticaliteraturaearte\/tag\/literatura\/\" class=\"tag-cloud-link tag-link-19 tag-link-position-10\" style=\"font-size: 16.4pt;\" aria-label=\"literatura (2 itens)\">literatura<\/a>\n<a href=\"https:\/\/wp.ufpel.edu.br\/linguisticaliteraturaearte\/tag\/online\/\" class=\"tag-cloud-link tag-link-5 tag-link-position-11\" style=\"font-size: 22pt;\" aria-label=\"online (3 itens)\">online<\/a>\n<a href=\"https:\/\/wp.ufpel.edu.br\/linguisticaliteraturaearte\/tag\/poesia\/\" class=\"tag-cloud-link tag-link-20 tag-link-position-12\" style=\"font-size: 8pt;\" aria-label=\"poesia (1 item)\">poesia<\/a>\n<a href=\"https:\/\/wp.ufpel.edu.br\/linguisticaliteraturaearte\/tag\/projeto\/\" class=\"tag-cloud-link tag-link-6 tag-link-position-13\" style=\"font-size: 8pt;\" aria-label=\"projeto (1 item)\">projeto<\/a><\/div>\n<\/div><div id=\"panel-98-2-1-1\" class=\"so-panel widget widget_search panel-last-child\" data-index=\"6\" >\n<form method=\"get\" class=\"searchform\" action=\"https:\/\/wp.ufpel.edu.br\/linguisticaliteraturaearte\/\" role=\"search\">\n\t<label for=\"search-form\" class=\"screen-reader-text\">Search for:<\/label>\n\t<input type=\"search\" name=\"s\" class=\"field\" id=\"search-form\" value=\"\" placeholder=\"Busca\"\/>\n<\/form>\n<\/div><\/div><\/div><\/div>","protected":false},"excerpt":{"rendered":"","protected":false},"author":1059,"featured_media":0,"parent":0,"menu_order":0,"comment_status":"closed","ping_status":"closed","template":"home-panels.php","meta":{"footnotes":""},"class_list":["post-98","page","type-page","status-publish","hentry","post"],"jetpack_sharing_enabled":true,"_links":{"self":[{"href":"https:\/\/wp.ufpel.edu.br\/linguisticaliteraturaearte\/wp-json\/wp\/v2\/pages\/98","targetHints":{"allow":["GET"]}}],"collection":[{"href":"https:\/\/wp.ufpel.edu.br\/linguisticaliteraturaearte\/wp-json\/wp\/v2\/pages"}],"about":[{"href":"https:\/\/wp.ufpel.edu.br\/linguisticaliteraturaearte\/wp-json\/wp\/v2\/types\/page"}],"author":[{"embeddable":true,"href":"https:\/\/wp.ufpel.edu.br\/linguisticaliteraturaearte\/wp-json\/wp\/v2\/users\/1059"}],"replies":[{"embeddable":true,"href":"https:\/\/wp.ufpel.edu.br\/linguisticaliteraturaearte\/wp-json\/wp\/v2\/comments?post=98"}],"version-history":[{"count":20,"href":"https:\/\/wp.ufpel.edu.br\/linguisticaliteraturaearte\/wp-json\/wp\/v2\/pages\/98\/revisions"}],"predecessor-version":[{"id":396,"href":"https:\/\/wp.ufpel.edu.br\/linguisticaliteraturaearte\/wp-json\/wp\/v2\/pages\/98\/revisions\/396"}],"wp:attachment":[{"href":"https:\/\/wp.ufpel.edu.br\/linguisticaliteraturaearte\/wp-json\/wp\/v2\/media?parent=98"}],"curies":[{"name":"wp","href":"https:\/\/api.w.org\/{rel}","templated":true}]}}