{"id":278,"date":"2021-01-21T09:20:13","date_gmt":"2021-01-21T12:20:13","guid":{"rendered":"https:\/\/wp.ufpel.edu.br\/linguisticaliteraturaearte\/?page_id=278"},"modified":"2022-07-21T15:49:41","modified_gmt":"2022-07-21T18:49:41","slug":"apresentacao","status":"publish","type":"page","link":"https:\/\/wp.ufpel.edu.br\/linguisticaliteraturaearte\/sobre\/apresentacao\/","title":{"rendered":"Apresenta\u00e7\u00e3o"},"content":{"rendered":"<p style=\"text-align: justify;\"><span style=\"font-size: 12pt;\">Uma vista d\u2019olhos sobre o desenvolvimento da lingu\u00edstica no s\u00e9culo XX mostra que a ci\u00eancia da linguagem se constituiu a partir da reflex\u00e3o proposta por alguns pensadores exponenciais, dentre eles, Ferdinand de Saussure, Roman Jakobson, \u00c9mile Benveniste, Mikhail Bakhtin (conjuntamente com outros pensadores do C\u00edrculo).<\/span><\/p>\n<p style=\"text-align: justify;\"><span style=\"font-weight: 400; font-size: 12pt;\">Por certo, encontramos, dentre os pensadores citados, diverg\u00eancias e especificidades te\u00f3ricas. No entanto, um olhar mais atento \u00e0s suas obras, buscando consider\u00e1-las como um sistema de pensamento, em que n\u00e3o se promova a categoriza\u00e7\u00e3o ou recortes de seus trabalhos, evitando, assim, que se incorra em reducionismos, mostra que suas reflex\u00f5es n\u00e3o se furtaram a buscar um di\u00e1logo interdisciplinar.<\/span><\/p>\n<p style=\"text-align: justify;\"><span style=\"font-weight: 400; font-size: 12pt;\">\u00c9 comum que se encontre, em tais pensadores, discuss\u00f5es pertinentes \u00e0 intersec\u00e7\u00e3o entre l\u00edngua, literatura, tradu\u00e7\u00e3o, arte, altera\u00e7\u00f5es de linguagem. Em Jakobson e Bakhtin, tais discuss\u00f5es s\u00e3o constitutivas de suas obras, em Saussure e Benveniste, conheceram-se esses interesses, em especial, ap\u00f3s a publica\u00e7\u00e3o dos Anagramas por Jean Starobinski, em 1971, e do Dossi\u00ea Baudelaire, por Chlo\u00e9 Laplantine, em 2011, respectivamente.<\/span><\/p>\n<p style=\"text-align: justify;\"><span style=\"font-weight: 400; font-size: 12pt;\">O desenvolvimento da lingu\u00edstica no s\u00e9culo XX, contudo, deu-se a partir de cis\u00f5es cada vez mais precisas, que, a fim de cumprir com seus prop\u00f3sitos vinculados a uma concep\u00e7\u00e3o de cientificidade, operou com recortes, classifica\u00e7\u00f5es e, por vezes, reduziu o potencial de di\u00e1logo e o alcance de obras t\u00e3o complexas.<\/span><\/p>\n<p style=\"text-align: justify;\"><span style=\"font-weight: 400; font-size: 12pt;\">Com o objetivo de retomar justamente esse debate de intersec\u00e7\u00e3o, de entre-lugar, o grupo denominado &#8220;Lingu\u00edstica, literatura e arte\u201d, vinculado ao CNPq, prop\u00f5e-se como um espa\u00e7o de interlocu\u00e7\u00e3o para pesquisadores vinculados \u00e0s \u00e1reas de lingu\u00edstica, de literatura e de arte. O grupo iniciou suas atividades em 2019 e conta, hoje, com pesquisadores de diferentes Institui\u00e7\u00f5es de Ensino Superior (IES), tais como UFPEL, UFRGS, PUC, UNISINOS, UEA e UFAC. Fazem parte do grupo professores, doutorandos, mestrandos, alunos de gradua\u00e7\u00e3o, al\u00e9m de egressos dessas IES.<\/span><\/p>\n","protected":false},"excerpt":{"rendered":"<p>Uma vista d\u2019olhos sobre o desenvolvimento da lingu\u00edstica no s\u00e9culo XX mostra que a ci\u00eancia da linguagem se constituiu a partir da reflex\u00e3o proposta por alguns pensadores exponenciais, dentre eles, Ferdinand de Saussure, Roman Jakobson, \u00c9mile Benveniste, Mikhail Bakhtin (conjuntamente com outros pensadores do C\u00edrculo). Por certo, encontramos, dentre os pensadores citados, diverg\u00eancias e especificidades [&hellip;]<\/p>\n","protected":false},"author":1059,"featured_media":0,"parent":2,"menu_order":0,"comment_status":"closed","ping_status":"closed","template":"","meta":{"footnotes":""},"class_list":["post-278","page","type-page","status-publish","hentry","post"],"jetpack_sharing_enabled":true,"_links":{"self":[{"href":"https:\/\/wp.ufpel.edu.br\/linguisticaliteraturaearte\/wp-json\/wp\/v2\/pages\/278","targetHints":{"allow":["GET"]}}],"collection":[{"href":"https:\/\/wp.ufpel.edu.br\/linguisticaliteraturaearte\/wp-json\/wp\/v2\/pages"}],"about":[{"href":"https:\/\/wp.ufpel.edu.br\/linguisticaliteraturaearte\/wp-json\/wp\/v2\/types\/page"}],"author":[{"embeddable":true,"href":"https:\/\/wp.ufpel.edu.br\/linguisticaliteraturaearte\/wp-json\/wp\/v2\/users\/1059"}],"replies":[{"embeddable":true,"href":"https:\/\/wp.ufpel.edu.br\/linguisticaliteraturaearte\/wp-json\/wp\/v2\/comments?post=278"}],"version-history":[{"count":6,"href":"https:\/\/wp.ufpel.edu.br\/linguisticaliteraturaearte\/wp-json\/wp\/v2\/pages\/278\/revisions"}],"predecessor-version":[{"id":575,"href":"https:\/\/wp.ufpel.edu.br\/linguisticaliteraturaearte\/wp-json\/wp\/v2\/pages\/278\/revisions\/575"}],"up":[{"embeddable":true,"href":"https:\/\/wp.ufpel.edu.br\/linguisticaliteraturaearte\/wp-json\/wp\/v2\/pages\/2"}],"wp:attachment":[{"href":"https:\/\/wp.ufpel.edu.br\/linguisticaliteraturaearte\/wp-json\/wp\/v2\/media?parent=278"}],"curies":[{"name":"wp","href":"https:\/\/api.w.org\/{rel}","templated":true}]}}