{"id":129,"date":"2020-12-08T20:24:53","date_gmt":"2020-12-08T23:24:53","guid":{"rendered":"https:\/\/wp.ufpel.edu.br\/linguisticaliteraturaearte\/?page_id=129"},"modified":"2025-06-11T10:40:30","modified_gmt":"2025-06-11T13:40:30","slug":"artigos","status":"publish","type":"page","link":"https:\/\/wp.ufpel.edu.br\/linguisticaliteraturaearte\/publicacoes\/artigos\/","title":{"rendered":"Artigos"},"content":{"rendered":"<h4><span style=\"color: #000000;\">2025<\/span><\/h4>\n<p>&nbsp;<\/p>\n<h4 style=\"text-align: justify;\"><strong><span style=\"color: #000000;\">&#8220;\u00c0 escuta de Manuel Bandeira&#8221;<\/span><\/strong><\/h4>\n<p><span style=\"color: #000000;\"><strong>Link: <\/strong><a style=\"color: #000000;\" href=\"https:\/\/seer.ufrgs.br\/index.php\/cadernosdoil\/article\/view\/144848\">https:\/\/seer.ufrgs.br\/index.php\/cadernosdoil\/article\/view\/144848<\/a><\/span><\/p>\n<p style=\"text-align: justify;\"><span style=\"color: #000000;\"><strong>Como citar: <\/strong>AYUB, Gibran Alves; MILANO, Luiza Ely. <\/span><span style=\"color: #000000;\">\u00c0 escuta de Manuel Bandeira<\/span><span style=\"color: #000000;\">. <em>\u00a0Cadernos do IL<\/em>, [S. l.], n. 68, p. 213\u2013232, 2025.<\/span><\/p>\n<p>&nbsp;<\/p>\n<h4 style=\"text-align: justify;\"><strong><span style=\"color: #000000;\">&#8220;A arte da linguagem: a constru\u00e7\u00e3o da signific\u00e2ncia em letras de can\u00e7\u00f5es de Elza Soares&#8221;<\/span><\/strong><\/h4>\n<p><span style=\"color: #000000;\"><strong>Link: <\/strong><a style=\"color: #000000;\" href=\"https:\/\/periodicos.ufpel.edu.br\/index.php\/cadernodeletras\/article\/view\/28163\">https:\/\/periodicos.ufpel.edu.br\/index.php\/cadernodeletras\/article\/view\/28163<\/a><\/span><\/p>\n<p style=\"text-align: justify;\"><span style=\"color: #000000;\"><strong>Como citar: <\/strong>AFONSO, Daiane.; NEUMANN, Daiane. <\/span><span style=\"color: #000000;\">A arte da linguagem: a constru\u00e7\u00e3o da signific\u00e2ncia em letras de can\u00e7\u00f5es de Elza Soares<\/span><span style=\"color: #000000;\">. <em>Caderno De Letras<\/em>, (50), 59-74, 2025.<\/span><\/p>\n<p>&nbsp;<\/p>\n<h4><span style=\"color: #000000;\">2024<\/span><\/h4>\n<p>&nbsp;<\/p>\n<h4 style=\"text-align: justify;\"><strong><span style=\"color: #000000;\">&#8220;El ritme en el ensayo &#8216;Feminismo perfumado&#8217;, de Alfonsina Storni&#8221;<\/span><\/strong><\/h4>\n<p><span style=\"color: #000000;\"><strong>Link:<\/strong> <a style=\"color: #000000;\" href=\"https:\/\/www.revistas.una.ac.cr\/index.php\/letras\/article\/view\/20237\">https:\/\/www.revistas.una.ac.cr\/index.php\/letras\/article\/view\/20237<\/a><\/span><\/p>\n<p style=\"text-align: justify;\"><span style=\"color: #000000;\"><strong>Como citar: <\/strong>NEUMANN, Daiane.; VIDALES, Antonella. R. S. . El ritmo en el ensayo &#8220;Feminismo perfumado&#8221;, de Alfonsina Storni. LETRAS, p. 20-35, 2024<\/span><\/p>\n<p>&nbsp;<\/p>\n<h4 style=\"text-align: justify;\"><span style=\"color: #000000;\"><strong>&#8220;\u00c0 fun\u00e7\u00e3o po\u00e9tica da linguagem em Roman Jakobson.&#8221;<\/strong><\/span><\/h4>\n<p style=\"text-align: justify;\"><span style=\"color: #000000;\"><strong>Link: <\/strong>https:\/\/periodicos.uea.edu.br\/index.php\/fiosdeletras\/article\/view\/3445\/1812<\/span><\/p>\n<p style=\"text-align: justify;\"><span style=\"color: #000000;\"><strong>Como citar: <\/strong>STEVANIN, Augusto; MILANO, Luiza. \u00c0 fun\u00e7\u00e3o po\u00e9tica da linguagem em Roman Jakobson. Fios da Letras, v. 1, n. 1, 2024. Link:<\/span><\/p>\n<p>&nbsp;<\/p>\n<h4><span style=\"color: #000000;\">&#8220;Apreendendo a l\u00edngua em discurso: uma rela\u00e7\u00e3o indissoci\u00e1vel entre l\u00edngua e sociedade.&#8221;<\/span><\/h4>\n<p><span style=\"color: #000000;\"><strong>Link:<\/strong>\u00a0<a style=\"color: #000000;\" href=\"http:\/\/revistas.urca.br\/index.php\/MigREN\/article\/view\/1166\"><strong>http:\/\/revistas.urca.br\/index.php\/MigREN\/article\/view\/1166<\/strong><\/a><\/span><\/p>\n<p style=\"text-align: justify;\"><span style=\"color: #000000;\"><strong>Como citar:<\/strong> RODRIGUES DA SILVA, Andr\u00e9; NEUMANN, Daiane.<strong> Apreendendo a l\u00edngua em discurso: uma rela\u00e7\u00e3o indissoci\u00e1vel entre l\u00edngua e sociedade.<\/strong> Miguilim \u2013Revista Eletr\u00f4nica do Netlli | v. 13, n. 1, p. 73-82, jan.-abr. 2024<\/span><\/p>\n<p>&nbsp;<\/p>\n<p>&nbsp;<\/p>\n<h4><strong>&#8220;<span style=\"color: #000000;\">Algumas considera\u00e7\u00f5es sobre as dualidades conceituais saussurianas.&#8221;<\/span><\/strong><\/h4>\n<p><strong>Link:<span style=\"color: #000000;\">\u00a0<a style=\"color: #000000;\" href=\"https:\/\/periodicos.ufpel.edu.br\/index.php\/rle\/article\/view\/26711\">https:\/\/periodicos.ufpel.edu.br\/index.php\/rle\/article\/view\/26711<\/a><\/span><\/strong><\/p>\n<p><span style=\"color: #000000;\"><strong>Como citar: <\/strong>Milano, L., &amp; da Silveira Riter, C. (2024). Algumas considera\u00e7\u00f5es sobre as dualidades conceituais saussurianas.\u00a0<i>Revista Linguagem &amp; Ensino<\/i>,\u00a0<i>27<\/i>(1), 18-29.\u00a0<\/span><span style=\"color: #000000;\">\u00a0<\/span><\/p>\n<p>&nbsp;<\/p>\n<p>&nbsp;<\/p>\n<h4><span style=\"color: #000000;\"><strong>2023<\/strong><\/span><\/h4>\n<p>&nbsp;<\/p>\n<h4 style=\"text-align: justify;\"><span style=\"color: #000000;\"><strong>&#8220;Um olhar Bakhtiniano sobre a constru\u00e7\u00e3o vocal de pessoas com diversidade de g\u00eanero&#8221;<\/strong><\/span><\/h4>\n<p style=\"text-align: justify;\"><span style=\"color: #000000;\"><strong>Link: <\/strong><a style=\"color: #000000;\" href=\"https:\/\/periodicos.unb.br\/index.php\/vozecena\/article\/view\/54578\/406924\">https:\/\/periodicos.unb.br\/index.php\/vozecena\/article\/view\/54578\/406924 <\/a><\/span><\/p>\n<p style=\"text-align: justify;\"><span style=\"color: #000000;\"><strong>Como citar:<\/strong> BITENCOURT, <\/span><span style=\"color: #000000;\">Isadora Annes, . Um olhar bakhtiniano sobre a constru\u00e7\u00e3o vocal de pessoas com diversidade de g\u00eanero. 2023. Artigos -vRevista Voz e Cena -Bras\u00edlia, v. 05, n\u00ba 01, janeiro-junho\/2024-pp. 185-206.ISSN: 2675-4584<\/span><\/p>\n<p>&nbsp;<\/p>\n<h4><span style=\"color: #000000;\"><strong>&#8220;Entre o articulat\u00f3rio, o ac\u00fastico e o representacional: uma releitura do significante.&#8221;<\/strong><\/span><\/h4>\n<p><span style=\"color: #000000;\"><strong>Link: <\/strong><a style=\"color: #000000;\" href=\"https:\/\/periodicos.ufpel.edu.br\/index.php\/rle\/article\/view\/25640\">https:\/\/periodicos.ufpel.edu.br\/index.php\/rle\/article\/view\/25640<\/a><\/span><\/p>\n<p><span style=\"color: #000000;\"><strong>Como citar: <\/strong>MILANO, L;. RITER, C. Entre o articulat\u00f3rio, o ac\u00fastico e o representacional: uma releitura do significante. Revista Linguagem &amp; Ensino, v. 26, n. 2, p. 270-281, 2023.<\/span><\/p>\n<p>&nbsp;<\/p>\n<h4><strong><span style=\"color: #000000;\">&#8220;Poema e ritmo em Meschonnic: uma continua\u00e7\u00e3o da lingu\u00edstica do car\u00e1ter de Humboldt&#8221;<\/span><\/strong><\/h4>\n<p><strong><span style=\"color: #000000;\">Link:\u00a0<\/span><\/strong><span style=\"color: #000000;\"><a style=\"color: #000000;\" href=\"https:\/\/periodicos.ufba.br\/index.php\/estudos\/article\/view\/50167\">https:\/\/periodicos.ufba.br\/index.php\/estudos\/article\/view\/50167\u00a0<\/a><\/span><\/p>\n<p style=\"text-align: justify;\"><span style=\"color: #000000;\"><strong>Como citar:<\/strong> VIDALES, A. R. S.. Poema e ritmo em Meschonnic: uma continua\u00e7\u00e3o da lingu\u00edstica do car\u00e1ter de Humboldt. Estudos lingu\u00edsticos e liter\u00e1rios, v. 75, p. 77-92, 2023.<\/span><\/p>\n<p>&nbsp;<\/p>\n<h4><strong>&#8220;<span style=\"color: #000000;\">Cantos de trabalho: um discurso entre a m\u00fasica e a fala.&#8221;<\/span><\/strong><\/h4>\n<p><span style=\"color: #000000;\"><strong>Link: <\/strong><a style=\"color: #000000;\" href=\"https:\/\/hal.science\/hal-04366943v1\/document\">https:\/\/hal.science\/hal-04366943v1\/document<\/a><\/span><\/p>\n<p><span style=\"color: #000000;\"><strong>Como citar: <\/strong>CZARNOBAI DE JORGE, Bianca. Cantos de trabalho: um discurso entre a m\u00fasica e a fala. In: Revista Linguagem &amp; Ensino, v. 26, n. 2, MAIO-AGO, set-dez, 2023.<\/span><\/p>\n<p>&nbsp;<\/p>\n<h4 style=\"text-align: justify;\"><span style=\"color: #000000;\"><strong>&#8221; Entre o articulat\u00f3rio, o ac\u00fastico e o representacional: uma releitura do significante.&#8221;<\/strong><\/span><\/h4>\n<p style=\"text-align: justify;\"><span style=\"color: #000000;\"><strong>Link:<\/strong> <a style=\"color: #000000;\" href=\"https:\/\/doi.org\/10.15210\/rle.v26i2.25640\">https:\/\/doi.org\/10.15210\/rle.v26i2.25640<\/a><\/span><\/p>\n<p style=\"text-align: justify;\"><span style=\"color: #000000;\"><strong>Como citar:<\/strong> MILANO, Luiza; RITER, C.S. Entre o articulat\u00f3rio, o ac\u00fastico e o representacional: uma releitura do significante. Revista Linguagem &amp; Ensino, 26(2), 270-281, 2023.<\/span><\/p>\n<p>&nbsp;<\/p>\n<h4 style=\"text-align: justify;\"><span style=\"color: #000000;\"><strong>&#8220;Valor e significa\u00e7\u00e3o\/sentido: entrela\u00e7amentos e efeitos na teoria saussuriana&#8221; <\/strong><\/span><\/h4>\n<p style=\"text-align: justify;\"><span style=\"color: #000000;\"><strong>Link:<\/strong> <a style=\"color: #000000;\" href=\"https:\/\/periodicoscientificos.ufmt.br\/ojs\/index.php\/revdia\/article\/view\/13859\">https:\/\/periodicoscientificos.ufmt.br\/ojs\/index.php\/revdia\/article\/view\/13859 <\/a><\/span><\/p>\n<p style=\"text-align: justify;\"><span style=\"color: #000000;\"><strong>Como citar:<\/strong> Figueiredo, C.P. Valor e significa\u00e7\u00e3o\/sentido: entrela\u00e7amentos e efeitos na teoria saussuriana. Revista Di\u00e1logos, 11(1), 2023, p. 116\u2013130.<\/span><\/p>\n<p>&nbsp;<\/p>\n<h4 style=\"text-align: justify;\"><span style=\"color: #000000;\"><strong>&#8220;As leis fon\u00e9ticas no pensamento saussuriano: conceitualiza\u00e7\u00e3o e relev\u00e2ncia&#8221; <\/strong><\/span><\/h4>\n<p style=\"text-align: justify;\"><span style=\"color: #000000;\"><strong>Link:<\/strong> <a style=\"color: #000000;\" href=\"https:\/\/periodicos.ufpel.edu.br\/index.php\/rle\/article\/view\/25647\">https:\/\/periodicos.ufpel.edu.br\/index.php\/rle\/article\/view\/25647 <\/a><\/span><\/p>\n<p style=\"text-align: justify;\"><span style=\"color: #000000;\"><strong>Como citar:<\/strong> Figueiredo,, C.P. As leis fon\u00e9ticas no pensamento saussuriano: conceitualiza\u00e7\u00e3o e relev\u00e2ncia. Revista Linguagem &amp; Ensino, 26(2), 2023, p. 282-296.<\/span><\/p>\n<p>&nbsp;<\/p>\n<h4 style=\"text-align: justify;\"><span style=\"color: #000000;\"><strong>&#8220;Saussure-Benveniste: uma reflex\u00e3o de m\u00e9todo a partir dos princ\u00edpios semiol\u00f3gicos&#8221; <\/strong><\/span><\/h4>\n<p style=\"text-align: justify;\"><span style=\"color: #000000;\"><strong>Link:<\/strong> <a style=\"color: #000000;\" href=\"https:\/\/seer.ufu.br\/index.php\/dominiosdelinguagem\/article\/view\/64990\">https:\/\/seer.ufu.br\/index.php\/dominiosdelinguagem\/article\/view\/64990 <\/a><\/span><\/p>\n<p style=\"text-align: justify;\"><span style=\"color: #000000;\"><strong>Como citar:<\/strong> FIGUEIREDO, C.P; NEUMANN, D. Saussure-Benveniste: uma reflex\u00e3o de m\u00e9todo a partir dos princ\u00edpios semiol\u00f3gicos. Dom\u00ednios de Lingu@gem, v. 17, 2023, p. 1-21.<\/span><\/p>\n<p>&nbsp;<\/p>\n<h4 style=\"text-align: justify;\"><span style=\"color: #000000;\"><strong>&#8220;Projeto de extens\u00e3o &#8216;PRALER&#8217;: pr\u00e1ticas de leitura, escrita e reescrita como proposta de ensino-aprendizagem de letramento liter\u00e1rio na escola&#8221;<\/strong><\/span><\/h4>\n<p style=\"text-align: justify;\"><span style=\"color: #000000;\"><strong>Link:<\/strong> <a style=\"color: #000000;\" href=\"https:\/\/wp.ufpel.edu.br\/congressoextensao\/files\/2023\/12\/Educac%CC%A7a%CC%83o_rev1.pdf\">https:\/\/wp.ufpel.edu.br\/congressoextensao\/files\/2023\/12\/Educac%CC%A7a%CC%83o_rev1.pdf <\/a><\/span><\/p>\n<p style=\"text-align: justify;\"><span style=\"color: #000000;\"><strong>Como citar:<\/strong> SOUZA, T. G. Projeto de extens\u00e3o &#8220;PRALER&#8221;: Pr\u00e1ticas de Leitura, Escrita e Reescrita como proposta de ensino-aprendizagem de letramento liter\u00e1rio na escola. Anais do X Congresso de Extens\u00e3o e Cultura, nov, 2023.<\/span><\/p>\n<p>&nbsp;<\/p>\n<h4 style=\"text-align: justify;\"><span style=\"color: #000000;\"><strong>&#8220;A escrita de textos escolares em processo: um encontro entre a Gen\u00e9tica Textual e os estudos enunciativos benvenistianos.&#8221;<\/strong><\/span><\/h4>\n<p><span style=\"color: #000000;\"><strong>Link:\u00a0<\/strong><a style=\"color: #000000;\" href=\"https:\/\/www.researchgate.net\/publication\/374794757_A_escrita_de_textos_escolares_em_processo_um_encontro_entre_a_Genetica_Textual_e_os_estudos_enunciativos_benvenistianos\">https:\/\/www.researchgate.net\/publication\/374794757_A_escrita_de_textos_escolares_em_processo_um_encontro_entre_a_Genetica_Textual_e_os_estudos_enunciativos_benvenistianos<\/a><\/span><\/p>\n<p><span style=\"color: #000000;\"><strong>Como citar: <\/strong>STEIN, Jorama. A escrita de textos escolares em processo: um encontro entre a Gen\u00e9tica Textual e os estudos enunciativos benvenistianos. Eutomia, v. 1, p. 134-152, 2023.<\/span><\/p>\n<p>&nbsp;<\/p>\n<h4 style=\"text-align: justify;\"><span style=\"color: #000000;\"><strong>&#8220;Demonstratives &#8216;this&#8217; and &#8216;that&#8217; in Mansfield&#8217;s &#8216;The fly&#8217; and their counterparts in Brazilian Portuguese target texts&#8221; <\/strong><\/span><\/h4>\n<p style=\"text-align: justify;\"><span style=\"color: #000000;\"><strong>Link:<\/strong> <a style=\"color: #000000;\" href=\"https:\/\/recipp.ipp.pt\/bitstream\/10400.22\/24611\/1\/DEMONSTRATIVES%2BTHIS%2BAND%2BTHAT%2BIN%2BMANSFIELD\u2019S%2BTHE%2BFLY.pdf\">https:\/\/recipp.ipp.pt\/bitstream\/10400.22\/24611\/1\/DEMONSTRATIVES%2BTHIS%2BAND%2BTHAT%2BIN%2BMANSFIELD\u2019S%2BTHE%2BFLY.pdf <\/a><\/span><\/p>\n<p style=\"text-align: justify;\"><span style=\"color: #000000;\"><strong>Como citar:<\/strong> RODRIGUES, Roberta Rego. Demonstratives &#8220;this&#8221; and &#8220;that&#8221; in Mansfield&#8217;s &#8216;The fly&#8217; and their counterparts in Brazilian Portuguese target texts. Polissema \u2013 Revista de Letras do ISCAP, v. 23, p. 26-44, 2023.<\/span><\/p>\n<p>&nbsp;<\/p>\n<h4 style=\"text-align: justify;\"><span style=\"color: #000000;\"><strong>&#8220;As personagens em &#8216;Oryx and Crake&#8217; e em seu texto de chegada brasileiro&#8221; <\/strong><\/span><\/h4>\n<p style=\"text-align: justify;\"><span style=\"color: #000000;\"><strong>Link:<\/strong> <a style=\"color: #000000;\" href=\"https:\/\/cti.ufpel.edu.br\/siepe\/arquivos\/2023\/LA_01809.pdf\">https:\/\/cti.ufpel.edu.br\/siepe\/arquivos\/2023\/LA_01809.pdf <\/a><\/span><\/p>\n<p style=\"text-align: justify;\"><span style=\"color: #000000;\"><strong>Como citar:<\/strong> NEVES, Johann Bonow; RODRIGUES, Roberta Rego. As personagens em &#8220;Oryx and Crake&#8221; e em seu texto de chegada brasileiro. XXV Enp\u00f3s, nov. 2023.<\/span><\/p>\n<p>&nbsp;<\/p>\n<p>&nbsp;<\/p>\n<h4 style=\"text-align: justify;\"><span style=\"color: #000000;\"><strong>&#8220;Entre cabras e espinafre: intertextualidade e interseccionalidade em Homens elegantes, de Samir Machado de Machado&#8221; <\/strong><\/span><\/h4>\n<p style=\"text-align: justify;\"><span style=\"color: #000000;\"><strong>Link:<\/strong> <a style=\"color: #000000;\" href=\"https:\/\/oikoseditora.com.br\/files\/Fator%20indispens%C3%A1vel%20de%20humaniza%C3%A7%C3%A3o%20-%20E-book.pdf\">https:\/\/oikoseditora.com.br\/files\/Fator%20indispens%C3%A1vel%20de%20humaniza%C3%A7%C3%A3o%20-%20E-book.pdf <\/a><\/span><\/p>\n<p style=\"text-align: justify;\"><span style=\"color: #000000;\"><strong>Como citar:<\/strong> AYUB, Gibran. Entre cabras e espinafre: intertextualidade e interseccionalidade em Homens elegantes, de Samir Machado de Machado. In: ZILBERMAN, Regina (Org.). &#8220;Fator indispens\u00e1vel de humaniza\u00e7\u00e3o&#8221;: Literatura e Direitos Humanos. 1. ed. S\u00e3o Leopoldo\/RS: Editora Oikos, 2024, p. 180-194.<\/span><\/p>\n<h4><\/h4>\n<h4><span style=\"color: #000000;\"><strong>2022<\/strong><\/span><\/h4>\n<p>&nbsp;<\/p>\n<h4><strong><span style=\"color: #000000;\">&#8220;A tradu\u00e7\u00e3o orientada pelo f\u00f4nico: um olhar saussuriano para duas tradu\u00e7\u00f5es de laranja mec\u00e2nica&#8221;<\/span><\/strong><\/h4>\n<p><span style=\"color: #000000;\"><strong>Link: <\/strong><a style=\"color: #000000;\" href=\"https:\/\/revistas.ufpel.edu.br\/index.php\/letras\/article\/view\/5940\">https:\/\/revistas.ufpel.edu.br\/index.php\/letras\/article\/view\/5940<\/a><\/span><\/p>\n<p><span style=\"color: #000000;\"><strong>Como citar: <\/strong><\/span><span style=\"color: #000000;\">Czarnobai de Jorge, Bianca. A tradu\u00e7\u00e3o orientada pelo f\u00f4nico: um olhar saussuriano para duas tradu\u00e7\u00f5es de laranja mec\u00e2nica. In: Caderno de Letras, (UFPEL), n. 44, 2022. ffhal04366949f<\/span><\/p>\n<p>&nbsp;<\/p>\n<h4><span style=\"color: #000000;\"><strong>&#8220;Saussure-Benveniste: uma reflex\u00e3o de m\u00e9todo a partir dos princ\u00edpios semiol\u00f3gicos&#8221;<\/strong><\/span><\/h4>\n<p><span style=\"color: #000000;\"><strong>Link<\/strong>: <a style=\"color: #000000;\" href=\"https:\/\/seer.ufu.br\/index.php\/dominiosdelinguagem\/article\/view\/64990\">https:\/\/seer.ufu.br\/index.php\/dominiosdelinguagem\/article\/view\/64990<\/a><\/span><\/p>\n<p style=\"text-align: justify;\"><span style=\"color: #000000;\"><strong>Como citar<\/strong>: FIGUEIREDO, Camila Pilotto. Saussure-Benveniste: uma reflex\u00e3o de m\u00e9todo a partir dos princ\u00edpios semiol\u00f3gicos. <strong>Dom\u00ednios de lingu@agem<\/strong>, v. 17, p. 1 &#8211; 21, 2022.<\/span><\/p>\n<p>&nbsp;<\/p>\n<h4><span style=\"color: #000000;\"><strong>&#8220;Os princ\u00edpios fundadores do pensamento benvenistiano e a abertura para an\u00e1lise na literatura&#8221;<\/strong><\/span><\/h4>\n<p><span style=\"color: #000000;\"><strong>Link<\/strong>: <a style=\"color: #000000;\" href=\"https:\/\/periodicos.ufpel.edu.br\/ojs2\/index.php\/cadernodeletras\/article\/view\/22094\">https:\/\/periodicos.ufpel.edu.br\/ojs2\/index.php\/cadernodeletras\/article\/view\/22094<\/a><\/span><\/p>\n<p style=\"text-align: justify;\"><span style=\"color: #000000;\"><strong>Como<\/strong> <strong>citar<\/strong>: SILVA, Andr\u00e9 Rodrigues. Os princ\u00edpios fundadores do pensamento benvenistiano e a abertura para an\u00e1lise na literatura. <strong>Caderno de letras,<\/strong> v. 44, p. 59 &#8211; 71, 2022.<\/span><\/p>\n<p>&nbsp;<\/p>\n<h4><span style=\"color: #000000;\"><strong>&#8220;O ritmo no e pelo discurso&#8221;<\/strong><\/span><\/h4>\n<p><span style=\"color: #000000;\"><strong>Link<\/strong>: <a style=\"color: #000000;\" href=\"https:\/\/periodicos.apps.uern.br\/index.php\/DDL\/article\/view\/4072\">https:\/\/periodicos.apps.uern.br\/index.php\/DDL\/article\/view\/4072<\/a><\/span><\/p>\n<p style=\"text-align: justify;\"><span style=\"color: #000000;\"><strong>Como<\/strong> <strong>citar<\/strong>: NEUMANN, Daiane. O ritmo no e pelo discurso. <strong>Di\u00e1logo das letras<\/strong>, v. 11, p. 1-15, 2022.<\/span><\/p>\n<p>&nbsp;<\/p>\n<h4><span style=\"color: #000000;\"><strong>&#8220;O ritmo como interpretante antropol\u00f3gico: uma an\u00e1lise de &#8216;Bangladesh 24042013&#8242;&#8221;<\/strong><\/span><\/h4>\n<p><span style=\"color: #000000;\"><strong>Link<\/strong>: <a style=\"color: #000000;\" href=\"https:\/\/revista.unitins.br\/index.php\/humanidadeseinovacao\/article\/view\/7152\">https:\/\/revista.unitins.br\/index.php\/humanidadeseinovacao\/article\/view\/7152<\/a><\/span><\/p>\n<p style=\"text-align: justify;\"><span style=\"color: #000000;\"><strong>Como citar:<\/strong> NEUMANN, Daiane; CHACON, Louren\u00e7o. O ritmo como interpretante antropol\u00f3gico: uma an\u00e1lise de &#8220;Bangladesh 24042013&#8221;. <strong>Humanidades &amp; Inova\u00e7\u00e3o<\/strong>, v 9, p. 339-349, 2022.<\/span><\/p>\n<p>&nbsp;<\/p>\n<h4><span style=\"color: #000000;\"><strong>&#8220;De carbono, raiz e min\u00e9rio: a intempestividade Tarso de Melo&#8221;<\/strong><\/span><\/h4>\n<p><span style=\"color: #000000;\"><strong>Link<\/strong>: <a style=\"color: #000000;\" href=\"http:\/\/periodicos.pucminas.br\/index.php\/scripta\/article\/view\/28166\">http:\/\/periodicos.pucminas.br\/index.php\/scripta\/article\/view\/28166<\/a><\/span><\/p>\n<p style=\"text-align: justify;\"><span style=\"color: #000000;\"><strong>Como<\/strong> <strong>citar<\/strong>: ANJOS, Aroldo Garcia; NEUMANN, Daiane. De carbono, raiz e min\u00e9rio: a intempestividade Tarso de Melo. <strong>Scripta<\/strong>, vol. 25, p. 135 &#8211; 144, 2022.<\/span><\/p>\n<p>&nbsp;<\/p>\n<h4><span style=\"color: #000000;\"><strong>&#8220;O som percebido palavra: a escuta lingu\u00edstica e o &#8220;ouvido&#8221; saussuriano&#8221;<\/strong><\/span><\/h4>\n<p><span style=\"color: #000000;\"><strong>Link<\/strong>: <a style=\"color: #000000;\" href=\"http:\/\/www.revel.inf.br\/downloadFile.php?local=artigos&amp;id=755&amp;lang=pt\">http:\/\/www.revel.inf.br\/downloadFile.php?local=artigos&amp;id=755&amp;lang=pt<\/a><\/span><\/p>\n<p style=\"text-align: justify;\"><span style=\"color: #000000;\"><strong>Como citar<\/strong>: STAWINSKI, Aline Vargas. O som percebido palavra: a escuta lingu\u00edstica e o \u201couvido\u201d saussuriano. <strong>ReVEL<\/strong>, edi\u00e7\u00e3o especial, vol. 20, n. 19, 2022.<\/span><\/p>\n<p>&nbsp;<\/p>\n<h4><span style=\"color: #000000;\"><strong>&#8220;O Grande-Sert\u00e3o sob os efeitos do ouvido&#8221;<\/strong><\/span><\/h4>\n<p><span style=\"color: #000000;\"><strong>Link<\/strong>: <a style=\"color: #000000;\" href=\"https:\/\/periodicos.ufpel.edu.br\/ojs2\/index.php\/cadernodeletras\/article\/view\/22689\">https:\/\/periodicos.ufpel.edu.br\/ojs2\/index.php\/cadernodeletras\/article\/view\/22689<\/a><\/span><\/p>\n<p style=\"text-align: justify;\"><span style=\"color: #000000;\"><strong>Como<\/strong> <strong>citar<\/strong>: STEVANIN, Augusto; STAWINSKI, Aline Vargas. O Grande-Sert\u00e3o sob os efeitos do ouvido.<strong> Caderno de Letras<\/strong>, v. 44, p. 135-148, 2022.<\/span><\/p>\n<p>&nbsp;<\/p>\n<h4><span style=\"color: #000000;\"><strong>&#8220;\u00c0 l&#8217;\u00e9coute de la langue-parole: consid\u00e9rations \u00e0 partir de la th\u00e9orie saussurienne&#8221;<\/strong><\/span><\/h4>\n<p><span style=\"color: #000000;\"><strong>Link<\/strong>: <a style=\"color: #000000;\" href=\"https:\/\/revues.droz.org\/index.php\/CFS\/article\/view\/3296\">https:\/\/revues.droz.org\/index.php\/CFS\/article\/view\/3296<\/a><\/span><\/p>\n<p style=\"text-align: justify;\"><span style=\"color: #000000;\"><strong>Como<\/strong> <strong>citar<\/strong>: STAWINSKI, Aline. \u00c0 l&#8217;\u00e9coute de la langue-parole: consid\u00e9rations \u00e0 partir de la th\u00e9orie saussurienne. <strong>Cahiers Ferdinand de Saussure<\/strong>, v. 74, p. 137-146, 2022.<\/span><\/p>\n<p>&nbsp;<\/p>\n<h4><span style=\"color: #000000;\"><strong>&#8220;Salum ap\u00f3s meio s\u00e9culo: uma apresenta\u00e7\u00e3o das fontes saussurianas ao leitor brasileiro&#8221;<\/strong><\/span><\/h4>\n<p><span style=\"color: #000000;\"><strong>Link<\/strong>: <a style=\"color: #000000;\" href=\"http:\/\/www.revel.inf.br\/files\/88546b054aaae781d1c00845dd1ea474.pdf\">http:\/\/www.revel.inf.br\/files\/88546b054aaae781d1c00845dd1ea474.pdf<\/a><\/span><\/p>\n<p style=\"text-align: justify;\"><span style=\"color: #000000;\"><strong>Como<\/strong> <strong>citar<\/strong>: MILANO, Luiza; STAWINSKI, Aline V.; FRYDRYCH, Laura A. K.; OTTARAN, Elisa D. Salum ap\u00f3s meio s\u00e9culo: uma apresenta\u00e7\u00e3o das fontes saussurianas ao leitor brasileiro. <strong>ReVEL<\/strong>, edi\u00e7\u00e3o especial, vol. 20, n. 19, 2022.<\/span><\/p>\n<p>&nbsp;<\/p>\n<h4><span style=\"color: #000000;\"><strong>&#8220;A contribui\u00e7\u00e3o da lingu\u00edstica italiana para os estudos saussurianos no Brasil&#8221;<\/strong><\/span><\/h4>\n<p><span style=\"color: #000000;\"><strong>Link<\/strong>: <a style=\"color: #000000;\" href=\"http:\/\/www.revel.inf.br\/files\/33c1e60d9b7882bbc774bb0fc847dd5d.pdf\">http:\/\/www.revel.inf.br\/files\/33c1e60d9b7882bbc774bb0fc847dd5d.pdf<\/a><\/span><\/p>\n<p style=\"text-align: justify;\"><span style=\"color: #000000;\"><strong>Como<\/strong> <strong>citar<\/strong>: MILANO, Luiza; OTTARAN, Elisa D. A contribui\u00e7\u00e3o da lingu\u00edstica italiana para os estudos saussurianos. <strong>ReVEL<\/strong>, edi\u00e7\u00e3o especial, vol. 20, n. 19, 2022.<\/span><\/p>\n<p>&nbsp;<\/p>\n<h4><span style=\"color: #000000;\"><strong>&#8220;A voz do leitor: algumas reflex\u00f5es sobre o que se escuta quando se l\u00ea em voz alta&#8221;<\/strong><\/span><\/h4>\n<p><span style=\"color: #000000;\"><strong>Link<\/strong>:<a style=\"color: #000000;\" href=\"https:\/\/periodicos.ufpel.edu.br\/ojs2\/index.php\/cadernodeletras\/article\/view\/22678\"> https:\/\/periodicos.ufpel.edu.br\/ojs2\/index.php\/cadernodeletras\/article\/view\/22678<\/a><\/span><\/p>\n<p style=\"text-align: justify;\"><span style=\"color: #000000;\"><strong>Como<\/strong> <strong>citar<\/strong>: MILANO, Luiza; AYUB, Gibran. A voz do leitor: algumas reflex\u00f5es sobre o que se escuta quando se l\u00ea em voz alta. <strong>Caderno de Letras<\/strong>. Pelotas, n. 44, 2022.<\/span><\/p>\n<p>&nbsp;<\/p>\n<h4><span style=\"color: #000000;\"><strong>\u201cO Uivo de Ginsberg: a linguagem em julgamento\u201d<\/strong><\/span><\/h4>\n<p><span style=\"color: #000000;\"><strong>Link<\/strong>:\u00a0<a style=\"color: #000000;\" href=\"https:\/\/revistas.pucsp.br\/index.php\/bakhtiniana\/article\/view\/52802\" target=\"_blank\" rel=\"noopener\" data-saferedirecturl=\"https:\/\/www.google.com\/url?q=https:\/\/revistas.pucsp.br\/index.php\/bakhtiniana\/article\/view\/52802&amp;source=gmail&amp;ust=1650370350477000&amp;usg=AOvVaw1LtQlxjlyDjlXuDhEUIDmW\">https:\/\/revistas.pucsp.br\/<wbr \/>index.php\/bakhtiniana\/article\/<wbr \/>view\/52802<\/a><\/span><\/p>\n<p style=\"text-align: justify;\"><span style=\"color: #000000;\"><strong>Como<\/strong> <strong>citar<\/strong>:\u00a0NEUMANN, Daiane. O Uivo de Ginsberg: a linguagem em julgamento.\u00a0<strong>Bakhtiniana<\/strong>. S\u00e3o Paulo, v. 17, n. 1, 2022.<\/span><\/p>\n<p>&nbsp;<\/p>\n<h4><span style=\"color: #000000;\"><strong>&#8220;A linguagem verbal e visual em uma passagem de\u00a0Ms. Marvel, Volume 1: No normal\u00a0e em suas tradu\u00e7\u00f5es para o portugu\u00eas brasileiro e europeu&#8221;<\/strong><\/span><\/h4>\n<p><span style=\"color: #000000;\"><strong>Link<\/strong>:<a style=\"color: #000000;\" href=\"https:\/\/seer.ufu.br\/index.php\/dominiosdelinguagem\/article\/view\/57582\/31314\"> https:\/\/seer.ufu.br\/index.php\/dominiosdelinguagem\/article\/view\/57582\/31314<\/a><\/span><\/p>\n<p style=\"text-align: justify;\"><span style=\"color: #000000;\"><strong>Como<\/strong> <strong>citar<\/strong>:\u00a0CHICO, M\u00e1rcia Tavares; RODRIGUES, Roberta Rego. A linguagem verbal e visual em uma passagem de Ms. Marvel, Volume 1: No normal e em suas tradu\u00e7\u00f5es para o portugu\u00eas brasileiro e europeu.\u00a0<strong>Dom\u00ednios de Lingu@gem,<\/strong>\u00a0Uberl\u00e2ndia, v. 16, n. 1, jan. mar. 2022.<\/span><\/p>\n<h4><\/h4>\n<p><span style=\"color: #000000;\"><strong>2021<\/strong><\/span><\/p>\n<p>&nbsp;<\/p>\n<h4><span style=\"color: #000000;\"><strong>&#8220;&#8216;Como se ditas pela primeira vez&#8217;: um estudo enunciativo do Teatro Verbatim.&#8221;<\/strong><\/span><\/h4>\n<p><span style=\"color: #000000;\"><strong>Link:\u00a0<\/strong><a style=\"color: #000000;\" href=\"http:\/\/www.olhodagua.ibilce.unesp.br\/index.php\/revistamosaico\/article\/view\/868\/712\">http:\/\/www.olhodagua.ibilce.unesp.br\/index.php\/revistamosaico\/article\/view\/868\/712<\/a><\/span><\/p>\n<p><span style=\"color: #000000;\"><strong>Como citar: <\/strong>FERNANDES, M. C. ; STEIN, Jorama. &#8216;Como se ditas pela primeira vez&#8217;: um estudo enunciativo do Teatro Verbatim. Mosaico, v. 1, p. 1, 2021.<\/span><\/p>\n<p>&nbsp;<\/p>\n<h4><span style=\"color: #000000;\"><strong>\u201cMovimento de luta das mulheres nos poemas de Storni: uma proposta de tradu\u00e7\u00e3o\u201d<\/strong><\/span><\/h4>\n<p><span style=\"color: #000000;\"><strong>Link<\/strong>: <a style=\"color: #000000;\" href=\"https:\/\/online.unisc.br\/seer\/index.php\/signo\/article\/view\/75-87\/pdf\">https:\/\/online.unisc.br\/seer\/index.php\/signo\/article\/view\/75-87\/pdf<\/a><\/span><\/p>\n<p style=\"text-align: justify;\"><span style=\"color: #000000;\"><strong>Como<\/strong> <strong>citar<\/strong>: VIDALES, Antonella Romina Savia. Movimento de luta das mulheres nos poemas de Storni: uma proposta de tradu\u00e7\u00e3o. <strong>Signo<\/strong>, Santa Cruz do Sul, v. 46, n. 87, sep. 2021.<\/span><\/p>\n<p>&nbsp;<\/p>\n<h4><span style=\"color: #000000;\"><strong>&#8220;Escrever, ler, ensinar: cruzamentos entre escrita criativa e forma\u00e7\u00e3o de professores de literatura&#8221;<\/strong><\/span><\/h4>\n<p><span style=\"color: #000000;\"><strong>Link<\/strong>: <a style=\"color: #000000;\" href=\"https:\/\/periodicos.ufpel.edu.br\/ojs2\/index.php\/cadernodeletras\/article\/view\/20635\">https:\/\/periodicos.ufpel.edu.br\/ojs2\/index.php\/cadernodeletras\/article\/view\/20635<\/a><\/span><\/p>\n<p style=\"text-align: justify;\"><span style=\"color: #000000;\"><strong>Como<\/strong> <strong>citar<\/strong>: GRANDO, Diego. Escrever, ler, ensinar: cruzamentos entre escrita criativa e forma\u00e7\u00e3o de professores de literatura. <strong>Caderno<\/strong> <strong>de Letras,<\/strong> Pelotas, n. 40, pp.435-450, maio-agosto 2021.<\/span><\/p>\n<p>&nbsp;<\/p>\n<h4><span style=\"color: #000000;\"><strong>&#8220;Saussure e a historicidade da l\u00edngua&#8221; (Saussure und die Geschichtlichkeit der Sprache)<\/strong><\/span><\/h4>\n<p><span style=\"color: #000000;\"><strong>Link<\/strong>: <a style=\"color: #000000;\" href=\"https:\/\/periodicos.ufrn.br\/odisseia\/article\/view\/24259\/14288\">https:\/\/periodicos.ufrn.br\/odisseia\/article\/view\/24259\/14288<\/a><\/span><\/p>\n<p style=\"text-align: justify;\"><span style=\"color: #000000;\"><strong>Como citar:\u00a0<\/strong>L\u00d6SENER, Hans.\u00a0Saussure e a historicidade da l\u00edngua. In: <strong>Revista<\/strong> <strong>Odisseia<\/strong>, v. 6, n. 1, p. 1-17, 11 jun. 2021. Tradu\u00e7\u00e3o: Aroldo Garcia dos Anjos.<\/span><\/p>\n<h4><\/h4>\n<h4><span style=\"color: #000000;\"><strong>&#8220;O sentimento do falante nos manuscritos saussurianos&#8221;<\/strong><\/span><\/h4>\n<p><span style=\"color: #000000;\"><strong>Link<\/strong>: <a style=\"color: #000000;\" href=\"https:\/\/periodicos.ufpb.br\/index.php\/prolingua\/article\/view\/58620\">https:\/\/periodicos.ufpb.br\/index.php\/prolingua\/article\/view\/58620<\/a><\/span><\/p>\n<p style=\"text-align: justify;\"><span style=\"color: #000000;\"><strong>Como<\/strong> <strong>citar<\/strong>: STAWINSKI, A. V.; MILANO, L. . O sentimento do falante nos manuscritos saussurianos. In: <strong>PROL\u00cdNGUA<\/strong> (JO\u00c3O PESSOA), v. 16, p. 259-270, 2021.<\/span><\/p>\n<p>&nbsp;<\/p>\n<h4><span style=\"color: #000000;\"><strong>&#8220;Dias de abandono: da conten\u00e7\u00e3o \u00e0 liberta\u00e7\u00e3o pela linguagem&#8221;<\/strong><\/span><\/h4>\n<p><span style=\"color: #000000;\"><strong>Link<\/strong>: <a style=\"color: #000000;\" href=\"http:\/\/www.periodicos.ufc.br\/entrelaces\/article\/view\/71568\/218331\">http:\/\/www.periodicos.ufc.br\/entrelaces\/article\/view\/71568\/218331<\/a><\/span><\/p>\n<p style=\"text-align: justify;\"><span style=\"color: #000000;\"><strong>Como<\/strong> <strong>citar<\/strong>: STAWINSKI, A. V.; SILVEIRA, M. D. Dias de abandono: da conten\u00e7\u00e3o \u00e0 liberta\u00e7\u00e3o pela linguagem. In: <strong>Entrelaces<\/strong> (UFC), v. 11, p. 133-151, 2021.<\/span><\/p>\n<p>&nbsp;<\/p>\n<h4><span style=\"color: #000000;\"><strong>\u201cDa lingu\u00edstica geral \u00e0 po\u00e9tica do traduzir: a atividade de escuta na tradu\u00e7\u00e3o\u201d<\/strong><\/span><\/h4>\n<p><span style=\"color: #000000;\"><strong>Link<\/strong>: <a style=\"color: #000000;\" href=\"https:\/\/periodicos.ufpe.br\/revistas\/INV\/article\/view\/250163\">https:\/\/periodicos.ufpe.br\/revistas\/INV\/article\/view\/250163<\/a><\/span><\/p>\n<p style=\"text-align: justify;\"><span style=\"color: #000000;\"><strong>Como<\/strong> <strong>citar<\/strong>:\u00a0NEUMANN, Daiane; VIDALES, Antonella Romina Savia. Da lingu\u00edstica geral \u00e0 po\u00e9tica do traduzir: a atividade de escuta na tradu\u00e7\u00e3o.\u00a0<strong>Investiga\u00e7\u00f5es<\/strong>. Pernambuco,, v. 34, n. 2, 2021.<\/span><\/p>\n<h4><\/h4>\n<h4><span style=\"color: #000000;\"><strong>&#8220;A tradu\u00e7\u00e3o interlingual e intermodal em um excerto de &#8216;MAUS&#8217;, de Art Spiegelman&#8221;<\/strong><\/span><\/h4>\n<p><span style=\"color: #000000;\"><strong>Link<\/strong>: <a style=\"color: #000000;\" href=\"https:\/\/ojs.ufgd.edu.br\/index.php\/Raido\/article\/view\/12844\/8363\">https:\/\/ojs.ufgd.edu.br\/index.php\/Raido\/article\/view\/12844\/8363<\/a><\/span><\/p>\n<p style=\"text-align: justify;\"><span style=\"color: #000000;\"><strong>Como<\/strong> <strong>citar<\/strong>:\u00a0CHICO, M\u00e1rcia Tavares; RODRIGUES, Roberta Rego. A tradu\u00e7\u00e3o interlingual e intermodal em um excerto de &#8220;MAUS&#8221;, de Art Spiegelman.\u00a0<strong>Ra\u00eddo<\/strong>,\u00a0Dourados, v. 15, n. 37, jan\/abr 2021.<\/span><\/p>\n<p>&nbsp;<\/p>\n<p><span style=\"color: #000000;\"><strong>2020<\/strong><\/span><\/p>\n<p>&nbsp;<\/p>\n<h4 style=\"text-align: justify;\"><span style=\"color: #000000;\"><strong>&#8220;A no\u00e7\u00e3o de &#8216;linguagem interior&#8217; em \u00c9mile Benveniste: uma problematiza\u00e7\u00e3o para a compreens\u00e3o da escrita.&#8221;<\/strong><\/span><\/h4>\n<p style=\"text-align: justify;\"><span style=\"color: #000000;\"><strong>Link:\u00a0<\/strong><a style=\"color: #000000;\" href=\"https:\/\/www.revel.inf.br\/files\/de5a6d3784851e60eb70dba688469fd5.pdf\">https:\/\/www.revel.inf.br\/files\/de5a6d3784851e60eb70dba688469fd5.pdf<\/a><\/span><\/p>\n<p style=\"text-align: justify;\"><span style=\"color: #000000;\"><strong>Como citar: <\/strong>STEIN, Jorama. A no\u00e7\u00e3o de &#8216;linguagem interior&#8217; em \u00c9mile Benveniste: uma problematiza\u00e7\u00e3o para a compreens\u00e3o da escrita. Revista Virtual de Estudos da Linguagem, v. 18, p. 105-114, 2020.<\/span><\/p>\n<p>&nbsp;<\/p>\n<h4><span style=\"color: #000000;\"><strong>&#8220;&#8216;Activit\u00e9 th\u00e9orique, activit\u00e9 po\u00e9tique&#8217;: de Benveniste a Meschonnic&#8221;<\/strong><\/span><\/h4>\n<p><span style=\"color: #000000;\"><strong>Link<\/strong>:\u00a0<a style=\"color: #000000;\" href=\"https:\/\/periodicos.ufpel.edu.br\/ojs2\/index.php\/rle\/article\/view\/17796\" target=\"_blank\" rel=\"noopener noreferrer\" data-saferedirecturl=\"https:\/\/www.google.com\/url?q=https:\/\/periodicos.ufpel.edu.br\/ojs2\/index.php\/rle\/article\/view\/17796&amp;source=gmail&amp;ust=1607883990875000&amp;usg=AFQjCNFigkLnczv5c83qCbtHrii50E--0w\">https:\/\/periodicos.ufpel.edu.br\/ojs2\/index.php\/rle\/article\/view\/17796<\/a><\/span><\/p>\n<p style=\"text-align: justify;\"><span style=\"color: #000000;\"><strong>Como<\/strong> <strong>citar<\/strong>: NEUMANN, Daiane.\u00a0&#8216;Activit\u00e9 the\u00f3rique, activit\u00e9 po\u00e9tique&#8217;: de Benveniste a Meschonnic.\u00a0<strong>Linguagem &amp; Ensino<\/strong> (UFPEL), v. 23, p. 639-648, 2020.<\/span><\/p>\n<p>&nbsp;<\/p>\n<h4><span style=\"color: #000000;\"><strong>\u201cLiteratura e enuncia\u00e7\u00e3o: o eu e o duplo, entre narrador-protagonista e interlocutor, em Grande Sert\u00e3o: Veredas\u201d<\/strong><\/span><\/h4>\n<p><span style=\"color: #000000;\"><strong>Link<\/strong>:\u00a0 <a style=\"color: #000000;\" href=\"https:\/\/periodicos.ufsm.br\/fragmentum\/article\/view\/48273\/pdf\">https:\/\/periodicos.ufsm.br\/fragmentum\/article\/view\/48273\/pdf<\/a><\/span><\/p>\n<p style=\"text-align: justify;\"><span style=\"color: #000000;\"><strong>Como<\/strong> <strong>citar<\/strong>:\u00a0CAVALHEIRO, Juciane dos Santos. <strong>Fragmentum<\/strong>, Santa Maria, n. 56, p. 243-258, jul.\/dez. 2020.<\/span><\/p>\n<h4><\/h4>\n<h4><span style=\"color: #000000;\"><strong>&#8220;&#8216;As coisas significam alguma coisa?&#8217;: sobre as limita\u00e7\u00f5es do arbitr\u00e1rio do signo&#8221;<\/strong><\/span><\/h4>\n<p><span style=\"color: #000000;\"><strong>Link<\/strong>: <a style=\"color: #000000;\" href=\"https:\/\/periodicos.ufpel.edu.br\/ojs2\/index.php\/rle\/article\/view\/17567\" data-saferedirecturl=\"https:\/\/www.google.com\/url?q=https:\/\/periodicos.ufpel.edu.br\/ojs2\/index.php\/rle\/article\/view\/17567&amp;source=gmail&amp;ust=1607883990863000&amp;usg=AFQjCNFPxvj8q3RZbr4KQLQm93VRQgp6ig\">https:\/\/periodicos.ufpel.edu.br\/ojs2\/index.php\/rle\/article\/view\/17567<\/a><\/span><\/p>\n<p style=\"text-align: justify;\"><span style=\"color: #000000;\"><strong>Como<\/strong> <strong>citar<\/strong>: MILANO, L. \u201cAs coisas significam alguma coisa?\u201d: sobre as limita\u00e7\u00f5es do arbitr\u00e1rio do signo.\u00a0\u00a0<strong>Linguagem &amp; Ensino<\/strong>, Pelotas, v. 23, n. 3, p. 828-837, jul.-set., 2020.<\/span><\/p>\n<h4><\/h4>\n<h4><span style=\"color: #000000;\"><strong>&#8220;Sobre a cor das palavras e das l\u00ednguas&#8221;<\/strong><\/span><\/h4>\n<p><span style=\"color: #000000;\"><strong>Link<\/strong>: <a style=\"color: #000000;\" href=\"https:\/\/periodicos.ufpel.edu.br\/ojs2\/index.php\/rle\/article\/view\/17571\/11724\">https:\/\/periodicos.ufpel.edu.br\/ojs2\/index.php\/rle\/article\/view\/17571\/11724<\/a><\/span><\/p>\n<p style=\"text-align: justify;\"><span style=\"color: #000000;\"><strong>Como<\/strong> <strong>citar<\/strong>: TRABANT, J\u00fcrgen. Sobre a cor das palavras e das l\u00ednguas. In: <strong>Linguagem<\/strong> <strong>&amp; Ensino<\/strong>, Pelotas, v. 23, n. 3, p. 881-893, jul.-set. 2020. Tradu\u00e7\u00e3o: Aroldo Garcia dos Anjos.<\/span><\/p>\n<h4><\/h4>\n<h4><span style=\"color: #000000;\"><strong>&#8220;Dossi\u00ea Baudelaire: o encontro da po\u00e9tica de Benveniste com a po\u00e9tica de Meschonnic&#8221;<\/strong><\/span><\/h4>\n<p><span style=\"color: #000000;\"><strong>Link<\/strong>:\u00a0<a style=\"color: #000000;\" href=\"https:\/\/periodicos.ufsm.br\/fragmentum\/article\/view\/48271\/pdf\" target=\"_blank\" rel=\"noopener noreferrer\" data-saferedirecturl=\"https:\/\/www.google.com\/url?q=https:\/\/periodicos.ufsm.br\/fragmentum\/article\/view\/48271\/pdf&amp;source=gmail&amp;ust=1607883990875000&amp;usg=AFQjCNGrEAslwPD0pPRcVoUlkWI2KeA4CQ\">https:\/\/periodicos.ufsm.br\/fragmentum\/article\/view\/48271\/pdf<\/a><\/span><\/p>\n<p style=\"text-align: justify;\"><span style=\"color: #000000;\"><strong>Como<\/strong> <strong>citar<\/strong>: NEUMANN, Daiane.\u00a0Dossi\u00ea Baudelaire: o encontro da po\u00e9tica de Benveniste com a po\u00e9tica de Meschonnic.\u00a0<strong>Fragmentum<\/strong> (Online), v. 56, p. 147-162, 2020.<\/span><\/p>\n<h4><\/h4>\n<h4><span style=\"color: #000000;\"><strong>&#8220;O arbitr\u00e1rio e\/\u00e9 a escuta&#8221;<\/strong><\/span><\/h4>\n<p><span style=\"color: #000000;\"><strong>Link<\/strong>: <a style=\"color: #000000;\" href=\"http:\/\/editorarevistas.mackenzie.br\/index.php\/tl\/article\/view\/13398\" data-saferedirecturl=\"https:\/\/www.google.com\/url?q=http:\/\/editorarevistas.mackenzie.br\/index.php\/tl\/article\/view\/13398&amp;source=gmail&amp;ust=1607883990863000&amp;usg=AFQjCNGhAFWRjYIAUTDbFTgLr0kcju_cIA\">http:\/\/editorarevistas.mackenzie.br\/index.php\/tl\/article\/view\/13398<\/a><\/span><\/p>\n<p style=\"text-align: justify;\"><span style=\"color: #000000;\"><strong>Como<\/strong> <strong>citar<\/strong>: MILANO, L.;\u00a0STAWINSKI, A.V.\u00a0O arbitr\u00e1rio e\/\u00e9 a escuta.\u00a0<strong>Revista Todas as letras<\/strong> (MACKENZIE. Online), v. 22, p. 1-17, 2020.<\/span><\/p>\n<p>&nbsp;<\/p>\n<h4><span style=\"color: #000000;\"><strong>&#8220;A atualiza\u00e7\u00e3o da experi\u00eancia humana: o poema em quest\u00e3o&#8221;<\/strong><\/span><\/h4>\n<p><span style=\"color: #000000;\"><strong>Link<\/strong>: <a style=\"color: #000000;\" href=\"http:\/\/seer.upf.br\/index.php\/rd\/article\/view\/10383\">http:\/\/seer.upf.br\/index.php\/rd\/article\/view\/10383<\/a><\/span><\/p>\n<p style=\"text-align: justify;\"><span style=\"color: #000000;\"><strong>Como<\/strong> <strong>citar<\/strong>: NEUMANN, Daiane; ANJOS, Aroldo G. A atualiza\u00e7\u00e3o da experi\u00eancia humana: o poema em quest\u00e3o. In: <strong>Revista<\/strong> <strong>Desenredo<\/strong>, v. 16, n. 1. Passo Fundo, Editora da UPF, p. 101-113, 2020.<\/span><\/p>\n<h4><\/h4>\n<h4><span style=\"color: #000000;\"><strong>&#8220;A aus\u00eancia de um lugar enunciativo para as mulheres em O Conto da Aia: uma an\u00e1lise benvenistiana&#8221;<\/strong><\/span><\/h4>\n<p><span style=\"color: #000000;\"><strong>Link<\/strong>: <a style=\"color: #000000;\" href=\"https:\/\/seer.ufrgs.br\/cadernosdoil\/article\/view\/103231\">https:\/\/seer.ufrgs.br\/cadernosdoil\/article\/view\/103231<\/a><\/span><\/p>\n<p style=\"text-align: justify;\"><span style=\"color: #000000;\"><strong>Como<\/strong> <strong>citar<\/strong>: CAMPO, Louise Ariane da; PERES, Carolina Alves; BOETTGE, Suelen Aires. A aus\u00eancia de um lugar enunciativo para as mulheres em O Conto da Aia: uma an\u00e1lise benvenistiana. <strong>Cadernos do IL,<\/strong> Porto Alegre, p. 40-60, 2020.<\/span><\/p>\n<p>&nbsp;<\/p>\n<h4><span style=\"color: #000000;\"><strong>&#8220;Da constru\u00e7\u00e3o do espa\u00e7o pela enuncia\u00e7\u00e3o: a impossibilidade do locus amoenus em Ida e volta, de Aldyr Garcia Schlee&#8221;<\/strong><\/span><\/h4>\n<p><span style=\"color: #000000;\"><strong>Link<\/strong>: <a style=\"color: #000000;\" href=\"http:\/\/www.revel.inf.br\/files\/2aa01c112bff93a1ea55f6c7689d8609.pdf\">http:\/\/www.revel.inf.br\/files\/2aa01c112bff93a1ea55f6c7689d8609.pdf<\/a><\/span><\/p>\n<p style=\"text-align: justify;\"><span style=\"color: #000000;\"><strong>Como<\/strong> <strong>citar:<\/strong> ANJOS, Aroldo G.; NEUMANN, Daiane. Da constru\u00e7\u00e3o do espa\u00e7o pela enuncia\u00e7\u00e3o: a impossibilidade do locus amoenus em Ida e volta, de Aldyr Garcia Schlee. In: <strong>ReVEL<\/strong>, vol. 18, n. 34, 2020.<\/span><\/p>\n<p>&nbsp;<\/p>\n<h4><span style=\"color: #000000;\"><strong>\u201cEncontro no subsolo: Dostoi\u00e9vski, Kafka e Bakhtin\u201d<\/strong><\/span><\/h4>\n<p><span style=\"color: #000000;\"><strong>Link<\/strong>:\u00a0 https:\/\/www.revistas.usp.br\/linhadagua\/article\/view\/170666\/165158<\/span><\/p>\n<p style=\"text-align: justify;\"><span style=\"color: #000000;\"><strong>Como<\/strong> <strong>citar<\/strong>:\u00a0CAVALHEIRO, Juciane dos Santos. Encontro no subsolo: Dostoi\u00e9vski, Kafka e Bakhtin. <strong>Linha D\u2019\u00c1gua<\/strong> (Online), S\u00e3o Paulo, v. 33, n. 3, p. 135-151, set.-dez. 2020.<\/span><\/p>\n<h4><\/h4>\n<h4><span style=\"color: #000000;\"><strong>&#8220;A Sobreviv\u00eancia da Imagem em Par\u00f3dias de A \u00daltima Ceia de Leonardo da Vinci&#8221;<\/strong><\/span><\/h4>\n<p><span style=\"color: #000000;\"><strong>Link<\/strong>: <a style=\"color: #000000;\" href=\"http:\/\/revista.faculdadeparaiso.edu.br\/index.php\/Fap_revista1\/article\/view\/46\/44\">http:\/\/revista.faculdadeparaiso.edu.br\/index.php\/Fap_revista1\/article\/view\/46\/44<\/a><\/span><\/p>\n<p style=\"text-align: justify;\"><span style=\"color: #000000;\"><strong>Como<\/strong> <strong>citar<\/strong>: PERES, Carolina Alves; CAMPO, Louise Ariane da. A Sobreviv\u00eancia da Imagem em Par\u00f3dias de A \u00daltima Ceia de Leonardo da Vinci. <strong>Revista de Trabalhos Acad\u00eamicos Lus\u00f3fona<\/strong>, v. 3, p. 1-11, 2020.<\/span><\/p>\n<h4><\/h4>\n<h4><span style=\"color: #000000;\"><strong>&#8220;Dossi\u00ea Baudelaire e a natureza da linguagem po\u00e9tica&#8221;<\/strong><\/span><\/h4>\n<p><span style=\"color: #000000;\"><strong>Link<\/strong>: <a style=\"color: #000000;\" href=\"https:\/\/periodicos.ufsm.br\/fragmentum\/article\/view\/48272\">https:\/\/periodicos.ufsm.br\/fragmentum\/article\/view\/48272<\/a><\/span><\/p>\n<p style=\"text-align: justify;\"><span style=\"color: #000000;\"><strong>Como<\/strong> <strong>citar<\/strong>: VIER, Sabrina. Dossi\u00ea Baudelaire e a natureza da linguagem po\u00e9tica. <strong>Fragmentum<\/strong> (on-line), v. 56, p. 163-176, 2020.<\/span><\/p>\n<h4><\/h4>\n<h4><span style=\"color: #000000;\"><strong>\u201c&#8217;A biblioteca de babel\u2019, de Jorge Luis Borges, como imagem verbal\u201d<\/strong><\/span><\/h4>\n<p><span style=\"color: #000000;\"><strong>Link<\/strong>:\u00a0 http:\/\/periodicos.urca.br\/ojs\/index.php\/MacREN\/article\/view\/2178\/1530<\/span><\/p>\n<p style=\"text-align: justify;\"><span style=\"color: #000000;\"><strong>Como<\/strong> <strong>citar<\/strong>:\u00a0CAVALHEIRO, Juciane dos Santos. \u201cA biblioteca de babel\u201d, de Jorge Luis Borges, como imagem verbal. \u00a0<strong>Macab\u00e9a<\/strong> \u2013 Revista Eletr\u00f4nica do Netlli | V.9., N.1., JAN.-MAR. 2020, p. 143-156.<\/span><\/p>\n<p>&nbsp;<\/p>\n<h4><span style=\"color: #000000;\"><strong>&#8220;Estil\u00edstica Tradut\u00f3ria, Temas e G\u00eanero em PSYCHOLOGY, de Mansfield, e tr\u00eas de suas tradu\u00e7\u00f5es para o portugu\u00eas brasileiro&#8221;<\/strong><\/span><\/h4>\n<p><span style=\"color: #000000;\"><strong>Link<\/strong>: <a style=\"color: #000000;\" href=\"https:\/\/periodicos.unb.br\/index.php\/belasinfieis\/article\/view\/31214\/27821\">https:\/\/periodicos.unb.br\/index.php\/belasinfieis\/article\/view\/31214\/27821<\/a><\/span><\/p>\n<p style=\"text-align: justify;\"><span style=\"color: #000000;\"><strong>Como<\/strong> <strong>citar<\/strong>: CHICO, M. T. ; RODRIGUES, ROBERTA REGO. Estil\u00edstica Tradut\u00f3ria, Temas e G\u00eanero em PSYCHOLOGY, de Mansfield, e tr\u00eas de suas tradu\u00e7\u00f5es para o portugu\u00eas brasileiro. In: <strong>Revista Belas Infi\u00e9is<\/strong>, v. 9, p. 167-191, 2020.<\/span><\/p>\n<p>&nbsp;<\/p>\n<h4><span style=\"color: #000000;\"><strong>\u201cNarrativas de viajantes de ci\u00eancia pela Amaz\u00f4nia: importa quem fala\u201d<\/strong><\/span><\/h4>\n<p><span style=\"color: #000000;\"><strong>Link<\/strong>:\u00a0 https:\/\/seer.ufrgs.br\/organon\/article\/view\/103836<\/span><\/p>\n<p style=\"text-align: justify;\"><span style=\"color: #000000;\"><strong>Como<\/strong> <strong>citar<\/strong>:\u00a0CAVALHEIRO, Juciane dos Santos. Narrativas de viajantes de ci\u00eancia pela Amaz\u00f4nia: importa quem fala? <strong>Organon<\/strong>, Porto Alegre, v. 35, n. 70, p. 1-12, 2020.<\/span><\/p>\n<p>&nbsp;<\/p>\n<h4><span style=\"color: #000000;\"><strong>2019<\/strong><\/span><\/h4>\n<h4><span style=\"color: #000000;\"><strong>&#8220;Dos limites da redu\u00e7\u00e3o do pensamento saussuriano ao movimento estruturalista&#8221;<\/strong><\/span><\/h4>\n<p><span style=\"color: #000000;\"><strong>Link<\/strong>: <a style=\"color: #000000;\" href=\"https:\/\/www.seer.ufal.br\/index.php\/revistaleitura\/article\/view\/4512\">https:\/\/www.seer.ufal.br\/index.php\/revistaleitura\/article\/view\/4512<\/a><\/span><\/p>\n<p style=\"text-align: justify;\"><span style=\"color: #000000;\"><strong>Como<\/strong> <strong>citar<\/strong>: NEUMANN, Daiane; ANJOS, Aroldo G. Dos limites da redu\u00e7\u00e3o do pensamento saussuriano ao movimento estruturalista. In: <strong>Leitura<\/strong>, Macei\u00f3, v. 1, n\u00ba 62, p. 315-332, 2019.<\/span><\/p>\n<p>&nbsp;<\/p>\n<h4><span style=\"color: #000000;\"><strong>&#8220;Quando ler \u00e9 criar: princ\u00edpios para trabalhar a viv\u00eancia liter\u00e1ria na escola&#8221;<\/strong><\/span><\/h4>\n<p><span style=\"color: #000000;\"><strong>Link<\/strong>: <a style=\"color: #000000;\" href=\"https:\/\/www.revistas.ufg.br\/rir\/article\/view\/60179\">https:\/\/www.revistas.ufg.br\/rir\/article\/view\/60179<\/a><\/span><\/p>\n<p style=\"text-align: justify;\"><span style=\"color: #000000;\"><strong>Como<\/strong> <strong>citar<\/strong>: DUARTE, M\u00e1rcia; VIER, Sabrina. Quando ler \u00e9 criar: princ\u00edpios para trabalhar a viv\u00eancia liter\u00e1ria na escola. <strong>Itinerarius<\/strong> <strong>Reflectionis<\/strong>. v. 15. n. 4. Goi\u00e1s, 2019. p. 1-11.<\/span><\/p>\n","protected":false},"excerpt":{"rendered":"<p>2025 &nbsp; &#8220;\u00c0 escuta de Manuel Bandeira&#8221; Link: https:\/\/seer.ufrgs.br\/index.php\/cadernosdoil\/article\/view\/144848 Como citar: AYUB, Gibran Alves; MILANO, Luiza Ely. \u00c0 escuta de Manuel Bandeira. \u00a0Cadernos do IL, [S. l.], n. 68, p. 213\u2013232, 2025. &nbsp; &#8220;A arte da linguagem: a constru\u00e7\u00e3o da signific\u00e2ncia em letras de can\u00e7\u00f5es de Elza Soares&#8221; Link: https:\/\/periodicos.ufpel.edu.br\/index.php\/cadernodeletras\/article\/view\/28163 Como citar: AFONSO, Daiane.; NEUMANN, [&hellip;]<\/p>\n","protected":false},"author":1059,"featured_media":0,"parent":59,"menu_order":0,"comment_status":"closed","ping_status":"closed","template":"","meta":{"footnotes":""},"class_list":["post-129","page","type-page","status-publish","hentry","post"],"jetpack_sharing_enabled":true,"_links":{"self":[{"href":"https:\/\/wp.ufpel.edu.br\/linguisticaliteraturaearte\/wp-json\/wp\/v2\/pages\/129","targetHints":{"allow":["GET"]}}],"collection":[{"href":"https:\/\/wp.ufpel.edu.br\/linguisticaliteraturaearte\/wp-json\/wp\/v2\/pages"}],"about":[{"href":"https:\/\/wp.ufpel.edu.br\/linguisticaliteraturaearte\/wp-json\/wp\/v2\/types\/page"}],"author":[{"embeddable":true,"href":"https:\/\/wp.ufpel.edu.br\/linguisticaliteraturaearte\/wp-json\/wp\/v2\/users\/1059"}],"replies":[{"embeddable":true,"href":"https:\/\/wp.ufpel.edu.br\/linguisticaliteraturaearte\/wp-json\/wp\/v2\/comments?post=129"}],"version-history":[{"count":60,"href":"https:\/\/wp.ufpel.edu.br\/linguisticaliteraturaearte\/wp-json\/wp\/v2\/pages\/129\/revisions"}],"predecessor-version":[{"id":949,"href":"https:\/\/wp.ufpel.edu.br\/linguisticaliteraturaearte\/wp-json\/wp\/v2\/pages\/129\/revisions\/949"}],"up":[{"embeddable":true,"href":"https:\/\/wp.ufpel.edu.br\/linguisticaliteraturaearte\/wp-json\/wp\/v2\/pages\/59"}],"wp:attachment":[{"href":"https:\/\/wp.ufpel.edu.br\/linguisticaliteraturaearte\/wp-json\/wp\/v2\/media?parent=129"}],"curies":[{"name":"wp","href":"https:\/\/api.w.org\/{rel}","templated":true}]}}