{"id":1630,"date":"2020-05-27T09:26:42","date_gmt":"2020-05-27T12:26:42","guid":{"rendered":"https:\/\/wp.ufpel.edu.br\/licenciaturaquimica\/?page_id=1630"},"modified":"2020-06-04T20:45:34","modified_gmt":"2020-06-04T23:45:34","slug":"disciplinas-no-calendario-academico-alternativo-e-orientacoes-da-coordenacao","status":"publish","type":"page","link":"https:\/\/wp.ufpel.edu.br\/licenciaturaquimica\/disciplinas-no-calendario-academico-alternativo-e-orientacoes-da-coordenacao\/","title":{"rendered":"Calend\u00e1rio Acad\u00eamico Alternativo"},"content":{"rendered":"<p>Nesta p\u00e1gina voc\u00ea encontrar\u00e1 informa\u00e7\u00f5es e orienta\u00e7\u00f5es sobre o novo Calend\u00e1rio Acad\u00eamico Alternativo, com vig\u00eancia de junho a setembro de 2020, e ainda ter\u00e1 acesso a informa\u00e7\u00f5es sobre as disciplinas ofertadas ao curso de Licenciatura em Qu\u00edmica.<\/p>\n<ul>\n<li>O Calend\u00e1rio Acad\u00eamico Alternativo foi desenvolvido pela gest\u00e3o da universidade e aberto \u00e0 consulta e sugest\u00e3o da comunidade acad\u00eamica da UFPel ao longo do m\u00eas de maio\/2020.<\/li>\n<li>Em 22 de maio de 2020, o COCEPE deliberou sobre sua aprova\u00e7\u00e3o, de modo que esse calend\u00e1rio tem algumas especificidades. S\u00e3o elas:<\/li>\n<\/ul>\n<p>&nbsp;<\/p>\n<ul>\n<li style=\"list-style-type: none\">\n<ul>\n<li><strong>Sobre oferta e matr\u00edcula:<\/strong>\n<ul>\n<li>N\u00e3o ser\u00e3o aceitas ofertas de disciplinas ou quaisquer atividades que envolvam a\u00e7\u00f5es presenciais, seja na universidade ou em outros espa\u00e7os &#8211; algumas exce\u00e7\u00f5es s\u00e3o consideradas caso a caso, mas o curso de Licenciatura em Qu\u00edmica n\u00e3o parece ter algum desses casos;<\/li>\n<li>O calend\u00e1rio se desenvolver\u00e1 em <strong>12 semanas<\/strong>, havendo <strong>1 semana de exames<\/strong>;<\/li>\n<li>H\u00e1 a prioridade para o uso das plataformas institucionais Moodle e WebConf, mas n\u00e3o h\u00e1 limita\u00e7\u00e3o ao uso de outras plataformas, que dever\u00e3o ser acordadas entre cada docente de cada disciplina;<\/li>\n<li>A <strong>carga-hor\u00e1ria<\/strong> das disciplinas ofertadas dever\u00e1 se manter a <strong>mesma<\/strong> registrada no <strong>Projeto<\/strong> do Curso;<\/li>\n<li>A <strong>matr\u00edcula<\/strong> discente, neste semestre alternativo, ser\u00e1\u00a0<strong>opcional<\/strong>;<\/li>\n<li>Por conta do n\u00famero\u00a0<strong>reduzido\u00a0<\/strong>de turmas ofertadas, \u00e9 poss\u00edvel que haja mais demanda do que o limite de vagas nas disciplinas. Nesse caso, o crit\u00e9rio de prefer\u00eancia para a matr\u00edcula se dar\u00e1 pelo\u00a0<strong>\u00cdndice de Ordenamento de Matr\u00edcula (IOC)<\/strong>, presente na <span style=\"text-decoration: underline;color: #0000ff\"><a style=\"color: #0000ff;text-decoration: underline\" href=\"https:\/\/wp.ufpel.edu.br\/scs\/files\/2019\/02\/Resolu\u00e7\u00e3o-47.2018-COCEPE.pdf\" target=\"_blank\" rel=\"noopener noreferrer\">Resolu\u00e7\u00e3o COCEPE 47\/2018 (dispon\u00edvel aqui).<\/a><\/span><\/li>\n<li><strong>Sugere-se<\/strong> aos discentes que se matriculem em, <strong>no m\u00e1ximo, 4 componentes curriculares<\/strong>. O entendimento da gest\u00e3o \u00e9 que uma matr\u00edcula em mais componentes poder\u00e1 afetar o desempenho discente, bem como,\u00a0<strong>por haver poucas ofertas<\/strong>, h\u00e1 que se haver\u00a0<strong>modera\u00e7\u00e3o<\/strong> no n\u00famero de disciplinas matriculadas para que\u00a0<strong>o m\u00e1ximo poss\u00edvel de discentes<\/strong> que quiserem se matricular consigam vaga.<\/li>\n<li><span style=\"text-decoration: underline\"><strong>Presen\u00e7a:<\/strong><\/span> A presen\u00e7a dever\u00e1 ser registrada no cobalto e o controle poder\u00e1 ser feito com base nas atividades propostas de modo ass\u00edncrono e s\u00edncrono. O moodle possibilita um controle dos acessos \u00e0 plataforma.<\/li>\n<\/ul>\n<\/li>\n<\/ul>\n<\/li>\n<\/ul>\n<p>&nbsp;<\/p>\n<ul>\n<li style=\"list-style-type: none\">\n<ul>\n<li><strong>Sobre formas de estudo:<\/strong>\n<ul>\n<li>Uso de materiais da web em geral;<\/li>\n<li>Uso de materiais disponibilizados no Moodle (ou sistema equivalente);<\/li>\n<li>Uso da Biblioteca On-Line da UFPel -quem n\u00e3o souber utilizar ou ainda n\u00e3o utilizou, entrar em contato com a Coordena\u00e7\u00e3o do Curso (coordenacaolicqui@gmail.com);<\/li>\n<\/ul>\n<\/li>\n<\/ul>\n<\/li>\n<\/ul>\n<p>&nbsp;<\/p>\n<ul>\n<li style=\"list-style-type: none\">\n<ul>\n<li><strong>Sobre a infraestrutura:<\/strong>\n<ul>\n<li>Discentes que desejam cursar disciplinas ofertadas no calend\u00e1rio alternativo e n\u00e3o tiverem as condi\u00e7\u00f5es para isso dever\u00e3o comunicar a Coordena\u00e7\u00e3o do Curso (coordenacaolicqui@gmail.com), pois esta entrar\u00e1 em contato com o Comit\u00ea da Gest\u00e3o que buscar\u00e1 trabalhar as condi\u00e7\u00f5es aos discentes;<\/li>\n<li><\/li>\n<\/ul>\n<\/li>\n<\/ul>\n<\/li>\n<\/ul>\n<p>&nbsp;<\/p>\n<p>&nbsp;<\/p>\n<p style=\"padding-left: 40px\"><span style=\"color: #0000ff\"><a style=\"color: #0000ff;text-decoration: underline\" href=\"https:\/\/wp.ufpel.edu.br\/cra\/calendario-alternativo-2020-1\/\" target=\"_blank\" rel=\"noopener noreferrer\">&gt;Acesse aqui o Calend\u00e1rio Acad\u00eamico Alternativo<\/a><\/span><\/p>\n<p>&nbsp;<\/p>\n<p style=\"padding-left: 40px\"><span style=\"text-decoration: underline\"><span style=\"color: #0000ff\"><a style=\"color: #0000ff;text-decoration: underline\" href=\"https:\/\/wp.ufpel.edu.br\/licenciaturaquimica\/disciplinas-no-calendario-academico-alternativo-e-orientacoes-da-coordenacao\/detalhamento-da-oferta-das-disciplinas\/\">&gt; Clique aqui para acessar o detalhamento da oferta das disciplinas no Curso de Licenciatura em Qu\u00edmica fornecido por seus docentes<\/a><\/span><\/span><\/p>\n<p style=\"padding-left: 40px\"><span style=\"color: #3366ff\"><a style=\"color: #3366ff\" href=\"https:\/\/wp.ufpel.edu.br\/licenciaturaquimica\/disciplinas-no-calendario-academico-alternativo-e-orientacoes-da-coordenacao\/disciplinas-ofertadas-no-calendario-academico-alternativo-para-licenciatura-em-quimica\/\">&gt; Clique aqui para acessar a oferta de disciplinas para o curso de Licenciatura em Qu\u00edmica<\/a><\/span><\/p>\n","protected":false},"excerpt":{"rendered":"<p>Nesta p\u00e1gina voc\u00ea encontrar\u00e1 informa\u00e7\u00f5es e orienta\u00e7\u00f5es sobre o novo Calend\u00e1rio Acad\u00eamico Alternativo, com vig\u00eancia de junho a setembro de 2020, e ainda ter\u00e1 acesso a informa\u00e7\u00f5es sobre as disciplinas ofertadas ao curso de Licenciatura em Qu\u00edmica. O Calend\u00e1rio Acad\u00eamico Alternativo foi desenvolvido pela gest\u00e3o da universidade e aberto \u00e0 consulta e sugest\u00e3o da comunidade [&hellip;]<\/p>\n","protected":false},"author":656,"featured_media":0,"parent":0,"menu_order":0,"comment_status":"closed","ping_status":"closed","template":"","meta":{"footnotes":""},"class_list":["post-1630","page","type-page","status-publish","hentry"],"_links":{"self":[{"href":"https:\/\/wp.ufpel.edu.br\/licenciaturaquimica\/wp-json\/wp\/v2\/pages\/1630","targetHints":{"allow":["GET"]}}],"collection":[{"href":"https:\/\/wp.ufpel.edu.br\/licenciaturaquimica\/wp-json\/wp\/v2\/pages"}],"about":[{"href":"https:\/\/wp.ufpel.edu.br\/licenciaturaquimica\/wp-json\/wp\/v2\/types\/page"}],"author":[{"embeddable":true,"href":"https:\/\/wp.ufpel.edu.br\/licenciaturaquimica\/wp-json\/wp\/v2\/users\/656"}],"replies":[{"embeddable":true,"href":"https:\/\/wp.ufpel.edu.br\/licenciaturaquimica\/wp-json\/wp\/v2\/comments?post=1630"}],"version-history":[{"count":9,"href":"https:\/\/wp.ufpel.edu.br\/licenciaturaquimica\/wp-json\/wp\/v2\/pages\/1630\/revisions"}],"predecessor-version":[{"id":1673,"href":"https:\/\/wp.ufpel.edu.br\/licenciaturaquimica\/wp-json\/wp\/v2\/pages\/1630\/revisions\/1673"}],"wp:attachment":[{"href":"https:\/\/wp.ufpel.edu.br\/licenciaturaquimica\/wp-json\/wp\/v2\/media?parent=1630"}],"curies":[{"name":"wp","href":"https:\/\/api.w.org\/{rel}","templated":true}]}}