{"id":785,"date":"2016-01-25T16:57:31","date_gmt":"2016-01-25T18:57:31","guid":{"rendered":"https:\/\/wp.ufpel.edu.br\/libertas\/?page_id=785"},"modified":"2023-12-09T04:54:10","modified_gmt":"2023-12-09T07:54:10","slug":"auxiliosefinanciamentos","status":"publish","type":"page","link":"https:\/\/wp.ufpel.edu.br\/libertas\/auxiliosefinanciamentos\/","title":{"rendered":"Aux\u00edlios e financiamentos"},"content":{"rendered":"<p><span style=\"font-family: georgia, palatino, serif;\"><strong>CNPq \u2013 CONSELHO <span style=\"font-family: georgia, palatino, serif; font-size: 12pt;\">NACIONAL DE DESENVOLVIMENTO CIENT\u00cdFICO E TECNOL\u00d3GICO<\/span><\/strong><\/span><\/p>\n<p><strong><span style=\"font-family: georgia, palatino, serif;\">AUX\u00cdLIO \u00c0 PROMO\u00c7\u00c3O DE EVENTOS CIENT\u00cdFICOS, TECNOL\u00d3GICOS E\/OU DE INOVA\u00c7\u00c3O \u2013 ARC<\/span><\/strong><\/p>\n<p><span style=\"font-family: georgia, palatino, serif;\"><span style=\"font-size: 12pt;\">Aux\u00edlio financeiro ao eve<span style=\"font-family: georgia, palatino, serif;\">nto: &#8220;<\/span><\/span>Semin\u00e1rio Internacional Abordagens de Paz e Sistema Penal. A\u00e7\u00f5es, M\u00e9todos e Pol\u00edticas de Preven\u00e7\u00e3o da Viol\u00eancia e Prote\u00e7\u00e3o da Vida em Contexto Penal e Penitenci\u00e1rio&#8221;.<\/span><\/p>\n<p><span style=\"font-family: georgia, palatino, serif;\">Execu\u00e7\u00e3o em 2024.<\/span><\/p>\n<p><span style=\"font-family: georgia, palatino, serif; color: #0000ff;\"><a style=\"color: #0000ff;\" href=\"http:\/\/portal.cnpq.br\/web\/guest\/chamadas-publicas?p_p_id=resultadosportlet_WAR_resultadoscnpqportlet_INSTANCE_0ZaM&amp;filtro=abertas&amp;detalha=chamadaDivulgada&amp;idDivulgacao=11746\">Chamada CNPq 12\/2023<\/a><\/span><\/p>\n<p><span style=\"color: #000000; font-size: 12pt; font-family: georgia, palatino, serif;\"><strong>______<\/strong><\/span><\/p>\n<p><span style=\"color: #000000; font-size: 12pt; font-family: georgia, palatino, serif;\"><strong>CNPq &#8211; CONSELHO NACIONAL DE DESENVOLVIMENTO CIENT\u00cdFICO E TECNOL\u00d3GICO<\/strong><\/span><\/p>\n<p><span style=\"font-size: 12pt; font-family: georgia, palatino, serif;\"><strong><span style=\"color: #000000;\">PROGRAMA DE MESTRADO E DOUTORADO PARA INVA\u00c7\u00c3O MAI\/DAI<\/span><\/strong><\/span><\/p>\n<p><span style=\"color: #000000; font-size: 12pt; font-family: georgia, palatino, serif;\">Aux\u00edlio financeiro &#8211; bolsa de mestrado &#8211; ao projeto: \u201cSistema de registro, comunica\u00e7\u00e3o e aten\u00e7\u00e3o a v\u00edtimas de viol\u00eancia institucional em contexto de priva\u00e7\u00e3o de liberdade&#8221;<\/span><\/p>\n<p><span style=\"color: #000000; font-size: 12pt; font-family: georgia, palatino, serif;\">Execu\u00e7\u00e3o em 2023 e 2024.<\/span><\/p>\n<p><span style=\"color: #0000ff; font-size: 12pt; font-family: georgia, palatino, serif;\"><a style=\"color: #0000ff;\" href=\"http:\/\/memoria2.cnpq.br\/web\/guest\/chamadas-publicas?p_p_id=resultadosportlet_WAR_resultadoscnpqportlet_INSTANCE_0ZaM&amp;filtro=resultados&amp;detalha=chamadaDivulgada&amp;idDivulgacao=11225http:\/\/fapergs.rs.gov.br\/edital-01-2017-auxilio-recem-doutor-ard\">Chamada CNPq 68\/2022 &#8211; MAI\/DAI<\/a><\/span><\/p>\n<p><span style=\"font-size: 12pt; font-family: georgia, palatino, serif;\">______<\/span><\/p>\n<p><span style=\"font-size: 12pt; font-family: georgia, palatino, serif;\"><strong><span style=\"color: #000000;\">FAPERGS &#8211; FUNDA\u00c7\u00c3O DE AMPARO \u00c0 PESQUISA DO ESTADO DO RIO GRANDE DO SUL<\/span><\/strong><\/span><\/p>\n<p><span style=\"color: #000000; font-size: 12pt; font-family: georgia, palatino, serif;\"><strong>AUX\u00cdLIO PARA ORGANIZA\u00c7\u00c3O DE EVENTOS &#8211; AOE<\/strong><\/span><\/p>\n<p><span style=\"color: #000000; font-size: 12pt; font-family: georgia, palatino, serif;\">Aux\u00edlio financeiro ao evento: \u201cSemin\u00e1rio Internacional Mem\u00f3ria e Perspectivas de Luta contra a Viol\u00eancia Institucional Carcer\u00e1ria&#8221;<\/span><\/p>\n<p><span style=\"color: #000000; font-size: 12pt; font-family: georgia, palatino, serif;\">Execu\u00e7\u00e3o em 2023.<\/span><\/p>\n<p><span style=\"color: #0000ff; font-size: 12pt; font-family: georgia, palatino, serif;\"><a style=\"color: #0000ff;\" href=\"http:\/\/fapergs.rs.gov.br\/edital-01-2017-auxilio-recem-doutor-ard\">Edital 12\/2022 &#8211; AOE<\/a><\/span><\/p>\n<p><span style=\"font-size: 12pt; font-family: georgia, palatino, serif;\">______<\/span><\/p>\n<p><span style=\"color: #000000; font-size: 12pt; font-family: georgia, palatino, serif;\"><strong>CAPES &#8211; COORDENA\u00c7\u00c3O DE APERFEI\u00c7OAMENTO DE PESSOAL DE N\u00cdVEL SUPERIOR <\/strong><\/span><\/p>\n<p><span style=\"font-size: 12pt; font-family: georgia, palatino, serif;\"><strong><span style=\"color: #000000;\">PROGRAMA DE APOIO A EVENTOS NO PA\u00cdS &#8211; PAEP<\/span><\/strong><\/span><\/p>\n<p><span style=\"color: #000000; font-size: 12pt; font-family: georgia, palatino, serif;\">Aux\u00edlio financeiro ao evento: &#8220;IV Congresso Internacional Puni\u00e7\u00e3o e Controle Social: Workshop Sa\u00fade e Mortalidade no Sistema Penal&#8221;<\/span><\/p>\n<p><span style=\"color: #000000; font-size: 12pt; font-family: georgia, palatino, serif;\">Execu\u00e7\u00e3o em 2023.<\/span><\/p>\n<p><span style=\"color: #000000; font-size: 12pt; font-family: georgia, palatino, serif;\"><span style=\"color: #0000ff;\"><a style=\"color: #0000ff;\" href=\"https:\/\/www.gov.br\/capes\/pt-br\/centrais-de-conteudo\/20042020-edital-25-2019-resultado-final-pdf\">Edital 06\/2022 (PAEP\/CAPES)<\/a><\/span><\/span><\/p>\n<p><span style=\"font-size: 12pt; font-family: georgia, palatino, serif;\">______<\/span><\/p>\n<p><span style=\"font-size: 12pt; font-family: georgia, palatino, serif;\"><strong><span style=\"color: #000000;\">FAPERGS &#8211; FUNDA\u00c7\u00c3O DE AMPARO \u00c0 PESQUISA DO ESTADO DO RIO GRANDE DO SUL<\/span><\/strong><\/span><\/p>\n<p><span style=\"font-size: 12pt; font-family: georgia, palatino, serif;\"><strong><span style=\"color: #000000;\">PROGRAMA PESQUISADOR GA\u00daCHO<\/span><\/strong><\/span><\/p>\n<p><span style=\"color: #000000; font-size: 12pt; font-family: georgia, palatino, serif;\">Aux\u00edlio financeiro ao projeto de pesquisa: \u201cSa\u00fade e mortalidade nas pris\u00f5es: pol\u00edticas, gram\u00e1ticas, vetores de vulnerabilidades e estrat\u00e9gias de a\u00e7\u00e3o e interven\u00e7\u00e3o&#8221;.<\/span><\/p>\n<p><span style=\"color: #000000; font-size: 12pt; font-family: georgia, palatino, serif;\">Execu\u00e7\u00e3o em 2022 a 2024.<\/span><\/p>\n<p><span style=\"color: #0000ff; font-size: 12pt; font-family: georgia, palatino, serif;\"><a style=\"color: #0000ff;\" href=\"https:\/\/fapergs.rs.gov.br\/upload\/arquivos\/202112\/29142327-resultado-final-propostas-aprovadas-analise-de-merito.pdfhttp:\/\/fapergs.rs.gov.br\/edital-01-2017-auxilio-recem-doutor-ard\">Edital 07\/2021 &#8211; PqG<\/a><\/span><\/p>\n<p><span style=\"font-size: 12pt; font-family: georgia, palatino, serif;\">______<\/span><\/p>\n<p><span style=\"color: #000000; font-size: 12pt; font-family: georgia, palatino, serif;\"><strong>CAPES &#8211; COORDENA\u00c7\u00c3O DE APERFEI\u00c7OAMENTO DE PESSOAL DE N\u00cdVEL SUPERIOR <\/strong><\/span><\/p>\n<p><span style=\"font-size: 12pt; font-family: georgia, palatino, serif;\"><strong><span style=\"color: #000000;\">PROGRAMA DE APOIO A EVENTOS NO PA\u00cdS &#8211; PAEP<\/span><\/strong><\/span><\/p>\n<p><span style=\"color: #000000; font-size: 12pt; font-family: georgia, palatino, serif;\">Aux\u00edlio financeiro ao evento: &#8220;III Congresso Internacional Puni\u00e7\u00e3o e Controle Social &#8211; Workshop Justi\u00e7a Criminal e Quest\u00f5es Sociais no Sul Global&#8221;<\/span><\/p>\n<p><span style=\"color: #000000; font-size: 12pt; font-family: georgia, palatino, serif;\">Execu\u00e7\u00e3o em 2021.<\/span><\/p>\n<p><span style=\"color: #000000; font-size: 12pt; font-family: georgia, palatino, serif;\"><span style=\"color: #0000ff;\"><a style=\"color: #0000ff;\" href=\"https:\/\/www.gov.br\/capes\/pt-br\/centrais-de-conteudo\/20042020-edital-25-2019-resultado-final-pdf\">Edital 25\/2019 (PAEP\/CAPES)<\/a>\u00a0<\/span><\/span><\/p>\n<p><span style=\"font-size: 12pt; font-family: georgia, palatino, serif;\">______<\/span><\/p>\n<p><span style=\"font-size: 12pt; font-family: georgia, palatino, serif;\"><strong><span style=\"color: #000000;\">FAPERGS &#8211; FUNDA\u00c7\u00c3O DE AMPARO \u00c0 PESQUISA DO ESTADO DO RIO GRANDE DO SUL\u00a0<\/span><\/strong><\/span><\/p>\n<p><span style=\"color: #000000; font-size: 12pt; font-family: georgia, palatino, serif;\"><strong>AUX\u00cdLIO \u00c0 PARTICIPA\u00c7\u00c3O EM EVENTOS E VISITAS T\u00c9CNICAS \u2013 APE<\/strong><\/span><\/p>\n<p><span style=\"color: #000000; font-size: 12pt; font-family: georgia, palatino, serif;\">Aux\u00edlio para participa\u00e7\u00e3o em eventos e visitas t\u00e9cnicas no projeto: &#8220;Justi\u00e7a Criminal e Direitos Humanos no Brasil e em Mo\u00e7ambique no s\u00e9culo XXI\/Debates Acad\u00e9micos&#8221;.<\/span><\/p>\n<p><span style=\"color: #000000; font-size: 12pt; font-family: georgia, palatino, serif;\"><span style=\"color: #0000ff;\"><a style=\"color: #0000ff;\" href=\"https:\/\/fapergs.rs.gov.br\/edital-01-2020-auxilio-a-participacao-em-eventos-ape\">Edital 01\/2020 &#8211; APE<\/a><\/span>\u00a0<\/span><\/p>\n<p><span style=\"font-size: 12pt; font-family: georgia, palatino, serif;\">______<\/span><\/p>\n<p><span style=\"font-size: 12pt; font-family: georgia, palatino, serif;\"><strong><span style=\"color: #000000;\">FAPERGS &#8211; FUNDA\u00c7\u00c3O DE AMPARO \u00c0 PESQUISA DO ESTADO DO RIO GRANDE DO SUL<\/span><\/strong><\/span><\/p>\n<p><span style=\"font-size: 12pt; font-family: georgia, palatino, serif;\"><strong><span style=\"color: #000000;\">AUX\u00cdLIO REC\u00c9M DOUTOR<\/span><\/strong><\/span><\/p>\n<p><span style=\"color: #000000; font-size: 12pt; font-family: georgia, palatino, serif;\">Aux\u00edlio financeiro ao projeto de pesquisa:\u00a0\u201cC\u00e1rcere e vulnerabilidade social: alcances e limites das pol\u00edticas de diversidades no sistema penitenci\u00e1rio do Rio Grande do Sul&#8221;.<\/span><\/p>\n<p><span style=\"color: #000000; font-size: 12pt; font-family: georgia, palatino, serif;\">Execu\u00e7\u00e3o em 2018 e 2019.<\/span><\/p>\n<p><span style=\"color: #0000ff; font-size: 12pt; font-family: georgia, palatino, serif;\"><a style=\"color: #0000ff;\" href=\"http:\/\/fapergs.rs.gov.br\/edital-01-2017-auxilio-recem-doutor-ard\">Edital 01\/2017 &#8211; ARD<\/a><\/span><\/p>\n<p><span style=\"font-size: 12pt; font-family: georgia, palatino, serif;\"><strong><span style=\"color: #000000;\">______<\/span><\/strong><\/span><\/p>\n<p><span style=\"font-size: 12pt; font-family: georgia, palatino, serif;\"><strong><span style=\"color: #000000;\">MEC &#8211; MINIST\u00c9RIO DA EDUCA\u00c7\u00c3O<\/span><\/strong><\/span><\/p>\n<p><span style=\"font-size: 12pt; font-family: georgia, palatino, serif;\"><strong><span style=\"color: #000000;\">PROGRAMA DE APOIO \u00c0 EXTENS\u00c3O UNIVERSIT\u00c1RIA MEC\/SESu<\/span><\/strong><\/span><\/p>\n<p><span style=\"color: #000000; font-size: 12pt; font-family: georgia, palatino, serif;\">Aux\u00edlio financeiro ao programa de extens\u00e3o: &#8220;LIBERTAS &#8211; Programa de Enfrentamento da Vulnerabilidade em Ambientes Prisionais&#8221;<\/span><\/p>\n<p><span style=\"color: #000000; font-size: 12pt; font-family: georgia, palatino, serif;\">Execu\u00e7\u00e3o em 2016 e 2017.<\/span><\/p>\n<p><span style=\"color: #000000; font-size: 12pt; font-family: georgia, palatino, serif;\">Linha Tem\u00e1tica:\u00a0<span class=\"Apple-style-span\">Justi\u00e7a e direito do indiv\u00edduo privado de liberdade.<\/span><\/span><\/p>\n<p><span style=\"color: #000000; font-size: 12pt; font-family: georgia, palatino, serif;\"><span class=\"Apple-style-span\"> Subtema:\u00a0Sistema prisional e Direitos Humanos.<\/span><\/span><\/p>\n<p><span style=\"color: #0000ff; font-size: 12pt; font-family: georgia, palatino, serif;\"><a style=\"color: #0000ff;\" href=\"http:\/\/resultado_final_proext_2016_programas\">Edital PROEXT 2016<\/a><\/span><\/p>\n","protected":false},"excerpt":{"rendered":"<p>CNPq \u2013 CONSELHO NACIONAL DE DESENVOLVIMENTO CIENT\u00cdFICO E TECNOL\u00d3GICO AUX\u00cdLIO \u00c0 PROMO\u00c7\u00c3O DE EVENTOS CIENT\u00cdFICOS, TECNOL\u00d3GICOS E\/OU DE INOVA\u00c7\u00c3O \u2013 ARC Aux\u00edlio financeiro ao evento: &#8220;Semin\u00e1rio Internacional Abordagens de Paz e Sistema Penal. A\u00e7\u00f5es, M\u00e9todos e Pol\u00edticas de Preven\u00e7\u00e3o da Viol\u00eancia e Prote\u00e7\u00e3o da Vida em Contexto Penal e Penitenci\u00e1rio&#8221;. Execu\u00e7\u00e3o em 2024. Chamada CNPq [&hellip;]<\/p>\n","protected":false},"author":440,"featured_media":0,"parent":0,"menu_order":0,"comment_status":"closed","ping_status":"closed","template":"","meta":{"footnotes":""},"class_list":["post-785","page","type-page","status-publish","hentry"],"_links":{"self":[{"href":"https:\/\/wp.ufpel.edu.br\/libertas\/wp-json\/wp\/v2\/pages\/785","targetHints":{"allow":["GET"]}}],"collection":[{"href":"https:\/\/wp.ufpel.edu.br\/libertas\/wp-json\/wp\/v2\/pages"}],"about":[{"href":"https:\/\/wp.ufpel.edu.br\/libertas\/wp-json\/wp\/v2\/types\/page"}],"author":[{"embeddable":true,"href":"https:\/\/wp.ufpel.edu.br\/libertas\/wp-json\/wp\/v2\/users\/440"}],"replies":[{"embeddable":true,"href":"https:\/\/wp.ufpel.edu.br\/libertas\/wp-json\/wp\/v2\/comments?post=785"}],"version-history":[{"count":14,"href":"https:\/\/wp.ufpel.edu.br\/libertas\/wp-json\/wp\/v2\/pages\/785\/revisions"}],"predecessor-version":[{"id":1974,"href":"https:\/\/wp.ufpel.edu.br\/libertas\/wp-json\/wp\/v2\/pages\/785\/revisions\/1974"}],"wp:attachment":[{"href":"https:\/\/wp.ufpel.edu.br\/libertas\/wp-json\/wp\/v2\/media?parent=785"}],"curies":[{"name":"wp","href":"https:\/\/api.w.org\/{rel}","templated":true}]}}