{"id":703,"date":"2016-01-21T23:29:30","date_gmt":"2016-01-22T01:29:30","guid":{"rendered":"https:\/\/wp.ufpel.edu.br\/libertas\/?page_id=703"},"modified":"2021-06-30T21:17:49","modified_gmt":"2021-07-01T00:17:49","slug":"rcsicp","status":"publish","type":"page","link":"https:\/\/wp.ufpel.edu.br\/libertas\/redes-de-pesquisa\/rcsicp\/","title":{"rendered":"Red Cono Sur de Investigaci\u00f3n en Cuestiones Penitenciarias (RCSICP)"},"content":{"rendered":"<p><span style=\"color: #000000\"><strong>RED CONO SUR DE INVESTIGACI\u00d3N EN CUESTIONES PENITENCIARIAS<\/strong><\/span><\/p>\n<p>&nbsp;<\/p>\n<p><span style=\"color: #000000\"><strong>Integrantes ativos<\/strong><\/span><\/p>\n<p><strong><span style=\"color: #000000\">Agustina Gil Belloni, <\/span><\/strong><span style=\"color: #000000\">Universidad de Buenos Aires, Argentina<\/span><\/p>\n<p><span style=\"color: #000000\"><strong>Ana Vigna Bej\u00e9rez<\/strong>, Universidad de La Rep\u00fablica, Uruguay<\/span><\/p>\n<p><strong><span style=\"color: #000000\">Bernarda Garc\u00eda,\u00a0 <\/span><\/strong><span style=\"color: #000000\">Universidad de Buenos Aires, Argentina<\/span><\/p>\n<p><span style=\"color: #000000\"><strong>Bruno Rotta Almeida<\/strong>, Universidade Federal de Pelotas, Brasil<\/span><\/p>\n<p><span style=\"color: #000000\"><strong>Leonardo Pitlevnik<\/strong>, Universidad de Buenos Aires, Argentina<\/span><\/p>\n<p><span style=\"color: #000000\"><strong>Luiz Ant\u00f4nio Bogo Chies<\/strong>, Universidade Cat\u00f3lica de Pelotas, Brasil\u00a0<\/span><\/p>\n<p><span style=\"color: #000000\"><strong>Ramiro Gual<\/strong>, Universidad de Buenos Aires, Argentina<\/span><\/p>\n<p><span style=\"color: #000000\"><strong>Waldemar Claus,<\/strong> Universidad Nacional de Litoral, Argentina<\/span><\/p>\n<p>&nbsp;<\/p>\n<p><span style=\"color: #000000\"><a style=\"color: #000000\" href=\"https:\/\/wp.ufpel.edu.br\/libertas\/files\/2016\/01\/Carta-Consolidacao-RCSICP.pdf\">Carta-Consolidacao-RCSICP<\/a><\/span><\/p>\n<p><span style=\"color: #000000\"><a style=\"color: #000000\" href=\"https:\/\/wp.ufpel.edu.br\/libertas\/files\/2016\/01\/I-REUNI\u00d3N-DE-LA-RED-CONO-SUR-DE-INVESTIGACI\u00d3N-EN-CUESTI\u00d3N-PENITENCIARIA.pdf\">I-REUNI\u00d3N-DE-LA-RED-CONO-SUR-DE-INVESTIGACI\u00d3N-EN-CUESTI\u00d3N-PENITENCIARIA<\/a><\/span><\/p>\n<p><span style=\"font-size: 12pt;background-color: #ffffff;color: #000000\"><strong><span style=\"font-family: georgia, palatino, serif\">Encontros e eventos<\/span><\/strong><\/span><\/p>\n<p><span style=\"font-size: 12pt;background-color: #ffffff;color: #000000\"><strong><span style=\"font-family: georgia, palatino, serif\">I Reuni\u00f3n de la Red Cono Sur de Investigaci\u00f3n en Cuesti\u00f3n Penitenciaria<\/span><\/strong><\/span><\/p>\n<p><span style=\"font-size: 12pt;background-color: #ffffff;color: #000000\"><span style=\"font-family: georgia, palatino, serif\">04 de dezembro de 2015.\u00a0Departamento de Sociolog\u00eda, Facultad de Ciencias Sociales, Universidad de la Rep\u00fablica.<\/span><\/span><\/p>\n<p><span style=\"font-size: 12pt;background-color: #ffffff;color: #000000\"><span style=\"font-family: georgia, palatino, serif\">Montevid\u00e9u, Uruguai.<\/span><\/span><\/p>\n<p>&#8211;<\/p>\n<p><span style=\"font-size: 12pt;background-color: #ffffff;color: #000000\"><strong><span style=\"font-family: georgia, palatino, serif\">II Reuni\u00f3n de la Red Cono Sur de Investigaci\u00f3n en Cuesti\u00f3n Penitenciaria<\/span><\/strong><\/span><\/p>\n<p><span style=\"font-size: 12pt;background-color: #ffffff;color: #000000\"><span style=\"font-family: georgia, palatino, serif\">17 e 18 de outubro de 2016. Facultad de Derecho, Universidad de Buenos Aires.<\/span><\/span><\/p>\n<p><span style=\"font-size: 12pt;background-color: #ffffff;color: #000000\"><span style=\"font-family: georgia, palatino, serif\">Buenos Aires, Argentina.<\/span><\/span><\/p>\n<p>&#8211;<\/p>\n<p><span style=\"font-size: 12pt;background-color: #ffffff;color: #000000\"><strong><span style=\"font-family: georgia, palatino, serif\">III Reuni\u00f3n de la Red Cono Sur de Investigaci\u00f3n en Cuesti\u00f3n Penitenciaria<\/span><\/strong><\/span><\/p>\n<p><span style=\"font-size: 12pt;background-color: #ffffff;color: #000000\"><span class=\"Apple-style-span\" style=\"font-family: georgia, palatino, serif\">Dezembro de 2017. Montevid\u00e9u, Uruguai.<\/span><\/span><\/p>\n<p>&#8211;<\/p>\n<p><span style=\"font-size: 12pt;background-color: #ffffff;color: #000000\"><strong><span style=\"font-family: georgia, palatino, serif\">IV Reuni\u00f3n de la Red Cono Sur de Investigaci\u00f3n en Cuesti\u00f3n Penitenciaria<\/span><\/strong><\/span><\/p>\n<p><span style=\"font-size: 12pt;background-color: #ffffff;color: #000000\"><span class=\"Apple-style-span\" style=\"font-family: georgia, palatino, serif\">Outubro de 2018. Pelotas, Brasil.<\/span><\/span><\/p>\n<p>&#8211;<\/p>\n<p><span style=\"font-size: 12pt;background-color: #ffffff;color: #000000\"><strong><span style=\"font-family: georgia, palatino, serif\">V Reuni\u00f3n de la Red Cono Sur de Investigaci\u00f3n en Cuesti\u00f3n Penitenciaria<\/span><\/strong><\/span><\/p>\n<p><span style=\"font-size: 12pt;background-color: #ffffff;color: #000000\"><span class=\"Apple-style-span\" style=\"font-family: georgia, palatino, serif\">Agosto de 2019. Buenos Aires, Argentina.<\/span><\/span><\/p>\n<p>&#8211;<\/p>\n<p><strong><span style=\"font-size: 12pt;color: #000000\">Seminario Internacional &#8211; Covid y c\u00e1rcel. Una mirada regional<\/span><\/strong><\/p>\n<p><span style=\"color: #000000\">\u00a0Bernarda Garc\u00eda (UBA &#8211; Argentina); Leonardo Pitlevnik (UBA &#8211; Argentina); Mauricio Manchado (UNR &#8211; Argentina); Ana Vigna (UdelaR &#8211; Uruguay); Bruno Rotta Almeida (UFPel &#8211; Brasil). <\/span><\/p>\n<p><span style=\"color: #000000\">Junho de 2020. Dispon\u00edvel em: <span style=\"color: #0000ff\"><a style=\"color: #0000ff\" href=\"https:\/\/www.youtube.com\/watch?v=jwwNapAuMf4\">https:\/\/www.youtube.com\/watch?v=jwwNapAuMf4<\/a><\/span><\/span><\/p>\n<p>&#8211;<\/p>\n<p><strong><span style=\"color: #000000\">II Seminario Virtual Regional &#8211; Gesti\u00f3n y orden en las prisiones latinoamericanas <\/span><\/strong><\/p>\n<p><span style=\"color: #000000\">Negociaci\u00f3n y orden en una c\u00e1rcel federal argentina \/ Ramiro Gual (UBA- Argentina)<\/span><\/p>\n<p><span style=\"color: #000000\">Junho de 2020. Dispon\u00edvel em: <span style=\"color: #0000ff\"><a style=\"color: #0000ff\" href=\"https:\/\/www.youtube.com\/watch?v=UF2HbBtXg0c\">https:\/\/www.youtube.com\/watch?v=UF2HbBtXg0c<\/a><\/span><\/span><\/p>\n<p>&#8211;<\/p>\n<p><strong><span style=\"color: #000000\">II Seminario Virtual Regional &#8211; Gesti\u00f3n y orden en las prisiones latinoamericanas<\/span><\/strong><\/p>\n<p><span style=\"color: #000000\">Reforma penitenciaria, autoridad y orden en la historia reciente del Servicio Penitenciario de Santa Fe \/ Waldemar Claus (UNL- Argentina) <\/span><\/p>\n<p><span style=\"color: #000000\">Julho de 2020. Dispon\u00edvel em: <span style=\"color: #0000ff\"><a style=\"color: #0000ff\" href=\"https:\/\/www.youtube.com\/watch?v=63JWJUV0TGw\">https:\/\/www.youtube.com\/watch?v=63JWJUV0TGw<\/a><\/span><\/span><\/p>\n<p>&#8211;<\/p>\n<p><strong><span style=\"color: #000000\">II Seminario Virtual Regional &#8211; Gesti\u00f3n y orden en las prisiones latinoamericanas<\/span><\/strong><\/p>\n<p><span style=\"color: #000000\">Actitudes del personal penitenciario: entre la dimensi\u00f3n organizacional y la correccional. Ana Vigna (UdelaR- Uruguay) <\/span><\/p>\n<p><span style=\"color: #000000\">Agosto de 2020. Dispon\u00edvel em: <span style=\"color: #0000ff\"><a style=\"color: #0000ff\" href=\"https:\/\/www.youtube.com\/watch?v=BRQG5j2eZRs\">https:\/\/www.youtube.com\/watch?v=BRQG5j2eZRs<\/a><\/span><\/span><\/p>\n<p>&#8211;<\/p>\n<p><span style=\"color: #000000\"><strong>II Seminario Virtual Regional &#8211; Gesti\u00f3n y orden en las prisiones latinoamericanas<\/strong><\/span><\/p>\n<p><span style=\"color: #000000\">La salvaci\u00f3n es personal. Desistimiento, religi\u00f3n y narrativas de la conversi\u00f3n en prisiones Argentinas. Mauricio Manchado (UNR- Argentina). <\/span><\/p>\n<p><span style=\"color: #000000\">Setembro de 2020. Dispon\u00edvel em: <span style=\"color: #0000ff\"><a style=\"color: #0000ff\" href=\"https:\/\/www.youtube.com\/watch?v=b-ga_53EP-c\">https:\/\/www.youtube.com\/watch?v=b-ga_53EP-c<\/a><\/span><\/span><\/p>\n<p>&#8211;<\/p>\n<p><span style=\"color: #000000\"><strong>III Seminario Virtual Regional \u2013 Agencia Judicial y prisiones en Latinoam\u00e9rica<\/strong><\/span><\/p>\n<p><span style=\"color: #000000\">Indeniza\u00e7\u00e3o por mortes sob custodia prisional. Luiz Ant\u00f4nio Bogo Chies (UCPel \u2013 Brasil). <\/span><\/p>\n<p><span style=\"color: #000000\">Setembro de 2020. Dispon\u00edvel em: <span style=\"color: #0000ff\"><a style=\"color: #0000ff\" href=\"https:\/\/www.youtube.com\/watch?v=kwBtowJmEqM\">https:\/\/www.youtube.com\/watch?v=kwBtowJmEqM<\/a><\/span><\/span><\/p>\n<p>&#8211;<\/p>\n<p><strong><span style=\"color: #000000\">III Seminario Virtual Regional \u2013 Agencia Judicial y prisiones en Latinoam\u00e9rica<\/span><\/strong><\/p>\n<p><span style=\"color: #000000\">Actuaci\u00f3n judicial em torno de las condiciones de detenci\u00f3n. Habeas Corpus y emergencia sanitaria. Leonardo Pitlevnik (UBA \u2013 Argentina). <\/span><\/p>\n<p><span style=\"color: #000000\">Outubro de 2020. Dispon\u00edvel em: <span style=\"color: #0000ff\"><a style=\"color: #0000ff\" href=\"https:\/\/www.youtube.com\/watch?v=XosyN-iAOG0\">https:\/\/www.youtube.com\/watch?v=XosyN-iAOG0<\/a><\/span><\/span><\/p>\n<p>&#8211;<\/p>\n<p><strong><span style=\"color: #000000\">III Seminario Virtual Regional \u2013 Agencia Judicial y prisiones en Latinoam\u00e9rica <\/span><\/strong><\/p>\n<p><span style=\"color: #000000\">Jurisdicci\u00f3n nacional e internacional. Ejecuci\u00f3n penal y violaci\u00f3n a DDHH. Bruno Rotta Almeida (UFPel \u2013 Brasil). <\/span><\/p>\n<p><span style=\"color: #000000\">Novembro de 2020. Dispon\u00edvel em: <span style=\"color: #0000ff\"><a style=\"color: #0000ff\" href=\"https:\/\/www.youtube.com\/watch?v=Z_beXkPqF2g\">https:\/\/www.youtube.com\/watch?v=Z_beXkPqF2g<\/a><\/span><\/span><\/p>\n<p>&#8211;<\/p>\n<p><strong><span style=\"color: #000000\">Conferencia virtual <\/span><\/strong><\/p>\n<p><span style=\"color: #000000\">Medir y explicar la violencia penitenciaria en Uruguay: resultados de un estudio de m\u00e9todos mixto. Dr. Nicol\u00e1s Trajtenberg &#8211; Universidad de Cardiff (Gales) y Universidad de la Rep\u00fablica (Uruguay). <\/span><\/p>\n<p><span style=\"color: #000000\">Novembro de 2020. Dispon\u00edvel em: <span style=\"color: #0000ff\"><a style=\"color: #0000ff\" href=\"https:\/\/www.youtube.com\/watch?v=F65LevgsgFg\">https:\/\/www.youtube.com\/watch?v=F65LevgsgFg<\/a><\/span><\/span><\/p>\n<p>&#8211;<\/p>\n<p><strong><span style=\"color: #000000\">Conversatorio Virtual<\/span><\/strong><\/p>\n<p><span style=\"color: #000000\">Masacres y crisis estructural en el Sistema Penitenciario Ecuatoriano. Jorge Paladines (Universidad Central de Ecuador)<\/span><\/p>\n<p><span style=\"color: #000000\">Mar\u00e7o de 2021. Dispon\u00edvel em: <span style=\"color: #0000ff\"><a style=\"color: #0000ff\" href=\"https:\/\/www.youtube.com\/watch?v=7s-QH1t_WMM\">https:\/\/www.youtube.com\/watch?v=7s-QH1t_WMM<\/a><\/span><\/span><\/p>\n<p>&#8211;<\/p>\n<p><span style=\"color: #000000\"><strong>IV Seminario Virtual Regional \u2013 Cartograf\u00edas de las Prisiones Latinoamericanas<\/strong> <\/span><\/p>\n<p><span style=\"color: #000000\">La situaci\u00f3n carcelaria en Colombia. Libardo Jos\u00e9 Ariza (Codirector Grupo de Prisiones &#8211; Universidad de los Andes &#8211; Colombia) <\/span><\/p>\n<p><span style=\"color: #000000\">Abril de 2021. Dispon\u00edvel em: <span style=\"color: #0000ff\"><a style=\"color: #0000ff\" href=\"https:\/\/www.youtube.com\/watch?v=m9NrEf8o08Y\">https:\/\/www.youtube.com\/watch?v=m9NrEf8o08Y<\/a><\/span><\/span><\/p>\n<p>&#8211;<\/p>\n<p><strong><span style=\"color: #000000\">IV Seminario Virtual Regional \u2013 Cartograf\u00edas de las Prisiones Latinoamericanas<\/span><\/strong><\/p>\n<p><span style=\"color: #000000\">Embustes pand\u00e9micos. Medidas de protecci\u00f3n en el sistema penitenciario paraguayo &#8211; Juan Martens (Universidad Nacional de Pilar\/CONACYT &#8211; Paraguay) <\/span><\/p>\n<p><span style=\"color: #000000\">Maio de 2021. Dispon\u00edvel em: <span style=\"color: #0000ff\"><a style=\"color: #0000ff\" href=\"https:\/\/www.youtube.com\/watch?v=kYYYuPRbV1A\">https:\/\/www.youtube.com\/watch?v=kYYYuPRbV1A<\/a><\/span><\/span><\/p>\n<p>&#8211;<\/p>\n<p><strong><span style=\"color: #000000\">IV Seminario Virtual Regional \u2013 Cartograf\u00edas de las Prisiones Latinoamericanas<\/span><\/strong><\/p>\n<p><span style=\"color: #000000\">La situaci\u00f3n carcelaria en M\u00e9xico &#8211; Corina Giacomello (IIJ &#8211; Universidad Aut\u00f3noma de Chiapas &#8211; M\u00e9xico) <\/span><\/p>\n<p><span style=\"color: #000000\">Junho de 2021. Dispon\u00edvel em: <span style=\"color: #0000ff\">https:\/\/www.youtube.com\/watch?v=yOxiMF8ONVQ<\/span><\/span><\/p>\n","protected":false},"excerpt":{"rendered":"<p>RED CONO SUR DE INVESTIGACI\u00d3N EN CUESTIONES PENITENCIARIAS &nbsp; Integrantes ativos Agustina Gil Belloni, Universidad de Buenos Aires, Argentina Ana Vigna Bej\u00e9rez, Universidad de La Rep\u00fablica, Uruguay Bernarda Garc\u00eda,\u00a0 Universidad de Buenos Aires, Argentina Bruno Rotta Almeida, Universidade Federal de Pelotas, Brasil Leonardo Pitlevnik, Universidad de Buenos Aires, Argentina Luiz Ant\u00f4nio Bogo Chies, Universidade Cat\u00f3lica [&hellip;]<\/p>\n","protected":false},"author":440,"featured_media":0,"parent":701,"menu_order":0,"comment_status":"closed","ping_status":"closed","template":"","meta":{"footnotes":""},"class_list":["post-703","page","type-page","status-publish","hentry"],"_links":{"self":[{"href":"https:\/\/wp.ufpel.edu.br\/libertas\/wp-json\/wp\/v2\/pages\/703","targetHints":{"allow":["GET"]}}],"collection":[{"href":"https:\/\/wp.ufpel.edu.br\/libertas\/wp-json\/wp\/v2\/pages"}],"about":[{"href":"https:\/\/wp.ufpel.edu.br\/libertas\/wp-json\/wp\/v2\/types\/page"}],"author":[{"embeddable":true,"href":"https:\/\/wp.ufpel.edu.br\/libertas\/wp-json\/wp\/v2\/users\/440"}],"replies":[{"embeddable":true,"href":"https:\/\/wp.ufpel.edu.br\/libertas\/wp-json\/wp\/v2\/comments?post=703"}],"version-history":[{"count":13,"href":"https:\/\/wp.ufpel.edu.br\/libertas\/wp-json\/wp\/v2\/pages\/703\/revisions"}],"predecessor-version":[{"id":1748,"href":"https:\/\/wp.ufpel.edu.br\/libertas\/wp-json\/wp\/v2\/pages\/703\/revisions\/1748"}],"up":[{"embeddable":true,"href":"https:\/\/wp.ufpel.edu.br\/libertas\/wp-json\/wp\/v2\/pages\/701"}],"wp:attachment":[{"href":"https:\/\/wp.ufpel.edu.br\/libertas\/wp-json\/wp\/v2\/media?parent=703"}],"curies":[{"name":"wp","href":"https:\/\/api.w.org\/{rel}","templated":true}]}}