{"id":2035,"date":"2025-02-20T14:38:45","date_gmt":"2025-02-20T17:38:45","guid":{"rendered":"https:\/\/wp.ufpel.edu.br\/libertas\/?page_id=2035"},"modified":"2025-10-06T20:48:02","modified_gmt":"2025-10-06T23:48:02","slug":"xv-encuentro-latinoamericano","status":"publish","type":"page","link":"https:\/\/wp.ufpel.edu.br\/libertas\/xv-encuentro-latinoamericano\/","title":{"rendered":"XV ENCUENTRO LATINOAMERICANO DE SEMILLEROS Y GRUPOS DE ESTUDIO DE PENAL Y PENITENCIARIO"},"content":{"rendered":"<p><strong>XV ENCUENTRO LATINOAMERICANO DE SEMILLEROS Y GRUPOS DE ESTUDIO DE PENAL Y PENITENCIARIO<\/strong><\/p>\n<p><strong>V Congreso Internacional Castigo y Control Social<\/strong><\/p>\n<p>\u201cInnovaciones sociales y tecnol\u00f3gicas para la garant\u00eda de los derechos humanos de las personas privadas de la libertad\u201d<strong>\u00a0<\/strong><\/p>\n<p>&nbsp;<\/p>\n<p><strong>Facultad de Derecho, Universidad Federal de Pelotas<\/strong><\/p>\n<p><strong>9, 10 y 11 de octubre de 2025.<\/strong><\/p>\n<p><a href=\"https:\/\/wp.ufpel.edu.br\/libertas\/files\/2025\/03\/Afiche-Encuentro-es-1.jpg\"><img class=\"alignnone size-medium wp-image-2079\" src=\"https:\/\/wp.ufpel.edu.br\/libertas\/files\/2025\/03\/Afiche-Encuentro-es-1-320x400.jpg\" alt=\"\" width=\"320\" height=\"400\" srcset=\"https:\/\/wp.ufpel.edu.br\/libertas\/files\/2025\/03\/Afiche-Encuentro-es-1-320x400.jpg 320w, https:\/\/wp.ufpel.edu.br\/libertas\/files\/2025\/03\/Afiche-Encuentro-es-1-819x1024.jpg 819w, https:\/\/wp.ufpel.edu.br\/libertas\/files\/2025\/03\/Afiche-Encuentro-es-1-768x960.jpg 768w, https:\/\/wp.ufpel.edu.br\/libertas\/files\/2025\/03\/Afiche-Encuentro-es-1.jpg 1024w\" sizes=\"(max-width: 320px) 100vw, 320px\" \/><\/a><\/p>\n<p><strong>PRESENTACI\u00d3N<\/strong><\/p>\n<p>El Encuentro busca promover un escenario de estudio, reflexi\u00f3n e intercambio entre semilleros, grupos de estudio e investigaci\u00f3n sobre cuestiones penales y penitenciarias en Am\u00e9rica Latina, a trav\u00e9s de discusiones y debates con diversos actores acad\u00e9micos y sociales sobre experiencias locales, nacionales y latinoamericanas y su intersecci\u00f3n con innovaciones sociales y tecnol\u00f3gicas para la garant\u00eda de los derechos humanos. El Encuentro cuenta con la participaci\u00f3n de diversas instituciones de ense\u00f1anza y organismos sociales, e integra la agenda de trabajo de la Coalici\u00f3n de Derechos Humanos sobre Privaci\u00f3n de Libertad en las Am\u00e9ricas, creada en el XIV Encuentro, en Bogot\u00e1, la cual re\u00fane enfoques innovadores sobre pol\u00edticas p\u00fablicas para el enfrentamiento de la violencia a trav\u00e9s de la defensa de los derechos humanos, esenciales para el desarrollo de pr\u00e1cticas humanas y la comprensi\u00f3n te\u00f3rica y pr\u00e1ctica sobre el funcionamiento de los sistemas penales y penitenciarios en la regi\u00f3n.<\/p>\n<p>____<\/p>\n<p><strong>ENV\u00cdO DE PONENCIAS<\/strong><\/p>\n<p>Invitamos a todas las personas interesadas a participar con el env\u00edo de ponencias (en portugu\u00e9s o espa\u00f1ol).<\/p>\n<p><strong>Fecha l\u00edmite para la recepci\u00f3n de propuestas (res\u00famenes)<\/strong>: 05\/09\/2025<\/p>\n<p><strong>Resultado de las propuestas aceptadas: <a href=\"https:\/\/wp.ufpel.edu.br\/libertas\/files\/2025\/09\/RESULTADO-1.pdf\">RESULTADO.<\/a><\/strong><\/p>\n<p><strong>Las propuestas deben ser enviadas al correo electr\u00f3nico<\/strong>: semillerodepenitenciarioyddhh@gmail.com<\/p>\n<p><strong>Requisitos (res\u00famenes):<\/strong><\/p>\n<p>T\u00edtulo de la ponencia<\/p>\n<p>Nombre de las\/os autoras\/es<\/p>\n<p>Filiaci\u00f3n institucional<\/p>\n<p>Resumen entre 150 y 300 palabras<\/p>\n<p>&#8211;<\/p>\n<p><strong>Ponencias completas:<\/strong> las ponencias completas no deben superar las 15 p\u00e1ginas, incluyendo notas y referencias. Las ponencias completas ser\u00e1n publicadas en los anales del encuentro.<\/p>\n<p><strong>Fecha l\u00edmite para el env\u00edo de ponencias completas para publicaci\u00f3n en los anales del encuentro:<\/strong> 10\/11\/2025<\/p>\n<p><strong>Requisitos (ponencia completa)<\/strong>: <a href=\"https:\/\/wp.ufpel.edu.br\/libertas\/files\/2025\/07\/Requisitos-de-la-ponencia-completa.pdf\">Requisitos de la ponencia completa<\/a><\/p>\n<p>____<\/p>\n<p><strong>PROGRAMA<\/strong><\/p>\n<p><span style=\"color: #0000ff;\"><strong><a style=\"color: #0000ff;\" href=\"https:\/\/wp.ufpel.edu.br\/libertas\/files\/2025\/10\/PROGRAMA-COMPLETO-1-3.pdf\">PROGRAMA COMPLETO &#8211;<\/a><\/strong><\/span><\/p>\n<p>____<\/p>\n<p><strong>INSCRIPCI\u00d3N <\/strong><\/p>\n<p>Inscripciones como oyentes: <a href=\"https:\/\/forms.gle\/7qFrxQmBKRwP6Mo59\"><span style=\"color: #0000ff;\"><strong>https:\/\/forms.gle\/7qFrxQmBKRwP6Mo59<\/strong><\/span><\/a><\/p>\n<p>____<\/p>\n<p><strong>COORDINACI\u00d3N<\/strong><\/p>\n<p>Bruno Rotta Almeida (Universidade Federal de Pelotas, Brasil)<\/p>\n<p>Juan David Posada Segura (Universidad de Antioquia, Colombia)<\/p>\n<p>____<\/p>\n<p><strong>ORGANIZACI\u00d3N<\/strong><\/p>\n<p>Libertas \u2013 Programa Puni\u00e7\u00e3o, Controle Social e Direitos Humanos, PPGD\/UFPel \u2013 Universidade Federal de Pelotas, Brasil<\/p>\n<p>Semillero de Penitenciario y Derechos Humanos, Universidad de Antioquia, Colombia<\/p>\n<p>____<\/p>\n<p><strong>COLABORACI\u00d3N<\/strong><\/p>\n<p>Dhyma Grupo de Investigaci\u00f3n Derechos Humanos y Medio Ambiente, UPTC, Colombia<\/p>\n<p>Fundacion Retorno a la Libertad, Colombia<\/p>\n<p>Ciencias Jur\u00eddicas y Pol\u00edticas, Universidad de los Andes, Venezuela<\/p>\n<p>Programa de P\u00f3s-Gradua\u00e7\u00e3o em Direito, UFPel, Brasil<\/p>\n<p>Universidad de Buenos Aires, Argentina<\/p>\n<p>Universidade de S\u00e3o Paulo, Brasil<\/p>\n<p>Corporaci\u00f3n Activos por los Derechos Humanos<\/p>\n<p>Centro de Estudios en Ejecuci\u00f3n Penal, UBA, Argentina<\/p>\n<p>Cooperativa Libert\u00e9, Argentina<\/p>\n<p>Centro de Investigaciones Penales y Criminol\u00f3gicas &#8220;H\u00e9ctor Febres Cordero&#8221;, ULA, Venezuela.<\/p>\n<p>Instituto Superior Universitario Cotopaxi, Equador<\/p>\n<p>Universidad Aut\u00f3noma Latinoamerica, Colombia<\/p>\n<p>N\u00facleo de Pesquisa e Extens\u00e3o sobre a Pena e a Execu\u00e7\u00e3o Penal, USP, Brasil<\/p>\n<p>Grupo de Pesquisa Biopol\u00edtica e Processo Penal, Brasil<\/p>\n<p>Semillero en Derecho Penitenciario, Pontificia Universidad Javeriana, Colombia<\/p>\n<p>Universidade Cat\u00f3lica de Pernambuco, Brasil<\/p>\n<p>Pontificia Universidad Javeriana, Colombia<\/p>\n<p>Universidad Pedag\u00f3gica y Tecnol\u00f3gica de Colombia<\/p>\n<p>Universidad de la Rep\u00fablica, Uruguay<\/p>\n<p>Semillero Criminolog\u00eda en investigaci\u00f3n Forense, Universidad Industrial de Santander, Colombia<\/p>\n<p>Centro Universit\u00e1rio do Estado do Par\u00e1, Brasil<\/p>\n<p>Cl\u00ednica de Direitos Humanos, CESUPA, Brasil<\/p>\n<p>N\u00facleo de Estudos e Pol\u00edticas Penitenci\u00e1rias, UFAL, Brasil<\/p>\n<p>Universidade Federal de Alagoas, Brasil<\/p>\n<p>Programa de P\u00f3s-Gradua\u00e7\u00e3o em Direito, UFAL, Brasil<\/p>\n<p>Programa de P\u00f3s-Gradua\u00e7\u00e3o em Direito, UNICAP, Brasil<\/p>\n<p>Instituto Brasileiro de Direitos Humanos, Brasil<\/p>\n<p>____<\/p>\n<p><strong>APOYO<\/strong><\/p>\n<p>CAPES \u2013 Coordena\u00e7\u00e3o de Aperfei\u00e7oamento de Pessoal de N\u00edvel Superior, Brasil<\/p>\n<p>CNPq \u2013 Conselho Nacional de Desenvolvimento Cient\u00edfico e Tecnol\u00f3gico, Brasil<\/p>\n<p>FAPERGS \u2013 Funda\u00e7\u00e3o de Amparo \u00e0 Pesquisa do Estado do Rio Grande do Sul, Brasil<\/p>\n<p>OAB\/RS &#8211; Ordem dos Advogados do Brasil\/Rio Grande do Sul &#8211; Subse\u00e7\u00e3o de Pelotas<\/p>\n<p>____<\/p>\n<p>Evento presencial<\/p>\n<p>Carga horaria: 30 horas<\/p>\n<p>Consultas y contactos:\u00a0<a href=\"https:\/\/wp.ufpel.edu.br\/libertas\/seminario-internacional-memoria-e-perspectivas-de-luta-contra-a-violencia-institucional-carceraria\/libertasufpel@gmail.com\">libertasufpel@gmail.com<\/a><\/p>\n","protected":false},"excerpt":{"rendered":"<p>XV ENCUENTRO LATINOAMERICANO DE SEMILLEROS Y GRUPOS DE ESTUDIO DE PENAL Y PENITENCIARIO V Congreso Internacional Castigo y Control Social \u201cInnovaciones sociales y tecnol\u00f3gicas para la garant\u00eda de los derechos humanos de las personas privadas de la libertad\u201d\u00a0 &nbsp; Facultad de Derecho, Universidad Federal de Pelotas 9, 10 y 11 de octubre de 2025. PRESENTACI\u00d3N [&hellip;]<\/p>\n","protected":false},"author":440,"featured_media":0,"parent":0,"menu_order":0,"comment_status":"closed","ping_status":"closed","template":"","meta":{"footnotes":""},"class_list":["post-2035","page","type-page","status-publish","hentry"],"_links":{"self":[{"href":"https:\/\/wp.ufpel.edu.br\/libertas\/wp-json\/wp\/v2\/pages\/2035","targetHints":{"allow":["GET"]}}],"collection":[{"href":"https:\/\/wp.ufpel.edu.br\/libertas\/wp-json\/wp\/v2\/pages"}],"about":[{"href":"https:\/\/wp.ufpel.edu.br\/libertas\/wp-json\/wp\/v2\/types\/page"}],"author":[{"embeddable":true,"href":"https:\/\/wp.ufpel.edu.br\/libertas\/wp-json\/wp\/v2\/users\/440"}],"replies":[{"embeddable":true,"href":"https:\/\/wp.ufpel.edu.br\/libertas\/wp-json\/wp\/v2\/comments?post=2035"}],"version-history":[{"count":4,"href":"https:\/\/wp.ufpel.edu.br\/libertas\/wp-json\/wp\/v2\/pages\/2035\/revisions"}],"predecessor-version":[{"id":2178,"href":"https:\/\/wp.ufpel.edu.br\/libertas\/wp-json\/wp\/v2\/pages\/2035\/revisions\/2178"}],"wp:attachment":[{"href":"https:\/\/wp.ufpel.edu.br\/libertas\/wp-json\/wp\/v2\/media?parent=2035"}],"curies":[{"name":"wp","href":"https:\/\/api.w.org\/{rel}","templated":true}]}}