{"id":2032,"date":"2025-02-20T14:36:21","date_gmt":"2025-02-20T17:36:21","guid":{"rendered":"https:\/\/wp.ufpel.edu.br\/libertas\/?page_id=2032"},"modified":"2025-10-06T20:46:06","modified_gmt":"2025-10-06T23:46:06","slug":"xv-encontro-latino-americano","status":"publish","type":"page","link":"https:\/\/wp.ufpel.edu.br\/libertas\/xv-encontro-latino-americano\/","title":{"rendered":"XV ENCONTRO LATINO-AMERICANO DE GRUPOS DE ESTUDO E PESQUISA DE PENAL E PENITENCI\u00c1RIO"},"content":{"rendered":"<p><strong>XV ENCONTRO LATINO-AMERICANO DE GRUPOS DE ESTUDO E PESQUISA DE PENAL E PENITENCI\u00c1RIO<\/strong><\/p>\n<p><strong>V Congresso Internacional Puni\u00e7\u00e3o e Controle Social<\/strong><\/p>\n<p>\u201cInova\u00e7\u00f5es sociais e tecnol\u00f3gicas para a garantia dos direitos humanos das pessoas privadas de liberdade\u201d<\/p>\n<p>&nbsp;<\/p>\n<p><strong>Faculdade de Direito, Universidade Federal de Pelotas<\/strong><\/p>\n<p><strong>9, 10 e 11 de outubro de 2025.<\/strong><\/p>\n<p><a href=\"https:\/\/wp.ufpel.edu.br\/libertas\/files\/2025\/03\/Cartaz-Encontro-pt-1.jpg\"><img class=\"alignnone size-medium wp-image-2081\" src=\"https:\/\/wp.ufpel.edu.br\/libertas\/files\/2025\/03\/Cartaz-Encontro-pt-1-320x400.jpg\" alt=\"\" width=\"320\" height=\"400\" srcset=\"https:\/\/wp.ufpel.edu.br\/libertas\/files\/2025\/03\/Cartaz-Encontro-pt-1-320x400.jpg 320w, https:\/\/wp.ufpel.edu.br\/libertas\/files\/2025\/03\/Cartaz-Encontro-pt-1-819x1024.jpg 819w, https:\/\/wp.ufpel.edu.br\/libertas\/files\/2025\/03\/Cartaz-Encontro-pt-1-768x960.jpg 768w, https:\/\/wp.ufpel.edu.br\/libertas\/files\/2025\/03\/Cartaz-Encontro-pt-1.jpg 1024w\" sizes=\"(max-width: 320px) 100vw, 320px\" \/><\/a><\/p>\n<p><strong>APRESENTA\u00c7\u00c3O<\/strong><\/p>\n<p>O Encontro busca promover um cen\u00e1rio de estudo, reflex\u00e3o e interc\u00e2mbio de semin\u00e1rios de forma\u00e7\u00e3o, grupos de estudo e de pesquisa sobre quest\u00f5es penais e penitenci\u00e1rias na Am\u00e9rica Latina, atrav\u00e9s de discuss\u00f5es e debates de diversos atores acad\u00eamicos e sociais a respeito de experi\u00eancias locais, nacionais e latino-americanas e sua intersec\u00e7\u00e3o com inova\u00e7\u00f5es sociais e tecnol\u00f3gicas para a garantia dos direitos humanos.\u00a0O Encontro conta com a participa\u00e7\u00e3o de diversas Institui\u00e7\u00f5es de Ensino e organismos sociais, e integra a agenda de trabalho da Coaliz\u00e3o de Direitos Humanos sobre Priva\u00e7\u00e3o de Liberdade nas Am\u00e9ricas, criada no XIV Encontro, em Bogot\u00e1, a qual re\u00fane enfoques inovadores sobre pol\u00edticas p\u00fablicas de enfrentamento da viol\u00eancia atrav\u00e9s da defesa dos direitos humanos, essenciais para o desenvolvimento de pr\u00e1ticas humanas e da compreens\u00e3o te\u00f3rica e pr\u00e1tica sobre o funcionamento dos sistemas penais e penitenci\u00e1rios na regi\u00e3o.<\/p>\n<p>____<\/p>\n<p><strong>ENVIO DE TRABALHOS<\/strong><\/p>\n<p>Convidamos todas as pessoas interessadas em participar com o envio de trabalhos (em portugu\u00eas ou espanhol).<\/p>\n<p><strong>Data limite de recep\u00e7\u00e3o das propostas (resumos): <\/strong>05\/09\/2025<\/p>\n<p><strong>Resultado das propostas aceitas: <a href=\"https:\/\/wp.ufpel.edu.br\/libertas\/files\/2025\/09\/RESULTADO-1.pdf\">RESULTADO.<\/a><\/strong><\/p>\n<p><strong>As propostas devem ser enviadas ao e-mail<\/strong>: <a href=\"mailto:semillerodepenitenciarioyddhh@gmail.com\">semillerodepenitenciarioyddhh@gmail.com<\/a><\/p>\n<p><strong>Requisitos (resumos):<\/strong><\/p>\n<p>T\u00edtulo da apresenta\u00e7\u00e3o<\/p>\n<p>Nome das\/os autoras\/es<\/p>\n<p>Filia\u00e7\u00e3o institucional<\/p>\n<p>Resumo entre 150 e 300 palavras<\/p>\n<p>&#8211;<\/p>\n<p><strong>Trabalhos completos em anais<\/strong>: os trabalhos completos n\u00e3o devem ultrapassar 15 p\u00e1ginas, incluindo notas e refer\u00eancias. Os trabalhos completos apresentados ser\u00e3o publicados nos anais do encontro.<\/p>\n<p><strong>Data limite de envio dos trabalhos completos (publica\u00e7\u00e3o em anais):<\/strong> 10\/11\/2025<\/p>\n<p><strong>Requisitos (trabalho completo):\u00a0<\/strong> <a href=\"https:\/\/wp.ufpel.edu.br\/libertas\/files\/2025\/07\/Requisitos-do-trabalho-completo.pdf\">Requisitos do trabalho completo<\/a><\/p>\n<p>____<\/p>\n<p><strong>PROGRAMA\u00c7\u00c3O<\/strong><\/p>\n<p><strong><span style=\"color: #0000ff;\"><a style=\"color: #0000ff;\" href=\"https:\/\/wp.ufpel.edu.br\/libertas\/files\/2025\/10\/PROGRAMA-COMPLETO-1-2.pdf\">PROGRAMA COMPLETO &#8211;<\/a><\/span><\/strong><\/p>\n<p>____<\/p>\n<p><strong>INSCRI\u00c7\u00c3O\u00a0<\/strong><\/p>\n<p>Inscri\u00e7\u00f5es para ouvintes: <span style=\"color: #0000ff;\"><strong><a style=\"color: #0000ff;\" href=\"https:\/\/forms.gle\/7qFrxQmBKRwP6Mo59\">https:\/\/forms.gle\/7qFrxQmBKRwP6Mo59<\/a><\/strong><\/span><\/p>\n<p>____<\/p>\n<p><strong>COORDENA\u00c7\u00c3O<\/strong><\/p>\n<p>Bruno Rotta Almeida (Universidade Federal de Pelotas, Brasil)<\/p>\n<p>Juan David Posada Segura (Universidad de Antioquia, Col\u00f4mbia)<\/p>\n<p>____<\/p>\n<p><strong>ORGANIZA\u00c7\u00c3O<\/strong><\/p>\n<p>Libertas \u2013 Programa Puni\u00e7\u00e3o, Controle Social e Direitos Humanos,\u00a0PPGD\/UFPel \u2013 Universidade Federal de Pelotas, Brasil<\/p>\n<p>Semillero de Penitenciario y Derechos Humanos, Universidad de Antioquia, Col\u00f4mbia<\/p>\n<p>____<\/p>\n<p><strong>COLABORA\u00c7\u00c3O<\/strong><\/p>\n<p>Dhyma Grupo de Investigaci\u00f3n Derechos Humanos y Medio Ambiente, UPTC, Colombia<\/p>\n<p>Fundacion Retorno a la Libertad, Colombia<\/p>\n<p>Ciencias Jur\u00eddicas y Pol\u00edticas, Universidad de los Andes, Venezuela<\/p>\n<p>Programa de P\u00f3s-Gradua\u00e7\u00e3o em Direito, UFPel, Brasil<\/p>\n<p>Universidad de Buenos Aires, Argentina<\/p>\n<p>Universidade de S\u00e3o Paulo, Brasil<\/p>\n<p>Corporaci\u00f3n Activos por los Derechos Humanos<\/p>\n<p>Centro de Estudios en Ejecuci\u00f3n Penal, UBA, Argentina<\/p>\n<p>Cooperativa Libert\u00e9, Argentina<\/p>\n<p>Centro de Investigaciones Penales y Criminol\u00f3gicas &#8220;H\u00e9ctor Febres Cordero&#8221;, ULA, Venezuela.<\/p>\n<p>Instituto Superior Universitario Cotopaxi, Equador<\/p>\n<p>Universidad Aut\u00f3noma Latinoamerica, Colombia<\/p>\n<p>N\u00facleo de Pesquisa e Extens\u00e3o sobre a Pena e a Execu\u00e7\u00e3o Penal, USP, Brasil<\/p>\n<p>Grupo de Pesquisa Biopol\u00edtica e Processo Penal, Brasil<\/p>\n<p>Semillero en Derecho Penitenciario, Pontificia Universidad Javeriana, Colombia<\/p>\n<p>Universidade Cat\u00f3lica de Pernambuco, Brasil<\/p>\n<p>Pontificia Universidad Javeriana, Colombia<\/p>\n<p>Universidad Pedag\u00f3gica y Tecnol\u00f3gica de Colombia<\/p>\n<p>Universidad de la Rep\u00fablica, Uruguay<\/p>\n<p>Semillero Criminolog\u00eda en investigaci\u00f3n Forense, Universidad Industrial de Santander, Colombia<\/p>\n<p>Centro Universit\u00e1rio do Estado do Par\u00e1, Brasil<\/p>\n<p>Cl\u00ednica de Direitos Humanos, CESUPA, Brasil<\/p>\n<p>N\u00facleo de Estudos e Pol\u00edticas Penitenci\u00e1rias, UFAL, Brasil<\/p>\n<p>Universidade Federal de Alagoas, Brasil<\/p>\n<p>Programa de P\u00f3s-Gradua\u00e7\u00e3o em Direito, UFAL, Brasil<\/p>\n<p>Programa de P\u00f3s-Gradua\u00e7\u00e3o em Direito, UNICAP, Brasil<\/p>\n<p>Instituto Brasileiro de Direitos Humanos, Brasil<\/p>\n<p>____<\/p>\n<p><strong>APOIO<\/strong><\/p>\n<p>CAPES \u2013 Coordena\u00e7\u00e3o de Aperfei\u00e7oamento de Pessoal de N\u00edvel Superior, Brasil<\/p>\n<p>CNPq \u2013 Conselho Nacional de Desenvolvimento Cient\u00edfico e Tecnol\u00f3gico, Brasil<\/p>\n<p>FAPERGS \u2013 Funda\u00e7\u00e3o de Amparo \u00e0 Pesquisa do Estado do Rio Grande do Sul, Brasil<\/p>\n<p>OAB\/RS &#8211; Ordem dos Advogados do Brasil &#8211; Rio Grande do Sul &#8211; Subse\u00e7\u00e3o de Pelotas<\/p>\n<p>____<\/p>\n<p>Evento presencial<\/p>\n<p>Carga hor\u00e1ria: 30 horas<\/p>\n<p>Consultas e contatos:\u00a0<a href=\"https:\/\/wp.ufpel.edu.br\/libertas\/seminario-internacional-memoria-e-perspectivas-de-luta-contra-a-violencia-institucional-carceraria\/libertasufpel@gmail.com\">libertasufpel@gmail.com<\/a><\/p>\n<p>&nbsp;<\/p>\n","protected":false},"excerpt":{"rendered":"<p>XV ENCONTRO LATINO-AMERICANO DE GRUPOS DE ESTUDO E PESQUISA DE PENAL E PENITENCI\u00c1RIO V Congresso Internacional Puni\u00e7\u00e3o e Controle Social \u201cInova\u00e7\u00f5es sociais e tecnol\u00f3gicas para a garantia dos direitos humanos das pessoas privadas de liberdade\u201d &nbsp; Faculdade de Direito, Universidade Federal de Pelotas 9, 10 e 11 de outubro de 2025. APRESENTA\u00c7\u00c3O O Encontro busca [&hellip;]<\/p>\n","protected":false},"author":440,"featured_media":0,"parent":0,"menu_order":0,"comment_status":"closed","ping_status":"closed","template":"","meta":{"footnotes":""},"class_list":["post-2032","page","type-page","status-publish","hentry"],"_links":{"self":[{"href":"https:\/\/wp.ufpel.edu.br\/libertas\/wp-json\/wp\/v2\/pages\/2032","targetHints":{"allow":["GET"]}}],"collection":[{"href":"https:\/\/wp.ufpel.edu.br\/libertas\/wp-json\/wp\/v2\/pages"}],"about":[{"href":"https:\/\/wp.ufpel.edu.br\/libertas\/wp-json\/wp\/v2\/types\/page"}],"author":[{"embeddable":true,"href":"https:\/\/wp.ufpel.edu.br\/libertas\/wp-json\/wp\/v2\/users\/440"}],"replies":[{"embeddable":true,"href":"https:\/\/wp.ufpel.edu.br\/libertas\/wp-json\/wp\/v2\/comments?post=2032"}],"version-history":[{"count":4,"href":"https:\/\/wp.ufpel.edu.br\/libertas\/wp-json\/wp\/v2\/pages\/2032\/revisions"}],"predecessor-version":[{"id":2176,"href":"https:\/\/wp.ufpel.edu.br\/libertas\/wp-json\/wp\/v2\/pages\/2032\/revisions\/2176"}],"wp:attachment":[{"href":"https:\/\/wp.ufpel.edu.br\/libertas\/wp-json\/wp\/v2\/media?parent=2032"}],"curies":[{"name":"wp","href":"https:\/\/api.w.org\/{rel}","templated":true}]}}