{"id":500,"date":"2019-05-24T16:19:23","date_gmt":"2019-05-24T19:19:23","guid":{"rendered":"https:\/\/wp.ufpel.edu.br\/leurengeo\/?page_id=500"},"modified":"2025-08-01T00:30:52","modified_gmt":"2025-08-01T03:30:52","slug":"seur","status":"publish","type":"page","link":"https:\/\/wp.ufpel.edu.br\/leurengeo\/seur\/","title":{"rendered":"SEUR"},"content":{"rendered":"<p>J\u00e1 estamos na 19\u00aa edi\u00e7\u00e3o do SEUR em 2025. <a href=\"https:\/\/www.even3.com.br\/xix_seur-535078\/\" target=\"_blank\" rel=\"noopener\">Acesse AQUI para visitar a P\u00c1GINA DO XIX SEUR<\/a><\/p>\n<p><a href=\"https:\/\/www.even3.com.br\/xix_seur-535078\/\" target=\"_blank\" rel=\"noopener\"><img data-recalc-dims=\"1\" loading=\"lazy\" decoding=\"async\" data-attachment-id=\"1418\" data-permalink=\"https:\/\/wp.ufpel.edu.br\/leurengeo\/2025\/08\/01\/seur-esta-de-volta-com-foco-na-geografia-da-fome\/imagem-capa\/\" data-orig-file=\"https:\/\/i0.wp.com\/wp.ufpel.edu.br\/leurengeo\/files\/2025\/08\/Imagem-capa.png?fit=1536%2C1024&amp;ssl=1\" data-orig-size=\"1536,1024\" data-comments-opened=\"0\" data-image-meta=\"{&quot;aperture&quot;:&quot;0&quot;,&quot;credit&quot;:&quot;&quot;,&quot;camera&quot;:&quot;&quot;,&quot;caption&quot;:&quot;&quot;,&quot;created_timestamp&quot;:&quot;0&quot;,&quot;copyright&quot;:&quot;&quot;,&quot;focal_length&quot;:&quot;0&quot;,&quot;iso&quot;:&quot;0&quot;,&quot;shutter_speed&quot;:&quot;0&quot;,&quot;title&quot;:&quot;&quot;,&quot;orientation&quot;:&quot;0&quot;}\" data-image-title=\"Imagem capa\" data-image-description=\"\" data-image-caption=\"\" data-medium-file=\"https:\/\/i0.wp.com\/wp.ufpel.edu.br\/leurengeo\/files\/2025\/08\/Imagem-capa.png?fit=400%2C267&amp;ssl=1\" data-large-file=\"https:\/\/i0.wp.com\/wp.ufpel.edu.br\/leurengeo\/files\/2025\/08\/Imagem-capa.png?fit=604%2C403&amp;ssl=1\" class=\"alignnone size-medium wp-image-1418\" src=\"https:\/\/i0.wp.com\/wp.ufpel.edu.br\/leurengeo\/files\/2025\/08\/Imagem-capa.png?resize=400%2C267&#038;ssl=1\" alt=\"\" width=\"400\" height=\"267\" srcset=\"https:\/\/i0.wp.com\/wp.ufpel.edu.br\/leurengeo\/files\/2025\/08\/Imagem-capa.png?resize=400%2C267&amp;ssl=1 400w, https:\/\/i0.wp.com\/wp.ufpel.edu.br\/leurengeo\/files\/2025\/08\/Imagem-capa.png?resize=1024%2C683&amp;ssl=1 1024w, https:\/\/i0.wp.com\/wp.ufpel.edu.br\/leurengeo\/files\/2025\/08\/Imagem-capa.png?resize=768%2C512&amp;ssl=1 768w, https:\/\/i0.wp.com\/wp.ufpel.edu.br\/leurengeo\/files\/2025\/08\/Imagem-capa.png?w=1536&amp;ssl=1 1536w, https:\/\/i0.wp.com\/wp.ufpel.edu.br\/leurengeo\/files\/2025\/08\/Imagem-capa.png?w=1208&amp;ssl=1 1208w\" sizes=\"auto, (max-width: 400px) 100vw, 400px\" \/><\/a><\/p>\n<p style=\"text-align: justify;\">O <strong>SEUR<\/strong> \u00e9 o <strong>Semin\u00e1rio de Estudos Urbanos e Regionais<\/strong>, organizado anualmente pelo Laborat\u00f3rio de Estudos Urbanos e Regionais.<\/p>\n<p style=\"text-align: justify;\">Atualmente, o <strong>SEUR<\/strong> se constituiu em um dos mais longevos eventos de Geografia no Rio Grande do Sul. Com isso, se conseguiu atingir o prop\u00f3sito inicial de manter um evento de sistematiza\u00e7\u00e3o dos trabalhos sobre o espa\u00e7o urbano, regional e temas correlatos, na metade sul do Rio Grande do Sul.<\/p>\n<p style=\"text-align: justify;\"><a href=\"https:\/\/wp.ufpel.edu.br\/seur\/\" target=\"_blank\" rel=\"noopener noreferrer\">Acesse aqui o site oficial do SEUR\u00a0<\/a> e fique por dentro de todas as coberturas das edi\u00e7\u00f5es anteriores e novidades dessa edi\u00e7\u00e3o e das futuras.<\/p>\n<p>&nbsp;<\/p>\n<p style=\"text-align: center;\"><span style=\"font-size: 14pt;\"><strong>HIST\u00d3RICO<\/strong><\/span><\/p>\n<p style=\"text-align: justify;\">O <strong>I SEUR<\/strong>, realizado em <strong>2005<\/strong>, tratou do espa\u00e7o eminentemente local, com \u00eanfase para os estudos da cidade de Pelotas, com o tema do com\u00e9rcio e do consumo, foi tamb\u00e9m o <strong>I Col\u00f3quio Internacional sobre Com\u00e9rcio e Consumo Urbano<\/strong> (I CISCCUrb).<\/p>\n<p style=\"text-align: justify;\">O <strong>II SEUR, <\/strong>em<strong> 2006,<\/strong> foi mais amplo e manteve o foro internacional com a realiza\u00e7\u00e3o conjunta do <strong>I Col\u00f3quio Internacional Sobre as Cidades do Prata<\/strong>, com a amplia\u00e7\u00e3o das atividades do laborat\u00f3rio e o estabelecimento de variados conv\u00eanios e parcerias.<\/p>\n<p style=\"text-align: justify;\">Novamente no <strong>III SEUR<\/strong>, em <strong>2007<\/strong>, com o <strong>II CISCCUrb<\/strong>, a tem\u00e1tica retomou o com\u00e9rcio e o consumo, discutindo amplamente as potencialidades urbanas na \u00e1rea de estudo.<\/p>\n<p style=\"text-align: justify;\">O <strong>IV SEUR, <\/strong>em<strong> 2008,<\/strong> e o <strong>II Cidades do Prata<\/strong> retomaram a discuss\u00e3o hist\u00f3rica com um amplo relat\u00f3rio dos estudos promovidos no extremo sul do Rio Grande do Sul e uma discuss\u00e3o te\u00f3rica e metodol\u00f3gica internacional sobre a Geografia Hist\u00f3rica.<\/p>\n<p style=\"text-align: justify;\">O <strong>V SEUR<\/strong>, em 2009, organizado com o apoio da FAPERGS (Funda\u00e7\u00e3o de Apoio \u00e0 Pesquisa do Estado do Rio Grande do Sul), manteve a perspectiva internacional com a realiza\u00e7\u00e3o do <strong>III CISCCUrb<\/strong> e contou com a presen\u00e7a de convidados de destacada atua\u00e7\u00e3o nacional e internacional, foram organizados com a realiza\u00e7\u00e3o de confer\u00eancias, apresenta\u00e7\u00e3o de pain\u00e9is, sess\u00e3o de apresenta\u00e7\u00e3o de comunica\u00e7\u00f5es livres e de p\u00f4steres e oficinas pr\u00e1ticas. O objetivo dessa din\u00e2mica foi o de proporcionar a amplia\u00e7\u00e3o do debate sobre os temas abordados e o estabelecimento de um f\u00f3rum privilegiado de discuss\u00e3o entre pesquisadores e demais interessados.<\/p>\n<p style=\"text-align: justify;\">Novamente no <strong>VI SEUR,<\/strong> em <strong>2010<\/strong>, retornou a discuss\u00e3o sobre as <strong>Cidades do Prata<\/strong> no evento organizado com a participa\u00e7\u00e3o da Universidade Federal do Pampa (UNIPAMPA) Campus de Jaguar\u00e3o, quando a tem\u00e1tica discutida se centrou sobre o universo da \u201cFronteira\u201d. O <strong>III COL\u00d3QUIO INTERNACIONAL SOBRE AS CIDADES DO PRATA<\/strong> &#8211; \u201cRela\u00e7\u00f5es de Fronteiras\u201d, abordou a fundamenta\u00e7\u00e3o hist\u00f3rica, te\u00f3rica e metodol\u00f3gica, com estudos relacionados ao contexto hist\u00f3rico dos s\u00e9culos XVII a XIX; an\u00e1lise das rela\u00e7\u00f5es entre Portugal e Espanha, o Antigo Regime e o processo de explora\u00e7\u00e3o colonial; an\u00e1lises dos estudos da Geografia Urbana e Geografia Hist\u00f3rica, com \u00eanfase para os aspectos te\u00f3ricos e metodol\u00f3gicos.<\/p>\n<p style=\"text-align: justify;\">No <strong>VII SEUR<\/strong> e <strong>I Col\u00f3quio Internacional de Educa\u00e7\u00e3o do Campo e Ensino de<\/strong><strong><br \/>\nGeografia, a Educa\u00e7\u00e3o do Campo, em 2011, foi o tema central permitindo ampliar a discuss\u00e3o na \u00e1rea do ensino de Geografia, um dos focos da exist\u00eancia do laborat\u00f3rio.<\/strong><\/p>\n<p style=\"text-align: justify;\">Excepcionalmente em <strong>2012<\/strong> foi organizado isoladamente o <strong>IV Col\u00f3quio Internacional Sobre As Cidades do Prata<\/strong>, em colabora\u00e7\u00e3o com a Licenciatura em Gesti\u00f3n Ambiental y Urbana da Universidad Nacional de Lan\u00fas, Argentina, cuja tem\u00e1tica foi: \u201cBacias Hidrogr\u00e1ficas: Natureza e Sociedade. O <strong>VIII SEUR<\/strong>, em 2012, retoma a tem\u00e1tica platina com a organiza\u00e7\u00e3o do <strong>V Col\u00f3quio Sobre As Cidades do Prata<\/strong>, se prop\u00f4s discutir o tema da \u201cIntegra\u00e7\u00e3o Regional\u201d. Foi organizado com a realiza\u00e7\u00e3o de confer\u00eancias, apresenta\u00e7\u00e3o de pain\u00e9is, sess\u00e3o de apresenta\u00e7\u00e3o de comunica\u00e7\u00f5es livres e de p\u00f4steres e oficinas pr\u00e1ticas. O V Col\u00f3quio Internacional Sobre as Cidades do Prata: \u201cIntegra\u00e7\u00e3o Regional\u201d foi organizado conjuntamente com o Centro de Documenta\u00e7\u00e3o Hist\u00f3rica do Rio da Prata e do Brasil, de Rivera, no Uruguai, como um evento dedicado a discutir as rela\u00e7\u00f5es existentes no processo de integra\u00e7\u00e3o regional nas faixas de fronteira entre Brasil, Argentina e Uruguai. Trata-se de uma dedica\u00e7\u00e3o regional com a \u201cmetade\u201d sul do Rio Grande do Sul na qual se inserem as institui\u00e7\u00f5es envolvidas. A parceria entre as institui\u00e7\u00f5es foi uma afirma\u00e7\u00e3o da atua\u00e7\u00e3o destas institui\u00e7\u00f5es brasileiras com o apoio dos parceiros uruguaios e argentinos.<\/p>\n<p style=\"text-align: justify;\">Em <strong>2013<\/strong>, retornou a tem\u00e1tica com a realiza\u00e7\u00e3o do <strong>IV Col\u00f3quio Internacional Sobre<\/strong><strong><br \/>\nCom\u00e9rcio e Consumo Urbano, juntamente com o IX SEUR. Assim, se retornou, tamb\u00e9m, a ideia de manter intercalada a tem\u00e1tica do SEUR, dedicando um ano para os estudos das Cidades do Prata e outro para o com\u00e9rcio e consumo urbano. <\/strong><\/p>\n<p style=\"text-align: justify;\">O <strong>X SEUR,<\/strong> em 2014, retoma a tem\u00e1tica platina com a organiza\u00e7\u00e3o do <strong>VI Col\u00f3quio Sobre As Cidades do Prata<\/strong>, e se prop\u00f5e a discutir o tema da \u201cGeografia, Cultura e outros recortes Tem\u00e1ticos Regionais\u201d. Com a participa\u00e7\u00e3o prevista de conferencistas parceiros do Uruguai e da Argentina, foi organizado com uma programa\u00e7\u00e3o que prev\u00ea a realiza\u00e7\u00e3o de confer\u00eancias, apresenta\u00e7\u00e3o de pain\u00e9is, sess\u00e3o de apresenta\u00e7\u00e3o de comunica\u00e7\u00f5es livres e de p\u00f4steres. O objetivo dessa din\u00e2mica \u00e9 o de proporcionar a amplia\u00e7\u00e3o do debate sobre os temas abordados e o estabelecimento de um f\u00f3rum privilegiado de discuss\u00e3o entre pesquisadores e demais interessados. O VI COL\u00d3QUIO INTERNACIONAL AS CIDADES DO PRATA: GEOGRAFIA, CULTURA E OUTROS RECORTES TEM\u00c1TICOS REGIONAIS conta com a organiza\u00e7\u00e3o conjunta do Centro de Documenta\u00e7\u00e3o Hist\u00f3rica do Rio da Prata e do Brasil, de Rivera, no Uruguai, como um evento dedicado \u00e0 discutir as rela\u00e7\u00f5es existentes no processo de integra\u00e7\u00e3o regional nas faixas de fronteira entre Brasil,<\/p>\n<p style=\"text-align: justify;\">Em <strong>2015<\/strong>, foi realizado o <strong>XI SEMIN\u00c1RIO INTERNACIONAL DE ESTUDOS URBANOS E REGIONAIS<\/strong>, juntamente com o <strong>V Col\u00f3quio Internacional sobre Com\u00e9rcio e Consumo Urbano<\/strong> e o <strong>I Col\u00f3quio sobre Cidade e Cidadania.<\/strong> Com isso o laborat\u00f3rio inaugurou uma nova frente de atua\u00e7\u00e3o na extens\u00e3o, voltada para o planejamento urbano em \u00e1reas de especial interesse social.<\/p>\n<p style=\"text-align: justify;\">J\u00e1 em <strong>2016<\/strong>, foi realizado o <strong>XII SEMIN\u00c1RIO INTERNACIONAL DE ESTUDOS URBANOS E REGIONAIS<\/strong>, juntamente com o <strong>II Col\u00f3quio sobre Cidade e Cidadania.<\/strong><\/p>\n<p style=\"text-align: justify;\">No ano de <strong>2017<\/strong> o <strong>XIII SEUR, <\/strong>manteve a tem\u00e1tica dos Movimentos Sociais Urbanos e discutiu a produ\u00e7\u00e3o da casa e da moradia nas cidades brasileiras.<\/p>\n<p style=\"text-align: justify;\">Em <strong>2018<\/strong> o <strong>XIV SEUR<\/strong>, manteve a tem\u00e1tica dos estudos urbanos, com \u00eanfase para os movimentos feministas na cidade.<\/p>\n<p style=\"text-align: justify;\">E, <strong>2019<\/strong>, comemorando as 15 edi\u00e7\u00f5es do <strong>SEUR<\/strong>, o tema do evento voltou-se para pr\u00f3pria produ\u00e7\u00e3o sobre o espa\u00e7o urbano e regional produzida no Laborat\u00f3rio de Estudos Urbanos e Regionais.<\/p>\n<p>O ano de <strong>2020<\/strong> foi um ano muito dif\u00edcil para todos em todos os aspectos, em fun\u00e7\u00e3o da pandemia do COVID-19. Mas nem mesmo isso impediu a realiza\u00e7\u00e3o do evento. O tema incluiu a preocupa\u00e7\u00e3o do momento e sua articula\u00e7\u00e3o com a produ\u00e7\u00e3o cient\u00edfica: <strong>Crises, conflitos e alternativas no Espa\u00e7o Urbano<\/strong>. Pela primeira vez, o evento foi realizado na modalidade on line, por interm\u00e9dio de videoconfer\u00eancias.<\/p>\n<p>Em <strong>2021<\/strong> a modalidade on line se instalou como uma op\u00e7\u00e3o para a realiza\u00e7\u00e3o do evento, tendo em vista que as atividades presenciais continuaram extremamente limitadas pelo COVID-19. <strong>Estudos Urbanos e Regionais: desafios contempor\u00e2neos<\/strong>, foi o tema que dinamizou as <em>lives<\/em>, agora transmitidas pelo canal do LEUR no YouTube.<\/p>\n<p><a href=\"https:\/\/www.even3.com.br\/seur\/\" target=\"_blank\" rel=\"noopener\">O <strong>XVIII SEUR<\/strong>, de <strong>2022<\/strong>, j\u00e1 est\u00e1 no ar. Acesse o site: https:\/\/www.even3.com.br\/seur\/<\/a><\/p>\n<p>&nbsp;<\/p>\n","protected":false},"excerpt":{"rendered":"<p>J\u00e1 estamos na 19\u00aa edi\u00e7\u00e3o do SEUR em 2025. Acesse AQUI para visitar a P\u00c1GINA DO XIX SEUR O SEUR \u00e9 o Semin\u00e1rio de Estudos Urbanos e Regionais, organizado anualmente pelo Laborat\u00f3rio de Estudos Urbanos e Regionais. Atualmente, o SEUR se constituiu em um dos mais longevos eventos de Geografia no Rio Grande do Sul. &hellip; <a href=\"https:\/\/wp.ufpel.edu.br\/leurengeo\/seur\/\" class=\"more-link\">Continue lendo <span class=\"screen-reader-text\">SEUR<\/span> <span class=\"meta-nav\">&rarr;<\/span><\/a><\/p>\n","protected":false},"author":486,"featured_media":0,"parent":0,"menu_order":0,"comment_status":"closed","ping_status":"closed","template":"","meta":{"jetpack_post_was_ever_published":false,"footnotes":""},"class_list":["post-500","page","type-page","status-publish","hentry"],"jetpack_sharing_enabled":true,"jetpack_shortlink":"https:\/\/wp.me\/P6IcND-84","jetpack-related-posts":[],"_links":{"self":[{"href":"https:\/\/wp.ufpel.edu.br\/leurengeo\/wp-json\/wp\/v2\/pages\/500","targetHints":{"allow":["GET"]}}],"collection":[{"href":"https:\/\/wp.ufpel.edu.br\/leurengeo\/wp-json\/wp\/v2\/pages"}],"about":[{"href":"https:\/\/wp.ufpel.edu.br\/leurengeo\/wp-json\/wp\/v2\/types\/page"}],"author":[{"embeddable":true,"href":"https:\/\/wp.ufpel.edu.br\/leurengeo\/wp-json\/wp\/v2\/users\/486"}],"replies":[{"embeddable":true,"href":"https:\/\/wp.ufpel.edu.br\/leurengeo\/wp-json\/wp\/v2\/comments?post=500"}],"version-history":[{"count":6,"href":"https:\/\/wp.ufpel.edu.br\/leurengeo\/wp-json\/wp\/v2\/pages\/500\/revisions"}],"predecessor-version":[{"id":1421,"href":"https:\/\/wp.ufpel.edu.br\/leurengeo\/wp-json\/wp\/v2\/pages\/500\/revisions\/1421"}],"wp:attachment":[{"href":"https:\/\/wp.ufpel.edu.br\/leurengeo\/wp-json\/wp\/v2\/media?parent=500"}],"curies":[{"name":"wp","href":"https:\/\/api.w.org\/{rel}","templated":true}]}}