{"id":742,"date":"2020-06-17T16:59:43","date_gmt":"2020-06-17T19:59:43","guid":{"rendered":"https:\/\/wp.ufpel.edu.br\/leh\/?page_id=742"},"modified":"2020-09-10T14:14:37","modified_gmt":"2020-09-10T17:14:37","slug":"historia-em-quadrinhos","status":"publish","type":"page","link":"https:\/\/wp.ufpel.edu.br\/leh\/historia-em-quadrinhos\/","title":{"rendered":"Hist\u00f3ria em quadrinhos"},"content":{"rendered":"<h2 style=\"text-align: justify\">A Revolta de Canudos<\/h2>\n<p style=\"text-align: justify\">Foi o confronto entre um movimento popular de fundo s\u00f3cio religioso e o Ex\u00e9rcito da Rep\u00fablica, que durou de 1896 a 1897, na ent\u00e3o comunidade de Canudos no estado da Bahia. O epis\u00f3dio foi fruto de uma s\u00e9rie de fatores como a grave crise econ\u00f4mica e social em que encontrava a regi\u00e3o \u00e0 \u00e9poca, historicamente caracterizada pela presen\u00e7a de latif\u00fandios improdutivos, situa\u00e7\u00e3o essa agravada pela ocorr\u00eancia de secas c\u00edclicas, de desemprego cr\u00f4nico; pela cren\u00e7a numa salva\u00e7\u00e3o milagrosa que pouparia os humildes habitantes do sert\u00e3o dos flagelos do clima e da exclus\u00e3o econ\u00f4mica e social.<\/p>\n<p style=\"text-align: justify\">A Hist\u00f3ria em Quadrinhos apresenta a vida do sertanejo, liderado pelo beato Ant\u00f4nio Conselheiro, em Canudos e sua luta contra a explora\u00e7\u00e3o dos coron\u00e9is e o esquecimento da Rep\u00fablica Olig\u00e1rquica com as popula\u00e7\u00f5es mais humildes.<\/p>\n<p style=\"text-align: justify\">Acesse clicando aqui:<br \/>\n<a href=\"https:\/\/www.jornalapatria.com\/post\/guerra-de-canudos-em-quadrinhos-download\">https:\/\/www.jornalapatria.com\/post\/guerra-de-canudos-em-quadrinhos-download<\/a><\/p>\n<p>______________________________________________________________<\/p>\n<h2 style=\"text-align: justify\">Proclama\u00e7\u00e3o da Rep\u00fablica<\/h2>\n<p style=\"text-align: justify\">Ocorrida em 15 de novembro de 1889, foi um movimento pol\u00edtico-militar que bota fim a monarquia brasileira, que passava por crise. Destaca-se a figura de Marechal Deodoro da Fonseca, que efetivou a Proclama\u00e7\u00e3o e foi o primeiro presidente. Para quem quer saber mais como teve in\u00edcio o sistema republicano no Brasil, no link abaixo h\u00e1 uma hist\u00f3ria em quadrinhos contando a Proclama\u00e7\u00e3o da Rep\u00fablica, de forma l\u00fadica e interessante.<\/p>\n<p>Acesse clicando aqui:<\/p>\n<p><a href=\"https:\/\/issuu.com\/edsonrossatto\/docs\/hist_ria_do_brasil_em_quadrinhos\">https:\/\/issuu.com\/edsonrossatto\/docs\/hist_ria_do_brasil_em_quadrinhos<\/a><\/p>\n<p>______________________________________________________________<\/p>\n<h2 style=\"text-align: justify\">Inconfid\u00eancia Mineira<\/h2>\n<p style=\"text-align: justify\">Tamb\u00e9m chamada de Conjura\u00e7\u00e3o Mineira, foi uma revolu\u00e7\u00e3o que visava a separa\u00e7\u00e3o do Brasil da Coroa Portuguesa, por conta do abuso de impostos e taxas que esta cobrava. Ocorreu na Prov\u00edncia de Minas Gerais, no per\u00edodo de extra\u00e7\u00e3o do ouro, em 1789, e uma de suas figuras mais conhecidas foi Tiradentes.<\/p>\n<p style=\"text-align: justify\">Acesse clicando aqui:<br \/>\n<a href=\"https:\/\/www.matematicapremio.com.br\/inconfidencia-mineira-em-quadrinhos\/\">https:\/\/www.matematicapremio.com.br\/inconfidencia-mineira-em-quadrinhos\/<\/a><\/p>\n<p style=\"text-align: justify\">______________________________________________________________<\/p>\n<h2>Quadrinhos da pr\u00e9-hist\u00f3ria<\/h2>\n<p style=\"text-align: justify\">De forma simples e divertida, esses quadrinhos ensinam um pouco sobre a pr\u00e9-hist\u00f3ria e o modo de vida mais primitivo dos seres humanos.<\/p>\n<p>Acesse clicando aqui:<\/p>\n<p><a href=\"http:\/\/www.ead.ufrpe.br\/acervo-digital-eadtec\/consulta-registros?field_tipo_recurso_educaciona_ad_value=Quadrinhos&amp;field_publicado_value=All&amp;field_curso_ad_tid=All\">http:\/\/www.ead.ufrpe.br\/acervo-digital-eadtec<\/a><\/p>\n<p>______________________________________________________________<\/p>\n<h2>HQ\u00b4s curtas<\/h2>\n<p style=\"text-align: justify\">Para quem gosta de trabalhar com hist\u00f3ria em quadrinhos nas aulas, e quer hist\u00f3rias mais curtas, o blog <em>Hist\u00f3ria em quadrinhos<\/em> tem algumas op\u00e7\u00f5es bem interessantes, referentes a acontecimentos da Idade Contempor\u00e2nea. Vale a pena conferir!<\/p>\n<p>Acesse clicando aqui:<\/p>\n<p><a href=\"https:\/\/historiaemquadrinhosblog.blogspot.com\/?m=1\">https:\/\/historiaemquadrinhosblog.blogspot.com\/?m=1<\/a><\/p>\n<p>______________________________________________________________<\/p>\n<h2>A origem das esp\u00e9cies em HQ<\/h2>\n<p style=\"text-align: justify\">Obra criada pelo famoso Charles Darwin, apresenta a Teoria da Evolu\u00e7\u00e3o, na qual as esp\u00e9cies passam por processos de adapta\u00e7\u00e3o que, ao longo do tempo faz com que os seres se alterem, para viver melhor no meio. Para quem quer entender melhor essa teoria, mas de forma mais din\u00e2mica, h\u00e1 abaixo o link da Origem das esp\u00e9cies em quadrinhos.<\/p>\n<p>Acesse clicando aqui:<\/p>\n<p><a href=\"https:\/\/livrepensamento.com\/2013\/09\/12\/a-origem-das-especias-em-hq\/\">https:\/\/livrepensamento.com\/2013\/09\/12\/a-origem-das-especias-em-hq\/<\/a><\/p>\n<p>______________________________________________________________<\/p>\n<p>&nbsp;<\/p>\n","protected":false},"excerpt":{"rendered":"<p>A Revolta de Canudos Foi o confronto entre um movimento popular de fundo s\u00f3cio religioso e o Ex\u00e9rcito da Rep\u00fablica, que durou de 1896 a 1897, na ent\u00e3o comunidade de Canudos no estado da Bahia. O epis\u00f3dio foi fruto de &hellip; <a href=\"https:\/\/wp.ufpel.edu.br\/leh\/historia-em-quadrinhos\/\">Continue lendo <span class=\"meta-nav\">&rarr;<\/span><\/a><\/p>\n","protected":false},"author":778,"featured_media":0,"parent":0,"menu_order":0,"comment_status":"closed","ping_status":"closed","template":"","meta":{"footnotes":""},"class_list":["post-742","page","type-page","status-publish","hentry"],"_links":{"self":[{"href":"https:\/\/wp.ufpel.edu.br\/leh\/wp-json\/wp\/v2\/pages\/742","targetHints":{"allow":["GET"]}}],"collection":[{"href":"https:\/\/wp.ufpel.edu.br\/leh\/wp-json\/wp\/v2\/pages"}],"about":[{"href":"https:\/\/wp.ufpel.edu.br\/leh\/wp-json\/wp\/v2\/types\/page"}],"author":[{"embeddable":true,"href":"https:\/\/wp.ufpel.edu.br\/leh\/wp-json\/wp\/v2\/users\/778"}],"replies":[{"embeddable":true,"href":"https:\/\/wp.ufpel.edu.br\/leh\/wp-json\/wp\/v2\/comments?post=742"}],"version-history":[{"count":5,"href":"https:\/\/wp.ufpel.edu.br\/leh\/wp-json\/wp\/v2\/pages\/742\/revisions"}],"predecessor-version":[{"id":1035,"href":"https:\/\/wp.ufpel.edu.br\/leh\/wp-json\/wp\/v2\/pages\/742\/revisions\/1035"}],"wp:attachment":[{"href":"https:\/\/wp.ufpel.edu.br\/leh\/wp-json\/wp\/v2\/media?parent=742"}],"curies":[{"name":"wp","href":"https:\/\/api.w.org\/{rel}","templated":true}]}}