{"id":1831,"date":"2022-08-23T09:20:18","date_gmt":"2022-08-23T12:20:18","guid":{"rendered":"https:\/\/wp.ufpel.edu.br\/leh\/?page_id=1831"},"modified":"2025-03-14T18:13:44","modified_gmt":"2025-03-14T21:13:44","slug":"quem-somos-3","status":"publish","type":"page","link":"https:\/\/wp.ufpel.edu.br\/leh\/quem-somos-3\/","title":{"rendered":"Quem somos"},"content":{"rendered":"<h1 style=\"text-align: justify;\"><strong><span style=\"font-family: times new roman, times, serif; font-size: 24pt;\">O Laborat\u00f3rio de Ensino de Hist\u00f3ria<\/span><\/strong><\/h1>\n<p style=\"text-align: justify;\">O<strong> LEH \u2013 Laborat\u00f3rio de Ensino de Hist\u00f3ria<\/strong> \u2013 \u00e9 um programa de extens\u00e3o vinculado ao Departamento de Hist\u00f3ria e ao Programa de P\u00f3s-gradua\u00e7\u00e3o em Hist\u00f3ria (PPGH\/ICH\/UFPel), que abarca v\u00e1rios projetos em tr\u00eas frentes: ensino, pesquisa e extens\u00e3o, voltados a forma\u00e7\u00e3o docente para o Ensino de Hist\u00f3ria.<\/p>\n<p style=\"text-align: justify;\">As a\u00e7\u00f5es s\u00e3o desenvolvidas na forma de eventos, oficinas, grupos de estudo, produ\u00e7\u00e3o de materiais did\u00e1ticos, disponibiliza\u00e7\u00e3o do acervo bibliogr\u00e1fico para pesquisa e subs\u00eddio para as pr\u00e1ticas escolares, publica\u00e7\u00f5es e outros produtos acad\u00eamicos.<\/p>\n<p style=\"text-align: justify;\">O LEH tamb\u00e9m se configura enquanto n\u00facleo de organiza\u00e7\u00e3o e preserva\u00e7\u00e3o de materiais did\u00e1ticos (livros did\u00e1ticos, manuais pedag\u00f3gicos, revistas pedag\u00f3gicas, cole\u00e7\u00f5es e outros), potencializando a realiza\u00e7\u00e3o de pr\u00e1ticas de ensino e pesquisas acad\u00eamicas sobre o Ensino de Hist\u00f3ria.<\/p>\n<p style=\"text-align: justify;\">Entre os objetivos do site est\u00e1 a comunica\u00e7\u00e3o das a\u00e7\u00f5es desenvolvidas, a divulga\u00e7\u00e3o de eventos e atividades da \u00e1rea, o compartilhamento de materiais e recursos did\u00e1ticos, e outros elementos did\u00e1ticos pertinentes ao Ensino de Hist\u00f3ria.<\/p>\n<p style=\"text-align: justify;\">Espera-se assim, que as informa\u00e7\u00f5es aqui veiculadas se convertam em movimentos ressonantes na comunidade social e acad\u00eamica interessada no Ensino de Hist\u00f3ria.<\/p>\n<hr \/>\n<h1><span style=\"font-family: times new roman, times, serif; font-size: 24pt;\">A Equipe do Lab<\/span><span style=\"font-family: times new roman, times, serif; font-size: 24pt;\">orat\u00f3rio<\/span><\/h1>\n<h2 style=\"text-align: center;\"><span style=\"font-family: times new roman, times, serif; font-size: 18pt;\">Professoras e Professores<\/span><\/h2>\n<h2 style=\"text-align: left;\"><img decoding=\"async\" class=\"alignnone\" src=\"https:\/\/wp.ufpel.edu.br\/leh\/files\/2020\/06\/SanaRed.jpg\" \/>\u00a0 \u00a0 \u00a0 \u00a0 \u00a0 \u00a0 \u00a0 \u00a0 \u00a0 \u00a0 \u00a0 \u00a0 <img loading=\"lazy\" decoding=\"async\" class=\"\" src=\"https:\/\/wp.ufpel.edu.br\/leh\/files\/2020\/06\/LisianeRed.jpg\" width=\"217\" height=\"187\" \/><\/h2>\n<p style=\"text-align: left;\"><a href=\"http:\/\/lattes.cnpq.br\/1989448073415959\">Profa. Dra. Alessandra Gasparotto\u00a0<\/a> \u00a0\u00a0 \u00a0 \u00a0 \u00a0 \u00a0 \u00a0 \u00a0 \u00a0 \u00a0<a href=\"http:\/\/lattes.cnpq.br\/6912448656987357\"> \u00a0Profa. Dra. Lisiane Sias Manke\u00a0<\/a><\/p>\n<hr \/>\n<p><img decoding=\"async\" src=\"https:\/\/wp.ufpel.edu.br\/leh\/files\/2020\/06\/MauroRed.jpg\" \/>\u00a0 \u00a0 \u00a0 \u00a0 \u00a0 \u00a0 \u00a0 \u00a0 \u00a0 \u00a0 \u00a0 \u00a0 \u00a0 \u00a0 \u00a0 \u00a0 \u00a0 \u00a0 \u00a0 <img loading=\"lazy\" decoding=\"async\" class=\"\" src=\"https:\/\/wp.ufpel.edu.br\/leh\/files\/2020\/06\/MarciaRed.jpg\" width=\"223\" height=\"201\" \/><\/p>\n<p style=\"text-align: justify;\"><a href=\"http:\/\/lattes.cnpq.br\/5567003394621139\">Prof. Dr. Mauro Dillmann\u00a0<\/a> \u00a0 \u00a0 \u00a0 \u00a0 \u00a0 \u00a0 \u00a0 \u00a0 \u00a0 \u00a0 \u00a0 \u00a0 \u00a0 \u00a0 \u00a0 \u00a0 \u00a0 \u00a0 \u00a0 \u00a0 <a href=\"http:\/\/lattes.cnpq.br\/4254021430397611\">\u00a0Profa. Dra. M\u00e1rcia Espig\u00a0<\/a><\/p>\n<hr \/>\n<p><img loading=\"lazy\" decoding=\"async\" class=\"wp-image-705 \" src=\"https:\/\/wp.ufpel.edu.br\/leh\/files\/2020\/06\/SebastiaoRed.jpg\" alt=\"\" width=\"211\" height=\"211\" \/>\u00a0 \u00a0 \u00a0 \u00a0 \u00a0 \u00a0 \u00a0 \u00a0 \u00a0 \u00a0 \u00a0 \u00a0 \u00a0 \u00a0 \u00a0 \u00a0 \u00a0 \u00a0 \u00a0 <img loading=\"lazy\" decoding=\"async\" class=\"alignnone\" src=\"https:\/\/wp.ufpel.edu.br\/leh\/files\/2022\/05\/WhatsApp-Image-2022-05-30-at-12.35.20.jpeg\" alt=\"\" width=\"174\" height=\"232\" data-wp-editing=\"1\" \/><\/p>\n<p><a href=\"http:\/\/lattes.cnpq.br\/5706506105302404\">Prof. Dr. Sebasti\u00e3o Peres<\/a>\u00a0 \u00a0 \u00a0 \u00a0 \u00a0 \u00a0 \u00a0 \u00a0 \u00a0 \u00a0 \u00a0 \u00a0 \u00a0 \u00a0 \u00a0 \u00a0 \u00a0 \u00a0 \u00a0 \u00a0 \u00a0 \u00a0 \u00a0 \u00a0 <a href=\"http:\/\/lattes.cnpq.br\/7339543110127451\">Prof. Dr. Wilian Bonete<\/a><\/p>\n<p>________________________________________________________________<\/p>\n<hr \/>\n<h2 style=\"text-align: center;\"><span style=\"font-family: times new roman, times, serif; font-size: 18pt;\">Atuais Bolsistas \/ Gradua\u00e7\u00e3o \/ Extens\u00e3o \/ Inicia\u00e7\u00e3o Cient\u00edfica<\/span><\/h2>\n<p style=\"padding-left: 120px;\"><span style=\"color: #3366ff;\">\u00a0 \u00a0 \u00a0<\/span><\/p>\n<p style=\"text-align: justify;\"><img loading=\"lazy\" decoding=\"async\" class=\"wp-image-2398 alignleft\" src=\"https:\/\/wp.ufpel.edu.br\/leh\/files\/2023\/11\/thaina.jpg\" alt=\"\" width=\"128\" height=\"138\" srcset=\"https:\/\/wp.ufpel.edu.br\/leh\/files\/2023\/11\/thaina.jpg 702w, https:\/\/wp.ufpel.edu.br\/leh\/files\/2023\/11\/thaina-371x400.jpg 371w\" sizes=\"auto, (max-width: 128px) 100vw, 128px\" \/><\/p>\n<p style=\"padding-left: 120px; text-align: justify;\">\u00a0 \u00a0 <span style=\"color: #333333;\">Thayn\u00e1 Dalsasso<\/span><\/p>\n<p>\u00a0 \u00a0 \u00a0<a href=\"http:\/\/lattes.cnpq.br\/2747288976369705\">Curr\u00edculo Lattes<\/a><\/p>\n<p><em>\u00a0 Bolsista de Inicia\u00e7\u00e3o Cient\u00edfica (PIBIC\/2024-2025)<\/em><\/p>\n<h2 style=\"text-align: justify;\"><\/h2>\n<h2 style=\"text-align: justify;\"><\/h2>\n<p><a href=\"https:\/\/wp.ufpel.edu.br\/leh\/files\/2024\/12\/WhatsApp-Image-2024-12-18-at-02.28.41-e1734500120816.jpeg\"><img loading=\"lazy\" decoding=\"async\" class=\"alignleft wp-image-2673 \" src=\"https:\/\/wp.ufpel.edu.br\/leh\/files\/2024\/12\/WhatsApp-Image-2024-12-18-at-02.28.41-e1734500120816-400x354.jpeg\" alt=\"\" width=\"142\" height=\"126\" srcset=\"https:\/\/wp.ufpel.edu.br\/leh\/files\/2024\/12\/WhatsApp-Image-2024-12-18-at-02.28.41-e1734500120816-400x354.jpeg 400w, https:\/\/wp.ufpel.edu.br\/leh\/files\/2024\/12\/WhatsApp-Image-2024-12-18-at-02.28.41-e1734500120816.jpeg 450w\" sizes=\"auto, (max-width: 142px) 100vw, 142px\" \/><\/a><\/p>\n<p>Sabrina Klug Thurow<\/p>\n<p><em>Bolsista de Inicia\u00e7\u00e3o Cient\u00edfica (PIBIC\/2024-2025)<\/em><\/p>\n<p>Curr\u00edculo lattes<\/p>\n<h2><\/h2>\n<h2 style=\"text-align: justify;\"><span style=\"font-size: 18.6667px;\">__________________________________________________\u00a0 <\/span><span style=\"font-size: 14pt;\">\u00a0 \u00a0 \u00a0 \u00a0 \u00a0 \u00a0 \u00a0 \u00a0 \u00a0 \u00a0 \u00a0 \u00a0 \u00a0 \u00a0 \u00a0 \u00a0 \u00a0 \u00a0 \u00a0 \u00a0 \u00a0 \u00a0 \u00a0 \u00a0 \u00a0 \u00a0 \u00a0 \u00a0 \u00a0 \u00a0 \u00a0 \u00a0\u00a0<\/span><\/h2>\n<h2 style=\"text-align: center;\"><span style=\"font-family: times new roman, times, serif; font-size: 18pt;\">Atuais integrantes:<\/span><\/h2>\n<p>Mariana Scherdien (Estudante de Licenciatura em Hist\u00f3ria\/UFPEL)<\/p>\n<p><span style=\"color: #333333; font-size: 12pt;\">Arthur Garcia Betemps (Estudante de Licenciatura em Hist\u00f3ria\/UFPEL)\u00a0<\/span><\/p>\n<p><span style=\"color: #333333; font-size: 12pt;\">Krisley Hepp Decker (Historiadora\/UFPEL)\u00a0<\/span><\/p>\n<h2 style=\"text-align: justify;\"><span style=\"font-size: 12pt;\">Larissa Azevedo <span style=\"color: #333333; font-size: 12pt;\">(Estudante de Licenciatura em Hist\u00f3ria\/UFPEL)<\/span><\/span><\/h2>\n<p>Mara In\u00eas Alflen (Historiadora\/Mestranda PPGH\/UFPEL)<\/p>\n<p>Franciele Soares da Silva <span style=\"font-size: 12pt;\"><span style=\"color: #333333; font-size: 12pt;\">(Estudante de Licenciatura em Hist\u00f3ria\/UFPEL)<\/span><\/span><\/p>\n<p>Leonardo\u00a0 Lopes <span style=\"font-size: 12pt;\"><span style=\"color: #333333; font-size: 12pt;\">(Estudante de Licenciatura em Hist\u00f3ria\/UFPEL)<\/span><\/span><\/p>\n<p>Matheus Tanhote (Historiador\/Mestrando PPGH\/UFPEL)<\/p>\n<p>Sofia Giglio (Historiadora\/UFPEL)<\/p>\n<p>Gabriela Muller Rubiara (Historiadora\/UFPEL)<\/p>\n<p>Vit\u00f3ria Henzel <span style=\"font-size: 12pt;\"><span style=\"color: #333333; font-size: 12pt;\">(Estudante de Licenciatura em Hist\u00f3ria\/UFPEL)<\/span><\/span><\/p>\n<p>Patrick de Oliveira Colvara (<span style=\"font-size: 12pt;\"><span style=\"color: #333333; font-size: 12pt;\">Estudante de Licenciatura em Hist\u00f3ria\/UFPEL)<\/span><\/span><\/p>\n<p>Maria Portilho Bagesteiro (Historiadora\/Mestranda PPGH\/UFPEL)<\/p>\n<p>Amanda Nunes Moreira (Historiadora\/Doutora em Hist\u00f3ria\/UFPEL)<\/p>\n<p>Natiele Gon\u00e7alves Mesquita (Historiadora\/Doutoranda PPGH\/UFPEL)<\/p>\n<p>Danielo Ferreira (Historiador\/Doutorando PPGH\/UFPEL)<\/p>\n<p>Jairo Paranhos (Historiador\/Doutorando PPGH\/UFPEL)<\/p>\n<h2 style=\"text-align: center;\"><span style=\"font-family: times new roman, times, serif; font-size: 18pt;\">Ex-integrantes:<\/span><\/h2>\n<p>Giovana Prado<\/p>\n<p><span style=\"color: #3366ff; font-size: 12pt;\"><span style=\"color: #333333;\">Jo Rubim Nobre (Estudante do curso de Licenciatura em Hist\u00f3ria &#8211; EAD)\u00a0<\/span><\/span><\/p>\n<p>Erika dos Santos Gillmeister Bonow<\/p>\n<p>&nbsp;<\/p>\n","protected":false},"excerpt":{"rendered":"<p>O Laborat\u00f3rio de Ensino de Hist\u00f3ria O LEH \u2013 Laborat\u00f3rio de Ensino de Hist\u00f3ria \u2013 \u00e9 um programa de extens\u00e3o vinculado ao Departamento de Hist\u00f3ria e ao Programa de P\u00f3s-gradua\u00e7\u00e3o em Hist\u00f3ria (PPGH\/ICH\/UFPel), que abarca v\u00e1rios projetos em tr\u00eas frentes: &hellip; <a href=\"https:\/\/wp.ufpel.edu.br\/leh\/quem-somos-3\/\">Continue lendo <span class=\"meta-nav\">&rarr;<\/span><\/a><\/p>\n","protected":false},"author":778,"featured_media":0,"parent":0,"menu_order":0,"comment_status":"closed","ping_status":"closed","template":"","meta":{"footnotes":""},"class_list":["post-1831","page","type-page","status-publish","hentry"],"_links":{"self":[{"href":"https:\/\/wp.ufpel.edu.br\/leh\/wp-json\/wp\/v2\/pages\/1831","targetHints":{"allow":["GET"]}}],"collection":[{"href":"https:\/\/wp.ufpel.edu.br\/leh\/wp-json\/wp\/v2\/pages"}],"about":[{"href":"https:\/\/wp.ufpel.edu.br\/leh\/wp-json\/wp\/v2\/types\/page"}],"author":[{"embeddable":true,"href":"https:\/\/wp.ufpel.edu.br\/leh\/wp-json\/wp\/v2\/users\/778"}],"replies":[{"embeddable":true,"href":"https:\/\/wp.ufpel.edu.br\/leh\/wp-json\/wp\/v2\/comments?post=1831"}],"version-history":[{"count":18,"href":"https:\/\/wp.ufpel.edu.br\/leh\/wp-json\/wp\/v2\/pages\/1831\/revisions"}],"predecessor-version":[{"id":2698,"href":"https:\/\/wp.ufpel.edu.br\/leh\/wp-json\/wp\/v2\/pages\/1831\/revisions\/2698"}],"wp:attachment":[{"href":"https:\/\/wp.ufpel.edu.br\/leh\/wp-json\/wp\/v2\/media?parent=1831"}],"curies":[{"name":"wp","href":"https:\/\/api.w.org\/{rel}","templated":true}]}}