{"id":1739,"date":"2022-07-07T12:25:44","date_gmt":"2022-07-07T15:25:44","guid":{"rendered":"https:\/\/wp.ufpel.edu.br\/leh\/?page_id=1739"},"modified":"2023-06-23T12:24:31","modified_gmt":"2023-06-23T15:24:31","slug":"podcast-2","status":"publish","type":"page","link":"https:\/\/wp.ufpel.edu.br\/leh\/podcast-2\/","title":{"rendered":"Podcast"},"content":{"rendered":"<p style=\"text-align: justify;\"><b>Cata-EHventos\u00a0<\/b><span style=\"font-weight: 400;\">(um podcast sobre o que acontece no campo do ensino de Hist\u00f3ria)<\/span><\/p>\n<p style=\"text-align: justify;\"><span style=\"font-weight: 400;\">O podcast Cata-Ehventos \u00e9 uma produ\u00e7\u00e3o do Laborat\u00f3rio de Ensino de Hist\u00f3ria (LEH) da UFPEL em parceria com o Laborat\u00f3rio de Pr\u00e1ticas em Ensino de Hist\u00f3ria (LAPEHIS) e LABORALES da Universidade Federal dos Vales do Jequitinhonha e Mucuri (UFVJM), e tem como objetivo central ser um ser um catalisador e um vetor de divulga\u00e7\u00e3o cient\u00edfica de temas relacionados ao campo do ensino de Hist\u00f3ria.\u00a0<\/span><\/p>\n<p><span style=\"font-weight: 400;\">Coordenadores: <\/span><span style=\"font-weight: 400;\">Rosiane Bechler (UFVJM) e\u00a0 <\/span><span style=\"font-weight: 400;\">Wilian Bonete (UFPEL).<\/span><\/p>\n<p><span style=\"font-weight: 400;\">Acesso: <a href=\"https:\/\/podcasters.spotify.com\/pod\/show\/cata-ehventos\">https:\/\/podcasters.spotify.com\/pod\/show\/cata-ehventos<\/a><\/span><\/p>\n<p>_____________________________________________________________<\/p>\n<p><b>Minutos da Hist\u00f3ria<\/b><\/p>\n<p style=\"text-align: justify;\"><span style=\"font-weight: 400;\">Nosso objetivo \u00e9 a divulga\u00e7\u00e3o de reflex\u00f5es sobre os diferentes aspectos que envolvem a produ\u00e7\u00e3o do conhecimento hist\u00f3rico, os principais sentidos desse saber na sociedade, com algum destaque para eventos e temas relevantes que circulam na esfera p\u00fablica contempor\u00e2nea. Trata-se de um projeto coordenado por Mauro Dillmann (UFPEL) que pretende dinamizar o di\u00e1logo social e acad\u00eamico. <\/span><\/p>\n<p><span style=\"font-weight: 400;\">Acesso: <\/span><a href=\"https:\/\/anchor.fm\/minutosdahistoria\"><span style=\"font-weight: 400;\">https:\/\/anchor.fm\/minutosdahistoria<\/span><\/a><\/p>\n<p style=\"text-align: justify;\"><b>Destaque para o Epis\u00f3dio 20 <\/b><span style=\"font-weight: 400;\">&#8211; <\/span><span style=\"font-weight: 400;\">Desafios Contempor\u00e2neos para o Ensino de Hist\u00f3ria<\/span><span style=\"font-weight: 400;\"> &#8211; Com a Professora Dra. Lisiane Sias Manke (UFPel). <\/span><\/p>\n<p><span style=\"font-weight: 400;\">Acesso: <\/span><a href=\"https:\/\/open.spotify.com\/episode\/49DjgUqJJ9JWO1paK4aFuk\"><span style=\"font-weight: 400;\">https:\/\/open.spotify.com\/episode\/49DjgUqJJ9JWO1paK4aFuk<\/span><\/a><\/p>\n<p style=\"text-align: justify;\"><b>Destaque para o Epis\u00f3dio 8<\/b><span style=\"font-weight: 400;\"> &#8211; <\/span><span style=\"font-weight: 400;\">O que se espera de um\/a professor\/a de hist\u00f3ria <\/span><span style=\"font-weight: 400;\">&#8211; com a Professora Dra. M\u00f4nica Martins da Silva (UFSC). <\/span><\/p>\n<p><span style=\"font-weight: 400;\">Acesso: <\/span><a href=\"https:\/\/open.spotify.com\/episode\/7eRIycistHn6K4rc09bgIL\"><span style=\"font-weight: 400;\">https:\/\/open.spotify.com\/episode\/7eRIycistHn6K4rc09bgIL<\/span><\/a><span style=\"font-weight: 400;\">\u00a0<\/span><\/p>\n<p>_____________________________________________________________<\/p>\n<p><b>\u00a0No Recreio<\/b><\/p>\n<p style=\"text-align: justify;\"><span style=\"font-weight: 400;\">O \u201cNo Recreio\u201d \u00e9 uma iniciativa das Universidades Federal e Federal Rural de Pernambuco (UFPE e UFRPE), voltado a professores e estudantes da educa\u00e7\u00e3o b\u00e1sica e tem o objetivo de contribuir para o debate p\u00fablico sobre educa\u00e7\u00e3o. Em sua primeira temporada reunir\u00e1 epis\u00f3dios sobre o bicenten\u00e1rio da Independ\u00eancia do Brasil, celebrado em 2022. Os epis\u00f3dios do podcast podem ser encontrados no Spotify e na Apple Podcasts.\u00a0<\/span><\/p>\n<p style=\"text-align: justify;\"><span style=\"font-weight: 400;\">A equipe do \u201cNo Recreio\u201d \u00e9 formada pela professora Adriana Maria Paulo da Silva, do Centro de Educa\u00e7\u00e3o da UFPE; Lucas Victor, professor do Departamento de Educa\u00e7\u00e3o da UFRPE; e Andr\u00e9 Matheus Santiago da Silva, discente da UFRPE. <\/span><\/p>\n<p style=\"text-align: justify;\"><span style=\"font-weight: 400;\">Acesso: <\/span><a href=\"https:\/\/podcasts.apple.com\/br\/podcast\/no-recreio\/id1584547824\"><span style=\"font-weight: 400;\">https:\/\/podcasts.apple.com\/br\/podcast\/no-recreio\/id1584547824<\/span><\/a><\/p>\n<p>_____________________________________________________________<\/p>\n<p><span style=\"font-weight: 400;\">\u00a0<\/span><b>Hist\u00f3ria para voc\u00ea<\/b><\/p>\n<p style=\"text-align: justify;\"><span style=\"font-weight: 400;\">Podcast sobre os usos do passado e o ensino de Hist\u00f3ria. Trata-se de uma produ\u00e7\u00e3o do grupo Oficinas de Hist\u00f3ria da Universidade do Estado do Rio de Janeiro (UERJ).<\/span><\/p>\n<p>Acesso: <a href=\"https:\/\/www.youtube.com\/channel\/UC57Tg_navKDXMN6-3hyow7Q\">https:\/\/www.youtube.com\/channel\/UC57Tg_navKDXMN6-3hyow7Q<\/a><\/p>\n<p>_____________________________________________________________<\/p>\n<p><b>Tem profissional da Hist\u00f3ria A\u00ed?\u00a0<\/b><\/p>\n<p style=\"text-align: justify;\"><span style=\"font-weight: 400;\">Podcast sobre os m\u00faltiplos espa\u00e7os de atua\u00e7\u00e3o do profissional da hist\u00f3ria. Respons\u00e1veis: Profa. Dra. Tatyana de Amaral Maia (PUCRS) &amp; Doutorando Leonardo Fetter da Silva (PUCRS). <\/span><\/p>\n<p><span style=\"font-weight: 400;\">A<\/span><span style=\"font-weight: 400;\">cesso:<\/span><a href=\"https:\/\/open.spotify.com\/show\/7AZSH30EyWiYVgKent2SDt\"><span style=\"font-weight: 400;\">https:\/\/open.spotify.com\/show\/7AZSH30EyWiYVgKent2SDt<\/span><\/a><span style=\"font-weight: 400;\">\u00a0<\/span><\/p>\n<p style=\"text-align: justify;\"><b>Destaque para o Epis\u00f3dio 45 &#8211; <\/b><span style=\"font-weight: 400;\">Especial para o Dia do(a) Professor(a), com a historiadora <\/span><b>Lisiane Sias Manke<\/b><span style=\"font-weight: 400;\"> (UFPel), sobre sua atua\u00e7\u00e3o nas disciplinas de did\u00e1tica e ensino da Hist\u00f3ria e sobre a import\u00e2ncia do professor de hist\u00f3ria nos dias atuais.\u00a0 Acesso: <\/span><a href=\"https:\/\/open.spotify.com\/episode\/7mK3yXGarvZxzNx8myqK4D\"><span style=\"font-weight: 400;\">https:\/\/open.spotify.com\/episode\/7mK3yXGarvZxzNx8myqK4D<\/span><\/a><\/p>\n<p>_____________________________________________________________<\/p>\n","protected":false},"excerpt":{"rendered":"<p>Cata-EHventos\u00a0(um podcast sobre o que acontece no campo do ensino de Hist\u00f3ria) O podcast Cata-Ehventos \u00e9 uma produ\u00e7\u00e3o do Laborat\u00f3rio de Ensino de Hist\u00f3ria (LEH) da UFPEL em parceria com o Laborat\u00f3rio de Pr\u00e1ticas em Ensino de Hist\u00f3ria (LAPEHIS) e &hellip; <a href=\"https:\/\/wp.ufpel.edu.br\/leh\/podcast-2\/\">Continue lendo <span class=\"meta-nav\">&rarr;<\/span><\/a><\/p>\n","protected":false},"author":778,"featured_media":0,"parent":0,"menu_order":0,"comment_status":"closed","ping_status":"closed","template":"","meta":{"footnotes":""},"class_list":["post-1739","page","type-page","status-publish","hentry"],"_links":{"self":[{"href":"https:\/\/wp.ufpel.edu.br\/leh\/wp-json\/wp\/v2\/pages\/1739","targetHints":{"allow":["GET"]}}],"collection":[{"href":"https:\/\/wp.ufpel.edu.br\/leh\/wp-json\/wp\/v2\/pages"}],"about":[{"href":"https:\/\/wp.ufpel.edu.br\/leh\/wp-json\/wp\/v2\/types\/page"}],"author":[{"embeddable":true,"href":"https:\/\/wp.ufpel.edu.br\/leh\/wp-json\/wp\/v2\/users\/778"}],"replies":[{"embeddable":true,"href":"https:\/\/wp.ufpel.edu.br\/leh\/wp-json\/wp\/v2\/comments?post=1739"}],"version-history":[{"count":4,"href":"https:\/\/wp.ufpel.edu.br\/leh\/wp-json\/wp\/v2\/pages\/1739\/revisions"}],"predecessor-version":[{"id":2298,"href":"https:\/\/wp.ufpel.edu.br\/leh\/wp-json\/wp\/v2\/pages\/1739\/revisions\/2298"}],"wp:attachment":[{"href":"https:\/\/wp.ufpel.edu.br\/leh\/wp-json\/wp\/v2\/media?parent=1739"}],"curies":[{"name":"wp","href":"https:\/\/api.w.org\/{rel}","templated":true}]}}