{"id":87,"date":"2019-04-19T21:55:01","date_gmt":"2019-04-20T00:55:01","guid":{"rendered":"https:\/\/wp.ufpel.edu.br\/leagef\/?page_id=87"},"modified":"2024-08-20T10:29:22","modified_gmt":"2024-08-20T13:29:22","slug":"dissertacoes","status":"publish","type":"page","link":"https:\/\/wp.ufpel.edu.br\/leagef\/publicacoes\/dissertacoes\/","title":{"rendered":"Disserta\u00e7\u00f5es"},"content":{"rendered":"<p><a href=\"http:\/\/guaiaca.ufpel.edu.br\/handle\/prefix\/8209\">A escassez h\u00eddrica em Arroio do Padre \u2013 RS : da compreens\u00e3o da problem\u00e1tica \u00e0s estrat\u00e9gias de enfrentamento<\/a><\/p>\n<p style=\"text-align: justify;\"><a href=\"http:\/\/repositorio.ufpel.edu.br\/handle\/prefix\/3342\">An\u00e1lise hist\u00f3rica das enxurradas no munic\u00edpio de Pelotas e as consequ\u00eancias da enxurrada de 2009 na Bacia Hidrogr\u00e1fica do Arroio Quilombo, Pelotas\/ RS<\/a><\/p>\n<p style=\"text-align: justify;\"><a href=\"http:\/\/repositorio.ufpel.edu.br\/handle\/prefix\/3344\">An\u00e1lise das altera\u00e7\u00f5es morfohidrogr\u00e1ficas vinculadas \u00e0 constru\u00e7\u00e3o do reservat\u00f3rio e da din\u00e2mica de cobertura e uso da terra da Bacia Hidrogr\u00e1fica do Arroio Chasqueiro &#8211; RS<\/a><\/p>\n<p style=\"text-align: justify;\"><a href=\"http:\/\/guaiaca.ufpel.edu.br\/handle\/prefix\/4730\">An\u00e1lise das altera\u00e7\u00f5es de cobertura e uso da terra e conflitos ambientais na bacia hidrogr\u00e1fica do Arroio Moreira: subs\u00eddios para a defini\u00e7\u00e3o da zona de amortecimento da REBIO Mato Grande (RS)<\/a><\/p>\n<p style=\"text-align: justify;\"><a href=\"https:\/\/guaiaca.ufpel.edu.br\/handle\/prefix\/8271\">An\u00e1lise da geomorfodiversidade do munic\u00edpio de Ca\u00e7apava do Sul &#8211; RS: elementos para a geoconserva\u00e7\u00e3o<\/a><\/p>\n<p style=\"text-align: justify;\"><a href=\"http:\/\/guaiaca.ufpel.edu.br\/handle\/prefix\/4790\">An\u00e1lise antropogeomorfol\u00f3gica em geoss\u00edtio da hist\u00f3ria da minera\u00e7\u00e3o: estudo nas Minas do Camaqu\u00e3 \u2013 RS<\/a><\/p>\n<p style=\"text-align: justify;\"><a href=\"http:\/\/guaiaca.ufpel.edu.br\/handle\/prefix\/4774\">An\u00e1lise e mapeamento geomorfol\u00f3gico da \u00e1rea de influ\u00eancia da Plan\u00edcie Costeira do munic\u00edpio de Pelotas\/ RS<\/a><\/p>\n<p><a href=\"http:\/\/guaiaca.ufpel.edu.br\/handle\/prefix\/4731\">Aplica\u00e7\u00e3o e compara\u00e7\u00e3o de metodologias de Fragilidade Ambiental para o munic\u00edpio de Pelotas\/RS<\/a><\/p>\n<p><a href=\"http:\/\/guaiaca.ufpel.edu.br\/handle\/prefix\/8201\">As mem\u00f3rias clim\u00e1ticas e suas geografias : contribui\u00e7\u00f5es para a aprendizagem em curso de forma\u00e7\u00e3o de professores<\/a><\/p>\n<p><a href=\"http:\/\/guaiaca.ufpel.edu.br\/handle\/prefix\/8200\">Diagn\u00f3stico ambiental da bacia hidrogr\u00e1fica do Arroio Moreira (RS), a partir da an\u00e1lise da din\u00e2mica de cobertura e uso da terra em conson\u00e2ncia com o novo c\u00f3digo florestal<\/a><\/p>\n<p style=\"text-align: justify;\"><a href=\"http:\/\/guaiaca.ufpel.edu.br\/xmlui\/handle\/prefix\/13672\">Diagn\u00f3stico f\u00edsico-conservacionista multitemporal da bacia hidrogr\u00e1fica do Arroio Chasqueiro, Arroio Grande (RS)<\/a><\/p>\n<p><a href=\"http:\/\/guaiaca.ufpel.edu.br\/handle\/prefix\/7868\">Dimens\u00e3o espa\u00e7o-temporal do crime patrimonial de roubo a pedestre no contexto da criminalidade em Pelotas\/RS de 2016 a 2019<\/a><\/p>\n<p style=\"text-align: justify;\"><a href=\"http:\/\/guaiaca.ufpel.edu.br\/handle\/prefix\/4771\">Identifica\u00e7\u00e3o e an\u00e1lise de tipologias morfo-fitogeogr\u00e1ficas na Reserva Biol\u00f3gica do Mato Grande, Arroio Grande\/RS<\/a><\/p>\n<p style=\"text-align: justify;\"><a href=\"http:\/\/guaiaca.ufpel.edu.br\/handle\/prefix\/4766\">Mapeamento geomorfol\u00f3gico da \u00e1rea de influ\u00eancia do Escudo Sul-Rio-Grandense no Munic\u00edpio de Pelotas\/RS<\/a><\/p>\n<p><a href=\"http:\/\/guaiaca.ufpel.edu.br\/handle\/prefix\/4767\">Mapeamento Geomorfol\u00f3gico do Geoss\u00edtio das Guaritas do Camaqu\u00e3\/RS: subs\u00eddios \u00e0 geoconserva\u00e7\u00e3o<\/a><\/p>\n<p><a href=\"http:\/\/guaiaca.ufpel.edu.br\/handle\/prefix\/4772\">O ensino de fundamentos de climatologia nos livros did\u00e1ticos de geografia do terceiro e quarto ciclo do ensino fundamental<\/a><\/p>\n<p style=\"text-align: justify;\"><a href=\"http:\/\/guaiaca.ufpel.edu.br\/handle\/prefix\/4775\">O ritmo clim\u00e1tico e incid\u00eancia da dengue na cidade de Porto Alegre\/RS \u2013 uma an\u00e1lise de dezembro de 2014 a abril de 2016<\/a><\/p>\n<p style=\"text-align: justify;\"><a href=\"http:\/\/guaiaca.ufpel.edu.br\/xmlui\/handle\/prefix\/13674\">Pelos campos neutrais do Rio Grande do Sul: turismo na natureza e suas interfaces com o Programa Nacional de Conectividade de Paisagens<\/a><\/p>\n<p><a href=\"http:\/\/guaiaca.ufpel.edu.br\/handle\/prefix\/7867\">Santa Vit\u00f3ria do Palmar e Chu\u00ed\/RS : dos campos neutrais com atributos clim\u00e1ticos peculiares a territ\u00f3rio da pol\u00edtica do clima<\/a><\/p>\n<p style=\"text-align: justify;\"><a href=\"http:\/\/guaiaca.ufpel.edu.br\/handle\/prefix\/7261\">Subs\u00eddios para a defini\u00e7\u00e3o de zoneamento clim\u00e1tico para o turismo de sol e praia no litoral Rio Grande do Sul<\/a><\/p>\n<p><a href=\"http:\/\/guaiaca.ufpel.edu.br\/handle\/prefix\/4725\">Zoneamento de suscetibilidade a movimentos de massa em Arroio do Padre\/RS<\/a><\/p>\n<p><a href=\"http:\/\/guaiaca.ufpel.edu.br\/handle\/prefix\/4727\">Zoneamento ambiental do Parque Estadual do Camaqu\u00e3-RS: subs\u00eddios ao plano de manejo<\/a><\/p>\n","protected":false},"excerpt":{"rendered":"<p>A escassez h\u00eddrica em Arroio do Padre \u2013 RS : da compreens\u00e3o da problem\u00e1tica \u00e0s estrat\u00e9gias de enfrentamento An\u00e1lise hist\u00f3rica das enxurradas no munic\u00edpio de Pelotas e as consequ\u00eancias da enxurrada de 2009 na Bacia Hidrogr\u00e1fica do Arroio Quilombo, Pelotas\/ RS An\u00e1lise das altera\u00e7\u00f5es morfohidrogr\u00e1ficas vinculadas \u00e0 constru\u00e7\u00e3o do reservat\u00f3rio e da din\u00e2mica de cobertura &hellip; <\/p>\n<p><a class=\"more-link btn\" href=\"https:\/\/wp.ufpel.edu.br\/leagef\/publicacoes\/dissertacoes\/\">Continue lendo<\/a><\/p>\n","protected":false},"author":492,"featured_media":0,"parent":56,"menu_order":1,"comment_status":"closed","ping_status":"closed","template":"","meta":{"footnotes":""},"class_list":["post-87","page","type-page","status-publish","hentry","nodate","item-wrap"],"_links":{"self":[{"href":"https:\/\/wp.ufpel.edu.br\/leagef\/wp-json\/wp\/v2\/pages\/87","targetHints":{"allow":["GET"]}}],"collection":[{"href":"https:\/\/wp.ufpel.edu.br\/leagef\/wp-json\/wp\/v2\/pages"}],"about":[{"href":"https:\/\/wp.ufpel.edu.br\/leagef\/wp-json\/wp\/v2\/types\/page"}],"author":[{"embeddable":true,"href":"https:\/\/wp.ufpel.edu.br\/leagef\/wp-json\/wp\/v2\/users\/492"}],"replies":[{"embeddable":true,"href":"https:\/\/wp.ufpel.edu.br\/leagef\/wp-json\/wp\/v2\/comments?post=87"}],"version-history":[{"count":11,"href":"https:\/\/wp.ufpel.edu.br\/leagef\/wp-json\/wp\/v2\/pages\/87\/revisions"}],"predecessor-version":[{"id":376,"href":"https:\/\/wp.ufpel.edu.br\/leagef\/wp-json\/wp\/v2\/pages\/87\/revisions\/376"}],"up":[{"embeddable":true,"href":"https:\/\/wp.ufpel.edu.br\/leagef\/wp-json\/wp\/v2\/pages\/56"}],"wp:attachment":[{"href":"https:\/\/wp.ufpel.edu.br\/leagef\/wp-json\/wp\/v2\/media?parent=87"}],"curies":[{"name":"wp","href":"https:\/\/api.w.org\/{rel}","templated":true}]}}