{"id":1973,"date":"2019-06-13T15:01:39","date_gmt":"2019-06-13T18:01:39","guid":{"rendered":"https:\/\/wp.ufpel.edu.br\/leaa\/?page_id=1973"},"modified":"2019-06-13T15:12:24","modified_gmt":"2019-06-13T18:12:24","slug":"ciclo-de-palestras-sobre-a-formacao-territorial-do-rs","status":"publish","type":"page","link":"https:\/\/wp.ufpel.edu.br\/leaa\/projetos\/ensino\/ciclo-de-palestras-sobre-a-formacao-territorial-do-rs\/","title":{"rendered":"Ciclo de palestras sobre a Forma\u00e7\u00e3o Territorial do RS"},"content":{"rendered":"<p style=\"text-align: center\">Ciclo de palestras sobre a Forma\u00e7\u00e3o Territorial do RS<\/p>\n<p style=\"text-align: right\">Per\u00edodo de Realiza\u00e7\u00e3o: 2019\/ em andamento<\/p>\n<p>A proposta se prop\u00f5e a desenvolver a reflex\u00e3o sobre o processo de organiza\u00e7\u00e3o do espa\u00e7o geogr\u00e1fico, com \u00eanfase na forma\u00e7\u00e3o territorial e socioecon\u00f4mica do Estado do Rio Grande do Sul. Os condicionantes naturais e humanos, presentes no processo de desenvolvimento regional, s\u00e3o enfocados como marcos referenciais na constru\u00e7\u00e3o da identidade do Rio Grande do Sul, bem como, os problemas atuais, suas possibilidades de organiza\u00e7\u00e3o, desenvolvimento e integra\u00e7\u00e3o no cen\u00e1rio do pa\u00eds.<\/p>\n<p>Justifica-se ao abranger as v\u00e1rias dimens\u00f5es da territorialidade no Rio Grande do Sul, abordadas pelos tr\u00eas m\u00f3dulos de palestras, com enfoques sobre as dimens\u00f5es da fronteira, espa\u00e7o agr\u00e1rio e espa\u00e7o urbano. Assim, permite que os alunos percebam a espacialidade de cada sociedade, tomando como ponto de partida a escala regional, articulando os conte\u00fados curriculares com as abordagem extraclasse apresentadas pelos palestrantes do evento.<\/p>\n<p>Compreende a forma\u00e7\u00e3o territorial do Rio Grande do Sul, identificando fatores naturais, \u00e9tnico-culturais, sociais, econ\u00f4micos e pol\u00edticos, atuantes neste processo de organiza\u00e7\u00e3o;<\/p>\n","protected":false},"excerpt":{"rendered":"<p>Ciclo de palestras sobre a Forma\u00e7\u00e3o Territorial do RS Per\u00edodo de Realiza\u00e7\u00e3o: 2019\/ em andamento A proposta se prop\u00f5e a desenvolver a reflex\u00e3o sobre o processo de organiza\u00e7\u00e3o do espa\u00e7o geogr\u00e1fico, com \u00eanfase na forma\u00e7\u00e3o territorial e socioecon\u00f4mica do Estado do Rio Grande do Sul. Os condicionantes naturais e humanos, presentes no processo de desenvolvimento &hellip; <\/p>\n<p><a class=\"more-link btn\" href=\"https:\/\/wp.ufpel.edu.br\/leaa\/projetos\/ensino\/ciclo-de-palestras-sobre-a-formacao-territorial-do-rs\/\">Continue lendo<\/a><\/p>\n","protected":false},"author":206,"featured_media":0,"parent":76,"menu_order":0,"comment_status":"closed","ping_status":"closed","template":"","meta":{"jetpack_post_was_ever_published":false,"footnotes":""},"class_list":["post-1973","page","type-page","status-publish","hentry","nodate","item-wrap"],"jetpack_sharing_enabled":true,"_links":{"self":[{"href":"https:\/\/wp.ufpel.edu.br\/leaa\/wp-json\/wp\/v2\/pages\/1973","targetHints":{"allow":["GET"]}}],"collection":[{"href":"https:\/\/wp.ufpel.edu.br\/leaa\/wp-json\/wp\/v2\/pages"}],"about":[{"href":"https:\/\/wp.ufpel.edu.br\/leaa\/wp-json\/wp\/v2\/types\/page"}],"author":[{"embeddable":true,"href":"https:\/\/wp.ufpel.edu.br\/leaa\/wp-json\/wp\/v2\/users\/206"}],"replies":[{"embeddable":true,"href":"https:\/\/wp.ufpel.edu.br\/leaa\/wp-json\/wp\/v2\/comments?post=1973"}],"version-history":[{"count":3,"href":"https:\/\/wp.ufpel.edu.br\/leaa\/wp-json\/wp\/v2\/pages\/1973\/revisions"}],"predecessor-version":[{"id":1989,"href":"https:\/\/wp.ufpel.edu.br\/leaa\/wp-json\/wp\/v2\/pages\/1973\/revisions\/1989"}],"up":[{"embeddable":true,"href":"https:\/\/wp.ufpel.edu.br\/leaa\/wp-json\/wp\/v2\/pages\/76"}],"wp:attachment":[{"href":"https:\/\/wp.ufpel.edu.br\/leaa\/wp-json\/wp\/v2\/media?parent=1973"}],"curies":[{"name":"wp","href":"https:\/\/api.w.org\/{rel}","templated":true}]}}