{"id":10,"date":"2011-06-01T15:05:12","date_gmt":"2011-06-01T18:05:12","guid":{"rendered":"https:\/\/wp.ufpel.edu.br\/lasol\/"},"modified":"2013-09-25T14:52:19","modified_gmt":"2013-09-25T17:52:19","slug":"seja-bem-vindo-ao-sitio-do-lasol","status":"publish","type":"page","link":"https:\/\/wp.ufpel.edu.br\/lasol\/","title":{"rendered":"Seja Bem Vindo ao site do LASOL"},"content":{"rendered":"<table border=\"0\">\n<tbody>\n<tr id=\"\" style=\"background-color: #fbfefa\" align=\"\" valign=\"\" bgcolor=\"\">\n<td>Os docentes e alunos do\u00a0<a href=\"http:\/\/dgp.cnpq.br\/buscaoperacional\/detalhegrupo.jsp?grupo=0045106NX4EQZ6#linhapesq\" target=\"_blank\">Grupo de Pesquisa do LASOL<\/a>\u00a0atuam em tr\u00eas linhas de pesquisa:<\/p>\n<p>&#8211; Estudos farmacol\u00f3gicos\/biotecnol\u00f3gicos de mol\u00e9culas bioativas;<\/p>\n<p>&#8211; Modifica\u00e7\u00e3o qu\u00edmica de \u00f3leos essenciais e vegetais;<\/p>\n<p>&#8211; S\u00edntese de compostos organocalcog\u00eanios e qu\u00edmica limpa.<\/td>\n<\/tr>\n<tr id=\"\" style=\"background-color: #fbfefa\" align=\"\" valign=\"\" bgcolor=\"\">\n<td colspan=\"1\"><a href=\"https:\/\/wp.ufpel.edu.br\/lasol\/files\/2013\/09\/lasol.png\"><img class=\"alignleft\" alt=\"lasol\" src=\"https:\/\/wp.ufpel.edu.br\/lasol\/files\/2013\/09\/lasol.png\" width=\"190\" height=\"87\" \/><\/a>O grupo \u00e9 um dos pioneiros no pa\u00eds na aplica\u00e7\u00e3o dos\u00a0<a href=\"http:\/\/www.ufpel.edu.br\/iqg\/wwverde\" target=\"_blank\">princ\u00edpios da qu\u00edmica verde<\/a>\u00a0em s\u00edntese org\u00e2nica, especialmente no desenvolvimento de metodologias mais limpas para a prepara\u00e7\u00e3o de compostos organocalcog\u00eanios. Os primeiros resultados foram publicados em 2003 e desde ent\u00e3o, com a amplia\u00e7\u00e3o e qualifica\u00e7\u00e3o do quadro docente da UFPel e consequente cria\u00e7\u00e3o do\u00a0<a href=\"https:\/\/wp.ufpel.edu.br\/ppgq\" target=\"_blank\">PPG em Qu\u00edmica<\/a>, o grupo vem crescendo e hoje \u00e9 refer\u00eancia em estudos relacionados \u00e0 s\u00edntese, reatividade e utiliza\u00e7\u00e3o de compostos organocalcog\u00eanios com diversas aplica\u00e7\u00f5es, como em novos materiais, solventes, agentes bactericidas, antioxidantes, antif\u00fangicos e novas mol\u00e9culas com propriedades farmacol\u00f3gicas.<\/td>\n<\/tr>\n<\/tbody>\n<\/table>\n<p style=\"text-align: justify\">________________________________________________________________<\/p>\n<p style=\"text-align: justify\"><strong>Lista de Links:<br \/>\n<\/strong><strong><a href=\"http:\/\/www.ufpel.edu.br\/\"><img class=\"alignnone size-full wp-image-796\" alt=\"\" src=\"https:\/\/wp.ufpel.edu.br\/lasol\/files\/2011\/06\/1-Custom.jpg\" width=\"65\" height=\"57\" \/><\/a> <a href=\"http:\/\/cnpq.br\/\"><img class=\"alignnone size-full wp-image-838\" alt=\"\" src=\"https:\/\/wp.ufpel.edu.br\/lasol\/files\/2011\/06\/CNPQ.jpg\" width=\"116\" height=\"54\" \/><\/a> <a href=\"http:\/\/www.capes.gov.br\/\"><img class=\"alignnone size-full wp-image-839\" alt=\"\" src=\"https:\/\/wp.ufpel.edu.br\/lasol\/files\/2011\/06\/3-Custom.jpg\" width=\"90\" height=\"62\" \/><\/a><\/strong><strong><a href=\"http:\/\/www.fapergs.rs.gov.br\/\"><img class=\"alignnone size-full wp-image-840\" alt=\"\" src=\"https:\/\/wp.ufpel.edu.br\/lasol\/files\/2011\/06\/FApergs.jpg\" width=\"95\" height=\"56\" \/><\/a> <a href=\"http:\/\/www.sbq.org.br\/\"><img class=\"alignnone size-full wp-image-802\" alt=\"\" src=\"https:\/\/wp.ufpel.edu.br\/lasol\/files\/2011\/06\/5-Custom.jpg\" width=\"65\" height=\"56\" \/><\/a> <\/strong><strong><a href=\"http:\/\/www.finep.gov.br\/\"><img class=\"alignnone size-full wp-image-851\" alt=\"\" src=\"https:\/\/wp.ufpel.edu.br\/lasol\/files\/2011\/06\/Finep-Custom.jpg\" width=\"110\" height=\"43\" \/><\/a><\/strong><\/p>\n<p style=\"text-align: left\"><strong><a href=\"https:\/\/wp.ufpel.edu.br\/ppgq\/\"><img class=\"alignnone size-full wp-image-804\" alt=\"\" src=\"https:\/\/wp.ufpel.edu.br\/lasol\/files\/2011\/06\/7-Custom.jpg\" width=\"65\" height=\"45\" \/><\/a> <a href=\"http:\/\/buscatextual.cnpq.br\/buscatextual\/busca.do?metodo=apresentar\"><img class=\"alignnone size-full wp-image-844\" alt=\"\" src=\"https:\/\/wp.ufpel.edu.br\/lasol\/files\/2011\/06\/lattes-Custom-3.jpg\" width=\"100\" height=\"34\" \/><\/a> <a href=\"http:\/\/www.periodicos.capes.gov.br\/\"><img class=\"alignnone size-full wp-image-845\" alt=\"\" src=\"https:\/\/wp.ufpel.edu.br\/lasol\/files\/2011\/06\/periodicos-Custom.jpg\" width=\"100\" height=\"26\" \/><\/a> <a href=\"https:\/\/wp.ufpel.edu.br\/colegiadoquimica\/\"><img class=\"alignnone size-full wp-image-849\" alt=\"\" src=\"https:\/\/wp.ufpel.edu.br\/lasol\/files\/2011\/06\/11-Custom1.jpg\" width=\"110\" height=\"35\" \/><\/a> <a href=\"http:\/\/iqg.ufpel.edu.br\/wwverde\/index.htm\"><img class=\"alignnone size-full wp-image-854\" alt=\"\" src=\"https:\/\/wp.ufpel.edu.br\/lasol\/files\/2011\/06\/12-Custom-31.jpg\" width=\"110\" height=\"28\" \/><\/a><\/strong><\/p>\n","protected":false},"excerpt":{"rendered":"<p>Os docentes e alunos do\u00a0Grupo de Pesquisa do LASOL\u00a0atuam em tr\u00eas linhas de pesquisa: &#8211; Estudos farmacol\u00f3gicos\/biotecnol\u00f3gicos de mol\u00e9culas bioativas; &#8211; Modifica\u00e7\u00e3o qu\u00edmica de \u00f3leos essenciais e vegetais; &#8211; S\u00edntese de compostos organocalcog\u00eanios e qu\u00edmica limpa. O grupo \u00e9 um dos pioneiros no pa\u00eds na aplica\u00e7\u00e3o dos\u00a0princ\u00edpios da qu\u00edmica verde\u00a0em s\u00edntese org\u00e2nica, especialmente no desenvolvimento [&hellip;]<\/p>\n","protected":false},"author":117,"featured_media":0,"parent":0,"menu_order":0,"comment_status":"closed","ping_status":"open","template":"","meta":{"footnotes":""},"class_list":["post-10","page","type-page","status-publish","hentry"],"jetpack_sharing_enabled":true,"_links":{"self":[{"href":"https:\/\/wp.ufpel.edu.br\/lasol\/wp-json\/wp\/v2\/pages\/10","targetHints":{"allow":["GET"]}}],"collection":[{"href":"https:\/\/wp.ufpel.edu.br\/lasol\/wp-json\/wp\/v2\/pages"}],"about":[{"href":"https:\/\/wp.ufpel.edu.br\/lasol\/wp-json\/wp\/v2\/types\/page"}],"author":[{"embeddable":true,"href":"https:\/\/wp.ufpel.edu.br\/lasol\/wp-json\/wp\/v2\/users\/117"}],"replies":[{"embeddable":true,"href":"https:\/\/wp.ufpel.edu.br\/lasol\/wp-json\/wp\/v2\/comments?post=10"}],"version-history":[{"count":43,"href":"https:\/\/wp.ufpel.edu.br\/lasol\/wp-json\/wp\/v2\/pages\/10\/revisions"}],"predecessor-version":[{"id":1101,"href":"https:\/\/wp.ufpel.edu.br\/lasol\/wp-json\/wp\/v2\/pages\/10\/revisions\/1101"}],"wp:attachment":[{"href":"https:\/\/wp.ufpel.edu.br\/lasol\/wp-json\/wp\/v2\/media?parent=10"}],"curies":[{"name":"wp","href":"https:\/\/api.w.org\/{rel}","templated":true}]}}