{"id":507,"date":"2019-03-26T09:25:09","date_gmt":"2019-03-26T12:25:09","guid":{"rendered":"https:\/\/wp.ufpel.edu.br\/labvir\/?page_id=507"},"modified":"2021-01-25T15:44:37","modified_gmt":"2021-01-25T18:44:37","slug":"rinotraqueite","status":"publish","type":"page","link":"https:\/\/wp.ufpel.edu.br\/labvir\/informacoesuteis\/papilomatose-bovina\/rinotraqueite\/","title":{"rendered":"Rinotraque\u00edte"},"content":{"rendered":"<p style=\"text-align: justify\"><a href=\"https:\/\/wp.ufpel.edu.br\/labvir\/files\/2019\/05\/WhatsApp-Image-2019-05-27-at-10.43.54.jpeg\"><img loading=\"lazy\" decoding=\"async\" class=\" wp-image-639 alignleft\" src=\"https:\/\/wp.ufpel.edu.br\/labvir\/files\/2019\/05\/WhatsApp-Image-2019-05-27-at-10.43.54-400x211.jpeg\" alt=\"\" width=\"315\" height=\"166\" srcset=\"https:\/\/wp.ufpel.edu.br\/labvir\/files\/2019\/05\/WhatsApp-Image-2019-05-27-at-10.43.54-400x211.jpeg 400w, https:\/\/wp.ufpel.edu.br\/labvir\/files\/2019\/05\/WhatsApp-Image-2019-05-27-at-10.43.54.jpeg 402w\" sizes=\"auto, (max-width: 315px) 100vw, 315px\" \/><\/a>A rinotraque\u00edte viral felina, causada pelo <em>alphaherpesv\u00edrus felino tipo 1<\/em>, \u00e9 uma importante enfermidade de car\u00e1ter respirat\u00f3rio que acomete felinos dom\u00e9sticos. Junto com o cal\u00edciv\u00edrus felino e agentes bacterianos, fazem parte do<strong> Complexo Respirat\u00f3rio Viral Felino (CRVF).<\/strong> <strong>Bastante frequente em animais jovens e n\u00e3o vacinados, caracterizam-se por sinais como espirros, secre\u00e7\u00e3o nasal, tosse e tamb\u00e9m les\u00f5es oculares.<\/strong> Ap\u00f3s infectado, o animal passa a ser portador do agente por toda sua vida, que permanece latente e volta a causar sinais cl\u00ednicos em per\u00edodos de <strong>estresse e imunossupress\u00e3o.<\/strong> Em filhotes, a enfermidade pode ser extremamente grave e at\u00e9 fatal.\u00a0O herpesv\u00edrus felino \u00e9 um agente que possui DNA como genoma, e um caps\u00eddeo icosa\u00e9drico envolto por um envelope de glicoprote\u00edna, o que o confere uma menor resist\u00eancia ambiental, sendo facilmente eliminado por solu\u00e7\u00f5es detergentes ou \u00e1lcool. Para diagn\u00f3stico, suabes de mucosa conjuntival, nasal ou oral devem ser coletadas e imediatamente enviadas ao laborat\u00f3rio, armazenadas em meio m\u00ednimo essencial (MEM) acrescido de antibi\u00f3ticos, refrigeradas em caixa isopor com gelo.<\/p>\n<p>Autoria: Alice Silveira Becker<\/p>\n","protected":false},"excerpt":{"rendered":"<p>A rinotraque\u00edte viral felina, causada pelo alphaherpesv\u00edrus felino tipo 1, \u00e9 uma importante enfermidade de car\u00e1ter respirat\u00f3rio que acomete felinos dom\u00e9sticos. Junto com o cal\u00edciv\u00edrus felino e agentes bacterianos, fazem parte do Complexo Respirat\u00f3rio Viral Felino (CRVF). Bastante frequente em animais jovens e n\u00e3o vacinados, caracterizam-se por sinais como espirros, secre\u00e7\u00e3o nasal, tosse e tamb\u00e9m [&hellip;]<\/p>\n","protected":false},"author":522,"featured_media":0,"parent":183,"menu_order":2,"comment_status":"closed","ping_status":"closed","template":"","meta":{"footnotes":""},"class_list":["post-507","page","type-page","status-publish","hentry"],"_links":{"self":[{"href":"https:\/\/wp.ufpel.edu.br\/labvir\/wp-json\/wp\/v2\/pages\/507","targetHints":{"allow":["GET"]}}],"collection":[{"href":"https:\/\/wp.ufpel.edu.br\/labvir\/wp-json\/wp\/v2\/pages"}],"about":[{"href":"https:\/\/wp.ufpel.edu.br\/labvir\/wp-json\/wp\/v2\/types\/page"}],"author":[{"embeddable":true,"href":"https:\/\/wp.ufpel.edu.br\/labvir\/wp-json\/wp\/v2\/users\/522"}],"replies":[{"embeddable":true,"href":"https:\/\/wp.ufpel.edu.br\/labvir\/wp-json\/wp\/v2\/comments?post=507"}],"version-history":[{"count":5,"href":"https:\/\/wp.ufpel.edu.br\/labvir\/wp-json\/wp\/v2\/pages\/507\/revisions"}],"predecessor-version":[{"id":998,"href":"https:\/\/wp.ufpel.edu.br\/labvir\/wp-json\/wp\/v2\/pages\/507\/revisions\/998"}],"up":[{"embeddable":true,"href":"https:\/\/wp.ufpel.edu.br\/labvir\/wp-json\/wp\/v2\/pages\/183"}],"wp:attachment":[{"href":"https:\/\/wp.ufpel.edu.br\/labvir\/wp-json\/wp\/v2\/media?parent=507"}],"curies":[{"name":"wp","href":"https:\/\/api.w.org\/{rel}","templated":true}]}}