{"id":938,"date":"2021-05-15T07:31:19","date_gmt":"2021-05-15T10:31:19","guid":{"rendered":"https:\/\/wp.ufpel.edu.br\/laburb\/?page_id=938"},"modified":"2021-05-15T07:45:38","modified_gmt":"2021-05-15T10:45:38","slug":"cidade-e-contemporaneidade","status":"publish","type":"page","link":"https:\/\/wp.ufpel.edu.br\/laburb\/cidade-e-contemporaneidade\/","title":{"rendered":"Cidade e contemporaneidade"},"content":{"rendered":"<p style=\"text-align: justify\">Grupo de\u00a0<a href=\"http:\/\/dgp.cnpq.br\/dgp\/espelhogrupo\/7082086254120698\">pesquisa<\/a> (CNPq), ensino e extens\u00e3o; surgido a partir de 2011; ligado ao Laborat\u00f3rio de Urbanismo (LabUrb), Programa de P\u00f3s-gradua\u00e7\u00e3o em Arquitetura e Urbanismo (PROGRAU), Faculdade de Arquitetura e Urbanismo (FAUrb) e Universidade Federal de Pelotas (UFPel); procura articular-se em torno da abordagem multidisciplinar de quest\u00f5es te\u00f3ricas e emp\u00edricas relacionadas \u00e0 sociedade contempor\u00e2nea, em especial na rela\u00e7\u00e3o entre a arquitetura e cidade, habitando para isso as fronteiras da filosofia, das artes e da educa\u00e7\u00e3o, a fim de criar a\u00e7\u00f5es projetuais e perceptos para uma est\u00e9tica urbana atual.<\/p>\n<p style=\"text-align: justify\">Pesquisadores participantes: Eduardo Rocha, Andr\u00e9 Carrasco, Emanuela Di Felice e Lisandra Krebs.<\/p>\n<p>Ver mais em: <a href=\"https:\/\/wp.ufpel.edu.br\/cmaisc\/\">https:\/\/wp.ufpel.edu.br\/cmaisc\/<\/a><\/p>\n<p><a href=\"https:\/\/wp.ufpel.edu.br\/cmaisc\/\"><img loading=\"lazy\" decoding=\"async\" class=\"alignnone size-medium wp-image-789\" src=\"https:\/\/wp.ufpel.edu.br\/laburb\/files\/2021\/05\/1-1-e1621000156255-424x173.png\" alt=\"\" width=\"424\" height=\"173\" srcset=\"https:\/\/wp.ufpel.edu.br\/laburb\/files\/2021\/05\/1-1-e1621000156255-424x173.png 424w, https:\/\/wp.ufpel.edu.br\/laburb\/files\/2021\/05\/1-1-e1621000156255-212x86.png 212w, https:\/\/wp.ufpel.edu.br\/laburb\/files\/2021\/05\/1-1-e1621000156255.png 478w\" sizes=\"auto, (max-width: 424px) 100vw, 424px\" \/><\/a><\/p>\n","protected":false},"excerpt":{"rendered":"<p>Grupo de\u00a0pesquisa (CNPq), ensino e extens\u00e3o; surgido a partir de 2011; ligado ao Laborat\u00f3rio de Urbanismo (LabUrb), Programa de P\u00f3s-gradua\u00e7\u00e3o em Arquitetura e Urbanismo (PROGRAU), Faculdade de Arquitetura e Urbanismo (FAUrb) e Universidade Federal de Pelotas (UFPel); procura articular-se em&#8230; <a class=\"more-link\" href=\"https:\/\/wp.ufpel.edu.br\/laburb\/cidade-e-contemporaneidade\/\">Continue lendo &rarr;<\/a><\/p>\n","protected":false},"author":851,"featured_media":0,"parent":0,"menu_order":0,"comment_status":"closed","ping_status":"closed","template":"","meta":{"jetpack_post_was_ever_published":false,"footnotes":""},"class_list":["post-938","page","type-page","status-publish","hentry"],"jetpack_sharing_enabled":true,"jetpack_shortlink":"https:\/\/wp.me\/P8N9kW-f8","_links":{"self":[{"href":"https:\/\/wp.ufpel.edu.br\/laburb\/wp-json\/wp\/v2\/pages\/938","targetHints":{"allow":["GET"]}}],"collection":[{"href":"https:\/\/wp.ufpel.edu.br\/laburb\/wp-json\/wp\/v2\/pages"}],"about":[{"href":"https:\/\/wp.ufpel.edu.br\/laburb\/wp-json\/wp\/v2\/types\/page"}],"author":[{"embeddable":true,"href":"https:\/\/wp.ufpel.edu.br\/laburb\/wp-json\/wp\/v2\/users\/851"}],"replies":[{"embeddable":true,"href":"https:\/\/wp.ufpel.edu.br\/laburb\/wp-json\/wp\/v2\/comments?post=938"}],"version-history":[{"count":5,"href":"https:\/\/wp.ufpel.edu.br\/laburb\/wp-json\/wp\/v2\/pages\/938\/revisions"}],"predecessor-version":[{"id":960,"href":"https:\/\/wp.ufpel.edu.br\/laburb\/wp-json\/wp\/v2\/pages\/938\/revisions\/960"}],"wp:attachment":[{"href":"https:\/\/wp.ufpel.edu.br\/laburb\/wp-json\/wp\/v2\/media?parent=938"}],"curies":[{"name":"wp","href":"https:\/\/api.w.org\/{rel}","templated":true}]}}