{"id":37,"date":"2014-09-18T16:40:41","date_gmt":"2014-09-18T19:40:41","guid":{"rendered":"https:\/\/wp.ufpel.edu.br\/laburb\/?page_id=37"},"modified":"2021-05-15T08:24:55","modified_gmt":"2021-05-15T11:24:55","slug":"pesquisa","status":"publish","type":"page","link":"https:\/\/wp.ufpel.edu.br\/laburb\/projetos\/pesquisa\/","title":{"rendered":"Pesquisa"},"content":{"rendered":"<p style=\"text-align: justify\"><strong>2021<\/strong><\/p>\n<p style=\"text-align: justify\"><a href=\"https:\/\/institucional.ufpel.edu.br\/projetos\/id\/u3835\">Caminhografia Urbana: experi\u00eancia do inscrever-se na cidade<\/a><\/p>\n<p style=\"text-align: justify\"><strong>2020<\/strong><\/p>\n<p style=\"text-align: justify\"><a href=\"https:\/\/institucional.ufpel.edu.br\/projetos\/id\/u2744\">TRAVESSIAS NA LINHA DE FRONTEIRA BRASIL-URUGUAY: controv\u00e9rsias e media\u00e7\u00f5es no espa\u00e7o p\u00fablico de cidades g\u00eameas (prorroga\u00e7\u00e3o)<\/a><\/p>\n<p style=\"text-align: justify\"><strong>2019<\/strong><\/p>\n<p style=\"text-align: justify\"><a href=\"https:\/\/institucional.ufpel.edu.br\/projetos\/id\/p9977\">Influ\u00eancia da morfologia urbana e da vegeta\u00e7\u00e3o no conforto t\u00e9rmico: estudo em espa\u00e7os abertos e em ambientes internos da cidade de Pelotas &#8211; RS<\/a><\/p>\n<p style=\"text-align: justify\"><a href=\"https:\/\/institucional.ufpel.edu.br\/projetos\/id\/u1768\">Separa\u00e7\u00e3o do lixo: um esfor\u00e7o coletivo em prol do meio ambiente e da sociedade<\/a><\/p>\n<p style=\"text-align: justify\"><a href=\"https:\/\/institucional.ufpel.edu.br\/projetos\/id\/p9404\">Simula\u00e7\u00e3o de crescimento urbano como instrumento para o planejamento urbano e ambiental<\/a><\/p>\n<p style=\"text-align: justify\"><strong>2018<\/strong><\/p>\n<p style=\"text-align: justify\"><a href=\"https:\/\/institucional.ufpel.edu.br\/projetos\/id\/p9494\">An\u00e1lise da estrutura espacial urbana a partir dos aspectos configuracionais e das pr\u00e1ticas no espa\u00e7o urbano<\/a><\/p>\n<p style=\"text-align: justify\"><a href=\"https:\/\/institucional.ufpel.edu.br\/projetos\/id\/p9032\">Arquitetura e Urbanismo na Am\u00e9rica Latina: invent\u00e1rio cr\u00edtico da produ\u00e7\u00e3o contempor\u00e2nea<\/a><\/p>\n<p style=\"text-align: justify\"><a href=\"https:\/\/institucional.ufpel.edu.br\/projetos\/id\/p9630\">EXPLORACOES URBANAS ERRAR NO LIMIAR<\/a><\/p>\n<p style=\"text-align: justify\"><a href=\"https:\/\/institucional.ufpel.edu.br\/projetos\/id\/p8959\">O Programa Minha Casa Minha Vida \u2013 modalidade Entidades (Brasil) e o Programa Pro.cre.ar (Argentina): a relev\u00e2ncia do Projeto de Arquitetura e Urbanismo no contexto de pol\u00edticas habitacionais anti-c\u00edclicas<\/a><\/p>\n<p style=\"text-align: justify\"><strong>2017<\/strong><\/p>\n<p style=\"text-align: justify\"><a href=\"https:\/\/institucional.ufpel.edu.br\/projetos\/id\/p7085\">App+SA\u00daDE: Sistema georreferenciado e comunit\u00e1rio para a gest\u00e3o, mobilidade e acessibilidade a sa\u00fade.<\/a><\/p>\n<p style=\"text-align: justify\"><a href=\"https:\/\/institucional.ufpel.edu.br\/projetos\/id\/u113\">Laborat\u00f3rio de Urbanismo<\/a><\/p>\n<p style=\"text-align: justify\"><a href=\"https:\/\/institucional.ufpel.edu.br\/projetos\/id\/p7084\">O PARA-FORMAL NA FRONTEIRA BRASIL-URUGUAI: controve\u0301rsias e mediac\u0327o\u0303es no espac\u0327o pu\u0301blico<\/a><\/p>\n<p style=\"text-align: justify\"><a href=\"https:\/\/institucional.ufpel.edu.br\/projetos\/id\/p7041\">O processo de projeto do habitat urbano: uma revis\u00e3o cr\u00edtica e metodol\u00f3gica.<\/a><\/p>\n<p style=\"text-align: justify\"><a href=\"https:\/\/institucional.ufpel.edu.br\/projetos\/id\/p8660\">TRAVESSIAS NA LINHA DE FRONTEIRA BRASIL-URUGUAY: controve\u0301rsias e mediac\u0327o\u0303es no espac\u0327o pu\u0301blico de cidades ge\u0302meas<\/a><\/p>\n<p style=\"text-align: justify\"><strong>2016<\/strong><\/p>\n<p style=\"text-align: justify\"><a href=\"https:\/\/institucional.ufpel.edu.br\/projetos\/id\/p7371\">An\u00e1lise da estrutura espacial urbana a partir dos aspectos configuracionais e das pr\u00e1ticas no espa\u00e7o urbano<\/a><\/p>\n<p style=\"text-align: justify\"><a href=\"https:\/\/institucional.ufpel.edu.br\/projetos\/id\/p6466\">Geocomputa\u00e7\u00e3o, analises espaciais e modelagem urbana: aplica\u00e7\u00f5es no planejamento urbano contempor\u00e2neo.<\/a><\/p>\n<p style=\"text-align: justify\"><a href=\"https:\/\/institucional.ufpel.edu.br\/projetos\/id\/p6629\">O processo de projeto do habitat urbano: uma revis\u00e3o cr\u00edtica e metodol\u00f3gica.<\/a><\/p>\n<p style=\"text-align: justify\"><strong>2014<\/strong><\/p>\n<p style=\"text-align: justify\"><a href=\"https:\/\/institucional.ufpel.edu.br\/projetos\/id\/p5448\">App+SA\u00daDE: Sistema georreferenciado e comunit\u00e1rio para a gest\u00e3o, mobilidade e acessibilidade a sa\u00fade.<\/a><\/p>\n<p style=\"text-align: justify\"><a href=\"https:\/\/institucional.ufpel.edu.br\/projetos\/id\/p5266\">Centro, periferia e circula\u00e7\u00e3o urbana: produ\u00e7\u00e3o de modelo e software para diferencia-\u00e7\u00e3o espacial de tecidos urbanos atrav\u00e9s de medida de acessibilidade<\/a><\/p>\n<p style=\"text-align: justify\"><a href=\"https:\/\/institucional.ufpel.edu.br\/projetos\/id\/p5269\">Crescimento urbano e bordas da cidade: periferias, morfologias e produ\u00e7\u00e3o de software<\/a><\/p>\n<p style=\"text-align: justify\"><a href=\"https:\/\/institucional.ufpel.edu.br\/projetos\/id\/p4232\">DIFEREN\u00c7AS CULTURAIS E DESENHO URBANO: experi\u00eancia de transferenciabilidade de princ\u00edpios entre as cidades de Pelotas e Oxford.<\/a><\/p>\n<p style=\"text-align: justify\"><a href=\"https:\/\/institucional.ufpel.edu.br\/projetos\/id\/p5449\">O PARA-FORMAL NA FRONTEIRA BRASIL-URUGUAI: controve\u0301rsias e mediac\u0327o\u0303es no espac\u0327o pu\u0301blico<\/a><\/p>\n<p style=\"text-align: justify\"><a href=\"https:\/\/institucional.ufpel.edu.br\/projetos\/id\/p4722\">Simula\u00e7\u00e3o de crescimento urbano como instrumento para o planejamento urbano e ambiental<\/a><\/p>\n<p style=\"text-align: justify\"><strong>2013<\/strong><\/p>\n<p style=\"text-align: justify\"><a href=\"https:\/\/institucional.ufpel.edu.br\/projetos\/id\/p4076\">An\u00e1lise da estrutura espacial urbana a partir dos aspectos configuracionais e das pr\u00e1ticas no espa\u00e7o urbano<\/a><\/p>\n","protected":false},"excerpt":{"rendered":"<p>2021 Caminhografia Urbana: experi\u00eancia do inscrever-se na cidade 2020 TRAVESSIAS NA LINHA DE FRONTEIRA BRASIL-URUGUAY: controv\u00e9rsias e media\u00e7\u00f5es no espa\u00e7o p\u00fablico de cidades g\u00eameas (prorroga\u00e7\u00e3o) 2019 Influ\u00eancia da morfologia urbana e da vegeta\u00e7\u00e3o no conforto t\u00e9rmico: estudo em espa\u00e7os abertos&#8230; <a class=\"more-link\" href=\"https:\/\/wp.ufpel.edu.br\/laburb\/projetos\/pesquisa\/\">Continue lendo &rarr;<\/a><\/p>\n","protected":false},"author":336,"featured_media":0,"parent":73,"menu_order":2,"comment_status":"closed","ping_status":"closed","template":"","meta":{"jetpack_post_was_ever_published":false,"footnotes":""},"class_list":["post-37","page","type-page","status-publish","hentry"],"jetpack_sharing_enabled":true,"jetpack_shortlink":"https:\/\/wp.me\/P8N9kW-B","_links":{"self":[{"href":"https:\/\/wp.ufpel.edu.br\/laburb\/wp-json\/wp\/v2\/pages\/37","targetHints":{"allow":["GET"]}}],"collection":[{"href":"https:\/\/wp.ufpel.edu.br\/laburb\/wp-json\/wp\/v2\/pages"}],"about":[{"href":"https:\/\/wp.ufpel.edu.br\/laburb\/wp-json\/wp\/v2\/types\/page"}],"author":[{"embeddable":true,"href":"https:\/\/wp.ufpel.edu.br\/laburb\/wp-json\/wp\/v2\/users\/336"}],"replies":[{"embeddable":true,"href":"https:\/\/wp.ufpel.edu.br\/laburb\/wp-json\/wp\/v2\/comments?post=37"}],"version-history":[{"count":18,"href":"https:\/\/wp.ufpel.edu.br\/laburb\/wp-json\/wp\/v2\/pages\/37\/revisions"}],"predecessor-version":[{"id":967,"href":"https:\/\/wp.ufpel.edu.br\/laburb\/wp-json\/wp\/v2\/pages\/37\/revisions\/967"}],"up":[{"embeddable":true,"href":"https:\/\/wp.ufpel.edu.br\/laburb\/wp-json\/wp\/v2\/pages\/73"}],"wp:attachment":[{"href":"https:\/\/wp.ufpel.edu.br\/laburb\/wp-json\/wp\/v2\/media?parent=37"}],"curies":[{"name":"wp","href":"https:\/\/api.w.org\/{rel}","templated":true}]}}