{"id":2647,"date":"2019-05-02T17:19:13","date_gmt":"2019-05-02T20:19:13","guid":{"rendered":"https:\/\/wp.ufpel.edu.br\/labserg\/?page_id=2647"},"modified":"2026-01-26T14:44:11","modified_gmt":"2026-01-26T17:44:11","slug":"proffranz","status":"publish","type":"page","link":"https:\/\/wp.ufpel.edu.br\/labserg\/proffranz\/","title":{"rendered":"Espa\u00e7o do Prof. Franz"},"content":{"rendered":"<div class=\"bodytext_left\"><a title=\"inicio\" name=\"inicio\"><\/a><strong>ALGUMAS DICAS DE CONTE\u00daDOS<\/strong><\/div>\n<div class=\"bodytext_justify\">Esta p\u00e1gina possui um vi\u00e9s prioritariamente pessoal e informal, ainda que esteja hospedada em um &#8220;sub-espa\u00e7o&#8221; do website do LABSERG. Sua implementa\u00e7\u00e3o surge de um h\u00e1bito que mantenho de compartilhar descobertas, principalmente com os alunos. Antes do in\u00edcio da pandemia que assolou o Brasil a partir de meados de mar\u00e7o de 2020, eu possu\u00eda um pequeno acervo pessoal de livros e revista em formato f\u00edsico, os quais continuamente procurava compartilhar com os alunos e com qualquer visitante ao laborat\u00f3rio. Para al\u00e9m dos livros t\u00e9cnicos presentes no acervo, havia livros de fic\u00e7\u00e3o, filosofia, pol\u00edticas, entre outros. Sempre tenho em mente que um profissional se produz n\u00e3o s\u00f3 pelos livros t\u00e9cnicos, mas tamb\u00e9m pelo aprendizado a partir de todas suas intera\u00e7\u00f5es cotidianas, dentre as quais a leitura \u00e9 um universo particularmente rico. Sendo assim, costuma apresentar os conte\u00fados aos alunos e explicava coisas que havia aprendido lendo eles. O cen\u00e1rio que se apresentou ap\u00f3s a chegada da grande pandemia promete ser bem diferente, inclusive pelo fato de que at\u00e9 mesmo minhas leituras passaram a ocorrer cada vez mais apoiadas em meios digitais. Por n\u00e3o poder colocar livros digitais em uma prateleira f\u00edsica, pensei que coloc\u00e1-los aqui, junto a lista de livros f\u00edsicos. Assim, substituo ao menos em parte o desejo de compartilhar conte\u00fados com aqueles que interagem comigo. Segue abaixo a lista, contendo o formato em que o livro foi lido, uma breve descri\u00e7\u00e3o extra\u00edda de websites de lojas, e minhas &#8220;colheitas&#8221; ap\u00f3s cada leitura. Espero que o conte\u00fado possa ser \u00fatil e inspire a busca pelos t\u00edtulos listados. Para complementar \u00e0 lista de livros, aproveito para colocar tamb\u00e9m alguns filmes que podem nos trazer algumas reflex\u00f5es interessantes e que podem ser vinculadas muitas vezes ao mundo da Ergonomia. Por fim, coloco ao final da p\u00e1gina uma lista de livros de acesso aberto em \u00e1reas afins com o grupo de pesquisa NUMESA.<\/div>\n<div class=\"bodytext_justify\">Ao lado do t\u00edtulo de cada se\u00e7\u00e3o indico a data em que cada lista foi atualizada.<\/div>\n<div class=\"bodytext_left\">1. <a href=\"#livros_diversos\"><strong>Livros diversos<\/strong><\/a><\/div>\n<div class=\"bodytext_left\">2. <a href=\"#filmes\"><strong>Filmes<\/strong><\/a><\/div>\n<div class=\"bodytext_left\">3. <a href=\"#livros_tecnicos\"><strong>Livros t\u00e9cnicos de acesso livre<\/strong><\/a><\/div>\n<div class=\"bodytext_center\"><a title=\"livros_diversos\" name=\"livros_diversos\"><\/a>&#8230;&#8230;&#8230;&#8230;&#8230;&#8230;&#8230;&#8230;&#8230;&#8230;&#8230;&#8230;&#8230;&#8230;&#8230;&#8230;&#8230;&#8230;&#8230;&#8230;&#8230;&#8230;&#8230;&#8230;&#8230;&#8230;&#8230;&#8230;&#8230;&#8230;&#8230;&#8230;&#8230;&#8230;&#8230;&#8230;&#8230;&#8230;&#8230;&#8230;&#8230;&#8230;&#8230;&#8230;&#8230;&#8230;&#8230;&#8230;&#8230;&#8230;&#8230;&#8230;&#8230;&#8230;&#8230;&#8230;&#8230;&#8230;&#8230;&#8230;&#8230;&#8230;&#8230;&#8230;&#8230;&#8230;&#8230;&#8230;&#8230;<\/div>\n<div class=\"bodytext_left\">1. <strong>Livros diversos<\/strong> (\u00faltima atualiza\u00e7\u00e3o desta se\u00e7\u00e3o: 26.jan.2026)<\/div>\n<div class=\"bodytext_left\">\n<table>\n<tbody>\n<!-- in\u00edcio dos espa\u00e7o para inserir os livros --><\/p>\n<tr valign=\"top\">\n<td width=\"840\"><span class=\"collapseomatic noarrow\" id=\"id69effa51ddb63\"  tabindex=\"0\" title=\"1. ANTUNES, Ricardo. &lt;strong&gt;O privil\u00e9gio da servid\u00e3o: o novo proletariado de servi\u00e7os na era digital&lt;\/strong&gt;. S\u00e3o Paulo, Boitempo, 1.ed.,  2018. \"    >1. ANTUNES, Ricardo. <strong>O privil\u00e9gio da servid\u00e3o: o novo proletariado de servi\u00e7os na era digital<\/strong>. S\u00e3o Paulo, Boitempo, 1.ed.,  2018. <\/span><div id=\"target-id69effa51ddb63\" class=\"collapseomatic_content \">\n<p><img decoding=\"async\" class=\"coverbook\" title=\"(ANTUNES, Ricardo, 2018)\" src=\"https:\/\/m.media-amazon.com\/images\/I\/91+nBZ0Sb7L._SY385_.jpg\" alt=\"O privil\u00e9gio da servid\u00e3o: o novo proletariado de servi\u00e7os na era digital\" \/><\/p>\n<p><strong>Meio de leitura<\/strong>: Livro digital<\/p>\n<p><strong>Descri\u00e7\u00e3o do Livro<\/strong> (conte\u00fado extra\u00eddo de divulga\u00e7\u00f5es em livrarias virtuais)<br \/>O novo livro do soci\u00f3logo e professor da Unicamp Ricardo Antunes apresenta um retrato detalhado da classe trabalhadora hoje, em suas principais tend\u00eancias. O estudo apresenta uma an\u00e1lise detalhada das mudan\u00e7as trabalhistas que ocorreram na hist\u00f3ria recente do pa\u00eds, desde a redemocratiza\u00e7\u00e3o at\u00e9 o impeachment de Dilma Rousseff, e seu eixo est\u00e1 em compreender a explos\u00e3o do novo proletariado de servi\u00e7os, que se desenvolve com o trabalho digital, on-line e intermitente. Antunes demonstra como est\u00e3o se manifestando essas tend\u00eancias tanto nos pa\u00edses da Europa quanto no Brasil, apresentando elementos presentes na nova morfologia do trabalho. Os adoecimentos, padecimentos, precariza\u00e7\u00f5es, terceiriza\u00e7\u00f5es, desregulamenta\u00e7\u00f5es e ass\u00e9dios parecem tornar-se mais a regra do que a exce\u00e7\u00e3o. Um dos principais estudiosos da sociologia do trabalho no Brasil, Antunes combina a pesquisa sociol\u00f3gica concreta, rigorosa e empiricamente fundamentada com um compromisso social intransigente, a saber, a tomada de partido pelos explorados e oprimidos. &#8216;Se o mundo atual nos oferece como horizonte imediato o privil\u00e9gio da servid\u00e3o, seu combate e seu impedimento efetivos, ent\u00e3o, s\u00f3 ser\u00e3o poss\u00edveis se a humanidade conseguir recuperar o desafio da emancipa\u00e7\u00e3o&#8217;, afirma o autor.<\/p>\n<p><strong>O que foi poss\u00edvel extrair do livro<\/strong> (conte\u00fado desenvolvido pelo respons\u00e1vel por este website)<br \/>.<br \/>.<\/div><\/td>\n<\/tr>\n<tr valign=\"top\">\n<td width=\"840\"><span class=\"collapseomatic noarrow\" id=\"id69effa51ddc89\"  tabindex=\"0\" title=\"2. ARIELY, Damn. &lt;strong&gt;A mais pura verdade sobre a desonestidade: por que mentimos para todo mundo: inclusive para n\u00f3s mesmos&lt;\/strong&gt;. Rio de Janeiro, Sextante, 1.ed.,  2012. \"    >2. ARIELY, Damn. <strong>A mais pura verdade sobre a desonestidade: por que mentimos para todo mundo: inclusive para n\u00f3s mesmos<\/strong>. Rio de Janeiro, Sextante, 1.ed.,  2012. <\/span><div id=\"target-id69effa51ddc89\" class=\"collapseomatic_content \">\n<p><img decoding=\"async\" class=\"coverbook\" title=\"(ARIELY, Damn, 2012)\" src=\"https:\/\/m.media-amazon.com\/images\/I\/71oNfQVV1NS._SY385_.jpg\" alt=\"A mais pura verdade sobre a desonestidade: por que mentimos para todo mundo: inclusive para n\u00f3s mesmos\" \/><\/p>\n<p><strong>Meio de leitura<\/strong>: Livro digital<\/p>\n<p><strong>Descri\u00e7\u00e3o do Livro<\/strong> (conte\u00fado extra\u00eddo de divulga\u00e7\u00f5es em livrarias virtuais)<br \/>Em seu novo e provocativo livro Dan Ariely \u00e9 imperativo: todos n\u00f3s somos desonestos. A quest\u00e3o \u00e9 que nosso comportamento tem duas grandes motiva\u00e7\u00f5es: por um lado, queremos nos enxergar como pessoas honestas e honradas, por outro, tanto quanto poss\u00edvel, queremos atender aos nossos interesses. Atrav\u00e9s dos resultados de suas pesquisas e de suas experi\u00eancias pessoais, Ariely analisa atitudes anti\u00e9ticas nas esferas pessoal, profissional e pol\u00edtica, e mostra como esses comportamentos afetam a todos, mesmo quando acreditamos ser possuidores de altos padr\u00f5es morais. Ele nos encoraja a lan\u00e7ar um olhar mais honesto sobre nossas a\u00e7\u00f5es, mostrando que a desonestidade est\u00e1 em toda a parte e que esse \u00e9 um comportamento muitas vezes irracional, por\u00e9m inerente \u00e0 condi\u00e7\u00e3o humana. Al\u00e9m disso, identifica o que nos mant\u00e9m honestos, apontando, ainda, o caminho para pequenas mudan\u00e7as que podemos fazer para que sejamos, em face de nossas limita\u00e7\u00f5es, mais \u00e9ticos. Escrito com o humor e o charme que s\u00e3o as marcas registradas do autor, este livro nos leva a uma compreens\u00e3o mais profunda sobre nossos princ\u00edpios \u00e9ticos e suas motiva\u00e7\u00f5es.<\/p>\n<p><strong>O que foi poss\u00edvel extrair do livro<\/strong> (conte\u00fado desenvolvido pelo respons\u00e1vel por este website)<br \/>Pode ser considerado um bom livro. Alguns pontos me pareceram interessantes de serem citados, dentre os quais destaco a preocupa\u00e7\u00e3o do autor em relatar ao leitor atrav\u00e9s de uma linguagem acess\u00edvel, seus esfor\u00e7os de pesquisa na busca pela compreens\u00e3o dos mecanismos que se relacionam com a honestidade, ou a falta dela. O livro traz importante contribui\u00e7\u00f5es referentes a dispositivos cognitivos e comportamentais que podem colaborar para que tenhamos atitudes desonestas. O autor mostra que certas for\u00e7as (como a quantia que podemos ganhar e a probabilidade de sermos pegos) influenciam surpreendentemente menos os seres humanos do que se poderia pensar. E, ao mesmo tempo, outras for\u00e7as nos influenciam mais do que poder\u00edamos esperar: lembretes morais, dist\u00e2ncia do dinheiro, conflitos de interesses, esgotamento, falsifica\u00e7\u00f5es, lembretes de nossas realiza\u00e7\u00f5es fabricadas, criatividade, testemunho de atos desonestos de outros, preocupa\u00e7\u00e3o com outros de nossa equipe e assim por diante. Durante a leitura um pensamento recorrente me vinha em mente: &#8220;experimentos como aqueles rodados por Damn Ariely poderiam contribuir muito como inspira\u00e7\u00e3o para levantamentos no campo do trabalho, sobretudo na busca pela compreens\u00e3o da pequenas viola\u00e7\u00f5es que levam a perdas importantes (adoecimentos e doen\u00e7as ocupacionais)&#8221;. Contudo, a mensagem mais forte que percebo em livros deste tipo \u00e9 o fato de que devemos largar nossos discursos de cidad\u00e3os e cidad\u00e3s impec\u00e1veis e olharmos mais humildemente nosso entorno, antes de emitir discursos fervosos e isentos frente aos atos corruptivos dos outros.<br \/>.<\/div><\/td>\n<\/tr>\n<tr valign=\"top\">\n<td width=\"840\"><span class=\"collapseomatic noarrow\" id=\"id69effa51ddcee\"  tabindex=\"0\" title=\"3. ARMENI, Ritanna. &lt;strong&gt;Bruxas da Noite: A Hist\u00f3ria n\u00e3o Contada do Regimento A\u00e9reo Feminino Russo Durante a Segunda Guerra Mundial&lt;\/strong&gt;. S\u00e3o Paulo, Seoman, 1.ed.,  2019. \"    >3. ARMENI, Ritanna. <strong>Bruxas da Noite: A Hist\u00f3ria n\u00e3o Contada do Regimento A\u00e9reo Feminino Russo Durante a Segunda Guerra Mundial<\/strong>. S\u00e3o Paulo, Seoman, 1.ed.,  2019. <\/span><div id=\"target-id69effa51ddcee\" class=\"collapseomatic_content \">\n<p><img decoding=\"async\" class=\"coverbook\" title=\"(ARMENI, Ritanna, 2019)\" src=\"https:\/\/m.media-amazon.com\/images\/I\/91ShZhWtObL._SY425_.jpg\" alt=\"Bruxas da Noite: A Hist\u00f3ria n\u00e3o Contada do Regimento A\u00e9reo Feminino Russo Durante a Segunda Guerra Mundial\" \/><\/p>\n<p><strong>Meio de leitura<\/strong>: Livro f\u00edsico<\/p>\n<p><strong>Descri\u00e7\u00e3o do Livro<\/strong> (conte\u00fado extra\u00eddo de divulga\u00e7\u00f5es em livrarias virtuais)<br \/>Neste livro, a jornalista italiana e escritora premiada, Ritanna Armeni, reconstr\u00f3i a hist\u00f3ria de um grupo de mulheres sovi\u00e9ticas fi\u00e9is \u00e0 sua p\u00e1tria: as aviadoras do 588\u00ba Regimento de Bombardeio A\u00e9reo Noturno Sovi\u00e9tico. Com um importante papel de lideran\u00e7a durante as batalhas contra o Terceiro Reich, elas prejudicavam e muito a vida dos alem\u00e3es durante a Segunda Guerra Mundial, aparecendo nos c\u00e9us carregadas de bombas. Os nazistas as chamavam de \u201cbruxas da noite\u201d. A autora revela informa\u00e7\u00f5es sobre a cria\u00e7\u00e3o, a luta e as vit\u00f3rias dessas mulheres que foram apagadas da hist\u00f3ria ap\u00f3s o decl\u00ednio de suas carreiras como aviadoras devido ao conservadorismo e preconceito do Estado Sovi\u00e9tico.<\/p>\n<p><strong>O que foi poss\u00edvel extrair do livro<\/strong> (conte\u00fado desenvolvido pelo respons\u00e1vel por este website)<br \/>Um \u00f3timo livro, para ser devorado em poucas horas, mas para ser ruminado por um bom tempo. A op\u00e7\u00e3o tomada pela autora \u00e9 clara. Ela transforma um relato real e hist\u00f3rico em uma linguagem leve, mas de modo algum fr\u00edvola. Nas entrelinhas do texto, sempre inspirado nos relatos precisos de Irina Rakobolskaya, emerge claramente algumas informa\u00e7\u00f5es riqu\u00edssimas quanto \u00e0 forma de conceber as rela\u00e7\u00f5es de poder sob o olhar do feminismo, em contraposi\u00e7\u00e3o clara a coisas t\u00edpicas de um modo patriarcal de concenber as coisas. O livro n\u00e3o \u00e9 precisamente uma biografia, com rigor t\u00e9cnico e documental, mas principalmente, uma chamada para que se busque maiores detalhes sobre a hist\u00f3ria da Bruxas da Noite. O livro se justifica muito bem aqui no espa\u00e7o do LABSERG. Os relatos envolvendo problemas ergon\u00f4micos, suas consequ\u00eancias e as tentativas em contornar problemas desafiadores est\u00e3o presentes em muitos momentos dos relatos trazidos no livro. Chama a aten\u00e7\u00e3o as ang\u00fastias e sofrimentos presentes no campo b\u00e9lico no tocante a necessidade de colocar em primeiro plano a Microergonomia em detrimento da Macroergonomia, a qual parece trazer desafios t\u00e9cnicos, cognitivos e organizacionais intranspon\u00edveis. Valeu \u00e0 pena cada p\u00e1gina lida.<br \/>.<\/div><\/td>\n<\/tr>\n<tr valign=\"top\">\n<td width=\"840\"><span class=\"collapseomatic noarrow\" id=\"id69effa51ddd48\"  tabindex=\"0\" title=\"4. BAUMAN, Zygmunt. &lt;strong&gt;Modernidade l\u00edquida&lt;\/strong&gt;. Rio de Janeiro, Companhia da Letras\/Zahar, 1.ed.,  2001. \"    >4. BAUMAN, Zygmunt. <strong>Modernidade l\u00edquida<\/strong>. Rio de Janeiro, Companhia da Letras\/Zahar, 1.ed.,  2001. <\/span><div id=\"target-id69effa51ddd48\" class=\"collapseomatic_content \">\n<p><img decoding=\"async\" class=\"coverbook\" title=\"(BAUMAN, Zygmunt, 2001)\" src=\"https:\/\/m.media-amazon.com\/images\/I\/51RuPVku+sS._SY425_.jpg\" alt=\"Modernidade l\u00edquida\" \/><\/p>\n<p><strong>Meio de leitura<\/strong>: Livro f\u00edsico<\/p>\n<p><strong>Descri\u00e7\u00e3o do Livro<\/strong> (conte\u00fado extra\u00eddo de divulga\u00e7\u00f5es em livrarias virtuais)<br \/>A modernidade imediata \u00e9 &#8220;leve&#8221;, &#8220;l\u00edquida&#8221;, &#8220;fluida&#8221; e infinitamente mais din\u00e2mica que a modernidade &#8220;s\u00f3lida&#8221; que suplantou. A passagem de uma a outra acarretou profundas mudan\u00e7as em todos os aspectos da vida humana. Zygmunt Bauman esclarece como se deu essa transi\u00e7\u00e3o e nos auxilia a repensar os conceitos e esquemas cognitivos usados para descrever a experi\u00eancia individual humana e sua hist\u00f3ria conjunta. Modernidade l\u00edquida complementa e conclui a an\u00e1lise realizada pelo autor em Globaliza\u00e7\u00e3o: as conseq\u00fc\u00eancias humanas e Em busca da pol\u00edtica. Juntos, esses tr\u00eas volumes formam uma an\u00e1lise brilhante das condi\u00e7\u00f5es cambiantes da vida social e pol\u00edtica.<\/p>\n<p><strong>O que foi poss\u00edvel extrair do livro<\/strong> (conte\u00fado desenvolvido pelo respons\u00e1vel por este website)<br \/>.<br \/>.<\/div><\/td>\n<\/tr>\n<tr valign=\"top\">\n<td width=\"840\"><span class=\"collapseomatic noarrow\" id=\"id69effa51ddd9d\"  tabindex=\"0\" title=\"5. BECKER, Ernest. &lt;strong&gt;A nega\u00e7\u00e3o da Morte: uma abordagem psicol\u00f3gica sobre a finitude humana&lt;\/strong&gt;. Rio de Janeiro, Record, 20.ed., 2025. \"    >5. BECKER, Ernest. <strong>A nega\u00e7\u00e3o da Morte: uma abordagem psicol\u00f3gica sobre a finitude humana<\/strong>. Rio de Janeiro, Record, 20.ed., 2025. <\/span><div id=\"target-id69effa51ddd9d\" class=\"collapseomatic_content \">\n<p><img decoding=\"async\" class=\"coverbook\" title=\"(BECKER, Ernest, 2025)\" src=\"https:\/\/m.media-amazon.com\/images\/I\/810Vyz7SM3S._SY385_.jpg\" alt=\"A nega\u00e7\u00e3o da Morte: uma abordagem psicol\u00f3gica sobre a finitude humana\" \/><\/p>\n<p><strong>Meio de leitura<\/strong>: Livro f\u00edsico<\/p>\n<p><strong>Descri\u00e7\u00e3o do Livro<\/strong> (conte\u00fado extra\u00eddo de divulga\u00e7\u00f5es em livrarias virtuais)<br \/>De todas as inquieta\u00e7\u00f5es que movem o ser humano, a mais forte e determinante \u00e9 o medo da morte. O temor, que o acompanha desde que assomam em sua mente as primeiras no\u00e7\u00f5es do mundo, \u00e9 a mola mestra de quase todas suas atividades, assim como a principal fonte de ang\u00fastia. Ernest Becker baseia- se, entre outros, em Freud, Jung e Rank para abordar o problema da mente vital &#8211; a tend\u00eancia humana de reprimir o reconhecimento da mortalidade. A nega\u00e7\u00e3o revela-se a fonte inequ\u00edvoca de grande parte do comportamento ocidental moderno, assim como de seus problemas. Ganhador do pr\u00eamio Pulitzer de 1974, A nega\u00e7\u00e3o da morte \u00e9 o resumo das principais correntes da psican\u00e1lise p\u00f3s-freudiana. Ernest Becker, renomado Ph.D em antropologia, conseguiu unir a perspectiva psicol\u00f3gica a uma vis\u00e3o m\u00edtico-religiosa, em uma obra que mant\u00e9m o vigor mais de 30 anos ap\u00f3s a publica\u00e7\u00e3o. Becker faleceu dois meses antes da entrega do Pulitzer. O enorme legado do autor come\u00e7ou a ser reconhecido apenas ap\u00f3s a premia\u00e7\u00e3o. Hoje, a sua obra \u00e9 estudada, pesquisada e ensinada em todo o mundo.<\/p>\n<p><strong>O que foi poss\u00edvel extrair do livro<\/strong> (conte\u00fado desenvolvido pelo respons\u00e1vel por este website)<br \/>N\u00e3o estava pronto para um livro t\u00e3o dif\u00edcil. Talvez pela minha forma\u00e7\u00e3o, talvez pelas minhas leituras mais frequentes, talvez pelo momento, este foi um livro de dif\u00edcil navega\u00e7\u00e3o. O autor realiza uma grande esfor\u00e7o em passar os princ\u00edpios da psican\u00e1lise e seus maiores pensadores, sempre fazendo uma liga\u00e7\u00e3o com o tema central de sua obra, a compreens\u00e3o e condi\u00e7\u00e3o humana frente \u00e0 derradeira e inevit\u00e1vel finitude. Espero um dizer poder voltar a este livro em um contexto diferente, com tempo e co maior maturidade intelectual na \u00e1rea de conhecimento do autor. Curiosamente, encontrei nele uma concepa\u00e7\u00e3o que talvez Neil Young tenha se inspirado para sua famosa frase \u201c\u00c9 melhor queimar do que simplesmente desaparecer lentamente?\u201d. Depois, em sua carta derradeira, Kurt Cobain parafraseou essa frase. Ao falar do mito do her\u00f3i, Ernest diz [&#8230;]E aqueles que s\u00e3o consumidos da maneira mais implac\u00e1vel, e ardem com a mais viva das chamas, parecem atender melhor aos objetivos da natureza no que se refe a realizar alguma coisa neste planeta{&#8230;} (p.310)<br \/>.<\/div><\/td>\n<\/tr>\n<tr valign=\"top\">\n<td width=\"840\"><span class=\"collapseomatic noarrow\" id=\"id69effa51dde09\"  tabindex=\"0\" title=\"6. BERNSTEIN, Peter Leonard. &lt;strong&gt;Desafio aos deuses: a fascinante hist\u00f3ria do risco&lt;\/strong&gt;. Rio de Janeiro, Campus,  1997. \"    >6. BERNSTEIN, Peter Leonard. <strong>Desafio aos deuses: a fascinante hist\u00f3ria do risco<\/strong>. Rio de Janeiro, Campus,  1997. <\/span><div id=\"target-id69effa51dde09\" class=\"collapseomatic_content \">\n<p><img decoding=\"async\" class=\"coverbook\" title=\"(BERNSTEIN, Peter Leonard, 1997)\" src=\"https:\/\/m.media-amazon.com\/images\/I\/8127lbCDKcL._SY385_.jpg\" alt=\"Desafio aos deuses: a fascinante hist\u00f3ria do risco\" \/><\/p>\n<p><strong>Meio de leitura<\/strong>: Livro f\u00edsico<\/p>\n<p><strong>Descri\u00e7\u00e3o do Livro<\/strong> (conte\u00fado extra\u00eddo de divulga\u00e7\u00f5es em livrarias virtuais)<br \/>Nesta an\u00e1lise extraordin\u00e1ria do papel do risco em nossa sociedade, Peter Bernstein argumenta que a concep\u00e7\u00e3o do controle do risco constitui uma das ideias centrais que distinguem os tempos modernos do passado mais remoto. Desafio aos Deuses, narrativa que se assemelha a um romance, relata a not\u00e1vel aventura intelectual que libertou a humanidade dos or\u00e1culos e adivinhos, mediante as ferramentas poderosas da administra\u00e7\u00e3o do risco dispon\u00edveis nos dias de hoje. Esta \u00e9 uma saga ricamente engendrada de fil\u00f3sofos gregos e matem\u00e1ticos \u00e1rabes, de mercadores e cientistas, jogadores e fil\u00f3sofos, intelectos de renome mundial e amadores obscuros, mas inspirados, que ajudaram a descobrir os m\u00e9todos modernos de p\u00f4r o futuro a servi\u00e7o do presente, substituindo a impot\u00eancia diante do destino pela escolha e decis\u00e3o.Quando investidores compram a\u00e7\u00f5es, cirurgi\u00f5es realizam opera\u00e7\u00f5es, engenheiros projetam pontes, empres\u00e1rios abrem novos neg\u00f3cios, astronautas exploram os c\u00e9us e pol\u00edticos concorrem a um cargo eletivo, o risco \u00e9 seu parceiro inevit\u00e1vel. Contudo, suas a\u00e7\u00f5es revelam que o risco n\u00e3o precisa ser hoje t\u00e3o temido: administrar o risco tornou-se sin\u00f4nimo de desafio e oportunidade.Bernstein tra\u00e7a perfis administr\u00e1veis de gigantes intelectuais como Omar Khayyam, Pascal e Bernoulli, Bayese Keynes, Markowitz e Arrow, e Gauss, Galton e von Neumann.Com seu estilo liter\u00e1rio envolvente, o autor esclarece os conceitos de probabilidade, amostragem, regress\u00e3o \u00e0 m\u00e9dia, teoria dos jogos e tomada de decis\u00f5es racional versus irracional. As se\u00e7\u00f5es finais do livro levantam quest\u00f5es importantes sobre o papel do computador, a rela\u00e7\u00e3o entre fatos e cren\u00e7as subjetivas, o impacto da teoria do caos, o papel dos mercados de derivativos em franco desenvolvimento e a total predomin\u00e2ncia dos n\u00fameros.Desafio aos Deuses: A Fascinante Hist\u00f3ria do Risco \u00e9 um livro raro que transforma as quest\u00f5es mais profundas de nossa \u00e9poca no puro prazer da leitura.<\/p>\n<p><strong>O que foi poss\u00edvel extrair do livro<\/strong> (conte\u00fado desenvolvido pelo respons\u00e1vel por este website)<br \/>.<br \/>.<\/div><\/td>\n<\/tr>\n<tr valign=\"top\">\n<td width=\"840\"><span class=\"collapseomatic noarrow\" id=\"id69effa51dde59\"  tabindex=\"0\" title=\"7. BRADBURY, Ray. &lt;strong&gt;Fahrenheit 451&lt;\/strong&gt;. Rio de Janeiro, Globo Livros\/Biblioteca Azul, 1.ed.,  2012. \"    >7. BRADBURY, Ray. <strong>Fahrenheit 451<\/strong>. Rio de Janeiro, Globo Livros\/Biblioteca Azul, 1.ed.,  2012. <\/span><div id=\"target-id69effa51dde59\" class=\"collapseomatic_content \">\n<p><img decoding=\"async\" class=\"coverbook\" title=\"(BRADBURY, Ray, 2012)\" src=\"https:\/\/m.media-amazon.com\/images\/I\/41F7Udiwd+L._SY445_SX342_QL70_ML2_.jpg\" alt=\"Fahrenheit 451\" \/><\/p>\n<p><strong>Meio de leitura<\/strong>: Livro digital<\/p>\n<p><strong>Descri\u00e7\u00e3o do Livro<\/strong> (conte\u00fado extra\u00eddo de divulga\u00e7\u00f5es em livrarias virtuais)<br \/>Guy Montag \u00e9 um bombeiro. Sua profiss\u00e3o \u00e9 atear fogo nos livros. Em um mundo onde as pessoas vivem em fun\u00e7\u00e3o das telas e a literatura est\u00e1 amea\u00e7ada de extin\u00e7\u00e3o, os livros s\u00e3o objetos proibidos, e seus portadores s\u00e3o considerados criminosos. Montag nunca questionou seu trabalho; vive uma vida comum, cumpre o expediente e retorna ao final do dia para sua esposa e para a rotina do lar. At\u00e9 que conhece Clarisse, uma jovem de comportamento suspeito, cheia de imagina\u00e7\u00e3o e boas hist\u00f3rias. Quando sua esposa entra em colapso mental e Clarisse desaparece, a vida de Montag n\u00e3o poder\u00e1 mais ser a mesma.<\/p>\n<p><strong>O que foi poss\u00edvel extrair do livro<\/strong> (conte\u00fado desenvolvido pelo respons\u00e1vel por este website)<br \/>.<br \/>.<\/div><\/td>\n<\/tr>\n<tr valign=\"top\">\n<td width=\"840\"><span class=\"collapseomatic noarrow\" id=\"id69effa51ddea6\"  tabindex=\"0\" title=\"8. CAPRA, Fritjof. &lt;strong&gt;O Tao da F\u00edsica: Paralelo Entre F\u00edsica Moderna e Misticismo Oriental&lt;\/strong&gt;. S\u00e3o Paulo, Pensamento\/Cultrix, 29.ed.,  1983. \"    >8. CAPRA, Fritjof. <strong>O Tao da F\u00edsica: Paralelo Entre F\u00edsica Moderna e Misticismo Oriental<\/strong>. S\u00e3o Paulo, Pensamento\/Cultrix, 29.ed.,  1983. <\/span><div id=\"target-id69effa51ddea6\" class=\"collapseomatic_content \">\n<p><img decoding=\"async\" class=\"coverbook\" title=\"(CAPRA, Fritjof, 1983)\" src=\"https:\/\/m.media-amazon.com\/images\/I\/81rY1ttFQ9L._SY385_.jpg\" alt=\"O Tao da F\u00edsica: Paralelo Entre F\u00edsica Moderna e Misticismo Oriental\" \/><\/p>\n<p><strong>Meio de leitura<\/strong>: Livro f\u00edsico<\/p>\n<p><strong>Descri\u00e7\u00e3o do Livro<\/strong> (conte\u00fado extra\u00eddo de divulga\u00e7\u00f5es em livrarias virtuais)<br \/>Primeiro livro do f\u00edsico te\u00f3rico Fritjof Capra, foi publicado na Calif\u00f3rnia em 1975. Traduzido para 23 idiomas, com mais de um milh\u00e3o de exemplares vendidos em todo o mundo, O tao da f\u00edsica tornou-se um best-seller em v\u00e1rios pa\u00edses. Neste livro, ap\u00f3s fazer algumas coloca\u00e7\u00f5es sobre a f\u00edsica de part\u00edculas subat\u00f4micas e sobre as bases do pensamento filos\u00f3fico oriental (indiano e chin\u00eas), Capra tra\u00e7a um paralelo entre ambos. O livro \u00e9 considerado como respons\u00e1vel pelo surgimento da pseudoci\u00eancia conhecida como misticismo qu\u00e2ntico moderno.<\/p>\n<p><strong>O que foi poss\u00edvel extrair do livro<\/strong> (conte\u00fado desenvolvido pelo respons\u00e1vel por este website)<br \/>.<br \/>.<\/div><\/td>\n<\/tr>\n<tr valign=\"top\">\n<td width=\"840\"><span class=\"collapseomatic noarrow\" id=\"id69effa51ddef3\"  tabindex=\"0\" title=\"9. CHALMERS, Alam F.. &lt;strong&gt;O que \u00e9 Ci\u00eancia Afinal?&lt;\/strong&gt;. S\u00e3o Paulo, Brasiliense, 1.ed.,  2018. \"    >9. CHALMERS, Alam F.. <strong>O que \u00e9 Ci\u00eancia Afinal?<\/strong>. S\u00e3o Paulo, Brasiliense, 1.ed.,  2018. <\/span><div id=\"target-id69effa51ddef3\" class=\"collapseomatic_content \">\n<p><img decoding=\"async\" class=\"coverbook\" title=\"(CHALMERS, Alam F., 2018)\" src=\"https:\/\/m.media-amazon.com\/images\/I\/41VHpCG8B-L._SY445_SX342_ML2_.jpg\" alt=\"O que \u00e9 Ci\u00eancia Afinal?\" \/><\/p>\n<p><strong>Meio de leitura<\/strong>: Livro f\u00edsico<\/p>\n<p><strong>Descri\u00e7\u00e3o do Livro<\/strong> (conte\u00fado extra\u00eddo de divulga\u00e7\u00f5es em livrarias virtuais)<br \/>A ci\u00eancia deve parte de sua alta estima ao fato de ser vista como a religi\u00e3o moderna, desempenhando hoje papel similar ao do cristianismo na Europa, em s\u00e9culos passados. Mas como se construiu a base para tal autoridade? Nesta introdu\u00e7\u00e3o simples e clara \u00e0s opini\u00f5es modernas sobre a natureza da ci\u00eancia, o ingl\u00eas Alan F. Chalmers investiga por que o homem contempor\u00e2neo dedica uma f\u00e9 cega ao que chamamos respeitosamente m\u00e9todo cient\u00edfico.<\/p>\n<p><strong>O que foi poss\u00edvel extrair do livro<\/strong> (conte\u00fado desenvolvido pelo respons\u00e1vel por este website)<br \/>.<br \/>.<\/div><\/td>\n<\/tr>\n<tr valign=\"top\">\n<td width=\"840\"><span class=\"collapseomatic noarrow\" id=\"id69effa51ddf49\"  tabindex=\"0\" title=\"10. COUTEUR, Penny le; BURRESON, Jay. &lt;strong&gt;Os bot\u00f5es de Napole\u00e3o: As 17 mol\u00e9culas que mudaram a hist\u00f3ria&lt;\/strong&gt;. Rio de Janeiro, Companhia da Letras\/Zahar, 1.ed.,  2006. \"    >10. COUTEUR, Penny le; BURRESON, Jay. <strong>Os bot\u00f5es de Napole\u00e3o: As 17 mol\u00e9culas que mudaram a hist\u00f3ria<\/strong>. Rio de Janeiro, Companhia da Letras\/Zahar, 1.ed.,  2006. <\/span><div id=\"target-id69effa51ddf49\" class=\"collapseomatic_content \">\n<p><img decoding=\"async\" class=\"coverbook\" title=\"(COUTEUR, Penny le; BURRESON, Jay, 2006)\" src=\"https:\/\/m.media-amazon.com\/images\/I\/511LP2Eeg+L._SY445_SX342_QL70_ML2_.jpg\" alt=\"Os bot\u00f5es de Napole\u00e3o: As 17 mol\u00e9culas que mudaram a hist\u00f3ria\" \/><\/p>\n<p><strong>Meio de leitura<\/strong>: Livro f\u00edsico<\/p>\n<p><strong>Descri\u00e7\u00e3o do Livro<\/strong> (conte\u00fado extra\u00eddo de divulga\u00e7\u00f5es em livrarias virtuais)<br \/>Ser\u00e1 que podemos explicar o fracasso da campanha de Napole\u00e3o na R\u00fassia, em 1812, por algo t\u00e3o insignificante quanto um bot\u00e3o? Quando exposto a temperaturas baixas, o estanho se esfarela, e todas as fardas dos regimentos de Napole\u00e3o eram fechadas com bot\u00f5es feitos desse material. Com estilo cativante, temperado com diversas hist\u00f3rias curiosas, a professora de qu\u00edmica Penny Le Couteur e o qu\u00edmico industrial Jay Burreson fazem uma fascinante an\u00e1lise de 17 grupos de mol\u00e9culas que, como o estanho daqueles bot\u00f5es, influenciaram o curso da hist\u00f3ria. Essas mol\u00e9culas produziram grandes feitos na engenharia e provocaram importantes avan\u00e7os na medicina e no direito. Al\u00e9m disso, determinaram o que hoje comemos, bebemos e vestimos. Ao revelar as espantosas conex\u00f5es qu\u00edmicas que unem eventos aparentemente n\u00e3o relacionados, os autores esclarecem que: &#8211; Por causa da qu\u00edmica, a col\u00f4nia Nova Amsterd\u00e3 tornou-se Nova York. &#8211; Um contratempo na limpeza da cozinha com um avental de algod\u00e3o resultou no desenvolvimento dos explosivos modernos e da ind\u00fastria cinematogr\u00e1fica. &#8211; A \u00e2nsia dos europeus pela cafe\u00edna &#8211; um alcal\u00f3ide que vicia &#8211; levou \u00e0 Revolu\u00e7\u00e3o Chinesa. &#8211; Foi um laborat\u00f3rio qu\u00edmico que, em busca de um analg\u00e9sico potente, criou a hero\u00edna.<\/p>\n<p><strong>O que foi poss\u00edvel extrair do livro<\/strong> (conte\u00fado desenvolvido pelo respons\u00e1vel por este website)<br \/>um \u00f3timo livro, que contribui em muitas frentes. Um grande m\u00e9rito da obra \u00e9 instigar o leitor para o qu\u00e3o fascinante pode ser o campo da ci\u00eancia que envolve a qu\u00edmica. Mas isso \u00e9 somente uma das virtudes do trabalho, que traz em suas entrelinhas diversas coisas interessantes e uma formid\u00e1vel associa\u00e7\u00e3o entre a produ\u00e7\u00e3o de ci\u00eancia e as transforma\u00e7\u00f5es sociais. Realmente, \u00e9 uma leitura que mereceria ser amplamente disseminada e lida.<br \/>.<\/div><\/td>\n<\/tr>\n<tr valign=\"top\">\n<td width=\"840\"><span class=\"collapseomatic noarrow\" id=\"id69effa51ddf9d\"  tabindex=\"0\" title=\"11. DAM\u00c1SIO, Ant\u00f3nio R.. &lt;strong&gt;O erro de Descartes: emo\u00e7\u00e3o, raz\u00e3o e o c\u00e9rebro humano&lt;\/strong&gt;. S\u00e3o Paulo, Companhia da Letras, . 1994. \"    >11. DAM\u00c1SIO, Ant\u00f3nio R.. <strong>O erro de Descartes: emo\u00e7\u00e3o, raz\u00e3o e o c\u00e9rebro humano<\/strong>. S\u00e3o Paulo, Companhia da Letras, . 1994. <\/span><div id=\"target-id69effa51ddf9d\" class=\"collapseomatic_content \">\n<p><img decoding=\"async\" class=\"coverbook\" title=\"(DAM\u00c1SIO, Ant\u00f3nio R., 1994)\" src=\"https:\/\/m.media-amazon.com\/images\/I\/51ubnQIVbML._SY445_SX342_QL70_ML2_.jpg\" alt=\"O erro de Descartes: emo\u00e7\u00e3o, raz\u00e3o e o c\u00e9rebro humano\" \/><\/p>\n<p><strong>Meio de leitura<\/strong>: Livro digital<\/p>\n<p><strong>Descri\u00e7\u00e3o do Livro<\/strong> (conte\u00fado extra\u00eddo de divulga\u00e7\u00f5es em livrarias virtuais)<br \/>Para pensar bem e tomar decis\u00f5es corretas \u00e9 preciso manter a cabe\u00e7a fria e afastar todos os sentimentos e emo\u00e7\u00f5es, certo? Errado. Neste livro surpreendente e pol\u00eamico, Ant\u00f3nio Dam\u00e1sio, que dirige um dos principais centros de estudos neurol\u00f3gicos dos Estados Unidos, mostra como, na verdade, a aus\u00eancia de emo\u00e7\u00e3o e sentimento pode destruir a racionalidade. Utilizando-se das mais recentes descobertas da neurobiologia, Dam\u00e1sio desafia os dualismos tradicionais do pensamento ocidental \u2014 mente e corpo, raz\u00e3o e emo\u00e7\u00e3o, explica\u00e7\u00f5es biol\u00f3gicas e explica\u00e7\u00f5es culturais \u2014 para oferecer uma vis\u00e3o cient\u00edfica e integrada do ser humano e sugerir hip\u00f3teses inovadoras sobre o funcionamento do c\u00e9rebro humano.<\/p>\n<p><strong>O que foi poss\u00edvel extrair do livro<\/strong> (conte\u00fado desenvolvido pelo respons\u00e1vel por este website)<br \/>\u00c9 um livro surpreendente e escrito com enorme cuidado. Todo o livro merece considera\u00e7\u00e3o. Contudo, dois trechos s\u00e3o especialmente interessantes. O primeiro refere-se a sua parte inicial, onde uma discuss\u00e3o extremamente pormenorizada e cuidadosa do caso de Phineas Gage nos traz informa\u00e7\u00f5es muito ricas quanto ao sistema nervoso central e parte de seu funcionamento. No decorrer do livro, os desdobramentos do conte\u00fado exposto nesta parte inicial s\u00e3o igualmente fascinantes e complementares a ele. Depois de um livro inteiramente denso e repleto de informa\u00e7\u00f5es, algumas poucas p\u00e1ginas no final coroam o trabalho de forma primorosa. As percep\u00e7\u00f5es de Ant\u00f3nio Dam\u00e1sio quanto a nossa vis\u00e3o mecanicista das coisas e em especial no tocante \u00e0 sa\u00fade das pessoas \u00e9 \u00f3tima. O posf\u00e1cio fecha com um discurso muito agregador para que possamos repensar nossa vis\u00e3o e tratamento dos problemas cotidianos. Seu livro tamb\u00e9m agrega em muito para profissionais da Engenharia e em especial, os Ergonomistas e Engenheiros de Seguran\u00e7a, nos lembrando que ao observar os ambientes formados por pessoas n\u00e3o devemos considerar as coisas de forma cartesiana, dissecando deliberadamente o todo em partes e sem tomar cuidado com a compreens\u00e3o de sua complexidade. Um grande livro, que ainda persiste por sua import\u00e2ncia, apesar da publica\u00e7\u00e3o de sua primeira edi\u00e7\u00e3o ter ocorrido h\u00e1 mais de vinte anos.<br \/>.<\/div><\/td>\n<\/tr>\n<tr valign=\"top\">\n<td width=\"840\"><span class=\"collapseomatic noarrow\" id=\"id69effa51ddff4\"  tabindex=\"0\" title=\"12. DAVIS, Mike. &lt;strong&gt;Planeta Favela&lt;\/strong&gt;. S\u00e3o Paulo, Boitempo, 1.ed.,  2006. \"    >12. DAVIS, Mike. <strong>Planeta Favela<\/strong>. S\u00e3o Paulo, Boitempo, 1.ed.,  2006. <\/span><div id=\"target-id69effa51ddff4\" class=\"collapseomatic_content \">\n<p><img decoding=\"async\" class=\"coverbook\" title=\"(DAVIS, Mike, 2006)\" src=\"https:\/\/m.media-amazon.com\/images\/I\/81ojSvSh0DL._SY425_.jpg\" alt=\"Planeta Favela\" \/><\/p>\n<p><strong>Meio de leitura<\/strong>: Livro digital<\/p>\n<p><strong>Descri\u00e7\u00e3o do Livro<\/strong> (conte\u00fado extra\u00eddo de divulga\u00e7\u00f5es em livrarias virtuais)<br \/>Se a imagem da metr\u00f3pole no s\u00e9culo XX era a dos arranha-c\u00e9us e das oportunidades de emprego, Planeta Favela leva o leitor para uma viagem ao redor do mundo pelos realidade dos cen\u00e1rios de pobreza onde vive a maioria dos habitantes das megacidades do s\u00e9culo XXI.O urbanista norte-americano Mike Davis investiga as origens do crescimento vertiginoso da popula\u00e7\u00e3o em moradias prec\u00e1rias a partir dos anos 80 na Am\u00e9rica Latina, na \u00c1frica, na \u00c1sia e no antigo bloco sovi\u00e9tico. Combinando erudi\u00e7\u00e3o acad\u00eamica e conhecimento in loco das \u00e1reas pobres das grandes cidades, Davis traz a hist\u00f3ria da expans\u00e3o das metr\u00f3poles do Terceiro Mundo, analisando os paralelos entre as pol\u00edticas econ\u00f4micas e urbanas defendidas pelo FMI e pelo Banco Mundial e suas consequ\u00eancias desastrosas nas gecekondus de Istambul (Turquia), nas desakotas de Accra (Gana) ou nos barrios de Caracas (Venezuela), alguns dos nomes locais para as aproximadamente 200 mil favelas existentes no planeta.Cada aspecto dessa &#8216;nova cidade&#8217; \u00e9 analisado: informalidade, desemprego, criminalidade; o gangsterismo dos senhorios que lucram com a mis\u00e9ria; a incapacidade do Estado de oferecer infraestrutura e casas populares, e em contrapartida sua atua\u00e7\u00e3o nas remo\u00e7\u00f5es de &#8216;revitaliza\u00e7\u00e3o&#8217; que abrem caminho para a especula\u00e7\u00e3o imobili\u00e1ria; as solu\u00e7\u00f5es ilus\u00f3rias de ONGs e organismos multilaterais; os limites das estrat\u00e9gias de titula\u00e7\u00e3o de propriedade, os riscos ambientais e sanit\u00e1rios de se viver em favelas, com exposi\u00e7\u00e3o a res\u00edduos t\u00f3xicos e car\u00eancia de saneamento b\u00e1sico; o crescimento do fanatismo religioso; e a dissemina\u00e7\u00e3o de doen\u00e7as como c\u00f3lera e AIDS.<\/p>\n<p><strong>O que foi poss\u00edvel extrair do livro<\/strong> (conte\u00fado desenvolvido pelo respons\u00e1vel por este website)<br \/>.<br \/>.<\/div><\/td>\n<\/tr>\n<tr valign=\"top\">\n<td width=\"840\"><span class=\"collapseomatic noarrow\" id=\"id69effa51de042\"  tabindex=\"0\" title=\"13. DAWKINS, Richard. &lt;strong&gt;Deus: um del\u00edrio&lt;\/strong&gt;. S\u00e3o Paulo, Companhia da Letras, 1.ed.,  2007. \"    >13. DAWKINS, Richard. <strong>Deus: um del\u00edrio<\/strong>. S\u00e3o Paulo, Companhia da Letras, 1.ed.,  2007. <\/span><div id=\"target-id69effa51de042\" class=\"collapseomatic_content \">\n<p><img decoding=\"async\" class=\"coverbook\" title=\"(DAWKINS, Richard, 2007)\" src=\"https:\/\/m.media-amazon.com\/images\/I\/71sFVG-8iDL._SY425_.jpg\" alt=\"Deus: um del\u00edrio\" \/><\/p>\n<p><strong>Meio de leitura<\/strong>: Livro f\u00edsico<\/p>\n<p><strong>Descri\u00e7\u00e3o do Livro<\/strong> (conte\u00fado extra\u00eddo de divulga\u00e7\u00f5es em livrarias virtuais)<br \/>Num tempo de guerras e ataques terroristas com motiva\u00e7\u00f5es religiosas, o movimento pr\u00f3-ate\u00edsmo ganha for\u00e7a no mundo todo. E seu l\u00edder intelectual \u00e9 o respeitado bi\u00f3logo Richard Dawkins, eleito um dos tr\u00eas intelectuais mais importantes do mundo (junto com Umberto Eco e Noam Chomsky) pela revista inglesa Prospect. Autor de v\u00e1rios cl\u00e1ssicos nas \u00e1reas de ci\u00eancia e filosofia, ele sempre atestou a irracionalidade de acreditar em Deus e os terr\u00edveis danos que a cren\u00e7a j\u00e1 causou \u00e0 sociedade. Agora, neste Deus, um del\u00edrio, ele concentra exclusivamente no assunto seu intelecto afiado e mostra como a religi\u00e3o alimenta a guerra, fomenta o fanatismo e doutrina as crian\u00e7as. O objetivo principal deste texto mordaz \u00e9 provocar: provocar os religiosos convictos, mas principalmente provocar os que s\u00e3o religiosos &#8220;por in\u00e9rcia&#8221;, levando-os a pensar racionalmente e trocar sua &#8220;cren\u00e7a&#8221; pelo &#8220;orgulho ateu&#8221; e pela ci\u00eancia.<\/p>\n<p><strong>O que foi poss\u00edvel extrair do livro<\/strong> (conte\u00fado desenvolvido pelo respons\u00e1vel por este website)<br \/>.<br \/>.<\/div><\/td>\n<\/tr>\n<tr valign=\"top\">\n<td width=\"840\"><span class=\"collapseomatic noarrow\" id=\"id69effa51de08d\"  tabindex=\"0\" title=\"14. De MASI, Domenico. &lt;strong&gt;O trabalho no s\u00e9culo XXI: Fadiga, \u00f3cio e criatividade na sociedade p\u00f3s-industrial&lt;\/strong&gt;. Rio de Janeiro, Sextante, 1.ed.,  2022. \"    >14. De MASI, Domenico. <strong>O trabalho no s\u00e9culo XXI: Fadiga, \u00f3cio e criatividade na sociedade p\u00f3s-industrial<\/strong>. Rio de Janeiro, Sextante, 1.ed.,  2022. <\/span><div id=\"target-id69effa51de08d\" class=\"collapseomatic_content \">\n<p><img decoding=\"async\" class=\"coverbook\" title=\"(De MASI, Domenico, 2022)\" src=\"https:\/\/m.media-amazon.com\/images\/I\/51osVE9G+jL._SY445_SX342_ML2_.jpg\" alt=\"O trabalho no s\u00e9culo XXI: Fadiga, \u00f3cio e criatividade na sociedade p\u00f3s-industrial\" \/><\/p>\n<p><strong>Meio de leitura<\/strong>: Livro f\u00edsico<\/p>\n<p><strong>Descri\u00e7\u00e3o do Livro<\/strong> (conte\u00fado extra\u00eddo de divulga\u00e7\u00f5es em livrarias virtuais)<br \/>Domenico De Masi analisa as transforma\u00e7\u00f5es que o mundo do trabalho sofreu ao longo dos anos e responde a perguntas fundamentais sobre como essas mudan\u00e7as influenciam a vida de todos n\u00f3s. Um dos pensadores mais influentes da atualidade, De Masi tra\u00e7a um panorama completo das rela\u00e7\u00f5es de trabalho que se estabeleceram ao longo da hist\u00f3ria, da escravid\u00e3o ao trabalho remoto impulsionado pela pandemia de Covid-19. Indo al\u00e9m dos tradicionais estudos focados nas rela\u00e7\u00f5es entre funcion\u00e1rio e f\u00e1brica, ele dedica igual aten\u00e7\u00e3o ao cansa\u00e7o f\u00edsico e mental, ao trabalho intelectual e \u00e0s atividades criativas, que rompem a separa\u00e7\u00e3o formal entre &#8216;trabalho&#8217; e &#8216;n\u00e3o trabalho&#8217;. Com mais de 20 livros publicados, De Masi contribuiu para a elabora\u00e7\u00e3o do conceito de \u00f3cio criativo \u2013 uma s\u00edntese de trabalho, estudo e lazer \u2013 como base de um novo tipo de sociedade centrada na produ\u00e7\u00e3o de informa\u00e7\u00f5es, servi\u00e7os, inova\u00e7\u00e3o, valores e est\u00e9tica. Agora, com\u00a0O trabalho no s\u00e9culo XXI, ele lan\u00e7a luz sobre as possibilidades e os desafios que a sociedade p\u00f3s-industrial apresenta e oferece um olhar surpreendentemente otimista sobre o futuro.<\/p>\n<p><strong>O que foi poss\u00edvel extrair do livro<\/strong> (conte\u00fado desenvolvido pelo respons\u00e1vel por este website)<br \/>.<br \/>.<\/div><\/td>\n<\/tr>\n<tr valign=\"top\">\n<td width=\"840\"><span class=\"collapseomatic noarrow\" id=\"id69effa51de0d8\"  tabindex=\"0\" title=\"15. De MASI, Domenico. &lt;strong&gt;Uma simples revolu\u00e7\u00e3o: Trabalho, \u00f3cio e criatividade - Novos rumos para uma sociedade perdida&lt;\/strong&gt;. Rio de Janeiro, Sextante, 1.ed.,  2019. \"    >15. De MASI, Domenico. <strong>Uma simples revolu\u00e7\u00e3o: Trabalho, \u00f3cio e criatividade - Novos rumos para uma sociedade perdida<\/strong>. Rio de Janeiro, Sextante, 1.ed.,  2019. <\/span><div id=\"target-id69effa51de0d8\" class=\"collapseomatic_content \">\n<p><img decoding=\"async\" class=\"coverbook\" title=\"(De MASI, Domenico, 2019)\" src=\"https:\/\/m.media-amazon.com\/images\/I\/71XDhe4OMIL._SY385_.jpg\" alt=\"Uma simples revolu\u00e7\u00e3o: Trabalho, \u00f3cio e criatividade - Novos rumos para uma sociedade perdida\" \/><\/p>\n<p><strong>Meio de leitura<\/strong>: Livro f\u00edsico<\/p>\n<p><strong>Descri\u00e7\u00e3o do Livro<\/strong> (conte\u00fado extra\u00eddo de divulga\u00e7\u00f5es em livrarias virtuais)<br \/>Para Domenico De Masi, podemos resolver grande parte da complexidade da vida se entendermos que, se n\u00e3o vivemos em um mundo perfeito, nenhum momento hist\u00f3rico nos concedeu tanta liberdade, longevidade e possibilidades de realiza\u00e7\u00e3o quanto o que vivemos hoje. O desafio \u00e9 saber como transformar essas possibilidades em fatos concretos. Para tanto, De Masi parte de seu vasto conhecimento para analisar a condi\u00e7\u00e3o humana e social e coloc\u00e1-la sob uma perspectiva in\u00e9dita. Em cap\u00edtulos curtos e de f\u00e1cil leitura, ele apresenta proposi\u00e7\u00f5es sobre a era p\u00f3s-industrial, a tecnologia, o trabalho, o tempo, o \u00f3cio, a criatividade, o crescimento, o decrescimento, a pol\u00edtica e a est\u00e9tica. Sua ideia \u00e9 desenvolver uma civiliza\u00e7\u00e3o cada vez menos atribulada e interessada em poder, dinheiro e posse de bens materiais, e cada vez mais voltada \u00e0 introspec\u00e7\u00e3o, \u00e0 amizade, \u00e0 divers\u00e3o, \u00e0 beleza e \u00e0 conviv\u00eancia. Em meio ao excesso de informa\u00e7\u00e3o, \u00e0 obsess\u00e3o com o trabalho e \u00e0 escassez de tempo, De Masi traz uma proposta revolucion\u00e1ria \u2013 e ao mesmo tempo vi\u00e1vel \u2013 para recuperar nossa capacidade de contempla\u00e7\u00e3o, \u00f3cio e divertimento e, assim, nos sentirmos plenamente humanos.<\/p>\n<p><strong>O que foi poss\u00edvel extrair do livro<\/strong> (conte\u00fado desenvolvido pelo respons\u00e1vel por este website)<br \/>.<br \/>.<\/div><\/td>\n<\/tr>\n<tr valign=\"top\">\n<td width=\"840\"><span class=\"collapseomatic noarrow\" id=\"id69effa51de123\"  tabindex=\"0\" title=\"16. De MASI, Domenico. &lt;strong&gt;O \u00d3cio Criativo: entrevista a Maria Serena Palieri&lt;\/strong&gt;. Rio de Janeiro, Sextante, 1.ed.,  2000. \"    >16. De MASI, Domenico. <strong>O \u00d3cio Criativo: entrevista a Maria Serena Palieri<\/strong>. Rio de Janeiro, Sextante, 1.ed.,  2000. <\/span><div id=\"target-id69effa51de123\" class=\"collapseomatic_content \">\n<p><img decoding=\"async\" class=\"coverbook\" title=\"(De MASI, Domenico, 2000)\" src=\"https:\/\/m.media-amazon.com\/images\/I\/419ozxfDG-L._SY445_SX342_ML2_.jpg\" alt=\"O \u00d3cio Criativo: entrevista a Maria Serena Palieri\" \/><\/p>\n<p><strong>Meio de leitura<\/strong>: Livro f\u00edsico<\/p>\n<p><strong>Descri\u00e7\u00e3o do Livro<\/strong> (conte\u00fado extra\u00eddo de divulga\u00e7\u00f5es em livrarias virtuais)<br \/>Em O \u00d3cio Criativo Domenico De Masi elabora n\u00e3o apenas os temas da sociedade p\u00f3s-industrial, do tempo livre e da criatividade, como tamb\u00e9m as quest\u00f5es da globaliza\u00e7\u00e3o, do desenvolvimento sem emprego, da feminiliza\u00e7\u00e3o, do decl\u00ednio das ideologias tradicionais e dos sujeitos sociais emergentes. A conversa tem como pano de fundo uma profunda insatisfa\u00e7\u00e3o com o modelo social elaborado pelo Ocidente, sobretudo pelos Estados Unidos, centrado na idolatria do trabalho, do mercado e da competitividade. A este \u00e9 contraposto um novo modelo com as seguintes premissas: &#8211; baseado na simultaneidade entre trabalho, estudo e lazer; &#8211; centrado mais no crescente tempo livre do que no tempo decrescente dedicado ao trabalho; &#8211; atento \u00e0 distribui\u00e7\u00e3o equ\u00e2nime da riqueza, assim como \u00e0 sua produ\u00e7\u00e3o de forma eficiente; &#8211; militante pela redistribui\u00e7\u00e3o do tempo, do trabalho, da riqueza, do saber e do poder; &#8211; no qual os indiv\u00edduos e a sociedade s\u00e3o educados para privilegiar a satisfa\u00e7\u00e3o de necessidades radicais, como a introspec\u00e7\u00e3o, o conv\u00edvio, a amizade, o amor e as atividades l\u00fadicas.<\/p>\n<p><strong>O que foi poss\u00edvel extrair do livro<\/strong> (conte\u00fado desenvolvido pelo respons\u00e1vel por este website)<br \/>.<br \/>.<\/div><\/td>\n<\/tr>\n<tr valign=\"top\">\n<td width=\"840\"><span class=\"collapseomatic noarrow\" id=\"id69effa51de16d\"  tabindex=\"0\" title=\"17. DESPENTES, Virginie. &lt;strong&gt;Teoria King Kong&lt;\/strong&gt;. S\u00e3o Paulo, N-1 edi\u00e7\u00f5es, 1.ed.,  2016. \"    >17. DESPENTES, Virginie. <strong>Teoria King Kong<\/strong>. S\u00e3o Paulo, N-1 edi\u00e7\u00f5es, 1.ed.,  2016. <\/span><div id=\"target-id69effa51de16d\" class=\"collapseomatic_content \">\n<p><img decoding=\"async\" class=\"coverbook\" title=\"(DESPENTES, Virginie, 2016)\" src=\"https:\/\/m.media-amazon.com\/images\/I\/81Lrrlvjg9L._SY425_.jpg\" alt=\"Teoria King Kong\" \/><\/p>\n<p><strong>Meio de leitura<\/strong>: Livro f\u00edsico<\/p>\n<p><strong>Descri\u00e7\u00e3o do Livro<\/strong> (conte\u00fado extra\u00eddo de divulga\u00e7\u00f5es em livrarias virtuais)<br \/>Este livro \u00e9 um grito &#8211; de dor, de guerra, de liberdade. Em nome de todas as mulheres que n\u00e3o se enquadram, mas tamb\u00e9m de todos os seres que fogem de estere\u00f3tipos, Virginie Despentes exp\u00f5e sua intimidade: de punk a prostituta, de v\u00edtima de estupro a cineasta. Sua trajet\u00f3ria serve de disparo para estilha\u00e7ar a ditadura da imagem e os preconceitos a ela vinculados. N\u00e3o \u00e0 toa, o livro foi um fen\u00f4meno na Fran\u00e7a; ele \u00e9, afinal, um manifesto poderoso, \u00e1cido e provocante para um novo feminismo. Para Paul B. Preciado, em seu Testojunkie, \u201cV.D. \u00e9 um ser absolutamente perfeito [\u2026]. Conv\u00e9m destacar que existem muitos tipos diferentes de perfei\u00e7\u00e3o na pornografia e no feminismo, e que V.D. possui todos esses tipos reunidos e que cada um deles lhe pertence em seu grau m\u00e1ximo\u201d.<\/p>\n<p><strong>O que foi poss\u00edvel extrair do livro<\/strong> (conte\u00fado desenvolvido pelo respons\u00e1vel por este website)<br \/>Um livro com discurso contundente, que mxe conosco e nos for\u00e7a a uma reflex\u00e3o quanto \u00e0 forma com que percebemos aspectos de g\u00eanero. Em suas poucas mais de 120 p\u00e1ginas, o livro de Virginie traz um conte\u00fado denso, com suas reflex\u00f5es quanto \u00e0 condi\u00e7\u00e3o da &#8220;mulher social&#8221;, constru\u00edda e moldada sob os mecanismos de constru\u00e7\u00e3o social. O &#8220;homem social&#8221;, de acerta forma, aparece igualmente artificial em seus argumentos. Dentre tantas refelx\u00f5es e discuss\u00f5es poss\u00edveis a partir de seu livro, um ponto forte consiste em nos empurrar \u00e0 percep\u00e7\u00e3o de que muito do que somos e das trag\u00e9dias que constru\u00edmos n\u00e3o est\u00e1 em nossa essencia, mas no personagem que somos for\u00e7ados a nos transformar por conta de nosso corpo biol\u00f3gico.<br \/>.<\/div><\/td>\n<\/tr>\n<tr valign=\"top\">\n<td width=\"840\"><span class=\"collapseomatic noarrow\" id=\"id69effa51de1d0\"  tabindex=\"0\" title=\"18. DIAMOND, Jarred. &lt;strong&gt;Armas, Germes e A\u00e7o: os destinos das sociedades humanas&lt;\/strong&gt;. Rio de Janeiro, Record,  2005. \"    >18. DIAMOND, Jarred. <strong>Armas, Germes e A\u00e7o: os destinos das sociedades humanas<\/strong>. Rio de Janeiro, Record,  2005. <\/span><div id=\"target-id69effa51de1d0\" class=\"collapseomatic_content \">\n<p><img decoding=\"async\" class=\"coverbook\" title=\"(DIAMOND, Jarred, 2005)\" src=\"https:\/\/m.media-amazon.com\/images\/I\/81RIjse5Q1L._SY425_.jpg\" alt=\"Armas, Germes e A\u00e7o: os destinos das sociedades humanas\" \/><\/p>\n<p><strong>Meio de leitura<\/strong>: Livro f\u00edsico<\/p>\n<p><strong>Descri\u00e7\u00e3o do Livro<\/strong> (conte\u00fado extra\u00eddo de divulga\u00e7\u00f5es em livrarias virtuais)<br \/>O homem \u00e9 fruto do meio? Para o vencedor do Pr\u00eamio Pulitzer. o fisiologista americano Jared Diamond. \u00e9 \u00f3bvio que fatores ambientais e geogr\u00e1ficos moldaram o mundo moderno. Em Armas, Germes e A\u00e7o. Jared re\u00fane um cruzamento de descobertas conjugando arqueologia e epidemiologia com hist\u00f3ria e geografia. Com isso esclarece como e porque as sociedades humanas dos diferentes continentes seguiram caminhos de desenvolvimento diversos nos \u00faltimos 13 mil anos e explora as raz\u00f5es da domina\u00e7\u00e3o e submiss\u00e3o. Armas, Germes e A\u00e7o &#8211; considerado pela cr\u00edtica especializada como o mais importante livro de n\u00e3o-fic\u00e7\u00e3o dos \u00faltimos tr\u00eas anos &#8211; derruba teorias racistas e mostra que a superioridade da Europa e da \u00c1sia se deve \u00e0s suas respectivas geografias. mais prop\u00edcias ao cultivo da terra. \u00e0 domestica\u00e7\u00e3o de animais e ao tr\u00e2nsito de informa\u00e7\u00f5es. O livro mostra. ainda. como a hist\u00f3ria e a biologia podem dar suporte uma \u00e0 outra para produzir um profundo entendimento da condi\u00e7\u00e3o humana. Um sum\u00e1rio da trajet\u00f3ria dos homens compar\u00e1vel \u00e0 obra deixada por Darwin.<\/p>\n<p><strong>O que foi poss\u00edvel extrair do livro<\/strong> (conte\u00fado desenvolvido pelo respons\u00e1vel por este website)<br \/>Um \u00f3timo livro sob diversos aspectos. Merece destaque a constru\u00e7\u00e3o do livro que, de certa forma, mostra ao usu\u00e1rios os caminhos de uma grande pesquisa, desde a g\u00eanese da quest\u00e3o principal de pesquisa, at\u00e9 a busca pela sustenta\u00e7\u00e3o das respostas mais pertinentes. Leitura formid\u00e1vel para compreender a din\u00e2mica dos eventos que determinam os cen\u00e1rios que se estabelceram no curso da hist\u00f3ria.<br \/>.<\/div><\/td>\n<\/tr>\n<tr valign=\"top\">\n<td width=\"840\"><span class=\"collapseomatic noarrow\" id=\"id69effa51de21a\"  tabindex=\"0\" title=\"19. DUHIGG, Charles. &lt;strong&gt;O poder do h\u00e1bito&lt;\/strong&gt;. S\u00e3o Paulo, Companhia da Letras, 1.ed.,  2012. \"    >19. DUHIGG, Charles. <strong>O poder do h\u00e1bito<\/strong>. S\u00e3o Paulo, Companhia da Letras, 1.ed.,  2012. <\/span><div id=\"target-id69effa51de21a\" class=\"collapseomatic_content \">\n<p><img decoding=\"async\" class=\"coverbook\" title=\"(DUHIGG, Charles, 2012)\" src=\"https:\/\/m.media-amazon.com\/images\/I\/815+4rm+F-L._SY385_.jpg\" alt=\"O poder do h\u00e1bito\" \/><\/p>\n<p><strong>Meio de leitura<\/strong>: Livro f\u00edsico<\/p>\n<p><strong>Descri\u00e7\u00e3o do Livro<\/strong> (conte\u00fado extra\u00eddo de divulga\u00e7\u00f5es em livrarias virtuais)<br \/>Durante os \u00faltimos dois anos, uma jovem transformou quase todos os aspectos de sua vida. Parou de fumar, correu uma maratona e foi promovida. Em um laborat\u00f3rio, neurologistas descobriram que os padr\u00f5es dentro do c\u00e9rebro dela mudaram de maneira fundamental. Publicit\u00e1rios da Procter &#038; Gamble observaram v\u00eddeos de pessoas fazendo a cama. Tentavam desesperadamente descobrir como vender um novo produto chamado Febreze, que estava prestes a se tornar um dos maiores fracassos na hist\u00f3ria da empresa. De repente, um deles detecta um padr\u00e3o quase impercept\u00edvel &#8211; e, com uma sutil mudan\u00e7a na campanha publicit\u00e1ria, Febreze come\u00e7a a vender um bilh\u00e3o de d\u00f3lares por anos. Um diretor executivo pouco conhecido assume uma das maiores empresas norte-americanas. Seu primeiro passo \u00e9 atacar um \u00fanico padr\u00e3o entre os funcion\u00e1rios &#8211; a maneira como lidam com a seguran\u00e7a no ambiente de trabalho -, e logo a empresa come\u00e7a a ter o melhor desempenho no \u00edndice Dow Jones. O que todas essas pessoas tem em comum? Conseguiram ter sucesso focando em padr\u00f5es que moldam cada aspecto de nossas vidas. Tiveram \u00eaxito transformando h\u00e1bitos. Com perspic\u00e1cia e habilidade, Charles Duhigg apresenta um novo entendimento da natureza humana e seu potencial para a transforma\u00e7\u00e3o.<\/p>\n<p><strong>O que foi poss\u00edvel extrair do livro<\/strong> (conte\u00fado desenvolvido pelo respons\u00e1vel por este website)<br \/>Penso que este \u00e9 um livro medidano. Talvez, na ess\u00eancia daquilo que o autor pretende pretende passar, seja um livro bom. Contudo, a escolha do dicurso pelo qual ele decidiu seguir em seu texto ofusca enormemente qualquer qualidade que possa emergir da obra. Por conta de sua escolha, a obra parece cair no recorrente formato de obras que exaltam princ\u00edpios meritocr\u00e1ticos e f\u00f3rmulas para o sucesso. Um ponto positivo no material, refere-se ao fato de ele trazer casos e conceitos aplic\u00e1veis \u00e0 Seguran\u00e7a e Ergonomia.<br \/>.<\/div><\/td>\n<\/tr>\n<tr valign=\"top\">\n<td width=\"840\"><span class=\"collapseomatic noarrow\" id=\"id69effa51de264\"  tabindex=\"0\" title=\"20. EMPOLI, Giuliano Da. &lt;strong&gt;Os engenheiros do caos&lt;\/strong&gt;. S\u00e3o Paulo, Vest\u00edgio, 1.ed.,  2019. \"    >20. EMPOLI, Giuliano Da. <strong>Os engenheiros do caos<\/strong>. S\u00e3o Paulo, Vest\u00edgio, 1.ed.,  2019. <\/span><div id=\"target-id69effa51de264\" class=\"collapseomatic_content \">\n<p><img decoding=\"async\" class=\"coverbook\" title=\"(EMPOLI, Giuliano Da, 2019)\" src=\"https:\/\/m.media-amazon.com\/images\/I\/81IwH5atVkL._SY425_.jpg\" alt=\"Os engenheiros do caos\" \/><\/p>\n<p><strong>Meio de leitura<\/strong>: Livro f\u00edsico<\/p>\n<p><strong>Descri\u00e7\u00e3o do Livro<\/strong> (conte\u00fado extra\u00eddo de divulga\u00e7\u00f5es em livrarias virtuais)<br \/>\u201cUma mentira pode dar a volta ao mundo no mesmo tempo que a verdade leva para cal\u00e7ar seus sapatos.\u201d Mark Twain Aos olhos dos seus eleitores, as *defici\u00eancias* dos l\u00edderes populistas se transformam em qualidades, sua inexperi\u00eancia demonstra que n\u00e3o pertencem ao c\u00edrculo da \u201cvelha pol\u00edtica\u201d, e sua incompet\u00eancia \u00e9 uma garantia da sua autenticidade. As tens\u00f5es que causam em n\u00edvel internacional s\u00e3o vistas como mostras de sua independ\u00eancia, e as fake News, marca inequ\u00edvoca de sua propaganda, evidenciam sua liberdade de pensamento. No mundo de Donald Trump, Boris Johnson, Matteo Salvini e Jair Bolsonaro, cada dia traz sua pr\u00f3pria gafe, sua pr\u00f3pria pol\u00eamica, seu pr\u00f3prio golpe brilhante. No entanto, por tr\u00e1s das manifesta\u00e7\u00f5es desenfreadas do carnaval populista, est\u00e1 o trabalho \u00e1rduo de ide\u00f3logos e, cada vez mais, de cientistas e especialistas do Big Data, sem os quais esses l\u00edderes nunca teriam chegado ao poder. \u00c9 o retrato desses engenheiros do caos que Giuliano da Empoli nos apresenta, atrav\u00e9s de uma investiga\u00e7\u00e3o ampla e contundente que vai muito al\u00e9m do caso Cambridge Analytica e remonta ao in\u00edcio dos anos 2000, quando o movimento populista global, hoje em pleno curso, dava seus primeiros passos na It\u00e1lia. O resultado \u00e9 uma galeria de personagens variados, quase todos desconhecidos do p\u00fablico em geral, mas que v\u00eam mudando as regras do jogo pol\u00edtico e a face das nossas sociedades.<\/p>\n<p><strong>O que foi poss\u00edvel extrair do livro<\/strong> (conte\u00fado desenvolvido pelo respons\u00e1vel por este website)<br \/>.<br \/>.<\/div><\/td>\n<\/tr>\n<tr valign=\"top\">\n<td width=\"840\"><span class=\"collapseomatic noarrow\" id=\"id69effa51de2ae\"  tabindex=\"0\" title=\"21. ENGELS, Friedrich. &lt;strong&gt;A origem da fam\u00edlia, da propriedade privada e do estado&lt;\/strong&gt;. S\u00e3o Paulo, Lafonte, . 2020. \"    >21. ENGELS, Friedrich. <strong>A origem da fam\u00edlia, da propriedade privada e do estado<\/strong>. S\u00e3o Paulo, Lafonte, . 2020. <\/span><div id=\"target-id69effa51de2ae\" class=\"collapseomatic_content \">\n<p><img decoding=\"async\" class=\"coverbook\" title=\"(ENGELS, Friedrich, 2020)\" src=\"https:\/\/m.media-amazon.com\/images\/I\/517HyTzFcuL._SY445_SX342_QL70_ML2_.jpg\" alt=\"A origem da fam\u00edlia, da propriedade privada e do estado\" \/><\/p>\n<p><strong>Meio de leitura<\/strong>: Livro f\u00edsico<\/p>\n<p><strong>Descri\u00e7\u00e3o do Livro<\/strong> (conte\u00fado extra\u00eddo de divulga\u00e7\u00f5es em livrarias virtuais)<br \/>Obra fundamental para entender como a sociedade chegou aos moldes atuais. Friedrich Engels aborda em A Origem da Fam\u00edlia, da Propriedade Privada e do Estado todo o processo evolutivo do homem em comunidade desde o estado selvagem, a barb\u00e1rie at\u00e9 a chegada da civiliza\u00e7\u00e3o. Trata-se de uma an\u00e1lise hist\u00f3rica que nos ajuda a compreender a concep\u00e7\u00e3o do materialismo e a filosofia marxista, com \u00eanfase para o aparecimento do estado Capitalista Moderno, calcado na produ\u00e7\u00e3o e no poder.<\/p>\n<p><strong>O que foi poss\u00edvel extrair do livro<\/strong> (conte\u00fado desenvolvido pelo respons\u00e1vel por este website)<br \/>Este \u00e9 um daqueles livro sobre os quais me pergunto: &#8220;porque n\u00e3o li isso quando tinha meus 20 anos?&#8221;. Uma \u00f3tima leitura para nos situarmos quanto aos princ\u00edpios morais e sobre os quais alicer\u00e7amos ingenuamente nossas percep\u00e7\u00f5es e atitudes, e o quanto eles podem ser ef\u00eameros. H\u00e1 muito o que extrair do livro. No tocante ao aspecto mais espec\u00edfico do trabalho, este livro nos demonstra de forma rica e contextualizada suas bases e presen\u00e7a na hist\u00f3ria da sociedade moderna, bem como, as poss\u00edveis e surpreendentes origens de sau remunera\u00e7\u00e3o. Livro que deveria estar na prateleira de leitura de todos os jovens.<br \/>.<\/div><\/td>\n<\/tr>\n<tr valign=\"top\">\n<td width=\"840\"><span class=\"collapseomatic noarrow\" id=\"id69effa51de2f9\"  tabindex=\"0\" title=\"22. FEDERICI, Silvia. &lt;strong&gt;Calib\u00e3 e a Bruxa: Mulheres, Corpos e Acumula\u00e7\u00e3o Primitiva&lt;\/strong&gt;. S\u00e3o Paulo, Boitempo, 1.ed.,  2019. \"    >22. FEDERICI, Silvia. <strong>Calib\u00e3 e a Bruxa: Mulheres, Corpos e Acumula\u00e7\u00e3o Primitiva<\/strong>. S\u00e3o Paulo, Boitempo, 1.ed.,  2019. <\/span><div id=\"target-id69effa51de2f9\" class=\"collapseomatic_content \">\n<p><img decoding=\"async\" class=\"coverbook\" title=\"(FEDERICI, Silvia, 2019)\" src=\"https:\/\/m.media-amazon.com\/images\/I\/81Ud5q1YYyL._SY425_.jpg\" alt=\"Calib\u00e3 e a Bruxa: Mulheres, Corpos e Acumula\u00e7\u00e3o Primitiva\" \/><\/p>\n<p><strong>Meio de leitura<\/strong>: Livro f\u00edsico<\/p>\n<p><strong>Descri\u00e7\u00e3o do Livro<\/strong> (conte\u00fado extra\u00eddo de divulga\u00e7\u00f5es em livrarias virtuais)<br \/>As acad\u00eamicas feministas desenvolveram um esquema interpretativo que lan\u00e7a bastante luz sobre duas quest\u00f5es hist\u00f3ricas muito importantes: como explicar a execu\u00e7\u00e3o de centenas de milhares de &#8220;bruxas&#8221; no come\u00e7o da Era Moderna, e por que o surgimento do capitalismo coincide com essa guerra contra as mulheres. Segundo esse esquema, a ca\u00e7a \u00e0s bruxas buscou destruir o controle que as mulheres haviam exercido sobre sua pr\u00f3pria fun\u00e7\u00e3o reprodutiva, e preparou o terreno para o desenvolvimento de um regime patriarcal mais opressor. Essa interpreta\u00e7\u00e3o tamb\u00e9m defende que a ca\u00e7a \u00e0s bruxas tinha ra\u00edzes nas transforma\u00e7\u00f5es sociais que acompanharam o surgimento do capitalismo. No entanto, as circunst\u00e2ncias hist\u00f3ricas espec\u00edficas em que a persegui\u00e7\u00e3o \u00e0s bruxas se desenvolveu &#8211; e as raz\u00f5es pelas quais o surgimento do capitalismo exigiu um ataque genocida contra as mulheres &#8211; ainda n\u00e3o tinham sido investigadas. Essa \u00e9 a tarefa que empreendo em Calib\u00e3 e a bruxa, come\u00e7ando pela an\u00e1lise da ca\u00e7a \u00e0s bruxas no contexto das crises demogr\u00e1fica e econ\u00f4mica europeias dos s\u00e9culos XVI e XVII e das pol\u00edticas de terra e trabalho da \u00e9poca mercantilista. Meu esfor\u00e7o aqui \u00e9 apenas um esbo\u00e7o da pesquisa que seria necess\u00e1ria para esclarecer as conex\u00f5es mencionadas e, especialmente, a rela\u00e7\u00e3o entre a ca\u00e7a \u00e0s bruxas e o desenvolvimento contempor\u00e2neo de uma nova divis\u00e3o sexual do trabalho que confinou as mulheres ao trabalho reprodutivo. No entanto, conv\u00e9m demonstrar que a persegui\u00e7\u00e3o \u00e0s bruxas &#8211; assim como o tr\u00e1fico de escravos e os cercamentos &#8211; constituiu um aspecto central da acumula\u00e7\u00e3o e da forma\u00e7\u00e3o do proletariado moderno, tanto na Europa como no Novo Mundo. &#8211; Silvia Federici<\/p>\n<p><strong>O que foi poss\u00edvel extrair do livro<\/strong> (conte\u00fado desenvolvido pelo respons\u00e1vel por este website)<br \/>.<br \/>.<\/div><\/td>\n<\/tr>\n<tr valign=\"top\">\n<td width=\"840\"><span class=\"collapseomatic noarrow\" id=\"id69effa51de344\"  tabindex=\"0\" title=\"23. FOUCAULT, Michel. &lt;strong&gt;Vigiar e punir: Nascimento da pris\u00e3o&lt;\/strong&gt;. Rio de Janeiro, Vozes, 42.ed.,  2014. \"    >23. FOUCAULT, Michel. <strong>Vigiar e punir: Nascimento da pris\u00e3o<\/strong>. Rio de Janeiro, Vozes, 42.ed.,  2014. <\/span><div id=\"target-id69effa51de344\" class=\"collapseomatic_content \">\n<p><img decoding=\"async\" class=\"coverbook\" title=\"(FOUCAULT, Michel, 2014)\" src=\"https:\/\/m.media-amazon.com\/images\/I\/31lNb9kKh0L._SY445_SX342_QL70_ML2_.jpg\" alt=\"Vigiar e punir: Nascimento da pris\u00e3o\" \/><\/p>\n<p><strong>Meio de leitura<\/strong>: Livro f\u00edsico<\/p>\n<p><strong>Descri\u00e7\u00e3o do Livro<\/strong> (conte\u00fado extra\u00eddo de divulga\u00e7\u00f5es em livrarias virtuais)<br \/>\u00c9 um estudo cient\u00edfico, fartamente documentado, sobre a evolu\u00e7\u00e3o hist\u00f3rica da legisla\u00e7\u00e3o penal e respectivos m\u00e9todos coercitivos e punitivos adotados pelo poder p\u00fablico na repress\u00e3o da delinq\u00fc\u00eancia. M\u00e9todos que v\u00e3o da viol\u00eancia f\u00edsica at\u00e9 institui\u00e7\u00f5es correcionais. Esta edi\u00e7\u00e3o revista traz tamb\u00e9m uma nova capa mais moderna e atual.<\/p>\n<p><strong>O que foi poss\u00edvel extrair do livro<\/strong> (conte\u00fado desenvolvido pelo respons\u00e1vel por este website)<br \/>.<br \/>.<\/div><\/td>\n<\/tr>\n<tr valign=\"top\">\n<td width=\"840\"><span class=\"collapseomatic noarrow\" id=\"id69effa51de38d\"  tabindex=\"0\" title=\"24. GALEANO, Eduardo H.. &lt;strong&gt;As veias abertas da Am\u00e9rica Latina&lt;\/strong&gt;. Porto Alegre, L&amp;PM, . 2012. \"    >24. GALEANO, Eduardo H.. <strong>As veias abertas da Am\u00e9rica Latina<\/strong>. Porto Alegre, L&amp;PM, . 2012. <\/span><div id=\"target-id69effa51de38d\" class=\"collapseomatic_content \">\n<p><img decoding=\"async\" class=\"coverbook\" title=\"(GALEANO, Eduardo H., 2012)\" src=\"https:\/\/m.media-amazon.com\/images\/I\/81bHGxcuJoL._SY425_.jpg\" alt=\"As veias abertas da Am\u00e9rica Latina\" \/><\/p>\n<p><strong>Meio de leitura<\/strong>: Livro digital<\/p>\n<p><strong>Descri\u00e7\u00e3o do Livro<\/strong> (conte\u00fado extra\u00eddo de divulga\u00e7\u00f5es em livrarias virtuais)<br \/>Remontando a 1970, sua primeira edi\u00e7\u00e3o, atualizada em 1977, quando a maioria dos pa\u00edses do continente padecia facinorosas ditaduras, este livro tornou-se um &#8216;cl\u00e1ssico libert\u00e1rio&#8217;, um invent\u00e1rio da depend\u00eancia e da vassalagem de que a Am\u00e9rica Latina tem sido v\u00edtima, desde que nela aportaram os europeus no final do s\u00e9culo XV. No come\u00e7o, espanh\u00f3is e portugueses. Depois vieram ingleses, holandeses, franceses, modernamente os norte-americanos, e o ancestral cen\u00e1rio permanece &#8211; a mesma submiss\u00e3o, a mesma mis\u00e9ria, a mesma espolia\u00e7\u00e3o.<\/p>\n<p><strong>O que foi poss\u00edvel extrair do livro<\/strong> (conte\u00fado desenvolvido pelo respons\u00e1vel por este website)<br \/>Um livro formid\u00e1vel, que ultrapassa os mais de 50 anos do lan\u00e7amento de sua primeira edi\u00e7\u00e3o ainda com elementos atuais e um discurso cativante. Ainda que algumas cr\u00edticas mordazes ao documento tenham sido feitas atrav\u00e9s dos anos, o fascinante discurso de Eduardo Galeano se sobrep\u00f5e a elas. Para mim, a riqueza do conte\u00fado est\u00e1 em aspectos que transcendem quest\u00f5es ideol\u00f3gicas ou pol\u00edticas, sendo importante n\u00e3o cravar bandeiras de esquerda sobre o grande trabalho deste autor, at\u00e9 porque ele pr\u00f3prio declara desconforto com discursos conformistas disfar\u00e7ados de uma ret\u00f3rica revolucion\u00e1ria. \u00c9 fascinante sim, as rela\u00e7\u00f5es de poder, a avidez humana, e todos as nuances que se repetem na tr\u00e1gica combina\u00e7\u00e3o da evolu\u00e7\u00e3o do trabalho envolva a um esp\u00edrito de hiper-explora\u00e7\u00e3o dos grupos mais fr\u00e1geis. Tudo isso justifica muito bem sua presen\u00e7a nesta lista de leituras. Fecho com a \u00faltima frase da primeira edi\u00e7\u00e3o que li deste livro, onde Galeano em abril de 1978 nos diz que \u201cna hist\u00f3ria dos homens cada ato de destrui\u00e7\u00e3o encontra sua resposta, cedo ou tarde, num ato de cria\u00e7\u00e3o.\u201d De fato, a complexidade da vida supera todas as expectativas atrav\u00e9s de sua imprevisibilidade.<br \/>.<\/div><\/td>\n<\/tr>\n<tr valign=\"top\">\n<td width=\"840\"><span class=\"collapseomatic noarrow\" id=\"id69effa51de3d8\"  tabindex=\"0\" title=\"25. GARDNER, Dan. &lt;strong&gt;Risco. A Ci\u00eancia e a Pol\u00edtica do Medo&lt;\/strong&gt;. Rio de Janeiro, Odiss\u00e9ia, 1.ed.,  2009. \"    >25. GARDNER, Dan. <strong>Risco. A Ci\u00eancia e a Pol\u00edtica do Medo<\/strong>. Rio de Janeiro, Odiss\u00e9ia, 1.ed.,  2009. <\/span><div id=\"target-id69effa51de3d8\" class=\"collapseomatic_content \">\n<p><img decoding=\"async\" class=\"coverbook\" title=\"(GARDNER, Dan, 2009)\" src=\"https:\/\/m.media-amazon.com\/images\/I\/41ijXflqR5L._SY445_SX342_ML2_.jpg\" alt=\"Risco. A Ci\u00eancia e a Pol\u00edtica do Medo\" \/><\/p>\n<p><strong>Meio de leitura<\/strong>: Livro f\u00edsico<\/p>\n<p><strong>Descri\u00e7\u00e3o do Livro<\/strong> (conte\u00fado extra\u00eddo de divulga\u00e7\u00f5es em livrarias virtuais)<br \/>O ser humano atual \u00e9 mais saud\u00e1vel e tem uma exist\u00eancia mais segura do que todas as gera\u00e7\u00f5es passadas; n\u00e3o obstante, verifica-se o crescimento de um medo irracional, com consequ\u00eancias fatais \u2014 como a morte de 1.595 norte americanos que cometeram o erro de trocar avi\u00f5es por carros depois do fat\u00eddico 11 de Setembro de 2001. Em parte, a irracionalidade \u00e9 causada por aqueles pol\u00edticos, ativistas e a m\u00eddia \u2014 que promovem o medo em seu pr\u00f3prio benef\u00edcio. Fatores culturais tamb\u00e9m s\u00e3o relevantes, mas a causa fundamental \u00e9 a psicologia humana. Trabalhando com o pesquisador Paul Slovic, pioneiro no estudo da ci\u00eancia do risco, o autor Dan Gardner (nos explica de uma maneira atraente) o significado da afirma\u00e7\u00e3o acima, e tamb\u00e9m como tomamos as nossas decis\u00f5es e administramos nossas pr\u00f3prias vidas. Com o autor aprendemos que o c\u00e9rebro tem n\u00e3o apenas um, mas dois sistemas para analisar o risco. Um \u00e9 primitivo, inconsciente e intuitivo. O outro \u00e9 consciente e racional. Os dois sistemas geralmente concordam, mas ocasionalmente chegam a conclus\u00f5es muito diferentes. Quando isso acontece, podemos nos ver preocupados com coisas que as estat\u00edsticas infor\u00admam serem amea\u00e7as triviais \u2014 terrorismo, sequestro de crian\u00e7as, c\u00e2ncer causado por polui\u00e7\u00e3o qu\u00edmica \u2014 enquanto desprezamos riscos s\u00e9rios, como a obesidade e o fumo. Gardner nos conta sobre a \u201ccaixa preta\u201d dos nossos c\u00e9rebros; leva-nos l\u00e1 dentro e nos guia no processo de aprender a desconstruir o bombardeio de informa\u00e7\u00e3o que nos atinge e a responder com mais l\u00f3gica e capa\u00adcidade de adapta\u00e7\u00e3o ao nosso mundo. Risco \u00e9 uma leitura de vanguarda, no fio da navalha da rela\u00e7\u00e3o in\u00adforma\u00e7\u00e3o x medo.<\/p>\n<p><strong>O que foi poss\u00edvel extrair do livro<\/strong> (conte\u00fado desenvolvido pelo respons\u00e1vel por este website)<br \/>.<br \/>.<\/div><\/td>\n<\/tr>\n<tr valign=\"top\">\n<td width=\"840\"><span class=\"collapseomatic noarrow\" id=\"id69effa51de421\"  tabindex=\"0\" title=\"26. GLADWELL, Malcolm. &lt;strong&gt;Fora de s\u00e9rie - Outliers: Descubra por que algumas pessoas t\u00eam sucesso e outras n\u00e3o&lt;\/strong&gt;. Rio de Janeiro, Sextante, 1.ed.,  2011. \"    >26. GLADWELL, Malcolm. <strong>Fora de s\u00e9rie - Outliers: Descubra por que algumas pessoas t\u00eam sucesso e outras n\u00e3o<\/strong>. Rio de Janeiro, Sextante, 1.ed.,  2011. <\/span><div id=\"target-id69effa51de421\" class=\"collapseomatic_content \">\n<p><img decoding=\"async\" class=\"coverbook\" title=\"(GLADWELL, Malcolm, 2011)\" src=\"https:\/\/m.media-amazon.com\/images\/I\/71aVPs4Sv9L._SY425_.jpg\" alt=\"Fora de s\u00e9rie - Outliers: Descubra por que algumas pessoas t\u00eam sucesso e outras n\u00e3o\" \/><\/p>\n<p><strong>Meio de leitura<\/strong>: Livro f\u00edsico<\/p>\n<p><strong>Descri\u00e7\u00e3o do Livro<\/strong> (conte\u00fado extra\u00eddo de divulga\u00e7\u00f5es em livrarias virtuais)<br \/>O que torna algumas pessoas capazes de atingir um sucesso t\u00e3o extraordin\u00e1rio e peculiar a ponto de serem chamadas de &#8220;fora de s\u00e9rie&#8221;? Costumamos acreditar que trajet\u00f3rias excepcionais, como a dos g\u00eanios que revolucionam o mundo dos neg\u00f3cios, das artes, das ci\u00eancias e dos esportes, devem-se unicamente ao talento. Mas neste livro voc\u00ea ver\u00e1 que o universo das personalidades brilhantes esconde uma l\u00f3gica muito mais fascinante e complexa do que aparenta. Baseando-se na hist\u00f3ria de celebridades como Bill Gates, os Beatles e Mozart, Malcolm Gladwell mostra que ningu\u00e9m &#8220;se faz sozinho&#8221;. Todos os que se destacam por uma atua\u00e7\u00e3o fenomenal s\u00e3o, invariavelmente, pessoas que se beneficiaram de oportunidades incr\u00edveis, vantagens ocultas e heran\u00e7as culturais. Tiveram a chance de aprender, trabalhar duro e interagir com o mundo de uma forma singular. Esses s\u00e3o os indiv\u00edduos fora de s\u00e9rie \u2013 os outliers. Para Gladwell, mais importante do que entender como s\u00e3o essas pessoas \u00e9 saber qual \u00e9 sua cultura, a \u00e9poca em que nasceram, quem s\u00e3o seus amigos, sua fam\u00edlia e o local de origem de seus antepassados, pois tudo isso exerce um impacto fundamental no padr\u00e3o de qualidade das realiza\u00e7\u00f5es humanas. E ele menciona a hist\u00f3ria de sua pr\u00f3pria fam\u00edlia como exemplo disso. Aqui voc\u00ea saber\u00e1 tamb\u00e9m de que maneira os legados culturais explicam quest\u00f5es interessantes, como o espantoso dom\u00ednio que os asi\u00e1ticos t\u00eam da matem\u00e1tica e o fato de o n\u00famero de acidentes a\u00e9reos ser significativamente mais alto nos pa\u00edses onde as pessoas se encontram a uma dist\u00e2ncia muito grande do poder.<\/p>\n<p><strong>O que foi poss\u00edvel extrair do livro<\/strong> (conte\u00fado desenvolvido pelo respons\u00e1vel por este website)<br \/>Embora o t\u00edtulo do livro pare\u00e7a levar mais para um pegada de auto-ajuda, a leitura \u00e9 interessante. No decorrer de suas p\u00e1ginas o autor vai trazendo algumas coisas legais. E para que espera encontrar uma f\u00f3rmula para o sucesso, talvez acabe se decepcionando, pois as reflex\u00f5es do autor acabam nos levando exatamente para um outro lado, onde a aleatoriedade da vida por de acabar influenciando em nosso caminho. Para al\u00e9m disso, ela apresenta exemplos de coisas interessantes que mostram como podemos nos equivocar ao supor que o sucesso ou fracasso de algu\u00e9m em um certo contexto pode ser atribu\u00eddo a ele, algo perigos\u00edssimo e que causa sofirmento e frustra\u00e7\u00f5es a muitos. Ou sejam, a meritocracia pode realmente ser uma grande fal\u00e1cia. Leia e confira!<br \/>.<\/div><\/td>\n<\/tr>\n<tr valign=\"top\">\n<td width=\"840\"><span class=\"collapseomatic noarrow\" id=\"id69effa51de472\"  tabindex=\"0\" title=\"27. GLASSER, William. &lt;strong&gt;Teoria da Escolha&lt;\/strong&gt;. S\u00e3o Paulo, Mercuryo, 1.ed.,  2002. \"    >27. GLASSER, William. <strong>Teoria da Escolha<\/strong>. S\u00e3o Paulo, Mercuryo, 1.ed.,  2002. <\/span><div id=\"target-id69effa51de472\" class=\"collapseomatic_content \">\n<p><img decoding=\"async\" class=\"coverbook\" title=\"(GLASSER, William, 2002)\" src=\"https:\/\/wp.ufpel.edu.br\/labserg\/files\/2025\/10\/104946.jpg\" alt=\"Teoria da Escolha\" \/><\/p>\n<p><strong>Meio de leitura<\/strong>: Livro f\u00edsico<\/p>\n<p><strong>Descri\u00e7\u00e3o do Livro<\/strong> (conte\u00fado extra\u00eddo de divulga\u00e7\u00f5es em livrarias virtuais)<br \/>O autor proporciona &#8211; com esta que \u00e9 sua obra mais importante &#8211; uma nova abordagem da psicologia. A teoria da escolha se op\u00f5e \u00e0 psicologia do controle externo porque defende que podemos assumir o comando da vida agora, n\u00e3o importando os traumas pelos quais j\u00e1 tenhamos passado. E podemos escolher com que qualidade vamos viver a partir de hoje, com as pessoas que queremos em relacionamentos que nos fazem bem. A teoria da escolha tem sido usada com enorme sucesso com adolescentes desajustados, alunos com problemas de aprendizado e pessoas dependentes de drogas e \u00e1lcool.<\/p>\n<p><strong>O que foi poss\u00edvel extrair do livro<\/strong> (conte\u00fado desenvolvido pelo respons\u00e1vel por este website)<br \/>.<br \/>.<\/div><\/td>\n<\/tr>\n<tr valign=\"top\">\n<td width=\"840\"><span class=\"collapseomatic noarrow\" id=\"id69effa51de4bc\"  tabindex=\"0\" title=\"28. GOLDING, William. &lt;strong&gt;Senhor das Moscas&lt;\/strong&gt;. Rio de Janeiro, Companhia da Letras\/Alfaguara, 1.ed.,  2021. \"    >28. GOLDING, William. <strong>Senhor das Moscas<\/strong>. Rio de Janeiro, Companhia da Letras\/Alfaguara, 1.ed.,  2021. <\/span><div id=\"target-id69effa51de4bc\" class=\"collapseomatic_content \">\n<p><img decoding=\"async\" class=\"coverbook\" title=\"(GOLDING, William, 2021)\" src=\"https:\/\/m.media-amazon.com\/images\/I\/A1NFV9PC56S._SY425_.jpg\" alt=\"Senhor das Moscas\" \/><\/p>\n<p><strong>Meio de leitura<\/strong>: Livro f\u00edsico<\/p>\n<p><strong>Descri\u00e7\u00e3o do Livro<\/strong> (conte\u00fado extra\u00eddo de divulga\u00e7\u00f5es em livrarias virtuais)<br \/>Senhor das Moscas \u00e9 um dos romances essenciais da literatura mundial. Adaptado duas vezes para o cinema e traduzido para 35 idiomas, o cl\u00e1ssico de William Golding j\u00e1 foi visto como uma alegoria, uma par\u00e1bola, um tratado pol\u00edtico e at\u00e9 mesmo uma vis\u00e3o do apocalipse. Durante a Segunda Guerra Mundial, um avi\u00e3o cai numa ilha deserta e os \u00fanicos sobreviventes s\u00e3o um grupo de meninos. Liderados por Ralph, eles procuram se organizar enquanto esperam um poss\u00edvel resgate. Mas aos poucos esses garotos aparentemente inocentes transformam a ilha numa visceral disputa pelo poder, e sua selvageria rasga a fina superf\u00edcie da civilidade. Ao narrar essa hist\u00f3ria sobre meninos perdidos numa ilha, aos poucos se deixando levar pela barb\u00e1rie, Golding constr\u00f3i uma reflex\u00e3o sobre o limite entre o poder e a viol\u00eancia desmedida. Senhor das Moscas mant\u00e9m o mesmo impacto desde seu lan\u00e7amento: um cl\u00e1ssico moderno que retrata de maneira inigual\u00e1vel as \u00e1reas de sombra e escurid\u00e3o da ess\u00eancia do ser humano.<\/p>\n<p><strong>O que foi poss\u00edvel extrair do livro<\/strong> (conte\u00fado desenvolvido pelo respons\u00e1vel por este website)<br \/>.<br \/>.<\/div><\/td>\n<\/tr>\n<tr valign=\"top\">\n<td width=\"840\"><span class=\"collapseomatic noarrow\" id=\"id69effa51de505\"  tabindex=\"0\" title=\"29. HAN, Byung-Chul. &lt;strong&gt;Sociedade do cansa\u00e7o&lt;\/strong&gt;. Rio de Janeiro, Vozes,  2015. \"    >29. HAN, Byung-Chul. <strong>Sociedade do cansa\u00e7o<\/strong>. Rio de Janeiro, Vozes,  2015. <\/span><div id=\"target-id69effa51de505\" class=\"collapseomatic_content \">\n<p><img decoding=\"async\" class=\"coverbook\" title=\"(HAN, Byung-Chul, 2015)\" src=\"https:\/\/m.media-amazon.com\/images\/I\/31ixiboreWL._SY445_SX342_QL70_ML2_.jpg\" alt=\"Sociedade do cansa\u00e7o\" \/><\/p>\n<p><strong>Meio de leitura<\/strong>: Livro digital<\/p>\n<p><strong>Descri\u00e7\u00e3o do Livro<\/strong> (conte\u00fado extra\u00eddo de divulga\u00e7\u00f5es em livrarias virtuais)<br \/>Os efeitos colaterais do discurso motivacional. O mercado de palestras e livros motivacionais est\u00e1 crescendo desde o in\u00edcio do s\u00e9culo XXI e n\u00e3o mostra sinais de desaquecimento. Religi\u00f5es tradicionais est\u00e3o perdendo adeptos para novas igrejas que trocam o discurso do pecado pelo encorajamento e autoajuda. As institui\u00e7\u00f5es pol\u00edticas e empresariais mudaram o sistema de puni\u00e7\u00e3o, hierarquia e combate ao concorrente pelas positividades do est\u00edmulo, efici\u00eancia e reconhecimento social pela supera\u00e7\u00e3o das pr\u00f3prias limita\u00e7\u00f5es. Byung-Chul Han mostra que a sociedade disciplinar e repressora do s\u00e9culo XX descrita por Michel Foucault perde espa\u00e7o para uma nova forma de organiza\u00e7\u00e3o coercitiva: a viol\u00eancia neuronal. As pessoas se cobram cada vez mais para apresentar resultados &#8211; tornando elas mesmas vigilantes e carrascas de suas a\u00e7\u00f5es. Em uma \u00e9poca onde poder\u00edamos trabalhar menos e ganhar mais, a ideologia da positividade opera uma invers\u00e3o perversa: nos submetemos a trabalhar mais e a receber menos. Essa onda do &#8220;eu consigo&#8221; e do &#8220;yes, we can&#8221; tem gerado um aumento significativo de doen\u00e7as como depress\u00e3o, transtornos de personalidade, s\u00edndromes como hiperatividade e burnout. Este livro transcende o campo filos\u00f3fico e pode ajudar educadores, psic\u00f3logos e gestores a entender os novos problemas do s\u00e9culo XXI.<\/p>\n<p><strong>O que foi poss\u00edvel extrair do livro<\/strong> (conte\u00fado desenvolvido pelo respons\u00e1vel por este website)<br \/>Um livro curto, por\u00e9m, denso. As ideias trazidas por Byung-Chul Han neste ensaio s\u00e3o muito pertinentes \u00e0 realidade traumatica que nos cerca atualmente. Suas percep\u00e7\u00f5es quanto \u00e0 ateridade, aos meios de controle social (ou seria intraindividual?), al\u00e9m de outros elementos presente nas pouco mais de 70 p\u00e1ginas de seu livro nos convidam a refletir de forma mais profunda sobre os destinos que estamos construindo para nossas exist\u00eancias e sociedade. Vale \u00e0 pena a leitura.<br \/>.<\/div><\/td>\n<\/tr>\n<tr valign=\"top\">\n<td width=\"840\"><span class=\"collapseomatic noarrow\" id=\"id69effa51de54d\"  tabindex=\"0\" title=\"30. HARARI, Yurval Noah. &lt;strong&gt;21 Li\u00e7\u00f5es para o s\u00e9culo 21&lt;\/strong&gt;. S\u00e3o Paulo, Companhia da Letras,  2019. \"    >30. HARARI, Yurval Noah. <strong>21 Li\u00e7\u00f5es para o s\u00e9culo 21<\/strong>. S\u00e3o Paulo, Companhia da Letras,  2019. <\/span><div id=\"target-id69effa51de54d\" class=\"collapseomatic_content \">\n<p><img decoding=\"async\" class=\"coverbook\" title=\"(HARARI, Yurval Noah, 2019)\" src=\"https:\/\/m.media-amazon.com\/images\/I\/41tR-544lvL._SY445_SX342_QL70_ML2_.jpg\" alt=\"21 Li\u00e7\u00f5es para o s\u00e9culo 21\" \/><\/p>\n<p><strong>Meio de leitura<\/strong>: Livro digital<\/p>\n<p><strong>Descri\u00e7\u00e3o do Livro<\/strong> (conte\u00fado extra\u00eddo de divulga\u00e7\u00f5es em livrarias virtuais)<br \/>Como podemos nos proteger de guerras nucleares, cataclismos ambientais e crises tecnol\u00f3gicas? O que fazer sobre a epidemia de fake news ou a amea\u00e7a do terrorismo? O que devemos ensinar aos nossos filhos? Em Sapiens, Yuval Noah Harari mostrou de onde viemos; em Homo Deus, para onde vamos. 21 li\u00e7\u00f5es para o s\u00e9culo 21 explora o presente e nos conduz por uma fascinante jornada pelos assuntos prementes da atualidade. Seu novo livro trata sobre o desafio de manter o foco coletivo e individual em face a mudan\u00e7as frequentes e desconcertantes. Ser\u00edamos ainda capazes de entender o mundo que criamos?<\/p>\n<p><strong>O que foi poss\u00edvel extrair do livro<\/strong> (conte\u00fado desenvolvido pelo respons\u00e1vel por este website)<br \/>.<br \/>.<\/div><\/td>\n<\/tr>\n<tr valign=\"top\">\n<td width=\"840\"><span class=\"collapseomatic noarrow\" id=\"id69effa51de596\"  tabindex=\"0\" title=\"31. HARARI, Yurval Noah. &lt;strong&gt;Homo Deus: Uma breve hist\u00f3ria do amanh\u00e3&lt;\/strong&gt;. S\u00e3o Paulo, Companhia da Letras, 1.ed.,  2016. \"    >31. HARARI, Yurval Noah. <strong>Homo Deus: Uma breve hist\u00f3ria do amanh\u00e3<\/strong>. S\u00e3o Paulo, Companhia da Letras, 1.ed.,  2016. <\/span><div id=\"target-id69effa51de596\" class=\"collapseomatic_content \">\n<p><img decoding=\"async\" class=\"coverbook\" title=\"(HARARI, Yurval Noah, 2016)\" src=\"https:\/\/m.media-amazon.com\/images\/I\/51FGgTU-RdL._SY445_SX342_QL70_ML2_.jpg\" alt=\"Homo Deus: Uma breve hist\u00f3ria do amanh\u00e3\" \/><\/p>\n<p><strong>Meio de leitura<\/strong>: Livro f\u00edsico<\/p>\n<p><strong>Descri\u00e7\u00e3o do Livro<\/strong> (conte\u00fado extra\u00eddo de divulga\u00e7\u00f5es em livrarias virtuais)<br \/>Neste Homo Deus: uma breve hist\u00f3ria do amanh\u00e3, Yuval Noah Harari, autor do estrondoso best-seller Sapiens: uma breve hist\u00f3ria da humanidade, volta a combinar ci\u00eancia, hist\u00f3ria e filosofia, desta vez para entender quem somos e descobrir para onde vamos. Sempre com um olhar no passado e nas nossas origens, Harari investiga o futuro da humanidade em busca de uma resposta t\u00e3o dif\u00edcil quanto essencial: depois de s\u00e9culos de guerras, fome e pobreza, qual ser\u00e1 nosso destino na Terra? A partir de uma vis\u00e3o absolutamente original de nossa hist\u00f3ria, ele combina pesquisas de ponta e os mais recentes avan\u00e7os cient\u00edficos \u00e0 sua conhecida capacidade de observar o passado de uma maneira inteiramente nova. Assim, descobrir os pr\u00f3ximos passos da evolu\u00e7\u00e3o humana ser\u00e1 tamb\u00e9m redescobrir quem fomos e quais caminhos tomamos para chegar at\u00e9 aqui.<\/p>\n<p><strong>O que foi poss\u00edvel extrair do livro<\/strong> (conte\u00fado desenvolvido pelo respons\u00e1vel por este website)<br \/>.<br \/>.<\/div><\/td>\n<\/tr>\n<tr valign=\"top\">\n<td width=\"840\"><span class=\"collapseomatic noarrow\" id=\"id69effa51de5de\"  tabindex=\"0\" title=\"32. HARARI, Yurval Noah. &lt;strong&gt;Sapiens - Uma Breve Hist\u00f3ria da Humanidade&lt;\/strong&gt;. S\u00e3o Paulo, L&amp;PM, 1.ed.,  2015. \"    >32. HARARI, Yurval Noah. <strong>Sapiens - Uma Breve Hist\u00f3ria da Humanidade<\/strong>. S\u00e3o Paulo, L&amp;PM, 1.ed.,  2015. <\/span><div id=\"target-id69effa51de5de\" class=\"collapseomatic_content \">\n<p><img decoding=\"async\" class=\"coverbook\" title=\"(HARARI, Yurval Noah, 2015)\" src=\"https:\/\/m.media-amazon.com\/images\/I\/71uzVVfz47L._SY385_.jpg\" alt=\"Sapiens - Uma Breve Hist\u00f3ria da Humanidade\" \/><\/p>\n<p><strong>Meio de leitura<\/strong>: Livro f\u00edsico<\/p>\n<p><strong>Descri\u00e7\u00e3o do Livro<\/strong> (conte\u00fado extra\u00eddo de divulga\u00e7\u00f5es em livrarias virtuais)<br \/>O planeta Terra tem cerca de 4,5 bilh\u00f5es de anos. Numa fra\u00e7\u00e3o \u00ednfima desse tempo, uma esp\u00e9cie entre incont\u00e1veis outras o dominou: n\u00f3s, humanos. Somos os animais mais evolu\u00eddos e mais destrutivos que jamais viveram. Sapiens \u00e9 a obra-prima de Yuval Noah Harari e o consagrou como um dos pensadores mais brilhantes da atualidade. Num feito surpreendente, que j\u00e1 fez deste livro um cl\u00e1ssico contempor\u00e2neo, o historiador israelense aplica uma fascinante narrativa hist\u00f3rica a todas as inst\u00e2ncias do percurso humano sobre a Terra. Da Idade da Pedra ao Vale do Sil\u00edcio, temos aqui uma vis\u00e3o ampla e cr\u00edtica da jornada em que deixamos de ser meros s\u00edmios para nos tornarmos os governantes do mundo. Harari se vale de uma abordagem multidisciplinar que preenche as lacunas entre hist\u00f3ria, biologia, filosofia e economia, e, com uma perspectiva macro e micro, analisa n\u00e3o apenas os grandes acontecimentos, mas tamb\u00e9m as mudan\u00e7as mais sutis notadas pelos indiv\u00edduos.<\/p>\n<p><strong>O que foi poss\u00edvel extrair do livro<\/strong> (conte\u00fado desenvolvido pelo respons\u00e1vel por este website)<br \/>.<br \/>.<\/div><\/td>\n<\/tr>\n<tr valign=\"top\">\n<td width=\"840\"><span class=\"collapseomatic noarrow\" id=\"id69effa51de628\"  tabindex=\"0\" title=\"33. HARARI, Yurval Noah. &lt;strong&gt;NEXUS - Uma breve hist\u00f3ria das redes de informa\u00e7\u00e3o, da Idade da Pedra \u00e0 intelig\u00eancia artificial&lt;\/strong&gt;. Rio de Janeiro, Companhia da Letras, 1.ed.,  2024. \"    >33. HARARI, Yurval Noah. <strong>NEXUS - Uma breve hist\u00f3ria das redes de informa\u00e7\u00e3o, da Idade da Pedra \u00e0 intelig\u00eancia artificial<\/strong>. Rio de Janeiro, Companhia da Letras, 1.ed.,  2024. <\/span><div id=\"target-id69effa51de628\" class=\"collapseomatic_content \">\n<p><img decoding=\"async\" class=\"coverbook\" title=\"(HARARI, Yurval Noah, 2024)\" src=\"https:\/\/m.media-amazon.com\/images\/I\/71vbRyfPiXL._SY385_.jpg\" alt=\"NEXUS - Uma breve hist\u00f3ria das redes de informa\u00e7\u00e3o, da Idade da Pedra \u00e0 intelig\u00eancia artificial\" \/><\/p>\n<p><strong>Meio de leitura<\/strong>: Livro f\u00edsico<\/p>\n<p><strong>Descri\u00e7\u00e3o do Livro<\/strong> (conte\u00fado extra\u00eddo de divulga\u00e7\u00f5es em livrarias virtuais)<br \/>Nos \u00faltimos 100 mil anos, n\u00f3s acumulamos um imenso poder. No entanto, mesmo com todas as nossas descobertas e conquistas, estamos diante de uma crise sem precedentes, com um colapso ambiental iminente e desinforma\u00e7\u00e3o correndo solta. A chegada da era da intelig\u00eancia artificial tamb\u00e9m representa um perigo para n\u00f3s. Afinal, por que somos t\u00e3o autodestrutivos apesar de tudo o que conquistamos? Nexus olha para a nossa hist\u00f3ria e avalia como o fluxo de informa\u00e7\u00f5es moldou a n\u00f3s e o mundo onde vivemos. Em uma narrativa que vai desde a Idade da Pedra e passa pela canoniza\u00e7\u00e3o da B\u00edblia, pelas primeiras ca\u00e7as \u00e0s bruxas modernas, pelo stalinismo, pelo nazismo e pelo ressurgimento do populismo hoje, Yuval Noah Harari nos convida a examinar a complexa rela\u00e7\u00e3o entre informa\u00e7\u00e3o e verdade, burocracia e mitologia, sabedoria e poder. O autor explora como as v\u00e1rias sociedades e sistemas pol\u00edticos utilizaram informa\u00e7\u00f5es para atingir seus objetivos \u2013 para o bem e para o mal \u2013, assim como as escolhas que precisamos fazer num momento em que a intelig\u00eancia n\u00e3o humana amea\u00e7a a nossa pr\u00f3pria exist\u00eancia. A informa\u00e7\u00e3o n\u00e3o \u00e9 a mat\u00e9ria-prima da verdade, tampouco uma mera arma. Nexus explora o meio-termo esperan\u00e7oso entre esses extremos e redescobre a humanidade que nos une.<\/p>\n<p><strong>O que foi poss\u00edvel extrair do livro<\/strong> (conte\u00fado desenvolvido pelo respons\u00e1vel por este website)<br \/>\u00c9 um bom livro. Me parece que o cerne dele realmente est\u00e1 na discuss\u00e3o que nos ajuda a pensar no conceito de informa\u00e7\u00e3o por outro ponto vista. Todas as associa\u00e7\u00f5es e argumentos trazidos pelo autor s\u00e3o expostos em uma leitura medianamente leve e atrativa. H\u00e1 muitas li\u00e7\u00f5es e reflex\u00f5es que podem ser dele extra\u00eddas e colocadas em roda para um bom bate-papo. Ou seja, valeu \u00e0 pena a leitura.<br \/>.<\/div><\/td>\n<\/tr>\n<tr valign=\"top\">\n<td width=\"840\"><span class=\"collapseomatic noarrow\" id=\"id69effa51de672\"  tabindex=\"0\" title=\"34. HARARI, Yurval Noah. &lt;strong&gt;Na batalha contra o coronav\u00edrus, faltam l\u00edderes \u00e0 humanidade (ensaio)&lt;\/strong&gt;. S\u00e3o Paulo, Companhia da Letras,  2020. \"    >34. HARARI, Yurval Noah. <strong>Na batalha contra o coronav\u00edrus, faltam l\u00edderes \u00e0 humanidade (ensaio)<\/strong>. S\u00e3o Paulo, Companhia da Letras,  2020. <\/span><div id=\"target-id69effa51de672\" class=\"collapseomatic_content \">\n<p><img decoding=\"async\" class=\"coverbook\" title=\"(HARARI, Yurval Noah, 2020)\" src=\"https:\/\/m.media-amazon.com\/images\/I\/81wPOyc0TGL._SY425_.jpg\" alt=\"Na batalha contra o coronav\u00edrus, faltam l\u00edderes \u00e0 humanidade (ensaio)\" \/><\/p>\n<p><strong>Meio de leitura<\/strong>: Livro digital<\/p>\n<p><strong>Descri\u00e7\u00e3o do Livro<\/strong> (conte\u00fado extra\u00eddo de divulga\u00e7\u00f5es em livrarias virtuais)<br \/>Publicado originalmente no site da revista Time, em 15 de mar\u00e7o de 2020.<\/p>\n<p><strong>O que foi poss\u00edvel extrair do livro<\/strong> (conte\u00fado desenvolvido pelo respons\u00e1vel por este website)<br \/>.<br \/>.<\/div><\/td>\n<\/tr>\n<tr valign=\"top\">\n<td width=\"840\"><span class=\"collapseomatic noarrow\" id=\"id69effa51de6bb\"  tabindex=\"0\" title=\"35. HOOD, Bruce M.. &lt;strong&gt;Supersentido - Porque acreditamos no inacredit\u00e1vel&lt;\/strong&gt;. Ribeir\u00e3o Preto , Novo Conceito, 1.ed.,  2011. \"    >35. HOOD, Bruce M.. <strong>Supersentido - Porque acreditamos no inacredit\u00e1vel<\/strong>. Ribeir\u00e3o Preto , Novo Conceito, 1.ed.,  2011. <\/span><div id=\"target-id69effa51de6bb\" class=\"collapseomatic_content \">\n<p><img decoding=\"async\" class=\"coverbook\" title=\"(HOOD, Bruce M., 2011)\" src=\"https:\/\/m.media-amazon.com\/images\/I\/51WJcq49v+L._SY425_.jpg\" alt=\"Supersentido - Porque acreditamos no inacredit\u00e1vel\" \/><\/p>\n<p><strong>Meio de leitura<\/strong>: Livro f\u00edsico <\/p>\n<p><strong>Descri\u00e7\u00e3o do Livro<\/strong> (conte\u00fado extra\u00eddo de divulga\u00e7\u00f5es em livrarias virtuais)<br \/>A maioria da popula\u00e7\u00e3o mundial \u00e9 religiosa ou acredita em fen\u00f4menos sobrenaturais. Nos Estados Unidos, nove em cada dez adultos acreditam em Deus, e uma recente pesquisa do Instituto Gallup descobriu que cerca de tr\u00eas em cada quatro americanos acreditam em alguma forma de telepatia, d\u00e9j\u00e0 vu, fantasmas ou vidas passadas. Voc\u00ea cruza os dedos quando torce para que algo d\u00ea certo? Bate na madeira para evitar que algo de ruim aconte\u00e7a? Foge ao ver gatos pretos ou nunca passa debaixo de uma escada para n\u00e3o ter azar? O pensamento sobrenatural tamb\u00e9m inclui cren\u00e7as mais elevadas, como o valor sentimental que atribu\u00edmos a fotos de pessoas queridas, alian\u00e7as de casamento e ursos de pel\u00facia.<\/p>\n<p><strong>O que foi poss\u00edvel extrair do livro<\/strong> (conte\u00fado desenvolvido pelo respons\u00e1vel por este website)<br \/>.<br \/>.<\/div><\/td>\n<\/tr>\n<tr valign=\"top\">\n<td width=\"840\"><span class=\"collapseomatic noarrow\" id=\"id69effa51de703\"  tabindex=\"0\" title=\"36. HUNT, Lynn. &lt;strong&gt;A inven\u00e7\u00e3o dos direitos humanos: Uma hist\u00f3ria&lt;\/strong&gt;. S\u00e3o Paulo, Companhia da Letras, 1.ed.,  2009. \"    >36. HUNT, Lynn. <strong>A inven\u00e7\u00e3o dos direitos humanos: Uma hist\u00f3ria<\/strong>. S\u00e3o Paulo, Companhia da Letras, 1.ed.,  2009. <\/span><div id=\"target-id69effa51de703\" class=\"collapseomatic_content \">\n<p><img decoding=\"async\" class=\"coverbook\" title=\"(HUNT, Lynn, 2009)\" src=\"https:\/\/m.media-amazon.com\/images\/I\/91m+mJwRLPL._SY425_.jpg\" alt=\"A inven\u00e7\u00e3o dos direitos humanos: Uma hist\u00f3ria\" \/><\/p>\n<p><strong>Meio de leitura<\/strong>: Livro f\u00edsico<\/p>\n<p><strong>Descri\u00e7\u00e3o do Livro<\/strong> (conte\u00fado extra\u00eddo de divulga\u00e7\u00f5es em livrarias virtuais)<br \/>Ainda que sejam desrespeitados diariamente nos quatro cantos do mundo, os direitos humanos s\u00e3o tidos hoje como um valor indiscut\u00edvel e universal. Mas, como mostra a historiadora norte-americana Lynn Hunt, eles n\u00e3o s\u00e3o um dado da natureza, nem uma gra\u00e7a divina e nem tampouco surgiram de repente na consci\u00eancia dos homens.Mobilizando uma impressionante e multidisciplinar quantidade de informa\u00e7\u00f5es, a autora tra\u00e7a a tortuosa g\u00eanese da ideia e da pr\u00e1tica dos direitos humanos, em especial na Europa e na Am\u00e9rica. Seu eixo de an\u00e1lise s\u00e3o tr\u00eas textos hist\u00f3ricos fundamentais, inclu\u00eddos aqui em ap\u00eandice: A Declara\u00e7\u00e3o da Independ\u00eancia dos Estados Unidos (1776), a Declara\u00e7\u00e3o dos Direitos do Homem e do Cidad\u00e3o surgida da Revolu\u00e7\u00e3o Francesa (1789) e a Declara\u00e7\u00e3o Universal dos Direitos Humanos promulgada pelas Na\u00e7\u00f5es Unidas em 1948.<\/p>\n<p><strong>O que foi poss\u00edvel extrair do livro<\/strong> (conte\u00fado desenvolvido pelo respons\u00e1vel por este website)<br \/>.<br \/>.<\/div><\/td>\n<\/tr>\n<tr valign=\"top\">\n<td width=\"840\"><span class=\"collapseomatic noarrow\" id=\"id69effa51de74c\"  tabindex=\"0\" title=\"37. HUXLEY, Aldous Leonard. &lt;strong&gt;Admir\u00e1vel mundo novo&lt;\/strong&gt;. Rio de Janeiro, Globo Livros\/Biblioteca Azul, 1.ed.,  2014. \"    >37. HUXLEY, Aldous Leonard. <strong>Admir\u00e1vel mundo novo<\/strong>. Rio de Janeiro, Globo Livros\/Biblioteca Azul, 1.ed.,  2014. <\/span><div id=\"target-id69effa51de74c\" class=\"collapseomatic_content \">\n<p><img decoding=\"async\" class=\"coverbook\" title=\"(HUXLEY, Aldous Leonard, 2014)\" src=\"https:\/\/m.media-amazon.com\/images\/I\/61hOp6UFvCL._SY425_.jpg\" alt=\"Admir\u00e1vel mundo novo\" \/><\/p>\n<p><strong>Meio de leitura<\/strong>: Livro f\u00edsico<\/p>\n<p><strong>Descri\u00e7\u00e3o do Livro<\/strong> (conte\u00fado extra\u00eddo de divulga\u00e7\u00f5es em livrarias virtuais)<br \/>O livro mostra uma sociedade inteiramente organizada segundo princ\u00edpios cient\u00edficos, na qual a mera men\u00e7\u00e3o das antiquadas palavras \u201cpai\u201d e \u201cm\u00e3e\u201d produzem repugn\u00e2ncia. Um mundo de pessoas programadas em laborat\u00f3rio, e adestradas para cumprir seu papel numa sociedade de castas biologicamente definidas j\u00e1 no nascimento. Um mundo no qual a literatura, a m\u00fasica e o cinema s\u00f3 t\u00eam a fun\u00e7\u00e3o de solidificar o esp\u00edrito de conformismo. Um universo que louva o avan\u00e7o da t\u00e9cnica, a linha de montagem, a produ\u00e7\u00e3o em s\u00e9rie, a uniformidade, e que idolatra Henry Ford. Entretanto, o moderno cl\u00e1ssico de Huxley n\u00e3o \u00e9 um mero exerc\u00edcio de futurismo ou de fic\u00e7\u00e3o cient\u00edfica. Trata-se, o que \u00e9 mais grave, de um olhar agudo acerca das potencialidades autorit\u00e1rias do pr\u00f3prio mundo em que vivemos. Como um alerta de que, ao n\u00e3o se preservarem os valores da civiliza\u00e7\u00e3o humanista, o que nos aguarda n\u00e3o \u00e9 o r\u00f3seo para\u00edso iluminista da liberdade, mas os grilh\u00f5es de um admir\u00e1vel mundo novo.<\/p>\n<p><strong>O que foi poss\u00edvel extrair do livro<\/strong> (conte\u00fado desenvolvido pelo respons\u00e1vel por este website)<br \/>.<br \/>.<\/div><\/td>\n<\/tr>\n<tr valign=\"top\">\n<td width=\"840\"><span class=\"collapseomatic noarrow\" id=\"id69effa51de795\"  tabindex=\"0\" title=\"38. JESUS, Carolina Maria de. &lt;strong&gt;Quarto de despejo: di\u00e1rio de uma favelada&lt;\/strong&gt;. S\u00e3o Paulo, \u00c1tica, 10.ed.,  2014. \"    >38. JESUS, Carolina Maria de. <strong>Quarto de despejo: di\u00e1rio de uma favelada<\/strong>. S\u00e3o Paulo, \u00c1tica, 10.ed.,  2014. <\/span><div id=\"target-id69effa51de795\" class=\"collapseomatic_content \">\n<p><img decoding=\"async\" class=\"coverbook\" title=\"(JESUS, Carolina Maria de, 2014)\" src=\"https:\/\/m.media-amazon.com\/images\/I\/41FhgtgeCqL._SY445_SX342_ML2_.jpg\" alt=\"Quarto de despejo: di\u00e1rio de uma favelada\" \/><\/p>\n<p><strong>Meio de leitura<\/strong>: Livro digital<\/p>\n<p><strong>Descri\u00e7\u00e3o do Livro<\/strong> (conte\u00fado extra\u00eddo de divulga\u00e7\u00f5es em livrarias virtuais)<br \/>O di\u00e1rio da catadora de papel Carolina Maria de Jesus deu origem \u00e0 este livro, que relata o cotidiano triste e cruel da vida na favela. A linguagem simples, mas contundente, comove o leitor pelo realismo e pelo olhar sens\u00edvel na hora de contar o que viu, viveu e sentiu nos anos em que morou na comunidade do Canind\u00e9, em S\u00e3o Paulo, com tr\u00eas filhos.<\/p>\n<p><strong>O que foi poss\u00edvel extrair do livro<\/strong> (conte\u00fado desenvolvido pelo respons\u00e1vel por este website)<br \/>As contribui\u00e7\u00f5es que podem ser extra\u00eddas deste livro s\u00e3o v\u00e1rias, tanto em termos de forma devido a constru\u00e7\u00e3o do texto em primeira pessoa, quanto pelo conte\u00fado, que traz diversos e importantes elementos de \u00e9poca, incluindo desafios sociais atemporais. A principal contribui\u00e7\u00e3o que este livro me trouxe refere-se aos riscos da aplica\u00e7\u00e3o de uma l\u00f3gica meritocr\u00e1tica no contexto da vida das pessoas. O livro me faz pensar quantas Carolinas de Jesus s\u00e3o engolidas pelo contexto de suas vidas, acabando invisibilizadas e simplesmente apagando-se na hist\u00f3ria. O pr\u00f3prio conte\u00fado mostra o quanto a autora vive no limite entre estar vida ou simplesmente apagar-se da hist\u00f3ria. Portanto, o livro mostra o quanto \u00e9 importante manter o cuidado e olhar atento a quem nos cerca. Esse aprendizado se aplica a tudo, incluindo o contexto laboral, onde se insere a Ergonomia e a Seguran\u00e7a no Trabalho.<br \/>.<\/div><\/td>\n<\/tr>\n<tr valign=\"top\">\n<td width=\"840\"><span class=\"collapseomatic noarrow\" id=\"id69effa51de7dd\"  tabindex=\"0\" title=\"39. KAFKA, Franz. &lt;strong&gt;Metamorfose&lt;\/strong&gt;. S\u00e3o Paulo, Novo S\u00e9culo,  2017. \"    >39. KAFKA, Franz. <strong>Metamorfose<\/strong>. S\u00e3o Paulo, Novo S\u00e9culo,  2017. <\/span><div id=\"target-id69effa51de7dd\" class=\"collapseomatic_content \">\n<p><img decoding=\"async\" class=\"coverbook\" title=\"(KAFKA, Franz, 2017)\" src=\"https:\/\/m.media-amazon.com\/images\/I\/81Y7ieUN7JL._SY425_.jpg\" alt=\"Metamorfose\" \/><\/p>\n<p><strong>Meio de leitura<\/strong>: Livro f\u00edsico<\/p>\n<p><strong>Descri\u00e7\u00e3o do Livro<\/strong> (conte\u00fado extra\u00eddo de divulga\u00e7\u00f5es em livrarias virtuais)<br \/>Em &#8220;A Metamorfose&#8221;, um dos grandes cl\u00e1ssicos do s\u00e9culo passado, Franz Kafka conta a hist\u00f3ria de Gregor Samsa, um caixeiro-viajante frustrado com seu trabalho e que carrega o fardo de sustentar a fam\u00edlia. Certa manh\u00e3, Gregor acorda e se v\u00ea transformado em um inseto monstruoso. Esse acontecimento fantasioso desencadeia uma s\u00e9rie de a\u00e7\u00f5es que mostram a impot\u00eancia do homem diante do pragmatismo da sociedade.<\/p>\n<p><strong>O que foi poss\u00edvel extrair do livro<\/strong> (conte\u00fado desenvolvido pelo respons\u00e1vel por este website)<br \/>Este \u00e9 sem d\u00favidas, o livro forte que li nos \u00faltimos tempos. \u00c9 impressionante como uma hist\u00f3ria t\u00e3o curta consegue nos perturbar de forma t\u00e3o intensa. Assim como nos demais livros de Kafka, este \u00e9 um livro que alcan\u00e7a aspectos de nossa condi\u00e7\u00e3o humana que s\u00e3o atemporais. N\u00e3o bastasse isso, os contornos do que ele escreve parece se embrenhar em diversas lacunas que instigam nossas vidas. Dif\u00edcil definir at\u00e9 onde os efeitos de seu texto nos alcan\u00e7am, mas se torna f\u00e1cil perceber porque sua pequena grande obra ficou t\u00e3o famosa.<br \/>.<\/div><\/td>\n<\/tr>\n<tr valign=\"top\">\n<td width=\"840\"><span class=\"collapseomatic noarrow\" id=\"id69effa51de824\"  tabindex=\"0\" title=\"40. KAFKA, Franz. &lt;strong&gt;O Castelo&lt;\/strong&gt;. S\u00e3o Paulo, Novo S\u00e9culo,  2017. \"    >40. KAFKA, Franz. <strong>O Castelo<\/strong>. S\u00e3o Paulo, Novo S\u00e9culo,  2017. <\/span><div id=\"target-id69effa51de824\" class=\"collapseomatic_content \">\n<p><img decoding=\"async\" class=\"coverbook\" title=\"(KAFKA, Franz, 2017)\" src=\"https:\/\/m.media-amazon.com\/images\/I\/81GZvPbccXL._SY385_.jpg\" alt=\"O Castelo\" \/><\/p>\n<p><strong>Meio de leitura<\/strong>: Livro f\u00edsico<\/p>\n<p><strong>Descri\u00e7\u00e3o do Livro<\/strong> (conte\u00fado extra\u00eddo de divulga\u00e7\u00f5es em livrarias virtuais)<br \/>O agrimensor K. chega a uma aldeia coberta de neve e procura abrigo num albergue perto da ponte. O ambiente sombrio e a recep\u00e7\u00e3o amb\u00edgua d\u00e3o o tom do que ser\u00e1 o romance. No dia seguinte o her\u00f3i v\u00ea, no pico da colina gelada, o castelo: como um aviso sinistro, bandos de gralhas circulam em torno da torre. O personagem, K., nunca conseguir\u00e1 chegar at\u00e9 o alto, nem os donos do poder permitir\u00e3o que o fa\u00e7a. Em vez disso, o suposto agrimensor &#8211; mesmo a esse respeito n\u00e3o h\u00e1 certeza &#8211; busca reivindicar seus direitos a um verdadeiro cortejo de burocratas maliciosos, que o atiram de um lado para outro com argumentos que desenham o labirinto intranspon\u00edvel em que se entrincheira a domina\u00e7\u00e3o. O castelo &#8211; Fausto do s\u00e9culo XX consolidado como um dos pontos mais altos da fic\u00e7\u00e3o universal &#8211; mostra a extens\u00e3o completa do termo kafkiano.<\/p>\n<p><strong>O que foi poss\u00edvel extrair do livro<\/strong> (conte\u00fado desenvolvido pelo respons\u00e1vel por este website)<br \/>.<br \/>.<\/div><\/td>\n<\/tr>\n<tr valign=\"top\">\n<td width=\"840\"><span class=\"collapseomatic noarrow\" id=\"id69effa51de86c\"  tabindex=\"0\" title=\"41. KAFKA, Franz. &lt;strong&gt;O Processo&lt;\/strong&gt;. S\u00e3o Paulo, Novo S\u00e9culo,  2017. \"    >41. KAFKA, Franz. <strong>O Processo<\/strong>. S\u00e3o Paulo, Novo S\u00e9culo,  2017. <\/span><div id=\"target-id69effa51de86c\" class=\"collapseomatic_content \">\n<p><img decoding=\"async\" class=\"coverbook\" title=\"(KAFKA, Franz, 2017)\" src=\"https:\/\/m.media-amazon.com\/images\/I\/91UMhris0sL._SY425_.jpg\" alt=\"O Processo\" \/><\/p>\n<p><strong>Meio de leitura<\/strong>: Livro f\u00edsico<\/p>\n<p><strong>Descri\u00e7\u00e3o do Livro<\/strong> (conte\u00fado extra\u00eddo de divulga\u00e7\u00f5es em livrarias virtuais)<br \/>&#8220;O processo&#8221; apresenta ao leitor o drama de Josef K., funcion\u00e1rio respeitado de um banco que, na manh\u00e3 do seu trig\u00e9simo anivers\u00e1rio, \u00e9 acusado e detido, apesar de n\u00e3o precisar ir para a pris\u00e3o. A vida de K. se transforma rapidamente j\u00e1 que a partir desse momento passa a ser um suspeito aos olhos de todos, que come\u00e7am a trat\u00e1-lo com desconfian\u00e7a \u2013 inclusive em seu trabalho. K. inicia ent\u00e3o uma longa peregrina\u00e7\u00e3o burocr\u00e1tica na tentativa de descobrir por que o acusam.<\/p>\n<p><strong>O que foi poss\u00edvel extrair do livro<\/strong> (conte\u00fado desenvolvido pelo respons\u00e1vel por este website)<br \/>.<br \/>.<\/div><\/td>\n<\/tr>\n<tr valign=\"top\">\n<td width=\"840\"><span class=\"collapseomatic noarrow\" id=\"id69effa51de8b3\"  tabindex=\"0\" title=\"42. KAHNEMAN, Daniel. &lt;strong&gt;R\u00e1pido e devagar&lt;\/strong&gt;. S\u00e3o Paulo, Companhia da Letras\/Objetiva, 1.ed.,  2012. \"    >42. KAHNEMAN, Daniel. <strong>R\u00e1pido e devagar<\/strong>. S\u00e3o Paulo, Companhia da Letras\/Objetiva, 1.ed.,  2012. <\/span><div id=\"target-id69effa51de8b3\" class=\"collapseomatic_content \">\n<p><img decoding=\"async\" class=\"coverbook\" title=\"(KAHNEMAN, Daniel, 2012)\" src=\"https:\/\/m.media-amazon.com\/images\/I\/31UDNUTPfJL._SY445_SX342_ML2_.jpg\" alt=\"R\u00e1pido e devagar\" \/><\/p>\n<p><strong>Meio de leitura<\/strong>: Livro f\u00edsico<\/p>\n<p><strong>Descri\u00e7\u00e3o do Livro<\/strong> (conte\u00fado extra\u00eddo de divulga\u00e7\u00f5es em livrarias virtuais)<br \/>R\u00e1pido e devagar: duas formas de pensar apresenta uma vis\u00e3o t\u00e3o inovadora quanto inquietante sobre como a mente funciona e como as decis\u00f5es s\u00e3o tomadas. No livro, o autor explica as duas formas como se desenvolvem o pensamento humano: uma \u00e9 r\u00e1pida, intuitiva e emocional; a outra, mais lenta, deliberativa e l\u00f3gica. Kahneman exp\u00f5e as capacidades extraordin\u00e1rias \u2014 e tamb\u00e9m os defeitos e v\u00edcios \u2014 do pensamento r\u00e1pido e revela o peso das impress\u00f5es intuitivas no processo de tomada de decis\u00f5es. O autor revela quando \u00e9 poss\u00edvel ou n\u00e3o confiar na intui\u00e7\u00e3o. Oferece insights pr\u00e1ticos e esclarecedores sobre como s\u00e3o tomadas as decis\u00f5es nos neg\u00f3cios e na vida pessoal, e como se pode usar diferentes t\u00e9cnicas para proteger contra falhas mentais que, muitas vezes, colocam o indiv\u00edduo em situa\u00e7\u00f5es de apuro.<\/p>\n<p><strong>O que foi poss\u00edvel extrair do livro<\/strong> (conte\u00fado desenvolvido pelo respons\u00e1vel por este website)<br \/>.<br \/>.<\/div><\/td>\n<\/tr>\n<tr valign=\"top\">\n<td width=\"840\"><span class=\"collapseomatic noarrow\" id=\"id69effa51de8fa\"  tabindex=\"0\" title=\"43. KRENAK, Ailton. &lt;strong&gt;A vida n\u00e3o \u00e9 \u00fatil &lt;\/strong&gt;. S\u00e3o Paulo, Companhia da Letras,  2020. \"    >43. KRENAK, Ailton. <strong>A vida n\u00e3o \u00e9 \u00fatil <\/strong>. S\u00e3o Paulo, Companhia da Letras,  2020. <\/span><div id=\"target-id69effa51de8fa\" class=\"collapseomatic_content \">\n<p><img decoding=\"async\" class=\"coverbook\" title=\"(KRENAK, Ailton, 2020)\" src=\"https:\/\/m.media-amazon.com\/images\/I\/71l-enHvp1L._SY385_.jpg\" alt=\"A vida n\u00e3o \u00e9 \u00fatil \" \/><\/p>\n<p><strong>Meio de leitura<\/strong>: Livro digital<\/p>\n<p><strong>Descri\u00e7\u00e3o do Livro<\/strong> (conte\u00fado extra\u00eddo de divulga\u00e7\u00f5es em livrarias virtuais)<br \/>Um apanhado de importantes reflex\u00f5es e ensaios, com origem em uma poderosa forma de pensar a vida e o mundo.<\/p>\n<p><strong>O que foi poss\u00edvel extrair do livro<\/strong> (conte\u00fado desenvolvido pelo respons\u00e1vel por este website)<br \/>.<br \/>.<\/div><\/td>\n<\/tr>\n<tr valign=\"top\">\n<td width=\"840\"><span class=\"collapseomatic noarrow\" id=\"id69effa51de942\"  tabindex=\"0\" title=\"44. KRENAK, Ailton. &lt;strong&gt;O amanh\u00e3 n\u00e3o est\u00e1 a venda (ensaio)&lt;\/strong&gt;. S\u00e3o Paulo, Companhia da Letras,  2020. \"    >44. KRENAK, Ailton. <strong>O amanh\u00e3 n\u00e3o est\u00e1 a venda (ensaio)<\/strong>. S\u00e3o Paulo, Companhia da Letras,  2020. <\/span><div id=\"target-id69effa51de942\" class=\"collapseomatic_content \">\n<p><img decoding=\"async\" class=\"coverbook\" title=\"(KRENAK, Ailton, 2020)\" src=\"https:\/\/m.media-amazon.com\/images\/I\/81Z0sdF6ufL._SY385_.jpg\" alt=\"O amanh\u00e3 n\u00e3o est\u00e1 a venda (ensaio)\" \/><\/p>\n<p><strong>Meio de leitura<\/strong>: Livro digital<\/p>\n<p><strong>Descri\u00e7\u00e3o do Livro<\/strong> (conte\u00fado extra\u00eddo de divulga\u00e7\u00f5es em livrarias virtuais)<br \/>Texto elaborado a partir de tr\u00eas entrevistas com Ailton Krenak, realizadas em abril de 2020: MAAKAROUN, Bertha, \u201cO modo de funcionamento da humanidade entrou em crise\u201d. Estado de Minas, 3 abr. 2020; HELAL FILHO, William, \u201cVoltar ao normal seria como se converter ao negacionismo e aceitar que a Terra \u00e9 plana\u201d. O Globo, 6 abr. 2020; MARTINS, Christiana, \u201cN\u00e3o sou um pregador do apocalipse. Contra essa pandemia \u00e9 preciso ter cuidado e depois coragem\u201d. Expresso, Lisboa, 7 abr. 2020.<\/p>\n<p><strong>O que foi poss\u00edvel extrair do livro<\/strong> (conte\u00fado desenvolvido pelo respons\u00e1vel por este website)<br \/>.<br \/>.<\/div><\/td>\n<\/tr>\n<tr valign=\"top\">\n<td width=\"840\"><span class=\"collapseomatic noarrow\" id=\"id69effa51de98a\"  tabindex=\"0\" title=\"45. KRENAK, Ailton. &lt;strong&gt;Ideias para adiar o fim do mundo&lt;\/strong&gt;. S\u00e3o Paulo, Companhia da Letras,  2019. \"    >45. KRENAK, Ailton. <strong>Ideias para adiar o fim do mundo<\/strong>. S\u00e3o Paulo, Companhia da Letras,  2019. <\/span><div id=\"target-id69effa51de98a\" class=\"collapseomatic_content \">\n<p><img decoding=\"async\" class=\"coverbook\" title=\"(KRENAK, Ailton, 2019)\" src=\"https:\/\/m.media-amazon.com\/images\/I\/713Ib086TbL._SY385_.jpg\" alt=\"Ideias para adiar o fim do mundo\" \/><\/p>\n<p><strong>Meio de leitura<\/strong>: Livro digital<\/p>\n<p><strong>Descri\u00e7\u00e3o do Livro<\/strong> (conte\u00fado extra\u00eddo de divulga\u00e7\u00f5es em livrarias virtuais)<br \/>Ailton Krenak nasceu na regi\u00e3o do vale do rio Doce, um lugar cuja ecologia se encontra profundamente afetada pela atividade de extra\u00e7\u00e3o mineira. Neste livro, o l\u00edder ind\u00edgena critica a ideia de humanidade como algo separado da natureza, uma \u201chumanidade que n\u00e3o reconhece que aquele rio que est\u00e1 em coma \u00e9 tamb\u00e9m o nosso av\u00f4\u201d.<\/p>\n<p><strong>O que foi poss\u00edvel extrair do livro<\/strong> (conte\u00fado desenvolvido pelo respons\u00e1vel por este website)<br \/>.<br \/>.<\/div><\/td>\n<\/tr>\n<tr valign=\"top\">\n<td width=\"840\"><span class=\"collapseomatic noarrow\" id=\"id69effa51de9d3\"  tabindex=\"0\" title=\"46. LEATHERBARROW, Andrew. &lt;strong&gt;Chernobyl 01:23:40&lt;\/strong&gt;. Porto Alegre, L&amp;PM, 1.ed.,  2019. \"    >46. LEATHERBARROW, Andrew. <strong>Chernobyl 01:23:40<\/strong>. Porto Alegre, L&amp;PM, 1.ed.,  2019. <\/span><div id=\"target-id69effa51de9d3\" class=\"collapseomatic_content \">\n<p><img decoding=\"async\" class=\"coverbook\" title=\"(LEATHERBARROW, Andrew, 2019)\" src=\"https:\/\/m.media-amazon.com\/images\/I\/81nGNHcTWcL._SY425_.jpg\" alt=\"Chernobyl 01:23:40\" \/><\/p>\n<p><strong>Meio de leitura<\/strong>: Livro f\u00edsico<\/p>\n<p><strong>Descri\u00e7\u00e3o do Livro<\/strong> (conte\u00fado extra\u00eddo de divulga\u00e7\u00f5es em livrarias virtuais)<br \/>\u00c0 01:23:40 do dia 26 de abril de 1986, o engenheiro de turbinas Aleksandr Akimov apertou o bot\u00e3o de emerg\u00eancia do reator da Unidade 4 da usina de Chernobyl ap\u00f3s um desastroso teste, e o planeta nunca mais foi o mesmo. A a\u00e7\u00e3o desencadeou a explos\u00e3o do reator e consequentemente o pior acidente nuclear da \u00adhist\u00f3ria, abafado por dias pelo regime sovi\u00e9tico. Milhares de pessoas \u00admorreram, centenas de milhares foram afetadas e outras tantas padecem at\u00e9 hoje devido \u00e0 contamina\u00e7\u00e3o pela radia\u00e7\u00e3o liberada. Andrew Leatherbarrow, fascinado por essa cat\u00e1strofe que tornou parte da Europa inabit\u00e1vel pelos pr\u00f3ximos dez mil anos, traz aqui um relato \u00fanico sobre o que realmente aconteceu em Chernobyl naquela madrugada e seus dram\u00e1ticos desdobramentos na vida dos homens e mulheres. Leatherbarrow \u2013 consultor t\u00e9cnico da miniss\u00e9rie de mesmo nome da HBO \u2013 apresenta um relato claro, preciso e instigante, al\u00e9m de mostrar o que resta hoje da cidade-fantasma de Pripyat, onde morava a maioria dos trabalhadores da planta. Uma narrativa sem igual, que recupera para as novas gera\u00e7\u00f5es a import\u00e2ncia e o legado de Chernobyl.<\/p>\n<p><strong>O que foi poss\u00edvel extrair do livro<\/strong> (conte\u00fado desenvolvido pelo respons\u00e1vel por este website)<br \/>Um bom livro para compreender os contornos da cat\u00e1strofe nuclear ligada \u00e0 Usina de Chernobyl em 1986. A riqueza do livro est\u00e1 exatamente na linguagem leiga e leve, proveniente do pr\u00f3prio perfil do autor. Isso torna a leitura sobre um dos acidentes mais dram\u00e1ticos da hist\u00f3ria humana uma tarefa agrad\u00e1vel e fascinante, sem perder de vista aspectos \u00fateis no tocante \u00e0s quest\u00f5es t\u00e9cnicas no que se refere ao acidente propriamente dito e as investiga\u00e7\u00f5es sobre ele.<br \/>.<\/div><\/td>\n<\/tr>\n<tr valign=\"top\">\n<td width=\"840\"><span class=\"collapseomatic noarrow\" id=\"id69effa51dea1c\"  tabindex=\"0\" title=\"47. LEVITT, Steven D.; DUBNER, Stephen J.. &lt;strong&gt;Freakonomics: O Lado Oculto e Inesperado de Tudo que nos Afeta&lt;\/strong&gt;. Rio de Janeiro, Alta Cult, 1.ed.,  2019. \"    >47. LEVITT, Steven D.; DUBNER, Stephen J.. <strong>Freakonomics: O Lado Oculto e Inesperado de Tudo que nos Afeta<\/strong>. Rio de Janeiro, Alta Cult, 1.ed.,  2019. <\/span><div id=\"target-id69effa51dea1c\" class=\"collapseomatic_content \">\n<p><img decoding=\"async\" class=\"coverbook\" title=\"(LEVITT, Steven D.; DUBNER, Stephen J., 2019)\" src=\"https:\/\/m.media-amazon.com\/images\/I\/414TCT9RaqL._SY445_SX342_QL70_ML2_.jpg\" alt=\"Freakonomics: O Lado Oculto e Inesperado de Tudo que nos Afeta\" \/><\/p>\n<p><strong>Meio de leitura<\/strong>: Livro digital<\/p>\n<p><strong>Descri\u00e7\u00e3o do Livro<\/strong> (conte\u00fado extra\u00eddo de divulga\u00e7\u00f5es em livrarias virtuais)<br \/>O livro destaque do ano, segundo o The New York Times considerado o melhor livro do ano por The Economist, The Nem York Magazine, Amazon.com e Barnessandnoble.com, vencedor do premio Quill 2005 para o melhor livro do ano sobre neg\u00f3cios. Finalista do Pr\u00eamio financial Times\/Goldman Sashs para o melhor livro do ano sobre neg\u00f3cios. O que \u00e9 mais perigoso, uma arma ou uma piscina?O que os professores e os lutadores de sum\u00f4 t\u00eam em comum?Por que os traficantes de drogas moram com as m\u00e3es? Qual a import\u00e2ncia real dos pais?Que tipo de impacto teve o caso Roe x Wade, que levou \u00e0 legaliza\u00e7\u00e3o do aborto nos Estados Unidos, sobre a criminalidade? Talvez essas n\u00e3o pare\u00e7am perguntas de um economista, mas Steven D. Levitt n\u00e3o \u00e9 um economista como os outros. Um acad\u00eamico super aclamado, ele estuda a rotina e os enigmas da vida real &#8211; da trapa\u00e7a \u00e0 criminalidade, dos esportes \u00e0 cria\u00e7\u00e3o dos filhos &#8211; e suas conclus\u00f5es costumam virar de cabe\u00e7a para baixo o senso comum, geralmente a partir de uma montanha de dados e de uma pergunta simples nunca feita. Algumas dessas perguntas tratam de quest\u00f5es de vida ou morte, outras t\u00eam uma natureza assumidamente esdr\u00faxula. Da\u00ed surge o novo campo de estudo apresentado neste livro: freakonomics. Steven Levitt e Stephen Dubner demonstram que a Economia \u00e9, em ess\u00eancia, o estudo dos incentivos &#8211; como as pessoas conseguem o que desejam ou lhes \u00e9 necess\u00e1rio, principalmente quando outros desejam a mesma coisa ou dela necessitam. <\/p>\n<p><strong>O que foi poss\u00edvel extrair do livro<\/strong> (conte\u00fado desenvolvido pelo respons\u00e1vel por este website)<br \/>.<br \/>.<\/div><\/td>\n<\/tr>\n<tr valign=\"top\">\n<td width=\"840\"><span class=\"collapseomatic noarrow\" id=\"id69effa51dea67\"  tabindex=\"0\" title=\"48. LUCCA, Marcelo. &lt;strong&gt;Os Motoristas de Aplicativos e a Seguran\u00e7a do Trabalho na Ind\u00fastria 4.0&lt;\/strong&gt;. Porto Alegre, Paix\u00e3o Editores, 1.ed.,  2020. \"    >48. LUCCA, Marcelo. <strong>Os Motoristas de Aplicativos e a Seguran\u00e7a do Trabalho na Ind\u00fastria 4.0<\/strong>. Porto Alegre, Paix\u00e3o Editores, 1.ed.,  2020. <\/span><div id=\"target-id69effa51dea67\" class=\"collapseomatic_content \">\n<p><img decoding=\"async\" class=\"coverbook\" title=\"(LUCCA, Marcelo, 2020)\" src=\"https:\/\/m.media-amazon.com\/images\/I\/61ZKyVcOutL._SY385_.jpg\" alt=\"Os Motoristas de Aplicativos e a Seguran\u00e7a do Trabalho na Ind\u00fastria 4.0\" \/><\/p>\n<p><strong>Meio de leitura<\/strong>: Livro f\u00edsico<\/p>\n<p><strong>Descri\u00e7\u00e3o do Livro<\/strong> (conte\u00fado extra\u00eddo de divulga\u00e7\u00f5es em livrarias virtuais)<br \/>As inova\u00e7\u00f5es disruptivas, estimuladas por anseios de flexibilidade e da chamada economia do compartilhamento, uma das for\u00e7as motrizes da Ind\u00fastria 4.0, fazem parte do contexto analisado no presente livro. E ainda que a tem\u00e1tica do reconhecimento das novas rela\u00e7\u00f5es de trabalho nesta economia do compartilhamento care\u00e7a de defini\u00e7\u00f5es, indaga-se o quanto \u00e9 assegurado o direito \u00e0 sa\u00fade e seguran\u00e7a daqueles que trabalham como motoristas demandados por aplicativos, em um cen\u00e1rio no qual busca-se a afirma\u00e7\u00e3o do trabalho digno e seguro como direito fundamental.<\/p>\n<p><strong>O que foi poss\u00edvel extrair do livro<\/strong> (conte\u00fado desenvolvido pelo respons\u00e1vel por este website)<br \/>Um bom livro, principalmente por conta de sua revis\u00e3o te\u00f3rica, j\u00e1 que sua origem se d\u00e1 de uma pesquisa acad\u00eamica defendida em meados do per\u00edodo que precedeu a pandemia da COVID-19. A sustenta\u00e7\u00e3o te\u00f3rica pode ser bastante \u00fatil para compreender as implica\u00e7\u00f5es da ind\u00fastria 4.0 e os desafios relativos ao amparo legal para conviver com as mudan\u00e7as que vem sendo experimentadas no contexto do trabalho em tempos de mudan\u00e7as economicas e sociais radicais.<br \/>.<\/div><\/td>\n<\/tr>\n<tr valign=\"top\">\n<td width=\"840\"><span class=\"collapseomatic noarrow\" id=\"id69effa51deab0\"  tabindex=\"0\" title=\"49. MAQUIAVEL, Nicolau. &lt;strong&gt;O Pr\u00edncipe&lt;\/strong&gt;. Porto ALegre, L&amp;PM, 1.ed.,  2019. \"    >49. MAQUIAVEL, Nicolau. <strong>O Pr\u00edncipe<\/strong>. Porto ALegre, L&amp;PM, 1.ed.,  2019. <\/span><div id=\"target-id69effa51deab0\" class=\"collapseomatic_content \">\n<p><img decoding=\"async\" class=\"coverbook\" title=\"(MAQUIAVEL, Nicolau, 2019)\" src=\"https:\/\/m.media-amazon.com\/images\/I\/91qvnAjfxtL._SY425_.jpg\" alt=\"O Pr\u00edncipe\" \/><\/p>\n<p><strong>Meio de leitura<\/strong>: Livro f\u00edsico<\/p>\n<p><strong>Descri\u00e7\u00e3o do Livro<\/strong> (conte\u00fado extra\u00eddo de divulga\u00e7\u00f5es em livrarias virtuais)<br \/>Nascido em Floren\u00e7a, Maquiavel (1469-1527) foi o mais importante historiador, fil\u00f3sofo, dramaturgo, diplomata e cientista pol\u00edtico italiano do Renascimento. \u00c9 reconhecido como fundador do pensamento e da Ci\u00eancia Pol\u00edtica moderna, pela simples manobra de escrever sobre o Estado e o governo como realmente s\u00e3o e n\u00e3o como deveriam ser. Exilado de seu pa\u00eds em 1512 pelos M\u00e9dicis, a esse afastamento se deve a maior parte das obras que imortalizaram o seu nome, das quais a mais c\u00e9lebre \u00e9 o tratado O pr\u00edncipe (conclu\u00eddo em 1515 mas publicado somente em 1532), em que desenvolve um sistema de pol\u00edtica que tem por base a ast\u00facia. As suas doutrinas concordavam ent\u00e3o com o direito p\u00fablico do tempo, delas tendo surgido, pode-se dizer, toda uma literatura pol\u00edtica que, atrav\u00e9s do s\u00e9culo XVII, se junta \u00e0 corrente de filosofia social derivada de Locke e de Montesquieu. A obra prima de Maquiavel teve, por\u00e9m, numerosos contraditores, o mais c\u00e9lebre dos quais Frederico II. O seu nome passou \u00e0 linguagem para designar um estadista sem escr\u00fapulos. Maquiavel foi, n\u00e3o obstante, grande patriota e um dos maiores escritores da It\u00e1lia. Entre outras das suas obras constam: Tratado da arte da guerra, Discurso sobre Tito L\u00edvio, Hist\u00f3rias florentinas e algumas poesias e com\u00e9dias. Maquiavel casou-se em 1502 com Marietta Corsini, de quem teve quatro filhos e duas filhas (Bernardo, Ludovico, Piero, Guido, Bartolomea e outra menina morta na primeira inf\u00e2ncia). Ap\u00f3s o ex\u00edlio exerceu atividades pol\u00edticas por apenas dois anos, at\u00e9 sua morte, em 1527.<\/p>\n<p><strong>O que foi poss\u00edvel extrair do livro<\/strong> (conte\u00fado desenvolvido pelo respons\u00e1vel por este website)<br \/>.<br \/>.<\/div><\/td>\n<\/tr>\n<tr valign=\"top\">\n<td width=\"840\"><span class=\"collapseomatic noarrow\" id=\"id69effa51deb07\"  tabindex=\"0\" title=\"50. MBEMBE, Achille. &lt;strong&gt;Necropol\u00edtica: biopoder, soberania, estado de exce\u00e7\u00e3o, pol\u00edtica da morte&lt;\/strong&gt;. S\u00e3o Paulo, n-1 edi\u00e7\u00f5es, . 2021. \"    >50. MBEMBE, Achille. <strong>Necropol\u00edtica: biopoder, soberania, estado de exce\u00e7\u00e3o, pol\u00edtica da morte<\/strong>. S\u00e3o Paulo, n-1 edi\u00e7\u00f5es, . 2021. <\/span><div id=\"target-id69effa51deb07\" class=\"collapseomatic_content \">\n<p><img decoding=\"async\" class=\"coverbook\" title=\"(MBEMBE, Achille, 2021)\" src=\"https:\/\/m.media-amazon.com\/images\/I\/31rfsuXzheS._SY445_SX342_QL70_ML2_.jpg\" alt=\"Necropol\u00edtica: biopoder, soberania, estado de exce\u00e7\u00e3o, pol\u00edtica da morte\" \/><\/p>\n<p><strong>Meio de leitura<\/strong>: Livro f\u00edsico<\/p>\n<p><strong>Descri\u00e7\u00e3o do Livro<\/strong> (conte\u00fado extra\u00eddo de divulga\u00e7\u00f5es em livrarias virtuais)<br \/>Neste ensaio, propus que as formas contempor\u00e2neas que subjugam a vida ao poder da morte (necropol\u00edtica) reconfiguram profundamente as rela\u00e7\u00f5es entre resist\u00eancia, sacrif\u00edcio e terror. Tentei demonstrar que a no\u00e7\u00e3o de biopoder \u00e9 insuficiente para dar conta das formas contempor\u00e2neas de submiss\u00e3o da vida ao poder da morte. Al\u00e9m disso, propus a no\u00e7\u00e3o de necropol\u00edtica e de necropoder para dar conta das v\u00e1rias maneiras pelas quais, em nosso mundo contempor\u00e2neo, as armas de fogo s\u00e3o dispostas com o objetivo de provocar a destrui\u00e7\u00e3o m\u00e1xima de pessoas e criar \u201cmundos de morte\u201d, formas \u00fanicas e novas de exist\u00eancia social, nas quais vastas popula\u00e7\u00f5es s\u00e3o submetidas a condi\u00e7\u00f5es de vida que lhes conferem o estatuto de \u201cmortos-vivos\u201d. Sublinhei igualmente algumas das topografias recalcadas de crueldade (plantation e col\u00f4nia, em particular) e sugeri que o necropoder embaralha as fronteiras entre resist\u00eancia e suic\u00eddio, sacrif\u00edcio e reden\u00e7\u00e3o, m\u00e1rtir e liberdade.<\/p>\n<p><strong>O que foi poss\u00edvel extrair do livro<\/strong> (conte\u00fado desenvolvido pelo respons\u00e1vel por este website)<br \/>.<br \/>.<\/div><\/td>\n<\/tr>\n<tr valign=\"top\">\n<td width=\"840\"><span class=\"collapseomatic noarrow\" id=\"id69effa51deb53\"  tabindex=\"0\" title=\"51. MELVILLE, Herman. &lt;strong&gt;Bartleby, o escrevente: Uma hist\u00f3ria de Wall Street&lt;\/strong&gt;. , Aut\u00eantica, 1.ed.,  2015. \"    >51. MELVILLE, Herman. <strong>Bartleby, o escrevente: Uma hist\u00f3ria de Wall Street<\/strong>. , Aut\u00eantica, 1.ed.,  2015. <\/span><div id=\"target-id69effa51deb53\" class=\"collapseomatic_content \">\n<p><img decoding=\"async\" class=\"coverbook\" title=\"(MELVILLE, Herman, 2015)\" src=\"https:\/\/m.media-amazon.com\/images\/I\/81mXLhMewoL._SY425_.jpg\" alt=\"Bartleby, o escrevente: Uma hist\u00f3ria de Wall Street\" \/><\/p>\n<p><strong>Meio de leitura<\/strong>: Livro digital<\/p>\n<p><strong>Descri\u00e7\u00e3o do Livro<\/strong> (conte\u00fado extra\u00eddo de divulga\u00e7\u00f5es em livrarias virtuais)<br \/>Um advogado nova-iorquino de meados do s\u00e9culo XIX resolve contratar um novo copista. Atendendo ao an\u00fancio do advogado, apresenta-se \u00e0 porta de seu escrit\u00f3rio um jovem que ele caracteriza como uma figura \u201cpalidamente asseada, lastimosamente respeit\u00e1vel, incuravelmente desolada\u201d. Era Bartleby. No come\u00e7o, o novo copista trabalhava fazendo o que se esperava dele: c\u00f3pias. Mas, depois, bem, depois, n\u00e3o vamos estragar a hist\u00f3ria. Bartleby, o escrevente \u00e9 um conto de Herman Melville (1819-1891), o autor de Moby Dick, publicado pela primeira vez em 1853. O personagem central \u00e9 t\u00e3o marcante e o conto tem uma for\u00e7a tal que Bartleby tem fascinado leitores e cr\u00edticos desde sua primeira publica\u00e7\u00e3o. Foi, contemporaneamente, teorizado por fil\u00f3sofos t\u00e3o ilustres quanto Gilles Deleuze, Jacques Derrida, e Giorgio Agamben (v. Bartleby, ou da conting\u00eancia, Aut\u00eantica, 2015). A presente edi\u00e7\u00e3o apresenta o conto numa nova tradu\u00e7\u00e3o ao lado do original em ingl\u00eas. &#8220;Confira aqui uma edi\u00e7\u00e3o on-line anotada e ilustrada (com fotos de \u00e9poca) do texto original de Melville.&#8221;:http:\/\/www.slate.com\/articles\/arts\/culturebox\/2015\/10\/<\/p>\n<p><strong>O que foi poss\u00edvel extrair do livro<\/strong> (conte\u00fado desenvolvido pelo respons\u00e1vel por este website)<br \/>Uma hist\u00f3ria que pode ser lida em poucas horas, mas que carrega \u00f3timos est\u00edmulos para reflex\u00f5es em v\u00e1rias frentes. O discurso trazido no livro lembra tanto os textos de Kafka que nos instiga a pensar se ele n\u00e3o teria visitado a pequena grande obra de Melville antes de desenvolver seus memor\u00e1veis textos. H\u00e1 um rico vi\u00e9s na obra que pode inspirar \u00f3timas discuss\u00f5es no campo da Sa\u00fade Laboral. A condi\u00e7\u00e3o e comportamento de Bartleby, e as pessoas que lhe cercam, nos intiga a pensar nos elementos correlatos \u00e0 efici\u00eancia, disciplina, m\u00e9rito, lideran\u00e7a (ou aparente falta dela), empatia, precariedade no trabalho, entre outros aspectos. Os \u00faltimos par\u00e1grafos do livro, que em princ\u00edpio elucidariam os mist\u00e9rios presentes nas p\u00e1ginas anteriores, nos empurram ainda mais para reflex\u00f5es sobre valoriza\u00e7\u00e3o do trabalhador enquanto indiv\u00edduo. Fecho a dica com as palavras finais do livro, talvez com o intuito de fazer um convite para que outros acessem essa \u00f3tima leitura datada do ano de 1856, mas com reflex\u00f5es certamente atemporais: &#8220;Oh Bartleby! Oh Humanidade!&#8221;<br \/>.<\/div><\/td>\n<\/tr>\n<tr valign=\"top\">\n<td width=\"840\"><span class=\"collapseomatic noarrow\" id=\"id69effa51deb9d\"  tabindex=\"0\" title=\"52. MLODINOW, Leonard. &lt;strong&gt;Subliminar: Como o inconsciente influencia nossas vidas&lt;\/strong&gt;. Rio de Janeiro, Companhia da Letras\/Zahar, 1.ed.,  2013. \"    >52. MLODINOW, Leonard. <strong>Subliminar: Como o inconsciente influencia nossas vidas<\/strong>. Rio de Janeiro, Companhia da Letras\/Zahar, 1.ed.,  2013. <\/span><div id=\"target-id69effa51deb9d\" class=\"collapseomatic_content \">\n<p><img decoding=\"async\" class=\"coverbook\" title=\"(MLODINOW, Leonard, 2013)\" src=\"https:\/\/m.media-amazon.com\/images\/I\/51thSUSmJRL._SY445_SX342_QL70_ML2_.jpg\" alt=\"Subliminar: Como o inconsciente influencia nossas vidas\" \/><\/p>\n<p><strong>Meio de leitura<\/strong>: Livro f\u00edsico<\/p>\n<p><strong>Descri\u00e7\u00e3o do Livro<\/strong> (conte\u00fado extra\u00eddo de divulga\u00e7\u00f5es em livrarias virtuais)<br \/>Voc\u00ea acha que sabe como e por que faz suas escolhas? Suas prefer\u00eancias pol\u00edticas, a gorjeta que d\u00e1 ao gar\u00e7om, aquele colega de trabalho com uma cara t\u00e3o amig\u00e1vel de quem voc\u00ea desconfia e at\u00e9 a pessoa com quem voc\u00ea se casa n\u00e3o s\u00e3o op\u00e7\u00f5es t\u00e3o objetivas assim. Leonard Mlodinow, autor do best-seller O andar do b\u00eabado, investiga, de forma divertida e brilhante, como o inconsciente modela nosso comportamento e determina nossas decis\u00f5es e ju\u00edzos sobre o mundo, as pessoas, as coisas.<\/p>\n<p><strong>O que foi poss\u00edvel extrair do livro<\/strong> (conte\u00fado desenvolvido pelo respons\u00e1vel por este website)<br \/>.<br \/>.<\/div><\/td>\n<\/tr>\n<tr valign=\"top\">\n<td width=\"840\"><span class=\"collapseomatic noarrow\" id=\"id69effa51debe7\"  tabindex=\"0\" title=\"53. MLODINOW, Leonard. &lt;strong&gt;O andar do b\u00eabado: Como o acaso determina&lt;\/strong&gt;. Rio de Janeiro, Companhia da Letras\/Zahar, 1.ed.,  2009. \"    >53. MLODINOW, Leonard. <strong>O andar do b\u00eabado: Como o acaso determina<\/strong>. Rio de Janeiro, Companhia da Letras\/Zahar, 1.ed.,  2009. <\/span><div id=\"target-id69effa51debe7\" class=\"collapseomatic_content \">\n<p><img decoding=\"async\" class=\"coverbook\" title=\"(MLODINOW, Leonard, 2009)\" src=\"https:\/\/m.media-amazon.com\/images\/I\/81HhFIyG1iL._SY425_.jpg\" alt=\"O andar do b\u00eabado: Como o acaso determina\" \/><\/p>\n<p><strong>Meio de leitura<\/strong>: Livro f\u00edsico<\/p>\n<p><strong>Descri\u00e7\u00e3o do Livro<\/strong> (conte\u00fado extra\u00eddo de divulga\u00e7\u00f5es em livrarias virtuais)<br \/>N\u00e3o estamos preparados para lidar com o aleat\u00f3rio e, por isso, n\u00e3o percebemos o quanto o acaso interfere em nossas vidas. Num tom irreverente, citando exemplos e pesquisas presentes em todos os \u00e2mbitos da vida, do mercado financeiro aos esportes, de Hollywood \u00e0 medicina, Leonard Mlodinow apresenta de forma divertida e curiosa as ferramentas necess\u00e1rias para identificar os ind\u00edcios do acaso. Como resultado, nos ajuda a fazer escolhas mais acertadas e a conviver melhor com fatores que n\u00e3o podemos controlar. Prepare-se para colocar em xeque algumas certezas sobre o funcionamento do mundo e para perceber que muitas coisas s\u00e3o t\u00e3o previs\u00edveis quanto o pr\u00f3ximo passo de um b\u00eabado depois de uma noitada&#8230;<\/p>\n<p><strong>O que foi poss\u00edvel extrair do livro<\/strong> (conte\u00fado desenvolvido pelo respons\u00e1vel por este website)<br \/>.<br \/>.<\/div><\/td>\n<\/tr>\n<tr valign=\"top\">\n<td width=\"840\"><span class=\"collapseomatic noarrow\" id=\"id69effa51dec2f\"  tabindex=\"0\" title=\"54. MLODINOW, Leonard; CHOPRA, Deepak. &lt;strong&gt;Ci\u00eancia x Espiritualidade&lt;\/strong&gt;. Rio de Janeiro, Sextante, 1.ed.,  2012. \"    >54. MLODINOW, Leonard; CHOPRA, Deepak. <strong>Ci\u00eancia x Espiritualidade<\/strong>. Rio de Janeiro, Sextante, 1.ed.,  2012. <\/span><div id=\"target-id69effa51dec2f\" class=\"collapseomatic_content \">\n<p><img decoding=\"async\" class=\"coverbook\" title=\"(MLODINOW, Leonard; CHOPRA, Deepak, 2012)\" src=\"https:\/\/m.media-amazon.com\/images\/I\/915LiJ6fmlL._SY385_.jpg\" alt=\"Ci\u00eancia x Espiritualidade\" \/><\/p>\n<p><strong>Meio de leitura<\/strong>: Livro f\u00edsico<\/p>\n<p><strong>Descri\u00e7\u00e3o do Livro<\/strong> (conte\u00fado extra\u00eddo de divulga\u00e7\u00f5es em livrarias virtuais)<br \/>Dois consagrados autores encontram-se num programa de TV para um apaixonado debate sobre o \u201cFuturo de Deus\u201d: Deepak Chopra e Leonard Mlodinow. Eles representam vis\u00f5es de mundo muito distintas. Para o primeiro, a realidade existe numa consci\u00eancia que antecede a vida no Universo; o segundo acredita que s\u00f3 a f\u00edsica pode explicar a cria\u00e7\u00e3o do cosmo. Um defende a espiritualidade, o outro, a ci\u00eancia. Este livro \u00e9 o resultado desse fant\u00e1stico di\u00e1logo. Qual dos pontos de vista est\u00e1 correto? Para descobrir isso, Ci\u00eancia x Espiritualidade aprofunda o choque das duas perspectivas em torno de quatro quest\u00f5es fundamentais: o Universo f\u00edsico, a vida, o c\u00e9rebro humano e Deus. Num di\u00e1logo sobretudo cordial e respeitoso, cada autor d\u00e1 sua resposta. A extraordin\u00e1ria reuni\u00e3o de suas interpreta\u00e7\u00f5es promove, afinal, uma converg\u00eancia de pontos de vista em nome do futuro da humanidade.<\/p>\n<p><strong>O que foi poss\u00edvel extrair do livro<\/strong> (conte\u00fado desenvolvido pelo respons\u00e1vel por este website)<br \/>.<br \/>.<\/div><\/td>\n<\/tr>\n<tr valign=\"top\">\n<td width=\"840\"><span class=\"collapseomatic noarrow\" id=\"id69effa51dec78\"  tabindex=\"0\" title=\"55. ORWEL, George. &lt;strong&gt;1984&lt;\/strong&gt;. S\u00e3o Paulo, Companhia da Letras, 1.ed.,  2009. \"    >55. ORWEL, George. <strong>1984<\/strong>. S\u00e3o Paulo, Companhia da Letras, 1.ed.,  2009. <\/span><div id=\"target-id69effa51dec78\" class=\"collapseomatic_content \">\n<p><img decoding=\"async\" class=\"coverbook\" title=\"(ORWEL, George, 2009)\" src=\"https:\/\/m.media-amazon.com\/images\/I\/91g5gcjTxsL._SY425_.jpg\" alt=\"1984\" \/><\/p>\n<p><strong>Meio de leitura<\/strong>: \u00c1udiobook<\/p>\n<p><strong>Descri\u00e7\u00e3o do Livro<\/strong> (conte\u00fado extra\u00eddo de divulga\u00e7\u00f5es em livrarias virtuais)<br \/>Publicada originalmente em 1949, a distopia futurista 1984 \u00e9 um dos romances mais influentes do s\u00e9culo XX, um inquestion\u00e1vel cl\u00e1ssico moderno. Lan\u00e7ada poucos meses antes da morte do autor, \u00e9 uma obra magistral que ainda se imp\u00f5e como uma poderosa reflex\u00e3o ficcional sobre a ess\u00eancia nefasta de qualquer forma de poder totalit\u00e1rio.. Winston, her\u00f3i de 1984, \u00faltimo romance de George Orwell, vive aprisionado na engrenagem totalit\u00e1ria de uma sociedade completamente dominada pelo Estado, onde tudo \u00e9 feito coletivamente, mas cada qual vive sozinho. Ningu\u00e9m escapa \u00e0 vigil\u00e2ncia do Grande Irm\u00e3o, a mais famosa personifica\u00e7\u00e3o liter\u00e1ria de um poder c\u00ednico e cruel ao infinito, al\u00e9m de vazio de sentido hist\u00f3rico. De fato, a ideologia do Partido dominante em Oce\u00e2nia n\u00e3o visa nada de coisa alguma para ningu\u00e9m, no presente ou no futuro. O&#8217;Brien, hierarca do Partido, \u00e9 quem explica a Winston que &#8220;s\u00f3 nos interessa o poder em si. Nem riqueza, nem luxo, nem vida longa, nem felicidade: s\u00f3 o poder pelo poder, poder puro&#8221;.<\/p>\n<p><strong>O que foi poss\u00edvel extrair do livro<\/strong> (conte\u00fado desenvolvido pelo respons\u00e1vel por este website)<br \/>.<br \/>.<\/div><\/td>\n<\/tr>\n<tr valign=\"top\">\n<td width=\"840\"><span class=\"collapseomatic noarrow\" id=\"id69effa51decc0\"  tabindex=\"0\" title=\"56. ORWEL, George. &lt;strong&gt;A revolu\u00e7\u00e3o dos bichos: Um conto de fadas&lt;\/strong&gt;. S\u00e3o Paulo, Companhia da Letras, 1.ed.,  2008. \"    >56. ORWEL, George. <strong>A revolu\u00e7\u00e3o dos bichos: Um conto de fadas<\/strong>. S\u00e3o Paulo, Companhia da Letras, 1.ed.,  2008. <\/span><div id=\"target-id69effa51decc0\" class=\"collapseomatic_content \">\n<p><img decoding=\"async\" class=\"coverbook\" title=\"(ORWEL, George, 2008)\" src=\"https:\/\/m.media-amazon.com\/images\/I\/61owA5ey3iL._SY445_SX342_ML2_.jpg\" alt=\"A revolu\u00e7\u00e3o dos bichos: Um conto de fadas\" \/><\/p>\n<p><strong>Meio de leitura<\/strong>: Livro f\u00edsico<\/p>\n<p><strong>Descri\u00e7\u00e3o do Livro<\/strong> (conte\u00fado extra\u00eddo de divulga\u00e7\u00f5es em livrarias virtuais)<br \/>Livro concebido por um dos mais influentes escritores do s\u00e9culo XX, A revolu\u00e7\u00e3o dos bichos \u00e9 uma f\u00e1bula sobre o poder. Narra a insurrei\u00e7\u00e3o dos animais de uma granja contra seus donos. Progressivamente, por\u00e9m, a revolu\u00e7\u00e3o degenera numa tirania ainda mais opressiva que a dos humanos. Escrita em plena Segunda Guerra Mundial e publicada em 1945 depois de ter sido rejeitada por v\u00e1rias editoras, essa pequena narrativa causou desconforto ao satirizar ferozmente a ditadura stalinista numa \u00e9poca em que os sovi\u00e9ticos ainda eram aliados do Ocidente na luta contra o eixo nazifascista. <\/p>\n<p><strong>O que foi poss\u00edvel extrair do livro<\/strong> (conte\u00fado desenvolvido pelo respons\u00e1vel por este website)<br \/>.<br \/>.<\/div><\/td>\n<\/tr>\n<tr valign=\"top\">\n<td width=\"840\"><span class=\"collapseomatic noarrow\" id=\"id69effa51ded09\"  tabindex=\"0\" title=\"57. PILATI, Ronaldo. &lt;strong&gt;Ci\u00eancia e pseudoci\u00eancia: porque acreditamos apenas naquilo em que queremos acreditar&lt;\/strong&gt;. S\u00e3o Paulo, Contexto, 1.ed., 2020. \"    >57. PILATI, Ronaldo. <strong>Ci\u00eancia e pseudoci\u00eancia: porque acreditamos apenas naquilo em que queremos acreditar<\/strong>. S\u00e3o Paulo, Contexto, 1.ed., 2020. <\/span><div id=\"target-id69effa51ded09\" class=\"collapseomatic_content \">\n<p><img decoding=\"async\" class=\"coverbook\" title=\"(PILATI, Ronaldo, 2020)\" src=\"https:\/\/m.media-amazon.com\/images\/I\/81jAnhJrPoL._SY385_.jpg\" alt=\"Ci\u00eancia e pseudoci\u00eancia: porque acreditamos apenas naquilo em que queremos acreditar\" \/><\/p>\n<p><strong>Meio de leitura<\/strong>: Livro f\u00edsico<\/p>\n<p><strong>Descri\u00e7\u00e3o do Livro<\/strong> (conte\u00fado extra\u00eddo de divulga\u00e7\u00f5es em livrarias virtuais)<br \/>Voc\u00ea, ser racional, j\u00e1 se pegou acreditando em supersti\u00e7\u00f5es ou qualquer coisa sem nenhuma evid\u00eancia cient\u00edfica? Pois \u00e9, isso \u00e9 muito mais comum do que se imagina, pois somos m\u00e1quinas de cren\u00e7as, que, antes de analisar criticamente, acreditamos ou desacreditamos de forma autom\u00e1tica e s\u00f3 mais tarde procuramos raciocinar sobre a quest\u00e3o. E como combater essa tend\u00eancia e n\u00e3o passar vexame espalhando fake news por a\u00ed? A resposta est\u00e1 neste livro do psic\u00f3logo e pesquisador Ronaldo Pilati: adquirir uma postura cient\u00edfica de compreens\u00e3o do mundo. Nestes tempos de excesso de informa\u00e7\u00f5es, muitas delas falsas, esta obra serve como um guia para se aprender como avaliar criticamente aquilo que se l\u00ea e que se ouve por a\u00ed sob o nome de \u201ccient\u00edfico\u201d.Esta obra far\u00e1 voc\u00ea rever suas cren\u00e7as. E sua vida.<\/p>\n<p><strong>O que foi poss\u00edvel extrair do livro<\/strong> (conte\u00fado desenvolvido pelo respons\u00e1vel por este website)<br \/>Um livro curto e simples, com linguagem extremamente acess\u00edvel. O autor cita em diversos momentos livros que ganharam recentemente aten\u00e7\u00e3o como bestsellers, enquanto constroi gradualmente seu entendimento sobre a Ci\u00eancia, a Pseudoci\u00eancia e os mecanismos que giram em torno disso, com especial aten\u00e7\u00e3o aos mecanismos cognitivos. Um ponto forte \u00e9 a simplicidade com o livro o conceito de falseabilidade, ou facificabilidade, que consiste em algo que deveria estar muito bem introspectado entre pessoas que produzem pesquisas. Por fim, ele traz sua compreens\u00e3o e explica\u00e7\u00f5es quanto ao que nomeia Escaninhos Mentais (EM). Recomendo a leitura, especialmente a graduandos que almejam seguir no meio acad\u00eamico e mestrandos em in\u00edcio do Mestrado.<br \/>.<\/div><\/td>\n<\/tr>\n<tr valign=\"top\">\n<td width=\"840\"><span class=\"collapseomatic noarrow\" id=\"id69effa51ded52\"  tabindex=\"0\" title=\"58. PINKER, Steven. &lt;strong&gt;Como a mente funciona&lt;\/strong&gt;. S\u00e3o Paulo, Companhia da Letras, 1.ed.,  1998. \"    >58. PINKER, Steven. <strong>Como a mente funciona<\/strong>. S\u00e3o Paulo, Companhia da Letras, 1.ed.,  1998. <\/span><div id=\"target-id69effa51ded52\" class=\"collapseomatic_content \">\n<p><img decoding=\"async\" class=\"coverbook\" title=\"(PINKER, Steven, 1998)\" src=\"https:\/\/m.media-amazon.com\/images\/I\/4171yYDVhxL._SY445_SX342_ML2_.jpg\" alt=\"Como a mente funciona\" \/><\/p>\n<p><strong>Meio de leitura<\/strong>: Livro f\u00edsico<\/p>\n<p><strong>Descri\u00e7\u00e3o do Livro<\/strong> (conte\u00fado extra\u00eddo de divulga\u00e7\u00f5es em livrarias virtuais)<br \/>Como as crian\u00e7as aprendem sobre o mundo que as rodeia? Como tomamos decis\u00f5es ou enfrentamos riscos? O que diferencia os g\u00eanios do comum dos mortais? Amor, confian\u00e7a, sensibilidade, decep\u00e7\u00e3o, criatividade &#8211; quais os mecanismos por tr\u00e1s desses e de e outros processos que tomam conta de nossas mentes diariamente? Neste livro extraordin\u00e1rio, o psic\u00f3logo e cientista cognitivo Steven Pinker conduz o leitor com maestria por duas grandes teorias: o evolucionismo de Darwin e a moderna ci\u00eancia cognitiva. Atrav\u00e9s do uso de exemplos do cotidiano e de uma argumenta\u00e7\u00e3o l\u00facida, em estilo cativante e acess\u00edvel, Pinker mostra como podemos estar bem pr\u00f3ximos de uma das \u00faltimas fronteiras do conhecimento &#8211; a mente humana.<\/p>\n<p><strong>O que foi poss\u00edvel extrair do livro<\/strong> (conte\u00fado desenvolvido pelo respons\u00e1vel por este website)<br \/>.<br \/>.<\/div><\/td>\n<\/tr>\n<tr valign=\"top\">\n<td width=\"840\"><span class=\"collapseomatic noarrow\" id=\"id69effa51ded9c\"  tabindex=\"0\" title=\"59. SANDEL, Michael J.. &lt;strong&gt;A tirania do m\u00e9rito: o que aconteceu com o bem comum?&lt;\/strong&gt;. Rio de Janeiro, Civiliza\u00e7\u00e3o  Brasileira , 1.ed.,  2020. \"    >59. SANDEL, Michael J.. <strong>A tirania do m\u00e9rito: o que aconteceu com o bem comum?<\/strong>. Rio de Janeiro, Civiliza\u00e7\u00e3o  Brasileira , 1.ed.,  2020. <\/span><div id=\"target-id69effa51ded9c\" class=\"collapseomatic_content \">\n<p><img decoding=\"async\" class=\"coverbook\" title=\"(SANDEL, Michael J., 2020)\" src=\"https:\/\/m.media-amazon.com\/images\/I\/41sM5KOBQ1L._SY445_SX342_ML2_.jpg\" alt=\"A tirania do m\u00e9rito: o que aconteceu com o bem comum?\" \/><\/p>\n<p><strong>Meio de leitura<\/strong>: Livro digital<\/p>\n<p><strong>Descri\u00e7\u00e3o do Livro<\/strong> (conte\u00fado extra\u00eddo de divulga\u00e7\u00f5es em livrarias virtuais)<br \/>As democracias liberais est\u00e3o em risco. E, de acordo com o fil\u00f3sofo Michael J. Sandel, o princ\u00edpio do m\u00e9rito, um de seus pilares b\u00e1sicos, \u00e9 o respons\u00e1vel por esse cen\u00e1rio. Vivemos em uma constante competi\u00e7\u00e3o, que separa o mundo entre &#8220;ganhadores&#8221; e &#8220;perdedores&#8221;, esconde privil\u00e9gios e vantagens e justifica o status quo por meio de ideias como &#8220;quem se esfor\u00e7a tudo pode&#8221; e &#8220;se voc\u00ea pode sonhar, voc\u00ea pode fazer&#8221;. O resultado concreto \u00e9 um mundo que refor\u00e7a a desigualdade social e, ao mesmo tempo, culpabiliza as pessoas, o que gera uma onda coletiva de raiva, frustra\u00e7\u00e3o, populismo, polariza\u00e7\u00e3o e descren\u00e7a em rela\u00e7\u00e3o ao governo e aos demais cidad\u00e3os. A resposta p\u00fablica se manifesta em eventos como as elei\u00e7\u00f5es de Donald Trump, nos Estados Unidos em 2016, e de Jair Bolsonaro, no Brasil em 2018.Ao analisar conceitos em torno da \u00e9tica do estudo, do trabalho, do sucesso, do fracasso, da tentativa e de quais s\u00e3o os meios considerados leg\u00edtimos para trilhar esses caminhos, Sandel sugere um novo olhar para essas rela\u00e7\u00f5es. O autor salienta as contradi\u00e7\u00f5es do discurso meritocr\u00e1tico, seus contextos estruturais e a arrog\u00e2ncia dos &#8220;vencedores&#8221;, que julgam duramente os &#8220;perdedores&#8221;.A tirania do m\u00e9rito prop\u00f5e que para existir uma \u00e9tica diferente e dignificadora, o sucesso deve ser compreendido em prol da coletividade. Indica que uma alternativa de pensamento guiado pela humildade, pela compreens\u00e3o do papel do acaso na vida humana e pela cria\u00e7\u00e3o real da oportunidade poder\u00e1 ser, ent\u00e3o, a melhor b\u00fassola para a democracia, para o bem comum. &#8220;Estes s\u00e3o tempos perigosos para a democracia. O perigo pode ser visto no aumento da xenofobia e no crescente apoio p\u00fablico de figuras autocr\u00e1ticas que testam os limites das normas democr\u00e1ticas. Essas tend\u00eancias por si s\u00f3 s\u00e3o problem\u00e1ticas. [&#8230;]Mas \u00e9 um erro enxergar apenas intoler\u00e2ncia no protesto populista ou v\u00ea-lo somente como uma reclama\u00e7\u00e3o da economia [&#8230;]. Foi tamb\u00e9m uma reprimenda direcionada \u00e0 abordagem tecnocrata da pol\u00edtica, que \u00e9 insens\u00edvel aos ressentimentos de pessoas que sentem ter sido deixadas para tr\u00e1s pela economia e pela cultura.&#8221; &#8220;Acess\u00edvel e profundo, A tirania do m\u00e9rito \u00e9 uma an\u00e1lise reveladora da perversa injusti\u00e7a de nossa sociedade, movida em parte por uma ing\u00eanua e m\u00edope confian\u00e7a na no\u00e7\u00e3o de m\u00e9rito. Em tempos de ret\u00f3rica f\u00e1cil e tribalismo irrefletido, este livro provocativo \u00e9 leitura obrigat\u00f3ria \u00e0queles que ainda se importam com o bem comum.&#8221; &#8211; Preet Bharara, ex-procurador do distrito de Nova York.<\/p>\n<p><strong>O que foi poss\u00edvel extrair do livro<\/strong> (conte\u00fado desenvolvido pelo respons\u00e1vel por este website)<br \/>N\u00e3o li integralmente. Os trechos mais explorados por mim foram os seus cap\u00edtulo iniciais e o \u00faltimo bloco, dedicado ao trabalho. Ainda que n\u00e3o tenha me sentido atra\u00eddo pela leitura, considerado que s\u00e3o muito v\u00e1lidas suas reflex\u00f5es sobre os mecanismos perversos que influenciam algumas mudan\u00e7as radicais no quadro pol\u00edtico social presente quase que globalmente em anos recentes. A leitura do bloco final sobre as novas de rela\u00e7\u00f5es de trabalho pode ser bem interessante para identificar alguns desafios que se apresentam em meio \u00e0 emerg\u00eancia brusca das tecnologias no mundo do trabalho.<br \/>.<\/div><\/td>\n<\/tr>\n<tr valign=\"top\">\n<td width=\"840\"><span class=\"collapseomatic noarrow\" id=\"id69effa51dedfd\"  tabindex=\"0\" title=\"60. SLEE, Tom. &lt;strong&gt;Uberiza\u00e7\u00e3o: a nova onda do trabalho precarizado&lt;\/strong&gt;. S\u00e3o Paulo, Elefante, 1.ed.,  2019. \"    >60. SLEE, Tom. <strong>Uberiza\u00e7\u00e3o: a nova onda do trabalho precarizado<\/strong>. S\u00e3o Paulo, Elefante, 1.ed.,  2019. <\/span><div id=\"target-id69effa51dedfd\" class=\"collapseomatic_content \">\n<p><img decoding=\"async\" class=\"coverbook\" title=\"(SLEE, Tom, 2019)\" src=\"https:\/\/m.media-amazon.com\/images\/I\/41TJtGcmtHL._SY445_SX342_ML2_.jpg\" alt=\"Uberiza\u00e7\u00e3o: a nova onda do trabalho precarizado\" \/><\/p>\n<p><strong>Meio de leitura<\/strong>: Livro digital<\/p>\n<p><strong>Descri\u00e7\u00e3o do Livro<\/strong> (conte\u00fado extra\u00eddo de divulga\u00e7\u00f5es em livrarias virtuais)<br \/>O livro de Tom Slee tem o m\u00e9rito de desmistificar a aura de esperan\u00e7a com que a Economia do Compartilhamento foi encarada em seus prim\u00f3rdios. Ele \u00e9 inspirado, como diz o autor na conclus\u00e3o, por um sentimento de trai\u00e7\u00e3o. Uberiza\u00e7\u00e3o: a nova onda do trabalho precarizado \u00e9 uma importante den\u00fancia contra o cinismo dos que se apresentam ao grande p\u00fablico como promotores da coopera\u00e7\u00e3o social e do uso parcimonioso dos recursos, mas que na verdade est\u00e3o entre os mais importantes vetores da concentra\u00e7\u00e3o de renda, da desregulamenta\u00e7\u00e3o generalizada e da perda de autonomia dos indiv\u00edduos e das comunidades no mundo atual. (Ricardo Abramovay, no pref\u00e1cio)<\/p>\n<p><strong>O que foi poss\u00edvel extrair do livro<\/strong> (conte\u00fado desenvolvido pelo respons\u00e1vel por este website)<br \/>.<br \/>.<\/div><\/td>\n<\/tr>\n<tr valign=\"top\">\n<td width=\"840\"><span class=\"collapseomatic noarrow\" id=\"id69effa51dee47\"  tabindex=\"0\" title=\"61. SUZMAN, James. &lt;strong&gt;Trabalho: uma hist\u00f3ria de como gastamos nosso tempo&lt;\/strong&gt;. S\u00e3o Paulo, Vest\u00edgio, 1.ed.,  2022. \"    >61. SUZMAN, James. <strong>Trabalho: uma hist\u00f3ria de como gastamos nosso tempo<\/strong>. S\u00e3o Paulo, Vest\u00edgio, 1.ed.,  2022. <\/span><div id=\"target-id69effa51dee47\" class=\"collapseomatic_content \">\n<p><img decoding=\"async\" class=\"coverbook\" title=\"(SUZMAN, James, 2022)\" src=\"https:\/\/m.media-amazon.com\/images\/I\/41Om1mER-RL._SY445_SX342_ML2_.jpg\" alt=\"Trabalho: uma hist\u00f3ria de como gastamos nosso tempo\" \/><\/p>\n<p><strong>Meio de leitura<\/strong>: Livro f\u00edsico<\/p>\n<p><strong>Descri\u00e7\u00e3o do Livro<\/strong> (conte\u00fado extra\u00eddo de divulga\u00e7\u00f5es em livrarias virtuais)<br \/>Uma revolucion\u00e1ria e nova hist\u00f3ria da humanidade, apresentada atrav\u00e9s do prisma do trabalho pelo conceituado antropologista James Suzman. O trabalho define quem somos. Determina nosso status e nos dita como, onde e com quem gastamos a maior parte do nosso tempo. Faz a media\u00e7\u00e3o da nossa autoavalia\u00e7\u00e3o e molda nossos valores. Mas somos t\u00e3o intimamente conectados ao trabalho quanto pensamos? Nossos ancestrais na Idade da Pedra tamb\u00e9m viviam para trabalhar e trabalhavam para viver? E como seria um mundo no qual o trabalho tivesse um papel menos importante? Para responder essas quest\u00f5es, James Suzman tra\u00e7a uma ampla hist\u00f3ria do &#8220;trabalho&#8221;, das origens da vida na Terra at\u00e9 nosso presente cada vez mais automatizado, desafiando alguns dos nossos mais fortes pressupostos sobre quem somos. Trazendo conceitos da antropologia, arqueologia, biologia evolucion\u00e1ria, zoologia, f\u00edsica e economia, ele mostra que enquanto evolu\u00edmos para encontrar divers\u00e3o e prop\u00f3sito no trabalho, durante a maior parte da hist\u00f3ria humana nossos ancestrais trabalharam muito menos e pensavam de modo bem diferente sobre trabalho em rela\u00e7\u00e3o ao que trabalhamos e pensamos hoje. Ele demonstra como nossa cultura do trabalho tem ra\u00edzes na revolu\u00e7\u00e3o agr\u00edcola, ocorrida h\u00e1 10 mil anos. Nossa ideia do que \u00e9 ser humano foi transformada pela transi\u00e7\u00e3o do forrageamento para a produ\u00e7\u00e3o de comida e, posteriormente, pela nossa migra\u00e7\u00e3o para as cidades. Desde ent\u00e3o, nossas rela\u00e7\u00f5es uns com os outros e com nossos ambientes, e at\u00e9 mesmo com nossa percep\u00e7\u00e3o de passagem do tempo, n\u00e3o t\u00eam mais sido as mesmas. Argumentando que estamos atualmente em um ponto de transforma\u00e7\u00e3o similar na hist\u00f3ria, Suzman mostra como a automa\u00e7\u00e3o pode revolucionar nossa rela\u00e7\u00e3o com trabalho e, dessa forma, abrir as portas para um futuro mais sustent\u00e1vel e igualit\u00e1rio, para o mundo e para n\u00f3s mesmos.<\/p>\n<p><strong>O que foi poss\u00edvel extrair do livro<\/strong> (conte\u00fado desenvolvido pelo respons\u00e1vel por este website)<br \/>.<br \/>.<\/div><\/td>\n<\/tr>\n<tr valign=\"top\">\n<td width=\"840\"><span class=\"collapseomatic noarrow\" id=\"id69effa51dee90\"  tabindex=\"0\" title=\"62. TALEB, Nassim Nicholas. &lt;strong&gt;A L\u00f3gica do Cisne Negro&lt;\/strong&gt;. Rio de Janeiro, Record\/Best Seller, 1.ed.,  2008. \"    >62. TALEB, Nassim Nicholas. <strong>A L\u00f3gica do Cisne Negro<\/strong>. Rio de Janeiro, Record\/Best Seller, 1.ed.,  2008. <\/span><div id=\"target-id69effa51dee90\" class=\"collapseomatic_content \">\n<p><img decoding=\"async\" class=\"coverbook\" title=\"(TALEB, Nassim Nicholas, 2008)\" src=\"https:\/\/m.media-amazon.com\/images\/I\/41hxau3k2BL._SY445_SX342_ML2_.jpg\" alt=\"A L\u00f3gica do Cisne Negro\" \/><\/p>\n<p><strong>Meio de leitura<\/strong>: Livro f\u00edsico<\/p>\n<p><strong>Descri\u00e7\u00e3o do Livro<\/strong> (conte\u00fado extra\u00eddo de divulga\u00e7\u00f5es em livrarias virtuais)<br \/>O que o sucesso do Google e o 11 de Setembro t\u00eam em comum? Segundo Nassim Nicholas Taleb, os dois s\u00e3o exemplos claros de um cisne negro: um evento imprevis\u00edvel, impactante e que \u00e9 a base de quase tudo sobre o mundo, da ascens\u00e3o das religi\u00f5es \u00e0 nossa vida pessoal. Em \u201cA L\u00f3gica do Cisne Negro\u201d, o mundialmente conhecido autor de Iludido pelo acaso retoma temas como sorte, incerteza, probabilidade e conhecimento para falar sobre como grandes acontecimentos nos surpreendem enquanto cometemos o erro de restringir o pensamento ao corriqueiro e irrelevante. Nesta obra, o leitor aprender\u00e1, com truques simples, a tirar proveito de cisnes negros e ter outra vis\u00e3o de mundo.<\/p>\n<p><strong>O que foi poss\u00edvel extrair do livro<\/strong> (conte\u00fado desenvolvido pelo respons\u00e1vel por este website)<br \/>.<br \/>.<\/div><\/td>\n<\/tr>\n<tr valign=\"top\">\n<td width=\"840\"><span class=\"collapseomatic noarrow\" id=\"id69effa51deedf\"  tabindex=\"0\" title=\"63. WALKER, Matthew. &lt;strong&gt;Por que N\u00f3s Dormimos. A Nova Ci\u00eancia do Sono e do Sonho&lt;\/strong&gt;. Rio de Janeiro, Intr\u00ednseca, 1.ed.,  2018. \"    >63. WALKER, Matthew. <strong>Por que N\u00f3s Dormimos. A Nova Ci\u00eancia do Sono e do Sonho<\/strong>. Rio de Janeiro, Intr\u00ednseca, 1.ed.,  2018. <\/span><div id=\"target-id69effa51deedf\" class=\"collapseomatic_content \">\n<p><img decoding=\"async\" class=\"coverbook\" title=\"(WALKER, Matthew, 2018)\" src=\"https:\/\/m.media-amazon.com\/images\/I\/417JMjgaBUL._SY445_SX342_ML2_.jpg\" alt=\"Por que N\u00f3s Dormimos. A Nova Ci\u00eancia do Sono e do Sonho\" \/><\/p>\n<p><strong>Meio de leitura<\/strong>: Livro digital<\/p>\n<p><strong>Descri\u00e7\u00e3o do Livro<\/strong> (conte\u00fado extra\u00eddo de divulga\u00e7\u00f5es em livrarias virtuais)<br \/>At\u00e9 pouco tempo atr\u00e1s, a ci\u00eancia n\u00e3o tinha resposta para a quest\u00e3o \u201cpor que n\u00f3s dormimos\u201d. N\u00e3o se sabia qual era o benef\u00edcio do sono ou por que sofremos consequ\u00eancias devastadoras na sa\u00fade quando privados de horas dormidas.Em Por que n\u00f3s dormimos, o renomado neurocientista e especialista em sono Matthew Walker oferece um estudo revolucion\u00e1rio sobre como o sono afeta cada aspecto do nosso bem-estar f\u00edsico e mental. Utilizando-se de recentes avan\u00e7os cient\u00edficos e d\u00e9cadas de pesquisa e pr\u00e1tica cl\u00ednica, Walker explica como podemos aproveitar o sono para melhorar o aprendizado, o humor e os n\u00edveis de energia, regular horm\u00f4nios, prevenir c\u00e2ncer, Alzheimer e diabetes, retardar os efeitos do envelhecimento e aumentar a longevidade. Fascinante e acess\u00edvel, Por que n\u00f3s dormimos tem pref\u00e1cio do neurocientista Sidarta Ribeiro, maior especialista em sono no Brasil, professor titular do Instituto do C\u00e9rebro, na Universidade Federal do Rio Grande do Norte. Uma excelente an\u00e1lise da import\u00e2ncia do sono e dos sonhos, a obra examina transtornos como a ins\u00f4nia e os malef\u00edcios do uso de rem\u00e9dios para dormir, al\u00e9m de oferecer alternativas n\u00e3o medicamentosas para a falta de sono e valiosas dicas pr\u00e1ticas para dormirmos bem todas as noites.<\/p>\n<p><strong>O que foi poss\u00edvel extrair do livro<\/strong> (conte\u00fado desenvolvido pelo respons\u00e1vel por este website)<br \/>Temos aqui um \u00f3timo livro, que inicia com uma abordagem aparentemente superficial e pouco atrativa. Contudo, conforme avan\u00e7amos na leitura de seu conte\u00fado, este vai ficando cada vez mais rico e carregados de \u00f3timas descobertas. \u00c9 interessante como o pesquisador sustenta seus argumentos a partir de experimentos criativos e cuidadosamente delineados por ele ou por pesquisadores por ele estudados. Ao mesmo tempo, a linguagem simples e acess\u00edvel nos convida a compreender o sono e suas implica\u00e7\u00f5es por meio de uma leitura cativante. O volume de coisas interessantes sobre o sono (ou falta dele) no decorrer do livro \u00e9 t\u00e3o interessante que n\u00e3o caberia list\u00e1-las todas aqui. Encerro comentando que este deveria ser um livro a ser lido por todos aqueles que pretendam trabalhar com a Ergonomia, pois diversos aspectos no \u00e2mbito dela est\u00e3o atrelados ao sono e acabam sendo abrangidos em meio ao texto de Mathew Walker.<br \/>.<\/div><\/td>\n<\/tr>\n<tr valign=\"top\">\n<td width=\"840\"><span class=\"collapseomatic noarrow\" id=\"id69effa51def34\"  tabindex=\"0\" title=\"64. WHITROW, G.J.. &lt;strong&gt;O que \u00e9 tempo? uma vis\u00e3o cl\u00e1ssica sobre a natureza do tempo&lt;\/strong&gt;. Rio de Janeiro, Companhia da Letras\/Zahar, 1.ed.,  2005. \"    >64. WHITROW, G.J.. <strong>O que \u00e9 tempo? uma vis\u00e3o cl\u00e1ssica sobre a natureza do tempo<\/strong>. Rio de Janeiro, Companhia da Letras\/Zahar, 1.ed.,  2005. <\/span><div id=\"target-id69effa51def34\" class=\"collapseomatic_content \">\n<p><img decoding=\"async\" class=\"coverbook\" title=\"(WHITROW, G.J., 2005)\" src=\"https:\/\/m.media-amazon.com\/images\/I\/81sUX-FzczL._SY425_.jpg\" alt=\"O que \u00e9 tempo? uma vis\u00e3o cl\u00e1ssica sobre a natureza do tempo\" \/><\/p>\n<p><strong>Meio de leitura<\/strong>: Livro digital<\/p>\n<p><strong>Descri\u00e7\u00e3o do Livro<\/strong> (conte\u00fado extra\u00eddo de divulga\u00e7\u00f5es em livrarias virtuais)<br \/>Como se originaram nossas ideias sobre o tempo? Como ele foi medido ao longo da hist\u00f3ria, e como as rela\u00e7\u00f5es hist\u00f3ricas entre os homens pautaram essas medidas? O tempo tem come\u00e7o e fim? Quais as diferen\u00e7as entre tempo c\u00edclico, linear, biol\u00f3gico, c\u00f3smico e espa\u00e7o-tempo? A exist\u00eancia objetiva do tempo sempre foi uma quest\u00e3o para os fil\u00f3sofos e cientistas, mas tamb\u00e9m para o homem comum, habituado a organizar suas atividades de acordo com ciclos, progress\u00f5es, intervalos. Teria, contudo, o tempo \u2014 sua passagem ou dura\u00e7\u00e3o \u2014 um par\u00e2metro f\u00edsico ou biol\u00f3gico? Partindo dessa interroga\u00e7\u00e3o, o especialista no tema G.J. Whitrow discute o que \u00e9 tempo, as formas hist\u00f3ricas de medi-lo, os diversos padr\u00f5es adotados para estabelecer sua passagem e os imperativos econ\u00f4micos que constituem a base da busca de precis\u00e3o na mensura\u00e7\u00e3o do tempo. O autor investiga a origem de nossas ideias de tempo, que instrumentos se criaram para estabelecer um padr\u00e3o de medida (desde o mais primitivo gn\u00f4mon at\u00e9 os atuais rel\u00f3gios at\u00f4micos), os ritmos biol\u00f3gicos, a ideia de unidimensionalidade e o significado da categoria tempo \u2014 que, junto com a de espa\u00e7o, domina, absoluta, todas as atividades humanas. O que \u00e9 tempo? foi escrito para o p\u00fablico em geral, estimulando a pensar sobre um problema filos\u00f3fico de grande interesse em nossa \u00e9poca especialmente marcada pela prem\u00eancia do tempo. A nova edi\u00e7\u00e3o desse cl\u00e1ssico traz uma introdu\u00e7\u00e3o assinada por J.T. Fraser \u2014 fundador da Sociedade Internacional para o Estudo do Tempo e autor de diversos livros \u2014 e indica\u00e7\u00f5es bibliogr\u00e1ficas atualizadas.<\/p>\n<p><strong>O que foi poss\u00edvel extrair do livro<\/strong> (conte\u00fado desenvolvido pelo respons\u00e1vel por este website)<br \/>\u00c9 um bom livro. \u00c9 importante ter em mente que o livro, apesar de consistir em uma edi\u00e7\u00e3o recente em portugu\u00eas, tem suas origens na publica\u00e7\u00e3o original em ingl\u00eas de 1972. Por isso, um olhar mais desatento pode acabar depreciando o livro sem considerar a riqueza de seu conte\u00fado no contexto em que ele foi escrito. Traz boas reflex\u00f5es quanto ao tempo e seu significado. Algumas s\u00e3o bem profundas e de dif\u00edcil \u201cdigest\u00e3o\u201d. Minha grande li\u00e7\u00e3o neste livro foi aprender que nossa concep\u00e7\u00e3o antropol\u00f3gica de tempo \u00e9 bem mais recente e conceitualmente fr\u00e1gil do que imaginava at\u00e9 ler o conte\u00fado do livro. Para quem quer fazer uma associa\u00e7\u00e3o com a Ergonomia e o Trabalho, vale \u00e0 pena dar uma lida no cap\u00edtulo 3. H\u00e1 v\u00e1rios insights interessantes ali. Boa leitura!<br \/>.<\/div><\/td>\n<\/tr>\n<p><!-- Fim da se\u00e7\u00e3o livros --><br \/>\n<\/tbody>\n<\/table>\n<\/div>\n<div class=\"bodytext_right\"><a href=\"#filmes\"> &lt; <\/a> . . <a href=\"#inicio\"> &lt;&lt; <\/a><\/div>\n<p><!-- filmes begin --><\/p>\n<div class=\"bodytext_center\"><a title=\"filmes\" name=\"filmes\"><\/a>&#8230;&#8230;&#8230;&#8230;&#8230;&#8230;&#8230;&#8230;&#8230;&#8230;&#8230;&#8230;&#8230;&#8230;&#8230;&#8230;&#8230;&#8230;&#8230;&#8230;&#8230;&#8230;&#8230;&#8230;&#8230;&#8230;&#8230;&#8230;&#8230;&#8230;&#8230;&#8230;&#8230;&#8230;&#8230;&#8230;&#8230;&#8230;&#8230;&#8230;&#8230;&#8230;&#8230;&#8230;&#8230;&#8230;&#8230;&#8230;&#8230;&#8230;&#8230;&#8230;&#8230;&#8230;&#8230;&#8230;&#8230;&#8230;&#8230;&#8230;&#8230;&#8230;&#8230;&#8230;&#8230;&#8230;&#8230;&#8230;&#8230;<\/div>\n<div class=\"bodytext_left\">2. <strong>Filmes<\/strong> (\u00faltima atualiza\u00e7\u00e3o desta se\u00e7\u00e3o: 16.dez.2025)<\/div>\n<div class=\"bodytext_left\">\n<table>\n<tbody>\n<!-- in\u00edcio da lista de filmes --><\/p>\n<tr valign=\"top\">\n<td width=\"840\"><span class=\"collapseomatic noarrow\" id=\"id69effa51def7e\"  tabindex=\"0\" title=\"01. &lt;strong&gt;A \u00c1rvore dos Tamancos&lt;\/strong&gt; (It\u00e1lia \/ 1978 \/ 190min)\"    >01. <strong>A \u00c1rvore dos Tamancos<\/strong> (It\u00e1lia \/ 1978 \/ 190min)<\/span><div id=\"target-id69effa51def7e\" class=\"collapseomatic_content \">\n<p><img decoding=\"async\" class=\"coverbook\" title=\"(A \u00c1rvore dos Tamancos)\" src=\"https:\/\/br.web.img3.acsta.net\/c_310_420\/medias\/nmedia\/18\/97\/02\/10\/20502986.JPG\" alt=\"A \u00c1rvore dos Tamancos\" \/><\/p>\n<p><strong>T\u00edtulo original<\/strong>: L&#8217;albero degli zoccoli<br \/><strong>Diretor<\/strong>: Ermanno Olmi<br \/><strong>Roteirista<\/strong>: Ermanno Olmi<\/p>\n<p><strong>Sinopse<\/strong><br \/>In\u00edcio do s\u00e9culo XX, norte da It\u00e1lia. A vida humilde de um grupo de fam\u00edlias camponesas que vivem e trabalham em uma fazenda. Eles recebem por produtividade, mas uma das fam\u00edlias, percebendo o potencial de seu filho, decide mandar o menino para a escola ao inv\u00e9s de contar com mais essa for\u00e7a na lida. As dificuldades s\u00e3o muitas e a escola \u00e9 distante, mas o verdadeiro problema surge quando o menino fica sem sapatos.<\/p>\n<p><strong>O que foi poss\u00edvel extrair do filme<\/strong><br \/>.<br \/>.<\/div><\/td>\n<\/tr>\n<tr valign=\"top\">\n<td width=\"840\"><span class=\"collapseomatic noarrow\" id=\"id69effa51defc6\"  tabindex=\"0\" title=\"02. &lt;strong&gt;A Chegada&lt;\/strong&gt; (EUA \/ 2016 \/ 116min)\"    >02. <strong>A Chegada<\/strong> (EUA \/ 2016 \/ 116min)<\/span><div id=\"target-id69effa51defc6\" class=\"collapseomatic_content \">\n<p><img decoding=\"async\" class=\"coverbook\" title=\"(A Chegada)\" src=\"https:\/\/br.web.img3.acsta.net\/c_310_420\/pictures\/16\/10\/19\/01\/57\/552532.jpg\" alt=\"A Chegada\" \/><\/p>\n<p><strong>T\u00edtulo original<\/strong>: Arrival<br \/><strong>Diretor<\/strong>: Denis Villeneuve<br \/><strong>Roteirista<\/strong>: Eric Heisserer<\/p>\n<p><strong>Sinopse<\/strong><br \/>Naves alien\u00edgenas chegaram \u00e0s principais cidades do mundo. Com a inten\u00e7\u00e3o de se comunicar com os visitantes, uma linguista e um militar s\u00e3o chamados para decifrar as estranhas mensagens dos visitantes.<\/p>\n<p><strong>O que foi poss\u00edvel extrair do filme<\/strong><br \/>Uma boa produ\u00e7ao t\u00edpica norteamericana. O filme merece m\u00e9rito pelo cuidado nos detalhes presentes na produ\u00e7ao. O ponto forte, at\u00e9 mais do que lingu\u00edstica no contexto do filme, \u00e9 a reflexao sobre o tempo em sua forma do passado, presente e futuro, e nossas percep\u00e7\u00f5es quanto a isso.<br \/>.<\/div><\/td>\n<\/tr>\n<tr valign=\"top\">\n<td width=\"840\"><span class=\"collapseomatic noarrow\" id=\"id69effa51df00e\"  tabindex=\"0\" title=\"03. &lt;strong&gt;A Classe Oper\u00e1ria vai ao Para\u00edso (document\u00e1rio)&lt;\/strong&gt; (It\u00e1lia \/ 1971 \/ 125min)\"    >03. <strong>A Classe Oper\u00e1ria vai ao Para\u00edso (document\u00e1rio)<\/strong> (It\u00e1lia \/ 1971 \/ 125min)<\/span><div id=\"target-id69effa51df00e\" class=\"collapseomatic_content \">\n<p><img decoding=\"async\" class=\"coverbook\" title=\"(A Classe Oper\u00e1ria vai ao Para\u00edso (document\u00e1rio))\" src=\"https:\/\/br.web.img3.acsta.net\/c_310_420\/pictures\/210\/356\/21035646_20130902193937927.jpg\" alt=\"A Classe Oper\u00e1ria vai ao Para\u00edso (document\u00e1rio)\" \/><\/p>\n<p><strong>T\u00edtulo original<\/strong>: La classe operaia va in paradiso<br \/><strong>Diretor<\/strong>: Elio Petri<br \/><strong>Roteirista<\/strong>: Elio Petri, Ugo Pirro<\/p>\n<p><strong>Sinopse<\/strong><br \/>Lulu Massa (Gian Maria Volont\u00e9) \u00e9 um trabalhador exemplar, dedicado e admirado por seus chefes pelo trabalho bem feito, mas detestado pelos demais funcion\u00e1rios. Por conta dos baixos sal\u00e1rios e das p\u00e9ssimas condi\u00e7\u00f5es de trabalho, o sindicato decide entrar em greve, fazendo todos os oper\u00e1rios da f\u00e1brica pararem. Lulu decide n\u00e3o se envolver com o movimento pol\u00edtico at\u00e9 o momento em que sofre um acidente com uma das m\u00e1quinas, o que lhe custa um dedo. Com o descaso de seus patr\u00f5es com o acidente ele decide participar dos grupos revolucion\u00e1rios.<\/p>\n<p><strong>O que foi poss\u00edvel extrair do filme<\/strong><br \/>.<br \/>.<\/div><\/td>\n<\/tr>\n<tr valign=\"top\">\n<td width=\"840\"><span class=\"collapseomatic noarrow\" id=\"id69effa51df05f\"  tabindex=\"0\" title=\"04. &lt;strong&gt;A Cor do Para\u00edso&lt;\/strong&gt; (Iran \/ 1999 \/ 88min)\"    >04. <strong>A Cor do Para\u00edso<\/strong> (Iran \/ 1999 \/ 88min)<\/span><div id=\"target-id69effa51df05f\" class=\"collapseomatic_content \">\n<p><img decoding=\"async\" class=\"coverbook\" title=\"(A Cor do Para\u00edso)\" src=\"https:\/\/br.web.img3.acsta.net\/c_310_420\/pictures\/15\/01\/08\/18\/40\/012537.jpg\" alt=\"A Cor do Para\u00edso\" \/><\/p>\n<p><strong>T\u00edtulo original<\/strong>: Rang-E Khoda<br \/><strong>Diretor<\/strong>: Majid Majidi<br \/><strong>Roteirista<\/strong>: Majid Majidi<\/p>\n<p><strong>Sinopse<\/strong><br \/>Mohammad (Mohsen Ramezani) \u00e9 um garoto em uma institui\u00e7\u00e3o para cegos, em Teer\u00e3. Ele espera por seu pai, que vai busc\u00e1-lo para as f\u00e9rias de ver\u00e3os. Enquanto aguarda, o jovem percebe que um passarinho cai do ninho. Mohammad consegue pegar o p\u00e1ssaro, subir na \u00e1rvore e coloc\u00e1-lo de volta no ninho. O pai finalmente chega e leva o filho para a Aldeia, onde toda a fam\u00edlia vive. O pai de Mohammad tem vergonha de seu filho, por ele ser cego e quer arranjar um casamento para se livrar dele.<\/p>\n<p><strong>O que foi poss\u00edvel extrair do filme<\/strong><br \/>\u00d3timo filme iraniano (h\u00e1 v\u00e1rios filmes iranianos bons). Sua tem\u00e1tica nos convida a refletir sobre aspectos profundos da inclusao e acessibilidade.<br \/>.<\/div><\/td>\n<\/tr>\n<tr valign=\"top\">\n<td width=\"840\"><span class=\"collapseomatic noarrow\" id=\"id69effa51df0a7\"  tabindex=\"0\" title=\"05. &lt;strong&gt;A Cor P\u00farpura &lt;\/strong&gt; (EUA \/ 1985 \/ 154min)\"    >05. <strong>A Cor P\u00farpura <\/strong> (EUA \/ 1985 \/ 154min)<\/span><div id=\"target-id69effa51df0a7\" class=\"collapseomatic_content \">\n<p><img decoding=\"async\" class=\"coverbook\" title=\"(A Cor P\u00farpura )\" src=\"https:\/\/br.web.img3.acsta.net\/c_310_420\/medias\/nmedia\/18\/94\/57\/74\/20339839.jpg\" alt=\"A Cor P\u00farpura \" \/><\/p>\n<p><strong>T\u00edtulo original<\/strong>: The Color Purple<br \/><strong>Diretor<\/strong>: Steven Spielberg<br \/><strong>Roteirista<\/strong>: Menno Meyjes<\/p>\n<p><strong>Sinopse<\/strong><br \/>Georgia, 1909. Em uma pequena cidade Celie (Whoopi Goldberg), uma jovem com apenas 14 anos que foi violentada pelo pai, se torna m\u00e3e de duas crian\u00e7as. Al\u00e9m de perder a capacidade de procriar, Celie imediatamente \u00e9 separada dos filhos e da \u00fanica pessoa no mundo que a ama, sua irm\u00e3, e \u00e9 doada a &#8220;Mister&#8221; (Danny Glover), que a trata simultaneamente como escrava e companheira. Grande parte da brutalidade de Mister prov\u00eam por alimentar uma forte paix\u00e3o por Shug Avery (Margaret Avery), uma sensual cantora de blues. Celie fica muito solit\u00e1ria e compartilha sua tristeza em cartas (a \u00fanica forma de manter a sanidade em um mundo onde poucos a ouvem), primeiramente com Deus e depois com a irm\u00e3 Nettie (Akosua Busia), mission\u00e1ria na \u00c1frica. Mas quando Shug, aliada \u00e0 forte Sofia (Oprah Winfrey), esposa de Harpo (Willard E. Pugh), filho de Mister, entram na sua vida, Celie revela seu esp\u00edrito brilhante, ganhando consci\u00eancia do seu valor e das possibilidades que o mundo lhe oferece.<\/p>\n<p><strong>O que foi poss\u00edvel extrair do filme<\/strong><br \/>Um filme forte, que mostra os sofrimentos ocultos em algumas vidas. Para al\u00e9m de todo o drama, \u00e9 interessante pensar que este filme passa tamb\u00e9m as possibilidades de sofrimento perpetradas em situa\u00e7\u00f5es de ado\u00e7\u00e3o necess\u00e1ria ou ado\u00e7\u00e3o dirigida (fosterage). J\u00e1 na primeira vez que vi este filme eu e quem estava comigo ao ver, ficamos imersos em reflex\u00f5es quanto ao que se v\u00ea na hist\u00f3ria e o quanto de sofrimento pode ter sido experimentado por pessoas que tiveram seus destinos marcados pelo azar da submiss\u00e3o imposta e invisibilizada por uma esp\u00e9cie de consentimento social t\u00e1cito.<br \/>.<\/div><\/td>\n<\/tr>\n<tr valign=\"top\">\n<td width=\"840\"><span class=\"collapseomatic noarrow\" id=\"id69effa51df0ee\"  tabindex=\"0\" title=\"06. &lt;strong&gt;A Fam\u00edlia B\u00e9lier&lt;\/strong&gt; (Fran\u00e7a \/ 2014 \/ 105min)\"    >06. <strong>A Fam\u00edlia B\u00e9lier<\/strong> (Fran\u00e7a \/ 2014 \/ 105min)<\/span><div id=\"target-id69effa51df0ee\" class=\"collapseomatic_content \">\n<p><img decoding=\"async\" class=\"coverbook\" title=\"(A Fam\u00edlia B\u00e9lier)\" src=\"https:\/\/br.web.img2.acsta.net\/c_310_420\/pictures\/14\/12\/02\/12\/03\/590648.jpg\" alt=\"A Fam\u00edlia B\u00e9lier\" \/><\/p>\n<p><strong>T\u00edtulo original<\/strong>: La Famille B\u00e9lier<br \/><strong>Diretor<\/strong>: Eric Lartigau<br \/><strong>Roteirista<\/strong>: .<\/p>\n<p><strong>Sinopse<\/strong><br \/>Paula \u00e9 uma adolescente que enfrenta todas as quest\u00f5es comuns de sua idade: o primeiro amor, os problemas na escola, as brigas com os pais. Mas sua fam\u00edlia tem algo diferente: seus pais e seu irm\u00e3o s\u00e3o surdos e \u00e9 ela quem administra a fazenda e traduz a l\u00edngua de sinais nas conversas com os vizinhos. Um dia, por\u00e9m, ela descobre ter o talento para o canto e que pode integrar uma escola prestigiosa em Paris. Agora, Paula precisa fazer uma escolha que a distanciar\u00e1 da fam\u00edlia e a for\u00e7ar\u00e1 a crescer.<\/p>\n<p><strong>O que foi poss\u00edvel extrair do filme<\/strong><br \/>Este \u00e9 um filme especial e sens\u00edvel. Um daqueles t\u00edpicos filmes franceses que nos cativam com sua simplicidade na forma mas se mostram cheios de pot\u00eancia em suas mensagem. Tamb\u00e9m vale muito \u00e0 pena assist\u00ed-lo pelo vi\u00e9s da acessibilidade.<br \/>.<\/div><\/td>\n<\/tr>\n<tr valign=\"top\">\n<td width=\"840\"><span class=\"collapseomatic noarrow\" id=\"id69effa51df136\"  tabindex=\"0\" title=\"07. &lt;strong&gt;A Negocia\u00e7\u00e3o&lt;\/strong&gt; (EUA \/ 2012 \/ 106min)\"    >07. <strong>A Negocia\u00e7\u00e3o<\/strong> (EUA \/ 2012 \/ 106min)<\/span><div id=\"target-id69effa51df136\" class=\"collapseomatic_content \">\n<p><img decoding=\"async\" class=\"coverbook\" title=\"(A Negocia\u00e7\u00e3o)\" src=\"https:\/\/br.web.img3.acsta.net\/c_310_420\/medias\/nmedia\/18\/92\/86\/17\/20253774.jpg\" alt=\"A Negocia\u00e7\u00e3o\" \/><\/p>\n<p><strong>T\u00edtulo original<\/strong>: Arbitrage<br \/><strong>Diretor<\/strong>: Nicholas Jarecki<br \/><strong>Roteirista<\/strong>: Nicholas Jarecki<\/p>\n<p><strong>Sinopse<\/strong><br \/>\u00c0s v\u00e9speras de vender sua empresa milion\u00e1ria, Robert Miller (Richard Gere), um magnata da bolsa de valores, envolve-se em um acidente automobil\u00edstico causando a morte de uma pessoa. Para preservar sua imagem, ele esconde sua responsabilidade no caso. Mas um investigador (Tim Roth) est\u00e1 disposto a descobrir o verdadeiro culpado, sabotando todos os planos de Robert.<\/p>\n<p><strong>O que foi poss\u00edvel extrair do filme<\/strong><br \/>Um \u00f3timo filme, que apesar de diversos insights durante a sequ\u00eancia, desvela sua grande mensagem nos minutos ou segundos finais da sequ\u00eancia. Este \u00e9 um \u00f3timo filme, seja para simplesmente relaxar, seja para quem quer utilizar a audi\u00e7\u00e3o para tecer reflex\u00f5es e aprendizados sobre as rela\u00e7\u00f5es de poder e o uso do capital como ferramenta de domina\u00e7\u00e3o. A equipe que orienta o Richard Gere para escolha dos filmes que ele filma, realmente parece ser sempre muito bem sucedida em suas decis\u00f5es junto ao ator. Pode ser muito \u00fatil do ponto de vista de quem curte a Ergonomia para reflex\u00f5es no tocante a nossa alteridade nos ambientes que visitamos.<br \/>.<\/div><\/td>\n<\/tr>\n<tr valign=\"top\">\n<td width=\"840\"><span class=\"collapseomatic noarrow\" id=\"id69effa51df17d\"  tabindex=\"0\" title=\"08. &lt;strong&gt;Almacenados&lt;\/strong&gt; (M\u00e9xico \/ 2015 \/ 93min)\"    >08. <strong>Almacenados<\/strong> (M\u00e9xico \/ 2015 \/ 93min)<\/span><div id=\"target-id69effa51df17d\" class=\"collapseomatic_content \">\n<p><img decoding=\"async\" class=\"coverbook\" title=\"(Almacenados)\" src=\"https:\/\/media.fstatic.com\/nsDKsKGLKul3k58bt9TO3jJTMFw=\/220x330\/smart\/filters:format(webp)\/media\/movies\/covers\/2020\/04\/MV5BMjAzMjI5ODk5Ml5BMl5BanBnXkFtZTgwNDExNDMzNzE._V1_.jpg\" alt=\"Almacenados\" \/><\/p>\n<p><strong>T\u00edtulo original<\/strong>: Almacenados<br \/><strong>Diretor<\/strong>: Jack Zagha Kababie<br \/><strong>Roteirista<\/strong>: David Desola<\/p>\n<p><strong>Sinopse<\/strong><br \/>Um empregado prestes a se aposentar e o jovem que est\u00e1 assumindo, a quota de cinco viagens no local de trabalho, um enorme armaz\u00e9m vazio onde aparentemente nunca acontece nada.<\/p>\n<p><strong>O que foi poss\u00edvel extrair do filme<\/strong><br \/>Afinal, o que \u00e9 trabalho? Essa pergunta aparentemente simples me inquieta j\u00e1 h\u00e1 alguns anos. Este filme, al\u00e9m de criativo, nos convida refletir sobre o que fazemos com pelo menos um ter\u00e7o de nossas vidas &#8220;\u00fateis&#8221; atrav\u00e9s daquilo que denomina-se trabalho. Quem inventou o que chamamos de trabalho atualmente? As revolu\u00e7\u00f5es que vem ocorrendo atualmente, alavancadas principalmente pelas novas tecnologias, s\u00e3o at\u00e9 mesmo traumn\u00e1ticas em alguns nichos. Repensar o que consideramos trabalho talvez consista em uma tarefa urgente. Portanto, assistir a um filme que contribua para incentivar esse ponta p\u00e9 inicial pode ser uma boa oportunidade de unir lazer e aprendizado.<br \/>.<\/div><\/td>\n<\/tr>\n<tr valign=\"top\">\n<td width=\"840\"><span class=\"collapseomatic noarrow\" id=\"id69effa51df1c3\"  tabindex=\"0\" title=\"09. &lt;strong&gt;Amn\u00e9sia&lt;\/strong&gt; (EUA \/ 2001 \/ 113min)\"    >09. <strong>Amn\u00e9sia<\/strong> (EUA \/ 2001 \/ 113min)<\/span><div id=\"target-id69effa51df1c3\" class=\"collapseomatic_content \">\n<p><img decoding=\"async\" class=\"coverbook\" title=\"(Amn\u00e9sia)\" src=\"https:\/\/br.web.img3.acsta.net\/c_310_420\/pictures\/14\/05\/22\/20\/00\/155413.jpg\" alt=\"Amn\u00e9sia\" \/><\/p>\n<p><strong>T\u00edtulo original<\/strong>: Memento<br \/><strong>Diretor<\/strong>: Christopher Nolan<br \/><strong>Roteirista<\/strong>: Christopher Nolan<\/p>\n<p><strong>Sinopse<\/strong><br \/>Leonard est\u00e1 ca\u00e7ando o homem que estuprou e matou sua esposa. Ele tem dificuldades em encontrar o assassino pois sofre de uma forma intrat\u00e1vel de perda de mem\u00f3ria. Mesmo que ele possa lembrar detalhes da vida antes do acidente, Leonard n\u00e3o consegue lembrar o que aconteceu quinze minutos atr\u00e1s, onde est\u00e1 indo ou a raz\u00e3o.<\/p>\n<p><strong>O que foi poss\u00edvel extrair do filme<\/strong><br \/>.<br \/>.<\/div><\/td>\n<\/tr>\n<tr valign=\"top\">\n<td width=\"840\"><span class=\"collapseomatic noarrow\" id=\"id69effa51df20a\"  tabindex=\"0\" title=\"10. &lt;strong&gt;Amor&lt;\/strong&gt; (Fran\u00e7a \/ 2012 \/ 127min)\"    >10. <strong>Amor<\/strong> (Fran\u00e7a \/ 2012 \/ 127min)<\/span><div id=\"target-id69effa51df20a\" class=\"collapseomatic_content \">\n<p><img decoding=\"async\" class=\"coverbook\" title=\"(Amor)\" src=\"https:\/\/br.web.img2.acsta.net\/c_310_420\/medias\/nmedia\/18\/90\/21\/95\/20417919.jpg\" alt=\"Amor\" \/><\/p>\n<p><strong>T\u00edtulo original<\/strong>: Amour<br \/><strong>Diretor<\/strong>: Michael Haneke<br \/><strong>Roteirista<\/strong>: Michael Haneke<\/p>\n<p><strong>Sinopse<\/strong><br \/>Georges (Jean-Louis Trintignant) e Anne (Emmanuelle Riva) s\u00e3o um casal de aposentados apaixonados por m\u00fasica. Eles t\u00eam uma filha musicista que vive em outro pa\u00eds. Certo dia Anne sofre um derrame e fica com um lado do corpo paralisado. O casal de idosos passa por graves obst\u00e1culos que colocar\u00e3o o seu amor em teste.<\/p>\n<p><strong>O que foi poss\u00edvel extrair do filme<\/strong><br \/>\u00c9 um filme poderoso que traz de forma desconcertante os caminhos da vida enquanto envelhecemos. Em um mundo com a pir\u00e2mide et\u00e1ria cada vez mais tomada pelas idades mais avan\u00e7adas, este filme ganha uma for\u00e7a imensa, nos fazendo refletir sobre onde estaremos quando nossas vidas avan\u00e7arem no caminho natural para o envelhecimento.<br \/>.<\/div><\/td>\n<\/tr>\n<tr valign=\"top\">\n<td width=\"840\"><span class=\"collapseomatic noarrow\" id=\"id69effa51df251\"  tabindex=\"0\" title=\"11. &lt;strong&gt;Amor sem Escalas&lt;\/strong&gt; (EUA \/ 2009 \/ 110min)\"    >11. <strong>Amor sem Escalas<\/strong> (EUA \/ 2009 \/ 110min)<\/span><div id=\"target-id69effa51df251\" class=\"collapseomatic_content \">\n<p><img decoding=\"async\" class=\"coverbook\" title=\"(Amor sem Escalas)\" src=\"https:\/\/br.web.img2.acsta.net\/c_310_420\/pictures\/13\/12\/03\/22\/21\/235804.jpg\" alt=\"Amor sem Escalas\" \/><\/p>\n<p><strong>T\u00edtulo original<\/strong>: Up in the air<br \/><strong>Diretor<\/strong>: Jason Reitman<br \/><strong>Roteirista<\/strong>: Jason Reitman, Sheldon Turner<\/p>\n<p><strong>Sinopse<\/strong><br \/>Ryan Bingham (George Clooney) tem por fun\u00e7\u00e3o demitir pessoas. Por estar acostumado com o desespero e a ang\u00fastia alheios, ele mesmo se tornou uma pessoa fria. Al\u00e9m disto, Ryan adora seu trabalho. Ele sempre usa um terno e carrega uma maleta, viajando para diversos cantos do pa\u00eds. At\u00e9 que seu chefe contrata a arrogante Natalie Keener (Anna Kendrick), que desenvolveu um sistema de videoconfer\u00eancia onde as pessoas poder\u00e3o ser demitidas sem que seja necess\u00e1rio deixar o escrit\u00f3rio. Este sistema, caso seja implementado, p\u00f5e em risco o emprego de Ryan. Ele passa ent\u00e3o a tentar convenc\u00ea-la do erro que \u00e9 sua implementa\u00e7\u00e3o, viajando com Anna para mostrar a realidade de seu trabalho.<\/p>\n<p><strong>O que foi poss\u00edvel extrair do filme<\/strong><br \/>.<br \/>.<\/div><\/td>\n<\/tr>\n<tr valign=\"top\">\n<td width=\"840\"><span class=\"collapseomatic noarrow\" id=\"id69effa51df297\"  tabindex=\"0\" title=\"12. &lt;strong&gt;Bem Me Quer, Mal Me Quer&lt;\/strong&gt; (Fran\u00e7a \/ 2003 \/ 100min)\"    >12. <strong>Bem Me Quer, Mal Me Quer<\/strong> (Fran\u00e7a \/ 2003 \/ 100min)<\/span><div id=\"target-id69effa51df297\" class=\"collapseomatic_content \">\n<p><img decoding=\"async\" class=\"coverbook\" title=\"(Bem Me Quer, Mal Me Quer)\" src=\"https:\/\/br.web.img2.acsta.net\/c_310_420\/medias\/nmedia\/18\/90\/65\/24\/20106981.jpg\" alt=\"Bem Me Quer, Mal Me Quer\" \/><\/p>\n<p><strong>T\u00edtulo original<\/strong>: \u00c0 la folie&#8230; pas du tout<br \/><strong>Diretor<\/strong>: Laetitia Colombani<br \/><strong>Roteirista<\/strong>: Laetitia Colombani<\/p>\n<p><strong>Sinopse<\/strong><br \/>Ang\u00e9lique (Audrey Tautou) \u00e9 uma artista pl\u00e1stica que desenvolve uma paix\u00e3o desmedida pelo m\u00e9dico Lo\u00efc (Samuel Le Bihan). A despeito de tudo o que seus amigos lhe dizem e de diversos acontecimentos que provam o contr\u00e1rio, Ang\u00e9lique persiste na id\u00e9ia de que Lo\u00efc tamb\u00e9m a ama, transformando o que de in\u00edcio parecia ser um desencontro amoroso em uma perigosa obsess\u00e3o.<\/p>\n<p><strong>O que foi poss\u00edvel extrair do filme<\/strong><br \/>.<br \/>.<\/div><\/td>\n<\/tr>\n<tr valign=\"top\">\n<td width=\"840\"><span class=\"collapseomatic noarrow\" id=\"id69effa51df2de\"  tabindex=\"0\" title=\"13. &lt;strong&gt;Boi Neon&lt;\/strong&gt; (Brasil  \/ 2015 \/ 101min)\"    >13. <strong>Boi Neon<\/strong> (Brasil  \/ 2015 \/ 101min)<\/span><div id=\"target-id69effa51df2de\" class=\"collapseomatic_content \">\n<p><img decoding=\"async\" class=\"coverbook\" title=\"(Boi Neon)\" src=\"https:\/\/br.web.img3.acsta.net\/c_310_420\/pictures\/15\/09\/08\/18\/20\/470611.jpg\" alt=\"Boi Neon\" \/><\/p>\n<p><strong>T\u00edtulo original<\/strong>: Boi Neon<br \/><strong>Diretor<\/strong>: Gabriel Mascaro<br \/><strong>Roteirista<\/strong>: Gabriel Mascaro<\/p>\n<p><strong>Sinopse<\/strong><br \/>Iremar (Juliano Cazarr\u00e9) \u00e9 um vaqueiro de curral que viaja pelo Nordeste, ao lado de Galega (Maeve Jinkings) e a pequena Geise (Samya de Lavor). Por onde passa Iremar recolhe revistas, panos e restos de manequins, j\u00e1 que seu grande sonho \u00e9 largar tudo para iniciar uma carreira como estilista no P\u00f3lo de Confec\u00e7\u00f5es do Agreste.<\/p>\n<p><strong>O que foi poss\u00edvel extrair do filme<\/strong><br \/>.<br \/>.<\/div><\/td>\n<\/tr>\n<tr valign=\"top\">\n<td width=\"840\"><span class=\"collapseomatic noarrow\" id=\"id69effa51df324\"  tabindex=\"0\" title=\"14. &lt;strong&gt;Brilho Eterno de uma Mente sem Lembran\u00e7as&lt;\/strong&gt; (EUA \/ 2004 \/ 108min)\"    >14. <strong>Brilho Eterno de uma Mente sem Lembran\u00e7as<\/strong> (EUA \/ 2004 \/ 108min)<\/span><div id=\"target-id69effa51df324\" class=\"collapseomatic_content \">\n<p><img decoding=\"async\" class=\"coverbook\" title=\"(Brilho Eterno de uma Mente sem Lembran\u00e7as)\" src=\"https:\/\/br.web.img3.acsta.net\/c_310_420\/medias\/nmedia\/18\/90\/08\/91\/20080540.jpg\" alt=\"Brilho Eterno de uma Mente sem Lembran\u00e7as\" \/><\/p>\n<p><strong>T\u00edtulo original<\/strong>: Eternal Sunshine of the Spotless Mind<br \/><strong>Diretor<\/strong>: Michel Gondry<br \/><strong>Roteirista<\/strong>: Charlie Kaufman, Michel Gondry<\/p>\n<p><strong>Sinopse<\/strong><br \/>Joel (Jim Carrey) e Clementine (Kate Winslet) formavam um casal que durante anos tentaram fazer com que o relacionamento desse certo. Desiludida com o fracasso, Clementine decide esquecer Joel para sempre e, para tanto, aceita se submeter a um tratamento experimental, que retira de sua mem\u00f3ria os momentos vividos com ele. Ap\u00f3s saber de sua atitude Joel entra em depress\u00e3o, frustrado por ainda estar apaixonado por algu\u00e9m que quer esquec\u00ea-lo. Decidido a superar a quest\u00e3o, Joel tamb\u00e9m se submete ao tratamento experimental. Por\u00e9m ele acaba desistindo de tentar esquec\u00ea-la e come\u00e7a a encaixar Clementine em momentos de sua mem\u00f3ria os quais ela n\u00e3o participa.<\/p>\n<p><strong>O que foi poss\u00edvel extrair do filme<\/strong><br \/>.<br \/>.<\/div><\/td>\n<\/tr>\n<tr valign=\"top\">\n<td width=\"840\"><span class=\"collapseomatic noarrow\" id=\"id69effa51df36c\"  tabindex=\"0\" title=\"15. &lt;strong&gt;Carne, Osso (document\u00e1rio)&lt;\/strong&gt; (Brasil  \/ 2011 \/ 65min)\"    >15. <strong>Carne, Osso (document\u00e1rio)<\/strong> (Brasil  \/ 2011 \/ 65min)<\/span><div id=\"target-id69effa51df36c\" class=\"collapseomatic_content \">\n<p><img decoding=\"async\" class=\"coverbook\" title=\"(Carne, Osso (document\u00e1rio))\" src=\"https:\/\/carneosso.reporterbrasil.org.br\/wp-content\/uploads\/2011\/08\/carneosso.jpg\" alt=\"Carne, Osso (document\u00e1rio)\" \/><\/p>\n<p><strong>T\u00edtulo original<\/strong>: Carne, Osso<br \/><strong>Diretor<\/strong>: Caio Cavechini\/Carlos Juliano Barros<br \/><strong>Roteirista<\/strong>: Caio Cavechini<\/p>\n<p><strong>Sinopse<\/strong><br \/>Quem trabalha em um frigor\u00edfico se depara diariamente com uma s\u00e9rie de riscos que a maior parte das pessoas sequer imagina. Exposi\u00e7\u00e3o constante a facas, serras e outros instrumentos cortantes; realiza\u00e7\u00e3o de movimentos repetitivos que podem gerar graves les\u00f5es e doen\u00e7as; press\u00e3o psicol\u00f3gica para dar conta do alucinado ritmo de produ\u00e7\u00e3o; jornadas exaustivas at\u00e9 mesmo aos s\u00e1bados; ambiente asfixiante e, obviamente, frio \u2013 muito frio. Esse \u00e9 o duro cotidiano de trabalho nos frigor\u00edficos brasileiros de abate de aves, bovinos e su\u00ednos que o document\u00e1rio Carne, Osso traz \u00e0 tona. Ao longo de dois anos, a equipe da ONG Rep\u00f3rter Brasil percorreu diversos pontos nas regi\u00f5es Sul e Centro-Oeste \u00e0 procura de hist\u00f3rias de vida que pudessem ilustrar esses problemas. O filme alia imagens impactantes a depoimentos que caracterizam uma triste realidade que deve ser encarada com a devida seriedade pela iniciativa privada, pela sociedade civil e pelo poder p\u00fablico. (link do filme: https:\/\/carneosso.reporterbrasil.org.br\/index.html)<\/p>\n<p><strong>O que foi poss\u00edvel extrair do filme<\/strong><br \/>.<br \/>.<\/div><\/td>\n<\/tr>\n<tr valign=\"top\">\n<td width=\"840\"><span class=\"collapseomatic noarrow\" id=\"id69effa51df3b3\"  tabindex=\"0\" title=\"16. &lt;strong&gt;Central do Brasil&lt;\/strong&gt; (Brasil \/ 1998 \/ 113min)\"    >16. <strong>Central do Brasil<\/strong> (Brasil \/ 1998 \/ 113min)<\/span><div id=\"target-id69effa51df3b3\" class=\"collapseomatic_content \">\n<p><img decoding=\"async\" class=\"coverbook\" title=\"(Central do Brasil)\" src=\"https:\/\/br.web.img2.acsta.net\/c_310_420\/medias\/nmedia\/18\/87\/30\/56\/19874127.jpg\" alt=\"Central do Brasil\" \/><\/p>\n<p><strong>T\u00edtulo original<\/strong>: Central do Brasil<br \/><strong>Diretor<\/strong>: Walter Salles<br \/><strong>Roteirista<\/strong>: Jo\u00e3o Emanuel Carneiro, Marcos Bernstein<\/p>\n<p><strong>Sinopse<\/strong><br \/>Em Central do Brasil, Dora (Fernanda Montenegro) trabalha escrevendo cartas para analfabetos na esta\u00e7\u00e3o Central do Brasil, no centro da cidade do Rio de Janeiro. Ainda que a escriv\u00e3 n\u00e3o envie todas as cartas que escreve &#8211; as cartas que considera in\u00fateis ou fantasiosas demais -, ela decide ajudar um menino (Vin\u00edcius de Oliveira), ap\u00f3s sua m\u00e3e ser atropelada, a tentar encontrar o pai que nunca conheceu, no interior do Nordeste.<\/p>\n<p><strong>O que foi poss\u00edvel extrair do filme<\/strong><br \/>.<br \/>.<\/div><\/td>\n<\/tr>\n<tr valign=\"top\">\n<td width=\"840\"><span class=\"collapseomatic noarrow\" id=\"id69effa51df3f9\"  tabindex=\"0\" title=\"17. &lt;strong&gt;Ci\u00fame - O Inferno do Amor Possessivo&lt;\/strong&gt; (Fran\u00e7a \/ 1994 \/ 100min)\"    >17. <strong>Ci\u00fame - O Inferno do Amor Possessivo<\/strong> (Fran\u00e7a \/ 1994 \/ 100min)<\/span><div id=\"target-id69effa51df3f9\" class=\"collapseomatic_content \">\n<p><img decoding=\"async\" class=\"coverbook\" title=\"(Ci\u00fame - O Inferno do Amor Possessivo)\" src=\"https:\/\/br.web.img2.acsta.net\/c_310_420\/pictures\/16\/01\/06\/17\/44\/184608.jpg\" alt=\"Ci\u00fame - O Inferno do Amor Possessivo\" \/><\/p>\n<p><strong>T\u00edtulo original<\/strong>: L&#8217;Enfer<br \/><strong>Diretor<\/strong>: Claude Chabrol<br \/><strong>Roteirista<\/strong>: Claude Chabrol<\/p>\n<p><strong>Sinopse<\/strong><br \/>Paul \u00e9 um homem que tem o emprego e a mulher dos seus sonhos. No entanto, o seu trabalho como gerente de um hotel come\u00e7a a se tornar exaustivo e seu estado psicol\u00f3gico vai de mal a pior quando ele desenvolve uma paranoia frequente de que sua mulher \u00e9 infiel. Amaldi\u00e7oado pela paranoia e pelo estresse, Paul ver\u00e1 sua vida desmoronar rapidamente ao seu redor.<\/p>\n<p><strong>O que foi poss\u00edvel extrair do filme<\/strong><br \/>.<br \/>.<\/div><\/td>\n<\/tr>\n<tr valign=\"top\">\n<td width=\"840\"><span class=\"collapseomatic noarrow\" id=\"id69effa51df440\"  tabindex=\"0\" title=\"18. &lt;strong&gt;Como Enlouquecer Seu Chefe&lt;\/strong&gt; (EUA \/ 1999 \/ 89min)\"    >18. <strong>Como Enlouquecer Seu Chefe<\/strong> (EUA \/ 1999 \/ 89min)<\/span><div id=\"target-id69effa51df440\" class=\"collapseomatic_content \">\n<p><img decoding=\"async\" class=\"coverbook\" title=\"(Como Enlouquecer Seu Chefe)\" src=\"https:\/\/br.web.img3.acsta.net\/c_310_420\/medias\/nmedia\/18\/87\/02\/35\/19871204.jpg\" alt=\"Como Enlouquecer Seu Chefe\" \/><\/p>\n<p><strong>T\u00edtulo original<\/strong>: Office Space<br \/><strong>Diretor<\/strong>: Mike Judge<br \/><strong>Roteirista<\/strong>: Mike Judge<\/p>\n<p><strong>Sinopse<\/strong><br \/>O rabugento Peter Gibbons odeia seu trabalho em uma empresa de software. Sua terapeuta morre no meio de uma sess\u00e3o de hipnose e o deixa em total estado de satisfa\u00e7\u00e3o. Ele se recusa a trabalhar hora extra, joga na mesa do escrit\u00f3rio e, sem a menor inten\u00e7\u00e3o, conquista dois consultores que aceleram a sua promo\u00e7\u00e3o. Peter e seus amigos descobrem que a companhia est\u00e1 prestes a fazer cortes e decidem armar um plano de vingan\u00e7a contra a empresa.<\/p>\n<p><strong>O que foi poss\u00edvel extrair do filme<\/strong><br \/>.<br \/>.<\/div><\/td>\n<\/tr>\n<tr valign=\"top\">\n<td width=\"840\"><span class=\"collapseomatic noarrow\" id=\"id69effa51df486\"  tabindex=\"0\" title=\"19. &lt;strong&gt;Deus da Carnificina&lt;\/strong&gt; (Fran\u00e7a, Espanha, Pol\u00f4nia, Alemanha \/ 2012 \/ 80min)\"    >19. <strong>Deus da Carnificina<\/strong> (Fran\u00e7a, Espanha, Pol\u00f4nia, Alemanha \/ 2012 \/ 80min)<\/span><div id=\"target-id69effa51df486\" class=\"collapseomatic_content \">\n<p><img decoding=\"async\" class=\"coverbook\" title=\"(Deus da Carnificina)\" src=\"https:\/\/br.web.img3.acsta.net\/c_310_420\/medias\/nmedia\/18\/90\/57\/39\/20103031.jpg\" alt=\"Deus da Carnificina\" \/><\/p>\n<p><strong>T\u00edtulo original<\/strong>: Carnage<br \/><strong>Diretor<\/strong>: Roman Polanski<br \/><strong>Roteirista<\/strong>: Yasmina Reza, Yasmina Reza<\/p>\n<p><strong>Sinopse<\/strong><br \/>Ethan e Zachary, dois garotos de onze anos, se envolvem em uma briga que acaba de maneira violenta quando Ethan perde dois dentes. Os pais de Zachary, Alan e Nancy, decidem encontrar-se com os pais de Ethan, Penelope e Michael, para tentar resolver a situa\u00e7\u00e3o de maneira civilizada. O encontro, por\u00e9m, rapidamente se transforma em uma discuss\u00e3o s\u00e9ria, cheia de birra e insultos.<\/p>\n<p><strong>O que foi poss\u00edvel extrair do filme<\/strong><br \/>.<br \/>.<\/div><\/td>\n<\/tr>\n<tr valign=\"top\">\n<td width=\"840\"><span class=\"collapseomatic noarrow\" id=\"id69effa51df4ce\"  tabindex=\"0\" title=\"20. &lt;strong&gt;Divertida Mente&lt;\/strong&gt; (EUA \/ 2015 \/ 95min)\"    >20. <strong>Divertida Mente<\/strong> (EUA \/ 2015 \/ 95min)<\/span><div id=\"target-id69effa51df4ce\" class=\"collapseomatic_content \">\n<p><img decoding=\"async\" class=\"coverbook\" title=\"(Divertida Mente)\" src=\"https:\/\/br.web.img3.acsta.net\/c_310_420\/pictures\/15\/05\/14\/14\/20\/365361.jpg\" alt=\"Divertida Mente\" \/><\/p>\n<p><strong>T\u00edtulo original<\/strong>: Inside Out<br \/><strong>Diretor<\/strong>: Pete Docter<br \/><strong>Roteirista<\/strong>: Pete Docter, Pete Docter<\/p>\n<p><strong>Sinopse<\/strong><br \/>Riley \u00e9 uma garota divertida de 11 anos de idade, que deve enfrentar mudan\u00e7as importantes em sua vida quando seus pais decidem deixar a sua cidade natal, no estado de Minnesota, para viver em San Francisco. Dentro do c\u00e9rebro de Riley, convivem v\u00e1rias emo\u00e7\u00f5es diferentes, como a Alegria, o Medo, a Raiva, o Nojinho e a Tristeza. A l\u00edder deles \u00e9 Alegria, que se esfor\u00e7a bastante para fazer com que a vida de Riley seja sempre feliz. Entretanto, uma confus\u00e3o na sala de controle faz com que ela e Tristeza sejam expelidas para fora do local. Agora, elas precisam percorrer as v\u00e1rias ilhas existentes nos pensamentos de Riley para que possam retornar \u00e0 sala de controle &#8211; e, enquanto isto n\u00e3o acontece, a vida da garota muda radicalmente.<\/p>\n<p><strong>O que foi poss\u00edvel extrair do filme<\/strong><br \/>.<br \/>.<\/div><\/td>\n<\/tr>\n<tr valign=\"top\">\n<td width=\"840\"><span class=\"collapseomatic noarrow\" id=\"id69effa51df514\"  tabindex=\"0\" title=\"21. &lt;strong&gt;Divertida Mente 2&lt;\/strong&gt; (EUA \/ 2024 \/ 96min)\"    >21. <strong>Divertida Mente 2<\/strong> (EUA \/ 2024 \/ 96min)<\/span><div id=\"target-id69effa51df514\" class=\"collapseomatic_content \">\n<p><img decoding=\"async\" class=\"coverbook\" title=\"(Divertida Mente 2)\" src=\"https:\/\/br.web.img2.acsta.net\/c_310_420\/pictures\/23\/11\/09\/18\/04\/2076862.jpg\" alt=\"Divertida Mente 2\" \/><\/p>\n<p><strong>T\u00edtulo original<\/strong>: Inside Out 2<br \/><strong>Diretor<\/strong>: Kelsey Mann<br \/><strong>Roteirista<\/strong>: Meg LeFauve, Dave Holstein<\/p>\n<p><strong>Sinopse<\/strong><br \/>Com um salto temporal, Riley se encontra mais velha, passando pela t\u00e3o temida adolesc\u00eancia. Junto com o amadurecimento, a sala de controle tamb\u00e9m est\u00e1 passando por uma adapta\u00e7\u00e3o para dar lugar a algo totalmente inesperado: novas emo\u00e7\u00f5es.<\/p>\n<p><strong>O que foi poss\u00edvel extrair do filme<\/strong><br \/>Tecnicamente, o filme tem um conte\u00fado tanto fascinante quanto sua primeira edi\u00e7\u00e3o, lan\u00e7ada em 2015. Dessa vez, assisti com outros olhos pois se passaram quase 10 anos desde que assisti o primeiro filme e muitas coisas e aprendizados ocorreram nesses anos. O filme traz muita coisa legal. Dentre as curiosidades que eu tinha certamente a maior era verificar a divis\u00e3o entre emo\u00e7\u00e3o e sentimento. Ao tentar olhar o filme com esse prop\u00f3sito, a hist\u00f3ria em si se torna o menos importante e a busca constante por interpretar o que est\u00e1 sendo passado a quem assiste se torna um jogo pra l\u00e1 de interessante. Resumo da \u00f3pera: um \u00f3timo filme para assistir e refletir de forma rasa sobre os meandros de nossa mente e comportamento.<br \/>.<\/div><\/td>\n<\/tr>\n<tr valign=\"top\">\n<td width=\"840\"><span class=\"collapseomatic noarrow\" id=\"id69effa51df55a\"  tabindex=\"0\" title=\"22. &lt;strong&gt;Dogville&lt;\/strong&gt; (EUA \/ 2004 \/ 177min)\"    >22. <strong>Dogville<\/strong> (EUA \/ 2004 \/ 177min)<\/span><div id=\"target-id69effa51df55a\" class=\"collapseomatic_content \">\n<p><img decoding=\"async\" class=\"coverbook\" title=\"(Dogville)\" src=\"https:\/\/br.web.img2.acsta.net\/c_310_420\/medias\/nmedia\/18\/87\/00\/51\/19871015.jpg\" alt=\"Dogville\" \/><\/p>\n<p><strong>T\u00edtulo original<\/strong>: Dogville<br \/><strong>Diretor<\/strong>: Lars von Trier<br \/><strong>Roteirista<\/strong>: Lars von Trier<\/p>\n<p><strong>Sinopse<\/strong><br \/>Anos 30, Dogville, um lugarejo nas Montanhas Rochosas. Grace (Nicole Kidman), uma bela desconhecida, aparece no lugar ao tentar fugir de g\u00e2ngsters. Com o apoio de Tom Edison (Paul Bettany), o auto-designado porta-voz da pequena comunidade, Grace \u00e9 escondida pela pequena cidade e, em troca, trabalhar\u00e1 para eles. Fica acertado que ap\u00f3s duas semanas ocorrer\u00e1 uma vota\u00e7\u00e3o para decidir se ela fica. Ap\u00f3s este &#8220;per\u00edodo de testes&#8221; Grace \u00e9 aprovada por unanimidade, mas quando a procura por ela se intensifica os moradores exigem algo mais em troca do risco de escond\u00ea-la. \u00c9 quando ela descobre de modo duro que nesta cidade a bondade \u00e9 algo bem relativo, pois Dogville come\u00e7a a mostrar seus dentes. No entanto Grace carrega um segredo, que pode ser muito perigoso para a cidade.<\/p>\n<p><strong>O que foi poss\u00edvel extrair do filme<\/strong><br \/>.<br \/>.<\/div><\/td>\n<\/tr>\n<tr valign=\"top\">\n<td width=\"840\"><span class=\"collapseomatic noarrow\" id=\"id69effa51df5a1\"  tabindex=\"0\" title=\"23. &lt;strong&gt;Durval Discos&lt;\/strong&gt; (Brasil \/ 2003 \/ 96min)\"    >23. <strong>Durval Discos<\/strong> (Brasil \/ 2003 \/ 96min)<\/span><div id=\"target-id69effa51df5a1\" class=\"collapseomatic_content \">\n<p><img decoding=\"async\" class=\"coverbook\" title=\"(Durval Discos)\" src=\"https:\/\/br.web.img2.acsta.net\/c_310_420\/medias\/nmedia\/18\/87\/77\/88\/19961456.jpg\" alt=\"Durval Discos\" \/><\/p>\n<p><strong>T\u00edtulo original<\/strong>: Durval Discos<br \/><strong>Diretor<\/strong>: Anna Muylaert<br \/><strong>Roteirista<\/strong>: Anna Muylaert<\/p>\n<p><strong>Sinopse<\/strong><br \/>Durval (Ary Fran\u00e7a) e sua m\u00e3e Carmita (Etty Fraser) vivem h\u00e1 muitos anos na mesma casa onde funciona a loja Durval Discos, que j\u00e1 foi muito conhecida no passado mas hoje vive uma fase de decad\u00eancia devido \u00e0 decis\u00e3o de Durval em n\u00e3o vender CDs e se manter fiel aos discos de vinil. Para ajudar sua m\u00e3e no trabalho de casa Durval decide contratar uma empregada. O baixo sal\u00e1rio acaba atraindo C\u00e9lia (Let\u00edcia Sabatella), uma estranha candidata que chega junto com Kiki (Isabela Guasco), uma pequena garota. Ap\u00f3s alguns dias de trabalho C\u00e9lia simplesmente desaparece, deixando Kiki e um bilhete avisando que voltaria para busc\u00e1-la dentro de 3 dias. Durval e Carmita ficam surpresos com tal atitude, mas acabam cuidando da garota. At\u00e9 que, ao assistir o telejornal, m\u00e3e e filho ficam cientes da realidade em torno de C\u00e9lia e Kiki.<\/p>\n<p><strong>O que foi poss\u00edvel extrair do filme<\/strong><br \/>Nos iludimos o tempo todo sobre como controlamos nossas vidas e nosso destino. A compreens\u00e3o de um mundo cartesiano \u00e9 muito forte e levamos a ideia de um mundo previs\u00edvel e meritocr\u00e1tico tamb\u00e9m para dentro de nossos empreendimentos de neg\u00f3cios, para o planejamento de nossas atividades e at\u00e9 para constru\u00e7\u00e3o de estrat\u00e9gias que ser\u00e3o respons\u00e1veis pelo sucesso ou fracasso de nosso trabalho. Esse filme &#8211; uma aparente com\u00e9dia &#8211; se desdobra em uma s\u00e9rie de eventos que toca fundo no quanto \u00e9 perigoso n\u00e3o estar aberto para as mudan\u00e7as a nossa volta. Assim \u00e9 tamb\u00e9m o trabalho. Portanto, se justifica claramente sua presen\u00e7a nessa lista de filmes sugeridos.<br \/>.<\/div><\/td>\n<\/tr>\n<tr valign=\"top\">\n<td width=\"840\"><span class=\"collapseomatic noarrow\" id=\"id69effa51df5e8\"  tabindex=\"0\" title=\"24. &lt;strong&gt;Efeito Pigmale\u00e3o&lt;\/strong&gt; (Fran\u00e7a  \/ 2019 \/ 112min)\"    >24. <strong>Efeito Pigmale\u00e3o<\/strong> (Fran\u00e7a  \/ 2019 \/ 112min)<\/span><div id=\"target-id69effa51df5e8\" class=\"collapseomatic_content \">\n<p><img decoding=\"async\" class=\"coverbook\" title=\"(Efeito Pigmale\u00e3o)\" src=\"https:\/\/www.papodecinema.com.br\/wp-content\/uploads\/2020\/04\/20200409-efeito-pigmaleao-papo-de-cinema-cartaz-221x300.webp\" alt=\"Efeito Pigmale\u00e3o\" \/><\/p>\n<p><strong>T\u00edtulo original<\/strong>: La vie scolaire<br \/><strong>Diretor<\/strong>: Grand Corps Malade, Mehdi Idir<br \/><strong>Roteirista<\/strong>: Grand Corps Malade, Mehdi Idir<\/p>\n<p><strong>Sinopse<\/strong><br \/>Uma conselheira escolar se muda para Saint-Denis, um bairro pobre da periferia de Paris. Ela passa a cuidar de uma escola com alunos particularmente dif\u00edceis, e descobre a necessidade de disciplinar tamb\u00e9m os professores, enquanto encontra for\u00e7as para aguentar a batalha di\u00e1ria de ajudar garotos e garotas sem qualquer perspectiva de futuro.<\/p>\n<p><strong>O que foi poss\u00edvel extrair do filme<\/strong><br \/>.<br \/>.<\/div><\/td>\n<\/tr>\n<tr valign=\"top\">\n<td width=\"840\"><span class=\"collapseomatic noarrow\" id=\"id69effa51df62e\"  tabindex=\"0\" title=\"25. &lt;strong&gt;Ensaio Sobre a Cegueira&lt;\/strong&gt; (Brasil \/ 2008 \/ 121min)\"    >25. <strong>Ensaio Sobre a Cegueira<\/strong> (Brasil \/ 2008 \/ 121min)<\/span><div id=\"target-id69effa51df62e\" class=\"collapseomatic_content \">\n<p><img decoding=\"async\" class=\"coverbook\" title=\"(Ensaio Sobre a Cegueira)\" src=\"https:\/\/br.web.img3.acsta.net\/c_310_420\/medias\/nmedia\/18\/87\/00\/19\/19870983.jpg\" alt=\"Ensaio Sobre a Cegueira\" \/><\/p>\n<p><strong>T\u00edtulo original<\/strong>: Ensaio sobre a Cegueira<br \/><strong>Diretor<\/strong>: Fernando Meirelles<br \/><strong>Roteirista<\/strong>: Don McKellar<\/p>\n<p><strong>Sinopse<\/strong><br \/>Numa cidade grande, o tr\u00e2nsito \u00e9 subitamente atrapalhado quando um motorista de origem japonesa, n\u00e3o consegue dirigir e diz ter ficado cego. Ele \u00e9 ajudado a chegar em casa por um homem, que acaba por roubar seu carro. No dia seguinte ele e a mulher v\u00e3o consultar um oftalmologista, que n\u00e3o descobre nada de errado com os olhos do primeiro cego. Esse diz ainda que uma &#8220;luz branca&#8221; impede a sua vis\u00e3o. Pouco tempo depois, todas as pessoas que tiveram contato com o primeiro cego &#8211; sua esposa, o ladr\u00e3o, o m\u00e9dico e os pacientes da sala de espera do consult\u00f3rio &#8211; tamb\u00e9m ficam cegas. O governo trata a doen\u00e7a como uma epidemia e imediatamente coloca de\u00a0quarentena\u00a0os doentes, em uma instala\u00e7\u00e3o vigiada o tempo todo por soldados armados. A mulher do oftalmologista \u00e9 a \u00fanica que n\u00e3o \u00e9 afetada, mas finge estar com a doen\u00e7a para acompanhar o marido em seu confinamento.<\/p>\n<p><strong>O que foi poss\u00edvel extrair do filme<\/strong><br \/>.<br \/>.<\/div><\/td>\n<\/tr>\n<tr valign=\"top\">\n<td width=\"840\"><span class=\"collapseomatic noarrow\" id=\"id69effa51df675\"  tabindex=\"0\" title=\"26. &lt;strong&gt;Entre os Muros da Escola&lt;\/strong&gt; (Fran\u00e7a \/ 2008 \/ 128min)\"    >26. <strong>Entre os Muros da Escola<\/strong> (Fran\u00e7a \/ 2008 \/ 128min)<\/span><div id=\"target-id69effa51df675\" class=\"collapseomatic_content \">\n<p><img decoding=\"async\" class=\"coverbook\" title=\"(Entre os Muros da Escola)\" src=\"https:\/\/br.web.img2.acsta.net\/c_310_420\/medias\/nmedia\/18\/87\/03\/83\/20039763.jpg\" alt=\"Entre os Muros da Escola\" \/><\/p>\n<p><strong>T\u00edtulo original<\/strong>: Entre les Murs<br \/><strong>Diretor<\/strong>: Laurent Cantet<br \/><strong>Roteirista<\/strong>: Robin Campillo, Laurent Cantet, Fran\u00e7ois B\u00e9gaudeau<\/p>\n<p><strong>Sinopse<\/strong><br \/>Fran\u00e7ois Marin trabalha como professor de l\u00edngua francesa em uma escola, localizada na periferia de Paris. Ele e seus colegas de ensino buscam apoio m\u00fatuo na dif\u00edcil tarefa de fazer com que os alunos aprendam algo ao longo do ano letivo. Marin tem na escola alunos problem\u00e1ticos, viol\u00eancia, tens\u00f5es \u00e9tnicas entre os alunos, o que testa sua paci\u00eancia e, mais importante, sua determina\u00e7\u00e3o como um educador.<\/p>\n<p><strong>O que foi poss\u00edvel extrair do filme<\/strong><br \/>.<br \/>.<\/div><\/td>\n<\/tr>\n<tr valign=\"top\">\n<td width=\"840\"><span class=\"collapseomatic noarrow\" id=\"id69effa51df6bc\"  tabindex=\"0\" title=\"27. &lt;strong&gt;Estou me Guardando para Quando o Carnaval Chegar  (document\u00e1rio)&lt;\/strong&gt; (Brasil  \/ 2019 \/ 86min)\"    >27. <strong>Estou me Guardando para Quando o Carnaval Chegar  (document\u00e1rio)<\/strong> (Brasil  \/ 2019 \/ 86min)<\/span><div id=\"target-id69effa51df6bc\" class=\"collapseomatic_content \">\n<p><img decoding=\"async\" class=\"coverbook\" title=\"(Estou me Guardando para Quando o Carnaval Chegar  (document\u00e1rio))\" src=\"https:\/\/br.web.img3.acsta.net\/c_310_420\/pictures\/19\/02\/08\/20\/18\/3836187.jpg\" alt=\"Estou me Guardando para Quando o Carnaval Chegar  (document\u00e1rio)\" \/><\/p>\n<p><strong>T\u00edtulo original<\/strong>: Estou me Guardando para Quando o Carnaval Chegar<br \/><strong>Diretor<\/strong>: Marcelo Gomes<br \/><strong>Roteirista<\/strong>: Marcelo Gomes<\/p>\n<p><strong>Sinopse<\/strong><br \/>Na cidade de Toritama, considerada um centro ativo do capitalismo local, mais de 20 milh\u00f5es de jeans s\u00e3o produzidas anualmente em f\u00e1bricas caseiras. Orgulhosos de serem os pr\u00f3prios chefes, os propriet\u00e1rios destas f\u00e1bricas trabalham sem parar em todas as \u00e9pocas do ano, exceto o carnaval: quando chega a semana de folga eles vendem tudo que acumularam e descansam em praias paradis\u00edacas.<\/p>\n<p><strong>O que foi poss\u00edvel extrair do filme<\/strong><br \/>.<br \/>.<\/div><\/td>\n<\/tr>\n<tr valign=\"top\">\n<td width=\"840\"><span class=\"collapseomatic noarrow\" id=\"id69effa51df704\"  tabindex=\"0\" title=\"28. &lt;strong&gt;Estou Pensando em Acabar com Tudo&lt;\/strong&gt; (EUA \/ 2020 \/ 134min)\"    >28. <strong>Estou Pensando em Acabar com Tudo<\/strong> (EUA \/ 2020 \/ 134min)<\/span><div id=\"target-id69effa51df704\" class=\"collapseomatic_content \">\n<p><img decoding=\"async\" class=\"coverbook\" title=\"(Estou Pensando em Acabar com Tudo)\" src=\"https:\/\/br.web.img2.acsta.net\/c_310_420\/pictures\/20\/08\/06\/09\/31\/1889578.jpg\" alt=\"Estou Pensando em Acabar com Tudo\" \/><\/p>\n<p><strong>T\u00edtulo original<\/strong>: I\u2019m Thinking of Ending Things<br \/><strong>Diretor<\/strong>: Charlie Kaufman<br \/><strong>Roteirista<\/strong>: Charlie Kaufman<\/p>\n<p><strong>Sinopse<\/strong><br \/>Apesar de possuir d\u00favidas sobre seu relacionamento, uma jovem (Jessie Buckley) faz uma viagem com seu novo namorado (Jesse Plemons) para a fazenda da fam\u00edlia dele. Presa no local durante uma nevasca, ela come\u00e7a a observar comportamentos exc\u00eantricos nos familiares de seu namorado, assim como alguns detalhes estranhos na casa, levando-a a questionar a natureza de tudo que entendia sobre os sogros, ela mesma, seu namorado e o mundo. Estou Pensando em Acabar com Tudo \u00e9 uma jornada sobre arrependimento, desejo e a fragilidade do esp\u00edrito humano.<\/p>\n<p><strong>O que foi poss\u00edvel extrair do filme<\/strong><br \/>.<br \/>.<\/div><\/td>\n<\/tr>\n<tr valign=\"top\">\n<td width=\"840\"><span class=\"collapseomatic noarrow\" id=\"id69effa51df74b\"  tabindex=\"0\" title=\"29. &lt;strong&gt;Fome de Poder&lt;\/strong&gt; (EUA \/ 2016 \/ 115min)\"    >29. <strong>Fome de Poder<\/strong> (EUA \/ 2016 \/ 115min)<\/span><div id=\"target-id69effa51df74b\" class=\"collapseomatic_content \">\n<p><img decoding=\"async\" class=\"coverbook\" title=\"(Fome de Poder)\" src=\"https:\/\/br.web.img2.acsta.net\/c_310_420\/pictures\/17\/02\/21\/19\/09\/113794.jpg\" alt=\"Fome de Poder\" \/><\/p>\n<p><strong>T\u00edtulo original<\/strong>: The Founder<br \/><strong>Diretor<\/strong>: John Lee Hancock<br \/><strong>Roteirista<\/strong>: Robert D. Siegel<\/p>\n<p><strong>Sinopse<\/strong><br \/>A hist\u00f3ria da ascens\u00e3o do McDonald&#8217;s. Ap\u00f3s receber uma demanda sem precedentes e notar uma movimenta\u00e7\u00e3o de consumidores fora do normal, o vendedor de Illinois Ray Kroc (Michael Keaton) adquire uma participa\u00e7\u00e3o nos neg\u00f3cios da lanchonete dos irm\u00e3os Richard e Maurice &#8220;Mac&#8221; McDonald no sul da Calif\u00f3rnia e, pouco a pouco eliminando os dois da rede, transforma a marca em um gigantesco imp\u00e9rio aliment\u00edcio.<\/p>\n<p><strong>O que foi poss\u00edvel extrair do filme<\/strong><br \/>.<br \/>.<\/div><\/td>\n<\/tr>\n<tr valign=\"top\">\n<td width=\"840\"><span class=\"collapseomatic noarrow\" id=\"id69effa51df791\"  tabindex=\"0\" title=\"30. &lt;strong&gt;Hist\u00f3ria Real&lt;\/strong&gt; (EUA \/ 2000 \/ 212min)\"    >30. <strong>Hist\u00f3ria Real<\/strong> (EUA \/ 2000 \/ 212min)<\/span><div id=\"target-id69effa51df791\" class=\"collapseomatic_content \">\n<p><img decoding=\"async\" class=\"coverbook\" title=\"(Hist\u00f3ria Real)\" src=\"https:\/\/br.web.img2.acsta.net\/c_310_420\/medias\/nmedia\/18\/89\/12\/18\/20028960.jpg\" alt=\"Hist\u00f3ria Real\" \/><\/p>\n<p><strong>T\u00edtulo original<\/strong>: The Straight Story<br \/><strong>Diretor<\/strong>: David Lynch<br \/><strong>Roteirista<\/strong>: Mary Sweeney<\/p>\n<p><strong>Sinopse<\/strong><br \/>Um retrato l\u00edrico da real viagem de um homem atrav\u00e9s do cora\u00e7\u00e3o da Am\u00e9rica. Filmado ao longo da rota de 260 milhas que Alvin Straigt percorreu em 1994, indo de Laurens, Iowa para Mr. Zion, Wisconsin, Hist\u00f3ria Real conta as cr\u00f4nicas da odiss\u00e9ia de Alvin e das pessoas com as quais encontrou ao longo da travessia.<\/p>\n<p><strong>O que foi poss\u00edvel extrair do filme<\/strong><br \/>.<br \/>.<\/div><\/td>\n<\/tr>\n<tr valign=\"top\">\n<td width=\"840\"><span class=\"collapseomatic noarrow\" id=\"id69effa51df7d7\"  tabindex=\"0\" title=\"31. &lt;strong&gt;Homens de Coragem&lt;\/strong&gt; (EUA \/ 2017 \/ 133min)\"    >31. <strong>Homens de Coragem<\/strong> (EUA \/ 2017 \/ 133min)<\/span><div id=\"target-id69effa51df7d7\" class=\"collapseomatic_content \">\n<p><img decoding=\"async\" class=\"coverbook\" title=\"(Homens de Coragem)\" src=\"https:\/\/br.web.img2.acsta.net\/c_310_420\/pictures\/17\/07\/24\/10\/40\/570463.jpg\" alt=\"Homens de Coragem\" \/><\/p>\n<p><strong>T\u00edtulo original<\/strong>: Only the Brave<br \/><strong>Diretor<\/strong>: Joseph Kosinski<br \/><strong>Roteirista<\/strong>: Ken Nolan, Eric Warren Singer<\/p>\n<p><strong>Sinopse<\/strong><br \/>Homens de Coragem \u00e9 a hist\u00f3ria, baseada em fatos reais, de uma das maiores for\u00e7as de combate a inc\u00eandio dos EUA: os Granite Mountain Hotshots. Quando um imenso inc\u00eandio na regi\u00e3o do Arizona se inicia, uma verdadeira guerra contra o tempo \u00e9 travada por esse grupo de bombeiros na tentativa de apagar o fogo.<\/p>\n<p><strong>O que foi poss\u00edvel extrair do filme<\/strong><br \/>.<br \/>.<\/div><\/td>\n<\/tr>\n<tr valign=\"top\">\n<td width=\"840\"><span class=\"collapseomatic noarrow\" id=\"id69effa51df81e\"  tabindex=\"0\" title=\"32. &lt;strong&gt;Ladr\u00f5es de Bicicleta&lt;\/strong&gt; (It\u00e1lia \/ 1948 \/ 89min)\"    >32. <strong>Ladr\u00f5es de Bicicleta<\/strong> (It\u00e1lia \/ 1948 \/ 89min)<\/span><div id=\"target-id69effa51df81e\" class=\"collapseomatic_content \">\n<p><img decoding=\"async\" class=\"coverbook\" title=\"(Ladr\u00f5es de Bicicleta)\" src=\"https:\/\/br.web.img3.acsta.net\/c_310_420\/pictures\/210\/073\/21007343_20130521200209704.jpg\" alt=\"Ladr\u00f5es de Bicicleta\" \/><\/p>\n<p><strong>T\u00edtulo original<\/strong>: Ladri di Biciclette<br \/><strong>Diretor<\/strong>: Vittorio De Sica<br \/><strong>Roteirista<\/strong>: .<\/p>\n<p><strong>Sinopse<\/strong><br \/>Em Roma um trabalhador de origem humilde, Antonio Ricci (Lamberto Maggiorani), luta para sustentar a fam\u00edlia. Precisando de uma bicicleta para come\u00e7ar em um novo emprego, Ricci penhora as roupas de cama da casa. Para desespero da fam\u00edlia, a bicicleta \u00e9 roubada e Antonio sai junto com o filho Bruno (Enzo Staiola) para procur\u00e1-la pela cidade.<\/p>\n<p><strong>O que foi poss\u00edvel extrair do filme<\/strong><br \/>.<br \/>.<\/div><\/td>\n<\/tr>\n<tr valign=\"top\">\n<td width=\"840\"><span class=\"collapseomatic noarrow\" id=\"id69effa51df865\"  tabindex=\"0\" title=\"33. &lt;strong&gt;Laranja Mec\u00e2nica&lt;\/strong&gt; (EUA\/Gr\u00e3-Bretanha \/ 1971 \/ 136min)\"    >33. <strong>Laranja Mec\u00e2nica<\/strong> (EUA\/Gr\u00e3-Bretanha \/ 1971 \/ 136min)<\/span><div id=\"target-id69effa51df865\" class=\"collapseomatic_content \">\n<p><img decoding=\"async\" class=\"coverbook\" title=\"(Laranja Mec\u00e2nica)\" src=\"https:\/\/br.web.img2.acsta.net\/c_310_420\/medias\/nmedia\/18\/91\/05\/58\/20127559.jpg\" alt=\"Laranja Mec\u00e2nica\" \/><\/p>\n<p><strong>T\u00edtulo original<\/strong>: A Clockwork Orange<br \/><strong>Diretor<\/strong>: Stanley Kubrick <br \/><strong>Roteirista<\/strong>: Stanley Kubrick <\/p>\n<p><strong>Sinopse<\/strong><br \/>No futuro, o violento Alex (Malcolm McDowell), l\u00edder de uma gangue de delinquentes que matam, roubam e estupram, cai nas m\u00e3os da pol\u00edcia. Preso, ele recebe a op\u00e7\u00e3o de participar em um programa que pode reduzir o seu tempo na cadeia. Alex vira cobaia de experimentos destinados a refrear os impulsos destrutivos do ser humano, mas acaba se tornando impotente para lidar com a viol\u00eancia que o cerca.<\/p>\n<p><strong>O que foi poss\u00edvel extrair do filme<\/strong><br \/>.<br \/>.<\/div><\/td>\n<\/tr>\n<tr valign=\"top\">\n<td width=\"840\"><span class=\"collapseomatic noarrow\" id=\"id69effa51df8ac\"  tabindex=\"0\" title=\"34. &lt;strong&gt;Malena&lt;\/strong&gt; (It\u00e1lia \/ 2001 \/ 128min)\"    >34. <strong>Malena<\/strong> (It\u00e1lia \/ 2001 \/ 128min)<\/span><div id=\"target-id69effa51df8ac\" class=\"collapseomatic_content \">\n<p><img decoding=\"async\" class=\"coverbook\" title=\"(Malena)\" src=\"https:\/\/br.web.img3.acsta.net\/c_310_420\/medias\/nmedia\/18\/87\/14\/92\/19872515.jpg\" alt=\"Malena\" \/><\/p>\n<p><strong>T\u00edtulo original<\/strong>: Mal\u00e8na<br \/><strong>Diretor<\/strong>: Giuseppe Tornatore<br \/><strong>Roteirista<\/strong>: Giuseppe Tornatore<\/p>\n<p><strong>Sinopse<\/strong><br \/>Em 1941, numa pequena vila localizada na Sic\u00edlia, um grupo de garotos de 13 anos de idade nutre uma profunda paix\u00e3o por Malena (Monica Bellucci), a vi\u00fava de um soldado local, despertando uma hist\u00f3ria de amor, perda e coragem.<\/p>\n<p><strong>O que foi poss\u00edvel extrair do filme<\/strong><br \/>Demorei para obsorver este filme. Hoje percebo a crueldade das cenas, seguido de estupros velados, de abusos da mulher. O filme \u00e9 um visceral &#8220;tapa na cara&#8221; sobre a condi\u00e7\u00e3o da mulher contempor\u00e2nea frente a este modelo patriarcal calcado na viol\u00eancia e buscar pelo poder pela for\u00e7a. Pelo menos o diretor foi sublime e sut\u00edl na constru\u00e7\u00e3o de uma obra prima. \u00d3tima (e triste) filme!!<br \/>.<\/div><\/td>\n<\/tr>\n<tr valign=\"top\">\n<td width=\"840\"><span class=\"collapseomatic noarrow\" id=\"id69effa51df8f3\"  tabindex=\"0\" title=\"35. &lt;strong&gt;Manderlay&lt;\/strong&gt; (EUA \/ 2004 \/ 139min)\"    >35. <strong>Manderlay<\/strong> (EUA \/ 2004 \/ 139min)<\/span><div id=\"target-id69effa51df8f3\" class=\"collapseomatic_content \">\n<p><img decoding=\"async\" class=\"coverbook\" title=\"(Manderlay)\" src=\"https:\/\/br.web.img3.acsta.net\/c_310_420\/medias\/nmedia\/18\/87\/11\/72\/19872182.jpg\" alt=\"Manderlay\" \/><\/p>\n<p><strong>T\u00edtulo original<\/strong>: Manderlay<br \/><strong>Diretor<\/strong>: Lars von Trier<br \/><strong>Roteirista<\/strong>: Lars von Trier<\/p>\n<p><strong>Sinopse<\/strong><br \/>Ap\u00f3s deixarem para tr\u00e1s a cidade de Dogville, Grace (Bryce Dallas Howard) e o pai (Willem Dafoe) acabam por acaso nos port\u00f5es da fazenda de Manderlay, no sul dos Estados Unidos. L\u00e1 Grace descobre uma estrutura escravagista em pleno funcionamento, apesar de estarmos em 1933, quando j\u00e1 fora abolida a escravatura. Ela se envolve ent\u00e3o nas rela\u00e7\u00f5es entre os empregados negros e seus patr\u00f5es, apenas para descobrir que os la\u00e7os que regem estas rela\u00e7\u00f5es s\u00e3o bem mais complexos do que ela pensava.<\/p>\n<p><strong>O que foi poss\u00edvel extrair do filme<\/strong><br \/>.<br \/>.<\/div><\/td>\n<\/tr>\n<tr valign=\"top\">\n<td width=\"840\"><span class=\"collapseomatic noarrow\" id=\"id69effa51df939\"  tabindex=\"0\" title=\"36. &lt;strong&gt;Marguerite&lt;\/strong&gt; (Fran\u00e7a, Rep\u00fablica Tcheca, B\u00e9lgica \/ 2015 \/ 129min)\"    >36. <strong>Marguerite<\/strong> (Fran\u00e7a, Rep\u00fablica Tcheca, B\u00e9lgica \/ 2015 \/ 129min)<\/span><div id=\"target-id69effa51df939\" class=\"collapseomatic_content \">\n<p><img decoding=\"async\" class=\"coverbook\" title=\"(Marguerite)\" src=\"https:\/\/br.web.img3.acsta.net\/c_310_420\/pictures\/16\/06\/08\/16\/43\/201840.jpg\" alt=\"Marguerite\" \/><\/p>\n<p><strong>T\u00edtulo original<\/strong>: Marguerite<br \/><strong>Diretor<\/strong>: Xavier Giannoli<br \/><strong>Roteirista<\/strong>: Xavier Giannoli, Marcia Romano<\/p>\n<p><strong>Sinopse<\/strong><br \/>Nos anos 1920, Marguerite Dumont (Catherine Frot) \u00e9 uma mulher rica que est\u00e1 convencida de que tem uma bel\u00edssima voz, e organiza v\u00e1rios concertos privados em sua mans\u00e3o. Ela \u00e9 muito apreciada pela generosidade e pelas belas festas, mas ningu\u00e9m tem coragem de dizer que Marguerite canta incrivelmente mal. Um dia, a artista decide se apresentar em p\u00fablico. O marido teme a rea\u00e7\u00e3o negativa, mas ela contrata um professor e se prepara para a apresenta\u00e7\u00e3o de sua vida. Antes de assistir o filme, vale \u00e0 pena pesquisar um pouco sobre quem foi Florence Foster Jenkins e toda sua hist\u00f3ria.<\/p>\n<p><strong>O que foi poss\u00edvel extrair do filme<\/strong><br \/>Um filme rico em insights para pensarmos em quest\u00f5es profundas de nossos comportamentos com o pr\u00f3ximo. Diversos personagens, cada um dos quais, instiga um belo debate sobre auteridade, sinismo, micropol\u00edtcas, enfim, v\u00e1rios dos diversos elementos que norteiam quem somos em meio a uma hist\u00f3ria que retrata as extravag\u00e2ncias das artistocracias em meados do in\u00edcio do s\u00e9culo XX. Um filme para rir muito, mas tamb\u00e9m para sair inquieto. Tudo depende com que olhar pretendemos assist\u00ed-lo.<br \/>.<\/div><\/td>\n<\/tr>\n<tr valign=\"top\">\n<td width=\"840\"><span class=\"collapseomatic noarrow\" id=\"id69effa51df980\"  tabindex=\"0\" title=\"37. &lt;strong&gt;Mary &amp; Max - Uma Amizade Diferente&lt;\/strong&gt; (Austr\u00e1lia \/ 2010 \/ 92min)\"    >37. <strong>Mary &amp; Max - Uma Amizade Diferente<\/strong> (Austr\u00e1lia \/ 2010 \/ 92min)<\/span><div id=\"target-id69effa51df980\" class=\"collapseomatic_content \">\n<p><img decoding=\"async\" class=\"coverbook\" title=\"(Mary &#038; Max - Uma Amizade Diferente)\" src=\"https:\/\/br.web.img3.acsta.net\/c_310_420\/medias\/nmedia\/18\/87\/90\/52\/19962751.asp.jpg\" alt=\"Mary &#038; Max - Uma Amizade Diferente\" \/><\/p>\n<p><strong>T\u00edtulo original<\/strong>: Mary and Max<br \/><strong>Diretor<\/strong>: Adam Elliot<br \/><strong>Roteirista<\/strong>: Adam Elliot<\/p>\n<p><strong>Sinopse<\/strong><br \/>Mary Daisy Dinkle (Toni Collette) \u00e9 uma menina solit\u00e1ria de oito anos, que vive em Melbourne, na Austr\u00e1lia. Max Jerry Horovitz (Philip Seymour Hoffman) tem 44 anos e vive em Nova York. Obeso e tamb\u00e9m solit\u00e1rio, ele tem S\u00edndrome de Asperger. Mesmo com tamanha dist\u00e2ncia e a diferen\u00e7a de idade existente entre eles, Mary e Max desenvolvem uma forte amizade, que transcorre de acordo com os altos e baixos da vida.<\/p>\n<p><strong>O que foi poss\u00edvel extrair do filme<\/strong><br \/>.<br \/>.<\/div><\/td>\n<\/tr>\n<tr valign=\"top\">\n<td width=\"840\"><span class=\"collapseomatic noarrow\" id=\"id69effa51df9c9\"  tabindex=\"0\" title=\"38. &lt;strong&gt;Monsieur &amp; Madame Adelman&lt;\/strong&gt; (Fran\u00e7a \/ 2017 \/ 120min)\"    >38. <strong>Monsieur &amp; Madame Adelman<\/strong> (Fran\u00e7a \/ 2017 \/ 120min)<\/span><div id=\"target-id69effa51df9c9\" class=\"collapseomatic_content \">\n<p><img decoding=\"async\" class=\"coverbook\" title=\"(Monsieur &#038; Madame Adelman)\" src=\"https:\/\/br.web.img3.acsta.net\/c_310_420\/pictures\/17\/07\/04\/22\/21\/324968.jpg\" alt=\"Monsieur &#038; Madame Adelman\" \/><\/p>\n<p><strong>T\u00edtulo original<\/strong>: Monsieur &#038; Madame Adelman<br \/><strong>Diretor<\/strong>: Nicolas Bedos, Doria Tillier<br \/><strong>Roteirista<\/strong>: Nicolas Bedos, Doria Tillier<\/p>\n<p><strong>Sinopse<\/strong><br \/>Sarah (Doria Tillier) e Victor (Nicolas Bedos) estiveram juntos por 45 anos. No funeral dele, Sarah \u00e9 abordada por um jornalista que deseja contar a hist\u00f3ria de seu marido, um renomado escritor, a partir do olhar da mulher que sempre o acompanhou. A partir de ent\u00e3o, ela passa a contar as min\u00facias do relacionamento que tiveram, incluindo segredos bastante \u00edntimos.<\/p>\n<p><strong>O que foi poss\u00edvel extrair do filme<\/strong><br \/>Particularmente, penso que \u00e9 um filme complexo pelo que instiga. \u00c9 poss\u00edvel a partir dele pensar sobre o que fizemos com nossas vidas, como encaramos e seguimos os dogmas sociais e at\u00e9 mesmo, o quanto podemos estar embrenhados em algumas discuss\u00f5es superficiais sobre as rela\u00e7\u00f5es envolvendo g\u00eanero e sexismo. Vale \u00e0 pena conferir.<br \/>.<\/div><\/td>\n<\/tr>\n<tr valign=\"top\">\n<td width=\"840\"><span class=\"collapseomatic noarrow\" id=\"id69effa51dfa10\"  tabindex=\"0\" title=\"39. &lt;strong&gt;Muito Al\u00e9m do Peso (document\u00e1rio)&lt;\/strong&gt; (Brasil \/ 2012 \/ 84min)\"    >39. <strong>Muito Al\u00e9m do Peso (document\u00e1rio)<\/strong> (Brasil \/ 2012 \/ 84min)<\/span><div id=\"target-id69effa51dfa10\" class=\"collapseomatic_content \">\n<p><img decoding=\"async\" class=\"coverbook\" title=\"(Muito Al\u00e9m do Peso (document\u00e1rio))\" src=\"https:\/\/br.web.img3.acsta.net\/c_310_420\/medias\/nmedia\/18\/94\/64\/82\/20345503.jpg\" alt=\"Muito Al\u00e9m do Peso (document\u00e1rio)\" \/><\/p>\n<p><strong>T\u00edtulo original<\/strong>: Muito al\u00e9m do peso [document\u00e1rio]<strong>Diretor<\/strong>: Estela Renner<br \/><strong>Roteirista<\/strong>: .<\/p>\n<p><strong>Sinopse<\/strong><br \/>Hoje em dia, um ter\u00e7o das crian\u00e7as brasileiras est\u00e1 acima do peso. Esta \u00e9 a primeira gera\u00e7\u00e3o a apresentar doen\u00e7as antes restritas aos adultos, como depress\u00e3o, diabetes e problemas cardiovasculares. Este document\u00e1rio estuda o caso da obesidade infantil principalmente no territ\u00f3rio nacional, mas tamb\u00e9m nos outros pa\u00edses no mundo, entrevistando pais, representantes das escolas, membros do governo e respons\u00e1veis pela publicidade de alimentos.<\/p>\n<p><strong>O que foi poss\u00edvel extrair do filme<\/strong><br \/>.<br \/>.<\/div><\/td>\n<\/tr>\n<tr valign=\"top\">\n<td width=\"840\"><span class=\"collapseomatic noarrow\" id=\"id69effa51dfa70\"  tabindex=\"0\" title=\"40. &lt;strong&gt;O C\u00e9u de Outubro&lt;\/strong&gt; (EUA \/ 1999 \/ 107min)\"    >40. <strong>O C\u00e9u de Outubro<\/strong> (EUA \/ 1999 \/ 107min)<\/span><div id=\"target-id69effa51dfa70\" class=\"collapseomatic_content \">\n<p><img decoding=\"async\" class=\"coverbook\" title=\"(O C\u00e9u de Outubro)\" src=\"https:\/\/br.web.img3.acsta.net\/c_310_420\/medias\/nmedia\/18\/87\/03\/43\/19871315.jpg\" alt=\"O C\u00e9u de Outubro\" \/><\/p>\n<p><strong>T\u00edtulo original<\/strong>: October Sky<br \/><strong>Diretor<\/strong>: Joe Johnston<br \/><strong>Roteirista<\/strong>: Lewis Colick<\/p>\n<p><strong>Sinopse<\/strong><br \/>No final dos anos 50, o adolescente Homer Hickam (Jake Gyllenhaal) vive em uma cidade onde a minera\u00e7\u00e3o \u00e9 a maior empregadora local. Ao saber que os russos colocaram o sat\u00e9lite Sputnik em \u00f3rbita, Homer come\u00e7a a sonhar em tamb\u00e9m colocar um foguete seu em \u00f3rbita. Logo ele convence alguns amigos a participarem do projeto e, com o apoio de uma professora, d\u00e1 in\u00edcio ao projeto que ir\u00e1 mudar sua vida para sempre.<\/p>\n<p><strong>O que foi poss\u00edvel extrair do filme<\/strong><br \/>.<br \/>.<\/div><\/td>\n<\/tr>\n<tr valign=\"top\">\n<td width=\"840\"><span class=\"collapseomatic noarrow\" id=\"id69effa51dfad0\"  tabindex=\"0\" title=\"41. &lt;strong&gt;O Cheiro do Ralo&lt;\/strong&gt; (Brasil \/ 2007 \/ 112min)\"    >41. <strong>O Cheiro do Ralo<\/strong> (Brasil \/ 2007 \/ 112min)<\/span><div id=\"target-id69effa51dfad0\" class=\"collapseomatic_content \">\n<p><img decoding=\"async\" class=\"coverbook\" title=\"(O Cheiro do Ralo)\" src=\"https:\/\/br.web.img3.acsta.net\/c_310_420\/medias\/nmedia\/18\/87\/00\/71\/19871035.jpg\" alt=\"O Cheiro do Ralo\" \/><\/p>\n<p><strong>T\u00edtulo original<\/strong>: O Cheiro do Ralo<br \/><strong>Diretor<\/strong>: Heitor Dhalia<br \/><strong>Roteirista<\/strong>: .<\/p>\n<p><strong>Sinopse<\/strong><br \/>Louren\u00e7o (Selton Mello) \u00e9 o dono de uma loja que compra objetos usados. Aos poucos ele desenvolve um jogo com seus clientes, trocando a frieza pelo prazer que sente ao explor\u00e1-los, j\u00e1 que sempre est\u00e3o em s\u00e9rias dificuldades financeiras. Ao mesmo tempo Louren\u00e7o passa a ver as pessoas como se estivessem \u00e0 venda, identificando-as atrav\u00e9s de uma caracter\u00edstica ou um objeto que lhe \u00e9 oferecido. Incomodado com o permanente e fedorento cheiro do ralo que existe em sua loja, Louren\u00e7o v\u00ea seu mundo ruir quando \u00e9 obrigado a se relacionar com uma das pessoas que julgava controlar.<\/p>\n<p><strong>O que foi poss\u00edvel extrair do filme<\/strong><br \/>Um grande filme se observado pela riqueza de seus significados. Uma obra que traz \u00e0 tona diversas nuances da ang\u00fastia humana e dos valores da vida. N\u00e3o sei como s\u00f3 lembrei em 2025 de colocar este filme aqui na lista. Recomendo fortemente para quem estiver disposto a olhar a obra com sua mente aberta para o que ver\u00e1.<br \/>.<\/div><\/td>\n<\/tr>\n<tr valign=\"top\">\n<td width=\"840\"><span class=\"collapseomatic noarrow\" id=\"id69effa51dfb19\"  tabindex=\"0\" title=\"42. &lt;strong&gt;O Contador de Hist\u00f3rias&lt;\/strong&gt; (Brasil \/ 2009 \/ 100min)\"    >42. <strong>O Contador de Hist\u00f3rias<\/strong> (Brasil \/ 2009 \/ 100min)<\/span><div id=\"target-id69effa51dfb19\" class=\"collapseomatic_content \">\n<p><img decoding=\"async\" class=\"coverbook\" title=\"(O Contador de Hist\u00f3rias)\" src=\"https:\/\/br.web.img3.acsta.net\/c_310_420\/medias\/nmedia\/18\/87\/29\/32\/19873998.jpg\" alt=\"O Contador de Hist\u00f3rias\" \/><\/p>\n<p><strong>T\u00edtulo original<\/strong>: O contador de hist\u00f3rias<br \/><strong>Diretor<\/strong>: Luiz Villa\u00e7a<br \/><strong>Roteirista<\/strong>: Luiz Villa\u00e7a, Maur\u00edcio Arruda<\/p>\n<p><strong>Sinopse<\/strong><br \/>Anos 70. Aos 6 anos Roberto Carlos Ramos (Marco Ribeiro) foi escolhido por sua m\u00e3e (J\u00fa Colombo) para ser interno em uma institui\u00e7\u00e3o oficial que, segundo apregoava a propaganda, visava a forma\u00e7\u00e3o de crian\u00e7as em m\u00e9dicos, advogados e engenheiros. Entretanto a realidade era bem diferente, o que fez com que Roberto aprendesse as regras de sobreviv\u00eancia no local. Pouco depois de completar 7 anos ele \u00e9 transferido, passando a conviver com crian\u00e7as at\u00e9 14 anos. Aos 13 anos, ainda analfabeto, Roberto tem contato com as drogas e j\u00e1 acumula mais de 100 tentativas de fuga. Considerado irrecuper\u00e1vel por muitos, Roberto recebe a visita da psic\u00f3loga francesa Margherit Duvas (Maria de Medeiros). Tratando-o com respeito, ela inicia o processo de recupera\u00e7\u00e3o e aprendizagem de Roberto.<\/p>\n<p><strong>O que foi poss\u00edvel extrair do filme<\/strong><br \/>\u00c9 triste pensar que um filme t\u00e3o especial n\u00e3o tenha se tornado famoso. Suponho que o motivo seja a chegada de outros grandes filmes na mesma \u00e9poca em que ocorreu seu lan\u00e7amento. \u00c9 um filme forte pelo olhar da inclus\u00e3o, da alteridade e da empatia. \u00c9 um filme para pensar no quanto as pol\u00edticas p\u00fablicas, ainda que nascidas de boas inten\u00e7\u00f5es, podem ser perversas. \u00c9 um filme que deveria ser assistido e utilizado para fins de reflex\u00e3o por todos que se arriscam a opinar sobre os caminhos que julgam corretos sem considerar a complexidade normalmente inerente \u00e0 vida como um todo.<br \/>.<\/div><\/td>\n<\/tr>\n<tr valign=\"top\">\n<td width=\"840\"><span class=\"collapseomatic noarrow\" id=\"id69effa51dfb60\"  tabindex=\"0\" title=\"43. &lt;strong&gt;O Curioso Caso de Benjamin Button&lt;\/strong&gt; (EUA \/ 2008 \/ 167min)\"    >43. <strong>O Curioso Caso de Benjamin Button<\/strong> (EUA \/ 2008 \/ 167min)<\/span><div id=\"target-id69effa51dfb60\" class=\"collapseomatic_content \">\n<p><img decoding=\"async\" class=\"coverbook\" title=\"(O Curioso Caso de Benjamin Button)\" src=\"https:\/\/br.web.img3.acsta.net\/c_310_420\/medias\/nmedia\/18\/87\/04\/17\/19871392.jpg\" alt=\"O Curioso Caso de Benjamin Button\" \/><\/p>\n<p><strong>T\u00edtulo original<\/strong>: The Curious Case of Benjamin Button<br \/><strong>Diretor<\/strong>: David Fincher<br \/><strong>Roteirista<\/strong>: Eric Roth, Robin Swicord<\/p>\n<p><strong>Sinopse<\/strong><br \/>Nova Orleans, 1918. Benjamin Button (Brad Pitt) nasceu de forma incomum, com a apar\u00eancia e doen\u00e7as de uma pessoa em torno dos oitenta anos mesmo sendo um beb\u00ea. Ao inv\u00e9s de envelhecer com o passar do tempo, Button rejuvenesce. Quando ainda crian\u00e7a ele conhece Daisy (Cate Blanchett), da mesma idade que ele, por quem se apaixona. \u00c9 preciso esperar que Daisy cres\u00e7a, tornando-se uma mulher, e que Benjamin rejuvenes\u00e7a para que, quando tiverem idades parecidas, possam enfim se envolver.<\/p>\n<p><strong>O que foi poss\u00edvel extrair do filme<\/strong><br \/>.<br \/>.<\/div><\/td>\n<\/tr>\n<tr valign=\"top\">\n<td width=\"840\"><span class=\"collapseomatic noarrow\" id=\"id69effa51dfba7\"  tabindex=\"0\" title=\"44. &lt;strong&gt;O Diabo Veste Prada&lt;\/strong&gt; (EUA \/ 2006 \/ 109min)\"    >44. <strong>O Diabo Veste Prada<\/strong> (EUA \/ 2006 \/ 109min)<\/span><div id=\"target-id69effa51dfba7\" class=\"collapseomatic_content \">\n<p><img decoding=\"async\" class=\"coverbook\" title=\"(O Diabo Veste Prada)\" src=\"https:\/\/br.web.img2.acsta.net\/c_310_420\/medias\/nmedia\/18\/87\/04\/50\/19871429.jpg\" alt=\"O Diabo Veste Prada\" \/><\/p>\n<p><strong>T\u00edtulo original<\/strong>: The Devil Wears Prada<br \/><strong>Diretor<\/strong>: David Frankel<br \/><strong>Roteirista<\/strong>: Aline Brosh McKenna<\/p>\n<p><strong>Sinopse<\/strong><br \/>Andy, uma mo\u00e7a rec\u00e9m-formada e com grandes sonhos, vai trabalhar na conceituada revista de moda Runway; sua fun\u00e7\u00e3o \u00e9 ser assistente da diab\u00f3lica Miranda Priestly. Andy, que n\u00e3o se sente bem no ambiente tenso de trabalho, questiona sua habilidade em continuar como assistente de Miranda.<\/p>\n<p><strong>O que foi poss\u00edvel extrair do filme<\/strong><br \/>.<br \/>.<\/div><\/td>\n<\/tr>\n<tr valign=\"top\">\n<td width=\"840\"><span class=\"collapseomatic noarrow\" id=\"id69effa51dfbf6\"  tabindex=\"0\" title=\"45. &lt;strong&gt;O Labirinto do Fauno&lt;\/strong&gt; (Espanha, M\u00e9xico \/ 2006 \/ 118min)\"    >45. <strong>O Labirinto do Fauno<\/strong> (Espanha, M\u00e9xico \/ 2006 \/ 118min)<\/span><div id=\"target-id69effa51dfbf6\" class=\"collapseomatic_content \">\n<p><img decoding=\"async\" class=\"coverbook\" title=\"(O Labirinto do Fauno)\" src=\"https:\/\/br.web.img3.acsta.net\/c_310_420\/medias\/nmedia\/18\/87\/14\/49\/19872468.jpg\" alt=\"O Labirinto do Fauno\" \/><\/p>\n<p><strong>T\u00edtulo original<\/strong>: El laberinto del fauno<br \/><strong>Diretor<\/strong>: Guillermo del Toro<br \/><strong>Roteirista<\/strong>: Guillermo del Toro<\/p>\n<p><strong>Sinopse<\/strong><br \/>O Labirinto do Fauno se passa na Espanha, 1944. Oficialmente a Guerra Civil j\u00e1 terminou, mas um grupo de rebeldes ainda luta nas montanhas ao norte de Navarra. Ofelia (Ivana Baquero), de 10 anos, muda-se para a regi\u00e3o com sua m\u00e3e, Carmen (Ariadna Gil). L\u00e1 as espera seu novo padrasto, um oficial fascista que luta para exterminar os guerrilheiros da localidade. Solit\u00e1ria, a menina logo descobre a amizade de Mercedes (Maribel Verd\u00fa), jovem cozinheira da casa, que serve de contato secreto dos rebeldes. Al\u00e9m disso, em seus passeios pelo jardim da imensa mans\u00e3o em que moram, Ofelia descobre um labirinto que faz com que todo um mundo de fantasias se abra, trazendo consequ\u00eancias para todos \u00e0 sua volta.<\/p>\n<p><strong>O que foi poss\u00edvel extrair do filme<\/strong><br \/>Filme fascinante e chocante. Sens\u00edvel por um lado e perturbador por outro. Elementos dos contos de fadas do imagin\u00e1rio infantil se misturam ao terror de uma realidade nefasta pela qual passavam os personagens. O per\u00edodo hist\u00f3rico representado no filme consiste em um momento tr\u00e1gico da hist\u00f3ria espanhola. Vale muito \u00e0 pena ver este filme. Contudo, \u00e9 bom estar preparado para a possibilidade de eventualmente sair perturbado ap\u00f3s assist\u00ed-lo. Assista!!<br \/>.<\/div><\/td>\n<\/tr>\n<tr valign=\"top\">\n<td width=\"840\"><span class=\"collapseomatic noarrow\" id=\"id69effa51dfc3f\"  tabindex=\"0\" title=\"46. &lt;strong&gt;O Lobo de Wall Street&lt;\/strong&gt; (EUA \/ 2014 \/ 179min)\"    >46. <strong>O Lobo de Wall Street<\/strong> (EUA \/ 2014 \/ 179min)<\/span><div id=\"target-id69effa51dfc3f\" class=\"collapseomatic_content \">\n<p><img decoding=\"async\" class=\"coverbook\" title=\"(O Lobo de Wall Street)\" src=\"https:\/\/br.web.img3.acsta.net\/c_310_420\/pictures\/13\/12\/30\/18\/11\/111145.jpg\" alt=\"O Lobo de Wall Street\" \/><\/p>\n<p><strong>T\u00edtulo original<\/strong>: The Wolf Of Wall Street<br \/><strong>Diretor<\/strong>: Martin Scorsese<br \/><strong>Roteirista<\/strong>: Terence Winter<\/p>\n<p><strong>Sinopse<\/strong><br \/>Durante seis meses, Jordan Belfort (Leonardo DiCaprio) trabalhou duro em uma corretora de Wall Street, seguindo os ensinamentos de seu mentor Mark Hanna (Matthew McConaughey). Quando finalmente consegue ser contratado como corretor da firma, acontece o Black Monday, que faz com que as bolsas de v\u00e1rios pa\u00edses caiam repentinamente. Sem emprego e bastante ambicioso, ele acaba trabalhando para uma empresa de fundo de quintal que lida com pap\u00e9is de baixo valor, que n\u00e3o est\u00e3o na bolsa de valores. \u00c9 l\u00e1 que Belfort tem a ideia de montar uma empresa focada neste tipo de neg\u00f3cio, cujas vendas s\u00e3o de valores mais baixos mas, em compensa\u00e7\u00e3o, o retorno para o corretor \u00e9 bem mais vantajoso. Ao lado de Donnie (Jonah Hill) e outros amigos dos velhos tempos, ele cria a Stratton Oakmont, uma empresa que faz com que todos enrique\u00e7am rapidamente e, tamb\u00e9m, levem uma vida dedicada ao prazer.<\/p>\n<p><strong>O que foi poss\u00edvel extrair do filme<\/strong><br \/>.<br \/>.<\/div><\/td>\n<\/tr>\n<tr valign=\"top\">\n<td width=\"840\"><span class=\"collapseomatic noarrow\" id=\"id69effa51dfc85\"  tabindex=\"0\" title=\"47. &lt;strong&gt;O Milagre&lt;\/strong&gt; (EUA \/ 2022 \/ 108min)\"    >47. <strong>O Milagre<\/strong> (EUA \/ 2022 \/ 108min)<\/span><div id=\"target-id69effa51dfc85\" class=\"collapseomatic_content \">\n<p><img decoding=\"async\" class=\"coverbook\" title=\"(O Milagre)\" src=\"https:\/\/br.web.img3.acsta.net\/c_310_420\/pictures\/22\/09\/16\/23\/01\/2823578.jpg\" alt=\"O Milagre\" \/><\/p>\n<p><strong>T\u00edtulo original<\/strong>: The Wonder <br \/><strong>Diretor<\/strong>: Sebasti\u00e1n Lelio<br \/><strong>Roteirista<\/strong>: Emma Donoghue, Alice Birch<\/p>\n<p><strong>Sinopse<\/strong><br \/>Em O Milagre, inspirado no fen\u00f4meno do s\u00e9culo 19 das &#8220;garotas em jejum&#8221; e adaptado do aclamado romance de Emma Donoghue (Quarto), na Irlanda de 1862, uma jovem para de comer, mas permanece milagrosamente viva e bem. A enfermeira inglesa Lib Wright \u00e9 levada a essa pequena vila para observar Anna O&#8217;Donnell, de onze anos. Turistas e peregrinos se re\u00fanem para testemunhar a menina que teria sobrevivido sem comida por meses. Nesse thriller psicol\u00f3gico, o grande mist\u00e9rio gira em torno dessa aldeia, que pode estar abrigando um santo &#8211; ou mist\u00e9rios mais sinistros do que parecem.<\/p>\n<p><strong>O que foi poss\u00edvel extrair do filme<\/strong><br \/>.<br \/>.<\/div><\/td>\n<\/tr>\n<tr valign=\"top\">\n<td width=\"840\"><span class=\"collapseomatic noarrow\" id=\"id69effa51dfccc\"  tabindex=\"0\" title=\"48. &lt;strong&gt;O Oper\u00e1rio&lt;\/strong&gt; (EUA \/ 2004 \/ 102min)\"    >48. <strong>O Oper\u00e1rio<\/strong> (EUA \/ 2004 \/ 102min)<\/span><div id=\"target-id69effa51dfccc\" class=\"collapseomatic_content \">\n<p><img decoding=\"async\" class=\"coverbook\" title=\"(O Oper\u00e1rio)\" src=\"https:\/\/br.web.img2.acsta.net\/c_310_420\/medias\/nmedia\/18\/87\/15\/65\/19872588.jpg\" alt=\"O Oper\u00e1rio\" \/><\/p>\n<p><strong>T\u00edtulo original<\/strong>: The Machinist<br \/><strong>Diretor<\/strong>: Brad Anderson<br \/><strong>Roteirista<\/strong>: Scott Kosar<\/p>\n<p><strong>Sinopse<\/strong><br \/>A \u00faltima vez em que Trevor Reznik (Christian Bale) dormiu foi h\u00e1 um ano, sendo que desde ent\u00e3o o cansa\u00e7o vem destruindo progressivamente sua sa\u00fade f\u00edsica e mental. Ele trabalha numa f\u00e1brica operando maquin\u00e1rio pesado, e faz de tudo para manter seu emprego. Envergonhado por causa de seu problema, Trevor isola-se cada vez mais, tornando-se paran\u00f3ico. Depois de se envolver em um acidente no trabalho em que um homem perde um bra\u00e7o, Trevor come\u00e7a a crer que seus colegas est\u00e3o conspirando para demiti-lo. Ele precisar\u00e1 lutar n\u00e3o apenas para se manter no cargo, mas tamb\u00e9m para manter a sanidade.<\/p>\n<p><strong>O que foi poss\u00edvel extrair do filme<\/strong><br \/>.<br \/>.<\/div><\/td>\n<\/tr>\n<tr valign=\"top\">\n<td width=\"840\"><span class=\"collapseomatic noarrow\" id=\"id69effa51dfd13\"  tabindex=\"0\" title=\"49. &lt;strong&gt;O Que os Homens Falam&lt;\/strong&gt; (Espanha \/ 2012 \/ 95min)\"    >49. <strong>O Que os Homens Falam<\/strong> (Espanha \/ 2012 \/ 95min)<\/span><div id=\"target-id69effa51dfd13\" class=\"collapseomatic_content \">\n<p><img decoding=\"async\" class=\"coverbook\" title=\"(O Que os Homens Falam)\" src=\"https:\/\/br.web.img3.acsta.net\/c_310_420\/pictures\/14\/05\/08\/21\/22\/097903.jpg\" alt=\"O Que os Homens Falam\" \/><\/p>\n<p><strong>T\u00edtulo original<\/strong>: Una pistola en cada mano<br \/><strong>Diretor<\/strong>: Cesc Gay<br \/><strong>Roteirista<\/strong>: Tomas Aragay, Cesc Gay<\/p>\n<p><strong>Sinopse<\/strong><br \/>Oito homens enfrentam a crise de meia-idade neste filme de epis\u00f3dios. E. (Eduardo Fernandez), que perde tudo o que tem e volta a morar na casa da m\u00e3e, se encontra casualmente com um amigo de longa data, J. (Eduardo Sbaraglia), que conquista tudo o que deseja, mas fica deprimido. S. (Javier Camara) tenta retomar o casamento dois anos ap\u00f3s o div\u00f3rcio. G. (Ricardo Dar\u00edn) confessa a L. (Luis Tosar) que desconfia que sua esposa o trai. P. (Eduardo Noriega) tenta seduzir uma colega de trabalho. J\u00e1 A. (Alberto San Juan) e M. (Jordi Moll\u00e0) t\u00eam seus segredos \u00edntimos revelados.<\/p>\n<p><strong>O que foi poss\u00edvel extrair do filme<\/strong><br \/>.<br \/>.<\/div><\/td>\n<\/tr>\n<tr valign=\"top\">\n<td width=\"840\"><span class=\"collapseomatic noarrow\" id=\"id69effa51dfd59\"  tabindex=\"0\" title=\"50. &lt;strong&gt;O Senhor das Moscas&lt;\/strong&gt; (EUA \/ 1990 \/ 90min)\"    >50. <strong>O Senhor das Moscas<\/strong> (EUA \/ 1990 \/ 90min)<\/span><div id=\"target-id69effa51dfd59\" class=\"collapseomatic_content \">\n<p><img decoding=\"async\" class=\"coverbook\" title=\"(O Senhor das Moscas)\" src=\"https:\/\/br.web.img3.acsta.net\/c_310_420\/medias\/nmedia\/18\/79\/08\/29\/19489129.jpg\" alt=\"O Senhor das Moscas\" \/><\/p>\n<p><strong>T\u00edtulo original<\/strong>: Lord of The Flies<br \/><strong>Diretor<\/strong>: Harry Hook<br \/><strong>Roteirista<\/strong>: Jay Presson Allen \/ William Golding<\/p>\n<p><strong>Sinopse<\/strong><br \/>Isolados em uma ilha deserta e tendo que lutar para sobreviver, um grupo de jovens estudantes acabou se dividindo em dois grupos: um deles marcado pela organiza\u00e7\u00e3o e disciplina e o outro tomado pela selvageria e que usa o medo como forma de poder. Mas as disputas de poder poder\u00e3o colocar a vida de todos em risco.<\/p>\n<p><strong>O que foi poss\u00edvel extrair do filme<\/strong><br \/>Um filme forte, que lida com elementos profundos e perversos associados a caracter\u00edstcias comportamentais que norteiam humanos. \u00c9 um importante material para reflex\u00e3o sobre como se d\u00e3o nossas rela\u00e7\u00f5es interpessoais e os mecanismos que orbitam os jogos de poder. Portanto, um material primoroso para diversas \u00e1reas de conhecimento, especialmente para aqueles que desejem refletir sobre a din\u00e2mica das rela\u00e7\u00f5es em termos macroergon\u00f4micos.<br \/>.<\/div><\/td>\n<\/tr>\n<tr valign=\"top\">\n<td width=\"840\"><span class=\"collapseomatic noarrow\" id=\"id69effa51dfda0\"  tabindex=\"0\" title=\"51. &lt;strong&gt;O Substituto&lt;\/strong&gt; (EUA \/ 2011 \/ 100min)\"    >51. <strong>O Substituto<\/strong> (EUA \/ 2011 \/ 100min)<\/span><div id=\"target-id69effa51dfda0\" class=\"collapseomatic_content \">\n<p><img decoding=\"async\" class=\"coverbook\" title=\"(O Substituto)\" src=\"https:\/\/br.web.img3.acsta.net\/r_1920_1080\/medias\/nmedia\/18\/85\/32\/06\/19965023.jpg\" alt=\"O Substituto\" \/><\/p>\n<p><strong>T\u00edtulo original<\/strong>: Detachment<br \/><strong>Diretor<\/strong>: Tony Kaye<br \/><strong>Roteirista<\/strong>: Carl Lund<\/p>\n<p><strong>Sinopse<\/strong><br \/>O filme \u00e9 uma cr\u00f4nica de tr\u00eas semanas nas vidas de v\u00e1rios professores do ensino m\u00e9dio, administradores e estudantes atrav\u00e9s dos olhos de um professor substituto chamado Henry Barthes (Adrien Brody). Apesar do dom de se apegar aos alunos, Henry escolhe ser professor substituto para manter dist\u00e2ncia, mas essa barreira fica prestes a ser rompida ao come\u00e7ar a trabalhar numa problem\u00e1tica escola p\u00fablica. Henry usa o m\u00e9todo de ensino dos conhecimentos vitais para seus alunos tempor\u00e1rios, no entanto, \u00e9 interrompido pela chegada de tr\u00eas mulheres em sua vida.<\/p>\n<p><strong>O que foi poss\u00edvel extrair do filme<\/strong><br \/>.<br \/>.<\/div><\/td>\n<\/tr>\n<tr valign=\"top\">\n<td width=\"840\"><span class=\"collapseomatic noarrow\" id=\"id69effa51dfde6\"  tabindex=\"0\" title=\"52. &lt;strong&gt;O Vida Secreta das Palavras&lt;\/strong&gt; (Espanha \/ 2004 \/ 105min)\"    >52. <strong>O Vida Secreta das Palavras<\/strong> (Espanha \/ 2004 \/ 105min)<\/span><div id=\"target-id69effa51dfde6\" class=\"collapseomatic_content \">\n<p><img decoding=\"async\" class=\"coverbook\" title=\"(O Vida Secreta das Palavras)\" src=\"https:\/\/br.web.img3.acsta.net\/c_310_420\/medias\/nmedia\/18\/87\/24\/80\/19873526.jpg\" alt=\"O Vida Secreta das Palavras\" \/><\/p>\n<p><strong>T\u00edtulo original<\/strong>: The Secret Life of Words<br \/><strong>Diretor<\/strong>: Isabel Coixet<br \/><strong>Roteirista<\/strong>: Isabel Coixet<\/p>\n<p><strong>Sinopse<\/strong><br \/>Hannah (Sarah Polley) tem 30 anos, \u00e9 introvertida, solit\u00e1ria, misteriosa e trabalha numa ind\u00fastria t\u00eaxtil. Ela vai passar as f\u00e9rias num pequeno povoado costeiro, em frente a uma plataforma petrol\u00edfera. Um incidente faz com que ela permane\u00e7a alguns dias na plataforma cuidando de Josef (Tim Robbins), que sofreu uma s\u00e9rie de queimaduras que o deixaram cego temporariamente. Com ele trabalham v\u00e1rios outros homens, cada um com uma personalidade marcante.<\/p>\n<p><strong>O que foi poss\u00edvel extrair do filme<\/strong><br \/>.<br \/>.<\/div><\/td>\n<\/tr>\n<tr valign=\"top\">\n<td width=\"840\"><span class=\"collapseomatic noarrow\" id=\"id69effa51dfe2c\"  tabindex=\"0\" title=\"53. &lt;strong&gt;Perdi meu corpo&lt;\/strong&gt; (Fran\u00e7a  \/ 2019 \/ 81min)\"    >53. <strong>Perdi meu corpo<\/strong> (Fran\u00e7a  \/ 2019 \/ 81min)<\/span><div id=\"target-id69effa51dfe2c\" class=\"collapseomatic_content \">\n<p><img decoding=\"async\" class=\"coverbook\" title=\"(Perdi meu corpo)\" src=\"https:\/\/br.web.img2.acsta.net\/c_310_420\/pictures\/19\/10\/07\/14\/06\/5044474.jpg\" alt=\"Perdi meu corpo\" \/><\/p>\n<p><strong>T\u00edtulo original<\/strong>: J&#8217;ai perdu mon corps<br \/><strong>Diretor<\/strong>: J\u00e9r\u00e9my Clapin<br \/><strong>Roteirista<\/strong>: Guillaume Laurant, J\u00e9r\u00e9my Clapin<\/p>\n<p><strong>Sinopse<\/strong><br \/>Uma m\u00e3o decepada escapa do laborat\u00f3rio de disseca\u00e7\u00e3o no qual estava presa durante os \u00faltimos meses. Com a fuga ela possui um s\u00f3 objetivo: retornar para o restante de seu corpo e voltar a fazer parte de um organismo completo. Enquanto ela vaga pelos arredores de Paris, se lembra dos tempos de quando era apenas uma jovem m\u00e3o no corpo de um apaixonado rapaz.<\/p>\n<p><strong>O que foi poss\u00edvel extrair do filme<\/strong><\/p>\n<p>.<\/div><\/td>\n<\/tr>\n<tr valign=\"top\">\n<td width=\"840\"><span class=\"collapseomatic noarrow\" id=\"id69effa51dfe76\"  tabindex=\"0\" title=\"54. &lt;strong&gt;Pieces of a Woman&lt;\/strong&gt; (EUA, Canad\u00e1, Hungria \/ 2021 \/ 126min)\"    >54. <strong>Pieces of a Woman<\/strong> (EUA, Canad\u00e1, Hungria \/ 2021 \/ 126min)<\/span><div id=\"target-id69effa51dfe76\" class=\"collapseomatic_content \">\n<p><img decoding=\"async\" class=\"coverbook\" title=\"(Pieces of a Woman)\" src=\"https:\/\/br.web.img3.acsta.net\/c_310_420\/pictures\/20\/11\/17\/16\/44\/3495622.jpg\" alt=\"Pieces of a Woman\" \/><\/p>\n<p><strong>T\u00edtulo original<\/strong>: Pieces of a Woman<br \/><strong>Diretor<\/strong>: Korn\u00e9l Mundrucz\u00f3<br \/><strong>Roteirista<\/strong>: Kata W\u00e9ber<\/p>\n<p><strong>Sinopse<\/strong><br \/>Um parto complicado em casa deixa uma mulher \u00e0s voltas com profundas consequ\u00eancias emocionais, isolada de seu parceiro e de sua fam\u00edlia por um abismo de tristeza.<\/p>\n<p><strong>O que foi poss\u00edvel extrair do filme<\/strong><br \/>.<br \/>.<\/div><\/td>\n<\/tr>\n<tr valign=\"top\">\n<td width=\"840\"><span class=\"collapseomatic noarrow\" id=\"id69effa51dfecc\"  tabindex=\"0\" title=\"55. &lt;strong&gt;Que Horas Ela Volta?&lt;\/strong&gt; (Brasil  \/ 2015 \/ 112min)\"    >55. <strong>Que Horas Ela Volta?<\/strong> (Brasil  \/ 2015 \/ 112min)<\/span><div id=\"target-id69effa51dfecc\" class=\"collapseomatic_content \">\n<p><img decoding=\"async\" class=\"coverbook\" title=\"(Que Horas Ela Volta?)\" src=\"https:\/\/br.web.img3.acsta.net\/c_310_420\/pictures\/16\/01\/21\/17\/52\/543806.jpg\" alt=\"Que Horas Ela Volta?\" \/><\/p>\n<p><strong>T\u00edtulo original<\/strong>: Que Horas Ela Volta?<br \/><strong>Diretor<\/strong>: Anna Muylaert<br \/><strong>Roteirista<\/strong>: Anna Muylaert, Regina Cas\u00e9<\/p>\n<p><strong>Sinopse<\/strong><br \/>A pernambucana Val (Regina Cas\u00e9) se mudou para S\u00e3o Paulo a fim de dar melhores condi\u00e7\u00f5es de vida para sua filha J\u00e9ssica. Com muito receio, ela deixou a menina no interior de Pernambuco para ser bab\u00e1 de Fabinho, morando integralmente na casa de seus patr\u00f5es. Treze anos depois, quando o menino (Michel Joelsas) vai prestar vestibular, J\u00e9ssica (Camila M\u00e1rdila) lhe telefona, pedindo ajuda para ir \u00e0 S\u00e3o Paulo, no intuito de prestar a mesma prova. Os chefes de Val recebem a menina de bra\u00e7os abertos, s\u00f3 que quando ela deixa de seguir certo protocolo, circulando livremente, como n\u00e3o deveria, a situa\u00e7\u00e3o se complica.<\/p>\n<p><strong>O que foi poss\u00edvel extrair do filme<\/strong><br \/>.<br \/>.<\/div><\/td>\n<\/tr>\n<tr valign=\"top\">\n<td width=\"840\"><span class=\"collapseomatic noarrow\" id=\"id69effa51dff14\"  tabindex=\"0\" title=\"56. &lt;strong&gt;Temporada&lt;\/strong&gt; (Brasil  \/ 2018 \/ 112min)\"    >56. <strong>Temporada<\/strong> (Brasil  \/ 2018 \/ 112min)<\/span><div id=\"target-id69effa51dff14\" class=\"collapseomatic_content \">\n<p><img decoding=\"async\" class=\"coverbook\" title=\"(Temporada)\" src=\"https:\/\/br.web.img3.acsta.net\/c_310_420\/pictures\/18\/09\/22\/12\/20\/1925636.jpg\" alt=\"Temporada\" \/><\/p>\n<p><strong>T\u00edtulo original<\/strong>: Temporada<br \/><strong>Diretor<\/strong>: Andr\u00e9 Novais Oliveira<br \/><strong>Roteirista<\/strong>: Andr\u00e9 Novais Oliveira<\/p>\n<p><strong>Sinopse<\/strong><br \/>Juliana (Grace Pass\u00f4) est\u00e1 saindo de Ita\u00fana, no interior de Minas Gerais, para morar em Contagem, na regi\u00e3o metropolitana de Belo Horizonte. Seu novo emprego, em que ela combate endemias da regi\u00e3o, cria situa\u00e7\u00f5es pouco usuais e apresenta a ela pessoas novas, que come\u00e7am a mudar sua vida. Se adaptando \u00e0 nova rotina, ela enfrenta dificuldades no relacionamento com seu marido, que tamb\u00e9m vai para a cidade grande.<\/p>\n<p><strong>O que foi poss\u00edvel extrair do filme<\/strong><br \/>Mais um daqueles filmes que mostra a vida como ela \u00e9. O filme \u00e9 um pouco cansativo, o que n\u00e3o \u00e9 necessariamente um problema, pois a vida real e cotidiana tamb\u00e9m n\u00e3o \u00e9 nenhum filme de aventuras, ao formato dos filmes hollywoodianos. Em alguns momentos a aproxima\u00e7\u00e3o com a realidade \u00e9 t\u00e3o grande que emerge a sensa\u00e7\u00e3o de que estamos ali junto com os personagens, partilhando sua rotina de trabalho, totalmente desprovida de m\u00e9ritos e um tanto precarizada. O diretor, de fato, utilizou &#8220;n\u00e3o atores&#8221; em seu elenco, chegando a uma apresenta\u00e7\u00e3o muito fiel da realidade do contexto e comunidade apresentados no filme. Para al\u00e9m das quest\u00f5es relacionadas \u00e0 precariza\u00e7\u00e3o do trabalho, o filme ainda levanta reflex\u00f5es no campo do feminismo e racismo.<br \/>.<\/div><\/td>\n<\/tr>\n<tr valign=\"top\">\n<td width=\"840\"><span class=\"collapseomatic noarrow\" id=\"id69effa51dff5b\"  tabindex=\"0\" title=\"57. &lt;strong&gt;Tempos Modernos&lt;\/strong&gt; (EUA \/ 1936 \/ 87min)\"    >57. <strong>Tempos Modernos<\/strong> (EUA \/ 1936 \/ 87min)<\/span><div id=\"target-id69effa51dff5b\" class=\"collapseomatic_content \">\n<p><img decoding=\"async\" class=\"coverbook\" title=\"(Tempos Modernos)\" src=\"https:\/\/br.web.img2.acsta.net\/c_310_420\/medias\/nmedia\/18\/87\/24\/50\/19873494.jpg\" alt=\"Tempos Modernos\" \/><\/p>\n<p><strong>T\u00edtulo original<\/strong>: Modern Times<br \/><strong>Diretor<\/strong>: Charlie Chaplin<br \/><strong>Roteirista<\/strong>: Charlie Chaplin<\/p>\n<p><strong>Sinopse<\/strong><br \/>Um oper\u00e1rio de uma linha de montagem, que testou uma &#8220;m\u00e1quina revolucion\u00e1ria&#8221; para evitar a hora do almo\u00e7o, \u00e9 levado \u00e0 loucura pela &#8220;monotonia fren\u00e9tica&#8221; do seu trabalho. Ap\u00f3s um longo per\u00edodo em um sanat\u00f3rio ele fica curado de sua crise nervosa, mas desempregado. Ele deixa o hospital para come\u00e7ar sua nova vida, mas encontra uma crise generalizada e equivocadamente \u00e9 preso como um agitador comunista, que liderava uma marcha de oper\u00e1rios em protesto. Simultaneamente uma jovem rouba comida para salvar suas irm\u00e3s famintas, que ainda s\u00e3o bem garotas. Elas n\u00e3o tem m\u00e3e e o pai delas est\u00e1 desempregado, mas o pior ainda est\u00e1 por vir, pois ele \u00e9 morto em um conflito. A lei vai cuidar das \u00f3rf\u00e3s, mas enquanto as menores s\u00e3o levadas a jovem consegue escapar.<\/p>\n<p><strong>O que foi poss\u00edvel extrair do filme<\/strong><br \/>.<br \/>.<\/div><\/td>\n<\/tr>\n<tr valign=\"top\">\n<td width=\"840\"><span class=\"collapseomatic noarrow\" id=\"id69effa51dffa1\"  tabindex=\"0\" title=\"58. &lt;strong&gt;Terra Vermelha&lt;\/strong&gt; (Brasil \/ 2008 \/ 106min)\"    >58. <strong>Terra Vermelha<\/strong> (Brasil \/ 2008 \/ 106min)<\/span><div id=\"target-id69effa51dffa1\" class=\"collapseomatic_content \">\n<p><img decoding=\"async\" class=\"coverbook\" title=\"(Terra Vermelha)\" src=\"https:\/\/br.web.img3.acsta.net\/c_310_420\/pictures\/14\/09\/29\/23\/28\/299080.jpg\" alt=\"Terra Vermelha\" \/><\/p>\n<p><strong>T\u00edtulo original<\/strong>: Terra Vermelha<br \/><strong>Diretor<\/strong>: Marco Bechis<br \/><strong>Roteirista<\/strong>: Marco Bechis, Luiz Bolognesi<\/p>\n<p><strong>Sinopse<\/strong><br \/>Um confronto entre \u00edndios e fazendeiros come\u00e7a quando, um grupo de \u00edndios escravizados, que pagam de atra\u00e7\u00e3o tur\u00edstica em troca de algum dinheiro, decidem reenvindicar suas posses por direito causando v\u00e1rios conflitos na regi\u00e3o.<\/p>\n<p><strong>O que foi poss\u00edvel extrair do filme<\/strong><br \/>.<br \/>.<\/div><\/td>\n<\/tr>\n<tr valign=\"top\">\n<td width=\"840\"><span class=\"collapseomatic noarrow\" id=\"id69effa51dffe8\"  tabindex=\"0\" title=\"59. &lt;strong&gt;Voc\u00ea n\u00e3o Estava Aqui&lt;\/strong&gt; (B\u00e9lgica, Fran\u00e7a, Reino Unido \/ 2019 \/ 101min)\"    >59. <strong>Voc\u00ea n\u00e3o Estava Aqui<\/strong> (B\u00e9lgica, Fran\u00e7a, Reino Unido \/ 2019 \/ 101min)<\/span><div id=\"target-id69effa51dffe8\" class=\"collapseomatic_content \">\n<p><img decoding=\"async\" class=\"coverbook\" title=\"(Voc\u00ea n\u00e3o Estava Aqui)\" src=\"https:\/\/br.web.img3.acsta.net\/c_310_420\/pictures\/19\/07\/11\/13\/43\/3645664.jpg\" alt=\"Voc\u00ea n\u00e3o Estava Aqui\" \/><\/p>\n<p><strong>T\u00edtulo original<\/strong>: Sorry We Missed You<br \/><strong>Diretor<\/strong>: Ken Loach<br \/><strong>Roteirista<\/strong>: Paul Laverty<\/p>\n<p><strong>Sinopse<\/strong><br \/>Em Voc\u00ea N\u00e3o Estava Aqui, ap\u00f3s a crise financeira de 2008, Ricky e sua fam\u00edlia se encontram em situa\u00e7\u00e3o financeira prec\u00e1ria. Ele decide adquirir uma pequena van, na inten\u00e7\u00e3o de trabalhar com entregas, enquanto sua esposa luta para manter a profiss\u00e3o de cuidadora. No entanto, o trabalho informal n\u00e3o taz a recompensa prometida, e aos poucos os membros da fam\u00edlia passam a ser jogados uns contra os outros.<\/p>\n<p><strong>O que foi poss\u00edvel extrair do filme<\/strong><br \/>.<br \/>.<\/div><\/td>\n<\/tr>\n<p><!-- Fim da lista de filmes --><br \/>\n<\/tbody>\n<\/table>\n<\/div>\n<div class=\"bodytext_right\"><a href=\"#filmes\"> &lt; <\/a> . . <a href=\"#inicio\"> &lt;&lt; <\/a><\/div>\n<p><!-- filmes end --><\/p>\n<div class=\"bodytext_center\"><a title=\"livros_tecnicos\" name=\"livros_tecnicos\"><\/a>&#8230;&#8230;&#8230;&#8230;&#8230;&#8230;&#8230;&#8230;&#8230;&#8230;&#8230;&#8230;&#8230;&#8230;&#8230;&#8230;&#8230;&#8230;&#8230;&#8230;&#8230;&#8230;&#8230;&#8230;&#8230;&#8230;&#8230;&#8230;&#8230;&#8230;&#8230;&#8230;&#8230;&#8230;&#8230;&#8230;&#8230;&#8230;&#8230;&#8230;&#8230;&#8230;&#8230;&#8230;&#8230;&#8230;&#8230;&#8230;&#8230;&#8230;&#8230;&#8230;&#8230;&#8230;&#8230;&#8230;&#8230;&#8230;&#8230;&#8230;&#8230;&#8230;&#8230;&#8230;&#8230;&#8230;&#8230;&#8230;&#8230;<\/div>\n<div class=\"bodytext_left\">3. <strong>Livros t\u00e9cnicos de acesso livre<\/strong> (\u00faltima atualiza\u00e7\u00e3o desta se\u00e7\u00e3o: 31.out.2025)<\/div>\n<div class=\"bodytext_left\">\n<table>\n<tbody>\n<!-- in\u00edcio da lista de livros open access --><\/p>\n<tr valign=\"top\">\n<td width=\"840\"><span class=\"collapseomatic noarrow\" id=\"id69effa51e0094\"  tabindex=\"0\" title=\"1. ALMEIDA, I.M. (Org.). &lt;strong&gt;Caminhos da An\u00e1lise de Acidentes do Trabalho&lt;\/strong&gt;. Bras\u00edlia, MTE\/SIT,  2003. \"    >1. ALMEIDA, I.M. (Org.). <strong>Caminhos da An\u00e1lise de Acidentes do Trabalho<\/strong>. Bras\u00edlia, MTE\/SIT,  2003. <\/span><div id=\"target-id69effa51e0094\" class=\"collapseomatic_content \">\n<p><strong>Descri\u00e7\u00e3o do Livro<\/strong>: Numa refer\u00eancia gen\u00e9rica aos textos inclu\u00eddos neste livro pode-se dizer que todos eles procuram mostrar que a vis\u00e3o prevalente acerca de acidentes e da seguran\u00e7a em geral, em nosso meio, est\u00e1 ultrapassada. Um segundo aspecto destacado \u00e9 o de que interessados na sua substitui\u00e7\u00e3o por uma nova concep\u00e7\u00e3o encontram resist\u00eancias. Em terceiro lugar, procura-se mostrar que, particularmente em estudos de acidentes ditos organizacionais, ou seja aqueles que atingem sistemas sociot\u00e9cnicos que incorporam novas tecnologias e mostram potencial de conseq\u00fc\u00eancias de dimens\u00f5es catastr\u00f3ficas, t\u00eam surgido contribui\u00e7\u00f5es de diferentes especialidades a um novo tipo de abordagem de acidentes, destacando-se aquelas da Psicologia, sobretudo da Social e da  e enfoque cognitivo, da Sociologia, da Ergonomia e da Engenharia.<\/p>\n<p>Acesse o documento clicando <a title=\"Caminhos da An\u00e1lise de Acidentes do Trabalho\" href=\"https:\/\/www.gov.br\/trabalho-e-previdencia\/pt-br\/composicao\/orgaos-especificos\/secretaria-de-trabalho\/inspecao\/escola\/e-biblioteca\/caminhos-da-analise-de-acidentes-do-trabalho-ano-2003.pdf\/@@download\/file\/Caminhos%20da%20An%C3%A1lise%20de%20Acidentes%20do%20Trabalho%20(ano%202003).pdf\" target=\"_blank\" rel=\"noopener noreferrer\"><strong>AQUI<\/strong><\/a><br \/>.<\/div><\/td>\n<\/tr>\n<tr valign=\"top\">\n<td width=\"840\"><span class=\"collapseomatic noarrow\" id=\"id69effa51e00e9\"  tabindex=\"0\" title=\"2. ANDRADE, L.R.B. (Org.). &lt;strong&gt;Pequeno n\u00e3o quer dizer seguro : nanotecnologias e macroinquieta\u00e7\u00f5es&lt;\/strong&gt;. S\u00e3o Paulo, Fundacentro,  2021. ISBN: 978-85-9298-419-9 \"    >2. ANDRADE, L.R.B. (Org.). <strong>Pequeno n\u00e3o quer dizer seguro : nanotecnologias e macroinquieta\u00e7\u00f5es<\/strong>. S\u00e3o Paulo, Fundacentro,  2021. ISBN: 978-85-9298-419-9 <\/span><div id=\"target-id69effa51e00e9\" class=\"collapseomatic_content \">\n<p><strong>Descri\u00e7\u00e3o do Livro<\/strong>: Este livro traz uma abordagem multifacetada sobre os impactos das nanotecnologias sobre a seguran\u00e7a e sa\u00fade dos trabalhadores e meio ambiente, a publica\u00e7\u00e3o passeia por diversas \u00e1reas, todas abordadas desde as implica\u00e7\u00f5es com as nanotecnologias, a\u00e7\u00f5es da Fundacentro e outras governamentais.<\/p>\n<p>Acesse o documento clicando <a title=\"Pequeno n\u00e3o quer dizer seguro : nanotecnologias e macroinquieta\u00e7\u00f5es\" href=\"http:\/\/arquivosbiblioteca.fundacentro.gov.br\/exlibris\/aleph\/a23_1\/apache_media\/HURV61KMKA5KUJN5KCED4K7847HJN1.pdf\" target=\"_blank\" rel=\"noopener noreferrer\"><strong>AQUI<\/strong><\/a><br \/>.<\/div><\/td>\n<\/tr>\n<tr valign=\"top\">\n<td width=\"840\"><span class=\"collapseomatic noarrow\" id=\"id69effa51e0135\"  tabindex=\"0\" title=\"3. BATISTA, C.R.; FADEL, L.M.; ULBRICHT, V.R.. &lt;strong&gt;Design para acessibilidade e inclus\u00e3o&lt;\/strong&gt;. S\u00e3o Paulo, Edgar Bl\u00fccher, 1\u00baed 2018. ISBN: 978-85-8039-304-0 \"    >3. BATISTA, C.R.; FADEL, L.M.; ULBRICHT, V.R.. <strong>Design para acessibilidade e inclus\u00e3o<\/strong>. S\u00e3o Paulo, Edgar Bl\u00fccher, 1\u00baed 2018. ISBN: 978-85-8039-304-0 <\/span><div id=\"target-id69effa51e0135\" class=\"collapseomatic_content \">\n<p><strong>Descri\u00e7\u00e3o do Livro<\/strong>: Todos os seres humanos t\u00eam o direito de ir e vir, de desfrutar igualdade de oportunidades, de realizar as suas tarefas pessoais e profissionais com autonomia e seguran\u00e7a. A partir dessa premissa, nos \u00faltimos anos, houve grande avan\u00e7o buscando proporcionar acessibilidade em meios f\u00edsicos, transporte, informa\u00e7\u00e3o e comunica\u00e7\u00e3o. Sim, muito foi realizado&#8230; Mas, h\u00e1 um longo caminho a ser trilhado ao observar que as cidades e os meios digitais ainda n\u00e3o est\u00e3o totalmente aptos a servir e incluir aqueles com mobilidade reduzida ou os deficientes (f\u00edsico-motores, cognitivos, sensoriais ou m\u00faltiplos) em seu dia-a-dia. As pessoas deficientes lutam pelo direito ao exerc\u00edcio da cidadania, pela autonomia individual, pela plena e efetiva participa\u00e7\u00e3o e inclus\u00e3o na sociedade. Por isso, propiciar a acessibilidade e a inclus\u00e3o \u00e9 uma quest\u00e3o \u00e9tica, de responsabilidade social e est\u00e1 previsto em legisla\u00e7\u00e3o. Acessibilidade e Inclus\u00e3o s\u00e3o temas indispens\u00e1veis, atributos essenciais em todo projeto e jamais podem ser deixadas em segundo plano. Refletir e buscar a\u00e7\u00f5es eficazes no \u00e2mbito do Design, da Acessibilidade e da Inclus\u00e3o tem sido o foco dos profissionais e pesquisadores autores dos trabalhos publicados neste livro, organizado por Vania Ribas Ulbricht, Luciane Fadel e Claudia Regina Batista. Este livro apresenta uma colet\u00e2nea com vinte trabalhos, distribu\u00eddos em tr\u00eas sess\u00f5es: \u201cDesign, Inova\u00e7\u00e3o e Acessibilidade\u201d, \u201cAcessibilidade e projeto inclusivo em sistemas digitais\u201d e \u201cObjetos de Aprendizagem Acess\u00edveis\u201d.<\/p>\n<p>Acesse o documento clicando <a title=\"Design para acessibilidade e inclus\u00e3o\" href=\"http:\/\/pdf.blucher.com.br.s3-sa-east-1.amazonaws.com\/openaccess\/9788580393040\/completo.pdf\" target=\"_blank\" rel=\"noopener noreferrer\"><strong>AQUI<\/strong><\/a><br \/>.<\/div><\/td>\n<\/tr>\n<tr valign=\"top\">\n<td width=\"840\"><span class=\"collapseomatic noarrow\" id=\"id69effa51e0180\"  tabindex=\"0\" title=\"4. BEMVENUTI, R.H.; DECIO, A.L.H.; CRUZ, C.P.; FRANZ, L.A.S.. &lt;strong&gt;Gest\u00e3o de Riscos Ocupacionais: t\u00e9cnicas para o processo de avalia\u00e7\u00e3o de riscos&lt;\/strong&gt;. S\u00e3o Lu\u00eds, Pascal, . 2021. ISBN: 978-65-8670-766-3 DOI: https:\/\/doi.org\/10.29327\/542097 \"    >4. BEMVENUTI, R.H.; DECIO, A.L.H.; CRUZ, C.P.; FRANZ, L.A.S.. <strong>Gest\u00e3o de Riscos Ocupacionais: t\u00e9cnicas para o processo de avalia\u00e7\u00e3o de riscos<\/strong>. S\u00e3o Lu\u00eds, Pascal, . 2021. ISBN: 978-65-8670-766-3 DOI: https:\/\/doi.org\/10.29327\/542097 <\/span><div id=\"target-id69effa51e0180\" class=\"collapseomatic_content \">\n<p><strong>Descri\u00e7\u00e3o do Livro<\/strong>: Este livro tem como objetivo apresentar, de forma compilada e exemplificada, as principais t\u00e9cnicas para o processo de avalia\u00e7\u00e3o de riscos ocupacionais. Dessa forma, encontra-se organizado em duas partes, conforme proposto pela Norma Regulamentadora no 1 do Minist\u00e9rio do Trabalho: (1) Invent\u00e1rio de Riscos Ocupacionais: T\u00e9cnicas para o Processo de Avalia\u00e7\u00e3o de Riscos e (2) Plano de A\u00e7\u00e3o e Controle dos Riscos. A import\u00e2ncia desse tema se deve a obrigatoriedade do cumprimento, pelas empresas, do Programa de Gerenciamento de Riscos, o qual deve conter esses dois documentos (1) e (2), al\u00e9m da contribui\u00e7\u00e3o para a seguran\u00e7a e sa\u00fade do trabalhador da na\u00e7\u00e3o brasileira.<\/p>\n<p>Acesse o documento clicando <a title=\"Gest\u00e3o de Riscos Ocupacionais: t\u00e9cnicas para o processo de avalia\u00e7\u00e3o de riscos\" href=\"https:\/\/editorapascal.com.br\/wp-content\/uploads\/2021\/08\/GEST%C3%83O-DE-RISCO-OCUPACIONAL.pdf\" target=\"_blank\" rel=\"noopener noreferrer\"><strong>AQUI<\/strong><\/a><br \/>.<\/div><\/td>\n<\/tr>\n<tr valign=\"top\">\n<td width=\"840\"><span class=\"collapseomatic noarrow\" id=\"id69effa51e01cd\"  tabindex=\"0\" title=\"5. BEMVENUTI, R.H.; FRANZ, L.A.S.; C\u00c2NDIDO, T.C.; FALCK, L.H.; RODRIGUEZ, A.M.; PEREIRA, A.S.. &lt;strong&gt;Quest\u00f5es de Provas - Engenharia de Produ\u00e7\u00e3o desde 2012 com gabarito&lt;\/strong&gt;. Rio Grande, Editora\u00e7\u00e3o dos Autores,  2023. ISBN: 978-65-0086-988-0 \"    >5. BEMVENUTI, R.H.; FRANZ, L.A.S.; C\u00c2NDIDO, T.C.; FALCK, L.H.; RODRIGUEZ, A.M.; PEREIRA, A.S.. <strong>Quest\u00f5es de Provas - Engenharia de Produ\u00e7\u00e3o desde 2012 com gabarito<\/strong>. Rio Grande, Editora\u00e7\u00e3o dos Autores,  2023. ISBN: 978-65-0086-988-0 <\/span><div id=\"target-id69effa51e01cd\" class=\"collapseomatic_content \">\n<p><strong>Descri\u00e7\u00e3o do Livro<\/strong>: O material consiste em uma apostila com mais de 150 p\u00e1ginas, contendo os gabaritos de quest\u00f5es do Enade para a \u00e1rea de Engenharia de Produ\u00e7\u00e3o desde 2012. Dentre as poss\u00edveis contribui\u00e7\u00f5es desse material \u00e9 poss\u00edvel destacar seu usado como conte\u00fado did\u00e1tico em cursos de gradua\u00e7\u00e3o.<\/p>\n<p>Acesse o documento clicando <a title=\"Quest\u00f5es de Provas - Engenharia de Produ\u00e7\u00e3o desde 2012 com gabarito\" href=\"https:\/\/wp.ufpel.edu.br\/labserg\/files\/2023\/12\/l_bemvenuti_et_al_2023_-_questoes_de_provas_-_engenharia_de_producao_desde_2012_com_gabarito.pdf\" target=\"_blank\" rel=\"noopener noreferrer\"><strong>AQUI<\/strong><\/a><br \/>.<\/div><\/td>\n<\/tr>\n<tr valign=\"top\">\n<td width=\"840\"><span class=\"collapseomatic noarrow\" id=\"id69effa51e0219\"  tabindex=\"0\" title=\"6. BRAATZ, D.; ROCHA, R.; GEMMA, S. (Org.). &lt;strong&gt;Engenharia do trabalho : sa\u00fade, seguran\u00e7a, ergonomia e projeto&lt;\/strong&gt;. Santana de Parna\u00edba, SP, Ex Libris Comunica\u00e7\u00e3o,  2021. ISBN: 978-65-9946-110-1 \"    >6. BRAATZ, D.; ROCHA, R.; GEMMA, S. (Org.). <strong>Engenharia do trabalho : sa\u00fade, seguran\u00e7a, ergonomia e projeto<\/strong>. Santana de Parna\u00edba, SP, Ex Libris Comunica\u00e7\u00e3o,  2021. ISBN: 978-65-9946-110-1 <\/span><div id=\"target-id69effa51e0219\" class=\"collapseomatic_content \">\n<p><strong>Descri\u00e7\u00e3o do Livro<\/strong>: Os autores convidados s\u00e3o refer\u00eancias em suas \u00e1reas de atua\u00e7\u00e3o e em sua maioria possuem grande experi\u00eancia em lecionar em cursos de gradua\u00e7\u00e3o. Como apresenta no pref\u00e1cio o engenheiro e professor franc\u00eas Fran\u00e7ois Daniellou, trata-se de \u201cum livro que pode mudar vidas\u201d. No posf\u00e1cio da obra, a renomada ergonomista e m\u00e9dica do trabalho Leda Leal Ferreira, tamb\u00e9m destaca que \u201cproposta deste livro \u00e9 desafiadora: ampliar, para al\u00e9m das t\u00e9cnicas e especialidades, a vis\u00e3o dos engenheiros sobre as quest\u00f5es do mundo do trabalho\u201d. Tal desafio foi aceito por 51 autores que tratam de temas pouco abordados nos cursos de engenharia, como sa\u00fade, sentido do trabalho, direito dos trabalhadores entre outros. Esse livro \u00e9 composto de cinco se\u00e7\u00f5es com 21 cap\u00edtulos no total. As se\u00e7\u00f5es referem-se ao que estamos considerando como ci\u00eancias aplicadas do trabalho, notadamente vinculadas, como j\u00e1 referido anteriormente, \u00e0 Sa\u00fade dos Trabalhadores, Seguran\u00e7a no Trabalho, Ergonomia e Projeto do Trabalho.<\/p>\n<p>Acesse o documento clicando <a title=\"Engenharia do trabalho : sa\u00fade, seguran\u00e7a, ergonomia e projeto\" href=\"http:\/\/engenhariadotrabalho.com.br\/wp-content\/uploads\/2021\/11\/EngenhariaDoTrabalho_1Ed_v20211027.pdf\" target=\"_blank\" rel=\"noopener noreferrer\"><strong>AQUI<\/strong><\/a><br \/>.<\/div><\/td>\n<\/tr>\n<tr valign=\"top\">\n<td width=\"840\"><span class=\"collapseomatic noarrow\" id=\"id69effa51e0263\"  tabindex=\"0\" title=\"7. COELHO, D.F.B.; GHISI, B.M.. &lt;strong&gt;Acidente de Trabalho na Constru\u00e7\u00e3o Civil em Rond\u00f4nia&lt;\/strong&gt;. S\u00e3o Paulo, Edgar Bl\u00fccher,  2016. ISBN: 978-85-8039-167-1 DOI: https:\/\/doi.org\/10.5151\/9788580391671 \"    >7. COELHO, D.F.B.; GHISI, B.M.. <strong>Acidente de Trabalho na Constru\u00e7\u00e3o Civil em Rond\u00f4nia<\/strong>. S\u00e3o Paulo, Edgar Bl\u00fccher,  2016. ISBN: 978-85-8039-167-1 DOI: https:\/\/doi.org\/10.5151\/9788580391671 <\/span><div id=\"target-id69effa51e0263\" class=\"collapseomatic_content \">\n<p><strong>Descri\u00e7\u00e3o do Livro<\/strong>: Este livro apresenta discuss\u00f5es sobre Engenharia de Seguran\u00e7a do Trabalho, com \u00eanfase na situa\u00e7\u00e3o dos acidentes de trabalho no setor da constru\u00e7\u00e3o civil como consequ\u00eancia da implanta\u00e7\u00e3o do Programa de Acelera\u00e7\u00e3o do Crescimento (PAC) no estado de Rond\u00f4nia.A obra re\u00fane informa\u00e7\u00f5es sobre a atua\u00e7\u00e3o do PAC em Rond\u00f4nia, mencionando as principais frentes do programa e as consequ\u00eancias da sua implanta\u00e7\u00e3o. Aborda ainda os acidentes de trabalho na constru\u00e7\u00e3o civil, discutindo: o hist\u00f3rico da seguran\u00e7a do trabalho; a classifica\u00e7\u00e3o dos acidentes; os procedimentos para o registro da Comunica\u00e7\u00e3o de Acidente de Trabalho (CAT); as Normas Regulamentadoras (NRs) aplicadas \u00e0 constru\u00e7\u00e3o civil; e as atividades do Minist\u00e9rio do Trabalho e Emprego (MTE) e do Minist\u00e9rio da Previd\u00eancia Social (MPS).<\/p>\n<p>Acesse o documento clicando <a title=\"Acidente de Trabalho na Constru\u00e7\u00e3o Civil em Rond\u00f4nia\" href=\"https:\/\/openaccess.blucher.com.br\/download-pdf\/297\" target=\"_blank\" rel=\"noopener noreferrer\"><strong>AQUI<\/strong><\/a><br \/>.<\/div><\/td>\n<\/tr>\n<tr valign=\"top\">\n<td width=\"840\"><span class=\"collapseomatic noarrow\" id=\"id69effa51e02ac\"  tabindex=\"0\" title=\"8. DANIELLOU, F., SIMARD, M. E BOISSI\u00c8RES, I.. &lt;strong&gt;Fatores Humanos e Organizacionais da Seguran\u00e7a Industrial: um estado da arte&lt;\/strong&gt;. Toulouse, Fran\u00e7a, ICSI,  2010. \"    >8. DANIELLOU, F., SIMARD, M. E BOISSI\u00c8RES, I.. <strong>Fatores Humanos e Organizacionais da Seguran\u00e7a Industrial: um estado da arte<\/strong>. Toulouse, Fran\u00e7a, ICSI,  2010. <\/span><div id=\"target-id69effa51e02ac\" class=\"collapseomatic_content \">\n<p><strong>Descri\u00e7\u00e3o do Livro<\/strong>: Para integrar os fatores humanos e organizacionais nas pol\u00edticas e pr\u00e1ticas de seguran\u00e7a industrial, \u00e9 preciso se apoiar em conhecimentos novos que se abrem \u00e0s ci\u00eancias humanas e sociais (ergonomia, psicologia, sociologia&#8230;), fazendo a liga\u00e7\u00e3o com quest\u00f5es operacionais concretas. Este documento visa justamente a responder a essa necessidade.<\/p>\n<p>Acesse o documento clicando <a title=\"Fatores Humanos e Organizacionais da Seguran\u00e7a Industrial: um estado da arte\" href=\"https:\/\/www.foncsi.org\/fr\/publications\/cahiers-securite-industrielle\/fatores-humanos-organizacionais-seguranca-industrial-estado-arte\/view\" target=\"_blank\" rel=\"noopener noreferrer\"><strong>AQUI<\/strong><\/a><br \/>.<\/div><\/td>\n<\/tr>\n<tr valign=\"top\">\n<td width=\"840\"><span class=\"collapseomatic noarrow\" id=\"id69effa51e02f6\"  tabindex=\"0\" title=\"9. DI RUZZA, R.; LACOMBLEZ, M.; SANTOS, M.. &lt;strong&gt;Ergologia, Trabalho, Desenvolvimentos&lt;\/strong&gt;. Belo Horizonte, Fabrefactum,  2018. ISBN: 978-85-6329-922-2 \"    >9. DI RUZZA, R.; LACOMBLEZ, M.; SANTOS, M.. <strong>Ergologia, Trabalho, Desenvolvimentos<\/strong>. Belo Horizonte, Fabrefactum,  2018. ISBN: 978-85-6329-922-2 <\/span><div id=\"target-id69effa51e02f6\" class=\"collapseomatic_content \">\n<p><strong>Descri\u00e7\u00e3o do Livro<\/strong>: Este gloss\u00e1rio da ergologia diz respeito a uma sele\u00e7\u00e3o de conceitos da abordagem ergol\u00f3gica, cujo entendimento poder\u00e1 facilitar a leitura de alguns textos apresentados ou dar a entender o que lhes est\u00e1 subjacente. Trata-se de defini\u00e7\u00f5es contextualizadas, n\u00e3o seguindo, portanto, a l\u00f3gica de um dicion\u00e1rio com refer\u00eancias que se pretendem definitivas. O asterisco leva \u00e0 palavra referida para uma explica\u00e7\u00e3o mais detalhada.<\/p>\n<p>Acesse o documento clicando <a title=\"Ergologia, Trabalho, Desenvolvimentos\" href=\"https:\/\/wp.ufpel.edu.br\/labserg\/files\/2022\/05\/l_di_ruzza_acomblez_santos_eds_2018_-_ergologia_trabalho_desenvolvimentos.pdf\" target=\"_blank\" rel=\"noopener noreferrer\"><strong>AQUI<\/strong><\/a><br \/>.<\/div><\/td>\n<\/tr>\n<tr valign=\"top\">\n<td width=\"840\"><span class=\"collapseomatic noarrow\" id=\"id69effa51e033e\"  tabindex=\"0\" title=\"10. FILGUEIRAS, V.A. (Org.). &lt;strong&gt;Sa\u00fade e seguran\u00e7a do trabalho na constru\u00e7\u00e3o civil brasileira&lt;\/strong&gt;. Aracaju, J.Andrade,  2015. \"    >10. FILGUEIRAS, V.A. (Org.). <strong>Sa\u00fade e seguran\u00e7a do trabalho na constru\u00e7\u00e3o civil brasileira<\/strong>. Aracaju, J.Andrade,  2015. <\/span><div id=\"target-id69effa51e033e\" class=\"collapseomatic_content \">\n<p><strong>Descri\u00e7\u00e3o do Livro<\/strong>: Este livro \u00e9 produto de uma empreitada coletiva realizada ao longo de mais de um ano de discuss\u00f5es, pesquisas, levantamento de diferentes fontes de informa\u00e7\u00f5es e dados, avalia\u00e7\u00f5es, novas discuss\u00f5es, leituras das vers\u00f5es preliminares de cada texto, sele\u00e7\u00e3o de fotos, at\u00e9 o livro chegar ao resultado que aqui se apresenta. A obra n\u00e3o pretende ser uma abordagem exaustiva das quest\u00f5es ligadas \u00e0 sa\u00fade e seguran\u00e7a do trabalho na constru\u00e7\u00e3o civil brasileira, mas acreditamos que toca em pontos fundamentais para explicar o atual cen\u00e1rio de corriqueiro sofrimento e elevado n\u00famero de mortes daqueles que trabalham em obras no nosso pa\u00eds.<\/p>\n<p>Acesse o documento clicando <a title=\"Sa\u00fade e seguran\u00e7a do trabalho na constru\u00e7\u00e3o civil brasileira\" href=\"https:\/\/wp.ufpel.edu.br\/labserg\/files\/2022\/05\/l_filgueiras_2015_-_saude_e_seguranca_do_trabalho_na_construcao_civil_brasileira.pdf\" target=\"_blank\" rel=\"noopener noreferrer\"><strong>AQUI<\/strong><\/a><br \/>.<\/div><\/td>\n<\/tr>\n<tr valign=\"top\">\n<td width=\"840\"><span class=\"collapseomatic noarrow\" id=\"id69effa51e0388\"  tabindex=\"0\" title=\"11. FUSCO, W.; MYRRHA, L.J.D.; JESUS, J.C. (Org.). &lt;strong&gt;Migra\u00e7\u00e3o, trabalho e g\u00eanero: textos selecionados&lt;\/strong&gt;. Belo Horizonte, Associa\u00e7\u00e3o Brasileira de Estudos Populacionais \u2013 ABEP,  2021. ISBN: 978-65-9914-832-3 \"    >11. FUSCO, W.; MYRRHA, L.J.D.; JESUS, J.C. (Org.). <strong>Migra\u00e7\u00e3o, trabalho e g\u00eanero: textos selecionados<\/strong>. Belo Horizonte, Associa\u00e7\u00e3o Brasileira de Estudos Populacionais \u2013 ABEP,  2021. ISBN: 978-65-9914-832-3 <\/span><div id=\"target-id69effa51e0388\" class=\"collapseomatic_content \">\n<p><strong>Descri\u00e7\u00e3o do Livro<\/strong>: O livro Migra\u00e7\u00e3o, Trabalho e G\u00eanero: textos selecionados re\u00fane 55 trabalhos contemplando as seguintes tem\u00e1ticas: migra\u00e7\u00e3o interna e mobilidade pendular; migra\u00e7\u00f5es internacionais e ref\u00fagio; migra\u00e7\u00e3o e trabalho; migra\u00e7\u00f5es, g\u00eanero e fam\u00edlia; articula\u00e7\u00e3o entre trabalho e fam\u00edlia; trabalho e g\u00eanero; desigualdades no mercado de trabalho; trabalho, educa\u00e7\u00e3o e mobilidades. Ao percorrer os t\u00edtulos do sum\u00e1rio podemos perceber a presen\u00e7a de quest\u00f5es que nos s\u00e3o muito caras assim como de emergentes, tanto na busca de se avan\u00e7ar nas abordagens te\u00f3ricas quanto metodol\u00f3gicas. Sem d\u00favida um bom convite para a leitura. Sem d\u00favida um bom convite para o debate.<\/p>\n<p>Acesse o documento clicando <a title=\"Migra\u00e7\u00e3o, trabalho e g\u00eanero: textos selecionados\" href=\"http:\/\/www.abep.org.br\/publicacoes\/index.php\/ebook\/issue\/viewIssue\/47\/9\" target=\"_blank\" rel=\"noopener noreferrer\"><strong>AQUI<\/strong><\/a><br \/>.<\/div><\/td>\n<\/tr>\n<tr valign=\"top\">\n<td width=\"840\"><span class=\"collapseomatic noarrow\" id=\"id69effa51e03d1\"  tabindex=\"0\" title=\"12. GUIMAR\u00c3ES, L.B.M. (Org.). &lt;strong&gt;Macroergonomia: colocando os conceitos em pr\u00e1tica. Vol. 1&lt;\/strong&gt;. Porto Alegre, UFRGS\/FEENG, 1\u00b0ed 2010. ISBN: 978-85-8808-542-8 \"    >12. GUIMAR\u00c3ES, L.B.M. (Org.). <strong>Macroergonomia: colocando os conceitos em pr\u00e1tica. Vol. 1<\/strong>. Porto Alegre, UFRGS\/FEENG, 1\u00b0ed 2010. ISBN: 978-85-8808-542-8 <\/span><div id=\"target-id69effa51e03d1\" class=\"collapseomatic_content \">\n<p><strong>Descri\u00e7\u00e3o do Livro<\/strong>: <\/p>\n<p>Acesse o documento clicando <a title=\"Macroergonomia: colocando os conceitos em pr\u00e1tica. Vol. 1\" href=\"https:\/\/www.ecoinnovate4sustain.com\/livros-download\" target=\"_blank\" rel=\"noopener noreferrer\"><strong>AQUI<\/strong><\/a><br \/>.<\/div><\/td>\n<\/tr>\n<tr valign=\"top\">\n<td width=\"840\"><span class=\"collapseomatic noarrow\" id=\"id69effa51e041a\"  tabindex=\"0\" title=\"13. GUIMAR\u00c3ES, L.B.M. (Org.). &lt;strong&gt;Macroergonomia: colocando os conceitos em pr\u00e1tica. Vol. 2&lt;\/strong&gt;. Porto Alegre, UFRGS\/FEENG, 1\u00b0ed 2010. ISBN: 978-85-8808-543-5 \"    >13. GUIMAR\u00c3ES, L.B.M. (Org.). <strong>Macroergonomia: colocando os conceitos em pr\u00e1tica. Vol. 2<\/strong>. Porto Alegre, UFRGS\/FEENG, 1\u00b0ed 2010. ISBN: 978-85-8808-543-5 <\/span><div id=\"target-id69effa51e041a\" class=\"collapseomatic_content \">\n<p><strong>Descri\u00e7\u00e3o do Livro<\/strong>: <\/p>\n<p>Acesse o documento clicando <a title=\"Macroergonomia: colocando os conceitos em pr\u00e1tica. Vol. 2\" href=\"https:\/\/www.ecoinnovate4sustain.com\/livros-download\" target=\"_blank\" rel=\"noopener noreferrer\"><strong>AQUI<\/strong><\/a><br \/>.<\/div><\/td>\n<\/tr>\n<tr valign=\"top\">\n<td width=\"840\"><span class=\"collapseomatic noarrow\" id=\"id69effa51e0462\"  tabindex=\"0\" title=\"14. GUIMAR\u00c3ES, L.B.M. (Org.). &lt;strong&gt;Macroergonomia: colocando os conceitos em pr\u00e1tica. Vol. 3&lt;\/strong&gt;. Porto Alegre, UFRGS\/FEENG, 1\u00b0ed 2010. ISBN: 978-85-8808-544-2 \"    >14. GUIMAR\u00c3ES, L.B.M. (Org.). <strong>Macroergonomia: colocando os conceitos em pr\u00e1tica. Vol. 3<\/strong>. Porto Alegre, UFRGS\/FEENG, 1\u00b0ed 2010. ISBN: 978-85-8808-544-2 <\/span><div id=\"target-id69effa51e0462\" class=\"collapseomatic_content \">\n<p><strong>Descri\u00e7\u00e3o do Livro<\/strong>: <\/p>\n<p>Acesse o documento clicando <a title=\"Macroergonomia: colocando os conceitos em pr\u00e1tica. Vol. 3\" href=\"https:\/\/www.ecoinnovate4sustain.com\/livros-download\" target=\"_blank\" rel=\"noopener noreferrer\"><strong>AQUI<\/strong><\/a><br \/>.<\/div><\/td>\n<\/tr>\n<tr valign=\"top\">\n<td width=\"840\"><span class=\"collapseomatic noarrow\" id=\"id69effa51e04aa\"  tabindex=\"0\" title=\"15. HOPKINS, A.. &lt;strong&gt;Decis\u00f5es desastrosas: as causas humanas e organizacionais do desastre do Golfo do M\u00e9xico&lt;\/strong&gt;. S\u00e3o Paulo, Edgar Bl\u00fccher, 1\u00baed 2023. ISBN: 978-65-5506-523-7 \"    >15. HOPKINS, A.. <strong>Decis\u00f5es desastrosas: as causas humanas e organizacionais do desastre do Golfo do M\u00e9xico<\/strong>. S\u00e3o Paulo, Edgar Bl\u00fccher, 1\u00baed 2023. ISBN: 978-65-5506-523-7 <\/span><div id=\"target-id69effa51e04aa\" class=\"collapseomatic_content \">\n<p><strong>Descri\u00e7\u00e3o do Livro<\/strong>: Decis\u00f5es desastrosas: as causas humanas e organizacionais do desastre do Golfo do M\u00e9xico leva o leitor ao reino dos fatores humanos e organizacionais que contribu\u00edram para o desastre da Deepwater Horizon em 2010. Esse evento resultou na perda de onze vidas em explos\u00f5es e inc\u00eandio, no naufr\u00e1gio da sonda e em danos incalcul\u00e1veis ao meio ambiente e aos meios de subsist\u00eancia dos residentes do Golfo do M\u00e9xico. \u00c9 importante saber o que as pessoas fizeram, mas \u00e9 ainda mais importante saber por que elas fizeram o que fizeram \u2013 por isso, este livro tenta \u201centrar na cabe\u00e7a\u201d dos tomadores de decis\u00e3o e entender como eles pr\u00f3prios entendiam as situa\u00e7\u00f5es em que se encontravam. O livro tamb\u00e9m tenta descobrir o que, em seu ambiente organizacional, os encorajou a pensar e agir da forma como pensaram e agiram.<\/p>\n<p>Acesse o documento clicando <a title=\"Decis\u00f5es desastrosas: as causas humanas e organizacionais do desastre do Golfo do M\u00e9xico\" href=\"https:\/\/openaccess.blucher.com.br\/download-pdf\/604\" target=\"_blank\" rel=\"noopener noreferrer\"><strong>AQUI<\/strong><\/a><br \/>.<\/div><\/td>\n<\/tr>\n<tr valign=\"top\">\n<td width=\"840\"><span class=\"collapseomatic noarrow\" id=\"id69effa51e04f4\"  tabindex=\"0\" title=\"16. IEA. &lt;strong&gt;Ergonomic Checkpoints in Health Care Work&lt;\/strong&gt;. Geneva, OIT\/IEA, 2\u00baed 2017. ISBN: 978-09-9760-411-5 \"    >16. IEA. <strong>Ergonomic Checkpoints in Health Care Work<\/strong>. Geneva, OIT\/IEA, 2\u00baed 2017. ISBN: 978-09-9760-411-5 <\/span><div id=\"target-id69effa51e04f4\" class=\"collapseomatic_content \">\n<p><strong>Descri\u00e7\u00e3o do Livro<\/strong>: Ergonomic Checkpoints in Health Care Work\u201d foi criado pela Human Ergology Society of Japan em colabora\u00e7\u00e3o com a IEA. Ele cont\u00e9m aplica\u00e7\u00f5es pr\u00e1ticas de ergonomia para profissionais de sa\u00fade em um formato de checkpoints participativo e f\u00e1cil de usar. Essa estrat\u00e9gia de checkpoint participativo pode melhorar a vida dos cuidadores e principalmente daqueles que se beneficiam de seu trabalho. Os princ\u00edpios ergon\u00f4micos com base cient\u00edfica ilustram como a ergonomia pode fazer a diferen\u00e7a na efic\u00e1cia e no bem-estar do sistema. [tradu\u00e7\u00e3o livre]\n<p>Acesse o documento clicando <a title=\"Ergonomic Checkpoints in Health Care Work\" href=\"https:\/\/wp.ufpel.edu.br\/labserg\/files\/2022\/07\/l_iea_2017_-_ergonomic_checkpoints_in_health_care_work.pdf\" target=\"_blank\" rel=\"noopener noreferrer\"><strong>AQUI<\/strong><\/a><br \/>.<\/div><\/td>\n<\/tr>\n<tr valign=\"top\">\n<td width=\"840\"><span class=\"collapseomatic noarrow\" id=\"id69effa51e0557\"  tabindex=\"0\" title=\"17. IEA. &lt;strong&gt;Ergonomic checkpoints: Practical and easy-to-implement solutions for improving safety, health and working conditions. Second edition&lt;\/strong&gt;. Geneva, OIT\/IEA, 2\u00baed 2010. ISBN: 978-92-2122-666-6 \"    >17. IEA. <strong>Ergonomic checkpoints: Practical and easy-to-implement solutions for improving safety, health and working conditions. Second edition<\/strong>. Geneva, OIT\/IEA, 2\u00baed 2010. ISBN: 978-92-2122-666-6 <\/span><div id=\"target-id69effa51e0557\" class=\"collapseomatic_content \">\n<p><strong>Descri\u00e7\u00e3o do Livro<\/strong>: O manual visa reduzir os acidentes e doen\u00e7as relacionados com o trabalho e melhorar a seguran\u00e7a, a sa\u00fade e as condi\u00e7\u00f5es de trabalho. Os postos de controle oferecem solu\u00e7\u00f5es pr\u00e1ticas e de baixo custo para problemas ergon\u00f4micos, principalmente para pequenas e m\u00e9dias empresas. Esta segunda edi\u00e7\u00e3o apresenta texto revisado, pontos de verifica\u00e7\u00e3o adicionais e novas ilustra\u00e7\u00f5es coloridas. [tradu\u00e7\u00e3o livre]\n<p>Acesse o documento clicando <a title=\"Ergonomic checkpoints: Practical and easy-to-implement solutions for improving safety, health and working conditions. Second edition\" href=\"https:\/\/wp.ufpel.edu.br\/labserg\/files\/2022\/07\/l_iea_2010_-_Ergonomic_checkpoints_practical_and_easy_to_implement_solutions_for_improving_safety_health_and_working_conditions_-_second_edition.pdf\" target=\"_blank\" rel=\"noopener noreferrer\"><strong>AQUI<\/strong><\/a><br \/>.<\/div><\/td>\n<\/tr>\n<tr valign=\"top\">\n<td width=\"840\"><span class=\"collapseomatic noarrow\" id=\"id69effa51e05b8\"  tabindex=\"0\" title=\"18. IGLIORI, S.B.C.. &lt;strong&gt;Compreender o Trabalho dos Professores Brasileiros do Ensino B\u00e1sico: Uma Abordagem pelos Recursos&lt;\/strong&gt;. S\u00e3o Paulo, Edgar Bl\u00fccher,  2021. ISBN: 978-65-5550-081-3 DOI: https:\/\/doi.org\/10.5151\/9786555500813 \"    >18. IGLIORI, S.B.C.. <strong>Compreender o Trabalho dos Professores Brasileiros do Ensino B\u00e1sico: Uma Abordagem pelos Recursos<\/strong>. S\u00e3o Paulo, Edgar Bl\u00fccher,  2021. ISBN: 978-65-5550-081-3 DOI: https:\/\/doi.org\/10.5151\/9786555500813 <\/span><div id=\"target-id69effa51e05b8\" class=\"collapseomatic_content \">\n<p><strong>Descri\u00e7\u00e3o do Livro<\/strong>: Este livro compila trabalhos de pesquisadores da educa\u00e7\u00e3omatem\u00e1tica da UFPE; UFPA; UFMS e PUC-SP. A tem\u00e1tica dos trabalhos \u00e9 a forma\u00e7\u00e3ode professores do ensino b\u00e1sico, sob a perspectiva te\u00f3rica da AbordagemDocumental do Did\u00e1tico, cujos autores s\u00e3o os pesquisadores franceses Gueudet eTrouche.Nessa teoria destacam-se dois constructos: recurso edocumento. Citando Trouche: \u201cOs professores de matem\u00e1tica interagem, em seutrabalho di\u00e1rio, com recursos concebidos para fins de ensino (que n\u00f3sdenominaremos recursos curriculares, por exemplo, um livro did\u00e1tico) ou comrecursos que n\u00e3o t\u00eam finalidade de ensino (por exemplo, um artigo deperi\u00f3dico). Seus trabalhos com esses recursos, em sala de aula ou fora dela,incluem a sele\u00e7\u00e3o, a modifica\u00e7\u00e3o e a cria\u00e7\u00e3o de novos recursos. Esse trabalhocriativo \u00e9 denominado trabalho documental do professor, e seusresultados documenta\u00e7\u00e3o do professor\u201d.O livro se destina a professores de matem\u00e1tica e futuros;estudantes de p\u00f3s-gradua\u00e7\u00e3o e pesquisadores na \u00e1rea de educa\u00e7\u00e3o matem\u00e1tica e afins.<\/p>\n<p>Acesse o documento clicando <a title=\"Compreender o Trabalho dos Professores Brasileiros do Ensino B\u00e1sico: Uma Abordagem pelos Recursos\" href=\"https:\/\/openaccess.blucher.com.br\/download-pdf\/505\" target=\"_blank\" rel=\"noopener noreferrer\"><strong>AQUI<\/strong><\/a><br \/>.<\/div><\/td>\n<\/tr>\n<tr valign=\"top\">\n<td width=\"840\"><span class=\"collapseomatic noarrow\" id=\"id69effa51e0604\"  tabindex=\"0\" title=\"19. KALIL, R.B.. &lt;strong&gt;A Regula\u00e7\u00e3o do Trabalho via Plataformas Digitais&lt;\/strong&gt;. S\u00e3o Paulo, Edgar Bl\u00fccher,  2020. ISBN: 978-65-5550-029-5 DOI: https:\/\/doi.org\/10.5151\/9786555500295 \"    >19. KALIL, R.B.. <strong>A Regula\u00e7\u00e3o do Trabalho via Plataformas Digitais<\/strong>. S\u00e3o Paulo, Edgar Bl\u00fccher,  2020. ISBN: 978-65-5550-029-5 DOI: https:\/\/doi.org\/10.5151\/9786555500295 <\/span><div id=\"target-id69effa51e0604\" class=\"collapseomatic_content \">\n<p><strong>Descri\u00e7\u00e3o do Livro<\/strong>: Nesta obra, verificamos que coexistem uma certa autonomia do trabalhador para determinar a sua carga hor\u00e1ria com uma rela\u00e7\u00e3o direta entre depend\u00eancia e precariedade no trabalho no capitalismo de plataforma. Os algoritmos ocupam papel de gerenciar a m\u00e3o de obra, sendo que a intensidade na coordena\u00e7\u00e3o e controle dos trabalhadores varia em cada empresa. A acentuada desigualdade econ\u00f4mica entreos trabalhadores e as plataformas digitais indica a import\u00e2ncia da aplica\u00e7\u00e3o do Direito do Trabalho. As caracter\u00edsticas dessas rela\u00e7\u00f5es de trabalho apontam para a necessidade de uma nova arquitetura jur\u00eddica capaz de oferecer respostas \u00e0s peculiaridades do trabalho sob demanda por meio de aplicativos e do crowdwork. A proposta apresentada \u00e9 a cria\u00e7\u00e3o de uma legisla\u00e7\u00e3o especial com tr\u00eas categoriaspara classificar os trabalhadores: aut\u00f4nomos, dependentes e subordinados. <\/p>\n<p>Acesse o documento clicando <a title=\"A Regula\u00e7\u00e3o do Trabalho via Plataformas Digitais\" href=\"https:\/\/openaccess.blucher.com.br\/download-pdf\/476\" target=\"_blank\" rel=\"noopener noreferrer\"><strong>AQUI<\/strong><\/a><br \/>.<\/div><\/td>\n<\/tr>\n<tr valign=\"top\">\n<td width=\"840\"><span class=\"collapseomatic noarrow\" id=\"id69effa51e064e\"  tabindex=\"0\" title=\"20. LASTA, L.L.; SILVA, J.C.; WITCZAK, M.V.C. (Org.). &lt;strong&gt;Pandemia COVID-19: sa\u00fade mental e pr\u00e1ticas sociais&lt;\/strong&gt;. Santa Cruz do Sul, EDUNISC, 1\u00b0ed 2021. ISBN: 978-65-8856-410-3 \"    >20. LASTA, L.L.; SILVA, J.C.; WITCZAK, M.V.C. (Org.). <strong>Pandemia COVID-19: sa\u00fade mental e pr\u00e1ticas sociais<\/strong>. Santa Cruz do Sul, EDUNISC, 1\u00b0ed 2021. ISBN: 978-65-8856-410-3 <\/span><div id=\"target-id69effa51e064e\" class=\"collapseomatic_content \">\n<p><strong>Descri\u00e7\u00e3o do Livro<\/strong>: O Programa de P\u00f3s-gradua\u00e7\u00e3o em Psicologia-Mestrado profissional (PPGPSI) da UNISC foi aprovado em dezembro de 2018 e iniciou sua primeira turma em maio de 2019. Passados dois anos est\u00e1 lan\u00e7ando seu primeiro livro conjunto entre professores e discentes do programa em rela\u00e7\u00e3o \u00e0s atividades desenvolvidas num per\u00edodo t\u00e3o dif\u00edcil como o que vivemos este ano. O PPGPSI nasceu com o objetivo de qualificar as a\u00e7\u00f5es j\u00e1 existentes na hist\u00f3ria da Psicologia da UNISC e, a partir de sua cria\u00e7\u00e3o, fortalecer a rela\u00e7\u00e3o com a comunidade regional e com seus egressos. Prop\u00f5e como \u00e1rea de concentra\u00e7\u00e3o \u201cSa\u00fade Mental e Pr\u00e1ticas Sociais\u201d e como linhas de pesquisa: \u201cPr\u00e1ticas Cl\u00ednicas Contempor\u00e2neas, Pol\u00edticas P\u00fablicas e Sa\u00fade Mental\u201d e \u201cPr\u00e1ticas Sociais, Organiza\u00e7\u00f5es e Cultura\u201d. Essas linhas est\u00e3o ancoradas nos grupos de pesquisa e nas experi\u00eancias e expertise de seus docentes. Est\u00e3o sustentadas pela estrutura universit\u00e1ria de uma universidade comunit\u00e1ria que busca, atrav\u00e9s da sua miss\u00e3o institucional, ser visto como uma institui\u00e7\u00e3o capaz de atender \u00e0s demandas da sociedade. Tomando para si a responsabilidade da produ\u00e7\u00e3o de conhecimentos no \u00e2mbito da sa\u00fade mental que sustentem a aten\u00e7\u00e3o nessa \u00e1rea, os professores t\u00eam somado esfor\u00e7os na proposi\u00e7\u00e3o e realiza\u00e7\u00e3o de projetos de pesquisas e de extens\u00e3o para interven\u00e7\u00e3o e resolu\u00e7\u00e3o de problemas atendendo \u00e0 demanda da comunidade local e regional. E, dessa forma, este ano enfrentaram o contexto da pandemia do COVID-19.<\/p>\n<p>Acesse o documento clicando <a title=\"Pandemia COVID-19: sa\u00fade mental e pr\u00e1ticas sociais\" href=\"https:\/\/repositorio.unisc.br\/jspui\/bitstream\/11624\/3218\/1\/Pandemia%20COVID-19.pdf\" target=\"_blank\" rel=\"noopener noreferrer\"><strong>AQUI<\/strong><\/a><br \/>.<\/div><\/td>\n<\/tr>\n<tr valign=\"top\">\n<td width=\"840\"><span class=\"collapseomatic noarrow\" id=\"id69effa51e0698\"  tabindex=\"0\" title=\"21. LE COZE, J.C.. &lt;strong&gt;Trinta anos de acidentes : a nova face dos riscos sociotecnol\u00f3gicos&lt;\/strong&gt;. S\u00e3o Paulo, Edgar Bl\u00fccher, 1\u00baed 2023. ISBN: 978-85-2122-119-7 \"    >21. LE COZE, J.C.. <strong>Trinta anos de acidentes : a nova face dos riscos sociotecnol\u00f3gicos<\/strong>. S\u00e3o Paulo, Edgar Bl\u00fccher, 1\u00baed 2023. ISBN: 978-85-2122-119-7 <\/span><div id=\"target-id69effa51e0698\" class=\"collapseomatic_content \">\n<p><strong>Descri\u00e7\u00e3o do Livro<\/strong>: Por que, apesar de trinta anos de pesquisa no campo da seguran\u00e7a industrial, os acidentes continuam acontecendo? Devemos repensar criticamente o legado das abordagens atualmente dispon\u00edveis no campo da seguran\u00e7a? Como podemos abordar essa problem\u00e1tica com o devido distanciamento perante sua grande complexidade? Esta obra oferece respostas a essas perguntas e sugest\u00f5es de solu\u00e7\u00f5es concretas. Em um mundo globalizado em plena transforma\u00e7\u00e3o, trata-se, sem d\u00favida, de uma quest\u00e3o-chave para as empresas e autoridades de controle. Desenvolvimentos te\u00f3ricos e exemplos concretos se combinam neste livro para enfrentar esse desafio.<\/p>\n<p>Acesse o documento clicando <a title=\"Trinta anos de acidentes : a nova face dos riscos sociotecnol\u00f3gicos\" href=\"https:\/\/www.forumat.net.br\/fat\/sites\/default\/files\/arq-paginas\/Miolo%20Trinta%20Anos%20Acidentes_PDF%20interativo_compressed_1.pdf\" target=\"_blank\" rel=\"noopener noreferrer\"><strong>AQUI<\/strong><\/a><br \/>.<\/div><\/td>\n<\/tr>\n<tr valign=\"top\">\n<td width=\"840\"><span class=\"collapseomatic noarrow\" id=\"id69effa51e06e2\"  tabindex=\"0\" title=\"22. LEONE, E.T.; PRONI, M.W. (Org.). &lt;strong&gt;Facetas do Trabalho no Brasil Contempor\u00e2neo&lt;\/strong&gt;. Curitiba, CRV,  2021. ISBN: 978-65-2510-932-9 DOI: https:\/\/doi.org\/10.24824\/978652510932.9 \"    >22. LEONE, E.T.; PRONI, M.W. (Org.). <strong>Facetas do Trabalho no Brasil Contempor\u00e2neo<\/strong>. Curitiba, CRV,  2021. ISBN: 978-65-2510-932-9 DOI: https:\/\/doi.org\/10.24824\/978652510932.9 <\/span><div id=\"target-id69effa51e06e2\" class=\"collapseomatic_content \">\n<p><strong>Descri\u00e7\u00e3o do Livro<\/strong>: O CESIT (Centro de Estudos Sindicais e de Economia do Trabalho) foi criado em 1989 com a finalidade de incorporar o mundo do trabalho na agenda de pesquisas do IE, contribuindo para pensar o desenvolvimento econ\u00f4mico e social no Brasil. O Centro desenvolve atividades de pesquisa, extens\u00e3o e forma\u00e7\u00e3o acad\u00eamica, mantendo uma rela\u00e7\u00e3o din\u00e2mica entre a produ\u00e7\u00e3o de conhecimento cient\u00edfico e a capacita\u00e7\u00e3o de profissionais que atuam na \u00e1rea. As atividades de pesquisa est\u00e3o estruturadas em 3 grandes eixos: 1) mercado de trabalho; 2) rela\u00e7\u00f5es de trabalho e sindicalismo; 3) estrutura social e pol\u00edticas sociais. Tamb\u00e9m s\u00e3o contemplados enfoques priorizando g\u00eanero, cor\/ra\u00e7a, e pessoas com defici\u00eancia.<\/p>\n<p>Acesse o documento clicando <a title=\"Facetas do Trabalho no Brasil Contempor\u00e2neo\" href=\"https:\/\/drive.google.com\/file\/d\/1RXleRVoB84S1bVwpvUXhFq_GQK7rWdeU\/view?usp=sharing\" target=\"_blank\" rel=\"noopener noreferrer\"><strong>AQUI<\/strong><\/a><br \/>.<\/div><\/td>\n<\/tr>\n<tr valign=\"top\">\n<td width=\"840\"><span class=\"collapseomatic noarrow\" id=\"id69effa51e073a\"  tabindex=\"0\" title=\"23. LLORY, M.; MONTMAYEUL, R.. &lt;strong&gt;O acidente e a organiza\u00e7\u00e3o&lt;\/strong&gt;. Belo Horizonte, Fabrefactum,  2014. ISBN: 978-85-6329-916-1 \"    >23. LLORY, M.; MONTMAYEUL, R.. <strong>O acidente e a organiza\u00e7\u00e3o<\/strong>. Belo Horizonte, Fabrefactum,  2014. ISBN: 978-85-6329-916-1 <\/span><div id=\"target-id69effa51e073a\" class=\"collapseomatic_content \">\n<p><strong>Descri\u00e7\u00e3o do Livro<\/strong>: A Edi\u00e7\u00e3o Brasileira \u00e9 mais uma contribui\u00e7\u00e3o de Michel Llory e seus colegas franceses ao pensamento inovador sobre a tem\u00e1tica da an\u00e1lise e da preven\u00e7\u00e3o dos acidentes industriais e do trabalho. Ela d\u00e1 seguimento a importantes obras de Llory j\u00e1 editadas no Brasil, que se tornaram refer\u00eancia para aqueles que buscam abordagens sist\u00eamicas contrapostas \u00e0s vis\u00f5es \u2013 infelizmente ainda predominantes nos meios t\u00e9cnicos e profissionais no Brasil e no mundo, que reduzem o acidente a erros humanos. Essas vis\u00f5es n\u00e3o consideram os acidentes como eventos socialmente constru\u00eddos, mas como simples falhas cometidas pelo operador.<\/p>\n<p>Acesse o documento clicando <a title=\"O acidente e a organiza\u00e7\u00e3o\" href=\"https:\/\/wp.ufpel.edu.br\/labserg\/files\/2022\/05\/l_llory_montmayel_2014_-_o_acidente_e_a_organizacao.pdf\" target=\"_blank\" rel=\"noopener noreferrer\"><strong>AQUI<\/strong><\/a><br \/>.<\/div><\/td>\n<\/tr>\n<tr valign=\"top\">\n<td width=\"840\"><span class=\"collapseomatic noarrow\" id=\"id69effa51e0785\"  tabindex=\"0\" title=\"24. MELICIO, R.K.I.S; VENDRAMETO, O.. &lt;strong&gt;Autista no Mercado de Trabalho&lt;\/strong&gt;. S\u00e3o Paulo, Edgar Bl\u00fccher,  2021. ISBN: 978-65-5550-070-7 DOI: https:\/\/doi.org\/10.5151\/9786555500707 \"    >24. MELICIO, R.K.I.S; VENDRAMETO, O.. <strong>Autista no Mercado de Trabalho<\/strong>. S\u00e3o Paulo, Edgar Bl\u00fccher,  2021. ISBN: 978-65-5550-070-7 DOI: https:\/\/doi.org\/10.5151\/9786555500707 <\/span><div id=\"target-id69effa51e0785\" class=\"collapseomatic_content \">\n<p><strong>Descri\u00e7\u00e3o do Livro<\/strong>: Esta obra come\u00e7ou, quando meu filho aos 6 anos foi diagnosticado com Transtorno Espectro Autista-TEA no grau leve. Eu estava iniciando o meu mestrado em Engenharia de Produ\u00e7\u00e3o e paralelamente uma busca por inclus\u00e3o escolar para ele.Comecei observar o quanto as controv\u00e9rsias, pr\u00e9-conceitos, exclus\u00e3o e com\u00e9rcio em nome do autismo imperavam sobre o assunto. Foi quando propus para o meu orientador (o outro autor deste livro), que aceitou esse tema t\u00e3o desafiadorprincipalmente na \u00e1rea da engenharia. E registro minha gratid\u00e3o por isso. N\u00f3s pais ficamos perdidos! Dependendo da regi\u00e3o em que se reside ou suas condi\u00e7\u00f5es financeiras podem ter suporte ou n\u00e3o adequado para o seu tipo de autismo. Nas empresas n\u00e3o diferentemente, por falta de informa\u00e7\u00e3o perdem grandes profissionais autistas capacitados. Entretanto, encontrei duas empresas que j\u00e1 venceram essa barreira e contrataram pessoas autistas. Nelas realizei uma compara\u00e7\u00e3o t\u00e9cnica de produ\u00e7\u00e3o entre uma pessoa autista com outro colaborador neurot\u00edpico (pessoas sem caracter\u00edsticas autista, ditas como normais), foi constatado que, os colaboradores com TEA ao identificar suas habilidades e aliam as fun\u00e7\u00f5es relacionadas, eles demostraram um \u00edndice de maior capacidade de produ\u00e7\u00e3o versus o outro funcion\u00e1rio n\u00e3oautista. Ainda seus supervisores destacaram a qualidade das suas tarefas e seu comprometimento. Com isso, foi montado um guia para que escolas, empresas de recrutamento e sele\u00e7\u00e3o, para gestores de qualquer segmento saibam do potencial que essa classe trabalhadora possui. Assim como, um apoio para as pessoas com TEA que desejem ser inclusas no mercado de trabalho com uma vis\u00e3o de plano de carreira ou at\u00e9mesmo abrirem seu pr\u00f3prio neg\u00f3cio. Lembrando que cada autista \u00e9 \u00fanico e n\u00e3o existe f\u00f3rmula m\u00e1gica e engessada, a proposta aqui deixada \u00e9 como buscar sua identifica\u00e7\u00e3o pessoal seja para empresa ou para o colaborador com TEA. Como autora, me despe\u00e7o do leitor, agradecendo seu interesse e com esperan\u00e7a de ter ajudado. Ressalto que pouco sei desse universo t\u00e3o grande, mas o que j\u00e1 adquirir de conhecimento compartilho aqui com voc\u00ea.<\/p>\n<p>Acesse o documento clicando <a title=\"Autista no Mercado de Trabalho\" href=\"https:\/\/openaccess.blucher.com.br\/download-pdf\/495\" target=\"_blank\" rel=\"noopener noreferrer\"><strong>AQUI<\/strong><\/a><br \/>.<\/div><\/td>\n<\/tr>\n<tr valign=\"top\">\n<td width=\"840\"><span class=\"collapseomatic noarrow\" id=\"id69effa51e07d9\"  tabindex=\"0\" title=\"25. MTE\/SIT. &lt;strong&gt;An\u00e1lises de acidentes do trabalho fatais no Rio Grande do Sul: a experi\u00eancia da Se\u00e7\u00e3o de Seguran\u00e7a e Sa\u00fade do Trabalhador \u2013 SEGUR. \u2013 Porto Alegre: Superintend\u00eancia Regional do Trabalho e Emprego do Rio Grande do Sul&lt;\/strong&gt;. Bras\u00edlia, MTE\/SIT,  2008. ISBN: 978-85-8835-607-8 \"    >25. MTE\/SIT. <strong>An\u00e1lises de acidentes do trabalho fatais no Rio Grande do Sul: a experi\u00eancia da Se\u00e7\u00e3o de Seguran\u00e7a e Sa\u00fade do Trabalhador \u2013 SEGUR. \u2013 Porto Alegre: Superintend\u00eancia Regional do Trabalho e Emprego do Rio Grande do Sul<\/strong>. Bras\u00edlia, MTE\/SIT,  2008. ISBN: 978-85-8835-607-8 <\/span><div id=\"target-id69effa51e07d9\" class=\"collapseomatic_content \">\n<p><strong>Descri\u00e7\u00e3o do Livro<\/strong>: Os objetivos de dar visibilidade ao que se observa na auditoria dos acidentes do trabalho e ao que se abstrai das rela\u00e7\u00f5es trabalho-\u00f3bito, al\u00e9m de desmistificar a concep\u00e7\u00e3o unicausal dos acidentes do trabalho e as antiquadas classifica\u00e7\u00f5es de atos e condi\u00e7\u00f5es inseguras, foram plenamente atingidos. Apresentar \u00e0 sociedade as an\u00e1lises de acidentes fatais, divulgar as atividades dos Auditores-Fiscais do Trabalho e, sobretudo, buscar o aprimoramento das an\u00e1lises de acidentes do trabalho e a preven\u00e7\u00e3o desses eventos, t\u00e3o custosos para a sociedade, s\u00e3o m\u00e9ritos deste estudo. As informa\u00e7\u00f5es analisadas originam-se de consultas \u00e0s bases de dados do Sistema Federal de Inspe\u00e7\u00e3o do Trabalho (SFIT), no per\u00edodo de agosto de 2001 a dezembro de 2007, e da revis\u00e3o de grande acervo documental.<\/p>\n<p>Acesse o documento clicando <a title=\"An\u00e1lises de acidentes do trabalho fatais no Rio Grande do Sul: a experi\u00eancia da Se\u00e7\u00e3o de Seguran\u00e7a e Sa\u00fade do Trabalhador \u2013 SEGUR. \u2013 Porto Alegre: Superintend\u00eancia Regional do Trabalho e Emprego do Rio Grande do Sul\" href=\"https:\/\/wp.ufpel.edu.br\/labserg\/files\/2022\/05\/l_mte_2008_-_analises_de_acidentes_do_trabalho_fatais_no_rio_grande_do_sul.pdf\" target=\"_blank\" rel=\"noopener noreferrer\"><strong>AQUI<\/strong><\/a><br \/>.<\/div><\/td>\n<\/tr>\n<tr valign=\"top\">\n<td width=\"840\"><span class=\"collapseomatic noarrow\" id=\"id69effa51e0827\"  tabindex=\"0\" title=\"26. MTE\/SIT. &lt;strong&gt;Embargo e interdi\u00e7\u00e3o: instrumentos de preserva\u00e7\u00e3o da vida e da sa\u00fade dos trabalhadores - A experi\u00eancia da Se\u00e7\u00e3o de Seguran\u00e7a e Sa\u00fade do Trabalhador - SEGUR - Porto Alegre&lt;\/strong&gt;. Bras\u00edlia, MTE\/SIT,  2010. \"    >26. MTE\/SIT. <strong>Embargo e interdi\u00e7\u00e3o: instrumentos de preserva\u00e7\u00e3o da vida e da sa\u00fade dos trabalhadores - A experi\u00eancia da Se\u00e7\u00e3o de Seguran\u00e7a e Sa\u00fade do Trabalhador - SEGUR - Porto Alegre<\/strong>. Bras\u00edlia, MTE\/SIT,  2010. <\/span><div id=\"target-id69effa51e0827\" class=\"collapseomatic_content \">\n<p><strong>Descri\u00e7\u00e3o do Livro<\/strong>: Produzido pela equipe de Auditores-Fiscais do Trabalho da SRTE\/RS, o livro tem como meta mais ambiciosa prover a sociedade, os trabalhadores e empregadores, sindicatos, profissionais e demais interessados, do conhecimento adquirido nos Embargos e Interdi\u00e7\u00f5es, de forma que possa ser utilizado para evitar trag\u00e9dias no trabalho. A publica\u00e7\u00e3o representa uma colabora\u00e7\u00e3o dos Auditores-fiscais para a busca cont\u00ednua de condi\u00e7\u00f5es que garantam trabalho decente, seguro e saud\u00e1vel para todos, atendendo aos interesses da coletividade e do bem comum. Segundo a equipe que coordenou os trabalhos: \u201cEssa \u00e9 a express\u00e3o de um trabalho di\u00e1rio, de uma luta partilhada por muitos, na qual o homem \u00e9 o verdadeiro e o \u00fanico fim\u201d. <\/p>\n<p>Acesse o documento clicando <a title=\"Embargo e interdi\u00e7\u00e3o: instrumentos de preserva\u00e7\u00e3o da vida e da sa\u00fade dos trabalhadores - A experi\u00eancia da Se\u00e7\u00e3o de Seguran\u00e7a e Sa\u00fade do Trabalhador - SEGUR - Porto Alegre\" href=\"https:\/\/www.trt7.jus.br\/trabalhoseguro\/arquivos\/files\/acervo\/ebooks\/Ministerio_do_Trabalho_e_Emprego_-_Embargo_e_Interdicao.pdf\" target=\"_blank\" rel=\"noopener noreferrer\"><strong>AQUI<\/strong><\/a><br \/>.<\/div><\/td>\n<\/tr>\n<tr valign=\"top\">\n<td width=\"840\"><span class=\"collapseomatic noarrow\" id=\"id69effa51e0874\"  tabindex=\"0\" title=\"27. MTE\/SIT. &lt;strong&gt;Guia de An\u00e1lise de Acidentes de Trabalho&lt;\/strong&gt;. Bras\u00edlia, MTE\/SIT,  2010. \"    >27. MTE\/SIT. <strong>Guia de An\u00e1lise de Acidentes de Trabalho<\/strong>. Bras\u00edlia, MTE\/SIT,  2010. <\/span><div id=\"target-id69effa51e0874\" class=\"collapseomatic_content \">\n<p><strong>Descri\u00e7\u00e3o do Livro<\/strong>: Este Guia se inclui numa longa hist\u00f3ria do Minist\u00e9rio do Trabalho e Emprego na busca pela redu\u00e7\u00e3o dos acidentes de trabalho. Em seu processo de auditoria em SST, de normatiza\u00e7\u00e3o e de capacita\u00e7\u00e3o, em parceria com a sociedade atrav\u00e9s da Comiss\u00e3o Tripartite Parit\u00e1ria Permanente \u2013 CTPP, o MTE, por meio do Departamento de Seguran\u00e7a e Sa\u00fade no Trabalho &#8211; DSST tem empreendido esfor\u00e7os com o intuito de melhorar continuamente as condi\u00e7\u00f5es de trabalho e ampliar a cidadania. Nas Normas Regulamentadoras alteradas nos \u00faltimos vinte anos, a quest\u00e3o da import\u00e2ncia da an\u00e1lise de eventos adversos foi inserida e valorizada. Entretanto, as an\u00e1lises realizadas pela maioria das empresas continuam fr\u00e1geis, quase sempre apontando apenas falhas humanas e atribuindo culpa aos acidentados. Nesse contexto, os principais fatores relacionados com a ocorr\u00eancia dos acidentes n\u00e3o s\u00e3o identificados, persistindo assim a elevada incid\u00eancia desses eventos, gerando custos econ\u00f4micos e sociais injustific\u00e1veis. <\/p>\n<p>Acesse o documento clicando <a title=\"Guia de An\u00e1lise de Acidentes de Trabalho\" href=\"https:\/\/www.gov.br\/trabalho-e-previdencia\/pt-br\/composicao\/orgaos-especificos\/secretaria-de-trabalho\/inspecao\/escola\/e-biblioteca\/guia-de-analise-de-acidentes-ano-2010.pdf\/@@download\/file\/Guia%20de%20An%C3%A1lise%20de%20Acidentes%20(ano%202010).pdf\" target=\"_blank\" rel=\"noopener noreferrer\"><strong>AQUI<\/strong><\/a><br \/>.<\/div><\/td>\n<\/tr>\n<tr valign=\"top\">\n<td width=\"840\"><span class=\"collapseomatic noarrow\" id=\"id69effa51e08bd\"  tabindex=\"0\" title=\"28. NIU, S.; KOGI, K.. &lt;strong&gt;Ergonomic checkpoints in agriculture: Practical and easy-to-implement solutions for improving safety, health and working conditions&lt;\/strong&gt;. Geneva, OIT\/IEA, 2\u00baed 2014. ISBN: 978-92-2128-184-9 \"    >28. NIU, S.; KOGI, K.. <strong>Ergonomic checkpoints in agriculture: Practical and easy-to-implement solutions for improving safety, health and working conditions<\/strong>. Geneva, OIT\/IEA, 2\u00baed 2014. ISBN: 978-92-2128-184-9 <\/span><div id=\"target-id69effa51e08bd\" class=\"collapseomatic_content \">\n<p><strong>Descri\u00e7\u00e3o do Livro<\/strong>: Este manual apresenta solu\u00e7\u00f5es pr\u00e1ticas para melhorias no trabalho agr\u00edcola e na vida rural do ponto de vista da ergonomia. Os postos de controle que ele lista destinam-se a ser usados como um meio para melhorar as condi\u00e7\u00f5es de trabalho e de vida existentes, para melhor seguran\u00e7a, sa\u00fade e efici\u00eancia em ambientes agr\u00edcolas e rurais. [tradu\u00e7\u00e3o livre]\n<p>Acesse o documento clicando <a title=\"Ergonomic checkpoints in agriculture: Practical and easy-to-implement solutions for improving safety, health and working conditions\" href=\"https:\/\/wp.ufpel.edu.br\/labserg\/files\/2022\/07\/l_niu_kogi_2014_-_ergonomic_checkpoints_in_agriculture.pdf\" target=\"_blank\" rel=\"noopener noreferrer\"><strong>AQUI<\/strong><\/a><br \/>.<\/div><\/td>\n<\/tr>\n<tr valign=\"top\">\n<td width=\"840\"><span class=\"collapseomatic noarrow\" id=\"id69effa51e091f\"  tabindex=\"0\" title=\"29. OIT. &lt;strong&gt;Guia de orienta\u00e7\u00f5es de seguran\u00e7a e sa\u00fade no trabalho diante da COVID-19 para pessoas empregadoras e trabalhadoras do lar&lt;\/strong&gt;. Brasil, OIT\/Brasil, 2\u00b0ed 2020. ISBN: 978-92-2034-994-6 \"    >29. OIT. <strong>Guia de orienta\u00e7\u00f5es de seguran\u00e7a e sa\u00fade no trabalho diante da COVID-19 para pessoas empregadoras e trabalhadoras do lar<\/strong>. Brasil, OIT\/Brasil, 2\u00b0ed 2020. ISBN: 978-92-2034-994-6 <\/span><div id=\"target-id69effa51e091f\" class=\"collapseomatic_content \">\n<p><strong>Descri\u00e7\u00e3o do Livro<\/strong>: Esta segunda edi\u00e7\u00e3o do Guia de orienta\u00e7\u00f5es de Seguran\u00e7a e Sa\u00fade no Trabalho diante da COVID-19 para pessoas empregadoras e trabalhadoras do lar \u00e9 o produto da colabora\u00e7\u00e3o entre a Organiza\u00e7\u00e3o Internacional do Trabalho (OIT), a Federa\u00e7\u00e3o Internacional das Trabalhadoras do Lar (FITH) e 29 sindicatos e organiza\u00e7\u00f5es de trabalhadoras do lar de 15 pa\u00edses da Am\u00e9rica Latina que participaram ativamente da revis\u00e3o da primeira vers\u00e3o deste material, contribuindo com suas ideias com o fortalecimento e pertin\u00eancia das recomenda\u00e7\u00f5es aqui expostas, fazendo deste guia uma ferramenta mais consolidada, com maior apego ao contexto das pessoas trabalhadoras e da pluralidade de lingu\u00edstica da regi\u00e3o.<\/p>\n<p>Acesse o documento clicando <a title=\"Guia de orienta\u00e7\u00f5es de seguran\u00e7a e sa\u00fade no trabalho diante da COVID-19 para pessoas empregadoras e trabalhadoras do lar\" href=\"https:\/\/www.gov.br\/trabalho-e-previdencia\/pt-br\/composicao\/orgaos-especificos\/secretaria-de-trabalho\/inspecao\/escola\/e-biblioteca\/oit-covid-trabalhadoras-do-lar.pdf\/@@download\/file\/OIT%20COVID%20Trabalhadoras%20do%20lar.pdf\" target=\"_blank\" rel=\"noopener noreferrer\"><strong>AQUI<\/strong><\/a><br \/>.<\/div><\/td>\n<\/tr>\n<tr valign=\"top\">\n<td width=\"840\"><span class=\"collapseomatic noarrow\" id=\"id69effa51e096c\"  tabindex=\"0\" title=\"30. OIT. &lt;strong&gt;Pontos de verifica\u00e7\u00e3o ergon\u00f4mica: solu\u00e7\u00f5es pr\u00e1ticas e de f\u00e1cil aplica\u00e7\u00e3o para melhorar a seguran\u00e7a, a sa\u00fade e as condi\u00e7\u00f5es de trabalho&lt;\/strong&gt;. S\u00e3o Paulo, Fundacentro, 2\u00baed 2018. ISBN: 978-85-9298-404-5 \"    >30. OIT. <strong>Pontos de verifica\u00e7\u00e3o ergon\u00f4mica: solu\u00e7\u00f5es pr\u00e1ticas e de f\u00e1cil aplica\u00e7\u00e3o para melhorar a seguran\u00e7a, a sa\u00fade e as condi\u00e7\u00f5es de trabalho<\/strong>. S\u00e3o Paulo, Fundacentro, 2\u00baed 2018. ISBN: 978-85-9298-404-5 <\/span><div id=\"target-id69effa51e096c\" class=\"collapseomatic_content \">\n<p><strong>Descri\u00e7\u00e3o do Livro<\/strong>: Este livro \u00e9 uma vers\u00e3o revisada e ampliada de Pontos de verifica\u00e7\u00e3o ergon\u00f4mica (primeira edi\u00e7\u00e3o) e foi compilado em conjunto com a International Ergonomics Association (IEA) e o International Labour Office (ILO) para apresentar melhorias pr\u00e1ticas no local de trabalho de um ponto de vista ergon\u00f4mico. O manual apresenta 132 interven\u00e7\u00f5es ergon\u00f4micas que buscam atingir efeitos positivos sem a necessidade de grandes custos ou de solu\u00e7\u00f5es muito sofisticadas. A \u00eanfase est\u00e1 nas solu\u00e7\u00f5es realistas, que podem ser aplicadas de forma flex\u00edvel e contribuir para a melhoria das condi\u00e7\u00f5es de trabalho e produtividade. As diversas experi\u00eancias relatadas por profissionais na aplica\u00e7\u00e3o da primeira edi\u00e7\u00e3o do livro Pontos de verifica\u00e7\u00e3o ergon\u00f4mica (segunda edi\u00e7\u00e3o) s\u00e3o refletidas em ilustra\u00e7\u00f5es e textos revisados e nos pontos de verifica\u00e7\u00e3o adicionais. A colabora\u00e7\u00e3o estreita entre a International Ergonomics Association e o International Labour Office se provou \u00fatil na elabora\u00e7\u00e3o da segunda edi\u00e7\u00e3o atualizada e na satisfa\u00e7\u00e3o das necessidades mais urgentes do gerenciamento de riscos relacionados com ergonomia no local de trabalho<\/p>\n<p>Acesse o documento clicando <a title=\"Pontos de verifica\u00e7\u00e3o ergon\u00f4mica: solu\u00e7\u00f5es pr\u00e1ticas e de f\u00e1cil aplica\u00e7\u00e3o para melhorar a seguran\u00e7a, a sa\u00fade e as condi\u00e7\u00f5es de trabalho\" href=\"https:\/\/wp.ufpel.edu.br\/labserg\/files\/2022\/05\/l_oit_2018_-_pontos_de_verificacao_ergonomica.pdf\" target=\"_blank\" rel=\"noopener noreferrer\"><strong>AQUI<\/strong><\/a><br \/>.<\/div><\/td>\n<\/tr>\n<tr valign=\"top\">\n<td width=\"840\"><span class=\"collapseomatic noarrow\" id=\"id69effa51e09b8\"  tabindex=\"0\" title=\"31. PAIVA, M.G.J.; LIMA, M.M.F.; PINHEIRO, V.F.; TEIXEIRA, F.J.S.. &lt;strong&gt;Capitalismo, Trabalho e Pol\u00edtica Social - Vol. 2&lt;\/strong&gt;. S\u00e3o Paulo, Edgar Bl\u00fccher,  2017. ISBN: 978-85-8039-187-9 DOI: https:\/\/doi.org\/10.5151\/9788580391879 \"    >31. PAIVA, M.G.J.; LIMA, M.M.F.; PINHEIRO, V.F.; TEIXEIRA, F.J.S.. <strong>Capitalismo, Trabalho e Pol\u00edtica Social - Vol. 2<\/strong>. S\u00e3o Paulo, Edgar Bl\u00fccher,  2017. ISBN: 978-85-8039-187-9 DOI: https:\/\/doi.org\/10.5151\/9788580391879 <\/span><div id=\"target-id69effa51e09b8\" class=\"collapseomatic_content \">\n<p><strong>Descri\u00e7\u00e3o do Livro<\/strong>: Qual \u00e9 o lugar do trabalho nesse novo est\u00e1gio de desenvolvimento do capitalismo? Ainda \u00e9 poss\u00edvel apostar nas pol\u00edticas p\u00fablicas do Estado? Noutras palavras, o Estado, como o fez no passado, teria poder suficiente para assegurar uma pol\u00edtica de trabalho de pleno emprego? Ningu\u00e9m melhor do que Celso Furtado para responder a essas quest\u00f5es. Otimista por natureza, como o foi, quem sabe se ele n\u00e3o pode trazer alguma esperan\u00e7a para desfazer o pessimismo que carregam as ideias at\u00e9 aqui desenvolvidas. Quem conhece sua obra sabe que, para ele, o desenvolvimento e o subdesenvolvimento s\u00e3o dimens\u00f5es de um mesmo processo hist\u00f3rico. Eis a raz\u00e3o porque, segundo assim pensava, a divis\u00e3o internacional do trabalho tenderia a aprofundar ainda mais a dist\u00e2ncia entre o centro e a periferia do sistema. Consequentemente, sua conclus\u00e3o n\u00e3o poderia ser outra: as for\u00e7as de mercado n\u00e3o seriam suficientes para superar tal estado de coisas. Da\u00ed a sua aposta na constru\u00e7\u00e3o de um projeto pol\u00edtico que deveria ser orientado por duas ideias-for\u00e7a: (1) deslocar o eixo da l\u00f3gica da acumula\u00e7\u00e3o do lucro pelo lucro para uma l\u00f3gica dos fins em fun\u00e7\u00e3o do bem-estar social e (2) incentivar a coopera\u00e7\u00e3o e solidariedade entre os pa\u00edses do centro e da periferia.<\/p>\n<p>Acesse o documento clicando <a title=\"Capitalismo, Trabalho e Pol\u00edtica Social - Vol. 2\" href=\"https:\/\/openaccess.blucher.com.br\/download-pdf\/323\" target=\"_blank\" rel=\"noopener noreferrer\"><strong>AQUI<\/strong><\/a><br \/>.<\/div><\/td>\n<\/tr>\n<tr valign=\"top\">\n<td width=\"840\"><span class=\"collapseomatic noarrow\" id=\"id69effa51e0a03\"  tabindex=\"0\" title=\"32. PASCHOARELLI, L.C., MENEZES, M.S. (Org.). &lt;strong&gt;Design e ergonomia: aspectos tecnol\u00f3gicos&lt;\/strong&gt;. S\u00e3o Paulo, Cultura Acad\u00eamica,  2009. ISBN: 978-85-7983-001-3 \"    >32. PASCHOARELLI, L.C., MENEZES, M.S. (Org.). <strong>Design e ergonomia: aspectos tecnol\u00f3gicos<\/strong>. S\u00e3o Paulo, Cultura Acad\u00eamica,  2009. ISBN: 978-85-7983-001-3 <\/span><div id=\"target-id69effa51e0a03\" class=\"collapseomatic_content \">\n<p><strong>Descri\u00e7\u00e3o do Livro<\/strong>: Nesta colet\u00e2nea, dividida em doze cap\u00edtulos, s\u00e3o apresentadas diferentes quest\u00f5es, m\u00e9todos de abordagem e expressivas demandas para a aplica\u00e7\u00e3o da ergonomia no design. O primeiro cap\u00edtulo apresenta os problemas de usabilidade e acessibilidade enfrentados por indiv\u00edduos obesos quando eles necessitam de aux\u00edlio m\u00e9dico hospitalar, uma vez que mobili\u00e1rios e equipamentos s\u00e3o oferecidos para o denominado \u201chomem m\u00e9dio\u201d, o que exclui as pessoas com sobrepeso ou obesas. <\/p>\n<p>Acesse o documento clicando <a title=\"Design e ergonomia: aspectos tecnol\u00f3gicos\" href=\"https:\/\/wp.ufpel.edu.br\/labserg\/files\/2022\/05\/l_paschoarelli_menezes_org_2009_-_design_e_ergonomia_-_aspectos_tecnologicos.pdf\" target=\"_blank\" rel=\"noopener noreferrer\"><strong>AQUI<\/strong><\/a><br \/>.<\/div><\/td>\n<\/tr>\n<tr valign=\"top\">\n<td width=\"840\"><span class=\"collapseomatic noarrow\" id=\"id69effa51e0a62\"  tabindex=\"0\" title=\"33. PEYON, E.R.. &lt;strong&gt;Sobre o Trabalhar Contempor\u00e2neo: Di\u00e1logos entre a Psican\u00e1lise e a Psicodin\u00e2mica do Trabalho&lt;\/strong&gt;. S\u00e3o Paulo, Edgar Bl\u00fccher,  2018. ISBN: 978-85-8039-355-2 DOI: https:\/\/doi.org\/10.5151\/9788580393552 \"    >33. PEYON, E.R.. <strong>Sobre o Trabalhar Contempor\u00e2neo: Di\u00e1logos entre a Psican\u00e1lise e a Psicodin\u00e2mica do Trabalho<\/strong>. S\u00e3o Paulo, Edgar Bl\u00fccher,  2018. ISBN: 978-85-8039-355-2 DOI: https:\/\/doi.org\/10.5151\/9788580393552 <\/span><div id=\"target-id69effa51e0a62\" class=\"collapseomatic_content \">\n<p><strong>Descri\u00e7\u00e3o do Livro<\/strong>: Este livro \u00e9 um desdobramentoda Tese de Doutorado em Psican\u00e1lise, Sa\u00fade e Sociedade intitulada Agir Expressivo, T\u00e9cnica e Constru\u00e7\u00e3o deSentido no Mundo Corporativo, defendida em Fevereiro de 2018 naUniversidade Veiga de Almeida, Rio de Janeiro. Em rela\u00e7\u00e3o ao texto da Tese,foram feitos pequenos ajustes, predominantemente formais, e foi exclu\u00edda aparte da Tese relativa \u00e0 pesquisa de campo sobre o trabalhar dos docentes emuma Universidade Corporativa. Entendemos que a pesquisa te\u00f3rica da Tese, escritacomo ensaio, se presta bem \u00e0 publica\u00e7\u00e3o em formato de livro. O cap\u00edtulo da Tese que descreveu a pesquisa de campo e os resultados desta, al\u00e9m de extenso devido ao grande volume de cita\u00e7\u00f5es de trechos das falas dos entrevistados, adentra umcampo muito espec\u00edfico, mais adequado ao formato de artigo cient\u00edfico. O texto,portanto, sofreu pequenos ajustes na conclus\u00e3o, a qual retoma os pontos maisgerais das considera\u00e7\u00f5es finais da Tese, para as quais relevaram os achados dapesquisa de campo, mas que foi acrescida aqui de alguns desdobramentos de nossareflex\u00e3o sobre o trabalhar contempor\u00e2neo. \u00c0queles que tiverem interesse naquest\u00e3o do trabalhar como docente, e especificamente na atividade de doc\u00eanciaem ambientes corporativos, sugerimos, por hora, a leitura do cap\u00edtulo da Teseno qual apresentamos a pesquisa de campo.<\/p>\n<p>Acesse o documento clicando <a title=\"Sobre o Trabalhar Contempor\u00e2neo: Di\u00e1logos entre a Psican\u00e1lise e a Psicodin\u00e2mica do Trabalho\" href=\"https:\/\/openaccess.blucher.com.br\/download-pdf\/419\" target=\"_blank\" rel=\"noopener noreferrer\"><strong>AQUI<\/strong><\/a><br \/>.<\/div><\/td>\n<\/tr>\n<tr valign=\"top\">\n<td width=\"840\"><span class=\"collapseomatic noarrow\" id=\"id69effa51e0aaf\"  tabindex=\"0\" title=\"34. POMPERMAIER, J.P.L.; NUNES, F.B.. &lt;strong&gt;Temas Emergentes em Arquitetura e Engenharias no Contexto Hospitalar&lt;\/strong&gt;. Santa Maria, RS, Arco Editores,  2025. ISBN: 978-65-5417-541-8 DOI: https:\/\/doi.org\/10.48209\/978-65-5417-541-8 \"    >34. POMPERMAIER, J.P.L.; NUNES, F.B.. <strong>Temas Emergentes em Arquitetura e Engenharias no Contexto Hospitalar<\/strong>. Santa Maria, RS, Arco Editores,  2025. ISBN: 978-65-5417-541-8 DOI: https:\/\/doi.org\/10.48209\/978-65-5417-541-8 <\/span><div id=\"target-id69effa51e0aaf\" class=\"collapseomatic_content \">\n<p><strong>Descri\u00e7\u00e3o do Livro<\/strong>: O livro re\u00fane cap\u00edtulos escritos por pesquisadores que apresentam reflex\u00f5es importantes sobre o futuro da arquitetura para sa\u00fade. Vivemos tempos que exigem mais do espa\u00e7o de sa\u00fade: resili\u00eancia, humanidade e tecnologia caminham juntas. A obra re\u00fane olhares cr\u00edticos e pr\u00e1ticos sobre como arquitetos, engenheiros e gestores podem transformar hospitais em verdadeiros ecossistemas de cuidado, capazes de antecipar riscos, acolher pessoas e preservar profissionais.<\/p>\n<p>Acesse o documento clicando <a title=\"Temas Emergentes em Arquitetura e Engenharias no Contexto Hospitalar\" href=\"https:\/\/96abf9fb-a2b4-4f23-8e8b-68d6bbf54168.usrfiles.com\/ugd\/96abf9_1a9ef078bdad4087a0dc6d6b7d7851d9.pdf\" target=\"_blank\" rel=\"noopener noreferrer\"><strong>AQUI<\/strong><\/a><br \/>.<\/div><\/td>\n<\/tr>\n<tr valign=\"top\">\n<td width=\"840\"><span class=\"collapseomatic noarrow\" id=\"id69effa51e0afa\"  tabindex=\"0\" title=\"35. POREPP, E.D; MELO J\u00daNIOR, S.V.; SILVA, M.A.G.; RODRIGUEZ, A.M.; FRANZ, L.A.S.; BEMVENUTI, R.H.. &lt;strong&gt;Manual de Treinamentos de Sa\u00fade e Seguran\u00e7a do Trabalhador&lt;\/strong&gt;. Rio Grande, Produ\u00e7\u00e3o Independente, 1\u00b0ed 2022. ISBN: 978-65-0051-914-3 \"    >35. POREPP, E.D; MELO J\u00daNIOR, S.V.; SILVA, M.A.G.; RODRIGUEZ, A.M.; FRANZ, L.A.S.; BEMVENUTI, R.H.. <strong>Manual de Treinamentos de Sa\u00fade e Seguran\u00e7a do Trabalhador<\/strong>. Rio Grande, Produ\u00e7\u00e3o Independente, 1\u00b0ed 2022. ISBN: 978-65-0051-914-3 <\/span><div id=\"target-id69effa51e0afa\" class=\"collapseomatic_content \">\n<p><strong>Descri\u00e7\u00e3o do Livro<\/strong>: <\/p>\n<p>Acesse o documento clicando <a title=\"Manual de Treinamentos de Sa\u00fade e Seguran\u00e7a do Trabalhador\" href=\"https:\/\/wp.ufpel.edu.br\/labserg\/files\/2022\/09\/l_porepp_et_al_2022_-_manual_de_treinamento_de_sau\u00b4de_e_seguranc\u00b8a_do_trabalhador.pdf\" target=\"_blank\" rel=\"noopener noreferrer\"><strong>AQUI<\/strong><\/a><br \/>.<\/div><\/td>\n<\/tr>\n<tr valign=\"top\">\n<td width=\"840\"><span class=\"collapseomatic noarrow\" id=\"id69effa51e0b46\"  tabindex=\"0\" title=\"36. RAMAZZINI, B.. &lt;strong&gt;As doen\u00e7as dos trabalhadores&lt;\/strong&gt;. S\u00e3o Paulo, Fundacentro, 4\u00baed 2016. ISBN: 978-85-9811-782-9 \"    >36. RAMAZZINI, B.. <strong>As doen\u00e7as dos trabalhadores<\/strong>. S\u00e3o Paulo, Fundacentro, 4\u00baed 2016. ISBN: 978-85-9811-782-9 <\/span><div id=\"target-id69effa51e0b46\" class=\"collapseomatic_content \">\n<p><strong>Descri\u00e7\u00e3o do Livro<\/strong>: Considerado um cl\u00e1ssico e refer\u00eancia em seguran\u00e7a e sa\u00fade do trabalho, a obra \u201cAs Doen\u00e7as dos Trabalhadores\u201d, de Bernardino Ramazzini, ganha vers\u00e3o eletr\u00f4nica para download. A obra, impressa e editada pela Fundacentro em 2000, \u00e9 considerada uma obra-prima da literatura t\u00e9cnica voltada para a Medicina do Trabalho e Sa\u00fade dos Trabalhadores. Em sua quarta edi\u00e7\u00e3o, a id\u00e9ia de transformar o que antes estava somente na vers\u00e3o impressa, \u00e9 disponibilizar a obra para o maior n\u00famero poss\u00edvel de usu\u00e1rios e interessados no tema.<\/p>\n<p>Acesse o documento clicando <a title=\"As doen\u00e7as dos trabalhadores\" href=\"http:\/\/arquivosbiblioteca.fundacentro.gov.br\/exlibris\/aleph\/a23_1\/apache_media\/NJNU36RTVPGAG9G14KLPT79L1E6R5U.pdf\" target=\"_blank\" rel=\"noopener noreferrer\"><strong>AQUI<\/strong><\/a><br \/>.<\/div><\/td>\n<\/tr>\n<tr valign=\"top\">\n<td width=\"840\"><span class=\"collapseomatic noarrow\" id=\"id69effa51e0b8f\"  tabindex=\"0\" title=\"37. ROCHA, R. (Org.). &lt;strong&gt;Trabalho ilustrado : uma cr\u00edtica bem-humorada \u00e0s empresas contempor\u00e2neas e ao mundo do trabalho&lt;\/strong&gt;. Belo Horizonte, Ramalhete, 1\u00b0ed 2022. ISBN: 978-65-8895-969-5 \"    >37. ROCHA, R. (Org.). <strong>Trabalho ilustrado : uma cr\u00edtica bem-humorada \u00e0s empresas contempor\u00e2neas e ao mundo do trabalho<\/strong>. Belo Horizonte, Ramalhete, 1\u00b0ed 2022. ISBN: 978-65-8895-969-5 <\/span><div id=\"target-id69effa51e0b8f\" class=\"collapseomatic_content \">\n<p><strong>Descri\u00e7\u00e3o do Livro<\/strong>: Dividido em 15 cap\u00edtulos, o livro mergulha nas \u00e1guas profundas do trabalho humano e traz \u00e0 cena situa\u00e7\u00f5es caricatas e quase teatrais, mas espantosamente reais e cotidianas. O projeto do livro, organizado por Raoni Rocha e ilustrado por Thomas Dorigoni, foi iniciado em 2016 e contou a com participa\u00e7\u00e3o \u00e0 \u00e9poca de alunos do curso de Engenharia de Sa\u00fade e Seguran\u00e7a da UNIFEI. Em seguida, 22 autores colaboraram, escrevendo textos sobre os mais diversos temas relacionados ao trabalho, que divertidamente dialogam com as ilustra\u00e7\u00f5es.<\/p>\n<p>Acesse o documento clicando <a title=\"Trabalho ilustrado : uma cr\u00edtica bem-humorada \u00e0s empresas contempor\u00e2neas e ao mundo do trabalho\" href=\"https:\/\/ergonomiadaatividadecom.files.wordpress.com\/2022\/08\/2-miolo.pdf\" target=\"_blank\" rel=\"noopener noreferrer\"><strong>AQUI<\/strong><\/a><br \/>.<\/div><\/td>\n<\/tr>\n<tr valign=\"top\">\n<td width=\"840\"><span class=\"collapseomatic noarrow\" id=\"id69effa51e0bda\"  tabindex=\"0\" title=\"38. ROCHA, R.; BA\u00da, L.M. (Orgs.). &lt;strong&gt;Dicion\u00e1rio de ergonomia e fatores humanos:  o contexto brasileiro em 110 verbetes&lt;\/strong&gt;. Rio de Janeiro, Abergo, 1\u00b0ed 2023. ISBN: 978-65-9814-931-4 \"    >38. ROCHA, R.; BA\u00da, L.M. (Orgs.). <strong>Dicion\u00e1rio de ergonomia e fatores humanos:  o contexto brasileiro em 110 verbetes<\/strong>. Rio de Janeiro, Abergo, 1\u00b0ed 2023. ISBN: 978-65-9814-931-4 <\/span><div id=\"target-id69effa51e0bda\" class=\"collapseomatic_content \">\n<p><strong>Descri\u00e7\u00e3o do Livro<\/strong>: Reunindo 130 autores, a obra traz \u00e0 baila temas fundamentais da forma com a qual a disciplina se desenvolveu em nosso pa\u00eds, buscando sempre responder \u00e0 seguinte pergunta de fundo: O que \u00e9 e do que \u00e9 composta a ergonomia brasileira? Indo de Acessibilidade \u00e0 Variabilidade, de Alain Wisner \u00e0 Norma Regulamentadora 17, ou de Tarefa \u00e0 Atividade, o livro traz conceitos, personalidades, lugares, pr\u00e1ticas profissionais e institui\u00e7\u00f5es que marcam a constitui\u00e7\u00e3o da ergonomia\/ fatores humanos enquanto disciplina e profiss\u00e3o no Brasil. Os textos curtos, ou verbetes, foram constru\u00eddos buscando trazer a ess\u00eancia de cada tema, s\u00e3o exclusivos para este Dicion\u00e1rio, foram elaborados por alguns dos maiores nomes na \u00e1rea da Ergonomia no Brasil, sejam eles acad\u00eamicos ou profissionais, e sistematicamente revisados por pares, para garantir a qualidade do conte\u00fado. Como resultado, temos uma obra capaz de se tornar uma importante refer\u00eancia para consulta e constru\u00e7\u00e3o do conhecimento aos interessados na \u00e1rea. Este livro, assim, destina-se a estudantes, acad\u00eamicos e profissionais que buscam as melhores bases e defini\u00e7\u00f5es do conte\u00fado que envolve ergonomia e fatores humanos no Brasil.<\/p>\n<p>Acesse o documento clicando <a title=\"Dicion\u00e1rio de ergonomia e fatores humanos:  o contexto brasileiro em 110 verbetes\" href=\"https:\/\/www.abergo.org.br\/_files\/ugd\/18ffee_f0a65026b42e43a7a9bbbec568043a40.pdf\" target=\"_blank\" rel=\"noopener noreferrer\"><strong>AQUI<\/strong><\/a><br \/>.<\/div><\/td>\n<\/tr>\n<tr valign=\"top\">\n<td width=\"840\"><span class=\"collapseomatic noarrow\" id=\"id69effa51e0c24\"  tabindex=\"0\" title=\"39. SILVA, G.D.A.; COSTA FILHO, L.. &lt;strong&gt;Ergonomia e tecnologia (em foco): fronteiras do design - Vol. 1&lt;\/strong&gt;. S\u00e3o Paulo, Edgar Bl\u00fccher, 1\u00b0ed 2020. ISBN: 978-65-5550-045-5 \"    >39. SILVA, G.D.A.; COSTA FILHO, L.. <strong>Ergonomia e tecnologia (em foco): fronteiras do design - Vol. 1<\/strong>. S\u00e3o Paulo, Edgar Bl\u00fccher, 1\u00b0ed 2020. ISBN: 978-65-5550-045-5 <\/span><div id=\"target-id69effa51e0c24\" class=\"collapseomatic_content \">\n<p><strong>Descri\u00e7\u00e3o do Livro<\/strong>: Desde 1972 a \u00e1rea de Design est\u00e1 presente na Universidade Federal de Pernambuco. No entanto, o Departamento de Design [dDESIGN] foi criado apenas em 1997, sendo o seu grupo de professores oriundos dos departamentos de Desenho e de Teoria da Arte e Express\u00e3o Art\u00edstica do Centro de Artes e Comunica\u00e7\u00e3o. Tais departamentos foram, no passado, respons\u00e1veis pelos cursos de Desenho Industrial e suas habilita\u00e7\u00f5es em Programa\u00e7\u00e3o Visual e Projeto do Produto. Atendendo \u00e0 imensa demanda e, enfim, reunindo condi\u00e7\u00f5es de maturidade do corpo docente, produ\u00e7\u00e3o acad\u00eamica e infraestrutura, foi criado em 2004 o Programa de P\u00f3sgradua\u00e7\u00e3o em Design da UFPE [PPGDesign UFPE] com o curso de Mestrado Acad\u00eamico em Design stricto sensu, o terceiro no Brasil. Junto \u00e0s especializa\u00e7\u00f5es lato sensu em Design da Informa\u00e7\u00e3o e em Ergonomia, o Mestrado Acad\u00eamico em Design da UFPE passou a formar pesquisadores capacitados \u00e0 doc\u00eancia nas institui\u00e7\u00f5es de ensino superior que \u00e0 \u00e9poca surgiam no Norte e Nordeste do pa\u00eds. J\u00e1 o curso de Doutorado, foi criado em 2010 como decorr\u00eancia natural da qualidade do curso de Mestrado e da expans\u00e3o das atividades de pesquisa potencializadas pelo programa no dDesign.<\/p>\n<p>Acesse o documento clicando <a title=\"Ergonomia e tecnologia (em foco): fronteiras do design - Vol. 1\" href=\"https:\/\/wp.ufpel.edu.br\/labserg\/files\/2022\/05\/l_silva_costa_filho_2021_-_ergonomia_e_tecnologia_vol1.pdf\" target=\"_blank\" rel=\"noopener noreferrer\"><strong>AQUI<\/strong><\/a><br \/>.<\/div><\/td>\n<\/tr>\n<tr valign=\"top\">\n<td width=\"840\"><span class=\"collapseomatic noarrow\" id=\"id69effa51e0c86\"  tabindex=\"0\" title=\"40. SILVA, G.D.A.; COSTA FILHO, L.. &lt;strong&gt;Ergonomia e tecnologia (em foco): fronteiras do design - Vol. 2&lt;\/strong&gt;. S\u00e3o Paulo, Edgar Bl\u00fccher, 1\u00baed 2021. ISBN: 978-65-5550-112-4 DOI: https:\/\/doi.org\/10.5151\/9786555501124 \"    >40. SILVA, G.D.A.; COSTA FILHO, L.. <strong>Ergonomia e tecnologia (em foco): fronteiras do design - Vol. 2<\/strong>. S\u00e3o Paulo, Edgar Bl\u00fccher, 1\u00baed 2021. ISBN: 978-65-5550-112-4 DOI: https:\/\/doi.org\/10.5151\/9786555501124 <\/span><div id=\"target-id69effa51e0c86\" class=\"collapseomatic_content \">\n<p><strong>Descri\u00e7\u00e3o do Livro<\/strong>: No final de 2020, em meio \u00e0s restri\u00e7\u00f5es de trabalho e conv\u00edvio social impostas pela pandemia do novo Coronav\u00edrus (SARS-CoV-2), identificado inicialmente no Brasil em fevereiro e no nordeste do pa\u00eds em mar\u00e7o do mesmo ano, o Programa de P\u00f3s-Gradua\u00e7\u00e3o em Design da UFPE publicou a primeira S\u00e9rie do Fronteiras do Design, um conjunto de quatro livros correspondentes \u00e0s Linhas de Pesquisa do Programa. Naquele momento, com n\u00fameros alarmantes de contaminados e utilizando o ambiente virtual como a principal forma de comunica\u00e7\u00e3o e produ\u00e7\u00e3o de conhecimento, o desejo de realizar a publica\u00e7\u00e3o marcou os nossos esfor\u00e7os de articula\u00e7\u00e3o entre os docentes, discentes e egressos. A publica\u00e7\u00e3o da Segunda S\u00e9rie do Fronteiras do Design que acontece em sequ\u00eancia, tendo tamb\u00e9m sido planejada conjuntamente, reflete um novo panorama nacional em meio \u00e0 pandemia. Paralelamente aos n\u00fameros bem mais baixos de contaminados e mortos, \u00e0s vacinas mais dispon\u00edveis, mas ainda convivendo com restri\u00e7\u00f5es parciais de conv\u00edvio social e de trabalho, resta evidente as consequ\u00eancias desse per\u00edodo de crise para a pesquisa cient\u00edfica. Com a impossibilidade de realiza\u00e7\u00e3o de elabora\u00e7\u00f5es que envolvessem estudos presenciais de campo, foi necess\u00e1rio reestruturar projetos e alargar prazos para exames de qualifica\u00e7\u00e3o e defesas. Professores orientadores e mestrandos\/ doutorandos foram impelidos a repensar pesquisas e pr\u00e1ticas, lan\u00e7ar m\u00e3o de outras perspectivas de abordagem e adequar os desenhos dos projetos. Ainda assim, o PPGDesign, num esfor\u00e7o coletivo, envolvendo docentes, discentes e corpo t\u00e9cnico, tem a imensa satisfa\u00e7\u00e3o de apresentar \u00e0 comunidade acad\u00eamica esta segunda s\u00e9rie de livros.<\/p>\n<p>Acesse o documento clicando <a title=\"Ergonomia e tecnologia (em foco): fronteiras do design - Vol. 2\" href=\"https:\/\/wp.ufpel.edu.br\/labserg\/files\/2022\/05\/l_silva_costa_filho_2021_-_ergonomia_e_tecnologia_vol2.pdf\" target=\"_blank\" rel=\"noopener noreferrer\"><strong>AQUI<\/strong><\/a><br \/>.<\/div><\/td>\n<\/tr>\n<tr valign=\"top\">\n<td width=\"840\"><span class=\"collapseomatic noarrow\" id=\"id69effa51e0cd3\"  tabindex=\"0\" title=\"41. SILVA, J.C.P.; PASCHOARELLI, L.C. (Org.). &lt;strong&gt;A evolu\u00e7\u00e3o hist\u00f3rica da ergonomia no mundo e seus pioneiros&lt;\/strong&gt;. Bauru, UNESP\/Cultura Acad\u00eamica,  2010. ISBN: 978-85-7983-120-1 DOI: https:\/\/doi.org\/10.7476\/9788579831201 \"    >41. SILVA, J.C.P.; PASCHOARELLI, L.C. (Org.). <strong>A evolu\u00e7\u00e3o hist\u00f3rica da ergonomia no mundo e seus pioneiros<\/strong>. Bauru, UNESP\/Cultura Acad\u00eamica,  2010. ISBN: 978-85-7983-120-1 DOI: https:\/\/doi.org\/10.7476\/9788579831201 <\/span><div id=\"target-id69effa51e0cd3\" class=\"collapseomatic_content \">\n<p><strong>Descri\u00e7\u00e3o do Livro<\/strong>: Os conceitos e aplica\u00e7\u00f5es da ergonomia est\u00e3o em constante discuss\u00e3o no \u00e2mbito acad\u00eamico, caracterizando um corpus de conhecimento de grande expressividade para a pr\u00f3pria ci\u00eancia ergon\u00f4mica e demais \u00e1reas tecnol\u00f3gicas correlatas, a saber: engenharias, design, arquitetura, e outras. Entre as demandas para ampliar as an\u00e1lises em torno dessa disciplina apresenta-se sua evolu\u00e7\u00e3o hist\u00f3rica, a qual est\u00e1 completa de controv\u00e9rsias e discuss\u00f5es. De fato, h\u00e1 ainda uma grande dificuldade em relatar suas etapas hist\u00f3ricas dentro do \u00e2mbito geogr\u00e1fico e a participa\u00e7\u00e3o de seus precursores nessas fases. Assim, o prop\u00f3sito dessa colet\u00e2nea foi o de reunir os estudos realizados pelos alunos da linha de pesquisa ergonomia, associados ao Laborat\u00f3rio de Ergonomia e Interfaces &#8211; LEI, no Programa de P\u00f3s-gradua\u00e7\u00e3o em Design &#8211; PPGDesign, da Faculdade de Arquitetura, Artes e Comunica\u00e7\u00e3o da Universidade Estadual Paulista, e apresentar subs\u00eddios para amplia\u00e7\u00e3o da discuss\u00e3o e reflex\u00e3o evolutiva da ergonomia. Os primeiros cap\u00edtulos relatam os precursores da ergonomia, com destaque para Leonardo da Vinci e seus estudos na \u00e1rea da anatomia; B\u00e9lidor, Patissier e suas contribui\u00e7\u00f5es para a organiza\u00e7\u00e3o do trabalho; o Taylorismo e os aspectos da organiza\u00e7\u00e3o cient\u00edfica do trabalho, bem como a contribui\u00e7\u00e3o de Jules Amar nesse \u00e2mbito. Os demais cap\u00edtulos abordam a origem e evolu\u00e7\u00e3o da ergonomia na Europa, na R\u00fassia (ex URSS), Estados Unidos da Am\u00e9rica, Am\u00e9rica Latina e Brasil, com \u00eanfase a cria\u00e7\u00e3o de laborat\u00f3rios e associa\u00e7\u00f5es n\u00e3o governamentais. De modo geral, os estudos ora apresentados preenchem lacunas ainda existentes dentro da ergonomia e procuram estabelecer um elo de liga\u00e7\u00e3o para a continuidade futura das pesquisas na \u00e1rea.<\/p>\n<p>Acesse o documento clicando <a title=\"A evolu\u00e7\u00e3o hist\u00f3rica da ergonomia no mundo e seus pioneiros\" href=\"https:\/\/static.scielo.org\/scielobooks\/b5b72\/pdf\/silva-9788579831201.pdf\" target=\"_blank\" rel=\"noopener noreferrer\"><strong>AQUI<\/strong><\/a><br \/>.<\/div><\/td>\n<\/tr>\n<tr valign=\"top\">\n<td width=\"840\"><span class=\"collapseomatic noarrow\" id=\"id69effa51e0d20\"  tabindex=\"0\" title=\"42. ST-VINCENT, M.; V\u00c9ZINA, N.; BELLEMARE, M.; DENIS, D.; LEDOUX, E.; IMBEAU, D.; GEMMA, S.; BRAATZ, D.; ROCHA, R.. &lt;strong&gt;Interven\u00e7\u00e3o em ergonomia&lt;\/strong&gt;. S\u00e3o Paulo, Edgar Bl\u00fccher,  2025. ISBN: 978-65-5550-374-6 DOI: https:\/\/doi.org\/10.5151\/9786555503746 \"    >42. ST-VINCENT, M.; V\u00c9ZINA, N.; BELLEMARE, M.; DENIS, D.; LEDOUX, E.; IMBEAU, D.; GEMMA, S.; BRAATZ, D.; ROCHA, R.. <strong>Interven\u00e7\u00e3o em ergonomia<\/strong>. S\u00e3o Paulo, Edgar Bl\u00fccher,  2025. ISBN: 978-65-5550-374-6 DOI: https:\/\/doi.org\/10.5151\/9786555503746 <\/span><div id=\"target-id69effa51e0d20\" class=\"collapseomatic_content \">\n<p><strong>Descri\u00e7\u00e3o do Livro<\/strong>: Intervir em Ergonomia \u00e9 o objetivo deste livro. Ele vai orient\u00e1-lo a acompanhar os atores de uma empresa em um processo de melhoria do trabalho, visando preservar a sa\u00fade das pessoas ao mesmo tempo que otimiza a produ\u00e7\u00e3o. A obra apresenta uma vis\u00e3o moderna da interven\u00e7\u00e3o ergon\u00f4mica. Prop\u00f5e, inicialmente, um modelo da pessoa em atividade, assim como um modelo de interven\u00e7\u00e3o, e explica, de maneira clara, os grandes conceitos subjacentes \u00e0 interven\u00e7\u00e3o ergon\u00f4mica. A seguir, s\u00e3o descritas as grandes etapas a serem realizadas, desde a an\u00e1lise da demanda at\u00e9 o acompanhamento das transforma\u00e7\u00f5es. O livro inclui uma reflex\u00e3o sobre a pr\u00e1tica e oferece aos leitores ferramentas concretas. A Interven\u00e7\u00e3o em Ergonomia \u00e9 o reflexo da pr\u00e1tica de pesquisadores e profissionais de Quebec e da experi\u00eancia de quase 30 anos de pesquisa-a\u00e7\u00e3o, cujo desenvolvimento foi grandemente favorecido pelo apoio do Instituto de Pesquisa Robert-Sauv\u00e9 em Sa\u00fade e Seguran\u00e7a do Trabalho (IRSST). Inspirado no discurso dos profissionais, o livro destina-se principalmente a professores e estudantes de Ergonomia para apoiar a sua forma\u00e7\u00e3o em interven\u00e7\u00e3o ergon\u00f4mica. A Interven\u00e7\u00e3o em Ergonomia interessa tamb\u00e9m a todos os ergonomistas, novatos ou experientes, bem como aos diversos profissionais envolvidos na sa\u00fade e seguran\u00e7a do trabalho. Sua leitura ser\u00e1 tamb\u00e9m \u00fatil a todos aqueles que pretendam compreender melhor o que \u00e9 uma interven\u00e7\u00e3o ergon\u00f4mica, sejam eles atores do ambiente de trabalho, sejam profissionais das disciplinas afins que t\u00eam de interagir com ergonomistas.<\/p>\n<p>Acesse o documento clicando <a title=\"Interven\u00e7\u00e3o em ergonomia\" href=\"https:\/\/openaccess.blucher.com.br\/download-pdf\/367\" target=\"_blank\" rel=\"noopener noreferrer\"><strong>AQUI<\/strong><\/a><br \/>.<\/div><\/td>\n<\/tr>\n<tr valign=\"top\">\n<td width=\"840\"><span class=\"collapseomatic noarrow\" id=\"id69effa51e0d6b\"  tabindex=\"0\" title=\"43. SZNELWAR, L.I.. &lt;strong&gt;Quando trabalhar \u00e9 ser protagonista e o protagonismo do trabalho&lt;\/strong&gt;. S\u00e3o Paulo, Edgar Bl\u00fccher, 1\u00b0ed 2015. ISBN: 978-85-8039-095-7 \"    >43. SZNELWAR, L.I.. <strong>Quando trabalhar \u00e9 ser protagonista e o protagonismo do trabalho<\/strong>. S\u00e3o Paulo, Edgar Bl\u00fccher, 1\u00b0ed 2015. ISBN: 978-85-8039-095-7 <\/span><div id=\"target-id69effa51e0d6b\" class=\"collapseomatic_content \">\n<p><strong>Descri\u00e7\u00e3o do Livro<\/strong>: Este livro discute sobre a import\u00e2ncia para os sujeitos oriunda do seu trabalho e ado seu trabalho para a produ\u00e7\u00e3o e para a sociedade. Partindo dos pressupostosda ergonomia da atividade e da psicodin\u00e2mica do trabalho, o conceito deprotagonista \u00e9 proposto como parte do di\u00e1logo hist\u00f3rico entre essas disciplinase do debate com outras \u00e1reas do conhecimento, principalmente aquelas que tratamdo projeto e da gest\u00e3o da produ\u00e7\u00e3o e do trabalho.  Apoiado em resultados de estudos e pesquisasdesenvolvidas nos \u00faltimos 30 anos, o tema central desta tese \u00e9 abordado ediscutido \u00e0 luz das disciplinas citadas visando n\u00e3o apenas trazer umacontribui\u00e7\u00e3o para o conhecimentos nos campos direta e indiretamente envolvidoscom o tema, mas de trazer reflex\u00f5es sobre a possibilidade de se construir a\u00e7\u00f5estransformadoras que favore\u00e7am a constru\u00e7\u00e3o da sa\u00fade e a realiza\u00e7\u00e3o de si. Agirno mundo visando a emancipa\u00e7\u00e3o dos sujeitos e o desenvolvimento da cultura \u00e9 umdos grandes desafios que se colocam.<\/p>\n<p>Acesse o documento clicando <a title=\"Quando trabalhar \u00e9 ser protagonista e o protagonismo do trabalho\" href=\"https:\/\/www.blucher.com.br\/livro\/download_remote_file\/?path=https:\/\/editor.blucher.com.br\/uploads\/product\/presspdf\/1101.pdf\" target=\"_blank\" rel=\"noopener noreferrer\"><strong>AQUI<\/strong><\/a><br \/>.<\/div><\/td>\n<\/tr>\n<p><!-- fim da lista de livros open access--><br \/>\n<\/tbody>\n<\/table>\n<\/div>\n<div class=\"bodytext_right\"><a href=\"#livros_tecnicos\"> &lt; <\/a> . . <a href=\"#inicio\"> &lt;&lt; <\/a><\/div>\n<p><!-- Fim da se\u00e7\u00e3o livros t\u00e9cnicos de acesso livre --><\/p>\n","protected":false},"excerpt":{"rendered":"<p>ALGUMAS DICAS DE CONTE\u00daDOS Esta p\u00e1gina possui um vi\u00e9s prioritariamente pessoal e informal, ainda que esteja hospedada em um &#8220;sub-espa\u00e7o&#8221; do website do LABSERG. Sua implementa\u00e7\u00e3o surge de um h\u00e1bito que mantenho de compartilhar descobertas, principalmente com os alunos. Antes do in\u00edcio da pandemia que assolou o Brasil a partir de meados de mar\u00e7o de &hellip; <\/p>\n<p><a class=\"more-link btn\" href=\"https:\/\/wp.ufpel.edu.br\/labserg\/proffranz\/\">Continue lendo<\/a><\/p>\n","protected":false},"author":840,"featured_media":0,"parent":0,"menu_order":0,"comment_status":"closed","ping_status":"closed","template":"template-onecolumn.php","meta":{"jetpack_post_was_ever_published":false,"footnotes":""},"class_list":["post-2647","page","type-page","status-publish","hentry","nodate","item-wrap"],"jetpack_sharing_enabled":true,"jetpack_shortlink":"https:\/\/wp.me\/P3ZG28-GH","_links":{"self":[{"href":"https:\/\/wp.ufpel.edu.br\/labserg\/wp-json\/wp\/v2\/pages\/2647","targetHints":{"allow":["GET"]}}],"collection":[{"href":"https:\/\/wp.ufpel.edu.br\/labserg\/wp-json\/wp\/v2\/pages"}],"about":[{"href":"https:\/\/wp.ufpel.edu.br\/labserg\/wp-json\/wp\/v2\/types\/page"}],"author":[{"embeddable":true,"href":"https:\/\/wp.ufpel.edu.br\/labserg\/wp-json\/wp\/v2\/users\/840"}],"replies":[{"embeddable":true,"href":"https:\/\/wp.ufpel.edu.br\/labserg\/wp-json\/wp\/v2\/comments?post=2647"}],"version-history":[{"count":4,"href":"https:\/\/wp.ufpel.edu.br\/labserg\/wp-json\/wp\/v2\/pages\/2647\/revisions"}],"predecessor-version":[{"id":5914,"href":"https:\/\/wp.ufpel.edu.br\/labserg\/wp-json\/wp\/v2\/pages\/2647\/revisions\/5914"}],"wp:attachment":[{"href":"https:\/\/wp.ufpel.edu.br\/labserg\/wp-json\/wp\/v2\/media?parent=2647"}],"curies":[{"name":"wp","href":"https:\/\/api.w.org\/{rel}","templated":true}]}}