{"id":246,"date":"2020-08-03T16:14:12","date_gmt":"2020-08-03T19:14:12","guid":{"rendered":"https:\/\/wp.ufpel.edu.br\/labquimica\/?page_id=246"},"modified":"2020-08-03T16:53:50","modified_gmt":"2020-08-03T19:53:50","slug":"bem-vindo-ao-laboratorio-de-quimica","status":"publish","type":"page","link":"https:\/\/wp.ufpel.edu.br\/labquimica\/bem-vindo-ao-laboratorio-de-quimica\/","title":{"rendered":"Bem- vindo ao Laborat\u00f3rio de Qu\u00edmica"},"content":{"rendered":"<p class=\"has-text-align-left\">Este projeto iniciou em 2019 e segue ativo. Desde ent\u00e3o, j\u00e1 obtivemos\u00a0 resultados relevantes, nossas a\u00e7\u00f5es e produ\u00e7\u00f5es visam sempre supera\u00e7\u00e3o no sentido did\u00e1tico e de dissemina\u00e7\u00e3o de conhecimento confi\u00e1vel e relevante sobre temas de Qu\u00edmica Inorg\u00e2nica.<\/p>\r\n<!-- \/wp:post-content -->\r\n\r\n<!-- wp:paragraph {\"align\":\"left\"} -->\r\n<p class=\"has-text-align-left\">Somos um grupo de graduandos e professores Universidade Federal de Pelotas (UFPel) que atuam na produ\u00e7\u00e3o e divulga\u00e7\u00e3o de materiais did\u00e1ticos fazendo uso de Tecnologias de Informa\u00e7\u00e3o e Comunica\u00e7\u00e3o (TICs).<\/p>\r\n<!-- \/wp:paragraph -->\r\n\r\n<!-- wp:paragraph {\"align\":\"left\"} -->\r\n<p class=\"has-text-align-left\">Sejam bem vindos!<\/p>\r\n<!-- \/wp:paragraph -->\r\n\r\n<!-- wp:paragraph {\"align\":\"left\"} -->\r\n<p class=\"has-text-align-left\">Utilizamos nosso canal do youtube e as redes sociais como ve\u00edculos de dissemina\u00e7\u00e3o de informa\u00e7\u00f5es.<\/p>\r\n<!-- \/wp:paragraph -->\r\n\r\n<!-- wp:paragraph -->\r\n<p>&nbsp;<\/p>\r\n<!-- \/wp:paragraph -->\r\n\r\n<!-- wp:buttons -->\r\n<div class=\"wp-block-buttons\"><!-- wp:button {\"borderRadius\":50,\"style\":{\"color\":{\"background\":\"#3b5998\"}},\"textColor\":\"white\"} -->\r\n<div class=\"wp-block-button\"><a class=\"wp-block-button__link has-white-color has-text-color has-background\" style=\"border-radius: 50px;background-color: #3b5998\" href=\"https:\/\/www.facebook.com\/quimicalaboratorio\" target=\"_blank\" rel=\"https:\/\/www.facebook.com\/quimicalaboratorio noopener noreferrer\">Facebook<\/a><\/div>\r\n<!-- \/wp:button -->\r\n\r\n<!-- wp:button {\"style\":{\"color\":{\"background\":\"#c4302b\"}},\"textColor\":\"white\"} -->\r\n<div class=\"wp-block-button\"><a class=\"wp-block-button__link has-white-color has-text-color has-background\" style=\"background-color: #c4302b\" href=\"https:\/\/www.youtube.com\/channel\/UCDDETZgG5DQS8x4IuJpWWnA\" target=\"_blank\" rel=\"https:\/\/www.youtube.com\/channel\/UCDDETZgG5DQS8x4IuJpWWnA noopener noreferrer\">Youtube<\/a><\/div>\r\n<!-- \/wp:button --><\/div>\r\n<!-- \/wp:buttons -->\r\n\r\n<!-- wp:paragraph {\"align\":\"left\"} -->\r\n<p class=\"has-text-align-left\">Curta e inscreva-se para receber informa\u00e7\u00f5es e participe deixando seu recado.<\/p>\r\n<p>&nbsp;<\/p>\r\n<!-- \/wp:paragraph -->\r\n\r\n<!-- wp:paragraph -->\r\n<p class=\"has-text-align-left\">Logotipo utilizado at\u00e9 2019<\/p>\r\n<!-- \/wp:paragraph -->\r\n\r\n<!-- wp:image {\"id\":168,\"sizeSlug\":\"large\"} -->\r\n<figure class=\"wp-block-image size-large\"><img width=\"229\" height=\"206\" class=\"wp-image-168\" src=\"https:\/\/wp.ufpel.edu.br\/labquimica\/files\/2020\/07\/logolabquiantigo.jpg?w=229\" alt=\"\" \/><\/figure>\r\n<!-- \/wp:image -->\r\n\r\n<!-- wp:paragraph \/-->\r\n\r\n<!-- wp:paragraph {\"align\":\"left\"} -->\r\n<p class=\"has-text-align-left\">Logotipo atualizado<\/p>\r\n<p><img class=\"wp-image-169 alignleft\" src=\"https:\/\/wp.ufpel.edu.br\/labquimica\/files\/2020\/07\/logoalpha.png?w=1024\" alt=\"\" width=\"254\" height=\"170\" srcset=\"https:\/\/wp.ufpel.edu.br\/labquimica\/files\/2020\/07\/logoalpha.png 1092w, https:\/\/wp.ufpel.edu.br\/labquimica\/files\/2020\/07\/logoalpha-400x268.png 400w, https:\/\/wp.ufpel.edu.br\/labquimica\/files\/2020\/07\/logoalpha-1024x686.png 1024w, https:\/\/wp.ufpel.edu.br\/labquimica\/files\/2020\/07\/logoalpha-768x515.png 768w\" sizes=\"(max-width: 254px) 100vw, 254px\" \/><\/p>\r\n<p>&nbsp;<\/p>\r\n<p>&nbsp;<\/p>\r\n<p>&nbsp;<\/p>\r\n<p>&nbsp;<\/p>\r\n<p>&nbsp;<\/p>\r\n<p>\u00a0<img class=\"wp-image-252 alignleft\" src=\"https:\/\/wp.ufpel.edu.br\/labquimica\/files\/2020\/08\/LogoBranco-1-400x274.png\" alt=\"\" width=\"251\" height=\"172\" srcset=\"https:\/\/wp.ufpel.edu.br\/labquimica\/files\/2020\/08\/LogoBranco-1-400x274.png 400w, https:\/\/wp.ufpel.edu.br\/labquimica\/files\/2020\/08\/LogoBranco-1.png 684w\" sizes=\"(max-width: 251px) 100vw, 251px\" \/><\/p>\r\n<p>&nbsp;<\/p>\r\n<p>&nbsp;<\/p>\r\n<p>&nbsp;<\/p>\r\n<p>&nbsp;<\/p>\r\n<p>&nbsp;<\/p>","protected":false},"excerpt":{"rendered":"<p>Este projeto iniciou em 2019 e segue ativo. Desde ent\u00e3o, j\u00e1 obtivemos\u00a0 resultados relevantes, nossas a\u00e7\u00f5es e produ\u00e7\u00f5es visam sempre supera\u00e7\u00e3o no sentido did\u00e1tico e de dissemina\u00e7\u00e3o de conhecimento confi\u00e1vel e relevante sobre temas de Qu\u00edmica Inorg\u00e2nica. Somos um grupo de graduandos e professores Universidade Federal de Pelotas (UFPel) que atuam na produ\u00e7\u00e3o e divulga\u00e7\u00e3o [&hellip;]<\/p>\n","protected":false},"author":1043,"featured_media":0,"parent":0,"menu_order":0,"comment_status":"closed","ping_status":"closed","template":"","meta":{"footnotes":""},"class_list":["post-246","page","type-page","status-publish","hentry"],"_links":{"self":[{"href":"https:\/\/wp.ufpel.edu.br\/labquimica\/wp-json\/wp\/v2\/pages\/246","targetHints":{"allow":["GET"]}}],"collection":[{"href":"https:\/\/wp.ufpel.edu.br\/labquimica\/wp-json\/wp\/v2\/pages"}],"about":[{"href":"https:\/\/wp.ufpel.edu.br\/labquimica\/wp-json\/wp\/v2\/types\/page"}],"author":[{"embeddable":true,"href":"https:\/\/wp.ufpel.edu.br\/labquimica\/wp-json\/wp\/v2\/users\/1043"}],"replies":[{"embeddable":true,"href":"https:\/\/wp.ufpel.edu.br\/labquimica\/wp-json\/wp\/v2\/comments?post=246"}],"version-history":[{"count":7,"href":"https:\/\/wp.ufpel.edu.br\/labquimica\/wp-json\/wp\/v2\/pages\/246\/revisions"}],"predecessor-version":[{"id":257,"href":"https:\/\/wp.ufpel.edu.br\/labquimica\/wp-json\/wp\/v2\/pages\/246\/revisions\/257"}],"wp:attachment":[{"href":"https:\/\/wp.ufpel.edu.br\/labquimica\/wp-json\/wp\/v2\/media?parent=246"}],"curies":[{"name":"wp","href":"https:\/\/api.w.org\/{rel}","templated":true}]}}