{"id":125,"date":"2019-11-25T09:36:07","date_gmt":"2019-11-25T12:36:07","guid":{"rendered":"https:\/\/wp.ufpel.edu.br\/labpve\/?page_id=125"},"modified":"2022-06-30T17:53:04","modified_gmt":"2022-06-30T20:53:04","slug":"home","status":"publish","type":"page","link":"https:\/\/wp.ufpel.edu.br\/labpve\/","title":{"rendered":"Home"},"content":{"rendered":"<div><\/div>\n<div>&nbsp;<\/div>\n<p><!--StartFragment--><\/p>\n\n\n<p class=\"has-drop-cap\" style=\"font-size:18px\">O Laborat\u00f3rio  Acad\u00eamico de Produ\u00e7\u00e3o de V\u00eddeo  Estudantil (<strong>LabPVE<\/strong>) tem como miss\u00e3o estimular pesquisadores e professores da Educa\u00e7\u00e3o B\u00e1sica na Produ\u00e7\u00e3o de V\u00eddeo Estudantil (<strong>PVE<\/strong>). <\/p>\n\n\n\n<div class=\"wp-block-columns has-2-columns is-layout-flex wp-container-core-columns-is-layout-9d6595d7 wp-block-columns-is-layout-flex\">\n<div class=\"wp-block-column is-layout-flow wp-block-column-is-layout-flow\">\n<div class=\"wp-block-image\"><figure class=\"aligncenter is-resized\"><a href=\"https:\/\/wp.ufpel.edu.br\/cineclube\/\" target=\"_blank\" rel=\"noreferrer noopener\"><img loading=\"lazy\" decoding=\"async\" src=\"https:\/\/wp.ufpel.edu.br\/labpve\/files\/2019\/11\/CINECLUBE.png\" alt=\"Cineclube Estudantil \" class=\"wp-image-140\" width=\"202\" height=\"202\" srcset=\"https:\/\/wp.ufpel.edu.br\/labpve\/files\/2019\/11\/CINECLUBE.png 300w, https:\/\/wp.ufpel.edu.br\/labpve\/files\/2019\/11\/CINECLUBE-200x200.png 200w, https:\/\/wp.ufpel.edu.br\/labpve\/files\/2019\/11\/CINECLUBE-280x280.png 280w, https:\/\/wp.ufpel.edu.br\/labpve\/files\/2019\/11\/CINECLUBE-100x100.png 100w\" sizes=\"auto, (max-width: 202px) 100vw, 202px\" \/><\/a><figcaption><strong><a rel=\"noreferrer noopener\" aria-label=\" Cineclube Estudantil (abre numa nova aba)\" href=\"https:\/\/wp.ufpel.edu.br\/cineclube\/\" target=\"_blank\"> Cineclube Estudantil<\/a><\/strong> \u2013 S\u00e3o mais de 100 v\u00eddeos produzidos por alunos e profes da Educa\u00e7\u00e3o B\u00e1sica (Fundamental, M\u00e9dio e EJA).  <br>  <\/figcaption><\/figure><\/div>\n\n\n\n<div class=\"wp-block-image\"><figure class=\"aligncenter size-large is-resized\"><a href=\"https:\/\/www.youtube.com\/user\/producaovideoescolar\/videos\" target=\"_blank\" rel=\"noreferrer noopener\"><img loading=\"lazy\" decoding=\"async\" src=\"https:\/\/wp.ufpel.edu.br\/labpve\/files\/2019\/12\/logo_yt-1.png\" alt=\"\" class=\"wp-image-261\" width=\"202\" height=\"202\" srcset=\"https:\/\/wp.ufpel.edu.br\/labpve\/files\/2019\/12\/logo_yt-1.png 400w, https:\/\/wp.ufpel.edu.br\/labpve\/files\/2019\/12\/logo_yt-1-200x200.png 200w, https:\/\/wp.ufpel.edu.br\/labpve\/files\/2019\/12\/logo_yt-1-280x280.png 280w, https:\/\/wp.ufpel.edu.br\/labpve\/files\/2019\/12\/logo_yt-1-100x100.png 100w\" sizes=\"auto, (max-width: 202px) 100vw, 202px\" \/><\/a><figcaption> <a rel=\"noreferrer noopener\" href=\"https:\/\/www.youtube.com\/user\/producaovideoescolar\/videos\" target=\"_blank\"> <strong>Canal do YouTube<\/strong> <\/a> \u2013 Este canal tem videoaulas e webs\u00e9ries que visam estimular professores e alunos a produzirem v\u00eddeo.  <\/figcaption><\/figure><\/div>\n\n\n\n<div class=\"wp-block-image\"><figure class=\"aligncenter is-resized\"><a href=\"https:\/\/wp.ufpel.edu.br\/producaodevideo\/\" target=\"_blank\" rel=\"noreferrer noopener\"><img loading=\"lazy\" decoding=\"async\" src=\"https:\/\/wp.ufpel.edu.br\/labpve\/files\/2019\/11\/PVE.png\" alt=\"\" class=\"wp-image-171\" width=\"206\" height=\"206\" srcset=\"https:\/\/wp.ufpel.edu.br\/labpve\/files\/2019\/11\/PVE.png 300w, https:\/\/wp.ufpel.edu.br\/labpve\/files\/2019\/11\/PVE-200x200.png 200w, https:\/\/wp.ufpel.edu.br\/labpve\/files\/2019\/11\/PVE-280x280.png 280w, https:\/\/wp.ufpel.edu.br\/labpve\/files\/2019\/11\/PVE-100x100.png 100w\" sizes=\"auto, (max-width: 206px) 100vw, 206px\" \/><\/a><figcaption><a rel=\"noreferrer noopener\" href=\"https:\/\/wp.ufpel.edu.br\/producaodevideo\/\" target=\"_blank\">Produ\u00e7\u00e3o de V\u00eddeo Estudantil <\/a>  \u2013 Exibe informa\u00e7\u00f5es sobre Produ\u00e7\u00e3o de V\u00eddeo Estudantil. <br><\/figcaption><\/figure><\/div>\n\n\n\n<div class=\"wp-block-image\"><figure class=\"aligncenter size-large is-resized\"><img loading=\"lazy\" decoding=\"async\" src=\"https:\/\/wp.ufpel.edu.br\/labpve\/files\/2019\/12\/logo_cursosonline.png\" alt=\"\" class=\"wp-image-262\" width=\"202\" height=\"202\" srcset=\"https:\/\/wp.ufpel.edu.br\/labpve\/files\/2019\/12\/logo_cursosonline.png 400w, https:\/\/wp.ufpel.edu.br\/labpve\/files\/2019\/12\/logo_cursosonline-200x200.png 200w, https:\/\/wp.ufpel.edu.br\/labpve\/files\/2019\/12\/logo_cursosonline-280x280.png 280w, https:\/\/wp.ufpel.edu.br\/labpve\/files\/2019\/12\/logo_cursosonline-100x100.png 100w\" sizes=\"auto, (max-width: 202px) 100vw, 202px\" \/><figcaption><a href=\"https:\/\/wp.ufpel.edu.br\/cursosdevideo\"> Cursos <\/a><a rel=\"noreferrer noopener\" aria-label=\"Sobre Produ\u00e7\u00e3o de V\u00eddeo Estudantil  (abre numa nova aba)\" href=\"https:\/\/wp.ufpel.edu.br\/cursosdevideo\" target=\"_blank\">sobre Produ\u00e7\u00e3o de V\u00eddeo Estudantil <\/a>  \u2013  Sem custo para professores da Educa\u00e7\u00e3o B\u00e1sica.  <\/figcaption><\/figure><\/div>\n\n\n\n<div class=\"wp-block-image\"><figure class=\"aligncenter size-full is-resized\"><img loading=\"lazy\" decoding=\"async\" src=\"https:\/\/wp.ufpel.edu.br\/labpve\/files\/2022\/06\/labpve-cortes.jpeg\" alt=\"LabPVE - Cortes\" class=\"wp-image-361\" width=\"233\" height=\"233\" srcset=\"https:\/\/wp.ufpel.edu.br\/labpve\/files\/2022\/06\/labpve-cortes.jpeg 281w, https:\/\/wp.ufpel.edu.br\/labpve\/files\/2022\/06\/labpve-cortes-200x200.jpeg 200w, https:\/\/wp.ufpel.edu.br\/labpve\/files\/2022\/06\/labpve-cortes-100x100.jpeg 100w\" sizes=\"auto, (max-width: 233px) 100vw, 233px\" \/><figcaption><strong><a rel=\"noreferrer noopener\" href=\"https:\/\/www.youtube.com\/channel\/UC2Jesg9djxLn75P_5cUCTrA\" data-type=\"URL\" data-id=\"https:\/\/www.youtube.com\/channel\/UC2Jesg9djxLn75P_5cUCTrA\" target=\"_blank\">Cortes LabPVE<\/a><\/strong> <br>Canal onde exibimos cortes de lives e filmes sobre como fazer v\u00eddeo dentro do espa\u00e7o escolar. <\/figcaption><\/figure><\/div>\n\n\n\n<p> <\/p>\n\n\n\n<div class=\"wp-block-image\"><figure class=\"aligncenter size-large is-resized\"><a href=\"https:\/\/wp.ufpel.edu.br\/producaodevideo\/apps-ufpel-2\/\" target=\"_blank\" rel=\"noreferrer noopener\"><img loading=\"lazy\" decoding=\"async\" src=\"https:\/\/wp.ufpel.edu.br\/labpve\/files\/2020\/01\/apps.png\" alt=\"\" class=\"wp-image-315\" width=\"202\" height=\"202\" srcset=\"https:\/\/wp.ufpel.edu.br\/labpve\/files\/2020\/01\/apps.png 400w, https:\/\/wp.ufpel.edu.br\/labpve\/files\/2020\/01\/apps-200x200.png 200w, https:\/\/wp.ufpel.edu.br\/labpve\/files\/2020\/01\/apps-280x280.png 280w, https:\/\/wp.ufpel.edu.br\/labpve\/files\/2020\/01\/apps-100x100.png 100w\" sizes=\"auto, (max-width: 202px) 100vw, 202px\" \/><\/a><\/figure><\/div>\n<\/div>\n\n\n\n<div class=\"wp-block-column is-layout-flow wp-block-column-is-layout-flow\">\n<div class=\"wp-block-image\"><figure class=\"aligncenter size-large is-resized\"><a href=\"https:\/\/wp.ufpel.edu.br\/cbpve\/\" target=\"_blank\" rel=\"noreferrer noopener\"><img loading=\"lazy\" decoding=\"async\" src=\"https:\/\/wp.ufpel.edu.br\/labpve\/files\/2019\/12\/logo_cbpve.png\" alt=\"\" class=\"wp-image-279\" width=\"202\" height=\"202\" srcset=\"https:\/\/wp.ufpel.edu.br\/labpve\/files\/2019\/12\/logo_cbpve.png 400w, https:\/\/wp.ufpel.edu.br\/labpve\/files\/2019\/12\/logo_cbpve-200x200.png 200w, https:\/\/wp.ufpel.edu.br\/labpve\/files\/2019\/12\/logo_cbpve-280x280.png 280w, https:\/\/wp.ufpel.edu.br\/labpve\/files\/2019\/12\/logo_cbpve-100x100.png 100w\" sizes=\"auto, (max-width: 202px) 100vw, 202px\" \/><\/a><figcaption> <a rel=\"noreferrer noopener\" aria-label=\" (abre numa nova aba)\" href=\"https:\/\/wp.ufpel.edu.br\/cbpve\/\" target=\"_blank\"> <strong>Congresso Brasileiro de Produ\u00e7\u00e3o de V\u00eddeo Estudantil<\/strong><\/a> \u2013 Debate com pesquisadores e professores da Educa\u00e7\u00e3o b\u00e1sica. <\/figcaption><\/figure><\/div>\n\n\n\n<div class=\"wp-block-image\"><figure class=\"aligncenter is-resized\"><a href=\"https:\/\/wp.ufpel.edu.br\/roquettepinto\/\" target=\"_blank\" rel=\"noreferrer noopener\"><img loading=\"lazy\" decoding=\"async\" src=\"https:\/\/wp.ufpel.edu.br\/labpve\/files\/2019\/11\/ROQUETTE-1.png\" alt=\"\" class=\"wp-image-143\" width=\"202\" height=\"202\" srcset=\"https:\/\/wp.ufpel.edu.br\/labpve\/files\/2019\/11\/ROQUETTE-1.png 300w, https:\/\/wp.ufpel.edu.br\/labpve\/files\/2019\/11\/ROQUETTE-1-200x200.png 200w, https:\/\/wp.ufpel.edu.br\/labpve\/files\/2019\/11\/ROQUETTE-1-280x280.png 280w, https:\/\/wp.ufpel.edu.br\/labpve\/files\/2019\/11\/ROQUETTE-1-100x100.png 100w\" sizes=\"auto, (max-width: 202px) 100vw, 202px\" \/><\/a><figcaption><a rel=\"noreferrer noopener\" aria-label=\"Revista Roquette Pinto (abre numa nova aba)\" href=\"https:\/\/wp.ufpel.edu.br\/roquettepinto\/\" target=\"_blank\">Revista Roquette-Pinto<\/a>  \u2013  A Revista do V\u00eddeo Estudantil possui relatos e artigos de professores da Educa\u00e7\u00e3o B\u00e1sica e pesquisadores. <\/figcaption><\/figure><\/div>\n\n\n\n<div class=\"wp-block-image\"><figure class=\"aligncenter size-large is-resized\"><a href=\"https:\/\/wp.ufpel.edu.br\/gp2ve\/\" target=\"_blank\" rel=\"noreferrer noopener\"><img loading=\"lazy\" decoding=\"async\" src=\"https:\/\/wp.ufpel.edu.br\/labpve\/files\/2019\/12\/logo_grupodepesquisa.png\" alt=\"\" class=\"wp-image-282\" width=\"202\" height=\"202\" srcset=\"https:\/\/wp.ufpel.edu.br\/labpve\/files\/2019\/12\/logo_grupodepesquisa.png 400w, https:\/\/wp.ufpel.edu.br\/labpve\/files\/2019\/12\/logo_grupodepesquisa-200x200.png 200w, https:\/\/wp.ufpel.edu.br\/labpve\/files\/2019\/12\/logo_grupodepesquisa-280x280.png 280w, https:\/\/wp.ufpel.edu.br\/labpve\/files\/2019\/12\/logo_grupodepesquisa-100x100.png 100w\" sizes=\"auto, (max-width: 202px) 100vw, 202px\" \/><\/a><figcaption> <a rel=\"noreferrer noopener\" href=\"https:\/\/wp.ufpel.edu.br\/gp2ve\/\" target=\"_blank\">Grupo de Pesquisa<\/a>  \u2013  Debate a\u00e7\u00f5es acad\u00eamicas e pedag\u00f3gicas sobre PVE. <\/figcaption><\/figure><\/div>\n\n\n\n<div class=\"wp-block-image\"><figure class=\"aligncenter size-large is-resized\"><a href=\"https:\/\/wp.ufpel.edu.br\/filmes\/\" target=\"_blank\" rel=\"noreferrer noopener\"><img loading=\"lazy\" decoding=\"async\" src=\"https:\/\/wp.ufpel.edu.br\/labpve\/files\/2019\/12\/log_filmes.png\" alt=\"\" class=\"wp-image-263\" width=\"190\" height=\"190\" srcset=\"https:\/\/wp.ufpel.edu.br\/labpve\/files\/2019\/12\/log_filmes.png 400w, https:\/\/wp.ufpel.edu.br\/labpve\/files\/2019\/12\/log_filmes-200x200.png 200w, https:\/\/wp.ufpel.edu.br\/labpve\/files\/2019\/12\/log_filmes-280x280.png 280w, https:\/\/wp.ufpel.edu.br\/labpve\/files\/2019\/12\/log_filmes-100x100.png 100w\" sizes=\"auto, (max-width: 190px) 100vw, 190px\" \/><\/a><figcaption><br> <a rel=\"noreferrer noopener\" aria-label=\" (abre numa nova aba)\" href=\"https:\/\/wp.ufpel.edu.br\/filmes\/\" target=\"_blank\">Filmes <\/a> <br>Para estimular professores e alunos a produzirem v\u00eddeo.  <\/figcaption><\/figure><\/div>\n\n\n\n<p><!--EndFragment--><\/p>\n\n\n\n<div class=\"wp-block-image\"><figure class=\"aligncenter size-large is-resized\"><img loading=\"lazy\" decoding=\"async\" src=\"https:\/\/wp.ufpel.edu.br\/labpve\/files\/2020\/03\/REDESSOCIAIS.png\" alt=\"\" class=\"wp-image-323\" width=\"205\" height=\"205\" srcset=\"https:\/\/wp.ufpel.edu.br\/labpve\/files\/2020\/03\/REDESSOCIAIS.png 500w, https:\/\/wp.ufpel.edu.br\/labpve\/files\/2020\/03\/REDESSOCIAIS-400x400.png 400w, https:\/\/wp.ufpel.edu.br\/labpve\/files\/2020\/03\/REDESSOCIAIS-200x200.png 200w, https:\/\/wp.ufpel.edu.br\/labpve\/files\/2020\/03\/REDESSOCIAIS-280x280.png 280w, https:\/\/wp.ufpel.edu.br\/labpve\/files\/2020\/03\/REDESSOCIAIS-100x100.png 100w\" sizes=\"auto, (max-width: 205px) 100vw, 205px\" \/><figcaption><a href=\"https:\/\/wp.ufpel.edu.br\/producaodevideo\/redes-sociais\/\" target=\"_blank\" rel=\"noreferrer noopener\" aria-label=\" (abre numa nova aba)\">Redes Sociais<\/a> <\/figcaption><\/figure><\/div>\n<\/div>\n<\/div>\n\n\n\n<p>O LabPVE &#8211; Laborat\u00f3rio Acad\u00eamico de Produ\u00e7\u00e3o de V\u00eddeo Estudantil, promove pesquisas e pr\u00e1ticas sobre:<\/p>\n\n\n\n<ul class=\"wp-block-list\"><li>BNCC ;<\/li><li>Neuroci\u00eancia;<\/li><li>Semi\u00f3tica; <\/li><li>Metodologias Ativas;<\/li><li>Estilos de Aprendizagem;<\/li><li>Letramento Digital;<\/li><li>A Produ\u00e7\u00e3o de V\u00eddeo Estudantil como processo Educacional; <\/li><\/ul>\n\n\n\n<p>A academia redescobrindo a Produ\u00e7\u00e3o de V\u00eddeo Estudantil como Processo Educacional.<\/p>\n","protected":false},"excerpt":{"rendered":"<p>&nbsp; O Laborat\u00f3rio Acad\u00eamico de Produ\u00e7\u00e3o de V\u00eddeo Estudantil (LabPVE) tem como miss\u00e3o estimular pesquisadores e professores da Educa\u00e7\u00e3o B\u00e1sica na Produ\u00e7\u00e3o de V\u00eddeo Estudantil (PVE). O&hellip; <span class=\"read-more\"><a class=\"more-link\" href=\"https:\/\/wp.ufpel.edu.br\/labpve\/\" rel=\"bookmark\">Leia Mais <span class=\"screen-reader-text\">&#8220;Home&#8221;<\/span><\/a><\/span><\/p>\n","protected":false},"author":667,"featured_media":0,"parent":0,"menu_order":0,"comment_status":"closed","ping_status":"closed","template":"","meta":{"footnotes":""},"class_list":["post-125","page","type-page","status-publish","hentry"],"jetpack_sharing_enabled":true,"_links":{"self":[{"href":"https:\/\/wp.ufpel.edu.br\/labpve\/wp-json\/wp\/v2\/pages\/125","targetHints":{"allow":["GET"]}}],"collection":[{"href":"https:\/\/wp.ufpel.edu.br\/labpve\/wp-json\/wp\/v2\/pages"}],"about":[{"href":"https:\/\/wp.ufpel.edu.br\/labpve\/wp-json\/wp\/v2\/types\/page"}],"author":[{"embeddable":true,"href":"https:\/\/wp.ufpel.edu.br\/labpve\/wp-json\/wp\/v2\/users\/667"}],"replies":[{"embeddable":true,"href":"https:\/\/wp.ufpel.edu.br\/labpve\/wp-json\/wp\/v2\/comments?post=125"}],"version-history":[{"count":141,"href":"https:\/\/wp.ufpel.edu.br\/labpve\/wp-json\/wp\/v2\/pages\/125\/revisions"}],"predecessor-version":[{"id":362,"href":"https:\/\/wp.ufpel.edu.br\/labpve\/wp-json\/wp\/v2\/pages\/125\/revisions\/362"}],"wp:attachment":[{"href":"https:\/\/wp.ufpel.edu.br\/labpve\/wp-json\/wp\/v2\/media?parent=125"}],"curies":[{"name":"wp","href":"https:\/\/api.w.org\/{rel}","templated":true}]}}