{"id":964,"date":"2018-06-27T11:09:35","date_gmt":"2018-06-27T14:09:35","guid":{"rendered":"https:\/\/wp.ufpel.edu.br\/laboratorioelo\/?page_id=964"},"modified":"2019-12-11T09:48:15","modified_gmt":"2019-12-11T12:48:15","slug":"premiacoes","status":"publish","type":"page","link":"https:\/\/wp.ufpel.edu.br\/laboratorioelo\/premiacoes\/","title":{"rendered":"Premia\u00e7\u00f5es em Eventos"},"content":{"rendered":"<p style=\"text-align: center\"><span style=\"font-size: 24pt\"><strong><span style=\"color: #000000\">2019<\/span><\/strong><\/span><\/p>\n<ul>\n<li><span style=\"font-size: 18pt\"><strong><span style=\"color: #ffcc00\">Thalena Evangelista Santos<\/span><\/strong><\/span><\/li>\n<\/ul>\n<p style=\"text-align: justify\"><strong><span style=\"color: #000000\">orientado por Mirian Rose Brum-de-Paula<\/span><\/strong><\/p>\n<p style=\"text-align: justify\"><strong><span style=\"color: #000000\">Pr\u00eamio Destaque de Sala -modalidad<\/span><span style=\"color: #000000\">e oral- no <\/span><\/strong><span style=\"color: #000000\"><strong>V Encontro Human\u00edstico Multidisciplinar\/Congresso Latino-americano de Estudos Human\u00edsticos Multidisciplinares.<\/strong><\/span><\/p>\n<p style=\"text-align: justify\"><span style=\"color: #000000\">Trabalho: &#8220;SENEGALESES NO BRASIL: ASPECTOS CULTURAIS, <\/span><span style=\"color: #000000\">SOCIOECON\u00d4MICOS E LINGU\u00cdSTICOS&#8221;<\/span><\/p>\n<ul>\n<li><span style=\"font-size: 18pt\"><strong><span style=\"color: #ffcc00\">Bruna Teixeira Correa<\/span><\/strong><\/span><\/li>\n<\/ul>\n<p style=\"text-align: justify\"><strong><span style=\"color: #000000\">orientado por Giovana Ferreira-Gon\u00e7alves<\/span><\/strong><\/p>\n<p style=\"text-align: justify\"><strong><span style=\"color: #000000\">Pr\u00eamio Destaque de Sala -modalidad<\/span><span style=\"color: #000000\">e oral- no XXI Encontro de P\u00f3s-Gradua\u00e7\u00e3o da Universidade Federal da Pelotas<\/span><\/strong><\/p>\n<p style=\"text-align: justify\"><span style=\"color: #000000\">Trabalho: &#8220;VOGAIS NASAIS DA L\u00cdNGUA FRANCESA: UM ESTUDO AC\u00daSTICO-ARTICULAT\u00d3RIO COM BASE EM DADOS DE APRENDIZES BRASILEIRAS&#8221;<\/span><\/p>\n<p style=\"text-align: center\"><strong style=\"font-size: 24pt;text-align: center\"><span style=\"color: #000000\">2018<\/span><\/strong><\/p>\n<ul>\n<li><span style=\"color: #ffcc00\"><strong><span style=\"font-size: 18pt\">La\u00eds Silva Garcia<\/span><\/strong><\/span><\/li>\n<\/ul>\n<p><strong><span style=\"color: #000000\">orientado por Giovana Ferreira-Gon\u00e7alves<\/span><\/strong><\/p>\n<p><strong><span style=\"color: #000000\">Pr\u00eamio de 1\u00b0 lugar -modalidad<\/span><span style=\"color: #000000\">e oral- no <\/span><span style=\"color: #000000\">Sal\u00e3o Universit\u00e1rio da UCPel (XXVII Congresso de Inicia\u00e7\u00e3o Cient\u00edfica)<\/span><\/strong><\/p>\n<p>Trabalho: &#8220;AQUISI\u00c7\u00c3O DA CONSOANTE LATERAL \/l\/ DO ESPANHOL: ULTRASSONOGRAFIA COMO FERRAMENTA DE INSTRU\u00c7\u00c3O EXPL\u00cdCITA&#8221;<\/p>\n<ul>\n<li><span style=\"color: #ffcc00\"><strong><span style=\"font-size: 18pt\">La\u00eds Silva Garcia<\/span><\/strong><\/span><\/li>\n<\/ul>\n<p><strong><span style=\"color: #000000\">orientado por Giovana Ferreira-Gon\u00e7alves<\/span><\/strong><\/p>\n<p><strong><span style=\"color: #000000\">Pr\u00eamio de Destaque de Sala -modalidad<\/span><span style=\"color: #000000\">e oral- no <\/span><span style=\"color: #000000\">XXVII Congresso de Inicia\u00e7\u00e3o Cient\u00edfica da Universidade Federal de Pelotas<\/span><\/strong><\/p>\n<p><span style=\"color: #000000\">Trabalho: &#8220;INSTRU\u00c7\u00c3O EXPL\u00cdCITA POR MEIO DA ULTRASSONOGRAFIA: UMA NOVA FERRAMENTA PARA A AQUISI\u00c7\u00c3O DA CONSOANTE LATERAL \/l\/ DO ESPANHOL&#8221;<\/span><\/p>\n<ul>\n<li><span style=\"font-size: 18pt;color: #ffcc00\"><strong>Patr\u00edcia Pereira Melcheque<\/strong><\/span><\/li>\n<\/ul>\n<p><strong><span style=\"color: #000000\">orientado por Giovana Ferreira-Gon\u00e7alves<\/span><\/strong><\/p>\n<p><strong><span style=\"color: #000000\">Pr\u00eamio de 1\u00b0 lugar -modalidade oral- no 19\u00ba Sal\u00e3o de Inicia\u00e7\u00e3o Cient\u00edfica da Pontif\u00edcia Universidade Cat\u00f3lica do Rio Grande do Sul<\/span><\/strong><\/p>\n<p><span style=\"color: #000000\">Trabalho: &#8220;ULTRASSONOGRAFIA APLICADA AO ENSINO DE L\u00cdNGUAS&#8221;<\/span><\/p>\n<ul>\n<li><span style=\"font-size: 18pt;color: #ffcc00\"><strong>Patr\u00edcia Pereira Melcheque<\/strong><\/span><\/li>\n<\/ul>\n<p><strong><span style=\"color: #000000\">orientado por Giovana Ferreira-Gon\u00e7alves<\/span><\/strong><\/p>\n<p><strong><span style=\"color: #000000\">P<\/span><span style=\"color: #000000\">r\u00eamio Destaque de Sala &#8211; <\/span><span style=\"color: #000000\">17\u00aa Mostra da Produ\u00e7\u00e3o Universit\u00e1ria da Universidade Federal do Rio Grande<\/span><\/strong><\/p>\n<p><span style=\"color: #000000\">Trabalho: &#8220;UM ESTUDO AC\u00daSTICO E ARTICULAT\u00d3RIO DE TAPS DO DIALETO PELOTENSE&#8221;<\/span><\/p>\n<ul>\n<li><span style=\"font-size: 18pt;color: #ffcc00\"><strong>Patr\u00edcia Pereira Melcheque<\/strong><\/span><\/li>\n<\/ul>\n<p><strong><span style=\"color: #000000\">orientado por Giovana Ferreira-Gon\u00e7alves<\/span><\/strong><\/p>\n<p><strong><span style=\"color: #000000\">P<\/span><span style=\"color: #000000\">r\u00eamio Jovem Pesquisador &#8211; <\/span><span style=\"color: #000000\">17\u00aa Mostra da Produ\u00e7\u00e3o Universit\u00e1ria da Universidade Federal do Rio Grande<\/span><\/strong><\/p>\n<p><span style=\"color: #000000\">Trabalho: &#8220;UM ESTUDO AC\u00daSTICO E ARTICULAT\u00d3RIO DE TAPS DO DIALETO PELOTENSE&#8221;<\/span><\/p>\n<p style=\"text-align: center\"><span style=\"font-size: 24pt\"><strong><span style=\"color: #000000\">2017<\/span><\/strong><\/span><\/p>\n<ul>\n<li><span style=\"font-size: 18pt;color: #ffcc00\"><strong>Patr\u00edcia Pereira Melcheque<\/strong><\/span><\/li>\n<\/ul>\n<p><strong><span style=\"color: #000000\">orientado por Giovana Ferreira-Gon\u00e7alves<\/span><\/strong><\/p>\n<p><strong><span style=\"color: #000000\">Pr\u00eamio de 1\u00b0 lugar &#8211; modalidade oral- no Sal\u00e3o Universit\u00e1rio da UCPel (XXVI Congresso de Inicia\u00e7\u00e3o Cient\u00edfica)<\/span><\/strong><\/p>\n<p><span style=\"color: #000000\">Trabalho: &#8220;DESCRI\u00c7\u00c3O AC\u00daSTICA E ARTICULAT\u00d3RIA DO TAP: PRODU\u00c7\u00d5ES PELOTENSES&#8221;<\/span><\/p>\n<ul>\n<li><span style=\"color: #ffcc00\"><strong><span style=\"font-size: 18pt\">Thais Telles Barbieri<\/span><\/strong><\/span><\/li>\n<\/ul>\n<p><strong><span style=\"color: #000000\">orientado por Giovana Ferreira-Gon\u00e7alves<\/span><\/strong><\/p>\n<p><strong><span style=\"color: #000000\">Pr\u00eamio de 1\u00b0 lugar no Sal\u00e3o Universit\u00e1rio da UCPel (XXV Congresso de Inicia\u00e7\u00e3o Cient\u00edfica)<\/span><\/strong><\/p>\n<p><span style=\"color: #000000\">Trabalho: &#8220;AQUISI\u00c7\u00c3O DA ESTRUTURA SIL\u00c1BICA CCV: DADOS NATURAIS E EXPERIMENTAIS&#8221;<\/span><\/p>\n<p style=\"text-align: center\"><span style=\"font-size: 24pt\"><strong><span style=\"color: #000000\">2016<\/span><\/strong><\/span><\/p>\n<ul>\n<li><span style=\"font-size: 18pt;color: #ffcc00\"><strong>Aline Rosinski Vieira<\/strong><\/span><\/li>\n<\/ul>\n<p><strong><span style=\"color: #000000\">orientado por Giovana Ferreira-Gon\u00e7alves<\/span><\/strong><\/p>\n<p><strong><span style=\"color: #000000\">Pr\u00eamio de 1\u00b0 lugar &#8211; modalidade oral- no Sal\u00e3o Universit\u00e1rio da UCPel (XXV Congresso de Inicia\u00e7\u00e3o Cient\u00edfica)<\/span><\/strong><\/p>\n<p><span style=\"color: #000000\">Trabalho: &#8220;A REALIZA\u00c7\u00c3O DAS CONSOANTES L\u00cdQUIDAS LATERAIS NA COMUNIDADE DE ARROIO GRANDE: UMA AN\u00c1LISE SOCIOFON\u00c9TICA&#8221;<\/span><\/p>\n<ul>\n<li><span style=\"color: #ffcc00\"><strong><span style=\"font-size: 18pt\">Bruna Teixeira Correa<\/span><\/strong><\/span><\/li>\n<\/ul>\n<p><strong><span style=\"color: #000000\">orientado por Giovana Ferreira-Gon\u00e7alves<\/span><\/strong><\/p>\n<p><strong><span style=\"color: #000000\">Pr\u00eamio de 1\u00b0 lugar -modalidade oral- <\/span><span style=\"color: #000000\">no Sal\u00e3o Universit\u00e1rio da UCPel (XV Mostra de P\u00f3s-gradua\u00e7\u00e3o)<\/span><\/strong><\/p>\n<p><span style=\"color: #000000\">Trabalho: &#8220;AQUISI\u00c7\u00c3O DAS VOGAIS NASAIS FRANCESAS [\u0190]\u0303 E [\u00c3] POR APRENDIZES DE FRANC\u00caS: ASPECTOS AC\u00daSTICOS&#8221;<\/span><\/p>\n<p style=\"text-align: center\"><span style=\"font-size: 24pt\"><strong><span style=\"color: #000000\">2015<\/span><\/strong><\/span><\/p>\n<ul>\n<li><span style=\"color: #ffcc00\"><strong><span style=\"font-size: 18pt\">Thais Telles Barbieri<\/span> <\/strong><\/span><\/li>\n<\/ul>\n<p><strong><span style=\"color: #000000\">orientado por Giovana Ferreira-Gon\u00e7alves<\/span><\/strong><\/p>\n<p><strong><span style=\"color: #000000\">Pr\u00eamio de 1\u00b0 lugar -modalidade oral- no Sal\u00e3o Universit\u00e1rio da UCPel (24\u00ba Congresso de Inicia\u00e7\u00e3o Cient\u00edfica)<\/span><\/strong><\/p>\n<p><span style=\"color: #000000\">Trabalho: &#8220;ALONGAMENTO VOC\u00c1LICO E ASPIRA\u00c7\u00c3O DE OCLUSIVAS NA AQUISI\u00c7\u00c3O DA ESTRUTURA SIL\u00c1BICA CCV&#8221;<\/span><\/p>\n<p>&nbsp;<\/p>\n<p style=\"text-align: center\"><span style=\"font-size: 24pt\"><strong><span style=\"color: #000000\">2014<\/span><\/strong><\/span><\/p>\n<ul>\n<li><span style=\"color: #ffcc00\"><strong><span style=\"font-size: 18pt\">Katiane Teixeira Barcelos Casero<\/span><\/strong><\/span><\/li>\n<\/ul>\n<p><span style=\"color: #000000\"><strong>orientado por Giovana Ferreira-Gon\u00e7alves<\/strong><\/span><\/p>\n<p><span style=\"color: #000000\"><strong>Pr\u00eamio de 2\u00b0 lugar &#8211; modalidade oral &#8211; na \u00e1rea de Lingu\u00edstica, Letras e Artes no XVI ENPOS<\/strong><\/span><\/p>\n<p><span style=\"color: #000000\">Trabalho: &#8220;DESCRI\u00c7\u00c3O AC\u00daSTICO-ARTICULAT\u00d3RIA DA CONSOANTE L\u00cdQUIDA LATERAL PALATAL&#8221;<\/span><\/p>\n<p style=\"text-align: center\"><span style=\"font-size: 24pt\"><strong><span style=\"color: #000000\">2013<\/span><\/strong><\/span><\/p>\n<ul>\n<li><span style=\"color: #000000\"><strong><span style=\"color: #ffcc00;font-size: 18pt\">Felipe Bilharva da Silva<\/span><\/strong><\/span><\/li>\n<\/ul>\n<p><span style=\"color: #000000\"><strong>orientado por Giovana Ferreira-Gon\u00e7alves<\/strong><\/span><\/p>\n<p><span style=\"color: #000000\"><strong>Pr\u00eamio de 1\u00ba lugar &#8211; modalidade oral &#8211; na \u00e1rea de Lingu\u00edstica, Letras e Artes no XV ENPOS<\/strong><\/span><\/p>\n<p><span style=\"color: #000000\">Trabalho: &#8220;OS SEGMENTOS R\u00d3TICOS NA AQUISI\u00c7\u00c3O DA ESCRITA: ORALIDADE, ESCRITA, PERCEP\u00c7\u00c3O&#8221;<\/span><\/p>\n<p style=\"text-align: center\"><span style=\"font-size: 24pt\"><strong><span style=\"color: #000000\">2012<\/span><\/strong><\/span><\/p>\n<ul>\n<li><span style=\"color: #000000\"><strong><span style=\"color: #ffcc00;font-size: 18pt\">Felipe Bilharva da Silva<\/span><br \/>\n<\/strong><\/span><\/li>\n<\/ul>\n<p><span style=\"color: #000000\"><strong>orientado por Giovana Ferreira-Gon\u00e7alves<\/strong><\/span><\/p>\n<p><span style=\"color: #000000\"><strong>Trof\u00e9u Jovem Pesquisador &#8211; 1\u00ba lugar &#8211; modalidade oral &#8211; na \u00e1rea de Lingu\u00edstica, Letras e Artes no\u00a0XXI CIC<\/strong><\/span><\/p>\n<p><span style=\"color: #000000\">Trabalho: &#8220;PRODU\u00c7\u00c3O DOS R\u00d3TICOS NA AQUISI\u00c7\u00c3O DA ESCRITA: INFLU\u00caNCIAS DO HUNSR\u00dcCKISCH&#8221;<\/span><\/p>\n<ul>\n<li><span style=\"color: #000000\"><strong><span style=\"color: #ffcc00;font-size: 18pt\">Giulian da Silva Pinto<\/span><br \/>\n<\/strong><\/span><\/li>\n<\/ul>\n<p><span style=\"color: #000000\"><strong>orientado por Giovana Ferreira-Gon\u00e7alves<\/strong><\/span><\/p>\n<p><span style=\"color: #000000\"><strong>Trof\u00e9u Jovem Pesquisador &#8211; 2\u00ba lugar &#8211; modalidade p\u00f4ster &#8211; na \u00e1rea de Lingu\u00edstica, Letras e Artes no\u00a0XXI CIC<\/strong><\/span><\/p>\n<p><span style=\"color: #000000\">Trabalho: &#8220;A AQUISI\u00c7\u00c3O DA VOGAL FRONTAL ARREDONDADA \/y\/ POR FALANTES NATIVOS DO PORTUGU\u00caS BRASILEIRO&#8221;<\/span><\/p>\n<ul>\n<li><span style=\"color: #000000\"><strong><span style=\"color: #ffcc00;font-size: 18pt\">Katiane Teixeira Barcelos Casero<\/span><br \/>\n<\/strong><\/span><\/li>\n<\/ul>\n<p><span style=\"color: #000000\"><strong>orientado por Mirian Rose Brum-de-Paula<\/strong><\/span><\/p>\n<p><span style=\"color: #000000\"><strong>Trof\u00e9u Jovem Pesquisador &#8211; 3\u00ba lugar &#8211; modalidade p\u00f4ster &#8211; na \u00e1rea de Lingu\u00edstica, Letras e Artes no\u00a0XXI CIC<\/strong><\/span><\/p>\n<p><span style=\"color: #000000\">Trabalho: &#8220;AQUISI\u00c7\u00c3O DA REFER\u00caNCIA POR CRIAN\u00c7AS DE 8 A 13 ANOS: QUEBRA DA LINEARIDADE EM TEXTOS NARRATIVOS&#8221;<\/span><\/p>\n<ul>\n<li><span style=\"color: #000000\"><strong><span style=\"color: #ffcc00;font-size: 18pt\">Felipe Bilharva da Silva<\/span><br \/>\n<\/strong><\/span><\/li>\n<\/ul>\n<p><span style=\"color: #000000\"><strong>orientado por Giovana Ferreira-Gon\u00e7alves<\/strong><\/span><\/p>\n<p><span style=\"color: #000000\"><strong>Destaque &#8211; XI Mostra de Produ\u00e7\u00e3o Universit\u00e1ria, FURG<\/strong><\/span><\/p>\n<p><span style=\"color: #000000\">Trabalho: &#8220;A L\u00cdNGUA DE IMIGRA\u00c7\u00c3O HUNSR\u00dcCKISCH: PRODU\u00c7\u00c3O DOS R\u00d3TICOS DURANTE A AQUISI\u00c7\u00c3O DA LINGUAGEM ESCRITA&#8221;<\/span><\/p>\n<ul>\n<li><span style=\"color: #000000\"><strong><span style=\"color: #ffcc00;font-size: 18pt\">Helena Cristina Weirich<\/span><br \/>\n<\/strong><\/span><\/li>\n<\/ul>\n<p><span style=\"color: #000000\"><strong>orientado por Giovana Ferreira-Gon\u00e7alves<\/strong><\/span><\/p>\n<p><span style=\"color: #000000\"><strong>Destaque &#8211; XI Mostra de Produ\u00e7\u00e3o Universit\u00e1ria, FURG<\/strong><\/span><\/p>\n<p><span style=\"color: #000000\">Trabalho: &#8220;INFLU\u00caNCIA DA L\u00cdNGUA DE IMIGRA\u00c7\u00c3O <em>HUNSR\u00dcCKISCH<\/em> NA AQUISI\u00c7\u00c3O DA ESCRITA DE PLOSIVAS DO PORTUGU\u00caS BRASILEIRO&#8221;<\/span><\/p>\n<p style=\"text-align: center\"><span style=\"color: #000000;font-size: 24pt\"><strong>2011<\/strong><\/span><\/p>\n<ul>\n<li><span style=\"color: #000000\"><strong><span style=\"color: #ffcc00;font-size: 18pt\">Felipe Bilharva da Silva<\/span><br \/>\n<\/strong><\/span><\/li>\n<\/ul>\n<p><span style=\"color: #000000\"><strong>orientado por Giovana Ferreira-Gon\u00e7alves<\/strong><\/span><\/p>\n<p><span style=\"color: #000000\"><strong>Trof\u00e9u Jovem Pesquisador &#8211; 1\u00ba lugar na \u00e1rea de Lingu\u00edstica, Letras e Artes no\u00a0XX CIC<\/strong><\/span><\/p>\n<p><span style=\"color: #000000\">Trabalho: &#8220;AS CONSOANTES PLOSIVAS EM BIL\u00cdNGUES (PORTUGU\u00caS\/ ALEM\u00c3O) E MONOL\u00cdNGUES (PORTUGU\u00caS): UMA AN\u00c1LISE COMPARATIVA&#8221;<\/span><\/p>\n<ul>\n<li><span style=\"color: #000000\"><strong><span style=\"color: #ffcc00;font-size: 18pt\">Felipe Bilharva da Silva<\/span><br \/>\n<\/strong><\/span><\/li>\n<\/ul>\n<p><span style=\"color: #000000\"><strong>orientado por Giovana Ferreira-Gon\u00e7alves<\/strong><\/span><\/p>\n<p><span style=\"color: #000000\"><strong>Destaque &#8211; X Mostra de Produ\u00e7\u00e3o Universit\u00e1ria, FURG<\/strong><\/span><\/p>\n<p><span style=\"color: #000000\">Trabalho: &#8220;A AQUISI\u00c7\u00c3O DA ESCRITA NA CIDADE DE AGUDO \u2013 RS: UMA AN\u00c1LISE DAS CONSOANTES PLOSIVAS&#8221;<\/span><\/p>\n<ul>\n<li><span style=\"color: #000000\"><strong><span style=\"color: #ffcc00;font-size: 18pt\">Paola Oliveira dos Santos<\/span><br \/>\n<\/strong><\/span><\/li>\n<\/ul>\n<p><span style=\"color: #000000\"><strong>orientado por Giovana Ferreira-Gon\u00e7alves<\/strong><\/span><\/p>\n<p><span style=\"color: #000000\"><strong>Destaque &#8211; X Mostra de Produ\u00e7\u00e3o Universit\u00e1ria, FURG<\/strong><\/span><\/p>\n<p><span style=\"color: #000000\">Trabalho: &#8220;SUJEITOS MONOL\u00cdNGUES E BIL\u00cdNGUES: AQUISI\u00c7\u00c3O DA ESCRITA NA CIDADE DE AGUDO\/RS&#8221;<\/span><\/p>\n","protected":false},"excerpt":{"rendered":"<p>2019 Thalena Evangelista Santos orientado por Mirian Rose Brum-de-Paula Pr\u00eamio Destaque de Sala -modalidade oral- no V Encontro Human\u00edstico Multidisciplinar\/Congresso Latino-americano de Estudos Human\u00edsticos Multidisciplinares. Trabalho: &#8220;SENEGALESES NO BRASIL: ASPECTOS CULTURAIS, SOCIOECON\u00d4MICOS E LINGU\u00cdSTICOS&#8221; Bruna Teixeira Correa orientado por Giovana Ferreira-Gon\u00e7alves Pr\u00eamio Destaque de Sala -modalidade oral- no XXI Encontro de P\u00f3s-Gradua\u00e7\u00e3o da Universidade Federal&#8230; <\/p>\n<div class=\"link-more\"><a href=\"https:\/\/wp.ufpel.edu.br\/laboratorioelo\/premiacoes\/\">Leia mais<\/a><\/div>\n","protected":false},"author":386,"featured_media":0,"parent":0,"menu_order":0,"comment_status":"closed","ping_status":"closed","template":"","meta":{"footnotes":""},"class_list":["post-964","page","type-page","status-publish","hentry"],"yoast_head":"<!-- This site is optimized with the Yoast SEO plugin v26.7 - https:\/\/yoast.com\/wordpress\/plugins\/seo\/ -->\n<title>Premia\u00e7\u00f5es em Eventos - LELO - UFPel<\/title>\n<meta name=\"robots\" content=\"index, follow, max-snippet:-1, max-image-preview:large, max-video-preview:-1\" \/>\n<link rel=\"canonical\" href=\"https:\/\/wp.ufpel.edu.br\/laboratorioelo\/premiacoes\/\" \/>\n<meta property=\"og:locale\" content=\"pt_BR\" \/>\n<meta property=\"og:type\" content=\"article\" \/>\n<meta property=\"og:title\" content=\"Premia\u00e7\u00f5es em Eventos - LELO - UFPel\" \/>\n<meta property=\"og:description\" content=\"2019 Thalena Evangelista Santos orientado por Mirian Rose Brum-de-Paula Pr\u00eamio Destaque de Sala -modalidade oral- no V Encontro Human\u00edstico Multidisciplinar\/Congresso Latino-americano de Estudos Human\u00edsticos Multidisciplinares. Trabalho: &#8220;SENEGALESES NO BRASIL: ASPECTOS CULTURAIS, SOCIOECON\u00d4MICOS E LINGU\u00cdSTICOS&#8221; Bruna Teixeira Correa orientado por Giovana Ferreira-Gon\u00e7alves Pr\u00eamio Destaque de Sala -modalidade oral- no XXI Encontro de P\u00f3s-Gradua\u00e7\u00e3o da Universidade Federal... Leia mais\" \/>\n<meta property=\"og:url\" content=\"https:\/\/wp.ufpel.edu.br\/laboratorioelo\/premiacoes\/\" \/>\n<meta property=\"og:site_name\" content=\"LELO - UFPel\" \/>\n<meta property=\"article:modified_time\" content=\"2019-12-11T12:48:15+00:00\" \/>\n<meta name=\"twitter:card\" content=\"summary_large_image\" \/>\n<meta name=\"twitter:label1\" content=\"Est. tempo de leitura\" \/>\n\t<meta name=\"twitter:data1\" content=\"5 minutos\" \/>\n<script type=\"application\/ld+json\" class=\"yoast-schema-graph\">{\"@context\":\"https:\/\/schema.org\",\"@graph\":[{\"@type\":\"WebPage\",\"@id\":\"https:\/\/wp.ufpel.edu.br\/laboratorioelo\/premiacoes\/\",\"url\":\"https:\/\/wp.ufpel.edu.br\/laboratorioelo\/premiacoes\/\",\"name\":\"Premia\u00e7\u00f5es em Eventos - LELO - UFPel\",\"isPartOf\":{\"@id\":\"https:\/\/wp.ufpel.edu.br\/laboratorioelo\/#website\"},\"datePublished\":\"2018-06-27T14:09:35+00:00\",\"dateModified\":\"2019-12-11T12:48:15+00:00\",\"breadcrumb\":{\"@id\":\"https:\/\/wp.ufpel.edu.br\/laboratorioelo\/premiacoes\/#breadcrumb\"},\"inLanguage\":\"pt-BR\",\"potentialAction\":[{\"@type\":\"ReadAction\",\"target\":[\"https:\/\/wp.ufpel.edu.br\/laboratorioelo\/premiacoes\/\"]}]},{\"@type\":\"BreadcrumbList\",\"@id\":\"https:\/\/wp.ufpel.edu.br\/laboratorioelo\/premiacoes\/#breadcrumb\",\"itemListElement\":[{\"@type\":\"ListItem\",\"position\":1,\"name\":\"Home\",\"item\":\"https:\/\/wp.ufpel.edu.br\/laboratorioelo\/\"},{\"@type\":\"ListItem\",\"position\":2,\"name\":\"Premia\u00e7\u00f5es em Eventos\"}]},{\"@type\":\"WebSite\",\"@id\":\"https:\/\/wp.ufpel.edu.br\/laboratorioelo\/#website\",\"url\":\"https:\/\/wp.ufpel.edu.br\/laboratorioelo\/\",\"name\":\"LELO - UFPEL\",\"description\":\"\",\"publisher\":{\"@id\":\"https:\/\/wp.ufpel.edu.br\/laboratorioelo\/#organization\"},\"potentialAction\":[{\"@type\":\"SearchAction\",\"target\":{\"@type\":\"EntryPoint\",\"urlTemplate\":\"https:\/\/wp.ufpel.edu.br\/laboratorioelo\/?s={search_term_string}\"},\"query-input\":{\"@type\":\"PropertyValueSpecification\",\"valueRequired\":true,\"valueName\":\"search_term_string\"}}],\"inLanguage\":\"pt-BR\"},{\"@type\":\"Organization\",\"@id\":\"https:\/\/wp.ufpel.edu.br\/laboratorioelo\/#organization\",\"name\":\"Laborat\u00f3rio ELO\",\"url\":\"https:\/\/wp.ufpel.edu.br\/laboratorioelo\/\",\"logo\":{\"@type\":\"ImageObject\",\"inLanguage\":\"pt-BR\",\"@id\":\"https:\/\/wp.ufpel.edu.br\/laboratorioelo\/#\/schema\/logo\/image\/\",\"url\":\"https:\/\/wp.ufpel.edu.br\/laboratorioelo\/files\/2017\/08\/Lelo_logo_pretoBranco2-1.png\",\"contentUrl\":\"https:\/\/wp.ufpel.edu.br\/laboratorioelo\/files\/2017\/08\/Lelo_logo_pretoBranco2-1.png\",\"width\":1153,\"height\":569,\"caption\":\"Laborat\u00f3rio ELO\"},\"image\":{\"@id\":\"https:\/\/wp.ufpel.edu.br\/laboratorioelo\/#\/schema\/logo\/image\/\"}}]}<\/script>\n<!-- \/ Yoast SEO plugin. -->","yoast_head_json":{"title":"Premia\u00e7\u00f5es em Eventos - LELO - UFPel","robots":{"index":"index","follow":"follow","max-snippet":"max-snippet:-1","max-image-preview":"max-image-preview:large","max-video-preview":"max-video-preview:-1"},"canonical":"https:\/\/wp.ufpel.edu.br\/laboratorioelo\/premiacoes\/","og_locale":"pt_BR","og_type":"article","og_title":"Premia\u00e7\u00f5es em Eventos - LELO - UFPel","og_description":"2019 Thalena Evangelista Santos orientado por Mirian Rose Brum-de-Paula Pr\u00eamio Destaque de Sala -modalidade oral- no V Encontro Human\u00edstico Multidisciplinar\/Congresso Latino-americano de Estudos Human\u00edsticos Multidisciplinares. Trabalho: &#8220;SENEGALESES NO BRASIL: ASPECTOS CULTURAIS, SOCIOECON\u00d4MICOS E LINGU\u00cdSTICOS&#8221; Bruna Teixeira Correa orientado por Giovana Ferreira-Gon\u00e7alves Pr\u00eamio Destaque de Sala -modalidade oral- no XXI Encontro de P\u00f3s-Gradua\u00e7\u00e3o da Universidade Federal... Leia mais","og_url":"https:\/\/wp.ufpel.edu.br\/laboratorioelo\/premiacoes\/","og_site_name":"LELO - UFPel","article_modified_time":"2019-12-11T12:48:15+00:00","twitter_card":"summary_large_image","twitter_misc":{"Est. tempo de leitura":"5 minutos"},"schema":{"@context":"https:\/\/schema.org","@graph":[{"@type":"WebPage","@id":"https:\/\/wp.ufpel.edu.br\/laboratorioelo\/premiacoes\/","url":"https:\/\/wp.ufpel.edu.br\/laboratorioelo\/premiacoes\/","name":"Premia\u00e7\u00f5es em Eventos - LELO - UFPel","isPartOf":{"@id":"https:\/\/wp.ufpel.edu.br\/laboratorioelo\/#website"},"datePublished":"2018-06-27T14:09:35+00:00","dateModified":"2019-12-11T12:48:15+00:00","breadcrumb":{"@id":"https:\/\/wp.ufpel.edu.br\/laboratorioelo\/premiacoes\/#breadcrumb"},"inLanguage":"pt-BR","potentialAction":[{"@type":"ReadAction","target":["https:\/\/wp.ufpel.edu.br\/laboratorioelo\/premiacoes\/"]}]},{"@type":"BreadcrumbList","@id":"https:\/\/wp.ufpel.edu.br\/laboratorioelo\/premiacoes\/#breadcrumb","itemListElement":[{"@type":"ListItem","position":1,"name":"Home","item":"https:\/\/wp.ufpel.edu.br\/laboratorioelo\/"},{"@type":"ListItem","position":2,"name":"Premia\u00e7\u00f5es em Eventos"}]},{"@type":"WebSite","@id":"https:\/\/wp.ufpel.edu.br\/laboratorioelo\/#website","url":"https:\/\/wp.ufpel.edu.br\/laboratorioelo\/","name":"LELO - UFPEL","description":"","publisher":{"@id":"https:\/\/wp.ufpel.edu.br\/laboratorioelo\/#organization"},"potentialAction":[{"@type":"SearchAction","target":{"@type":"EntryPoint","urlTemplate":"https:\/\/wp.ufpel.edu.br\/laboratorioelo\/?s={search_term_string}"},"query-input":{"@type":"PropertyValueSpecification","valueRequired":true,"valueName":"search_term_string"}}],"inLanguage":"pt-BR"},{"@type":"Organization","@id":"https:\/\/wp.ufpel.edu.br\/laboratorioelo\/#organization","name":"Laborat\u00f3rio ELO","url":"https:\/\/wp.ufpel.edu.br\/laboratorioelo\/","logo":{"@type":"ImageObject","inLanguage":"pt-BR","@id":"https:\/\/wp.ufpel.edu.br\/laboratorioelo\/#\/schema\/logo\/image\/","url":"https:\/\/wp.ufpel.edu.br\/laboratorioelo\/files\/2017\/08\/Lelo_logo_pretoBranco2-1.png","contentUrl":"https:\/\/wp.ufpel.edu.br\/laboratorioelo\/files\/2017\/08\/Lelo_logo_pretoBranco2-1.png","width":1153,"height":569,"caption":"Laborat\u00f3rio ELO"},"image":{"@id":"https:\/\/wp.ufpel.edu.br\/laboratorioelo\/#\/schema\/logo\/image\/"}}]}},"jetpack_sharing_enabled":true,"_links":{"self":[{"href":"https:\/\/wp.ufpel.edu.br\/laboratorioelo\/wp-json\/wp\/v2\/pages\/964","targetHints":{"allow":["GET"]}}],"collection":[{"href":"https:\/\/wp.ufpel.edu.br\/laboratorioelo\/wp-json\/wp\/v2\/pages"}],"about":[{"href":"https:\/\/wp.ufpel.edu.br\/laboratorioelo\/wp-json\/wp\/v2\/types\/page"}],"author":[{"embeddable":true,"href":"https:\/\/wp.ufpel.edu.br\/laboratorioelo\/wp-json\/wp\/v2\/users\/386"}],"replies":[{"embeddable":true,"href":"https:\/\/wp.ufpel.edu.br\/laboratorioelo\/wp-json\/wp\/v2\/comments?post=964"}],"version-history":[{"count":8,"href":"https:\/\/wp.ufpel.edu.br\/laboratorioelo\/wp-json\/wp\/v2\/pages\/964\/revisions"}],"predecessor-version":[{"id":1524,"href":"https:\/\/wp.ufpel.edu.br\/laboratorioelo\/wp-json\/wp\/v2\/pages\/964\/revisions\/1524"}],"wp:attachment":[{"href":"https:\/\/wp.ufpel.edu.br\/laboratorioelo\/wp-json\/wp\/v2\/media?parent=964"}],"curies":[{"name":"wp","href":"https:\/\/api.w.org\/{rel}","templated":true}]}}