{"id":961,"date":"2018-06-27T11:08:44","date_gmt":"2018-06-27T14:08:44","guid":{"rendered":"https:\/\/wp.ufpel.edu.br\/laboratorioelo\/?page_id=961"},"modified":"2019-11-18T21:07:32","modified_gmt":"2019-11-19T00:07:32","slug":"apresentacoes","status":"publish","type":"page","link":"https:\/\/wp.ufpel.edu.br\/laboratorioelo\/apresentacoes\/","title":{"rendered":"Participa\u00e7\u00f5es em Eventos"},"content":{"rendered":"<h1 style=\"text-align: center\"><span style=\"font-size: 24pt;color: #000000\"><strong>2019<\/strong><\/span><\/h1>\n<p style=\"text-align: justify\"><img loading=\"lazy\" decoding=\"async\" class=\"alignleft size-full wp-image-1516\" src=\"https:\/\/wp.ufpel.edu.br\/laboratorioelo\/files\/2019\/11\/thaleta-evento.png\" alt=\"\" width=\"300\" height=\"170\" \/><strong style=\"font-size: 1.8rem\">V ENCONTRO HUMAN\u00cdSTICO MULTIDISCIPLINAR\/ CONGRESSO LATINO-AMERICANO DE ESTUDOS HUMAN\u00cdSTICOS MULTIDISCIPLINARES<\/strong><\/p>\n<p style=\"text-align: justify\">O Encontro Human\u00edstico Multidisciplinar\u00a0 ocorreu entre os dias 26 e 28 de novembro na UNIPAMPA, emJaguar\u00e3o\/RS.<\/p>\n<p style=\"text-align: justify\">\n<p style=\"text-align: justify\"><img loading=\"lazy\" decoding=\"async\" class=\"alignleft size-full wp-image-1513\" src=\"https:\/\/wp.ufpel.edu.br\/laboratorioelo\/files\/2019\/11\/jornada.jpg\" alt=\"\" width=\"300\" height=\"170\" \/><strong>JORNADAS DE REFLEX\u00c3O SOBRE ENSINO DE L\u00cdNGUAS<\/strong><\/p>\n<p style=\"text-align: justify\">A Jornada de Reflex\u00f5es sobre o Ensino de L\u00ednguas ocorreu nos dias 18 e 19 de outubro na UNIPAMPA, em Bag\u00e9\/RS.<\/p>\n<p style=\"text-align: justify\">\n<p style=\"text-align: justify\"><img loading=\"lazy\" decoding=\"async\" class=\"alignleft size-full wp-image-1508\" src=\"https:\/\/wp.ufpel.edu.br\/laboratorioelo\/files\/2019\/11\/cic.png\" alt=\"\" width=\"300\" height=\"170\" \/><strong>XXV CONGRESSO DE INICIA\u00c7\u00c3O CIENT\u00cdFICA &#8211; UFPel<\/strong><\/p>\n<p style=\"text-align: justify\">O XXV CIC ocorreu entre os dias 21 e 25 de outubro na Universidade Federal de Pelotas,\u00a0 em Pelotas\/RS.<\/p>\n<p style=\"text-align: justify\">\n<p style=\"text-align: justify\"><img loading=\"lazy\" decoding=\"async\" class=\"alignleft size-full wp-image-1509\" src=\"https:\/\/wp.ufpel.edu.br\/laboratorioelo\/files\/2019\/11\/enpos.png\" alt=\"\" width=\"300\" height=\"170\" \/> <strong>XVIII ENCONTRO DE P\u00d3S-GRADUA\u00c7\u00c3O &#8211; UFPel<\/strong><\/p>\n<p style=\"text-align: justify\">O XVIII ENPOS ocorreu entre os dias 21 e 25 de outubro na Universidade Federal de Pelotas,\u00a0 em Pelotas\/RS.<\/p>\n<p style=\"text-align: justify\">\n<p style=\"text-align: justify\"><img loading=\"lazy\" decoding=\"async\" class=\"alignleft size-full wp-image-1511\" src=\"https:\/\/wp.ufpel.edu.br\/laboratorioelo\/files\/2019\/11\/gt.jpg\" alt=\"\" width=\"300\" height=\"170\" \/><strong>IV ENCONTRO INTERMEDI\u00c1RIO DO GRUPO DE TRABALHO DE FON\u00c9TICA E FONOLOGIA DA ANPOLL<\/strong><\/p>\n<p style=\"text-align: justify\">O Grupo de Trabalho de Fon\u00e9tica e Fonologia ocorreu nos dias 26 e 27 de setembro na Universidade Federal do Cear\u00e1, em Fortaleza\/CE.<\/p>\n<p>&nbsp;<\/p>\n<p style=\"text-align: justify\"><img loading=\"lazy\" decoding=\"async\" class=\"alignleft size-full wp-image-1510\" src=\"https:\/\/wp.ufpel.edu.br\/laboratorioelo\/files\/2019\/11\/fonetica-y-fonologia.jpg\" alt=\"\" width=\"300\" height=\"170\" \/><strong>VI JORNADAS INTERNACIONALES DE FON\u00c9TICA Y FONOLOGIA<\/strong><\/p>\n<p style=\"text-align: justify\">A Jornada de Fon\u00e9tica y Fonologia ocorreu entre os dias 4 e 6 de setembro na Facultad de Humanidades y Ciencias Sociales, em Posadas\/AR.<\/p>\n<p>&nbsp;<\/p>\n<p style=\"text-align: justify\"><img loading=\"lazy\" decoding=\"async\" class=\"alignleft size-full wp-image-1512\" src=\"https:\/\/wp.ufpel.edu.br\/laboratorioelo\/files\/2019\/11\/jel.jpg\" alt=\"\" width=\"300\" height=\"170\" \/> <strong>V JORNADA DE ESTUDOS DA LINGUAGEM\u00a0<\/strong><\/p>\n<p style=\"text-align: justify\">A JEL ocorreu entre os dias 2 e 6 de setembro na Universidade Federal de Pelotas, em Pelotas\/RS.<\/p>\n<p style=\"text-align: justify\">\n<p style=\"text-align: justify\">\n<p style=\"text-align: justify\"><img loading=\"lazy\" decoding=\"async\" class=\"alignleft size-full wp-image-1515\" src=\"https:\/\/wp.ufpel.edu.br\/laboratorioelo\/files\/2019\/11\/senalp.jpg\" alt=\"\" width=\"300\" height=\"170\" \/><strong>7\u00ba SEMIN\u00c1RIO NACIONAL DE LINGU\u00cdSTICA E ENSINO DE L\u00cdNGUA PORTUGUESA<\/strong><\/p>\n<p style=\"text-align: justify\">O SENALLP ocorreu entre os dias 3 e 6 de junho na Universidade Federal do Rio Grande, em Rio Grande\/RS.<\/p>\n<p style=\"text-align: justify\">\n<p style=\"text-align: justify\"><img loading=\"lazy\" decoding=\"async\" class=\"alignleft size-full wp-image-1514\" src=\"https:\/\/wp.ufpel.edu.br\/laboratorioelo\/files\/2019\/11\/mpu-furg.png\" alt=\"\" width=\"300\" height=\"170\" \/><strong>18\u00aa MOSTRA DA PRODU\u00c7\u00c3O UNIVERSIT\u00c1RIA<\/strong><\/p>\n<p style=\"text-align: justify\">A MPU ocorreu entre os dias 7 e 9 de outubro na Universidade Federal do Rio Grande, em Rio Grande\/RS.<\/p>\n<p style=\"text-align: justify\">\n<p style=\"text-align: justify\"><img loading=\"lazy\" decoding=\"async\" class=\"alignleft size-full wp-image-1517\" src=\"https:\/\/wp.ufpel.edu.br\/laboratorioelo\/files\/2019\/11\/letras.jpg\" alt=\"\" width=\"300\" height=\"170\" \/><strong>35\u00aa SEMANA ACAD\u00caMICA DE LETRAS &#8211; UFPel<\/strong><\/p>\n<p style=\"text-align: justify\">A SAM ocorreu entre os dias 3 e 7 de junho na Universidade Federal de Pelotas, em Pelotas\/RS.<\/p>\n<p>&nbsp;<\/p>\n<h1 style=\"text-align: center\"><span style=\"font-size: 24pt;color: #000000\"><strong>2018<\/strong><\/span><\/h1>\n<p><a href=\"https:\/\/wp.ufpel.edu.br\/laboratorioelo\/wuf\/\"><img loading=\"lazy\" decoding=\"async\" class=\"alignleft wp-image-1349\" src=\"https:\/\/wp.ufpel.edu.br\/laboratorioelo\/files\/2019\/01\/WORKSHOP.png\" alt=\"\" width=\"300\" height=\"170\" srcset=\"https:\/\/wp.ufpel.edu.br\/laboratorioelo\/files\/2019\/01\/WORKSHOP.png 498w, https:\/\/wp.ufpel.edu.br\/laboratorioelo\/files\/2019\/01\/WORKSHOP-400x227.png 400w\" sizes=\"auto, (max-width: 300px) 100vw, 300px\" \/><\/a><strong>WORKSHOP EM ULTRASSONOGRAFIA DE FALA\u00a0<\/strong><\/p>\n<p style=\"text-align: justify\">O Workshop em Ultrassonografia da Fala ocorreu no dia 10 de dezembro, na Pontif\u00edcia Universidade Cat\u00f3lica de S\u00e3o Paulo.<\/p>\n<p>&nbsp;<\/p>\n<p><a href=\"https:\/\/wp.ufpel.edu.br\/laboratorioelo\/21inpla\/\"><img loading=\"lazy\" decoding=\"async\" class=\"alignleft wp-image-1342\" src=\"https:\/\/wp.ufpel.edu.br\/laboratorioelo\/files\/2019\/01\/inpla.png\" alt=\"\" width=\"300\" height=\"170\" srcset=\"https:\/\/wp.ufpel.edu.br\/laboratorioelo\/files\/2019\/01\/inpla.png 471w, https:\/\/wp.ufpel.edu.br\/laboratorioelo\/files\/2019\/01\/inpla-400x227.png 400w\" sizes=\"auto, (max-width: 300px) 100vw, 300px\" \/><\/a><strong>21\u00ba INTERC\u00c2MBIO DE PESQUISAS EM LINGU\u00cdSTICA APLICADA\u00a0<\/strong><\/p>\n<p style=\"text-align: justify\">O 21\u00ba InPla ocorreu entre os dias 10 e 13 de dezembro, na Pontif\u00edcia Universidade Cat\u00f3lica de S\u00e3o Paulo.<\/p>\n<p>&nbsp;<\/p>\n<p>&nbsp;<\/p>\n<p><a href=\"https:\/\/wp.ufpel.edu.br\/laboratorioelo\/salao2018\/\"><img loading=\"lazy\" decoding=\"async\" class=\"alignleft wp-image-1337\" src=\"https:\/\/wp.ufpel.edu.br\/laboratorioelo\/files\/2019\/01\/salaoucpel.png\" alt=\"\" width=\"300\" height=\"170\" srcset=\"https:\/\/wp.ufpel.edu.br\/laboratorioelo\/files\/2019\/01\/salaoucpel.png 498w, https:\/\/wp.ufpel.edu.br\/laboratorioelo\/files\/2019\/01\/salaoucpel-400x227.png 400w\" sizes=\"auto, (max-width: 300px) 100vw, 300px\" \/><\/a><strong>SAL\u00c3O UNIVERSIT\u00c1RIO\u00a0<\/strong><\/p>\n<p style=\"text-align: justify\">O Sal\u00e3o Universit\u00e1rio da UCPel ocorreu entre os dias 23 e 26 de outubro, na Universidade Cat\u00f3lica de Pelotas.<\/p>\n<p>&nbsp;<\/p>\n<p style=\"text-align: justify\"><a href=\"https:\/\/wp.ufpel.edu.br\/laboratorioelo\/4siiepe\/\"><img loading=\"lazy\" decoding=\"async\" class=\"alignleft size-full wp-image-1324\" src=\"https:\/\/wp.ufpel.edu.br\/laboratorioelo\/files\/2019\/01\/SIEEPE.png\" alt=\"\" width=\"300\" height=\"170\" \/><\/a><\/p>\n<p style=\"text-align: justify\"><span style=\"font-size: 12pt\"><span style=\"font-size: 14pt\"><strong>4\u00aa SEMANA INTEGRADA UFPEL<\/strong><\/span><\/span><\/p>\n<p style=\"text-align: justify\"><span style=\"font-size: 12pt\">A Semana Integrada entre os dias\u00a022 e 26 de outubro, no Campus Anglo e no Campus 2 da UFPel.<\/span><\/p>\n<p>&nbsp;<\/p>\n<p><a href=\"https:\/\/wp.ufpel.edu.br\/laboratorioelo\/19sicpucrs\/\"><img loading=\"lazy\" decoding=\"async\" class=\"alignleft size-full wp-image-1318\" src=\"https:\/\/wp.ufpel.edu.br\/laboratorioelo\/files\/2019\/01\/salaopuc.png\" alt=\"\" width=\"300\" height=\"176\" \/><\/a><strong>19\u00ba SAL\u00c3O DE INICIA\u00c7\u00c3O CIENT\u00cdFICA\u00a0<\/strong><\/p>\n<p style=\"text-align: justify\">O 19\u00ba Sal\u00e3o de Inicia\u00e7\u00e3o Cient\u00edfica da PUCRS ocorreu entre os dias 02 e 05 de outubro, na Pontif\u00edcia Universidade Cat\u00f3lica do Rio Grande do Sul.<\/p>\n<p>&nbsp;<\/p>\n<p><a href=\"https:\/\/wp.ufpel.edu.br\/laboratorioelo\/34salufpel\/\"><img loading=\"lazy\" decoding=\"async\" class=\"alignleft size-full wp-image-1311\" src=\"https:\/\/wp.ufpel.edu.br\/laboratorioelo\/files\/2019\/01\/SA.png\" alt=\"\" width=\"300\" height=\"172\" \/><\/a><strong>34\u00aa SEMANA ACAD\u00caMICA DE LETRAS UFPEL<\/strong><\/p>\n<p style=\"text-align: justify\"><span style=\"font-size: 14pt\">A 34\u00aa SALUFPEL ocorreu entre os dias 01 e 05 de outubro, no Campus Anglo e no Campus 2 da UFPel.<\/span><\/p>\n<p>&nbsp;<\/p>\n<p><a href=\"https:\/\/wp.ufpel.edu.br\/laboratorioelo\/17mpu\/\"><img loading=\"lazy\" decoding=\"async\" class=\"alignleft size-full wp-image-1298\" src=\"https:\/\/wp.ufpel.edu.br\/laboratorioelo\/files\/2019\/01\/mpu.png\" alt=\"\" width=\"301\" height=\"172\" \/><\/a><\/p>\n<p><strong>17\u00aa MOSTRA DA PRODU\u00c7\u00c3O UNIVERSIT\u00c1RIA<\/strong><\/p>\n<p style=\"text-align: justify\">O MPU ocorreu entre os dias 01 e 03 de outubro, na Universidade Federal do Rio Grande.<\/p>\n<p>&nbsp;<\/p>\n<p><strong><a href=\"https:\/\/wp.ufpel.edu.br\/laboratorioelo\/4jel\/\" rel=\"noopener\"><img loading=\"lazy\" decoding=\"async\" class=\"alignleft size-full wp-image-1272\" src=\"https:\/\/wp.ufpel.edu.br\/laboratorioelo\/files\/2018\/09\/evento-8.png\" alt=\"\" width=\"301\" height=\"173\" \/><\/a><\/strong><\/p>\n<p><strong>4\u00aa JORNADA DE ESTUDOS DA LINGUAGEM<\/strong><\/p>\n<p style=\"text-align: justify\">A 4\u00aa JEL ocorreu entre os dias 10 e 14 de setembro, no Campus Anglo e no Pr\u00e9dio do ISF da UFPel.<\/p>\n<p>&nbsp;<\/p>\n<p><a href=\"https:\/\/wp.ufpel.edu.br\/laboratorioelo\/xiiicilx\/\" rel=\"noopener\"><img loading=\"lazy\" decoding=\"async\" class=\"alignleft size-full wp-image-1045\" src=\"https:\/\/wp.ufpel.edu.br\/laboratorioelo\/files\/2018\/07\/evento-7.png\" alt=\"\" width=\"301\" height=\"173\" \/><\/a><strong>XIII CONGRESO INTERNACIONAL LING\u00dc\u00cdSTICA XERAL<\/strong><\/p>\n<p style=\"text-align: justify\">O\u00a0 CILX ocorreu entre os dias 13 e 15 de junho, na Universidade de Vigo na Espanha.<\/p>\n<p>&nbsp;<\/p>\n<hr \/>\n<h1 style=\"text-align: center\"><span style=\"font-size: 24pt;color: #000000\"><strong>2017<\/strong><\/span><\/h1>\n<p style=\"text-align: justify\"><a href=\"https:\/\/wp.ufpel.edu.br\/laboratorioelo\/3siiepe\/\" rel=\"noopener\"><span style=\"font-size: 12pt\"><img loading=\"lazy\" decoding=\"async\" class=\"alignleft size-full wp-image-1038\" src=\"https:\/\/wp.ufpel.edu.br\/laboratorioelo\/files\/2018\/07\/evento-1.png\" alt=\"\" width=\"301\" height=\"173\" \/><\/span><\/a><\/p>\n<p style=\"text-align: justify\"><span style=\"font-size: 12pt\"><span style=\"font-size: 14pt\"><strong>3\u00aa SEMANA INTEGRADA UFPEL<\/strong><\/span><\/span><\/p>\n<p style=\"text-align: justify\"><span style=\"font-size: 12pt\">A Semana Integrada entre os dias\u00a020 e 24 de novembro, no Campus Anglo e no Campus 2 da UFPel.<\/span><\/p>\n<p>&nbsp;<\/p>\n<p><a href=\"https:\/\/wp.ufpel.edu.br\/laboratorioelo\/iwsef\/\" rel=\"noopener\"><img loading=\"lazy\" decoding=\"async\" class=\"alignleft size-full wp-image-1039\" src=\"https:\/\/wp.ufpel.edu.br\/laboratorioelo\/files\/2018\/07\/evento-2.png\" alt=\"\" width=\"301\" height=\"173\" \/><\/a><strong>I WORKSHOP EM ULTRASSONOGRAFIA E ESTUDOS DA FALA<\/strong><\/p>\n<p style=\"text-align: justify\"><span style=\"font-size: 12pt\">O Workshop ocorreu entre os dias de 08 e 10 de novembro, na Universidade Federal de Santa Catarina.<\/span><\/p>\n<p>&nbsp;<\/p>\n<p><a href=\"https:\/\/wp.ufpel.edu.br\/laboratorioelo\/33salufpel\/\" rel=\"noopener\"><img loading=\"lazy\" decoding=\"async\" class=\"alignleft size-full wp-image-1040\" src=\"https:\/\/wp.ufpel.edu.br\/laboratorioelo\/files\/2018\/07\/evento-3.png\" alt=\"\" width=\"301\" height=\"173\" \/><\/a><\/p>\n<p><strong>33\u00aa SEMANA ACAD\u00caMICA DE LETRAS UFPEL<\/strong><\/p>\n<p style=\"text-align: justify\">A 33\u00aa SALUFPEL ocorreu entre os dias 23 e 2<span style=\"font-size: 14pt\">7 de outubro, no Campus Anglo e no Campus 2 da UFPel.<\/span><\/p>\n<p>&nbsp;<\/p>\n<p><a href=\"https:\/\/wp.ufpel.edu.br\/laboratorioelo\/salao2017\/\" rel=\"noopener\"><img loading=\"lazy\" decoding=\"async\" class=\"alignleft size-full wp-image-1041\" src=\"https:\/\/wp.ufpel.edu.br\/laboratorioelo\/files\/2018\/07\/evento-4.png\" alt=\"\" width=\"301\" height=\"173\" \/><\/a><\/p>\n<p><strong>SAL\u00c3O UNIVERSIT\u00c1RIO\u00a0<\/strong><\/p>\n<p style=\"text-align: justify\">O Sal\u00e3o Universit\u00e1rio da UCPel ocorreu entre os dias 24 e 27 de outubro, na Universidade Cat\u00f3lica de Pelotas.<\/p>\n<p>&nbsp;<\/p>\n<p><a href=\"https:\/\/wp.ufpel.edu.br\/laboratorioelo\/3jel\/\" rel=\"noopener\"><img loading=\"lazy\" decoding=\"async\" class=\"alignleft size-full wp-image-1042\" src=\"https:\/\/wp.ufpel.edu.br\/laboratorioelo\/files\/2018\/07\/evento-5.png\" alt=\"\" width=\"301\" height=\"173\" \/><\/a><\/p>\n<p><strong>3\u00aa JORNADA DE ESTUDOS DA LINGUAGEM<\/strong><\/p>\n<p style=\"text-align: justify\">A 3\u00aa JEL ocorreu entre os dias 16 e 20 de outubro, no Campus Anglo, Campus II e no Pr\u00e9dio do ISF da UFPel.<\/p>\n<p>&nbsp;<\/p>\n<p><a href=\"https:\/\/wp.ufpel.edu.br\/laboratorioelo\/16mpu\/\" rel=\"noopener\"><img loading=\"lazy\" decoding=\"async\" class=\"alignleft size-full wp-image-1043\" src=\"https:\/\/wp.ufpel.edu.br\/laboratorioelo\/files\/2018\/07\/evento-6.png\" alt=\"\" width=\"301\" height=\"173\" \/><\/a><\/p>\n<p><strong>16\u00aa MOSTRA DA PRODU\u00c7\u00c3O UNIVERSIT\u00c1RIA<\/strong><\/p>\n<p style=\"text-align: justify\">O MPU ocorreu entre os dias 04 e 06 de outubro, na Universidade Federal do Rio Grande.<\/p>\n<p>&nbsp;<\/p>\n<p><a href=\"https:\/\/wp.ufpel.edu.br\/laboratorioelo\/6senallp\/\" rel=\"noopener\"><img loading=\"lazy\" decoding=\"async\" class=\"alignleft size-full wp-image-1178\" src=\"https:\/\/wp.ufpel.edu.br\/laboratorioelo\/files\/2018\/07\/6senallp-1.jpg\" alt=\"\" width=\"301\" height=\"173\" \/><\/a>\u00a0<strong>6\u00ba SEMIN\u00c1RIO NACIONAL DE LINGU\u00cdSTICA E ENSINO DE L\u00cdNGUA PORTUGUESA<\/strong><\/p>\n<p>O 6\u00ba SENALLP ocorreu entre os dias 29 e 31 de maio, na Universidade Federal do Rio Grande.<\/p>\n<p>&nbsp;<\/p>\n<p>&nbsp;<\/p>\n","protected":false},"excerpt":{"rendered":"<p>2019 V ENCONTRO HUMAN\u00cdSTICO MULTIDISCIPLINAR\/ CONGRESSO LATINO-AMERICANO DE ESTUDOS HUMAN\u00cdSTICOS MULTIDISCIPLINARES O Encontro Human\u00edstico Multidisciplinar\u00a0 ocorreu entre os dias 26 e 28 de novembro na UNIPAMPA, emJaguar\u00e3o\/RS. JORNADAS DE REFLEX\u00c3O SOBRE ENSINO DE L\u00cdNGUAS A Jornada de Reflex\u00f5es sobre o Ensino de L\u00ednguas ocorreu nos dias 18 e 19 de outubro na UNIPAMPA, em Bag\u00e9\/RS&#8230;. <\/p>\n<div class=\"link-more\"><a href=\"https:\/\/wp.ufpel.edu.br\/laboratorioelo\/apresentacoes\/\">Leia mais<\/a><\/div>\n","protected":false},"author":386,"featured_media":0,"parent":0,"menu_order":0,"comment_status":"closed","ping_status":"closed","template":"","meta":{"footnotes":""},"class_list":["post-961","page","type-page","status-publish","hentry"],"yoast_head":"<!-- This site is optimized with the Yoast SEO plugin v26.7 - https:\/\/yoast.com\/wordpress\/plugins\/seo\/ -->\n<title>Participa\u00e7\u00f5es em Eventos - LELO - UFPel<\/title>\n<meta name=\"robots\" content=\"index, follow, max-snippet:-1, max-image-preview:large, max-video-preview:-1\" \/>\n<link rel=\"canonical\" href=\"https:\/\/wp.ufpel.edu.br\/laboratorioelo\/apresentacoes\/\" \/>\n<meta property=\"og:locale\" content=\"pt_BR\" \/>\n<meta property=\"og:type\" content=\"article\" \/>\n<meta property=\"og:title\" content=\"Participa\u00e7\u00f5es em Eventos - LELO - UFPel\" \/>\n<meta property=\"og:description\" content=\"2019 V ENCONTRO HUMAN\u00cdSTICO MULTIDISCIPLINAR\/ CONGRESSO LATINO-AMERICANO DE ESTUDOS HUMAN\u00cdSTICOS MULTIDISCIPLINARES O Encontro Human\u00edstico Multidisciplinar\u00a0 ocorreu entre os dias 26 e 28 de novembro na UNIPAMPA, emJaguar\u00e3o\/RS. JORNADAS DE REFLEX\u00c3O SOBRE ENSINO DE L\u00cdNGUAS A Jornada de Reflex\u00f5es sobre o Ensino de L\u00ednguas ocorreu nos dias 18 e 19 de outubro na UNIPAMPA, em Bag\u00e9\/RS.... Leia mais\" \/>\n<meta property=\"og:url\" content=\"https:\/\/wp.ufpel.edu.br\/laboratorioelo\/apresentacoes\/\" \/>\n<meta property=\"og:site_name\" content=\"LELO - UFPel\" \/>\n<meta property=\"article:modified_time\" content=\"2019-11-19T00:07:32+00:00\" \/>\n<meta property=\"og:image\" content=\"https:\/\/wp.ufpel.edu.br\/laboratorioelo\/files\/2019\/11\/thaleta-evento.png\" \/>\n\t<meta property=\"og:image:width\" content=\"300\" \/>\n\t<meta property=\"og:image:height\" content=\"170\" \/>\n\t<meta property=\"og:image:type\" content=\"image\/png\" \/>\n<meta name=\"twitter:card\" content=\"summary_large_image\" \/>\n<meta name=\"twitter:label1\" content=\"Est. tempo de leitura\" \/>\n\t<meta name=\"twitter:data1\" content=\"3 minutos\" \/>\n<script type=\"application\/ld+json\" class=\"yoast-schema-graph\">{\"@context\":\"https:\/\/schema.org\",\"@graph\":[{\"@type\":\"WebPage\",\"@id\":\"https:\/\/wp.ufpel.edu.br\/laboratorioelo\/apresentacoes\/\",\"url\":\"https:\/\/wp.ufpel.edu.br\/laboratorioelo\/apresentacoes\/\",\"name\":\"Participa\u00e7\u00f5es em Eventos - LELO - UFPel\",\"isPartOf\":{\"@id\":\"https:\/\/wp.ufpel.edu.br\/laboratorioelo\/#website\"},\"primaryImageOfPage\":{\"@id\":\"https:\/\/wp.ufpel.edu.br\/laboratorioelo\/apresentacoes\/#primaryimage\"},\"image\":{\"@id\":\"https:\/\/wp.ufpel.edu.br\/laboratorioelo\/apresentacoes\/#primaryimage\"},\"thumbnailUrl\":\"https:\/\/wp.ufpel.edu.br\/laboratorioelo\/files\/2019\/11\/thaleta-evento.png\",\"datePublished\":\"2018-06-27T14:08:44+00:00\",\"dateModified\":\"2019-11-19T00:07:32+00:00\",\"breadcrumb\":{\"@id\":\"https:\/\/wp.ufpel.edu.br\/laboratorioelo\/apresentacoes\/#breadcrumb\"},\"inLanguage\":\"pt-BR\",\"potentialAction\":[{\"@type\":\"ReadAction\",\"target\":[\"https:\/\/wp.ufpel.edu.br\/laboratorioelo\/apresentacoes\/\"]}]},{\"@type\":\"ImageObject\",\"inLanguage\":\"pt-BR\",\"@id\":\"https:\/\/wp.ufpel.edu.br\/laboratorioelo\/apresentacoes\/#primaryimage\",\"url\":\"https:\/\/wp.ufpel.edu.br\/laboratorioelo\/files\/2019\/11\/thaleta-evento.png\",\"contentUrl\":\"https:\/\/wp.ufpel.edu.br\/laboratorioelo\/files\/2019\/11\/thaleta-evento.png\",\"width\":300,\"height\":170},{\"@type\":\"BreadcrumbList\",\"@id\":\"https:\/\/wp.ufpel.edu.br\/laboratorioelo\/apresentacoes\/#breadcrumb\",\"itemListElement\":[{\"@type\":\"ListItem\",\"position\":1,\"name\":\"Home\",\"item\":\"https:\/\/wp.ufpel.edu.br\/laboratorioelo\/\"},{\"@type\":\"ListItem\",\"position\":2,\"name\":\"Participa\u00e7\u00f5es em Eventos\"}]},{\"@type\":\"WebSite\",\"@id\":\"https:\/\/wp.ufpel.edu.br\/laboratorioelo\/#website\",\"url\":\"https:\/\/wp.ufpel.edu.br\/laboratorioelo\/\",\"name\":\"LELO - UFPEL\",\"description\":\"\",\"publisher\":{\"@id\":\"https:\/\/wp.ufpel.edu.br\/laboratorioelo\/#organization\"},\"potentialAction\":[{\"@type\":\"SearchAction\",\"target\":{\"@type\":\"EntryPoint\",\"urlTemplate\":\"https:\/\/wp.ufpel.edu.br\/laboratorioelo\/?s={search_term_string}\"},\"query-input\":{\"@type\":\"PropertyValueSpecification\",\"valueRequired\":true,\"valueName\":\"search_term_string\"}}],\"inLanguage\":\"pt-BR\"},{\"@type\":\"Organization\",\"@id\":\"https:\/\/wp.ufpel.edu.br\/laboratorioelo\/#organization\",\"name\":\"Laborat\u00f3rio ELO\",\"url\":\"https:\/\/wp.ufpel.edu.br\/laboratorioelo\/\",\"logo\":{\"@type\":\"ImageObject\",\"inLanguage\":\"pt-BR\",\"@id\":\"https:\/\/wp.ufpel.edu.br\/laboratorioelo\/#\/schema\/logo\/image\/\",\"url\":\"https:\/\/wp.ufpel.edu.br\/laboratorioelo\/files\/2017\/08\/Lelo_logo_pretoBranco2-1.png\",\"contentUrl\":\"https:\/\/wp.ufpel.edu.br\/laboratorioelo\/files\/2017\/08\/Lelo_logo_pretoBranco2-1.png\",\"width\":1153,\"height\":569,\"caption\":\"Laborat\u00f3rio ELO\"},\"image\":{\"@id\":\"https:\/\/wp.ufpel.edu.br\/laboratorioelo\/#\/schema\/logo\/image\/\"}}]}<\/script>\n<!-- \/ Yoast SEO plugin. -->","yoast_head_json":{"title":"Participa\u00e7\u00f5es em Eventos - LELO - UFPel","robots":{"index":"index","follow":"follow","max-snippet":"max-snippet:-1","max-image-preview":"max-image-preview:large","max-video-preview":"max-video-preview:-1"},"canonical":"https:\/\/wp.ufpel.edu.br\/laboratorioelo\/apresentacoes\/","og_locale":"pt_BR","og_type":"article","og_title":"Participa\u00e7\u00f5es em Eventos - LELO - UFPel","og_description":"2019 V ENCONTRO HUMAN\u00cdSTICO MULTIDISCIPLINAR\/ CONGRESSO LATINO-AMERICANO DE ESTUDOS HUMAN\u00cdSTICOS MULTIDISCIPLINARES O Encontro Human\u00edstico Multidisciplinar\u00a0 ocorreu entre os dias 26 e 28 de novembro na UNIPAMPA, emJaguar\u00e3o\/RS. JORNADAS DE REFLEX\u00c3O SOBRE ENSINO DE L\u00cdNGUAS A Jornada de Reflex\u00f5es sobre o Ensino de L\u00ednguas ocorreu nos dias 18 e 19 de outubro na UNIPAMPA, em Bag\u00e9\/RS.... Leia mais","og_url":"https:\/\/wp.ufpel.edu.br\/laboratorioelo\/apresentacoes\/","og_site_name":"LELO - UFPel","article_modified_time":"2019-11-19T00:07:32+00:00","og_image":[{"width":300,"height":170,"url":"https:\/\/wp.ufpel.edu.br\/laboratorioelo\/files\/2019\/11\/thaleta-evento.png","type":"image\/png"}],"twitter_card":"summary_large_image","twitter_misc":{"Est. tempo de leitura":"3 minutos"},"schema":{"@context":"https:\/\/schema.org","@graph":[{"@type":"WebPage","@id":"https:\/\/wp.ufpel.edu.br\/laboratorioelo\/apresentacoes\/","url":"https:\/\/wp.ufpel.edu.br\/laboratorioelo\/apresentacoes\/","name":"Participa\u00e7\u00f5es em Eventos - LELO - UFPel","isPartOf":{"@id":"https:\/\/wp.ufpel.edu.br\/laboratorioelo\/#website"},"primaryImageOfPage":{"@id":"https:\/\/wp.ufpel.edu.br\/laboratorioelo\/apresentacoes\/#primaryimage"},"image":{"@id":"https:\/\/wp.ufpel.edu.br\/laboratorioelo\/apresentacoes\/#primaryimage"},"thumbnailUrl":"https:\/\/wp.ufpel.edu.br\/laboratorioelo\/files\/2019\/11\/thaleta-evento.png","datePublished":"2018-06-27T14:08:44+00:00","dateModified":"2019-11-19T00:07:32+00:00","breadcrumb":{"@id":"https:\/\/wp.ufpel.edu.br\/laboratorioelo\/apresentacoes\/#breadcrumb"},"inLanguage":"pt-BR","potentialAction":[{"@type":"ReadAction","target":["https:\/\/wp.ufpel.edu.br\/laboratorioelo\/apresentacoes\/"]}]},{"@type":"ImageObject","inLanguage":"pt-BR","@id":"https:\/\/wp.ufpel.edu.br\/laboratorioelo\/apresentacoes\/#primaryimage","url":"https:\/\/wp.ufpel.edu.br\/laboratorioelo\/files\/2019\/11\/thaleta-evento.png","contentUrl":"https:\/\/wp.ufpel.edu.br\/laboratorioelo\/files\/2019\/11\/thaleta-evento.png","width":300,"height":170},{"@type":"BreadcrumbList","@id":"https:\/\/wp.ufpel.edu.br\/laboratorioelo\/apresentacoes\/#breadcrumb","itemListElement":[{"@type":"ListItem","position":1,"name":"Home","item":"https:\/\/wp.ufpel.edu.br\/laboratorioelo\/"},{"@type":"ListItem","position":2,"name":"Participa\u00e7\u00f5es em Eventos"}]},{"@type":"WebSite","@id":"https:\/\/wp.ufpel.edu.br\/laboratorioelo\/#website","url":"https:\/\/wp.ufpel.edu.br\/laboratorioelo\/","name":"LELO - UFPEL","description":"","publisher":{"@id":"https:\/\/wp.ufpel.edu.br\/laboratorioelo\/#organization"},"potentialAction":[{"@type":"SearchAction","target":{"@type":"EntryPoint","urlTemplate":"https:\/\/wp.ufpel.edu.br\/laboratorioelo\/?s={search_term_string}"},"query-input":{"@type":"PropertyValueSpecification","valueRequired":true,"valueName":"search_term_string"}}],"inLanguage":"pt-BR"},{"@type":"Organization","@id":"https:\/\/wp.ufpel.edu.br\/laboratorioelo\/#organization","name":"Laborat\u00f3rio ELO","url":"https:\/\/wp.ufpel.edu.br\/laboratorioelo\/","logo":{"@type":"ImageObject","inLanguage":"pt-BR","@id":"https:\/\/wp.ufpel.edu.br\/laboratorioelo\/#\/schema\/logo\/image\/","url":"https:\/\/wp.ufpel.edu.br\/laboratorioelo\/files\/2017\/08\/Lelo_logo_pretoBranco2-1.png","contentUrl":"https:\/\/wp.ufpel.edu.br\/laboratorioelo\/files\/2017\/08\/Lelo_logo_pretoBranco2-1.png","width":1153,"height":569,"caption":"Laborat\u00f3rio ELO"},"image":{"@id":"https:\/\/wp.ufpel.edu.br\/laboratorioelo\/#\/schema\/logo\/image\/"}}]}},"jetpack_sharing_enabled":true,"_links":{"self":[{"href":"https:\/\/wp.ufpel.edu.br\/laboratorioelo\/wp-json\/wp\/v2\/pages\/961","targetHints":{"allow":["GET"]}}],"collection":[{"href":"https:\/\/wp.ufpel.edu.br\/laboratorioelo\/wp-json\/wp\/v2\/pages"}],"about":[{"href":"https:\/\/wp.ufpel.edu.br\/laboratorioelo\/wp-json\/wp\/v2\/types\/page"}],"author":[{"embeddable":true,"href":"https:\/\/wp.ufpel.edu.br\/laboratorioelo\/wp-json\/wp\/v2\/users\/386"}],"replies":[{"embeddable":true,"href":"https:\/\/wp.ufpel.edu.br\/laboratorioelo\/wp-json\/wp\/v2\/comments?post=961"}],"version-history":[{"count":29,"href":"https:\/\/wp.ufpel.edu.br\/laboratorioelo\/wp-json\/wp\/v2\/pages\/961\/revisions"}],"predecessor-version":[{"id":1518,"href":"https:\/\/wp.ufpel.edu.br\/laboratorioelo\/wp-json\/wp\/v2\/pages\/961\/revisions\/1518"}],"wp:attachment":[{"href":"https:\/\/wp.ufpel.edu.br\/laboratorioelo\/wp-json\/wp\/v2\/media?parent=961"}],"curies":[{"name":"wp","href":"https:\/\/api.w.org\/{rel}","templated":true}]}}