{"id":638,"date":"2017-09-01T15:52:22","date_gmt":"2017-09-01T18:52:22","guid":{"rendered":"https:\/\/wp.ufpel.edu.br\/laboratorioelo\/?page_id=638"},"modified":"2018-07-13T16:52:50","modified_gmt":"2018-07-13T19:52:50","slug":"laboratorio","status":"publish","type":"page","link":"https:\/\/wp.ufpel.edu.br\/laboratorioelo\/laboratorio\/","title":{"rendered":"Laborat\u00f3rio"},"content":{"rendered":"<p style=\"text-align: justify\"><strong>Coordena<\/strong><strong>\u00e7\u00e3<\/strong><strong>o<\/strong><br \/>\nCoordenadora administrativa: Prof\u00aa Dr. Giovana FERREIRA-GON\u00c7ALVES<br \/>\nCoordenadora cient\u00edfica: Prof\u00aa Dr. Mirian Rose BRUM-DE-PAULA<\/p>\n<p><img loading=\"lazy\" decoding=\"async\" class=\"alignleft size-large wp-image-1023\" src=\"https:\/\/wp.ufpel.edu.br\/laboratorioelo\/files\/2018\/07\/P1000700E-1024x661.jpg\" alt=\"\" width=\"1000\" height=\"646\" srcset=\"https:\/\/wp.ufpel.edu.br\/laboratorioelo\/files\/2018\/07\/P1000700E-1024x661.jpg 1024w, https:\/\/wp.ufpel.edu.br\/laboratorioelo\/files\/2018\/07\/P1000700E-400x258.jpg 400w, https:\/\/wp.ufpel.edu.br\/laboratorioelo\/files\/2018\/07\/P1000700E-768x496.jpg 768w, https:\/\/wp.ufpel.edu.br\/laboratorioelo\/files\/2018\/07\/P1000700E-465x300.jpg 465w, https:\/\/wp.ufpel.edu.br\/laboratorioelo\/files\/2018\/07\/P1000700E.jpg 1600w\" sizes=\"auto, (max-width: 1000px) 100vw, 1000px\" \/><\/p>\n<p><strong>Cria<\/strong><strong>\u00e7\u00e3<\/strong><strong>o do Laborat<\/strong><strong>\u00f3<\/strong><strong>rio<\/strong><br \/>\nO\u00a0Laborat\u00f3rio Emerg\u00eancia da Linguagem Oral &#8211; LELO\u00a0&#8211; foi criado em 2010 com recursos advindos, inicialmente, do Edital Pesquisador Ga\u00facho\/ FAPERGS. De l\u00e1 para c\u00e1, o LELO contou com a aquisi\u00e7\u00e3o de equipamentos por meio de v\u00e1rios editais (CAPES, CNPq e FAPERGS). Desse modo, a partir de diferentes aportes financeiros &#8211; advindos de organismos nacionais de fomento \u00e0 pesquisa -, o laborat\u00f3rio foi equipado com sistemas de aquisi\u00e7\u00e3o de dados din\u00e2micos capazes de captar dados ac\u00fasticos e articulat\u00f3rios em tempo real e de alta defini\u00e7\u00e3o (a figura abaixo cont\u00e9m o primeiro desses sistemas montados no Laborat\u00f3rio).<\/p>\n<p><img loading=\"lazy\" decoding=\"async\" class=\"wp-image-896 size-full\" title=\"Figura ilustrativa do sistema de aquisi\u00e7\u00e3o de imagens din\u00e2micas\" src=\"https:\/\/wp.ufpel.edu.br\/laboratorioelo\/files\/2018\/06\/Imagem1.jpg\" alt=\"\" width=\"785\" height=\"589\" srcset=\"https:\/\/wp.ufpel.edu.br\/laboratorioelo\/files\/2018\/06\/Imagem1.jpg 785w, https:\/\/wp.ufpel.edu.br\/laboratorioelo\/files\/2018\/06\/Imagem1-400x300.jpg 400w, https:\/\/wp.ufpel.edu.br\/laboratorioelo\/files\/2018\/06\/Imagem1-768x576.jpg 768w\" sizes=\"auto, (max-width: 785px) 100vw, 785px\" \/><\/p>\n<p><strong>Logotipo <\/strong><br \/>\nTriskel \u00e9 o logo do LELO. Trata-se de um s\u00edmbolo solar antigo, que possui tr\u00eas volutas que rodam ininterruptamente.<br \/>\nA sua dire\u00e7\u00e3o pode ter um sentido positivo ou negativo. Para simbolizar o LELO, escolhemos o movimento dito noturno, interpretado por alguns negativamente (porque oposto ao dia), mas associado ao esp\u00edrito guerreiro, conquistador e vitorioso. Para os Druidas, no entanto, o sentido do movimento n\u00e3o significa, pois o Triskel representa o deslocamento e a mobilidade do corpo que gravita no espa\u00e7o e sua dire\u00e7\u00e3o relativa depende do ponto a partir do qual \u00e9 observado.<br \/>\nAs tr\u00eas volutas ou &#8220;pernas&#8221; do Triskel remetem a diferentes ideias. Evoca, por exemplo, os 4 elementos: a \u00e1gua, o ar e o fogo (perif\u00e9ricos e din\u00e2micos) e a terra (central e est\u00e1vel). Alude, igualmente, aos ciclos da vida (inf\u00e2ncia, vida adulta e velhice), ao tempo (passado, presente e futuro), \u00e0 inst\u00e2ncias ligadas a estados de aten\u00e7\u00e3o (o sono, o sonho e a vigil\u00e2ncia) ou aos 3 mundos dos Druidas (o mundo tang\u00edvel, o mundo em que almas ,n\u00e3o reincarnadas transitam e o mundo divino).<br \/>\nVinculado ao LELO e \u00e0s atividades que nele s\u00e3o desenvolvidas, o Triskel expressa a din\u00e2mica, o movimento, o gesto articulat\u00f3rio, o fluxo da fala.<\/p>\n<p><img loading=\"lazy\" decoding=\"async\" class=\"wp-image-897 alignleft\" title=\"Logo LELO colorido\" src=\"https:\/\/wp.ufpel.edu.br\/laboratorioelo\/files\/2018\/06\/Lelo_logo_colorido.png\" alt=\"\" width=\"269\" height=\"269\" srcset=\"https:\/\/wp.ufpel.edu.br\/laboratorioelo\/files\/2018\/06\/Lelo_logo_colorido.png 567w, https:\/\/wp.ufpel.edu.br\/laboratorioelo\/files\/2018\/06\/Lelo_logo_colorido-200x200.png 200w, https:\/\/wp.ufpel.edu.br\/laboratorioelo\/files\/2018\/06\/Lelo_logo_colorido-400x400.png 400w, https:\/\/wp.ufpel.edu.br\/laboratorioelo\/files\/2018\/06\/Lelo_logo_colorido-32x32.png 32w, https:\/\/wp.ufpel.edu.br\/laboratorioelo\/files\/2018\/06\/Lelo_logo_colorido-300x300.png 300w\" sizes=\"auto, (max-width: 269px) 100vw, 269px\" \/><img loading=\"lazy\" decoding=\"async\" class=\"wp-image-898 alignright\" title=\"Logo LELO pb\" src=\"https:\/\/wp.ufpel.edu.br\/laboratorioelo\/files\/2018\/06\/Lelo_logo_pretoBranco3.png\" alt=\"\" width=\"274\" height=\"272\" srcset=\"https:\/\/wp.ufpel.edu.br\/laboratorioelo\/files\/2018\/06\/Lelo_logo_pretoBranco3-200x200.png 200w, https:\/\/wp.ufpel.edu.br\/laboratorioelo\/files\/2018\/06\/Lelo_logo_pretoBranco3-32x32.png 32w\" sizes=\"auto, (max-width: 274px) 100vw, 274px\" \/><\/p>\n<p>&nbsp;<\/p>\n<p>&nbsp;<\/p>\n<p>&nbsp;<\/p>\n<p>&nbsp;<\/p>\n<p>&nbsp;<\/p>\n<p style=\"text-align: justify\"><strong style=\"font-size: 1.8rem\">Objetivos<\/strong><br \/>\n1. Adquirir prot\u00f3tipos articulat\u00f3rios de vogais e consoantes a fim de identificar padr\u00f5es articulat\u00f3rios do PB.<br \/>\n2. Obter subs\u00eddios para a emiss\u00e3o de hip\u00f3teses sobre os diversos comandos motores subjacentes ao controle dos movimentos da l\u00edngua.<br \/>\n3. Verificar a rela\u00e7\u00e3o entre determinadas pistas ac\u00fasticas e configura\u00e7\u00f5es de gestos articulat\u00f3rios.<br \/>\n4. Fornecer elementos, advindos da pesquisa experimental, que contribuam para aprofundar nossos conhecimentos acerca dos mecanismos que envolvem tanto o controle quanto a produ\u00e7\u00e3o da fala.<br \/>\n5. Contribuir para o avan\u00e7o da pesquisa acerca da descri\u00e7\u00e3o e da aquisi\u00e7\u00e3o t\u00edpica e, consequentemente, at\u00edpica da l\u00edngua portuguesa.<br \/>\n6. Fornecer resultados acerca dos gestos articulat\u00f3rios do PB para outras \u00e1reas do conhecimento contribuindo, assim, para o desenvolvimento de investiga\u00e7\u00f5es sobre a fala.<br \/>\n7. Criar uma rede de trocas de informa\u00e7\u00f5es com IES parceiras por meio de bancos de produ\u00e7\u00f5es din\u00e2micas do trato vocal.<\/p>\n","protected":false},"excerpt":{"rendered":"<p>Coordena\u00e7\u00e3o Coordenadora administrativa: Prof\u00aa Dr. Giovana FERREIRA-GON\u00c7ALVES Coordenadora cient\u00edfica: Prof\u00aa Dr. Mirian Rose BRUM-DE-PAULA Cria\u00e7\u00e3o do Laborat\u00f3rio O\u00a0Laborat\u00f3rio Emerg\u00eancia da Linguagem Oral &#8211; LELO\u00a0&#8211; foi criado em 2010 com recursos advindos, inicialmente, do Edital Pesquisador Ga\u00facho\/ FAPERGS. De l\u00e1 para c\u00e1, o LELO contou com a aquisi\u00e7\u00e3o de equipamentos por meio de v\u00e1rios editais (CAPES,&#8230; <\/p>\n<div class=\"link-more\"><a href=\"https:\/\/wp.ufpel.edu.br\/laboratorioelo\/laboratorio\/\">Leia mais<\/a><\/div>\n","protected":false},"author":386,"featured_media":0,"parent":0,"menu_order":0,"comment_status":"closed","ping_status":"closed","template":"","meta":{"footnotes":""},"class_list":["post-638","page","type-page","status-publish","hentry"],"yoast_head":"<!-- This site is optimized with the Yoast SEO plugin v26.7 - https:\/\/yoast.com\/wordpress\/plugins\/seo\/ -->\n<title>Laborat\u00f3rio - LELO - UFPel<\/title>\n<meta name=\"robots\" content=\"index, follow, max-snippet:-1, max-image-preview:large, max-video-preview:-1\" \/>\n<link rel=\"canonical\" href=\"https:\/\/wp.ufpel.edu.br\/laboratorioelo\/laboratorio\/\" \/>\n<meta property=\"og:locale\" content=\"pt_BR\" \/>\n<meta property=\"og:type\" content=\"article\" \/>\n<meta property=\"og:title\" content=\"Laborat\u00f3rio - LELO - UFPel\" \/>\n<meta property=\"og:description\" content=\"Coordena\u00e7\u00e3o Coordenadora administrativa: Prof\u00aa Dr. Giovana FERREIRA-GON\u00c7ALVES Coordenadora cient\u00edfica: Prof\u00aa Dr. Mirian Rose BRUM-DE-PAULA Cria\u00e7\u00e3o do Laborat\u00f3rio O\u00a0Laborat\u00f3rio Emerg\u00eancia da Linguagem Oral &#8211; LELO\u00a0&#8211; foi criado em 2010 com recursos advindos, inicialmente, do Edital Pesquisador Ga\u00facho\/ FAPERGS. De l\u00e1 para c\u00e1, o LELO contou com a aquisi\u00e7\u00e3o de equipamentos por meio de v\u00e1rios editais (CAPES,... Leia mais\" \/>\n<meta property=\"og:url\" content=\"https:\/\/wp.ufpel.edu.br\/laboratorioelo\/laboratorio\/\" \/>\n<meta property=\"og:site_name\" content=\"LELO - UFPel\" \/>\n<meta property=\"article:modified_time\" content=\"2018-07-13T19:52:50+00:00\" \/>\n<meta property=\"og:image\" content=\"https:\/\/wp.ufpel.edu.br\/laboratorioelo\/files\/2018\/07\/P1000700E-1024x661.jpg\" \/>\n<meta name=\"twitter:card\" content=\"summary_large_image\" \/>\n<meta name=\"twitter:label1\" content=\"Est. tempo de leitura\" \/>\n\t<meta name=\"twitter:data1\" content=\"3 minutos\" \/>\n<script type=\"application\/ld+json\" class=\"yoast-schema-graph\">{\"@context\":\"https:\/\/schema.org\",\"@graph\":[{\"@type\":\"WebPage\",\"@id\":\"https:\/\/wp.ufpel.edu.br\/laboratorioelo\/laboratorio\/\",\"url\":\"https:\/\/wp.ufpel.edu.br\/laboratorioelo\/laboratorio\/\",\"name\":\"Laborat\u00f3rio - LELO - UFPel\",\"isPartOf\":{\"@id\":\"https:\/\/wp.ufpel.edu.br\/laboratorioelo\/#website\"},\"primaryImageOfPage\":{\"@id\":\"https:\/\/wp.ufpel.edu.br\/laboratorioelo\/laboratorio\/#primaryimage\"},\"image\":{\"@id\":\"https:\/\/wp.ufpel.edu.br\/laboratorioelo\/laboratorio\/#primaryimage\"},\"thumbnailUrl\":\"https:\/\/wp.ufpel.edu.br\/laboratorioelo\/files\/2018\/07\/P1000700E-1024x661.jpg\",\"datePublished\":\"2017-09-01T18:52:22+00:00\",\"dateModified\":\"2018-07-13T19:52:50+00:00\",\"breadcrumb\":{\"@id\":\"https:\/\/wp.ufpel.edu.br\/laboratorioelo\/laboratorio\/#breadcrumb\"},\"inLanguage\":\"pt-BR\",\"potentialAction\":[{\"@type\":\"ReadAction\",\"target\":[\"https:\/\/wp.ufpel.edu.br\/laboratorioelo\/laboratorio\/\"]}]},{\"@type\":\"ImageObject\",\"inLanguage\":\"pt-BR\",\"@id\":\"https:\/\/wp.ufpel.edu.br\/laboratorioelo\/laboratorio\/#primaryimage\",\"url\":\"https:\/\/wp.ufpel.edu.br\/laboratorioelo\/files\/2018\/07\/P1000700E.jpg\",\"contentUrl\":\"https:\/\/wp.ufpel.edu.br\/laboratorioelo\/files\/2018\/07\/P1000700E.jpg\",\"width\":1600,\"height\":1033},{\"@type\":\"BreadcrumbList\",\"@id\":\"https:\/\/wp.ufpel.edu.br\/laboratorioelo\/laboratorio\/#breadcrumb\",\"itemListElement\":[{\"@type\":\"ListItem\",\"position\":1,\"name\":\"Home\",\"item\":\"https:\/\/wp.ufpel.edu.br\/laboratorioelo\/\"},{\"@type\":\"ListItem\",\"position\":2,\"name\":\"Laborat\u00f3rio\"}]},{\"@type\":\"WebSite\",\"@id\":\"https:\/\/wp.ufpel.edu.br\/laboratorioelo\/#website\",\"url\":\"https:\/\/wp.ufpel.edu.br\/laboratorioelo\/\",\"name\":\"LELO - UFPEL\",\"description\":\"\",\"publisher\":{\"@id\":\"https:\/\/wp.ufpel.edu.br\/laboratorioelo\/#organization\"},\"potentialAction\":[{\"@type\":\"SearchAction\",\"target\":{\"@type\":\"EntryPoint\",\"urlTemplate\":\"https:\/\/wp.ufpel.edu.br\/laboratorioelo\/?s={search_term_string}\"},\"query-input\":{\"@type\":\"PropertyValueSpecification\",\"valueRequired\":true,\"valueName\":\"search_term_string\"}}],\"inLanguage\":\"pt-BR\"},{\"@type\":\"Organization\",\"@id\":\"https:\/\/wp.ufpel.edu.br\/laboratorioelo\/#organization\",\"name\":\"Laborat\u00f3rio ELO\",\"url\":\"https:\/\/wp.ufpel.edu.br\/laboratorioelo\/\",\"logo\":{\"@type\":\"ImageObject\",\"inLanguage\":\"pt-BR\",\"@id\":\"https:\/\/wp.ufpel.edu.br\/laboratorioelo\/#\/schema\/logo\/image\/\",\"url\":\"https:\/\/wp.ufpel.edu.br\/laboratorioelo\/files\/2017\/08\/Lelo_logo_pretoBranco2-1.png\",\"contentUrl\":\"https:\/\/wp.ufpel.edu.br\/laboratorioelo\/files\/2017\/08\/Lelo_logo_pretoBranco2-1.png\",\"width\":1153,\"height\":569,\"caption\":\"Laborat\u00f3rio ELO\"},\"image\":{\"@id\":\"https:\/\/wp.ufpel.edu.br\/laboratorioelo\/#\/schema\/logo\/image\/\"}}]}<\/script>\n<!-- \/ Yoast SEO plugin. -->","yoast_head_json":{"title":"Laborat\u00f3rio - LELO - UFPel","robots":{"index":"index","follow":"follow","max-snippet":"max-snippet:-1","max-image-preview":"max-image-preview:large","max-video-preview":"max-video-preview:-1"},"canonical":"https:\/\/wp.ufpel.edu.br\/laboratorioelo\/laboratorio\/","og_locale":"pt_BR","og_type":"article","og_title":"Laborat\u00f3rio - LELO - UFPel","og_description":"Coordena\u00e7\u00e3o Coordenadora administrativa: Prof\u00aa Dr. Giovana FERREIRA-GON\u00c7ALVES Coordenadora cient\u00edfica: Prof\u00aa Dr. Mirian Rose BRUM-DE-PAULA Cria\u00e7\u00e3o do Laborat\u00f3rio O\u00a0Laborat\u00f3rio Emerg\u00eancia da Linguagem Oral &#8211; LELO\u00a0&#8211; foi criado em 2010 com recursos advindos, inicialmente, do Edital Pesquisador Ga\u00facho\/ FAPERGS. De l\u00e1 para c\u00e1, o LELO contou com a aquisi\u00e7\u00e3o de equipamentos por meio de v\u00e1rios editais (CAPES,... Leia mais","og_url":"https:\/\/wp.ufpel.edu.br\/laboratorioelo\/laboratorio\/","og_site_name":"LELO - UFPel","article_modified_time":"2018-07-13T19:52:50+00:00","og_image":[{"url":"https:\/\/wp.ufpel.edu.br\/laboratorioelo\/files\/2018\/07\/P1000700E-1024x661.jpg","type":"","width":"","height":""}],"twitter_card":"summary_large_image","twitter_misc":{"Est. tempo de leitura":"3 minutos"},"schema":{"@context":"https:\/\/schema.org","@graph":[{"@type":"WebPage","@id":"https:\/\/wp.ufpel.edu.br\/laboratorioelo\/laboratorio\/","url":"https:\/\/wp.ufpel.edu.br\/laboratorioelo\/laboratorio\/","name":"Laborat\u00f3rio - LELO - UFPel","isPartOf":{"@id":"https:\/\/wp.ufpel.edu.br\/laboratorioelo\/#website"},"primaryImageOfPage":{"@id":"https:\/\/wp.ufpel.edu.br\/laboratorioelo\/laboratorio\/#primaryimage"},"image":{"@id":"https:\/\/wp.ufpel.edu.br\/laboratorioelo\/laboratorio\/#primaryimage"},"thumbnailUrl":"https:\/\/wp.ufpel.edu.br\/laboratorioelo\/files\/2018\/07\/P1000700E-1024x661.jpg","datePublished":"2017-09-01T18:52:22+00:00","dateModified":"2018-07-13T19:52:50+00:00","breadcrumb":{"@id":"https:\/\/wp.ufpel.edu.br\/laboratorioelo\/laboratorio\/#breadcrumb"},"inLanguage":"pt-BR","potentialAction":[{"@type":"ReadAction","target":["https:\/\/wp.ufpel.edu.br\/laboratorioelo\/laboratorio\/"]}]},{"@type":"ImageObject","inLanguage":"pt-BR","@id":"https:\/\/wp.ufpel.edu.br\/laboratorioelo\/laboratorio\/#primaryimage","url":"https:\/\/wp.ufpel.edu.br\/laboratorioelo\/files\/2018\/07\/P1000700E.jpg","contentUrl":"https:\/\/wp.ufpel.edu.br\/laboratorioelo\/files\/2018\/07\/P1000700E.jpg","width":1600,"height":1033},{"@type":"BreadcrumbList","@id":"https:\/\/wp.ufpel.edu.br\/laboratorioelo\/laboratorio\/#breadcrumb","itemListElement":[{"@type":"ListItem","position":1,"name":"Home","item":"https:\/\/wp.ufpel.edu.br\/laboratorioelo\/"},{"@type":"ListItem","position":2,"name":"Laborat\u00f3rio"}]},{"@type":"WebSite","@id":"https:\/\/wp.ufpel.edu.br\/laboratorioelo\/#website","url":"https:\/\/wp.ufpel.edu.br\/laboratorioelo\/","name":"LELO - UFPEL","description":"","publisher":{"@id":"https:\/\/wp.ufpel.edu.br\/laboratorioelo\/#organization"},"potentialAction":[{"@type":"SearchAction","target":{"@type":"EntryPoint","urlTemplate":"https:\/\/wp.ufpel.edu.br\/laboratorioelo\/?s={search_term_string}"},"query-input":{"@type":"PropertyValueSpecification","valueRequired":true,"valueName":"search_term_string"}}],"inLanguage":"pt-BR"},{"@type":"Organization","@id":"https:\/\/wp.ufpel.edu.br\/laboratorioelo\/#organization","name":"Laborat\u00f3rio ELO","url":"https:\/\/wp.ufpel.edu.br\/laboratorioelo\/","logo":{"@type":"ImageObject","inLanguage":"pt-BR","@id":"https:\/\/wp.ufpel.edu.br\/laboratorioelo\/#\/schema\/logo\/image\/","url":"https:\/\/wp.ufpel.edu.br\/laboratorioelo\/files\/2017\/08\/Lelo_logo_pretoBranco2-1.png","contentUrl":"https:\/\/wp.ufpel.edu.br\/laboratorioelo\/files\/2017\/08\/Lelo_logo_pretoBranco2-1.png","width":1153,"height":569,"caption":"Laborat\u00f3rio ELO"},"image":{"@id":"https:\/\/wp.ufpel.edu.br\/laboratorioelo\/#\/schema\/logo\/image\/"}}]}},"jetpack_sharing_enabled":true,"_links":{"self":[{"href":"https:\/\/wp.ufpel.edu.br\/laboratorioelo\/wp-json\/wp\/v2\/pages\/638","targetHints":{"allow":["GET"]}}],"collection":[{"href":"https:\/\/wp.ufpel.edu.br\/laboratorioelo\/wp-json\/wp\/v2\/pages"}],"about":[{"href":"https:\/\/wp.ufpel.edu.br\/laboratorioelo\/wp-json\/wp\/v2\/types\/page"}],"author":[{"embeddable":true,"href":"https:\/\/wp.ufpel.edu.br\/laboratorioelo\/wp-json\/wp\/v2\/users\/386"}],"replies":[{"embeddable":true,"href":"https:\/\/wp.ufpel.edu.br\/laboratorioelo\/wp-json\/wp\/v2\/comments?post=638"}],"version-history":[{"count":9,"href":"https:\/\/wp.ufpel.edu.br\/laboratorioelo\/wp-json\/wp\/v2\/pages\/638\/revisions"}],"predecessor-version":[{"id":1024,"href":"https:\/\/wp.ufpel.edu.br\/laboratorioelo\/wp-json\/wp\/v2\/pages\/638\/revisions\/1024"}],"wp:attachment":[{"href":"https:\/\/wp.ufpel.edu.br\/laboratorioelo\/wp-json\/wp\/v2\/media?parent=638"}],"curies":[{"name":"wp","href":"https:\/\/api.w.org\/{rel}","templated":true}]}}