{"id":568,"date":"2017-09-01T13:56:04","date_gmt":"2017-09-01T16:56:04","guid":{"rendered":"https:\/\/wp.ufpel.edu.br\/laboratorioelo\/?page_id=568"},"modified":"2018-07-20T09:47:26","modified_gmt":"2018-07-20T12:47:26","slug":"artigos","status":"publish","type":"page","link":"https:\/\/wp.ufpel.edu.br\/laboratorioelo\/artigos\/","title":{"rendered":"Artigos"},"content":{"rendered":"<h4 style=\"text-align: center\"><strong><span style=\"font-size: 18pt\">2018<\/span><\/strong><\/h4>\n<p style=\"text-align: justify\"><span style=\"font-size: 10pt\">CORREA, B. T. ;\u00a0Ferreira-Gon\u00e7alves, Giovana\u00a0;\u00a0Brum-de-Paula, Mirian Rose\u00a0. <a href=\"http:\/\/www.rle.ucpel.tche.br\/index.php\/rle\/article\/view\/2078\/1228\" target=\"_blank\" rel=\"noopener\"><strong>Aquisi\u00e7\u00e3o das vogais nasais [\u025b\u0303], [\u00e3] e [\u0254\u0303] por aprendizes brasileiros de FLE: aspectos duracionais<\/strong><\/a>. Linguagem &amp; Ensino (UCPel), v. 21, p. 73-118, 2018.<\/span><\/p>\n<p style=\"text-align: justify\"><span style=\"font-size: 10pt\">DAME, V. S. ;\u00a0Ferreira-Gon\u00e7alves, Giovana\u00a0. <a href=\"https:\/\/online.unisc.br\/seer\/index.php\/signo\/article\/view\/11531\/pdf\" target=\"_blank\" rel=\"noopener\"><strong>As plosivas nas s\u00e9ries iniciais: o papel do contexto na ocorr\u00eancia de trocas ortogr\u00e1ficas<\/strong><\/a>. Signo, v. 43, p. 32-42, 2018.<\/span><\/p>\n<hr \/>\n<h4 style=\"text-align: center\"><strong><span style=\"font-size: 18pt\">2017<\/span><\/strong><\/h4>\n<p style=\"text-align: justify\"><span style=\"font-size: 10pt\">BARBIERI, T. T. ;\u00a0Ferreira-Gon\u00e7alves, Giovana. <a href=\"http:\/\/dx.doi.org\/10.15448\/1984-4301.2017.2.26452\" target=\"_blank\" rel=\"noopener\"><strong>Aquisi\u00e7\u00e3o de encontros consonantais: uma an\u00e1lise de dados naturais e experimentais.<\/strong> <\/a>LETR\u00d4NICA, v. 10, p. 624-633, 2017.<\/span><\/p>\n<p style=\"text-align: justify\"><span style=\"font-size: 10pt\">BILHARVA DA SILVA, F. ;\u00a0Ferreira-Gon\u00e7alves, Giovana. <strong><a href=\"http:\/\/www.ojs.ufpi.br\/index.php\/ininga\/article\/view\/5959\">Fronteiras lingu\u00edsticas e culturais: aspectos fonol\u00f3gicos do hunsr\u00fcckisch na aquisi\u00e7\u00e3o da escrita do portugu\u00eas.<\/a><\/strong> REVISTA ININGA, v. 4, p. 39-58, 2017.<\/span><\/p>\n<p style=\"text-align: justify\"><span style=\"font-size: 10pt\">BILHARVA DA SILVA, F. ;\u00a0Ferreira-Gon\u00e7alves, Giovana. <a href=\"https:\/\/revistadaanpoll.emnuvens.com.br\/revista\/article\/viewFile\/964\/890\"><strong>Quando o ca[x]o vira ca[r]o: a percep\u00e7\u00e3o dos r\u00f3ticos em um munic\u00edpio de coloniza\u00e7\u00e3o alem\u00e3.<\/strong> <\/a>REVISTA DA ANPOLL (ONLINE), v. 1, p. 28-40, 2017.<\/span><\/p>\n<p style=\"text-align: justify\"><span style=\"font-size: 10pt\">CORREA, B. T. ;\u00a0Ferreira-Gon\u00e7alves, Giovana\u00a0;\u00a0Brum-de-Paula, Mirian Rose. <strong><a href=\"https:\/\/periodicos.ufsc.br\/index.php\/desterro\/article\/view\/2175-8026.2017v70n3p131\">Aquisi\u00e7\u00e3o das vogais nasais francesas [\u025b\u0303], [\u00e3] e [\u0254\u0303] por aprendizes brasileiros: aspectos articulat\u00f3rios.<\/a><\/strong> ILHA DO DESTERRO (UFSC), v. 3, p. 131-149, 2017.<\/span><\/p>\n<p style=\"text-align: justify\"><span style=\"font-size: 10pt\">DACU\u00d1A BADARACCO, L. M. ;\u00a0Brum-de-Paula, Mirian Rose ;\u00a0Barbieri, Thais Telles<\/span><span style=\"font-size: 10pt\">. <strong><a href=\"https:\/\/dialnet.unirioja.es\/servlet\/articulo?codigo=6323196\">A express\u00e3o dos processos sentar e levantar em relatos descritivos do portugu\u00eas do brasil e do espanhol do Uruguai.<\/a><\/strong> SIGNOTICA (UFG), v. 29, p. 482-503, 2017.<\/span><\/p>\n<p style=\"text-align: justify\"><span style=\"font-size: 10pt\">DAME, V. S. ;\u00a0Ferreira-Gon\u00e7alves, Giovana. <strong><a href=\"https:\/\/doi.org\/10.5216\/sig.v29i2.35632\">Trocas ortogr\u00e1ficas de consoantes oclusivas no portugu\u00eas brasileiro.<\/a> <\/strong>SIGNOTICA (UFG), v. 29, p. 504-527, 2017.<\/span><\/p>\n<p style=\"text-align: justify\"><span style=\"font-size: 10pt\">FERREIRA-GON\u00c7ALVES, G. <strong><a href=\"https:\/\/gradusjournal.com\/index.php\/gradus\/article\/view\/14\">Fonologia Gestual e Teoria da Otimidade.<\/a><\/strong> Revista Brasileira de Fonologia de Laborat\u00f3rio. v. 2, p. 73-82, 2017.<\/span><\/p>\n<p style=\"text-align: justify\"><span style=\"font-size: 10pt\">FERREIRA-GON\u00c7ALVES, G. ; Othero, Gabriel.\u00a0<strong><a href=\"http:\/\/www.revel.inf.br\/files\/ce0aa12e78d34cc40820596fe4395794.pdf\">Sobre Teoria da Otimidade: uma conversa com Giovana Ferreira Gon\u00e7alves, por Gabriel de \u00c1vila Othero.<\/a><\/strong> REVISTA VIRTUAL DE ESTUDOS DA LINGUAGEM, v. 15, p. 380-393, 2017.<\/span><\/p>\n<p style=\"text-align: justify\"><span style=\"font-size: 10pt\">FERREIRA-GON\u00c7ALVES, G. ; Vieira, Aline. Rosinski. <strong><a href=\"http:\/\/periodicos.ufes.br\/contextoslinguisticos\/article\/view\/17036\">A l\u00edquida lateral na produ\u00e7\u00e3o de bil\u00edngues polon\u00eas\/portugu\u00eas.<\/a> <\/strong>(CON)TEXTOS LINGU\u00cdSTICOS, v. 11, p. 39-53, 2017.<\/span><\/p>\n<p style=\"text-align: justify\"><span style=\"font-size: 10pt\">SANTOS, P. O. ;\u00a0Ferreira-Gon\u00e7alves, Giovana\u00a0; Vieira, Maria Jos\u00e9 Blaskovski. <strong><a href=\"http:\/\/periodicos.urca.br\/ojs\/index.php\/MigREN\/article\/view\/1390\">Habilidades em Consci\u00eancia Fonoarticulat\u00f3ria de crian\u00e7as monol\u00edngues e bil\u00edngues (pomerano\/portugu\u00eas): dados de Arroio do Padre\/RS.<\/a><\/strong> MIGUILIM &#8211; REVISTA ELETR\u00d4NICA DO NETLLI, v. 6, p. 25-43, 2017.<br \/>\n<\/span><\/p>\n<hr \/>\n<h4 style=\"text-align: center\"><span style=\"font-size: 18pt\"><strong>2016<\/strong><\/span><\/h4>\n<p style=\"text-align: justify\"><span style=\"font-size: 10pt\">BADARACCO, L. ;\u00a0Brum-de-Paula, Mirian Rose.\u00a0<strong><a href=\"http:\/\/ojs.letras.up.pt\/index.php\/APL\/article\/view\/1587\" target=\"_blank\" rel=\"noopener\">Descompassos entre texto de partida e sua tradu\u00e7\u00e3o: manuten\u00e7\u00e3o e reconfigura\u00e7\u00e3o de sentidos.<\/a><\/strong> Revista da Associa\u00e7\u00e3o Portuguesa de Lingu\u00edstica, v. 1, p. 105-125, 2016.<\/span><\/p>\n<p style=\"text-align: justify\"><span style=\"font-size: 10pt\">BILHARVA-DA-SILVA, F. ;\u00a0Ferreira-Gon\u00e7alves, Giovana. <a href=\"http:\/\/www.revel.inf.br\/files\/4a2713fe70679c0e56f1f6c92431ad18.pdf\" target=\"_blank\" rel=\"noopener\"><strong>Banco PPOMSUL (Portugu\u00eas Pomerano do Sul): os r\u00f3ticos em Pelotas e Arroio do Padre (RS).<\/strong><\/a> Revista Virtual de Estudos da Linguagem, v. 13, p. 72-91, 2016.<\/span><\/p>\n<p style=\"text-align: justify\"><span style=\"font-size: 10pt\">CASERO, K. B. ;\u00a0Brum-de-Paula, Mirian Rose ;\u00a0Ferreira-Gon\u00e7alves, Giovana.<a href=\"http:\/\/revel.inf.br\/files\/a47bbeefe68d004e36eacf200cc52dcf.pdf\" target=\"_blank\" rel=\"noopener\"><strong> A consoante lateral palatal: an\u00e1lise ac\u00fastica e articulat\u00f3ria \u00e0 luz da Fonologia Gestual.<\/strong><\/a> REVISTA VIRTUAL DE ESTUDOS DA LINGUAGEM, v. 14, p. 79-114, 2016.<br \/>\n<\/span><\/p>\n<hr \/>\n<h4 style=\"text-align: center\"><span style=\"font-size: 18pt\"><strong>2015<\/strong><\/span><\/h4>\n<p style=\"text-align: justify\"><span style=\"font-size: 10pt\">BADARACCO, L .; Brum-de-Paula, Mirian Rose. <a href=\"https:\/\/doi.org\/10.5007\/2175-7968.2015v35n1p118\" target=\"_blank\" rel=\"noopener\"><strong>Traduzir \u00e9 categorizar: Um caso de tradu\u00e7\u00e3o interlingu\u00edstica espanhol-portugu\u00eas.<\/strong><\/a> Cadernos de Tradu\u00e7\u00e3o, v. 35, p. 118-138, 2015.<\/span><\/p>\n<p style=\"text-align: justify\"><span style=\"font-size: 10pt\">BILHARVA-DA-SILVA, F. ;\u00a0Ferreira-Gon\u00e7alves, Giovana. <a href=\"https:\/\/periodicos.ufpel.edu.br\/ojs2\/index.php\/cadernodeletras\/article\/view\/7276\" target=\"_blank\" rel=\"noopener\"><strong>Aspectos fon\u00e9tico-fonol\u00f3gicos na produ\u00e7\u00e3o dos r\u00f3ticos por falantes bil\u00edngues (portugu\u00eas- pomerano).<\/strong><\/a> Caderno de Letras (UFPEL), v. 1, p. 55-82, 2015.<\/span><\/p>\n<p style=\"text-align: justify\"><span style=\"font-size: 10pt\">BRUM-DE-PAULA, M. R. ; Ferreira-Gon\u00e7alves, Giovana. <a href=\"http:\/\/www.gragoata.uff.br\/index.php\/gragoata\/article\/view\/399\" target=\"_blank\" rel=\"noopener\"><strong>Desenvolvimento lexical e gramaticaliza\u00e7\u00e3o na aquisi\u00e7\u00e3o do Portugu\u00eas Brasileiro.<\/strong> <\/a>Revista Gragoat\u00e1 (UFF), v. 20, p. 288-308, 2015.<br \/>\n<\/span><\/p>\n<hr \/>\n<h4 style=\"text-align: center\"><span style=\"font-size: 18pt\"><strong>2014<\/strong><\/span><\/h4>\n<p style=\"text-align: justify\"><span style=\"font-size: 10pt\">FERREIRA-GON\u00c7ALVES, G. ; Silva, Felipe Bilharva da. <a href=\"http:\/\/periodicos.ufes.br\/contextoslinguisticos\/article\/view\/7351\" target=\"_blank\" rel=\"noopener\"><strong>Os segmentos r\u00f3ticos m\u00fatuas influ\u00eancias entre fala, escrita e percep\u00e7\u00e3o.<\/strong><\/a> Contexto (UFES), v. 8, p. 83-102, 2014.<br \/>\n<\/span><\/p>\n<hr \/>\n<h4 style=\"text-align: center\"><span style=\"font-size: 18pt\"><strong>2013<\/strong><\/span><\/h4>\n<p style=\"text-align: justify\"><span style=\"font-size: 10pt\">AMARAL, V. S. ;\u00a0Ferreira-Gon\u00e7alves, Giovana. <a href=\"https:\/\/revistas.ufrj.br\/index.php\/diadorim\/article\/view\/4061\" target=\"_blank\" rel=\"noopener\"><strong>Produ\u00e7\u00f5es orais e escritas dos ditongos [aj], [ej] e [ow]: dados de S\u00e3o Jos\u00e9 do Norte\/RS.<\/strong><\/a> Diadorim (Rio de Janeiro), v. 14, p. 127-154, 2013.<\/span><\/p>\n<p style=\"text-align: justify\"><span style=\"font-size: 10pt\">BRUM-DE-PAULA, M. R. ; Casero, Katiane Teixeira Barcelos; Dias-Cavalheiro, Bruna Santana. <a href=\"http:\/\/www.periodicos.ufpb.br\/index.php\/prolingua\/article\/viewFile\/19344\/10737\" target=\"_blank\" rel=\"noopener\"><strong>A refer\u00eancia ao tempo em textos narrativos de crian\u00e7as e adolescentes aprendizes do portugues brasileiro.<\/strong><\/a> Prol\u00edngua (Jo\u00e3o Pessoa), v. 8, p. 258-270, 2013.<\/span><\/p>\n<p style=\"text-align: justify\"><span style=\"font-size: 10pt\">FERREIRA-GON\u00c7ALVES, G. ; SILVA, Felipe Bilharva da. ;\u00a0Weirich, Helena Cristina. <a href=\"http:\/\/www.periodicos.ufpb.br\/index.php\/prolingua\/article\/view\/19323\" target=\"_blank\" rel=\"noopener\"><strong>Produ\u00e7\u00e3o dos r\u00f3ticos durante a aquisi\u00e7\u00e3o da linguagem escrita: a l\u00edngua de imigra\u00e7\u00e3o Hunsr\u00fcckisch.<\/strong> <\/a>Prol\u00edngua (Jo\u00e3o Pessoa), v. 8, p. 67-82, 2013.<br \/>\n<\/span><\/p>\n<hr \/>\n<h4 style=\"text-align: center\"><span style=\"font-size: 18pt\"><strong>2012<\/strong><\/span><\/h4>\n<p style=\"text-align: justify\"><span style=\"font-size: 10pt\">BERTI, L. ;\u00a0Ferreira-Gon\u00e7alves, Giovana. <a href=\"http:\/\/dx.doi.org\/10.5380\/rabl.v11i1.32465\" target=\"_blank\" rel=\"noopener\"><strong>A aquisi\u00e7\u00e3o do contraste entre \/t\/ e \/k\/ sob a \u00f3tica din\u00e2mica.<\/strong> <\/a>Revista da ABRALIN, v. 2, p. 139-195, 2012.<\/span><\/p>\n<p style=\"text-align: justify\"><span style=\"font-size: 10pt\">BRUM-DE-PAULA, M. R. ;\u00a0Ferreira-Gon\u00e7alves, Giovana. <a href=\"http:\/\/revistaseletronicas.pucrs.br\/ojs\/index.php\/fale\/article\/viewFile\/11865\/8084\" target=\"_blank\" rel=\"noopener\"><strong>Aquisi\u00e7\u00e3o da linguagem e harmonia voc\u00e1lica.<\/strong><\/a> Letras de Hoje (Impresso), v. 47, p. 333-341, 2012.<\/span><\/p>\n<p style=\"text-align: justify\"><span style=\"font-size: 10pt\">FERREIRA-GONCALVES, G. ;\u00a0Brum-de-Paula, Mirian Rose. <a href=\"http:\/\/www.seer.ufu.br\/index.php\/letraseletras\/article\/view\/25864\" target=\"_blank\" rel=\"noopener\"><strong>Aquisi\u00e7\u00e3o da linguagem e harmonia voc\u00e1lica: uma an\u00e1lise via teoria da Otimidade.<\/strong> <\/a>Letras &amp; Letras (Online), v. 28, p. 347-362, 2012.<br \/>\n<\/span><\/p>\n<hr \/>\n<h4 style=\"text-align: center\"><span style=\"font-size: 18pt\"><strong>2011<\/strong><\/span><\/h4>\n<p style=\"text-align: justify\"><span style=\"font-size: 10pt\">VE\u00c7OSSI, C. E. ;\u00a0Ferreira-Gon\u00e7alves, Giovana. <a href=\"http:\/\/letras.ufpel.edu.br\/verbavolant\/segundo\/vecossi2.pdf\" target=\"_blank\" rel=\"noopener\"><strong>A hipo e a hipersegmenta\u00e7\u00e3o em dados de escrita de alunos da 8a. s\u00e9rie.<\/strong><\/a> Verba Volant (UFPEL), v. 1, p. 44-64, 2011.<br \/>\n<\/span><\/p>\n<hr \/>\n<h4 style=\"text-align: center\"><span style=\"font-size: 18pt\"><strong>2010<\/strong><\/span><\/h4>\n<p><span style=\"font-size: 10pt\">BRUM-DE-PAULA, M. R.\u00a0<strong><a href=\"http:\/\/www.revel.inf.br\/files\/artigos\/revel_15_broto_da_fala.pdf\" target=\"_blank\" rel=\"noopener\">Broto da fala: o papel da pros\u00f3dia no despertar da linguagem<\/a>.<\/strong> Revista Virtual de Estudos da Linguagem, v. 8, p. 82-94, 2010.<\/span><\/p>\n<p style=\"text-align: justify\"><span style=\"font-size: 10pt\">CERON, M. I. ;\u00a0Keske-Soares, M\u00e1rcia ;\u00a0Ferreira-Gon\u00e7alves, Giovana. <a href=\"http:\/\/www.scielo.br\/pdf\/rsbf\/v15n2\/20.pdf\" target=\"_blank\" rel=\"noopener\"><strong>Escolha dos sons-alvo para terapia: an\u00e1lise com enfoque em tra\u00e7os distintivos.<\/strong><\/a> Revista da Sociedade Brasileira de Fonoaudiologia, v. 15, p. 270-276, 2010.<\/span><\/p>\n<p style=\"text-align: justify\"><span style=\"font-size: 10pt\">CHECALIN, M. A. ; Ghisleni, Maria Rita Leal ;\u00a0Ferreira-Gon\u00e7alves, Giovana ; Keske-Soares, M\u00e1rcia ;\u00a0Mota, Helena Bolli. <a href=\"http:\/\/www.scielo.br\/pdf\/pfono\/v22n3\/a34v22n3.pdf\" target=\"_blank\" rel=\"noopener\"><strong>A regress\u00e3o observada no tratamento do desvio fonol\u00f3gico.<\/strong><\/a> Pr\u00f3-Fono (Impresso), v. 22, p. 363-366, 2010.<\/span><\/p>\n<p style=\"text-align: justify\"><span style=\"font-size: 10pt\">CHECALIN, M. A. ; Ghisleni, Maria Rita Leal ;\u00a0Ferreira-Gon\u00e7alves, Giovana ; Keske-Soares, M\u00e1rcia ;\u00a0Mota, Helena Bolli.<strong>\u00a0<a href=\"http:\/\/www.scielo.br\/pdf\/pfono\/v22n3\/en_a34v22n3.pdf\" target=\"_blank\" rel=\"noopener\">Relapse observed in the treatment of phonological disorder.<\/a><\/strong> Pr\u00f3-Fono (Impresso), v. 22, p. 363-366, 2010.<\/span><\/p>\n<p style=\"text-align: justify\"><span style=\"font-size: 10pt\">FERREIRA-GON\u00c7ALVES, G. <a href=\"http:\/\/www.revel.inf.br\/files\/artigos\/revel_15_aquisicao_prosodica_do_portugues.pdf\" target=\"_blank\" rel=\"noopener\"><strong>Aquisi\u00e7\u00e3o pros\u00f3dica do portugu\u00eas: o acento em suas formas marcadas.<\/strong><\/a> Revista Virtual de Estudos da Linguagem, v. 8, p. 61-81, 2010.<\/span><\/p>\n<p style=\"text-align: justify\"><span style=\"font-size: 10pt\">FERREIRA-GON\u00c7ALVES, G. ; Keske-Soares, M\u00e1rcia ; Checalin, Mard\u00f4nia Alves. <a href=\"http:\/\/www.scielo.br\/pdf\/rsbf\/v15n1\/16.pdf\" target=\"_blank\" rel=\"noopener\"><strong>Estudo do papel do contexto lingu\u00edstico no tratamento do desvio fonol\u00f3gico.<\/strong><\/a> Revista da Sociedade Brasileira de Fonoaudiologia, v. 15, p. 96-102, 2010.<\/span><\/p>\n<p style=\"text-align: justify\"><span style=\"font-size: 10pt\">FERREIRA-GON\u00c7ALVES, G. ;\u00a0Kupske, Felipe Flores. <a href=\"http:\/\/www.seer.ufal.br\/index.php\/revistaleitura\/article\/view\/311\" target=\"_blank\" rel=\"noopener\"><strong>Um caso de opacidade fonol\u00f3gica na aquisi\u00e7\u00e3o do PB: um problema \u00f3timo ou uma quest\u00e3o exemplar?.<\/strong><\/a> Leitura (UFAL), v. 46, p. 125-148, 2010.<\/span><\/p>\n<p style=\"text-align: justify\"><span style=\"font-size: 10pt\">KUPSKE, F. F. ; Ve\u00e7ossi, Cristiano Egger ;\u00a0Ferreira-Gon\u00e7alves, Giovana. <a href=\"http:\/\/letras.ufpel.edu.br\/verbavolant\/felipe_cristiano_giovana.pdf\" target=\"_blank\" rel=\"noopener\"><strong>A aquisi\u00e7\u00e3o da fricativa \/z\/ e o algoritmo gradual de aprendizagem: evid\u00eancias emp\u00edricas via valores de restri\u00e7\u00f5es.<\/strong> <\/a>Verba Volant (UFPEL), v. 1, p. 110-120, 2010.<\/span><\/p>\n<p style=\"text-align: justify\"><span style=\"font-size: 10pt\">LEITAO, E. L.\u00a0;\u00a0Ferreira-Gon\u00e7alves, Giovana\u00a0. <a href=\"http:\/\/revistaseletronicas.pucrs.br\/ojs\/index.php\/letronica\/article\/view\/7109\" target=\"_blank\" rel=\"noopener\"><strong>O papel do l\u00e9xico na aquisi\u00e7\u00e3o das fricativas interdentais do ingl\u00eas: uma abordagem via Teoria da Otimidade Conexionista.<\/strong> <\/a>Letr\u00f4nica, v. 3, p. 164-181, 2010.<\/span><\/p>\n<p style=\"text-align: justify\"><span style=\"font-size: 10pt\">OTHERO, G. ;\u00a0Ferreira-Gon\u00e7alves, Giovana. <a href=\"http:\/\/www.revel.inf.br\/files\/resenhas\/revel_15_resenha_exercicios_de_fonetica_e_fonologia.pdf\" target=\"_blank\" rel=\"noopener\"><strong>Exerc\u00edcios de fon\u00e9tica e fonologia.<\/strong> Revista Virtual de Estudos da Linguagem<\/a>, v. 8, p. 230-237, 2010.<\/span><\/p>\n<p style=\"text-align: justify\"><span style=\"font-size: 10pt\">PERSKE, K. E. ; Nunes, Glivia Guimar\u00e3es ;\u00a0Ferreira-Gon\u00e7alves, Giovana. <a href=\"http:\/\/w3.ufsm.br\/revistaideias\/arquivos%20pdf%20revista%2025\/o%20bilinguismo%20portugues%20alemao%20e%20a%20influencia%20da%20oralidade%20na%20escrita.pdf\" target=\"_blank\" rel=\"noopener\"><strong>O bilinguismo portugu\u00eas\/alem\u00e3o: a influ\u00eancia da oralidade na escrita. <\/strong><\/a>Revista Id\u00e9ias (UFSM), v. 25, p. 1-12, 2010.<\/span><\/p>\n<p style=\"text-align: justify\"><span style=\"font-size: 10pt\">VE\u00c7OSSI, C. E. ;\u00a0Ferreira-Gon\u00e7alves, Giovana. <a href=\"http:\/\/www.seer.ufal.br\/index.php\/revistaleitura\/article\/view\/313\" target=\"_blank\" rel=\"noopener\"><strong>A hipo e a hipersegmenta\u00e7\u00e3o em dados de escrita de alunos da 8a. s\u00e9rie: influ\u00eancia exclusiva dos constituintes pros\u00f3dicos?.<\/strong><\/a> Leitura (UFAL), v. 46, p. 57-79, 2010.<\/span><\/p>\n","protected":false},"excerpt":{"rendered":"<p>2018 CORREA, B. T. ;\u00a0Ferreira-Gon\u00e7alves, Giovana\u00a0;\u00a0Brum-de-Paula, Mirian Rose\u00a0. Aquisi\u00e7\u00e3o das vogais nasais [\u025b\u0303], [\u00e3] e [\u0254\u0303] por aprendizes brasileiros de FLE: aspectos duracionais. Linguagem &amp; Ensino (UCPel), v. 21, p. 73-118, 2018. DAME, V. S. ;\u00a0Ferreira-Gon\u00e7alves, Giovana\u00a0. As plosivas nas s\u00e9ries iniciais: o papel do contexto na ocorr\u00eancia de trocas ortogr\u00e1ficas. Signo, v. 43, p&#8230;. <\/p>\n<div class=\"link-more\"><a href=\"https:\/\/wp.ufpel.edu.br\/laboratorioelo\/artigos\/\">Leia mais<\/a><\/div>\n","protected":false},"author":386,"featured_media":0,"parent":0,"menu_order":0,"comment_status":"closed","ping_status":"closed","template":"","meta":{"footnotes":""},"class_list":["post-568","page","type-page","status-publish","hentry"],"yoast_head":"<!-- This site is optimized with the Yoast SEO plugin v26.7 - https:\/\/yoast.com\/wordpress\/plugins\/seo\/ -->\n<title>Artigos - LELO - UFPel<\/title>\n<meta name=\"robots\" content=\"index, follow, max-snippet:-1, max-image-preview:large, max-video-preview:-1\" \/>\n<link rel=\"canonical\" href=\"https:\/\/wp.ufpel.edu.br\/laboratorioelo\/artigos\/\" \/>\n<meta property=\"og:locale\" content=\"pt_BR\" \/>\n<meta property=\"og:type\" content=\"article\" \/>\n<meta property=\"og:title\" content=\"Artigos - LELO - UFPel\" \/>\n<meta property=\"og:description\" content=\"2018 CORREA, B. T. ;\u00a0Ferreira-Gon\u00e7alves, Giovana\u00a0;\u00a0Brum-de-Paula, Mirian Rose\u00a0. Aquisi\u00e7\u00e3o das vogais nasais [\u025b\u0303], [\u00e3] e [\u0254\u0303] por aprendizes brasileiros de FLE: aspectos duracionais. Linguagem &amp; Ensino (UCPel), v. 21, p. 73-118, 2018. DAME, V. S. ;\u00a0Ferreira-Gon\u00e7alves, Giovana\u00a0. As plosivas nas s\u00e9ries iniciais: o papel do contexto na ocorr\u00eancia de trocas ortogr\u00e1ficas. Signo, v. 43, p.... Leia mais\" \/>\n<meta property=\"og:url\" content=\"https:\/\/wp.ufpel.edu.br\/laboratorioelo\/artigos\/\" \/>\n<meta property=\"og:site_name\" content=\"LELO - UFPel\" \/>\n<meta property=\"article:modified_time\" content=\"2018-07-20T12:47:26+00:00\" \/>\n<meta name=\"twitter:card\" content=\"summary_large_image\" \/>\n<meta name=\"twitter:label1\" content=\"Est. tempo de leitura\" \/>\n\t<meta name=\"twitter:data1\" content=\"6 minutos\" \/>\n<script type=\"application\/ld+json\" class=\"yoast-schema-graph\">{\"@context\":\"https:\/\/schema.org\",\"@graph\":[{\"@type\":\"WebPage\",\"@id\":\"https:\/\/wp.ufpel.edu.br\/laboratorioelo\/artigos\/\",\"url\":\"https:\/\/wp.ufpel.edu.br\/laboratorioelo\/artigos\/\",\"name\":\"Artigos - LELO - UFPel\",\"isPartOf\":{\"@id\":\"https:\/\/wp.ufpel.edu.br\/laboratorioelo\/#website\"},\"datePublished\":\"2017-09-01T16:56:04+00:00\",\"dateModified\":\"2018-07-20T12:47:26+00:00\",\"breadcrumb\":{\"@id\":\"https:\/\/wp.ufpel.edu.br\/laboratorioelo\/artigos\/#breadcrumb\"},\"inLanguage\":\"pt-BR\",\"potentialAction\":[{\"@type\":\"ReadAction\",\"target\":[\"https:\/\/wp.ufpel.edu.br\/laboratorioelo\/artigos\/\"]}]},{\"@type\":\"BreadcrumbList\",\"@id\":\"https:\/\/wp.ufpel.edu.br\/laboratorioelo\/artigos\/#breadcrumb\",\"itemListElement\":[{\"@type\":\"ListItem\",\"position\":1,\"name\":\"Home\",\"item\":\"https:\/\/wp.ufpel.edu.br\/laboratorioelo\/\"},{\"@type\":\"ListItem\",\"position\":2,\"name\":\"Artigos\"}]},{\"@type\":\"WebSite\",\"@id\":\"https:\/\/wp.ufpel.edu.br\/laboratorioelo\/#website\",\"url\":\"https:\/\/wp.ufpel.edu.br\/laboratorioelo\/\",\"name\":\"LELO - UFPEL\",\"description\":\"\",\"publisher\":{\"@id\":\"https:\/\/wp.ufpel.edu.br\/laboratorioelo\/#organization\"},\"potentialAction\":[{\"@type\":\"SearchAction\",\"target\":{\"@type\":\"EntryPoint\",\"urlTemplate\":\"https:\/\/wp.ufpel.edu.br\/laboratorioelo\/?s={search_term_string}\"},\"query-input\":{\"@type\":\"PropertyValueSpecification\",\"valueRequired\":true,\"valueName\":\"search_term_string\"}}],\"inLanguage\":\"pt-BR\"},{\"@type\":\"Organization\",\"@id\":\"https:\/\/wp.ufpel.edu.br\/laboratorioelo\/#organization\",\"name\":\"Laborat\u00f3rio ELO\",\"url\":\"https:\/\/wp.ufpel.edu.br\/laboratorioelo\/\",\"logo\":{\"@type\":\"ImageObject\",\"inLanguage\":\"pt-BR\",\"@id\":\"https:\/\/wp.ufpel.edu.br\/laboratorioelo\/#\/schema\/logo\/image\/\",\"url\":\"https:\/\/wp.ufpel.edu.br\/laboratorioelo\/files\/2017\/08\/Lelo_logo_pretoBranco2-1.png\",\"contentUrl\":\"https:\/\/wp.ufpel.edu.br\/laboratorioelo\/files\/2017\/08\/Lelo_logo_pretoBranco2-1.png\",\"width\":1153,\"height\":569,\"caption\":\"Laborat\u00f3rio ELO\"},\"image\":{\"@id\":\"https:\/\/wp.ufpel.edu.br\/laboratorioelo\/#\/schema\/logo\/image\/\"}}]}<\/script>\n<!-- \/ Yoast SEO plugin. -->","yoast_head_json":{"title":"Artigos - LELO - UFPel","robots":{"index":"index","follow":"follow","max-snippet":"max-snippet:-1","max-image-preview":"max-image-preview:large","max-video-preview":"max-video-preview:-1"},"canonical":"https:\/\/wp.ufpel.edu.br\/laboratorioelo\/artigos\/","og_locale":"pt_BR","og_type":"article","og_title":"Artigos - LELO - UFPel","og_description":"2018 CORREA, B. T. ;\u00a0Ferreira-Gon\u00e7alves, Giovana\u00a0;\u00a0Brum-de-Paula, Mirian Rose\u00a0. Aquisi\u00e7\u00e3o das vogais nasais [\u025b\u0303], [\u00e3] e [\u0254\u0303] por aprendizes brasileiros de FLE: aspectos duracionais. Linguagem &amp; Ensino (UCPel), v. 21, p. 73-118, 2018. DAME, V. S. ;\u00a0Ferreira-Gon\u00e7alves, Giovana\u00a0. As plosivas nas s\u00e9ries iniciais: o papel do contexto na ocorr\u00eancia de trocas ortogr\u00e1ficas. Signo, v. 43, p.... Leia mais","og_url":"https:\/\/wp.ufpel.edu.br\/laboratorioelo\/artigos\/","og_site_name":"LELO - UFPel","article_modified_time":"2018-07-20T12:47:26+00:00","twitter_card":"summary_large_image","twitter_misc":{"Est. tempo de leitura":"6 minutos"},"schema":{"@context":"https:\/\/schema.org","@graph":[{"@type":"WebPage","@id":"https:\/\/wp.ufpel.edu.br\/laboratorioelo\/artigos\/","url":"https:\/\/wp.ufpel.edu.br\/laboratorioelo\/artigos\/","name":"Artigos - LELO - UFPel","isPartOf":{"@id":"https:\/\/wp.ufpel.edu.br\/laboratorioelo\/#website"},"datePublished":"2017-09-01T16:56:04+00:00","dateModified":"2018-07-20T12:47:26+00:00","breadcrumb":{"@id":"https:\/\/wp.ufpel.edu.br\/laboratorioelo\/artigos\/#breadcrumb"},"inLanguage":"pt-BR","potentialAction":[{"@type":"ReadAction","target":["https:\/\/wp.ufpel.edu.br\/laboratorioelo\/artigos\/"]}]},{"@type":"BreadcrumbList","@id":"https:\/\/wp.ufpel.edu.br\/laboratorioelo\/artigos\/#breadcrumb","itemListElement":[{"@type":"ListItem","position":1,"name":"Home","item":"https:\/\/wp.ufpel.edu.br\/laboratorioelo\/"},{"@type":"ListItem","position":2,"name":"Artigos"}]},{"@type":"WebSite","@id":"https:\/\/wp.ufpel.edu.br\/laboratorioelo\/#website","url":"https:\/\/wp.ufpel.edu.br\/laboratorioelo\/","name":"LELO - UFPEL","description":"","publisher":{"@id":"https:\/\/wp.ufpel.edu.br\/laboratorioelo\/#organization"},"potentialAction":[{"@type":"SearchAction","target":{"@type":"EntryPoint","urlTemplate":"https:\/\/wp.ufpel.edu.br\/laboratorioelo\/?s={search_term_string}"},"query-input":{"@type":"PropertyValueSpecification","valueRequired":true,"valueName":"search_term_string"}}],"inLanguage":"pt-BR"},{"@type":"Organization","@id":"https:\/\/wp.ufpel.edu.br\/laboratorioelo\/#organization","name":"Laborat\u00f3rio ELO","url":"https:\/\/wp.ufpel.edu.br\/laboratorioelo\/","logo":{"@type":"ImageObject","inLanguage":"pt-BR","@id":"https:\/\/wp.ufpel.edu.br\/laboratorioelo\/#\/schema\/logo\/image\/","url":"https:\/\/wp.ufpel.edu.br\/laboratorioelo\/files\/2017\/08\/Lelo_logo_pretoBranco2-1.png","contentUrl":"https:\/\/wp.ufpel.edu.br\/laboratorioelo\/files\/2017\/08\/Lelo_logo_pretoBranco2-1.png","width":1153,"height":569,"caption":"Laborat\u00f3rio ELO"},"image":{"@id":"https:\/\/wp.ufpel.edu.br\/laboratorioelo\/#\/schema\/logo\/image\/"}}]}},"jetpack_sharing_enabled":true,"_links":{"self":[{"href":"https:\/\/wp.ufpel.edu.br\/laboratorioelo\/wp-json\/wp\/v2\/pages\/568","targetHints":{"allow":["GET"]}}],"collection":[{"href":"https:\/\/wp.ufpel.edu.br\/laboratorioelo\/wp-json\/wp\/v2\/pages"}],"about":[{"href":"https:\/\/wp.ufpel.edu.br\/laboratorioelo\/wp-json\/wp\/v2\/types\/page"}],"author":[{"embeddable":true,"href":"https:\/\/wp.ufpel.edu.br\/laboratorioelo\/wp-json\/wp\/v2\/users\/386"}],"replies":[{"embeddable":true,"href":"https:\/\/wp.ufpel.edu.br\/laboratorioelo\/wp-json\/wp\/v2\/comments?post=568"}],"version-history":[{"count":8,"href":"https:\/\/wp.ufpel.edu.br\/laboratorioelo\/wp-json\/wp\/v2\/pages\/568\/revisions"}],"predecessor-version":[{"id":1224,"href":"https:\/\/wp.ufpel.edu.br\/laboratorioelo\/wp-json\/wp\/v2\/pages\/568\/revisions\/1224"}],"wp:attachment":[{"href":"https:\/\/wp.ufpel.edu.br\/laboratorioelo\/wp-json\/wp\/v2\/media?parent=568"}],"curies":[{"name":"wp","href":"https:\/\/api.w.org\/{rel}","templated":true}]}}