{"id":139,"date":"2014-05-13T11:40:02","date_gmt":"2014-05-13T14:40:02","guid":{"rendered":"https:\/\/wp.ufpel.edu.br\/laboratorioelo\/?page_id=139"},"modified":"2019-10-31T18:44:12","modified_gmt":"2019-10-31T21:44:12","slug":"orientandos","status":"publish","type":"page","link":"https:\/\/wp.ufpel.edu.br\/laboratorioelo\/orientandos\/","title":{"rendered":"Orientandos"},"content":{"rendered":"<p>&nbsp;<\/p>\n<p><strong><img loading=\"lazy\" decoding=\"async\" class=\"alignleft wp-image-933\" src=\"https:\/\/wp.ufpel.edu.br\/laboratorioelo\/files\/2018\/06\/aline.jpg\" alt=\"\" width=\"150\" height=\"150\" srcset=\"https:\/\/wp.ufpel.edu.br\/laboratorioelo\/files\/2018\/06\/aline.jpg 519w, https:\/\/wp.ufpel.edu.br\/laboratorioelo\/files\/2018\/06\/aline-200x200.jpg 200w, https:\/\/wp.ufpel.edu.br\/laboratorioelo\/files\/2018\/06\/aline-400x400.jpg 400w, https:\/\/wp.ufpel.edu.br\/laboratorioelo\/files\/2018\/06\/aline-32x32.jpg 32w, https:\/\/wp.ufpel.edu.br\/laboratorioelo\/files\/2018\/06\/aline-300x300.jpg 300w\" sizes=\"auto, (max-width: 150px) 100vw, 150px\" \/><\/strong><strong><span style=\"font-size: 24.0pt\"><a style=\"text-decoration: none\" href=\"http:\/\/lattes.cnpq.br\/1707427776662431\" target=\"_blank\" rel=\"noopener noreferrer\">Aline Rosinski Vieira<\/a><\/span><\/strong><\/p>\n<p><strong>Doutoranda<\/strong><\/p>\n<p>&nbsp;<\/p>\n<p style=\"text-align: justify\"><span style=\"font-size: 12pt\">Doutoranda em Estudos da Linguagem no Programa de P\u00f3s-gradua\u00e7\u00e3o em Letras da Universidade Federal de Pelotas. Possui Mestrado em Estudos da Linguagem (2019) e \u00e9\u00a0 graduada em Letras &#8211; Reda\u00e7\u00e3o e Revis\u00e3o de Textos (2016) pela mesma institui\u00e7\u00e3o. Atuou como bolsista de inicia\u00e7\u00e3o cient\u00edfica (PIBIC-CNPq) no Laborat\u00f3rio Emerg\u00eancia da Linguagem Oral (UFPel) durante os anos de 2015 e 2016.\u00a0<\/span><\/p>\n<hr \/>\n<p><img loading=\"lazy\" decoding=\"async\" class=\"alignleft wp-image-1265\" title=\"Bruna Santana Dias Cavalheiro\" src=\"https:\/\/wp.ufpel.edu.br\/laboratorioelo\/files\/2018\/09\/BRUNA-DIAS-200x200.jpg\" alt=\"\" width=\"150\" height=\"150\" srcset=\"https:\/\/wp.ufpel.edu.br\/laboratorioelo\/files\/2018\/09\/BRUNA-DIAS-200x200.jpg 200w, https:\/\/wp.ufpel.edu.br\/laboratorioelo\/files\/2018\/09\/BRUNA-DIAS-400x400.jpg 400w, https:\/\/wp.ufpel.edu.br\/laboratorioelo\/files\/2018\/09\/BRUNA-DIAS-768x768.jpg 768w, https:\/\/wp.ufpel.edu.br\/laboratorioelo\/files\/2018\/09\/BRUNA-DIAS-1024x1024.jpg 1024w, https:\/\/wp.ufpel.edu.br\/laboratorioelo\/files\/2018\/09\/BRUNA-DIAS-32x32.jpg 32w, https:\/\/wp.ufpel.edu.br\/laboratorioelo\/files\/2018\/09\/BRUNA-DIAS-300x300.jpg 300w, https:\/\/wp.ufpel.edu.br\/laboratorioelo\/files\/2018\/09\/BRUNA-DIAS.jpg 1792w\" sizes=\"auto, (max-width: 150px) 100vw, 150px\" \/><\/p>\n<p><a style=\"text-decoration: none\" href=\"http:\/\/lattes.cnpq.br\/1500408684206282\" target=\"_blank\" rel=\"noopener noreferrer\"><span style=\"font-size: 24pt\"><strong>Bruna Santana Dias Cavalheiro<\/strong><\/span><\/a><\/p>\n<p><span style=\"font-size: 12pt\"><strong>Doutoranda<\/strong><\/span><\/p>\n<p>&nbsp;<\/p>\n<p style=\"text-align: justify\"><span style=\"font-size: 12pt\">Doutoranda em Estudos da Linguagem no Programa de P\u00f3s-gradua\u00e7\u00e3o em Letras da Universidade Federal de Pelotas. Possui Mestrado em Letras, na \u00e1rea de Estudos da Linguagem (2016) e Gradua\u00e7\u00e3o em Letras Portugu\u00eas\/Espanhol (2013), tamb\u00e9m pela Universidade Federal de Pelotas. Desenvolve pesquisas sobre\u00a0aquisi\u00e7\u00e3o da vogal [a] espanhola por falantes de Portugu\u00eas Brasileiro.<\/span><\/p>\n<hr \/>\n<p><img loading=\"lazy\" decoding=\"async\" class=\"alignleft wp-image-1267\" title=\"Bruna Teixeira Correa\" src=\"https:\/\/wp.ufpel.edu.br\/laboratorioelo\/files\/2018\/09\/34165021_1766045590148331_5316708026801979392_n-200x200.jpg\" alt=\"\" width=\"150\" height=\"150\" srcset=\"https:\/\/wp.ufpel.edu.br\/laboratorioelo\/files\/2018\/09\/34165021_1766045590148331_5316708026801979392_n-200x200.jpg 200w, https:\/\/wp.ufpel.edu.br\/laboratorioelo\/files\/2018\/09\/34165021_1766045590148331_5316708026801979392_n-32x32.jpg 32w, https:\/\/wp.ufpel.edu.br\/laboratorioelo\/files\/2018\/09\/34165021_1766045590148331_5316708026801979392_n-300x300.jpg 300w, https:\/\/wp.ufpel.edu.br\/laboratorioelo\/files\/2018\/09\/34165021_1766045590148331_5316708026801979392_n.jpg 319w\" sizes=\"auto, (max-width: 150px) 100vw, 150px\" \/><a style=\"text-decoration: none\" href=\"http:\/\/lattes.cnpq.br\/0288144424269134\" target=\"_blank\" rel=\"noopener noreferrer\"><span style=\"font-size: 24pt\"><strong>Bruna Teixeira Correa<\/strong><\/span><\/a><\/p>\n<p><span style=\"font-size: 12pt\"><strong>Doutoranda<\/strong><\/span><\/p>\n<p>&nbsp;<\/p>\n<p style=\"text-align: justify\"><span style=\"font-size: 12pt\">Doutoranda em Estudos da Linguagem no Programa de P\u00f3s-gradua\u00e7\u00e3o em Letras da Universidade Federal de Pelotas.\u00a0Possui licenciatura em Letras Portugu\u00eas\/Franc\u00eas e respectivas Literaturas, \u00e9 especialista em Lingu\u00edstica Aplicada e\u00a0mestra em Estudos da Linguagem pela mesma institui\u00e7\u00e3o (2017). Atualmente, faz gradua\u00e7\u00e3o em Letras Portugu\u00eas\/Ingl\u00eas e respectivas Literaturas e desenvolve pesquisas sobre a aquisi\u00e7\u00e3o de l\u00ednguas estrangeiras com foco em vogais nasais.\u00a0<\/span><\/p>\n<hr \/>\n<p><strong><img loading=\"lazy\" decoding=\"async\" class=\"alignleft wp-image-998\" src=\"https:\/\/wp.ufpel.edu.br\/laboratorioelo\/files\/2018\/07\/peterson.png\" alt=\"\" width=\"150\" height=\"150\" srcset=\"https:\/\/wp.ufpel.edu.br\/laboratorioelo\/files\/2018\/07\/peterson.png 382w, https:\/\/wp.ufpel.edu.br\/laboratorioelo\/files\/2018\/07\/peterson-200x200.png 200w, https:\/\/wp.ufpel.edu.br\/laboratorioelo\/files\/2018\/07\/peterson-32x32.png 32w, https:\/\/wp.ufpel.edu.br\/laboratorioelo\/files\/2018\/07\/peterson-300x300.png 300w\" sizes=\"auto, (max-width: 150px) 100vw, 150px\" \/><a style=\"text-decoration: none\" href=\"http:\/\/lattes.cnpq.br\/1359317752191970\" target=\"_blank\" rel=\"noopener noreferrer\"><span style=\"font-size: 24pt;text-decoration: none\">Peterson Lima Schimilfening<\/span><\/a><\/strong><\/p>\n<p><strong>Doutorando<\/strong><\/p>\n<p>&nbsp;<\/p>\n<p style=\"text-align: justify\"><span style=\"font-size: 12pt\">Doutorando em Estudos da Linguagem no Programa de P\u00f3s-gradua\u00e7\u00e3o em Letras da Universidade Federal de Pelotas. Possui Mestrado em Estudos da Linguagem (2018) e \u00e9\u00a0 graduado em Letras &#8211; Portugu\u00eas e Literatura (2012) pela mesma institui\u00e7\u00e3o. Peterson estuda a categoriza\u00e7\u00e3o do complexo \u201cde + o(s)\/ (a(s)\u201d na escrita de surdos aprendizes de portugu\u00eas como l\u00edngua estrangeira.<\/span><\/p>\n<hr \/>\n<p><img loading=\"lazy\" decoding=\"async\" class=\"alignleft wp-image-1368\" src=\"https:\/\/wp.ufpel.edu.br\/laboratorioelo\/files\/2019\/08\/LETUF-1524.jpg\" alt=\"\" width=\"152\" height=\"150\" srcset=\"https:\/\/wp.ufpel.edu.br\/laboratorioelo\/files\/2019\/08\/LETUF-1524.jpg 3631w, https:\/\/wp.ufpel.edu.br\/laboratorioelo\/files\/2019\/08\/LETUF-1524-400x394.jpg 400w, https:\/\/wp.ufpel.edu.br\/laboratorioelo\/files\/2019\/08\/LETUF-1524-768x757.jpg 768w, https:\/\/wp.ufpel.edu.br\/laboratorioelo\/files\/2019\/08\/LETUF-1524-1024x1009.jpg 1024w, https:\/\/wp.ufpel.edu.br\/laboratorioelo\/files\/2019\/08\/LETUF-1524-32x32.jpg 32w, https:\/\/wp.ufpel.edu.br\/laboratorioelo\/files\/2019\/08\/LETUF-1524-305x300.jpg 305w\" sizes=\"auto, (max-width: 152px) 100vw, 152px\" \/><span style=\"font-size: 24pt\"><a style=\"text-decoration: none\" href=\"http:\/\/lattes.cnpq.br\/6953045219883636\" target=\"_blank\" rel=\"noopener noreferrer\"><strong>La\u00eds Silva Garcia<\/strong><\/a><\/span><\/p>\n<p><span style=\"font-size: 12pt\"><strong>Mestranda<\/strong><\/span><\/p>\n<p>&nbsp;<\/p>\n<p style=\"text-align: justify\"><span style=\"font-size: 12pt\">Mestranda em Linguagem, Texto e Imagem (Aquisi\u00e7\u00e3o, Varia\u00e7\u00e3o e Ensino) no Programa de P\u00f3s-Gradua\u00e7\u00e3o em Letras da Universidade Federal de Pelotas (UFPel). Possui gradua\u00e7\u00e3o em Letras &#8211; Portugu\u00eas e Espanhol pela mesma institui\u00e7\u00e3o. La\u00eds trabalha com a utiliza\u00e7\u00e3o da ultrassonografia como meio de instru\u00e7\u00e3o expl\u00edcita para ensino da consoante lateral p\u00f3s-voc\u00e1lica da L\u00edngua Espanhola.<\/span><\/p>\n<hr \/>\n<p style=\"text-align: left\"><img loading=\"lazy\" decoding=\"async\" class=\"alignleft wp-image-1296\" title=\"Misael Kr\u00fcger Lemes\" src=\"https:\/\/wp.ufpel.edu.br\/laboratorioelo\/files\/2019\/01\/misael-200x200.png\" alt=\"\" width=\"150\" height=\"150\" srcset=\"https:\/\/wp.ufpel.edu.br\/laboratorioelo\/files\/2019\/01\/misael-200x200.png 200w, https:\/\/wp.ufpel.edu.br\/laboratorioelo\/files\/2019\/01\/misael-400x400.png 400w, https:\/\/wp.ufpel.edu.br\/laboratorioelo\/files\/2019\/01\/misael-32x32.png 32w, https:\/\/wp.ufpel.edu.br\/laboratorioelo\/files\/2019\/01\/misael-300x300.png 300w, https:\/\/wp.ufpel.edu.br\/laboratorioelo\/files\/2019\/01\/misael.png 500w\" sizes=\"auto, (max-width: 150px) 100vw, 150px\" \/><a style=\"text-decoration: none\" href=\"http:\/\/lattes.cnpq.br\/8068399132374159\" target=\"_blank\" rel=\"noopener noreferrer\"><span style=\"font-size: 24pt\"><strong>Misael Kr\u00fcger Lemes<\/strong><\/span><\/a><\/p>\n<p><span style=\"font-size: 12pt\"><strong>Mestrando<\/strong><\/span><\/p>\n<p>&nbsp;<\/p>\n<p style=\"text-align: justify\"><span style=\"font-size: 12pt\">Mestrando em Linguagem, Texto e Imagem (Aquisi\u00e7\u00e3o, Varia\u00e7\u00e3o e Ensino) no Programa de P\u00f3s-Gradua\u00e7\u00e3o em Letras da Universidade Federal de Pelotas (UFPel). Possui gradua\u00e7\u00e3o em Letras &#8211; Portugu\u00eas e Ingl\u00eas pela mesma institui\u00e7\u00e3o. Misael trabalha com a utiliza\u00e7\u00e3o da ultrassonografia como meio de instru\u00e7\u00e3o expl\u00edcita para ensino de vogais da L\u00edngua Inglesa.<\/span><\/p>\n<hr \/>\n<p style=\"text-align: left\"><img loading=\"lazy\" decoding=\"async\" class=\"alignleft wp-image-686\" title=\"Patr\u00edcia Pereira Melcheque\" src=\"https:\/\/wp.ufpel.edu.br\/laboratorioelo\/files\/2014\/05\/936ce6c3-206d-40de-98a2-6811eb96779a.jpg\" alt=\"\" width=\"150\" height=\"150\" srcset=\"https:\/\/wp.ufpel.edu.br\/laboratorioelo\/files\/2014\/05\/936ce6c3-206d-40de-98a2-6811eb96779a.jpg 917w, https:\/\/wp.ufpel.edu.br\/laboratorioelo\/files\/2014\/05\/936ce6c3-206d-40de-98a2-6811eb96779a-200x200.jpg 200w, https:\/\/wp.ufpel.edu.br\/laboratorioelo\/files\/2014\/05\/936ce6c3-206d-40de-98a2-6811eb96779a-400x400.jpg 400w, https:\/\/wp.ufpel.edu.br\/laboratorioelo\/files\/2014\/05\/936ce6c3-206d-40de-98a2-6811eb96779a-768x768.jpg 768w, https:\/\/wp.ufpel.edu.br\/laboratorioelo\/files\/2014\/05\/936ce6c3-206d-40de-98a2-6811eb96779a-32x32.jpg 32w, https:\/\/wp.ufpel.edu.br\/laboratorioelo\/files\/2014\/05\/936ce6c3-206d-40de-98a2-6811eb96779a-300x300.jpg 300w\" sizes=\"auto, (max-width: 150px) 100vw, 150px\" \/><a style=\"text-decoration: none\" href=\"http:\/\/lattes.cnpq.br\/0490658759343757\" target=\"_blank\" rel=\"noopener noreferrer\"><span style=\"font-size: 24pt\"><strong>Patr\u00edcia Pereira Melcheque<\/strong><\/span><\/a><\/p>\n<p><span style=\"font-size: 12pt\"><strong>Mestranda<\/strong><\/span><\/p>\n<p>&nbsp;<\/p>\n<p style=\"text-align: justify\"><span style=\"font-size: 12pt\">Mestranda em Linguagem, Texto e Imagem (Aquisi\u00e7\u00e3o, Varia\u00e7\u00e3o e Ensino) no Programa de P\u00f3s-Gradua\u00e7\u00e3o em Letras da Universidade Federal de Pelotas (UFPel). Graduada em Letras Portugu\u00eas e Literatura pela mesma institui\u00e7\u00e3o.\u00a0 Patr\u00edcia investiga a a<\/span><span style=\"font-size: 12pt\">quisi\u00e7\u00e3o do r\u00f3tico em s\u00edlaba CVC por crian\u00e7as com desenvolvimento t\u00edpico da linguagem.<\/span><\/p>\n<hr \/>\n<p><img loading=\"lazy\" decoding=\"async\" class=\"alignleft wp-image-1461\" src=\"https:\/\/wp.ufpel.edu.br\/laboratorioelo\/files\/2019\/10\/WhatsApp-Image-2019-10-23-at-18.39.58-200x200.jpeg\" alt=\"\" width=\"150\" height=\"150\" \/><a style=\"text-decoration: none\" href=\"http:\/\/lattes.cnpq.br\/8975787920679462\"><strong><span style=\"font-size: 24pt\">Thalena Evangelista Santos<\/span><\/strong><\/a><\/p>\n<p><strong><span style=\"font-size: 12pt\">Mestranda<\/span><\/strong><\/p>\n<p>&nbsp;<\/p>\n<p style=\"text-align: justify\"><span style=\"font-size: 12pt\"><br \/>\nMestranda em Linguagem, Texto e Imagem (Aquisi\u00e7\u00e3o, Varia\u00e7\u00e3o e Ensino) no Programa de P\u00f3s-Gradua\u00e7\u00e3o em Letras da Universidade Federal de Pelotas (UFPel). Licenciada em Letras Portugu\u00eas\/Franc\u00eas pela Universidade Federal de Rio Grande. Thalena investiga aspectos ac\u00fasticos e articulat\u00f3rios relacionados \u00e0 aquisi\u00e7\u00e3o das consoantes fricativas alveolares e alveopalatais do portugu\u00eas brasileiro produzidas por imigrantes senegaleses.<\/span><\/p>\n<hr \/>\n<p><img loading=\"lazy\" decoding=\"async\" class=\"alignleft wp-image-1385\" src=\"https:\/\/wp.ufpel.edu.br\/laboratorioelo\/files\/2019\/08\/WhatsApp-Image-2019-08-19-at-20.01.44-200x200.jpeg\" alt=\"\" width=\"150\" height=\"150\" srcset=\"https:\/\/wp.ufpel.edu.br\/laboratorioelo\/files\/2019\/08\/WhatsApp-Image-2019-08-19-at-20.01.44-200x200.jpeg 200w, https:\/\/wp.ufpel.edu.br\/laboratorioelo\/files\/2019\/08\/WhatsApp-Image-2019-08-19-at-20.01.44-400x400.jpeg 400w, https:\/\/wp.ufpel.edu.br\/laboratorioelo\/files\/2019\/08\/WhatsApp-Image-2019-08-19-at-20.01.44-768x768.jpeg 768w, https:\/\/wp.ufpel.edu.br\/laboratorioelo\/files\/2019\/08\/WhatsApp-Image-2019-08-19-at-20.01.44-32x32.jpeg 32w, https:\/\/wp.ufpel.edu.br\/laboratorioelo\/files\/2019\/08\/WhatsApp-Image-2019-08-19-at-20.01.44.jpeg 960w, https:\/\/wp.ufpel.edu.br\/laboratorioelo\/files\/2019\/08\/WhatsApp-Image-2019-08-19-at-20.01.44-300x300.jpeg 300w\" sizes=\"auto, (max-width: 150px) 100vw, 150px\" \/><\/p>\n<p><a style=\"text-decoration: none\" href=\"http:\/\/lattes.cnpq.br\/4233578914967916\" target=\"_blank\" rel=\"noopener noreferrer\"><span style=\"font-size: 24pt\"><strong>Bruno da Silva Oliveira<\/strong><\/span><\/a><\/p>\n<p><strong><span style=\"font-size: 12pt\">Bolsista de Inicia\u00e7\u00e3o Cient\u00edfica<\/span><\/strong><\/p>\n<p style=\"text-align: justify\"><span style=\"font-size: 12pt\"><br \/>\nGraduando em Letras \u2013 Portugu\u00eas e Ingl\u00eas na Universidade Federal de Pelotas (UFPel). \u00c9 bolsista de inicia\u00e7\u00e3o cient\u00edfica (PBIF-AF) no Laborat\u00f3rio Emerg\u00eancia da Linguagem Oral (LELO) e est\u00e1 vinculado ao projeto Ultrassonografia Aplicada ao Ensino de L\u00ednguas. Atualmente, Bruno trabalha com as fricativas interdentais da L\u00edngua Inglesa.<\/span><\/p>\n<hr \/>\n<p><img loading=\"lazy\" decoding=\"async\" class=\"alignleft wp-image-1234\" title=\"Kamila da Rosa Teixeira\" src=\"https:\/\/wp.ufpel.edu.br\/laboratorioelo\/files\/2018\/07\/kamila.png\" alt=\"\" width=\"150\" height=\"150\" srcset=\"https:\/\/wp.ufpel.edu.br\/laboratorioelo\/files\/2018\/07\/kamila.png 604w, https:\/\/wp.ufpel.edu.br\/laboratorioelo\/files\/2018\/07\/kamila-200x200.png 200w, https:\/\/wp.ufpel.edu.br\/laboratorioelo\/files\/2018\/07\/kamila-400x400.png 400w, https:\/\/wp.ufpel.edu.br\/laboratorioelo\/files\/2018\/07\/kamila-32x32.png 32w, https:\/\/wp.ufpel.edu.br\/laboratorioelo\/files\/2018\/07\/kamila-300x300.png 300w\" sizes=\"auto, (max-width: 150px) 100vw, 150px\" \/><a style=\"text-decoration: none\" href=\"http:\/\/lattes.cnpq.br\/0346914080071494\" target=\"_blank\" rel=\"noopener noreferrer\"><span style=\"font-size: 24pt\"><strong>Kamila da Rosa Teixeira<\/strong><\/span><\/a><\/p>\n<p><span style=\"font-size: 12pt\"><strong>Bolsista de Inicia\u00e7\u00e3o Cient\u00edfica<\/strong><\/span><\/p>\n<p>&nbsp;<\/p>\n<p style=\"text-align: justify\"><span style=\"font-size: 12pt\">Graduanda do curso de Licenciatura em Letras \u2013 Portugu\u00eas e Ingl\u00eas, na Universidade Federal de Pelotas.\u00a0Desenvolve pesquisa com a utiliza\u00e7\u00e3o da ultrassonografia como meio de instru\u00e7\u00e3o expl\u00edcita para ensino de L\u00edngua Inglesa como L\u00edngua Estrangeira.\u00a0Atualmente, \u00e9 bolsista de inicia\u00e7\u00e3o cient\u00edfica (PROBIC\/FAPERGS) no Laborat\u00f3rio Emerg\u00eancia da Linguagem Oral (UFPel) e est\u00e1 vinculada ao projeto Ultrassonografia Aplicada ao Ensino de L\u00ednguas.<\/span><\/p>\n<hr \/>\n<p><a style=\"text-decoration: none\" href=\"http:\/\/lattes.cnpq.br\/3931517633182734\" target=\"_blank\" rel=\"noopener noreferrer\"><span style=\"font-size: 24pt\"><strong><img loading=\"lazy\" decoding=\"async\" class=\"alignleft wp-image-1389\" src=\"https:\/\/wp.ufpel.edu.br\/laboratorioelo\/files\/2019\/08\/WhatsApp-Image-2019-08-23-at-01.09.07-2-200x200.jpeg\" alt=\"\" width=\"150\" height=\"142\" srcset=\"https:\/\/wp.ufpel.edu.br\/laboratorioelo\/files\/2019\/08\/WhatsApp-Image-2019-08-23-at-01.09.07-2-316x300.jpeg 316w, https:\/\/wp.ufpel.edu.br\/laboratorioelo\/files\/2019\/08\/WhatsApp-Image-2019-08-23-at-01.09.07-2.jpeg 366w\" sizes=\"auto, (max-width: 150px) 100vw, 150px\" \/>Raquel Melo Silva<\/strong><\/span><\/a><\/p>\n<p><strong><span style=\"font-size: 12pt\">Volunt\u00e1ria de Inicia\u00e7\u00e3o Cient\u00edfica<\/span><\/strong><\/p>\n<p>&nbsp;<\/p>\n<p style=\"text-align: justify\"><span style=\"font-size: 12pt\">Graduanda do curso de Licenciatura em Letras Portugu\u00eas &#8211; Ingl\u00eas na Universidade Federal de Pelotas. Atualmente \u00e9 volunt\u00e1ria de inicia\u00e7\u00e3o cient\u00edfica no Laborat\u00f3rio Emerg\u00eancia da Linguagem Oral (UFPel) e est\u00e1 vinculada ao projeto Ultrassonografia Aplicada ao Ensino de L\u00ednguas.<\/span><\/p>\n","protected":false},"excerpt":{"rendered":"<p>&nbsp; Aline Rosinski Vieira Doutoranda &nbsp; Doutoranda em Estudos da Linguagem no Programa de P\u00f3s-gradua\u00e7\u00e3o em Letras da Universidade Federal de Pelotas. Possui Mestrado em Estudos da Linguagem (2019) e \u00e9\u00a0 graduada em Letras &#8211; Reda\u00e7\u00e3o e Revis\u00e3o de Textos (2016) pela mesma institui\u00e7\u00e3o. Atuou como bolsista de inicia\u00e7\u00e3o cient\u00edfica (PIBIC-CNPq) no Laborat\u00f3rio Emerg\u00eancia da&#8230; <\/p>\n<div class=\"link-more\"><a href=\"https:\/\/wp.ufpel.edu.br\/laboratorioelo\/orientandos\/\">Leia mais<\/a><\/div>\n","protected":false},"author":386,"featured_media":0,"parent":0,"menu_order":0,"comment_status":"closed","ping_status":"closed","template":"","meta":{"footnotes":""},"class_list":["post-139","page","type-page","status-publish","hentry"],"yoast_head":"<!-- This site is optimized with the Yoast SEO plugin v26.7 - https:\/\/yoast.com\/wordpress\/plugins\/seo\/ -->\n<title>Orientandos - LELO - UFPel<\/title>\n<meta name=\"description\" content=\"Atual equipe de graduandos e p\u00f3s-graduandos vinculados ao Laborat\u00f3rio ELO - UFPel.\" \/>\n<meta name=\"robots\" content=\"index, follow, max-snippet:-1, max-image-preview:large, max-video-preview:-1\" \/>\n<link rel=\"canonical\" href=\"https:\/\/wp.ufpel.edu.br\/laboratorioelo\/orientandos\/\" \/>\n<meta property=\"og:locale\" content=\"pt_BR\" \/>\n<meta property=\"og:type\" content=\"article\" \/>\n<meta property=\"og:title\" content=\"Orientandos - LELO - UFPel\" \/>\n<meta property=\"og:description\" content=\"Atual equipe de graduandos e p\u00f3s-graduandos vinculados ao Laborat\u00f3rio ELO - UFPel.\" \/>\n<meta property=\"og:url\" content=\"https:\/\/wp.ufpel.edu.br\/laboratorioelo\/orientandos\/\" \/>\n<meta property=\"og:site_name\" content=\"LELO - UFPel\" \/>\n<meta property=\"article:modified_time\" content=\"2019-10-31T21:44:12+00:00\" \/>\n<meta property=\"og:image\" content=\"https:\/\/wp.ufpel.edu.br\/laboratorioelo\/files\/2018\/06\/aline.jpg\" \/>\n<meta name=\"twitter:card\" content=\"summary_large_image\" \/>\n<meta name=\"twitter:label1\" content=\"Est. tempo de leitura\" \/>\n\t<meta name=\"twitter:data1\" content=\"4 minutos\" \/>\n<script type=\"application\/ld+json\" class=\"yoast-schema-graph\">{\"@context\":\"https:\/\/schema.org\",\"@graph\":[{\"@type\":\"WebPage\",\"@id\":\"https:\/\/wp.ufpel.edu.br\/laboratorioelo\/orientandos\/\",\"url\":\"https:\/\/wp.ufpel.edu.br\/laboratorioelo\/orientandos\/\",\"name\":\"Orientandos - LELO - UFPel\",\"isPartOf\":{\"@id\":\"https:\/\/wp.ufpel.edu.br\/laboratorioelo\/#website\"},\"primaryImageOfPage\":{\"@id\":\"https:\/\/wp.ufpel.edu.br\/laboratorioelo\/orientandos\/#primaryimage\"},\"image\":{\"@id\":\"https:\/\/wp.ufpel.edu.br\/laboratorioelo\/orientandos\/#primaryimage\"},\"thumbnailUrl\":\"https:\/\/wp.ufpel.edu.br\/laboratorioelo\/files\/2018\/06\/aline.jpg\",\"datePublished\":\"2014-05-13T14:40:02+00:00\",\"dateModified\":\"2019-10-31T21:44:12+00:00\",\"description\":\"Atual equipe de graduandos e p\u00f3s-graduandos vinculados ao Laborat\u00f3rio ELO - UFPel.\",\"breadcrumb\":{\"@id\":\"https:\/\/wp.ufpel.edu.br\/laboratorioelo\/orientandos\/#breadcrumb\"},\"inLanguage\":\"pt-BR\",\"potentialAction\":[{\"@type\":\"ReadAction\",\"target\":[\"https:\/\/wp.ufpel.edu.br\/laboratorioelo\/orientandos\/\"]}]},{\"@type\":\"ImageObject\",\"inLanguage\":\"pt-BR\",\"@id\":\"https:\/\/wp.ufpel.edu.br\/laboratorioelo\/orientandos\/#primaryimage\",\"url\":\"https:\/\/wp.ufpel.edu.br\/laboratorioelo\/files\/2018\/06\/aline.jpg\",\"contentUrl\":\"https:\/\/wp.ufpel.edu.br\/laboratorioelo\/files\/2018\/06\/aline.jpg\",\"width\":519,\"height\":519},{\"@type\":\"BreadcrumbList\",\"@id\":\"https:\/\/wp.ufpel.edu.br\/laboratorioelo\/orientandos\/#breadcrumb\",\"itemListElement\":[{\"@type\":\"ListItem\",\"position\":1,\"name\":\"Home\",\"item\":\"https:\/\/wp.ufpel.edu.br\/laboratorioelo\/\"},{\"@type\":\"ListItem\",\"position\":2,\"name\":\"Orientandos\"}]},{\"@type\":\"WebSite\",\"@id\":\"https:\/\/wp.ufpel.edu.br\/laboratorioelo\/#website\",\"url\":\"https:\/\/wp.ufpel.edu.br\/laboratorioelo\/\",\"name\":\"LELO - UFPEL\",\"description\":\"\",\"publisher\":{\"@id\":\"https:\/\/wp.ufpel.edu.br\/laboratorioelo\/#organization\"},\"potentialAction\":[{\"@type\":\"SearchAction\",\"target\":{\"@type\":\"EntryPoint\",\"urlTemplate\":\"https:\/\/wp.ufpel.edu.br\/laboratorioelo\/?s={search_term_string}\"},\"query-input\":{\"@type\":\"PropertyValueSpecification\",\"valueRequired\":true,\"valueName\":\"search_term_string\"}}],\"inLanguage\":\"pt-BR\"},{\"@type\":\"Organization\",\"@id\":\"https:\/\/wp.ufpel.edu.br\/laboratorioelo\/#organization\",\"name\":\"Laborat\u00f3rio ELO\",\"url\":\"https:\/\/wp.ufpel.edu.br\/laboratorioelo\/\",\"logo\":{\"@type\":\"ImageObject\",\"inLanguage\":\"pt-BR\",\"@id\":\"https:\/\/wp.ufpel.edu.br\/laboratorioelo\/#\/schema\/logo\/image\/\",\"url\":\"https:\/\/wp.ufpel.edu.br\/laboratorioelo\/files\/2017\/08\/Lelo_logo_pretoBranco2-1.png\",\"contentUrl\":\"https:\/\/wp.ufpel.edu.br\/laboratorioelo\/files\/2017\/08\/Lelo_logo_pretoBranco2-1.png\",\"width\":1153,\"height\":569,\"caption\":\"Laborat\u00f3rio ELO\"},\"image\":{\"@id\":\"https:\/\/wp.ufpel.edu.br\/laboratorioelo\/#\/schema\/logo\/image\/\"}}]}<\/script>\n<!-- \/ Yoast SEO plugin. -->","yoast_head_json":{"title":"Orientandos - LELO - UFPel","description":"Atual equipe de graduandos e p\u00f3s-graduandos vinculados ao Laborat\u00f3rio ELO - UFPel.","robots":{"index":"index","follow":"follow","max-snippet":"max-snippet:-1","max-image-preview":"max-image-preview:large","max-video-preview":"max-video-preview:-1"},"canonical":"https:\/\/wp.ufpel.edu.br\/laboratorioelo\/orientandos\/","og_locale":"pt_BR","og_type":"article","og_title":"Orientandos - LELO - UFPel","og_description":"Atual equipe de graduandos e p\u00f3s-graduandos vinculados ao Laborat\u00f3rio ELO - UFPel.","og_url":"https:\/\/wp.ufpel.edu.br\/laboratorioelo\/orientandos\/","og_site_name":"LELO - UFPel","article_modified_time":"2019-10-31T21:44:12+00:00","og_image":[{"url":"https:\/\/wp.ufpel.edu.br\/laboratorioelo\/files\/2018\/06\/aline.jpg","type":"","width":"","height":""}],"twitter_card":"summary_large_image","twitter_misc":{"Est. tempo de leitura":"4 minutos"},"schema":{"@context":"https:\/\/schema.org","@graph":[{"@type":"WebPage","@id":"https:\/\/wp.ufpel.edu.br\/laboratorioelo\/orientandos\/","url":"https:\/\/wp.ufpel.edu.br\/laboratorioelo\/orientandos\/","name":"Orientandos - LELO - UFPel","isPartOf":{"@id":"https:\/\/wp.ufpel.edu.br\/laboratorioelo\/#website"},"primaryImageOfPage":{"@id":"https:\/\/wp.ufpel.edu.br\/laboratorioelo\/orientandos\/#primaryimage"},"image":{"@id":"https:\/\/wp.ufpel.edu.br\/laboratorioelo\/orientandos\/#primaryimage"},"thumbnailUrl":"https:\/\/wp.ufpel.edu.br\/laboratorioelo\/files\/2018\/06\/aline.jpg","datePublished":"2014-05-13T14:40:02+00:00","dateModified":"2019-10-31T21:44:12+00:00","description":"Atual equipe de graduandos e p\u00f3s-graduandos vinculados ao Laborat\u00f3rio ELO - UFPel.","breadcrumb":{"@id":"https:\/\/wp.ufpel.edu.br\/laboratorioelo\/orientandos\/#breadcrumb"},"inLanguage":"pt-BR","potentialAction":[{"@type":"ReadAction","target":["https:\/\/wp.ufpel.edu.br\/laboratorioelo\/orientandos\/"]}]},{"@type":"ImageObject","inLanguage":"pt-BR","@id":"https:\/\/wp.ufpel.edu.br\/laboratorioelo\/orientandos\/#primaryimage","url":"https:\/\/wp.ufpel.edu.br\/laboratorioelo\/files\/2018\/06\/aline.jpg","contentUrl":"https:\/\/wp.ufpel.edu.br\/laboratorioelo\/files\/2018\/06\/aline.jpg","width":519,"height":519},{"@type":"BreadcrumbList","@id":"https:\/\/wp.ufpel.edu.br\/laboratorioelo\/orientandos\/#breadcrumb","itemListElement":[{"@type":"ListItem","position":1,"name":"Home","item":"https:\/\/wp.ufpel.edu.br\/laboratorioelo\/"},{"@type":"ListItem","position":2,"name":"Orientandos"}]},{"@type":"WebSite","@id":"https:\/\/wp.ufpel.edu.br\/laboratorioelo\/#website","url":"https:\/\/wp.ufpel.edu.br\/laboratorioelo\/","name":"LELO - UFPEL","description":"","publisher":{"@id":"https:\/\/wp.ufpel.edu.br\/laboratorioelo\/#organization"},"potentialAction":[{"@type":"SearchAction","target":{"@type":"EntryPoint","urlTemplate":"https:\/\/wp.ufpel.edu.br\/laboratorioelo\/?s={search_term_string}"},"query-input":{"@type":"PropertyValueSpecification","valueRequired":true,"valueName":"search_term_string"}}],"inLanguage":"pt-BR"},{"@type":"Organization","@id":"https:\/\/wp.ufpel.edu.br\/laboratorioelo\/#organization","name":"Laborat\u00f3rio ELO","url":"https:\/\/wp.ufpel.edu.br\/laboratorioelo\/","logo":{"@type":"ImageObject","inLanguage":"pt-BR","@id":"https:\/\/wp.ufpel.edu.br\/laboratorioelo\/#\/schema\/logo\/image\/","url":"https:\/\/wp.ufpel.edu.br\/laboratorioelo\/files\/2017\/08\/Lelo_logo_pretoBranco2-1.png","contentUrl":"https:\/\/wp.ufpel.edu.br\/laboratorioelo\/files\/2017\/08\/Lelo_logo_pretoBranco2-1.png","width":1153,"height":569,"caption":"Laborat\u00f3rio ELO"},"image":{"@id":"https:\/\/wp.ufpel.edu.br\/laboratorioelo\/#\/schema\/logo\/image\/"}}]}},"jetpack_sharing_enabled":true,"_links":{"self":[{"href":"https:\/\/wp.ufpel.edu.br\/laboratorioelo\/wp-json\/wp\/v2\/pages\/139","targetHints":{"allow":["GET"]}}],"collection":[{"href":"https:\/\/wp.ufpel.edu.br\/laboratorioelo\/wp-json\/wp\/v2\/pages"}],"about":[{"href":"https:\/\/wp.ufpel.edu.br\/laboratorioelo\/wp-json\/wp\/v2\/types\/page"}],"author":[{"embeddable":true,"href":"https:\/\/wp.ufpel.edu.br\/laboratorioelo\/wp-json\/wp\/v2\/users\/386"}],"replies":[{"embeddable":true,"href":"https:\/\/wp.ufpel.edu.br\/laboratorioelo\/wp-json\/wp\/v2\/comments?post=139"}],"version-history":[{"count":86,"href":"https:\/\/wp.ufpel.edu.br\/laboratorioelo\/wp-json\/wp\/v2\/pages\/139\/revisions"}],"predecessor-version":[{"id":1477,"href":"https:\/\/wp.ufpel.edu.br\/laboratorioelo\/wp-json\/wp\/v2\/pages\/139\/revisions\/1477"}],"wp:attachment":[{"href":"https:\/\/wp.ufpel.edu.br\/laboratorioelo\/wp-json\/wp\/v2\/media?parent=139"}],"curies":[{"name":"wp","href":"https:\/\/api.w.org\/{rel}","templated":true}]}}