{"id":1179,"date":"2018-07-18T22:32:18","date_gmt":"2018-07-19T01:32:18","guid":{"rendered":"https:\/\/wp.ufpel.edu.br\/laboratorioelo\/?page_id=1179"},"modified":"2018-07-18T22:32:18","modified_gmt":"2018-07-19T01:32:18","slug":"6senallp","status":"publish","type":"page","link":"https:\/\/wp.ufpel.edu.br\/laboratorioelo\/6senallp\/","title":{"rendered":"6\u00ba SENALLP"},"content":{"rendered":"<h1 style=\"text-align: center\"><span style=\"font-size: 18pt\">Simp\u00f3sios Tem\u00e1ticos<\/span><\/h1>\n<h4 style=\"text-align: center\">SIMP\u00d3SIO 2. Aquisi\u00e7\u00e3o fon\u00e9tico-fonol\u00f3gica de portugu\u00eas (L1 ou L2)<br \/>\nCoordenadores: Profa. Dra. Luciene Bassols Brisolara (FURG); Prof. Dr. Ubirat\u00e3 Kickh\u00f6fel Alves (UFRGS)<\/h4>\n<p style=\"text-align: justify\"><strong>Data: <\/strong>30\/05\/2017\u00a0<strong>Hor\u00e1rio:<\/strong>\u00a014:00\u00a0<strong>Local:<\/strong>\u00a0Sala 4110 (Pr\u00e9dio 4)<br \/>\n<strong>T\u00edtulo:\u00a0<\/strong><span style=\"font-size: 14pt\">A CONSCI\u00caNCIA FONOARTICULAT\u00d3RIA NA AQUISI\u00c7\u00c3O DA ESCRITA DE CRIAN\u00c7AS MONOL\u00cdNGUES (PORTUGU\u00caS) E BIL\u00cdNGUES (POMERANO\/ PORTUGU\u00caS): UMA RELA\u00c7\u00c3O ENTRE OS N\u00cdVEIS DE CFA E O DOM\u00cdNIO DE GRAFEMAS E FONEMAS<br \/>\n<\/span><span style=\"font-size: 14pt\"><strong>Autores: <\/strong>Paola Oliveira dos Santos; Giovana Ferreira Gon\u00e7alves e Maria Jos\u00e9 Blaskovski Vieira<\/span><\/p>\n<p style=\"text-align: justify\"><strong>Data: <\/strong>31\/05\/2017\u00a0<strong>Hor\u00e1rio:<\/strong>\u00a014:00\u00a0<strong>Local:<\/strong>\u00a0Sala 2212 (Pr\u00e9dio 2)<br \/>\n<strong>T\u00edtulo:\u00a0<\/strong>A INFLU\u00caNCIA DO PADR\u00c3O ARTICULAT\u00d3RIO DO PORTUGU\u00caS NA AQUISI\u00c7\u00c3O DAS VOGAIS NASAIS FRANCESAS POR APRENDIZES BRASILEIRAS<br \/>\n<span style=\"font-size: 14pt\"><strong>Autores:\u00a0<\/strong>Bruna Teixeira Correa; Giovana Ferreira-Gon\u00e7alves e Mirian Rose Brum-de-Paula<\/span><\/p>\n<hr \/>\n<h1 style=\"text-align: center\"><span style=\"font-size: 18pt\">P\u00f4steres<\/span><\/h1>\n<p style=\"text-align: justify\"><span style=\"font-size: 14pt\"><strong>Data: <\/strong>30\/05\/2017\u00a0<strong>Hor\u00e1rio:<\/strong>\u00a018:00\u00a0<strong>Local:<\/strong>\u00a0Sala CIDEC-Sul<\/span><br \/>\n<span style=\"font-size: 14pt\"><strong>T\u00edtulo: <\/strong>O\u00a0PAPEL DO POLON\u00caS NA PRODU\u00c7\u00c3O DAS CONSOANTES L\u00cdQUIDAS LATERAIS: DADOS DE ARROIO GRANDE \u2013 RS<br \/>\n<\/span><span style=\"font-size: 14pt\"><strong>Autores:\u00a0<\/strong>Aline Rosinski Vieira e Giovana Ferreira Gon\u00e7alves<strong><br \/>\n<\/strong><\/span><\/p>\n<p style=\"text-align: justify\"><span style=\"font-size: 14pt\"><strong>Data: <\/strong>30\/05\/2017\u00a0<strong>Hor\u00e1rio:<\/strong>\u00a018:00\u00a0<strong>Local:<\/strong>\u00a0Sala CIDEC-Sul<\/span><br \/>\n<span style=\"font-size: 14pt\"><strong>T\u00edtulo:<\/strong>\u00a0DESCRI\u00c7\u00c3O AC\u00daSTICA-ARTICULAT\u00d3RIA DO DIALETO PELOTENSE E ESTUDOS INTERDIALETAIS<br \/>\n<strong>Autores:\u00a0<\/strong>Patr\u00edcia Pereira Melcheque e Mirian Rose Brum-de-Paula<\/span><\/p>\n<p style=\"text-align: justify\"><span style=\"font-size: 14pt\"><strong>Data: <\/strong>31\/05\/2017\u00a0<strong>Hor\u00e1rio:<\/strong>\u00a018:00\u00a0<strong>Local:<\/strong>\u00a0Sala CIDEC-Sul<\/span><br \/>\n<span style=\"font-size: 14pt\"><strong>T\u00edtulo:\u00a0<\/strong>AQUISI\u00c7\u00c3O DO R\u00d3TICO RETROFLEXO DO INGL\u00caS: INSTRU\u00c7\u00c3O EXPL\u00cdCITA E ULTRASSONOGRAFIA<b><br \/>\n<\/b><strong>Autores:\u00a0<\/strong>Otavio Tadeu Alves Pereira e Giovana Ferreira-Gon\u00e7alves<\/span><\/p>\n<p style=\"text-align: justify\"><span style=\"font-size: 14pt\"><strong>Data: <\/strong>31\/05\/2017\u00a0<strong>Hor\u00e1rio:<\/strong>\u00a018:00\u00a0<strong>Local:<\/strong>\u00a0Sala CIDEC-Sul<\/span><br \/>\n<span style=\"font-size: 14pt\"><strong>T\u00edtulo:\u00a0<\/strong>AN\u00c1LISE AC\u00daSTICA DA AQUISI\u00c7\u00c3O DE ENCONTROS CONSONANTAIS EM DADOS NATURAIS E EXPERIMENTAIS<b><br \/>\n<\/b><strong>Autores:<\/strong>Thais Telles Barbieri e Giovana Ferreira-Gon\u00e7alves\u00a0<\/span><\/p>\n","protected":false},"excerpt":{"rendered":"<p>Simp\u00f3sios Tem\u00e1ticos SIMP\u00d3SIO 2. Aquisi\u00e7\u00e3o fon\u00e9tico-fonol\u00f3gica de portugu\u00eas (L1 ou L2) Coordenadores: Profa. Dra. Luciene Bassols Brisolara (FURG); Prof. Dr. Ubirat\u00e3 Kickh\u00f6fel Alves (UFRGS) Data: 30\/05\/2017\u00a0Hor\u00e1rio:\u00a014:00\u00a0Local:\u00a0Sala 4110 (Pr\u00e9dio 4) T\u00edtulo:\u00a0A CONSCI\u00caNCIA FONOARTICULAT\u00d3RIA NA AQUISI\u00c7\u00c3O DA ESCRITA DE CRIAN\u00c7AS MONOL\u00cdNGUES (PORTUGU\u00caS) E BIL\u00cdNGUES (POMERANO\/ PORTUGU\u00caS): UMA RELA\u00c7\u00c3O ENTRE OS N\u00cdVEIS DE CFA E O DOM\u00cdNIO DE&#8230; <\/p>\n<div class=\"link-more\"><a href=\"https:\/\/wp.ufpel.edu.br\/laboratorioelo\/6senallp\/\">Leia mais<\/a><\/div>\n","protected":false},"author":386,"featured_media":0,"parent":0,"menu_order":0,"comment_status":"closed","ping_status":"closed","template":"","meta":{"footnotes":""},"class_list":["post-1179","page","type-page","status-publish","hentry"],"yoast_head":"<!-- This site is optimized with the Yoast SEO plugin v26.7 - https:\/\/yoast.com\/wordpress\/plugins\/seo\/ -->\n<title>6\u00ba SENALLP - LELO - UFPel<\/title>\n<meta name=\"robots\" content=\"index, follow, max-snippet:-1, max-image-preview:large, max-video-preview:-1\" \/>\n<link rel=\"canonical\" href=\"https:\/\/wp.ufpel.edu.br\/laboratorioelo\/6senallp\/\" \/>\n<meta property=\"og:locale\" content=\"pt_BR\" \/>\n<meta property=\"og:type\" content=\"article\" \/>\n<meta property=\"og:title\" content=\"6\u00ba SENALLP - LELO - UFPel\" \/>\n<meta property=\"og:description\" content=\"Simp\u00f3sios Tem\u00e1ticos SIMP\u00d3SIO 2. Aquisi\u00e7\u00e3o fon\u00e9tico-fonol\u00f3gica de portugu\u00eas (L1 ou L2) Coordenadores: Profa. Dra. Luciene Bassols Brisolara (FURG); Prof. Dr. Ubirat\u00e3 Kickh\u00f6fel Alves (UFRGS) Data: 30\/05\/2017\u00a0Hor\u00e1rio:\u00a014:00\u00a0Local:\u00a0Sala 4110 (Pr\u00e9dio 4) T\u00edtulo:\u00a0A CONSCI\u00caNCIA FONOARTICULAT\u00d3RIA NA AQUISI\u00c7\u00c3O DA ESCRITA DE CRIAN\u00c7AS MONOL\u00cdNGUES (PORTUGU\u00caS) E BIL\u00cdNGUES (POMERANO\/ PORTUGU\u00caS): UMA RELA\u00c7\u00c3O ENTRE OS N\u00cdVEIS DE CFA E O DOM\u00cdNIO DE... Leia mais\" \/>\n<meta property=\"og:url\" content=\"https:\/\/wp.ufpel.edu.br\/laboratorioelo\/6senallp\/\" \/>\n<meta property=\"og:site_name\" content=\"LELO - UFPel\" \/>\n<meta name=\"twitter:card\" content=\"summary_large_image\" \/>\n<meta name=\"twitter:label1\" content=\"Est. tempo de leitura\" \/>\n\t<meta name=\"twitter:data1\" content=\"1 minuto\" \/>\n<script type=\"application\/ld+json\" class=\"yoast-schema-graph\">{\"@context\":\"https:\/\/schema.org\",\"@graph\":[{\"@type\":\"WebPage\",\"@id\":\"https:\/\/wp.ufpel.edu.br\/laboratorioelo\/6senallp\/\",\"url\":\"https:\/\/wp.ufpel.edu.br\/laboratorioelo\/6senallp\/\",\"name\":\"6\u00ba SENALLP - LELO - UFPel\",\"isPartOf\":{\"@id\":\"https:\/\/wp.ufpel.edu.br\/laboratorioelo\/#website\"},\"datePublished\":\"2018-07-19T01:32:18+00:00\",\"breadcrumb\":{\"@id\":\"https:\/\/wp.ufpel.edu.br\/laboratorioelo\/6senallp\/#breadcrumb\"},\"inLanguage\":\"pt-BR\",\"potentialAction\":[{\"@type\":\"ReadAction\",\"target\":[\"https:\/\/wp.ufpel.edu.br\/laboratorioelo\/6senallp\/\"]}]},{\"@type\":\"BreadcrumbList\",\"@id\":\"https:\/\/wp.ufpel.edu.br\/laboratorioelo\/6senallp\/#breadcrumb\",\"itemListElement\":[{\"@type\":\"ListItem\",\"position\":1,\"name\":\"Home\",\"item\":\"https:\/\/wp.ufpel.edu.br\/laboratorioelo\/\"},{\"@type\":\"ListItem\",\"position\":2,\"name\":\"6\u00ba SENALLP\"}]},{\"@type\":\"WebSite\",\"@id\":\"https:\/\/wp.ufpel.edu.br\/laboratorioelo\/#website\",\"url\":\"https:\/\/wp.ufpel.edu.br\/laboratorioelo\/\",\"name\":\"LELO - UFPEL\",\"description\":\"\",\"publisher\":{\"@id\":\"https:\/\/wp.ufpel.edu.br\/laboratorioelo\/#organization\"},\"potentialAction\":[{\"@type\":\"SearchAction\",\"target\":{\"@type\":\"EntryPoint\",\"urlTemplate\":\"https:\/\/wp.ufpel.edu.br\/laboratorioelo\/?s={search_term_string}\"},\"query-input\":{\"@type\":\"PropertyValueSpecification\",\"valueRequired\":true,\"valueName\":\"search_term_string\"}}],\"inLanguage\":\"pt-BR\"},{\"@type\":\"Organization\",\"@id\":\"https:\/\/wp.ufpel.edu.br\/laboratorioelo\/#organization\",\"name\":\"Laborat\u00f3rio ELO\",\"url\":\"https:\/\/wp.ufpel.edu.br\/laboratorioelo\/\",\"logo\":{\"@type\":\"ImageObject\",\"inLanguage\":\"pt-BR\",\"@id\":\"https:\/\/wp.ufpel.edu.br\/laboratorioelo\/#\/schema\/logo\/image\/\",\"url\":\"https:\/\/wp.ufpel.edu.br\/laboratorioelo\/files\/2017\/08\/Lelo_logo_pretoBranco2-1.png\",\"contentUrl\":\"https:\/\/wp.ufpel.edu.br\/laboratorioelo\/files\/2017\/08\/Lelo_logo_pretoBranco2-1.png\",\"width\":1153,\"height\":569,\"caption\":\"Laborat\u00f3rio ELO\"},\"image\":{\"@id\":\"https:\/\/wp.ufpel.edu.br\/laboratorioelo\/#\/schema\/logo\/image\/\"}}]}<\/script>\n<!-- \/ Yoast SEO plugin. -->","yoast_head_json":{"title":"6\u00ba SENALLP - LELO - UFPel","robots":{"index":"index","follow":"follow","max-snippet":"max-snippet:-1","max-image-preview":"max-image-preview:large","max-video-preview":"max-video-preview:-1"},"canonical":"https:\/\/wp.ufpel.edu.br\/laboratorioelo\/6senallp\/","og_locale":"pt_BR","og_type":"article","og_title":"6\u00ba SENALLP - LELO - UFPel","og_description":"Simp\u00f3sios Tem\u00e1ticos SIMP\u00d3SIO 2. Aquisi\u00e7\u00e3o fon\u00e9tico-fonol\u00f3gica de portugu\u00eas (L1 ou L2) Coordenadores: Profa. Dra. Luciene Bassols Brisolara (FURG); Prof. Dr. Ubirat\u00e3 Kickh\u00f6fel Alves (UFRGS) Data: 30\/05\/2017\u00a0Hor\u00e1rio:\u00a014:00\u00a0Local:\u00a0Sala 4110 (Pr\u00e9dio 4) T\u00edtulo:\u00a0A CONSCI\u00caNCIA FONOARTICULAT\u00d3RIA NA AQUISI\u00c7\u00c3O DA ESCRITA DE CRIAN\u00c7AS MONOL\u00cdNGUES (PORTUGU\u00caS) E BIL\u00cdNGUES (POMERANO\/ PORTUGU\u00caS): UMA RELA\u00c7\u00c3O ENTRE OS N\u00cdVEIS DE CFA E O DOM\u00cdNIO DE... Leia mais","og_url":"https:\/\/wp.ufpel.edu.br\/laboratorioelo\/6senallp\/","og_site_name":"LELO - UFPel","twitter_card":"summary_large_image","twitter_misc":{"Est. tempo de leitura":"1 minuto"},"schema":{"@context":"https:\/\/schema.org","@graph":[{"@type":"WebPage","@id":"https:\/\/wp.ufpel.edu.br\/laboratorioelo\/6senallp\/","url":"https:\/\/wp.ufpel.edu.br\/laboratorioelo\/6senallp\/","name":"6\u00ba SENALLP - LELO - UFPel","isPartOf":{"@id":"https:\/\/wp.ufpel.edu.br\/laboratorioelo\/#website"},"datePublished":"2018-07-19T01:32:18+00:00","breadcrumb":{"@id":"https:\/\/wp.ufpel.edu.br\/laboratorioelo\/6senallp\/#breadcrumb"},"inLanguage":"pt-BR","potentialAction":[{"@type":"ReadAction","target":["https:\/\/wp.ufpel.edu.br\/laboratorioelo\/6senallp\/"]}]},{"@type":"BreadcrumbList","@id":"https:\/\/wp.ufpel.edu.br\/laboratorioelo\/6senallp\/#breadcrumb","itemListElement":[{"@type":"ListItem","position":1,"name":"Home","item":"https:\/\/wp.ufpel.edu.br\/laboratorioelo\/"},{"@type":"ListItem","position":2,"name":"6\u00ba SENALLP"}]},{"@type":"WebSite","@id":"https:\/\/wp.ufpel.edu.br\/laboratorioelo\/#website","url":"https:\/\/wp.ufpel.edu.br\/laboratorioelo\/","name":"LELO - UFPEL","description":"","publisher":{"@id":"https:\/\/wp.ufpel.edu.br\/laboratorioelo\/#organization"},"potentialAction":[{"@type":"SearchAction","target":{"@type":"EntryPoint","urlTemplate":"https:\/\/wp.ufpel.edu.br\/laboratorioelo\/?s={search_term_string}"},"query-input":{"@type":"PropertyValueSpecification","valueRequired":true,"valueName":"search_term_string"}}],"inLanguage":"pt-BR"},{"@type":"Organization","@id":"https:\/\/wp.ufpel.edu.br\/laboratorioelo\/#organization","name":"Laborat\u00f3rio ELO","url":"https:\/\/wp.ufpel.edu.br\/laboratorioelo\/","logo":{"@type":"ImageObject","inLanguage":"pt-BR","@id":"https:\/\/wp.ufpel.edu.br\/laboratorioelo\/#\/schema\/logo\/image\/","url":"https:\/\/wp.ufpel.edu.br\/laboratorioelo\/files\/2017\/08\/Lelo_logo_pretoBranco2-1.png","contentUrl":"https:\/\/wp.ufpel.edu.br\/laboratorioelo\/files\/2017\/08\/Lelo_logo_pretoBranco2-1.png","width":1153,"height":569,"caption":"Laborat\u00f3rio ELO"},"image":{"@id":"https:\/\/wp.ufpel.edu.br\/laboratorioelo\/#\/schema\/logo\/image\/"}}]}},"jetpack_sharing_enabled":true,"_links":{"self":[{"href":"https:\/\/wp.ufpel.edu.br\/laboratorioelo\/wp-json\/wp\/v2\/pages\/1179","targetHints":{"allow":["GET"]}}],"collection":[{"href":"https:\/\/wp.ufpel.edu.br\/laboratorioelo\/wp-json\/wp\/v2\/pages"}],"about":[{"href":"https:\/\/wp.ufpel.edu.br\/laboratorioelo\/wp-json\/wp\/v2\/types\/page"}],"author":[{"embeddable":true,"href":"https:\/\/wp.ufpel.edu.br\/laboratorioelo\/wp-json\/wp\/v2\/users\/386"}],"replies":[{"embeddable":true,"href":"https:\/\/wp.ufpel.edu.br\/laboratorioelo\/wp-json\/wp\/v2\/comments?post=1179"}],"version-history":[{"count":3,"href":"https:\/\/wp.ufpel.edu.br\/laboratorioelo\/wp-json\/wp\/v2\/pages\/1179\/revisions"}],"predecessor-version":[{"id":1183,"href":"https:\/\/wp.ufpel.edu.br\/laboratorioelo\/wp-json\/wp\/v2\/pages\/1179\/revisions\/1183"}],"wp:attachment":[{"href":"https:\/\/wp.ufpel.edu.br\/laboratorioelo\/wp-json\/wp\/v2\/media?parent=1179"}],"curies":[{"name":"wp","href":"https:\/\/api.w.org\/{rel}","templated":true}]}}