{"id":1086,"date":"2018-07-18T17:18:06","date_gmt":"2018-07-18T20:18:06","guid":{"rendered":"https:\/\/wp.ufpel.edu.br\/laboratorioelo\/?page_id=1086"},"modified":"2018-07-18T17:20:29","modified_gmt":"2018-07-18T20:20:29","slug":"3jel","status":"publish","type":"page","link":"https:\/\/wp.ufpel.edu.br\/laboratorioelo\/3jel\/","title":{"rendered":"3\u00aa JORNADA DE ESTUDOS DA LINGUAGEM"},"content":{"rendered":"<h4 style=\"text-align: center\">Simp\u00f3sio 8: Fon\u00e9tica e Fonologia: descri\u00e7\u00e3o e aquisi\u00e7\u00e3o<br \/>\nCoordenadores: Prof.\u00aa Dr.\u00aa Ana Ruth Mirando e Franciele Collovini (mestranda)<\/h4>\n<p style=\"text-align: justify\"><strong>Data:<\/strong>\u00a017\/10\/2017\u00a0<strong>Hor\u00e1rio:<\/strong>\u00a019:00 &#8211; 21:30\u00a0<strong>Local:<\/strong>\u00a0204 &#8211; Pr\u00e9dio do ISF<br \/>\n<strong>T\u00edtulo: <\/strong>HABILIDADES DE CONSCI\u00caNCIA FONOARTICULAT\u00d3RIA: COMPARA\u00c7\u00c3O ENTRE O DESEMPENHO DE CRIAN\u00c7AS MONOL\u00cdNGUES E BIL\u00cdNGUES (POMERANO\/PORTUGU\u00caS)<br \/>\n<strong>Autores:<\/strong> Paola Oliveira dos Santos e Giovana Ferreira-Gon\u00e7alves<\/p>\n<p style=\"text-align: justify\"><strong>Data:<\/strong>\u00a017\/10\/2017\u00a0<strong>Hor\u00e1rio:<\/strong>\u00a019:00 &#8211; 21:30\u00a0<strong>Local:<\/strong>\u00a0204 &#8211; Pr\u00e9dio do ISF<br \/>\n<strong>T\u00edtulo: <\/strong>ESTUDO AC\u00daSTICO-ARTICULAT\u00d3RIO DO TAP: DIALETO PELOTENSE<br \/>\n<strong>Autores:<\/strong> Patr\u00edcia Pereira Melcheque e Giovana Ferreira-Gon\u00e7alves<\/p>\n<p style=\"text-align: justify\"><strong>Data:<\/strong>\u00a017\/10\/2017\u00a0<strong>Hor\u00e1rio:<\/strong>\u00a019:00 &#8211; 21:30\u00a0<strong>Local:<\/strong>\u00a0204 &#8211; Pr\u00e9dio do ISF<br \/>\n<strong>T\u00edtulo:<\/strong> AQUISI\u00c7\u00c3O DA ESCRITA: AS VOGAIS M\u00c9DIAS ALTAS E SUA RELA\u00c7\u00c3O COM FEN\u00d4MENOS DE PRODU\u00c7\u00c3O ORAL<br \/>\n<strong>Autores:<\/strong> Cristiane dos Santos Oliveira, Giovana Ferreira-Gon\u00e7alves e\u00a0Ana Ruth Moresco Miranda<\/p>\n<p style=\"text-align: justify\"><strong>Data:<\/strong>\u00a017\/10\/2017\u00a0<strong>Hor\u00e1rio:<\/strong>\u00a019:00 &#8211; 21:30\u00a0<strong>Local:<\/strong>\u00a0204 &#8211; Pr\u00e9dio do ISF<br \/>\n<strong>T\u00edtulo: <\/strong>A REALIZA\u00c7\u00c3O DO \/l\/ P\u00d3S-VOC\u00c1LICO DO PORTUGU\u00caS BRASILEIRO SOB A INFLU\u00caNCIA DE L\u00cdNGUA DE IMIGRA\u00c7\u00c3O<br \/>\n<strong>Autores:\u00a0<\/strong>Aline Rosinski Vieira\u00a0e Giovana Ferreira-Gon\u00e7alves<\/p>\n<p style=\"text-align: justify\"><strong>Data:<\/strong>\u00a017\/10\/2017\u00a0<strong>Hor\u00e1rio:<\/strong>\u00a019:00 &#8211; 21:30\u00a0<strong>Local:<\/strong>\u00a0204 &#8211; Pr\u00e9dio do ISF<br \/>\n<strong>T\u00edtulo: <\/strong>A ESCRITA DAS OCLUSIVAS: UMA AN\u00c1LISE AC\u00daSTICO-ARTICULAT\u00d3RIA<br \/>\n<strong>Autores:\u00a0<\/strong>Verg\u00edlia Spiering Dam\u00e9\u00a0e Giovana Ferreira-Gon\u00e7alves<\/p>\n","protected":false},"excerpt":{"rendered":"<p>Simp\u00f3sio 8: Fon\u00e9tica e Fonologia: descri\u00e7\u00e3o e aquisi\u00e7\u00e3o Coordenadores: Prof.\u00aa Dr.\u00aa Ana Ruth Mirando e Franciele Collovini (mestranda) Data:\u00a017\/10\/2017\u00a0Hor\u00e1rio:\u00a019:00 &#8211; 21:30\u00a0Local:\u00a0204 &#8211; Pr\u00e9dio do ISF T\u00edtulo: HABILIDADES DE CONSCI\u00caNCIA FONOARTICULAT\u00d3RIA: COMPARA\u00c7\u00c3O ENTRE O DESEMPENHO DE CRIAN\u00c7AS MONOL\u00cdNGUES E BIL\u00cdNGUES (POMERANO\/PORTUGU\u00caS) Autores: Paola Oliveira dos Santos e Giovana Ferreira-Gon\u00e7alves Data:\u00a017\/10\/2017\u00a0Hor\u00e1rio:\u00a019:00 &#8211; 21:30\u00a0Local:\u00a0204 &#8211; Pr\u00e9dio do ISF&#8230; <\/p>\n<div class=\"link-more\"><a href=\"https:\/\/wp.ufpel.edu.br\/laboratorioelo\/3jel\/\">Leia mais<\/a><\/div>\n","protected":false},"author":386,"featured_media":0,"parent":0,"menu_order":0,"comment_status":"closed","ping_status":"closed","template":"","meta":{"footnotes":""},"class_list":["post-1086","page","type-page","status-publish","hentry"],"yoast_head":"<!-- This site is optimized with the Yoast SEO plugin v26.7 - https:\/\/yoast.com\/wordpress\/plugins\/seo\/ -->\n<title>3\u00aa JORNADA DE ESTUDOS DA LINGUAGEM - LELO - UFPel<\/title>\n<meta name=\"robots\" content=\"index, follow, max-snippet:-1, max-image-preview:large, max-video-preview:-1\" \/>\n<link rel=\"canonical\" href=\"https:\/\/wp.ufpel.edu.br\/laboratorioelo\/3jel\/\" \/>\n<meta property=\"og:locale\" content=\"pt_BR\" \/>\n<meta property=\"og:type\" content=\"article\" \/>\n<meta property=\"og:title\" content=\"3\u00aa JORNADA DE ESTUDOS DA LINGUAGEM - LELO - UFPel\" \/>\n<meta property=\"og:description\" content=\"Simp\u00f3sio 8: Fon\u00e9tica e Fonologia: descri\u00e7\u00e3o e aquisi\u00e7\u00e3o Coordenadores: Prof.\u00aa Dr.\u00aa Ana Ruth Mirando e Franciele Collovini (mestranda) Data:\u00a017\/10\/2017\u00a0Hor\u00e1rio:\u00a019:00 &#8211; 21:30\u00a0Local:\u00a0204 &#8211; Pr\u00e9dio do ISF T\u00edtulo: HABILIDADES DE CONSCI\u00caNCIA FONOARTICULAT\u00d3RIA: COMPARA\u00c7\u00c3O ENTRE O DESEMPENHO DE CRIAN\u00c7AS MONOL\u00cdNGUES E BIL\u00cdNGUES (POMERANO\/PORTUGU\u00caS) Autores: Paola Oliveira dos Santos e Giovana Ferreira-Gon\u00e7alves Data:\u00a017\/10\/2017\u00a0Hor\u00e1rio:\u00a019:00 &#8211; 21:30\u00a0Local:\u00a0204 &#8211; Pr\u00e9dio do ISF... Leia mais\" \/>\n<meta property=\"og:url\" content=\"https:\/\/wp.ufpel.edu.br\/laboratorioelo\/3jel\/\" \/>\n<meta property=\"og:site_name\" content=\"LELO - UFPel\" \/>\n<meta property=\"article:modified_time\" content=\"2018-07-18T20:20:29+00:00\" \/>\n<meta name=\"twitter:card\" content=\"summary_large_image\" \/>\n<meta name=\"twitter:label1\" content=\"Est. tempo de leitura\" \/>\n\t<meta name=\"twitter:data1\" content=\"1 minuto\" \/>\n<script type=\"application\/ld+json\" class=\"yoast-schema-graph\">{\"@context\":\"https:\/\/schema.org\",\"@graph\":[{\"@type\":\"WebPage\",\"@id\":\"https:\/\/wp.ufpel.edu.br\/laboratorioelo\/3jel\/\",\"url\":\"https:\/\/wp.ufpel.edu.br\/laboratorioelo\/3jel\/\",\"name\":\"3\u00aa JORNADA DE ESTUDOS DA LINGUAGEM - LELO - UFPel\",\"isPartOf\":{\"@id\":\"https:\/\/wp.ufpel.edu.br\/laboratorioelo\/#website\"},\"datePublished\":\"2018-07-18T20:18:06+00:00\",\"dateModified\":\"2018-07-18T20:20:29+00:00\",\"breadcrumb\":{\"@id\":\"https:\/\/wp.ufpel.edu.br\/laboratorioelo\/3jel\/#breadcrumb\"},\"inLanguage\":\"pt-BR\",\"potentialAction\":[{\"@type\":\"ReadAction\",\"target\":[\"https:\/\/wp.ufpel.edu.br\/laboratorioelo\/3jel\/\"]}]},{\"@type\":\"BreadcrumbList\",\"@id\":\"https:\/\/wp.ufpel.edu.br\/laboratorioelo\/3jel\/#breadcrumb\",\"itemListElement\":[{\"@type\":\"ListItem\",\"position\":1,\"name\":\"Home\",\"item\":\"https:\/\/wp.ufpel.edu.br\/laboratorioelo\/\"},{\"@type\":\"ListItem\",\"position\":2,\"name\":\"3\u00aa JORNADA DE ESTUDOS DA LINGUAGEM\"}]},{\"@type\":\"WebSite\",\"@id\":\"https:\/\/wp.ufpel.edu.br\/laboratorioelo\/#website\",\"url\":\"https:\/\/wp.ufpel.edu.br\/laboratorioelo\/\",\"name\":\"LELO - UFPEL\",\"description\":\"\",\"publisher\":{\"@id\":\"https:\/\/wp.ufpel.edu.br\/laboratorioelo\/#organization\"},\"potentialAction\":[{\"@type\":\"SearchAction\",\"target\":{\"@type\":\"EntryPoint\",\"urlTemplate\":\"https:\/\/wp.ufpel.edu.br\/laboratorioelo\/?s={search_term_string}\"},\"query-input\":{\"@type\":\"PropertyValueSpecification\",\"valueRequired\":true,\"valueName\":\"search_term_string\"}}],\"inLanguage\":\"pt-BR\"},{\"@type\":\"Organization\",\"@id\":\"https:\/\/wp.ufpel.edu.br\/laboratorioelo\/#organization\",\"name\":\"Laborat\u00f3rio ELO\",\"url\":\"https:\/\/wp.ufpel.edu.br\/laboratorioelo\/\",\"logo\":{\"@type\":\"ImageObject\",\"inLanguage\":\"pt-BR\",\"@id\":\"https:\/\/wp.ufpel.edu.br\/laboratorioelo\/#\/schema\/logo\/image\/\",\"url\":\"https:\/\/wp.ufpel.edu.br\/laboratorioelo\/files\/2017\/08\/Lelo_logo_pretoBranco2-1.png\",\"contentUrl\":\"https:\/\/wp.ufpel.edu.br\/laboratorioelo\/files\/2017\/08\/Lelo_logo_pretoBranco2-1.png\",\"width\":1153,\"height\":569,\"caption\":\"Laborat\u00f3rio ELO\"},\"image\":{\"@id\":\"https:\/\/wp.ufpel.edu.br\/laboratorioelo\/#\/schema\/logo\/image\/\"}}]}<\/script>\n<!-- \/ Yoast SEO plugin. -->","yoast_head_json":{"title":"3\u00aa JORNADA DE ESTUDOS DA LINGUAGEM - LELO - UFPel","robots":{"index":"index","follow":"follow","max-snippet":"max-snippet:-1","max-image-preview":"max-image-preview:large","max-video-preview":"max-video-preview:-1"},"canonical":"https:\/\/wp.ufpel.edu.br\/laboratorioelo\/3jel\/","og_locale":"pt_BR","og_type":"article","og_title":"3\u00aa JORNADA DE ESTUDOS DA LINGUAGEM - LELO - UFPel","og_description":"Simp\u00f3sio 8: Fon\u00e9tica e Fonologia: descri\u00e7\u00e3o e aquisi\u00e7\u00e3o Coordenadores: Prof.\u00aa Dr.\u00aa Ana Ruth Mirando e Franciele Collovini (mestranda) Data:\u00a017\/10\/2017\u00a0Hor\u00e1rio:\u00a019:00 &#8211; 21:30\u00a0Local:\u00a0204 &#8211; Pr\u00e9dio do ISF T\u00edtulo: HABILIDADES DE CONSCI\u00caNCIA FONOARTICULAT\u00d3RIA: COMPARA\u00c7\u00c3O ENTRE O DESEMPENHO DE CRIAN\u00c7AS MONOL\u00cdNGUES E BIL\u00cdNGUES (POMERANO\/PORTUGU\u00caS) Autores: Paola Oliveira dos Santos e Giovana Ferreira-Gon\u00e7alves Data:\u00a017\/10\/2017\u00a0Hor\u00e1rio:\u00a019:00 &#8211; 21:30\u00a0Local:\u00a0204 &#8211; Pr\u00e9dio do ISF... Leia mais","og_url":"https:\/\/wp.ufpel.edu.br\/laboratorioelo\/3jel\/","og_site_name":"LELO - UFPel","article_modified_time":"2018-07-18T20:20:29+00:00","twitter_card":"summary_large_image","twitter_misc":{"Est. tempo de leitura":"1 minuto"},"schema":{"@context":"https:\/\/schema.org","@graph":[{"@type":"WebPage","@id":"https:\/\/wp.ufpel.edu.br\/laboratorioelo\/3jel\/","url":"https:\/\/wp.ufpel.edu.br\/laboratorioelo\/3jel\/","name":"3\u00aa JORNADA DE ESTUDOS DA LINGUAGEM - LELO - UFPel","isPartOf":{"@id":"https:\/\/wp.ufpel.edu.br\/laboratorioelo\/#website"},"datePublished":"2018-07-18T20:18:06+00:00","dateModified":"2018-07-18T20:20:29+00:00","breadcrumb":{"@id":"https:\/\/wp.ufpel.edu.br\/laboratorioelo\/3jel\/#breadcrumb"},"inLanguage":"pt-BR","potentialAction":[{"@type":"ReadAction","target":["https:\/\/wp.ufpel.edu.br\/laboratorioelo\/3jel\/"]}]},{"@type":"BreadcrumbList","@id":"https:\/\/wp.ufpel.edu.br\/laboratorioelo\/3jel\/#breadcrumb","itemListElement":[{"@type":"ListItem","position":1,"name":"Home","item":"https:\/\/wp.ufpel.edu.br\/laboratorioelo\/"},{"@type":"ListItem","position":2,"name":"3\u00aa JORNADA DE ESTUDOS DA LINGUAGEM"}]},{"@type":"WebSite","@id":"https:\/\/wp.ufpel.edu.br\/laboratorioelo\/#website","url":"https:\/\/wp.ufpel.edu.br\/laboratorioelo\/","name":"LELO - UFPEL","description":"","publisher":{"@id":"https:\/\/wp.ufpel.edu.br\/laboratorioelo\/#organization"},"potentialAction":[{"@type":"SearchAction","target":{"@type":"EntryPoint","urlTemplate":"https:\/\/wp.ufpel.edu.br\/laboratorioelo\/?s={search_term_string}"},"query-input":{"@type":"PropertyValueSpecification","valueRequired":true,"valueName":"search_term_string"}}],"inLanguage":"pt-BR"},{"@type":"Organization","@id":"https:\/\/wp.ufpel.edu.br\/laboratorioelo\/#organization","name":"Laborat\u00f3rio ELO","url":"https:\/\/wp.ufpel.edu.br\/laboratorioelo\/","logo":{"@type":"ImageObject","inLanguage":"pt-BR","@id":"https:\/\/wp.ufpel.edu.br\/laboratorioelo\/#\/schema\/logo\/image\/","url":"https:\/\/wp.ufpel.edu.br\/laboratorioelo\/files\/2017\/08\/Lelo_logo_pretoBranco2-1.png","contentUrl":"https:\/\/wp.ufpel.edu.br\/laboratorioelo\/files\/2017\/08\/Lelo_logo_pretoBranco2-1.png","width":1153,"height":569,"caption":"Laborat\u00f3rio ELO"},"image":{"@id":"https:\/\/wp.ufpel.edu.br\/laboratorioelo\/#\/schema\/logo\/image\/"}}]}},"jetpack_sharing_enabled":true,"_links":{"self":[{"href":"https:\/\/wp.ufpel.edu.br\/laboratorioelo\/wp-json\/wp\/v2\/pages\/1086","targetHints":{"allow":["GET"]}}],"collection":[{"href":"https:\/\/wp.ufpel.edu.br\/laboratorioelo\/wp-json\/wp\/v2\/pages"}],"about":[{"href":"https:\/\/wp.ufpel.edu.br\/laboratorioelo\/wp-json\/wp\/v2\/types\/page"}],"author":[{"embeddable":true,"href":"https:\/\/wp.ufpel.edu.br\/laboratorioelo\/wp-json\/wp\/v2\/users\/386"}],"replies":[{"embeddable":true,"href":"https:\/\/wp.ufpel.edu.br\/laboratorioelo\/wp-json\/wp\/v2\/comments?post=1086"}],"version-history":[{"count":2,"href":"https:\/\/wp.ufpel.edu.br\/laboratorioelo\/wp-json\/wp\/v2\/pages\/1086\/revisions"}],"predecessor-version":[{"id":1090,"href":"https:\/\/wp.ufpel.edu.br\/laboratorioelo\/wp-json\/wp\/v2\/pages\/1086\/revisions\/1090"}],"wp:attachment":[{"href":"https:\/\/wp.ufpel.edu.br\/laboratorioelo\/wp-json\/wp\/v2\/media?parent=1086"}],"curies":[{"name":"wp","href":"https:\/\/api.w.org\/{rel}","templated":true}]}}