{"id":1082,"date":"2018-07-18T17:00:23","date_gmt":"2018-07-18T20:00:23","guid":{"rendered":"https:\/\/wp.ufpel.edu.br\/laboratorioelo\/?page_id=1082"},"modified":"2018-07-18T17:00:23","modified_gmt":"2018-07-18T20:00:23","slug":"16mpu","status":"publish","type":"page","link":"https:\/\/wp.ufpel.edu.br\/laboratorioelo\/16mpu\/","title":{"rendered":"16\u00aa MOSTRA DA PRODU\u00c7\u00c3O UNIVERSIT\u00c1RIA"},"content":{"rendered":"<h4 style=\"text-align: center\">19\u00ba Encontro de P\u00f3s-Gradua\u00e7\u00e3o (EPG)<\/h4>\n<p style=\"text-align: justify\"><strong>Data:<\/strong>\u00a005\/10\/2017\u00a0<strong>Hor\u00e1rio:<\/strong>\u00a019:00\u00a0<strong>Local:<\/strong>\u00a0Sala 3207<br \/>\n<strong>T\u00edtulo:\u00a0<\/strong>AS L\u00cdQUIDAS LATERAIS EM ARROIO GRANDE SOB A PERSPECTIVA DA SOCIOFON\u00c9TICA: PADR\u00d5ES AC\u00daSTICOS<br \/>\n<strong>Autores:\u00a0<\/strong>Aline Rosinski Vieira e Giovana Ferreira-Gon\u00e7alves<\/p>\n<p style=\"text-align: justify\"><strong>Data:<\/strong>\u00a005\/10\/2017\u00a0<strong>Hor\u00e1rio:<\/strong>\u00a019:00\u00a0<strong>Local:<\/strong>\u00a0Sala 3207<br \/>\n<strong>T\u00edtulo:\u00a0<\/strong>AQUISI\u00c7\u00c3O DA ESCRITA: AS VOGAIS M\u00c9DIAS ALTAS E SUA RELA\u00c7\u00c3O COM FEN\u00d4MENOS DE PRODU\u00c7\u00c3O ORAL<br \/>\n<strong>Autores:\u00a0<\/strong>Cristiane dos Santos Oliveira\u00a0e Giovana Ferreira-Gon\u00e7alves<\/p>\n<p style=\"text-align: justify\"><strong>Data:<\/strong>\u00a005\/10\/2017\u00a0<strong>Hor\u00e1rio:<\/strong>\u00a019:00\u00a0<strong>Local:<\/strong>\u00a0Sala 3207<br \/>\n<strong>T\u00edtulo:\u00a0<\/strong>DESEMPENHO DE CRIAN\u00c7AS MONOL\u00cdNGUES E BIL\u00cdNGUES (POMERANO\/PORTUGU\u00caS) EM TAREFAS DE CONSCI\u00caNCIA FONOARTICULAT\u00d3RIA DO INSTRUMENTO CONFIART E SUA RELA\u00c7\u00c3O COM OS ERROS DE ESCRITA<br \/>\n<strong>Autores:\u00a0<\/strong>Paola Oliveira dos Santos\u00a0e Giovana Ferreira-Gon\u00e7alves<\/p>\n<p style=\"text-align: justify\"><strong>Data:<\/strong>\u00a005\/10\/2017\u00a0<strong>Hor\u00e1rio:<\/strong>\u00a019:00\u00a0<strong>Local:<\/strong>\u00a0Sala 3207<br \/>\n<strong>T\u00edtulo:\u00a0<\/strong>AQUISI\u00c7\u00c3O DA ESTRUTURA CCV: UMA AN\u00c1LISE AC\u00daSTICO-ARTICULAT\u00d3RIA<br \/>\n<strong>Autores:\u00a0<\/strong>Thais Telles Barbieri\u00a0e Giovana Ferreira-Gon\u00e7alves<\/p>\n<h4 style=\"text-align: center\">26\u00ba Congresso de Inicia\u00e7\u00e3o Cient\u00edfica (CIC)<\/h4>\n<p style=\"text-align: justify\"><strong>Data:<\/strong>\u00a005\/10\/2017\u00a0<strong>Hor\u00e1rio:<\/strong>\u00a019:00\u00a0<strong>Local:<\/strong>\u00a0Sala 1202<br \/>\n<strong>T\u00edtulo:\u00a0<\/strong>ULTRASSONOGRAFIA, INSTRU\u00c7\u00c3O EXPL\u00cdCITA E AQUISI\u00c7\u00c3O DO R\u00d3TICO RETROFLEXO: DADOS DE UMA APRENDIZ EM N\u00cdVEL B\u00c1SICO<br \/>\n<strong>Autores:<\/strong>\u00a0Ot\u00e1vio Tadeu Alves Pereira e Giovana Ferreira-Gon\u00e7alves<\/p>\n<p style=\"text-align: justify\"><strong>Data:<\/strong>\u00a005\/10\/2017\u00a0<strong>Hor\u00e1rio:<\/strong>\u00a019:00\u00a0<strong>Local:<\/strong>\u00a0Sala 1202<br \/>\n<strong>T\u00edtulo:\u00a0<\/strong>ASPECTOS AC\u00daSTICOS E ARTICULAT\u00d3RIOS DO TAP PRODUZIDO POR PELOTENSES<br \/>\n<strong>Autores:<\/strong>\u00a0Patr\u00edcia Pereira Melcheque e Giovana Ferreira-Gon\u00e7alves<\/p>\n<p>&nbsp;<\/p>\n","protected":false},"excerpt":{"rendered":"<p>19\u00ba Encontro de P\u00f3s-Gradua\u00e7\u00e3o (EPG) Data:\u00a005\/10\/2017\u00a0Hor\u00e1rio:\u00a019:00\u00a0Local:\u00a0Sala 3207 T\u00edtulo:\u00a0AS L\u00cdQUIDAS LATERAIS EM ARROIO GRANDE SOB A PERSPECTIVA DA SOCIOFON\u00c9TICA: PADR\u00d5ES AC\u00daSTICOS Autores:\u00a0Aline Rosinski Vieira e Giovana Ferreira-Gon\u00e7alves Data:\u00a005\/10\/2017\u00a0Hor\u00e1rio:\u00a019:00\u00a0Local:\u00a0Sala 3207 T\u00edtulo:\u00a0AQUISI\u00c7\u00c3O DA ESCRITA: AS VOGAIS M\u00c9DIAS ALTAS E SUA RELA\u00c7\u00c3O COM FEN\u00d4MENOS DE PRODU\u00c7\u00c3O ORAL Autores:\u00a0Cristiane dos Santos Oliveira\u00a0e Giovana Ferreira-Gon\u00e7alves Data:\u00a005\/10\/2017\u00a0Hor\u00e1rio:\u00a019:00\u00a0Local:\u00a0Sala 3207 T\u00edtulo:\u00a0DESEMPENHO DE CRIAN\u00c7AS MONOL\u00cdNGUES&#8230; <\/p>\n<div class=\"link-more\"><a href=\"https:\/\/wp.ufpel.edu.br\/laboratorioelo\/16mpu\/\">Leia mais<\/a><\/div>\n","protected":false},"author":386,"featured_media":0,"parent":0,"menu_order":0,"comment_status":"closed","ping_status":"closed","template":"","meta":{"footnotes":""},"class_list":["post-1082","page","type-page","status-publish","hentry"],"yoast_head":"<!-- This site is optimized with the Yoast SEO plugin v26.7 - https:\/\/yoast.com\/wordpress\/plugins\/seo\/ -->\n<title>16\u00aa MOSTRA DA PRODU\u00c7\u00c3O UNIVERSIT\u00c1RIA - LELO - UFPel<\/title>\n<meta name=\"robots\" content=\"index, follow, max-snippet:-1, max-image-preview:large, max-video-preview:-1\" \/>\n<link rel=\"canonical\" href=\"https:\/\/wp.ufpel.edu.br\/laboratorioelo\/16mpu\/\" \/>\n<meta property=\"og:locale\" content=\"pt_BR\" \/>\n<meta property=\"og:type\" content=\"article\" \/>\n<meta property=\"og:title\" content=\"16\u00aa MOSTRA DA PRODU\u00c7\u00c3O UNIVERSIT\u00c1RIA - LELO - UFPel\" \/>\n<meta property=\"og:description\" content=\"19\u00ba Encontro de P\u00f3s-Gradua\u00e7\u00e3o (EPG) Data:\u00a005\/10\/2017\u00a0Hor\u00e1rio:\u00a019:00\u00a0Local:\u00a0Sala 3207 T\u00edtulo:\u00a0AS L\u00cdQUIDAS LATERAIS EM ARROIO GRANDE SOB A PERSPECTIVA DA SOCIOFON\u00c9TICA: PADR\u00d5ES AC\u00daSTICOS Autores:\u00a0Aline Rosinski Vieira e Giovana Ferreira-Gon\u00e7alves Data:\u00a005\/10\/2017\u00a0Hor\u00e1rio:\u00a019:00\u00a0Local:\u00a0Sala 3207 T\u00edtulo:\u00a0AQUISI\u00c7\u00c3O DA ESCRITA: AS VOGAIS M\u00c9DIAS ALTAS E SUA RELA\u00c7\u00c3O COM FEN\u00d4MENOS DE PRODU\u00c7\u00c3O ORAL Autores:\u00a0Cristiane dos Santos Oliveira\u00a0e Giovana Ferreira-Gon\u00e7alves Data:\u00a005\/10\/2017\u00a0Hor\u00e1rio:\u00a019:00\u00a0Local:\u00a0Sala 3207 T\u00edtulo:\u00a0DESEMPENHO DE CRIAN\u00c7AS MONOL\u00cdNGUES... Leia mais\" \/>\n<meta property=\"og:url\" content=\"https:\/\/wp.ufpel.edu.br\/laboratorioelo\/16mpu\/\" \/>\n<meta property=\"og:site_name\" content=\"LELO - UFPel\" \/>\n<meta name=\"twitter:card\" content=\"summary_large_image\" \/>\n<meta name=\"twitter:label1\" content=\"Est. tempo de leitura\" \/>\n\t<meta name=\"twitter:data1\" content=\"1 minuto\" \/>\n<script type=\"application\/ld+json\" class=\"yoast-schema-graph\">{\"@context\":\"https:\/\/schema.org\",\"@graph\":[{\"@type\":\"WebPage\",\"@id\":\"https:\/\/wp.ufpel.edu.br\/laboratorioelo\/16mpu\/\",\"url\":\"https:\/\/wp.ufpel.edu.br\/laboratorioelo\/16mpu\/\",\"name\":\"16\u00aa MOSTRA DA PRODU\u00c7\u00c3O UNIVERSIT\u00c1RIA - LELO - UFPel\",\"isPartOf\":{\"@id\":\"https:\/\/wp.ufpel.edu.br\/laboratorioelo\/#website\"},\"datePublished\":\"2018-07-18T20:00:23+00:00\",\"breadcrumb\":{\"@id\":\"https:\/\/wp.ufpel.edu.br\/laboratorioelo\/16mpu\/#breadcrumb\"},\"inLanguage\":\"pt-BR\",\"potentialAction\":[{\"@type\":\"ReadAction\",\"target\":[\"https:\/\/wp.ufpel.edu.br\/laboratorioelo\/16mpu\/\"]}]},{\"@type\":\"BreadcrumbList\",\"@id\":\"https:\/\/wp.ufpel.edu.br\/laboratorioelo\/16mpu\/#breadcrumb\",\"itemListElement\":[{\"@type\":\"ListItem\",\"position\":1,\"name\":\"Home\",\"item\":\"https:\/\/wp.ufpel.edu.br\/laboratorioelo\/\"},{\"@type\":\"ListItem\",\"position\":2,\"name\":\"16\u00aa MOSTRA DA PRODU\u00c7\u00c3O UNIVERSIT\u00c1RIA\"}]},{\"@type\":\"WebSite\",\"@id\":\"https:\/\/wp.ufpel.edu.br\/laboratorioelo\/#website\",\"url\":\"https:\/\/wp.ufpel.edu.br\/laboratorioelo\/\",\"name\":\"LELO - UFPEL\",\"description\":\"\",\"publisher\":{\"@id\":\"https:\/\/wp.ufpel.edu.br\/laboratorioelo\/#organization\"},\"potentialAction\":[{\"@type\":\"SearchAction\",\"target\":{\"@type\":\"EntryPoint\",\"urlTemplate\":\"https:\/\/wp.ufpel.edu.br\/laboratorioelo\/?s={search_term_string}\"},\"query-input\":{\"@type\":\"PropertyValueSpecification\",\"valueRequired\":true,\"valueName\":\"search_term_string\"}}],\"inLanguage\":\"pt-BR\"},{\"@type\":\"Organization\",\"@id\":\"https:\/\/wp.ufpel.edu.br\/laboratorioelo\/#organization\",\"name\":\"Laborat\u00f3rio ELO\",\"url\":\"https:\/\/wp.ufpel.edu.br\/laboratorioelo\/\",\"logo\":{\"@type\":\"ImageObject\",\"inLanguage\":\"pt-BR\",\"@id\":\"https:\/\/wp.ufpel.edu.br\/laboratorioelo\/#\/schema\/logo\/image\/\",\"url\":\"https:\/\/wp.ufpel.edu.br\/laboratorioelo\/files\/2017\/08\/Lelo_logo_pretoBranco2-1.png\",\"contentUrl\":\"https:\/\/wp.ufpel.edu.br\/laboratorioelo\/files\/2017\/08\/Lelo_logo_pretoBranco2-1.png\",\"width\":1153,\"height\":569,\"caption\":\"Laborat\u00f3rio ELO\"},\"image\":{\"@id\":\"https:\/\/wp.ufpel.edu.br\/laboratorioelo\/#\/schema\/logo\/image\/\"}}]}<\/script>\n<!-- \/ Yoast SEO plugin. -->","yoast_head_json":{"title":"16\u00aa MOSTRA DA PRODU\u00c7\u00c3O UNIVERSIT\u00c1RIA - LELO - UFPel","robots":{"index":"index","follow":"follow","max-snippet":"max-snippet:-1","max-image-preview":"max-image-preview:large","max-video-preview":"max-video-preview:-1"},"canonical":"https:\/\/wp.ufpel.edu.br\/laboratorioelo\/16mpu\/","og_locale":"pt_BR","og_type":"article","og_title":"16\u00aa MOSTRA DA PRODU\u00c7\u00c3O UNIVERSIT\u00c1RIA - LELO - UFPel","og_description":"19\u00ba Encontro de P\u00f3s-Gradua\u00e7\u00e3o (EPG) Data:\u00a005\/10\/2017\u00a0Hor\u00e1rio:\u00a019:00\u00a0Local:\u00a0Sala 3207 T\u00edtulo:\u00a0AS L\u00cdQUIDAS LATERAIS EM ARROIO GRANDE SOB A PERSPECTIVA DA SOCIOFON\u00c9TICA: PADR\u00d5ES AC\u00daSTICOS Autores:\u00a0Aline Rosinski Vieira e Giovana Ferreira-Gon\u00e7alves Data:\u00a005\/10\/2017\u00a0Hor\u00e1rio:\u00a019:00\u00a0Local:\u00a0Sala 3207 T\u00edtulo:\u00a0AQUISI\u00c7\u00c3O DA ESCRITA: AS VOGAIS M\u00c9DIAS ALTAS E SUA RELA\u00c7\u00c3O COM FEN\u00d4MENOS DE PRODU\u00c7\u00c3O ORAL Autores:\u00a0Cristiane dos Santos Oliveira\u00a0e Giovana Ferreira-Gon\u00e7alves Data:\u00a005\/10\/2017\u00a0Hor\u00e1rio:\u00a019:00\u00a0Local:\u00a0Sala 3207 T\u00edtulo:\u00a0DESEMPENHO DE CRIAN\u00c7AS MONOL\u00cdNGUES... Leia mais","og_url":"https:\/\/wp.ufpel.edu.br\/laboratorioelo\/16mpu\/","og_site_name":"LELO - UFPel","twitter_card":"summary_large_image","twitter_misc":{"Est. tempo de leitura":"1 minuto"},"schema":{"@context":"https:\/\/schema.org","@graph":[{"@type":"WebPage","@id":"https:\/\/wp.ufpel.edu.br\/laboratorioelo\/16mpu\/","url":"https:\/\/wp.ufpel.edu.br\/laboratorioelo\/16mpu\/","name":"16\u00aa MOSTRA DA PRODU\u00c7\u00c3O UNIVERSIT\u00c1RIA - LELO - UFPel","isPartOf":{"@id":"https:\/\/wp.ufpel.edu.br\/laboratorioelo\/#website"},"datePublished":"2018-07-18T20:00:23+00:00","breadcrumb":{"@id":"https:\/\/wp.ufpel.edu.br\/laboratorioelo\/16mpu\/#breadcrumb"},"inLanguage":"pt-BR","potentialAction":[{"@type":"ReadAction","target":["https:\/\/wp.ufpel.edu.br\/laboratorioelo\/16mpu\/"]}]},{"@type":"BreadcrumbList","@id":"https:\/\/wp.ufpel.edu.br\/laboratorioelo\/16mpu\/#breadcrumb","itemListElement":[{"@type":"ListItem","position":1,"name":"Home","item":"https:\/\/wp.ufpel.edu.br\/laboratorioelo\/"},{"@type":"ListItem","position":2,"name":"16\u00aa MOSTRA DA PRODU\u00c7\u00c3O UNIVERSIT\u00c1RIA"}]},{"@type":"WebSite","@id":"https:\/\/wp.ufpel.edu.br\/laboratorioelo\/#website","url":"https:\/\/wp.ufpel.edu.br\/laboratorioelo\/","name":"LELO - UFPEL","description":"","publisher":{"@id":"https:\/\/wp.ufpel.edu.br\/laboratorioelo\/#organization"},"potentialAction":[{"@type":"SearchAction","target":{"@type":"EntryPoint","urlTemplate":"https:\/\/wp.ufpel.edu.br\/laboratorioelo\/?s={search_term_string}"},"query-input":{"@type":"PropertyValueSpecification","valueRequired":true,"valueName":"search_term_string"}}],"inLanguage":"pt-BR"},{"@type":"Organization","@id":"https:\/\/wp.ufpel.edu.br\/laboratorioelo\/#organization","name":"Laborat\u00f3rio ELO","url":"https:\/\/wp.ufpel.edu.br\/laboratorioelo\/","logo":{"@type":"ImageObject","inLanguage":"pt-BR","@id":"https:\/\/wp.ufpel.edu.br\/laboratorioelo\/#\/schema\/logo\/image\/","url":"https:\/\/wp.ufpel.edu.br\/laboratorioelo\/files\/2017\/08\/Lelo_logo_pretoBranco2-1.png","contentUrl":"https:\/\/wp.ufpel.edu.br\/laboratorioelo\/files\/2017\/08\/Lelo_logo_pretoBranco2-1.png","width":1153,"height":569,"caption":"Laborat\u00f3rio ELO"},"image":{"@id":"https:\/\/wp.ufpel.edu.br\/laboratorioelo\/#\/schema\/logo\/image\/"}}]}},"jetpack_sharing_enabled":true,"_links":{"self":[{"href":"https:\/\/wp.ufpel.edu.br\/laboratorioelo\/wp-json\/wp\/v2\/pages\/1082","targetHints":{"allow":["GET"]}}],"collection":[{"href":"https:\/\/wp.ufpel.edu.br\/laboratorioelo\/wp-json\/wp\/v2\/pages"}],"about":[{"href":"https:\/\/wp.ufpel.edu.br\/laboratorioelo\/wp-json\/wp\/v2\/types\/page"}],"author":[{"embeddable":true,"href":"https:\/\/wp.ufpel.edu.br\/laboratorioelo\/wp-json\/wp\/v2\/users\/386"}],"replies":[{"embeddable":true,"href":"https:\/\/wp.ufpel.edu.br\/laboratorioelo\/wp-json\/wp\/v2\/comments?post=1082"}],"version-history":[{"count":1,"href":"https:\/\/wp.ufpel.edu.br\/laboratorioelo\/wp-json\/wp\/v2\/pages\/1082\/revisions"}],"predecessor-version":[{"id":1084,"href":"https:\/\/wp.ufpel.edu.br\/laboratorioelo\/wp-json\/wp\/v2\/pages\/1082\/revisions\/1084"}],"wp:attachment":[{"href":"https:\/\/wp.ufpel.edu.br\/laboratorioelo\/wp-json\/wp\/v2\/media?parent=1082"}],"curies":[{"name":"wp","href":"https:\/\/api.w.org\/{rel}","templated":true}]}}