{"id":1077,"date":"2018-07-18T15:40:49","date_gmt":"2018-07-18T18:40:49","guid":{"rendered":"https:\/\/wp.ufpel.edu.br\/laboratorioelo\/?page_id=1077"},"modified":"2019-11-01T01:22:51","modified_gmt":"2019-11-01T04:22:51","slug":"iwsef","status":"publish","type":"page","link":"https:\/\/wp.ufpel.edu.br\/laboratorioelo\/iwsef\/","title":{"rendered":"I WORKSHOP EM ULTRASSONOGRAFIA E ESTUDOS DA FALA"},"content":{"rendered":"<h4 style=\"text-align: center\">Comunica\u00e7\u00f5es Plen\u00e1rias 1 &#8211; Projetos de pesquisa<br \/>\nCoordena\u00e7\u00e3o &#8211; Prof\u00aa Mirian Rose Brum-de-Paula (UFPel)<\/h4>\n<p style=\"text-align: justify\"><strong>Data:<\/strong>\u00a008\/11\/2017\u00a0<strong>Hor\u00e1rio:<\/strong>\u00a011:00\u00a0<strong>Local:<\/strong>\u00a0Sala Hassis<br \/>\n<strong>T\u00edtulo:\u00a0<\/strong>AQUISI\u00c7\u00c3O DE ENCONTROS CONSONANTAIS: AN\u00c1LISE AC\u00daSTICA E ARTICULAT\u00d3RIA<br \/>\n<strong>Autores:<\/strong> Thais Telles Barbieri (UFPel\/ CAPES) e Giovana Ferreira-Gon\u00e7alves (UFPel\/ CNPq)<\/p>\n<p style=\"text-align: justify\"><strong>Data:<\/strong>\u00a008\/11\/2017\u00a0<strong>Hor\u00e1rio:<\/strong>\u00a011:00\u00a0<strong>Local:<\/strong>\u00a0Sala Hassis<br \/>\n<strong>T\u00edtulo:\u00a0<\/strong>TAP DO DIALETO PELOTENSE: A UTILIZA\u00c7\u00c3O DA T\u00c9CNICA DE ULTRASSONOGRAFIA PARA DESCRI\u00c7\u00c3O ARTICULAT\u00d3RIA<br \/>\n<strong>Autores:<\/strong>\u00a0Patr\u00edcia Pereira Melcheque (UFPel\/ PBIP-AF-CNPq) e Giovana Ferreira-Gon\u00e7alves (UFPel\/ CNPq)<\/p>\n<h4 style=\"text-align: center\">Comunica\u00e7\u00f5es Plen\u00e1rias 2<br \/>\nCoordena\u00e7\u00e3o &#8211; Prof\u00aa Helena Bolli Mota (UFSM)<\/h4>\n<p style=\"text-align: justify\"><strong>Data:<\/strong>\u00a008\/11\/2017\u00a0<strong>Hor\u00e1rio:<\/strong>\u00a014:00\u00a0<strong>Local:<\/strong>\u00a0Sala Hassis<br \/>\n<strong>T\u00edtulo:\u00a0<\/strong>AN\u00c1LISE AC\u00daSTICO-ARTICULAT\u00d3RIA DAS PLOSIVAS E SUA RELA\u00c7\u00c3O COM A ESCRITA<br \/>\n<strong>Autores:<\/strong>\u00a0Verg\u00edlia Spiering Dam\u00e9 (PUCRS\/ CNPq) e\u00a0Giovana Ferreira-Gon\u00e7alves (UFPel\/ CNPq)<\/p>\n<h4 style=\"text-align: center\">Comunica\u00e7\u00f5es Plen\u00e1rias 5 -Projetos de Pesquisa<br \/>\nCoordena\u00e7\u00e3o: Prof\u00aa Izabel Christine Seara (UFSC\/ CNPq)<\/h4>\n<p style=\"text-align: justify\"><strong>Data:<\/strong>\u00a009\/11\/2017\u00a0<strong>Hor\u00e1rio:<\/strong>\u00a014:00\u00a0<strong>Local:<\/strong>\u00a0Sala Hassis<br \/>\n<strong>T\u00edtulo:\u00a0<\/strong>AQUISI\u00c7\u00c3O DA CONSOANTE LATERAL \/L\/ DO ESPANHOL: ULTRASSONOGRAFIA COMO MEIO DE INSTRU\u00c7\u00c3O EXPL\u00cdCITA<br \/>\n<strong>Autores:\u00a0<\/strong>La\u00eds Silva Garcia (UFPel\/ PBIC-CNPq) e Giovana Ferreira-Gon\u00e7alves (UFPel\/ CNPq)<\/p>\n<p style=\"text-align: justify\"><strong>Data:<\/strong>\u00a009\/11\/2017\u00a0<strong>Hor\u00e1rio:<\/strong>\u00a014:00\u00a0<strong>Local:<\/strong>\u00a0Sala Hassis<br \/>\n<strong>T\u00edtulo:\u00a0<\/strong>A PRODU\u00c7\u00c3O DA LATERAL POSVOC\u00c1LICA EM UMA COMUNIDADE BIL\u00cdNGUE PORTUGU\u00caS\/ POLON\u00caS<br \/>\n<strong>Autores:\u00a0<\/strong>Aline Rosinski Vieira (UFPel) e Giovana Ferreira-Gon\u00e7alves (UFPel\/ CNPq)<\/p>\n<h4 style=\"text-align: center\">Comunica\u00e7\u00f5es Plen\u00e1rias 6<br \/>\nCoordena\u00e7\u00e3o &#8211; Prof\u00aa Rosane Silveira (UFSC)<\/h4>\n<p style=\"text-align: justify\"><strong>Data:<\/strong>\u00a009\/11\/2017\u00a0<strong>Hor\u00e1rio:<\/strong>\u00a016:00\u00a0<strong>Local:<\/strong>\u00a0Sala Hassis<br \/>\n<strong>T\u00edtulo:\u00a0<\/strong>A AQUISI\u00c7\u00c3O DAS VOGAIS NASAIS [\u025b\u0303], [\u00e3] e [\u0254\u0303] FRANCESAS POR APRENDIZES BRASILEIRAS: ASPECTOS ARTICULAT\u00d3RIOS<br \/>\n<strong>Autores:\u00a0<\/strong>Bruna Teixeira Correa (UFPel), Giovana Ferreira-Gon\u00e7alves (UFPel\/ CNPq) e Mirian Rose Brum-de-Paula (UFPel)<\/p>\n<hr \/>\n<p style=\"text-align: center\">Caderno de Resumos<a href=\"http:\/\/fonapli.paginas.ufsc.br\/files\/2017\/11\/IWSEF-2017.pdf\" target=\"_blank\" rel=\"noopener noreferrer\"><img loading=\"lazy\" decoding=\"async\" class=\"wp-image-1079 aligncenter\" src=\"https:\/\/wp.ufpel.edu.br\/laboratorioelo\/files\/2018\/07\/iwusef-CR.png\" alt=\"\" width=\"250\" height=\"201\" \/><\/a><\/p>\n","protected":false},"excerpt":{"rendered":"<p>Comunica\u00e7\u00f5es Plen\u00e1rias 1 &#8211; Projetos de pesquisa Coordena\u00e7\u00e3o &#8211; Prof\u00aa Mirian Rose Brum-de-Paula (UFPel) Data:\u00a008\/11\/2017\u00a0Hor\u00e1rio:\u00a011:00\u00a0Local:\u00a0Sala Hassis T\u00edtulo:\u00a0AQUISI\u00c7\u00c3O DE ENCONTROS CONSONANTAIS: AN\u00c1LISE AC\u00daSTICA E ARTICULAT\u00d3RIA Autores: Thais Telles Barbieri (UFPel\/ CAPES) e Giovana Ferreira-Gon\u00e7alves (UFPel\/ CNPq) Data:\u00a008\/11\/2017\u00a0Hor\u00e1rio:\u00a011:00\u00a0Local:\u00a0Sala Hassis T\u00edtulo:\u00a0TAP DO DIALETO PELOTENSE: A UTILIZA\u00c7\u00c3O DA T\u00c9CNICA DE ULTRASSONOGRAFIA PARA DESCRI\u00c7\u00c3O ARTICULAT\u00d3RIA Autores:\u00a0Patr\u00edcia Pereira Melcheque (UFPel\/ PBIP-AF-CNPq)&#8230; <\/p>\n<div class=\"link-more\"><a href=\"https:\/\/wp.ufpel.edu.br\/laboratorioelo\/iwsef\/\">Leia mais<\/a><\/div>\n","protected":false},"author":386,"featured_media":0,"parent":0,"menu_order":0,"comment_status":"closed","ping_status":"closed","template":"","meta":{"footnotes":""},"class_list":["post-1077","page","type-page","status-publish","hentry"],"yoast_head":"<!-- This site is optimized with the Yoast SEO plugin v26.7 - https:\/\/yoast.com\/wordpress\/plugins\/seo\/ -->\n<title>I WORKSHOP EM ULTRASSONOGRAFIA E ESTUDOS DA FALA - LELO - UFPel<\/title>\n<meta name=\"robots\" content=\"index, follow, max-snippet:-1, max-image-preview:large, max-video-preview:-1\" \/>\n<link rel=\"canonical\" href=\"https:\/\/wp.ufpel.edu.br\/laboratorioelo\/iwsef\/\" \/>\n<meta property=\"og:locale\" content=\"pt_BR\" \/>\n<meta property=\"og:type\" content=\"article\" \/>\n<meta property=\"og:title\" content=\"I WORKSHOP EM ULTRASSONOGRAFIA E ESTUDOS DA FALA - LELO - UFPel\" \/>\n<meta property=\"og:description\" content=\"Comunica\u00e7\u00f5es Plen\u00e1rias 1 &#8211; Projetos de pesquisa Coordena\u00e7\u00e3o &#8211; Prof\u00aa Mirian Rose Brum-de-Paula (UFPel) Data:\u00a008\/11\/2017\u00a0Hor\u00e1rio:\u00a011:00\u00a0Local:\u00a0Sala Hassis T\u00edtulo:\u00a0AQUISI\u00c7\u00c3O DE ENCONTROS CONSONANTAIS: AN\u00c1LISE AC\u00daSTICA E ARTICULAT\u00d3RIA Autores: Thais Telles Barbieri (UFPel\/ CAPES) e Giovana Ferreira-Gon\u00e7alves (UFPel\/ CNPq) Data:\u00a008\/11\/2017\u00a0Hor\u00e1rio:\u00a011:00\u00a0Local:\u00a0Sala Hassis T\u00edtulo:\u00a0TAP DO DIALETO PELOTENSE: A UTILIZA\u00c7\u00c3O DA T\u00c9CNICA DE ULTRASSONOGRAFIA PARA DESCRI\u00c7\u00c3O ARTICULAT\u00d3RIA Autores:\u00a0Patr\u00edcia Pereira Melcheque (UFPel\/ PBIP-AF-CNPq)... Leia mais\" \/>\n<meta property=\"og:url\" content=\"https:\/\/wp.ufpel.edu.br\/laboratorioelo\/iwsef\/\" \/>\n<meta property=\"og:site_name\" content=\"LELO - UFPel\" \/>\n<meta property=\"article:modified_time\" content=\"2019-11-01T04:22:51+00:00\" \/>\n<meta property=\"og:image\" content=\"https:\/\/wp.ufpel.edu.br\/laboratorioelo\/files\/2018\/07\/iwusef-CR.png\" \/>\n<meta name=\"twitter:card\" content=\"summary_large_image\" \/>\n<meta name=\"twitter:label1\" content=\"Est. tempo de leitura\" \/>\n\t<meta name=\"twitter:data1\" content=\"1 minuto\" \/>\n<script type=\"application\/ld+json\" class=\"yoast-schema-graph\">{\"@context\":\"https:\/\/schema.org\",\"@graph\":[{\"@type\":\"WebPage\",\"@id\":\"https:\/\/wp.ufpel.edu.br\/laboratorioelo\/iwsef\/\",\"url\":\"https:\/\/wp.ufpel.edu.br\/laboratorioelo\/iwsef\/\",\"name\":\"I WORKSHOP EM ULTRASSONOGRAFIA E ESTUDOS DA FALA - LELO - UFPel\",\"isPartOf\":{\"@id\":\"https:\/\/wp.ufpel.edu.br\/laboratorioelo\/#website\"},\"primaryImageOfPage\":{\"@id\":\"https:\/\/wp.ufpel.edu.br\/laboratorioelo\/iwsef\/#primaryimage\"},\"image\":{\"@id\":\"https:\/\/wp.ufpel.edu.br\/laboratorioelo\/iwsef\/#primaryimage\"},\"thumbnailUrl\":\"https:\/\/wp.ufpel.edu.br\/laboratorioelo\/files\/2018\/07\/iwusef-CR.png\",\"datePublished\":\"2018-07-18T18:40:49+00:00\",\"dateModified\":\"2019-11-01T04:22:51+00:00\",\"breadcrumb\":{\"@id\":\"https:\/\/wp.ufpel.edu.br\/laboratorioelo\/iwsef\/#breadcrumb\"},\"inLanguage\":\"pt-BR\",\"potentialAction\":[{\"@type\":\"ReadAction\",\"target\":[\"https:\/\/wp.ufpel.edu.br\/laboratorioelo\/iwsef\/\"]}]},{\"@type\":\"ImageObject\",\"inLanguage\":\"pt-BR\",\"@id\":\"https:\/\/wp.ufpel.edu.br\/laboratorioelo\/iwsef\/#primaryimage\",\"url\":\"https:\/\/wp.ufpel.edu.br\/laboratorioelo\/files\/2018\/07\/iwusef-CR.png\",\"contentUrl\":\"https:\/\/wp.ufpel.edu.br\/laboratorioelo\/files\/2018\/07\/iwusef-CR.png\",\"width\":350,\"height\":281},{\"@type\":\"BreadcrumbList\",\"@id\":\"https:\/\/wp.ufpel.edu.br\/laboratorioelo\/iwsef\/#breadcrumb\",\"itemListElement\":[{\"@type\":\"ListItem\",\"position\":1,\"name\":\"Home\",\"item\":\"https:\/\/wp.ufpel.edu.br\/laboratorioelo\/\"},{\"@type\":\"ListItem\",\"position\":2,\"name\":\"I WORKSHOP EM ULTRASSONOGRAFIA E ESTUDOS DA FALA\"}]},{\"@type\":\"WebSite\",\"@id\":\"https:\/\/wp.ufpel.edu.br\/laboratorioelo\/#website\",\"url\":\"https:\/\/wp.ufpel.edu.br\/laboratorioelo\/\",\"name\":\"LELO - UFPEL\",\"description\":\"\",\"publisher\":{\"@id\":\"https:\/\/wp.ufpel.edu.br\/laboratorioelo\/#organization\"},\"potentialAction\":[{\"@type\":\"SearchAction\",\"target\":{\"@type\":\"EntryPoint\",\"urlTemplate\":\"https:\/\/wp.ufpel.edu.br\/laboratorioelo\/?s={search_term_string}\"},\"query-input\":{\"@type\":\"PropertyValueSpecification\",\"valueRequired\":true,\"valueName\":\"search_term_string\"}}],\"inLanguage\":\"pt-BR\"},{\"@type\":\"Organization\",\"@id\":\"https:\/\/wp.ufpel.edu.br\/laboratorioelo\/#organization\",\"name\":\"Laborat\u00f3rio ELO\",\"url\":\"https:\/\/wp.ufpel.edu.br\/laboratorioelo\/\",\"logo\":{\"@type\":\"ImageObject\",\"inLanguage\":\"pt-BR\",\"@id\":\"https:\/\/wp.ufpel.edu.br\/laboratorioelo\/#\/schema\/logo\/image\/\",\"url\":\"https:\/\/wp.ufpel.edu.br\/laboratorioelo\/files\/2017\/08\/Lelo_logo_pretoBranco2-1.png\",\"contentUrl\":\"https:\/\/wp.ufpel.edu.br\/laboratorioelo\/files\/2017\/08\/Lelo_logo_pretoBranco2-1.png\",\"width\":1153,\"height\":569,\"caption\":\"Laborat\u00f3rio ELO\"},\"image\":{\"@id\":\"https:\/\/wp.ufpel.edu.br\/laboratorioelo\/#\/schema\/logo\/image\/\"}}]}<\/script>\n<!-- \/ Yoast SEO plugin. -->","yoast_head_json":{"title":"I WORKSHOP EM ULTRASSONOGRAFIA E ESTUDOS DA FALA - LELO - UFPel","robots":{"index":"index","follow":"follow","max-snippet":"max-snippet:-1","max-image-preview":"max-image-preview:large","max-video-preview":"max-video-preview:-1"},"canonical":"https:\/\/wp.ufpel.edu.br\/laboratorioelo\/iwsef\/","og_locale":"pt_BR","og_type":"article","og_title":"I WORKSHOP EM ULTRASSONOGRAFIA E ESTUDOS DA FALA - LELO - UFPel","og_description":"Comunica\u00e7\u00f5es Plen\u00e1rias 1 &#8211; Projetos de pesquisa Coordena\u00e7\u00e3o &#8211; Prof\u00aa Mirian Rose Brum-de-Paula (UFPel) Data:\u00a008\/11\/2017\u00a0Hor\u00e1rio:\u00a011:00\u00a0Local:\u00a0Sala Hassis T\u00edtulo:\u00a0AQUISI\u00c7\u00c3O DE ENCONTROS CONSONANTAIS: AN\u00c1LISE AC\u00daSTICA E ARTICULAT\u00d3RIA Autores: Thais Telles Barbieri (UFPel\/ CAPES) e Giovana Ferreira-Gon\u00e7alves (UFPel\/ CNPq) Data:\u00a008\/11\/2017\u00a0Hor\u00e1rio:\u00a011:00\u00a0Local:\u00a0Sala Hassis T\u00edtulo:\u00a0TAP DO DIALETO PELOTENSE: A UTILIZA\u00c7\u00c3O DA T\u00c9CNICA DE ULTRASSONOGRAFIA PARA DESCRI\u00c7\u00c3O ARTICULAT\u00d3RIA Autores:\u00a0Patr\u00edcia Pereira Melcheque (UFPel\/ PBIP-AF-CNPq)... Leia mais","og_url":"https:\/\/wp.ufpel.edu.br\/laboratorioelo\/iwsef\/","og_site_name":"LELO - UFPel","article_modified_time":"2019-11-01T04:22:51+00:00","og_image":[{"url":"https:\/\/wp.ufpel.edu.br\/laboratorioelo\/files\/2018\/07\/iwusef-CR.png","type":"","width":"","height":""}],"twitter_card":"summary_large_image","twitter_misc":{"Est. tempo de leitura":"1 minuto"},"schema":{"@context":"https:\/\/schema.org","@graph":[{"@type":"WebPage","@id":"https:\/\/wp.ufpel.edu.br\/laboratorioelo\/iwsef\/","url":"https:\/\/wp.ufpel.edu.br\/laboratorioelo\/iwsef\/","name":"I WORKSHOP EM ULTRASSONOGRAFIA E ESTUDOS DA FALA - LELO - UFPel","isPartOf":{"@id":"https:\/\/wp.ufpel.edu.br\/laboratorioelo\/#website"},"primaryImageOfPage":{"@id":"https:\/\/wp.ufpel.edu.br\/laboratorioelo\/iwsef\/#primaryimage"},"image":{"@id":"https:\/\/wp.ufpel.edu.br\/laboratorioelo\/iwsef\/#primaryimage"},"thumbnailUrl":"https:\/\/wp.ufpel.edu.br\/laboratorioelo\/files\/2018\/07\/iwusef-CR.png","datePublished":"2018-07-18T18:40:49+00:00","dateModified":"2019-11-01T04:22:51+00:00","breadcrumb":{"@id":"https:\/\/wp.ufpel.edu.br\/laboratorioelo\/iwsef\/#breadcrumb"},"inLanguage":"pt-BR","potentialAction":[{"@type":"ReadAction","target":["https:\/\/wp.ufpel.edu.br\/laboratorioelo\/iwsef\/"]}]},{"@type":"ImageObject","inLanguage":"pt-BR","@id":"https:\/\/wp.ufpel.edu.br\/laboratorioelo\/iwsef\/#primaryimage","url":"https:\/\/wp.ufpel.edu.br\/laboratorioelo\/files\/2018\/07\/iwusef-CR.png","contentUrl":"https:\/\/wp.ufpel.edu.br\/laboratorioelo\/files\/2018\/07\/iwusef-CR.png","width":350,"height":281},{"@type":"BreadcrumbList","@id":"https:\/\/wp.ufpel.edu.br\/laboratorioelo\/iwsef\/#breadcrumb","itemListElement":[{"@type":"ListItem","position":1,"name":"Home","item":"https:\/\/wp.ufpel.edu.br\/laboratorioelo\/"},{"@type":"ListItem","position":2,"name":"I WORKSHOP EM ULTRASSONOGRAFIA E ESTUDOS DA FALA"}]},{"@type":"WebSite","@id":"https:\/\/wp.ufpel.edu.br\/laboratorioelo\/#website","url":"https:\/\/wp.ufpel.edu.br\/laboratorioelo\/","name":"LELO - UFPEL","description":"","publisher":{"@id":"https:\/\/wp.ufpel.edu.br\/laboratorioelo\/#organization"},"potentialAction":[{"@type":"SearchAction","target":{"@type":"EntryPoint","urlTemplate":"https:\/\/wp.ufpel.edu.br\/laboratorioelo\/?s={search_term_string}"},"query-input":{"@type":"PropertyValueSpecification","valueRequired":true,"valueName":"search_term_string"}}],"inLanguage":"pt-BR"},{"@type":"Organization","@id":"https:\/\/wp.ufpel.edu.br\/laboratorioelo\/#organization","name":"Laborat\u00f3rio ELO","url":"https:\/\/wp.ufpel.edu.br\/laboratorioelo\/","logo":{"@type":"ImageObject","inLanguage":"pt-BR","@id":"https:\/\/wp.ufpel.edu.br\/laboratorioelo\/#\/schema\/logo\/image\/","url":"https:\/\/wp.ufpel.edu.br\/laboratorioelo\/files\/2017\/08\/Lelo_logo_pretoBranco2-1.png","contentUrl":"https:\/\/wp.ufpel.edu.br\/laboratorioelo\/files\/2017\/08\/Lelo_logo_pretoBranco2-1.png","width":1153,"height":569,"caption":"Laborat\u00f3rio ELO"},"image":{"@id":"https:\/\/wp.ufpel.edu.br\/laboratorioelo\/#\/schema\/logo\/image\/"}}]}},"jetpack_sharing_enabled":true,"_links":{"self":[{"href":"https:\/\/wp.ufpel.edu.br\/laboratorioelo\/wp-json\/wp\/v2\/pages\/1077","targetHints":{"allow":["GET"]}}],"collection":[{"href":"https:\/\/wp.ufpel.edu.br\/laboratorioelo\/wp-json\/wp\/v2\/pages"}],"about":[{"href":"https:\/\/wp.ufpel.edu.br\/laboratorioelo\/wp-json\/wp\/v2\/types\/page"}],"author":[{"embeddable":true,"href":"https:\/\/wp.ufpel.edu.br\/laboratorioelo\/wp-json\/wp\/v2\/users\/386"}],"replies":[{"embeddable":true,"href":"https:\/\/wp.ufpel.edu.br\/laboratorioelo\/wp-json\/wp\/v2\/comments?post=1077"}],"version-history":[{"count":4,"href":"https:\/\/wp.ufpel.edu.br\/laboratorioelo\/wp-json\/wp\/v2\/pages\/1077\/revisions"}],"predecessor-version":[{"id":1483,"href":"https:\/\/wp.ufpel.edu.br\/laboratorioelo\/wp-json\/wp\/v2\/pages\/1077\/revisions\/1483"}],"wp:attachment":[{"href":"https:\/\/wp.ufpel.edu.br\/laboratorioelo\/wp-json\/wp\/v2\/media?parent=1077"}],"curies":[{"name":"wp","href":"https:\/\/api.w.org\/{rel}","templated":true}]}}