{"id":118,"date":"2011-10-20T20:17:11","date_gmt":"2011-10-20T23:17:11","guid":{"rendered":"https:\/\/wp.ufpel.edu.br\/labmequi\/"},"modified":"2021-07-23T19:34:06","modified_gmt":"2021-07-23T22:34:06","slug":"adriane-medeiros-nunes","status":"publish","type":"page","link":"https:\/\/wp.ufpel.edu.br\/labmequi\/docentes\/adriane-medeiros-nunes\/","title":{"rendered":"Adriane Medeiros Nunes"},"content":{"rendered":"<h3 style=\"text-align: justify\"><a href=\"https:\/\/wp.ufpel.edu.br\/labmequi\/files\/2011\/10\/imagem-021.jpg\"><img class=\"alignleft size-full wp-image-223\" src=\"https:\/\/wp.ufpel.edu.br\/labmequi\/files\/2011\/10\/imagem-021.jpg\" alt=\"\" width=\"143\" height=\"160\" \/><\/a><\/h3>\n<p style=\"text-align: justify\"><span style=\"color: #000000\">Possui Gradua\u00e7\u00e3o em Bacharelado e Licenciatura em Qu\u00edmica pela Universidade Federal de Pelotas (2002), Mestrado em Qu\u00edmica pela Universidade Federal de Santa Maria (2005), Doutorado em Qu\u00edmica pela Universidade Federal de Santa Maria (2008) e P\u00f3s-Doutorado em Qu\u00edmica pela Universidade Federal de Pelotas. Atualmente \u00e9 Professora Associada 2 na Universidade Federal de Pelotas (UFPEL), Coordenadora Adjunta do Curso de Bacharelado em Qu\u00edmica e Professora Permanente junto ao Programa de P\u00f3s-Gradua\u00e7\u00e3o em Qu\u00edmica (PPGQ). Tem experi\u00eancia na \u00e1rea de Qu\u00edmica, com \u00eanfase em Qu\u00edmica Anal\u00edtica. Atua principalmente no desenvolvimento de metodologias anal\u00edticas para a determina\u00e7\u00e3o de metais por t\u00e9cnicas de Espectrometria At\u00f4mica em diferentes tipos de amostras.<\/span><\/p>\n<p>Email: adriane.mn@hotmail.com<\/p>\n<p><a href=\"http:\/\/lattes.cnpq.br\/2325765304701045\"><img class=\"aligncenter wp-image-1322\" src=\"https:\/\/wp.ufpel.edu.br\/labmequi\/files\/2021\/07\/lattes.jpg\" alt=\"\" width=\"160\" height=\"160\" srcset=\"https:\/\/wp.ufpel.edu.br\/labmequi\/files\/2021\/07\/lattes.jpg 345w, https:\/\/wp.ufpel.edu.br\/labmequi\/files\/2021\/07\/lattes-200x200.jpg 200w\" sizes=\"(max-width: 160px) 100vw, 160px\" \/><\/a><\/p>\n","protected":false},"excerpt":{"rendered":"<p>Possui Gradua\u00e7\u00e3o em Bacharelado e Licenciatura em Qu\u00edmica pela Universidade Federal de Pelotas (2002), Mestrado em Qu\u00edmica pela Universidade Federal de Santa Maria (2005), Doutorado em Qu\u00edmica pela Universidade Federal de Santa Maria (2008) e P\u00f3s-Doutorado em Qu\u00edmica pela Universidade Federal de Pelotas. Atualmente \u00e9 Professora Associada 2 na Universidade Federal de Pelotas (UFPEL), Coordenadora [&hellip;]<\/p>\n","protected":false},"author":113,"featured_media":0,"parent":1105,"menu_order":0,"comment_status":"closed","ping_status":"closed","template":"","meta":{"footnotes":""},"class_list":["post-118","page","type-page","status-publish","hentry"],"_links":{"self":[{"href":"https:\/\/wp.ufpel.edu.br\/labmequi\/wp-json\/wp\/v2\/pages\/118","targetHints":{"allow":["GET"]}}],"collection":[{"href":"https:\/\/wp.ufpel.edu.br\/labmequi\/wp-json\/wp\/v2\/pages"}],"about":[{"href":"https:\/\/wp.ufpel.edu.br\/labmequi\/wp-json\/wp\/v2\/types\/page"}],"author":[{"embeddable":true,"href":"https:\/\/wp.ufpel.edu.br\/labmequi\/wp-json\/wp\/v2\/users\/113"}],"replies":[{"embeddable":true,"href":"https:\/\/wp.ufpel.edu.br\/labmequi\/wp-json\/wp\/v2\/comments?post=118"}],"version-history":[{"count":40,"href":"https:\/\/wp.ufpel.edu.br\/labmequi\/wp-json\/wp\/v2\/pages\/118\/revisions"}],"predecessor-version":[{"id":1326,"href":"https:\/\/wp.ufpel.edu.br\/labmequi\/wp-json\/wp\/v2\/pages\/118\/revisions\/1326"}],"up":[{"embeddable":true,"href":"https:\/\/wp.ufpel.edu.br\/labmequi\/wp-json\/wp\/v2\/pages\/1105"}],"wp:attachment":[{"href":"https:\/\/wp.ufpel.edu.br\/labmequi\/wp-json\/wp\/v2\/media?parent=118"}],"curies":[{"name":"wp","href":"https:\/\/api.w.org\/{rel}","templated":true}]}}