{"id":1684,"date":"2025-05-06T16:02:44","date_gmt":"2025-05-06T19:02:44","guid":{"rendered":"https:\/\/wp.ufpel.edu.br\/labanatoin\/?page_id=1684"},"modified":"2025-05-06T17:56:38","modified_gmt":"2025-05-06T20:56:38","slug":"timeline_labanatoin","status":"publish","type":"page","link":"https:\/\/wp.ufpel.edu.br\/labanatoin\/eletronic_portfolio\/timeline_labanatoin\/","title":{"rendered":"Hist\u00f3ria do Labanatoin"},"content":{"rendered":"\t\t\t<!-- Cool Timeline Free V3.2 -->\n\t\t\t<div class=\"ctl-wrapper\" role=\"region\" aria-label=\"Timeline\">\n\t\t\t\t\t\t\t\t<div id=\"cool_timeline_1\" class=\"cool-timeline-wrapper ctl-both-sided ctl-vertical-wrapper\" >\n\t\t\t\t\t<div class=\"ctl-start\"><\/div>\n\t\t\t\t\t<!-- Timeline Container -->\n\t\t\t\t\t<div class=\"ctl-timeline ctl-timeline-container\" data-animation=\"none\">\n\t\t\t\t\t\t<!-- Center Line -->\n\t\t\t\t\t\t<div class=\"ctl-inner-line\" role=\"presentation\"><\/div>\n\t\t\t\t\t\t<!-- Story Year Section --><div data-cls=\"sc-nv-light vertical\" class=\"timeline-year scrollable-section ctl-year ctl-year-container light-year\" data-section-title=\"2011\" id=\"year-2011\"><div class=\"ctl-year-label ctl-year-text\"><span>2011<\/span><\/div><\/div><!-- Timeline Content --><div  id=\"ctl-story-1674\" class=\"ctl-story ctl-story-icon odd ctl-story-right\" data-aos=\"none\"   data-story-index=\"1\" role=\"article\"><!-- Story Date --><div class=\"ctl-labels\"><div class=\"ctl-label-big story-date\">2011-03-25<\/div><\/div><!-- Story Icon --><div class=\"ctl-icon\"><i class=\"fa fa-clock-o\" aria-hidden=\"true\"><\/i><\/div> <!-- Story Arrow --><div class=\"ctl-arrow\"><\/div><!-- Story Content --><div class=\"ctl-content\"><!-- Story Title --><div class=\"ctl-title story-1674\" aria-label=\"2\"><a target=\"_self\" title=\"Embriog\u00eanese do Labanatoin\" href=\"https:\/\/wp.ufpel.edu.br\/labanatoin\/cool_timeline\/labanatoin\/\" class=\"story-link\">Embriog\u00eanese do Labanatoin<\/a><\/div><!-- Story Media --><div class=\"ctl-media small\"><a data-glightbox=\"Embriog\u00eanese do Labanatoin\" href=\"https:\/\/wp.ufpel.edu.br\/labanatoin\/files\/2025\/03\/laba.jpg\" class=\"ctl_glightbox\"><img loading=\"lazy\" decoding=\"async\" width=\"424\" height=\"137\" src=\"https:\/\/wp.ufpel.edu.br\/labanatoin\/files\/2025\/03\/laba-424x137.jpg\" class=\"story-img wp-post-image\" alt=\"Embriog\u00eanese do Labanatoin\" srcset=\"https:\/\/wp.ufpel.edu.br\/labanatoin\/files\/2025\/03\/laba-424x137.jpg 424w, https:\/\/wp.ufpel.edu.br\/labanatoin\/files\/2025\/03\/laba-212x69.jpg 212w, https:\/\/wp.ufpel.edu.br\/labanatoin\/files\/2025\/03\/laba.jpg 445w\" sizes=\"auto, (max-width: 424px) 100vw, 424px\" data-attachment-id=\"1628\" data-permalink=\"https:\/\/wp.ufpel.edu.br\/labanatoin\/2025\/03\/10\/palestra-da-profa-dra-celene-longo-labanatoin\/laba\/\" data-orig-file=\"https:\/\/wp.ufpel.edu.br\/labanatoin\/files\/2025\/03\/laba.jpg\" data-orig-size=\"445,144\" data-comments-opened=\"0\" data-image-meta=\"{&quot;aperture&quot;:&quot;0&quot;,&quot;credit&quot;:&quot;&quot;,&quot;camera&quot;:&quot;&quot;,&quot;caption&quot;:&quot;&quot;,&quot;created_timestamp&quot;:&quot;0&quot;,&quot;copyright&quot;:&quot;&quot;,&quot;focal_length&quot;:&quot;0&quot;,&quot;iso&quot;:&quot;0&quot;,&quot;shutter_speed&quot;:&quot;0&quot;,&quot;title&quot;:&quot;&quot;,&quot;orientation&quot;:&quot;0&quot;}\" data-image-title=\"laba\" data-image-description=\"\" data-image-caption=\"\" data-medium-file=\"https:\/\/wp.ufpel.edu.br\/labanatoin\/files\/2025\/03\/laba-424x137.jpg\" data-large-file=\"https:\/\/wp.ufpel.edu.br\/labanatoin\/files\/2025\/03\/laba.jpg\" \/><\/a><\/div><!-- Story Description --><div class=\"ctl-description\"><p>Ao ingressar na UFPel, o Prof. Mateus envolve aspectos educacionais a partir de aprofundamentos pregressos em Educa\u00e7\u00e3o na perspectiva de aperfei\u00e7oamento do <em>setting pedag\u00f3gico<\/em> em Anatomia Humana.<\/p>\n<p>Aqui nasce a interface Labanatoin.<\/p>\n<\/div><\/div><\/div><!-- Story Year Section --><div data-cls=\"sc-nv-light vertical\" class=\"timeline-year scrollable-section ctl-year ctl-year-container light-year\" data-section-title=\"2014\" id=\"year-2014\"><div class=\"ctl-year-label ctl-year-text\"><span>2014<\/span><\/div><\/div><!-- Timeline Content --><div  id=\"ctl-story-1687\" class=\"ctl-story ctl-story-icon even ctl-story-left\" data-aos=\"none\"   data-story-index=\"2\" role=\"article\"><!-- Story Date --><div class=\"ctl-labels\"><div class=\"ctl-label-big story-date\">2014-01-12<\/div><\/div><!-- Story Icon --><div class=\"ctl-icon\"><i class=\"fa fa-clock-o\" aria-hidden=\"true\"><\/i><\/div> <!-- Story Arrow --><div class=\"ctl-arrow\"><\/div><!-- Story Content --><div class=\"ctl-content\"><!-- Story Title --><div class=\"ctl-title story-1687\" aria-label=\"2\"><a target=\"_self\" title=\"In\u00edcio do Labanatoin\" href=\"https:\/\/wp.ufpel.edu.br\/labanatoin\/cool_timeline\/inicio-do-labanatoin\/\" class=\"story-link\">In\u00edcio do Labanatoin<\/a><\/div><!-- Story Media --><div class=\"ctl-media full\"><a data-glightbox=\"In\u00edcio do Labanatoin\" href=\"https:\/\/wp.ufpel.edu.br\/labanatoin\/files\/2014\/07\/Quadril-3D.jpg\" class=\"ctl_glightbox\"><img loading=\"lazy\" decoding=\"async\" width=\"750\" height=\"168\" src=\"https:\/\/wp.ufpel.edu.br\/labanatoin\/files\/2014\/07\/Quadril-3D-984x220.jpg\" class=\"story-img wp-post-image\" alt=\"In\u00edcio do Labanatoin\" data-attachment-id=\"255\" data-permalink=\"https:\/\/wp.ufpel.edu.br\/labanatoin\/2014\/07\/20\/254\/quadril-3d\/\" data-orig-file=\"https:\/\/wp.ufpel.edu.br\/labanatoin\/files\/2014\/07\/Quadril-3D.jpg\" data-orig-size=\"1487,699\" data-comments-opened=\"0\" data-image-meta=\"{&quot;aperture&quot;:&quot;0&quot;,&quot;credit&quot;:&quot;&quot;,&quot;camera&quot;:&quot;&quot;,&quot;caption&quot;:&quot;&quot;,&quot;created_timestamp&quot;:&quot;0&quot;,&quot;copyright&quot;:&quot;&quot;,&quot;focal_length&quot;:&quot;0&quot;,&quot;iso&quot;:&quot;0&quot;,&quot;shutter_speed&quot;:&quot;0&quot;,&quot;title&quot;:&quot;&quot;}\" data-image-title=\"Quadril 3D\" data-image-description=\"\" data-image-caption=\"\" data-medium-file=\"https:\/\/wp.ufpel.edu.br\/labanatoin\/files\/2014\/07\/Quadril-3D-424x199.jpg\" data-large-file=\"https:\/\/wp.ufpel.edu.br\/labanatoin\/files\/2014\/07\/Quadril-3D-984x220.jpg\" \/><\/a><\/div><!-- Story Description --><div class=\"ctl-description\"><p>O Labanatoin surge a partir do projeto de ensino <strong>Pr\u00e1ticas pedag\u00f3gicas e identidades profissionais nas interfaces curriculares do ensino da Anatomia Humana para as gradua\u00e7\u00f5es da \u00e1rea da sa\u00fade. <\/strong>A interface do projeto organiza espa\u00e7os-tempos did\u00e1ticos pedag\u00f3gicos em educa\u00e7\u00e3o para a anatomia humana.<\/p>\n<p><a href=\"https:\/\/wp.ufpel.edu.br\/labanatoin\/perspectiva-curricular-interdisciplinar\/\">Perspectiva curricular \u2013 Labanatoin<\/a><\/p>\n<\/div><\/div><\/div><!-- Timeline Content --><div  id=\"ctl-story-1699\" class=\"ctl-story ctl-story-icon odd ctl-story-right\" data-aos=\"none\"   data-story-index=\"3\" role=\"article\"><!-- Story Date --><div class=\"ctl-labels\"><div class=\"ctl-label-big story-date\">2014-01-14<\/div><\/div><!-- Story Icon --><div class=\"ctl-icon\"><i class=\"fa fa-clock-o\" aria-hidden=\"true\"><\/i><\/div> <!-- Story Arrow --><div class=\"ctl-arrow\"><\/div><!-- Story Content --><div class=\"ctl-content\"><!-- Story Title --><div class=\"ctl-title story-1699\" aria-label=\"2\"><a target=\"_self\" title=\"Surge a interface Labanatoin\" href=\"https:\/\/wp.ufpel.edu.br\/labanatoin\/cool_timeline\/surge-a-interface-labanatoin\/\" class=\"story-link\">Surge a interface Labanatoin<\/a><\/div><!-- Story Media --><div class=\"ctl-media full\"><a data-glightbox=\"Surge a interface Labanatoin\" href=\"https:\/\/wp.ufpel.edu.br\/labanatoin\/files\/2014\/07\/imagem-da-anatomia-21.jpg\" class=\"ctl_glightbox\"><img loading=\"lazy\" decoding=\"async\" width=\"750\" height=\"154\" src=\"https:\/\/wp.ufpel.edu.br\/labanatoin\/files\/2014\/07\/imagem-da-anatomia-21.jpg\" class=\"story-img wp-post-image\" alt=\"Surge a interface Labanatoin\" srcset=\"https:\/\/wp.ufpel.edu.br\/labanatoin\/files\/2014\/07\/imagem-da-anatomia-21.jpg 962w, https:\/\/wp.ufpel.edu.br\/labanatoin\/files\/2014\/07\/imagem-da-anatomia-21-212x43.jpg 212w, https:\/\/wp.ufpel.edu.br\/labanatoin\/files\/2014\/07\/imagem-da-anatomia-21-424x87.jpg 424w, https:\/\/wp.ufpel.edu.br\/labanatoin\/files\/2014\/07\/imagem-da-anatomia-21-960x198.jpg 960w\" sizes=\"auto, (max-width: 750px) 100vw, 750px\" data-attachment-id=\"226\" data-permalink=\"https:\/\/wp.ufpel.edu.br\/labanatoin\/imagem-da-anatomia-2-2\/\" data-orig-file=\"https:\/\/wp.ufpel.edu.br\/labanatoin\/files\/2014\/07\/imagem-da-anatomia-21.jpg\" data-orig-size=\"962,198\" data-comments-opened=\"0\" data-image-meta=\"{&quot;aperture&quot;:&quot;0&quot;,&quot;credit&quot;:&quot;&quot;,&quot;camera&quot;:&quot;&quot;,&quot;caption&quot;:&quot;&quot;,&quot;created_timestamp&quot;:&quot;0&quot;,&quot;copyright&quot;:&quot;&quot;,&quot;focal_length&quot;:&quot;0&quot;,&quot;iso&quot;:&quot;0&quot;,&quot;shutter_speed&quot;:&quot;0&quot;,&quot;title&quot;:&quot;&quot;}\" data-image-title=\"imagem da anatomia 2\" data-image-description=\"\" data-image-caption=\"\" data-medium-file=\"https:\/\/wp.ufpel.edu.br\/labanatoin\/files\/2014\/07\/imagem-da-anatomia-21-424x87.jpg\" data-large-file=\"https:\/\/wp.ufpel.edu.br\/labanatoin\/files\/2014\/07\/imagem-da-anatomia-21.jpg\" \/><\/a><\/div><!-- Story Description --><div class=\"ctl-description\"><p>Interface Labanatoin na Internet.<\/p>\n<\/div><\/div><\/div><!-- Timeline Content --><div  id=\"ctl-story-1707\" class=\"ctl-story ctl-story-icon even ctl-story-left\" data-aos=\"none\"   data-story-index=\"4\" role=\"article\"><!-- Story Date --><div class=\"ctl-labels\"><div class=\"ctl-label-big story-date\">2014-01-14<\/div><\/div><!-- Story Icon --><div class=\"ctl-icon\"><i class= \"fa fas fa-anchor\" aria-hidden =\"true\"><\/i><\/div> <!-- Story Arrow --><div class=\"ctl-arrow\"><\/div><!-- Story Content --><div class=\"ctl-content\"><!-- Story Title --><div class=\"ctl-title story-1707\" aria-label=\"2\"><a target=\"_self\" title=\"Atividades no Laborat\u00f3rio de Inform\u00e1tica da Gradua\u00e7\u00e3o\" href=\"https:\/\/wp.ufpel.edu.br\/labanatoin\/cool_timeline\/atividades-no-laboratorio-de-informatica-da-graduacao\/\" class=\"story-link\">Atividades no Laborat\u00f3rio de Inform\u00e1tica da Gradua\u00e7\u00e3o<\/a><\/div><!-- Story Media --><div class=\"ctl-media full\"><a data-glightbox=\"Atividades no Laborat\u00f3rio de Inform\u00e1tica da Gradua\u00e7\u00e3o\" href=\"https:\/\/wp.ufpel.edu.br\/labanatoin\/files\/2014\/04\/DSCN1578.jpg\" class=\"ctl_glightbox\"><img loading=\"lazy\" decoding=\"async\" width=\"750\" height=\"168\" src=\"https:\/\/wp.ufpel.edu.br\/labanatoin\/files\/2014\/04\/DSCN1578-984x220.jpg\" class=\"story-img wp-post-image\" alt=\"Atividades no Laborat\u00f3rio de Inform\u00e1tica da Gradua\u00e7\u00e3o\" data-attachment-id=\"286\" data-permalink=\"https:\/\/wp.ufpel.edu.br\/labanatoin\/lig\/dscn1578\/\" data-orig-file=\"https:\/\/wp.ufpel.edu.br\/labanatoin\/files\/2014\/04\/DSCN1578.jpg\" data-orig-size=\"4608,3456\" data-comments-opened=\"0\" data-image-meta=\"{&quot;aperture&quot;:&quot;3.5&quot;,&quot;credit&quot;:&quot;&quot;,&quot;camera&quot;:&quot;COOLPIX S3300&quot;,&quot;caption&quot;:&quot;&quot;,&quot;created_timestamp&quot;:&quot;1410293426&quot;,&quot;copyright&quot;:&quot;&quot;,&quot;focal_length&quot;:&quot;4.6&quot;,&quot;iso&quot;:&quot;400&quot;,&quot;shutter_speed&quot;:&quot;0.05&quot;,&quot;title&quot;:&quot;&quot;}\" data-image-title=\"DSCN1578\" data-image-description=\"\" data-image-caption=\"&lt;p&gt;08 set 2014&lt;\/p&gt;\n\" data-medium-file=\"https:\/\/wp.ufpel.edu.br\/labanatoin\/files\/2014\/04\/DSCN1578-424x318.jpg\" data-large-file=\"https:\/\/wp.ufpel.edu.br\/labanatoin\/files\/2014\/04\/DSCN1578-984x220.jpg\" \/><\/a><\/div><!-- Story Description --><div class=\"ctl-description\"><p>Atividades e-learning de ensino 3D em Anatomia no LIG\/UFPel<\/p>\n<p><a href=\"https:\/\/wp.ufpel.edu.br\/labanatoin\/lig\/\">LIG \u2013 Labanatoin<\/a><\/p>\n<p>&nbsp;<\/p>\n<\/div><\/div><\/div><!-- Timeline Content --><div  id=\"ctl-story-1694\" class=\"ctl-story ctl-story-icon odd ctl-story-right\" data-aos=\"none\"   data-story-index=\"5\" role=\"article\"><!-- Story Date --><div class=\"ctl-labels\"><div class=\"ctl-label-big story-date\">2014-07-11<\/div><\/div><!-- Story Icon --><div class=\"ctl-icon\"><i class= \" fab fa-bluetooth-b\" aria-hidden =\"true\"><\/i><\/div> <!-- Story Arrow --><div class=\"ctl-arrow\"><\/div><!-- Story Content --><div class=\"ctl-content\"><!-- Story Title --><div class=\"ctl-title story-1694\" aria-label=\"2\"><a target=\"_self\" title=\"MAI\" href=\"https:\/\/wp.ufpel.edu.br\/labanatoin\/cool_timeline\/mai\/\" class=\"story-link\">MAI<\/a><\/div><!-- Story Media --><div class=\"ctl-media full\"><a data-glightbox=\"MAI\" href=\"https:\/\/wp.ufpel.edu.br\/labanatoin\/files\/2016\/08\/MAI.jpg\" class=\"ctl_glightbox\"><img loading=\"lazy\" decoding=\"async\" width=\"179\" height=\"98\" src=\"https:\/\/wp.ufpel.edu.br\/labanatoin\/files\/2016\/08\/MAI.jpg\" class=\"story-img wp-post-image\" alt=\"MAI\" data-attachment-id=\"721\" data-permalink=\"https:\/\/wp.ufpel.edu.br\/labanatoin\/mai\/mai-2\/\" data-orig-file=\"https:\/\/wp.ufpel.edu.br\/labanatoin\/files\/2016\/08\/MAI.jpg\" data-orig-size=\"179,98\" data-comments-opened=\"0\" data-image-meta=\"{&quot;aperture&quot;:&quot;0&quot;,&quot;credit&quot;:&quot;&quot;,&quot;camera&quot;:&quot;&quot;,&quot;caption&quot;:&quot;&quot;,&quot;created_timestamp&quot;:&quot;0&quot;,&quot;copyright&quot;:&quot;&quot;,&quot;focal_length&quot;:&quot;0&quot;,&quot;iso&quot;:&quot;0&quot;,&quot;shutter_speed&quot;:&quot;0&quot;,&quot;title&quot;:&quot;&quot;,&quot;orientation&quot;:&quot;0&quot;}\" data-image-title=\"MAI\" data-image-description=\"\" data-image-caption=\"\" data-medium-file=\"https:\/\/wp.ufpel.edu.br\/labanatoin\/files\/2016\/08\/MAI.jpg\" data-large-file=\"https:\/\/wp.ufpel.edu.br\/labanatoin\/files\/2016\/08\/MAI.jpg\" \/><\/a><\/div><!-- Story Description --><div class=\"ctl-description\"><p>Com caracter\u00edstica mais extensionista e a perspectiva do ensino tridimensional, surge o Museu Anat\u00f4mico Itinerante como desdobramento do Labanatoin na perspectiva de agregar mais conhecimento sobre educa\u00e7\u00e3o em sa\u00fade entre escolares. <em><strong>M<\/strong>useu\u00a0<strong>A<\/strong>nat\u00f4mico\u00a0<strong>I<\/strong>tinerante<\/em>: Anatomia humana e educa\u00e7\u00e3o em sa\u00fade em di\u00e1logos escolares e cient\u00edficos<\/p>\n<p><a href=\"https:\/\/wp.ufpel.edu.br\/labanatoin\/mai\/\">MAI \u2013 Labanatoin<\/a><\/p>\n<\/div><\/div><\/div><!-- Story Year Section --><div data-cls=\"sc-nv-light vertical\" class=\"timeline-year scrollable-section ctl-year ctl-year-container light-year\" data-section-title=\"2015\" id=\"year-2015\"><div class=\"ctl-year-label ctl-year-text\"><span>2015<\/span><\/div><\/div><!-- Timeline Content --><div  id=\"ctl-story-1690\" class=\"ctl-story ctl-story-icon even ctl-story-left\" data-aos=\"none\"   data-story-index=\"6\" role=\"article\"><!-- Story Date --><div class=\"ctl-labels\"><div class=\"ctl-label-big story-date\">2015-10-05<\/div><\/div><!-- Story Icon --><div class=\"ctl-icon\"><i class=\"fa fa-clock-o\" aria-hidden=\"true\"><\/i><\/div> <!-- Story Arrow --><div class=\"ctl-arrow\"><\/div><!-- Story Content --><div class=\"ctl-content\"><!-- Story Title --><div class=\"ctl-title story-1690\" aria-label=\"2\"><a target=\"_self\" title=\"Mapanatoclin\" href=\"https:\/\/wp.ufpel.edu.br\/labanatoin\/cool_timeline\/mapanatoclin\/\" class=\"story-link\">Mapanatoclin<\/a><\/div><!-- Story Media --><div class=\"ctl-media full\"><a data-glightbox=\"Mapanatoclin\" href=\"https:\/\/wp.ufpel.edu.br\/labanatoin\/files\/2015\/12\/mapanatoclin4mariana.jpg\" class=\"ctl_glightbox\"><img loading=\"lazy\" decoding=\"async\" width=\"750\" height=\"168\" src=\"https:\/\/wp.ufpel.edu.br\/labanatoin\/files\/2015\/12\/mapanatoclin4mariana-984x220.jpg\" class=\"story-img wp-post-image\" alt=\"Mapanatoclin\" data-attachment-id=\"618\" data-permalink=\"https:\/\/wp.ufpel.edu.br\/labanatoin\/anatomoclinicos\/mapanatoclin\/mapanatoclin-20152\/mapanatoclin4mariana\/\" data-orig-file=\"https:\/\/wp.ufpel.edu.br\/labanatoin\/files\/2015\/12\/mapanatoclin4mariana.jpg\" data-orig-size=\"7325,3500\" data-comments-opened=\"0\" data-image-meta=\"{&quot;aperture&quot;:&quot;0&quot;,&quot;credit&quot;:&quot;&quot;,&quot;camera&quot;:&quot;&quot;,&quot;caption&quot;:&quot;&quot;,&quot;created_timestamp&quot;:&quot;0&quot;,&quot;copyright&quot;:&quot;&quot;,&quot;focal_length&quot;:&quot;0&quot;,&quot;iso&quot;:&quot;0&quot;,&quot;shutter_speed&quot;:&quot;0&quot;,&quot;title&quot;:&quot;&quot;,&quot;orientation&quot;:&quot;0&quot;}\" data-image-title=\"mapanatoclin4mariana\" data-image-description=\"\" data-image-caption=\"\" data-medium-file=\"https:\/\/wp.ufpel.edu.br\/labanatoin\/files\/2015\/12\/mapanatoclin4mariana-424x203.jpg\" data-large-file=\"https:\/\/wp.ufpel.edu.br\/labanatoin\/files\/2015\/12\/mapanatoclin4mariana-984x220.jpg\" \/><\/a><\/div><!-- Story Description --><div class=\"ctl-description\"><p>A perspectiva de agregar Mapas Conceituais Anatomocl\u00ednicos nas pr\u00e1ticas pedag\u00f3gicas em Anatomia s\u00e3o impulsionadas pela Anatomia Cl\u00ednica e a Anatomia Tridimensional por meio do software Primal Pictures Ovid SP Anatomy.<\/p>\n<p><a href=\"https:\/\/wp.ufpel.edu.br\/labanatoin\/anatomoclinicos\/anatomoclinicos2\/\">Mapanatomocl\u00ednicos \u2013 Labanatoin<\/a><\/p>\n<\/div><\/div><\/div><!-- Timeline Content --><div  id=\"ctl-story-1691\" class=\"ctl-story ctl-story-icon odd ctl-story-right\" data-aos=\"none\"   data-story-index=\"7\" role=\"article\"><!-- Story Date --><div class=\"ctl-labels\"><div class=\"ctl-label-big story-date\">2015-10-20<\/div><\/div><!-- Story Icon --><div class=\"ctl-icon\"><i class=\"fa fa-clock-o\" aria-hidden=\"true\"><\/i><\/div> <!-- Story Arrow --><div class=\"ctl-arrow\"><\/div><!-- Story Content --><div class=\"ctl-content\"><!-- Story Title --><div class=\"ctl-title story-1691\" aria-label=\"2\"><a target=\"_self\" title=\"Primal Pictures Ovid SP Anatomy\" href=\"https:\/\/wp.ufpel.edu.br\/labanatoin\/cool_timeline\/primal-pictures-ovid-sp-anatomy\/\" class=\"story-link\">Primal Pictures Ovid SP Anatomy<\/a><\/div><!-- Story Media --><div class=\"ctl-media full\"><a data-glightbox=\"Primal Pictures Ovid SP Anatomy\" href=\"https:\/\/wp.ufpel.edu.br\/labanatoin\/files\/2015\/05\/toraxabdomeatividade.jpg\" class=\"ctl_glightbox\"><img loading=\"lazy\" decoding=\"async\" width=\"750\" height=\"198\" src=\"https:\/\/wp.ufpel.edu.br\/labanatoin\/files\/2015\/05\/toraxabdomeatividade-834x220.jpg\" class=\"story-img wp-post-image\" alt=\"Primal Pictures Ovid SP Anatomy\" data-attachment-id=\"393\" data-permalink=\"https:\/\/wp.ufpel.edu.br\/labanatoin\/2015\/05\/25\/392\/toraxabdomeatividade\/\" data-orig-file=\"https:\/\/wp.ufpel.edu.br\/labanatoin\/files\/2015\/05\/toraxabdomeatividade.jpg\" data-orig-size=\"834,550\" data-comments-opened=\"0\" data-image-meta=\"{&quot;aperture&quot;:&quot;0&quot;,&quot;credit&quot;:&quot;&quot;,&quot;camera&quot;:&quot;&quot;,&quot;caption&quot;:&quot;&quot;,&quot;created_timestamp&quot;:&quot;0&quot;,&quot;copyright&quot;:&quot;&quot;,&quot;focal_length&quot;:&quot;0&quot;,&quot;iso&quot;:&quot;0&quot;,&quot;shutter_speed&quot;:&quot;0&quot;,&quot;title&quot;:&quot;&quot;,&quot;orientation&quot;:&quot;0&quot;}\" data-image-title=\"toraxabdomeatividade\" data-image-description=\"\" data-image-caption=\"\" data-medium-file=\"https:\/\/wp.ufpel.edu.br\/labanatoin\/files\/2015\/05\/toraxabdomeatividade-424x280.jpg\" data-large-file=\"https:\/\/wp.ufpel.edu.br\/labanatoin\/files\/2015\/05\/toraxabdomeatividade-834x220.jpg\" \/><\/a><\/div><!-- Story Description --><div class=\"ctl-description\"><p>Anatomia Tridimensional &#8211; recurso educacional em Anatomia Humana<\/p>\n<\/div><\/div><\/div><!-- Timeline Content --><div  id=\"ctl-story-1692\" class=\"ctl-story ctl-story-icon even ctl-story-left\" data-aos=\"none\"   data-story-index=\"8\" role=\"article\"><!-- Story Date --><div class=\"ctl-labels\"><div class=\"ctl-label-big story-date\">2015-11-06<\/div><\/div><!-- Story Icon --><div class=\"ctl-icon\"><i class=\"fa fa-clock-o\" aria-hidden=\"true\"><\/i><\/div> <!-- Story Arrow --><div class=\"ctl-arrow\"><\/div><!-- Story Content --><div class=\"ctl-content\"><!-- Story Title --><div class=\"ctl-title story-1692\" aria-label=\"2\"><a target=\"_self\" title=\"Plataforma p2K\" href=\"https:\/\/wp.ufpel.edu.br\/labanatoin\/cool_timeline\/plataforma-p2k\/\" class=\"story-link\">Plataforma p2K<\/a><\/div><!-- Story Media --><div class=\"ctl-media full\"><a data-glightbox=\"Plataforma p2K\" href=\"https:\/\/wp.ufpel.edu.br\/labanatoin\/files\/2014\/07\/p2k.jpg\" class=\"ctl_glightbox\"><img loading=\"lazy\" decoding=\"async\" width=\"282\" height=\"149\" src=\"https:\/\/wp.ufpel.edu.br\/labanatoin\/files\/2014\/07\/p2k.jpg\" class=\"story-img wp-post-image\" alt=\"Plataforma p2K\" srcset=\"https:\/\/wp.ufpel.edu.br\/labanatoin\/files\/2014\/07\/p2k.jpg 282w, https:\/\/wp.ufpel.edu.br\/labanatoin\/files\/2014\/07\/p2k-212x112.jpg 212w\" sizes=\"auto, (max-width: 282px) 100vw, 282px\" data-attachment-id=\"349\" data-permalink=\"https:\/\/wp.ufpel.edu.br\/labanatoin\/eletronic_portfolio\/p2k\/\" data-orig-file=\"https:\/\/wp.ufpel.edu.br\/labanatoin\/files\/2014\/07\/p2k.jpg\" data-orig-size=\"282,149\" data-comments-opened=\"0\" data-image-meta=\"{&quot;aperture&quot;:&quot;0&quot;,&quot;credit&quot;:&quot;&quot;,&quot;camera&quot;:&quot;&quot;,&quot;caption&quot;:&quot;&quot;,&quot;created_timestamp&quot;:&quot;0&quot;,&quot;copyright&quot;:&quot;&quot;,&quot;focal_length&quot;:&quot;0&quot;,&quot;iso&quot;:&quot;0&quot;,&quot;shutter_speed&quot;:&quot;0&quot;,&quot;title&quot;:&quot;&quot;,&quot;orientation&quot;:&quot;0&quot;}\" data-image-title=\"p2k\" data-image-description=\"\" data-image-caption=\"\" data-medium-file=\"https:\/\/wp.ufpel.edu.br\/labanatoin\/files\/2014\/07\/p2k.jpg\" data-large-file=\"https:\/\/wp.ufpel.edu.br\/labanatoin\/files\/2014\/07\/p2k.jpg\" \/><\/a><\/div><!-- Story Description --><div class=\"ctl-description\"><p>A Plataforma Kurt Kloetzel (DMS\/UFPel)\u00a0 adentra as interfaces das pr\u00e1ticas pedag\u00f3gicas em Anatomia Humana com desfechos cl\u00ednicos mais comuns na Aten\u00e7\u00e3o Prim\u00e1ria em Sa\u00fade.<\/p>\n<p><a href=\"https:\/\/dms.ufpel.edu.br\/p2k\">kurt Kloetzel &#8211; Plataforma Educacional de Sa\u00fade da Fam\u00edlia<\/a><\/p>\n<\/div><\/div><\/div><!-- Timeline Content --><div  id=\"ctl-story-1693\" class=\"ctl-story ctl-story-icon odd ctl-story-right\" data-aos=\"none\"   data-story-index=\"9\" role=\"article\"><!-- Story Date --><div class=\"ctl-labels\"><div class=\"ctl-label-big story-date\">2015-11-07<\/div><\/div><!-- Story Icon --><div class=\"ctl-icon\"><i class= \"fa fas fa-caret-square-up\" aria-hidden =\"true\"><\/i><\/div> <!-- Story Arrow --><div class=\"ctl-arrow\"><\/div><!-- Story Content --><div class=\"ctl-content\"><!-- Story Title --><div class=\"ctl-title story-1693\" aria-label=\"2\"><a target=\"_self\" title=\"&#8216;Trip\u00e9 educacional&#8217;\" href=\"https:\/\/wp.ufpel.edu.br\/labanatoin\/cool_timeline\/tripe-educacional\/\" class=\"story-link\">&#8216;Trip\u00e9 educacional&#8217;<\/a><\/div><!-- Story Media --><div class=\"ctl-media full\"><a data-glightbox=\"&#8216;Trip\u00e9 educacional&#8217;\" href=\"https:\/\/wp.ufpel.edu.br\/labanatoin\/files\/2015\/04\/anatomia-prof-mateus1.jpg\" class=\"ctl_glightbox\"><img loading=\"lazy\" decoding=\"async\" width=\"728\" height=\"220\" src=\"https:\/\/wp.ufpel.edu.br\/labanatoin\/files\/2015\/04\/anatomia-prof-mateus1-728x220.jpg\" class=\"story-img wp-post-image\" alt=\"&#8216;Trip\u00e9 educacional&#8217;\" data-attachment-id=\"380\" data-permalink=\"https:\/\/wp.ufpel.edu.br\/labanatoin\/2015\/04\/16\/378\/anatomia-prof-mateus-2\/\" data-orig-file=\"https:\/\/wp.ufpel.edu.br\/labanatoin\/files\/2015\/04\/anatomia-prof-mateus1.jpg\" data-orig-size=\"728,452\" data-comments-opened=\"0\" data-image-meta=\"{&quot;aperture&quot;:&quot;0&quot;,&quot;credit&quot;:&quot;&quot;,&quot;camera&quot;:&quot;&quot;,&quot;caption&quot;:&quot;&quot;,&quot;created_timestamp&quot;:&quot;0&quot;,&quot;copyright&quot;:&quot;&quot;,&quot;focal_length&quot;:&quot;0&quot;,&quot;iso&quot;:&quot;0&quot;,&quot;shutter_speed&quot;:&quot;0&quot;,&quot;title&quot;:&quot;&quot;,&quot;orientation&quot;:&quot;0&quot;}\" data-image-title=\"anatomia prof mateus\" data-image-description=\"\" data-image-caption=\"\" data-medium-file=\"https:\/\/wp.ufpel.edu.br\/labanatoin\/files\/2015\/04\/anatomia-prof-mateus1-424x263.jpg\" data-large-file=\"https:\/\/wp.ufpel.edu.br\/labanatoin\/files\/2015\/04\/anatomia-prof-mateus1-728x220.jpg\" \/><\/a><\/div><!-- Story Description --><div class=\"ctl-description\"><p>Anatomia Cl\u00ednica Baseada em Problemas: Anatomia 3D, Plataforma p2K, Mapanatoclin promovendo qualifica\u00e7\u00e3o do ensino em Anatomia Humana a partir de pr\u00e1ticas educacionais inovadoras na pedagogia universit\u00e1ria.<\/p>\n<p><a href=\"https:\/\/wp.ufpel.edu.br\/labanatoin\/anatomoclinicos\/pbl\/\">PBL \u2013 Labanatoin<\/a><\/p>\n<\/div><\/div><\/div><!-- Story Year Section --><div data-cls=\"sc-nv-light vertical\" class=\"timeline-year scrollable-section ctl-year ctl-year-container light-year\" data-section-title=\"2016\" id=\"year-2016\"><div class=\"ctl-year-label ctl-year-text\"><span>2016<\/span><\/div><\/div><!-- Timeline Content --><div  id=\"ctl-story-1709\" class=\"ctl-story ctl-story-icon even ctl-story-left\" data-aos=\"none\"   data-story-index=\"10\" role=\"article\"><!-- Story Date --><div class=\"ctl-labels\"><div class=\"ctl-label-big story-date\">2016-04-11<\/div><\/div><!-- Story Icon --><div class=\"ctl-icon\"><i class= \"fa fas fa-battery-full\" aria-hidden =\"true\"><\/i><\/div> <!-- Story Arrow --><div class=\"ctl-arrow\"><\/div><!-- Story Content --><div class=\"ctl-content\"><!-- Story Title --><div class=\"ctl-title story-1709\" aria-label=\"2\"><a target=\"_self\" title=\"Pilar te\u00f3rico-cient\u00edfico do Labanatoin\" href=\"https:\/\/wp.ufpel.edu.br\/labanatoin\/cool_timeline\/pilar-teorico-para-o-labanatoin\/\" class=\"story-link\">Pilar te\u00f3rico-cient\u00edfico do Labanatoin<\/a><\/div><!-- Story Media --><div class=\"ctl-media full\"><a data-glightbox=\"Pilar te\u00f3rico-cient\u00edfico do Labanatoin\" href=\"https:\/\/wp.ufpel.edu.br\/labanatoin\/files\/2016\/05\/imagemlabanatoin.jpg\" class=\"ctl_glightbox\"><img loading=\"lazy\" decoding=\"async\" width=\"750\" height=\"168\" src=\"https:\/\/wp.ufpel.edu.br\/labanatoin\/files\/2016\/05\/imagemlabanatoin-984x220.jpg\" class=\"story-img wp-post-image\" alt=\"Pilar te\u00f3rico-cient\u00edfico do Labanatoin\" data-attachment-id=\"689\" data-permalink=\"https:\/\/wp.ufpel.edu.br\/labanatoin\/2016\/05\/10\/torax-torax-3d-imagenologico-interativo-e-clinico-13052016-horario-14h30-as-1700-h-sala-311-campus-anglo\/imagemlabanatoin\/\" data-orig-file=\"https:\/\/wp.ufpel.edu.br\/labanatoin\/files\/2016\/05\/imagemlabanatoin.jpg\" data-orig-size=\"1449,521\" data-comments-opened=\"0\" data-image-meta=\"{&quot;aperture&quot;:&quot;0&quot;,&quot;credit&quot;:&quot;&quot;,&quot;camera&quot;:&quot;&quot;,&quot;caption&quot;:&quot;&quot;,&quot;created_timestamp&quot;:&quot;0&quot;,&quot;copyright&quot;:&quot;&quot;,&quot;focal_length&quot;:&quot;0&quot;,&quot;iso&quot;:&quot;0&quot;,&quot;shutter_speed&quot;:&quot;0&quot;,&quot;title&quot;:&quot;&quot;,&quot;orientation&quot;:&quot;0&quot;}\" data-image-title=\"imagemlabanatoin\" data-image-description=\"\" data-image-caption=\"\" data-medium-file=\"https:\/\/wp.ufpel.edu.br\/labanatoin\/files\/2016\/05\/imagemlabanatoin-424x152.jpg\" data-large-file=\"https:\/\/wp.ufpel.edu.br\/labanatoin\/files\/2016\/05\/imagemlabanatoin-984x220.jpg\" \/><\/a><\/div><!-- Story Description --><div class=\"ctl-description\"><p>Desenvolvimento do Doutorado em Educa\u00e7\u00e3o &#8211; Recontextualiza\u00e7\u00e3o do ensino em anatomia humana &#8211; perspectiva anatomocl\u00ednica e integra\u00e7\u00e3o curricular<\/p>\n<p><a href=\"https:\/\/wp.ufpel.edu.br\/labanatoin\/anatomoclinicos\/pbl\/\">anatomocl\u00ednicos \u2013 Labanatoin<\/a><\/p>\n<\/div><\/div><\/div>\t\t\t\t\t<\/div>\n\t\t\t\t\t<div class=\"ctl-end\"><\/div>\n\t\t\t\t\t<nav class=\"ctl-pagination\" aria-label=\"Timeline Navigation\"><span class=\"page-numbers ctl-page-num\" role=\"status\"> Page 1 of 2<\/span> <span aria-current=\"page\" class=\"page-numbers current\">1<\/span>\n<a class=\"page-numbers\" href=\"https:\/\/wp.ufpel.edu.br\/labanatoin\/wp-json\/wp\/v2\/pages\/1684\/page\/2\/\">2<\/a>\n<a class=\"next page-numbers\" href=\"https:\/\/wp.ufpel.edu.br\/labanatoin\/wp-json\/wp\/v2\/pages\/1684\/page\/2\/\"><svg xmlns=\"http:\/\/www.w3.org\/2000\/svg\" height=\"1em\" viewBox=\"0 0 448 512\">\n\t\t\t\t<path d=\"M224.3 273l-136 136c-9.4 9.4-24.6 9.4-33.9 0l-22.6-22.6c-9.4-9.4-9.4-24.6 0-33.9l96.4-96.4-96.4-96.4c-9.4-9.4-9.4-24.6 0-33.9L54.3 103c9.4-9.4 24.6-9.4 33.9 0l136 136c9.5 9.4 9.5 24.6.1 34zm192-34l-136-136c-9.4-9.4-24.6-9.4-33.9 0l-22.6 22.6c-9.4 9.4-9.4 24.6 0 33.9l96.4 96.4-96.4 96.4c-9.4 9.4-9.4 24.6 0 33.9l22.6 22.6c9.4 9.4 24.6 9.4 33.9 0l136-136c9.4-9.2 9.4-24.4 0-33.8z\"\/>\n\t\t\t\t<\/svg><\/a><\/nav>\t\t\t\t<\/div>\n\t\t\t<\/div>\n\t\t\t\n","protected":false},"excerpt":{"rendered":"","protected":false},"author":350,"featured_media":0,"parent":231,"menu_order":0,"comment_status":"closed","ping_status":"closed","template":"","meta":{"jetpack_post_was_ever_published":false,"footnotes":""},"class_list":["post-1684","page","type-page","status-publish","hentry","nodate","item-wrap"],"jetpack_sharing_enabled":true,"_links":{"self":[{"href":"https:\/\/wp.ufpel.edu.br\/labanatoin\/wp-json\/wp\/v2\/pages\/1684","targetHints":{"allow":["GET"]}}],"collection":[{"href":"https:\/\/wp.ufpel.edu.br\/labanatoin\/wp-json\/wp\/v2\/pages"}],"about":[{"href":"https:\/\/wp.ufpel.edu.br\/labanatoin\/wp-json\/wp\/v2\/types\/page"}],"author":[{"embeddable":true,"href":"https:\/\/wp.ufpel.edu.br\/labanatoin\/wp-json\/wp\/v2\/users\/350"}],"replies":[{"embeddable":true,"href":"https:\/\/wp.ufpel.edu.br\/labanatoin\/wp-json\/wp\/v2\/comments?post=1684"}],"version-history":[{"count":10,"href":"https:\/\/wp.ufpel.edu.br\/labanatoin\/wp-json\/wp\/v2\/pages\/1684\/revisions"}],"predecessor-version":[{"id":1714,"href":"https:\/\/wp.ufpel.edu.br\/labanatoin\/wp-json\/wp\/v2\/pages\/1684\/revisions\/1714"}],"up":[{"embeddable":true,"href":"https:\/\/wp.ufpel.edu.br\/labanatoin\/wp-json\/wp\/v2\/pages\/231"}],"wp:attachment":[{"href":"https:\/\/wp.ufpel.edu.br\/labanatoin\/wp-json\/wp\/v2\/media?parent=1684"}],"curies":[{"name":"wp","href":"https:\/\/api.w.org\/{rel}","templated":true}]}}