{"id":1525,"date":"2024-09-03T15:08:08","date_gmt":"2024-09-03T18:08:08","guid":{"rendered":"https:\/\/wp.ufpel.edu.br\/labanatoin\/?page_id=1525"},"modified":"2024-12-02T15:54:22","modified_gmt":"2024-12-02T18:54:22","slug":"anato-escola","status":"publish","type":"page","link":"https:\/\/wp.ufpel.edu.br\/labanatoin\/mai\/anato-escola\/","title":{"rendered":"Anato-Escola"},"content":{"rendered":"<h2><strong>&#8220;A\u00e7\u00e3o Anato-Escola&#8221; &#8211; uma breve introdu\u00e7\u00e3o sobre o corpo humano <\/strong><\/h2>\n<p><strong>(acad\u00eamico Sr. Graciano Ruan da Costa de Assis &#8211; UFPel)<\/strong><\/p>\n<p><a href=\"https:\/\/wp.ufpel.edu.br\/labanatoin\/files\/2024\/09\/fisioterapia.jpg\"><img loading=\"lazy\" decoding=\"async\" data-attachment-id=\"1528\" data-permalink=\"https:\/\/wp.ufpel.edu.br\/labanatoin\/mai\/anato-escola\/fisioterapia\/\" data-orig-file=\"https:\/\/wp.ufpel.edu.br\/labanatoin\/files\/2024\/09\/fisioterapia.jpg\" data-orig-size=\"960,639\" data-comments-opened=\"0\" data-image-meta=\"{&quot;aperture&quot;:&quot;0&quot;,&quot;credit&quot;:&quot;&quot;,&quot;camera&quot;:&quot;&quot;,&quot;caption&quot;:&quot;&quot;,&quot;created_timestamp&quot;:&quot;0&quot;,&quot;copyright&quot;:&quot;&quot;,&quot;focal_length&quot;:&quot;0&quot;,&quot;iso&quot;:&quot;0&quot;,&quot;shutter_speed&quot;:&quot;0&quot;,&quot;title&quot;:&quot;&quot;,&quot;orientation&quot;:&quot;0&quot;}\" data-image-title=\"fisioterapia\" data-image-description=\"\" data-image-caption=\"\" data-medium-file=\"https:\/\/wp.ufpel.edu.br\/labanatoin\/files\/2024\/09\/fisioterapia-424x282.jpg\" data-large-file=\"https:\/\/wp.ufpel.edu.br\/labanatoin\/files\/2024\/09\/fisioterapia-960x220.jpg\" class=\"alignnone size-medium wp-image-1528\" src=\"https:\/\/wp.ufpel.edu.br\/labanatoin\/files\/2024\/09\/fisioterapia-424x282.jpg\" alt=\"\" width=\"424\" height=\"282\" srcset=\"https:\/\/wp.ufpel.edu.br\/labanatoin\/files\/2024\/09\/fisioterapia-424x282.jpg 424w, https:\/\/wp.ufpel.edu.br\/labanatoin\/files\/2024\/09\/fisioterapia-212x141.jpg 212w, https:\/\/wp.ufpel.edu.br\/labanatoin\/files\/2024\/09\/fisioterapia-768x511.jpg 768w, https:\/\/wp.ufpel.edu.br\/labanatoin\/files\/2024\/09\/fisioterapia-750x499.jpg 750w, https:\/\/wp.ufpel.edu.br\/labanatoin\/files\/2024\/09\/fisioterapia.jpg 960w\" sizes=\"auto, (max-width: 424px) 100vw, 424px\" \/><\/a><\/p>\n<p><a href=\"http:\/\/wp.ufpel.edu.br\/\u2026oin\/files\/20wp.ufpel.edu.br\/\u2026oin\/files\/2024\/09\/as.pdf24\/09\/as.pdf\">Material audiovisual da a\u00e7\u00e3o<\/a><\/p>\n<p>A a\u00e7\u00e3o <strong>&#8216;Anato-Escola&#8217;<\/strong> com caracter\u00edstica mais extensionista faz parte do grande projeto 7067 &#8211; Anatomia humana aplicada\u00a0 ao Curso de Fisioterapia: Interfaces &#8216;Fisiotanatomocl\u00ednicas&#8217;.<\/p>\n<p>Por final, pretende-se apresentar algumas atividades manuais, como o reflexo patelar e fun\u00e7\u00f5es neurol\u00f3gicas b\u00e1sicas, aspectos envolvendo as neuroci\u00eancias e o FNP (presentes no documento), afim de instigar curiosidade e apre\u00e7o das crian\u00e7as \u00e0 \u00e1rea e ao corpo humano em sa\u00fade.<\/p>\n<p>Quanto ao per\u00edodo de execu\u00e7\u00e3o, estamos organizando as atividades com as escolas interessadas nos meses de julho e agosto de 2024, com uma apresenta\u00e7\u00e3o \u00e0s turmas de 5\u00b0, 6\u00b0 e 7\u00b0 ano.<\/p>\n<div id=\"attachment_1066\" style=\"width: 414px\" class=\"wp-caption alignnone\"><a href=\"https:\/\/wp.ufpel.edu.br\/labanatoin\/files\/2021\/03\/dm10.jpg\"><img loading=\"lazy\" decoding=\"async\" aria-describedby=\"caption-attachment-1066\" data-attachment-id=\"1066\" data-permalink=\"https:\/\/wp.ufpel.edu.br\/labanatoin\/anatomoclinicos\/dm10\/\" data-orig-file=\"https:\/\/wp.ufpel.edu.br\/labanatoin\/files\/2021\/03\/dm10.jpg\" data-orig-size=\"414,98\" data-comments-opened=\"0\" data-image-meta=\"{&quot;aperture&quot;:&quot;0&quot;,&quot;credit&quot;:&quot;&quot;,&quot;camera&quot;:&quot;&quot;,&quot;caption&quot;:&quot;&quot;,&quot;created_timestamp&quot;:&quot;0&quot;,&quot;copyright&quot;:&quot;&quot;,&quot;focal_length&quot;:&quot;0&quot;,&quot;iso&quot;:&quot;0&quot;,&quot;shutter_speed&quot;:&quot;0&quot;,&quot;title&quot;:&quot;&quot;,&quot;orientation&quot;:&quot;0&quot;}\" data-image-title=\"dm10\" data-image-description=\"\" data-image-caption=\"&lt;p&gt;Interactive e-learning anatomy&lt;\/p&gt;\n\" data-medium-file=\"https:\/\/wp.ufpel.edu.br\/labanatoin\/files\/2021\/03\/dm10.jpg\" data-large-file=\"https:\/\/wp.ufpel.edu.br\/labanatoin\/files\/2021\/03\/dm10.jpg\" class=\"size-full wp-image-1066\" src=\"https:\/\/wp.ufpel.edu.br\/labanatoin\/files\/2021\/03\/dm10.jpg\" alt=\"\" width=\"414\" height=\"98\" srcset=\"https:\/\/wp.ufpel.edu.br\/labanatoin\/files\/2021\/03\/dm10.jpg 414w, https:\/\/wp.ufpel.edu.br\/labanatoin\/files\/2021\/03\/dm10-212x50.jpg 212w\" sizes=\"auto, (max-width: 414px) 100vw, 414px\" \/><\/a><p id=\"caption-attachment-1066\" class=\"wp-caption-text\">Interactive e-learning anatomy<\/p><\/div>\n<p>&nbsp;<\/p>\n<h2>Atividade no Col\u00e9gio Municipal Pelotense 04out.2024<\/h2>\n<p>Andrey Dias Diniz &#8211; acad\u00eamico Fisioterapia\/UFPel<br \/>\nGraciano Ruan da Costa de Assis &#8211; acad\u00eamico Fisioterapia\/UFPel<br \/>\nManuela Debli Pereira Lima &#8211; acad\u00eamica Fisioterapia\/UFPel<br \/>\nVinicius Fagonde Machado &#8211; acad\u00eamico Fisioterapia\/UFPel<\/p>\n\n\t\t<style type=\"text\/css\">\n\t\t\t#gallery-1 {\n\t\t\t\tmargin: auto;\n\t\t\t}\n\t\t\t#gallery-1 .gallery-item {\n\t\t\t\tfloat: left;\n\t\t\t\tmargin-top: 10px;\n\t\t\t\ttext-align: center;\n\t\t\t\twidth: 33%;\n\t\t\t}\n\t\t\t#gallery-1 img {\n\t\t\t\tborder: 2px solid #cfcfcf;\n\t\t\t}\n\t\t\t#gallery-1 .gallery-caption {\n\t\t\t\tmargin-left: 0;\n\t\t\t}\n\t\t\t\/* see gallery_shortcode() in wp-includes\/media.php *\/\n\t\t<\/style>\n\t\t<div data-carousel-extra='{&quot;blog_id&quot;:352,&quot;permalink&quot;:&quot;https:\/\/wp.ufpel.edu.br\/labanatoin\/mai\/anato-escola\/&quot;}' id='gallery-1' class='gallery galleryid-1525 gallery-columns-3 gallery-size-thumbnail'><dl class='gallery-item'>\n\t\t\t<dt class='gallery-icon landscape'>\n\t\t\t\t<a href='https:\/\/wp.ufpel.edu.br\/labanatoin\/mai\/anato-escola\/img-20241005-wa0012\/'><img loading=\"lazy\" decoding=\"async\" width=\"212\" height=\"159\" src=\"https:\/\/wp.ufpel.edu.br\/labanatoin\/files\/2024\/10\/IMG-20241005-WA0012-212x159.jpg\" class=\"attachment-thumbnail size-thumbnail\" alt=\"\" aria-describedby=\"gallery-1-1538\" srcset=\"https:\/\/wp.ufpel.edu.br\/labanatoin\/files\/2024\/10\/IMG-20241005-WA0012-212x159.jpg 212w, https:\/\/wp.ufpel.edu.br\/labanatoin\/files\/2024\/10\/IMG-20241005-WA0012-424x318.jpg 424w, https:\/\/wp.ufpel.edu.br\/labanatoin\/files\/2024\/10\/IMG-20241005-WA0012-768x576.jpg 768w, https:\/\/wp.ufpel.edu.br\/labanatoin\/files\/2024\/10\/IMG-20241005-WA0012-750x563.jpg 750w, https:\/\/wp.ufpel.edu.br\/labanatoin\/files\/2024\/10\/IMG-20241005-WA0012.jpg 1280w\" sizes=\"auto, (max-width: 212px) 100vw, 212px\" data-attachment-id=\"1538\" data-permalink=\"https:\/\/wp.ufpel.edu.br\/labanatoin\/mai\/anato-escola\/img-20241005-wa0012\/\" data-orig-file=\"https:\/\/wp.ufpel.edu.br\/labanatoin\/files\/2024\/10\/IMG-20241005-WA0012.jpg\" data-orig-size=\"1280,960\" data-comments-opened=\"0\" data-image-meta=\"{&quot;aperture&quot;:&quot;0&quot;,&quot;credit&quot;:&quot;&quot;,&quot;camera&quot;:&quot;&quot;,&quot;caption&quot;:&quot;&quot;,&quot;created_timestamp&quot;:&quot;0&quot;,&quot;copyright&quot;:&quot;&quot;,&quot;focal_length&quot;:&quot;0&quot;,&quot;iso&quot;:&quot;0&quot;,&quot;shutter_speed&quot;:&quot;0&quot;,&quot;title&quot;:&quot;&quot;,&quot;orientation&quot;:&quot;0&quot;}\" data-image-title=\"IMG-20241005-WA0012\" data-image-description=\"\" data-image-caption=\"&lt;p&gt;Atividade no Col\u00e9gio Municipal Pelotense 04out.2024&lt;\/p&gt;\n\" data-medium-file=\"https:\/\/wp.ufpel.edu.br\/labanatoin\/files\/2024\/10\/IMG-20241005-WA0012-424x318.jpg\" data-large-file=\"https:\/\/wp.ufpel.edu.br\/labanatoin\/files\/2024\/10\/IMG-20241005-WA0012-984x220.jpg\" \/><\/a>\n\t\t\t<\/dt>\n\t\t\t\t<dd class='wp-caption-text gallery-caption' id='gallery-1-1538'>\n\t\t\t\tAtividade no Col\u00e9gio Municipal Pelotense 04out.2024\n\t\t\t\t<\/dd><\/dl><dl class='gallery-item'>\n\t\t\t<dt class='gallery-icon portrait'>\n\t\t\t\t<a href='https:\/\/wp.ufpel.edu.br\/labanatoin\/mai\/anato-escola\/img-20241005-wa0013\/'><img loading=\"lazy\" decoding=\"async\" width=\"119\" height=\"159\" src=\"https:\/\/wp.ufpel.edu.br\/labanatoin\/files\/2024\/10\/IMG-20241005-WA0013-119x159.jpg\" class=\"attachment-thumbnail size-thumbnail\" alt=\"\" aria-describedby=\"gallery-1-1539\" srcset=\"https:\/\/wp.ufpel.edu.br\/labanatoin\/files\/2024\/10\/IMG-20241005-WA0013-119x159.jpg 119w, https:\/\/wp.ufpel.edu.br\/labanatoin\/files\/2024\/10\/IMG-20241005-WA0013-239x318.jpg 239w, https:\/\/wp.ufpel.edu.br\/labanatoin\/files\/2024\/10\/IMG-20241005-WA0013-768x1024.jpg 768w, https:\/\/wp.ufpel.edu.br\/labanatoin\/files\/2024\/10\/IMG-20241005-WA0013-750x1000.jpg 750w, https:\/\/wp.ufpel.edu.br\/labanatoin\/files\/2024\/10\/IMG-20241005-WA0013.jpg 960w\" sizes=\"auto, (max-width: 119px) 100vw, 119px\" data-attachment-id=\"1539\" data-permalink=\"https:\/\/wp.ufpel.edu.br\/labanatoin\/mai\/anato-escola\/img-20241005-wa0013\/\" data-orig-file=\"https:\/\/wp.ufpel.edu.br\/labanatoin\/files\/2024\/10\/IMG-20241005-WA0013.jpg\" data-orig-size=\"960,1280\" data-comments-opened=\"0\" data-image-meta=\"{&quot;aperture&quot;:&quot;0&quot;,&quot;credit&quot;:&quot;&quot;,&quot;camera&quot;:&quot;&quot;,&quot;caption&quot;:&quot;&quot;,&quot;created_timestamp&quot;:&quot;0&quot;,&quot;copyright&quot;:&quot;&quot;,&quot;focal_length&quot;:&quot;0&quot;,&quot;iso&quot;:&quot;0&quot;,&quot;shutter_speed&quot;:&quot;0&quot;,&quot;title&quot;:&quot;&quot;,&quot;orientation&quot;:&quot;0&quot;}\" data-image-title=\"IMG-20241005-WA0013\" data-image-description=\"\" data-image-caption=\"&lt;p&gt;Atividade no Col\u00e9gio Municipal Pelotense 04out.2024&lt;\/p&gt;\n\" data-medium-file=\"https:\/\/wp.ufpel.edu.br\/labanatoin\/files\/2024\/10\/IMG-20241005-WA0013-239x318.jpg\" data-large-file=\"https:\/\/wp.ufpel.edu.br\/labanatoin\/files\/2024\/10\/IMG-20241005-WA0013-960x220.jpg\" \/><\/a>\n\t\t\t<\/dt>\n\t\t\t\t<dd class='wp-caption-text gallery-caption' id='gallery-1-1539'>\n\t\t\t\tAtividade no Col\u00e9gio Municipal Pelotense 04out.2024\n\t\t\t\t<\/dd><\/dl><dl class='gallery-item'>\n\t\t\t<dt class='gallery-icon portrait'>\n\t\t\t\t<a href='https:\/\/wp.ufpel.edu.br\/labanatoin\/mai\/anato-escola\/imagem-do-whatsapp-de-2024-10-05-as-10-23-14_90ac9649\/'><img loading=\"lazy\" decoding=\"async\" width=\"119\" height=\"159\" src=\"https:\/\/wp.ufpel.edu.br\/labanatoin\/files\/2024\/10\/Imagem-do-WhatsApp-de-2024-10-05-as-10.23.14_90ac9649-119x159.jpg\" class=\"attachment-thumbnail size-thumbnail\" alt=\"\" aria-describedby=\"gallery-1-1536\" srcset=\"https:\/\/wp.ufpel.edu.br\/labanatoin\/files\/2024\/10\/Imagem-do-WhatsApp-de-2024-10-05-as-10.23.14_90ac9649-119x159.jpg 119w, https:\/\/wp.ufpel.edu.br\/labanatoin\/files\/2024\/10\/Imagem-do-WhatsApp-de-2024-10-05-as-10.23.14_90ac9649-239x318.jpg 239w, https:\/\/wp.ufpel.edu.br\/labanatoin\/files\/2024\/10\/Imagem-do-WhatsApp-de-2024-10-05-as-10.23.14_90ac9649-768x1024.jpg 768w, https:\/\/wp.ufpel.edu.br\/labanatoin\/files\/2024\/10\/Imagem-do-WhatsApp-de-2024-10-05-as-10.23.14_90ac9649-750x1000.jpg 750w, https:\/\/wp.ufpel.edu.br\/labanatoin\/files\/2024\/10\/Imagem-do-WhatsApp-de-2024-10-05-as-10.23.14_90ac9649.jpg 960w\" sizes=\"auto, (max-width: 119px) 100vw, 119px\" data-attachment-id=\"1536\" data-permalink=\"https:\/\/wp.ufpel.edu.br\/labanatoin\/mai\/anato-escola\/imagem-do-whatsapp-de-2024-10-05-as-10-23-14_90ac9649\/\" data-orig-file=\"https:\/\/wp.ufpel.edu.br\/labanatoin\/files\/2024\/10\/Imagem-do-WhatsApp-de-2024-10-05-as-10.23.14_90ac9649.jpg\" data-orig-size=\"960,1280\" data-comments-opened=\"0\" data-image-meta=\"{&quot;aperture&quot;:&quot;0&quot;,&quot;credit&quot;:&quot;&quot;,&quot;camera&quot;:&quot;&quot;,&quot;caption&quot;:&quot;&quot;,&quot;created_timestamp&quot;:&quot;0&quot;,&quot;copyright&quot;:&quot;&quot;,&quot;focal_length&quot;:&quot;0&quot;,&quot;iso&quot;:&quot;0&quot;,&quot;shutter_speed&quot;:&quot;0&quot;,&quot;title&quot;:&quot;&quot;,&quot;orientation&quot;:&quot;0&quot;}\" data-image-title=\"Imagem do WhatsApp de 2024-10-05 \u00e0(s) 10.23.14_90ac9649\" data-image-description=\"\" data-image-caption=\"&lt;p&gt;Atividade no Col\u00e9gio Municipal Pelotense 04out.2024&lt;\/p&gt;\n\" data-medium-file=\"https:\/\/wp.ufpel.edu.br\/labanatoin\/files\/2024\/10\/Imagem-do-WhatsApp-de-2024-10-05-as-10.23.14_90ac9649-239x318.jpg\" data-large-file=\"https:\/\/wp.ufpel.edu.br\/labanatoin\/files\/2024\/10\/Imagem-do-WhatsApp-de-2024-10-05-as-10.23.14_90ac9649-960x220.jpg\" \/><\/a>\n\t\t\t<\/dt>\n\t\t\t\t<dd class='wp-caption-text gallery-caption' id='gallery-1-1536'>\n\t\t\t\tAtividade no Col\u00e9gio Municipal Pelotense 04out.2024\n\t\t\t\t<\/dd><\/dl><br style=\"clear: both\" \/><dl class='gallery-item'>\n\t\t\t<dt class='gallery-icon portrait'>\n\t\t\t\t<a href='https:\/\/wp.ufpel.edu.br\/labanatoin\/mai\/anato-escola\/img-20241005-wa0014\/'><img loading=\"lazy\" decoding=\"async\" width=\"119\" height=\"159\" src=\"https:\/\/wp.ufpel.edu.br\/labanatoin\/files\/2024\/10\/IMG-20241005-WA0014-119x159.jpg\" class=\"attachment-thumbnail size-thumbnail\" alt=\"\" aria-describedby=\"gallery-1-1540\" srcset=\"https:\/\/wp.ufpel.edu.br\/labanatoin\/files\/2024\/10\/IMG-20241005-WA0014-119x159.jpg 119w, https:\/\/wp.ufpel.edu.br\/labanatoin\/files\/2024\/10\/IMG-20241005-WA0014-239x318.jpg 239w, https:\/\/wp.ufpel.edu.br\/labanatoin\/files\/2024\/10\/IMG-20241005-WA0014-768x1024.jpg 768w, https:\/\/wp.ufpel.edu.br\/labanatoin\/files\/2024\/10\/IMG-20241005-WA0014-750x1000.jpg 750w, https:\/\/wp.ufpel.edu.br\/labanatoin\/files\/2024\/10\/IMG-20241005-WA0014.jpg 960w\" sizes=\"auto, (max-width: 119px) 100vw, 119px\" data-attachment-id=\"1540\" data-permalink=\"https:\/\/wp.ufpel.edu.br\/labanatoin\/mai\/anato-escola\/img-20241005-wa0014\/\" data-orig-file=\"https:\/\/wp.ufpel.edu.br\/labanatoin\/files\/2024\/10\/IMG-20241005-WA0014.jpg\" data-orig-size=\"960,1280\" data-comments-opened=\"0\" data-image-meta=\"{&quot;aperture&quot;:&quot;0&quot;,&quot;credit&quot;:&quot;&quot;,&quot;camera&quot;:&quot;&quot;,&quot;caption&quot;:&quot;&quot;,&quot;created_timestamp&quot;:&quot;0&quot;,&quot;copyright&quot;:&quot;&quot;,&quot;focal_length&quot;:&quot;0&quot;,&quot;iso&quot;:&quot;0&quot;,&quot;shutter_speed&quot;:&quot;0&quot;,&quot;title&quot;:&quot;&quot;,&quot;orientation&quot;:&quot;0&quot;}\" data-image-title=\"IMG-20241005-WA0014\" data-image-description=\"\" data-image-caption=\"&lt;p&gt;Atividade no Col\u00e9gio Municipal Pelotense 04out.2024&lt;\/p&gt;\n\" data-medium-file=\"https:\/\/wp.ufpel.edu.br\/labanatoin\/files\/2024\/10\/IMG-20241005-WA0014-239x318.jpg\" data-large-file=\"https:\/\/wp.ufpel.edu.br\/labanatoin\/files\/2024\/10\/IMG-20241005-WA0014-960x220.jpg\" \/><\/a>\n\t\t\t<\/dt>\n\t\t\t\t<dd class='wp-caption-text gallery-caption' id='gallery-1-1540'>\n\t\t\t\tAtividade no Col\u00e9gio Municipal Pelotense 04out.2024\n\t\t\t\t<\/dd><\/dl><dl class='gallery-item'>\n\t\t\t<dt class='gallery-icon portrait'>\n\t\t\t\t<a href='https:\/\/wp.ufpel.edu.br\/labanatoin\/mai\/anato-escola\/img-20241005-wa0015\/'><img loading=\"lazy\" decoding=\"async\" width=\"119\" height=\"159\" src=\"https:\/\/wp.ufpel.edu.br\/labanatoin\/files\/2024\/10\/IMG-20241005-WA0015-119x159.jpg\" class=\"attachment-thumbnail size-thumbnail\" alt=\"\" aria-describedby=\"gallery-1-1541\" srcset=\"https:\/\/wp.ufpel.edu.br\/labanatoin\/files\/2024\/10\/IMG-20241005-WA0015-119x159.jpg 119w, https:\/\/wp.ufpel.edu.br\/labanatoin\/files\/2024\/10\/IMG-20241005-WA0015-239x318.jpg 239w, https:\/\/wp.ufpel.edu.br\/labanatoin\/files\/2024\/10\/IMG-20241005-WA0015-768x1024.jpg 768w, https:\/\/wp.ufpel.edu.br\/labanatoin\/files\/2024\/10\/IMG-20241005-WA0015-750x1000.jpg 750w, https:\/\/wp.ufpel.edu.br\/labanatoin\/files\/2024\/10\/IMG-20241005-WA0015.jpg 960w\" sizes=\"auto, (max-width: 119px) 100vw, 119px\" data-attachment-id=\"1541\" data-permalink=\"https:\/\/wp.ufpel.edu.br\/labanatoin\/mai\/anato-escola\/img-20241005-wa0015\/\" data-orig-file=\"https:\/\/wp.ufpel.edu.br\/labanatoin\/files\/2024\/10\/IMG-20241005-WA0015.jpg\" data-orig-size=\"960,1280\" data-comments-opened=\"0\" data-image-meta=\"{&quot;aperture&quot;:&quot;0&quot;,&quot;credit&quot;:&quot;&quot;,&quot;camera&quot;:&quot;&quot;,&quot;caption&quot;:&quot;&quot;,&quot;created_timestamp&quot;:&quot;0&quot;,&quot;copyright&quot;:&quot;&quot;,&quot;focal_length&quot;:&quot;0&quot;,&quot;iso&quot;:&quot;0&quot;,&quot;shutter_speed&quot;:&quot;0&quot;,&quot;title&quot;:&quot;&quot;,&quot;orientation&quot;:&quot;0&quot;}\" data-image-title=\"IMG-20241005-WA0015\" data-image-description=\"\" data-image-caption=\"&lt;p&gt;Atividade no Col\u00e9gio Municipal Pelotense 04out.2024&lt;\/p&gt;\n\" data-medium-file=\"https:\/\/wp.ufpel.edu.br\/labanatoin\/files\/2024\/10\/IMG-20241005-WA0015-239x318.jpg\" data-large-file=\"https:\/\/wp.ufpel.edu.br\/labanatoin\/files\/2024\/10\/IMG-20241005-WA0015-960x220.jpg\" \/><\/a>\n\t\t\t<\/dt>\n\t\t\t\t<dd class='wp-caption-text gallery-caption' id='gallery-1-1541'>\n\t\t\t\tAtividade no Col\u00e9gio Municipal Pelotense 04out.2024\n\t\t\t\t<\/dd><\/dl><dl class='gallery-item'>\n\t\t\t<dt class='gallery-icon portrait'>\n\t\t\t\t<a href='https:\/\/wp.ufpel.edu.br\/labanatoin\/mai\/anato-escola\/img-20241005-wa0016\/'><img loading=\"lazy\" decoding=\"async\" width=\"119\" height=\"159\" src=\"https:\/\/wp.ufpel.edu.br\/labanatoin\/files\/2024\/10\/IMG-20241005-WA0016-119x159.jpg\" class=\"attachment-thumbnail size-thumbnail\" alt=\"\" aria-describedby=\"gallery-1-1542\" srcset=\"https:\/\/wp.ufpel.edu.br\/labanatoin\/files\/2024\/10\/IMG-20241005-WA0016-119x159.jpg 119w, https:\/\/wp.ufpel.edu.br\/labanatoin\/files\/2024\/10\/IMG-20241005-WA0016-239x318.jpg 239w, https:\/\/wp.ufpel.edu.br\/labanatoin\/files\/2024\/10\/IMG-20241005-WA0016-768x1024.jpg 768w, https:\/\/wp.ufpel.edu.br\/labanatoin\/files\/2024\/10\/IMG-20241005-WA0016-750x1000.jpg 750w, https:\/\/wp.ufpel.edu.br\/labanatoin\/files\/2024\/10\/IMG-20241005-WA0016.jpg 960w\" sizes=\"auto, (max-width: 119px) 100vw, 119px\" data-attachment-id=\"1542\" data-permalink=\"https:\/\/wp.ufpel.edu.br\/labanatoin\/mai\/anato-escola\/img-20241005-wa0016\/\" data-orig-file=\"https:\/\/wp.ufpel.edu.br\/labanatoin\/files\/2024\/10\/IMG-20241005-WA0016.jpg\" data-orig-size=\"960,1280\" data-comments-opened=\"0\" data-image-meta=\"{&quot;aperture&quot;:&quot;0&quot;,&quot;credit&quot;:&quot;&quot;,&quot;camera&quot;:&quot;&quot;,&quot;caption&quot;:&quot;&quot;,&quot;created_timestamp&quot;:&quot;0&quot;,&quot;copyright&quot;:&quot;&quot;,&quot;focal_length&quot;:&quot;0&quot;,&quot;iso&quot;:&quot;0&quot;,&quot;shutter_speed&quot;:&quot;0&quot;,&quot;title&quot;:&quot;&quot;,&quot;orientation&quot;:&quot;0&quot;}\" data-image-title=\"IMG-20241005-WA0016\" data-image-description=\"\" data-image-caption=\"&lt;p&gt;Atividade no Col\u00e9gio Municipal Pelotense 04out.2024&lt;\/p&gt;\n\" data-medium-file=\"https:\/\/wp.ufpel.edu.br\/labanatoin\/files\/2024\/10\/IMG-20241005-WA0016-239x318.jpg\" data-large-file=\"https:\/\/wp.ufpel.edu.br\/labanatoin\/files\/2024\/10\/IMG-20241005-WA0016-960x220.jpg\" \/><\/a>\n\t\t\t<\/dt>\n\t\t\t\t<dd class='wp-caption-text gallery-caption' id='gallery-1-1542'>\n\t\t\t\tAtividade no Col\u00e9gio Municipal Pelotense 04out.2024\n\t\t\t\t<\/dd><\/dl><br style=\"clear: both\" \/><dl class='gallery-item'>\n\t\t\t<dt class='gallery-icon portrait'>\n\t\t\t\t<a href='https:\/\/wp.ufpel.edu.br\/labanatoin\/mai\/anato-escola\/img-20241005-wa0017\/'><img loading=\"lazy\" decoding=\"async\" width=\"119\" height=\"159\" src=\"https:\/\/wp.ufpel.edu.br\/labanatoin\/files\/2024\/10\/IMG-20241005-WA0017-119x159.jpg\" class=\"attachment-thumbnail size-thumbnail\" alt=\"\" aria-describedby=\"gallery-1-1543\" srcset=\"https:\/\/wp.ufpel.edu.br\/labanatoin\/files\/2024\/10\/IMG-20241005-WA0017-119x159.jpg 119w, https:\/\/wp.ufpel.edu.br\/labanatoin\/files\/2024\/10\/IMG-20241005-WA0017-239x318.jpg 239w, https:\/\/wp.ufpel.edu.br\/labanatoin\/files\/2024\/10\/IMG-20241005-WA0017-768x1024.jpg 768w, https:\/\/wp.ufpel.edu.br\/labanatoin\/files\/2024\/10\/IMG-20241005-WA0017-750x1000.jpg 750w, https:\/\/wp.ufpel.edu.br\/labanatoin\/files\/2024\/10\/IMG-20241005-WA0017.jpg 960w\" sizes=\"auto, (max-width: 119px) 100vw, 119px\" data-attachment-id=\"1543\" data-permalink=\"https:\/\/wp.ufpel.edu.br\/labanatoin\/mai\/anato-escola\/img-20241005-wa0017\/\" data-orig-file=\"https:\/\/wp.ufpel.edu.br\/labanatoin\/files\/2024\/10\/IMG-20241005-WA0017.jpg\" data-orig-size=\"960,1280\" data-comments-opened=\"0\" data-image-meta=\"{&quot;aperture&quot;:&quot;0&quot;,&quot;credit&quot;:&quot;&quot;,&quot;camera&quot;:&quot;&quot;,&quot;caption&quot;:&quot;&quot;,&quot;created_timestamp&quot;:&quot;0&quot;,&quot;copyright&quot;:&quot;&quot;,&quot;focal_length&quot;:&quot;0&quot;,&quot;iso&quot;:&quot;0&quot;,&quot;shutter_speed&quot;:&quot;0&quot;,&quot;title&quot;:&quot;&quot;,&quot;orientation&quot;:&quot;0&quot;}\" data-image-title=\"IMG-20241005-WA0017\" data-image-description=\"\" data-image-caption=\"&lt;p&gt;Atividade no Col\u00e9gio Municipal Pelotense 04out.2024&lt;\/p&gt;\n\" data-medium-file=\"https:\/\/wp.ufpel.edu.br\/labanatoin\/files\/2024\/10\/IMG-20241005-WA0017-239x318.jpg\" data-large-file=\"https:\/\/wp.ufpel.edu.br\/labanatoin\/files\/2024\/10\/IMG-20241005-WA0017-960x220.jpg\" \/><\/a>\n\t\t\t<\/dt>\n\t\t\t\t<dd class='wp-caption-text gallery-caption' id='gallery-1-1543'>\n\t\t\t\tAtividade no Col\u00e9gio Municipal Pelotense 04out.2024\n\t\t\t\t<\/dd><\/dl><dl class='gallery-item'>\n\t\t\t<dt class='gallery-icon portrait'>\n\t\t\t\t<a href='https:\/\/wp.ufpel.edu.br\/labanatoin\/mai\/anato-escola\/img-20241005-wa0018\/'><img loading=\"lazy\" decoding=\"async\" width=\"119\" height=\"159\" src=\"https:\/\/wp.ufpel.edu.br\/labanatoin\/files\/2024\/10\/IMG-20241005-WA0018-119x159.jpg\" class=\"attachment-thumbnail size-thumbnail\" alt=\"\" aria-describedby=\"gallery-1-1544\" srcset=\"https:\/\/wp.ufpel.edu.br\/labanatoin\/files\/2024\/10\/IMG-20241005-WA0018-119x159.jpg 119w, https:\/\/wp.ufpel.edu.br\/labanatoin\/files\/2024\/10\/IMG-20241005-WA0018-239x318.jpg 239w, https:\/\/wp.ufpel.edu.br\/labanatoin\/files\/2024\/10\/IMG-20241005-WA0018-768x1024.jpg 768w, https:\/\/wp.ufpel.edu.br\/labanatoin\/files\/2024\/10\/IMG-20241005-WA0018-750x1000.jpg 750w, https:\/\/wp.ufpel.edu.br\/labanatoin\/files\/2024\/10\/IMG-20241005-WA0018.jpg 960w\" sizes=\"auto, (max-width: 119px) 100vw, 119px\" data-attachment-id=\"1544\" data-permalink=\"https:\/\/wp.ufpel.edu.br\/labanatoin\/mai\/anato-escola\/img-20241005-wa0018\/\" data-orig-file=\"https:\/\/wp.ufpel.edu.br\/labanatoin\/files\/2024\/10\/IMG-20241005-WA0018.jpg\" data-orig-size=\"960,1280\" data-comments-opened=\"0\" data-image-meta=\"{&quot;aperture&quot;:&quot;0&quot;,&quot;credit&quot;:&quot;&quot;,&quot;camera&quot;:&quot;&quot;,&quot;caption&quot;:&quot;&quot;,&quot;created_timestamp&quot;:&quot;0&quot;,&quot;copyright&quot;:&quot;&quot;,&quot;focal_length&quot;:&quot;0&quot;,&quot;iso&quot;:&quot;0&quot;,&quot;shutter_speed&quot;:&quot;0&quot;,&quot;title&quot;:&quot;&quot;,&quot;orientation&quot;:&quot;0&quot;}\" data-image-title=\"IMG-20241005-WA0018\" data-image-description=\"\" data-image-caption=\"&lt;p&gt;Atividade no Col\u00e9gio Municipal Pelotense 04out.2024&lt;\/p&gt;\n\" data-medium-file=\"https:\/\/wp.ufpel.edu.br\/labanatoin\/files\/2024\/10\/IMG-20241005-WA0018-239x318.jpg\" data-large-file=\"https:\/\/wp.ufpel.edu.br\/labanatoin\/files\/2024\/10\/IMG-20241005-WA0018-960x220.jpg\" \/><\/a>\n\t\t\t<\/dt>\n\t\t\t\t<dd class='wp-caption-text gallery-caption' id='gallery-1-1544'>\n\t\t\t\tAtividade no Col\u00e9gio Municipal Pelotense 04out.2024\n\t\t\t\t<\/dd><\/dl><dl class='gallery-item'>\n\t\t\t<dt class='gallery-icon portrait'>\n\t\t\t\t<a href='https:\/\/wp.ufpel.edu.br\/labanatoin\/mai\/anato-escola\/img-20241005-wa0019\/'><img loading=\"lazy\" decoding=\"async\" width=\"119\" height=\"159\" src=\"https:\/\/wp.ufpel.edu.br\/labanatoin\/files\/2024\/10\/IMG-20241005-WA0019-119x159.jpg\" class=\"attachment-thumbnail size-thumbnail\" alt=\"\" aria-describedby=\"gallery-1-1545\" srcset=\"https:\/\/wp.ufpel.edu.br\/labanatoin\/files\/2024\/10\/IMG-20241005-WA0019-119x159.jpg 119w, https:\/\/wp.ufpel.edu.br\/labanatoin\/files\/2024\/10\/IMG-20241005-WA0019-239x318.jpg 239w, https:\/\/wp.ufpel.edu.br\/labanatoin\/files\/2024\/10\/IMG-20241005-WA0019-768x1024.jpg 768w, https:\/\/wp.ufpel.edu.br\/labanatoin\/files\/2024\/10\/IMG-20241005-WA0019-750x1000.jpg 750w, https:\/\/wp.ufpel.edu.br\/labanatoin\/files\/2024\/10\/IMG-20241005-WA0019.jpg 960w\" sizes=\"auto, (max-width: 119px) 100vw, 119px\" data-attachment-id=\"1545\" data-permalink=\"https:\/\/wp.ufpel.edu.br\/labanatoin\/mai\/anato-escola\/img-20241005-wa0019\/\" data-orig-file=\"https:\/\/wp.ufpel.edu.br\/labanatoin\/files\/2024\/10\/IMG-20241005-WA0019.jpg\" data-orig-size=\"960,1280\" data-comments-opened=\"0\" data-image-meta=\"{&quot;aperture&quot;:&quot;0&quot;,&quot;credit&quot;:&quot;&quot;,&quot;camera&quot;:&quot;&quot;,&quot;caption&quot;:&quot;&quot;,&quot;created_timestamp&quot;:&quot;0&quot;,&quot;copyright&quot;:&quot;&quot;,&quot;focal_length&quot;:&quot;0&quot;,&quot;iso&quot;:&quot;0&quot;,&quot;shutter_speed&quot;:&quot;0&quot;,&quot;title&quot;:&quot;&quot;,&quot;orientation&quot;:&quot;0&quot;}\" data-image-title=\"IMG-20241005-WA0019\" data-image-description=\"\" data-image-caption=\"&lt;p&gt;Atividade no Col\u00e9gio Municipal Pelotense 04out.2024&lt;\/p&gt;\n\" data-medium-file=\"https:\/\/wp.ufpel.edu.br\/labanatoin\/files\/2024\/10\/IMG-20241005-WA0019-239x318.jpg\" data-large-file=\"https:\/\/wp.ufpel.edu.br\/labanatoin\/files\/2024\/10\/IMG-20241005-WA0019-960x220.jpg\" \/><\/a>\n\t\t\t<\/dt>\n\t\t\t\t<dd class='wp-caption-text gallery-caption' id='gallery-1-1545'>\n\t\t\t\tAtividade no Col\u00e9gio Municipal Pelotense 04out.2024\n\t\t\t\t<\/dd><\/dl><br style=\"clear: both\" \/><dl class='gallery-item'>\n\t\t\t<dt class='gallery-icon portrait'>\n\t\t\t\t<a href='https:\/\/wp.ufpel.edu.br\/labanatoin\/mai\/anato-escola\/img-20241005-wa0020\/'><img loading=\"lazy\" decoding=\"async\" width=\"119\" height=\"159\" src=\"https:\/\/wp.ufpel.edu.br\/labanatoin\/files\/2024\/10\/IMG-20241005-WA0020-119x159.jpg\" class=\"attachment-thumbnail size-thumbnail\" alt=\"\" aria-describedby=\"gallery-1-1546\" srcset=\"https:\/\/wp.ufpel.edu.br\/labanatoin\/files\/2024\/10\/IMG-20241005-WA0020-119x159.jpg 119w, https:\/\/wp.ufpel.edu.br\/labanatoin\/files\/2024\/10\/IMG-20241005-WA0020-239x318.jpg 239w, https:\/\/wp.ufpel.edu.br\/labanatoin\/files\/2024\/10\/IMG-20241005-WA0020-768x1024.jpg 768w, https:\/\/wp.ufpel.edu.br\/labanatoin\/files\/2024\/10\/IMG-20241005-WA0020-750x1000.jpg 750w, https:\/\/wp.ufpel.edu.br\/labanatoin\/files\/2024\/10\/IMG-20241005-WA0020.jpg 960w\" sizes=\"auto, (max-width: 119px) 100vw, 119px\" data-attachment-id=\"1546\" data-permalink=\"https:\/\/wp.ufpel.edu.br\/labanatoin\/mai\/anato-escola\/img-20241005-wa0020\/\" data-orig-file=\"https:\/\/wp.ufpel.edu.br\/labanatoin\/files\/2024\/10\/IMG-20241005-WA0020.jpg\" data-orig-size=\"960,1280\" data-comments-opened=\"0\" data-image-meta=\"{&quot;aperture&quot;:&quot;0&quot;,&quot;credit&quot;:&quot;&quot;,&quot;camera&quot;:&quot;&quot;,&quot;caption&quot;:&quot;&quot;,&quot;created_timestamp&quot;:&quot;0&quot;,&quot;copyright&quot;:&quot;&quot;,&quot;focal_length&quot;:&quot;0&quot;,&quot;iso&quot;:&quot;0&quot;,&quot;shutter_speed&quot;:&quot;0&quot;,&quot;title&quot;:&quot;&quot;,&quot;orientation&quot;:&quot;0&quot;}\" data-image-title=\"IMG-20241005-WA0020\" data-image-description=\"\" data-image-caption=\"&lt;p&gt;Atividade no Col\u00e9gio Municipal Pelotense 04out.2024&lt;\/p&gt;\n\" data-medium-file=\"https:\/\/wp.ufpel.edu.br\/labanatoin\/files\/2024\/10\/IMG-20241005-WA0020-239x318.jpg\" data-large-file=\"https:\/\/wp.ufpel.edu.br\/labanatoin\/files\/2024\/10\/IMG-20241005-WA0020-960x220.jpg\" \/><\/a>\n\t\t\t<\/dt>\n\t\t\t\t<dd class='wp-caption-text gallery-caption' id='gallery-1-1546'>\n\t\t\t\tAtividade no Col\u00e9gio Municipal Pelotense 04out.2024\n\t\t\t\t<\/dd><\/dl><dl class='gallery-item'>\n\t\t\t<dt class='gallery-icon portrait'>\n\t\t\t\t<a href='https:\/\/wp.ufpel.edu.br\/labanatoin\/mai\/anato-escola\/imagem-do-whatsapp-de-2024-10-05-as-10-23-14_ecb4c661\/'><img loading=\"lazy\" decoding=\"async\" width=\"119\" height=\"159\" src=\"https:\/\/wp.ufpel.edu.br\/labanatoin\/files\/2024\/10\/Imagem-do-WhatsApp-de-2024-10-05-as-10.23.14_ecb4c661-119x159.jpg\" class=\"attachment-thumbnail size-thumbnail\" alt=\"\" aria-describedby=\"gallery-1-1537\" srcset=\"https:\/\/wp.ufpel.edu.br\/labanatoin\/files\/2024\/10\/Imagem-do-WhatsApp-de-2024-10-05-as-10.23.14_ecb4c661-119x159.jpg 119w, https:\/\/wp.ufpel.edu.br\/labanatoin\/files\/2024\/10\/Imagem-do-WhatsApp-de-2024-10-05-as-10.23.14_ecb4c661-239x318.jpg 239w, https:\/\/wp.ufpel.edu.br\/labanatoin\/files\/2024\/10\/Imagem-do-WhatsApp-de-2024-10-05-as-10.23.14_ecb4c661-768x1024.jpg 768w, https:\/\/wp.ufpel.edu.br\/labanatoin\/files\/2024\/10\/Imagem-do-WhatsApp-de-2024-10-05-as-10.23.14_ecb4c661-750x1000.jpg 750w, https:\/\/wp.ufpel.edu.br\/labanatoin\/files\/2024\/10\/Imagem-do-WhatsApp-de-2024-10-05-as-10.23.14_ecb4c661.jpg 960w\" sizes=\"auto, (max-width: 119px) 100vw, 119px\" data-attachment-id=\"1537\" data-permalink=\"https:\/\/wp.ufpel.edu.br\/labanatoin\/mai\/anato-escola\/imagem-do-whatsapp-de-2024-10-05-as-10-23-14_ecb4c661\/\" data-orig-file=\"https:\/\/wp.ufpel.edu.br\/labanatoin\/files\/2024\/10\/Imagem-do-WhatsApp-de-2024-10-05-as-10.23.14_ecb4c661.jpg\" data-orig-size=\"960,1280\" data-comments-opened=\"0\" data-image-meta=\"{&quot;aperture&quot;:&quot;0&quot;,&quot;credit&quot;:&quot;&quot;,&quot;camera&quot;:&quot;&quot;,&quot;caption&quot;:&quot;&quot;,&quot;created_timestamp&quot;:&quot;0&quot;,&quot;copyright&quot;:&quot;&quot;,&quot;focal_length&quot;:&quot;0&quot;,&quot;iso&quot;:&quot;0&quot;,&quot;shutter_speed&quot;:&quot;0&quot;,&quot;title&quot;:&quot;&quot;,&quot;orientation&quot;:&quot;0&quot;}\" data-image-title=\"Imagem do WhatsApp de 2024-10-05 \u00e0(s) 10.23.14_ecb4c661\" data-image-description=\"\" data-image-caption=\"&lt;p&gt;Atividade no Col\u00e9gio Municipal Pelotense 04out.2024&lt;\/p&gt;\n\" data-medium-file=\"https:\/\/wp.ufpel.edu.br\/labanatoin\/files\/2024\/10\/Imagem-do-WhatsApp-de-2024-10-05-as-10.23.14_ecb4c661-239x318.jpg\" data-large-file=\"https:\/\/wp.ufpel.edu.br\/labanatoin\/files\/2024\/10\/Imagem-do-WhatsApp-de-2024-10-05-as-10.23.14_ecb4c661-960x220.jpg\" \/><\/a>\n\t\t\t<\/dt>\n\t\t\t\t<dd class='wp-caption-text gallery-caption' id='gallery-1-1537'>\n\t\t\t\tAtividade no Col\u00e9gio Municipal Pelotense 04out.2024\n\t\t\t\t<\/dd><\/dl><dl class='gallery-item'>\n\t\t\t<dt class='gallery-icon portrait'>\n\t\t\t\t<a href='https:\/\/wp.ufpel.edu.br\/labanatoin\/mai\/anato-escola\/img-20241005-wa0021\/'><img loading=\"lazy\" decoding=\"async\" width=\"119\" height=\"159\" src=\"https:\/\/wp.ufpel.edu.br\/labanatoin\/files\/2024\/10\/IMG-20241005-WA0021-119x159.jpg\" class=\"attachment-thumbnail size-thumbnail\" alt=\"\" aria-describedby=\"gallery-1-1547\" srcset=\"https:\/\/wp.ufpel.edu.br\/labanatoin\/files\/2024\/10\/IMG-20241005-WA0021-119x159.jpg 119w, https:\/\/wp.ufpel.edu.br\/labanatoin\/files\/2024\/10\/IMG-20241005-WA0021-239x318.jpg 239w, https:\/\/wp.ufpel.edu.br\/labanatoin\/files\/2024\/10\/IMG-20241005-WA0021-768x1024.jpg 768w, https:\/\/wp.ufpel.edu.br\/labanatoin\/files\/2024\/10\/IMG-20241005-WA0021-750x1000.jpg 750w, https:\/\/wp.ufpel.edu.br\/labanatoin\/files\/2024\/10\/IMG-20241005-WA0021.jpg 960w\" sizes=\"auto, (max-width: 119px) 100vw, 119px\" data-attachment-id=\"1547\" data-permalink=\"https:\/\/wp.ufpel.edu.br\/labanatoin\/mai\/anato-escola\/img-20241005-wa0021\/\" data-orig-file=\"https:\/\/wp.ufpel.edu.br\/labanatoin\/files\/2024\/10\/IMG-20241005-WA0021.jpg\" data-orig-size=\"960,1280\" data-comments-opened=\"0\" data-image-meta=\"{&quot;aperture&quot;:&quot;0&quot;,&quot;credit&quot;:&quot;&quot;,&quot;camera&quot;:&quot;&quot;,&quot;caption&quot;:&quot;&quot;,&quot;created_timestamp&quot;:&quot;0&quot;,&quot;copyright&quot;:&quot;&quot;,&quot;focal_length&quot;:&quot;0&quot;,&quot;iso&quot;:&quot;0&quot;,&quot;shutter_speed&quot;:&quot;0&quot;,&quot;title&quot;:&quot;&quot;,&quot;orientation&quot;:&quot;0&quot;}\" data-image-title=\"IMG-20241005-WA0021\" data-image-description=\"\" data-image-caption=\"&lt;p&gt;Atividade no Col\u00e9gio Municipal Pelotense 04out.2024&lt;\/p&gt;\n\" data-medium-file=\"https:\/\/wp.ufpel.edu.br\/labanatoin\/files\/2024\/10\/IMG-20241005-WA0021-239x318.jpg\" data-large-file=\"https:\/\/wp.ufpel.edu.br\/labanatoin\/files\/2024\/10\/IMG-20241005-WA0021-960x220.jpg\" \/><\/a>\n\t\t\t<\/dt>\n\t\t\t\t<dd class='wp-caption-text gallery-caption' id='gallery-1-1547'>\n\t\t\t\tAtividade no Col\u00e9gio Municipal Pelotense 04out.2024\n\t\t\t\t<\/dd><\/dl><br style=\"clear: both\" \/><dl class='gallery-item'>\n\t\t\t<dt class='gallery-icon portrait'>\n\t\t\t\t<a href='https:\/\/wp.ufpel.edu.br\/labanatoin\/mai\/anato-escola\/img-20241005-wa0022\/'><img loading=\"lazy\" decoding=\"async\" width=\"119\" height=\"159\" src=\"https:\/\/wp.ufpel.edu.br\/labanatoin\/files\/2024\/10\/IMG-20241005-WA0022-119x159.jpg\" class=\"attachment-thumbnail size-thumbnail\" alt=\"\" aria-describedby=\"gallery-1-1548\" srcset=\"https:\/\/wp.ufpel.edu.br\/labanatoin\/files\/2024\/10\/IMG-20241005-WA0022-119x159.jpg 119w, https:\/\/wp.ufpel.edu.br\/labanatoin\/files\/2024\/10\/IMG-20241005-WA0022-239x318.jpg 239w, https:\/\/wp.ufpel.edu.br\/labanatoin\/files\/2024\/10\/IMG-20241005-WA0022-768x1024.jpg 768w, https:\/\/wp.ufpel.edu.br\/labanatoin\/files\/2024\/10\/IMG-20241005-WA0022-750x1000.jpg 750w, https:\/\/wp.ufpel.edu.br\/labanatoin\/files\/2024\/10\/IMG-20241005-WA0022.jpg 960w\" sizes=\"auto, (max-width: 119px) 100vw, 119px\" data-attachment-id=\"1548\" data-permalink=\"https:\/\/wp.ufpel.edu.br\/labanatoin\/mai\/anato-escola\/img-20241005-wa0022\/\" data-orig-file=\"https:\/\/wp.ufpel.edu.br\/labanatoin\/files\/2024\/10\/IMG-20241005-WA0022.jpg\" data-orig-size=\"960,1280\" data-comments-opened=\"0\" data-image-meta=\"{&quot;aperture&quot;:&quot;0&quot;,&quot;credit&quot;:&quot;&quot;,&quot;camera&quot;:&quot;&quot;,&quot;caption&quot;:&quot;&quot;,&quot;created_timestamp&quot;:&quot;0&quot;,&quot;copyright&quot;:&quot;&quot;,&quot;focal_length&quot;:&quot;0&quot;,&quot;iso&quot;:&quot;0&quot;,&quot;shutter_speed&quot;:&quot;0&quot;,&quot;title&quot;:&quot;&quot;,&quot;orientation&quot;:&quot;0&quot;}\" data-image-title=\"IMG-20241005-WA0022\" data-image-description=\"\" data-image-caption=\"&lt;p&gt;Atividade no Col\u00e9gio Municipal Pelotense 04out.2024&lt;\/p&gt;\n\" data-medium-file=\"https:\/\/wp.ufpel.edu.br\/labanatoin\/files\/2024\/10\/IMG-20241005-WA0022-239x318.jpg\" data-large-file=\"https:\/\/wp.ufpel.edu.br\/labanatoin\/files\/2024\/10\/IMG-20241005-WA0022-960x220.jpg\" \/><\/a>\n\t\t\t<\/dt>\n\t\t\t\t<dd class='wp-caption-text gallery-caption' id='gallery-1-1548'>\n\t\t\t\tAtividade no Col\u00e9gio Municipal Pelotense 04out.2024\n\t\t\t\t<\/dd><\/dl><dl class='gallery-item'>\n\t\t\t<dt class='gallery-icon portrait'>\n\t\t\t\t<a href='https:\/\/wp.ufpel.edu.br\/labanatoin\/mai\/anato-escola\/img-20241005-wa0023\/'><img loading=\"lazy\" decoding=\"async\" width=\"119\" height=\"159\" src=\"https:\/\/wp.ufpel.edu.br\/labanatoin\/files\/2024\/10\/IMG-20241005-WA0023-119x159.jpg\" class=\"attachment-thumbnail size-thumbnail\" alt=\"\" aria-describedby=\"gallery-1-1549\" srcset=\"https:\/\/wp.ufpel.edu.br\/labanatoin\/files\/2024\/10\/IMG-20241005-WA0023-119x159.jpg 119w, https:\/\/wp.ufpel.edu.br\/labanatoin\/files\/2024\/10\/IMG-20241005-WA0023-239x318.jpg 239w, https:\/\/wp.ufpel.edu.br\/labanatoin\/files\/2024\/10\/IMG-20241005-WA0023-768x1024.jpg 768w, https:\/\/wp.ufpel.edu.br\/labanatoin\/files\/2024\/10\/IMG-20241005-WA0023-750x1000.jpg 750w, https:\/\/wp.ufpel.edu.br\/labanatoin\/files\/2024\/10\/IMG-20241005-WA0023.jpg 960w\" sizes=\"auto, (max-width: 119px) 100vw, 119px\" data-attachment-id=\"1549\" data-permalink=\"https:\/\/wp.ufpel.edu.br\/labanatoin\/mai\/anato-escola\/img-20241005-wa0023\/\" data-orig-file=\"https:\/\/wp.ufpel.edu.br\/labanatoin\/files\/2024\/10\/IMG-20241005-WA0023.jpg\" data-orig-size=\"960,1280\" data-comments-opened=\"0\" data-image-meta=\"{&quot;aperture&quot;:&quot;0&quot;,&quot;credit&quot;:&quot;&quot;,&quot;camera&quot;:&quot;&quot;,&quot;caption&quot;:&quot;&quot;,&quot;created_timestamp&quot;:&quot;0&quot;,&quot;copyright&quot;:&quot;&quot;,&quot;focal_length&quot;:&quot;0&quot;,&quot;iso&quot;:&quot;0&quot;,&quot;shutter_speed&quot;:&quot;0&quot;,&quot;title&quot;:&quot;&quot;,&quot;orientation&quot;:&quot;0&quot;}\" data-image-title=\"IMG-20241005-WA0023\" data-image-description=\"\" data-image-caption=\"&lt;p&gt;Atividade no Col\u00e9gio Municipal Pelotense 04out.2024&lt;\/p&gt;\n\" data-medium-file=\"https:\/\/wp.ufpel.edu.br\/labanatoin\/files\/2024\/10\/IMG-20241005-WA0023-239x318.jpg\" data-large-file=\"https:\/\/wp.ufpel.edu.br\/labanatoin\/files\/2024\/10\/IMG-20241005-WA0023-960x220.jpg\" \/><\/a>\n\t\t\t<\/dt>\n\t\t\t\t<dd class='wp-caption-text gallery-caption' id='gallery-1-1549'>\n\t\t\t\tAtividade no Col\u00e9gio Municipal Pelotense 04out.2024\n\t\t\t\t<\/dd><\/dl><dl class='gallery-item'>\n\t\t\t<dt class='gallery-icon portrait'>\n\t\t\t\t<a href='https:\/\/wp.ufpel.edu.br\/labanatoin\/mai\/anato-escola\/img-20241005-wa0024\/'><img loading=\"lazy\" decoding=\"async\" width=\"119\" height=\"159\" src=\"https:\/\/wp.ufpel.edu.br\/labanatoin\/files\/2024\/10\/IMG-20241005-WA0024-119x159.jpg\" class=\"attachment-thumbnail size-thumbnail\" alt=\"\" aria-describedby=\"gallery-1-1550\" srcset=\"https:\/\/wp.ufpel.edu.br\/labanatoin\/files\/2024\/10\/IMG-20241005-WA0024-119x159.jpg 119w, https:\/\/wp.ufpel.edu.br\/labanatoin\/files\/2024\/10\/IMG-20241005-WA0024-239x318.jpg 239w, https:\/\/wp.ufpel.edu.br\/labanatoin\/files\/2024\/10\/IMG-20241005-WA0024-768x1024.jpg 768w, https:\/\/wp.ufpel.edu.br\/labanatoin\/files\/2024\/10\/IMG-20241005-WA0024-750x1000.jpg 750w, https:\/\/wp.ufpel.edu.br\/labanatoin\/files\/2024\/10\/IMG-20241005-WA0024.jpg 960w\" sizes=\"auto, (max-width: 119px) 100vw, 119px\" data-attachment-id=\"1550\" data-permalink=\"https:\/\/wp.ufpel.edu.br\/labanatoin\/mai\/anato-escola\/img-20241005-wa0024\/\" data-orig-file=\"https:\/\/wp.ufpel.edu.br\/labanatoin\/files\/2024\/10\/IMG-20241005-WA0024.jpg\" data-orig-size=\"960,1280\" data-comments-opened=\"0\" data-image-meta=\"{&quot;aperture&quot;:&quot;0&quot;,&quot;credit&quot;:&quot;&quot;,&quot;camera&quot;:&quot;&quot;,&quot;caption&quot;:&quot;&quot;,&quot;created_timestamp&quot;:&quot;0&quot;,&quot;copyright&quot;:&quot;&quot;,&quot;focal_length&quot;:&quot;0&quot;,&quot;iso&quot;:&quot;0&quot;,&quot;shutter_speed&quot;:&quot;0&quot;,&quot;title&quot;:&quot;&quot;,&quot;orientation&quot;:&quot;0&quot;}\" data-image-title=\"IMG-20241005-WA0024\" data-image-description=\"\" data-image-caption=\"&lt;p&gt;Atividade no Col\u00e9gio Municipal Pelotense 04out.2024&lt;\/p&gt;\n\" data-medium-file=\"https:\/\/wp.ufpel.edu.br\/labanatoin\/files\/2024\/10\/IMG-20241005-WA0024-239x318.jpg\" data-large-file=\"https:\/\/wp.ufpel.edu.br\/labanatoin\/files\/2024\/10\/IMG-20241005-WA0024-960x220.jpg\" \/><\/a>\n\t\t\t<\/dt>\n\t\t\t\t<dd class='wp-caption-text gallery-caption' id='gallery-1-1550'>\n\t\t\t\tAtividade no Col\u00e9gio Municipal Pelotense 04out.2024\n\t\t\t\t<\/dd><\/dl><br style=\"clear: both\" \/><dl class='gallery-item'>\n\t\t\t<dt class='gallery-icon portrait'>\n\t\t\t\t<a href='https:\/\/wp.ufpel.edu.br\/labanatoin\/mai\/anato-escola\/img-20241005-wa0025\/'><img loading=\"lazy\" decoding=\"async\" width=\"119\" height=\"159\" src=\"https:\/\/wp.ufpel.edu.br\/labanatoin\/files\/2024\/10\/IMG-20241005-WA0025-119x159.jpg\" class=\"attachment-thumbnail size-thumbnail\" alt=\"\" aria-describedby=\"gallery-1-1551\" srcset=\"https:\/\/wp.ufpel.edu.br\/labanatoin\/files\/2024\/10\/IMG-20241005-WA0025-119x159.jpg 119w, https:\/\/wp.ufpel.edu.br\/labanatoin\/files\/2024\/10\/IMG-20241005-WA0025-239x318.jpg 239w, https:\/\/wp.ufpel.edu.br\/labanatoin\/files\/2024\/10\/IMG-20241005-WA0025-768x1024.jpg 768w, https:\/\/wp.ufpel.edu.br\/labanatoin\/files\/2024\/10\/IMG-20241005-WA0025-750x1000.jpg 750w, https:\/\/wp.ufpel.edu.br\/labanatoin\/files\/2024\/10\/IMG-20241005-WA0025.jpg 960w\" sizes=\"auto, (max-width: 119px) 100vw, 119px\" data-attachment-id=\"1551\" data-permalink=\"https:\/\/wp.ufpel.edu.br\/labanatoin\/mai\/anato-escola\/img-20241005-wa0025\/\" data-orig-file=\"https:\/\/wp.ufpel.edu.br\/labanatoin\/files\/2024\/10\/IMG-20241005-WA0025.jpg\" data-orig-size=\"960,1280\" data-comments-opened=\"0\" data-image-meta=\"{&quot;aperture&quot;:&quot;0&quot;,&quot;credit&quot;:&quot;&quot;,&quot;camera&quot;:&quot;&quot;,&quot;caption&quot;:&quot;&quot;,&quot;created_timestamp&quot;:&quot;0&quot;,&quot;copyright&quot;:&quot;&quot;,&quot;focal_length&quot;:&quot;0&quot;,&quot;iso&quot;:&quot;0&quot;,&quot;shutter_speed&quot;:&quot;0&quot;,&quot;title&quot;:&quot;&quot;,&quot;orientation&quot;:&quot;0&quot;}\" data-image-title=\"IMG-20241005-WA0025\" data-image-description=\"\" data-image-caption=\"&lt;p&gt;Atividade no Col\u00e9gio Municipal Pelotense 04out.2024&lt;\/p&gt;\n\" data-medium-file=\"https:\/\/wp.ufpel.edu.br\/labanatoin\/files\/2024\/10\/IMG-20241005-WA0025-239x318.jpg\" data-large-file=\"https:\/\/wp.ufpel.edu.br\/labanatoin\/files\/2024\/10\/IMG-20241005-WA0025-960x220.jpg\" \/><\/a>\n\t\t\t<\/dt>\n\t\t\t\t<dd class='wp-caption-text gallery-caption' id='gallery-1-1551'>\n\t\t\t\tAtividade no Col\u00e9gio Municipal Pelotense 04out.2024\n\t\t\t\t<\/dd><\/dl><dl class='gallery-item'>\n\t\t\t<dt class='gallery-icon portrait'>\n\t\t\t\t<a href='https:\/\/wp.ufpel.edu.br\/labanatoin\/mai\/anato-escola\/img-20241005-wa0026\/'><img loading=\"lazy\" decoding=\"async\" width=\"119\" height=\"159\" src=\"https:\/\/wp.ufpel.edu.br\/labanatoin\/files\/2024\/10\/IMG-20241005-WA0026-119x159.jpg\" class=\"attachment-thumbnail size-thumbnail\" alt=\"\" aria-describedby=\"gallery-1-1552\" srcset=\"https:\/\/wp.ufpel.edu.br\/labanatoin\/files\/2024\/10\/IMG-20241005-WA0026-119x159.jpg 119w, https:\/\/wp.ufpel.edu.br\/labanatoin\/files\/2024\/10\/IMG-20241005-WA0026-239x318.jpg 239w, https:\/\/wp.ufpel.edu.br\/labanatoin\/files\/2024\/10\/IMG-20241005-WA0026-768x1024.jpg 768w, https:\/\/wp.ufpel.edu.br\/labanatoin\/files\/2024\/10\/IMG-20241005-WA0026-750x1000.jpg 750w, https:\/\/wp.ufpel.edu.br\/labanatoin\/files\/2024\/10\/IMG-20241005-WA0026.jpg 960w\" sizes=\"auto, (max-width: 119px) 100vw, 119px\" data-attachment-id=\"1552\" data-permalink=\"https:\/\/wp.ufpel.edu.br\/labanatoin\/mai\/anato-escola\/img-20241005-wa0026\/\" data-orig-file=\"https:\/\/wp.ufpel.edu.br\/labanatoin\/files\/2024\/10\/IMG-20241005-WA0026.jpg\" data-orig-size=\"960,1280\" data-comments-opened=\"0\" data-image-meta=\"{&quot;aperture&quot;:&quot;0&quot;,&quot;credit&quot;:&quot;&quot;,&quot;camera&quot;:&quot;&quot;,&quot;caption&quot;:&quot;&quot;,&quot;created_timestamp&quot;:&quot;0&quot;,&quot;copyright&quot;:&quot;&quot;,&quot;focal_length&quot;:&quot;0&quot;,&quot;iso&quot;:&quot;0&quot;,&quot;shutter_speed&quot;:&quot;0&quot;,&quot;title&quot;:&quot;&quot;,&quot;orientation&quot;:&quot;0&quot;}\" data-image-title=\"IMG-20241005-WA0026\" data-image-description=\"\" data-image-caption=\"&lt;p&gt;Atividade no Col\u00e9gio Municipal Pelotense 04out.2024&lt;\/p&gt;\n\" data-medium-file=\"https:\/\/wp.ufpel.edu.br\/labanatoin\/files\/2024\/10\/IMG-20241005-WA0026-239x318.jpg\" data-large-file=\"https:\/\/wp.ufpel.edu.br\/labanatoin\/files\/2024\/10\/IMG-20241005-WA0026-960x220.jpg\" \/><\/a>\n\t\t\t<\/dt>\n\t\t\t\t<dd class='wp-caption-text gallery-caption' id='gallery-1-1552'>\n\t\t\t\tAtividade no Col\u00e9gio Municipal Pelotense 04out.2024\n\t\t\t\t<\/dd><\/dl><dl class='gallery-item'>\n\t\t\t<dt class='gallery-icon portrait'>\n\t\t\t\t<a href='https:\/\/wp.ufpel.edu.br\/labanatoin\/mai\/anato-escola\/img-20241005-wa0028\/'><img loading=\"lazy\" decoding=\"async\" width=\"119\" height=\"159\" src=\"https:\/\/wp.ufpel.edu.br\/labanatoin\/files\/2024\/10\/IMG-20241005-WA0028-119x159.jpg\" class=\"attachment-thumbnail size-thumbnail\" alt=\"\" aria-describedby=\"gallery-1-1553\" srcset=\"https:\/\/wp.ufpel.edu.br\/labanatoin\/files\/2024\/10\/IMG-20241005-WA0028-119x159.jpg 119w, https:\/\/wp.ufpel.edu.br\/labanatoin\/files\/2024\/10\/IMG-20241005-WA0028-239x318.jpg 239w, https:\/\/wp.ufpel.edu.br\/labanatoin\/files\/2024\/10\/IMG-20241005-WA0028-768x1024.jpg 768w, https:\/\/wp.ufpel.edu.br\/labanatoin\/files\/2024\/10\/IMG-20241005-WA0028-750x1000.jpg 750w, https:\/\/wp.ufpel.edu.br\/labanatoin\/files\/2024\/10\/IMG-20241005-WA0028.jpg 960w\" sizes=\"auto, (max-width: 119px) 100vw, 119px\" data-attachment-id=\"1553\" data-permalink=\"https:\/\/wp.ufpel.edu.br\/labanatoin\/mai\/anato-escola\/img-20241005-wa0028\/\" data-orig-file=\"https:\/\/wp.ufpel.edu.br\/labanatoin\/files\/2024\/10\/IMG-20241005-WA0028.jpg\" data-orig-size=\"960,1280\" data-comments-opened=\"0\" data-image-meta=\"{&quot;aperture&quot;:&quot;0&quot;,&quot;credit&quot;:&quot;&quot;,&quot;camera&quot;:&quot;&quot;,&quot;caption&quot;:&quot;&quot;,&quot;created_timestamp&quot;:&quot;0&quot;,&quot;copyright&quot;:&quot;&quot;,&quot;focal_length&quot;:&quot;0&quot;,&quot;iso&quot;:&quot;0&quot;,&quot;shutter_speed&quot;:&quot;0&quot;,&quot;title&quot;:&quot;&quot;,&quot;orientation&quot;:&quot;0&quot;}\" data-image-title=\"IMG-20241005-WA0028\" data-image-description=\"\" data-image-caption=\"&lt;p&gt;Atividade no Col\u00e9gio Municipal Pelotense 04out.2024&lt;\/p&gt;\n\" data-medium-file=\"https:\/\/wp.ufpel.edu.br\/labanatoin\/files\/2024\/10\/IMG-20241005-WA0028-239x318.jpg\" data-large-file=\"https:\/\/wp.ufpel.edu.br\/labanatoin\/files\/2024\/10\/IMG-20241005-WA0028-960x220.jpg\" \/><\/a>\n\t\t\t<\/dt>\n\t\t\t\t<dd class='wp-caption-text gallery-caption' id='gallery-1-1553'>\n\t\t\t\tAtividade no Col\u00e9gio Municipal Pelotense 04out.2024\n\t\t\t\t<\/dd><\/dl><br style=\"clear: both\" \/>\n\t\t<\/div>\n\n<p><a href=\"https:\/\/cti.ufpel.edu.br\/siepe\/arquivos\/2024\/G5_03796.pdf\">Sess\u00e3o 69 Dia 27\/11 14h \u00e0s 15:30 440 3796 Eixo 5: Relato de experi\u00eancia na Gradua\u00e7\u00e3o ANATO-ESCOLA: UMA BREVE INTRODU\u00c7\u00c3O SOBRE O CORPO HUMANO\u00a0<\/a><\/p>\n<p><a href=\"https:\/\/docs.google.com\/spreadsheets\/d\/e\/2PACX-1vQMtthC73kbO7RMQWsteGw7D-ONnnJR3eHs6prwwa8eZyD88pswL7levts-9jVHEvhYuN65lDis9aXW\/pubhtml\">Destaque X CEG &#8211; 10\u00ba SIIEPE 2024<\/a><\/p>\n","protected":false},"excerpt":{"rendered":"<p>&#8220;A\u00e7\u00e3o Anato-Escola&#8221; &#8211; uma breve introdu\u00e7\u00e3o sobre o corpo humano (acad\u00eamico Sr. Graciano Ruan da Costa de Assis &#8211; UFPel) Material audiovisual da a\u00e7\u00e3o A a\u00e7\u00e3o &#8216;Anato-Escola&#8217; com caracter\u00edstica mais extensionista faz parte do grande projeto 7067 &#8211; Anatomia humana aplicada\u00a0 ao Curso de Fisioterapia: Interfaces &#8216;Fisiotanatomocl\u00ednicas&#8217;. Por final, pretende-se apresentar algumas atividades manuais, como &hellip; <\/p>\n<p><a class=\"more-link btn\" href=\"https:\/\/wp.ufpel.edu.br\/labanatoin\/mai\/anato-escola\/\">Continue lendo<\/a><\/p>\n","protected":false},"author":350,"featured_media":0,"parent":709,"menu_order":0,"comment_status":"closed","ping_status":"closed","template":"","meta":{"jetpack_post_was_ever_published":false,"footnotes":""},"class_list":["post-1525","page","type-page","status-publish","hentry","nodate","item-wrap"],"jetpack_sharing_enabled":true,"_links":{"self":[{"href":"https:\/\/wp.ufpel.edu.br\/labanatoin\/wp-json\/wp\/v2\/pages\/1525","targetHints":{"allow":["GET"]}}],"collection":[{"href":"https:\/\/wp.ufpel.edu.br\/labanatoin\/wp-json\/wp\/v2\/pages"}],"about":[{"href":"https:\/\/wp.ufpel.edu.br\/labanatoin\/wp-json\/wp\/v2\/types\/page"}],"author":[{"embeddable":true,"href":"https:\/\/wp.ufpel.edu.br\/labanatoin\/wp-json\/wp\/v2\/users\/350"}],"replies":[{"embeddable":true,"href":"https:\/\/wp.ufpel.edu.br\/labanatoin\/wp-json\/wp\/v2\/comments?post=1525"}],"version-history":[{"count":9,"href":"https:\/\/wp.ufpel.edu.br\/labanatoin\/wp-json\/wp\/v2\/pages\/1525\/revisions"}],"predecessor-version":[{"id":1572,"href":"https:\/\/wp.ufpel.edu.br\/labanatoin\/wp-json\/wp\/v2\/pages\/1525\/revisions\/1572"}],"up":[{"embeddable":true,"href":"https:\/\/wp.ufpel.edu.br\/labanatoin\/wp-json\/wp\/v2\/pages\/709"}],"wp:attachment":[{"href":"https:\/\/wp.ufpel.edu.br\/labanatoin\/wp-json\/wp\/v2\/media?parent=1525"}],"curies":[{"name":"wp","href":"https:\/\/api.w.org\/{rel}","templated":true}]}}