{"id":17,"date":"2018-06-20T13:25:13","date_gmt":"2018-06-20T16:25:13","guid":{"rendered":"https:\/\/wp.ufpel.edu.br\/jornadanutricao\/?page_id=17"},"modified":"2018-09-11T17:01:24","modified_gmt":"2018-09-11T20:01:24","slug":"cronograma","status":"publish","type":"page","link":"https:\/\/wp.ufpel.edu.br\/jornadanutricao\/","title":{"rendered":"Cronograma"},"content":{"rendered":"<table width=\"101%\">\n<tbody>\n<tr>\n<td width=\"14%\"><strong>Hor\u00e1rio<\/strong><\/td>\n<td width=\"40%\"><strong>Data<\/strong><\/td>\n<td width=\"44%\"><strong>Observa\u00e7\u00f5es<\/strong><\/td>\n<\/tr>\n<tr>\n<td width=\"14%\"><strong>Tarde<\/strong><\/td>\n<td width=\"40%\"><strong>25\/09<\/strong><\/td>\n<td width=\"44%\"><strong>T\u00f3pico abordado<\/strong><\/td>\n<\/tr>\n<tr>\n<td width=\"14%\">13h \u201313h45<\/td>\n<td width=\"40%\">Credenciamento<\/td>\n<td width=\"44%\">&nbsp;<\/td>\n<\/tr>\n<tr>\n<td width=\"14%\">13h45 \u2013 14h<\/td>\n<td width=\"40%\">Cerim\u00f4nia de mesa<\/td>\n<td width=\"44%\">&nbsp;<\/td>\n<\/tr>\n<tr>\n<td width=\"14%\">14h \u2013 14h50<\/td>\n<td width=\"40%\">Dra Thais Steemburgo<\/td>\n<td width=\"44%\">Gen\u00f4mica Nutricional<\/td>\n<\/tr>\n<tr>\n<td width=\"14%\">14h50 \u2013 15h40<\/td>\n<td width=\"40%\">Msc Ana Carolina Andretti<\/td>\n<td width=\"44%\">Nutri\u00e7\u00e3o, Microbiota e Probi\u00f3ticos<\/td>\n<\/tr>\n<tr>\n<td width=\"14%\">15h40 \u2013 16h10<\/td>\n<td width=\"40%\">Coffee break<\/td>\n<td width=\"44%\">&nbsp;<\/td>\n<\/tr>\n<tr>\n<td width=\"14%\">16h10 \u2013 17h00<\/td>\n<td width=\"40%\">Dra Marcia Mesko<\/td>\n<td width=\"44%\">Elementos qu\u00edmicos essenciais ou t\u00f3xicos em alimentos: Aspectos atuais e avalia\u00e7\u00e3o da influ\u00eancia dos processos de coc\u00e7\u00e3o<\/td>\n<\/tr>\n<tr>\n<td width=\"14%\">17h00 \u2013 17h10<\/td>\n<td width=\"40%\">Encerramento<\/td>\n<td width=\"44%\"><\/td>\n<\/tr>\n<tr>\n<td width=\"14%\"><strong>Manh\u00e3<\/strong><\/td>\n<td width=\"40%\"><strong>26\/09<\/strong><\/td>\n<td width=\"44%\"><strong>T\u00f3pico abordado<\/strong><\/td>\n<\/tr>\n<tr>\n<td width=\"14%\">8h30 \u2013 9h<\/td>\n<td width=\"40%\">Credenciamento<\/td>\n<td width=\"44%\">&nbsp;<\/td>\n<\/tr>\n<tr>\n<td width=\"14%\">9h00 \u2013 10h<\/td>\n<td width=\"40%\"><strong>Dra Luciana Tovo Rodrigues<\/strong><\/td>\n<td width=\"44%\">Obesidade e Transtorno de Deficit de Aten\u00e7\u00e3o e Hiperatividade: perspectiva gen\u00e9tica<\/td>\n<\/tr>\n<tr>\n<td width=\"14%\">10h \u2013 10h30<\/td>\n<td width=\"40%\">Coffee break<\/td>\n<td width=\"44%\">&nbsp;<\/td>\n<\/tr>\n<tr>\n<td width=\"14%\">10h30 \u201311h20<\/td>\n<td width=\"40%\">Dr Paulo Cavalheiro Schenkel<\/td>\n<td width=\"44%\">Potencial cardioprotetor dos cogumelos<\/td>\n<\/tr>\n<tr>\n<td width=\"14%\">11h20 \u201312h10<\/td>\n<td width=\"40%\">Dra Francieli Moro Stefanello<\/td>\n<td width=\"44%\">Produtos naturais como ferramentas na preven\u00e7\u00e3o da s\u00edndrome metab\u00f3lica<\/td>\n<\/tr>\n<tr>\n<td width=\"14%\">12h10 \u201312h20<\/td>\n<td width=\"40%\">Cerim\u00f4nia de encerramento<\/td>\n<td width=\"44%\">&nbsp;<\/td>\n<\/tr>\n<tr>\n<td width=\"14%\"><strong>Tarde<\/strong><\/td>\n<td width=\"40%\"><strong>26\/09<\/strong><\/td>\n<td width=\"44%\"><strong>T\u00f3pico abordado<\/strong><\/td>\n<\/tr>\n<tr>\n<td width=\"14%\">14h \u2013 14h50<\/td>\n<td width=\"40%\">Dr Matheus Pintanel Silva de Freitas<\/td>\n<td width=\"44%\">Jejum na pr\u00e1tica de exerc\u00edcio f\u00edsico<\/td>\n<\/tr>\n<tr>\n<td width=\"14%\">14h50 \u2013 15h40<\/td>\n<td width=\"40%\">Coffee break<\/td>\n<td width=\"44%\">&nbsp;<\/td>\n<\/tr>\n<tr>\n<td width=\"14%\">15h40 \u2013 16h10<\/td>\n<td width=\"40%\">Dra Carla Helena Augustin Schwanke Brasil<\/td>\n<td width=\"44%\">Envelhecimento e nutri\u00e7\u00e3o<\/td>\n<\/tr>\n<tr>\n<td width=\"14%\">16h10 \u2013 17h00<\/td>\n<td width=\"40%\">Dra Vivian Ebeling Viana<\/td>\n<td width=\"44%\">Alimentos Transg\u00eanicos<\/td>\n<\/tr>\n<tr>\n<td width=\"14%\">17h00 \u2013 17h10<\/td>\n<td width=\"40%\">Cerim\u00f4nia de encerramento<\/td>\n<td width=\"44%\">&nbsp;<\/td>\n<\/tr>\n<\/tbody>\n<\/table>\n<p><\/p>\n","protected":false},"excerpt":{"rendered":"<p>Hor\u00e1rio Data Observa\u00e7\u00f5es Tarde 25\/09 T\u00f3pico abordado 13h \u201313h45 Credenciamento &nbsp; 13h45 \u2013 14h Cerim\u00f4nia de mesa &nbsp; 14h \u2013 14h50 Dra Thais Steemburgo Gen\u00f4mica Nutricional 14h50 \u2013 15h40 Msc Ana Carolina Andretti Nutri\u00e7\u00e3o, Microbiota e Probi\u00f3ticos 15h40 \u2013 16h10 Coffee break &nbsp; 16h10 \u2013 17h00 Dra Marcia Mesko Elementos qu\u00edmicos essenciais ou t\u00f3xicos em&hellip;<\/p>\n","protected":false},"author":209,"featured_media":0,"parent":0,"menu_order":0,"comment_status":"closed","ping_status":"closed","template":"","meta":{"footnotes":""},"class_list":["post-17","page","type-page","status-publish","hentry"],"_links":{"self":[{"href":"https:\/\/wp.ufpel.edu.br\/jornadanutricao\/wp-json\/wp\/v2\/pages\/17","targetHints":{"allow":["GET"]}}],"collection":[{"href":"https:\/\/wp.ufpel.edu.br\/jornadanutricao\/wp-json\/wp\/v2\/pages"}],"about":[{"href":"https:\/\/wp.ufpel.edu.br\/jornadanutricao\/wp-json\/wp\/v2\/types\/page"}],"author":[{"embeddable":true,"href":"https:\/\/wp.ufpel.edu.br\/jornadanutricao\/wp-json\/wp\/v2\/users\/209"}],"replies":[{"embeddable":true,"href":"https:\/\/wp.ufpel.edu.br\/jornadanutricao\/wp-json\/wp\/v2\/comments?post=17"}],"version-history":[{"count":3,"href":"https:\/\/wp.ufpel.edu.br\/jornadanutricao\/wp-json\/wp\/v2\/pages\/17\/revisions"}],"predecessor-version":[{"id":37,"href":"https:\/\/wp.ufpel.edu.br\/jornadanutricao\/wp-json\/wp\/v2\/pages\/17\/revisions\/37"}],"wp:attachment":[{"href":"https:\/\/wp.ufpel.edu.br\/jornadanutricao\/wp-json\/wp\/v2\/media?parent=17"}],"curies":[{"name":"wp","href":"https:\/\/api.w.org\/{rel}","templated":true}]}}